{"id":291,"date":"2023-05-30T15:25:49","date_gmt":"2023-05-30T19:25:49","guid":{"rendered":"https:\/\/www.manaus.am.gov.br\/semulsp\/?page_id=291"},"modified":"2023-05-30T15:25:49","modified_gmt":"2023-05-30T19:25:49","slug":"controle-e-medicao-de-gases","status":"publish","type":"page","link":"https:\/\/www.manaus.am.gov.br\/semulsp\/aterro-sanitario\/controle-e-medicao-de-gases\/","title":{"rendered":"Controle e Medi\u00e7\u00e3o de Gases"},"content":{"rendered":"\n<p>Os aterros de res\u00edduos s\u00f3lidos normalmente emitem di\u00f3xido de carbono (CO2) e metano (CH4) na atmosfera, sendo que esses compostos s\u00e3o gerados pela decomposi\u00e7\u00e3o anaer\u00f3bica dos res\u00edduos org\u00e2nicos ali depositados, onde o metano tem um grau de polui\u00e7\u00e3o da atmosfera de, aproximadamente, 22 vezes mais que o di\u00f3xido de carbono.<\/p>\n\n\n\n<p>Um servi\u00e7o executado pelo Aterro de Manaus, desde 2008, mas pouco notado pela popula\u00e7\u00e3o da cidade, se refere \u00e0 captura, coleta e queima limpa desses gases.<\/p>\n\n\n\n<p>A opera\u00e7\u00e3o de controle e medi\u00e7\u00e3o da emiss\u00e3o dos gases \u00e9 realizada exclusivamente pela CRA \u2013CONESTOGA-ROVERS E ASSOCIADOS ENGENHARIA LTDA.<\/p>\n\n\n\n<p>A empresa DNV \u2013 DET NORSKE VERITAS \u00e9 a respons\u00e1vel pela Certifica\u00e7\u00e3o das emiss\u00f5es reduzidas que est\u00e1 em andamento.<\/p>\n\n\n\n<p>A gera\u00e7\u00e3o de cr\u00e9ditos de carbono \u00e9 uma das \u2018moedas universais\u2019, institu\u00eddas pelo Protocolo de Kyoto, implantado em 1997, que estabeleceu ao mundo metas de redu\u00e7\u00e3o de emiss\u00e3o de gases na atmosfera. A partir da\u00ed cada tonelada de CO2 n\u00e3o emitida ou retirada da atmosfera por um pa\u00eds em desenvolvimento pode ser negociada no mercado mundial.<\/p>\n","protected":false},"excerpt":{"rendered":"","protected":false},"author":27,"featured_media":0,"parent":273,"menu_order":0,"comment_status":"closed","ping_status":"closed","template":"templates\/turismo.php","meta":{"footnotes":""},"acf":[],"yoast_head":"<!-- This site is optimized with the Yoast SEO plugin v23.0 - https:\/\/yoast.com\/wordpress\/plugins\/seo\/ -->\n<title>Controle e Medi\u00e7\u00e3o de Gases - SEMULSP<\/title>\n<meta name=\"robots\" content=\"noindex, follow\" \/>\n<meta property=\"og:locale\" content=\"pt_BR\" \/>\n<meta property=\"og:type\" content=\"article\" \/>\n<meta property=\"og:title\" content=\"Controle e Medi\u00e7\u00e3o de Gases - SEMULSP\" \/>\n<meta property=\"og:url\" content=\"https:\/\/www.manaus.am.gov.br\/semulsp\/aterro-sanitario\/controle-e-medicao-de-gases\/\" \/>\n<meta property=\"og:site_name\" content=\"SEMULSP\" \/>\n<meta property=\"article:publisher\" content=\"https:\/\/www.facebook.com\/semulspmanaus\" \/>\n<meta property=\"og:image\" content=\"https:\/\/www.manaus.am.gov.br\/semulsp\/wp-content\/uploads\/sites\/23\/2024\/07\/thumb-default-2.png\" \/>\n\t<meta property=\"og:image:width\" content=\"966\" \/>\n\t<meta property=\"og:image:height\" content=\"520\" \/>\n\t<meta property=\"og:image:type\" content=\"image\/png\" \/>\n<meta name=\"twitter:card\" content=\"summary_large_image\" \/>\n<meta name=\"twitter:label1\" content=\"Est. reading time\" \/>\n\t<meta name=\"twitter:data1\" content=\"1 minuto\" \/>\n<script type=\"application\/ld+json\" class=\"yoast-schema-graph\">{\"@context\":\"https:\/\/schema.org\",\"@graph\":[{\"@type\":\"WebPage\",\"@id\":\"https:\/\/www.manaus.am.gov.br\/semulsp\/aterro-sanitario\/controle-e-medicao-de-gases\/\",\"url\":\"https:\/\/www.manaus.am.gov.br\/semulsp\/aterro-sanitario\/controle-e-medicao-de-gases\/\",\"name\":\"Controle e Medi\u00e7\u00e3o de Gases - SEMULSP\",\"isPartOf\":{\"@id\":\"https:\/\/www.manaus.am.gov.br\/semulsp\/#website\"},\"datePublished\":\"2023-05-30T19:25:49+00:00\",\"dateModified\":\"2023-05-30T19:25:49+00:00\",\"breadcrumb\":{\"@id\":\"https:\/\/www.manaus.am.gov.br\/semulsp\/aterro-sanitario\/controle-e-medicao-de-gases\/#breadcrumb\"},\"inLanguage\":\"pt-BR\",\"potentialAction\":[{\"@type\":\"ReadAction\",\"target\":[\"https:\/\/www.manaus.am.gov.br\/semulsp\/aterro-sanitario\/controle-e-medicao-de-gases\/\"]}]},{\"@type\":\"BreadcrumbList\",\"@id\":\"https:\/\/www.manaus.am.gov.br\/semulsp\/aterro-sanitario\/controle-e-medicao-de-gases\/#breadcrumb\",\"itemListElement\":[{\"@type\":\"ListItem\",\"position\":1,\"name\":\"Home\",\"item\":\"https:\/\/www.manaus.am.gov.br\/semulsp\/\"},{\"@type\":\"ListItem\",\"position\":2,\"name\":\"Aterro Sanit\u00e1rio\",\"item\":\"https:\/\/www.manaus.am.gov.br\/semulsp\/aterro-sanitario\/\"},{\"@type\":\"ListItem\",\"position\":3,\"name\":\"Controle e Medi\u00e7\u00e3o de Gases\"}]},{\"@type\":\"WebSite\",\"@id\":\"https:\/\/www.manaus.am.gov.br\/semulsp\/#website\",\"url\":\"https:\/\/www.manaus.am.gov.br\/semulsp\/\",\"name\":\"SEMULSP\",\"description\":\"Prefeitura de Manaus\",\"publisher\":{\"@id\":\"https:\/\/www.manaus.am.gov.br\/semulsp\/#organization\"},\"alternateName\":\"Secretaria Municipal de Limpeza P\u00fablica\",\"potentialAction\":[{\"@type\":\"SearchAction\",\"target\":{\"@type\":\"EntryPoint\",\"urlTemplate\":\"https:\/\/www.manaus.am.gov.br\/semulsp\/?s={search_term_string}\"},\"query-input\":\"required name=search_term_string\"}],\"inLanguage\":\"pt-BR\"},{\"@type\":\"Organization\",\"@id\":\"https:\/\/www.manaus.am.gov.br\/semulsp\/#organization\",\"name\":\"SEMULSP\",\"alternateName\":\"Secretaria Municipal de Limpeza P\u00fablica\",\"url\":\"https:\/\/www.manaus.am.gov.br\/semulsp\/\",\"logo\":{\"@type\":\"ImageObject\",\"inLanguage\":\"pt-BR\",\"@id\":\"https:\/\/www.manaus.am.gov.br\/semulsp\/#\/schema\/logo\/image\/\",\"url\":\"https:\/\/www.manaus.am.gov.br\/semulsp\/wp-content\/uploads\/sites\/23\/2023\/05\/cropped-favicon.png\",\"contentUrl\":\"https:\/\/www.manaus.am.gov.br\/semulsp\/wp-content\/uploads\/sites\/23\/2023\/05\/cropped-favicon.png\",\"width\":512,\"height\":512,\"caption\":\"SEMULSP\"},\"image\":{\"@id\":\"https:\/\/www.manaus.am.gov.br\/semulsp\/#\/schema\/logo\/image\/\"},\"sameAs\":[\"https:\/\/www.facebook.com\/semulspmanaus\",\"https:\/\/www.instagram.com\/semulspmanaus\/\"]}]}<\/script>\n<!-- \/ Yoast SEO plugin. -->","yoast_head_json":{"title":"Controle e Medi\u00e7\u00e3o de Gases - SEMULSP","robots":{"index":"noindex","follow":"follow"},"og_locale":"pt_BR","og_type":"article","og_title":"Controle e Medi\u00e7\u00e3o de Gases - SEMULSP","og_url":"https:\/\/www.manaus.am.gov.br\/semulsp\/aterro-sanitario\/controle-e-medicao-de-gases\/","og_site_name":"SEMULSP","article_publisher":"https:\/\/www.facebook.com\/semulspmanaus","og_image":[{"width":966,"height":520,"url":"https:\/\/www.manaus.am.gov.br\/semulsp\/wp-content\/uploads\/sites\/23\/2024\/07\/thumb-default-2.png","type":"image\/png"}],"twitter_card":"summary_large_image","twitter_misc":{"Est. reading time":"1 minuto"},"schema":{"@context":"https:\/\/schema.org","@graph":[{"@type":"WebPage","@id":"https:\/\/www.manaus.am.gov.br\/semulsp\/aterro-sanitario\/controle-e-medicao-de-gases\/","url":"https:\/\/www.manaus.am.gov.br\/semulsp\/aterro-sanitario\/controle-e-medicao-de-gases\/","name":"Controle e Medi\u00e7\u00e3o de Gases - SEMULSP","isPartOf":{"@id":"https:\/\/www.manaus.am.gov.br\/semulsp\/#website"},"datePublished":"2023-05-30T19:25:49+00:00","dateModified":"2023-05-30T19:25:49+00:00","breadcrumb":{"@id":"https:\/\/www.manaus.am.gov.br\/semulsp\/aterro-sanitario\/controle-e-medicao-de-gases\/#breadcrumb"},"inLanguage":"pt-BR","potentialAction":[{"@type":"ReadAction","target":["https:\/\/www.manaus.am.gov.br\/semulsp\/aterro-sanitario\/controle-e-medicao-de-gases\/"]}]},{"@type":"BreadcrumbList","@id":"https:\/\/www.manaus.am.gov.br\/semulsp\/aterro-sanitario\/controle-e-medicao-de-gases\/#breadcrumb","itemListElement":[{"@type":"ListItem","position":1,"name":"Home","item":"https:\/\/www.manaus.am.gov.br\/semulsp\/"},{"@type":"ListItem","position":2,"name":"Aterro Sanit\u00e1rio","item":"https:\/\/www.manaus.am.gov.br\/semulsp\/aterro-sanitario\/"},{"@type":"ListItem","position":3,"name":"Controle e Medi\u00e7\u00e3o de Gases"}]},{"@type":"WebSite","@id":"https:\/\/www.manaus.am.gov.br\/semulsp\/#website","url":"https:\/\/www.manaus.am.gov.br\/semulsp\/","name":"SEMULSP","description":"Prefeitura de Manaus","publisher":{"@id":"https:\/\/www.manaus.am.gov.br\/semulsp\/#organization"},"alternateName":"Secretaria Municipal de Limpeza P\u00fablica","potentialAction":[{"@type":"SearchAction","target":{"@type":"EntryPoint","urlTemplate":"https:\/\/www.manaus.am.gov.br\/semulsp\/?s={search_term_string}"},"query-input":"required name=search_term_string"}],"inLanguage":"pt-BR"},{"@type":"Organization","@id":"https:\/\/www.manaus.am.gov.br\/semulsp\/#organization","name":"SEMULSP","alternateName":"Secretaria Municipal de Limpeza P\u00fablica","url":"https:\/\/www.manaus.am.gov.br\/semulsp\/","logo":{"@type":"ImageObject","inLanguage":"pt-BR","@id":"https:\/\/www.manaus.am.gov.br\/semulsp\/#\/schema\/logo\/image\/","url":"https:\/\/www.manaus.am.gov.br\/semulsp\/wp-content\/uploads\/sites\/23\/2023\/05\/cropped-favicon.png","contentUrl":"https:\/\/www.manaus.am.gov.br\/semulsp\/wp-content\/uploads\/sites\/23\/2023\/05\/cropped-favicon.png","width":512,"height":512,"caption":"SEMULSP"},"image":{"@id":"https:\/\/www.manaus.am.gov.br\/semulsp\/#\/schema\/logo\/image\/"},"sameAs":["https:\/\/www.facebook.com\/semulspmanaus","https:\/\/www.instagram.com\/semulspmanaus\/"]}]}},"_links":{"self":[{"href":"https:\/\/www.manaus.am.gov.br\/semulsp\/wp-json\/wp\/v2\/pages\/291"}],"collection":[{"href":"https:\/\/www.manaus.am.gov.br\/semulsp\/wp-json\/wp\/v2\/pages"}],"about":[{"href":"https:\/\/www.manaus.am.gov.br\/semulsp\/wp-json\/wp\/v2\/types\/page"}],"author":[{"embeddable":true,"href":"https:\/\/www.manaus.am.gov.br\/semulsp\/wp-json\/wp\/v2\/users\/27"}],"replies":[{"embeddable":true,"href":"https:\/\/www.manaus.am.gov.br\/semulsp\/wp-json\/wp\/v2\/comments?post=291"}],"version-history":[{"count":2,"href":"https:\/\/www.manaus.am.gov.br\/semulsp\/wp-json\/wp\/v2\/pages\/291\/revisions"}],"predecessor-version":[{"id":293,"href":"https:\/\/www.manaus.am.gov.br\/semulsp\/wp-json\/wp\/v2\/pages\/291\/revisions\/293"}],"up":[{"embeddable":true,"href":"https:\/\/www.manaus.am.gov.br\/semulsp\/wp-json\/wp\/v2\/pages\/273"}],"wp:attachment":[{"href":"https:\/\/www.manaus.am.gov.br\/semulsp\/wp-json\/wp\/v2\/media?parent=291"}],"curies":[{"name":"wp","href":"https:\/\/api.w.org\/{rel}","templated":true}]}}