{"id":265,"date":"2023-05-30T15:13:14","date_gmt":"2023-05-30T19:13:14","guid":{"rendered":"https:\/\/www.manaus.am.gov.br\/semulsp\/?page_id=265"},"modified":"2025-10-16T14:27:23","modified_gmt":"2025-10-16T18:27:23","slug":"legislacao","status":"publish","type":"page","link":"https:\/\/www.manaus.am.gov.br\/semulsp\/legislacao\/","title":{"rendered":"Legisla\u00e7\u00e3o"},"content":{"rendered":"\n<h2 class=\"wp-block-heading\">1. Estrutura Organizacional da Semulsp<\/h2>\n\n\n\n<p><a href=\"https:\/\/www.manaus.am.gov.br\/semulsp\/wp-content\/uploads\/sites\/23\/2025\/01\/01-Lei-no-761_2004-Criacao-da-SEMULSP.pdf\">Lei n\u00ba 761 de 04 de maio de 2004<\/a><\/p>\n\n\n\n<p>Lei de Cria\u00e7\u00e3o da SEMULSP.<\/p>\n\n\n\n<p><\/p>\n\n\n\n<p><a href=\"https:\/\/www.manaus.am.gov.br\/semulsp\/wp-content\/uploads\/sites\/23\/2025\/10\/DOM-6166-01.10.2025-CAD-1-Lei-Estrutura-da-SEMULSP.pdf\">Lei n\u00ba 3.549\/2025<\/a><\/p>\n\n\n\n<p>Estrutura Organizacional da SEMULSP.<\/p>\n\n\n\n<p><\/p>\n\n\n\n<h2 class=\"wp-block-heading\">2. Cemit\u00e9rios P\u00fablicos<\/h2>\n\n\n\n<p><a href=\"https:\/\/www.manaus.am.gov.br\/semulsp\/wp-content\/uploads\/sites\/23\/2025\/10\/DOM-6085-05.06.2025-CAD-1-Comissao-Municipal-de-Acompanhamento-de-Servicos-Funerarios.pdf\">Decreto n\u00ba 6147\/2025<\/a><\/p>\n\n\n\n<p>disp\u00f5e sobre a Cria\u00e7\u00e3o da Comiss\u00e3o Municipal de Acompanhamento de Servi\u00e7os Funer\u00e1rios e d\u00e1 outras provid\u00eancias.<\/p>\n\n\n\n<p><\/p>\n\n\n\n<p><a href=\"https:\/\/leismunicipais.com.br\/a\/am\/m\/manaus\/lei-ordinaria\/2008\/128\/1273\/lei-ordinaria-n-1273-2008-dispoe-sobre-os-cemiterios-no-municipio-de-manaus-servicos-funerarios-cremacao-de-cadaveres-e-incineracao-de-restos-mortais-e-da-outras-providencias\">Lei n\u00ba 1.273 de 20 de agosto de 2008<\/a><\/p>\n\n\n\n<p>Disp\u00f5e sobre os Cemit\u00e9rios P\u00fablicos no Munic\u00edpio de Manaus.<\/p>\n\n\n\n<p><\/p>\n\n\n\n<p><a href=\"https:\/\/www.manaus.am.gov.br\/semulsp\/wp-content\/uploads\/sites\/23\/2025\/01\/lei_n_1470_de_10_dez_1979_lei_diario.pdf\">Lei n\u00ba 1.470 de 10 de dezembro de 1979<\/a><\/p>\n\n\n\n<p>Autoriza o Chefe do Poder Executivo a perpetuar sepulturas de fam\u00edlias reconhecidamente pobres.<\/p>\n\n\n\n<p><\/p>\n\n\n\n<p><a href=\"https:\/\/www.manaus.am.gov.br\/semulsp\/wp-content\/uploads\/sites\/23\/2025\/01\/lei_n_1536_de_17_dez_1980_lei_diario.pdf\">Lei n\u00ba 1.536 de 17 de dezembro de 1980<\/a><\/p>\n\n\n\n<p>Aumenta sobre a quota para perpetua\u00e7\u00e3o de sepulturas.<\/p>\n\n\n\n<p><\/p>\n\n\n\n<p><a href=\"https:\/\/www.manaus.am.gov.br\/semulsp\/wp-content\/uploads\/sites\/23\/2025\/01\/Decreto-11.198-1988-Tombo-Sao-joao-Batista.pdf\">Decreto n\u00ba 11.198 de 14 de junho de 1988<\/a><\/p>\n\n\n\n<p>Disp\u00f5e sobre o tombamento do Cemit\u00e9rio S\u00e3o Jo\u00e3o Batista.<\/p>\n\n\n\n<p><\/p>\n\n\n\n<p><a href=\"https:\/\/www.manaus.am.gov.br\/semulsp\/wp-content\/uploads\/sites\/23\/2025\/01\/01-DOM-3970-15.09.2016-CAD-1-Portaria-de-Regras-nos-Cemiterios-Publicos-1.pdf\">Portaria n\u00ba 043\/2016 &#8211; GS\/SEMULSP<\/a><\/p>\n\n\n\n<p>Disp\u00f5e sobre as medidas a serem observadas por servidores, prestadores de servi\u00e7os e visitantes nas depend\u00eancias dos Cemit\u00e9rios Municipais.<\/p>\n\n\n\n<p><\/p>\n\n\n\n<p><a href=\"https:\/\/leismunicipais.com.br\/a\/am\/m\/manaus\/decreto\/2019\/464\/4638\/decreto-n-4638-2019-aprova-o-preco-publico-para-utilizacao-do-ossuario-individual-no-cemiterio-nossa-senhora-aparecida\">Decreto n\u00ba 4.638 de 23 de outubro de 2019<\/a><\/p>\n\n\n\n<p>Fixa o pre\u00e7o p\u00fablico para utiliza\u00e7\u00e3o do Ossu\u00e1rio Individual do Cemit\u00e9rio Nossa Senhora Aparecida.<\/p>\n\n\n\n<p><\/p>\n\n\n\n<h2 class=\"wp-block-heading\">3. Legisla\u00e7\u00e3o Ambiental<\/h2>\n\n\n\n<p><\/p>\n\n\n\n<p><a href=\"https:\/\/www.manaus.am.gov.br\/semulsp\/wp-content\/uploads\/sites\/23\/2023\/05\/Resolucao-CONAMA-237.97-1.pdf\" target=\"_blank\" rel=\"noreferrer noopener\">Resolu\u00e7\u00e3o Conama N\u00ba237, de 19 de Dezembro de 1997<\/a><\/p>\n\n\n\n<p><\/p>\n\n\n\n<p><a href=\"https:\/\/www.manaus.am.gov.br\/semulsp\/wp-content\/uploads\/sites\/23\/2023\/05\/Resolucao-CONAMA-307.02-1.pdf\" target=\"_blank\" rel=\"noreferrer noopener\">Resolu\u00e7\u00e3o Conama N\u00ba307, de 05 de Julho de 2002<\/a><\/p>\n\n\n\n<p><\/p>\n\n\n\n<p><a href=\"https:\/\/www.manaus.am.gov.br\/semulsp\/wp-content\/uploads\/sites\/23\/2023\/05\/Lei-N.o605-Codigo-Ambiental-do-Municipio-de-Manaus.pdf\" target=\"_blank\" rel=\"noreferrer noopener\">Lei N.\u00ba605, de 24 de Julho de 2001<\/a><\/p>\n\n\n\n<p>Institui&nbsp; o&nbsp; C\u00f3digo&nbsp; Ambiental&nbsp; do Munic\u00edpio&nbsp; de&nbsp; Manaus&nbsp; e&nbsp; d\u00e1&nbsp; outras provid\u00eancias.<\/p>\n\n\n\n<p><\/p>\n\n\n\n<p><a href=\"https:\/\/www.manaus.am.gov.br\/semulsp\/wp-content\/uploads\/sites\/23\/2023\/05\/LEI-No-11.445-DE-5-DE-JANEIRO-DE-2007.pdf\" target=\"_blank\" rel=\"noreferrer noopener\">Lei N\u00ba 11.445, de 5 de Janeiro de 2007<\/a><\/p>\n\n\n\n<p>Estabelece diretrizes nacionais para o saneamento b\u00e1sico; altera as Leis nos 6.766, de 19 de dezembro de 1979, 8.036, de 11 de maio de 1990, 8.666, de 21 de junho de 1993, 8.987, de 13 de fevereiro de 1995; revoga a Lei no 6.528, de 11 de maio de 1978; e d\u00e1 outras provid\u00eancias.<\/p>\n\n\n\n<p><\/p>\n\n\n\n<p><a href=\"https:\/\/www.manaus.am.gov.br\/semulsp\/wp-content\/uploads\/sites\/23\/2023\/05\/LEI-N.o-1.404-DE-18-DE-JANEIRO-DE-201011.pdf\" target=\"_blank\" rel=\"noreferrer noopener\">Lei N.\u00ba 1.404, de 18 de Janeiro de 2010<\/a><\/p>\n\n\n\n<p>Disp\u00f5e sobre a implanta\u00e7\u00e3o de coleta seletiva de lixo em shopping centers e centros comerciais no munic\u00edpio de Manaus e d\u00e1 outras provid\u00eancias.<\/p>\n\n\n\n<p><\/p>\n\n\n\n<p><a href=\"https:\/\/www.manaus.am.gov.br\/semulsp\/wp-content\/uploads\/sites\/23\/2023\/05\/Lei-Complementar-no-001-de-20-de-janeiro-de-2010.pdf\" target=\"_blank\" rel=\"noreferrer noopener\">Lei Complementar N\u00ba 001, de 20 de Janeiro de 2010<\/a><\/p>\n\n\n\n<p>Disp\u00f5es sobre a organiza\u00e7\u00e3o do Sistema de Limpeza Urbana do Munic\u00edpio de Manaus; autoriza o Poder P\u00fablico a delegar a execu\u00e7\u00e3o dos servi\u00e7os p\u00fablicos mediante concess\u00e3o ou permiss\u00e3o; institui a Taxa de Res\u00edduos S\u00f3lidos Domiciliares \u2013 TRSD, a Taxa de Res\u00edduos S\u00f3lidos de Servi\u00e7os de<br>Sa\u00fade \u2013 TRSS e d\u00e1 outras provid\u00eancias.<\/p>\n\n\n\n<p><\/p>\n\n\n\n<p><a href=\"https:\/\/www.manaus.am.gov.br\/semulsp\/wp-content\/uploads\/sites\/23\/2023\/05\/Lei-No-12305.pdf\" target=\"_blank\" rel=\"noreferrer noopener\">Lei N\u00ba 12.305, de 2 de Agosto de 2010<\/a><\/p>\n\n\n\n<p>Institui a Pol\u00edtica Nacional de Res\u00edduos S\u00f3lidos; altera a Lei no 9.605, de 12 de fevereiro de 1998; e d\u00e1 outras provid\u00eancias.<\/p>\n\n\n\n<p><\/p>\n\n\n\n<p><a href=\"https:\/\/www.manaus.am.gov.br\/semulsp\/wp-content\/uploads\/sites\/23\/2023\/05\/PLANO-DIRETOR-MUNICIPAL-DE-RESIDUOS-SOLIDOS.pdf\" target=\"_blank\" rel=\"noreferrer noopener\">Decreto N\u00ba 1.349, de 9 de Novembro de 2011<\/a><\/p>\n\n\n\n<p>Aprova o Plano Diretor Municipal de Res\u00edduos S\u00f3lidos de Manaus, na forma do Anexo \u00danico deste Decreto.<\/p>\n\n\n\n<p><\/p>\n\n\n\n<p><a href=\"https:\/\/www.manaus.am.gov.br\/semulsp\/wp-content\/uploads\/sites\/23\/2025\/06\/16-DOM-2887-13.03.2012-CAD-1-Lei-1648-2012.pdf\" target=\"_blank\" rel=\"noreferrer noopener\">Lei N\u00ba 1.648, de 12 de Mar\u00e7o de 2012<\/a><\/p>\n\n\n\n<p>Institui o Programa de Reciclagem, Reutiliza\u00e7\u00e3o ou Reaproveitamento de garrafas de tereftalato de polietileno (PET) ou pl\u00e1sticas em geral no munic\u00edpio de Manaus e d\u00e1 outras provid\u00eancias.<\/p>\n\n\n\n<p><\/p>\n\n\n\n<p><a href=\"https:\/\/www.manaus.am.gov.br\/semulsp\/wp-content\/uploads\/sites\/23\/2025\/01\/Lei-Ordinaria-2436-2019-Cacambas-Estacionarias.pdf\">Lei n\u00ba 2.436 de 13 de maio de 2019<\/a><\/p>\n\n\n\n<p>Disp\u00f5e sobre o uso de ca\u00e7ambas estacion\u00e1rias ou cont\u00eaineres.<\/p>\n\n\n\n<p><\/p>\n\n\n\n<p><a href=\"https:\/\/www.manaus.am.gov.br\/semulsp\/wp-content\/uploads\/sites\/23\/2025\/01\/Lei-n-1.944_2024-Limpeza-em-Eventos.pdf\">Lei n\u00ba 1.944 de 12 de dezembro de 2014<\/a><\/p>\n\n\n\n<p>Obriga as entidades e empresas organizadoras de eventos a responsabilizar-se pelos servi\u00e7os de limpeza urbana das vias p\u00fablicas situadas no entorno dos locais de realiza\u00e7\u00e3o de eventos abertos ou fechados.<\/p>\n\n\n\n<p><\/p>\n\n\n\n<p><a href=\"https:\/\/www.manaus.am.gov.br\/semulsp\/wp-content\/uploads\/sites\/23\/2025\/01\/Lei-Eventos-Coleta-Seletiva.pdf\">Lei n\u00ba 3.327 de 14 de maio de 2024<\/a><\/p>\n\n\n\n<p>Disp\u00f5e sobre a obrigatoriedade de os organizadores de eventos abertos ao p\u00fablico realizarem servi\u00e7os de coleta seletiva de res\u00edduos s\u00f3lidos<\/p>\n\n\n\n<p><\/p>\n\n\n\n<p><a href=\"https:\/\/www.manaus.am.gov.br\/semulsp\/wp-content\/uploads\/sites\/23\/2025\/01\/Coleta-Seletiva-de-Eletronicos.pdf\">Lei n\u00ba 2.501 de 16&nbsp; de setembro de 2019<\/a><\/p>\n\n\n\n<p>Institui a Coleta de Lixo eletr\u00f4nico e tecnol\u00f3gico nas zonas rural e urbana do Munic\u00edpio de Manaus;<\/p>\n\n\n\n<p><a href=\"https:\/\/www.manaus.am.gov.br\/semulsp\/wp-content\/uploads\/sites\/23\/2025\/01\/Decreto-2348-2013-Preco-Publico-de-Destinacao-Final.pdf\">Decreto n\u00ba 2.348 de 13 de maio de 2013<\/a><\/p>\n\n\n\n<p>Fixa o pre\u00e7o p\u00fablico para destina\u00e7\u00e3o final de res\u00edduos s\u00f3lidos;<\/p>\n\n\n\n<p><\/p>\n\n\n\n<p><a href=\"https:\/\/www.manaus.am.gov.br\/semulsp\/wp-content\/uploads\/sites\/23\/2025\/06\/12-Lei-Ordinaria-2543-2019-de-Manaus-AM.pdf\" target=\"_blank\" rel=\"noreferrer noopener\">Lei n\u00ba 2.543\/2019<\/a><\/p>\n\n\n\n<p>Estabelece procedimentos para manuten\u00e7\u00e3o de PEVs<\/p>\n\n\n\n<p><\/p>\n\n\n\n<p><a href=\"https:\/\/www.manaus.am.gov.br\/semulsp\/wp-content\/uploads\/sites\/23\/2025\/06\/05-Lei-no-3.358_2024-Institui-o-Programa-Moeda-Verde.pdf\" target=\"_blank\" rel=\"noreferrer noopener\">Lei n\u00ba 3.358\/2024<\/a><\/p>\n\n\n\n<p>Institui o Programa Moeda Verde<\/p>\n\n\n\n<p><\/p>\n\n\n\n<p><a href=\"https:\/\/www.manaus.am.gov.br\/semulsp\/wp-content\/uploads\/sites\/23\/2025\/06\/11-Lei-no-1.868_2014-Dispoe-sobre-as-Associacao-e-Cooperativas.pdf\" target=\"_blank\" rel=\"noreferrer noopener\">Lei n\u00ba 1.868\/2014<\/a><\/p>\n\n\n\n<p>Disp\u00f5e sobre a Opera\u00e7\u00e3o dos Catadores de Res\u00edduos S\u00f3lidos<\/p>\n\n\n\n<p><\/p>\n\n\n\n<p><a href=\"https:\/\/www.manaus.am.gov.br\/semulsp\/wp-content\/uploads\/sites\/23\/2025\/06\/13-Lei-Ordinaria-2452-2019-de-Manaus-AM.pdf\">Lei n\u00ba 2.452\/2019<\/a><\/p>\n\n\n\n<p>Institui o Sistema de Vigil\u00e2ncia e Transporte de Res\u00edduos S\u00f3lidos<\/p>\n\n\n\n<p><\/p>\n\n\n\n<p><a href=\"https:\/\/www.manaus.am.gov.br\/semulsp\/wp-content\/uploads\/sites\/23\/2025\/06\/15-Lei-4.457-2017-Politica-Estadual-de-Residuos-Solidos.pdf\">Lei n\u00ba 4.457\/2017<\/a><\/p>\n\n\n\n<p>Pol\u00edtica Estadual de Res\u00edduos S\u00f3lidos<\/p>\n\n\n\n<p><\/p>\n\n\n\n<p><a href=\"https:\/\/www.planalto.gov.br\/ccivil_03\/leis\/l9795.htm\" target=\"_blank\" rel=\"noreferrer noopener\">Lei n\u00ba 9.795\/1999<\/a><\/p>\n\n\n\n<p>Pol\u00edtica Nacional de Res\u00edduos S\u00f3lidos<\/p>\n\n\n\n<p><\/p>\n\n\n\n<p><a href=\"https:\/\/www.manaus.am.gov.br\/semulsp\/wp-content\/uploads\/sites\/23\/2025\/06\/14-Resolucao-n-087-2016-COMDEMA-Plano-Diretor-de-Arborizacao.pdf\" target=\"_blank\" rel=\"noreferrer noopener\">Resolu\u00e7\u00e3o COMDEMA n\u00ba 087\/2016<\/a><\/p>\n\n\n\n<p>Plano Diretor de Arboriza\u00e7\u00e3o Urbana<\/p>\n\n\n\n<p><\/p>\n\n\n\n<p><a href=\"https:\/\/www.manaus.am.gov.br\/semulsp\/wp-content\/uploads\/sites\/23\/2025\/06\/11-DOM-5820-07.05.2024-CAD-1-Proibicao-de-Itens-no-Aterro.pdf\" target=\"_blank\" rel=\"noreferrer noopener\">Portaria n\u00ba 036\/2024 &#8211; GS\/SEMULSP<\/a><\/p>\n\n\n\n<p>Proibi\u00e7\u00e3o de Itens no Aterro<\/p>\n\n\n\n<p><\/p>\n\n\n\n<h2 class=\"wp-block-heading\">4. Integridade e Compliance<\/h2>\n\n\n\n<p><a href=\"https:\/\/www.manaus.am.gov.br\/semulsp\/wp-content\/uploads\/sites\/23\/2025\/10\/Codigo-de-Etica.pdf\">C\u00f3digo de \u00c9tica dos Servidores P\u00fablicos<\/a><\/p>\n","protected":false},"excerpt":{"rendered":"","protected":false},"author":27,"featured_media":0,"parent":0,"menu_order":0,"comment_status":"closed","ping_status":"closed","template":"templates\/prefeitura.php","meta":{"footnotes":""},"acf":[],"yoast_head":"<!-- This site is optimized with the Yoast SEO plugin v23.0 - https:\/\/yoast.com\/wordpress\/plugins\/seo\/ -->\n<title>Legisla\u00e7\u00e3o - SEMULSP<\/title>\n<meta name=\"robots\" content=\"noindex, follow\" \/>\n<meta property=\"og:locale\" content=\"pt_BR\" \/>\n<meta property=\"og:type\" content=\"article\" \/>\n<meta property=\"og:title\" content=\"Legisla\u00e7\u00e3o - SEMULSP\" \/>\n<meta property=\"og:url\" content=\"https:\/\/www.manaus.am.gov.br\/semulsp\/legislacao\/\" \/>\n<meta property=\"og:site_name\" content=\"SEMULSP\" \/>\n<meta property=\"article:publisher\" content=\"https:\/\/www.facebook.com\/semulspmanaus\" \/>\n<meta property=\"article:modified_time\" content=\"2025-10-16T18:27:23+00:00\" \/>\n<meta property=\"og:image\" content=\"https:\/\/www.manaus.am.gov.br\/semulsp\/wp-content\/uploads\/sites\/23\/2024\/07\/thumb-default-2.png\" \/>\n\t<meta property=\"og:image:width\" content=\"966\" \/>\n\t<meta property=\"og:image:height\" content=\"520\" \/>\n\t<meta property=\"og:image:type\" content=\"image\/png\" \/>\n<meta name=\"twitter:card\" content=\"summary_large_image\" \/>\n<meta name=\"twitter:label1\" content=\"Est. reading time\" \/>\n\t<meta name=\"twitter:data1\" content=\"4 minutos\" \/>\n<script type=\"application\/ld+json\" class=\"yoast-schema-graph\">{\"@context\":\"https:\/\/schema.org\",\"@graph\":[{\"@type\":\"WebPage\",\"@id\":\"https:\/\/www.manaus.am.gov.br\/semulsp\/legislacao\/\",\"url\":\"https:\/\/www.manaus.am.gov.br\/semulsp\/legislacao\/\",\"name\":\"Legisla\u00e7\u00e3o - SEMULSP\",\"isPartOf\":{\"@id\":\"https:\/\/www.manaus.am.gov.br\/semulsp\/#website\"},\"datePublished\":\"2023-05-30T19:13:14+00:00\",\"dateModified\":\"2025-10-16T18:27:23+00:00\",\"breadcrumb\":{\"@id\":\"https:\/\/www.manaus.am.gov.br\/semulsp\/legislacao\/#breadcrumb\"},\"inLanguage\":\"pt-BR\",\"potentialAction\":[{\"@type\":\"ReadAction\",\"target\":[\"https:\/\/www.manaus.am.gov.br\/semulsp\/legislacao\/\"]}]},{\"@type\":\"BreadcrumbList\",\"@id\":\"https:\/\/www.manaus.am.gov.br\/semulsp\/legislacao\/#breadcrumb\",\"itemListElement\":[{\"@type\":\"ListItem\",\"position\":1,\"name\":\"Home\",\"item\":\"https:\/\/www.manaus.am.gov.br\/semulsp\/\"},{\"@type\":\"ListItem\",\"position\":2,\"name\":\"Legisla\u00e7\u00e3o\"}]},{\"@type\":\"WebSite\",\"@id\":\"https:\/\/www.manaus.am.gov.br\/semulsp\/#website\",\"url\":\"https:\/\/www.manaus.am.gov.br\/semulsp\/\",\"name\":\"SEMULSP\",\"description\":\"Prefeitura de Manaus\",\"publisher\":{\"@id\":\"https:\/\/www.manaus.am.gov.br\/semulsp\/#organization\"},\"alternateName\":\"Secretaria Municipal de Limpeza P\u00fablica\",\"potentialAction\":[{\"@type\":\"SearchAction\",\"target\":{\"@type\":\"EntryPoint\",\"urlTemplate\":\"https:\/\/www.manaus.am.gov.br\/semulsp\/?s={search_term_string}\"},\"query-input\":\"required name=search_term_string\"}],\"inLanguage\":\"pt-BR\"},{\"@type\":\"Organization\",\"@id\":\"https:\/\/www.manaus.am.gov.br\/semulsp\/#organization\",\"name\":\"SEMULSP\",\"alternateName\":\"Secretaria Municipal de Limpeza P\u00fablica\",\"url\":\"https:\/\/www.manaus.am.gov.br\/semulsp\/\",\"logo\":{\"@type\":\"ImageObject\",\"inLanguage\":\"pt-BR\",\"@id\":\"https:\/\/www.manaus.am.gov.br\/semulsp\/#\/schema\/logo\/image\/\",\"url\":\"https:\/\/www.manaus.am.gov.br\/semulsp\/wp-content\/uploads\/sites\/23\/2023\/05\/cropped-favicon.png\",\"contentUrl\":\"https:\/\/www.manaus.am.gov.br\/semulsp\/wp-content\/uploads\/sites\/23\/2023\/05\/cropped-favicon.png\",\"width\":512,\"height\":512,\"caption\":\"SEMULSP\"},\"image\":{\"@id\":\"https:\/\/www.manaus.am.gov.br\/semulsp\/#\/schema\/logo\/image\/\"},\"sameAs\":[\"https:\/\/www.facebook.com\/semulspmanaus\",\"https:\/\/www.instagram.com\/semulspmanaus\/\"]}]}<\/script>\n<!-- \/ Yoast SEO plugin. -->","yoast_head_json":{"title":"Legisla\u00e7\u00e3o - SEMULSP","robots":{"index":"noindex","follow":"follow"},"og_locale":"pt_BR","og_type":"article","og_title":"Legisla\u00e7\u00e3o - SEMULSP","og_url":"https:\/\/www.manaus.am.gov.br\/semulsp\/legislacao\/","og_site_name":"SEMULSP","article_publisher":"https:\/\/www.facebook.com\/semulspmanaus","article_modified_time":"2025-10-16T18:27:23+00:00","og_image":[{"width":966,"height":520,"url":"https:\/\/www.manaus.am.gov.br\/semulsp\/wp-content\/uploads\/sites\/23\/2024\/07\/thumb-default-2.png","type":"image\/png"}],"twitter_card":"summary_large_image","twitter_misc":{"Est. reading time":"4 minutos"},"schema":{"@context":"https:\/\/schema.org","@graph":[{"@type":"WebPage","@id":"https:\/\/www.manaus.am.gov.br\/semulsp\/legislacao\/","url":"https:\/\/www.manaus.am.gov.br\/semulsp\/legislacao\/","name":"Legisla\u00e7\u00e3o - SEMULSP","isPartOf":{"@id":"https:\/\/www.manaus.am.gov.br\/semulsp\/#website"},"datePublished":"2023-05-30T19:13:14+00:00","dateModified":"2025-10-16T18:27:23+00:00","breadcrumb":{"@id":"https:\/\/www.manaus.am.gov.br\/semulsp\/legislacao\/#breadcrumb"},"inLanguage":"pt-BR","potentialAction":[{"@type":"ReadAction","target":["https:\/\/www.manaus.am.gov.br\/semulsp\/legislacao\/"]}]},{"@type":"BreadcrumbList","@id":"https:\/\/www.manaus.am.gov.br\/semulsp\/legislacao\/#breadcrumb","itemListElement":[{"@type":"ListItem","position":1,"name":"Home","item":"https:\/\/www.manaus.am.gov.br\/semulsp\/"},{"@type":"ListItem","position":2,"name":"Legisla\u00e7\u00e3o"}]},{"@type":"WebSite","@id":"https:\/\/www.manaus.am.gov.br\/semulsp\/#website","url":"https:\/\/www.manaus.am.gov.br\/semulsp\/","name":"SEMULSP","description":"Prefeitura de Manaus","publisher":{"@id":"https:\/\/www.manaus.am.gov.br\/semulsp\/#organization"},"alternateName":"Secretaria Municipal de Limpeza P\u00fablica","potentialAction":[{"@type":"SearchAction","target":{"@type":"EntryPoint","urlTemplate":"https:\/\/www.manaus.am.gov.br\/semulsp\/?s={search_term_string}"},"query-input":"required name=search_term_string"}],"inLanguage":"pt-BR"},{"@type":"Organization","@id":"https:\/\/www.manaus.am.gov.br\/semulsp\/#organization","name":"SEMULSP","alternateName":"Secretaria Municipal de Limpeza P\u00fablica","url":"https:\/\/www.manaus.am.gov.br\/semulsp\/","logo":{"@type":"ImageObject","inLanguage":"pt-BR","@id":"https:\/\/www.manaus.am.gov.br\/semulsp\/#\/schema\/logo\/image\/","url":"https:\/\/www.manaus.am.gov.br\/semulsp\/wp-content\/uploads\/sites\/23\/2023\/05\/cropped-favicon.png","contentUrl":"https:\/\/www.manaus.am.gov.br\/semulsp\/wp-content\/uploads\/sites\/23\/2023\/05\/cropped-favicon.png","width":512,"height":512,"caption":"SEMULSP"},"image":{"@id":"https:\/\/www.manaus.am.gov.br\/semulsp\/#\/schema\/logo\/image\/"},"sameAs":["https:\/\/www.facebook.com\/semulspmanaus","https:\/\/www.instagram.com\/semulspmanaus\/"]}]}},"_links":{"self":[{"href":"https:\/\/www.manaus.am.gov.br\/semulsp\/wp-json\/wp\/v2\/pages\/265"}],"collection":[{"href":"https:\/\/www.manaus.am.gov.br\/semulsp\/wp-json\/wp\/v2\/pages"}],"about":[{"href":"https:\/\/www.manaus.am.gov.br\/semulsp\/wp-json\/wp\/v2\/types\/page"}],"author":[{"embeddable":true,"href":"https:\/\/www.manaus.am.gov.br\/semulsp\/wp-json\/wp\/v2\/users\/27"}],"replies":[{"embeddable":true,"href":"https:\/\/www.manaus.am.gov.br\/semulsp\/wp-json\/wp\/v2\/comments?post=265"}],"version-history":[{"count":13,"href":"https:\/\/www.manaus.am.gov.br\/semulsp\/wp-json\/wp\/v2\/pages\/265\/revisions"}],"predecessor-version":[{"id":2548,"href":"https:\/\/www.manaus.am.gov.br\/semulsp\/wp-json\/wp\/v2\/pages\/265\/revisions\/2548"}],"wp:attachment":[{"href":"https:\/\/www.manaus.am.gov.br\/semulsp\/wp-json\/wp\/v2\/media?parent=265"}],"curies":[{"name":"wp","href":"https:\/\/api.w.org\/{rel}","templated":true}]}}