{"id":2629,"date":"2025-11-21T11:46:02","date_gmt":"2025-11-21T15:46:02","guid":{"rendered":"https:\/\/www.manaus.am.gov.br\/semulsp\/?page_id=2629"},"modified":"2025-11-21T12:29:48","modified_gmt":"2025-11-21T16:29:48","slug":"perguntas-frequentes","status":"publish","type":"page","link":"https:\/\/www.manaus.am.gov.br\/semulsp\/perguntas-frequentes\/","title":{"rendered":"Perguntas Frequentes"},"content":{"rendered":"\n<style>\n.faq-container {\n  width: 100%;\n  max-width: 900px;\n  margin: 0 auto;\n  font-family: Arial, sans-serif;\n  padding: 10px;\n}\n\n.faq-container h2 {\n  font-size: 28px;\n  font-weight: 800;\n  margin-bottom: 20px;\n}\n\n.faq-item {\n  border-bottom: 1px solid #ddd;\n}\n\n.faq-question {\n  cursor: pointer;\n  padding: 18px;\n  font-size: 18px;\n  font-weight: bold;\n  background: #f7f7f7;\n  display: flex;\n  justify-content: space-between;\n  align-items: center;\n  transition: background 0.3s;\n}\n\n.faq-question:hover {\n  background: #ededed;\n}\n\n.faq-icon {\n  font-size: 22px;\n  font-weight: bold;\n  transition: transform 0.3s;\n}\n\n.faq-answer {\n  max-height: 0;\n  overflow: hidden;\n  background: #fff;\n  font-size: 16px;\n  line-height: 1.6;\n  padding: 0 18px; \/* padding lateral *\/\n  box-sizing: border-box;\n  transition: max-height 0.35s ease;\n}\n\n.faq-answer.open {\n  padding: 18px; \/* padding total quando aberto *\/\n}\n\n@media (max-width: 600px) {\n  .faq-question {\n    font-size: 16px;\n    padding: 15px;\n  }\n  .faq-answer {\n    font-size: 15px;\n  }\n}\n<\/style>\n\n<div class=\"faq-container\">\n  <!-- Each FAQ item -->\n  <!-- 1 -->\n  <div class=\"faq-item\">\n    <div class=\"faq-question\">\n      1) O que \u00e9 a SEMULSP e no que atua em Manaus?\n      <span class=\"faq-icon\">+<\/span>\n    <\/div>\n    <div class=\"faq-answer\">\n      A Secretaria Municipal de Limpeza Urbana (SEMULSP) \u00e9 o \u00f3rg\u00e3o da Prefeitura de Manaus respons\u00e1vel por executar e gerenciar a Pol\u00edtica Municipal de Limpeza Urbana e o manejo de res\u00edduos s\u00f3lidos, incluindo a limpeza de rua, becos, vielas, parques, pra\u00e7as, jardins, com a coleta de res\u00edduos e destina\u00e7\u00e3o final.\n    <\/div>\n  <\/div>\n\n  <!-- 2 -->\n  <div class=\"faq-item\">\n    <div class=\"faq-question\">\n      2) Quais os principais servi\u00e7os prestados pela SEMULSP?\n      <span class=\"faq-icon\">+<\/span>\n    <\/div>\n    <div class=\"faq-answer\">\n      A SEMULSP disp\u00f5e de uma variedade de servi\u00e7os prestados ao cidad\u00e3o, que est\u00e3o detalhados na Carta de Servi\u00e7os ao Usu\u00e1rio, dispon\u00edvel <a href=\"https:\/\/www.manaus.am.gov.br\/cgm\/cartas-de-servicos-ao-usuario\/\" target=\"_blank\" rel=\"noopener\">clicando aqui<\/a>.\n    <\/div>\n  <\/div>\n\n  <!-- 3 -->\n  <div class=\"faq-item\">\n    <div class=\"faq-question\">\n      3) Como posso solicitar servi\u00e7os de limpeza (Varri\u00e7\u00e3o, Coleta Domiciliar, etc.) ou registrar uma reclama\u00e7\u00e3o?\n      <span class=\"faq-icon\">+<\/span>\n    <\/div>\n    <div class=\"faq-answer\">\n      A Central de Atendimento <strong>Disk-SEMULSP<\/strong> \u00e9 o canal gratuito para recebimento de informa\u00e7\u00f5es, reclama\u00e7\u00f5es e sugest\u00f5es sobre servi\u00e7os rotineiros de limpeza urbana, como varri\u00e7\u00e3o de logradouros, coleta domiciliar e lixeiras viciadas.<br><br>\n      <strong>Como contatar: <\/strong> Por meio dos n\u00fameros de WhatsApp\/liga\u00e7\u00e3o (92) 98842-1202, 98842-4738, 98842-1276 ou 98842-1277.<br>\n      <strong>Hor\u00e1rio:<\/strong> Segunda a sexta-feira, das 7h \u00e0s 16h.\n    <\/div>\n  <\/div>\n\n  <!-- 4 -->\n  <div class=\"faq-item\">\n    <div class=\"faq-question\">\n      4) Existe servi\u00e7o de Ouvidoria na SEMULSP?\n      <span class=\"faq-icon\">+<\/span>\n    <\/div>\n    <div class=\"faq-answer\">\n      Sim! A SEMULSP disp\u00f5e do servi\u00e7o de Ouvidoria, criado como um elo de comunica\u00e7\u00e3o entre o cidad\u00e3o e a Administra\u00e7\u00e3o Municipal, permitindo ao cidad\u00e3o registrar sugest\u00f5es, reclama\u00e7\u00f5es, solicita\u00e7\u00f5es, den\u00fancias e elogios relacionados aos servi\u00e7os p\u00fablicos.<br><br>\n      <strong>Acesso Eletr\u00f4nico:<\/strong> A forma preferencial de manifesta\u00e7\u00e3o \u00e9 por meio da Plataforma Federal Fala.BR, que garante o sigilo da identidade do denunciante.<br>\n      <strong>Acesso Presencial:<\/strong> Av. Brasil, 2971 \u2013 Compensa I.\n    <\/div>\n  <\/div>\n\n  <!-- 5 -->\n  <div class=\"faq-item\">\n    <div class=\"faq-question\">\n      5) Como fa\u00e7o para descartar m\u00f3veis velhos ou outros grandes objetos que a coleta regular n\u00e3o leva?\n      <span class=\"faq-icon\">+<\/span>\n    <\/div>\n    <div class=\"faq-answer\">\n      A SEMULSP oferece o servi\u00e7o de Coleta Agendada de Grandes Objetos para combater o descarte irregular que polui rios e igarap\u00e9s.<br><br>\n      <strong>Agendamento:<\/strong> Realizado por WhatsApp ou liga\u00e7\u00e3o nos n\u00fameros (92) 98415-9563 ou 98459-5618 (entre 7h e 16h, durante a semana).<br>\n      <strong>Importante: <\/strong> O morador deve informar o endere\u00e7o e os objetos, e s\u00f3 deve colocar os itens <strong>na rua na data agendada<\/strong>, pois os servidores n\u00e3o podem entrar nas resid\u00eancias.\n    <\/div>\n  <\/div>\n\n  <!-- 6 -->\n  <div class=\"faq-item\">\n    <div class=\"faq-question\">\n      6) Onde posso levar meus materiais recicl\u00e1veis?\n      <span class=\"faq-icon\">+<\/span>\n    <\/div>\n    <div class=\"faq-answer\">\n      A Prefeitura de Manaus estimula a separa\u00e7\u00e3o de res\u00edduos atrav\u00e9s da Coleta Seletiva e dos Pontos de Entrega Volunt\u00e1ria (PEVs).<br><br>\n      <strong>Como funciona:<\/strong>Os cidad\u00e3os separam os recicl\u00e1veis (pl\u00e1stico, papel, metal, vidro) e os entregam nos PEVs espalhados pela cidade.<br>\n      <strong>Destina\u00e7\u00e3o:<\/strong>Os res\u00edduos coletados s\u00e3o encaminhados para galp\u00f5es de triagem, onde s\u00e3o processados e comercializados por Associa\u00e7\u00f5es e Cooperativas de catadores, promovendo renda e inclus\u00e3o social, em conformidade com a Pol\u00edtica Nacional de Res\u00edduos S\u00f3lidos (PNRS &#8211; Lei N\u00ba 12.305\/2010).<br>      \n    <\/div>\n  <\/div>\n\n  <!-- 7 -->\n  <div class=\"faq-item\">\n    <div class=\"faq-question\">\n      7) Onde fica o Aterro Sanit\u00e1rio de Manaus e o que ele recebe?\n      <span class=\"faq-icon\">+<\/span>\n    <\/div>\n    <div class=\"faq-answer\">\n      O Aterro de Res\u00edduos S\u00f3lidos de Manaus \u00e9 o \u00fanico complexo de destino final de res\u00edduos s\u00f3lidos urbanos do munic\u00edpio.<br><br>\n      <strong>Localiza\u00e7\u00e3o:<\/strong>KM-19 da rodovia AM-010.<br>\n      <strong>Proibidos:<\/strong> Res\u00edduos industriais, res\u00edduos de constru\u00e7\u00e3o civil e res\u00edduos hospitalares.\n    <\/div>\n  <\/div>\n\n  <!-- 8 -->\n  <div class=\"faq-item\">\n    <div class=\"faq-question\">\n      8) Como empresas terceirizadas devem proceder para descartar res\u00edduos no Aterro?\n      <span class=\"faq-icon\">+<\/span>\n    <\/div>\n    <div class=\"faq-answer\">\n      Empresas terceirizadas que necessitam utilizar o Aterro Sanit\u00e1rio para descarte devem solicitar a autoriza\u00e7\u00e3o, encaminhando um of\u00edcio com a documenta\u00e7\u00e3o necess\u00e1ria para os e-mails:<br>\n      semulsp@pmm.am.gov.br ou gabinete.semulsp@pmm.am.gov.br.\n    <\/div>\n  <\/div>\n\n  <!-- 9 -->\n  <div class=\"faq-item\">\n    <div class=\"faq-question\">\n      9) 9)\tQuem realiza o servi\u00e7o de Corte e Poda de \u00c1rvores em Manaus?\n      <span class=\"faq-icon\">+<\/span>\n    <\/div>\n    <div class=\"faq-answer\">\n      Os servi\u00e7os de corte e poda de \u00e1rvores em vias p\u00fablicas e \u00e1reas de \u00f3rg\u00e3os p\u00fablicos devem ser solicitados formalmente atrav\u00e9s da Secretaria Municipal de Meio Ambiente e Sustentabilidade \u2013 SEMMAS, no Setor de Arboriza\u00e7\u00e3o\/ Poda\/ Corte.<br><br>\n      A SEMULSP realiza cortes e podas apenas em \u00e1reas p\u00fablicas mediante autoriza\u00e7\u00e3o da SEMMAS, mas <strong>n\u00e3o executa servi\u00e7os em \u00e1reas particulares<\/strong>.<br><br>\n      <strong>Contato SEMMAS:<\/strong> (92) 3236-7330 ou 98842-2294 (WhatsApp).\n    <\/div>\n  <\/div>\n\n  <!-- 10 -->\n  <div class=\"faq-item\">\n    <div class=\"faq-question\">\n      10) O que s\u00e3o os Garis da Alegria e qual o seu papel?\n      <span class=\"faq-icon\">+<\/span>\n    <\/div>\n    <div class=\"faq-answer\">\n      Os Garis da Alegria s\u00e3o um grupo l\u00fadico e educativo da Prefeitura de Manaus, reconhecido como o rosto mais sorridente da conscientiza\u00e7\u00e3o ambiental.<br><br>\n      <li><strong>Atua\u00e7\u00e3o: <\/strong>Eles utilizam arte, m\u00fasica e can\u00e7\u00f5es autorais em escolas, feiras, pra\u00e7as e institui\u00e7\u00f5es para levar mensagens de cidadania, preserva\u00e7\u00e3o ambiental e reciclagem.<\/li><br>\n      <li><strong>Objetivo Principal?<\/strong>Promover a educa\u00e7\u00e3o ambiental com recursos l\u00fadicos, estimular o sentimento de corresponsabilidade na popula\u00e7\u00e3o e facilitar o di\u00e1logo entre a comunidade e o poder p\u00fablico.<\/li>\n    <\/div>\n  <\/div>\n\n  <!-- 11 -->\n  <div class=\"faq-item\">\n    <div class=\"faq-question\">\n      11) Qual o valor das taxas cobradas nos servi\u00e7os funer\u00e1rios?\n      <span class=\"faq-icon\">+<\/span>\n    <\/div>\n    <div class=\"faq-answer\">\n      As taxas dos cemit\u00e9rios municipais s\u00e3o cobradas conforme a Unidade Fiscal do Munic\u00edpio vigente, correspondendo a uma fra\u00e7\u00e3o do valor para cada tipo de servi\u00e7o.\n    <\/div>\n  <\/div>\n\n  <!-- 12 -->\n  <div class=\"faq-item\">\n    <div class=\"faq-question\">\n      12) Fui abordado por uma pessoa no hospital, oferecendo servi\u00e7os funer\u00e1rios, isso \u00e9 permitido?\n      <span class=\"faq-icon\">+<\/span>\n    <\/div>\n    <div class=\"faq-answer\">\n      N\u00e3o! Conforme Lei n\u00ba 1.273\/2008, a pr\u00e1tica de efetuar, acobertar ou remunerar o agenciamento de funerais e de cad\u00e1veres, bem como manter plant\u00e3o ou oferecer servi\u00e7os em hospitais, pronto-socorros, postos e casas de sa\u00fade, cl\u00ednicas, institutos m\u00e9dicos legais e afins, diretamente ou por meio de terceiros, ou, ainda, por meio de funcion\u00e1rios de quaisquer institui\u00e7\u00f5es p\u00fablicas ou privadas \u00e9 <strong>PROIBIDO!<\/strong><br><br>\n      Caso voc\u00ea, ou sua fam\u00edlia, tenha sido alvo de algu\u00e9m oferecendo tais servi\u00e7os, realize um Boletim de Ocorr\u00eancia e realize sua den\u00fancia pela Ouvidoria da SEMULSP.\n    <\/div>\n  <\/div>\n\n  <!-- 13 -->\n  <div class=\"faq-item\">\n    <div class=\"faq-question\">\n      13) Onde posso acessar dados e informa\u00e7\u00f5es p\u00fablicas da Secretaria?\n      <span class=\"faq-icon\">+<\/span>\n    <\/div>\n    <div class=\"faq-answer\">\n      Acesse nossa aba de Dados Abertos e o Portal da Transpar\u00eancia. Caso n\u00e3o localize a informa\u00e7\u00e3o desejada, pode encaminhar uma solicita\u00e7\u00e3o de acesso \u00e0 informa\u00e7\u00e3o, <a href=\"https:\/\/falabr.cgu.gov.br\/web\/home\" target=\"_blank\" rel=\"noopener\">clicando aqui<\/a>.\n    <\/div>\n  <\/div>\n\n<\/div>\n\n<script>\nconst questions = document.querySelectorAll(\".faq-question\");\n\nquestions.forEach((q) => {\n  q.addEventListener(\"click\", () => {\n\n    \/\/ Fecha os outros\n    document.querySelectorAll(\".faq-answer\").forEach((ans) => {\n      if (ans !== q.nextElementSibling) {\n        ans.style.maxHeight = null;\n        ans.classList.remove(\"open\");\n      }\n    });\n\n    document.querySelectorAll(\".faq-icon\").forEach((icon) => {\n      if (icon !== q.querySelector(\".faq-icon\")) {\n        icon.textContent = \"+\";\n      }\n    });\n\n    const answer = q.nextElementSibling;\n    const icon = q.querySelector(\".faq-icon\");\n\n    if (answer.style.maxHeight) {\n      answer.style.maxHeight = null;\n      answer.classList.remove(\"open\");\n      icon.textContent = \"+\";\n    } else {\n      answer.classList.add(\"open\");\n\n      \/* recalcula com padding j\u00e1 ativado *\/\n      setTimeout(() => {\n        answer.style.maxHeight = answer.scrollHeight + \"px\";\n      }, 10);\n\n      icon.textContent = \"\u2013\";\n    }\n  });\n});\n<\/script>\n\n\n\n<p><\/p>\n\n\n\n<p><strong>Ainda possui d\u00favidas? Entre em contato conosco!<\/strong><\/p>\n","protected":false},"excerpt":{"rendered":"","protected":false},"author":8,"featured_media":0,"parent":0,"menu_order":0,"comment_status":"closed","ping_status":"closed","template":"","meta":{"footnotes":""},"acf":[],"yoast_head":"<!-- This site is optimized with the Yoast SEO plugin v23.0 - https:\/\/yoast.com\/wordpress\/plugins\/seo\/ -->\n<title>Perguntas Frequentes - SEMULSP<\/title>\n<meta name=\"robots\" content=\"noindex, follow\" \/>\n<meta property=\"og:locale\" content=\"pt_BR\" \/>\n<meta property=\"og:type\" content=\"article\" \/>\n<meta property=\"og:title\" content=\"Perguntas Frequentes - SEMULSP\" \/>\n<meta property=\"og:url\" content=\"https:\/\/www.manaus.am.gov.br\/semulsp\/perguntas-frequentes\/\" \/>\n<meta property=\"og:site_name\" content=\"SEMULSP\" \/>\n<meta property=\"article:publisher\" content=\"https:\/\/www.facebook.com\/semulspmanaus\" \/>\n<meta property=\"article:modified_time\" content=\"2025-11-21T16:29:48+00:00\" \/>\n<meta property=\"og:image\" content=\"https:\/\/www.manaus.am.gov.br\/semulsp\/wp-content\/uploads\/sites\/23\/2024\/07\/thumb-default-2.png\" \/>\n\t<meta property=\"og:image:width\" content=\"966\" \/>\n\t<meta property=\"og:image:height\" content=\"520\" \/>\n\t<meta property=\"og:image:type\" content=\"image\/png\" \/>\n<meta name=\"twitter:card\" content=\"summary_large_image\" \/>\n<meta name=\"twitter:label1\" content=\"Est. reading time\" \/>\n\t<meta name=\"twitter:data1\" content=\"5 minutos\" \/>\n<script type=\"application\/ld+json\" class=\"yoast-schema-graph\">{\"@context\":\"https:\/\/schema.org\",\"@graph\":[{\"@type\":\"WebPage\",\"@id\":\"https:\/\/www.manaus.am.gov.br\/semulsp\/perguntas-frequentes\/\",\"url\":\"https:\/\/www.manaus.am.gov.br\/semulsp\/perguntas-frequentes\/\",\"name\":\"Perguntas Frequentes - SEMULSP\",\"isPartOf\":{\"@id\":\"https:\/\/www.manaus.am.gov.br\/semulsp\/#website\"},\"datePublished\":\"2025-11-21T15:46:02+00:00\",\"dateModified\":\"2025-11-21T16:29:48+00:00\",\"breadcrumb\":{\"@id\":\"https:\/\/www.manaus.am.gov.br\/semulsp\/perguntas-frequentes\/#breadcrumb\"},\"inLanguage\":\"pt-BR\",\"potentialAction\":[{\"@type\":\"ReadAction\",\"target\":[\"https:\/\/www.manaus.am.gov.br\/semulsp\/perguntas-frequentes\/\"]}]},{\"@type\":\"BreadcrumbList\",\"@id\":\"https:\/\/www.manaus.am.gov.br\/semulsp\/perguntas-frequentes\/#breadcrumb\",\"itemListElement\":[{\"@type\":\"ListItem\",\"position\":1,\"name\":\"Home\",\"item\":\"https:\/\/www.manaus.am.gov.br\/semulsp\/\"},{\"@type\":\"ListItem\",\"position\":2,\"name\":\"Perguntas Frequentes\"}]},{\"@type\":\"WebSite\",\"@id\":\"https:\/\/www.manaus.am.gov.br\/semulsp\/#website\",\"url\":\"https:\/\/www.manaus.am.gov.br\/semulsp\/\",\"name\":\"SEMULSP\",\"description\":\"Prefeitura de Manaus\",\"publisher\":{\"@id\":\"https:\/\/www.manaus.am.gov.br\/semulsp\/#organization\"},\"alternateName\":\"Secretaria Municipal de Limpeza P\u00fablica\",\"potentialAction\":[{\"@type\":\"SearchAction\",\"target\":{\"@type\":\"EntryPoint\",\"urlTemplate\":\"https:\/\/www.manaus.am.gov.br\/semulsp\/?s={search_term_string}\"},\"query-input\":\"required name=search_term_string\"}],\"inLanguage\":\"pt-BR\"},{\"@type\":\"Organization\",\"@id\":\"https:\/\/www.manaus.am.gov.br\/semulsp\/#organization\",\"name\":\"SEMULSP\",\"alternateName\":\"Secretaria Municipal de Limpeza P\u00fablica\",\"url\":\"https:\/\/www.manaus.am.gov.br\/semulsp\/\",\"logo\":{\"@type\":\"ImageObject\",\"inLanguage\":\"pt-BR\",\"@id\":\"https:\/\/www.manaus.am.gov.br\/semulsp\/#\/schema\/logo\/image\/\",\"url\":\"https:\/\/www.manaus.am.gov.br\/semulsp\/wp-content\/uploads\/sites\/23\/2023\/05\/cropped-favicon.png\",\"contentUrl\":\"https:\/\/www.manaus.am.gov.br\/semulsp\/wp-content\/uploads\/sites\/23\/2023\/05\/cropped-favicon.png\",\"width\":512,\"height\":512,\"caption\":\"SEMULSP\"},\"image\":{\"@id\":\"https:\/\/www.manaus.am.gov.br\/semulsp\/#\/schema\/logo\/image\/\"},\"sameAs\":[\"https:\/\/www.facebook.com\/semulspmanaus\",\"https:\/\/www.instagram.com\/semulspmanaus\/\"]}]}<\/script>\n<!-- \/ Yoast SEO plugin. -->","yoast_head_json":{"title":"Perguntas Frequentes - SEMULSP","robots":{"index":"noindex","follow":"follow"},"og_locale":"pt_BR","og_type":"article","og_title":"Perguntas Frequentes - SEMULSP","og_url":"https:\/\/www.manaus.am.gov.br\/semulsp\/perguntas-frequentes\/","og_site_name":"SEMULSP","article_publisher":"https:\/\/www.facebook.com\/semulspmanaus","article_modified_time":"2025-11-21T16:29:48+00:00","og_image":[{"width":966,"height":520,"url":"https:\/\/www.manaus.am.gov.br\/semulsp\/wp-content\/uploads\/sites\/23\/2024\/07\/thumb-default-2.png","type":"image\/png"}],"twitter_card":"summary_large_image","twitter_misc":{"Est. reading time":"5 minutos"},"schema":{"@context":"https:\/\/schema.org","@graph":[{"@type":"WebPage","@id":"https:\/\/www.manaus.am.gov.br\/semulsp\/perguntas-frequentes\/","url":"https:\/\/www.manaus.am.gov.br\/semulsp\/perguntas-frequentes\/","name":"Perguntas Frequentes - SEMULSP","isPartOf":{"@id":"https:\/\/www.manaus.am.gov.br\/semulsp\/#website"},"datePublished":"2025-11-21T15:46:02+00:00","dateModified":"2025-11-21T16:29:48+00:00","breadcrumb":{"@id":"https:\/\/www.manaus.am.gov.br\/semulsp\/perguntas-frequentes\/#breadcrumb"},"inLanguage":"pt-BR","potentialAction":[{"@type":"ReadAction","target":["https:\/\/www.manaus.am.gov.br\/semulsp\/perguntas-frequentes\/"]}]},{"@type":"BreadcrumbList","@id":"https:\/\/www.manaus.am.gov.br\/semulsp\/perguntas-frequentes\/#breadcrumb","itemListElement":[{"@type":"ListItem","position":1,"name":"Home","item":"https:\/\/www.manaus.am.gov.br\/semulsp\/"},{"@type":"ListItem","position":2,"name":"Perguntas Frequentes"}]},{"@type":"WebSite","@id":"https:\/\/www.manaus.am.gov.br\/semulsp\/#website","url":"https:\/\/www.manaus.am.gov.br\/semulsp\/","name":"SEMULSP","description":"Prefeitura de Manaus","publisher":{"@id":"https:\/\/www.manaus.am.gov.br\/semulsp\/#organization"},"alternateName":"Secretaria Municipal de Limpeza P\u00fablica","potentialAction":[{"@type":"SearchAction","target":{"@type":"EntryPoint","urlTemplate":"https:\/\/www.manaus.am.gov.br\/semulsp\/?s={search_term_string}"},"query-input":"required name=search_term_string"}],"inLanguage":"pt-BR"},{"@type":"Organization","@id":"https:\/\/www.manaus.am.gov.br\/semulsp\/#organization","name":"SEMULSP","alternateName":"Secretaria Municipal de Limpeza P\u00fablica","url":"https:\/\/www.manaus.am.gov.br\/semulsp\/","logo":{"@type":"ImageObject","inLanguage":"pt-BR","@id":"https:\/\/www.manaus.am.gov.br\/semulsp\/#\/schema\/logo\/image\/","url":"https:\/\/www.manaus.am.gov.br\/semulsp\/wp-content\/uploads\/sites\/23\/2023\/05\/cropped-favicon.png","contentUrl":"https:\/\/www.manaus.am.gov.br\/semulsp\/wp-content\/uploads\/sites\/23\/2023\/05\/cropped-favicon.png","width":512,"height":512,"caption":"SEMULSP"},"image":{"@id":"https:\/\/www.manaus.am.gov.br\/semulsp\/#\/schema\/logo\/image\/"},"sameAs":["https:\/\/www.facebook.com\/semulspmanaus","https:\/\/www.instagram.com\/semulspmanaus\/"]}]}},"_links":{"self":[{"href":"https:\/\/www.manaus.am.gov.br\/semulsp\/wp-json\/wp\/v2\/pages\/2629"}],"collection":[{"href":"https:\/\/www.manaus.am.gov.br\/semulsp\/wp-json\/wp\/v2\/pages"}],"about":[{"href":"https:\/\/www.manaus.am.gov.br\/semulsp\/wp-json\/wp\/v2\/types\/page"}],"author":[{"embeddable":true,"href":"https:\/\/www.manaus.am.gov.br\/semulsp\/wp-json\/wp\/v2\/users\/8"}],"replies":[{"embeddable":true,"href":"https:\/\/www.manaus.am.gov.br\/semulsp\/wp-json\/wp\/v2\/comments?post=2629"}],"version-history":[{"count":10,"href":"https:\/\/www.manaus.am.gov.br\/semulsp\/wp-json\/wp\/v2\/pages\/2629\/revisions"}],"predecessor-version":[{"id":2648,"href":"https:\/\/www.manaus.am.gov.br\/semulsp\/wp-json\/wp\/v2\/pages\/2629\/revisions\/2648"}],"wp:attachment":[{"href":"https:\/\/www.manaus.am.gov.br\/semulsp\/wp-json\/wp\/v2\/media?parent=2629"}],"curies":[{"name":"wp","href":"https:\/\/api.w.org\/{rel}","templated":true}]}}