{"id":226,"date":"2023-05-30T11:32:14","date_gmt":"2023-05-30T15:32:14","guid":{"rendered":"https:\/\/www.manaus.am.gov.br\/semulsp\/?page_id=226"},"modified":"2025-10-16T14:21:07","modified_gmt":"2025-10-16T18:21:07","slug":"estrutura-organizacional","status":"publish","type":"page","link":"https:\/\/www.manaus.am.gov.br\/semulsp\/a-semulsp\/estrutura-organizacional\/","title":{"rendered":"Estrutura Organizacional"},"content":{"rendered":"\n<p><\/p>\n\n\n\n<p>Dirigida por um Secret\u00e1rio Municipal de Limpeza Urbana, com o aux\u00edlio de um Subsecret\u00e1rio de Gest\u00e3o, um Subsecret\u00e1rio Operacional e um Subsecret\u00e1rio de Parques, Pra\u00e7as e Jardins, a SEMULSP tem a seguinte estrutura operacional:<\/p>\n\n\n\n<p>I &#8211; \u00d3RG\u00c3OS DE ASSIST\u00caNCIA E ASSESSORAMENTO<\/p>\n\n\n\n<p>a)&nbsp;&nbsp;&nbsp;&nbsp;&nbsp;&nbsp;&nbsp;&nbsp;&nbsp;&nbsp; Gabinete;<\/p>\n\n\n\n<p>b)&nbsp;&nbsp;&nbsp;&nbsp;&nbsp;&nbsp;&nbsp;&nbsp;&nbsp;&nbsp; Diretoria de \u00c1rea T\u00e9cnica;<\/p>\n\n\n\n<p>c)&nbsp;&nbsp;&nbsp;&nbsp;&nbsp;&nbsp;&nbsp;&nbsp;&nbsp;&nbsp;&nbsp; Assessoria T\u00e9cnica;<\/p>\n\n\n\n<p>II &#8211; \u00d3RG\u00c3OS DE APOIO \u00c0 GEST\u00c3O<\/p>\n\n\n\n<p>a)&nbsp;&nbsp;&nbsp;&nbsp;&nbsp;&nbsp;&nbsp;&nbsp;&nbsp;&nbsp; Subsecretaria de Gest\u00e3o;<\/p>\n\n\n\n<p>1.&nbsp;&nbsp;&nbsp;&nbsp;&nbsp;&nbsp;&nbsp;&nbsp;&nbsp;&nbsp; Diretoria de \u00c1rea Administrativa e Financeira<\/p>\n\n\n\n<p>1.1.&nbsp;&nbsp;&nbsp;&nbsp;&nbsp;&nbsp;&nbsp; Departamento de Planejamento<\/p>\n\n\n\n<p>1.1.1.&nbsp;&nbsp;&nbsp; Divis\u00e3o Administrativa<\/p>\n\n\n\n<p>1.1.1.1. Ger\u00eancia de Patrim\u00f4nio e Almoxarifado<\/p>\n\n\n\n<p>1.1.1.2. Ger\u00eancia de Tecnologia da Informa\u00e7\u00e3o<\/p>\n\n\n\n<p>1.1.1.3. Ger\u00eancia de Contratos<\/p>\n\n\n\n<p>1.1.1.4. Ger\u00eancia de Manuten\u00e7\u00e3o Interna<\/p>\n\n\n\n<p>1.1.2.&nbsp;&nbsp;&nbsp; Divis\u00e3o de Contabilidade e Finan\u00e7as<\/p>\n\n\n\n<p>1.1.2.1. Ger\u00eancia de Compras<\/p>\n\n\n\n<p>1.1.2.2. Ger\u00eancia de Planejamento e Gest\u00e3o Or\u00e7ament\u00e1ria<\/p>\n\n\n\n<p>1.1.3.&nbsp;&nbsp;&nbsp; Divis\u00e3o de Gest\u00e3o de Pessoas<\/p>\n\n\n\n<p>1.1.3.1. Ger\u00eancia de Recursos Humanos<\/p>\n\n\n\n<p>1.1.3.2. Ger\u00eancia de Servi\u00e7o Social e Ambulatorial<\/p>\n\n\n\n<p>1.1.4.&nbsp;&nbsp;&nbsp; Divis\u00e3o de Log\u00edstica<\/p>\n\n\n\n<p>1.1.4.1. Ger\u00eancia de Transporte<\/p>\n\n\n\n<p>1.1.4.2. Ger\u00eancia de Apoio Operacional<\/p>\n\n\n\n<p>1.2.&nbsp;&nbsp;&nbsp;&nbsp;&nbsp;&nbsp;&nbsp; Departamento de Engenharia e Projetos<\/p>\n\n\n\n<p>1.2.1.&nbsp;&nbsp;&nbsp; Subger\u00eancia de Seguran\u00e7a do Trabalho<\/p>\n\n\n\n<p>1.3.&nbsp;&nbsp;&nbsp;&nbsp;&nbsp;&nbsp;&nbsp; Departamento de Controle Interno<\/p>\n\n\n\n<p>1.4.&nbsp;&nbsp;&nbsp;&nbsp;&nbsp;&nbsp;&nbsp; Departamento de Cemit\u00e9rios<\/p>\n\n\n\n<p>1.4.1.&nbsp;&nbsp;&nbsp; Divis\u00e3o de Servi\u00e7os Funer\u00e1rios<\/p>\n\n\n\n<p>1.4.1.1. Ger\u00eancia de Crema\u00e7\u00e3o<\/p>\n\n\n\n<p>1.4.1.2. Ger\u00eancia de Cemit\u00e9rios<\/p>\n\n\n\n<p>III &#8211; \u00d3RG\u00c3OS DE ATIVIDADES FINAL\u00cdSTICAS<\/p>\n\n\n\n<p>a) Subsecretaria Operacional<\/p>\n\n\n\n<p>1.&nbsp;&nbsp;&nbsp;&nbsp;&nbsp;&nbsp;&nbsp;&nbsp;&nbsp;&nbsp; Departamento Operacional<\/p>\n\n\n\n<p>1.1.&nbsp;&nbsp;&nbsp;&nbsp;&nbsp;&nbsp;&nbsp; Divis\u00e3o de Limpeza Urbana<\/p>\n\n\n\n<p>1.1.1.&nbsp;&nbsp;&nbsp; Ger\u00eancia de Apoio Administrativo<\/p>\n\n\n\n<p>1.1.2.&nbsp;&nbsp;&nbsp; Ger\u00eancia de Apoio Operacional<\/p>\n\n\n\n<p>1.1.3.&nbsp;&nbsp;&nbsp; Ger\u00eancia de Limpeza de Igarap\u00e9s<\/p>\n\n\n\n<p>2.&nbsp;&nbsp;&nbsp;&nbsp;&nbsp;&nbsp;&nbsp;&nbsp;&nbsp;&nbsp; Departamento de Coleta<\/p>\n\n\n\n<p>3.&nbsp;&nbsp;&nbsp;&nbsp;&nbsp;&nbsp;&nbsp;&nbsp;&nbsp;&nbsp; Departamento de Aterro Sanit\u00e1rio<\/p>\n\n\n\n<p>3.1. Divis\u00e3o de Tr\u00e1fego e Pesagem da Balan\u00e7a<\/p>\n\n\n\n<p>b)&nbsp;&nbsp;&nbsp;&nbsp;&nbsp;&nbsp;&nbsp;&nbsp;&nbsp;&nbsp; Subsecretaria de Parques, Pra\u00e7as e Jardins<\/p>\n\n\n\n<p>1.&nbsp;&nbsp;&nbsp;&nbsp;&nbsp;&nbsp;&nbsp;&nbsp;&nbsp;&nbsp; Departamento Operacional<\/p>\n\n\n\n<p>1.1.&nbsp;&nbsp;&nbsp;&nbsp;&nbsp;&nbsp;&nbsp; Divis\u00e3o de Paisagismo<\/p>\n\n\n\n<p>1.1.1.&nbsp;&nbsp;&nbsp; Ger\u00eancia de Manuten\u00e7\u00e3o Externa<\/p>\n\n\n\n<p>1.1.1.1. Subger\u00eancia de Apoio Operacional<\/p>\n\n\n\n<p>1.1.1.2. N\u00facleo de Produ\u00e7\u00e3o de Mudas<\/p>\n\n\n\n<p>1.1.1.3. N\u00facleo de Serralheria<\/p>\n\n\n\n<p><\/p>\n\n\n\n<h2 class=\"wp-block-heading\"><a href=\"https:\/\/www.manaus.am.gov.br\/semulsp\/wp-content\/uploads\/sites\/23\/2025\/10\/Organograma-Semulsp.pdf\">Organograma<\/a><\/h2>\n","protected":false},"excerpt":{"rendered":"","protected":false},"author":27,"featured_media":0,"parent":221,"menu_order":1,"comment_status":"closed","ping_status":"closed","template":"templates\/turismo.php","meta":{"footnotes":""},"acf":[],"yoast_head":"<!-- This site is optimized with the Yoast SEO plugin v23.0 - https:\/\/yoast.com\/wordpress\/plugins\/seo\/ -->\n<title>Estrutura Organizacional - SEMULSP<\/title>\n<meta name=\"robots\" content=\"noindex, follow\" \/>\n<meta property=\"og:locale\" content=\"pt_BR\" \/>\n<meta property=\"og:type\" content=\"article\" \/>\n<meta property=\"og:title\" content=\"Estrutura Organizacional - SEMULSP\" \/>\n<meta property=\"og:url\" content=\"https:\/\/www.manaus.am.gov.br\/semulsp\/a-semulsp\/estrutura-organizacional\/\" \/>\n<meta property=\"og:site_name\" content=\"SEMULSP\" \/>\n<meta property=\"article:publisher\" content=\"https:\/\/www.facebook.com\/semulspmanaus\" \/>\n<meta property=\"article:modified_time\" content=\"2025-10-16T18:21:07+00:00\" \/>\n<meta property=\"og:image\" content=\"https:\/\/www.manaus.am.gov.br\/semulsp\/wp-content\/uploads\/sites\/23\/2024\/07\/thumb-default-2.png\" \/>\n\t<meta property=\"og:image:width\" content=\"966\" \/>\n\t<meta property=\"og:image:height\" content=\"520\" \/>\n\t<meta property=\"og:image:type\" content=\"image\/png\" \/>\n<meta name=\"twitter:card\" content=\"summary_large_image\" \/>\n<meta name=\"twitter:label1\" content=\"Est. reading time\" \/>\n\t<meta name=\"twitter:data1\" content=\"2 minutos\" \/>\n<script type=\"application\/ld+json\" class=\"yoast-schema-graph\">{\"@context\":\"https:\/\/schema.org\",\"@graph\":[{\"@type\":\"WebPage\",\"@id\":\"https:\/\/www.manaus.am.gov.br\/semulsp\/a-semulsp\/estrutura-organizacional\/\",\"url\":\"https:\/\/www.manaus.am.gov.br\/semulsp\/a-semulsp\/estrutura-organizacional\/\",\"name\":\"Estrutura Organizacional - SEMULSP\",\"isPartOf\":{\"@id\":\"https:\/\/www.manaus.am.gov.br\/semulsp\/#website\"},\"datePublished\":\"2023-05-30T15:32:14+00:00\",\"dateModified\":\"2025-10-16T18:21:07+00:00\",\"breadcrumb\":{\"@id\":\"https:\/\/www.manaus.am.gov.br\/semulsp\/a-semulsp\/estrutura-organizacional\/#breadcrumb\"},\"inLanguage\":\"pt-BR\",\"potentialAction\":[{\"@type\":\"ReadAction\",\"target\":[\"https:\/\/www.manaus.am.gov.br\/semulsp\/a-semulsp\/estrutura-organizacional\/\"]}]},{\"@type\":\"BreadcrumbList\",\"@id\":\"https:\/\/www.manaus.am.gov.br\/semulsp\/a-semulsp\/estrutura-organizacional\/#breadcrumb\",\"itemListElement\":[{\"@type\":\"ListItem\",\"position\":1,\"name\":\"Home\",\"item\":\"https:\/\/www.manaus.am.gov.br\/semulsp\/\"},{\"@type\":\"ListItem\",\"position\":2,\"name\":\"A SEMULSP\",\"item\":\"https:\/\/www.manaus.am.gov.br\/semulsp\/a-semulsp\/\"},{\"@type\":\"ListItem\",\"position\":3,\"name\":\"Estrutura Organizacional\"}]},{\"@type\":\"WebSite\",\"@id\":\"https:\/\/www.manaus.am.gov.br\/semulsp\/#website\",\"url\":\"https:\/\/www.manaus.am.gov.br\/semulsp\/\",\"name\":\"SEMULSP\",\"description\":\"Prefeitura de Manaus\",\"publisher\":{\"@id\":\"https:\/\/www.manaus.am.gov.br\/semulsp\/#organization\"},\"alternateName\":\"Secretaria Municipal de Limpeza P\u00fablica\",\"potentialAction\":[{\"@type\":\"SearchAction\",\"target\":{\"@type\":\"EntryPoint\",\"urlTemplate\":\"https:\/\/www.manaus.am.gov.br\/semulsp\/?s={search_term_string}\"},\"query-input\":\"required name=search_term_string\"}],\"inLanguage\":\"pt-BR\"},{\"@type\":\"Organization\",\"@id\":\"https:\/\/www.manaus.am.gov.br\/semulsp\/#organization\",\"name\":\"SEMULSP\",\"alternateName\":\"Secretaria Municipal de Limpeza P\u00fablica\",\"url\":\"https:\/\/www.manaus.am.gov.br\/semulsp\/\",\"logo\":{\"@type\":\"ImageObject\",\"inLanguage\":\"pt-BR\",\"@id\":\"https:\/\/www.manaus.am.gov.br\/semulsp\/#\/schema\/logo\/image\/\",\"url\":\"https:\/\/www.manaus.am.gov.br\/semulsp\/wp-content\/uploads\/sites\/23\/2023\/05\/cropped-favicon.png\",\"contentUrl\":\"https:\/\/www.manaus.am.gov.br\/semulsp\/wp-content\/uploads\/sites\/23\/2023\/05\/cropped-favicon.png\",\"width\":512,\"height\":512,\"caption\":\"SEMULSP\"},\"image\":{\"@id\":\"https:\/\/www.manaus.am.gov.br\/semulsp\/#\/schema\/logo\/image\/\"},\"sameAs\":[\"https:\/\/www.facebook.com\/semulspmanaus\",\"https:\/\/www.instagram.com\/semulspmanaus\/\"]}]}<\/script>\n<!-- \/ Yoast SEO plugin. -->","yoast_head_json":{"title":"Estrutura Organizacional - SEMULSP","robots":{"index":"noindex","follow":"follow"},"og_locale":"pt_BR","og_type":"article","og_title":"Estrutura Organizacional - SEMULSP","og_url":"https:\/\/www.manaus.am.gov.br\/semulsp\/a-semulsp\/estrutura-organizacional\/","og_site_name":"SEMULSP","article_publisher":"https:\/\/www.facebook.com\/semulspmanaus","article_modified_time":"2025-10-16T18:21:07+00:00","og_image":[{"width":966,"height":520,"url":"https:\/\/www.manaus.am.gov.br\/semulsp\/wp-content\/uploads\/sites\/23\/2024\/07\/thumb-default-2.png","type":"image\/png"}],"twitter_card":"summary_large_image","twitter_misc":{"Est. reading time":"2 minutos"},"schema":{"@context":"https:\/\/schema.org","@graph":[{"@type":"WebPage","@id":"https:\/\/www.manaus.am.gov.br\/semulsp\/a-semulsp\/estrutura-organizacional\/","url":"https:\/\/www.manaus.am.gov.br\/semulsp\/a-semulsp\/estrutura-organizacional\/","name":"Estrutura Organizacional - SEMULSP","isPartOf":{"@id":"https:\/\/www.manaus.am.gov.br\/semulsp\/#website"},"datePublished":"2023-05-30T15:32:14+00:00","dateModified":"2025-10-16T18:21:07+00:00","breadcrumb":{"@id":"https:\/\/www.manaus.am.gov.br\/semulsp\/a-semulsp\/estrutura-organizacional\/#breadcrumb"},"inLanguage":"pt-BR","potentialAction":[{"@type":"ReadAction","target":["https:\/\/www.manaus.am.gov.br\/semulsp\/a-semulsp\/estrutura-organizacional\/"]}]},{"@type":"BreadcrumbList","@id":"https:\/\/www.manaus.am.gov.br\/semulsp\/a-semulsp\/estrutura-organizacional\/#breadcrumb","itemListElement":[{"@type":"ListItem","position":1,"name":"Home","item":"https:\/\/www.manaus.am.gov.br\/semulsp\/"},{"@type":"ListItem","position":2,"name":"A SEMULSP","item":"https:\/\/www.manaus.am.gov.br\/semulsp\/a-semulsp\/"},{"@type":"ListItem","position":3,"name":"Estrutura Organizacional"}]},{"@type":"WebSite","@id":"https:\/\/www.manaus.am.gov.br\/semulsp\/#website","url":"https:\/\/www.manaus.am.gov.br\/semulsp\/","name":"SEMULSP","description":"Prefeitura de Manaus","publisher":{"@id":"https:\/\/www.manaus.am.gov.br\/semulsp\/#organization"},"alternateName":"Secretaria Municipal de Limpeza P\u00fablica","potentialAction":[{"@type":"SearchAction","target":{"@type":"EntryPoint","urlTemplate":"https:\/\/www.manaus.am.gov.br\/semulsp\/?s={search_term_string}"},"query-input":"required name=search_term_string"}],"inLanguage":"pt-BR"},{"@type":"Organization","@id":"https:\/\/www.manaus.am.gov.br\/semulsp\/#organization","name":"SEMULSP","alternateName":"Secretaria Municipal de Limpeza P\u00fablica","url":"https:\/\/www.manaus.am.gov.br\/semulsp\/","logo":{"@type":"ImageObject","inLanguage":"pt-BR","@id":"https:\/\/www.manaus.am.gov.br\/semulsp\/#\/schema\/logo\/image\/","url":"https:\/\/www.manaus.am.gov.br\/semulsp\/wp-content\/uploads\/sites\/23\/2023\/05\/cropped-favicon.png","contentUrl":"https:\/\/www.manaus.am.gov.br\/semulsp\/wp-content\/uploads\/sites\/23\/2023\/05\/cropped-favicon.png","width":512,"height":512,"caption":"SEMULSP"},"image":{"@id":"https:\/\/www.manaus.am.gov.br\/semulsp\/#\/schema\/logo\/image\/"},"sameAs":["https:\/\/www.facebook.com\/semulspmanaus","https:\/\/www.instagram.com\/semulspmanaus\/"]}]}},"_links":{"self":[{"href":"https:\/\/www.manaus.am.gov.br\/semulsp\/wp-json\/wp\/v2\/pages\/226"}],"collection":[{"href":"https:\/\/www.manaus.am.gov.br\/semulsp\/wp-json\/wp\/v2\/pages"}],"about":[{"href":"https:\/\/www.manaus.am.gov.br\/semulsp\/wp-json\/wp\/v2\/types\/page"}],"author":[{"embeddable":true,"href":"https:\/\/www.manaus.am.gov.br\/semulsp\/wp-json\/wp\/v2\/users\/27"}],"replies":[{"embeddable":true,"href":"https:\/\/www.manaus.am.gov.br\/semulsp\/wp-json\/wp\/v2\/comments?post=226"}],"version-history":[{"count":7,"href":"https:\/\/www.manaus.am.gov.br\/semulsp\/wp-json\/wp\/v2\/pages\/226\/revisions"}],"predecessor-version":[{"id":2543,"href":"https:\/\/www.manaus.am.gov.br\/semulsp\/wp-json\/wp\/v2\/pages\/226\/revisions\/2543"}],"up":[{"embeddable":true,"href":"https:\/\/www.manaus.am.gov.br\/semulsp\/wp-json\/wp\/v2\/pages\/221"}],"wp:attachment":[{"href":"https:\/\/www.manaus.am.gov.br\/semulsp\/wp-json\/wp\/v2\/media?parent=226"}],"curies":[{"name":"wp","href":"https:\/\/api.w.org\/{rel}","templated":true}]}}