{"id":223,"date":"2023-05-30T11:31:24","date_gmt":"2023-05-30T15:31:24","guid":{"rendered":"https:\/\/www.manaus.am.gov.br\/semulsp\/?page_id=223"},"modified":"2025-10-16T14:12:13","modified_gmt":"2025-10-16T18:12:13","slug":"nossa-historia","status":"publish","type":"page","link":"https:\/\/www.manaus.am.gov.br\/semulsp\/a-semulsp\/nossa-historia\/","title":{"rendered":"Nossa Hist\u00f3ria"},"content":{"rendered":"\n<p>Criada pela Lei n\u00ba 761, de 4 de maio de 2004, a Secretaria Municipal de Limpeza Urbana \u2013 SEMULSP integra a Administra\u00e7\u00e3o Direta do Poder Executivo Municipal e tem como miss\u00e3o promover uma cidade mais limpa, sustent\u00e1vel e acolhedora, em harmonia com o meio ambiente e o bem-estar coletivo.<\/p>\n\n\n\n<p>A SEMULSP tem por finalidades:<\/p>\n\n\n\n<p>I \u2013 Formular, implementar, coordenar e fiscalizar a pol\u00edtica municipal de limpeza urbana, abrangendo o planejamento e a execu\u00e7\u00e3o dos servi\u00e7os de varri\u00e7\u00e3o, capina\u00e7\u00e3o, manejo de \u00e1rvores, lavagem de logradouros, coleta convencional e seletiva de res\u00edduos s\u00f3lidos, transporte, transbordo, tratamento e destina\u00e7\u00e3o final ambientalmente adequada dos res\u00edduos, assegurando a universaliza\u00e7\u00e3o, a regularidade, a efici\u00eancia e a sustentabilidade;<\/p>\n\n\n\n<p>II \u2013 Promover a conserva\u00e7\u00e3o e manuten\u00e7\u00e3o de \u00e1reas p\u00fablicas, como jardins, parques, pra\u00e7as, canteiros e demais logradouros, zelando pela est\u00e9tica urbana, pelo bem-estar da popula\u00e7\u00e3o e pela preserva\u00e7\u00e3o da sa\u00fade p\u00fablica e ambiental;<\/p>\n\n\n\n<p>III \u2013 Desenvolver e executar programas de educa\u00e7\u00e3o ambiental e conscientiza\u00e7\u00e3o da popula\u00e7\u00e3o quanto \u00e0 correta separa\u00e7\u00e3o, acondicionamento e descarte de res\u00edduos, incentivando a coleta seletiva, a redu\u00e7\u00e3o da gera\u00e7\u00e3o de res\u00edduos e a promo\u00e7\u00e3o da responsabilidade compartilhada;<\/p>\n\n\n\n<p>IV \u2013 Estabelecer parcerias com cooperativas, associa\u00e7\u00f5es de catadores e entidades da sociedade civil, fomentando a inclus\u00e3o social e produtiva no ciclo da gest\u00e3o de res\u00edduos, com foco na gera\u00e7\u00e3o de trabalho e renda;<\/p>\n\n\n\n<p>V \u2013 Planejar, regulamentar, coordenar e fiscalizar a presta\u00e7\u00e3o dos servi\u00e7os funer\u00e1rios no \u00e2mbito do Munic\u00edpio, promovendo pol\u00edticas p\u00fablicas para o setor e assegurando o funcionamento adequado do sistema funer\u00e1rio, em conformidade com as normas sanit\u00e1rias, urban\u00edsticas e de atendimento \u00e0 popula\u00e7\u00e3o;<\/p>\n\n\n\n<p>VI \u2013 Administrar, conservar e garantir a organiza\u00e7\u00e3o e seguran\u00e7a dos cemit\u00e9rios p\u00fablicos municipais, promovendo a gest\u00e3o adequada dos espa\u00e7os, a manuten\u00e7\u00e3o da infraestrutura e o cumprimento das normas legais e sanit\u00e1rias pertinentes.<\/p>\n\n\n\n<p>O Sistema de Limpeza Urbana da Prefeitura de Manaus mobiliza cerca de 3 mil trabalhadores, respons\u00e1veis por garantir diariamente o acesso da popula\u00e7\u00e3o aos servi\u00e7os de varri\u00e7\u00e3o, capina\u00e7\u00e3o, ro\u00e7agem, jardinagem, poda e corte de \u00e1rvores, pintura de guias, limpeza de igarap\u00e9s, cemit\u00e9rios, terminais rodovi\u00e1rios e banheiros p\u00fablicos.<\/p>\n\n\n\n<p>Os servi\u00e7os de coleta, transporte e disposi\u00e7\u00e3o final de res\u00edduos s\u00e3o executados de forma terceirizada, enquanto as a\u00e7\u00f5es de limpeza p\u00fablica s\u00e3o realizadas diretamente pela Secretaria e por empresa contratada por meio de licita\u00e7\u00e3o, assegurando efici\u00eancia, transpar\u00eancia e qualidade na presta\u00e7\u00e3o dos servi\u00e7os. Ao final, cabe um reconhecimento especial \u00e0queles que fazem da limpeza urbana uma miss\u00e3o di\u00e1ria: <strong>os garis<\/strong>! Com dedica\u00e7\u00e3o, coragem e compromisso, esses profissionais s\u00e3o os verdadeiros guardi\u00f5es da cidade, que, com seu trabalho silencioso e incans\u00e1vel, transformam cada rua limpa em s\u00edmbolo de dignidade, cidadania e respeito coletivo. A Prefeitura de Manaus e a SEMULSP expressam sua mais sincera gratid\u00e3o a todos esses trabalhadores, que mant\u00eam viva a ess\u00eancia de uma Manaus mais humana, limpa e acolhedora.<\/p>\n","protected":false},"excerpt":{"rendered":"","protected":false},"author":27,"featured_media":0,"parent":221,"menu_order":0,"comment_status":"closed","ping_status":"closed","template":"templates\/turismo.php","meta":{"footnotes":""},"acf":[],"yoast_head":"<!-- This site is optimized with the Yoast SEO plugin v23.0 - https:\/\/yoast.com\/wordpress\/plugins\/seo\/ -->\n<title>Nossa Hist\u00f3ria - SEMULSP<\/title>\n<meta name=\"robots\" content=\"noindex, follow\" \/>\n<meta property=\"og:locale\" content=\"pt_BR\" \/>\n<meta property=\"og:type\" content=\"article\" \/>\n<meta property=\"og:title\" content=\"Nossa Hist\u00f3ria - SEMULSP\" \/>\n<meta property=\"og:url\" content=\"https:\/\/www.manaus.am.gov.br\/semulsp\/a-semulsp\/nossa-historia\/\" \/>\n<meta property=\"og:site_name\" content=\"SEMULSP\" \/>\n<meta property=\"article:publisher\" content=\"https:\/\/www.facebook.com\/semulspmanaus\" \/>\n<meta property=\"article:modified_time\" content=\"2025-10-16T18:12:13+00:00\" \/>\n<meta property=\"og:image\" content=\"https:\/\/www.manaus.am.gov.br\/semulsp\/wp-content\/uploads\/sites\/23\/2024\/07\/thumb-default-2.png\" \/>\n\t<meta property=\"og:image:width\" content=\"966\" \/>\n\t<meta property=\"og:image:height\" content=\"520\" \/>\n\t<meta property=\"og:image:type\" content=\"image\/png\" \/>\n<meta name=\"twitter:card\" content=\"summary_large_image\" \/>\n<meta name=\"twitter:label1\" content=\"Est. reading time\" \/>\n\t<meta name=\"twitter:data1\" content=\"3 minutos\" \/>\n<script type=\"application\/ld+json\" class=\"yoast-schema-graph\">{\"@context\":\"https:\/\/schema.org\",\"@graph\":[{\"@type\":\"WebPage\",\"@id\":\"https:\/\/www.manaus.am.gov.br\/semulsp\/a-semulsp\/nossa-historia\/\",\"url\":\"https:\/\/www.manaus.am.gov.br\/semulsp\/a-semulsp\/nossa-historia\/\",\"name\":\"Nossa Hist\u00f3ria - SEMULSP\",\"isPartOf\":{\"@id\":\"https:\/\/www.manaus.am.gov.br\/semulsp\/#website\"},\"datePublished\":\"2023-05-30T15:31:24+00:00\",\"dateModified\":\"2025-10-16T18:12:13+00:00\",\"breadcrumb\":{\"@id\":\"https:\/\/www.manaus.am.gov.br\/semulsp\/a-semulsp\/nossa-historia\/#breadcrumb\"},\"inLanguage\":\"pt-BR\",\"potentialAction\":[{\"@type\":\"ReadAction\",\"target\":[\"https:\/\/www.manaus.am.gov.br\/semulsp\/a-semulsp\/nossa-historia\/\"]}]},{\"@type\":\"BreadcrumbList\",\"@id\":\"https:\/\/www.manaus.am.gov.br\/semulsp\/a-semulsp\/nossa-historia\/#breadcrumb\",\"itemListElement\":[{\"@type\":\"ListItem\",\"position\":1,\"name\":\"Home\",\"item\":\"https:\/\/www.manaus.am.gov.br\/semulsp\/\"},{\"@type\":\"ListItem\",\"position\":2,\"name\":\"A SEMULSP\",\"item\":\"https:\/\/www.manaus.am.gov.br\/semulsp\/a-semulsp\/\"},{\"@type\":\"ListItem\",\"position\":3,\"name\":\"Nossa Hist\u00f3ria\"}]},{\"@type\":\"WebSite\",\"@id\":\"https:\/\/www.manaus.am.gov.br\/semulsp\/#website\",\"url\":\"https:\/\/www.manaus.am.gov.br\/semulsp\/\",\"name\":\"SEMULSP\",\"description\":\"Prefeitura de Manaus\",\"publisher\":{\"@id\":\"https:\/\/www.manaus.am.gov.br\/semulsp\/#organization\"},\"alternateName\":\"Secretaria Municipal de Limpeza P\u00fablica\",\"potentialAction\":[{\"@type\":\"SearchAction\",\"target\":{\"@type\":\"EntryPoint\",\"urlTemplate\":\"https:\/\/www.manaus.am.gov.br\/semulsp\/?s={search_term_string}\"},\"query-input\":\"required name=search_term_string\"}],\"inLanguage\":\"pt-BR\"},{\"@type\":\"Organization\",\"@id\":\"https:\/\/www.manaus.am.gov.br\/semulsp\/#organization\",\"name\":\"SEMULSP\",\"alternateName\":\"Secretaria Municipal de Limpeza P\u00fablica\",\"url\":\"https:\/\/www.manaus.am.gov.br\/semulsp\/\",\"logo\":{\"@type\":\"ImageObject\",\"inLanguage\":\"pt-BR\",\"@id\":\"https:\/\/www.manaus.am.gov.br\/semulsp\/#\/schema\/logo\/image\/\",\"url\":\"https:\/\/www.manaus.am.gov.br\/semulsp\/wp-content\/uploads\/sites\/23\/2023\/05\/cropped-favicon.png\",\"contentUrl\":\"https:\/\/www.manaus.am.gov.br\/semulsp\/wp-content\/uploads\/sites\/23\/2023\/05\/cropped-favicon.png\",\"width\":512,\"height\":512,\"caption\":\"SEMULSP\"},\"image\":{\"@id\":\"https:\/\/www.manaus.am.gov.br\/semulsp\/#\/schema\/logo\/image\/\"},\"sameAs\":[\"https:\/\/www.facebook.com\/semulspmanaus\",\"https:\/\/www.instagram.com\/semulspmanaus\/\"]}]}<\/script>\n<!-- \/ Yoast SEO plugin. -->","yoast_head_json":{"title":"Nossa Hist\u00f3ria - SEMULSP","robots":{"index":"noindex","follow":"follow"},"og_locale":"pt_BR","og_type":"article","og_title":"Nossa Hist\u00f3ria - SEMULSP","og_url":"https:\/\/www.manaus.am.gov.br\/semulsp\/a-semulsp\/nossa-historia\/","og_site_name":"SEMULSP","article_publisher":"https:\/\/www.facebook.com\/semulspmanaus","article_modified_time":"2025-10-16T18:12:13+00:00","og_image":[{"width":966,"height":520,"url":"https:\/\/www.manaus.am.gov.br\/semulsp\/wp-content\/uploads\/sites\/23\/2024\/07\/thumb-default-2.png","type":"image\/png"}],"twitter_card":"summary_large_image","twitter_misc":{"Est. reading time":"3 minutos"},"schema":{"@context":"https:\/\/schema.org","@graph":[{"@type":"WebPage","@id":"https:\/\/www.manaus.am.gov.br\/semulsp\/a-semulsp\/nossa-historia\/","url":"https:\/\/www.manaus.am.gov.br\/semulsp\/a-semulsp\/nossa-historia\/","name":"Nossa Hist\u00f3ria - SEMULSP","isPartOf":{"@id":"https:\/\/www.manaus.am.gov.br\/semulsp\/#website"},"datePublished":"2023-05-30T15:31:24+00:00","dateModified":"2025-10-16T18:12:13+00:00","breadcrumb":{"@id":"https:\/\/www.manaus.am.gov.br\/semulsp\/a-semulsp\/nossa-historia\/#breadcrumb"},"inLanguage":"pt-BR","potentialAction":[{"@type":"ReadAction","target":["https:\/\/www.manaus.am.gov.br\/semulsp\/a-semulsp\/nossa-historia\/"]}]},{"@type":"BreadcrumbList","@id":"https:\/\/www.manaus.am.gov.br\/semulsp\/a-semulsp\/nossa-historia\/#breadcrumb","itemListElement":[{"@type":"ListItem","position":1,"name":"Home","item":"https:\/\/www.manaus.am.gov.br\/semulsp\/"},{"@type":"ListItem","position":2,"name":"A SEMULSP","item":"https:\/\/www.manaus.am.gov.br\/semulsp\/a-semulsp\/"},{"@type":"ListItem","position":3,"name":"Nossa Hist\u00f3ria"}]},{"@type":"WebSite","@id":"https:\/\/www.manaus.am.gov.br\/semulsp\/#website","url":"https:\/\/www.manaus.am.gov.br\/semulsp\/","name":"SEMULSP","description":"Prefeitura de Manaus","publisher":{"@id":"https:\/\/www.manaus.am.gov.br\/semulsp\/#organization"},"alternateName":"Secretaria Municipal de Limpeza P\u00fablica","potentialAction":[{"@type":"SearchAction","target":{"@type":"EntryPoint","urlTemplate":"https:\/\/www.manaus.am.gov.br\/semulsp\/?s={search_term_string}"},"query-input":"required name=search_term_string"}],"inLanguage":"pt-BR"},{"@type":"Organization","@id":"https:\/\/www.manaus.am.gov.br\/semulsp\/#organization","name":"SEMULSP","alternateName":"Secretaria Municipal de Limpeza P\u00fablica","url":"https:\/\/www.manaus.am.gov.br\/semulsp\/","logo":{"@type":"ImageObject","inLanguage":"pt-BR","@id":"https:\/\/www.manaus.am.gov.br\/semulsp\/#\/schema\/logo\/image\/","url":"https:\/\/www.manaus.am.gov.br\/semulsp\/wp-content\/uploads\/sites\/23\/2023\/05\/cropped-favicon.png","contentUrl":"https:\/\/www.manaus.am.gov.br\/semulsp\/wp-content\/uploads\/sites\/23\/2023\/05\/cropped-favicon.png","width":512,"height":512,"caption":"SEMULSP"},"image":{"@id":"https:\/\/www.manaus.am.gov.br\/semulsp\/#\/schema\/logo\/image\/"},"sameAs":["https:\/\/www.facebook.com\/semulspmanaus","https:\/\/www.instagram.com\/semulspmanaus\/"]}]}},"_links":{"self":[{"href":"https:\/\/www.manaus.am.gov.br\/semulsp\/wp-json\/wp\/v2\/pages\/223"}],"collection":[{"href":"https:\/\/www.manaus.am.gov.br\/semulsp\/wp-json\/wp\/v2\/pages"}],"about":[{"href":"https:\/\/www.manaus.am.gov.br\/semulsp\/wp-json\/wp\/v2\/types\/page"}],"author":[{"embeddable":true,"href":"https:\/\/www.manaus.am.gov.br\/semulsp\/wp-json\/wp\/v2\/users\/27"}],"replies":[{"embeddable":true,"href":"https:\/\/www.manaus.am.gov.br\/semulsp\/wp-json\/wp\/v2\/comments?post=223"}],"version-history":[{"count":3,"href":"https:\/\/www.manaus.am.gov.br\/semulsp\/wp-json\/wp\/v2\/pages\/223\/revisions"}],"predecessor-version":[{"id":2534,"href":"https:\/\/www.manaus.am.gov.br\/semulsp\/wp-json\/wp\/v2\/pages\/223\/revisions\/2534"}],"up":[{"embeddable":true,"href":"https:\/\/www.manaus.am.gov.br\/semulsp\/wp-json\/wp\/v2\/pages\/221"}],"wp:attachment":[{"href":"https:\/\/www.manaus.am.gov.br\/semulsp\/wp-json\/wp\/v2\/media?parent=223"}],"curies":[{"name":"wp","href":"https:\/\/api.w.org\/{rel}","templated":true}]}}