{"version":"1.0","provider_name":"SEMULSP","provider_url":"https:\/\/www.manaus.am.gov.br\/semulsp","title":"Prefeitura intensifica combate \u00e0s lixeiras irregulares e retira 3,7 mil toneladas de res\u00edduos em setembro","type":"rich","width":600,"height":338,"html":"<blockquote class=\"wp-embedded-content\" data-secret=\"MDde716u9Y\"><a href=\"https:\/\/www.manaus.am.gov.br\/semulsp\/prefeitura-semulsp-limpeza-setembro\/\">Prefeitura intensifica combate \u00e0s lixeiras irregulares e retira 3,7 mil toneladas de res\u00edduos em setembro<\/a><\/blockquote><iframe sandbox=\"allow-scripts\" security=\"restricted\" src=\"https:\/\/www.manaus.am.gov.br\/semulsp\/prefeitura-semulsp-limpeza-setembro\/embed\/#?secret=MDde716u9Y\" width=\"600\" height=\"338\" title=\"&#8220;Prefeitura intensifica combate \u00e0s lixeiras irregulares e retira 3,7 mil toneladas de res\u00edduos em setembro&#8221; &#8212; SEMULSP\" data-secret=\"MDde716u9Y\" frameborder=\"0\" marginwidth=\"0\" marginheight=\"0\" scrolling=\"no\" class=\"wp-embedded-content\"><\/iframe><script type=\"text\/javascript\">\n\/* <![CDATA[ *\/\n\/*! This file is auto-generated *\/\n!function(d,l){\"use strict\";l.querySelector&&d.addEventListener&&\"undefined\"!=typeof URL&&(d.wp=d.wp||{},d.wp.receiveEmbedMessage||(d.wp.receiveEmbedMessage=function(e){var t=e.data;if((t||t.secret||t.message||t.value)&&!\/[^a-zA-Z0-9]\/.test(t.secret)){for(var s,r,n,a=l.querySelectorAll('iframe[data-secret=\"'+t.secret+'\"]'),o=l.querySelectorAll('blockquote[data-secret=\"'+t.secret+'\"]'),c=new RegExp(\"^https?:$\",\"i\"),i=0;i<o.length;i++)o[i].style.display=\"none\";for(i=0;i<a.length;i++)s=a[i],e.source===s.contentWindow&&(s.removeAttribute(\"style\"),\"height\"===t.message?(1e3<(r=parseInt(t.value,10))?r=1e3:~~r<200&&(r=200),s.height=r):\"link\"===t.message&&(r=new URL(s.getAttribute(\"src\")),n=new URL(t.value),c.test(n.protocol))&&n.host===r.host&&l.activeElement===s&&(d.top.location.href=t.value))}},d.addEventListener(\"message\",d.wp.receiveEmbedMessage,!1),l.addEventListener(\"DOMContentLoaded\",function(){for(var e,t,s=l.querySelectorAll(\"iframe.wp-embedded-content\"),r=0;r<s.length;r++)(t=(e=s[r]).getAttribute(\"data-secret\"))||(t=Math.random().toString(36).substring(2,12),e.src+=\"#?secret=\"+t,e.setAttribute(\"data-secret\",t)),e.contentWindow.postMessage({message:\"ready\",secret:t},\"*\")},!1)))}(window,document);\n\/* ]]> *\/\n<\/script>\n","thumbnail_url":"https:\/\/www.manaus.am.gov.br\/semulsp\/wp-content\/uploads\/sites\/23\/2025\/10\/WhatsApp-Image-2025-10-08-at-14.03.46-1.jpeg","thumbnail_width":1600,"thumbnail_height":739,"description":"A Prefeitura de Manaus, por meio da Secretaria Municipal de Limpeza Urbana (Semulsp), intensificou, em setembro, as a\u00e7\u00f5es permanentes de combate \u00e0s lixeiras irregulares na capital. No per\u00edodo, foram eliminados 187 pontos de descarte irregular, que resultaram na retirada de mais de 3,7 mil toneladas de res\u00edduos."}