{"id":778,"date":"2023-04-20T17:25:31","date_gmt":"2023-04-20T21:25:31","guid":{"rendered":"https:\/\/www.manaus.am.gov.br\/semtepi\/?page_id=778"},"modified":"2023-04-24T13:58:06","modified_gmt":"2023-04-24T17:58:06","slug":"editais-2018","status":"publish","type":"page","link":"https:\/\/www.manaus.am.gov.br\/semtepi\/editais-2018\/","title":{"rendered":"EDITAIS 2018"},"content":{"rendered":"\n<p><strong>EDITAIS DE CHAMAMENTO P\u00daBLICO<\/strong><\/p>\n\n\n\n<h2 class=\"wp-block-heading\">EDITAL 006\/2018<\/h2>\n\n\n\n<h3 class=\"wp-block-heading\"><a href=\"https:\/\/www.manaus.am.gov.br\/semtepi\/wp-content\/uploads\/sites\/20\/2023\/04\/Convocacao-da-OSC-Vencedora-do-Edital-de-Chamamento-Publico-006_2018-SEMTRAD.pdf\" target=\"_blank\" rel=\"noreferrer noopener\">Convoca\u00e7\u00e3o da OSC Vencedora do Edital de Chamamento P\u00fablico 006_2018 SEMTRAD<\/a><\/h3>\n\n\n\n<h3 class=\"wp-block-heading\"><a href=\"https:\/\/www.manaus.am.gov.br\/semtepi\/wp-content\/uploads\/sites\/20\/2023\/04\/Despacho-de-Homologacao-edital-006_18-DOM.pdf\" target=\"_blank\" rel=\"noreferrer noopener\">Despacho de Homologa\u00e7\u00e3o edital 006_18 DOM<\/a><\/h3>\n\n\n\n<h3 class=\"wp-block-heading\"><a href=\"https:\/\/www.manaus.am.gov.br\/semtepi\/wp-content\/uploads\/sites\/20\/2023\/04\/Divulgac\u0327a\u0303o-do-Resultado-Definitivo-das-Etapas-1a-e-2a-do-Edital-de-Chamamento-no-006-2018.pdf\" target=\"_blank\" rel=\"noreferrer noopener\">DIVULGA\u00c7\u00c3O DO RESULTADO DEFINITIVO DAS ETAPAS 1\u00aa e 2\u00aa DO EDITAL n\u00ba 006 2018<\/a><\/h3>\n\n\n\n<h3 class=\"wp-block-heading\"><a href=\"https:\/\/www.manaus.am.gov.br\/semtepi\/wp-content\/uploads\/sites\/20\/2023\/04\/Divulgacao-do-resultado-preliminar-2a-etapa-do-Edital-de-Chamamento-Publico-no-006-2018.pdf\" target=\"_blank\" rel=\"noreferrer noopener\">DIVULGA\u00c7\u00c3O DO RESULTADO PRELIMINAR 2\u00aa ETAPA HABILITA\u00c7\u00c3O DO EDITAL n\u00ba 006 2018<\/a><\/h3>\n\n\n\n<h3 class=\"wp-block-heading\"><a href=\"https:\/\/www.manaus.am.gov.br\/semtepi\/wp-content\/uploads\/sites\/20\/2023\/04\/Divulgacao-do-resultado-preliminar-1a-etapa-do-Edital-de-Chamamento-Publico-no-006-2018.pdf\" target=\"_blank\" rel=\"noreferrer noopener\">DIVULGA\u00c7\u00c3O DO RESULTADO PRELIMINAR 1\u00aa ETAPA SELE\u00c7\u00c3O DO EDITAL n\u00ba 006 2018<\/a><\/h3>\n\n\n\n<h3 class=\"wp-block-heading\"><a href=\"https:\/\/www.manaus.am.gov.br\/semtepi\/wp-content\/uploads\/sites\/20\/2023\/04\/AVISO-DE-EDITAL-DE-CHAMAMENTO-PUBLICO-No-006_2018.pdf\" target=\"_blank\" rel=\"noreferrer noopener\">AVISO DE EDITAL DE CHAMAMENTO PUBLICO N\u00ba 006_2018<\/a><\/h3>\n\n\n\n<h3 class=\"wp-block-heading\"><a href=\"https:\/\/www.manaus.am.gov.br\/semtepi\/wp-content\/uploads\/sites\/20\/2023\/04\/EDITAL-DE-CHAMAMENTO-PUBLICO-No-006_2018-EMPREENDEDORISMO-NAS-ESCOLAS-2a-EDICAO.pdf\" target=\"_blank\" rel=\"noreferrer noopener\">EDITAL DE CHAMAMENTO PUBLICO N\u00ba 006_2018 EMPREENDEDORISMO NAS ESCOLAS 2\u00aa EDI\u00c7AO<\/a><\/h3>\n\n\n\n<p> <\/p>\n\n\n\n<h2 class=\"wp-block-heading\">EDITAL 005\/2018<\/h2>\n\n\n\n<h3 class=\"wp-block-heading\"><a href=\"https:\/\/www.manaus.am.gov.br\/semtepi\/wp-content\/uploads\/sites\/20\/2023\/04\/Convocacao-da-OSC-Vencedora-do-Edital-de-Chamamento-Publico-005_2018-SEMTRAD.pdf\" target=\"_blank\" rel=\"noreferrer noopener\">Convoca\u00e7\u00e3o da OSC Vencedora do Edital de Chamamento P\u00fablico 005_2018 SEMTRAD<\/a><\/h3>\n\n\n\n<h3 class=\"wp-block-heading\"><a href=\"https:\/\/www.manaus.am.gov.br\/semtepi\/wp-content\/uploads\/sites\/20\/2023\/04\/Despacho-de-Homologacao-edital-005_18-DOM.pdf\" target=\"_blank\" rel=\"noreferrer noopener\">Despacho de Homologa\u00e7\u00e3o edital 005_18 DOM<\/a><\/h3>\n\n\n\n<h3 class=\"wp-block-heading\"><a href=\"https:\/\/www.manaus.am.gov.br\/semtepi\/wp-content\/uploads\/sites\/20\/2023\/04\/DIVULGACAO-DO-RESULTADO-DEFINITIVO-ETAPAS-1a-2a-do-EDITAL-005_2018.pdf\" target=\"_blank\" rel=\"noreferrer noopener\">DIVULGA\u00c7\u00c3O DO RESULTADO DEFINITIVO ETAPAS 1\u00aa, 2\u00aa do EDITAL 005_2018<\/a><\/h3>\n\n\n\n<h3 class=\"wp-block-heading\"><a href=\"https:\/\/www.manaus.am.gov.br\/semtepi\/wp-content\/uploads\/sites\/20\/2023\/04\/Resposta-da-Analise-de-Recurso-Adm_Instituto-de-Inclusao-Social-e-Cidadania_Edital-005_18.pdf\" target=\"_blank\" rel=\"noreferrer noopener\">Resposta da An\u00e1lise de Recurso Adm_Instituto de Inclus\u00e3o Social e Cidadania_Edital 005_18<\/a><\/h3>\n\n\n\n<h3 class=\"wp-block-heading\"><a href=\"https:\/\/www.manaus.am.gov.br\/semtepi\/wp-content\/uploads\/sites\/20\/2023\/04\/DIVULGACAO-DO-RESULTADO-PRELIMINAR-HABILITACAO-2a-ETAPA-EDITAL-005_18.pdf\" target=\"_blank\" rel=\"noreferrer noopener\">DIVULGA\u00c7\u00c3O DO RESULTADO PRELIMINAR \u2013 HABILITA\u00c7\u00c3O 2\u00aa ETAPA EDITAL 005_18<\/a><\/h3>\n\n\n\n<h3 class=\"wp-block-heading\"><a href=\"https:\/\/www.manaus.am.gov.br\/semtepi\/wp-content\/uploads\/sites\/20\/2023\/04\/Resultado-da-analise-da-Assoc-Hub-Brasil-inabilitada-na-2a-etapa-e-convocacao-da-3a-classificada-do-edital-no-005_2018.pdf\" target=\"_blank\" rel=\"noreferrer noopener\">Resultado da an\u00e1lise da Assoc Hub Brasil inabilitada na 2\u00aa etapa e convoca\u00e7\u00e3o da 3\u00aa classificada do edital n\u00ba 005_2018<\/a><\/h3>\n\n\n\n<h3 class=\"wp-block-heading\"><a href=\"https:\/\/www.manaus.am.gov.br\/semtepi\/wp-content\/uploads\/sites\/20\/2023\/04\/Divulgacao-do-resultado-preliminar-2a-etapa-do-Edital-de-Chamamento-Publico-no-005-2018.pdf\" target=\"_blank\" rel=\"noreferrer noopener\">Resultado da an\u00e1lise do Inst de Inclus\u00e3o Social inabilitada na 2\u00aa etapa e convoca\u00e7\u00e3o da 2\u00aa classificada do Edital n\u00ba 005 2018<\/a><\/h3>\n\n\n\n<h3 class=\"wp-block-heading\"><a href=\"https:\/\/www.manaus.am.gov.br\/semtepi\/wp-content\/uploads\/sites\/20\/2023\/04\/Divulgacao-do-resultado-preliminar-1a-etapa-do-Edital-de-Chamamento-Publico-no-005-2018.pdf\" target=\"_blank\" rel=\"noreferrer noopener\">DIVULGA\u00c7\u00c3O DO RESULTADO PRELIMINAR 1\u00aa ETAPA SELE\u00c7\u00c3O DO EDITAL n\u00ba 005 2018<\/a><\/h3>\n\n\n\n<h3 class=\"wp-block-heading\"><a href=\"https:\/\/www.manaus.am.gov.br\/semtepi\/wp-content\/uploads\/sites\/20\/2023\/04\/AVISO-DE-EDITAL-DE-CHAMAMENTO-PUBLICO-No-005_2018.pdf\" target=\"_blank\" rel=\"noreferrer noopener\">AVISO DE EDITAL DE CHAMAMENTO PUBLICO N\u00ba 005_2018<\/a><\/h3>\n\n\n\n<h3 class=\"wp-block-heading\"><a href=\"https:\/\/www.manaus.am.gov.br\/semtepi\/wp-content\/uploads\/sites\/20\/2023\/04\/EDITAL-DE-CHAMAMENTO-PUBLICO-No-005_2018-MENTORIAS.pdf\" target=\"_blank\" rel=\"noreferrer noopener\">EDITAL DE CHAMAMENTO PUBLICO N\u00ba 005_2018 MENTORIAS<\/a><\/h3>\n\n\n\n<p> <\/p>\n\n\n\n<h2 class=\"wp-block-heading\">EDITAL 004\/2018<\/h2>\n\n\n\n<h3 class=\"wp-block-heading\"><a href=\"https:\/\/www.manaus.am.gov.br\/semtepi\/wp-content\/uploads\/sites\/20\/2023\/04\/Convocacao-da-OSC-Vencedora-do-Edital-de-Chamamento-Publico-004_2018-SEMTRAD.pdf\" target=\"_blank\" rel=\"noreferrer noopener\">Convoca\u00e7\u00e3o da OSC Vencedora do Edital de Chamamento P\u00fablico 004_2018 SEMTRAD<\/a><\/h3>\n\n\n\n<h3 class=\"wp-block-heading\"><a href=\"https:\/\/www.manaus.am.gov.br\/semtepi\/wp-content\/uploads\/sites\/20\/2023\/04\/Despacho-de-Homologacao-edital-004_18-DOM.pdf\" target=\"_blank\" rel=\"noreferrer noopener\">Despacho de Homologa\u00e7\u00e3o edital 004_18 DOM<\/a><\/h3>\n\n\n\n<h3 class=\"wp-block-heading\"><a href=\"https:\/\/www.manaus.am.gov.br\/semtepi\/wp-content\/uploads\/sites\/20\/2023\/04\/DIVULGACAO-DO-RESULTADO-DEFINITIVO-ETAPAS-1a-2a-do-EDITAL-004_2018-1.pdf\" target=\"_blank\" rel=\"noreferrer noopener\">DIVULGA\u00c7\u00c3O DO RESULTADO DEFINITIVO ETAPAS 1\u00aa, 2\u00aa do EDITAL 004_2018<\/a><\/h3>\n\n\n\n<h3 class=\"wp-block-heading\"><a href=\"https:\/\/www.manaus.am.gov.br\/semtepi\/wp-content\/uploads\/sites\/20\/2023\/04\/Resposta-da-Analise-de-Recurso-Adm_Instituto-Rio-Negro_Edital-004_18.pdf\" target=\"_blank\" rel=\"noreferrer noopener\">Resposta da An\u00e1lise de Recurso Adm_Instituto Rio Negro_Edital 004_18<\/a><\/h3>\n\n\n\n<h3 class=\"wp-block-heading\"><a href=\"https:\/\/www.manaus.am.gov.br\/semtepi\/wp-content\/uploads\/sites\/20\/2023\/04\/DIVULGACAO-DO-RESULTADO-PRELIMINAR-HABILITACAO-2a-ETAPA-EDITAL-004_18.pdf\">DIVULGA\u00c7\u00c3O DO RESULTADO PRELIMINAR \u2013 HABILITA\u00c7\u00c3O 2\u00aa ETAPA EDITAL 004_18<\/a><\/h3>\n\n\n\n<h3 class=\"wp-block-heading\"><a href=\"https:\/\/www.manaus.am.gov.br\/semtepi\/wp-content\/uploads\/sites\/20\/2023\/04\/Resultado-da-analise-da-instituicao-habilitada-na-2a-etapa-do-Edital-de-Chamamento-Publico-no-004-2018.pdf\" target=\"_blank\" rel=\"noreferrer noopener\">Resultado da an\u00e1lise da institui\u00e7\u00e3o habilitada na 2\u00aa etapa do Edital de Chamamento Publico n\u00ba 004 2018<\/a><\/h3>\n\n\n\n<h3 class=\"wp-block-heading\"><a href=\"https:\/\/www.manaus.am.gov.br\/semtepi\/wp-content\/uploads\/sites\/20\/2023\/04\/Divulgacao-do-resultado-preliminar-2a-etapa-do-Edital-de-Chamamento-Publico-no-004-2018.pdf\" target=\"_blank\" rel=\"noreferrer noopener\">Divulga\u00e7\u00e3o do resultado preliminar 2\u00aa etapa do Edital de Chamamento Publico n\u00ba 004 2018<\/a><\/h3>\n\n\n\n<h3 class=\"wp-block-heading\"><a href=\"https:\/\/www.manaus.am.gov.br\/semtepi\/wp-content\/uploads\/sites\/20\/2023\/04\/DIVULGACAO-DO-RESULTADO-PRELIMINAR-1a-ETAPA-DO-EDITAL-DE-CHAMAMENTO-PUBLICO-No-004-20188.pdf\" target=\"_blank\" rel=\"noreferrer noopener\">DIVULGA\u00c7\u00c3O DO RESULTADO PRELIMINAR 1\u00aa ETAPA SELE\u00c7AO DO EDITAL\u00a0 N\u00ba 004 2018<\/a><\/h3>\n\n\n\n<h3 class=\"wp-block-heading\"><a href=\"https:\/\/www.manaus.am.gov.br\/semtepi\/wp-content\/uploads\/sites\/20\/2023\/04\/PRORROGACAO-DE-PRAZO-EDITAL-No-004-SEMTRAD_18.pdf\" target=\"_blank\" rel=\"noreferrer noopener\">PRORROGA\u00c7\u00c3O DE PRAZO EDITAL N\u00ba 004-SEMTRAD_18<\/a><\/h3>\n\n\n\n<h3 class=\"wp-block-heading\"><a href=\"https:\/\/www.manaus.am.gov.br\/semtepi\/wp-content\/uploads\/sites\/20\/2023\/04\/Aviso-de-Edital-de-Chamamento-Publico-no-004_2018.pdf\" target=\"_blank\" rel=\"noreferrer noopener\">Aviso de Edital de Chamamento P\u00fablico n\u00ba 004_2018<\/a><\/h3>\n\n\n\n<h3 class=\"wp-block-heading\"><a href=\"https:\/\/www.manaus.am.gov.br\/semtepi\/wp-content\/uploads\/sites\/20\/2023\/04\/EDITAL-DE-CHAMAMENTO-PUBLICO-No-004_2018_-CAPACITACAO-EMPREENDEDORA.pdf\" target=\"_blank\" rel=\"noreferrer noopener\">EDITAL DE CHAMAMENTO PUBLICO N\u00ba 004_2018_ CAPACITA\u00c7\u00c3O EMPREENDEDORA<\/a><\/h3>\n\n\n\n<p> <\/p>\n\n\n\n<h2 class=\"wp-block-heading\">EDITAL 003\/2018<\/h2>\n\n\n\n<h3 class=\"wp-block-heading\"><a href=\"https:\/\/www.manaus.am.gov.br\/semtepi\/wp-content\/uploads\/sites\/20\/2023\/04\/Convocacao-das-OSCs-Vencedoras-do-Chamamento-Publico-do-Edital-n003.pdf\" target=\"_blank\" rel=\"noreferrer noopener\">Convoca\u00e7\u00e3o das OSCs Vencedoras do Chamamento P\u00fablico do Edital n003<\/a><\/h3>\n\n\n\n<h3 class=\"wp-block-heading\"><a href=\"https:\/\/www.manaus.am.gov.br\/semtepi\/wp-content\/uploads\/sites\/20\/2023\/04\/DESPACHO-DE-HOMOLOGACAO-EDITAL-003_18-DOM-1.pdf\" target=\"_blank\" rel=\"noreferrer noopener\">Despacho de Homologa\u00e7\u00e3o do Edital 003_18 DOM<\/a><\/h3>\n\n\n\n<h3 class=\"wp-block-heading\"><a href=\"https:\/\/www.manaus.am.gov.br\/semtepi\/wp-content\/uploads\/sites\/20\/2023\/04\/DIVULGACAO-DO-RESULTADO-DEFINITIVO-DAS-ETAPAS-1a-e-2a-DO-EDITAL-003_18.pdf\" target=\"_blank\" rel=\"noreferrer noopener\">DIVULGA\u00c7\u00c3O DO RESULTADO DEFINITIVO DAS ETAPAS 1\u00aa e 2\u00aa DO EDITAL 003_18<\/a><\/h3>\n\n\n\n<h3 class=\"wp-block-heading\"><a href=\"https:\/\/www.manaus.am.gov.br\/semtepi\/wp-content\/uploads\/sites\/20\/2023\/04\/Divulgacao-do-resultado-preliminar-2a-etapa-do-Edital-de-Chamamento-Publico-no-003-2018.pdf\" target=\"_blank\" rel=\"noreferrer noopener\">DIVULGA\u00c7\u00c3O DO RESULTADO PRELIMINAR 2\u00aa ETAPA HABILITA\u00c7\u00c3O DO EDITAL n\u00ba 003 2018<\/a><\/h3>\n\n\n\n<h3 class=\"wp-block-heading\"><a href=\"https:\/\/www.manaus.am.gov.br\/semtepi\/wp-content\/uploads\/sites\/20\/2023\/04\/Divulgacao-do-resultado-preliminar-1a-etapa-do-Edital-de-Chamamento-Publico-no-003-2018.pdf\" target=\"_blank\" rel=\"noreferrer noopener\">DIVULGA\u00c7\u00c3O DO RESULTADO PRELIMINAR 1\u00aa ETAPA SELE\u00c7\u00c3O DO EDITAL n\u00ba 003 2018<\/a><\/h3>\n\n\n\n<h3 class=\"wp-block-heading\"><a href=\"https:\/\/www.manaus.am.gov.br\/semtepi\/wp-content\/uploads\/sites\/20\/2023\/04\/EDITAL-DE-CHAMAMENTO-PUBLICO-No-003_2018-QUALIFICACAO-1.pdf\" target=\"_blank\" rel=\"noreferrer noopener\">EDITAL DE CHAMAMENTO PUBLICO N\u00ba 003 2018 QUALIFICA\u00c7\u00c3O<\/a><\/h3>\n\n\n\n<h3 class=\"wp-block-heading\"><a href=\"https:\/\/www.manaus.am.gov.br\/semtepi\/wp-content\/uploads\/sites\/20\/2023\/04\/AVISO-DE-EDITAL-DE-CHAMAMENTO-PUBLICO-No-003_2018.pdf\" target=\"_blank\" rel=\"noreferrer noopener\">AVISO DE EDITAL DE CHAMAMENTO P\u00daBLICO N\u00ba 003 2018<\/a><\/h3>\n\n\n\n<p> <\/p>\n\n\n\n<h2 class=\"wp-block-heading\">EDITAL 002\/2018<\/h2>\n\n\n\n<h3 class=\"wp-block-heading\"><a href=\"https:\/\/www.manaus.am.gov.br\/semtepi\/wp-content\/uploads\/sites\/20\/2023\/04\/CONVOCACAO-DA-PROPONENTE-VENCEDORA-DO-EDITAL-002_2018-SEMTRAD.pdf\" target=\"_blank\" rel=\"noreferrer noopener\">Convoca\u00e7\u00e3o da Proponente Vencedora do Edital 002_2018<\/a><\/h3>\n\n\n\n<h3 class=\"wp-block-heading\"><a href=\"https:\/\/www.manaus.am.gov.br\/semtepi\/wp-content\/uploads\/sites\/20\/2023\/04\/AVISO-DE-EDITAL-DE-CHAMAMENTO-PUBLICO-No-001-e-002_2018.pdf\" target=\"_blank\" rel=\"noreferrer noopener\">AVISO DE EDITAL DE CHAMAMENTO P\u00daBLICO N\u00ba 001 e 002_2018<\/a><\/h3>\n\n\n\n<h3 class=\"wp-block-heading\"><a href=\"https:\/\/www.manaus.am.gov.br\/semtepi\/wp-content\/uploads\/sites\/20\/2023\/04\/EDITAL-DE-CHAMAMENTO-PUBLICO-No-002_2018-CONSULTORIAS.pdf\" target=\"_blank\" rel=\"noreferrer noopener\">EDITAL DE CHAMAMENTO PUBLICO N\u00ba 002_2018 CONSULTORIAS<\/a><\/h3>\n\n\n\n<h3 class=\"wp-block-heading\"><a href=\"https:\/\/www.manaus.am.gov.br\/semtepi\/wp-content\/uploads\/sites\/20\/2023\/04\/RETIFICACAO-N-01-2018_DA-PRORROGACAO-DO-CRONOGRAMA-DE-PRAZOS_EDITAL-DE_CHAMAMENTO-PUBLICO-N002_SEMTRAD_2018.pdf\" target=\"_blank\" rel=\"noreferrer noopener\">RETIFICA\u00c7\u00c3O N 01 2018_DA PRORROGA\u00c7\u00c3O DO CRONOGRAMA DE PRAZOS_EDITAL DE_CHAMAMENTO PUBLICO N002_SEMTRAD_2018<\/a><\/h3>\n\n\n\n<h3 class=\"wp-block-heading\"><a href=\"https:\/\/www.manaus.am.gov.br\/semtepi\/wp-content\/uploads\/sites\/20\/2023\/04\/RETIFICACAO-No-02-aos-Editais-001-e-002-semtrad_18..pdf\" target=\"_blank\" rel=\"noreferrer noopener\">RETIFICA\u00c7\u00c3O N\u00ba 02 aos Editais 001 e 002-semtrad_18<\/a><\/h3>\n\n\n\n<h3 class=\"wp-block-heading\"><a href=\"https:\/\/www.manaus.am.gov.br\/semtepi\/wp-content\/uploads\/sites\/20\/2023\/04\/RETIFICACAO-No-03-PRORROGACAO-DE-PRAZO-EDITAL-No-002-SEMTRAD_18.pdf\" target=\"_blank\" rel=\"noreferrer noopener\">RETIFICA\u00c7\u00c3O N\u00ba 03 PRORROGA\u00c7\u00c3O DE PRAZO EDITAL N\u00ba 002-SEMTRAD_18<\/a><\/h3>\n\n\n\n<h3 class=\"wp-block-heading\"><a href=\"https:\/\/www.manaus.am.gov.br\/semtepi\/wp-content\/uploads\/sites\/20\/2023\/04\/AVISO-DE-PRORROGACAO-DOS-EDITAIS-001-E-002_2018.pdf\" target=\"_blank\" rel=\"noreferrer noopener\">AVISO DE PRORROGA\u00c7AO DOS EDITAIS 001 E 002_2018<\/a><\/h3>\n\n\n\n<h3 class=\"wp-block-heading\"><a href=\"https:\/\/www.manaus.am.gov.br\/semtepi\/wp-content\/uploads\/sites\/20\/2023\/04\/PRORROGACAO-DE-PRAZO-DO-EDITAL-No-002-SEMTRAD_18_200618.pdf\" target=\"_blank\" rel=\"noreferrer noopener\">PRORROGA\u00c7\u00c3O DE PRAZO DO EDITAL N\u00ba 002 SEMTRAD_18_200618<\/a><\/h3>\n\n\n\n<h3 class=\"wp-block-heading\"><a href=\"https:\/\/www.manaus.am.gov.br\/semtepi\/wp-content\/uploads\/sites\/20\/2023\/04\/Resultado-Preliminar-da-1a-etapa-do-edital-002_18-Semtrad.pdf\" target=\"_blank\" rel=\"noreferrer noopener\">DIVULGA\u00c7\u00c3O DO RESULTADO PRELIMINAR DA 1\u00aa ETAPA SELE\u00c7\u00c3O DO EDITAL 002_18<\/a><\/h3>\n\n\n\n<h3 class=\"wp-block-heading\"><a href=\"https:\/\/www.manaus.am.gov.br\/semtepi\/wp-content\/uploads\/sites\/20\/2023\/04\/Divulgacao-do-Resultado-Preliminar-2a-Etapa-Edital-002_2018-HABILITACAO.pdf\" target=\"_blank\" rel=\"noreferrer noopener\">DIVULGA\u00c7\u00c3O DO RESULTADO PRELIMINAR 2\u00aa ETAPA HABILITA\u00c7\u00c3O EDITAL 002_2018<\/a><\/h3>\n\n\n\n<h3 class=\"wp-block-heading\"><a href=\"https:\/\/www.manaus.am.gov.br\/semtepi\/wp-content\/uploads\/sites\/20\/2023\/04\/DIVULGACAO-DO-RESULTADO-PRELIMINAR-3a-ETAPA-EDITAL-002_18.pdf\" target=\"_blank\" rel=\"noreferrer noopener\">DIVULGA\u00c7\u00c3O DO RESULTADO PRELIMINAR 3\u00aa ETAPA EDITAL 002_18<\/a><\/h3>\n\n\n\n<h3 class=\"wp-block-heading\"><a href=\"https:\/\/www.manaus.am.gov.br\/semtepi\/wp-content\/uploads\/sites\/20\/2023\/04\/DIVULGACAO-DO-RESULTADO-DEFINITIVO-DAS-ETAPAS-1a-2a-e-3a-DO-EDITAL-002_18-1.pdf\" target=\"_blank\" rel=\"noreferrer noopener\">DIVULGA\u00c7\u00c3O DO RESULTADO DEFINITIVO DAS ETAPAS 1\u00aa, 2\u00aa e 3\u00aa DO EDITAL 002_18<\/a><\/h3>\n\n\n\n<h3 class=\"wp-block-heading\"><a href=\"https:\/\/www.manaus.am.gov.br\/semtepi\/wp-content\/uploads\/sites\/20\/2023\/04\/DESPACHO-DE-HOMOLOGACAO-EDITAL-002_18-DOM.pdf\" target=\"_blank\" rel=\"noreferrer noopener\">Despacho de Homologa\u00e7\u00e3o do Edital 002_18 DOM<\/a><\/h3>\n\n\n\n<p> <\/p>\n\n\n\n<h2 class=\"wp-block-heading\">EDITAL 001\/2018<\/h2>\n\n\n\n<h3 class=\"wp-block-heading\"><a href=\"https:\/\/www.manaus.am.gov.br\/semtepi\/wp-content\/uploads\/sites\/20\/2023\/04\/DIVULGACAO-DO-RESULTADO-DEFINITIVO-DO-EDITAL-001_2018.pdf\" target=\"_blank\" rel=\"noreferrer noopener\">DIVULGA\u00c7\u00c3O DO RESULTADO DEFINITIVO DO EDITAL 001_2018<\/a><\/h3>\n\n\n\n<h3 class=\"wp-block-heading\"><a href=\"https:\/\/www.manaus.am.gov.br\/semtepi\/wp-content\/uploads\/sites\/20\/2023\/04\/AVISO-DE-EDITAL-DE-CHAMAMENTO-PUBLICO-No-001-e-002_2018-1.pdf\" target=\"_blank\" rel=\"noreferrer noopener\">AVISO DE EDITAL DE CHAMAMENTO P\u00daBLICO N\u00ba 001 e 002_2018<\/a><\/h3>\n\n\n\n<h3 class=\"wp-block-heading\"><a href=\"https:\/\/www.manaus.am.gov.br\/semtepi\/wp-content\/uploads\/sites\/20\/2023\/04\/EDITAL-DE-CHAMAMENTO-PUBLICO-No-001_2018-QUALIFICACAO.pdf\" target=\"_blank\" rel=\"noreferrer noopener\">EDITAL DE CHAMAMENTO PUBLICO N\u00ba 001_2018 QUALIFICA\u00c7\u00c3O<\/a><\/h3>\n\n\n\n<h3 class=\"wp-block-heading\"><a href=\"https:\/\/www.manaus.am.gov.br\/semtepi\/wp-content\/uploads\/sites\/20\/2023\/04\/RETIFICACAO-No-02-aos-Editais-001-e-002-semtrad_18.-1.pdf\" target=\"_blank\" rel=\"noreferrer noopener\">RETIFICA\u00c7\u00c3O N\u00ba 02 aos Editais 001 e 002-semtrad_18<\/a><\/h3>\n\n\n\n<h3 class=\"wp-block-heading\"><a href=\"https:\/\/www.manaus.am.gov.br\/semtepi\/wp-content\/uploads\/sites\/20\/2023\/04\/AVISO-DE-PRORROGACAO-DOS-EDITAIS-001-E-002_2018-1.pdf\" target=\"_blank\" rel=\"noreferrer noopener\">AVISO DE PRORROGA\u00c7AO DOS EDITAIS 001 E 002_2018<\/a><\/h3>\n\n\n\n<h3 class=\"wp-block-heading\"><a href=\"https:\/\/www.manaus.am.gov.br\/semtepi\/wp-content\/uploads\/sites\/20\/2023\/04\/PRORROGACAO-DE-PRAZO-DO-EDITAL-No-001-SEMTRAD_18_200618.pdf\" target=\"_blank\" rel=\"noreferrer noopener\">PRORROGA\u00c7\u00c3O DE PRAZO DO EDITAL N\u00ba 001 SEMTRAD_18_200618<\/a><\/h3>\n\n\n\n<h3 class=\"wp-block-heading\"><a href=\"https:\/\/www.manaus.am.gov.br\/semtepi\/wp-content\/uploads\/sites\/20\/2023\/04\/Divulgacao-do-resultado-preliminar-1a-Etapa-do-Edital-de-Chamamento-Publico-no-001-PARTE-I.pdf\" target=\"_blank\" rel=\"noreferrer noopener\">Divulga\u00e7\u00e3o do resultado preliminar 1\u00aa Etapa do Edital de Chamamento P\u00fablico n\u00ba 001 \u2013 PARTE I<\/a><\/h3>\n\n\n\n<h3 class=\"wp-block-heading\"><a href=\"https:\/\/www.manaus.am.gov.br\/semtepi\/wp-content\/uploads\/sites\/20\/2023\/04\/Divulgacao-do-resultado-preliminar-1a-Etapa-do-Edital-de-Chamamento-Publico-no-001-PARTE-II.pdf\" target=\"_blank\" rel=\"noreferrer noopener\">Divulga\u00e7\u00e3o do resultado preliminar 1\u00aa Etapa do Edital de Chamamento P\u00fablico n\u00ba 001 \u2013 PARTE II<\/a><\/h3>\n\n\n\n<h3 class=\"wp-block-heading\"><a href=\"https:\/\/www.manaus.am.gov.br\/semtepi\/wp-content\/uploads\/sites\/20\/2023\/04\/Divulgacao-do-resultado-preliminar-2a-Etapa-do-Edital-001_2018-HABILITACAO.pdf\" target=\"_blank\" rel=\"noreferrer noopener\">Divulga\u00e7\u00e3o do resultado preliminar 2\u00aa Etapa do Edital 001_2018 \u2013 HABILITA\u00c7\u00c3O<\/a><\/h3>\n\n\n\n<h3 class=\"wp-block-heading\"><a href=\"https:\/\/www.manaus.am.gov.br\/semtepi\/wp-content\/uploads\/sites\/20\/2023\/04\/Divulgacao-do-Resultado-Definitivo-do-Edital-001_2018-1.pdf\" target=\"_blank\" rel=\"noreferrer noopener\">Divulga\u00e7\u00e3o do Resultado Definitivo do Edital 001_2018<\/a><\/h3>\n\n\n\n<h3 class=\"wp-block-heading\"><a href=\"https:\/\/www.manaus.am.gov.br\/semtepi\/wp-content\/uploads\/sites\/20\/2023\/04\/Despacho-de-Homologacao-edital-001_18-DOM.pdf\" target=\"_blank\" rel=\"noreferrer noopener\">Despacho de Homologa\u00e7\u00e3o edital 001_18 DOM<\/a><\/h3>\n\n\n\n<h3 class=\"wp-block-heading\"><a href=\"https:\/\/www.manaus.am.gov.br\/semtepi\/wp-content\/uploads\/sites\/20\/2023\/04\/Convocacao-das-Proponentes-Vencedoras-do-Edital-001_2018-SEMTRAD.pdf\" target=\"_blank\" rel=\"noreferrer noopener\">Convoca\u00e7\u00e3o das Proponentes Vencedoras do Edital 001_2018 SEMTRAD<\/a><\/h3>\n\n\n\n<p><\/p>\n\n\n\n<h2 class=\"wp-block-heading\">OUTRAS INFORMA\u00c7\u00d5ES<\/h2>\n\n\n\n<h3 class=\"wp-block-heading\"><a href=\"https:\/\/www.manaus.am.gov.br\/semtepi\/wp-content\/uploads\/sites\/20\/2023\/04\/PORTARIA_448_de_13_Set_2002_STN-CLASSIFICACAO-DA-NATUREZA-DE-DESPESA.pdf\" target=\"_blank\" rel=\"noreferrer noopener\">PORTARIA N\u00ba 448_de_13_Set_2002_STN \u2013 CLASSIFICA\u00c7\u00c3O DA NATUREZA DE DESPESA<\/a><\/h3>\n\n\n\n<h3 class=\"wp-block-heading\"><a href=\"https:\/\/www.manaus.am.gov.br\/semtepi\/wp-content\/uploads\/sites\/20\/2023\/04\/Portaria-053_2018-Semtrad-Comissao-de-Acompa-Fiscalizacao-de-Prestacao-de-Contas.pdf\" target=\"_blank\" rel=\"noreferrer noopener\">PORTARIA N\u00ba 053_2018 SEMTEPI COMISS\u00c3O DE ACOMP FISCALIZA\u00c7\u00c3O DE PARCERIAS PREST CONTAS 2018<\/a><\/h3>\n\n\n\n<h3 class=\"wp-block-heading\"><a href=\"https:\/\/www.manaus.am.gov.br\/semtepi\/wp-content\/uploads\/sites\/20\/2023\/04\/PORTARIA-No-052_2018-SEMTEPI_NOMEACAO-DA-COMISSAO-TECNICA-DE-SELECAO-DOS-EDITAIS.pdf\" target=\"_blank\" rel=\"noreferrer noopener\">PORTARIA N\u00ba 052_2018 SEMTEPI_NOMEA\u00c7\u00c3O DA COMISS\u00c3O TECNICA DE SELE\u00c7\u00c3O DOS EDITAIS<\/a><\/h3>\n\n\n\n<h3 class=\"wp-block-heading\"><a href=\"https:\/\/www.manaus.am.gov.br\/semtepi\/wp-content\/uploads\/sites\/20\/2023\/04\/PORTARIA-047_2018-COMISSAO-DE-ACOMPA-FISCALIZACAO-DE-PARCERIAS_OUT_2018.pdf\" target=\"_blank\" rel=\"noreferrer noopener\">PORTARIA N\u00ba 047_2018 COMISS\u00c3O DE ACOMPA FISCALIZA\u00c7\u00c3O DE PARCERIAS_PREST CONTAS_2018<\/a><\/h3>\n\n\n\n<h3 class=\"wp-block-heading\"><a href=\"https:\/\/www.manaus.am.gov.br\/semtepi\/wp-content\/uploads\/sites\/20\/2023\/04\/PORTARIA-No-043_2018-SEMTRAD-NOMEACAO-E-REVOGACAO-DA-COMISSAO-TECNICA-DE-SELECAO.pdf\" target=\"_blank\" rel=\"noreferrer noopener\">PORTARIA N\u00ba 043 2018 SEMTRAD NOMEA\u00c7\u00c3O E REVOGA\u00c7\u00c3O DA COMISS\u00c3O T\u00c9CNICA DE SELE\u00c7\u00c3O<\/a><\/h3>\n\n\n\n<h3 class=\"wp-block-heading\"><a href=\"https:\/\/www.manaus.am.gov.br\/semtepi\/wp-content\/uploads\/sites\/20\/2023\/04\/PORTARIA-No-019_2018-SEMTRAD-NOMEACAO-DA-COMISSAO-TECNICA-DE-SELECAO.pdf\" target=\"_blank\" rel=\"noreferrer noopener\">PORTARIA N\u00ba 019_2018 SEMTRAD NOMEA\u00c7\u00c3O DA COMISS\u00c3O TECNICA DE SELE\u00c7\u00c3O<\/a><\/h3>\n","protected":false},"excerpt":{"rendered":"","protected":false},"author":27,"featured_media":0,"parent":0,"menu_order":0,"comment_status":"closed","ping_status":"closed","template":"templates\/prefeitura.php","meta":{"footnotes":""},"acf":[],"yoast_head":"<!-- This site is optimized with the Yoast SEO plugin v23.0 - https:\/\/yoast.com\/wordpress\/plugins\/seo\/ -->\n<title>EDITAIS 2018 - SEMTEPI<\/title>\n<meta name=\"robots\" content=\"noindex, follow\" \/>\n<meta property=\"og:locale\" content=\"pt_BR\" \/>\n<meta property=\"og:type\" content=\"article\" \/>\n<meta property=\"og:title\" content=\"EDITAIS 2018 - SEMTEPI\" \/>\n<meta property=\"og:url\" content=\"https:\/\/www.manaus.am.gov.br\/semtepi\/editais-2018\/\" \/>\n<meta property=\"og:site_name\" content=\"SEMTEPI\" \/>\n<meta property=\"article:modified_time\" content=\"2023-04-24T17:58:06+00:00\" \/>\n<meta property=\"og:image\" content=\"https:\/\/www.manaus.am.gov.br\/semtepi\/wp-content\/uploads\/sites\/20\/2024\/07\/thumb-default-2.png\" \/>\n\t<meta property=\"og:image:width\" content=\"966\" \/>\n\t<meta property=\"og:image:height\" content=\"520\" \/>\n\t<meta property=\"og:image:type\" content=\"image\/png\" \/>\n<meta name=\"twitter:card\" content=\"summary_large_image\" \/>\n<meta name=\"twitter:label1\" content=\"Est. reading time\" \/>\n\t<meta name=\"twitter:data1\" content=\"4 minutos\" \/>\n<script type=\"application\/ld+json\" class=\"yoast-schema-graph\">{\"@context\":\"https:\/\/schema.org\",\"@graph\":[{\"@type\":\"WebPage\",\"@id\":\"https:\/\/www.manaus.am.gov.br\/semtepi\/editais-2018\/\",\"url\":\"https:\/\/www.manaus.am.gov.br\/semtepi\/editais-2018\/\",\"name\":\"EDITAIS 2018 - SEMTEPI\",\"isPartOf\":{\"@id\":\"https:\/\/www.manaus.am.gov.br\/semtepi\/#website\"},\"datePublished\":\"2023-04-20T21:25:31+00:00\",\"dateModified\":\"2023-04-24T17:58:06+00:00\",\"breadcrumb\":{\"@id\":\"https:\/\/www.manaus.am.gov.br\/semtepi\/editais-2018\/#breadcrumb\"},\"inLanguage\":\"pt-BR\",\"potentialAction\":[{\"@type\":\"ReadAction\",\"target\":[\"https:\/\/www.manaus.am.gov.br\/semtepi\/editais-2018\/\"]}]},{\"@type\":\"BreadcrumbList\",\"@id\":\"https:\/\/www.manaus.am.gov.br\/semtepi\/editais-2018\/#breadcrumb\",\"itemListElement\":[{\"@type\":\"ListItem\",\"position\":1,\"name\":\"Home\",\"item\":\"https:\/\/www.manaus.am.gov.br\/semtepi\/\"},{\"@type\":\"ListItem\",\"position\":2,\"name\":\"EDITAIS 2018\"}]},{\"@type\":\"WebSite\",\"@id\":\"https:\/\/www.manaus.am.gov.br\/semtepi\/#website\",\"url\":\"https:\/\/www.manaus.am.gov.br\/semtepi\/\",\"name\":\"SEMTEPI\",\"description\":\"Prefeitura de Manaus\",\"publisher\":{\"@id\":\"https:\/\/www.manaus.am.gov.br\/semtepi\/#organization\"},\"alternateName\":\"Secretaria Municipal do Trabalho, Empreendedorismo e Inova\u00e7\u00e3o\",\"potentialAction\":[{\"@type\":\"SearchAction\",\"target\":{\"@type\":\"EntryPoint\",\"urlTemplate\":\"https:\/\/www.manaus.am.gov.br\/semtepi\/?s={search_term_string}\"},\"query-input\":\"required name=search_term_string\"}],\"inLanguage\":\"pt-BR\"},{\"@type\":\"Organization\",\"@id\":\"https:\/\/www.manaus.am.gov.br\/semtepi\/#organization\",\"name\":\"Prefeitura Municipal de Manaus\",\"alternateName\":\"Prefeitura de Manaus\",\"url\":\"https:\/\/www.manaus.am.gov.br\/semtepi\/\",\"logo\":{\"@type\":\"ImageObject\",\"inLanguage\":\"pt-BR\",\"@id\":\"https:\/\/www.manaus.am.gov.br\/semtepi\/#\/schema\/logo\/image\/\",\"url\":\"https:\/\/www.manaus.am.gov.br\/semtepi\/wp-content\/uploads\/sites\/20\/2024\/07\/favicon.png\",\"contentUrl\":\"https:\/\/www.manaus.am.gov.br\/semtepi\/wp-content\/uploads\/sites\/20\/2024\/07\/favicon.png\",\"width\":300,\"height\":300,\"caption\":\"Prefeitura Municipal de Manaus\"},\"image\":{\"@id\":\"https:\/\/www.manaus.am.gov.br\/semtepi\/#\/schema\/logo\/image\/\"}}]}<\/script>\n<!-- \/ Yoast SEO plugin. -->","yoast_head_json":{"title":"EDITAIS 2018 - SEMTEPI","robots":{"index":"noindex","follow":"follow"},"og_locale":"pt_BR","og_type":"article","og_title":"EDITAIS 2018 - SEMTEPI","og_url":"https:\/\/www.manaus.am.gov.br\/semtepi\/editais-2018\/","og_site_name":"SEMTEPI","article_modified_time":"2023-04-24T17:58:06+00:00","og_image":[{"width":966,"height":520,"url":"https:\/\/www.manaus.am.gov.br\/semtepi\/wp-content\/uploads\/sites\/20\/2024\/07\/thumb-default-2.png","type":"image\/png"}],"twitter_card":"summary_large_image","twitter_misc":{"Est. reading time":"4 minutos"},"schema":{"@context":"https:\/\/schema.org","@graph":[{"@type":"WebPage","@id":"https:\/\/www.manaus.am.gov.br\/semtepi\/editais-2018\/","url":"https:\/\/www.manaus.am.gov.br\/semtepi\/editais-2018\/","name":"EDITAIS 2018 - SEMTEPI","isPartOf":{"@id":"https:\/\/www.manaus.am.gov.br\/semtepi\/#website"},"datePublished":"2023-04-20T21:25:31+00:00","dateModified":"2023-04-24T17:58:06+00:00","breadcrumb":{"@id":"https:\/\/www.manaus.am.gov.br\/semtepi\/editais-2018\/#breadcrumb"},"inLanguage":"pt-BR","potentialAction":[{"@type":"ReadAction","target":["https:\/\/www.manaus.am.gov.br\/semtepi\/editais-2018\/"]}]},{"@type":"BreadcrumbList","@id":"https:\/\/www.manaus.am.gov.br\/semtepi\/editais-2018\/#breadcrumb","itemListElement":[{"@type":"ListItem","position":1,"name":"Home","item":"https:\/\/www.manaus.am.gov.br\/semtepi\/"},{"@type":"ListItem","position":2,"name":"EDITAIS 2018"}]},{"@type":"WebSite","@id":"https:\/\/www.manaus.am.gov.br\/semtepi\/#website","url":"https:\/\/www.manaus.am.gov.br\/semtepi\/","name":"SEMTEPI","description":"Prefeitura de Manaus","publisher":{"@id":"https:\/\/www.manaus.am.gov.br\/semtepi\/#organization"},"alternateName":"Secretaria Municipal do Trabalho, Empreendedorismo e Inova\u00e7\u00e3o","potentialAction":[{"@type":"SearchAction","target":{"@type":"EntryPoint","urlTemplate":"https:\/\/www.manaus.am.gov.br\/semtepi\/?s={search_term_string}"},"query-input":"required name=search_term_string"}],"inLanguage":"pt-BR"},{"@type":"Organization","@id":"https:\/\/www.manaus.am.gov.br\/semtepi\/#organization","name":"Prefeitura Municipal de Manaus","alternateName":"Prefeitura de Manaus","url":"https:\/\/www.manaus.am.gov.br\/semtepi\/","logo":{"@type":"ImageObject","inLanguage":"pt-BR","@id":"https:\/\/www.manaus.am.gov.br\/semtepi\/#\/schema\/logo\/image\/","url":"https:\/\/www.manaus.am.gov.br\/semtepi\/wp-content\/uploads\/sites\/20\/2024\/07\/favicon.png","contentUrl":"https:\/\/www.manaus.am.gov.br\/semtepi\/wp-content\/uploads\/sites\/20\/2024\/07\/favicon.png","width":300,"height":300,"caption":"Prefeitura Municipal de Manaus"},"image":{"@id":"https:\/\/www.manaus.am.gov.br\/semtepi\/#\/schema\/logo\/image\/"}}]}},"_links":{"self":[{"href":"https:\/\/www.manaus.am.gov.br\/semtepi\/wp-json\/wp\/v2\/pages\/778"}],"collection":[{"href":"https:\/\/www.manaus.am.gov.br\/semtepi\/wp-json\/wp\/v2\/pages"}],"about":[{"href":"https:\/\/www.manaus.am.gov.br\/semtepi\/wp-json\/wp\/v2\/types\/page"}],"author":[{"embeddable":true,"href":"https:\/\/www.manaus.am.gov.br\/semtepi\/wp-json\/wp\/v2\/users\/27"}],"replies":[{"embeddable":true,"href":"https:\/\/www.manaus.am.gov.br\/semtepi\/wp-json\/wp\/v2\/comments?post=778"}],"version-history":[{"count":6,"href":"https:\/\/www.manaus.am.gov.br\/semtepi\/wp-json\/wp\/v2\/pages\/778\/revisions"}],"predecessor-version":[{"id":1531,"href":"https:\/\/www.manaus.am.gov.br\/semtepi\/wp-json\/wp\/v2\/pages\/778\/revisions\/1531"}],"wp:attachment":[{"href":"https:\/\/www.manaus.am.gov.br\/semtepi\/wp-json\/wp\/v2\/media?parent=778"}],"curies":[{"name":"wp","href":"https:\/\/api.w.org\/{rel}","templated":true}]}}