{"id":6612,"date":"2025-07-14T16:31:37","date_gmt":"2025-07-14T20:31:37","guid":{"rendered":"https:\/\/www.manaus.am.gov.br\/semtepi\/?page_id=6612"},"modified":"2026-01-20T11:25:26","modified_gmt":"2026-01-20T15:25:26","slug":"2025-2","status":"publish","type":"page","link":"https:\/\/www.manaus.am.gov.br\/semtepi\/parcerias\/2025-2\/","title":{"rendered":"2025"},"content":{"rendered":"\n<p><strong>Termo de Fomento n\u00ba 001\/2025 &#8211; SEMTEPI<\/strong><br><strong>Data de assinatura:<\/strong>&nbsp;28\/07\/2025<br><strong>OSC: <\/strong>INSPETORIA SALESIANA MISSION\u00c1RIA DA AMAZ\u00d4NIA- PR\u00d3 MENOR DOM-BOSCO<\/p>\n\n\n\n<p><strong>CNPJ:<\/strong>&nbsp;04.373.163\/0081-55<br><strong>Objeto:&nbsp;O presente termo de Fomento, decorrente da Emenda Parlamentar n\u00ba 109\/2024, da Lei Or\u00e7ament\u00e1ria Anual &#8211; LOA 2025, de autoria do Vereador Marcelo Serafim, tem por objeto o repasse de recurso financeiro destinado a OSC precitada, para a realiza\u00e7\u00e3o do projeto PROJETO JOVEM EM MOVIMENTO, tudo na forma do Plano de Trabalho apresentado pela Organiza\u00e7\u00e3o da Sociedade Civil<\/strong>.<\/p>\n\n\n\n<p><strong>Valor da Parceria:&nbsp;<\/strong>R$ 75.000,00 (setenta e cinco mil reais)<br><strong>Data prevista para apresenta\u00e7\u00e3o da presta\u00e7\u00e3o de contas<\/strong>: at\u00e9 12\/05\/2026<\/p>\n\n\n\n<p><strong>Processo SIGED:<\/strong>&nbsp;2025.14000.14012.0.00090.<\/p>\n\n\n\n<p><strong>Termo de Fomento n\u00ba 001-2025 -Semtepi \u2013 Plano de Trabalho<\/strong><\/p>\n\n\n\n<p><a href=\"https:\/\/www.manaus.am.gov.br\/semtepi\/wp-content\/uploads\/sites\/20\/2025\/08\/TF-001-2025-SEMTEPI-PLANO-DE-TRABALHO-SALESIANA.pdf\"><strong>TF 001 &#8211; 2025 &#8211; SEMTEPI &#8211; PLANO DE TRABALHO &#8211; SALESIANA<\/strong><\/a><\/p>\n\n\n\n<p><\/p>\n\n\n\n<p><strong>Termo de Fomento n\u00ba 002\/2025 \u2013 SEMTEPI<\/strong><br><strong>Data de assinatura:<\/strong>&nbsp;03\/07\/2025<br><strong>OSC: ORGANIZA\u00c7\u00c3O N\u00c3O GOVERNAMENTAL- AMAZONAS SEMPRE VIVO-ASV <\/strong><strong><\/strong><\/p>\n\n\n\n<p><strong>CNPJ:<\/strong>&nbsp;10.266.604\/0001-38<br><strong>Objeto:&nbsp;O presente Termo de Fomento, decorrente da Emenda Parlamentar n\u00ba 235\/2024, da Lei Or\u00e7ament\u00e1ria Anual &#8211; LOA 2025, de autoria do Vereador Mitoso, tem por objeto o repasse de recurso financeiro destinado a OSC precitada, para a realiza\u00e7\u00e3o do projeto RENOVA VIDAS, tudo na forma do Plano de Trabalho apresentado pela Organiza\u00e7\u00e3o da Sociedade Civil<\/strong>.<\/p>\n\n\n\n<p><strong>Valor da Parceria:&nbsp;<\/strong>R$ 215.000,00 (duzentos e quinze mil reais)<br><strong>Data prevista para apresenta\u00e7\u00e3o da presta\u00e7\u00e3o de contas<\/strong>: at\u00e9 05\/03\/2026<\/p>\n\n\n\n<p><strong>Processo SIGED:<\/strong>&nbsp;2025.14000.14012.0.000090.<\/p>\n\n\n\n<p><strong><a href=\"https:\/\/www.manaus.am.gov.br\/semtepi\/wp-content\/uploads\/sites\/20\/2025\/08\/TF-002-2025-SEMTEPI-PLANO-DE-TRABALHO-AMAZONAS-SEMPRE-VIVO.pdf\">TF 002 &#8211; 2025 &#8211; SEMTEPI &#8211; PLANO DE TRABALHO &#8211; AMAZONAS SEMPRE VIVO<\/a><\/strong><\/p>\n\n\n\n<p><\/p>\n\n\n\n<p><strong>Termo de Fomento n\u00ba 005\/2025 \u2013 SEMTEPI<\/strong><br><strong>Data de assinatura:<\/strong>&nbsp;28\/07\/2025<br><strong>OSC: INSTITUTO ILUMINAR<\/strong><strong><\/strong><\/p>\n\n\n\n<p><strong>CNPJ:<\/strong>&nbsp;09.079.650\/0001-49<br><strong>Objeto:&nbsp;O presente termo de Fomento, decorrente da Emenda Parlamentar n\u00ba 051 \/2024, da Lei Or\u00e7ament\u00e1ria Anual &#8211; LOA 2025, de autoria do Vereador Fransu\u00e1, tem por objeto o repasse de recurso financeiro destinado a OSC precitada, para a realiza\u00e7\u00e3o do projeto CAPACITAR PARA EMPREENDER, tudo na forma do Plano de Trabalho apresentado pela Organiza\u00e7\u00e3o da Sociedade Civil. <\/strong><strong><\/strong><\/p>\n\n\n\n<p><strong>Valor da Parceria:&nbsp;<\/strong>R$ 1.115.000,00 (um milh\u00e3o, cento e quinze mil reais)<br><strong>Data prevista para apresenta\u00e7\u00e3o da presta\u00e7\u00e3o de contas<\/strong>: at\u00e9 17\/07\/2026<\/p>\n\n\n\n<p><strong>Processo SIGED:<\/strong>&nbsp;2025.14000.14012.0.000107.<\/p>\n\n\n\n<p><strong>Termo de Fomento n\u00ba 005-2025 -Semtepi \u2013 Plano de Trabalho<\/strong><\/p>\n\n\n\n<p><a href=\"https:\/\/www.manaus.am.gov.br\/semtepi\/wp-content\/uploads\/sites\/20\/2025\/08\/TF-005-2025-PLANO-DE-TRABALHO-ILUMINAR.pdf\"><strong>TF 005-2025-PLANO DE TRABALHO- ILUMINAR<\/strong><\/a><\/p>\n\n\n\n<p><\/p>\n\n\n\n<p><strong>Termo de Fomento n\u00ba 001\/2025 \u2013 FUMIPEQ\/SEMTEPI<\/strong><br><strong>Data de assinatura:<\/strong>&nbsp;02\/07\/2025<br><strong>OSC: SINDICATO DAS INDUSTRIAS DE PANIFICA\u00c7\u00c3O E CONFEITARIA DO AMAZONAS \u2013 SINDPAM<\/strong><\/p>\n\n\n\n<p><strong>CNPJ:<\/strong>&nbsp;04.183.661\/0001-50<br><strong>Objeto:&nbsp;<\/strong><strong>O presente termo de Fomento, decorrente da Emenda <\/strong>Parlamentar n\u00ba 166\/2024, da Lei Or\u00e7ament\u00e1ria Anual &#8211; LOA 2025, de autoria do Vereador Rodrigo Guedes, tem por objeto o repasse de recurso financeiro destinado a OSC precitada, para a realiza\u00e7\u00e3o da Semana da Panifica\u00e7\u00e3o e Confeitaria do Amazonas, tudo na forma do Plano de Trabalho apresentado pela Organiza\u00e7\u00e3o da Sociedade Civil.<\/p>\n\n\n\n<p><strong>Valor da Parceria:&nbsp;<\/strong>R$ 50.000,00 (cinquenta mil reais)<br><strong>Data prevista para apresenta\u00e7\u00e3o da presta\u00e7\u00e3o de contas<\/strong>: at\u00e9 07\/01\/2026<\/p>\n\n\n\n<p><strong>Processo SIGED:<\/strong>&nbsp;2025.14000.14012.0.000136.<\/p>\n\n\n\n<p><strong><a href=\"https:\/\/www.manaus.am.gov.br\/semtepi\/wp-content\/uploads\/sites\/20\/2025\/07\/PLANO-DE-TRABALHO-TF-01-2025-SEMTEPI.pdf\">Termo de Fomento n\u00ba 001-2025 Fumipeq-Semtepi \u2013 Plano de Trabalho<\/a><\/strong><\/p>\n\n\n\n<p><\/p>\n\n\n\n<p><strong>Termo de Fomento n\u00ba 003\/2025 \u2013 SEMTEPI<\/strong><br><strong>Data de assinatura:<\/strong>&nbsp;28\/07\/2025<br><strong>OSC: INSTITUTO SILVERIO DE ALMEIDA TUNDIS \u2013 ISAT <\/strong><strong><\/strong><\/p>\n\n\n\n<p><strong>CNPJ:<\/strong>&nbsp;07.566.118\/0001-20<br><strong>Objeto:&nbsp;O presente termo de Fomento, decorrente da Emenda Parlamentar n\u00ba 080\/2024, da Lei Or\u00e7ament\u00e1ria Anual &#8211; LOA 2025, de autoria do Vereador Diego Afonso, tem por objeto o repasse de recurso financeiro destinado a OSC precitada, para a realiza\u00e7\u00e3o do projeto COSTURANDO BEM-ESTAR: Criatividade e Conex\u00e3o para a Sa\u00fade Mental, tudo na forma do Plano de Trabalho apresentado pela Organiza\u00e7\u00e3o da Sociedade Civil. <\/strong><strong><\/strong><\/p>\n\n\n\n<p><strong>Valor da Parceria:&nbsp;<\/strong>R$ 120.000,00 (cento e vinte mil reais)<br><strong>Data prevista para apresenta\u00e7\u00e3o da presta\u00e7\u00e3o de contas<\/strong>: at\u00e9 15\/08\/2026<\/p>\n\n\n\n<p><strong>Processo SIGED:<\/strong>&nbsp;2025.14000.14012.0.000109.<\/p>\n\n\n\n<p><strong><a href=\"https:\/\/www.manaus.am.gov.br\/semtepi\/wp-content\/uploads\/sites\/20\/2025\/10\/TF-003-2025-PLANO-DE-TRABALHO.pdf\">Termo de Fomento n\u00ba 003-2025 -Semtepi \u2013 Plano de Trabalho<\/a><\/strong><\/p>\n\n\n\n<p><\/p>\n\n\n\n<p><strong>Termo de Fomento n\u00ba 006\/2025 \u2013 SEMTEPI<\/strong><br><strong>Data de assinatura:<\/strong>&nbsp;19\/08\/2025<br><strong>OSC: NSTITUTO CENTRAL DAS ENTIDADES ASSOCIATIVAS DO BRASIL &#8211; ICEAB<\/strong><strong><\/strong><\/p>\n\n\n\n<p><strong>CNPJ:<\/strong>&nbsp;48.835.567\/0001-04<br><strong>Objeto:&nbsp;O presente termo de Fomento, decorrente da Emenda Parlamentar n\u00ba 071\/2024, da Lei Or\u00e7ament\u00e1ria Anual &#8211; LOA 2025, de autoria do Vereador Jo\u00e3o Carlos, tem por objeto o repasse de recurso financeiro destinado a OSC precitada, para a realiza\u00e7\u00e3o PROJETO SOCIAL CAPACITA MAIS, tudo na forma do Plano de Trabalho apresentado pela Organiza\u00e7\u00e3o da Sociedade Civil.<\/strong><strong><\/strong><\/p>\n\n\n\n<p><strong>Valor da Parceria:&nbsp;<\/strong>R$ 165.000,00 (cento e sessenta mil reais)<br><strong>Data prevista para apresenta\u00e7\u00e3o da presta\u00e7\u00e3o de contas<\/strong>: at\u00e9 30\/05\/2026<\/p>\n\n\n\n<p><strong>Processo SIGED:<\/strong>&nbsp;2025.14000.14012.0.000127.<\/p>\n\n\n\n<p><strong><a href=\"https:\/\/www.manaus.am.gov.br\/semtepi\/wp-content\/uploads\/sites\/20\/2025\/10\/TF-006-2025-PLANO-DE-TRABALHO.pdf\">Termo de Fomento n\u00ba 006-2025 -Semtepi \u2013 Plano de Trabalho<\/a><\/strong><\/p>\n\n\n\n<p><\/p>\n\n\n\n<p><strong>Termo de Fomento n\u00ba 007\/2025 \u2013 SEMTEPI<\/strong><br><strong>Data de assinatura:<\/strong>&nbsp;29\/08\/2025<br><strong>OSC: INSTITUTO SABER <\/strong><strong><\/strong><\/p>\n\n\n\n<p><strong>CNPJ:<\/strong>&nbsp;29.047.117\/0001-02<br><strong>Objeto:&nbsp;presente termo de Fomento, decorrente da Emenda Parlamentar n\u00ba 037\/2024, da Lei Or\u00e7ament\u00e1ria Anual &#8211; LOA 2025, de autoria do Vereador Jaildo Oliveira, tem por objeto o repasse de recurso financeiro destinado a OSC precitada, para a realiza\u00e7\u00e3o do projeto QUALIFICA MANAUS, UM DESAFIO DE QUALIDADE, tudo na forma do Plano de Trabalho apresentado pela Organiza\u00e7\u00e3o da Sociedade Civil.<\/strong><strong><\/strong><\/p>\n\n\n\n<p><strong>Valor da Parceria:&nbsp;<\/strong>R$ R$ 400.000,00 (quatrocentos mil reais)<\/p>\n\n\n\n<p><strong>Data prevista para apresenta\u00e7\u00e3o da presta\u00e7\u00e3o de contas<\/strong>: at\u00e9 19\/01\/2026<\/p>\n\n\n\n<p><strong>Processo SIGED:<\/strong>&nbsp;2025.14000.14012.0.000135.<\/p>\n\n\n\n<p><strong><a href=\"https:\/\/www.manaus.am.gov.br\/semtepi\/wp-content\/uploads\/sites\/20\/2025\/11\/PLANO-DE-TRABALHO-TF-007-2025.pdf\">Termo de Fomento n\u00ba 007-2025 -Semtepi \u2013 Plano de Trabalho<\/a><\/strong><\/p>\n\n\n\n<p><\/p>\n\n\n\n<p><strong>Termo de Fomento n\u00ba 009\/2025 \u2013 SEMTEPI<\/strong><br><strong>Data de assinatura:<\/strong>&nbsp;29\/08\/2025<br><strong>OSC: INSTITUTO SOCIAL ACOLHIMENTO SOLID\u00c1RIO0020<\/strong><strong><\/strong><\/p>\n\n\n\n<p><strong>CNPJ:<\/strong>&nbsp;13.381.318\/0001-01<br><strong>Objeto:&nbsp;O presente termo de Fomento, decorre da Emenda Parlamentar n\u00ba 035\/2024, da Lei Or\u00e7ament\u00e1ria Anual &#8211; LOA 2025, de autoria do Vereador Jaildo Oliveira, CUJO objeto \u00e9 o repasse de recurso financeiro destinado a OSC precitada, para a realiza\u00e7\u00e3o do projeto &#8220;Aprender a empreender: cursos de qualifica\u00e7\u00e3o profissional&#8221;, ludo na forma do Plano de Trabalho apresentado pela Organiza\u00e7\u00e3o da Sociedade Civil. <\/strong><strong><\/strong><\/p>\n\n\n\n<p><strong>Valor da Parceria:&nbsp;<\/strong>R$ R$ 200.000,00 (duzentos mil reais)<\/p>\n\n\n\n<p><strong>Data prevista para apresenta\u00e7\u00e3o da presta\u00e7\u00e3o de contas<\/strong>: at\u00e9 01\/02\/2026<\/p>\n\n\n\n<p><strong>Processo SIGED:<\/strong>&nbsp;2025.14000.14012.0.000125.<\/p>\n\n\n\n<p><strong><a href=\"https:\/\/www.manaus.am.gov.br\/semtepi\/wp-content\/uploads\/sites\/20\/2025\/11\/PLANO-DE-TRABALHO-TF-009-2025.pdf\">Termo de Fomento n\u00ba 009-2025 -Semtepi \u2013 Plano de Trabalho<\/a><\/strong><\/p>\n\n\n\n<p><\/p>\n\n\n\n<p><strong>Termo de Fomento n\u00ba 010\/2025 \u2013 SEMTEPI<\/strong><br><strong>Data de assinatura:<\/strong>&nbsp;22\/09\/2025<br><strong>OSC: <\/strong>ASSOCIA\u00c7\u00c3O AMAZONENSE DOS PROFISSIONAIS DA CULTURA E ARTE CRIST\u00c3<strong><\/strong><\/p>\n\n\n\n<p><strong>CNPJ:<\/strong>&nbsp;33.170.312\/0001-00<\/p>\n\n\n\n<p><strong>Objeto:&nbsp;O presente termo de Fomento, decorre da Emenda Parlamentar n\u00ba 070\/2024, da Lei Or\u00e7ament\u00e1ria Anual &#8211; LOA 2025, autoria do Vereador Jo\u00e3o Carlos, cujo objeto \u00e9 o repasse de recurso financeiro destinado a OSC precitada, para a realiza\u00e7\u00e3o do projeto &#8220;Crescer na Comunidade &#8211; percurso formativo &#8211; a\u00e7\u00f5es continuadas&#8221;, tudo na forma do Plano de Trabalho apresentado pela Organiza\u00e7\u00e3o da Sociedade Civil. <\/strong><strong><\/strong><\/p>\n\n\n\n<p><strong>Valor da Parceria:&nbsp;<\/strong>R$ R$ 245.000,00 (duzentos e quarenta e cinco mil reais)<\/p>\n\n\n\n<p><strong>Data prevista para apresenta\u00e7\u00e3o da presta\u00e7\u00e3o de contas<\/strong>: at\u00e9 19\/11\/2026<\/p>\n\n\n\n<p><strong>Processo SIGED:<\/strong>&nbsp;2025.14000.14012.0.000129.<\/p>\n\n\n\n<p><strong><a href=\"https:\/\/www.manaus.am.gov.br\/semtepi\/wp-content\/uploads\/sites\/20\/2025\/11\/PLANO-DE-TRABLHO-TF-010-2025.pdf\">Termo de Fomento n\u00ba 010-2025 -Semtepi \u2013 Plano de Trabalho<\/a><\/strong><\/p>\n\n\n\n<p><\/p>\n\n\n\n<p><strong>Termo de Fomento n\u00ba 011\/2025 \u2013 SEMTEPI<\/strong><br><strong>Data de assinatura:<\/strong>&nbsp;01\/10\/2025<br><strong>OSC: <\/strong>ASSOCIA\u00c7\u00c3O BRASILEIRA DE BARES E RESTAURANTES<br>SECCIONAL NO AMAZONAS.<strong><\/strong><\/p>\n\n\n\n<p><strong>CNPJ:<\/strong>&nbsp;03.586.272\/0001-03<\/p>\n\n\n\n<p><strong>Objeto:&nbsp;<\/strong>O presente Termo de Fomento tem como objetivo o repasse de recursos financeiros destinados \u00e0 realiza\u00e7\u00e3o da 6\u00aa Feira Internacional de Gastronomia Amaz\u00f4nia \u2013 FIGA\/2025, que ocorrer\u00e1 entre os dias 03 e 05 de outubro de 2025, no Centro de Conven\u00e7\u00f5es Vasques Vasco. A execu\u00e7\u00e3o do evento seguir\u00e1 o Plano de Trabalho apresentado pela Organiza\u00e7\u00e3o da Sociedade Civil.<strong><\/strong><\/p>\n\n\n\n<p><strong>Valor da Parceria:&nbsp;<\/strong>R$ R$ 120.000,00 (cento e vinte mil reais)<\/p>\n\n\n\n<p><strong>Data prevista para apresenta\u00e7\u00e3o da presta\u00e7\u00e3o de contas<\/strong>: at\u00e9 29\/12\/2025<\/p>\n\n\n\n<p><strong>Processo SIGED:<\/strong>&nbsp;2025.14000.14012.0.000182.<\/p>\n\n\n\n<p><strong><a href=\"https:\/\/www.manaus.am.gov.br\/semtepi\/wp-content\/uploads\/sites\/20\/2025\/11\/PLANO-DE-TRABALHO-TF-011-2025.pdf\">Termo de Fomento n\u00ba 011-2025 -Semtepi \u2013 Plano de Trabalho<\/a><\/strong><\/p>\n\n\n\n<p><\/p>\n\n\n\n<p><strong>Termo de Fomento n\u00ba 004\/2025 \u2013 SEMTEPI<\/strong><br><strong>Data de assinatura:<\/strong>&nbsp;28\/07\/2025<br><strong>OSC: <\/strong><strong>ASSOCIA\u00c7\u00c3O BENEFICENTE AMIGOS DE VERDADE-ABAV <\/strong><strong><\/strong><\/p>\n\n\n\n<p><strong>CNPJ:<\/strong>&nbsp;21.473.595\/0001-72<br><strong>Objeto:&nbsp;<\/strong><strong>O presente termo de Fomento, decorrente da Emenda Parlamentar n\u00ba 031\/2024, da Lei Or\u00e7ament\u00e1ria Anual &#8211; LOA 2025, de autoria do Vereador Raiff Matos, tem por objeto o repasse de recurso financeiro destinado a OSC precitada, para a realiza\u00e7\u00e3o do projeto QUALIFICANDO PARA O PROGRESSO, tudo na forma do Plano de Trabalho apresentado pela Organiza\u00e7\u00e3o da Sociedade Civil. <\/strong><strong><\/strong><\/p>\n\n\n\n<p><strong>Valor da Parceria:&nbsp;<\/strong>R$ 400.000,00 (quatrocentos mil reais)<br><strong>Data prevista para apresenta\u00e7\u00e3o da presta\u00e7\u00e3o de contas<\/strong>: at\u00e9 31\/12\/2026<\/p>\n\n\n\n<p><strong>Processo SIGED:<\/strong>&nbsp;2025.14000.14012.0.000123.<\/p>\n\n\n\n<p><strong><a href=\"https:\/\/www.manaus.am.gov.br\/semtepi\/wp-content\/uploads\/sites\/20\/2026\/01\/PLANO-DE-TRABALHO-TF-04-2025-ABAV.pdf\">Termo de Fomento n\u00ba 004-2025 -Semtepi \u2013 Plano de Trabalho<\/a><\/strong><\/p>\n\n\n\n<p><\/p>\n\n\n\n<p><strong>Termo de Fomento n\u00ba 012\/2025 \u2013 SEMTEPI<\/strong><br><strong>Data de assinatura:<\/strong>&nbsp;15\/10\/2025<br><strong>OSC: <\/strong><strong>ASSOCIA\u00c7\u00c3O MISSION\u00c1RIA AMIGOS DO PEITO &#8211; AMAP.<\/strong><strong><\/strong><\/p>\n\n\n\n<p><strong>CNPJ:<\/strong>&nbsp;48.835.567\/001-04<br><strong>Objeto:&nbsp;<\/strong><strong>O presente lermo de Fomento, decorrente da Emenda Parlamentar n\u00ba 141\/2024, da Lei Or\u00e7ament\u00e1ria Anual &#8211; LOA 2025, de autoria do Vereador Joelson Silva tem por objeto o repasse de recurso financeiro destinado a OSC precitada, para a realiza\u00e7\u00e3o do projeto CAPACITAR MANAUS li, ludo na forma do Plano de Trabalho apresentado pela Organiza\u00e7\u00e3o da Sociedade Civil. <\/strong><strong><\/strong><\/p>\n\n\n\n<p><strong>Valor da Parceria:&nbsp;<\/strong>R$ 100.000,00 (cento e sessenta mil reais)<br><strong>Data prevista para apresenta\u00e7\u00e3o da presta\u00e7\u00e3o de contas<\/strong>: at\u00e9 13\/05\/2026<\/p>\n\n\n\n<p><strong>Processo SIGED:<\/strong>&nbsp;2025.14000.14012.0.000126.<\/p>\n\n\n\n<p><strong><a href=\"https:\/\/www.manaus.am.gov.br\/semtepi\/wp-content\/uploads\/sites\/20\/2026\/01\/PLANO-DE-TRABALHO-TF-12-2025-AMAP.pdf\">Termo de Fomento n\u00ba 012-2025 -Semtepi \u2013 Plano de Trabalho<\/a><\/strong><\/p>\n\n\n\n<p><\/p>\n\n\n\n<p><strong>Termo de Fomento n\u00ba 014\/2025 \u2013 SEMTEPI<\/strong><br><strong>Data de assinatura:<\/strong>&nbsp;21\/10\/2025<br><strong>OSC: <\/strong><strong>INSTITUTO NOSSA COMUNIDADE ATIVA &#8211; INCA.<\/strong><strong><\/strong><\/p>\n\n\n\n<p><strong>CNPJ:<\/strong>&nbsp;47.606.165\/001-81<br><strong>Objeto:&nbsp;<\/strong><strong>O presente termo de Fomento, decorrente da Emenda Parlamentar n\u00ba 22012024, da Lei Or\u00e7ament\u00e1ria Anual &#8211; LOA 2025, de autoria do Vereador Professor Samuel, tem por objeto o repasse de recurso financeiro destinado a OSC precitada, para a realiza\u00e7\u00e3o do projeto NOSSA COMUNIDADE EMPREENDEDORA, tudo na forma do Plano de Trabalho apresentado pela Organiza\u00e7\u00e3o da Sociedade Civil.<\/strong><strong><\/strong><\/p>\n\n\n\n<p><strong>Valor da Parceria:&nbsp;<\/strong>R$ 50.000,00 (cinquenta mil reais)<br><strong>Data prevista para apresenta\u00e7\u00e3o da presta\u00e7\u00e3o de contas<\/strong>: at\u00e9 14\/05\/2026<\/p>\n\n\n\n<p><strong>Processo SIGED:<\/strong>&nbsp;2025.14000.14012.0.000137.<\/p>\n\n\n\n<p><strong><a href=\"https:\/\/www.manaus.am.gov.br\/semtepi\/wp-content\/uploads\/sites\/20\/2026\/01\/PLANO-DE-TRABALHO-TF-014-2025-INCA.pdf\">Termo de Fomento n\u00ba 014-2025 -Semtepi \u2013 Plano de Trabalho<\/a><\/strong><\/p>\n\n\n\n<p><\/p>\n\n\n\n<p><strong>Termo de Fomento n\u00ba 015\/2025 \u2013 SEMTEPI<\/strong><br><strong>Data de assinatura:<\/strong>&nbsp;30\/10\/2025<br><strong>OSC: <\/strong><strong>INSTITUTO MUSICAL VILA DA BARRA &#8211; IMVB.<\/strong><strong><\/strong><\/p>\n\n\n\n<p><strong>CNPJ:<\/strong>&nbsp;47.606.165\/001-81<br><strong>Objeto:&nbsp;<\/strong><strong>O presente termo de Fomento, decorrente da Emenda Parlamentar n\u00ba 040\/2024, da Lei Or\u00e7ament\u00e1ria Anual -LOA 2025, de autoria do Vereador Jaildo Oliveira, tem por objeto o repasse de recurso financeiro destinado a OSC precitada, para a realiza\u00e7\u00e3o do projeto CRESCER E EMPREENDER, ludo na forma do Plano de Trabalho apresentado pela Organiza\u00e7\u00e3o da Sociedade Civil<\/strong>.<\/p>\n\n\n\n<p><strong>Valor da Parceria:&nbsp;<\/strong>R$ 350.000,00 (trezentos e cinquenta mil reais)<br><strong>Data prevista para apresenta\u00e7\u00e3o da presta\u00e7\u00e3o de contas<\/strong>: at\u00e9 16\/06\/2026<\/p>\n\n\n\n<p><strong>Processo SIGED:<\/strong>&nbsp;2025.14000.14012.0.000128.<\/p>\n\n\n\n<p><strong><a href=\"https:\/\/www.manaus.am.gov.br\/semtepi\/wp-content\/uploads\/sites\/20\/2026\/01\/PLANO-DE-TRABALHO-TF-015-2025.pdf\">Termo de Fomento n\u00ba 015-2025 -Semtepi \u2013 Plano de Trabalho<\/a><\/strong><\/p>\n\n\n\n<p><\/p>\n\n\n\n<p><strong>Termo de Fomento n\u00ba 016\/2025 \u2013 SEMTEPI<\/strong><br><strong>Data de assinatura:<\/strong>&nbsp;07\/11\/2025<br><strong>OSC: <\/strong><strong>ASSOCIA\u00c7\u00c3O AMAZONENSE DOS PROFISSIONAIS DA CULTURA E ARTE CRIST\u00c3<\/strong><strong><\/strong><\/p>\n\n\n\n<p><strong>CNPJ:<\/strong>&nbsp;33.170.312\/0001-00<\/p>\n\n\n\n<p><strong>Objeto:&nbsp;<\/strong><strong>O presente termo de Fomento, decorrente da Emenda Parlamentar n\u00ba 143\/2024, da Lei Or\u00e7ament\u00e1ria Anual &#8211; LOA 2025, de autoria do Vereador Joelson Silva, tem por objeto o repasse de recurso financeiro destinado a OSC precitada, para a realiza\u00e7\u00e3o do proJeto SOM E NEG\u00d3CIO &#8211; PROGRAMA DE FORMA\u00c7\u00c3O EM M\u00daSICA E EMPREENDEDORISMO CULTURAL, tudo na forma do Plarno de Trabalho apresentado pela Organiza\u00e7\u00e3o da Sociedade Civil.<\/strong><\/p>\n\n\n\n<p><strong>Valor da Parceria:&nbsp;<\/strong>R$ 80.000,00 (oitenta mil reais)<br><strong>Data prevista para apresenta\u00e7\u00e3o da presta\u00e7\u00e3o de contas<\/strong>: at\u00e9 20\/11\/2026<\/p>\n\n\n\n<p><strong>Processo SIGED:<\/strong>&nbsp;2025.14000.14012.0.000130.<\/p>\n\n\n\n<p><strong><a href=\"https:\/\/www.manaus.am.gov.br\/semtepi\/wp-content\/uploads\/sites\/20\/2026\/01\/PLANO-DE-TRABALHO-TF-016-2025-MOV-POR-CRISTO.pdf\">Termo de Fomento n\u00ba 016-2025 -Semtepi \u2013 Plano de Trabalho<\/a><\/strong><\/p>\n\n\n\n<p><\/p>\n\n\n\n<p><strong>Termo de Fomento n\u00ba 002\/2025 \u2013 FUMIPEQ\/SEMTEPI<\/strong><br><strong>Data de assinatura:<\/strong>&nbsp;30\/10\/2025<br><strong>OSC: <\/strong><strong>ASSOCIA\u00c7\u00c3O DESPORTIVA E CULTURAL PIORINI -ADCT.<\/strong><strong><\/strong><\/p>\n\n\n\n<p><strong>CNPJ:<\/strong>&nbsp;19.398.005\/0001-42<\/p>\n\n\n\n<p><strong>Objeto:&nbsp;<\/strong><strong>O presente termo de Fomento, decorrente da Emenda Parlamentar n\u00ba 143\/2024, da Lei Or\u00e7ament\u00e1ria Anual &#8211; LOA 2025, de autoria do Vereador Joelson Silva, tem por objeto o repasse de recurso financeiro destinado a OSC precitada, para a realiza\u00e7\u00e3o do proJeto SOM E NEG\u00d3CIO &#8211; PROGRAMA DE FORMA\u00c7\u00c3O EM M\u00daSICA E EMPREENDEDORISMO CULTURAL, tudo na forma do Plarno de Trabalho apresentado pela Organiza\u00e7\u00e3o da Sociedade Civil.<\/strong><\/p>\n\n\n\n<p><strong>Valor da Parceria:&nbsp;<\/strong>R$ 100.000,00 (cem mil reais)<br><strong>Data prevista para apresenta\u00e7\u00e3o da presta\u00e7\u00e3o de contas<\/strong>: at\u00e9 26\/06\/2026<\/p>\n\n\n\n<p><strong>Processo SIGED:<\/strong>&nbsp;2025.14000.14012.0.000131.<\/p>\n\n\n\n<p><strong><a href=\"https:\/\/www.manaus.am.gov.br\/semtepi\/wp-content\/uploads\/sites\/20\/2026\/01\/PLANO-DE-TRABALHO-TF-02-2025-FUMIPEQ.pdf\">Termo de Fomento n\u00ba 002-2025 -fumipeq \u2013 Plano de Trabalho<\/a><\/strong><\/p>\n\n\n\n<p><\/p>\n\n\n\n<p><strong>Termo de Fomento n\u00ba 003\/2025 \u2013 FUMIPEQ\/SEMTEPI<\/strong><br><strong>Data de assinatura:<\/strong>&nbsp;30\/10\/2025<br><strong>OSC: <\/strong><strong>ASSOCIA\u00c7\u00c3O DESPORTIVA E CULTURAL PIORINI -ADCT.<\/strong><strong><\/strong><\/p>\n\n\n\n<p><strong>CNPJ:<\/strong>&nbsp;19.398.005\/0001-42<\/p>\n\n\n\n<p><strong>Objeto:&nbsp;<\/strong><strong>O presente lermo de Fomento, decorrente da Emenda Parlamentar n\u00ba 178\/2024, da Lei Or\u00e7ament\u00e1ria Anual &#8211; LOA 2025, de autoria do Vereador Rodrigo Guedes, tem por objeto o repasse de recurso financeiro destinado a OSC precitada, para a realiza\u00e7\u00e3o do projeto &#8220;Despertando novos Talentos\u00b7 para mulheres, jovens e adultos em situa\u00e7\u00e3o de vulnerabilidade social e renda, tudo na forma do Plano de Trabalho apresentado pela Organiza\u00e7\u00e3o da Sociedade Civil.<\/strong><\/p>\n\n\n\n<p><strong>Valor da Parceria:&nbsp;<\/strong>R$ 115.000,00 (cento e quinze mil reais)<br><strong>Data prevista para apresenta\u00e7\u00e3o da presta\u00e7\u00e3o de contas<\/strong>: at\u00e9 26\/06\/2026<\/p>\n\n\n\n<p><strong>Processo SIGED:<\/strong>&nbsp;2025.14000.14012.0.000132.<\/p>\n\n\n\n<p><strong><a href=\"https:\/\/www.manaus.am.gov.br\/semtepi\/wp-content\/uploads\/sites\/20\/2026\/01\/PLANO-DE-TRABALHO-TF-03-2025-FUMIPEQ.pdf\">Termo de Fomento n\u00ba 003-2025 -fumipeq \u2013 Plano de Trabalho<\/a><\/strong><\/p>\n\n\n\n<p><\/p>\n\n\n\n<p><strong>Termo de Fomento n\u00ba 004\/2025 \u2013 FUMIPEQ\/SEMTEPI<\/strong><br><strong>Data de assinatura:<\/strong>&nbsp;30\/10\/2025<br><strong>OSC: <\/strong><strong>ASSOCIA\u00c7\u00c3O DESPORTIVA E CULTURAL PIORINI -ADCT.<\/strong><strong><\/strong><\/p>\n\n\n\n<p><strong>CNPJ:<\/strong>&nbsp;19.398.005\/0001-42<\/p>\n\n\n\n<p><strong>Objeto:&nbsp;<\/strong><strong>O presente lermo de Fomento, decorrente da Emenda Parlamentar n\u00ba 216\/2024, da Lei Or\u00e7ament\u00e1ria Anual &#8211; LOA 2025, de autoria do Vereador Professor Samuel, tem por objeto o repasse de <\/strong><strong><\/strong><\/p>\n\n\n\n<p><strong>recurso financeiro destinado a OSC precitada, para a realiza\u00e7\u00e3o do projeto &#8220;Novos Conhecimentos\u00b7 para mulheres, jovens e adultos em situa\u00e7\u00e3o de vulnerabilidade social e renda, tudo na forma do Plano de Trabalho apresentado pela Organiza\u00e7\u00e3o da Sociedade Civil.<\/strong><strong><\/strong><\/p>\n\n\n\n<p><strong>Valor da Parceria:&nbsp;<\/strong>R$ 100.000,00 (cem mil reais)<br><strong>Data prevista para apresenta\u00e7\u00e3o da presta\u00e7\u00e3o de contas<\/strong>: at\u00e9 26\/06\/2026<\/p>\n\n\n\n<p><strong>Processo SIGED:<\/strong>&nbsp;2025.14000.14012.0.000133.<\/p>\n\n\n\n<p><strong><a href=\"https:\/\/www.manaus.am.gov.br\/semtepi\/wp-content\/uploads\/sites\/20\/2026\/01\/PLANO-DE-TRABALHO-TF-04-2025-FUMIPEQ.pdf\">Termo de Fomento n\u00ba 004-2025 -fumipeq \u2013 Plano de Trabalho<\/a><\/strong><\/p>\n\n\n\n<p><\/p>\n","protected":false},"excerpt":{"rendered":"","protected":false},"author":8,"featured_media":0,"parent":360,"menu_order":0,"comment_status":"closed","ping_status":"closed","template":"templates\/turismo.php","meta":{"footnotes":""},"acf":[],"yoast_head":"<!-- This site is optimized with the Yoast SEO plugin v23.0 - https:\/\/yoast.com\/wordpress\/plugins\/seo\/ -->\n<title>2025 - SEMTEPI<\/title>\n<meta name=\"robots\" content=\"noindex, follow\" \/>\n<meta property=\"og:locale\" content=\"pt_BR\" \/>\n<meta property=\"og:type\" content=\"article\" \/>\n<meta property=\"og:title\" content=\"2025 - SEMTEPI\" \/>\n<meta property=\"og:url\" content=\"https:\/\/www.manaus.am.gov.br\/semtepi\/parcerias\/2025-2\/\" \/>\n<meta property=\"og:site_name\" content=\"SEMTEPI\" \/>\n<meta property=\"article:modified_time\" content=\"2026-01-20T15:25:26+00:00\" \/>\n<meta property=\"og:image\" content=\"https:\/\/www.manaus.am.gov.br\/semtepi\/wp-content\/uploads\/sites\/20\/2024\/07\/thumb-default-2.png\" \/>\n\t<meta property=\"og:image:width\" content=\"966\" \/>\n\t<meta property=\"og:image:height\" content=\"520\" \/>\n\t<meta property=\"og:image:type\" content=\"image\/png\" \/>\n<meta name=\"twitter:card\" content=\"summary_large_image\" \/>\n<meta name=\"twitter:label1\" content=\"Est. reading time\" \/>\n\t<meta name=\"twitter:data1\" content=\"12 minutos\" \/>\n<script type=\"application\/ld+json\" class=\"yoast-schema-graph\">{\"@context\":\"https:\/\/schema.org\",\"@graph\":[{\"@type\":\"WebPage\",\"@id\":\"https:\/\/www.manaus.am.gov.br\/semtepi\/parcerias\/2025-2\/\",\"url\":\"https:\/\/www.manaus.am.gov.br\/semtepi\/parcerias\/2025-2\/\",\"name\":\"2025 - SEMTEPI\",\"isPartOf\":{\"@id\":\"https:\/\/www.manaus.am.gov.br\/semtepi\/#website\"},\"datePublished\":\"2025-07-14T20:31:37+00:00\",\"dateModified\":\"2026-01-20T15:25:26+00:00\",\"breadcrumb\":{\"@id\":\"https:\/\/www.manaus.am.gov.br\/semtepi\/parcerias\/2025-2\/#breadcrumb\"},\"inLanguage\":\"pt-BR\",\"potentialAction\":[{\"@type\":\"ReadAction\",\"target\":[\"https:\/\/www.manaus.am.gov.br\/semtepi\/parcerias\/2025-2\/\"]}]},{\"@type\":\"BreadcrumbList\",\"@id\":\"https:\/\/www.manaus.am.gov.br\/semtepi\/parcerias\/2025-2\/#breadcrumb\",\"itemListElement\":[{\"@type\":\"ListItem\",\"position\":1,\"name\":\"Home\",\"item\":\"https:\/\/www.manaus.am.gov.br\/semtepi\/\"},{\"@type\":\"ListItem\",\"position\":2,\"name\":\"Parcerias\",\"item\":\"https:\/\/www.manaus.am.gov.br\/semtepi\/parcerias\/\"},{\"@type\":\"ListItem\",\"position\":3,\"name\":\"2025\"}]},{\"@type\":\"WebSite\",\"@id\":\"https:\/\/www.manaus.am.gov.br\/semtepi\/#website\",\"url\":\"https:\/\/www.manaus.am.gov.br\/semtepi\/\",\"name\":\"SEMTEPI\",\"description\":\"Prefeitura de Manaus\",\"publisher\":{\"@id\":\"https:\/\/www.manaus.am.gov.br\/semtepi\/#organization\"},\"alternateName\":\"Secretaria Municipal do Trabalho, Empreendedorismo e Inova\u00e7\u00e3o\",\"potentialAction\":[{\"@type\":\"SearchAction\",\"target\":{\"@type\":\"EntryPoint\",\"urlTemplate\":\"https:\/\/www.manaus.am.gov.br\/semtepi\/?s={search_term_string}\"},\"query-input\":\"required name=search_term_string\"}],\"inLanguage\":\"pt-BR\"},{\"@type\":\"Organization\",\"@id\":\"https:\/\/www.manaus.am.gov.br\/semtepi\/#organization\",\"name\":\"Prefeitura Municipal de Manaus\",\"alternateName\":\"Prefeitura de Manaus\",\"url\":\"https:\/\/www.manaus.am.gov.br\/semtepi\/\",\"logo\":{\"@type\":\"ImageObject\",\"inLanguage\":\"pt-BR\",\"@id\":\"https:\/\/www.manaus.am.gov.br\/semtepi\/#\/schema\/logo\/image\/\",\"url\":\"https:\/\/www.manaus.am.gov.br\/semtepi\/wp-content\/uploads\/sites\/20\/2024\/07\/favicon.png\",\"contentUrl\":\"https:\/\/www.manaus.am.gov.br\/semtepi\/wp-content\/uploads\/sites\/20\/2024\/07\/favicon.png\",\"width\":300,\"height\":300,\"caption\":\"Prefeitura Municipal de Manaus\"},\"image\":{\"@id\":\"https:\/\/www.manaus.am.gov.br\/semtepi\/#\/schema\/logo\/image\/\"}}]}<\/script>\n<!-- \/ Yoast SEO plugin. -->","yoast_head_json":{"title":"2025 - SEMTEPI","robots":{"index":"noindex","follow":"follow"},"og_locale":"pt_BR","og_type":"article","og_title":"2025 - SEMTEPI","og_url":"https:\/\/www.manaus.am.gov.br\/semtepi\/parcerias\/2025-2\/","og_site_name":"SEMTEPI","article_modified_time":"2026-01-20T15:25:26+00:00","og_image":[{"width":966,"height":520,"url":"https:\/\/www.manaus.am.gov.br\/semtepi\/wp-content\/uploads\/sites\/20\/2024\/07\/thumb-default-2.png","type":"image\/png"}],"twitter_card":"summary_large_image","twitter_misc":{"Est. reading time":"12 minutos"},"schema":{"@context":"https:\/\/schema.org","@graph":[{"@type":"WebPage","@id":"https:\/\/www.manaus.am.gov.br\/semtepi\/parcerias\/2025-2\/","url":"https:\/\/www.manaus.am.gov.br\/semtepi\/parcerias\/2025-2\/","name":"2025 - SEMTEPI","isPartOf":{"@id":"https:\/\/www.manaus.am.gov.br\/semtepi\/#website"},"datePublished":"2025-07-14T20:31:37+00:00","dateModified":"2026-01-20T15:25:26+00:00","breadcrumb":{"@id":"https:\/\/www.manaus.am.gov.br\/semtepi\/parcerias\/2025-2\/#breadcrumb"},"inLanguage":"pt-BR","potentialAction":[{"@type":"ReadAction","target":["https:\/\/www.manaus.am.gov.br\/semtepi\/parcerias\/2025-2\/"]}]},{"@type":"BreadcrumbList","@id":"https:\/\/www.manaus.am.gov.br\/semtepi\/parcerias\/2025-2\/#breadcrumb","itemListElement":[{"@type":"ListItem","position":1,"name":"Home","item":"https:\/\/www.manaus.am.gov.br\/semtepi\/"},{"@type":"ListItem","position":2,"name":"Parcerias","item":"https:\/\/www.manaus.am.gov.br\/semtepi\/parcerias\/"},{"@type":"ListItem","position":3,"name":"2025"}]},{"@type":"WebSite","@id":"https:\/\/www.manaus.am.gov.br\/semtepi\/#website","url":"https:\/\/www.manaus.am.gov.br\/semtepi\/","name":"SEMTEPI","description":"Prefeitura de Manaus","publisher":{"@id":"https:\/\/www.manaus.am.gov.br\/semtepi\/#organization"},"alternateName":"Secretaria Municipal do Trabalho, Empreendedorismo e Inova\u00e7\u00e3o","potentialAction":[{"@type":"SearchAction","target":{"@type":"EntryPoint","urlTemplate":"https:\/\/www.manaus.am.gov.br\/semtepi\/?s={search_term_string}"},"query-input":"required name=search_term_string"}],"inLanguage":"pt-BR"},{"@type":"Organization","@id":"https:\/\/www.manaus.am.gov.br\/semtepi\/#organization","name":"Prefeitura Municipal de Manaus","alternateName":"Prefeitura de Manaus","url":"https:\/\/www.manaus.am.gov.br\/semtepi\/","logo":{"@type":"ImageObject","inLanguage":"pt-BR","@id":"https:\/\/www.manaus.am.gov.br\/semtepi\/#\/schema\/logo\/image\/","url":"https:\/\/www.manaus.am.gov.br\/semtepi\/wp-content\/uploads\/sites\/20\/2024\/07\/favicon.png","contentUrl":"https:\/\/www.manaus.am.gov.br\/semtepi\/wp-content\/uploads\/sites\/20\/2024\/07\/favicon.png","width":300,"height":300,"caption":"Prefeitura Municipal de Manaus"},"image":{"@id":"https:\/\/www.manaus.am.gov.br\/semtepi\/#\/schema\/logo\/image\/"}}]}},"_links":{"self":[{"href":"https:\/\/www.manaus.am.gov.br\/semtepi\/wp-json\/wp\/v2\/pages\/6612"}],"collection":[{"href":"https:\/\/www.manaus.am.gov.br\/semtepi\/wp-json\/wp\/v2\/pages"}],"about":[{"href":"https:\/\/www.manaus.am.gov.br\/semtepi\/wp-json\/wp\/v2\/types\/page"}],"author":[{"embeddable":true,"href":"https:\/\/www.manaus.am.gov.br\/semtepi\/wp-json\/wp\/v2\/users\/8"}],"replies":[{"embeddable":true,"href":"https:\/\/www.manaus.am.gov.br\/semtepi\/wp-json\/wp\/v2\/comments?post=6612"}],"version-history":[{"count":7,"href":"https:\/\/www.manaus.am.gov.br\/semtepi\/wp-json\/wp\/v2\/pages\/6612\/revisions"}],"predecessor-version":[{"id":7510,"href":"https:\/\/www.manaus.am.gov.br\/semtepi\/wp-json\/wp\/v2\/pages\/6612\/revisions\/7510"}],"up":[{"embeddable":true,"href":"https:\/\/www.manaus.am.gov.br\/semtepi\/wp-json\/wp\/v2\/pages\/360"}],"wp:attachment":[{"href":"https:\/\/www.manaus.am.gov.br\/semtepi\/wp-json\/wp\/v2\/media?parent=6612"}],"curies":[{"name":"wp","href":"https:\/\/api.w.org\/{rel}","templated":true}]}}