{"id":5368,"date":"2024-10-11T11:07:05","date_gmt":"2024-10-11T15:07:05","guid":{"rendered":"https:\/\/www.manaus.am.gov.br\/semtepi\/?page_id=5368"},"modified":"2026-01-15T18:16:40","modified_gmt":"2026-01-15T22:16:40","slug":"2024-2","status":"publish","type":"page","link":"https:\/\/www.manaus.am.gov.br\/semtepi\/parcerias\/2024-2\/","title":{"rendered":"2024"},"content":{"rendered":"\n<p><strong>Termo de Fomento n\u00ba 001\/2024 \u2013 SEMTEPI<\/strong><strong><\/strong><\/p>\n\n\n\n<p><strong>Data de assinatura:<\/strong>&nbsp;15\/05\/2024<\/p>\n\n\n\n<p><strong>OSC: <\/strong>ASSOCIA\u00c7\u00c3O BRASILEIRA DE BARES E RESTAURANTES SECCIONAL NO AMAZONAS-ABRASEL<strong><\/strong><\/p>\n\n\n\n<p><strong>CNPJ:<\/strong>&nbsp;03.586.272\/0001-03&nbsp; &nbsp;&nbsp;&nbsp;&nbsp;&nbsp;&nbsp; &nbsp;<br><strong>Objeto:&nbsp;<\/strong>O presente termo de Fomento, decorrente da Emenda Parlamentar n\u00b0208\/2023, da Lei Or\u00e7ament\u00e1ria Anual \u2013 LOA 2024, de autoria do Vereador M\u00e1rcio Tavares, tem por objeto o repasse de recurso financeiro destinado a OSC precitada, para fins de realiza\u00e7\u00e3o de cursos de qualifica\u00e7\u00e3o profissional por meio do projeto \u201cTreinamento de atendimento em estabelecimentos de alimentos fora do lar\u201d, tudo na forma do Plano de Trabalho apresentado pela Organiza\u00e7\u00e3o da Sociedade Civil.<\/p>\n\n\n\n<p><strong>Valor da Parceria:&nbsp;<\/strong>R$ 100.000,00 (cem mil reais)<\/p>\n\n\n\n<p><strong>Data prevista para apresenta\u00e7\u00e3o da presta\u00e7\u00e3o de contas<\/strong>: at\u00e9 03\/12\/2024<\/p>\n\n\n\n<p><strong>Processo SIGED:<\/strong>&nbsp;2024.14000.14012.0.000042.<\/p>\n\n\n\n<p><strong>Termo de Fomento n\u00ba 001-2024 Semtepi \u2013 Plano de Trabalho<\/strong><\/p>\n\n\n\n<p><strong><a href=\"https:\/\/www.manaus.am.gov.br\/semtepi\/wp-content\/uploads\/sites\/20\/2024\/10\/TF-001-2024-PLANO-DE-TRABALHO.pdf\">TF 001-2024 &#8211; PLANO DE TRABALHO<\/a><\/strong><\/p>\n\n\n\n<p><\/p>\n\n\n\n<p><strong>Termo de Fomento n\u00ba 002\/2024 \u2013 SEMTEPI<\/strong><br><strong>Data de assinatura:<\/strong>&nbsp;11\/06\/2024<br><strong>OSC: <\/strong>ASSOCIA\u00c7\u00c3O AMAZONENSE DOS PROFISSIONAIS DA CULTUTA E ARTE CRIST\u00c3<\/p>\n\n\n\n<p><strong>CNPJ:<\/strong>&nbsp;03.170.312\/0001-00&nbsp; &nbsp;&nbsp;&nbsp;&nbsp;&nbsp;&nbsp; &nbsp;<br><strong>Objeto:&nbsp;<\/strong>O presente termo de Fomento, decorrente da Emenda Parlamentar n\u00b0149\/2023, da Lei Or\u00e7ament\u00e1ria Anual \u2013 LOA 2024, de autoria do Vereador Jo\u00e3o Carlos, tem por objetivo o repasse de recurso financeiro destinado a OSC precitada, para fins de realiza\u00e7\u00e3o de cursos de qualifica\u00e7\u00e3o profissional por meio do projeto \u201cAtividades formativas para qualifica\u00e7\u00e3o de profissionais pertencentes ao sistema produtivo da cultura e afins com treinamento pr\u00e1tico\u201d, tudo na forma do Plano de Trabalho apresentado pela Organiza\u00e7\u00e3o da Sociedade Civil.<\/p>\n\n\n\n<p><strong>Valor da Parceria:&nbsp;<\/strong>R$ 100.000,00 (cem mil reais)<\/p>\n\n\n\n<p><strong>Data prevista para apresenta\u00e7\u00e3o da presta\u00e7\u00e3o de contas<\/strong>: at\u00e9 17\/10\/2025<\/p>\n\n\n\n<p><strong>Processo SIGED:<\/strong>&nbsp;2024.14000.14012.0.000041.<\/p>\n\n\n\n<p><strong>Termo de Fomento n\u00ba 002-2024 Semtepi \u2013 Plano de Trabalho<\/strong><\/p>\n\n\n\n<p><a href=\"https:\/\/www.manaus.am.gov.br\/semtepi\/wp-content\/uploads\/sites\/20\/2025\/03\/PLANO-DE-TRABALHO-TF-002.pdf\"><strong>PLANO DE TRABALHO- TF 002<\/strong><\/a><\/p>\n\n\n\n<p><strong>Termo de Fomento n\u00ba 003\/2024 \u2013 SEMTEPI<\/strong><br><strong>Data de assinatura:<\/strong> 19\/06\/2024<br><strong>OSC:<\/strong> <strong>INSTITUTO CENTRAL DAS ENTIDADES ASSOCIATIVAS DO BRASIL\u2013 ICEAB.<\/strong><strong><\/strong><\/p>\n\n\n\n<p><strong>CNPJ:<\/strong> 48.835.567\/001-04<\/p>\n\n\n\n<p><strong>Objeto: <\/strong>O presente termo de Fomento, decorrente da Emenda Parlamentar n\u00b0154\/2023, da Lei Or\u00e7ament\u00e1ria Anual \u2013 LOA 2024, de autoria do Vereador Jo\u00e3o Carlos, tem por objetivo o repasse de recurso financeiro destinado a OSC precitada, para fins de realiza\u00e7\u00e3o de cursos de qualifica\u00e7\u00e3o profissional por meio do projeto \u201cOferecer cursos profissionalizantes para jovens e adultos em vulnerabilidade socioecon\u00f4mica, dando oportunidade de crescimento e desenvolvimento dentro do mercado de trabalho\u201d, tudo na forma do Plano de Trabalho apresentado pela Organiza\u00e7\u00e3o da Sociedade Civil<\/p>\n\n\n\n<p><strong>Data prevista para apresenta\u00e7\u00e3o da presta\u00e7\u00e3o de contas<\/strong>: at\u00e9 12\/08\/2025<strong><\/strong><\/p>\n\n\n\n<p><strong>Processo SIGED:<\/strong>&nbsp;2024.14000.14012.0.000049.<\/p>\n\n\n\n<p><strong><a href=\"https:\/\/www.manaus.am.gov.br\/semtepi\/wp-content\/uploads\/sites\/20\/2025\/03\/PLANO-DE-TRABALHO-TF-003.pdf\">Termo de Fomento n\u00ba 003-2024 Semtepi \u2013 Plano de Trabalho<\/a><\/strong><\/p>\n\n\n\n<p><strong><a href=\"https:\/\/www.manaus.am.gov.br\/semtepi\/wp-content\/uploads\/sites\/20\/2025\/03\/PLANO-DE-TRABALHO-TF-003.pdf\">PLANO DE TRABALHO- TF 003<\/a><\/strong><\/p>\n\n\n\n<p><\/p>\n\n\n\n<p><strong>Termo de Fomento n\u00ba 004\/2024 \u2013 SEMTEPI<\/strong><strong><\/strong><\/p>\n\n\n\n<p><strong>Data de assinatura:<\/strong> 24\/06\/2024<\/p>\n\n\n\n<p><strong>OSC: <\/strong>ABRH \u2013 ASSOCIA\u00c7\u00c3O BRASILEIRA DE RECURSOS HUMANOS \u2013<\/p>\n\n\n\n<p>SECCIONAL DO AMAZONAS<strong><\/strong><\/p>\n\n\n\n<p><strong>CNPJ:<\/strong> 03.862.217\/001-07<\/p>\n\n\n\n<p><strong>Objeto<\/strong><strong>:<\/strong><strong> <\/strong>O presente termo de Fomento tem por objeto o repasse de recurso financeiro para a realiza\u00e7\u00e3o do \u201c21\u00ba Congresso Amaz\u00f4nico de<\/p>\n\n\n\n<p>Recursos Humanos &#8211; CONAMARH e 21\u00aa EXPO ABRH\/AM (Feira de Neg\u00f3cios)\u201d, a ser realizada nos dias 12 e 13\/09\/2024, no Centro de Conven\u00e7\u00f5es Vasques Vasco, tudo na forma do Plano de Trabalho.<\/p>\n\n\n\n<p><strong>Data prevista para apresenta\u00e7\u00e3o da presta\u00e7\u00e3o de contas<\/strong>: at\u00e9 19\/12\/2024<strong><\/strong><\/p>\n\n\n\n<p><strong>Processo SIGED:<\/strong>&nbsp;2024.14000.14012.0.000084.<\/p>\n\n\n\n<p><strong>Termo de Fomento n\u00ba 004-2024 Semtepi \u2013 Plano de Trabalho<\/strong><\/p>\n\n\n\n<p><strong><a href=\"https:\/\/www.manaus.am.gov.br\/semtepi\/wp-content\/uploads\/sites\/20\/2024\/10\/TF-004-2024-PLANO-DE-TRABALHO.pdf\">TF 004-2024 &#8211; PLANO DE TRABALHO<\/a><\/strong><\/p>\n\n\n\n<p><\/p>\n\n\n\n<p><strong>Termo de Fomento n\u00ba 005\/2024 \u2013 SEMTEPI<\/strong><strong><\/strong><\/p>\n\n\n\n<p><strong>Data de assinatura:<\/strong>&nbsp;03\/07\/2024<\/p>\n\n\n\n<p><strong>OSC: <\/strong>SINDICATO DAS INDUSTRIAS DE PANIFICA\u00c7\u00c3O E CONFEITARIA DO AMAZONAS &#8211; SINDPAM<strong><\/strong><\/p>\n\n\n\n<p><strong>CNPJ:<\/strong> 04.183.661\/001-50<\/p>\n\n\n\n<p><strong>Objeto<\/strong><strong>: O<\/strong> presente termo de Fomento tem por objeto o repasse de recurso financeiro para a realiza\u00e7\u00e3o da Semana da Panifica\u00e7\u00e3o e confeitaria do Amazonas 2024, a ser realizada nos dias 08 a 10\/07\/2024, no sal\u00e3o de eventos do Clube do Trabalhador (SESI), tudo<\/p>\n\n\n\n<p>na forma do Plano de Trabalho.<\/p>\n\n\n\n<p><strong>Data prevista para apresenta\u00e7\u00e3o da presta\u00e7\u00e3o de contas<\/strong>: at\u00e9 01\/01\/2025 &nbsp;<\/p>\n\n\n\n<p><strong>Processo SIGED:<\/strong>&nbsp;2024.14000.14012.0.000116.<\/p>\n\n\n\n<p><strong>Termo de Fomento n\u00ba 005-2024 Semtepi \u2013 Plano de Trabalho<\/strong><\/p>\n\n\n\n<p><strong><a href=\"https:\/\/www.manaus.am.gov.br\/semtepi\/wp-content\/uploads\/sites\/20\/2024\/10\/TF-005-2024-PLANO-DE-TRABALHO.pdf\">TF 005-2024 &#8211; PLANO DE TRABALHO<\/a><\/strong><\/p>\n\n\n\n<p><\/p>\n\n\n\n<p><strong>Termo de Fomento n\u00ba 001\/2024 \u2013 FUMIPEQ\/SEMTEPI<\/strong><br><strong>Data de assinatura:<\/strong>&nbsp;03\/07\/2024<br><strong>OSC: <\/strong>CONSELHO DE DESENVOLVIMENTO ECON\u00d4MICO, SUSTENT\u00c1VEL E ESTRAT\u00c9GICO DE MANAUS \u2013 CODESE MANAUS<strong><\/strong><\/p>\n\n\n\n<p><strong>CNPJ:<\/strong>&nbsp;30.150.214\/0001-05&nbsp; &nbsp;&nbsp;&nbsp;&nbsp;&nbsp;&nbsp; &nbsp;<br><strong>Objeto:&nbsp;<\/strong>O presente termo de Fomento tem por objeto o repasse de recurso financeiro para a realiza\u00e7\u00e3o da 5\u00aa Feira do Polo Digital de Manaus \u2013 FPDM (Festival do Polo Digital de Manaus \u2013 edi\u00e7\u00e3o 2024), a ser realizada no per\u00edodo de 7 a 9 de novembro do corrente ano, no Centro de Conven\u00e7\u00f5es do Manaus Plaza Shopping, tudo na forma do Plano de Trabalho apresentado pela Organiza\u00e7\u00e3o da Sociedade Civil.<\/p>\n\n\n\n<p><strong>Valor da Parceria:&nbsp;<\/strong>R$ 500.000,00 (quinhentos mil reais)<br><strong>Data prevista para apresenta\u00e7\u00e3o da presta\u00e7\u00e3o de contas<\/strong>: at\u00e9 03\/04\/2025<\/p>\n\n\n\n<p><strong>Processo SIGED:<\/strong>&nbsp;2024.14000.14012.0.000113.<\/p>\n\n\n\n<p><strong><a href=\"https:\/\/www.manaus.am.gov.br\/semtepi\/wp-content\/uploads\/sites\/20\/2026\/01\/PLANO-DE-TRABALHO-CODESE.pdf\">Termo de Fomento n\u00ba 001-2024 Fumipeq \u2013 Plano de Trabalho<\/a><\/strong><\/p>\n\n\n\n<p><\/p>\n\n\n\n<p><strong>Termo de Fomento n\u00ba 002\/2024 \u2013 FUMIPEQ\/SEMTEPI<\/strong><br><strong>Data de assinatura:<\/strong> 31\/10\/2024<br><strong>OSC: <\/strong>ASSOCIA\u00c7\u00c3O POLO DIGITAL DE MANAUS<\/p>\n\n\n\n<p><strong>CNPJ:<\/strong> 36.724.681\/0001-88<\/p>\n\n\n\n<p><strong>Objeto<\/strong><strong>:<\/strong><strong> <\/strong>O presente termo de Fomento tem por objeto o repasse de recurso financeiro para a realiza\u00e7\u00e3o da 3\u00aa Expo Amaz\u00f4nia Bio&amp;TIC 2024 \u2013 Vetores para o desenvolvimento da Amaz\u00f4nia, a ser realizada no per\u00edodo de 04 a 06 de novembro\/2024, no Studio 5 Centro de Conven\u00e7\u00f5es, tudo na forma do Plano de Trabalho apresentado pela Organiza\u00e7\u00e3o da Sociedade Civil.<\/p>\n\n\n\n<p><strong>Data prevista para apresenta\u00e7\u00e3o da presta\u00e7\u00e3o de contas<\/strong>: at\u00e9 01\/05\/2025<strong><\/strong><\/p>\n\n\n\n<p><strong>Processo SIGED:<\/strong>&nbsp;2024.14000.14012.0.000192.<\/p>\n\n\n\n<p><strong><a href=\"https:\/\/www.manaus.am.gov.br\/semtepi\/wp-content\/uploads\/sites\/20\/2026\/01\/PLANO-DE-TRABALHO-COMPLETO.pdf\">Termo de Fomento n\u00ba 002-2024 Fumipeq \u2013 Plano de Trabalho<\/a><\/strong><\/p>\n\n\n\n<p><\/p>\n","protected":false},"excerpt":{"rendered":"","protected":false},"author":8,"featured_media":0,"parent":360,"menu_order":0,"comment_status":"closed","ping_status":"closed","template":"templates\/turismo.php","meta":{"footnotes":""},"acf":[],"yoast_head":"<!-- This site is optimized with the Yoast SEO plugin v23.0 - https:\/\/yoast.com\/wordpress\/plugins\/seo\/ -->\n<title>2024 - SEMTEPI<\/title>\n<meta name=\"robots\" content=\"noindex, follow\" \/>\n<meta property=\"og:locale\" content=\"pt_BR\" \/>\n<meta property=\"og:type\" content=\"article\" \/>\n<meta property=\"og:title\" content=\"2024 - SEMTEPI\" \/>\n<meta property=\"og:url\" content=\"https:\/\/www.manaus.am.gov.br\/semtepi\/parcerias\/2024-2\/\" \/>\n<meta property=\"og:site_name\" content=\"SEMTEPI\" \/>\n<meta property=\"article:modified_time\" content=\"2026-01-15T22:16:40+00:00\" \/>\n<meta property=\"og:image\" content=\"https:\/\/www.manaus.am.gov.br\/semtepi\/wp-content\/uploads\/sites\/20\/2024\/07\/thumb-default-2.png\" \/>\n\t<meta property=\"og:image:width\" content=\"966\" \/>\n\t<meta property=\"og:image:height\" content=\"520\" \/>\n\t<meta property=\"og:image:type\" content=\"image\/png\" \/>\n<meta name=\"twitter:card\" content=\"summary_large_image\" \/>\n<meta name=\"twitter:label1\" content=\"Est. reading time\" \/>\n\t<meta name=\"twitter:data1\" content=\"5 minutos\" \/>\n<script type=\"application\/ld+json\" class=\"yoast-schema-graph\">{\"@context\":\"https:\/\/schema.org\",\"@graph\":[{\"@type\":\"WebPage\",\"@id\":\"https:\/\/www.manaus.am.gov.br\/semtepi\/parcerias\/2024-2\/\",\"url\":\"https:\/\/www.manaus.am.gov.br\/semtepi\/parcerias\/2024-2\/\",\"name\":\"2024 - SEMTEPI\",\"isPartOf\":{\"@id\":\"https:\/\/www.manaus.am.gov.br\/semtepi\/#website\"},\"datePublished\":\"2024-10-11T15:07:05+00:00\",\"dateModified\":\"2026-01-15T22:16:40+00:00\",\"breadcrumb\":{\"@id\":\"https:\/\/www.manaus.am.gov.br\/semtepi\/parcerias\/2024-2\/#breadcrumb\"},\"inLanguage\":\"pt-BR\",\"potentialAction\":[{\"@type\":\"ReadAction\",\"target\":[\"https:\/\/www.manaus.am.gov.br\/semtepi\/parcerias\/2024-2\/\"]}]},{\"@type\":\"BreadcrumbList\",\"@id\":\"https:\/\/www.manaus.am.gov.br\/semtepi\/parcerias\/2024-2\/#breadcrumb\",\"itemListElement\":[{\"@type\":\"ListItem\",\"position\":1,\"name\":\"Home\",\"item\":\"https:\/\/www.manaus.am.gov.br\/semtepi\/\"},{\"@type\":\"ListItem\",\"position\":2,\"name\":\"Parcerias\",\"item\":\"https:\/\/www.manaus.am.gov.br\/semtepi\/parcerias\/\"},{\"@type\":\"ListItem\",\"position\":3,\"name\":\"2024\"}]},{\"@type\":\"WebSite\",\"@id\":\"https:\/\/www.manaus.am.gov.br\/semtepi\/#website\",\"url\":\"https:\/\/www.manaus.am.gov.br\/semtepi\/\",\"name\":\"SEMTEPI\",\"description\":\"Prefeitura de Manaus\",\"publisher\":{\"@id\":\"https:\/\/www.manaus.am.gov.br\/semtepi\/#organization\"},\"alternateName\":\"Secretaria Municipal do Trabalho, Empreendedorismo e Inova\u00e7\u00e3o\",\"potentialAction\":[{\"@type\":\"SearchAction\",\"target\":{\"@type\":\"EntryPoint\",\"urlTemplate\":\"https:\/\/www.manaus.am.gov.br\/semtepi\/?s={search_term_string}\"},\"query-input\":\"required name=search_term_string\"}],\"inLanguage\":\"pt-BR\"},{\"@type\":\"Organization\",\"@id\":\"https:\/\/www.manaus.am.gov.br\/semtepi\/#organization\",\"name\":\"Prefeitura Municipal de Manaus\",\"alternateName\":\"Prefeitura de Manaus\",\"url\":\"https:\/\/www.manaus.am.gov.br\/semtepi\/\",\"logo\":{\"@type\":\"ImageObject\",\"inLanguage\":\"pt-BR\",\"@id\":\"https:\/\/www.manaus.am.gov.br\/semtepi\/#\/schema\/logo\/image\/\",\"url\":\"https:\/\/www.manaus.am.gov.br\/semtepi\/wp-content\/uploads\/sites\/20\/2024\/07\/favicon.png\",\"contentUrl\":\"https:\/\/www.manaus.am.gov.br\/semtepi\/wp-content\/uploads\/sites\/20\/2024\/07\/favicon.png\",\"width\":300,\"height\":300,\"caption\":\"Prefeitura Municipal de Manaus\"},\"image\":{\"@id\":\"https:\/\/www.manaus.am.gov.br\/semtepi\/#\/schema\/logo\/image\/\"}}]}<\/script>\n<!-- \/ Yoast SEO plugin. -->","yoast_head_json":{"title":"2024 - SEMTEPI","robots":{"index":"noindex","follow":"follow"},"og_locale":"pt_BR","og_type":"article","og_title":"2024 - SEMTEPI","og_url":"https:\/\/www.manaus.am.gov.br\/semtepi\/parcerias\/2024-2\/","og_site_name":"SEMTEPI","article_modified_time":"2026-01-15T22:16:40+00:00","og_image":[{"width":966,"height":520,"url":"https:\/\/www.manaus.am.gov.br\/semtepi\/wp-content\/uploads\/sites\/20\/2024\/07\/thumb-default-2.png","type":"image\/png"}],"twitter_card":"summary_large_image","twitter_misc":{"Est. reading time":"5 minutos"},"schema":{"@context":"https:\/\/schema.org","@graph":[{"@type":"WebPage","@id":"https:\/\/www.manaus.am.gov.br\/semtepi\/parcerias\/2024-2\/","url":"https:\/\/www.manaus.am.gov.br\/semtepi\/parcerias\/2024-2\/","name":"2024 - SEMTEPI","isPartOf":{"@id":"https:\/\/www.manaus.am.gov.br\/semtepi\/#website"},"datePublished":"2024-10-11T15:07:05+00:00","dateModified":"2026-01-15T22:16:40+00:00","breadcrumb":{"@id":"https:\/\/www.manaus.am.gov.br\/semtepi\/parcerias\/2024-2\/#breadcrumb"},"inLanguage":"pt-BR","potentialAction":[{"@type":"ReadAction","target":["https:\/\/www.manaus.am.gov.br\/semtepi\/parcerias\/2024-2\/"]}]},{"@type":"BreadcrumbList","@id":"https:\/\/www.manaus.am.gov.br\/semtepi\/parcerias\/2024-2\/#breadcrumb","itemListElement":[{"@type":"ListItem","position":1,"name":"Home","item":"https:\/\/www.manaus.am.gov.br\/semtepi\/"},{"@type":"ListItem","position":2,"name":"Parcerias","item":"https:\/\/www.manaus.am.gov.br\/semtepi\/parcerias\/"},{"@type":"ListItem","position":3,"name":"2024"}]},{"@type":"WebSite","@id":"https:\/\/www.manaus.am.gov.br\/semtepi\/#website","url":"https:\/\/www.manaus.am.gov.br\/semtepi\/","name":"SEMTEPI","description":"Prefeitura de Manaus","publisher":{"@id":"https:\/\/www.manaus.am.gov.br\/semtepi\/#organization"},"alternateName":"Secretaria Municipal do Trabalho, Empreendedorismo e Inova\u00e7\u00e3o","potentialAction":[{"@type":"SearchAction","target":{"@type":"EntryPoint","urlTemplate":"https:\/\/www.manaus.am.gov.br\/semtepi\/?s={search_term_string}"},"query-input":"required name=search_term_string"}],"inLanguage":"pt-BR"},{"@type":"Organization","@id":"https:\/\/www.manaus.am.gov.br\/semtepi\/#organization","name":"Prefeitura Municipal de Manaus","alternateName":"Prefeitura de Manaus","url":"https:\/\/www.manaus.am.gov.br\/semtepi\/","logo":{"@type":"ImageObject","inLanguage":"pt-BR","@id":"https:\/\/www.manaus.am.gov.br\/semtepi\/#\/schema\/logo\/image\/","url":"https:\/\/www.manaus.am.gov.br\/semtepi\/wp-content\/uploads\/sites\/20\/2024\/07\/favicon.png","contentUrl":"https:\/\/www.manaus.am.gov.br\/semtepi\/wp-content\/uploads\/sites\/20\/2024\/07\/favicon.png","width":300,"height":300,"caption":"Prefeitura Municipal de Manaus"},"image":{"@id":"https:\/\/www.manaus.am.gov.br\/semtepi\/#\/schema\/logo\/image\/"}}]}},"_links":{"self":[{"href":"https:\/\/www.manaus.am.gov.br\/semtepi\/wp-json\/wp\/v2\/pages\/5368"}],"collection":[{"href":"https:\/\/www.manaus.am.gov.br\/semtepi\/wp-json\/wp\/v2\/pages"}],"about":[{"href":"https:\/\/www.manaus.am.gov.br\/semtepi\/wp-json\/wp\/v2\/types\/page"}],"author":[{"embeddable":true,"href":"https:\/\/www.manaus.am.gov.br\/semtepi\/wp-json\/wp\/v2\/users\/8"}],"replies":[{"embeddable":true,"href":"https:\/\/www.manaus.am.gov.br\/semtepi\/wp-json\/wp\/v2\/comments?post=5368"}],"version-history":[{"count":7,"href":"https:\/\/www.manaus.am.gov.br\/semtepi\/wp-json\/wp\/v2\/pages\/5368\/revisions"}],"predecessor-version":[{"id":7493,"href":"https:\/\/www.manaus.am.gov.br\/semtepi\/wp-json\/wp\/v2\/pages\/5368\/revisions\/7493"}],"up":[{"embeddable":true,"href":"https:\/\/www.manaus.am.gov.br\/semtepi\/wp-json\/wp\/v2\/pages\/360"}],"wp:attachment":[{"href":"https:\/\/www.manaus.am.gov.br\/semtepi\/wp-json\/wp\/v2\/media?parent=5368"}],"curies":[{"name":"wp","href":"https:\/\/api.w.org\/{rel}","templated":true}]}}