{"id":373,"date":"2023-04-20T09:56:17","date_gmt":"2023-04-20T13:56:17","guid":{"rendered":"https:\/\/www.manaus.am.gov.br\/semtepi\/?page_id=373"},"modified":"2023-04-28T17:46:25","modified_gmt":"2023-04-28T21:46:25","slug":"2021-2","status":"publish","type":"page","link":"https:\/\/www.manaus.am.gov.br\/semtepi\/parcerias\/2021-2\/","title":{"rendered":"2021"},"content":{"rendered":"\n<p><strong>Termo de Fomento n\u00ba 001\/2021 \u2013 FUMIPEQ\/SEMTEPI<\/strong><br><strong>Data de assinatura:&nbsp;<\/strong>25\/06\/2021<br><strong>OSC:<\/strong>&nbsp;Instituto Rio Negro<br><strong>CNPJ:<\/strong>&nbsp;06.214.218\/0001-25;<br><strong>Objeto:&nbsp;<\/strong>O presente termo de fomento, decorrente da Emenda Parlamentar n\u00ba 018\/2020, da Lei Or\u00e7ament\u00e1ria Anual \u2013 LOA 2021, tem por objeto o repasse de recurso financeiro para apoiar o Instituto Rio Negro, para fins de execu\u00e7\u00e3o do projeto \u201cRealizar\u201d, referente a qualifica\u00e7\u00e3o profissional de pessoas em situa\u00e7\u00e3o de vulnerabilidade social e renda, por meio de cursos profissionalizantes, a 1.130 alunos, na forma do plano de trabalho.<br><strong>Valor da Parceria:&nbsp;<\/strong>R$ 350.000,00 (trezentos e cinquenta mil reais)<br><strong>Data prevista para apresenta\u00e7\u00e3o da presta\u00e7\u00e3o de contas<\/strong>: at\u00e9 15\/03\/2022.<br><strong>Processo SIGED:<\/strong>&nbsp;2021.14000.14012.0.000006<\/p>\n\n\n\n<h3 class=\"wp-block-heading\"><a href=\"https:\/\/semtepi.manaus.am.gov.br\/wp-content\/uploads\/2021\/10\/Termo-de-Fomento-no-001-2021-Fumipeq-Plano-de-Trabalho.pdf\">Termo de Fomento n\u00ba 001-2021 Fumipeq \u2013 Plano de Trabalho<\/a><\/h3>\n\n\n\n<p> <\/p>\n\n\n\n<p><strong>Termo de Fomento n\u00ba 002\/2021 \u2013 FUMIPEQ\/SEMTEPI<\/strong><br><strong>Data de assinatura:<\/strong>&nbsp;08\/11\/2021<br><strong>OSC:<\/strong>&nbsp;Conselho de Desenvolvimento Econ\u00f4mico, Sustent\u00e1vel e Estrat\u00e9gico de Manaus \u2013 CODESE Manaus<br><strong>CNPJ:<\/strong>&nbsp;30.115.214\/0001-05;<br><strong>Objeto:<\/strong>&nbsp;O presente termo de fomento, decorrente de inexigibilidade de Chamamento P\u00fablico, tem por objetivo a realiza\u00e7\u00e3o da 3\u00aa Feira do Polo Digital de Manaus \u2013 FPDM, Edi\u00e7\u00e3o 2021 a ser realizada nos dias 09, 10 e 11 de dezembro de 2021, no Centro de Conven\u00e7\u00f5es Vasco Vasques, na forma do plano de trabalho.<br><strong>Valor da Parceria:<\/strong>&nbsp;R$ 596.870,80 (quinhentos e noventa e seis mil, oitocentos e setenta reais e oitenta centavos)<br><strong>Data prevista para apresenta\u00e7\u00e3o da presta\u00e7\u00e3o de contas:<\/strong>&nbsp;at\u00e9 11\/05\/2022.<br><strong>Processo SIGED:<\/strong>&nbsp;2021.14000.14032.0.000105.<\/p>\n\n\n\n<h3 class=\"wp-block-heading\"><a href=\"https:\/\/www.manaus.am.gov.br\/semtepi\/wp-content\/uploads\/sites\/20\/2023\/04\/Termo-de-Fomento-no-002-2021-Fumipeq-Plano-de-Trabalho.pdf\" target=\"_blank\" rel=\"noreferrer noopener\">Termo de Fomento n\u00ba 002-2021 Fumipeq \u2013 Plano de Trabalho<\/a><\/h3>\n\n\n\n<p> <\/p>\n\n\n\n<p><strong>Termo de Colabora\u00e7\u00e3o n\u00ba 001\/2021 \u2013 FUMIPEQ\/SEMTEPI<\/strong><br><strong>Data de assinatura:<\/strong>&nbsp;21\/12\/2021<br><strong>OSC:<\/strong>&nbsp;Instituto Superior de Ensino e Pesquisa Vis\u00e3o Amaz\u00f4nica<br><strong>CNPJ:<\/strong>&nbsp;63.693.667\/0001-37;<br><strong>Objeto:&nbsp;<\/strong>O presente Termo de Colabora\u00e7\u00e3o, decorrente do Chamamento P\u00fablico n\u00ba 001\/2021-FUMIPEQ\/SEMTEPI, tem por objeto promover a execu\u00e7\u00e3o do Projeto \u201cMais Inova\u00e7\u00e3o\u201d, referente ao&nbsp;<strong>Lote 01<\/strong>&nbsp;\u2013 \u201cForma\u00e7\u00e3o de desenvolvedor Full Stack\u201d, com o objetivo de capacitar 150 (cento e cinquenta) pessoas para o mercado de tecnologia da informa\u00e7\u00e3o, conforme Plano de Trabalho apresentado pela OSC.<br><strong>Valor da Parceria:&nbsp;<\/strong>R$ 422.601,00 (quatrocentos e vinte e dois mil, seiscentos e um reais)<br><strong>Data prevista para apresenta\u00e7\u00e3o da presta\u00e7\u00e3o de contas<\/strong>: at\u00e9 30\/03\/2023.<br><strong>Processo SIGED:<\/strong>&nbsp;2021.14000.14012.0.000082<\/p>\n\n\n\n<h3 class=\"wp-block-heading\"><a href=\"https:\/\/www.manaus.am.gov.br\/semtepi\/wp-content\/uploads\/sites\/20\/2023\/04\/Termo-de-Colaboracao-no-001-2021-Semtepi-Plano-de-Trabalho.pdf\" target=\"_blank\" rel=\"noreferrer noopener\">Termo de Colabora\u00e7\u00e3o n\u00ba 001-2021 Fumipeq \u2013 Plano de Trabalho<\/a><\/h3>\n\n\n\n<p> <\/p>\n\n\n\n<p><strong>Termo de Colabora\u00e7\u00e3o n\u00ba 002\/2021 \u2013 FUMIPEQ\/SEMTEPI<\/strong><br><strong>Data de assinatura:<\/strong>&nbsp;21\/12\/2021<br><strong>OSC:<\/strong>&nbsp;Instituto de Desenvolvimento, Turismo, Cultura, Esporte e Meio Ambiente \u2013 IDT-CEMA<br><strong>CNPJ:<\/strong>&nbsp;10.358.053\/0001-32;<br><strong>Objeto:&nbsp;<\/strong>O presente Termo de Colabora\u00e7\u00e3o, decorrente do Chamamento P\u00fablico n\u00ba 001\/2021-FUMIPEQ\/SEMTEPI, tem por objeto promover a execu\u00e7\u00e3o do Projeto \u201cMais Inova\u00e7\u00e3o\u201d, referente ao&nbsp;<strong>Lote 03&nbsp;<\/strong>\u2013 \u201cForma\u00e7\u00e3o de Startups\u201d, com o objetivo de formar 240 (duzentas e quarenta) pessoas com no\u00e7\u00e3o b\u00e1sica para cria\u00e7\u00e3o de startup, conforme Plano de Trabalho apresentado pela OSC.<br><strong>Valor da Parceria:&nbsp;<\/strong>R$ 72.000,00 (setenta e dois mil reais)<br><strong>Data prevista para apresenta\u00e7\u00e3o da presta\u00e7\u00e3o de contas<\/strong>: at\u00e9 30\/03\/2023.<br><strong>Processo SIGED:<\/strong>&nbsp;2021.14000.14012.0.000082<\/p>\n\n\n\n<h3 class=\"wp-block-heading\"><a href=\"https:\/\/www.manaus.am.gov.br\/semtepi\/wp-content\/uploads\/sites\/20\/2023\/04\/Termo-de-Colaboracao-no-002-2021-Fumipeq-Plano-de-Trabalho.pdf\" target=\"_blank\" rel=\"noreferrer noopener\">Termo de Colabora\u00e7\u00e3o n\u00ba 002-2021 Fumipeq \u2013 Plano de Trabalho<\/a><\/h3>\n\n\n\n<p> <\/p>\n\n\n\n<p><strong>Termo de Colabora\u00e7\u00e3o n\u00ba 003\/2021 \u2013 FUMIPEQ\/SEMTEPI<\/strong><br><strong>Data de assinatura:<\/strong>&nbsp;21\/12\/2021<br><strong>OSC:<\/strong>&nbsp;Instituto de Desenvolvimento, Turismo, Cultura, Esporte e Meio Ambiente \u2013 IDT-CEMA<br><strong>CNPJ:<\/strong>&nbsp;10.358.053\/0001-32;<br><strong>Objeto:&nbsp;<\/strong>O presente Termo de Colabora\u00e7\u00e3o, decorrente do Chamamento P\u00fablico n\u00ba 001\/2021-FUMIPEQ\/SEMTEPI, tem por objeto promover a execu\u00e7\u00e3o do Projeto \u201cMais Inova\u00e7\u00e3o\u201d, referente ao&nbsp;<strong>Lote 04<\/strong>&nbsp;\u2013 \u201cCompeti\u00e7\u00e3o de ideias de neg\u00f3cios\u201d, com o objetivo de promover 02 (dois) eventos de competi\u00e7\u00e3o, com dura\u00e7\u00e3o de 03 (tr\u00eas) dias cada, totalizando 100 (cem) vagas, para interessados no tema que sejam residentes em Manaus, que possuam CPF, com idade m\u00ednima de 17 anos e escolaridade m\u00ednima cursando o ensino m\u00e9dio, conforme Plano de Trabalho apresentado pela OSC.<br><strong>Valor da Parceria:&nbsp;<\/strong>R$ 160.000,00 (cento e sessenta mil reais)<br><strong>Data prevista para apresenta\u00e7\u00e3o da presta\u00e7\u00e3o de contas<\/strong>: at\u00e9 30\/03\/2023.<br><strong>Processo SIGED:<\/strong>&nbsp;2021.14000.14012.0.000082<\/p>\n\n\n\n<h3 class=\"wp-block-heading\"><a href=\"https:\/\/www.manaus.am.gov.br\/semtepi\/wp-content\/uploads\/sites\/20\/2023\/04\/Termo-de-Colaboracao-no-003-2021-Fumipeq-Plano-de-Trabalho.pdf\" target=\"_blank\" rel=\"noreferrer noopener\">Termo de Colabora\u00e7\u00e3o n\u00ba 003-2021 Fumipeq \u2013 Plano de Trabalho<\/a><\/h3>\n\n\n\n<p> <\/p>\n\n\n\n<p><strong>Termo de Fomento n\u00ba 001\/2021 \u2013 SEMTEPI<\/strong><br><strong>Data de assinatura:&nbsp;<\/strong>15\/06\/2021<br><strong>OSC:<\/strong>&nbsp;Instituto Superior de Ensino e Pesquisa Vis\u00e3o Amaz\u00f4nica<br><strong>CNPJ:<\/strong>&nbsp;63.693.667\/0001-37;<br><strong>Objeto:&nbsp;<\/strong>O presente termo de fomento, decorrente da Emenda Parlamentar n\u00ba 058\/2020, da Lei Or\u00e7ament\u00e1ria Anual \u2013 LOA 2021, tem por objeto o repasse de recurso financeiro para apoiar o Instituto Superior de Ensino e Pesquisa Vis\u00e3o Amaz\u00f4nica, para fins de execu\u00e7\u00e3o do projeto \u201cQualifica\u00e7\u00e3o\u201d, referente a qualifica\u00e7\u00e3o&nbsp; e capacita\u00e7\u00e3o profissional de jovens acima de 18 (dezoito) anos em busca do primeiro emprego, trabalhadores ativos e inativos, aut\u00f4nomos e empreendedores, totalizando 390 alunos, na forma do plano de trabalho.<br><strong>Valor da Parceria:&nbsp;<\/strong>R$ 270.000,00 (duzentos e setenta mil reais)<br><strong>Data prevista para apresenta\u00e7\u00e3o da presta\u00e7\u00e3o de contas<\/strong>: at\u00e9 05\/04\/2022.<br><strong>Processo SIGED:<\/strong>&nbsp;2021.14000.14012.0.000007<\/p>\n\n\n\n<h3 class=\"wp-block-heading\"><a href=\"https:\/\/www.manaus.am.gov.br\/semtepi\/wp-content\/uploads\/sites\/20\/2023\/04\/Termo-de-Fomento-no-001-2021-Semtepi-Plano-de-Trabalho.pdf\" target=\"_blank\" rel=\"noreferrer noopener\">Termo de Fomento n\u00ba 001-2021 Semtepi \u2013 Plano de Trabalho<\/a><\/h3>\n\n\n\n<p> <\/p>\n\n\n\n<p><strong>Termo de Fomento n\u00ba 002\/2021 \u2013 SEMTEPI<\/strong><br><strong>Data de assinatura:&nbsp;<\/strong>15\/06\/2021<br><strong>OSC:<\/strong>&nbsp;Instituto Superior de Ensino e Pesquisa Vis\u00e3o Amaz\u00f4nica<br><strong>CNPJ:<\/strong>&nbsp;63.693.667\/0001-37;<br><strong>Objeto:&nbsp;<\/strong>O presente termo de fomento, decorrente da Emenda Parlamentar n\u00ba 086\/2020, da Lei Or\u00e7ament\u00e1ria Anual \u2013 LOA 2021, tem por objeto o repasse de recurso financeiro para apoiar o Instituto Superior de Ensino e Pesquisa Vis\u00e3o Amaz\u00f4nica, para fins de execu\u00e7\u00e3o do projeto \u201cQualifica\u00e7\u00e3o\u201d, referente a qualifica\u00e7\u00e3o&nbsp; e capacita\u00e7\u00e3o profissional de jovens acima de 18 (dezoito) anos em busca do primeiro emprego, trabalhadores ativos e inativos, aut\u00f4nomos e empreendedores, totalizando 420 alunos, na forma do plano de trabalho.<br><strong>Valor da Parceria:&nbsp;<\/strong>R$ 400.000,00 (quatrocentos mil reais)<br><strong>Data prevista para apresenta\u00e7\u00e3o da presta\u00e7\u00e3o de contas<\/strong>: at\u00e9 05\/04\/2022.<br><strong>Processo SIGED:<\/strong>&nbsp;2021.14000.14012.0.000008<\/p>\n\n\n\n<h3 class=\"wp-block-heading\"><a href=\"https:\/\/www.manaus.am.gov.br\/semtepi\/wp-content\/uploads\/sites\/20\/2023\/04\/Termo-de-Fomento-no-002-2021-Semtepi-Plano-de-Trabalho.pdf\" target=\"_blank\" rel=\"noreferrer noopener\">Termo de Fomento n\u00ba 002-2021 Semtepi \u2013 Plano de Trabalho<\/a><\/h3>\n\n\n\n<p> <\/p>\n\n\n\n<p><strong>Termo de Fomento n\u00ba 003\/2021 \u2013 SEMTEPI<\/strong><br><strong>Data de assinatura:&nbsp;<\/strong>15\/06\/2021<br><strong>OSC:<\/strong>&nbsp;Instituto Superior de Ensino e Pesquisa Vis\u00e3o Amaz\u00f4nica<br><strong>CNPJ:<\/strong>&nbsp;63.693.667\/0001-37;<br><strong>Objeto:&nbsp;<\/strong>O presente termo de fomento, decorrente da Emenda Parlamentar n\u00ba 105\/2020, da Lei Or\u00e7ament\u00e1ria Anual \u2013 LOA 2021, tem por objeto o repasse de recurso financeiro para apoiar o Instituto Superior de Ensino e Pesquisa Vis\u00e3o Amaz\u00f4nica, para fins de execu\u00e7\u00e3o do projeto \u201cManaus Vis\u00e3o Hack 2021\u201d, cujo objeto \u00e9 a capacita\u00e7\u00e3o de 475 alunos nas \u00e1reas de Inova\u00e7\u00e3o e Ind\u00fastria 4.0 e realiza\u00e7\u00e3o de evento em formato de Hackathon, na forma do plano de trabalho.<br><strong>Valor da Parceria:&nbsp;<\/strong>R$ 600.000,00 (seiscentos mil reais)<br><strong>Data prevista para apresenta\u00e7\u00e3o da presta\u00e7\u00e3o de contas<\/strong>: at\u00e9 05\/04\/2022.<br><strong>Processo SIGED:<\/strong>&nbsp;2021.14000.14012.0.000009<\/p>\n\n\n\n<h3 class=\"wp-block-heading\"><a href=\"https:\/\/www.manaus.am.gov.br\/semtepi\/wp-content\/uploads\/sites\/20\/2023\/04\/Termo-de-Fomento-no-003-2021-Semtepi-Plano-de-Trabalho.pdf\" target=\"_blank\" rel=\"noreferrer noopener\">Termo de Fomento n\u00ba 003-2021 Semtepi \u2013 Plano de Trabalho<\/a><\/h3>\n\n\n\n<p> <\/p>\n\n\n\n<p><strong>Termo de Fomento n\u00ba 004\/2021 \u2013 SEMTEPI<\/strong><br><strong>Data de assinatura:&nbsp;<\/strong>16\/06\/2021<br><strong>OSC:<\/strong>&nbsp;Instituto Superior de Ensino e Pesquisa Vis\u00e3o Amaz\u00f4nica<br><strong>CNPJ:<\/strong>&nbsp;63.693.667\/0001-37;<br><strong>Objeto:&nbsp;<\/strong>O presente termo de fomento, decorrente da Emenda Parlamentar n\u00ba 122\/2020, da Lei Or\u00e7ament\u00e1ria Anual \u2013 LOA 2021, tem por objeto o repasse de recurso financeiro para apoiar o Instituto Superior de Ensino e Pesquisa Vis\u00e3o Amaz\u00f4nica, para fins de execu\u00e7\u00e3o do projeto \u201cManaus Vis\u00e3o Hack Experience\u201d, cujo objeto \u00e9 oferecer a capacita\u00e7\u00e3o para 100 alunos nas \u00e1reas Inova\u00e7\u00e3o e Ind\u00fastria 4.0 e realiza\u00e7\u00e3o de evento em formato de Hackathon, na forma do plano de trabalho.<br><strong>Valor da Parceria:&nbsp;<\/strong>R$ 470.000,00 (quatrocentos e setenta mil reais)<br><strong>Data prevista para apresenta\u00e7\u00e3o da presta\u00e7\u00e3o de contas<\/strong>: at\u00e9 05\/04\/2022.<br><strong>Processo SIGED:<\/strong>&nbsp;2021.14000.14012.0.000010<\/p>\n\n\n\n<h3 class=\"wp-block-heading\"><a href=\"https:\/\/www.manaus.am.gov.br\/semtepi\/wp-content\/uploads\/sites\/20\/2023\/04\/Termo-de-Fomento-no-004-2021-Semtepi-Plano-de-Trabalho.pdf\" target=\"_blank\" rel=\"noreferrer noopener\">Termo de Fomento n\u00ba 004-2021 Semtepi \u2013 Plano de Trabalho<\/a><\/h3>\n\n\n\n<p> <\/p>\n\n\n\n<p><strong>Termo de Fomento n\u00ba 005\/2021 \u2013 SEMTEPI<\/strong><br><strong>Data de assinatura:&nbsp;<\/strong>16\/06\/2021<br><strong>OSC:<\/strong>&nbsp;Instituto Superior de Ensino e Pesquisa Vis\u00e3o Amaz\u00f4nica<br><strong>CNPJ:<\/strong>&nbsp;63.693.667\/0001-37;<br><strong>Objeto:&nbsp;<\/strong>O presente termo de fomento, decorrente da Emenda Parlamentar n\u00ba 140\/2020, da Lei Or\u00e7ament\u00e1ria Anual \u2013 LOA 2021, tem por objeto o repasse de recurso financeiro para apoiar o Instituto Superior de Ensino e Pesquisa Vis\u00e3o Amaz\u00f4nica, para fins de execu\u00e7\u00e3o do projeto \u201cQualifica\u00e7\u00e3o\u201d, referente a qualifica\u00e7\u00e3o e capacita\u00e7\u00e3o profissional para jovens acima de 18 (dezoito) anos em busca do primeiro emprego, trabalhadores ativos e inativos, aut\u00f4nomos e empreendedores, totalizando 2.000 alunos, na forma do plano de trabalho.<br><strong>Valor da Parceria:&nbsp;<\/strong>R$ 550.000,00 (quinhentos e cinquenta mil reais)<br><strong>Data prevista para apresenta\u00e7\u00e3o da presta\u00e7\u00e3o de contas<\/strong>: at\u00e9 05\/04\/2022.<br><strong>Processo SIGED:<\/strong>&nbsp;2021.14000.14012.0.000011<\/p>\n\n\n\n<h3 class=\"wp-block-heading\"><a href=\"https:\/\/www.manaus.am.gov.br\/semtepi\/wp-content\/uploads\/sites\/20\/2023\/04\/Termo-de-Fomento-no-005-2021-Semtepi-Plano-de-Trabalho.pdf\" target=\"_blank\" rel=\"noreferrer noopener\">Termo de Fomento n\u00ba 005-2021 Semtepi \u2013 Plano de Trabalho<\/a><\/h3>\n\n\n\n<p> <\/p>\n\n\n\n<p><strong>Termo de Fomento n\u00ba 006\/2021 \u2013 SEMTEPI<\/strong><br><strong>Data de assinatura:&nbsp;<\/strong>16\/06\/2021<br><strong>OSC:<\/strong>&nbsp;Instituto Superior de Ensino e Pesquisa Vis\u00e3o Amaz\u00f4nica<br><strong>CNPJ:<\/strong>&nbsp;63.693.667\/0001-37;<br><strong>Objeto:&nbsp;<\/strong>O presente termo de fomento, decorrente da Emenda Parlamentar n\u00ba 145\/2020, da Lei Or\u00e7ament\u00e1ria Anual \u2013 LOA 2021, tem por objeto o repasse de recurso financeiro para apoiar o Instituto Superior de Ensino e Pesquisa Vis\u00e3o Amaz\u00f4nica, para fins de execu\u00e7\u00e3o do projeto \u201cQualifica\u00e7\u00e3o\u201d, referente a qualifica\u00e7\u00e3o e capacita\u00e7\u00e3o profissional para jovens acima de 18 (dezoito) anos em busca do primeiro emprego, trabalhadores ativos e inativos, aut\u00f4nomos e empreendedores, totalizando 780 alunos, na forma do plano de trabalho.<br><strong>Valor da Parceria:&nbsp;<\/strong>R$ 340.000,00 (trezentos e quarenta mil reais)<br><strong>Data prevista para apresenta\u00e7\u00e3o da presta\u00e7\u00e3o de contas<\/strong>: at\u00e9 05\/04\/2022.<br><strong>Processo SIGED:<\/strong>&nbsp;2021.14000.14012.0.000013<\/p>\n\n\n\n<h3 class=\"wp-block-heading\"><a href=\"https:\/\/www.manaus.am.gov.br\/semtepi\/wp-content\/uploads\/sites\/20\/2023\/04\/Termo-de-Fomento-no-006-2021-Semtepi-Plano-de-Trabalho.pdf\" target=\"_blank\" rel=\"noreferrer noopener\">Termo de Fomento n\u00ba 006-2021 Semtepi \u2013 Plano de Trabalho<\/a><\/h3>\n\n\n\n<p> <\/p>\n\n\n\n<p><strong>Termo de Fomento n\u00ba 007\/2021 \u2013 SEMTEPI<\/strong><br><strong>Data de assinatura:&nbsp;<\/strong>16\/06\/2021<br><strong>OSC:<\/strong>&nbsp;Instituto Rio Negro<br><strong>CNPJ:<\/strong>&nbsp;06.214.218\/0001-25;<br><strong>Objeto:&nbsp;<\/strong>O presente termo de fomento, decorrente da Emenda Parlamentar n\u00ba 028\/2020, da Lei Or\u00e7ament\u00e1ria Anual \u2013 LOA 2021, tem por objeto o repasse de recurso financeiro para apoiar o Instituto Rio Negro, para fins de execu\u00e7\u00e3o do projeto \u201cPROGER \u2013 Programa de Gera\u00e7\u00e3o de Emprego e Renda \u2013 Edi\u00e7\u00e3o 2021\u201d, referente a capacita\u00e7\u00e3o profissional de 1.130 indiv\u00edduos em situa\u00e7\u00e3o de vulnerabilidade social residentes nas Zonas Norte e Leste de Manaus-AM, na forma do plano de trabalho.<br><strong>Valor da Parceria:&nbsp;<\/strong>R$ 350.000,00 (trezentos e cinquenta mil reais)<br><strong>Data prevista para apresenta\u00e7\u00e3o da presta\u00e7\u00e3o de contas<\/strong>: at\u00e9 05\/03\/2022.<br><strong>Processo SIGED:<\/strong>&nbsp;2021.14000.14012.0.000005<\/p>\n\n\n\n<h3 class=\"wp-block-heading\"><a href=\"https:\/\/www.manaus.am.gov.br\/semtepi\/wp-content\/uploads\/sites\/20\/2023\/04\/Termo-de-Fomento-no-007-2021-Semtepi-Plano-de-Trabalho.pdf\" target=\"_blank\" rel=\"noreferrer noopener\">Termo de Fomento n\u00ba 007-2021 Semtepi \u2013 Plano de Trabalho<\/a><\/h3>\n\n\n\n<p> <\/p>\n\n\n\n<p><strong>Termo de Fomento n\u00ba 008\/2021 \u2013 SEMTEPI<\/strong><br><strong>Data de assinatura:&nbsp;<\/strong>17\/06\/2021<br><strong>OSC:<\/strong>&nbsp;Instituto Superior de Ensino e Pesquisa Vis\u00e3o Amaz\u00f4nica<br><strong>CNPJ:<\/strong>&nbsp;63.693.667\/0001-37;<br><strong>Objeto:&nbsp;<\/strong>O presente termo de fomento, decorrente da Emenda Parlamentar n\u00ba 145\/2020, da Lei Or\u00e7ament\u00e1ria Anual \u2013 LOA 2021, tem por objeto o repasse de recurso financeiro para apoiar o Instituto Superior de Ensino e Pesquisa Vis\u00e3o Amaz\u00f4nica, para fins de execu\u00e7\u00e3o do projeto \u201cQualifica\u00e7\u00e3o\u201d, referente a qualifica\u00e7\u00e3o e capacita\u00e7\u00e3o profissional para jovens acima de 18 (dezoito) anos em busca do primeiro emprego, trabalhadores ativos e inativos, aut\u00f4nomos e empreendedores, totalizando 210 alunos, na forma do plano de trabalho.<br><strong>Valor da Parceria:&nbsp;<\/strong>R$ 200.000,00 (duzentos mil reais)<br><strong>Data prevista para apresenta\u00e7\u00e3o da presta\u00e7\u00e3o de contas<\/strong>: at\u00e9 05\/04\/2022.<br><strong>Processo SIGED:<\/strong>&nbsp;2021.14000.14012.0.000012<\/p>\n\n\n\n<h3 class=\"wp-block-heading\"><a href=\"https:\/\/www.manaus.am.gov.br\/semtepi\/wp-content\/uploads\/sites\/20\/2023\/04\/Termo-de-Fomento-no-008-2021-Semtepi-Plano-de-Trabalho.pdf\" target=\"_blank\" rel=\"noreferrer noopener\">Termo de Fomento n\u00ba 008-2021 Semtepi \u2013 Plano de Trabalho<\/a><\/h3>\n\n\n\n<p> <\/p>\n\n\n\n<p><strong>Termo de Fomento n\u00ba 009\/2021 \u2013 SEMTEPI<\/strong><br><strong>Data de assinatura:&nbsp;<\/strong>23\/12\/2021<br><strong>OSC:<\/strong>&nbsp;Instituto Superior de Ensino e Pesquisa Vis\u00e3o Amaz\u00f4nica<br><strong>CNPJ:<\/strong>&nbsp;63.693.667\/0001-37;<br><strong>Objeto:&nbsp;<\/strong>O presente termo de fomento, decorrente da Emenda Parlamentar n\u00ba 160\/2020, da Lei Or\u00e7ament\u00e1ria Anual \u2013 LOA 2021, tem por objeto o repasse de recurso financeiro para apoiar o Instituto Superior de Ensino e Pesquisa Vis\u00e3o Amaz\u00f4nica, para fins de execu\u00e7\u00e3o do projeto \u201cQualifica\u00e7\u00e3o\u201d, referente a qualifica\u00e7\u00e3o e capacita\u00e7\u00e3o profissional para jovens acima de 18 (dezoito) anos em busca do primeiro emprego, trabalhadores ativos e inativos, aut\u00f4nomos e empreendedores, totalizando 200 alunos, na forma do plano de trabalho.<br><strong>Valor da Parceria:&nbsp;<\/strong>R$ 120.000,00 (cento e vinte mil reais)<br><strong>Data prevista para apresenta\u00e7\u00e3o da presta\u00e7\u00e3o de contas<\/strong>: at\u00e9 28\/09\/2022.<br><strong>Processo SIGED:<\/strong>&nbsp;2021.14000.14012.0.000014<\/p>\n\n\n\n<h3 class=\"wp-block-heading\"><a href=\"https:\/\/www.manaus.am.gov.br\/semtepi\/wp-content\/uploads\/sites\/20\/2023\/04\/Termo-de-Fomento-no-009-2021-Semtepi-Plano-de-Trabalho.pdf\" target=\"_blank\" rel=\"noreferrer noopener\">Termo de Fomento n\u00ba 009-2021 Semtepi \u2013 Plano de Trabalho<\/a><\/h3>\n\n\n\n<p> <\/p>\n\n\n\n<p><strong>Termo de Colabora\u00e7\u00e3o n\u00ba 001\/2021 \u2013 SEMTEPI<\/strong><br><strong>Data de assinatura:<\/strong>&nbsp;17\/12\/2021<br><strong>OSC:<\/strong>&nbsp;Instituto Superior de Ensino e Pesquisa Vis\u00e3o Amaz\u00f4nica<br><strong>CNPJ:<\/strong>&nbsp;63.693.667\/0001-37;<br><strong>Objeto:&nbsp;<\/strong>O presente Termo de Colabora\u00e7\u00e3o, decorrente do Chamamento P\u00fablico n\u00ba 001\/2021-SEMTEPI, tem por objeto promover a execu\u00e7\u00e3o do Projeto \u201cQualificar \u00e9 o caminho certo para empregar e empreender\u201d, referente ao Lote 01 \u2013 \u201cQualificar para o 1\u00ba Emprego\u201d, com o objetivo de oferecer capacita\u00e7\u00e3o e qualifica\u00e7\u00e3o profissional a 325 (trezentos e vinte e cinco) jovens de 16 a 29 anos que procuram o primeiro emprego e jovens aprendizes, conforme Plano de Trabalho apresentado pela OSC.<br><strong>Valor da Parceria:&nbsp;<\/strong>R$ 206.400,00 (duzentos e seis mil e quatrocentos reais)<br><strong>Data prevista para apresenta\u00e7\u00e3o da presta\u00e7\u00e3o de contas<\/strong>: at\u00e9 28\/09\/2022.<br><strong>Processo SIGED:<\/strong>&nbsp;2021.14000.14006.0.000077 e 2021.14000.14010.0.000134<\/p>\n\n\n\n<h3 class=\"wp-block-heading\"><a href=\"https:\/\/www.manaus.am.gov.br\/semtepi\/wp-content\/uploads\/sites\/20\/2023\/04\/Termo-de-Colaboracao-no-001-2021-Semtepi-Plano-de-Trabalho.pdf\" target=\"_blank\" rel=\"noreferrer noopener\">Termo de Colabora\u00e7\u00e3o n\u00ba 001-2021 Semtepi \u2013 Plano de Trabalho<\/a><\/h3>\n\n\n\n<p> <\/p>\n\n\n\n<p><strong>Termo de Colabora\u00e7\u00e3o n\u00ba 002\/2021 \u2013 SEMTEPI<\/strong><br><strong>Data de assinatura:<\/strong>&nbsp;17\/12\/2021<br><strong>OSC:<\/strong>&nbsp;Instituto Superior de Ensino e Pesquisa Vis\u00e3o Amaz\u00f4nica<br><strong>CNPJ:<\/strong>&nbsp;63.693.667\/0001-37;<br><strong>Objeto:&nbsp;<\/strong>O presente Termo de Colabora\u00e7\u00e3o, decorrente do Chamamento P\u00fablico n\u00ba 001\/2021-FUMIPEQ\/SEMTEPI, tem por objeto promover a execu\u00e7\u00e3o do Projeto \u201cMais Inova\u00e7\u00e3o\u201d, referente ao&nbsp;<strong>Lote 02&nbsp;<\/strong>\u2013 \u201cQualificar para empregar\u201d, com o objetivo de oferecer capacita\u00e7\u00e3o e qualifica\u00e7\u00e3o profissional a 430 (quatrocentos e trinta) trabalhadores em busca de reinser\u00e7\u00e3o no mercado de trabalho, conforme Plano de Trabalho apresentado pela OSC.<br><strong>Valor da Parceria:&nbsp;<\/strong>R$ 219.700,00 (duzentos e dezenove mil e setecentos reais)<br><strong>Data prevista para apresenta\u00e7\u00e3o da presta\u00e7\u00e3o de contas<\/strong>: at\u00e9 28\/09\/2022.<br><strong>Processo SIGED:<\/strong>&nbsp;2021.14000.14006.0.000077 e 2021.14000.14010.0.000135<\/p>\n\n\n\n<h3 class=\"wp-block-heading\"><a href=\"https:\/\/www.manaus.am.gov.br\/semtepi\/wp-content\/uploads\/sites\/20\/2023\/04\/Termo-de-Colaboracao-no-002-2021-Semtepi-Plano-de-Trabalho.pdf\" target=\"_blank\" rel=\"noreferrer noopener\">Termo de Colabora\u00e7\u00e3o n\u00ba 002-2021 Semtepi \u2013 Plano de Trabalho<\/a><\/h3>\n","protected":false},"excerpt":{"rendered":"","protected":false},"author":27,"featured_media":0,"parent":360,"menu_order":2,"comment_status":"closed","ping_status":"closed","template":"templates\/turismo.php","meta":{"footnotes":""},"acf":[],"yoast_head":"<!-- This site is optimized with the Yoast SEO plugin v23.0 - https:\/\/yoast.com\/wordpress\/plugins\/seo\/ -->\n<title>2021 - SEMTEPI<\/title>\n<meta name=\"robots\" content=\"noindex, follow\" \/>\n<meta property=\"og:locale\" content=\"pt_BR\" \/>\n<meta property=\"og:type\" content=\"article\" \/>\n<meta property=\"og:title\" content=\"2021 - SEMTEPI\" \/>\n<meta property=\"og:url\" content=\"https:\/\/www.manaus.am.gov.br\/semtepi\/parcerias\/2021-2\/\" \/>\n<meta property=\"og:site_name\" content=\"SEMTEPI\" \/>\n<meta property=\"article:modified_time\" content=\"2023-04-28T21:46:25+00:00\" \/>\n<meta property=\"og:image\" content=\"https:\/\/www.manaus.am.gov.br\/semtepi\/wp-content\/uploads\/sites\/20\/2024\/07\/thumb-default-2.png\" \/>\n\t<meta property=\"og:image:width\" content=\"966\" \/>\n\t<meta property=\"og:image:height\" content=\"520\" \/>\n\t<meta property=\"og:image:type\" content=\"image\/png\" \/>\n<meta name=\"twitter:card\" content=\"summary_large_image\" \/>\n<meta name=\"twitter:label1\" content=\"Est. reading time\" \/>\n\t<meta name=\"twitter:data1\" content=\"12 minutos\" \/>\n<script type=\"application\/ld+json\" class=\"yoast-schema-graph\">{\"@context\":\"https:\/\/schema.org\",\"@graph\":[{\"@type\":\"WebPage\",\"@id\":\"https:\/\/www.manaus.am.gov.br\/semtepi\/parcerias\/2021-2\/\",\"url\":\"https:\/\/www.manaus.am.gov.br\/semtepi\/parcerias\/2021-2\/\",\"name\":\"2021 - SEMTEPI\",\"isPartOf\":{\"@id\":\"https:\/\/www.manaus.am.gov.br\/semtepi\/#website\"},\"datePublished\":\"2023-04-20T13:56:17+00:00\",\"dateModified\":\"2023-04-28T21:46:25+00:00\",\"breadcrumb\":{\"@id\":\"https:\/\/www.manaus.am.gov.br\/semtepi\/parcerias\/2021-2\/#breadcrumb\"},\"inLanguage\":\"pt-BR\",\"potentialAction\":[{\"@type\":\"ReadAction\",\"target\":[\"https:\/\/www.manaus.am.gov.br\/semtepi\/parcerias\/2021-2\/\"]}]},{\"@type\":\"BreadcrumbList\",\"@id\":\"https:\/\/www.manaus.am.gov.br\/semtepi\/parcerias\/2021-2\/#breadcrumb\",\"itemListElement\":[{\"@type\":\"ListItem\",\"position\":1,\"name\":\"Home\",\"item\":\"https:\/\/www.manaus.am.gov.br\/semtepi\/\"},{\"@type\":\"ListItem\",\"position\":2,\"name\":\"Parcerias\",\"item\":\"https:\/\/www.manaus.am.gov.br\/semtepi\/parcerias\/\"},{\"@type\":\"ListItem\",\"position\":3,\"name\":\"2021\"}]},{\"@type\":\"WebSite\",\"@id\":\"https:\/\/www.manaus.am.gov.br\/semtepi\/#website\",\"url\":\"https:\/\/www.manaus.am.gov.br\/semtepi\/\",\"name\":\"SEMTEPI\",\"description\":\"Prefeitura de Manaus\",\"publisher\":{\"@id\":\"https:\/\/www.manaus.am.gov.br\/semtepi\/#organization\"},\"alternateName\":\"Secretaria Municipal do Trabalho, Empreendedorismo e Inova\u00e7\u00e3o\",\"potentialAction\":[{\"@type\":\"SearchAction\",\"target\":{\"@type\":\"EntryPoint\",\"urlTemplate\":\"https:\/\/www.manaus.am.gov.br\/semtepi\/?s={search_term_string}\"},\"query-input\":\"required name=search_term_string\"}],\"inLanguage\":\"pt-BR\"},{\"@type\":\"Organization\",\"@id\":\"https:\/\/www.manaus.am.gov.br\/semtepi\/#organization\",\"name\":\"Prefeitura Municipal de Manaus\",\"alternateName\":\"Prefeitura de Manaus\",\"url\":\"https:\/\/www.manaus.am.gov.br\/semtepi\/\",\"logo\":{\"@type\":\"ImageObject\",\"inLanguage\":\"pt-BR\",\"@id\":\"https:\/\/www.manaus.am.gov.br\/semtepi\/#\/schema\/logo\/image\/\",\"url\":\"https:\/\/www.manaus.am.gov.br\/semtepi\/wp-content\/uploads\/sites\/20\/2024\/07\/favicon.png\",\"contentUrl\":\"https:\/\/www.manaus.am.gov.br\/semtepi\/wp-content\/uploads\/sites\/20\/2024\/07\/favicon.png\",\"width\":300,\"height\":300,\"caption\":\"Prefeitura Municipal de Manaus\"},\"image\":{\"@id\":\"https:\/\/www.manaus.am.gov.br\/semtepi\/#\/schema\/logo\/image\/\"}}]}<\/script>\n<!-- \/ Yoast SEO plugin. -->","yoast_head_json":{"title":"2021 - SEMTEPI","robots":{"index":"noindex","follow":"follow"},"og_locale":"pt_BR","og_type":"article","og_title":"2021 - SEMTEPI","og_url":"https:\/\/www.manaus.am.gov.br\/semtepi\/parcerias\/2021-2\/","og_site_name":"SEMTEPI","article_modified_time":"2023-04-28T21:46:25+00:00","og_image":[{"width":966,"height":520,"url":"https:\/\/www.manaus.am.gov.br\/semtepi\/wp-content\/uploads\/sites\/20\/2024\/07\/thumb-default-2.png","type":"image\/png"}],"twitter_card":"summary_large_image","twitter_misc":{"Est. reading time":"12 minutos"},"schema":{"@context":"https:\/\/schema.org","@graph":[{"@type":"WebPage","@id":"https:\/\/www.manaus.am.gov.br\/semtepi\/parcerias\/2021-2\/","url":"https:\/\/www.manaus.am.gov.br\/semtepi\/parcerias\/2021-2\/","name":"2021 - SEMTEPI","isPartOf":{"@id":"https:\/\/www.manaus.am.gov.br\/semtepi\/#website"},"datePublished":"2023-04-20T13:56:17+00:00","dateModified":"2023-04-28T21:46:25+00:00","breadcrumb":{"@id":"https:\/\/www.manaus.am.gov.br\/semtepi\/parcerias\/2021-2\/#breadcrumb"},"inLanguage":"pt-BR","potentialAction":[{"@type":"ReadAction","target":["https:\/\/www.manaus.am.gov.br\/semtepi\/parcerias\/2021-2\/"]}]},{"@type":"BreadcrumbList","@id":"https:\/\/www.manaus.am.gov.br\/semtepi\/parcerias\/2021-2\/#breadcrumb","itemListElement":[{"@type":"ListItem","position":1,"name":"Home","item":"https:\/\/www.manaus.am.gov.br\/semtepi\/"},{"@type":"ListItem","position":2,"name":"Parcerias","item":"https:\/\/www.manaus.am.gov.br\/semtepi\/parcerias\/"},{"@type":"ListItem","position":3,"name":"2021"}]},{"@type":"WebSite","@id":"https:\/\/www.manaus.am.gov.br\/semtepi\/#website","url":"https:\/\/www.manaus.am.gov.br\/semtepi\/","name":"SEMTEPI","description":"Prefeitura de Manaus","publisher":{"@id":"https:\/\/www.manaus.am.gov.br\/semtepi\/#organization"},"alternateName":"Secretaria Municipal do Trabalho, Empreendedorismo e Inova\u00e7\u00e3o","potentialAction":[{"@type":"SearchAction","target":{"@type":"EntryPoint","urlTemplate":"https:\/\/www.manaus.am.gov.br\/semtepi\/?s={search_term_string}"},"query-input":"required name=search_term_string"}],"inLanguage":"pt-BR"},{"@type":"Organization","@id":"https:\/\/www.manaus.am.gov.br\/semtepi\/#organization","name":"Prefeitura Municipal de Manaus","alternateName":"Prefeitura de Manaus","url":"https:\/\/www.manaus.am.gov.br\/semtepi\/","logo":{"@type":"ImageObject","inLanguage":"pt-BR","@id":"https:\/\/www.manaus.am.gov.br\/semtepi\/#\/schema\/logo\/image\/","url":"https:\/\/www.manaus.am.gov.br\/semtepi\/wp-content\/uploads\/sites\/20\/2024\/07\/favicon.png","contentUrl":"https:\/\/www.manaus.am.gov.br\/semtepi\/wp-content\/uploads\/sites\/20\/2024\/07\/favicon.png","width":300,"height":300,"caption":"Prefeitura Municipal de Manaus"},"image":{"@id":"https:\/\/www.manaus.am.gov.br\/semtepi\/#\/schema\/logo\/image\/"}}]}},"_links":{"self":[{"href":"https:\/\/www.manaus.am.gov.br\/semtepi\/wp-json\/wp\/v2\/pages\/373"}],"collection":[{"href":"https:\/\/www.manaus.am.gov.br\/semtepi\/wp-json\/wp\/v2\/pages"}],"about":[{"href":"https:\/\/www.manaus.am.gov.br\/semtepi\/wp-json\/wp\/v2\/types\/page"}],"author":[{"embeddable":true,"href":"https:\/\/www.manaus.am.gov.br\/semtepi\/wp-json\/wp\/v2\/users\/27"}],"replies":[{"embeddable":true,"href":"https:\/\/www.manaus.am.gov.br\/semtepi\/wp-json\/wp\/v2\/comments?post=373"}],"version-history":[{"count":6,"href":"https:\/\/www.manaus.am.gov.br\/semtepi\/wp-json\/wp\/v2\/pages\/373\/revisions"}],"predecessor-version":[{"id":1736,"href":"https:\/\/www.manaus.am.gov.br\/semtepi\/wp-json\/wp\/v2\/pages\/373\/revisions\/1736"}],"up":[{"embeddable":true,"href":"https:\/\/www.manaus.am.gov.br\/semtepi\/wp-json\/wp\/v2\/pages\/360"}],"wp:attachment":[{"href":"https:\/\/www.manaus.am.gov.br\/semtepi\/wp-json\/wp\/v2\/media?parent=373"}],"curies":[{"name":"wp","href":"https:\/\/api.w.org\/{rel}","templated":true}]}}