{"id":364,"date":"2023-04-20T09:54:09","date_gmt":"2023-04-20T13:54:09","guid":{"rendered":"https:\/\/www.manaus.am.gov.br\/semtepi\/?page_id=364"},"modified":"2023-04-28T16:42:37","modified_gmt":"2023-04-28T20:42:37","slug":"2019-2","status":"publish","type":"page","link":"https:\/\/www.manaus.am.gov.br\/semtepi\/parcerias\/2019-2\/","title":{"rendered":"2019"},"content":{"rendered":"\n<p><strong>Termo de Fomento n\u00ba 001\/2019 \u2013 FUMIPEQ\/SEMTEPI<\/strong><br><strong>Data de assinatura:&nbsp;<\/strong>07\/10\/2019<br><strong>OSC:<\/strong>&nbsp;CODESE MANAUS<br><strong>CNPJ:<\/strong>&nbsp;30.150.214\/001-05<br><strong>Objeto:&nbsp;<\/strong>O presente termo tem por objeto a realiza\u00e7\u00e3o da 2\u00aa Edi\u00e7\u00e3o Feira do Polo Digital de Manaus, a ser realizada no per\u00edodo de 15 a 17 de outubro de 2019, no centro de conven\u00e7\u00f5es do Studio 5, na forma do plano de trabalho apresentado pela Organiza\u00e7\u00e3o da Sociedade Civil, conforme consta no processo administrativo n\u00ba 2019.14000.14001.0.000113.<br><strong>Valor da Parceria:&nbsp;<\/strong>R$ 538.900,00 (Quinhentos e trinta e oito mil e novecentos reais)<br><strong>Data prevista para apresenta\u00e7\u00e3o da presta\u00e7\u00e3o de contas<\/strong>: at\u00e9 06\/03\/2020.<br><strong>Processo SIGED:<\/strong>&nbsp;2019.14000.14001.0.000113<\/p>\n\n\n\n<h3 class=\"wp-block-heading\"><a href=\"https:\/\/www.manaus.am.gov.br\/semtepi\/wp-content\/uploads\/sites\/20\/2023\/04\/TF-006-2019-SEMTEPI-POLO-DIGITAL-PT.pdf\" target=\"_blank\" rel=\"noreferrer noopener\">Termo de Fomento n\u00ba 001-2019 Fumipeq \u2013 Plano de Trabalho<\/a><\/h3>\n\n\n\n<p> <\/p>\n\n\n\n<p><strong>Termo de Colabora\u00e7\u00e3o n\u00ba 001\/2019 \u2013 SEMTEPI<\/strong><br><strong>Data de assinatura:<\/strong>&nbsp;27\/12\/2019;<br><strong>OSC:<\/strong>&nbsp;Servi\u00e7o Nacional de Aprendizagem Industrial \u2013 SENAI;<br><strong>CNPJ:<\/strong>&nbsp;03.776.255\/0001-39;<br><strong>Objeto:<\/strong>&nbsp;O presente termo decorrente do Edital de Chamamento P\u00fablico n\u00ba 001\/2019-SEMTEPI tem por objeto promover a execu\u00e7\u00e3o do Projeto \u201cQualifica Manaus\u201d, referente ao Lote 02 \u2013 Comercializa\u00e7\u00e3o em Feiras e Mercados, com a finalidade de proporcionar capacita\u00e7\u00e3o para 180 (cento e oitenta) empreendedores que atuam em feiras e mercados, na cidade de Manaus, na forma do Plano de Trabalho;<br><strong>Valor da Parceria:&nbsp;<\/strong>R$ 20.000,00 (vinte mil reais);<br><strong>Data prevista para presta\u00e7\u00e3o de contas:&nbsp;<\/strong>at\u00e9 24\/01\/2022;<br><strong>Processo SIGED:<\/strong>&nbsp;2019.14000.14010.0.000139.<\/p>\n\n\n\n<h3 class=\"wp-block-heading\"><a href=\"https:\/\/www.manaus.am.gov.br\/semtepi\/wp-content\/uploads\/sites\/20\/2023\/04\/Termo-de-Colaboracao-no-001-2019-Plano-de-Trabalho.pdf\" target=\"_blank\" rel=\"noreferrer noopener\">Termo de Colabora\u00e7\u00e3o n\u00ba 001-2019 \u2013 Plano de Trabalho<\/a><\/h3>\n\n\n\n<p> <\/p>\n\n\n\n<p><strong>OSC:<\/strong>&nbsp;Servi\u00e7o Nacional de Aprendizagem Industrial \u2013 SENAI;<br><strong>CNPJ:<\/strong>&nbsp;03.776.255\/0001-39;<br><strong>Objeto:<\/strong>&nbsp;O presente termo decorrente do Edital de Chamamento P\u00fablico n\u00ba 001\/2019-SEMTEPI tem por objeto promover a execu\u00e7\u00e3o do Projeto \u201cQualifica Manaus\u201d, referente ao Lote 03 \u2013 Aprendendo Profiss\u00f5es, com a finalidade de proporcionar capacita\u00e7\u00e3o a 360 (trezentos e sessenta) trabalhadores cadastrados no Sine Manaus, na cidade de Manaus, conforme Plano de Trabalho;<br><strong>Valor da Parceria:&nbsp;<\/strong>R$ 84.000,00 (oitenta e quatro mil reais);<br><strong>Data prevista para presta\u00e7\u00e3o de contas:&nbsp;<\/strong>at\u00e9 24\/01\/2022;<br><strong>Processo SIGED:<\/strong>&nbsp;2019.14000.14010.0.000140.<\/p>\n\n\n\n<h3 class=\"wp-block-heading\"><a href=\"https:\/\/www.manaus.am.gov.br\/semtepi\/wp-content\/uploads\/sites\/20\/2023\/04\/Termo-de-Colaboracao-no-002-2019-Plano-de-Trabalho.pdf\" target=\"_blank\" rel=\"noreferrer noopener\">Termo de Colabora\u00e7\u00e3o n\u00ba 002-2019 \u2013 Plano de Trabalho<\/a><\/h3>\n\n\n\n<p> <\/p>\n\n\n\n<p><strong>Termo de Colabora\u00e7\u00e3o n\u00ba 003\/2019 \u2013 SEMTEPI<\/strong><br><strong>Data de assinatura:<\/strong>&nbsp;27\/12\/2019;<br><strong>OSC:<\/strong>&nbsp;Servi\u00e7o Nacional de Aprendizagem Industrial \u2013 SENAI;<br><strong>CNPJ:<\/strong>&nbsp;03.776.255\/0001-39;<br><strong>Objeto:<\/strong>&nbsp;O presente termo decorrente do Edital de Chamamento P\u00fablico n\u00ba 001\/2019-SEMTEPI tem por objeto promover a execu\u00e7\u00e3o do Projeto \u201cSine Jovem\u201d, referente ao Lote 05 \u2013 Ind\u00fastria 4.0 \u2013 Profiss\u00f5es do Futuro, com a finalidade de oferecer qualifica\u00e7\u00e3o profissional voltada \u00e0 Ind\u00fastria 4.0 \u2013 Profiss\u00f5es do Futuro, a 200 (duzentos) jovens, com idade entre 14 e 29 anos, na cidade de Manaus, conforme Plano de Trabalho;<br><strong>Valor da Parceria:&nbsp;<\/strong>R$ 90.000,00 (noventa mil reais);<br><strong>Data prevista para presta\u00e7\u00e3o de contas:&nbsp;<\/strong>at\u00e9 30\/11\/2021. Entregue em 30\/11\/2021 \u2013 Em an\u00e1lise<br><strong>Processo SIGED:<\/strong>&nbsp;2019.14000.14010.0.000141.<\/p>\n\n\n\n<h3 class=\"wp-block-heading\"><a href=\"https:\/\/www.manaus.am.gov.br\/semtepi\/wp-content\/uploads\/sites\/20\/2023\/04\/Termo-de-Colaboracao-no-003-2019-Plano-de-Trabalho.pdf\" target=\"_blank\" rel=\"noreferrer noopener\">Termo de Colabora\u00e7\u00e3o n\u00ba 003-2019 \u2013 Plano de Trabalho<\/a><\/h3>\n\n\n\n<p> <\/p>\n\n\n\n<p><strong>Termo de Colabora\u00e7\u00e3o n\u00ba 004\/2019 \u2013 SEMTEPI<\/strong><br><strong>Data de assinatura:<\/strong>&nbsp;27\/12\/2019;<br><strong>OSC:<\/strong>&nbsp;Associa\u00e7\u00e3o Zagaia Amaz\u00f4nia;<br><strong>CNPJ:<\/strong>&nbsp;10.189.868\/0001-35;<br><strong>Objeto:<\/strong>&nbsp;O presente termo decorrente do Edital de Chamamento P\u00fablico n\u00ba 001\/2019-SEMTEPI tem por objeto promover a execu\u00e7\u00e3o do Projeto \u201cManaus Feita a M\u00e3o, 2\u00aa Edi\u00e7\u00e3o\u201d, referente ao Lote 04 \u2013 Aprimoramento do Artesanato, com a finalidade de proporcionar a 40 (quarenta) artes\u00e3os de Manaus que integram o projeto, o aprimoramento e a inova\u00e7\u00e3o dos produtos artesanais, facilitando a entrada em mercados nacionais e internacionais, na cidade de Manaus, conforme Plano de Trabalho;<br><strong>Valor da Parceria:&nbsp;<\/strong>R$ 56.000,00 (cinquenta e seis mil reais);<br><strong>Data prevista para presta\u00e7\u00e3o de contas:&nbsp;<\/strong>at\u00e9 29\/03\/2022.<br><strong>Processo SIGED<\/strong>: 2019.14000.14010.0.000142.<\/p>\n\n\n\n<h3 class=\"wp-block-heading\"><a href=\"https:\/\/www.manaus.am.gov.br\/semtepi\/wp-content\/uploads\/sites\/20\/2023\/04\/Termo-de-Colaboracao-no-004-2019-Plano-de-Trabalho.pdf\" target=\"_blank\" rel=\"noreferrer noopener\">Termo de Colabora\u00e7\u00e3o n\u00ba 004-2019 \u2013 Plano de Trabalho<\/a><\/h3>\n\n\n\n<p> <\/p>\n\n\n\n<p><strong>Termo de Colabora\u00e7\u00e3o n\u00ba 005\/2019 \u2013 SEMTEPI<\/strong><br><strong>Data de assinatura:<\/strong>&nbsp;27\/12\/2019;<br><strong>OSC:<\/strong>&nbsp;Instituto de Desenvolvimento Tecnol\u00f3gico \u2013 INDT;<br><strong>CNPJ:<\/strong>&nbsp;04.802.134\/0002-68;<br><strong>Objeto:<\/strong>&nbsp;O presente termo decorrente do Edital de Chamamento P\u00fablico n\u00ba 001\/2019-SEMTEPI tem por objeto promover a execu\u00e7\u00e3o do Projeto \u201cSINE Jovem\u201d, referente ao Lote 06 \u2013 Economia Criativa, com a finalidade de capacitar 230 (duzentos e trinta) jovens no segmento de economia criativa, a fim de promover a gera\u00e7\u00e3o de emprego e renda e a cultura empreendedora na cidade de Manaus, conforme Plano de Trabalho;<br><strong>Valor da Parceria:&nbsp;<\/strong>R$ 40.000,00 (quarenta mil reais);<br><strong>Presta\u00e7\u00e3o de contas entregue em:&nbsp;<\/strong>30\/04\/2021.<br><strong>Prazo para an\u00e1lise:<\/strong>&nbsp;at\u00e9 27\/09\/2021.<br><strong>Emiss\u00e3o do Parecer:&nbsp;<\/strong>24\/09\/2021<br><strong>Encaminhado para CGM em:<\/strong>&nbsp;30\/09\/2021.<br><strong>Processo SIGED<\/strong>: 2019.14000.14010.0.000142.<\/p>\n\n\n\n<h3 class=\"wp-block-heading\"><a href=\"https:\/\/www.manaus.am.gov.br\/semtepi\/wp-content\/uploads\/sites\/20\/2023\/04\/Termo-de-Colaboracao-no-005-2019-Plano-de-Trabalho.pdf\" target=\"_blank\" rel=\"noreferrer noopener\">Termo de Colabora\u00e7\u00e3o n\u00ba 005-2019 \u2013 Plano de Trabalho<\/a><\/h3>\n","protected":false},"excerpt":{"rendered":"","protected":false},"author":27,"featured_media":0,"parent":360,"menu_order":4,"comment_status":"closed","ping_status":"closed","template":"templates\/turismo.php","meta":{"footnotes":""},"acf":[],"yoast_head":"<!-- This site is optimized with the Yoast SEO plugin v23.0 - https:\/\/yoast.com\/wordpress\/plugins\/seo\/ -->\n<title>2019 - SEMTEPI<\/title>\n<meta name=\"robots\" content=\"noindex, follow\" \/>\n<meta property=\"og:locale\" content=\"pt_BR\" \/>\n<meta property=\"og:type\" content=\"article\" \/>\n<meta property=\"og:title\" content=\"2019 - SEMTEPI\" \/>\n<meta property=\"og:url\" content=\"https:\/\/www.manaus.am.gov.br\/semtepi\/parcerias\/2019-2\/\" \/>\n<meta property=\"og:site_name\" content=\"SEMTEPI\" \/>\n<meta property=\"article:modified_time\" content=\"2023-04-28T20:42:37+00:00\" \/>\n<meta property=\"og:image\" content=\"https:\/\/www.manaus.am.gov.br\/semtepi\/wp-content\/uploads\/sites\/20\/2024\/07\/thumb-default-2.png\" \/>\n\t<meta property=\"og:image:width\" content=\"966\" \/>\n\t<meta property=\"og:image:height\" content=\"520\" \/>\n\t<meta property=\"og:image:type\" content=\"image\/png\" \/>\n<meta name=\"twitter:card\" content=\"summary_large_image\" \/>\n<meta name=\"twitter:label1\" content=\"Est. reading time\" \/>\n\t<meta name=\"twitter:data1\" content=\"4 minutos\" \/>\n<script type=\"application\/ld+json\" class=\"yoast-schema-graph\">{\"@context\":\"https:\/\/schema.org\",\"@graph\":[{\"@type\":\"WebPage\",\"@id\":\"https:\/\/www.manaus.am.gov.br\/semtepi\/parcerias\/2019-2\/\",\"url\":\"https:\/\/www.manaus.am.gov.br\/semtepi\/parcerias\/2019-2\/\",\"name\":\"2019 - SEMTEPI\",\"isPartOf\":{\"@id\":\"https:\/\/www.manaus.am.gov.br\/semtepi\/#website\"},\"datePublished\":\"2023-04-20T13:54:09+00:00\",\"dateModified\":\"2023-04-28T20:42:37+00:00\",\"breadcrumb\":{\"@id\":\"https:\/\/www.manaus.am.gov.br\/semtepi\/parcerias\/2019-2\/#breadcrumb\"},\"inLanguage\":\"pt-BR\",\"potentialAction\":[{\"@type\":\"ReadAction\",\"target\":[\"https:\/\/www.manaus.am.gov.br\/semtepi\/parcerias\/2019-2\/\"]}]},{\"@type\":\"BreadcrumbList\",\"@id\":\"https:\/\/www.manaus.am.gov.br\/semtepi\/parcerias\/2019-2\/#breadcrumb\",\"itemListElement\":[{\"@type\":\"ListItem\",\"position\":1,\"name\":\"Home\",\"item\":\"https:\/\/www.manaus.am.gov.br\/semtepi\/\"},{\"@type\":\"ListItem\",\"position\":2,\"name\":\"Parcerias\",\"item\":\"https:\/\/www.manaus.am.gov.br\/semtepi\/parcerias\/\"},{\"@type\":\"ListItem\",\"position\":3,\"name\":\"2019\"}]},{\"@type\":\"WebSite\",\"@id\":\"https:\/\/www.manaus.am.gov.br\/semtepi\/#website\",\"url\":\"https:\/\/www.manaus.am.gov.br\/semtepi\/\",\"name\":\"SEMTEPI\",\"description\":\"Prefeitura de Manaus\",\"publisher\":{\"@id\":\"https:\/\/www.manaus.am.gov.br\/semtepi\/#organization\"},\"alternateName\":\"Secretaria Municipal do Trabalho, Empreendedorismo e Inova\u00e7\u00e3o\",\"potentialAction\":[{\"@type\":\"SearchAction\",\"target\":{\"@type\":\"EntryPoint\",\"urlTemplate\":\"https:\/\/www.manaus.am.gov.br\/semtepi\/?s={search_term_string}\"},\"query-input\":\"required name=search_term_string\"}],\"inLanguage\":\"pt-BR\"},{\"@type\":\"Organization\",\"@id\":\"https:\/\/www.manaus.am.gov.br\/semtepi\/#organization\",\"name\":\"Prefeitura Municipal de Manaus\",\"alternateName\":\"Prefeitura de Manaus\",\"url\":\"https:\/\/www.manaus.am.gov.br\/semtepi\/\",\"logo\":{\"@type\":\"ImageObject\",\"inLanguage\":\"pt-BR\",\"@id\":\"https:\/\/www.manaus.am.gov.br\/semtepi\/#\/schema\/logo\/image\/\",\"url\":\"https:\/\/www.manaus.am.gov.br\/semtepi\/wp-content\/uploads\/sites\/20\/2024\/07\/favicon.png\",\"contentUrl\":\"https:\/\/www.manaus.am.gov.br\/semtepi\/wp-content\/uploads\/sites\/20\/2024\/07\/favicon.png\",\"width\":300,\"height\":300,\"caption\":\"Prefeitura Municipal de Manaus\"},\"image\":{\"@id\":\"https:\/\/www.manaus.am.gov.br\/semtepi\/#\/schema\/logo\/image\/\"}}]}<\/script>\n<!-- \/ Yoast SEO plugin. -->","yoast_head_json":{"title":"2019 - SEMTEPI","robots":{"index":"noindex","follow":"follow"},"og_locale":"pt_BR","og_type":"article","og_title":"2019 - SEMTEPI","og_url":"https:\/\/www.manaus.am.gov.br\/semtepi\/parcerias\/2019-2\/","og_site_name":"SEMTEPI","article_modified_time":"2023-04-28T20:42:37+00:00","og_image":[{"width":966,"height":520,"url":"https:\/\/www.manaus.am.gov.br\/semtepi\/wp-content\/uploads\/sites\/20\/2024\/07\/thumb-default-2.png","type":"image\/png"}],"twitter_card":"summary_large_image","twitter_misc":{"Est. reading time":"4 minutos"},"schema":{"@context":"https:\/\/schema.org","@graph":[{"@type":"WebPage","@id":"https:\/\/www.manaus.am.gov.br\/semtepi\/parcerias\/2019-2\/","url":"https:\/\/www.manaus.am.gov.br\/semtepi\/parcerias\/2019-2\/","name":"2019 - SEMTEPI","isPartOf":{"@id":"https:\/\/www.manaus.am.gov.br\/semtepi\/#website"},"datePublished":"2023-04-20T13:54:09+00:00","dateModified":"2023-04-28T20:42:37+00:00","breadcrumb":{"@id":"https:\/\/www.manaus.am.gov.br\/semtepi\/parcerias\/2019-2\/#breadcrumb"},"inLanguage":"pt-BR","potentialAction":[{"@type":"ReadAction","target":["https:\/\/www.manaus.am.gov.br\/semtepi\/parcerias\/2019-2\/"]}]},{"@type":"BreadcrumbList","@id":"https:\/\/www.manaus.am.gov.br\/semtepi\/parcerias\/2019-2\/#breadcrumb","itemListElement":[{"@type":"ListItem","position":1,"name":"Home","item":"https:\/\/www.manaus.am.gov.br\/semtepi\/"},{"@type":"ListItem","position":2,"name":"Parcerias","item":"https:\/\/www.manaus.am.gov.br\/semtepi\/parcerias\/"},{"@type":"ListItem","position":3,"name":"2019"}]},{"@type":"WebSite","@id":"https:\/\/www.manaus.am.gov.br\/semtepi\/#website","url":"https:\/\/www.manaus.am.gov.br\/semtepi\/","name":"SEMTEPI","description":"Prefeitura de Manaus","publisher":{"@id":"https:\/\/www.manaus.am.gov.br\/semtepi\/#organization"},"alternateName":"Secretaria Municipal do Trabalho, Empreendedorismo e Inova\u00e7\u00e3o","potentialAction":[{"@type":"SearchAction","target":{"@type":"EntryPoint","urlTemplate":"https:\/\/www.manaus.am.gov.br\/semtepi\/?s={search_term_string}"},"query-input":"required name=search_term_string"}],"inLanguage":"pt-BR"},{"@type":"Organization","@id":"https:\/\/www.manaus.am.gov.br\/semtepi\/#organization","name":"Prefeitura Municipal de Manaus","alternateName":"Prefeitura de Manaus","url":"https:\/\/www.manaus.am.gov.br\/semtepi\/","logo":{"@type":"ImageObject","inLanguage":"pt-BR","@id":"https:\/\/www.manaus.am.gov.br\/semtepi\/#\/schema\/logo\/image\/","url":"https:\/\/www.manaus.am.gov.br\/semtepi\/wp-content\/uploads\/sites\/20\/2024\/07\/favicon.png","contentUrl":"https:\/\/www.manaus.am.gov.br\/semtepi\/wp-content\/uploads\/sites\/20\/2024\/07\/favicon.png","width":300,"height":300,"caption":"Prefeitura Municipal de Manaus"},"image":{"@id":"https:\/\/www.manaus.am.gov.br\/semtepi\/#\/schema\/logo\/image\/"}}]}},"_links":{"self":[{"href":"https:\/\/www.manaus.am.gov.br\/semtepi\/wp-json\/wp\/v2\/pages\/364"}],"collection":[{"href":"https:\/\/www.manaus.am.gov.br\/semtepi\/wp-json\/wp\/v2\/pages"}],"about":[{"href":"https:\/\/www.manaus.am.gov.br\/semtepi\/wp-json\/wp\/v2\/types\/page"}],"author":[{"embeddable":true,"href":"https:\/\/www.manaus.am.gov.br\/semtepi\/wp-json\/wp\/v2\/users\/27"}],"replies":[{"embeddable":true,"href":"https:\/\/www.manaus.am.gov.br\/semtepi\/wp-json\/wp\/v2\/comments?post=364"}],"version-history":[{"count":5,"href":"https:\/\/www.manaus.am.gov.br\/semtepi\/wp-json\/wp\/v2\/pages\/364\/revisions"}],"predecessor-version":[{"id":1692,"href":"https:\/\/www.manaus.am.gov.br\/semtepi\/wp-json\/wp\/v2\/pages\/364\/revisions\/1692"}],"up":[{"embeddable":true,"href":"https:\/\/www.manaus.am.gov.br\/semtepi\/wp-json\/wp\/v2\/pages\/360"}],"wp:attachment":[{"href":"https:\/\/www.manaus.am.gov.br\/semtepi\/wp-json\/wp\/v2\/media?parent=364"}],"curies":[{"name":"wp","href":"https:\/\/api.w.org\/{rel}","templated":true}]}}