{"id":270,"date":"2023-04-19T20:37:20","date_gmt":"2023-04-20T00:37:20","guid":{"rendered":"https:\/\/www.manaus.am.gov.br\/semtepi\/?page_id=270"},"modified":"2025-04-15T16:11:43","modified_gmt":"2025-04-15T20:11:43","slug":"contato","status":"publish","type":"page","link":"https:\/\/www.manaus.am.gov.br\/semtepi\/a-semtepi\/contato\/","title":{"rendered":"Contato"},"content":{"rendered":"\n<p><strong>SECRETARIA MUNICIPAL DO TRABALHO, EMPREENDEDORISMO E INOVA\u00c7\u00c3O (SEMTEPI)<\/strong><\/p>\n\n\n\n<p><strong>Endere\u00e7o:<\/strong>\u00a0Rua Rio Jamary, n\u00ba 77, Conjunto Vieiralves, bairro Nossa Senhora das Gra\u00e7as (zona Centro-Sul)<br><strong>Hor\u00e1rio de Funcionamento:<\/strong>\u00a0de segunda a sexta-feira, de 8h \u00e0s 14h<br><strong>Contato:<\/strong>\u00a0<a href=\"callto:(92) 98842-7259\">(92) 98842-7259<\/a><br><strong>E-mail:<\/strong>\u00a0<a href=\"mailto:comunicacao.semtepi@gmail.com\" target=\"_blank\" rel=\"noreferrer noopener\">comunicacao.semtepi@gmail.com<\/a><\/p>\n\n\n\n<p><\/p>\n\n\n\n<h3 class=\"wp-block-heading\">SINE MANAUS<\/h3>\n\n\n\n<p><strong>Posto Constantino Nery<\/strong><\/p>\n\n\n\n<p><strong>Endere\u00e7o:<\/strong>\u00a0Avenida Constantino Nery, n\u00ba 1.272 \u2013 S\u00e3o Geraldo (zona Centro-Sul)<br><strong>Hor\u00e1rio de Funcionamento:<\/strong>\u00a0de segunda a sexta-feira, de 8h \u00e0s 14h<br><strong>Servi\u00e7os:<\/strong>\u00a0Cadastro para vagas de emprego, emiss\u00e3o de Seguro-Desemprego e orienta\u00e7\u00e3o para CTPS Digital.<br><strong>Contato:<\/strong>\u00a0<a href=\"callto:(92) 99163-8430\">(92) 99163-8430<\/a> e (92)988552187<br><strong>E-mail:<\/strong> <a href=\"mailto:diretoria.sinemanaus@gmail.com\" target=\"_blank\" rel=\"noreferrer noopener\">diretoria.sinemanaus@gmail.com<\/a><\/p>\n\n\n\n<p><\/p>\n\n\n\n<h3 class=\"wp-block-heading\">Shopping Phelippe Daou<\/h3>\n\n\n\n<p><strong>Endere\u00e7o:<\/strong>\u00a0Avenida Camapu\u00e3, n\u00ba 2.939, bairro Cidade de Deus (zona Norte)<br><strong>Hor\u00e1rio de Funcionamento:<\/strong>\u00a0de segunda a sexta-feira, de 8h \u00e0s 14h<br><strong>Servi\u00e7os:<\/strong>\u00a0Cadastro para vagas de emprego, emiss\u00e3o de Seguro-desemprego e orienta\u00e7\u00e3o para CTPS Digital.<br><strong>Contato:<\/strong>\u00a0<a href=\"callto:(92) 98842-7259\">(92) 98842-7259<\/a><br><strong>E-mail: <\/strong><a href=\"mailto:diretoria.sinemanaus@gmail.com\" target=\"_blank\" rel=\"noreferrer noopener\">diretoria.sinemanaus@gmail.com<\/a><\/p>\n\n\n\n<p><\/p>\n\n\n\n<h3 class=\"wp-block-heading\">CASAR\u00c3O DA INOVA\u00c7\u00c3O CASSINA<\/h3>\n\n\n\n<p><strong>Endere\u00e7o:<\/strong>\u00a0Rua Bernardo Ramos, n\u00ba 290, Centro (zona Sul)<br><strong>Hor\u00e1rio de Funcionamento:<\/strong>\u00a0de segunda a sexta-feira, de 9h \u00e0s 17h<br><strong>Servi\u00e7os:<\/strong>\u00a0Espa\u00e7o Coworking; Escrit\u00f3rios privados; Salas de reuni\u00f5es e treinamentos.<br><strong>Contato<\/strong>: <a href=\"callto:(92) 9962-4226\">(92) 9962-4226<\/a><br><strong>E-mail: <\/strong><a href=\"mailto:cassinacasaraodainovacao@gmail.com\" target=\"_blank\" rel=\"noreferrer noopener\">cassinacasaraodainovacao@gmail.com<\/a><\/p>\n\n\n\n<p><\/p>\n\n\n\n<h3 class=\"wp-block-heading\">DISTRITO DE MICRO E PEQUENAS EMPRESAS<\/h3>\n\n\n\n<p><strong>Endere\u00e7o:<\/strong>\u00a0Rua Pr\u00edmula, bairro Distrito Industrial II (zona Leste)<br><strong>Hor\u00e1rio de Funcionamento:<\/strong>\u00a0de segunda a sexta-feira, de 8h \u00e0s 14h<br><strong>Contato:<\/strong>\u00a0<a href=\"callto:(92) 98842-7259\">(92) 98842-7259<\/a><br><strong>E-mail:<\/strong> <a href=\"mailto:dimicro.semtepi.manaus@gmail.com\" target=\"_blank\" rel=\"noreferrer noopener\">dimicro.semtepi.manaus@gmail.com<\/a><\/p>\n\n\n\n<p><\/p>\n\n\n\n<h3 class=\"wp-block-heading\">CASA DE PRAIA ZEZINHO CORR\u00caA<\/h3>\n\n\n\n<p><strong>Endere\u00e7o:<\/strong>\u00a0Complexo Tur\u00edstico da Ponta Negra<br><strong>Hor\u00e1rio de Funcionamento:<\/strong>\u00a0de segunda-feira a s\u00e1bado, das 11h30 \u00e0s 23h; e domingo, das 7h \u00e0s 23h<br><strong>Servi\u00e7os:<\/strong>\u00a0Exposi\u00e7\u00e3o e Venda de Artesanato; Atra\u00e7\u00f5es Art\u00edsticas; \u00c1rea Gastron\u00f4mica e Playground.<br><strong>Contato:<\/strong>\u00a0<a href=\"callto:(92) 98842-7259\">(92) 98842-7259<\/a><br><strong>E-mail: <\/strong><a href=\"mailto:comunicacao.semtepi@gmail.com\" target=\"_blank\" rel=\"noreferrer noopener\">comunicacao.semtepi@gmail.com<\/a><\/p>\n\n\n\n<p><\/p>\n\n\n\n<h3 class=\"wp-block-heading\">GALERIA POPULAR ESP\u00cdRITO SANTO<\/h3>\n\n\n\n<p><strong>Endere\u00e7o:<\/strong>\u00a0Rua 24 de Maio com a Joaquim Sarmento, Centro, zona Sul<br><strong>Hor\u00e1rio de Funcionamento:<\/strong>\u00a0de segunda-feira a s\u00e1bado, das 8h \u00e0s 17h<br><strong>Servi\u00e7os:<\/strong>\u00a0Centro Comercial; Pra\u00e7a de Alimenta\u00e7\u00e3o; Servi\u00e7os de Atendimento ao Cidad\u00e3o<br><strong>Contato:<\/strong>\u00a0<a href=\"callto:(92) 98842-7259\">(92) 98842-7259<\/a><br><strong>E-mail: <\/strong><a href=\"mailto:comunicacao.semtepi@gmail.com\" target=\"_blank\" rel=\"noreferrer noopener\">comunicacao.semtepi@gmail.com<\/a><\/p>\n\n\n\n<p><\/p>\n\n\n\n<h3 class=\"wp-block-heading\">GALERIA POPULAR DOS REM\u00c9DIOS<\/h3>\n\n\n\n<p><strong>Endere\u00e7o:<\/strong>\u00a0Rua Miranda Le\u00e3o, Centro, zona Sul<br><strong>Hor\u00e1rio de Funcionamento:<\/strong>\u00a0de segunda-feira a s\u00e1bado, das 8h \u00e0s 17h<br><strong>Servi\u00e7os:<\/strong>\u00a0Centro Comercial; Pra\u00e7a de Alimenta\u00e7\u00e3o; Servi\u00e7os de Atendimento ao Cidad\u00e3o<br><strong>Contato:<\/strong>\u00a0<a href=\"callto:(92) 98842-7259\">(92) 98842-7259<\/a><br><strong>E-mail: <\/strong><a href=\"mailto:comunicacao.semtepi@gmail.com\" target=\"_blank\" rel=\"noreferrer noopener\">comunicacao.semtepi@gmail.com<\/a><\/p>\n\n\n\n<p><\/p>\n\n\n\n<h3 class=\"wp-block-heading\">SHOPPING PHELIPPE DAOU<\/h3>\n\n\n\n<p><strong>Endere\u00e7o:<\/strong>\u00a0Avenida Camapu\u00e3, n\u00ba 2.939, bairro Cidade de Deus (zona Norte)<br><strong>Hor\u00e1rio de Funcionamento:<\/strong>\u00a0de segunda-feira a s\u00e1bado, das 8h \u00e0s 17h<br><strong>Servi\u00e7os:<\/strong>\u00a0Centro Comercial; Pra\u00e7a de Alimenta\u00e7\u00e3o; Servi\u00e7os de Atendimento ao Cidad\u00e3o; Sine Manaus; Central do Empreendedor<br><strong>Contato:<\/strong>\u00a0<a href=\"callto:(92) 98842-7259\">(92) 98842-7259<\/a><br><strong>E-mail:<\/strong> <a href=\"mailto:comunicacao.semtepi@gmail.com\" target=\"_blank\" rel=\"noreferrer noopener\">comunicacao.semtepi@gmail.com<\/a><\/p>\n","protected":false},"excerpt":{"rendered":"","protected":false},"author":27,"featured_media":0,"parent":172,"menu_order":8,"comment_status":"closed","ping_status":"closed","template":"templates\/turismo.php","meta":{"footnotes":""},"acf":[],"yoast_head":"<!-- This site is optimized with the Yoast SEO plugin v23.0 - https:\/\/yoast.com\/wordpress\/plugins\/seo\/ -->\n<title>Contato - SEMTEPI<\/title>\n<meta name=\"robots\" content=\"noindex, follow\" \/>\n<meta property=\"og:locale\" content=\"pt_BR\" \/>\n<meta property=\"og:type\" content=\"article\" \/>\n<meta property=\"og:title\" content=\"Contato - SEMTEPI\" \/>\n<meta property=\"og:url\" content=\"https:\/\/www.manaus.am.gov.br\/semtepi\/a-semtepi\/contato\/\" \/>\n<meta property=\"og:site_name\" content=\"SEMTEPI\" \/>\n<meta property=\"article:modified_time\" content=\"2025-04-15T20:11:43+00:00\" \/>\n<meta property=\"og:image\" content=\"https:\/\/www.manaus.am.gov.br\/semtepi\/wp-content\/uploads\/sites\/20\/2024\/07\/thumb-default-2.png\" \/>\n\t<meta property=\"og:image:width\" content=\"966\" \/>\n\t<meta property=\"og:image:height\" content=\"520\" \/>\n\t<meta property=\"og:image:type\" content=\"image\/png\" \/>\n<meta name=\"twitter:card\" content=\"summary_large_image\" \/>\n<meta name=\"twitter:label1\" content=\"Est. reading time\" \/>\n\t<meta name=\"twitter:data1\" content=\"3 minutos\" \/>\n<script type=\"application\/ld+json\" class=\"yoast-schema-graph\">{\"@context\":\"https:\/\/schema.org\",\"@graph\":[{\"@type\":\"WebPage\",\"@id\":\"https:\/\/www.manaus.am.gov.br\/semtepi\/a-semtepi\/contato\/\",\"url\":\"https:\/\/www.manaus.am.gov.br\/semtepi\/a-semtepi\/contato\/\",\"name\":\"Contato - SEMTEPI\",\"isPartOf\":{\"@id\":\"https:\/\/www.manaus.am.gov.br\/semtepi\/#website\"},\"datePublished\":\"2023-04-20T00:37:20+00:00\",\"dateModified\":\"2025-04-15T20:11:43+00:00\",\"breadcrumb\":{\"@id\":\"https:\/\/www.manaus.am.gov.br\/semtepi\/a-semtepi\/contato\/#breadcrumb\"},\"inLanguage\":\"pt-BR\",\"potentialAction\":[{\"@type\":\"ReadAction\",\"target\":[\"https:\/\/www.manaus.am.gov.br\/semtepi\/a-semtepi\/contato\/\"]}]},{\"@type\":\"BreadcrumbList\",\"@id\":\"https:\/\/www.manaus.am.gov.br\/semtepi\/a-semtepi\/contato\/#breadcrumb\",\"itemListElement\":[{\"@type\":\"ListItem\",\"position\":1,\"name\":\"Home\",\"item\":\"https:\/\/www.manaus.am.gov.br\/semtepi\/\"},{\"@type\":\"ListItem\",\"position\":2,\"name\":\"A Semtepi\",\"item\":\"https:\/\/www.manaus.am.gov.br\/semtepi\/a-semtepi\/\"},{\"@type\":\"ListItem\",\"position\":3,\"name\":\"Contato\"}]},{\"@type\":\"WebSite\",\"@id\":\"https:\/\/www.manaus.am.gov.br\/semtepi\/#website\",\"url\":\"https:\/\/www.manaus.am.gov.br\/semtepi\/\",\"name\":\"SEMTEPI\",\"description\":\"Prefeitura de Manaus\",\"publisher\":{\"@id\":\"https:\/\/www.manaus.am.gov.br\/semtepi\/#organization\"},\"alternateName\":\"Secretaria Municipal do Trabalho, Empreendedorismo e Inova\u00e7\u00e3o\",\"potentialAction\":[{\"@type\":\"SearchAction\",\"target\":{\"@type\":\"EntryPoint\",\"urlTemplate\":\"https:\/\/www.manaus.am.gov.br\/semtepi\/?s={search_term_string}\"},\"query-input\":\"required name=search_term_string\"}],\"inLanguage\":\"pt-BR\"},{\"@type\":\"Organization\",\"@id\":\"https:\/\/www.manaus.am.gov.br\/semtepi\/#organization\",\"name\":\"Prefeitura Municipal de Manaus\",\"alternateName\":\"Prefeitura de Manaus\",\"url\":\"https:\/\/www.manaus.am.gov.br\/semtepi\/\",\"logo\":{\"@type\":\"ImageObject\",\"inLanguage\":\"pt-BR\",\"@id\":\"https:\/\/www.manaus.am.gov.br\/semtepi\/#\/schema\/logo\/image\/\",\"url\":\"https:\/\/www.manaus.am.gov.br\/semtepi\/wp-content\/uploads\/sites\/20\/2024\/07\/favicon.png\",\"contentUrl\":\"https:\/\/www.manaus.am.gov.br\/semtepi\/wp-content\/uploads\/sites\/20\/2024\/07\/favicon.png\",\"width\":300,\"height\":300,\"caption\":\"Prefeitura Municipal de Manaus\"},\"image\":{\"@id\":\"https:\/\/www.manaus.am.gov.br\/semtepi\/#\/schema\/logo\/image\/\"}}]}<\/script>\n<!-- \/ Yoast SEO plugin. -->","yoast_head_json":{"title":"Contato - SEMTEPI","robots":{"index":"noindex","follow":"follow"},"og_locale":"pt_BR","og_type":"article","og_title":"Contato - SEMTEPI","og_url":"https:\/\/www.manaus.am.gov.br\/semtepi\/a-semtepi\/contato\/","og_site_name":"SEMTEPI","article_modified_time":"2025-04-15T20:11:43+00:00","og_image":[{"width":966,"height":520,"url":"https:\/\/www.manaus.am.gov.br\/semtepi\/wp-content\/uploads\/sites\/20\/2024\/07\/thumb-default-2.png","type":"image\/png"}],"twitter_card":"summary_large_image","twitter_misc":{"Est. reading time":"3 minutos"},"schema":{"@context":"https:\/\/schema.org","@graph":[{"@type":"WebPage","@id":"https:\/\/www.manaus.am.gov.br\/semtepi\/a-semtepi\/contato\/","url":"https:\/\/www.manaus.am.gov.br\/semtepi\/a-semtepi\/contato\/","name":"Contato - SEMTEPI","isPartOf":{"@id":"https:\/\/www.manaus.am.gov.br\/semtepi\/#website"},"datePublished":"2023-04-20T00:37:20+00:00","dateModified":"2025-04-15T20:11:43+00:00","breadcrumb":{"@id":"https:\/\/www.manaus.am.gov.br\/semtepi\/a-semtepi\/contato\/#breadcrumb"},"inLanguage":"pt-BR","potentialAction":[{"@type":"ReadAction","target":["https:\/\/www.manaus.am.gov.br\/semtepi\/a-semtepi\/contato\/"]}]},{"@type":"BreadcrumbList","@id":"https:\/\/www.manaus.am.gov.br\/semtepi\/a-semtepi\/contato\/#breadcrumb","itemListElement":[{"@type":"ListItem","position":1,"name":"Home","item":"https:\/\/www.manaus.am.gov.br\/semtepi\/"},{"@type":"ListItem","position":2,"name":"A Semtepi","item":"https:\/\/www.manaus.am.gov.br\/semtepi\/a-semtepi\/"},{"@type":"ListItem","position":3,"name":"Contato"}]},{"@type":"WebSite","@id":"https:\/\/www.manaus.am.gov.br\/semtepi\/#website","url":"https:\/\/www.manaus.am.gov.br\/semtepi\/","name":"SEMTEPI","description":"Prefeitura de Manaus","publisher":{"@id":"https:\/\/www.manaus.am.gov.br\/semtepi\/#organization"},"alternateName":"Secretaria Municipal do Trabalho, Empreendedorismo e Inova\u00e7\u00e3o","potentialAction":[{"@type":"SearchAction","target":{"@type":"EntryPoint","urlTemplate":"https:\/\/www.manaus.am.gov.br\/semtepi\/?s={search_term_string}"},"query-input":"required name=search_term_string"}],"inLanguage":"pt-BR"},{"@type":"Organization","@id":"https:\/\/www.manaus.am.gov.br\/semtepi\/#organization","name":"Prefeitura Municipal de Manaus","alternateName":"Prefeitura de Manaus","url":"https:\/\/www.manaus.am.gov.br\/semtepi\/","logo":{"@type":"ImageObject","inLanguage":"pt-BR","@id":"https:\/\/www.manaus.am.gov.br\/semtepi\/#\/schema\/logo\/image\/","url":"https:\/\/www.manaus.am.gov.br\/semtepi\/wp-content\/uploads\/sites\/20\/2024\/07\/favicon.png","contentUrl":"https:\/\/www.manaus.am.gov.br\/semtepi\/wp-content\/uploads\/sites\/20\/2024\/07\/favicon.png","width":300,"height":300,"caption":"Prefeitura Municipal de Manaus"},"image":{"@id":"https:\/\/www.manaus.am.gov.br\/semtepi\/#\/schema\/logo\/image\/"}}]}},"_links":{"self":[{"href":"https:\/\/www.manaus.am.gov.br\/semtepi\/wp-json\/wp\/v2\/pages\/270"}],"collection":[{"href":"https:\/\/www.manaus.am.gov.br\/semtepi\/wp-json\/wp\/v2\/pages"}],"about":[{"href":"https:\/\/www.manaus.am.gov.br\/semtepi\/wp-json\/wp\/v2\/types\/page"}],"author":[{"embeddable":true,"href":"https:\/\/www.manaus.am.gov.br\/semtepi\/wp-json\/wp\/v2\/users\/27"}],"replies":[{"embeddable":true,"href":"https:\/\/www.manaus.am.gov.br\/semtepi\/wp-json\/wp\/v2\/comments?post=270"}],"version-history":[{"count":14,"href":"https:\/\/www.manaus.am.gov.br\/semtepi\/wp-json\/wp\/v2\/pages\/270\/revisions"}],"predecessor-version":[{"id":6158,"href":"https:\/\/www.manaus.am.gov.br\/semtepi\/wp-json\/wp\/v2\/pages\/270\/revisions\/6158"}],"up":[{"embeddable":true,"href":"https:\/\/www.manaus.am.gov.br\/semtepi\/wp-json\/wp\/v2\/pages\/172"}],"wp:attachment":[{"href":"https:\/\/www.manaus.am.gov.br\/semtepi\/wp-json\/wp\/v2\/media?parent=270"}],"curies":[{"name":"wp","href":"https:\/\/api.w.org\/{rel}","templated":true}]}}