{"id":251,"date":"2023-04-19T20:24:23","date_gmt":"2023-04-20T00:24:23","guid":{"rendered":"https:\/\/www.manaus.am.gov.br\/semtepi\/?page_id=251"},"modified":"2025-07-31T10:00:38","modified_gmt":"2025-07-31T14:00:38","slug":"editais","status":"publish","type":"page","link":"https:\/\/www.manaus.am.gov.br\/semtepi\/a-semtepi\/editais\/","title":{"rendered":"Editais"},"content":{"rendered":"\n<h2 class=\"wp-block-heading\">Editais<\/h2>\n\n\n\n<h3 class=\"wp-block-heading\"><a href=\"https:\/\/www.manaus.am.gov.br\/semtepi\/editais-2025\/\">EDITAIS 2025<\/a><\/h3>\n\n\n\n<h3 class=\"wp-block-heading\"><a href=\"https:\/\/www.manaus.am.gov.br\/semtepi\/editais-2024\/\">EDITAIS 2024<\/a><\/h3>\n\n\n\n<h3 class=\"wp-block-heading\"><a href=\"https:\/\/www.manaus.am.gov.br\/semtepi\/editais-2023\/\">EDITAIS 2023<\/a><\/h3>\n\n\n\n<h3 class=\"wp-block-heading\"><a href=\"https:\/\/www.manaus.am.gov.br\/semtepi\/editais-2022\/\">EDITAIS 2022<\/a><\/h3>\n\n\n\n<h3 class=\"wp-block-heading\"><a href=\"https:\/\/www.manaus.am.gov.br\/semtepi\/editais-2021\/\">EDITAIS 2021<\/a><\/h3>\n\n\n\n<h3 class=\"wp-block-heading\"><a href=\"https:\/\/www.manaus.am.gov.br\/semtepi\/editais-2020\/\">EDITAIS 2020<\/a><\/h3>\n\n\n\n<h3 class=\"wp-block-heading\"><a href=\"https:\/\/www.manaus.am.gov.br\/semtepi\/editais-2019\/\">EDITAIS 2019<\/a><\/h3>\n\n\n\n<h3 class=\"wp-block-heading\"><a href=\"https:\/\/www.manaus.am.gov.br\/semtepi\/editais-2018\/\">EDITAIS 2018<\/a><\/h3>\n\n\n\n<h3 class=\"wp-block-heading\"><a href=\"https:\/\/www.manaus.am.gov.br\/semtepi\/editais-2017\/\">EDITAIS 2017<\/a><\/h3>\n\n\n\n<h3 class=\"wp-block-heading\"><a href=\"https:\/\/www.manaus.am.gov.br\/semtepi\/editais-2016\/\">EDITAIS 2016<\/a><\/h3>\n\n\n\n<p><\/p>\n\n\n\n<h3 class=\"wp-block-heading\"><a href=\"https:\/\/www.manaus.am.gov.br\/semtepi\/wp-content\/uploads\/sites\/20\/2023\/04\/Manual-Prestacao-Contas-22.pdf\" target=\"_blank\" rel=\"noreferrer noopener\">MANUAL DE EXECU\u00c7\u00c3O F\u00cdSICO-FINANCEIRA E PRESTA\u00c7\u00c3O DE CONTAS SEMTEPI<\/a><\/h3>\n\n\n\n<h3 class=\"wp-block-heading\">FORMUL\u00c1RIOS DE PRESTA\u00c7\u00c3O DE CONTAS DOS EDITAIS DE CHAMAMENTO P\u00daBLICO<\/h3>\n\n\n\n<h2 class=\"wp-block-heading\">MODELOS DE DOCUMENTOS ANEXOS EDITAL<\/h2>\n\n\n\n<h3 class=\"wp-block-heading\"><a href=\"https:\/\/www.manaus.am.gov.br\/semtepi\/wp-content\/uploads\/sites\/20\/2023\/04\/Ficha-Cadastro.docx\" target=\"_blank\" rel=\"noreferrer noopener\">FICHA DE CADASTRO<\/a><\/h3>\n\n\n\n<h3 class=\"wp-block-heading\"><a href=\"https:\/\/www.manaus.am.gov.br\/semtepi\/wp-content\/uploads\/sites\/20\/2023\/04\/Relacao-de-Documentos.docx\" target=\"_blank\" rel=\"noreferrer noopener\">RELA\u00c7\u00c3O DE DOCUMENTOS INSTITUI\u00c7\u00d5ES<\/a><\/h3>\n\n\n\n<h3 class=\"wp-block-heading\"><a href=\"https:\/\/www.manaus.am.gov.br\/semtepi\/wp-content\/uploads\/sites\/20\/2023\/04\/Modelos-Declaracoes.docx\" target=\"_blank\" rel=\"noreferrer noopener\">MODELO DE DECLARA\u00c7\u00d5ES INSTITUI\u00c7\u00d5ES<\/a><\/h3>\n\n\n\n<h3 class=\"wp-block-heading\"><a href=\"https:\/\/www.manaus.am.gov.br\/semtepi\/wp-content\/uploads\/sites\/20\/2023\/04\/Relacao-Dirigentes-Entidades.docx\" target=\"_blank\" rel=\"noreferrer noopener\">RELA\u00c7\u00c3O DOS DIRIGENTES DA ENTIDADE<\/a><\/h3>\n\n\n\n<h3 class=\"wp-block-heading\"><a href=\"https:\/\/www.manaus.am.gov.br\/semtepi\/wp-content\/uploads\/sites\/20\/2023\/04\/Proposta-Plano-de-Trabalho.docx\" target=\"_blank\" rel=\"noreferrer noopener\">PROPOSTA PLANO DE TRABALHO<\/a><\/h3>\n\n\n\n<h3 class=\"wp-block-heading\"><a href=\"https:\/\/www.manaus.am.gov.br\/semtepi\/wp-content\/uploads\/sites\/20\/2023\/04\/Plano-de-Trabalho-Fumipeq.docx\" target=\"_blank\" rel=\"noreferrer noopener\">PROPOSTA PLANO DE TRABALHO FUMIPEQ<\/a><\/h3>\n\n\n\n<h3 class=\"wp-block-heading\"><a href=\"https:\/\/www.manaus.am.gov.br\/semtepi\/wp-content\/uploads\/sites\/20\/2023\/04\/Requerimento-proposta-habilitacao.docx\" target=\"_blank\" rel=\"noreferrer noopener\">REQUERIMENTO DE PROPOSTA E HABILITA\u00c7\u00c3O<\/a><\/h3>\n\n\n\n<h2 class=\"wp-block-heading\">LEGISLA\u00c7\u00c3O<\/h2>\n\n\n\n<h3 class=\"wp-block-heading\"><a href=\"https:\/\/www.manaus.am.gov.br\/semtepi\/wp-content\/uploads\/sites\/20\/2023\/04\/Portaria-No-012.2021.pdf\" target=\"_blank\" rel=\"noreferrer noopener\">PORTARIA N\u00ba 012.2021 \u2013 GESTOR DA PARCERIA \u2013 DOM 2016<\/a><\/h3>\n\n\n\n<h3 class=\"wp-block-heading\"><a href=\"https:\/\/www.manaus.am.gov.br\/semtepi\/wp-content\/uploads\/sites\/20\/2023\/04\/PORTARIA-No52.2022.pdf\" target=\"_blank\" rel=\"noreferrer noopener\">PORTARIA N\u00ba 052.2022 \u2013 COMISS\u00c3O T\u00c9CNICA MONITORAMENTO DIMICRO \u2013 DOM 5427<\/a><\/h3>\n\n\n\n<h3 class=\"wp-block-heading\"><a href=\"https:\/\/www.manaus.am.gov.br\/semtepi\/wp-content\/uploads\/sites\/20\/2023\/04\/PORTARIA-077.2022.pdf\" target=\"_blank\" rel=\"noreferrer noopener\">PORTARIA N\u00ba 077.2022 \u2013 COMISS\u00c3O DE SELE\u00c7\u00c3O \u2013 DOM 5466<\/a><\/h3>\n\n\n\n<h3 class=\"wp-block-heading\"><a href=\"https:\/\/www.manaus.am.gov.br\/semtepi\/wp-content\/uploads\/sites\/20\/2023\/04\/PORTARIA-085.2022.pdf\" target=\"_blank\" rel=\"noreferrer noopener\">PORTARIA N\u00ba 085.2022 \u2013 COMISS\u00c3O DE MONITORAMENTO \u2013 DOM 5475<\/a><\/h3>\n\n\n\n<h3 class=\"wp-block-heading\"><a href=\"https:\/\/www.manaus.am.gov.br\/semtepi\/wp-content\/uploads\/sites\/20\/2023\/04\/PORTARIA-001.2023-1.pdf\" target=\"_blank\" rel=\"noreferrer noopener\">PORTARIA N\u00ba 001.2023 \u2013 COMISS\u00c3O DE TOMADA DE CONTAS ESPECIAL \u2013 DOM 5507<\/a><\/h3>\n\n\n\n<h3 class=\"wp-block-heading\"><a href=\"https:\/\/www.manaus.am.gov.br\/semtepi\/wp-content\/uploads\/sites\/20\/2023\/04\/PORTARIA-009.2023.pdf\" target=\"_blank\" rel=\"noreferrer noopener\">PORTARIA N\u00ba 009.2023 \u2013 COMISS\u00c3O T\u00c9CNICA DE SELE\u00c7\u00c3O DO DIMICRO \u2013 DOM 5524<\/a><\/h3>\n\n\n\n<h3 class=\"wp-block-heading\"><a href=\"https:\/\/www.manaus.am.gov.br\/semtepi\/wp-content\/uploads\/sites\/20\/2023\/04\/PORTARIA-010.2023.pdf\" target=\"_blank\" rel=\"noreferrer noopener\">PORTARIA N\u00ba 010.2023 \u2013 COMISS\u00c3O DE SELE\u00c7\u00c3O \u2013 DOM 5524<\/a><\/h3>\n\n\n\n<h3 class=\"wp-block-heading\"><a href=\"https:\/\/www.manaus.am.gov.br\/semtepi\/wp-content\/uploads\/sites\/20\/2023\/04\/PORTARIA-16.2023.pdf\" target=\"_blank\" rel=\"noreferrer noopener\">PORTARIA N\u00ba 016.2023 \u2013 COMISS\u00c3O DE TOMADA DE CONTAS ESPECIAL \u2013 DOM 5542<\/a><\/h3>\n\n\n\n<h3 class=\"wp-block-heading\"><a href=\"https:\/\/www.manaus.am.gov.br\/semtepi\/wp-content\/uploads\/sites\/20\/2023\/04\/PORTARIA-17.2023.pdf\" target=\"_blank\" rel=\"noreferrer noopener\">PORTARIA N\u00ba 017.2023 \u2013 COMISS\u00c3O DE TOMADA DE CONTAS ESPECIAL \u2013 DOM 5542<\/a><\/h3>\n\n\n\n<h3 class=\"wp-block-heading\"><a href=\"https:\/\/www.manaus.am.gov.br\/semtepi\/wp-content\/uploads\/sites\/20\/2023\/04\/PORTARIA-18.2023.pdf\" target=\"_blank\" rel=\"noreferrer noopener\">PORTARIA N\u00ba 018.2023 \u2013 COMISS\u00c3O DE TOMADA DE CONTAS ESPECIAL \u2013 DOM 5542<\/a><\/h3>\n\n\n\n<h3 class=\"wp-block-heading\"><a href=\"https:\/\/www.manaus.am.gov.br\/semtepi\/wp-content\/uploads\/sites\/20\/2023\/04\/PORTARIA-19.2023.pdf\" target=\"_blank\" rel=\"noreferrer noopener\">PORTARIA N\u00ba 019.2023 \u2013 COMISS\u00c3O DE TOMADA DE CONTAS ESPECIAL \u2013 DOM 5542<\/a><\/h3>\n\n\n\n<h3 class=\"wp-block-heading\"><a href=\"https:\/\/www.manaus.am.gov.br\/semtepi\/wp-content\/uploads\/sites\/20\/2023\/04\/DECRETO-No-8.726.pdf\" target=\"_blank\" rel=\"noreferrer noopener\">DECRETO N\u00ba 8.726, DE 27 DE ABRIL DE 2016<\/a><\/h3>\n\n\n\n<h3 class=\"wp-block-heading\"><a href=\"https:\/\/www.manaus.am.gov.br\/semtepi\/wp-content\/uploads\/sites\/20\/2023\/04\/LEI-No-13.019.pdf\" target=\"_blank\" rel=\"noreferrer noopener\">LEI N\u00ba 13.019, DE 31 DE JULHO DE 2014<\/a><\/h3>\n\n\n\n<h3 class=\"wp-block-heading\"><a href=\"https:\/\/www.manaus.am.gov.br\/semtepi\/wp-content\/uploads\/sites\/20\/2023\/04\/LEI-No-13.204.pdf\" target=\"_blank\" rel=\"noreferrer noopener\">LEI N\u00ba 13.204, DE 14 DE DEZEMBRO DE 2015<\/a><\/h3>\n\n\n\n<h2 class=\"wp-block-heading\">TRANSPAR\u00caNCIA P\u00daBLICA<\/h2>\n\n\n\n<h3 class=\"wp-block-heading\"><a href=\"https:\/\/www.manaus.am.gov.br\/semtepi\/despachos-de-inexigibilidade-de-chamamento-publico-2021\/\" target=\"_blank\" rel=\"noreferrer noopener\">DESPACHOS DE INEXIGIBILIDADE DE CHAMAMENTO P\u00daBLICO 2021<\/a><\/h3>\n\n\n\n<h3 class=\"wp-block-heading\"><a href=\"https:\/\/www.manaus.am.gov.br\/semtepi\/despachos-de-inexigibilidade-de-chamamento-publico-2022\/\" target=\"_blank\" rel=\"noreferrer noopener\">DESPACHOS DE INEXIGIBILIDADE DE CHAMAMENTO P\u00daBLICO 2022<\/a><\/h3>\n\n\n\n<h2 class=\"wp-block-heading\">PRESTA\u00c7\u00c3O DE CONTAS<\/h2>\n\n\n\n<figure class=\"wp-block-image size-full\"><a href=\"https:\/\/www.manaus.am.gov.br\/semtepi\/wp-content\/uploads\/sites\/20\/2023\/04\/prestacao-de-contas-scaled-1.png\"><img loading=\"lazy\" decoding=\"async\" width=\"2000\" height=\"506\" src=\"https:\/\/www.manaus.am.gov.br\/semtepi\/wp-content\/uploads\/sites\/20\/2023\/04\/prestacao-de-contas-scaled-1.png\" alt=\"Presta\u00e7\u00e3o de contas\" class=\"wp-image-319\" srcset=\"https:\/\/www.manaus.am.gov.br\/semtepi\/wp-content\/uploads\/sites\/20\/2023\/04\/prestacao-de-contas-scaled-1.png 2000w, https:\/\/www.manaus.am.gov.br\/semtepi\/wp-content\/uploads\/sites\/20\/2023\/04\/prestacao-de-contas-scaled-1-300x76.png 300w, https:\/\/www.manaus.am.gov.br\/semtepi\/wp-content\/uploads\/sites\/20\/2023\/04\/prestacao-de-contas-scaled-1-1024x259.png 1024w, https:\/\/www.manaus.am.gov.br\/semtepi\/wp-content\/uploads\/sites\/20\/2023\/04\/prestacao-de-contas-scaled-1-768x194.png 768w, https:\/\/www.manaus.am.gov.br\/semtepi\/wp-content\/uploads\/sites\/20\/2023\/04\/prestacao-de-contas-scaled-1-1536x389.png 1536w\" sizes=\"(max-width: 2000px) 100vw, 2000px\" \/><\/a><\/figure>\n\n\n\n<h2 class=\"wp-block-heading\"><a href=\"https:\/\/www.manaus.am.gov.br\/semtepi\/wp-content\/uploads\/sites\/20\/2023\/04\/PORTARIA-001.2023.pdf\" target=\"_blank\" rel=\"noreferrer noopener\">PORTARIA N\u00ba 001.2023 \u2013 COMISS\u00c3O DE TOMADA DE CONTAS ESPECIAL \u2013 DOM 5507<\/a><\/h2>\n\n\n\n<h2 class=\"wp-block-heading\"><a href=\"https:\/\/www.manaus.am.gov.br\/semtepi\/wp-content\/uploads\/sites\/20\/2023\/04\/LOGOS-SEMTEPI.pdf\" target=\"_blank\" rel=\"noreferrer noopener\">LOGOMARCAS SEMTEPI E PREFEITURA<\/a><\/h2>\n\n\n\n<p><strong>Obs:<\/strong>&nbsp;Qualquer aplica\u00e7\u00e3o da marca em materiais institucionais precisa ser aprovado pela Semtepi antes de ser impresso ou divulgado. Favor consultar a Semtepi para isto.<\/p>\n","protected":false},"excerpt":{"rendered":"","protected":false},"author":27,"featured_media":0,"parent":172,"menu_order":5,"comment_status":"closed","ping_status":"closed","template":"templates\/turismo.php","meta":{"footnotes":""},"acf":[],"yoast_head":"<!-- This site is optimized with the Yoast SEO plugin v23.0 - https:\/\/yoast.com\/wordpress\/plugins\/seo\/ -->\n<title>Editais - SEMTEPI<\/title>\n<meta name=\"robots\" content=\"noindex, follow\" \/>\n<meta property=\"og:locale\" content=\"pt_BR\" \/>\n<meta property=\"og:type\" content=\"article\" \/>\n<meta property=\"og:title\" content=\"Editais - SEMTEPI\" \/>\n<meta property=\"og:url\" content=\"https:\/\/www.manaus.am.gov.br\/semtepi\/a-semtepi\/editais\/\" \/>\n<meta property=\"og:site_name\" content=\"SEMTEPI\" \/>\n<meta property=\"article:modified_time\" content=\"2025-07-31T14:00:38+00:00\" \/>\n<meta property=\"og:image\" content=\"https:\/\/www.manaus.am.gov.br\/semtepi\/wp-content\/uploads\/sites\/20\/2023\/04\/prestacao-de-contas-scaled-1.png\" \/>\n<meta name=\"twitter:card\" content=\"summary_large_image\" \/>\n<meta name=\"twitter:label1\" content=\"Est. reading time\" \/>\n\t<meta name=\"twitter:data1\" content=\"2 minutos\" \/>\n<script type=\"application\/ld+json\" class=\"yoast-schema-graph\">{\"@context\":\"https:\/\/schema.org\",\"@graph\":[{\"@type\":\"WebPage\",\"@id\":\"https:\/\/www.manaus.am.gov.br\/semtepi\/a-semtepi\/editais\/\",\"url\":\"https:\/\/www.manaus.am.gov.br\/semtepi\/a-semtepi\/editais\/\",\"name\":\"Editais - SEMTEPI\",\"isPartOf\":{\"@id\":\"https:\/\/www.manaus.am.gov.br\/semtepi\/#website\"},\"primaryImageOfPage\":{\"@id\":\"https:\/\/www.manaus.am.gov.br\/semtepi\/a-semtepi\/editais\/#primaryimage\"},\"image\":{\"@id\":\"https:\/\/www.manaus.am.gov.br\/semtepi\/a-semtepi\/editais\/#primaryimage\"},\"thumbnailUrl\":\"https:\/\/www.manaus.am.gov.br\/semtepi\/wp-content\/uploads\/sites\/20\/2023\/04\/prestacao-de-contas-scaled-1.png\",\"datePublished\":\"2023-04-20T00:24:23+00:00\",\"dateModified\":\"2025-07-31T14:00:38+00:00\",\"breadcrumb\":{\"@id\":\"https:\/\/www.manaus.am.gov.br\/semtepi\/a-semtepi\/editais\/#breadcrumb\"},\"inLanguage\":\"pt-BR\",\"potentialAction\":[{\"@type\":\"ReadAction\",\"target\":[\"https:\/\/www.manaus.am.gov.br\/semtepi\/a-semtepi\/editais\/\"]}]},{\"@type\":\"ImageObject\",\"inLanguage\":\"pt-BR\",\"@id\":\"https:\/\/www.manaus.am.gov.br\/semtepi\/a-semtepi\/editais\/#primaryimage\",\"url\":\"https:\/\/www.manaus.am.gov.br\/semtepi\/wp-content\/uploads\/sites\/20\/2023\/04\/prestacao-de-contas-scaled-1.png\",\"contentUrl\":\"https:\/\/www.manaus.am.gov.br\/semtepi\/wp-content\/uploads\/sites\/20\/2023\/04\/prestacao-de-contas-scaled-1.png\"},{\"@type\":\"BreadcrumbList\",\"@id\":\"https:\/\/www.manaus.am.gov.br\/semtepi\/a-semtepi\/editais\/#breadcrumb\",\"itemListElement\":[{\"@type\":\"ListItem\",\"position\":1,\"name\":\"Home\",\"item\":\"https:\/\/www.manaus.am.gov.br\/semtepi\/\"},{\"@type\":\"ListItem\",\"position\":2,\"name\":\"A Semtepi\",\"item\":\"https:\/\/www.manaus.am.gov.br\/semtepi\/a-semtepi\/\"},{\"@type\":\"ListItem\",\"position\":3,\"name\":\"Editais\"}]},{\"@type\":\"WebSite\",\"@id\":\"https:\/\/www.manaus.am.gov.br\/semtepi\/#website\",\"url\":\"https:\/\/www.manaus.am.gov.br\/semtepi\/\",\"name\":\"SEMTEPI\",\"description\":\"Prefeitura de Manaus\",\"publisher\":{\"@id\":\"https:\/\/www.manaus.am.gov.br\/semtepi\/#organization\"},\"alternateName\":\"Secretaria Municipal do Trabalho, Empreendedorismo e Inova\u00e7\u00e3o\",\"potentialAction\":[{\"@type\":\"SearchAction\",\"target\":{\"@type\":\"EntryPoint\",\"urlTemplate\":\"https:\/\/www.manaus.am.gov.br\/semtepi\/?s={search_term_string}\"},\"query-input\":\"required name=search_term_string\"}],\"inLanguage\":\"pt-BR\"},{\"@type\":\"Organization\",\"@id\":\"https:\/\/www.manaus.am.gov.br\/semtepi\/#organization\",\"name\":\"Prefeitura Municipal de Manaus\",\"alternateName\":\"Prefeitura de Manaus\",\"url\":\"https:\/\/www.manaus.am.gov.br\/semtepi\/\",\"logo\":{\"@type\":\"ImageObject\",\"inLanguage\":\"pt-BR\",\"@id\":\"https:\/\/www.manaus.am.gov.br\/semtepi\/#\/schema\/logo\/image\/\",\"url\":\"https:\/\/www.manaus.am.gov.br\/semtepi\/wp-content\/uploads\/sites\/20\/2024\/07\/favicon.png\",\"contentUrl\":\"https:\/\/www.manaus.am.gov.br\/semtepi\/wp-content\/uploads\/sites\/20\/2024\/07\/favicon.png\",\"width\":300,\"height\":300,\"caption\":\"Prefeitura Municipal de Manaus\"},\"image\":{\"@id\":\"https:\/\/www.manaus.am.gov.br\/semtepi\/#\/schema\/logo\/image\/\"}}]}<\/script>\n<!-- \/ Yoast SEO plugin. -->","yoast_head_json":{"title":"Editais - SEMTEPI","robots":{"index":"noindex","follow":"follow"},"og_locale":"pt_BR","og_type":"article","og_title":"Editais - SEMTEPI","og_url":"https:\/\/www.manaus.am.gov.br\/semtepi\/a-semtepi\/editais\/","og_site_name":"SEMTEPI","article_modified_time":"2025-07-31T14:00:38+00:00","og_image":[{"url":"https:\/\/www.manaus.am.gov.br\/semtepi\/wp-content\/uploads\/sites\/20\/2023\/04\/prestacao-de-contas-scaled-1.png"}],"twitter_card":"summary_large_image","twitter_misc":{"Est. reading time":"2 minutos"},"schema":{"@context":"https:\/\/schema.org","@graph":[{"@type":"WebPage","@id":"https:\/\/www.manaus.am.gov.br\/semtepi\/a-semtepi\/editais\/","url":"https:\/\/www.manaus.am.gov.br\/semtepi\/a-semtepi\/editais\/","name":"Editais - SEMTEPI","isPartOf":{"@id":"https:\/\/www.manaus.am.gov.br\/semtepi\/#website"},"primaryImageOfPage":{"@id":"https:\/\/www.manaus.am.gov.br\/semtepi\/a-semtepi\/editais\/#primaryimage"},"image":{"@id":"https:\/\/www.manaus.am.gov.br\/semtepi\/a-semtepi\/editais\/#primaryimage"},"thumbnailUrl":"https:\/\/www.manaus.am.gov.br\/semtepi\/wp-content\/uploads\/sites\/20\/2023\/04\/prestacao-de-contas-scaled-1.png","datePublished":"2023-04-20T00:24:23+00:00","dateModified":"2025-07-31T14:00:38+00:00","breadcrumb":{"@id":"https:\/\/www.manaus.am.gov.br\/semtepi\/a-semtepi\/editais\/#breadcrumb"},"inLanguage":"pt-BR","potentialAction":[{"@type":"ReadAction","target":["https:\/\/www.manaus.am.gov.br\/semtepi\/a-semtepi\/editais\/"]}]},{"@type":"ImageObject","inLanguage":"pt-BR","@id":"https:\/\/www.manaus.am.gov.br\/semtepi\/a-semtepi\/editais\/#primaryimage","url":"https:\/\/www.manaus.am.gov.br\/semtepi\/wp-content\/uploads\/sites\/20\/2023\/04\/prestacao-de-contas-scaled-1.png","contentUrl":"https:\/\/www.manaus.am.gov.br\/semtepi\/wp-content\/uploads\/sites\/20\/2023\/04\/prestacao-de-contas-scaled-1.png"},{"@type":"BreadcrumbList","@id":"https:\/\/www.manaus.am.gov.br\/semtepi\/a-semtepi\/editais\/#breadcrumb","itemListElement":[{"@type":"ListItem","position":1,"name":"Home","item":"https:\/\/www.manaus.am.gov.br\/semtepi\/"},{"@type":"ListItem","position":2,"name":"A Semtepi","item":"https:\/\/www.manaus.am.gov.br\/semtepi\/a-semtepi\/"},{"@type":"ListItem","position":3,"name":"Editais"}]},{"@type":"WebSite","@id":"https:\/\/www.manaus.am.gov.br\/semtepi\/#website","url":"https:\/\/www.manaus.am.gov.br\/semtepi\/","name":"SEMTEPI","description":"Prefeitura de Manaus","publisher":{"@id":"https:\/\/www.manaus.am.gov.br\/semtepi\/#organization"},"alternateName":"Secretaria Municipal do Trabalho, Empreendedorismo e Inova\u00e7\u00e3o","potentialAction":[{"@type":"SearchAction","target":{"@type":"EntryPoint","urlTemplate":"https:\/\/www.manaus.am.gov.br\/semtepi\/?s={search_term_string}"},"query-input":"required name=search_term_string"}],"inLanguage":"pt-BR"},{"@type":"Organization","@id":"https:\/\/www.manaus.am.gov.br\/semtepi\/#organization","name":"Prefeitura Municipal de Manaus","alternateName":"Prefeitura de Manaus","url":"https:\/\/www.manaus.am.gov.br\/semtepi\/","logo":{"@type":"ImageObject","inLanguage":"pt-BR","@id":"https:\/\/www.manaus.am.gov.br\/semtepi\/#\/schema\/logo\/image\/","url":"https:\/\/www.manaus.am.gov.br\/semtepi\/wp-content\/uploads\/sites\/20\/2024\/07\/favicon.png","contentUrl":"https:\/\/www.manaus.am.gov.br\/semtepi\/wp-content\/uploads\/sites\/20\/2024\/07\/favicon.png","width":300,"height":300,"caption":"Prefeitura Municipal de Manaus"},"image":{"@id":"https:\/\/www.manaus.am.gov.br\/semtepi\/#\/schema\/logo\/image\/"}}]}},"_links":{"self":[{"href":"https:\/\/www.manaus.am.gov.br\/semtepi\/wp-json\/wp\/v2\/pages\/251"}],"collection":[{"href":"https:\/\/www.manaus.am.gov.br\/semtepi\/wp-json\/wp\/v2\/pages"}],"about":[{"href":"https:\/\/www.manaus.am.gov.br\/semtepi\/wp-json\/wp\/v2\/types\/page"}],"author":[{"embeddable":true,"href":"https:\/\/www.manaus.am.gov.br\/semtepi\/wp-json\/wp\/v2\/users\/27"}],"replies":[{"embeddable":true,"href":"https:\/\/www.manaus.am.gov.br\/semtepi\/wp-json\/wp\/v2\/comments?post=251"}],"version-history":[{"count":26,"href":"https:\/\/www.manaus.am.gov.br\/semtepi\/wp-json\/wp\/v2\/pages\/251\/revisions"}],"predecessor-version":[{"id":6700,"href":"https:\/\/www.manaus.am.gov.br\/semtepi\/wp-json\/wp\/v2\/pages\/251\/revisions\/6700"}],"up":[{"embeddable":true,"href":"https:\/\/www.manaus.am.gov.br\/semtepi\/wp-json\/wp\/v2\/pages\/172"}],"wp:attachment":[{"href":"https:\/\/www.manaus.am.gov.br\/semtepi\/wp-json\/wp\/v2\/media?parent=251"}],"curies":[{"name":"wp","href":"https:\/\/api.w.org\/{rel}","templated":true}]}}