{"id":242,"date":"2023-04-19T19:57:14","date_gmt":"2023-04-19T23:57:14","guid":{"rendered":"https:\/\/www.manaus.am.gov.br\/semtepi\/?page_id=242"},"modified":"2023-05-25T16:20:09","modified_gmt":"2023-05-25T20:20:09","slug":"economia-solidaria-e-criativa","status":"publish","type":"page","link":"https:\/\/www.manaus.am.gov.br\/semtepi\/economia-solidaria-e-criativa\/","title":{"rendered":"ECONOMIA SOLID\u00c1RIA E CRIATIVA"},"content":{"rendered":"\n<p>A economia solid\u00e1ria e criativa se baseia na valoriza\u00e7\u00e3o do trabalho manual, na produ\u00e7\u00e3o sustent\u00e1vel e na promo\u00e7\u00e3o da inclus\u00e3o social. A Semtepi tem trabalhado intensamente para fortalecer esse setor, apoiando empreendedores locais, grupos de cooperativas, artes\u00e3os e demais profissionais engajados em atividades criativas.<\/p>\n\n\n\n<p>A secretaria oferece capacita\u00e7\u00e3o t\u00e9cnica e espa\u00e7os de comercializa\u00e7\u00e3o e apoio na gest\u00e3o dos neg\u00f3cios, possibilitando que empreendedores da economia solid\u00e1ria e criativa se desenvolvam de forma sustent\u00e1vel. Esse apoio tem se refletido em resultados concretos, como o significativo faturamento alcan\u00e7ado em um curto per\u00edodo de tempo.<\/p>\n\n\n\n<p>O sucesso desses empreendimentos \u00e9 resultado da combina\u00e7\u00e3o de talento, criatividade e suporte fornecido pela Semtepi. O faturamento expressivo n\u00e3o apenas demonstra o potencial dessas atividades, mas tamb\u00e9m evidencia o impacto positivo que a economia solid\u00e1ria e criativa pode ter na gera\u00e7\u00e3o de renda e na melhoria da qualidade de vida dos envolvidos.<\/p>\n\n\n\n<p>Os resultados positivos alcan\u00e7ados na \u00e1rea da economia solid\u00e1ria e criativa s\u00e3o motivo de orgulho e est\u00edmulo para continuar investindo nesse setor. Com uma vis\u00e3o de futuro, a secretaria segue empenhada em criar um ambiente favor\u00e1vel ao empreendedorismo, \u00e0 inova\u00e7\u00e3o e \u00e0 promo\u00e7\u00e3o de neg\u00f3cios.<\/p>\n\n\n\n<h3 class=\"wp-block-heading\"><a href=\"https:\/\/docs.google.com\/forms\/d\/e\/1FAIpQLSf4oLU5xNbcwhdUjXs6AInOu-pHfGqUMIBNcioFRzoX4YY29A\/viewform\" target=\"_blank\" rel=\"noreferrer noopener\">FORMUL\u00c1RIO PARA CADASTRO DE ARTES\u00c3OS<\/a> (Temporariamente suspenso)<\/h3>\n\n\n\n<h2 class=\"wp-block-heading\"><a href=\"https:\/\/portaldoartesanato.manaus.am.gov.br\/\" target=\"_blank\" rel=\"noreferrer noopener\">PORTAL DO ARTESANATO<\/a><\/h2>\n\n\n\n<p><\/p>\n\n\n\n<h2 class=\"wp-block-heading\">CART\u00c1LOGO DO ARTESANATO:<\/h2>\n\n\n\n<h3 class=\"wp-block-heading\"><a href=\"https:\/\/www.manaus.am.gov.br\/semtepi\/wp-content\/uploads\/sites\/20\/2023\/04\/6a-EDICAO-REVISTA-DO-ARTESANATO-MANAUARA-2020.pdf\" target=\"_blank\" rel=\"noreferrer noopener\">6\u00aa EDI\u00c7\u00c3O \u2013 REVISTA DO ARTESANATO \u2013 2020<\/a><\/h3>\n\n\n\n<h3 class=\"wp-block-heading\"><a href=\"https:\/\/www.manaus.am.gov.br\/semtepi\/wp-content\/uploads\/sites\/20\/2023\/04\/Catalogo-do-artesao-5a-edicao.pdf\" target=\"_blank\" rel=\"noreferrer noopener\">5\u00aa EDI\u00c7\u00c3O \u2013 CAT\u00c1LOGO DO ARTESANATO \u2013 2019<\/a><\/h3>\n\n\n\n<h3 class=\"wp-block-heading\"><a href=\"https:\/\/www.manaus.am.gov.br\/semtepi\/wp-content\/uploads\/sites\/20\/2023\/04\/Revista.4aEdicao.pdf\" target=\"_blank\" rel=\"noreferrer noopener\">4\u00aa EDI\u00c7\u00c3O \u2013 CAT\u00c1LOGO DO ARTESANATO \u2013 2018<\/a><\/h3>\n\n\n\n<h3 class=\"wp-block-heading\"><a href=\"https:\/\/www.manaus.am.gov.br\/semtepi\/wp-content\/uploads\/sites\/20\/2023\/04\/Revista.3aEdicao.pdf\" target=\"_blank\" rel=\"noreferrer noopener\">3\u00aa EDI\u00c7\u00c3O \u2013 CAT\u00c1LOGO DO ARTESANATO \u2013 2017<\/a><\/h3>\n\n\n\n<h3 class=\"wp-block-heading\"><a href=\"https:\/\/www.manaus.am.gov.br\/semtepi\/wp-content\/uploads\/sites\/20\/2023\/04\/Revista-FINAL-2.pdf\" target=\"_blank\" rel=\"noreferrer noopener\">2\u00aa EDI\u00c7\u00c3O&nbsp; \u2013 CAT\u00c1LOGO DO ARTESANATO \u2013 2016<\/a><\/h3>\n\n\n\n<h3 class=\"wp-block-heading\"><a href=\"https:\/\/www.manaus.am.gov.br\/semtepi\/wp-content\/uploads\/sites\/20\/2023\/04\/Artesanato-Economia-Solidaria-2014.pdf\" target=\"_blank\" rel=\"noreferrer noopener\">1\u00aa EDI\u00c7\u00c3O&nbsp; \u2013 CAT\u00c1LOGO DO ARTESANATO \u2013 2015<\/a><\/h3>\n\n\n\n<p><\/p>\n\n\n\n<h2 class=\"wp-block-heading\">RELAT\u00d3RIOS ANUAIS:<\/h2>\n\n\n\n<p><strong>RELAT\u00d3RIO GERAL \u2013 2020 (o departamento n\u00e3o realizou atividades em virtude da pandemia)<\/strong><\/p>\n\n\n\n<h3 class=\"wp-block-heading\"><a href=\"https:\/\/www.manaus.am.gov.br\/semtepi\/wp-content\/uploads\/sites\/20\/2023\/04\/01_Relatorio-Final-de-2019_DESC.pdf\" target=\"_blank\" rel=\"noreferrer noopener\">RELAT\u00d3RIO GERAL \u2013 2019<\/a><\/h3>\n\n\n\n<h3 class=\"wp-block-heading\"><a href=\"https:\/\/www.manaus.am.gov.br\/semtepi\/wp-content\/uploads\/sites\/20\/2023\/04\/Economia-Solidaria-e-Criativa-Relatorio-Final-Gestao-2018.pdf\" target=\"_blank\" rel=\"noreferrer noopener\">RELAT\u00d3RIO GERAL \u2013 2018<\/a><\/h3>\n\n\n\n<h3 class=\"wp-block-heading\"><a href=\"https:\/\/www.manaus.am.gov.br\/semtepi\/wp-content\/uploads\/sites\/20\/2023\/04\/Relatorio-2017-Economia-Solidaria-DES-SEMTRAD-1.pdf\" target=\"_blank\" rel=\"noreferrer noopener\">RELAT\u00d3RIO GERAL \u2013 2017<\/a><\/h3>\n\n\n\n<p><\/p>\n\n\n\n<p><\/p>\n\n\n\n<p><\/p>\n\n\n\n<p><\/p>\n\n\n\n<p><\/p>\n\n\n\n<p><\/p>\n\n\n\n<p><\/p>\n","protected":false},"excerpt":{"rendered":"","protected":false},"author":27,"featured_media":0,"parent":0,"menu_order":0,"comment_status":"closed","ping_status":"closed","template":"templates\/prefeitura.php","meta":{"footnotes":""},"acf":[],"yoast_head":"<!-- This site is optimized with the Yoast SEO plugin v23.0 - https:\/\/yoast.com\/wordpress\/plugins\/seo\/ -->\n<title>ECONOMIA SOLID\u00c1RIA E CRIATIVA - SEMTEPI<\/title>\n<meta name=\"robots\" content=\"noindex, follow\" \/>\n<meta property=\"og:locale\" content=\"pt_BR\" \/>\n<meta property=\"og:type\" content=\"article\" \/>\n<meta property=\"og:title\" content=\"ECONOMIA SOLID\u00c1RIA E CRIATIVA - SEMTEPI\" \/>\n<meta property=\"og:url\" content=\"https:\/\/www.manaus.am.gov.br\/semtepi\/economia-solidaria-e-criativa\/\" \/>\n<meta property=\"og:site_name\" content=\"SEMTEPI\" \/>\n<meta property=\"article:modified_time\" content=\"2023-05-25T20:20:09+00:00\" \/>\n<meta property=\"og:image\" content=\"https:\/\/www.manaus.am.gov.br\/semtepi\/wp-content\/uploads\/sites\/20\/2024\/07\/thumb-default-2.png\" \/>\n\t<meta property=\"og:image:width\" content=\"966\" \/>\n\t<meta property=\"og:image:height\" content=\"520\" \/>\n\t<meta property=\"og:image:type\" content=\"image\/png\" \/>\n<meta name=\"twitter:card\" content=\"summary_large_image\" \/>\n<meta name=\"twitter:label1\" content=\"Est. reading time\" \/>\n\t<meta name=\"twitter:data1\" content=\"2 minutos\" \/>\n<script type=\"application\/ld+json\" class=\"yoast-schema-graph\">{\"@context\":\"https:\/\/schema.org\",\"@graph\":[{\"@type\":\"WebPage\",\"@id\":\"https:\/\/www.manaus.am.gov.br\/semtepi\/economia-solidaria-e-criativa\/\",\"url\":\"https:\/\/www.manaus.am.gov.br\/semtepi\/economia-solidaria-e-criativa\/\",\"name\":\"ECONOMIA SOLID\u00c1RIA E CRIATIVA - SEMTEPI\",\"isPartOf\":{\"@id\":\"https:\/\/www.manaus.am.gov.br\/semtepi\/#website\"},\"datePublished\":\"2023-04-19T23:57:14+00:00\",\"dateModified\":\"2023-05-25T20:20:09+00:00\",\"breadcrumb\":{\"@id\":\"https:\/\/www.manaus.am.gov.br\/semtepi\/economia-solidaria-e-criativa\/#breadcrumb\"},\"inLanguage\":\"pt-BR\",\"potentialAction\":[{\"@type\":\"ReadAction\",\"target\":[\"https:\/\/www.manaus.am.gov.br\/semtepi\/economia-solidaria-e-criativa\/\"]}]},{\"@type\":\"BreadcrumbList\",\"@id\":\"https:\/\/www.manaus.am.gov.br\/semtepi\/economia-solidaria-e-criativa\/#breadcrumb\",\"itemListElement\":[{\"@type\":\"ListItem\",\"position\":1,\"name\":\"Home\",\"item\":\"https:\/\/www.manaus.am.gov.br\/semtepi\/\"},{\"@type\":\"ListItem\",\"position\":2,\"name\":\"ECONOMIA SOLID\u00c1RIA E CRIATIVA\"}]},{\"@type\":\"WebSite\",\"@id\":\"https:\/\/www.manaus.am.gov.br\/semtepi\/#website\",\"url\":\"https:\/\/www.manaus.am.gov.br\/semtepi\/\",\"name\":\"SEMTEPI\",\"description\":\"Prefeitura de Manaus\",\"publisher\":{\"@id\":\"https:\/\/www.manaus.am.gov.br\/semtepi\/#organization\"},\"alternateName\":\"Secretaria Municipal do Trabalho, Empreendedorismo e Inova\u00e7\u00e3o\",\"potentialAction\":[{\"@type\":\"SearchAction\",\"target\":{\"@type\":\"EntryPoint\",\"urlTemplate\":\"https:\/\/www.manaus.am.gov.br\/semtepi\/?s={search_term_string}\"},\"query-input\":\"required name=search_term_string\"}],\"inLanguage\":\"pt-BR\"},{\"@type\":\"Organization\",\"@id\":\"https:\/\/www.manaus.am.gov.br\/semtepi\/#organization\",\"name\":\"Prefeitura Municipal de Manaus\",\"alternateName\":\"Prefeitura de Manaus\",\"url\":\"https:\/\/www.manaus.am.gov.br\/semtepi\/\",\"logo\":{\"@type\":\"ImageObject\",\"inLanguage\":\"pt-BR\",\"@id\":\"https:\/\/www.manaus.am.gov.br\/semtepi\/#\/schema\/logo\/image\/\",\"url\":\"https:\/\/www.manaus.am.gov.br\/semtepi\/wp-content\/uploads\/sites\/20\/2024\/07\/favicon.png\",\"contentUrl\":\"https:\/\/www.manaus.am.gov.br\/semtepi\/wp-content\/uploads\/sites\/20\/2024\/07\/favicon.png\",\"width\":300,\"height\":300,\"caption\":\"Prefeitura Municipal de Manaus\"},\"image\":{\"@id\":\"https:\/\/www.manaus.am.gov.br\/semtepi\/#\/schema\/logo\/image\/\"}}]}<\/script>\n<!-- \/ Yoast SEO plugin. -->","yoast_head_json":{"title":"ECONOMIA SOLID\u00c1RIA E CRIATIVA - SEMTEPI","robots":{"index":"noindex","follow":"follow"},"og_locale":"pt_BR","og_type":"article","og_title":"ECONOMIA SOLID\u00c1RIA E CRIATIVA - SEMTEPI","og_url":"https:\/\/www.manaus.am.gov.br\/semtepi\/economia-solidaria-e-criativa\/","og_site_name":"SEMTEPI","article_modified_time":"2023-05-25T20:20:09+00:00","og_image":[{"width":966,"height":520,"url":"https:\/\/www.manaus.am.gov.br\/semtepi\/wp-content\/uploads\/sites\/20\/2024\/07\/thumb-default-2.png","type":"image\/png"}],"twitter_card":"summary_large_image","twitter_misc":{"Est. reading time":"2 minutos"},"schema":{"@context":"https:\/\/schema.org","@graph":[{"@type":"WebPage","@id":"https:\/\/www.manaus.am.gov.br\/semtepi\/economia-solidaria-e-criativa\/","url":"https:\/\/www.manaus.am.gov.br\/semtepi\/economia-solidaria-e-criativa\/","name":"ECONOMIA SOLID\u00c1RIA E CRIATIVA - SEMTEPI","isPartOf":{"@id":"https:\/\/www.manaus.am.gov.br\/semtepi\/#website"},"datePublished":"2023-04-19T23:57:14+00:00","dateModified":"2023-05-25T20:20:09+00:00","breadcrumb":{"@id":"https:\/\/www.manaus.am.gov.br\/semtepi\/economia-solidaria-e-criativa\/#breadcrumb"},"inLanguage":"pt-BR","potentialAction":[{"@type":"ReadAction","target":["https:\/\/www.manaus.am.gov.br\/semtepi\/economia-solidaria-e-criativa\/"]}]},{"@type":"BreadcrumbList","@id":"https:\/\/www.manaus.am.gov.br\/semtepi\/economia-solidaria-e-criativa\/#breadcrumb","itemListElement":[{"@type":"ListItem","position":1,"name":"Home","item":"https:\/\/www.manaus.am.gov.br\/semtepi\/"},{"@type":"ListItem","position":2,"name":"ECONOMIA SOLID\u00c1RIA E CRIATIVA"}]},{"@type":"WebSite","@id":"https:\/\/www.manaus.am.gov.br\/semtepi\/#website","url":"https:\/\/www.manaus.am.gov.br\/semtepi\/","name":"SEMTEPI","description":"Prefeitura de Manaus","publisher":{"@id":"https:\/\/www.manaus.am.gov.br\/semtepi\/#organization"},"alternateName":"Secretaria Municipal do Trabalho, Empreendedorismo e Inova\u00e7\u00e3o","potentialAction":[{"@type":"SearchAction","target":{"@type":"EntryPoint","urlTemplate":"https:\/\/www.manaus.am.gov.br\/semtepi\/?s={search_term_string}"},"query-input":"required name=search_term_string"}],"inLanguage":"pt-BR"},{"@type":"Organization","@id":"https:\/\/www.manaus.am.gov.br\/semtepi\/#organization","name":"Prefeitura Municipal de Manaus","alternateName":"Prefeitura de Manaus","url":"https:\/\/www.manaus.am.gov.br\/semtepi\/","logo":{"@type":"ImageObject","inLanguage":"pt-BR","@id":"https:\/\/www.manaus.am.gov.br\/semtepi\/#\/schema\/logo\/image\/","url":"https:\/\/www.manaus.am.gov.br\/semtepi\/wp-content\/uploads\/sites\/20\/2024\/07\/favicon.png","contentUrl":"https:\/\/www.manaus.am.gov.br\/semtepi\/wp-content\/uploads\/sites\/20\/2024\/07\/favicon.png","width":300,"height":300,"caption":"Prefeitura Municipal de Manaus"},"image":{"@id":"https:\/\/www.manaus.am.gov.br\/semtepi\/#\/schema\/logo\/image\/"}}]}},"_links":{"self":[{"href":"https:\/\/www.manaus.am.gov.br\/semtepi\/wp-json\/wp\/v2\/pages\/242"}],"collection":[{"href":"https:\/\/www.manaus.am.gov.br\/semtepi\/wp-json\/wp\/v2\/pages"}],"about":[{"href":"https:\/\/www.manaus.am.gov.br\/semtepi\/wp-json\/wp\/v2\/types\/page"}],"author":[{"embeddable":true,"href":"https:\/\/www.manaus.am.gov.br\/semtepi\/wp-json\/wp\/v2\/users\/27"}],"replies":[{"embeddable":true,"href":"https:\/\/www.manaus.am.gov.br\/semtepi\/wp-json\/wp\/v2\/comments?post=242"}],"version-history":[{"count":14,"href":"https:\/\/www.manaus.am.gov.br\/semtepi\/wp-json\/wp\/v2\/pages\/242\/revisions"}],"predecessor-version":[{"id":1899,"href":"https:\/\/www.manaus.am.gov.br\/semtepi\/wp-json\/wp\/v2\/pages\/242\/revisions\/1899"}],"wp:attachment":[{"href":"https:\/\/www.manaus.am.gov.br\/semtepi\/wp-json\/wp\/v2\/media?parent=242"}],"curies":[{"name":"wp","href":"https:\/\/api.w.org\/{rel}","templated":true}]}}