{"id":215228,"date":"2024-04-30T11:53:26","date_gmt":"2024-04-30T15:53:26","guid":{"rendered":"https:\/\/www.manaus.am.gov.br\/semsa\/?page_id=215228"},"modified":"2026-04-13T08:53:53","modified_gmt":"2026-04-13T12:53:53","slug":"selecoes-publicas","status":"publish","type":"page","link":"https:\/\/www.manaus.am.gov.br\/semsa\/escola-de-saude-publica\/selecoes-publicas\/","title":{"rendered":"Sele\u00e7\u00f5es P\u00fablicas"},"content":{"rendered":"\n<p><strong>2026 Em andamento<\/strong><\/p>\n\n\n\n<p><\/p>\n\n\n\n<p><\/p>\n\n\n\n<figure class=\"wp-block-table\"><table><tbody><tr><td>                                    <strong>Edital<\/strong><\/td><td><strong>Objetivo<\/strong><\/td><\/tr><tr><td>             <a href=\"https:\/\/www.manaus.am.gov.br\/semsa\/wp-content\/uploads\/sites\/8\/2026\/04\/EDITAL-No-009-2026-ESAP-SEMSA-Preceptor-REMULTI.pdf\"><sub>009\/2026 &#8211; ESAP\/SEMSA<\/sub><\/a><\/td><td>Processo&nbsp;seletivo&nbsp;destinado a&nbsp;<strong>profissionais de sa\u00fade com ou sem v\u00ednculos com SEMSA<\/strong>&nbsp;para atua\u00e7\u00e3o como&nbsp;<strong>preceptores&nbsp;<\/strong>&nbsp;no&nbsp;<strong>Programa de Resid\u00eancia Multiprofissional em Sa\u00fade da Fam\u00edlia e Comunidade (REMULTI\/SEMSA)<\/strong>&nbsp;<\/td><\/tr><\/tbody><\/table><\/figure>\n\n\n\n<p><\/p>\n\n\n\n<div class=\"wp-block-columns is-layout-flex wp-container-core-columns-layout-1 wp-block-columns-is-layout-flex\">\n<div class=\"wp-block-column is-layout-flow wp-block-column-is-layout-flow\"><\/div>\n\n\n\n<div class=\"wp-block-column is-layout-flow wp-block-column-is-layout-flow\"><\/div>\n<\/div>\n\n\n\n<p><strong>2026 Encerrado<\/strong><\/p>\n\n\n\n<p><\/p>\n\n\n\n<p><\/p>\n\n\n\n<figure class=\"wp-block-table is-style-regular\"><table><tbody><tr><td class=\"has-text-align-center\" data-align=\"center\"><strong>Edital<\/strong><\/td><td><strong>Objetivo<\/strong><\/td><\/tr><tr><td class=\"has-text-align-center\" data-align=\"center\"><a href=\"https:\/\/www.manaus.am.gov.br\/semsa\/wp-content\/uploads\/sites\/8\/2026\/02\/DOM-6257-24.02.2026-CAD-1-EDITAL-No-008-2026-ESAP-SEMA-PROEXT-QVT.pdf\"><sub>008\/2026-ESAP\/SEMSA<\/sub><\/a><\/td><td>Processo seletivo destinado a candidatos de n\u00edvel m\u00e9dio e superior para atua\u00e7\u00e3o no projeto de extens\u00e3o intitulado\u00a0<strong><em>\u201cQualidade de Vida no Trabalho (QVT), no \u00e2mbito da Secretaria Municipal de Sa\u00fade de Manaus\u201d<\/em><\/strong><em>,\u00a0<\/em>nos termos do PROEXT SA\u00daDE.<\/td><\/tr><tr><td class=\"has-text-align-center\" data-align=\"center\"><a href=\"https:\/\/www.manaus.am.gov.br\/semsa\/wp-content\/uploads\/sites\/8\/2026\/02\/DOM-6253-13.02.2026-CAD-1-EDITAL-No-007-2026-ESAP-SEMSA-PAIC-2026-2027.pdf\"><sub>007\/2026 &#8211; ESAP\/SEMSA<\/sub><\/a><\/td><td>Processo seletivo destinado a orientadores, projetos e bolsistas, com cadastro reserva, para o PAIC ESAP\/SEMSA, edi\u00e7\u00e3o 2026-2027.<\/td><\/tr><tr><td class=\"has-text-align-center\" data-align=\"center\"><a href=\"https:\/\/www.manaus.am.gov.br\/semsa\/wp-content\/uploads\/sites\/8\/2026\/02\/DOM-6252-12.02.2026-CAD-1-EDITAL-No-006-2026-ESAP-SEMSA-PRECEPTOR-RESIDENCIA-MULTIPROFISSIONAL-republicacao-1.pdf\"><sub>006<\/sub>\/<sub>2026-ESAP\/SEMSA<\/sub><\/a><\/td><td>Processo seletivo destinado a profissionais de sa\u00fade<strong>,&nbsp;<\/strong>para atua\u00e7\u00e3o como Preceptores no&nbsp;Programa de Resid\u00eancia Multiprofissional em Sa\u00fade da Fam\u00edlia e Comunidade (REMULTI\/SEMSA), componente do Programa Mais Sa\u00fade Manaus (PROMAIS).<\/td><\/tr><tr><td class=\"has-text-align-center\" data-align=\"center\">                 <a href=\"https:\/\/www.manaus.am.gov.br\/semsa\/wp-content\/uploads\/sites\/8\/2026\/01\/DOM-6239-26.01.2026-CAD-1-EDITAL-No-005-2026-ESAP-SEMSA-PRECEPTOR-RESIDENCIA-ENFERMAGEM-RURAL.pdf\"><sub>005\/2026-ESAP\/SEMSA <\/sub><\/a>                                                                                                                                                                                                                                                                                           <\/td><td>Processo seletivo destinado a enfermeiros<strong>,&nbsp;<\/strong>para atua\u00e7\u00e3o como Preceptores no&nbsp;Programa de Resid\u00eancia em Enfermagem de Fam\u00edlia e Comunidade (PREFC\/SEMSA), componente do Programa Mais Sa\u00fade Manaus (PROMAIS).<\/td><\/tr><tr><td class=\"has-text-align-center\" data-align=\"center\">                  <a href=\"https:\/\/www.manaus.am.gov.br\/semsa\/wp-content\/uploads\/sites\/8\/2026\/01\/DOM-6238-23.01.2026-CAD-3-EDITAL-No-004-2026-ESAP-SEMSA-PRECEPTOR-RESIDENCIA-ENFERMAGEM.pdf\"><sub>004\/2026-ESAP\/SEMSA<\/sub><\/a>                               <\/td><td>Processo seletivo destinado a enfermeiros<strong>,&nbsp;<\/strong>para atua\u00e7\u00e3o como Preceptores no&nbsp;Programa de Resid\u00eancia em Enfermagem de Fam\u00edlia e Comunidade (PREFC\/SEMSA), componente do Programa Mais Sa\u00fade Manaus (PROMAIS).<\/td><\/tr><tr><td class=\"has-text-align-center\" data-align=\"center\"><a href=\"https:\/\/www.manaus.am.gov.br\/semsa\/wp-content\/uploads\/sites\/8\/2026\/01\/DOM-6238-23.01.2026-CAD-3-EDITAL-No-003-2026-ESAP-SEMSA-TUTOR-RESIDENCIA-MULTIPROFISSIONAL.pdf\"><sub>003\/2026-ESAP\/SEMSA<\/sub><\/a><\/td><td>Processo seletivo destinado a profissionais de sa\u00fade<strong>,&nbsp;<\/strong>para atua\u00e7\u00e3o como Tutor no&nbsp;Programa de Resid\u00eancia Multiprofissional de Fam\u00edlia e Comunidade (PRMFC\/SEMSA), componente do Programa Mais Sa\u00fade Manaus (PROMAIS).<\/td><\/tr><tr><td class=\"has-text-align-center\" data-align=\"center\"><a href=\"https:\/\/www.manaus.am.gov.br\/semsa\/wp-content\/uploads\/sites\/8\/2026\/01\/DOM-6238-23.01.2026-CAD-3-EDITAL-No-002-2026-ESAP-SEMSA-PRECEPTOR-RESIDENCIA-MEDICA.pdf\"><sub>002\/2026-ESAP\/SEMSA<\/sub><\/a><\/td><td>Processo seletivo destinado a m\u00e9dicos<strong>,&nbsp;<\/strong>para atua\u00e7\u00e3o como Preceptores no&nbsp;Programa de Resid\u00eancia M\u00e9dica em Medicina de Fam\u00edlia e Comunidade (PRMMFC\/SEMSA), componente do Programa Mais Sa\u00fade Manaus (PROMAIS).<\/td><\/tr><tr><td class=\"has-text-align-center\" data-align=\"center\"><a href=\"https:\/\/www.manaus.am.gov.br\/semsa\/wp-content\/uploads\/sites\/8\/2026\/01\/Edital-no-001.2026-Tutor-PREFC_19.01.26.pdf\"><sub>001\/2026- ESAP\/SEMSA<\/sub><\/a><\/td><td>Processo seletivo destinado a enfermeiros para atuar como Tutor de ensino e aprendizagem no \u00e2mbito do Programa de Resid\u00eancia em Enfermagem de Fam\u00edlia e Comunidade (PREFC\/SEMSA).<\/td><\/tr><\/tbody><\/table><\/figure>\n\n\n\n<p><\/p>\n\n\n\n<p><strong>2025 Encerrado<\/strong><\/p>\n\n\n\n<p><\/p>\n\n\n\n<div class=\"wp-block-columns is-layout-flex wp-container-core-columns-layout-3 wp-block-columns-is-layout-flex\">\n<div class=\"wp-block-column is-layout-flow wp-block-column-is-layout-flow\" style=\"flex-basis:100%\">\n<div class=\"wp-block-columns is-layout-flex wp-container-core-columns-layout-2 wp-block-columns-is-layout-flex\">\n<div class=\"wp-block-column is-layout-flow wp-block-column-is-layout-flow\" style=\"flex-basis:100%\">\n<figure class=\"wp-block-table aligncenter\"><table class=\"has-fixed-layout\"><tbody><tr><td class=\"has-text-align-center\" data-align=\"center\"><strong>Edital<\/strong><\/td><td class=\"has-text-align-center\" data-align=\"center\"><strong>Objetivo<\/strong><\/td><\/tr><tr><td class=\"has-text-align-center\" data-align=\"center\"><a href=\"https:\/\/www.manaus.am.gov.br\/semsa\/wp-content\/uploads\/sites\/8\/2025\/12\/DOM-6215-15.12.2025-CAD-1-EDITAL-No-011-2025-ESAP-SEMSA-Tutor-Enfermagem.pdf\"><sub>011\/2025 \u2013 ESAP\/SEMSA<\/sub><\/a><\/td><td class=\"has-text-align-center\" data-align=\"center\">Processo seletivo destinado a enfermeiros, para atuar como Tutor de Ensino e Aprendizagem no Programa de Resid\u00eancia em Enfermagem de Fam\u00edlia e Comunidade (PREFC\/SEMSA), componente do Programa Mais Sa\u00fade Manaus (PROMAIS).<\/td><\/tr><tr><td class=\"has-text-align-center\" data-align=\"center\"><a href=\"https:\/\/www.manaus.am.gov.br\/semsa\/wp-content\/uploads\/sites\/8\/2025\/11\/Edital.-02-DOM-6186-31.10.2025-CAD-1-EDITAL-No-010-2025-ESAP-SEMSA-PRECEPTOR-Ed.-Fisica-REPUBLICACAO.pdf\"><sub>010\/2025\u2013 ESAP\/SEMSA-REPUBLICA\u00c7\u00c3O<\/sub><\/a><\/td><td class=\"has-text-align-center\" data-align=\"center\">Processo Seletivo destinado \u00e0 forma\u00e7\u00e3o de cadastro reserva de Preceptor para atuar no Curso de P\u00f3s-Gradua\u00e7\u00e3o Lato sensu em Sa\u00fade P\u00fablica com \u00eanfase em Estrat\u00e9gia da Sa\u00fade da Fam\u00edlia.<\/td><\/tr><tr><td class=\"has-text-align-center\" data-align=\"center\"><a href=\"https:\/\/www.manaus.am.gov.br\/semsa\/wp-content\/uploads\/sites\/8\/2025\/11\/Edital.-01-DOM-6182-23.10.2025-CAD-1-EDITAL-No-010-2025-ESAP-SEMSA-PRECEPTOR-Ed.-Fisica.pdf\"><sub>010\/2025\u2013ESAP\/SEMSA<\/sub><\/a><\/td><td class=\"has-text-align-center\" data-align=\"center\">Processo Seletivo destinado \u00e0 forma\u00e7\u00e3o de Preceptor, sem qualquer tipo de v\u00ednculo com a SEMSA, assim como cadastro reserva na categoria de Profissional de Educa\u00e7\u00e3o F\u00edsica, para atua\u00e7\u00e3o no Curso de Especializa\u00e7\u00e3o Lato Sensu em Sa\u00fade P\u00fablica com \u00eanfase em Estrat\u00e9gia Sa\u00fade da Fam\u00edlia.<\/td><\/tr><tr><td class=\"has-text-align-center\" data-align=\"center\"><a href=\"https:\/\/www.manaus.am.gov.br\/semsa\/wp-content\/uploads\/sites\/8\/2025\/08\/DOM-6127-06.08.2025-CAD-1-EDITAL-No-009-2025-PRECEPTORES-PET-SAUDE.pdf\"><sub>009\/2025 &#8211; ESAP\/SEMSA<\/sub><\/a><\/td><td class=\"has-text-align-center\" data-align=\"center\">Sele\u00e7\u00e3o P\u00fablica de profissionais de sa\u00fade para atua\u00e7\u00e3o como preceptores no Programa de Educa\u00e7\u00e3o pelo Trabalho para a Sa\u00fade \u2013 PET Sa\u00fade\/Informa\u00e7\u00e3o e Sa\u00fade Digital (PET-SA\u00daDE\/I&amp;SD).<\/td><\/tr><tr><td class=\"has-text-align-center\" data-align=\"center\"><a href=\"https:\/\/www.manaus.am.gov.br\/semsa\/wp-content\/uploads\/sites\/8\/2025\/07\/0.-28.07.25-DOM-6120-Edital-008_2025-ESAP-Preceptor-PET-Saude-Digital.pdf\"><sub>008\/2025 \u2013 ESAP\/SEMSA<\/sub><\/a> <\/td><td class=\"has-text-align-center\" data-align=\"center\">Sele\u00e7\u00e3o P\u00fablica de profissionais de sa\u00fade para atua\u00e7\u00e3o como preceptores no Programa de Educa\u00e7\u00e3o pelo Trabalho para a Sa\u00fade \u2013 PET Sa\u00fade\/Informa\u00e7\u00e3o e Sa\u00fade Digital (PET-SA\u00daDE\/I&amp;SD).<\/td><\/tr><tr><td class=\"has-text-align-center\" data-align=\"center\"><a href=\"https:\/\/www.manaus.am.gov.br\/semsa\/wp-content\/uploads\/sites\/8\/2025\/05\/DOM-6080-29.05.2025-CAD-1.Edital-007-2025-Especializando-II-ESF.pdf\"><sub>007\/2025 &#8211; ESAP\/SEMSA<\/sub><\/a> <\/td><td class=\"has-text-align-center\" data-align=\"center\">Processo seletivo destinado aos interessados em realizar o Curso de P\u00f3s-Gradua\u00e7\u00e3o Lato sensu em Sa\u00fade P\u00fablica com \u00eanfase em Estrat\u00e9gia Sa\u00fade da Fam\u00edlia.<\/td><\/tr><tr><td class=\"has-text-align-center\" data-align=\"center\"><a href=\"https:\/\/www.manaus.am.gov.br\/semsa\/wp-content\/uploads\/sites\/8\/2025\/05\/DOM-6080-29.05.2025-CAD-1-Edital-006-2025-Preceptores-ESF.pdf\"><sub>006\/2025 <\/sub>&#8211; <sub>ESAP\/SEM<\/sub><\/a><\/td><td class=\"has-text-align-center\" data-align=\"center\">Processo seletivo de preceptores para atuarem no Curso de P\u00f3s-Gradua\u00e7\u00e3o Lato sensu em Sa\u00fade P\u00fablica com \u00eanfase em Estrat\u00e9gia Sa\u00fade da Fam\u00edlia.<\/td><\/tr><tr><td class=\"has-text-align-center\" data-align=\"center\"><a href=\"https:\/\/www.manaus.am.gov.br\/semsa\/wp-content\/uploads\/sites\/8\/2025\/04\/DOM-6048-10.04.2025-Edital-005_2025-ESAP-Preceptor-Residencia-Enfermagem.pdf\"><sub>005\/2025 \u2013 ESAP\/SEMSA<\/sub><\/a><\/td><td class=\"has-text-align-center\" data-align=\"center\">Processo Seletivo destinados a enfermeiros para atuarem como Preceptores no Programa de Resid\u00eancia em Enfermagem de Fam\u00edlia e Comunidade (PREFC\/SEMSA).<\/td><\/tr><tr><td class=\"has-text-align-center\" data-align=\"center\"><a href=\"https:\/\/www.manaus.am.gov.br\/semsa\/wp-content\/uploads\/sites\/8\/2025\/02\/DOM-6010-12.02.2025-CAD-1-EDITAL-DE-SELECAO-No-001_2025-ESAP_SEMSA-PSS-PAIC-2025_2026-.pdf\"><sub>001\/2025 \u2013 ESAP\/SEMSA &#8211; PAIC<\/sub><\/a><\/td><td class=\"has-text-align-center\" data-align=\"center\">Sele\u00e7\u00e3o de orientadores, projetos e bolsistas, com cadastro reserva, para o PAIC ESAP\/SEMSA, edi\u00e7\u00e3o 2025-2026.<\/td><\/tr><tr><td class=\"has-text-align-center\" data-align=\"center\"><a href=\"https:\/\/www.manaus.am.gov.br\/semsa\/wp-content\/uploads\/sites\/8\/2025\/03\/0.1-23.01.25-DOM-5996-Edital-001_2025-ESAP-Preceptor-Residencia-Enfermagem.pdf\"><sub>001\/2025 &#8211; ESAP\/SEMSA<\/sub><\/a> <\/td><td class=\"has-text-align-center\" data-align=\"center\">Processo Seletivo destinado a enfermeiros para atuarem como Preceptores no Programa de Resid\u00eancia em Enfermagem de Fam\u00edlia e Comunidade (PREFC\/SEMSA);<\/td><\/tr><tr><td class=\"has-text-align-center\" data-align=\"center\"><a href=\"https:\/\/www.manaus.am.gov.br\/semsa\/wp-content\/uploads\/sites\/8\/2025\/03\/0.1-22.01.25-DOM-5996-Edital-002_2025-ESAP-Tutor-Residencia-Enfermagem.pdf\"><sub>002\/2025 &#8211; ESAP\/SEMSA<\/sub><\/a><\/td><td class=\"has-text-align-center\" data-align=\"center\">Processo Seletivo destinado a enfermeiros para atuarem como Tutor no Programa de Resid\u00eancia em Enfermagem de Fam\u00edlia e Comunidade (PREFC\/SEMSA);<\/td><\/tr><tr><td class=\"has-text-align-center\" data-align=\"center\"><a href=\"https:\/\/www.manaus.am.gov.br\/semsa\/wp-content\/uploads\/sites\/8\/2025\/03\/0.1-23.01.25-DOM-5996-Edital-003_2025-ESAP-Preceptor-Residencia-MFC.pdf\"><sub>003\/2025 &#8211; ESAP\/SEMSA<\/sub><\/a><\/td><td class=\"has-text-align-center\" data-align=\"center\">Processo Seletivo destinado a m\u00e9dicos, para atuarem como Preceptores no Programa de Resid\u00eancia M\u00e9dica em Medicina de Fam\u00edlia e Comunidade (PRMMFC\/SEMSA);<\/td><\/tr><tr><td class=\"has-text-align-center\" data-align=\"center\"><a href=\"https:\/\/www.manaus.am.gov.br\/semsa\/wp-content\/uploads\/sites\/8\/2025\/03\/0.1-18.02.25-DOM-6014-Edital-004-2025-ESAP-Preceptor-Residencia-Enfermagem.pdf\" target=\"_blank\" rel=\"noreferrer noopener\"><sub>004\/2025 &#8211; ESAP\/SEMSA<\/sub><\/a><\/td><td class=\"has-text-align-center\" data-align=\"center\">Processo Seletivo destinados a enfermeiros para atuarem como Preceptores no Programa de Resid\u00eancia em Enfermagem de Fam\u00edlia e Comunidade (PREFC\/SEMSA);<\/td><\/tr><\/tbody><\/table><\/figure>\n<\/div>\n<\/div>\n<\/div>\n<\/div>\n\n\n\n<p><\/p>\n\n\n\n<p><strong>2024 Encerrado<\/strong><\/p>\n\n\n\n<figure class=\"wp-block-table\"><table class=\"has-fixed-layout\"><tbody><tr><td class=\"has-text-align-center\" data-align=\"center\"><strong>Edital<\/strong><\/td><td class=\"has-text-align-center\" data-align=\"center\"><strong>Objetivo<\/strong><\/td><\/tr><tr><td class=\"has-text-align-center\" data-align=\"center\"><a href=\"https:\/\/www.manaus.am.gov.br\/semsa\/wp-content\/uploads\/sites\/8\/2024\/08\/EDITAL_01_ENARE_24_25_RES_MULT_UNI_02.08.24-1.pdf\"><sub>04 ENARE -Edi\u00e7\u00e3o 2024\/2025<\/sub><\/a><\/td><td class=\"has-text-align-center\" data-align=\"center\">Processo Seletivo para a 1\u00aa turma do Programa de Resid\u00eancia em Enfermagem de Fam\u00edlia e Comunidade.<\/td><\/tr><tr><td class=\"has-text-align-center\" data-align=\"center\"><a href=\"https:\/\/www.manaus.am.gov.br\/semsa\/wp-content\/uploads\/sites\/8\/2024\/05\/DOM-5782-11.03.2024-CAD-1-Edital-no-001-2024-PAICESAP-SEMSA-Processo-Seletivo.pdf\"><sub>001\/2024-SEMSA\/PAIC<\/sub><\/a><\/td><td class=\"has-text-align-center\" data-align=\"center\">Processo Seletivo de bolsistas para atua\u00e7\u00e3o no Programa de Apoio \u00e0 Inicia\u00e7\u00e3o Cient\u00edfica \u2013 PAIC\/ESAP\/SEMSA \u2013 2024\/2025.<\/td><\/tr><tr><td class=\"has-text-align-center\" data-align=\"center\"><a href=\"https:\/\/www.manaus.am.gov.br\/semsa\/wp-content\/uploads\/sites\/8\/2024\/05\/Edital-No-004_2024-ESAP-Preceptores-PET-SAUDE-EQUIDADE-Remanescentes.pdf\"><sub>004\/2024- ESAP\/SEMSA \u2013 PET-SA\u00daDE<\/sub><\/a><\/td><td class=\"has-text-align-center\" data-align=\"center\">Sele\u00e7\u00e3o p\u00fablica de profissionais de sa\u00fade para atua\u00e7\u00e3o como preceptores no Programa de Educa\u00e7\u00e3o pelo Trabalho para a Sa\u00fade, PET-SA\u00daDE: Equidade.<\/td><\/tr><tr><td class=\"has-text-align-center\" data-align=\"center\"><a href=\"https:\/\/www.manaus.am.gov.br\/semsa\/wp-content\/uploads\/sites\/8\/2024\/05\/EDITAL-003.24-PET-SAUDE-DOM-5806-16.04.2024-CAD-1.pdf\"><sub>003\/2024-ESAP\/SEMSA \u2013 PET-SA\u00daDE<\/sub><\/a><\/td><td class=\"has-text-align-center\" data-align=\"center\">Sele\u00e7\u00e3o P\u00fablica de profissionais de sa\u00fade para atua\u00e7\u00e3o como preceptores no Programa de Educa\u00e7\u00e3o pelo Trabalho para a Sa\u00fade, PET-SA\u00daDE: Equidade.<\/td><\/tr><tr><td class=\"has-text-align-center\" data-align=\"center\">         <a href=\"https:\/\/www.manaus.am.gov.br\/semsa\/wp-content\/uploads\/sites\/8\/2024\/05\/DOM-5743-11.01.2024-Edital-001_2024-ESAP_SEMSA-Selecao-Preceptores-Residencia.pdf\"><sub>001\/2024-ESAP\/SEMSA<\/sub><\/a><br>         <a href=\"https:\/\/www.manaus.am.gov.br\/semsa\/wp-content\/uploads\/sites\/8\/2024\/05\/DOM-5743-11.01.2024-Edital-001_2024-ESAP_SEMSA-Selecao-Preceptores-Residencia.pdf\"><sub>Preceptores M\u00e9dicos \u2013 PROMAIS<\/sub><\/a><\/td><td class=\"has-text-align-center\" data-align=\"center\">Processo Seletivo de profissionais e forma\u00e7\u00e3o de cadastro reserva, destinado a m\u00e9dicos, para atuarem como Preceptores no Programa de Resid\u00eancia M\u00e9dica em Medicina de Fam\u00edlia e Comunidade \u2013 PRMMFC\/SEMSA, componente do Programa Mais Sa\u00fade Manaus \u2013 PROMAIS.<\/td><\/tr><tr><td class=\"has-text-align-center\" data-align=\"center\">   <a href=\"https:\/\/www.manaus.am.gov.br\/semsa\/wp-content\/uploads\/sites\/8\/2024\/05\/DOM-5743-11.01.2024-Edital-002_2024-ESAP_SEMSA-Selecao-Cursos-Gestores-Externo.pdf\"><sub> 002\/2024-ESAP\/SEMSAProfissionais Especialistas PROMAIS <\/sub><\/a><\/td><td class=\"has-text-align-center\" data-align=\"center\">Processo Seletivo de profissionais e forma\u00e7\u00e3o de cadastro reserva, para atuarem como especialistas no Projeto de Qualifica\u00e7\u00e3o Permanente de Gestores Municipais de Sa\u00fade, vinculado ao PROMAIS, visando qualificar a atua\u00e7\u00e3o dos gestores da SEMSA, para o exerc\u00edcio da fun\u00e7\u00e3o gerencial, no contexto do SUS.<\/td><\/tr><\/tbody><\/table><\/figure>\n\n\n\n<p><\/p>\n\n\n\n<p><strong>2023 Encerrado<\/strong><\/p>\n\n\n\n<figure class=\"wp-block-table\"><table class=\"has-fixed-layout\"><tbody><tr><td class=\"has-text-align-center\" data-align=\"center\"><strong>Edital<\/strong><\/td><td class=\"has-text-align-center\" data-align=\"center\"><strong>Objetivo<\/strong><\/td><\/tr><tr><td class=\"has-text-align-center\" data-align=\"center\"><a href=\"https:\/\/www.manaus.am.gov.br\/semsa\/wp-content\/uploads\/sites\/8\/2024\/05\/DOM-5719-05.12.2023-CAD-1.-EDITAL-006-2023-ESAP-SEMSA-GESTORES.pdf\"><sub>006\/2023-ESAP\/SEMSA <\/sub><\/a><br>    <a href=\"https:\/\/www.manaus.am.gov.br\/semsa\/wp-content\/uploads\/sites\/8\/2024\/05\/DOM-5719-05.12.2023-CAD-1.-EDITAL-006-2023-ESAP-SEMSA-GESTORES.pdf\"><sub>Profissionais  Especialistas PROMAIS<\/sub><\/a><sub>                                                                                                                                                                                                                                                                      <\/sub><\/td><td class=\"has-text-align-center\" data-align=\"center\">Processo Seletivo de profissionais e forma\u00e7\u00e3o de cadastro reserva, para atuarem como especialistas no Projeto de Qualifica\u00e7\u00e3o Permanente de Gestores Municipais de Sa\u00fade, vinculado ao PROMAIS, visando qualificar a atua\u00e7\u00e3o dos gestores da SEMSA, para o exerc\u00edcio da fun\u00e7\u00e3o gerencial, no contexto do SUS.<\/td><\/tr><tr><td class=\"has-text-align-center\" data-align=\"center\"><a href=\"https:\/\/www.manaus.am.gov.br\/semsa\/wp-content\/uploads\/sites\/8\/2024\/05\/DOM-5661-30.08.2023-CAD-1-EDITAL-No-004_2023-ESAP_SEMSA-PRECEPTOR.pdf\"><sub>004\/2023-ESAP\/SEMSA -Preceptores Cirurgi\u00f5es-Dentistas e Farmac\u00eauticos PROMAIS<\/sub><\/a><\/td><td class=\"has-text-align-center\" data-align=\"center\">Processo Seletivo de profissionais de sa\u00fade para vagas de Preceptor, assim como cadastro de reserva nas categorias de Cirurgi\u00e3o-Dentista e Farmac\u00eautico, para atua\u00e7\u00e3o no desenvolvimento do Curso de Especializa\u00e7\u00e3o Lato Sensu em Sa\u00fade P\u00fablica com \u00eanfase em Estrat\u00e9gia Sa\u00fade da Fam\u00edlia, em parceria com institui\u00e7\u00e3o de ensino conveniada, vinculada ao PROMAIS.<\/td><\/tr><tr><td class=\"has-text-align-center\" data-align=\"center\"><a href=\"https:\/\/www.manaus.am.gov.br\/semsa\/wp-content\/uploads\/sites\/8\/2024\/05\/DOM-5661-30.08.2023-CAD-1-EDITAL-No-005_2023-ESAP_SEMSA-ESPECIALIZANDO-II-DENTISTA-E-FARMACIA.pdf\"><sub>005\/2023-ESAP\/SEMSA -Alunos Cirurgi\u00f5es-Dentistas e Farmac\u00eauticos PROMAIS<\/sub><\/a><\/td><td class=\"has-text-align-center\" data-align=\"center\">Processo Seletivo de alunos, profissionais de sa\u00fade nas categorias de Cirurgi\u00e3o-Dentista e Farmac\u00eautico, para realizar o Curso de Especializa\u00e7\u00e3o&nbsp;Lato Sensu&nbsp;em Sa\u00fade P\u00fablica com \u00eanfase em Estrat\u00e9gia Sa\u00fade da Fam\u00edlia, vinculados ao PROMAIS.<\/td><\/tr><tr><td class=\"has-text-align-center\" data-align=\"center\"><a href=\"https:\/\/www.manaus.am.gov.br\/semsa\/wp-content\/uploads\/sites\/8\/2024\/05\/0.-23.06.23-DOM-5611-22.06.2023-Edital-003-2023-ESAP-Preceptor-Residencia.pdf\"><sub>003\/2023-ESAP\/SEMSA \u2013 Preceptores M\u00e9dicos&nbsp;&nbsp;<\/sub><\/a><\/td><td class=\"has-text-align-center\" data-align=\"center\">Processo seletivo destinado a m\u00e9dicos, para atuarem como Preceptores no Programa de Resid\u00eancia M\u00e9dica em Medicina de Fam\u00edlia e Comunidade \u2013 PRMMFC\/SEMSA, componente do Programa Mais Sa\u00fade Manaus \u2013 PROMAIS.<\/td><\/tr><tr><td class=\"has-text-align-center\" data-align=\"center\"><a href=\"https:\/\/www.manaus.am.gov.br\/semsa\/wp-content\/uploads\/sites\/8\/2024\/05\/DOM-5547-16.03.2023-Edital-002_2023-Preceptor-Residencia.pdf\"><sub>002\/2023-ESAP\/SEMSA \u2013 Preceptores M\u00e9dicos PROMAIS<\/sub><\/a><\/td><td class=\"has-text-align-center\" data-align=\"center\">Processo seletivo destinado a m\u00e9dicos, para atuarem como Preceptores no Programa de Resid\u00eancia M\u00e9dica em Medicina de Fam\u00edlia e Comunidade \u2013 PRMMFC\/SEMSA, componente do Programa Mais Sa\u00fade Manaus \u2013 PROMAIS.<\/td><\/tr><tr><td class=\"has-text-align-center\" data-align=\"center\"><a href=\"https:\/\/www.manaus.am.gov.br\/semsa\/wp-content\/uploads\/sites\/8\/2024\/05\/11.01.23-DOM-5503-12.01.23-Edital-001-2023-Preceptor-Residencia-MFC.pdf\"><sub>001\/2023-ESAP\/SEMSA \u2013 Preceptores M\u00e9dicos PROMAIS<\/sub><\/a><\/td><td class=\"has-text-align-center\" data-align=\"center\">Processo seletivo destinado a m\u00e9dicos, para atuarem como Preceptores no Programa de Resid\u00eancia M\u00e9dica em Medicina de Fam\u00edlia e Comunidade \u2013 PRMMFC\/SEMSA, componente do Programa Mais Sa\u00fade Manaus \u2013 PROMAIS.<\/td><\/tr><\/tbody><\/table><\/figure>\n\n\n\n<p><\/p>\n\n\n\n<p><strong>2022 Encerrado<\/strong><\/p>\n\n\n\n<div class=\"wp-block-columns is-layout-flex wp-container-core-columns-layout-5 wp-block-columns-is-layout-flex\">\n<div class=\"wp-block-column is-layout-flow wp-block-column-is-layout-flow\" style=\"flex-basis:100%\">\n<div class=\"wp-block-columns is-layout-flex wp-container-core-columns-layout-4 wp-block-columns-is-layout-flex\">\n<div class=\"wp-block-column is-layout-flow wp-block-column-is-layout-flow\" style=\"flex-basis:100%\">\n<figure class=\"wp-block-table\"><table class=\"has-fixed-layout\"><tbody><tr><td class=\"has-text-align-center\" data-align=\"center\"><strong>Edital<\/strong><\/td><td class=\"has-text-align-center\" data-align=\"center\"><strong>Objetivo<\/strong><\/td><\/tr><tr><td class=\"has-text-align-center\" data-align=\"center\"><a href=\"https:\/\/www.manaus.am.gov.br\/semsa\/wp-content\/uploads\/sites\/8\/2024\/05\/0.-29.12.22-DOM-5493-28.12.2022-REPUBLICACAO-Edital-005-2022-Tutor-e-Preceptor-Externo.pdf\"><sub>005\/2022-ESAP\/SEMSA \u2013 Tutor e Preceptor Multiprofissional<\/sub><\/a><br>                                                                                                                                                                                                                                                    <\/td><td class=\"has-text-align-center\" data-align=\"center\">Processo Seletivo de tutor e preceptores para atuarem no Curso de Especializa\u00e7\u00e3o Lato Sensu em Sa\u00fade P\u00fablica, com \u00eanfase em Estrat\u00e9gia Sa\u00fade da Fam\u00edlia, no \u00e2mbito do Programa Mais Sa\u00fade Manaus (PROMAIS).<\/td><\/tr><tr><td class=\"has-text-align-center\" data-align=\"center\"><a href=\"https:\/\/www.manaus.am.gov.br\/semsa\/wp-content\/uploads\/sites\/8\/2024\/05\/Edital-004-2022-DOM-5481-12.12.2022-Edital-Especializando-Multi.pdf\"><sub>004\/2022 \u2013 ESAP\/SEMSA \u2013 Especializando Multiprofissional<\/sub><\/a><\/td><td class=\"has-text-align-center\" data-align=\"center\">Processo Seletivo de alunos bolsistas para atuarem no Curso de Especializa\u00e7\u00e3o Lato Sensu em Sa\u00fade P\u00fablica, com \u00eanfase na Estrat\u00e9gia Sa\u00fade da Fam\u00edlia, no \u00e2mbito do Programa Mais Sa\u00fade Manaus (PROMAIS).<\/td><\/tr><tr><td class=\"has-text-align-center\" data-align=\"center\"><a href=\"https:\/\/www.manaus.am.gov.br\/semsa\/wp-content\/uploads\/sites\/8\/2024\/05\/0.-29.11.22-DOM-5474-30.11.2022-Edital-003-2022-SEMSA-Tutor-e-Preceptor-Multiprofissional.pdf\"><sub>003\/2022 \u2013&nbsp;Tutor e Preceptor Multiprofissional<\/sub><\/a><\/td><td class=\"has-text-align-center\" data-align=\"center\">Processo Seletivo de tutor e preceptores para atuarem no Curso de Especializa\u00e7\u00e3o Lato Sensu em Sa\u00fade P\u00fablica, com \u00eanfase em Estrat\u00e9gia Sa\u00fade da Fam\u00edlia, no \u00e2mbito do Programa Mais Sa\u00fade Manaus (PROMAIS).<\/td><\/tr><tr><td class=\"has-text-align-center\" data-align=\"center\"><a href=\"https:\/\/www.manaus.am.gov.br\/semsa\/wp-content\/uploads\/sites\/8\/2024\/05\/0.-29.07.22-DOM-5396-01.08.2022-EDITAL-No-002_2022-ESAP_SEMSA-PET-1.pdf\"><sub>002\/2022 \u2013 ESAP\/SEMSA (PET)<\/sub><\/a><\/td><td class=\"has-text-align-center\" data-align=\"center\">Processo Seletivo de profissionais de sa\u00fade para atua\u00e7\u00e3o como preceptores no Programa de Educa\u00e7\u00e3o pelo Trabalho para a Sa\u00fade, PET-SA\u00daDE\/GEST\u00c3O E ASSIST\u00caNCIA \u2013 2022\/2023.<\/td><\/tr><tr><td class=\"has-text-align-center\" data-align=\"center\"><a href=\"https:\/\/www.manaus.am.gov.br\/semsa\/wp-content\/uploads\/sites\/8\/2024\/05\/DOM-5373-29.06.2022-CAD-1.doc-PAIC-1.pdf\"><sub>001\/2022 \u2013 SEMSA (PAIC)<\/sub><\/a><\/td><td class=\"has-text-align-center\" data-align=\"center\">Processo Seletivo de bolsistas para atua\u00e7\u00e3o no Programa de Apoio \u00e0 Inicia\u00e7\u00e3o Cient\u00edfica \u2013 PAIC\/ESAP\/SEMSA (2022\/2023).<\/td><\/tr><tr><td class=\"has-text-align-center\" data-align=\"center\"><a href=\"https:\/\/www.manaus.am.gov.br\/semsa\/wp-content\/uploads\/sites\/8\/2024\/05\/6d4255853b280038fe35f41cc36efe7a-.pdf\"><sub>001\/2022 \u2013 ESAP\/SEMSA<\/sub><\/a><\/td><td class=\"has-text-align-center\" data-align=\"center\">Processo Seletivo destinado a profissionais m\u00e9dicos, interessados em atuarem como PRECEPTORES no Programa de Resid\u00eancia M\u00e9dica em Medicina de Fam\u00edlia e Comunidade, no \u00e2mbito do Programa Mais Sa\u00fade Manaus \u2013 PROMAIS.<\/td><\/tr><\/tbody><\/table><\/figure>\n<\/div>\n<\/div>\n<\/div>\n<\/div>\n\n\n\n<p><strong>2021 Encerrados<\/strong><\/p>\n\n\n\n<figure class=\"wp-block-table\"><table class=\"has-fixed-layout\"><tbody><tr><td class=\"has-text-align-center\" data-align=\"center\"><strong>Edital<\/strong><\/td><td class=\"has-text-align-center\" data-align=\"center\"><strong>Objetivo<\/strong><\/td><\/tr><tr><td class=\"has-text-align-center\" data-align=\"center\">              <a href=\"https:\/\/psesap.manaus.am.gov.br\/index.php\" target=\"_blank\" rel=\"noreferrer noopener\"><sub>005\/2021 \u2013 SEMSA<\/sub><\/a>                                                                                                                                                                                                                                                                                     <\/td><td class=\"has-text-align-center\" data-align=\"center\">Processo seletivo destinado a candidatos de N\u00edvel Superior e M\u00e9dio para atua\u00e7\u00e3o no projeto de extens\u00e3o intitulado \u201cCuidados Farmac\u00eauticos no \u00e2mbito da Secretaria Municipal de Sa\u00fade de Manaus\u201d, nos termos do Programa de Extens\u00e3o em Servi\u00e7os de Sa\u00fade \u2013 PROEXT SA\u00daDE\u201d<\/td><\/tr><tr><td class=\"has-text-align-center\" data-align=\"center\"><a href=\"https:\/\/psesap.manaus.am.gov.br\/view\/descricao.php?pro_id=27\" target=\"_blank\" rel=\"noreferrer noopener\"><sub>004\/2021 \u2013 ESAP\/SEMSA<\/sub><\/a><\/td><td class=\"has-text-align-center\" data-align=\"center\">Processo Seletivo destinado a profissionais m\u00e9dicos, interessados em realizar Curso de P\u00f3s-Gradua\u00e7\u00e3o, assim como a ades\u00e3o ao Programa Mais Sa\u00fade Manaus (PROMAIS).<\/td><\/tr><tr><td class=\"has-text-align-center\" data-align=\"center\"><a href=\"https:\/\/psesap.manaus.am.gov.br\/view\/descricao.php?pro_id=27\" target=\"_blank\" rel=\"noreferrer noopener\"><sub>003\/2021 \u2013 ESAP\/SEMSA<\/sub><\/a>&nbsp; &nbsp;<\/td><td class=\"has-text-align-center\" data-align=\"center\">Processo Seletivo destinado a profissionais m\u00e9dicos, interessados em atuarem como PRECEPTORES do Curso de Especializa\u00e7\u00e3o em Sa\u00fade da Fam\u00edlia e Comunidade, no \u00e2mbito do Programa Mais Sa\u00fade Manaus \u2013 PROMAIS.<\/td><\/tr><tr><td class=\"has-text-align-center\" data-align=\"center\"><a href=\"https:\/\/psesap.manaus.am.gov.br\/view\/descricao.php?pro_id=24\" target=\"_blank\" rel=\"noreferrer noopener\"><sub>001\/2021 \u2013 ESAP\/SEMSA<\/sub><\/a><\/td><td class=\"has-text-align-center\" data-align=\"center\">Processo seletivo destinado a m\u00e9dicos interessados em atuar como&nbsp;<strong>PRECEPTORES<\/strong>&nbsp;no Programa de Resid\u00eancia M\u00e9dica em Medicina de Fam\u00edlia e Comunidade, componente do Programa Mais Sa\u00fade Manaus (PROMAIS).<\/td><\/tr><\/tbody><\/table><\/figure>\n\n\n\n<p><strong>2020 Encerrados<\/strong><\/p>\n\n\n\n<div class=\"wp-block-columns is-layout-flex wp-container-core-columns-layout-6 wp-block-columns-is-layout-flex\">\n<div class=\"wp-block-column is-layout-flow wp-block-column-is-layout-flow\" style=\"flex-basis:100%\">\n<figure class=\"wp-block-table\"><table class=\"has-fixed-layout\"><tbody><tr><td class=\"has-text-align-center\" data-align=\"center\"><strong>Edital<\/strong><\/td><td class=\"has-text-align-center\" data-align=\"center\"><strong>Objetivo<\/strong><\/td><\/tr><tr><td class=\"has-text-align-center\" data-align=\"center\">             <a href=\"https:\/\/psesap.manaus.am.gov.br\/\" target=\"_blank\" rel=\"noreferrer noopener\"><sub>&nbsp;001\/2020 \u2013 ESAP\/SEMSA<\/sub><\/a>                                                                                                                                                     <\/td><td class=\"has-text-align-center\" data-align=\"center\">Processo seletivo destinado a m\u00e9dicos interessados em atuar como&nbsp;<strong>PRECEPTORES<\/strong>&nbsp;no Programa Mais Sa\u00fade Manaus (PROMAIS).<br>Inscri\u00e7\u00f5es de 24 a 30\/03\/2020.<\/td><\/tr><tr><td class=\"has-text-align-center\" data-align=\"center\">                <a href=\"https:\/\/psesap.manaus.am.gov.br\/\" target=\"_blank\" rel=\"noreferrer noopener\"><sub>002\/2020 \u2013 ESAP\/SEMSA<\/sub><\/a>                                                     <\/td><td class=\"has-text-align-center\" data-align=\"center\">Processo Seletivo destinado a&nbsp;<strong>m\u00e9dicos<\/strong>&nbsp;interessados em realizar ades\u00e3o ao&nbsp;<strong>Programa Mais Sa\u00fade Manaus (PROMAIS)<\/strong>, mediante a oferta de curso de Especializa\u00e7\u00e3o.<br>Inscri\u00e7\u00f5es de 24 a 30\/03\/2020.<\/td><\/tr><\/tbody><\/table><\/figure>\n<\/div>\n<\/div>\n","protected":false},"excerpt":{"rendered":"","protected":false},"author":8,"featured_media":0,"parent":208859,"menu_order":0,"comment_status":"closed","ping_status":"closed","template":"templates\/turismo.php","meta":{"footnotes":""},"acf":[],"yoast_head":"<!-- This site is optimized with the Yoast SEO plugin v23.0 - https:\/\/yoast.com\/wordpress\/plugins\/seo\/ -->\n<title>Sele\u00e7\u00f5es P\u00fablicas - SEMSA<\/title>\n<meta name=\"robots\" content=\"index, follow, max-snippet:-1, max-image-preview:large, max-video-preview:-1\" \/>\n<link rel=\"canonical\" href=\"https:\/\/www.manaus.am.gov.br\/semsa\/escola-de-saude-publica\/selecoes-publicas\/\" \/>\n<meta property=\"og:locale\" content=\"pt_BR\" \/>\n<meta property=\"og:type\" content=\"article\" \/>\n<meta property=\"og:title\" content=\"Sele\u00e7\u00f5es P\u00fablicas - SEMSA\" \/>\n<meta property=\"og:url\" content=\"https:\/\/www.manaus.am.gov.br\/semsa\/escola-de-saude-publica\/selecoes-publicas\/\" \/>\n<meta property=\"og:site_name\" content=\"SEMSA\" \/>\n<meta property=\"article:modified_time\" content=\"2026-04-13T12:53:53+00:00\" \/>\n<meta property=\"og:image\" content=\"https:\/\/www.manaus.am.gov.br\/semsa\/wp-content\/uploads\/sites\/8\/2024\/07\/thumb-default-2.png\" \/>\n\t<meta property=\"og:image:width\" content=\"966\" \/>\n\t<meta property=\"og:image:height\" content=\"520\" \/>\n\t<meta property=\"og:image:type\" content=\"image\/png\" \/>\n<meta name=\"twitter:card\" content=\"summary_large_image\" \/>\n<meta name=\"twitter:label1\" content=\"Est. reading time\" \/>\n\t<meta name=\"twitter:data1\" content=\"8 minutos\" \/>\n<script type=\"application\/ld+json\" class=\"yoast-schema-graph\">{\"@context\":\"https:\/\/schema.org\",\"@graph\":[{\"@type\":\"WebPage\",\"@id\":\"https:\/\/www.manaus.am.gov.br\/semsa\/escola-de-saude-publica\/selecoes-publicas\/\",\"url\":\"https:\/\/www.manaus.am.gov.br\/semsa\/escola-de-saude-publica\/selecoes-publicas\/\",\"name\":\"Sele\u00e7\u00f5es P\u00fablicas - SEMSA\",\"isPartOf\":{\"@id\":\"https:\/\/www.manaus.am.gov.br\/semsa\/#website\"},\"datePublished\":\"2024-04-30T15:53:26+00:00\",\"dateModified\":\"2026-04-13T12:53:53+00:00\",\"breadcrumb\":{\"@id\":\"https:\/\/www.manaus.am.gov.br\/semsa\/escola-de-saude-publica\/selecoes-publicas\/#breadcrumb\"},\"inLanguage\":\"pt-BR\",\"potentialAction\":[{\"@type\":\"ReadAction\",\"target\":[\"https:\/\/www.manaus.am.gov.br\/semsa\/escola-de-saude-publica\/selecoes-publicas\/\"]}]},{\"@type\":\"BreadcrumbList\",\"@id\":\"https:\/\/www.manaus.am.gov.br\/semsa\/escola-de-saude-publica\/selecoes-publicas\/#breadcrumb\",\"itemListElement\":[{\"@type\":\"ListItem\",\"position\":1,\"name\":\"Escola de Sa\u00fade P\u00fablica (Esap)\",\"item\":\"https:\/\/www.manaus.am.gov.br\/semsa\/escola-de-saude-publica\/\"},{\"@type\":\"ListItem\",\"position\":2,\"name\":\"Sele\u00e7\u00f5es P\u00fablicas\"}]},{\"@type\":\"WebSite\",\"@id\":\"https:\/\/www.manaus.am.gov.br\/semsa\/#website\",\"url\":\"https:\/\/www.manaus.am.gov.br\/semsa\/\",\"name\":\"SEMSA\",\"description\":\"Secretaria Municipal de Sa\u00fade\",\"alternateName\":\"Secretaria Municipal de Sa\u00fade\",\"potentialAction\":[{\"@type\":\"SearchAction\",\"target\":{\"@type\":\"EntryPoint\",\"urlTemplate\":\"https:\/\/www.manaus.am.gov.br\/semsa\/?s={search_term_string}\"},\"query-input\":\"required name=search_term_string\"}],\"inLanguage\":\"pt-BR\"}]}<\/script>\n<!-- \/ Yoast SEO plugin. -->","yoast_head_json":{"title":"Sele\u00e7\u00f5es P\u00fablicas - SEMSA","robots":{"index":"index","follow":"follow","max-snippet":"max-snippet:-1","max-image-preview":"max-image-preview:large","max-video-preview":"max-video-preview:-1"},"canonical":"https:\/\/www.manaus.am.gov.br\/semsa\/escola-de-saude-publica\/selecoes-publicas\/","og_locale":"pt_BR","og_type":"article","og_title":"Sele\u00e7\u00f5es P\u00fablicas - SEMSA","og_url":"https:\/\/www.manaus.am.gov.br\/semsa\/escola-de-saude-publica\/selecoes-publicas\/","og_site_name":"SEMSA","article_modified_time":"2026-04-13T12:53:53+00:00","og_image":[{"width":966,"height":520,"url":"https:\/\/www.manaus.am.gov.br\/semsa\/wp-content\/uploads\/sites\/8\/2024\/07\/thumb-default-2.png","type":"image\/png"}],"twitter_card":"summary_large_image","twitter_misc":{"Est. reading time":"8 minutos"},"schema":{"@context":"https:\/\/schema.org","@graph":[{"@type":"WebPage","@id":"https:\/\/www.manaus.am.gov.br\/semsa\/escola-de-saude-publica\/selecoes-publicas\/","url":"https:\/\/www.manaus.am.gov.br\/semsa\/escola-de-saude-publica\/selecoes-publicas\/","name":"Sele\u00e7\u00f5es P\u00fablicas - SEMSA","isPartOf":{"@id":"https:\/\/www.manaus.am.gov.br\/semsa\/#website"},"datePublished":"2024-04-30T15:53:26+00:00","dateModified":"2026-04-13T12:53:53+00:00","breadcrumb":{"@id":"https:\/\/www.manaus.am.gov.br\/semsa\/escola-de-saude-publica\/selecoes-publicas\/#breadcrumb"},"inLanguage":"pt-BR","potentialAction":[{"@type":"ReadAction","target":["https:\/\/www.manaus.am.gov.br\/semsa\/escola-de-saude-publica\/selecoes-publicas\/"]}]},{"@type":"BreadcrumbList","@id":"https:\/\/www.manaus.am.gov.br\/semsa\/escola-de-saude-publica\/selecoes-publicas\/#breadcrumb","itemListElement":[{"@type":"ListItem","position":1,"name":"Escola de Sa\u00fade P\u00fablica (Esap)","item":"https:\/\/www.manaus.am.gov.br\/semsa\/escola-de-saude-publica\/"},{"@type":"ListItem","position":2,"name":"Sele\u00e7\u00f5es P\u00fablicas"}]},{"@type":"WebSite","@id":"https:\/\/www.manaus.am.gov.br\/semsa\/#website","url":"https:\/\/www.manaus.am.gov.br\/semsa\/","name":"SEMSA","description":"Secretaria Municipal de Sa\u00fade","alternateName":"Secretaria Municipal de Sa\u00fade","potentialAction":[{"@type":"SearchAction","target":{"@type":"EntryPoint","urlTemplate":"https:\/\/www.manaus.am.gov.br\/semsa\/?s={search_term_string}"},"query-input":"required name=search_term_string"}],"inLanguage":"pt-BR"}]}},"_links":{"self":[{"href":"https:\/\/www.manaus.am.gov.br\/semsa\/wp-json\/wp\/v2\/pages\/215228"}],"collection":[{"href":"https:\/\/www.manaus.am.gov.br\/semsa\/wp-json\/wp\/v2\/pages"}],"about":[{"href":"https:\/\/www.manaus.am.gov.br\/semsa\/wp-json\/wp\/v2\/types\/page"}],"author":[{"embeddable":true,"href":"https:\/\/www.manaus.am.gov.br\/semsa\/wp-json\/wp\/v2\/users\/8"}],"replies":[{"embeddable":true,"href":"https:\/\/www.manaus.am.gov.br\/semsa\/wp-json\/wp\/v2\/comments?post=215228"}],"version-history":[{"count":127,"href":"https:\/\/www.manaus.am.gov.br\/semsa\/wp-json\/wp\/v2\/pages\/215228\/revisions"}],"predecessor-version":[{"id":228539,"href":"https:\/\/www.manaus.am.gov.br\/semsa\/wp-json\/wp\/v2\/pages\/215228\/revisions\/228539"}],"up":[{"embeddable":true,"href":"https:\/\/www.manaus.am.gov.br\/semsa\/wp-json\/wp\/v2\/pages\/208859"}],"wp:attachment":[{"href":"https:\/\/www.manaus.am.gov.br\/semsa\/wp-json\/wp\/v2\/media?parent=215228"}],"curies":[{"name":"wp","href":"https:\/\/api.w.org\/{rel}","templated":true}]}}