{"id":213922,"date":"2023-12-26T10:44:22","date_gmt":"2023-12-26T14:44:22","guid":{"rendered":"https:\/\/www.manaus.am.gov.br\/semsa\/?page_id=213922"},"modified":"2025-07-25T15:52:04","modified_gmt":"2025-07-25T19:52:04","slug":"zona-norte","status":"publish","type":"page","link":"https:\/\/www.manaus.am.gov.br\/semsa\/unidades-basicas-de-saude-ubs\/zona-norte\/","title":{"rendered":"Zona Norte"},"content":{"rendered":"\n<p><a href=\"https:\/\/www.manaus.am.gov.br\/semsa\/unidades-basicas-de-saude-ubs\/unidade-de-saude-da-familia-prefeito-frank-abrahim-lima\/\">Unidade de Sa\u00fade da Fam\u00edlia Prefeito Frank Abrahim Lima<\/a><\/p>\n\n\n\n<p><\/p>\n\n\n\n<p><a href=\"https:\/\/www.manaus.am.gov.br\/semsa\/unidades-basicas-de-saude-ubs\/unidade-de-saude-da-familia-prefeito-manoel-henriques-ribeiro\/\">Unidade de Sa\u00fade da Fam\u00edlia Prefeito Manoel Henriques Ribeiro<\/a><\/p>\n\n\n\n<p><\/p>\n\n\n\n<p><a href=\"https:\/\/www.manaus.am.gov.br\/semsa\/unidades-basicas-de-saude-ubs\/unidade-de-saude-da-familia-enfermeira-anna-barreto-pereira\/\">Unidade de Sa\u00fade da Fam\u00edlia Enfermeira Anna Barreto Pereira<\/a><\/p>\n\n\n\n<p><\/p>\n\n\n\n<p><a href=\"https:\/\/www.manaus.am.gov.br\/semsa\/unidades-basicas-de-saude-ubs\/unidade-de-saude-da-familia-augias-gadelha\/\">Unidade de Sa\u00fade da Fam\u00edlia \u00c1ugias Gadelha<\/a><\/p>\n\n\n\n<p><\/p>\n\n\n\n<p><a href=\"https:\/\/www.manaus.am.gov.br\/semsa\/unidades-basicas-de-saude-ubs\/unidade-de-saude-da-familia-prefeito-amazonino-mendes\/\">Unidade de Sa\u00fade da Fam\u00edlia Prefeito Amazonino Mendes<\/a><\/p>\n\n\n\n<p><\/p>\n\n\n\n<p><a href=\"https:\/\/www.manaus.am.gov.br\/semsa\/unidades-basicas-de-saude-ubs\/unidade-de-saude-da-familia-arthur-virgilio-filho\/\">Unidade de Sa\u00fade da Fam\u00edlia Arthur Virg\u00edlio Filho<\/a><\/p>\n\n\n\n<p><\/p>\n\n\n\n<p><a href=\"https:\/\/www.manaus.am.gov.br\/semsa\/unidades-basicas-de-saude-ubs\/unidade-de-saude-da-familia-armando-mendes\/\">Unidade de Sa\u00fade da Fam\u00edlia Armando Mendes<\/a><\/p>\n\n\n\n<p><\/p>\n\n\n\n<p><a href=\"https:\/\/www.manaus.am.gov.br\/semsa\/unidades-basicas-de-saude-ubs\/unidade-de-saude-da-familia-balbina-mestrinho\/\">Unidade de Sa\u00fade da Fam\u00edlia Balbina Mestrinho<\/a><\/p>\n\n\n\n<p><\/p>\n\n\n\n<p><a href=\"https:\/\/www.manaus.am.gov.br\/semsa\/unidades-basicas-de-saude-ubs\/unidade-de-saude-da-familia-carmen-nicolau\/\">Unidade de Sa\u00fade da Fam\u00edlia Carmen Nicolau<\/a><\/p>\n\n\n\n<p><\/p>\n\n\n\n<p><a href=\"https:\/\/www.manaus.am.gov.br\/semsa\/unidades-basicas-de-saude-ubs\/unidade-de-saude-da-familia-professor-carlson-gracie\/\">Unidade de Sa\u00fade da Fam\u00edlia Professor Carlson Gracie<\/a><\/p>\n\n\n\n<p><\/p>\n\n\n\n<p><a href=\"https:\/\/www.manaus.am.gov.br\/semsa\/unidades-basicas-de-saude-ubs\/unidade-de-saude-da-familia-fatima-andrade\/\">Unidade de Sa\u00fade da Fam\u00edlia F\u00e1tima Andrade<\/a><\/p>\n\n\n\n<p><\/p>\n\n\n\n<p><a href=\"https:\/\/www.manaus.am.gov.br\/semsa\/unidades-basicas-de-saude-ubs\/unidade-de-saude-da-familia-frei-valerio-di-carlo\/\">Unidade de Sa\u00fade da Fam\u00edlia Frei Val\u00e9rio Di Carlo<\/a><\/p>\n\n\n\n<p><\/p>\n\n\n\n<p><a href=\"https:\/\/www.manaus.am.gov.br\/semsa\/unidades-basicas-de-saude-ubs\/unidade-de-saude-da-familia-dr-jose-figliuolo\/\">Unidade de Sa\u00fade da Fam\u00edlia Dr. Jos\u00e9 Figliuolo<\/a><\/p>\n\n\n\n<p><\/p>\n\n\n\n<p><a href=\"https:\/\/www.manaus.am.gov.br\/semsa\/unidades-basicas-de-saude-ubs\/unidade-de-saude-da-familia-mj-pm-salvio-belota\/\">Unidade de Sa\u00fade da Fam\u00edlia MJ PM Salvio Belota<\/a><\/p>\n\n\n\n<p><\/p>\n\n\n\n<p><a href=\"https:\/\/www.manaus.am.gov.br\/semsa\/unidades-basicas-de-saude-ubs\/unidade-de-saude-da-familia-n-01\/\">Unidade de Sa\u00fade da Fam\u00edlia N 01<\/a><\/p>\n\n\n\n<p><\/p>\n\n\n\n<p><a href=\"https:\/\/www.manaus.am.gov.br\/semsa\/unidades-basicas-de-saude-ubs\/unidade-de-saude-da-familia-n-02\/\">Unidade de Sa\u00fade da Fam\u00edlia N 02<\/a><\/p>\n\n\n\n<p><\/p>\n\n\n\n<p><a href=\"https:\/\/www.manaus.am.gov.br\/semsa\/unidades-basicas-de-saude-ubs\/unidade-de-saude-da-familia-n-03\/\">Unidade de Sa\u00fade da Fam\u00edlia N 03<\/a><\/p>\n\n\n\n<p><\/p>\n\n\n\n<p><a href=\"https:\/\/www.manaus.am.gov.br\/semsa\/unidades-basicas-de-saude-ubs\/unidade-de-saude-da-familia-n-06\/\">Unidade de Sa\u00fade da Fam\u00edlia N 06<\/a><\/p>\n\n\n\n<p><\/p>\n\n\n\n<p><a href=\"https:\/\/www.manaus.am.gov.br\/semsa\/unidades-basicas-de-saude-ubs\/unidade-de-saude-da-familia-n-08\/\">Unidade de Sa\u00fade da Fam\u00edlia N 08<\/a><\/p>\n\n\n\n<p><\/p>\n\n\n\n<p><a href=\"https:\/\/www.manaus.am.gov.br\/semsa\/unidades-basicas-de-saude-ubs\/unidade-de-saude-da-familia-n-11\/\">Unidade de Sa\u00fade da Fam\u00edlia N 11<\/a><\/p>\n\n\n\n<p><\/p>\n\n\n\n<p><a href=\"https:\/\/www.manaus.am.gov.br\/semsa\/unidades-basicas-de-saude-ubs\/unidade-de-saude-da-familia-n-12\/\">Unidade de Sa\u00fade da Fam\u00edlia N 12<\/a><\/p>\n\n\n\n<p><\/p>\n\n\n\n<p><a href=\"https:\/\/www.manaus.am.gov.br\/semsa\/unidades-basicas-de-saude-ubs\/unidade-de-saude-da-familia-n-13\/\">Unidade de Sa\u00fade da Fam\u00edlia N 13<\/a><\/p>\n\n\n\n<p><\/p>\n\n\n\n<p><a href=\"https:\/\/www.manaus.am.gov.br\/semsa\/unidades-basicas-de-saude-ubs\/unidade-de-saude-da-familia-n-14\/\">Unidade de Sa\u00fade da Fam\u00edlia N 14<\/a><\/p>\n\n\n\n<p><\/p>\n\n\n\n<p><a href=\"https:\/\/www.manaus.am.gov.br\/semsa\/unidades-basicas-de-saude-ubs\/unidade-de-saude-da-familia-n-16\/\">Unidade de Sa\u00fade da Fam\u00edlia N 16<\/a><\/p>\n\n\n\n<p><\/p>\n\n\n\n<p><a href=\"https:\/\/www.manaus.am.gov.br\/semsa\/unidades-basicas-de-saude-ubs\/unidade-de-saude-da-familia-n-17\/\">Unidade de Sa\u00fade da Fam\u00edlia N 17<\/a><\/p>\n\n\n\n<p><\/p>\n\n\n\n<p><a href=\"https:\/\/www.manaus.am.gov.br\/semsa\/unidades-basicas-de-saude-ubs\/unidade-de-saude-da-familia-n-19\/\">Unidade de Sa\u00fade da Fam\u00edlia N 19<\/a><\/p>\n\n\n\n<p><\/p>\n\n\n\n<p><a href=\"https:\/\/www.manaus.am.gov.br\/semsa\/unidades-basicas-de-saude-ubs\/unidade-de-saude-da-familia-n-21\/\">Unidade de Sa\u00fade da Fam\u00edlia N 21<\/a><\/p>\n\n\n\n<p><\/p>\n\n\n\n<p><a href=\"https:\/\/www.manaus.am.gov.br\/semsa\/unidades-basicas-de-saude-ubs\/unidade-de-saude-da-familia-n-22\/\">Unidade de Sa\u00fade da Fam\u00edlia N 22<\/a><\/p>\n\n\n\n<p><\/p>\n\n\n\n<p><a href=\"https:\/\/www.manaus.am.gov.br\/semsa\/unidades-basicas-de-saude-ubs\/unidade-de-saude-da-familia-n-23\/\">Unidade de Sa\u00fade da Fam\u00edlia N 23<\/a><\/p>\n\n\n\n<p><\/p>\n\n\n\n<p><a href=\"https:\/\/www.manaus.am.gov.br\/semsa\/unidades-basicas-de-saude-ubs\/unidade-de-saude-da-familia-n-24\/\">Unidade de Sa\u00fade da Fam\u00edlia N 24<\/a><\/p>\n\n\n\n<p><\/p>\n\n\n\n<p><a href=\"https:\/\/www.manaus.am.gov.br\/semsa\/unidades-basicas-de-saude-ubs\/unidade-de-saude-da-familia-n-26\/\">Unidade de Sa\u00fade da Fam\u00edlia N 26<\/a><\/p>\n\n\n\n<p><\/p>\n\n\n\n<p><a href=\"https:\/\/www.manaus.am.gov.br\/semsa\/unidades-basicas-de-saude-ubs\/unidade-de-saude-da-familia-n-27\/\">Unidade de Sa\u00fade da Fam\u00edlia N 27<\/a><\/p>\n\n\n\n<p><\/p>\n\n\n\n<p><a href=\"https:\/\/www.manaus.am.gov.br\/semsa\/unidades-basicas-de-saude-ubs\/unidade-de-saude-da-familia-n-29\/\">Unidade de Sa\u00fade da Fam\u00edlia N 29<\/a><\/p>\n\n\n\n<p><\/p>\n\n\n\n<p><a href=\"https:\/\/www.manaus.am.gov.br\/semsa\/unidades-basicas-de-saude-ubs\/unidade-de-saude-da-familia-n-30\/\">Unidade de Sa\u00fade da Fam\u00edlia N 30<\/a><\/p>\n\n\n\n<p><\/p>\n\n\n\n<p><a href=\"https:\/\/www.manaus.am.gov.br\/semsa\/unidades-basicas-de-saude-ubs\/unidade-de-saude-da-familia-n-31\/\">Unidade de Sa\u00fade da Fam\u00edlia N 31<\/a><\/p>\n\n\n\n<p><\/p>\n\n\n\n<p><a href=\"https:\/\/www.manaus.am.gov.br\/semsa\/unidades-basicas-de-saude-ubs\/unidade-de-saude-da-familia-n-35\/\">Unidade de Sa\u00fade da Fam\u00edlia N 35<\/a><\/p>\n\n\n\n<p><\/p>\n\n\n\n<p><a href=\"https:\/\/www.manaus.am.gov.br\/semsa\/unidades-basicas-de-saude-ubs\/unidade-de-saude-da-familia-n-36\/\">Unidade de Sa\u00fade da Fam\u00edlia N 36<\/a><\/p>\n\n\n\n<p><\/p>\n\n\n\n<p><a href=\"https:\/\/www.manaus.am.gov.br\/semsa\/unidades-basicas-de-saude-ubs\/unidade-de-saude-da-familia-n-37\/\">Unidade de Sa\u00fade da Fam\u00edlia N 37<\/a><\/p>\n\n\n\n<p><\/p>\n\n\n\n<p><a href=\"https:\/\/www.manaus.am.gov.br\/semsa\/unidades-basicas-de-saude-ubs\/unidade-de-saude-da-familia-n-38\/\">Unidade de Sa\u00fade da Fam\u00edlia N 38<\/a><\/p>\n\n\n\n<p><\/p>\n\n\n\n<p><a href=\"https:\/\/www.manaus.am.gov.br\/semsa\/unidades-basicas-de-saude-ubs\/unidade-de-saude-da-familia-n-39\/\">Unidade de Sa\u00fade da Fam\u00edlia N 39<\/a><\/p>\n\n\n\n<p><\/p>\n\n\n\n<p><a href=\"https:\/\/www.manaus.am.gov.br\/semsa\/unidades-basicas-de-saude-ubs\/unidade-de-saude-da-familia-n-40\/\">Unidade de Sa\u00fade da Fam\u00edlia N 40<\/a><\/p>\n\n\n\n<p><\/p>\n\n\n\n<p><a href=\"https:\/\/www.manaus.am.gov.br\/semsa\/unidades-basicas-de-saude-ubs\/unidade-de-saude-da-familia-n-41\/\">Unidade de Sa\u00fade da Fam\u00edlia N 41<\/a><\/p>\n\n\n\n<p><\/p>\n\n\n\n<p><a href=\"https:\/\/www.manaus.am.gov.br\/semsa\/unidades-basicas-de-saude-ubs\/unidade-de-saude-da-familia-n-42\/\">Unidade de Sa\u00fade da Fam\u00edlia N 42<\/a><\/p>\n\n\n\n<p><\/p>\n\n\n\n<p><a href=\"https:\/\/www.manaus.am.gov.br\/semsa\/unidades-basicas-de-saude-ubs\/unidade-de-saude-da-familia-n-43\/\">Unidade de Sa\u00fade da Fam\u00edlia N 43<\/a><\/p>\n\n\n\n<p><\/p>\n\n\n\n<p><a href=\"https:\/\/www.manaus.am.gov.br\/semsa\/unidades-basicas-de-saude-ubs\/unidade-de-saude-da-familia-n-46\/\">Unidade de Sa\u00fade da Fam\u00edlia N 46<\/a><\/p>\n\n\n\n<p><\/p>\n\n\n\n<p><a href=\"https:\/\/www.manaus.am.gov.br\/semsa\/unidades-basicas-de-saude-ubs\/unidade-de-saude-da-familia-n-47\/\">Unidade de Sa\u00fade da Fam\u00edlia N 47<\/a><\/p>\n\n\n\n<p><\/p>\n\n\n\n<p><a href=\"https:\/\/www.manaus.am.gov.br\/semsa\/unidades-basicas-de-saude-ubs\/unidade-de-saude-da-familia-n-48\/\">Unidade de Sa\u00fade da Fam\u00edlia N 48<\/a><\/p>\n\n\n\n<p><\/p>\n\n\n\n<p><a href=\"https:\/\/www.manaus.am.gov.br\/semsa\/unidades-basicas-de-saude-ubs\/unidade-de-saude-da-familia-n-49\/\">Unidade de Sa\u00fade da Fam\u00edlia N 49<\/a><\/p>\n\n\n\n<p><\/p>\n\n\n\n<p><a href=\"https:\/\/www.manaus.am.gov.br\/semsa\/unidades-basicas-de-saude-ubs\/unidade-de-saude-da-familia-n-50\/\">Unidade de Sa\u00fade da Fam\u00edlia N 50<\/a><\/p>\n\n\n\n<p><\/p>\n\n\n\n<p><a href=\"https:\/\/www.manaus.am.gov.br\/semsa\/unidades-basicas-de-saude-ubs\/unidade-de-saude-da-familia-n-51\/\">Unidade de Sa\u00fade da Fam\u00edlia N 51<\/a><\/p>\n\n\n\n<p><\/p>\n\n\n\n<p><a href=\"https:\/\/www.manaus.am.gov.br\/semsa\/unidades-basicas-de-saude-ubs\/unidade-de-saude-da-familia-n-52\/\">Unidade de Sa\u00fade da Fam\u00edlia N 52<\/a><\/p>\n\n\n\n<p><\/p>\n\n\n\n<p><a href=\"https:\/\/www.manaus.am.gov.br\/semsa\/unidades-basicas-de-saude-ubs\/unidade-de-saude-da-familia-n-53\/\">Unidade de Sa\u00fade da Fam\u00edlia N 53<\/a><\/p>\n\n\n\n<p><\/p>\n\n\n\n<p><a href=\"https:\/\/www.manaus.am.gov.br\/semsa\/unidades-basicas-de-saude-ubs\/unidade-de-saude-da-familia-n-54\/\">Unidade de Sa\u00fade da Fam\u00edlia N 54<\/a><\/p>\n\n\n\n<p><\/p>\n\n\n\n<p><a href=\"https:\/\/www.manaus.am.gov.br\/semsa\/unidades-basicas-de-saude-ubs\/unidade-de-saude-da-familia-n-55\/\">Unidade de Sa\u00fade da Fam\u00edlia N 55<\/a><\/p>\n\n\n\n<p><\/p>\n\n\n\n<p><a href=\"https:\/\/www.manaus.am.gov.br\/semsa\/unidades-basicas-de-saude-ubs\/unidade-de-saude-da-familia-n-56\/\">Unidade de Sa\u00fade da Fam\u00edlia N 56<\/a><\/p>\n\n\n\n<p><\/p>\n\n\n\n<p><a href=\"https:\/\/www.manaus.am.gov.br\/semsa\/unidades-basicas-de-saude-ubs\/unidade-de-saude-da-familia-n-57\/\">Unidade de Sa\u00fade da Fam\u00edlia N 57<\/a><\/p>\n\n\n\n<p><\/p>\n\n\n\n<p><a href=\"https:\/\/www.manaus.am.gov.br\/semsa\/unidades-basicas-de-saude-ubs\/unidade-de-saude-da-familia-n-58\/\">Unidade de Sa\u00fade da Fam\u00edlia N 58<\/a><\/p>\n\n\n\n<p><\/p>\n\n\n\n<p><a href=\"https:\/\/www.manaus.am.gov.br\/semsa\/unidades-basicas-de-saude-ubs\/unidade-de-saude-da-familia-n-59\/\">Unidade de Sa\u00fade da Fam\u00edlia N 59<\/a><\/p>\n\n\n\n<p><\/p>\n\n\n\n<p><a href=\"https:\/\/www.manaus.am.gov.br\/semsa\/unidades-basicas-de-saude-ubs\/unidade-de-saude-da-familia-n-60\/\">Unidade de Sa\u00fade da Fam\u00edlia N 60<\/a><\/p>\n\n\n\n<p><\/p>\n\n\n\n<p><\/p>\n","protected":false},"excerpt":{"rendered":"","protected":false},"author":27,"featured_media":0,"parent":213920,"menu_order":0,"comment_status":"closed","ping_status":"closed","template":"templates\/prefeitura.php","meta":{"footnotes":""},"acf":[],"yoast_head":"<!-- This site is optimized with the Yoast SEO plugin v23.0 - https:\/\/yoast.com\/wordpress\/plugins\/seo\/ -->\n<title>Zona Norte - SEMSA<\/title>\n<meta name=\"robots\" content=\"index, follow, max-snippet:-1, max-image-preview:large, max-video-preview:-1\" \/>\n<link rel=\"canonical\" href=\"https:\/\/www.manaus.am.gov.br\/semsa\/unidades-basicas-de-saude-ubs\/zona-norte\/\" \/>\n<meta property=\"og:locale\" content=\"pt_BR\" \/>\n<meta property=\"og:type\" content=\"article\" \/>\n<meta property=\"og:title\" content=\"Zona Norte - SEMSA\" \/>\n<meta property=\"og:url\" content=\"https:\/\/www.manaus.am.gov.br\/semsa\/unidades-basicas-de-saude-ubs\/zona-norte\/\" \/>\n<meta property=\"og:site_name\" content=\"SEMSA\" \/>\n<meta property=\"article:modified_time\" content=\"2025-07-25T19:52:04+00:00\" \/>\n<meta property=\"og:image\" content=\"https:\/\/www.manaus.am.gov.br\/semsa\/wp-content\/uploads\/sites\/8\/2024\/07\/thumb-default-2.png\" \/>\n\t<meta property=\"og:image:width\" content=\"966\" \/>\n\t<meta property=\"og:image:height\" content=\"520\" \/>\n\t<meta property=\"og:image:type\" content=\"image\/png\" \/>\n<meta name=\"twitter:card\" content=\"summary_large_image\" \/>\n<meta name=\"twitter:label1\" content=\"Est. reading time\" \/>\n\t<meta name=\"twitter:data1\" content=\"3 minutos\" \/>\n<script type=\"application\/ld+json\" class=\"yoast-schema-graph\">{\"@context\":\"https:\/\/schema.org\",\"@graph\":[{\"@type\":\"WebPage\",\"@id\":\"https:\/\/www.manaus.am.gov.br\/semsa\/unidades-basicas-de-saude-ubs\/zona-norte\/\",\"url\":\"https:\/\/www.manaus.am.gov.br\/semsa\/unidades-basicas-de-saude-ubs\/zona-norte\/\",\"name\":\"Zona Norte - SEMSA\",\"isPartOf\":{\"@id\":\"https:\/\/www.manaus.am.gov.br\/semsa\/#website\"},\"datePublished\":\"2023-12-26T14:44:22+00:00\",\"dateModified\":\"2025-07-25T19:52:04+00:00\",\"breadcrumb\":{\"@id\":\"https:\/\/www.manaus.am.gov.br\/semsa\/unidades-basicas-de-saude-ubs\/zona-norte\/#breadcrumb\"},\"inLanguage\":\"pt-BR\",\"potentialAction\":[{\"@type\":\"ReadAction\",\"target\":[\"https:\/\/www.manaus.am.gov.br\/semsa\/unidades-basicas-de-saude-ubs\/zona-norte\/\"]}]},{\"@type\":\"BreadcrumbList\",\"@id\":\"https:\/\/www.manaus.am.gov.br\/semsa\/unidades-basicas-de-saude-ubs\/zona-norte\/#breadcrumb\",\"itemListElement\":[{\"@type\":\"ListItem\",\"position\":1,\"name\":\"Unidades B\u00e1sicas de Sa\u00fade &#8211; UBS\",\"item\":\"https:\/\/www.manaus.am.gov.br\/semsa\/unidades-basicas-de-saude-ubs\/\"},{\"@type\":\"ListItem\",\"position\":2,\"name\":\"Zona Norte\"}]},{\"@type\":\"WebSite\",\"@id\":\"https:\/\/www.manaus.am.gov.br\/semsa\/#website\",\"url\":\"https:\/\/www.manaus.am.gov.br\/semsa\/\",\"name\":\"SEMSA\",\"description\":\"Secretaria Municipal de Sa\u00fade\",\"alternateName\":\"Secretaria Municipal de Sa\u00fade\",\"potentialAction\":[{\"@type\":\"SearchAction\",\"target\":{\"@type\":\"EntryPoint\",\"urlTemplate\":\"https:\/\/www.manaus.am.gov.br\/semsa\/?s={search_term_string}\"},\"query-input\":\"required name=search_term_string\"}],\"inLanguage\":\"pt-BR\"}]}<\/script>\n<!-- \/ Yoast SEO plugin. -->","yoast_head_json":{"title":"Zona Norte - SEMSA","robots":{"index":"index","follow":"follow","max-snippet":"max-snippet:-1","max-image-preview":"max-image-preview:large","max-video-preview":"max-video-preview:-1"},"canonical":"https:\/\/www.manaus.am.gov.br\/semsa\/unidades-basicas-de-saude-ubs\/zona-norte\/","og_locale":"pt_BR","og_type":"article","og_title":"Zona Norte - SEMSA","og_url":"https:\/\/www.manaus.am.gov.br\/semsa\/unidades-basicas-de-saude-ubs\/zona-norte\/","og_site_name":"SEMSA","article_modified_time":"2025-07-25T19:52:04+00:00","og_image":[{"width":966,"height":520,"url":"https:\/\/www.manaus.am.gov.br\/semsa\/wp-content\/uploads\/sites\/8\/2024\/07\/thumb-default-2.png","type":"image\/png"}],"twitter_card":"summary_large_image","twitter_misc":{"Est. reading time":"3 minutos"},"schema":{"@context":"https:\/\/schema.org","@graph":[{"@type":"WebPage","@id":"https:\/\/www.manaus.am.gov.br\/semsa\/unidades-basicas-de-saude-ubs\/zona-norte\/","url":"https:\/\/www.manaus.am.gov.br\/semsa\/unidades-basicas-de-saude-ubs\/zona-norte\/","name":"Zona Norte - SEMSA","isPartOf":{"@id":"https:\/\/www.manaus.am.gov.br\/semsa\/#website"},"datePublished":"2023-12-26T14:44:22+00:00","dateModified":"2025-07-25T19:52:04+00:00","breadcrumb":{"@id":"https:\/\/www.manaus.am.gov.br\/semsa\/unidades-basicas-de-saude-ubs\/zona-norte\/#breadcrumb"},"inLanguage":"pt-BR","potentialAction":[{"@type":"ReadAction","target":["https:\/\/www.manaus.am.gov.br\/semsa\/unidades-basicas-de-saude-ubs\/zona-norte\/"]}]},{"@type":"BreadcrumbList","@id":"https:\/\/www.manaus.am.gov.br\/semsa\/unidades-basicas-de-saude-ubs\/zona-norte\/#breadcrumb","itemListElement":[{"@type":"ListItem","position":1,"name":"Unidades B\u00e1sicas de Sa\u00fade &#8211; UBS","item":"https:\/\/www.manaus.am.gov.br\/semsa\/unidades-basicas-de-saude-ubs\/"},{"@type":"ListItem","position":2,"name":"Zona Norte"}]},{"@type":"WebSite","@id":"https:\/\/www.manaus.am.gov.br\/semsa\/#website","url":"https:\/\/www.manaus.am.gov.br\/semsa\/","name":"SEMSA","description":"Secretaria Municipal de Sa\u00fade","alternateName":"Secretaria Municipal de Sa\u00fade","potentialAction":[{"@type":"SearchAction","target":{"@type":"EntryPoint","urlTemplate":"https:\/\/www.manaus.am.gov.br\/semsa\/?s={search_term_string}"},"query-input":"required name=search_term_string"}],"inLanguage":"pt-BR"}]}},"_links":{"self":[{"href":"https:\/\/www.manaus.am.gov.br\/semsa\/wp-json\/wp\/v2\/pages\/213922"}],"collection":[{"href":"https:\/\/www.manaus.am.gov.br\/semsa\/wp-json\/wp\/v2\/pages"}],"about":[{"href":"https:\/\/www.manaus.am.gov.br\/semsa\/wp-json\/wp\/v2\/types\/page"}],"author":[{"embeddable":true,"href":"https:\/\/www.manaus.am.gov.br\/semsa\/wp-json\/wp\/v2\/users\/27"}],"replies":[{"embeddable":true,"href":"https:\/\/www.manaus.am.gov.br\/semsa\/wp-json\/wp\/v2\/comments?post=213922"}],"version-history":[{"count":72,"href":"https:\/\/www.manaus.am.gov.br\/semsa\/wp-json\/wp\/v2\/pages\/213922\/revisions"}],"predecessor-version":[{"id":226576,"href":"https:\/\/www.manaus.am.gov.br\/semsa\/wp-json\/wp\/v2\/pages\/213922\/revisions\/226576"}],"up":[{"embeddable":true,"href":"https:\/\/www.manaus.am.gov.br\/semsa\/wp-json\/wp\/v2\/pages\/213920"}],"wp:attachment":[{"href":"https:\/\/www.manaus.am.gov.br\/semsa\/wp-json\/wp\/v2\/media?parent=213922"}],"curies":[{"name":"wp","href":"https:\/\/api.w.org\/{rel}","templated":true}]}}