{"id":208961,"date":"2023-01-18T16:29:07","date_gmt":"2023-01-18T20:29:07","guid":{"rendered":"https:\/\/www.manaus.am.gov.br\/semsa\/?page_id=208961"},"modified":"2026-03-03T09:40:24","modified_gmt":"2026-03-03T13:40:24","slug":"concursos-e-processos-seletivos","status":"publish","type":"page","link":"https:\/\/www.manaus.am.gov.br\/semsa\/principal\/concursos-e-processos-seletivos\/","title":{"rendered":"Concursos e processos seletivos"},"content":{"rendered":"\n<p><strong>\u00c1rea Respons\u00e1vel:<\/strong> Ger\u00eancia de Gest\u00e3o do Trabalho em Sa\u00fade (GETRAB)<br><strong>E-mail:<\/strong>&nbsp;getrab.semsa@manaus.am.gov.br<\/p>\n\n\n\n<h3 class=\"wp-block-heading\">O que \u00e9 Concurso?<\/h3>\n\n\n\n<p>Concurso p\u00fablico \u00e9 forma de ingresso em cargo p\u00fablico de carreira na administra\u00e7\u00e3o p\u00fablica. \u00c9 a principal forma de ingresso em cargo p\u00fablico para seguir carreira no servi\u00e7o p\u00fablico.<\/p>\n\n\n\n<p>No Munic\u00edpio de Manaus, o servidor concursado \u00e9 regido pela Lei n\u00ba 1.118\/71, que disp\u00f5e sobre o Estatuto dos Servidores P\u00fablicos do Munic\u00edpio de Manaus, e, na condi\u00e7\u00e3o de servidor na Secretaria Municipal de Sa\u00fade, aplicam-se as Leis n\u00ba 1.222\/2008 (Servidores P\u00fablicos da Sa\u00fade) e n\u00ba 1.223\/2008 (Especialistas em Sa\u00fade \u2013 M\u00e9dicos).<\/p>\n\n\n\n<h3 class=\"wp-block-heading\">O que \u00e9 Processo Seletivo Simplificado?<\/h3>\n\n\n\n<p>Processo Seletivo Simplificado \u00e9 esp\u00e9cie derivada de forma de ingresso, mediante contrata\u00e7\u00e3o tempor\u00e1ria, que ocorre para sanear necessidade emergencial da administra\u00e7\u00e3o p\u00fablica, para fins de contrata\u00e7\u00e3o em fun\u00e7\u00f5es p\u00fablicas. No Brasil, a Constitui\u00e7\u00e3o Federal (CF) prev\u00ea no art. 37, inciso II o concurso p\u00fablico, e no inciso IX a viabilidade para contrata\u00e7\u00e3o tempor\u00e1ria.<\/p>\n\n\n\n<p>O servidor tempor\u00e1rio \u00e9 regido pela Lei n\u00ba 1.425\/2010 e pelo Decreto n\u00ba 544\/2010.<\/p>\n\n\n\n<h3 class=\"wp-block-heading\">Eixo de Trabalho<\/h3>\n\n\n\n<p>A Ger\u00eancia de Gest\u00e3o do Trabalho al\u00e9m de executar atos preparat\u00f3rios e de levantamentos de necessidades para fins de concurso e processo seletivo simplificado, executa tamb\u00e9m atividades de posse, exerc\u00edcio, os atos de prorroga\u00e7\u00e3o e de tornar sem efeito, bem como aplicar os instrumentos de est\u00e1gio probat\u00f3rio, Avalia\u00e7\u00e3o Especial de Desempenho, Avalia\u00e7\u00e3o Peri\u00f3dica de Desempenho e Desenvolvimento na Carreira (Progress\u00f5es e Promo\u00e7\u00e3o).<\/p>\n\n\n\n<h3 class=\"wp-block-heading\">Campanha de Vacina\u00e7\u00e3o Antirr\u00e1bica Animal &#8211; PSS 001\/2025<\/h3>\n\n\n\n<ul>\n<li><a href=\"https:\/\/www.manaus.am.gov.br\/semsa\/wp-content\/uploads\/sites\/8\/2025\/08\/DOM-6134-15.08.2025-CAD-1.doc.pdf\">Processo Seletivo Simplificado &#8211; Edital 001 &#8211; 2025<\/a><\/li>\n\n\n\n<li><a href=\"https:\/\/pssemsa.manaus.am.gov.br\/view\/descricao.php\">Inscri\u00e7\u00e3o Vacinadores 2025<\/a><\/li>\n\n\n\n<li><a href=\"https:\/\/www.manaus.am.gov.br\/semsa\/wp-content\/uploads\/sites\/8\/2025\/08\/CAMPANHA-ANTIRRABICA-ANIMAL-2025-RESULTADO-PRELIMINAR-PSS-DOM-6143-28.08.2025-CAD-1.pdf\">Resultado Preliminar<\/a><\/li>\n\n\n\n<li><a href=\"https:\/\/www.manaus.am.gov.br\/semsa\/wp-content\/uploads\/sites\/8\/2025\/09\/PREFEITURA-DE-MANAUS.pdf\">Resultado Final<\/a><\/li>\n\n\n\n<li><a href=\"https:\/\/www.manaus.am.gov.br\/semsa\/wp-content\/uploads\/sites\/8\/2025\/10\/DOM-6166-01.10.2025-CAD-2.pdf\">2\u00ba Edital de Convoca\u00e7\u00e3o<\/a><\/li>\n\n\n\n<li><a href=\"https:\/\/www.manaus.am.gov.br\/semsa\/wp-content\/uploads\/sites\/8\/2025\/10\/DOM-6168-03.10.2025-CAD-1.pdf\">Errata &#8211; DOM 6168<\/a><\/li>\n\n\n\n<li><a href=\"https:\/\/www.manaus.am.gov.br\/semsa\/wp-content\/uploads\/sites\/8\/2025\/10\/DOM-6181-22.10.2025-CAD-1.doc.pdf\">Prorroga\u00e7\u00e3o do prazo de convoca\u00e7\u00e3o<\/a><\/li>\n<\/ul>\n\n\n\n<h3 class=\"wp-block-heading\">Campanha de Vacina\u00e7\u00e3o Antirr\u00e1bica Animal &#8211; PSS 001\/2024<\/h3>\n\n\n\n<ul>\n<li><a href=\"https:\/\/www.manaus.am.gov.br\/semsa\/wp-content\/uploads\/sites\/8\/2024\/08\/PSS-SEMSA-001-2024-EDITAL-DOM-5880-01.08.2024-CAD-1.pdf\">Processo Seletivo Simplificado &#8211;<\/a> <a href=\"https:\/\/www.manaus.am.gov.br\/semsa\/wp-content\/uploads\/sites\/8\/2024\/08\/PSS-SEMSA-001-2024-EDITAL-DOM-5880-01.08.2024-CAD-1.pdf\">Edital 001- 2024<\/a><\/li>\n\n\n\n<li><a href=\"https:\/\/www.manaus.am.gov.br\/semsa\/wp-content\/uploads\/sites\/8\/2024\/08\/PSS-SEMSA-001-2024-RESULTADO-PRELIMINAR-DOM-5894-21.08.2024-CAD-1.pdf\"><\/a><a href=\"https:\/\/www.manaus.am.gov.br\/semsa\/wp-content\/uploads\/sites\/8\/2024\/08\/PSS-SEMSA-001-2024-AVISO-DE-RETIFICACAO-DE-EDITAL-DOM-5894-21.08.2024-CAD-1.pdf\">Aviso de Retifica\u00e7\u00e3o<\/a><\/li>\n\n\n\n<li><a href=\"https:\/\/www.manaus.am.gov.br\/semsa\/wp-content\/uploads\/sites\/8\/2024\/08\/PSS-SEMSA-001-2024-RESULTADO-PRELIMINAR-DOM-5894-21.08.2024-CAD-1.pdf\">Resultado Preliminar<\/a><\/li>\n\n\n\n<li><a href=\"https:\/\/www.manaus.am.gov.br\/semsa\/wp-content\/uploads\/sites\/8\/2024\/08\/PSS-SEMSA-001-2024-PORTARIA-657-2024-DOM-5897-26.08.2024-CAD-1.pdf\">Portaria 657 &#8211; 2024<\/a><\/li>\n\n\n\n<li><a href=\"https:\/\/www.manaus.am.gov.br\/semsa\/wp-content\/uploads\/sites\/8\/2024\/08\/PSS-SEMSA-001-2024-RESULTADO-FINAL-DOM-5898-27.08.2024-CAD-2.pdf\">Resultado Final<\/a><\/li>\n\n\n\n<li><a href=\"https:\/\/www.manaus.am.gov.br\/semsa\/wp-content\/uploads\/sites\/8\/2024\/08\/PSS-SEMSA-001-2024-CONVOCACAO-DOM-5898-27.08.2024-CAD-2.pdf\">Edital de Convoca\u00e7\u00e3o<\/a><\/li>\n\n\n\n<li><a href=\"https:\/\/www.manaus.am.gov.br\/semsa\/wp-content\/uploads\/sites\/8\/2024\/09\/DOM-5914-20.09.2024-CAD-1.doc.pdf\">2\u00ba Edital de Convoca\u00e7\u00e3o<\/a><\/li>\n<\/ul>\n\n\n\n<p><\/p>\n\n\n\n<h3 class=\"wp-block-heading\">Campanha de Vacina\u00e7\u00e3o Antirr\u00e1bica Animal &#8211; PSS 001\/2023<\/h3>\n\n\n\n<ul>\n<li><a href=\"https:\/\/www.manaus.am.gov.br\/semsa\/wp-content\/uploads\/sites\/8\/2024\/06\/Microsoft-Word-DOM-5629-17.07.2023-CAD-1.doc.pdf\">Processo Seletivo Simplificado &#8211; Edital 001\/2023<\/a><\/li>\n\n\n\n<li><a href=\"https:\/\/pssemsa.manaus.am.gov.br\/processo_seletivo\/\">Inscri\u00e7\u00e3o Vacinadores 2023<\/a><\/li>\n\n\n\n<li><a href=\"https:\/\/www.manaus.am.gov.br\/semsa\/wp-content\/uploads\/sites\/8\/2024\/06\/Microsoft-Word-DOM-5643-04.08.2023-CAD-1.doc.pdf\">Resultado Preliminar<\/a><\/li>\n\n\n\n<li><a href=\"https:\/\/www.manaus.am.gov.br\/semsa\/wp-content\/uploads\/sites\/8\/2024\/06\/Microsoft-Word-DOM-5648-11.08.2023-CAD-1.doc.pdf\">Resultado Final<\/a><\/li>\n\n\n\n<li><a href=\"https:\/\/www.manaus.am.gov.br\/semsa\/wp-content\/uploads\/sites\/8\/2024\/06\/Edital-de-Convocacao.pdf\">Edital de Convoca\u00e7\u00e3o<\/a><\/li>\n\n\n\n<li><a href=\"https:\/\/www.manaus.am.gov.br\/semsa\/wp-content\/uploads\/sites\/8\/2024\/06\/PREFEITURA-DE-MANAUS.pdf\">2\u00ba Edital de Convoca\u00e7\u00e3o<\/a><\/li>\n\n\n\n<li><a href=\"https:\/\/www.manaus.am.gov.br\/semsa\/wp-content\/uploads\/sites\/8\/2024\/06\/Retificacao-de-Edital.pdf\">Retifica\u00e7\u00e3o de Edital<\/a><\/li>\n<\/ul>\n\n\n\n<p><\/p>\n\n\n\n<h3 class=\"wp-block-heading\">Mais M\u00e9dicos para o Brasil &#8211; 2023\/2024<\/h3>\n\n\n\n<ul>\n<li><a href=\"https:\/\/www.manaus.am.gov.br\/semsa\/wp-content\/uploads\/sites\/8\/2024\/06\/Convocacao-Mais-Medicos.pdf\">Convoca\u00e7\u00e3o Mais M\u00e9dicos<\/a><\/li>\n\n\n\n<li><a href=\"https:\/\/www.manaus.am.gov.br\/semsa\/wp-content\/uploads\/sites\/8\/2024\/06\/Edital-de-Convocacao-Mais-Medicos.pdf\">Edital de Convoca\u00e7\u00e3o 28\u00ba ciclo<\/a><\/li>\n\n\n\n<li><a href=\"https:\/\/www.manaus.am.gov.br\/semsa\/wp-content\/uploads\/sites\/8\/2024\/06\/Microsoft-Word-DOM-5670-15.09.2023-CAD-1.doc.pdf\">Edital de Convoca\u00e7\u00e3o 31\u00ba ciclo<\/a><\/li>\n\n\n\n<li><a href=\"https:\/\/www.manaus.am.gov.br\/semsa\/wp-content\/uploads\/sites\/8\/2024\/06\/Microsoft-Word-DOM-5698-31.10.2023-CAD-2-SECRETARIAS.doc-3.pdf\">2\u00ba Convoca\u00e7\u00e3o do 31\u00ba ciclo<\/a><\/li>\n\n\n\n<li><a href=\"https:\/\/www.manaus.am.gov.br\/semsa\/wp-content\/uploads\/sites\/8\/2024\/06\/Concovacacao-33.pdf\">Edital de Convoca\u00e7\u00e3o 33\u00ba ciclo<\/a><\/li>\n\n\n\n<li><a href=\"https:\/\/www.manaus.am.gov.br\/semsa\/wp-content\/uploads\/sites\/8\/2024\/06\/DOM-5801-09.04.2024-CAD-1-18-2.pdf\">Edital de Convoca\u00e7\u00e3o 28\u00ba ciclo<\/a><\/li>\n\n\n\n<li><a href=\"https:\/\/www.manaus.am.gov.br\/semsa\/wp-content\/uploads\/sites\/8\/2024\/08\/MAIS-MEDICOS-38o-CICLO-CONVOCACAO-DOM-5892-19.08.2024-CAD-1.pdf\">Edital de Convoca\u00e7\u00e3o 38\u00ba ciclo<\/a><\/li>\n\n\n\n<li><a href=\"https:\/\/www.manaus.am.gov.br\/semsa\/wp-content\/uploads\/sites\/8\/2024\/08\/MAIS-MEDICOS-38o-CICLO-CONVOCACAO-NOVO-PRAZO-DOM-5894-21.08.2024-CAD-1.pdf\">Edital de Convoca\u00e7\u00e3o 38\u00ba ciclo &#8211; Novo prazo<\/a><\/li>\n\n\n\n<li><a href=\"https:\/\/www.manaus.am.gov.br\/semsa\/wp-content\/uploads\/sites\/8\/2024\/09\/MAIS-MEDICOS-P.A.-REMANEJAMENTO-DOM-5903-03.09.2024-CAD-1.pdf\">Edital de Remanejamento<\/a><\/li>\n\n\n\n<li><a href=\"https:\/\/www.manaus.am.gov.br\/semsa\/wp-content\/uploads\/sites\/8\/2024\/11\/DOM-5947-11.11.2024-CAD-1-Mais-Medicos-38o-Ciclo-3a-Chamada-1.pdf\">Edital de Convoca\u00e7\u00e3o 38\u00ba ciclo &#8211; 3\u00aa chamada<\/a><\/li>\n\n\n\n<li><a href=\"https:\/\/www.manaus.am.gov.br\/semsa\/wp-content\/uploads\/sites\/8\/2024\/11\/DOM-5948-12.11.2024-CAD-1-Mais-Medicos-Proc-Adm-Remanejamento-1.pdf\">Edital de Convoca\u00e7\u00e3o &#8211; Remanejamento (1)<\/a><\/li>\n\n\n\n<li><a href=\"https:\/\/www.manaus.am.gov.br\/semsa\/wp-content\/uploads\/sites\/8\/2024\/11\/DOM-5948-12.11.2024-CAD-1-Mais-Medicos-Proc-Adm-Remanejamento-2.pdf\">Edital de Convoca\u00e7\u00e3o &#8211; Remanejamento (2)<\/a><\/li>\n\n\n\n<li><a href=\"https:\/\/www.manaus.am.gov.br\/semsa\/wp-content\/uploads\/sites\/8\/2025\/02\/DOM-6006-06.02.2025-CAD-1-CONVOCACAO-PMMB-38o-CICLO-4a-CHAMADA-1.pdf\">Edital de Convoca\u00e7\u00e3o 38\u00ba ciclo &#8211; 4\u00ba chamada<\/a><\/li>\n\n\n\n<li><a href=\"https:\/\/www.manaus.am.gov.br\/semsa\/wp-content\/uploads\/sites\/8\/2025\/03\/DOM-6034-21.03.2025-Edital-Convocacao-RAMON-JORGE-1.pdf\">Edital de Remanejamento<\/a> &#8211; <a href=\"https:\/\/www.manaus.am.gov.br\/semsa\/wp-content\/uploads\/sites\/8\/2025\/03\/DOM-6034-21.03.2025-Edital-Convocacao-RAMON-JORGE-1.pdf\">DOM 6034<\/a><\/li>\n\n\n\n<li><a href=\"https:\/\/www.manaus.am.gov.br\/semsa\/wp-content\/uploads\/sites\/8\/2025\/05\/DOM-6061-30.04.2025-Edital-de-Convocacao-PMM-Karine-Ferreira.pdf\">Edital de Remanejamento &#8211; DOM 6061<\/a><\/li>\n\n\n\n<li><a href=\"https:\/\/www.manaus.am.gov.br\/semsa\/wp-content\/uploads\/sites\/8\/2025\/05\/DOM-6066-09.05.2025-INCLUSAO-AUX-KARINE.pdf\">Edital de Remanejamento &#8211; DOM 6066<\/a><\/li>\n\n\n\n<li><a href=\"https:\/\/www.manaus.am.gov.br\/semsa\/wp-content\/uploads\/sites\/8\/2025\/06\/DOM-6082-02.06.2025-Edital-de-Convocacao-ADSANDRO-PORTELA-PMMB.pdf\">Edital de Remanejamento &#8211; DOM 6082<\/a><\/li>\n\n\n\n<li><a href=\"https:\/\/www.manaus.am.gov.br\/semsa\/wp-content\/uploads\/sites\/8\/2025\/07\/MAIS-MEDICOS-41o-CICLO-DOM-6099-27.06.2025-CAD-1.pdf\">Edital de Convoca\u00e7\u00e3o 41\u00ba ciclo<\/a><\/li>\n\n\n\n<li><a href=\"https:\/\/www.manaus.am.gov.br\/semsa\/wp-content\/uploads\/sites\/8\/2025\/07\/DOM-6108-10.07.2025-CAD-2-Edital-Convocacao-CAMILA-FERREIRA-1.pdf\">Edital de Remanejamento &#8211; DOM 6108<\/a><\/li>\n\n\n\n<li><a href=\"https:\/\/www.manaus.am.gov.br\/semsa\/wp-content\/uploads\/sites\/8\/2025\/08\/MAIS-MEDICOS-41o-CICLO-2a-CHAMADA-DOM-6139-22.08.2025-CAD-1.pdf\">Edital de Convoca\u00e7\u00e3o 41\u00ba ciclo &#8211; 2\u00aa chamada<\/a><\/li>\n\n\n\n<li><a href=\"https:\/\/www.manaus.am.gov.br\/semsa\/wp-content\/uploads\/sites\/8\/2025\/10\/MAIS-MEDICOS-41o-CICLO-3a-CHAMADA-DOM-6176-15.10.2025-CAD-1.pdf\">Edital de Convoca\u00e7\u00e3o 41\u00ba ciclo &#8211; 3\u00aa chamada<\/a><\/li>\n\n\n\n<li><a href=\"https:\/\/www.manaus.am.gov.br\/semsa\/wp-content\/uploads\/sites\/8\/2025\/11\/MAIS-MEDICOS-41o-CICLO-3a-CHAMADA-DOM-6203-26.11.2025-CAD-1.pdf\">Edital de Convoca\u00e7\u00e3o 41\u00ba ciclo &#8211; 3\u00aa chamada<\/a> &#8211; <a href=\"https:\/\/www.manaus.am.gov.br\/semsa\/wp-content\/uploads\/sites\/8\/2025\/11\/MAIS-MEDICOS-41o-CICLO-3a-CHAMADA-DOM-6203-26.11.2025-CAD-1.pdf\">DOM 6203<\/a><\/li>\n\n\n\n<li><a href=\"https:\/\/www.manaus.am.gov.br\/semsa\/wp-content\/uploads\/sites\/8\/2025\/11\/MAIS-MEDICOS-41o-CICLO-4a-CHAMADA-DOM-6203-26.11.2025-CAD-1.pdf\">Edital de Convoca\u00e7\u00e3o 41\u00ba ciclo &#8211; 4\u00aa chamada<\/a><\/li>\n\n\n\n<li><a href=\"https:\/\/www.manaus.am.gov.br\/semsa\/wp-content\/uploads\/sites\/8\/2026\/02\/MAIS-MEDICOS-41o-CICLO-5a-CHAMADA-DOM-6246-04.02.2026-CAD-1-1.pdf\">Edital de Convoca\u00e7\u00e3o 41\u00ba ciclo &#8211; 5\u00aa chamada<\/a><\/li>\n<\/ul>\n\n\n\n<h3 class=\"wp-block-heading\">Concurso P\u00fablico da Secretaria Municipal de Sa\u00fade &#8211; 2021<\/h3>\n\n\n\n<ul>\n<li><strong>Edital 001\/2021 &#8211; <a href=\"https:\/\/www.manaus.am.gov.br\/semsa\/wp-content\/uploads\/sites\/8\/2023\/04\/edital_001-2021_-_semsa_-_medicos_retificado_07-01-2022.pdf\" target=\"_blank\" rel=\"noreferrer noopener\">M\u00e9dico &#8211; Especialista em Sa\u00fade<\/a>&nbsp;(retificado em 07\/01\/2021)<\/strong><\/li>\n<\/ul>\n\n\n\n<ul>\n<li><a href=\"https:\/\/www.manaus.am.gov.br\/semsa\/wp-content\/uploads\/sites\/8\/2023\/04\/DOM-5250-27.12.2021-Ed-Extra.pdf\" target=\"_blank\" rel=\"noreferrer noopener\">Acesse aqui o Edital<\/a><\/li>\n\n\n\n<li><a href=\"https:\/\/www.manaus.am.gov.br\/semsa\/wp-content\/uploads\/sites\/8\/2023\/04\/02_-_edital_de_retificacao_002_-_edital_no_001-2021-semsa_-_medicos_-_06-01-2022_fgv_0.pdf\" target=\"_blank\" rel=\"noreferrer noopener\">1\u00aa Retifica\u00e7\u00e3o<\/a><\/li>\n\n\n\n<li><a href=\"https:\/\/semsa.manaus.am.gov.br\/wp-content\/uploads\/2022\/01\/02_-_edital_de_retificacao_002_-_edital_no_001-2021-semsa_-_medicos_-_06-01-2022_fgv_0.pdf\" target=\"_blank\" rel=\"noreferrer noopener\">2\u00aa Retifica\u00e7\u00e3o<\/a><\/li>\n\n\n\n<li><a href=\"https:\/\/www.manaus.am.gov.br\/semsa\/wp-content\/uploads\/sites\/8\/2024\/06\/3o-Retificacao.pdf\">3\u00aa Retifica\u00e7\u00e3o<\/a><\/li>\n\n\n\n<li><a href=\"https:\/\/www.manaus.am.gov.br\/semsa\/wp-content\/uploads\/sites\/8\/2024\/06\/Homologacao-do-Resultado-Final-DOM-no-5351.pdf\">Homologa\u00e7\u00e3o do Resultado Final<\/a><\/li>\n\n\n\n<li><a href=\"https:\/\/www.manaus.am.gov.br\/semsa\/wp-content\/uploads\/sites\/8\/2025\/05\/DOM-5367-21.06.2022-REPUBLICACAO-DA-HOMOLOGACAO-CONCURSO.pdf\">Republica\u00e7\u00e3o da Homologa\u00e7\u00e3o do Resultado<\/a><\/li>\n\n\n\n<li><a href=\"https:\/\/www.manaus.am.gov.br\/semsa\/wp-content\/uploads\/sites\/8\/2024\/06\/1o-Nomeacao.pdf\">1\u00aa Nomea\u00e7\u00e3o<\/a><\/li>\n\n\n\n<li><a href=\"https:\/\/www.manaus.am.gov.br\/semsa\/wp-content\/uploads\/sites\/8\/2024\/06\/1o-Convocacao.pdf\">1\u00aa Convoca\u00e7\u00e3o<\/a><\/li>\n\n\n\n<li><a href=\"https:\/\/www.manaus.am.gov.br\/semsa\/wp-content\/uploads\/sites\/8\/2024\/06\/2o-Convocacao.pdf\">2\u00aa Convoca\u00e7\u00e3o<\/a><\/li>\n\n\n\n<li><a href=\"https:\/\/www.manaus.am.gov.br\/semsa\/wp-content\/uploads\/sites\/8\/2024\/06\/2o-Nomeacao.pdf\">2\u00aa Nomea\u00e7\u00e3o<\/a><\/li>\n\n\n\n<li><a href=\"https:\/\/www.manaus.am.gov.br\/semsa\/wp-content\/uploads\/sites\/8\/2024\/06\/3o-Nomeacao.pdf\">3\u00aa Nomea\u00e7\u00e3o<\/a><\/li>\n\n\n\n<li><a href=\"https:\/\/www.manaus.am.gov.br\/semsa\/wp-content\/uploads\/sites\/8\/2024\/06\/3o-Convocacao.pdf\">3\u00aa Convoca\u00e7\u00e3o<\/a><\/li>\n\n\n\n<li><a href=\"https:\/\/www.manaus.am.gov.br\/semsa\/wp-content\/uploads\/sites\/8\/2024\/06\/4o-Nomeacao.pdf\">4\u00aa Nomea\u00e7\u00e3o<\/a><\/li>\n\n\n\n<li><a href=\"https:\/\/www.manaus.am.gov.br\/semsa\/wp-content\/uploads\/sites\/8\/2024\/06\/4o-Convocacao.pdf\">4\u00aa Convoca\u00e7\u00e3o<\/a><\/li>\n\n\n\n<li><a href=\"https:\/\/www.manaus.am.gov.br\/semsa\/wp-content\/uploads\/sites\/8\/2024\/06\/5o-Nomeacao.pdf\">5\u00aa Nomea\u00e7\u00e3o<\/a><\/li>\n\n\n\n<li><a href=\"https:\/\/www.manaus.am.gov.br\/semsa\/wp-content\/uploads\/sites\/8\/2024\/06\/5o-Convocacao.pdf\">5\u00aa Convoca\u00e7\u00e3o<\/a><\/li>\n\n\n\n<li><a href=\"https:\/\/www.manaus.am.gov.br\/semsa\/wp-content\/uploads\/sites\/8\/2024\/06\/6o-Nomeacao.pdf\">6\u00aa Nomea\u00e7\u00e3o<\/a><\/li>\n\n\n\n<li><a href=\"https:\/\/www.manaus.am.gov.br\/semsa\/wp-content\/uploads\/sites\/8\/2024\/06\/6o-Convocacao.pdf\">6\u00aa Convoca\u00e7\u00e3o<\/a><\/li>\n\n\n\n<li><a href=\"https:\/\/www.manaus.am.gov.br\/semsa\/wp-content\/uploads\/sites\/8\/2024\/06\/7o-Nomeacao.pdf\">7\u00aa Nomea\u00e7\u00e3o<\/a><\/li>\n\n\n\n<li><a href=\"https:\/\/www.manaus.am.gov.br\/semsa\/wp-content\/uploads\/sites\/8\/2024\/06\/7o-Convocacao.pdf\">7\u00aa Convoca\u00e7\u00e3o<\/a><\/li>\n\n\n\n<li><a href=\"https:\/\/www.manaus.am.gov.br\/semsa\/wp-content\/uploads\/sites\/8\/2024\/06\/8o-Nomeacao.pdf\">8\u00aa Nomea\u00e7\u00e3o<\/a><\/li>\n\n\n\n<li><a href=\"https:\/\/www.manaus.am.gov.br\/semsa\/wp-content\/uploads\/sites\/8\/2024\/06\/8o-Convocacao.pdf\">8\u00aa Convoca\u00e7\u00e3o<\/a><\/li>\n\n\n\n<li><a href=\"https:\/\/www.manaus.am.gov.br\/semsa\/wp-content\/uploads\/sites\/8\/2024\/06\/9o-Nomeacao.pdf\">9\u00aa Nomea\u00e7\u00e3o<\/a><\/li>\n\n\n\n<li><a href=\"https:\/\/www.manaus.am.gov.br\/semsa\/wp-content\/uploads\/sites\/8\/2024\/06\/9o-Convocacao.pdf\">9\u00aa Convoca\u00e7\u00e3o<\/a><\/li>\n\n\n\n<li><a href=\"https:\/\/www.manaus.am.gov.br\/semsa\/wp-content\/uploads\/sites\/8\/2024\/06\/10o-Nomeacao.pdf\">10\u00aa Nomea\u00e7\u00e3o<\/a><\/li>\n\n\n\n<li><a href=\"https:\/\/www.manaus.am.gov.br\/semsa\/wp-content\/uploads\/sites\/8\/2024\/06\/10o-Convocacao.pdf\">10\u00aa Convoca\u00e7\u00e3o<\/a><\/li>\n\n\n\n<li><a href=\"https:\/\/www.manaus.am.gov.br\/semsa\/wp-content\/uploads\/sites\/8\/2024\/06\/11o-Nomeacao.pdf\">11\u00aa Nomea\u00e7\u00e3o<\/a><\/li>\n\n\n\n<li><a href=\"https:\/\/www.manaus.am.gov.br\/semsa\/wp-content\/uploads\/sites\/8\/2024\/06\/11o-Convocacao.pdf\">11\u00aa Convoca\u00e7\u00e3o<\/a><\/li>\n\n\n\n<li><a href=\"https:\/\/www.manaus.am.gov.br\/semsa\/wp-content\/uploads\/sites\/8\/2024\/06\/12o-Nomeacao.pdf\">12\u00aa Nomea\u00e7\u00e3o<\/a><\/li>\n\n\n\n<li><a href=\"https:\/\/www.manaus.am.gov.br\/semsa\/wp-content\/uploads\/sites\/8\/2024\/06\/12o-Convocacao.pdf\">12\u00aa Convoca\u00e7\u00e3o<\/a><\/li>\n\n\n\n<li><a href=\"https:\/\/www.manaus.am.gov.br\/semsa\/wp-content\/uploads\/sites\/8\/2024\/06\/13o-Nomeacao.pdf\">13\u00aa Nomea\u00e7\u00e3o<\/a><\/li>\n\n\n\n<li><a href=\"https:\/\/www.manaus.am.gov.br\/semsa\/wp-content\/uploads\/sites\/8\/2024\/06\/13o-Convocacao.pdf\">13\u00aa Convoca\u00e7\u00e3o<\/a><\/li>\n\n\n\n<li><a href=\"https:\/\/www.manaus.am.gov.br\/semsa\/wp-content\/uploads\/sites\/8\/2024\/06\/14o-Nomeacao.pdf\">14\u00aa Nomea\u00e7\u00e3o<\/a><\/li>\n\n\n\n<li><a href=\"https:\/\/www.manaus.am.gov.br\/semsa\/wp-content\/uploads\/sites\/8\/2024\/06\/14o-Convocacao.pdf\">14\u00aa Convoca\u00e7\u00e3o<\/a><\/li>\n\n\n\n<li><a href=\"https:\/\/www.manaus.am.gov.br\/semsa\/wp-content\/uploads\/sites\/8\/2024\/06\/15o-Nomeacao.pdf\">15\u00aa Nomea\u00e7\u00e3o<\/a><\/li>\n\n\n\n<li><a href=\"https:\/\/www.manaus.am.gov.br\/semsa\/wp-content\/uploads\/sites\/8\/2024\/06\/15o-Convocacao.pdf\">15\u00aa Convoca\u00e7\u00e3o<\/a><\/li>\n\n\n\n<li><a href=\"https:\/\/www.manaus.am.gov.br\/semsa\/wp-content\/uploads\/sites\/8\/2024\/07\/DOM-5859-03.07.2024-16\u00b0-e-17\u00b0-CHAMADAS-1.pdf\">16\u00aa Nomea\u00e7\u00e3o<\/a><\/li>\n\n\n\n<li><a href=\"https:\/\/www.manaus.am.gov.br\/semsa\/wp-content\/uploads\/sites\/8\/2024\/07\/DOM-5860-04.07.2024-CAD-1-16a-CONVOCACAO-ED-001-16a-E-17a-CONVOCACAO-ED-002-2021.pdf\">16\u00aa Convoca\u00e7\u00e3o<\/a><\/li>\n\n\n\n<li><a href=\"https:\/\/www.manaus.am.gov.br\/semsa\/wp-content\/uploads\/sites\/8\/2024\/09\/CONCURSO-SEMSA-EDITAL-001-2021-17a-NOMEACAO-DOM-5903-03.09.2024-CAD-1.pdf\">17\u00aa Nomea\u00e7\u00e3o<\/a><\/li>\n\n\n\n<li><a href=\"https:\/\/www.manaus.am.gov.br\/semsa\/wp-content\/uploads\/sites\/8\/2025\/01\/DOM-5904-04.09.2024-17\u00b0-Edital-de-Convocacao-ES-CIRURGIAO.pdf\">17\u00aa Convoca\u00e7\u00e3o<\/a><\/li>\n\n\n\n<li><a href=\"https:\/\/www.manaus.am.gov.br\/semsa\/wp-content\/uploads\/sites\/8\/2024\/09\/DOM-5913-19.09.2024-18a-Nomeacao-ES-GO.pdf\">18\u00aa Nomea\u00e7\u00e3o<\/a><\/li>\n\n\n\n<li><a href=\"https:\/\/www.manaus.am.gov.br\/semsa\/wp-content\/uploads\/sites\/8\/2024\/09\/DOM-5915-23.09.2024-18\u00b0-Edital-Convocacao.pdf\">18\u00aa Convoca\u00e7\u00e3o<\/a><\/li>\n\n\n\n<li><a href=\"https:\/\/www.manaus.am.gov.br\/semsa\/wp-content\/uploads\/sites\/8\/2024\/10\/DOM-5933-17.10.2024-CAD-1-NOMEACAO-EDITAL-001-2021.pdf\">19\u00aa Nomea\u00e7\u00e3o<\/a><\/li>\n\n\n\n<li><a href=\"https:\/\/www.manaus.am.gov.br\/semsa\/wp-content\/uploads\/sites\/8\/2024\/10\/DOM-5935-21.10.2024-CAD-1-CONVOCACAO-EDITAL-001-2021.pdf\">19\u00aa Convoca\u00e7\u00e3o<\/a><\/li>\n\n\n\n<li><a href=\"https:\/\/www.manaus.am.gov.br\/semsa\/wp-content\/uploads\/sites\/8\/2024\/11\/DOM-5940-31.10.2024-20a-chamada-001-27a-chamada-002.pdf\">20\u00aa Nomea\u00e7\u00e3o<\/a><\/li>\n\n\n\n<li><a href=\"https:\/\/www.manaus.am.gov.br\/semsa\/wp-content\/uploads\/sites\/8\/2025\/01\/DOM-5941-01.11.2024-20\u00b0-Edital-de-Convocacao-6-cragos.pdf\">20\u00aa Convoca\u00e7\u00e3o<\/a><\/li>\n\n\n\n<li><a href=\"https:\/\/www.manaus.am.gov.br\/semsa\/wp-content\/uploads\/sites\/8\/2024\/11\/DOM-5955-25.11.2024-CAD-1.doc.pdf\">21\u00aa Nomea\u00e7\u00e3o<\/a><\/li>\n\n\n\n<li><a href=\"https:\/\/www.manaus.am.gov.br\/semsa\/wp-content\/uploads\/sites\/8\/2024\/11\/DOM-5957-27.11.2024-Edital-de-Convocacao-21a-001-e-31a-002.pdf\">21\u00aa Convoca\u00e7\u00e3o<\/a><\/li>\n\n\n\n<li><a href=\"https:\/\/www.manaus.am.gov.br\/semsa\/wp-content\/uploads\/sites\/8\/2025\/02\/CONCURSO-SEMSA-ED-001-22a-NOMEACAO-DOM-6013-17.02.2025-CAD-1.pdf\">22\u00aa Nomea\u00e7\u00e3o<\/a><\/li>\n\n\n\n<li><a href=\"https:\/\/www.manaus.am.gov.br\/semsa\/wp-content\/uploads\/sites\/8\/2025\/02\/CONCURSO-SEMSA-ED-001-22a-CONVOCACAO-DOM-6014-18.02.2025-CAD-1.pdf\">22\u00aa Convoca\u00e7\u00e3o<\/a><\/li>\n\n\n\n<li><a href=\"https:\/\/www.manaus.am.gov.br\/semsa\/wp-content\/uploads\/sites\/8\/2025\/02\/CONCURSO-SEMSA-ED-001-23a-NOMEACAO-DOM-6013-17.02.2025-CAD-1.pdf\">23\u00aa Nomea\u00e7\u00e3o<\/a><\/li>\n\n\n\n<li><a href=\"https:\/\/www.manaus.am.gov.br\/semsa\/wp-content\/uploads\/sites\/8\/2025\/02\/CONCURSO-SEMSA-ED-001-23a-CONVOCACAO-DOM-6014-18.02.2025-CAD-1.pdf\">23\u00aa Convoca\u00e7\u00e3o<\/a><\/li>\n\n\n\n<li><a href=\"https:\/\/www.manaus.am.gov.br\/semsa\/wp-content\/uploads\/sites\/8\/2025\/04\/DOM-6041-01.04.2025-24a-Nomeacao-3neo-6ped.pdf\">24\u00aa Nomea\u00e7\u00e3o<\/a><\/li>\n\n\n\n<li><a href=\"https:\/\/www.manaus.am.gov.br\/semsa\/wp-content\/uploads\/sites\/8\/2025\/04\/DOM-6042-02.04.2025-24\u00b0-Edital-de-Convocacao-3neo_6ped-1.pdf\">24\u00aa Convoca\u00e7\u00e3o<\/a><\/li>\n\n\n\n<li><a href=\"https:\/\/www.manaus.am.gov.br\/semsa\/wp-content\/uploads\/sites\/8\/2025\/05\/DOM-6064-07.05.2025-25a-Nomeacao-2-Gineco-Obst-remanescentes.pdf\">25\u00aa Nomea\u00e7\u00e3o<\/a><\/li>\n\n\n\n<li><a href=\"https:\/\/www.manaus.am.gov.br\/semsa\/wp-content\/uploads\/sites\/8\/2025\/05\/CONCURSO-SEMSA-ED-001-25a-CONVOCACAO-DOM-6066-09.05.2025-CAD-1.pdf\">25\u00aa Convoca\u00e7\u00e3o<\/a><\/li>\n\n\n\n<li><a href=\"https:\/\/www.manaus.am.gov.br\/semsa\/wp-content\/uploads\/sites\/8\/2025\/05\/CONCURSO-SEMSA-ED-001-26a-NOMEACAO-DOM-6069-14.05.2025-CAD-1.pdf\">26\u00aa Nomea\u00e7\u00e3o<\/a><\/li>\n\n\n\n<li><a href=\"https:\/\/www.manaus.am.gov.br\/semsa\/wp-content\/uploads\/sites\/8\/2025\/05\/CONCURSO-SEMSA-ED-001-26a-NOMEACAO-DOM-6069-14.05.2025-CAD-1-1.pdf\">26\u00aa Convoca\u00e7\u00e3o<\/a><\/li>\n\n\n\n<li><a href=\"https:\/\/www.manaus.am.gov.br\/semsa\/wp-content\/uploads\/sites\/8\/2025\/05\/DOM-6072-19.05.2025-Errata-26a-Convocacao.pdf\">26\u00aa Convoca\u00e7\u00e3o (ERRATA)<\/a><\/li>\n\n\n\n<li><a href=\"https:\/\/www.manaus.am.gov.br\/semsa\/wp-content\/uploads\/sites\/8\/2025\/06\/CONCURSO-SEMSA-ED-001-27a-NOMEACAO-DOM-6087-09.06.2025-CAD-1.pdf\">27\u00aa Nomea\u00e7\u00e3o<\/a><\/li>\n\n\n\n<li><a href=\"https:\/\/www.manaus.am.gov.br\/semsa\/wp-content\/uploads\/sites\/8\/2025\/06\/CONCURSO-SEMSA-ED-001-27a-CONVOCACAO-DOM-6088-10.06.2025-CAD-1.pdf\">27\u00aa Convoca\u00e7\u00e3o<\/a><\/li>\n\n\n\n<li><a href=\"https:\/\/www.manaus.am.gov.br\/semsa\/wp-content\/uploads\/sites\/8\/2025\/06\/CONCURSO-SEMSA-ED-001-28a-NOMEACAO-DOM-6091-13.06.2025-CAD-1.pdf\">28\u00aa Nomea\u00e7\u00e3o<\/a><\/li>\n\n\n\n<li><a href=\"https:\/\/www.manaus.am.gov.br\/semsa\/wp-content\/uploads\/sites\/8\/2025\/06\/CONCURSO-SEMSA-ED-001-28a-CONVOCACAO-DOM-6092-16.06.2025-CAD-1.pdf\">28\u00aa Convoca\u00e7\u00e3o<\/a><\/li>\n\n\n\n<li><a href=\"https:\/\/www.manaus.am.gov.br\/semsa\/wp-content\/uploads\/sites\/8\/2025\/07\/CONCURSO-SEMSA-ED-001-29a-NOMEACAO-DOM-6114-18.07.2025-CAD-1.pdf\">29\u00aa Nomea\u00e7\u00e3o<\/a><\/li>\n\n\n\n<li><a href=\"https:\/\/www.manaus.am.gov.br\/semsa\/wp-content\/uploads\/sites\/8\/2025\/07\/CONCURSO-SEMSA-ED-001-29a-CONVOCACAO-DOM-6116-22.07.2025-CAD-1.pdf\">29\u00aa Convoca\u00e7\u00e3o<\/a><\/li>\n\n\n\n<li><a href=\"https:\/\/www.manaus.am.gov.br\/semsa\/wp-content\/uploads\/sites\/8\/2025\/09\/CONCURSO-SEMSA-ED-001-30a-NOMEACAO-DOM-6148-04.09.2025-CAD-1.pdf\">30\u00aa Nomea\u00e7\u00e3o<\/a><\/li>\n\n\n\n<li><a href=\"https:\/\/www.manaus.am.gov.br\/semsa\/wp-content\/uploads\/sites\/8\/2025\/09\/CONCURSO-SEMSA-ED-001-30a-CONVOCACAO-DOM-6149-08.09.2025-CAD-1.pdf\">30\u00aa Convoca\u00e7\u00e3o<\/a><\/li>\n\n\n\n<li><a href=\"https:\/\/www.manaus.am.gov.br\/semsa\/wp-content\/uploads\/sites\/8\/2025\/10\/DOM-6169-06.10.2025-31a-Nomeacao-1-generalista-20h.pdf\">31\u00aa Nomea\u00e7\u00e3o<\/a><\/li>\n\n\n\n<li><a href=\"https:\/\/www.manaus.am.gov.br\/semsa\/wp-content\/uploads\/sites\/8\/2025\/10\/CONCURSO-SEMSA-ED-001-31a-CONVOCACAO-DOM-6170-07.10.2025-CAD-1.pdf\">31\u00aa Convoca\u00e7\u00e3o<\/a><\/li>\n\n\n\n<li><a href=\"https:\/\/www.manaus.am.gov.br\/semsa\/wp-content\/uploads\/sites\/8\/2025\/12\/CONCURSO-SEMSA-ED-001-32a-NOMEACAO-DOM-6218-18.12.2025-CAD-1.pdf\">32\u00aa Nomea\u00e7\u00e3o<\/a><\/li>\n\n\n\n<li><a href=\"https:\/\/www.manaus.am.gov.br\/semsa\/wp-content\/uploads\/sites\/8\/2025\/12\/CONCURSO-SEMSA-ED-001-32a-CONVOCACAO-DOM-6219-19.12.2025-CAD-1.pdf\">32\u00aa Convoca\u00e7\u00e3o<\/a><\/li>\n\n\n\n<li><a href=\"https:\/\/www.manaus.am.gov.br\/semsa\/wp-content\/uploads\/sites\/8\/2026\/01\/DOM-6239-26.01.2026-33a-Nomeacao-Medico-do-Trabalho-1.pdf\">33\u00aa Nomea\u00e7\u00e3o<\/a><\/li>\n<\/ul>\n\n\n\n<p><\/p>\n\n\n\n<p><strong>Edital 002\/2021 &#8211; Geral <\/strong>&#8211; <a href=\"https:\/\/www.manaus.am.gov.br\/semsa\/wp-content\/uploads\/sites\/8\/2023\/04\/edital_002-2021_-_semsa_-_geral_-_republicado_-_fgv_-_06-01-2022-1.pdf\" target=\"_blank\" rel=\"noreferrer noopener\">Especialista em Sa\u00fade e Assistente em Sa\u00fade<\/a>&nbsp;(retificado em 07\/01\/2022)<\/p>\n\n\n\n<ul>\n<li><a href=\"https:\/\/www.manaus.am.gov.br\/semsa\/wp-content\/uploads\/sites\/8\/2023\/04\/retificacao_edital_002-2021_-_semsa_-_geral_ii_-_fgv_-_06-01-2022.pdf\" target=\"_blank\" rel=\"noreferrer noopener\">1\u00aa Retifica\u00e7\u00e3o<\/a><\/li>\n\n\n\n<li><a href=\"https:\/\/www.manaus.am.gov.br\/semsa\/wp-content\/uploads\/sites\/8\/2024\/06\/2o-Retificacao.pdf\">2\u00aa Retifica\u00e7\u00e3o<\/a><\/li>\n\n\n\n<li><a href=\"https:\/\/www.manaus.am.gov.br\/semsa\/wp-content\/uploads\/sites\/8\/2024\/06\/3o-Retificacao-1.pdf\">3\u00aa Retifica\u00e7\u00e3o<\/a><\/li>\n\n\n\n<li><a href=\"https:\/\/www.manaus.am.gov.br\/semsa\/wp-content\/uploads\/sites\/8\/2024\/06\/4o-Retificacao.pdf\">4\u00aa Retifica\u00e7\u00e3o<\/a><\/li>\n\n\n\n<li><a href=\"https:\/\/www.manaus.am.gov.br\/semsa\/wp-content\/uploads\/sites\/8\/2024\/06\/5o-Retificacao.pdf\">5\u00aa Retifica\u00e7\u00e3o<\/a><\/li>\n\n\n\n<li><a href=\"https:\/\/www.manaus.am.gov.br\/semsa\/wp-content\/uploads\/sites\/8\/2024\/06\/6o-Retificacao.pdf\">6\u00aa Retifica\u00e7\u00e3o<\/a><\/li>\n\n\n\n<li><a href=\"https:\/\/www.manaus.am.gov.br\/semsa\/wp-content\/uploads\/sites\/8\/2024\/06\/7o-Retificacao.pdf\">7\u00aa Retifica\u00e7\u00e3o<\/a><\/li>\n\n\n\n<li><a href=\"https:\/\/www.manaus.am.gov.br\/semsa\/wp-content\/uploads\/sites\/8\/2024\/06\/8o-Retificacao.pdf\">8\u00aa Retifica\u00e7\u00e3o<\/a><\/li>\n\n\n\n<li><a href=\"https:\/\/www.manaus.am.gov.br\/semsa\/wp-content\/uploads\/sites\/8\/2024\/06\/Resultado-Final.pdf\">Resultado Final<\/a><\/li>\n\n\n\n<li><a href=\"https:\/\/www.manaus.am.gov.br\/semsa\/wp-content\/uploads\/sites\/8\/2024\/06\/Homologacao-do-Resultado.pdf\">Homologa\u00e7\u00e3o do Resultado<\/a><\/li>\n\n\n\n<li><a href=\"https:\/\/www.manaus.am.gov.br\/semsa\/wp-content\/uploads\/sites\/8\/2025\/05\/DOM-5442-07.10.2022-Republicacao-da-Homologacao-Edital-002.2021-1.pdf\">Republica\u00e7\u00e3o da Homologa\u00e7\u00e3o do Resultado<\/a><\/li>\n\n\n\n<li><a href=\"https:\/\/www.manaus.am.gov.br\/semsa\/wp-content\/uploads\/sites\/8\/2024\/06\/1o-Nomeacao-1.pdf\">1\u00aa Nomea\u00e7\u00e3o<\/a><\/li>\n\n\n\n<li><a href=\"https:\/\/www.manaus.am.gov.br\/semsa\/wp-content\/uploads\/sites\/8\/2024\/06\/1o-Convocacao-1.pdf\">1\u00aa Convoca\u00e7\u00e3o<\/a><\/li>\n\n\n\n<li><a href=\"https:\/\/www.manaus.am.gov.br\/semsa\/wp-content\/uploads\/sites\/8\/2024\/06\/2o-Nomeacao-1.pdf\">2\u00aa Nomea\u00e7\u00e3o<\/a><\/li>\n\n\n\n<li><a href=\"https:\/\/www.manaus.am.gov.br\/semsa\/wp-content\/uploads\/sites\/8\/2024\/06\/2o-Convocacao-1.pdf\">2\u00aa Convoca\u00e7\u00e3o<\/a><\/li>\n\n\n\n<li><a href=\"https:\/\/www.manaus.am.gov.br\/semsa\/wp-content\/uploads\/sites\/8\/2024\/06\/3o-Nomeacao-1.pdf\">3\u00aa Nomea\u00e7\u00e3o<\/a><\/li>\n\n\n\n<li><a href=\"https:\/\/www.manaus.am.gov.br\/semsa\/wp-content\/uploads\/sites\/8\/2024\/06\/3o-Convocacao-1.pdf\">3\u00aa Convoca\u00e7\u00e3o<\/a><\/li>\n\n\n\n<li><a href=\"https:\/\/www.manaus.am.gov.br\/semsa\/wp-content\/uploads\/sites\/8\/2024\/06\/4o-Nomeacao-1.pdf\">4\u00aa Nomea\u00e7\u00e3o<\/a><\/li>\n\n\n\n<li><a href=\"https:\/\/www.manaus.am.gov.br\/semsa\/wp-content\/uploads\/sites\/8\/2024\/06\/4o-Convocacao-1.pdf\">4\u00aa Convoca\u00e7\u00e3o<\/a><\/li>\n\n\n\n<li><a href=\"https:\/\/www.manaus.am.gov.br\/semsa\/wp-content\/uploads\/sites\/8\/2024\/06\/5o-Nomeacao-1.pdf\">5\u00aa Nomea\u00e7\u00e3o<\/a><\/li>\n\n\n\n<li><a href=\"https:\/\/www.manaus.am.gov.br\/semsa\/wp-content\/uploads\/sites\/8\/2024\/06\/5o-Convocacao-1.pdf\">5\u00aa Convoca\u00e7\u00e3o<\/a><\/li>\n\n\n\n<li><a href=\"https:\/\/www.manaus.am.gov.br\/semsa\/wp-content\/uploads\/sites\/8\/2024\/06\/6o-Nomeacao-1.pdf\">6\u00aa Nomea\u00e7\u00e3o<\/a><\/li>\n\n\n\n<li><a href=\"https:\/\/www.manaus.am.gov.br\/semsa\/wp-content\/uploads\/sites\/8\/2024\/06\/6o-Convocacao-1.pdf\">6\u00aa Convoca\u00e7\u00e3o<\/a><\/li>\n\n\n\n<li><a href=\"https:\/\/www.manaus.am.gov.br\/semsa\/wp-content\/uploads\/sites\/8\/2024\/06\/7\u00b0-Nomeac\u0327a\u0303o.pdf\">7\u00aa Nomea\u00e7\u00e3o<\/a><\/li>\n\n\n\n<li><a href=\"https:\/\/www.manaus.am.gov.br\/semsa\/wp-content\/uploads\/sites\/8\/2024\/06\/7\u00b0-Convocac\u0327a\u0303o.pdf\">7\u00aa Convoca\u00e7\u00e3o<\/a><\/li>\n\n\n\n<li><a href=\"https:\/\/www.manaus.am.gov.br\/semsa\/wp-content\/uploads\/sites\/8\/2024\/06\/8o-Nomeacao-1.pdf\">8\u00aa Nomea\u00e7\u00e3o<\/a><\/li>\n\n\n\n<li><a href=\"https:\/\/www.manaus.am.gov.br\/semsa\/wp-content\/uploads\/sites\/8\/2024\/06\/8o-Convocacao-1.pdf\">8\u00aa Convoca\u00e7\u00e3o<\/a><\/li>\n\n\n\n<li><a href=\"https:\/\/www.manaus.am.gov.br\/semsa\/wp-content\/uploads\/sites\/8\/2024\/06\/9o-Nomeacao-1.pdf\">9\u00aa Nomea\u00e7\u00e3o<\/a><\/li>\n\n\n\n<li><a href=\"https:\/\/www.manaus.am.gov.br\/semsa\/wp-content\/uploads\/sites\/8\/2024\/06\/9o-Convocacao-1.pdf\">9\u00aa Convoca\u00e7\u00e3o<\/a><\/li>\n\n\n\n<li><a href=\"https:\/\/www.manaus.am.gov.br\/semsa\/wp-content\/uploads\/sites\/8\/2024\/06\/10o-Nomeacao-1.pdf\">10\u00aa Nomea\u00e7\u00e3o<\/a><\/li>\n\n\n\n<li><a href=\"https:\/\/www.manaus.am.gov.br\/semsa\/wp-content\/uploads\/sites\/8\/2024\/06\/10o-Convocacao-1.pdf\">10\u00aa Convoca\u00e7\u00e3o<\/a><\/li>\n\n\n\n<li><a href=\"https:\/\/www.manaus.am.gov.br\/semsa\/wp-content\/uploads\/sites\/8\/2024\/06\/11o-Nomeacao-1.pdf\">11\u00aa Nomea\u00e7\u00e3o<\/a><\/li>\n\n\n\n<li><a href=\"https:\/\/www.manaus.am.gov.br\/semsa\/wp-content\/uploads\/sites\/8\/2024\/06\/11o-Convocacao-1.pdf\">11\u00aa Convoca\u00e7\u00e3o<\/a><\/li>\n\n\n\n<li><a href=\"https:\/\/www.manaus.am.gov.br\/semsa\/wp-content\/uploads\/sites\/8\/2024\/06\/12o-Nomeacao-1.pdf\">12\u00aa Nomea\u00e7\u00e3o<\/a><\/li>\n\n\n\n<li><a href=\"https:\/\/www.manaus.am.gov.br\/semsa\/wp-content\/uploads\/sites\/8\/2024\/06\/12o-Convocacao-1.pdf\">12\u00aa Convoca\u00e7\u00e3o<\/a><\/li>\n\n\n\n<li><a href=\"https:\/\/www.manaus.am.gov.br\/semsa\/wp-content\/uploads\/sites\/8\/2024\/06\/13o-Nomeacao-1.pdf\">13\u00aa Nomea\u00e7\u00e3o<\/a><\/li>\n\n\n\n<li><a href=\"https:\/\/www.manaus.am.gov.br\/semsa\/wp-content\/uploads\/sites\/8\/2024\/06\/13o-Convocacao-1.pdf\">13\u00aa Convoca\u00e7\u00e3o<\/a><\/li>\n\n\n\n<li><a href=\"https:\/\/www.manaus.am.gov.br\/semsa\/wp-content\/uploads\/sites\/8\/2024\/06\/14o-Nomeacao-1.pdf\">14\u00aa Nomea\u00e7\u00e3o<\/a><\/li>\n\n\n\n<li><a href=\"https:\/\/www.manaus.am.gov.br\/semsa\/wp-content\/uploads\/sites\/8\/2024\/06\/14o-Convocacao-1.pdf\">14\u00aa Convoca\u00e7\u00e3o<\/a><\/li>\n\n\n\n<li><a href=\"https:\/\/www.manaus.am.gov.br\/semsa\/wp-content\/uploads\/sites\/8\/2024\/06\/15o-Nomeacao-1.pdf\">15\u00aa Nomea\u00e7\u00e3o<\/a><\/li>\n\n\n\n<li><a href=\"https:\/\/www.manaus.am.gov.br\/semsa\/wp-content\/uploads\/sites\/8\/2024\/06\/15o-Convocacao-1.pdf\">15\u00aa Convoca\u00e7\u00e3o<\/a><\/li>\n\n\n\n<li><a href=\"https:\/\/www.manaus.am.gov.br\/semsa\/wp-content\/uploads\/sites\/8\/2024\/06\/16o-Nomeacao.pdf\">16\u00aa Nomea\u00e7\u00e3o<\/a><\/li>\n\n\n\n<li><a href=\"https:\/\/www.manaus.am.gov.br\/semsa\/wp-content\/uploads\/sites\/8\/2024\/07\/DOM-5860-04.07.2024-EDITAL-CONVOCACAO-DOM-5859.pdf\">16\u00aa Convoca\u00e7\u00e3o<\/a><\/li>\n\n\n\n<li><a href=\"https:\/\/www.manaus.am.gov.br\/semsa\/wp-content\/uploads\/sites\/8\/2024\/07\/DOM-5859-03.07.2024-16\u00b0-e-17\u00b0-CHAMADAS-1.pdf\">17\u00aa Nomea\u00e7\u00e3o<\/a><\/li>\n\n\n\n<li><a href=\"https:\/\/www.manaus.am.gov.br\/semsa\/wp-content\/uploads\/sites\/8\/2024\/07\/DOM-5860-04.07.2024-CAD-1-16a-CONVOCACAO-ED-001-16a-E-17a-CONVOCACAO-ED-002-2021.pdf\">17\u00aa Convoca\u00e7\u00e3o<\/a><\/li>\n\n\n\n<li><a href=\"https:\/\/www.manaus.am.gov.br\/semsa\/wp-content\/uploads\/sites\/8\/2024\/08\/DOM-5885-08.08.2024-CAD-1-18\u00b0-nomeacao-32-remanescentes.pdf\">18\u00aa Nomea\u00e7\u00e3o<\/a><\/li>\n\n\n\n<li><a href=\"https:\/\/www.manaus.am.gov.br\/semsa\/wp-content\/uploads\/sites\/8\/2024\/08\/DOM-5886-09.08.2024-CAD-1.pdf\">18\u00aa Convoca\u00e7\u00e3o<\/a><\/li>\n\n\n\n<li><a href=\"https:\/\/www.manaus.am.gov.br\/semsa\/wp-content\/uploads\/sites\/8\/2024\/08\/DOM-5898-27.08.2024-19a-Nomeacao-6-remanescentes.pdf\">19\u00aa Nomea\u00e7\u00e3o<\/a><\/li>\n\n\n\n<li><a href=\"https:\/\/www.manaus.am.gov.br\/semsa\/wp-content\/uploads\/sites\/8\/2024\/08\/CONCURSO-SEMSA-EDITAL-002-2021-19a-CONVOCACAO-DOM-5900-29.08.2024-CAD-1.pdf\">19\u00aa Convoca\u00e7\u00e3o<\/a><\/li>\n\n\n\n<li><a href=\"https:\/\/www.manaus.am.gov.br\/semsa\/wp-content\/uploads\/sites\/8\/2024\/09\/CONCURSO-SEMSA-EDITAL-002-2021-20a-NOMEACAO-DOM-5903-03.09.2024-CAD-1.pdf\">20\u00aa Nomea\u00e7\u00e3o<\/a><\/li>\n\n\n\n<li><a href=\"https:\/\/www.manaus.am.gov.br\/semsa\/wp-content\/uploads\/sites\/8\/2024\/09\/DOM-5904-04.09.2024-20a-Edital-de-Convocacao-7-vacancias.pdf\">20\u00aa Convoca\u00e7\u00e3o<\/a><\/li>\n\n\n\n<li><a href=\"https:\/\/www.manaus.am.gov.br\/semsa\/wp-content\/uploads\/sites\/8\/2024\/09\/DOM-5908-12.09.2024-21a-e-22a-nomeacoes-remanescentes.pdf\">21\u00aa Nomea\u00e7\u00e3o<\/a><\/li>\n\n\n\n<li><a href=\"https:\/\/www.manaus.am.gov.br\/semsa\/wp-content\/uploads\/sites\/8\/2024\/09\/DOM-5910-16.09.2024-21\u00b0-e-22\u00b0-Editais-Convocacao-remanescentes.pdf\">21\u00aa Convoca\u00e7\u00e3o<\/a><\/li>\n\n\n\n<li><a href=\"https:\/\/www.manaus.am.gov.br\/semsa\/wp-content\/uploads\/sites\/8\/2024\/09\/DOM-5908-12.09.2024-21a-e-22a-nomeacoes-remanescentes.pdf\">22\u00aa Nomea\u00e7\u00e3o<\/a><\/li>\n\n\n\n<li><a href=\"https:\/\/www.manaus.am.gov.br\/semsa\/wp-content\/uploads\/sites\/8\/2024\/09\/DOM-5910-16.09.2024-21\u00b0-e-22\u00b0-Editais-Convocacao-remanescentes.pdf\">22\u00aa Convoca\u00e7\u00e3o<\/a><\/li>\n\n\n\n<li><a href=\"https:\/\/www.manaus.am.gov.br\/semsa\/wp-content\/uploads\/sites\/8\/2024\/09\/DOM-5913-19.09.2024-23a-24a-e-25a-Nomeacoes-2.pdf\">23\u00aa Nomea\u00e7\u00e3o<\/a><\/li>\n\n\n\n<li><a href=\"https:\/\/www.manaus.am.gov.br\/semsa\/wp-content\/uploads\/sites\/8\/2024\/09\/DOM-5915-23.09.2024-23\u00b0-24\u00b0-e-25\u00b0-Editais-de-Convocacao.pdf\">23\u00aa Convoca\u00e7\u00e3o<\/a><\/li>\n\n\n\n<li><a href=\"https:\/\/www.manaus.am.gov.br\/semsa\/wp-content\/uploads\/sites\/8\/2024\/09\/DOM-5913-19.09.2024-23a-24a-e-25a-Nomeacoes-2.pdf\">24\u00aa Nomea\u00e7\u00e3o<\/a><\/li>\n\n\n\n<li><a href=\"https:\/\/www.manaus.am.gov.br\/semsa\/wp-content\/uploads\/sites\/8\/2024\/09\/DOM-5915-23.09.2024-23\u00b0-24\u00b0-e-25\u00b0-Editais-de-Convocacao.pdf\">24\u00aa Convoca\u00e7\u00e3o<\/a><\/li>\n\n\n\n<li><a href=\"https:\/\/www.manaus.am.gov.br\/semsa\/wp-content\/uploads\/sites\/8\/2024\/09\/DOM-5913-19.09.2024-23a-24a-e-25a-Nomeacoes-2.pdf\">25\u00aa Nomea\u00e7\u00e3o<\/a><\/li>\n\n\n\n<li><a href=\"https:\/\/www.manaus.am.gov.br\/semsa\/wp-content\/uploads\/sites\/8\/2024\/09\/DOM-5915-23.09.2024-23\u00b0-24\u00b0-e-25\u00b0-Editais-de-Convocacao.pdf\">25\u00aa Convoca\u00e7\u00e3o<\/a><\/li>\n\n\n\n<li><a href=\"https:\/\/www.manaus.am.gov.br\/semsa\/wp-content\/uploads\/sites\/8\/2024\/10\/DOM-5933-17.10.2024-CAD-1-NOMEACAO-EDITAL-002-2021.pdf\">26\u00aa Nomea\u00e7\u00e3o<\/a><\/li>\n\n\n\n<li><a href=\"https:\/\/www.manaus.am.gov.br\/semsa\/wp-content\/uploads\/sites\/8\/2024\/10\/DOM-5935-21.10.2024-CAD-1-CONVOCACAO-EDITAL-002-2021.pdf\">26\u00aa Convoca\u00e7\u00e3o<\/a><\/li>\n\n\n\n<li><a href=\"https:\/\/www.manaus.am.gov.br\/semsa\/wp-content\/uploads\/sites\/8\/2024\/11\/DOM-5940-31.10.2024-20a-chamada-001-27a-chamada-002.pdf\">27\u00aa Nomea\u00e7\u00e3o <\/a><\/li>\n\n\n\n<li><a href=\"https:\/\/www.manaus.am.gov.br\/semsa\/wp-content\/uploads\/sites\/8\/2024\/11\/DOM-5941-01.11.2024-27\u00b0-Edital-de-Convocacao-36-cragos-1.pdf\">27\u00aa Convoca\u00e7\u00e3o<\/a><\/li>\n\n\n\n<li><a href=\"https:\/\/www.manaus.am.gov.br\/semsa\/wp-content\/uploads\/sites\/8\/2024\/11\/DOM-5941-01.11.2024-28\u00b0-nomeacao-1-remanescente.pdf\">28\u00aa Nomea\u00e7\u00e3o<\/a><\/li>\n\n\n\n<li><a href=\"https:\/\/www.manaus.am.gov.br\/semsa\/wp-content\/uploads\/sites\/8\/2024\/11\/DOM-5947-11.11.2024-28%C2%B0-Edital-de-convocacao-republicacao-1.pdf\">28\u00aa Convoca\u00e7\u00e3o<\/a><\/li>\n\n\n\n<li><a href=\"https:\/\/www.manaus.am.gov.br\/semsa\/wp-content\/uploads\/sites\/8\/2024\/11\/DOM-5953-21.11.2024-29a-Nomeacao-1ASB.pdf\">29\u00aa Nomea\u00e7\u00e3o<\/a><\/li>\n\n\n\n<li><a href=\"https:\/\/www.manaus.am.gov.br\/semsa\/wp-content\/uploads\/sites\/8\/2025\/01\/DOM-5954-22.11.2024-29\u00b0-Edital-de-Convocacao.pdf\">29\u00aa Convoca\u00e7\u00e3o<\/a><\/li>\n\n\n\n<li><a href=\"https:\/\/www.manaus.am.gov.br\/semsa\/wp-content\/uploads\/sites\/8\/2024\/11\/DOM-5954-22.11.2024-30a-Nomeacao-1ASB-1progr.pdf\">30\u00aa Nomea\u00e7\u00e3o<\/a><\/li>\n\n\n\n<li><a href=\"https:\/\/www.manaus.am.gov.br\/semsa\/wp-content\/uploads\/sites\/8\/2025\/01\/DOM-5955-25.11.2024-30\u00b0-Edital-de-Convocacao-1ASB-1progr.pdf\">30\u00aa Convoca\u00e7\u00e3o<\/a><\/li>\n\n\n\n<li><a href=\"https:\/\/www.manaus.am.gov.br\/semsa\/wp-content\/uploads\/sites\/8\/2024\/11\/DOM-5955-25.11.2024-CAD-1.doc.pdf\">31\u00aa Nomea\u00e7\u00e3o<\/a><\/li>\n\n\n\n<li><a href=\"https:\/\/www.manaus.am.gov.br\/semsa\/wp-content\/uploads\/sites\/8\/2024\/11\/DOM-5957-27.11.2024-Edital-de-Convocacao-21a-001-e-31a-002.pdf\">31\u00aa Convoca\u00e7\u00e3o<\/a><\/li>\n\n\n\n<li><a href=\"https:\/\/www.manaus.am.gov.br\/semsa\/wp-content\/uploads\/sites\/8\/2024\/11\/DOM-5958-28.11.2024-CAD-1-32a-NOMEACAO-002-2021-1.pdf\">32\u00aa Nomea\u00e7\u00e3o<\/a><\/li>\n\n\n\n<li><a href=\"https:\/\/www.manaus.am.gov.br\/semsa\/wp-content\/uploads\/sites\/8\/2025\/01\/DOM-5959-29.11.2024-32\u00b0-Edital-de-Convocacao-3-remanescentes.pdf\">32\u00aa Convoca\u00e7\u00e3o<\/a><\/li>\n\n\n\n<li><a href=\"https:\/\/www.manaus.am.gov.br\/semsa\/wp-content\/uploads\/sites\/8\/2025\/02\/CONCURSO-SEMSA-ED-002-33a-NOMEACAO-DOM-6013-17.02.2025-CAD-1.pdf\">33\u00aa Nomea\u00e7\u00e3o<\/a><\/li>\n\n\n\n<li><a href=\"https:\/\/www.manaus.am.gov.br\/semsa\/wp-content\/uploads\/sites\/8\/2025\/02\/CONCURSO-SEMSA-ED-002-33a-CONVOCACAO-DOM-6014-18.02.2025-CAD-1.pdf\">33\u00aa Convoca\u00e7\u00e3o<\/a><\/li>\n\n\n\n<li><a href=\"https:\/\/www.manaus.am.gov.br\/semsa\/wp-content\/uploads\/sites\/8\/2025\/03\/DOM-6021-27.02.2025-34a-Nomeacao-47-cargos.pdf\">34\u00aa Nomea\u00e7\u00e3o<\/a><\/li>\n\n\n\n<li><a href=\"https:\/\/www.manaus.am.gov.br\/semsa\/wp-content\/uploads\/sites\/8\/2025\/03\/DOM-6022-28.02.2025-34\u00b0-Edital-de-Convocacao-47-cargos.pdf\">34\u00aa Convoca\u00e7\u00e3o<\/a><\/li>\n\n\n\n<li><a href=\"https:\/\/www.manaus.am.gov.br\/semsa\/wp-content\/uploads\/sites\/8\/2025\/03\/DOM-6025-10.03.2025-35\u00b0-Nomeacao-2-vacancias.pdf\">35\u00aa Nomea\u00e7\u00e3o<\/a><\/li>\n\n\n\n<li><a href=\"https:\/\/www.manaus.am.gov.br\/semsa\/wp-content\/uploads\/sites\/8\/2025\/03\/DOM-6026-11.03.2025-35\u00b0-Edital-de-Convocacao-2-vacancias.pdf\">35\u00aa Convoca\u00e7\u00e3o<\/a><\/li>\n\n\n\n<li><a href=\"https:\/\/www.manaus.am.gov.br\/semsa\/wp-content\/uploads\/sites\/8\/2025\/03\/DOM-6037-26.03.2025-36a-Nomeacao-11-vacancias.pdf\">36\u00aa Nomea\u00e7\u00e3o<\/a><\/li>\n\n\n\n<li><a href=\"https:\/\/www.manaus.am.gov.br\/semsa\/wp-content\/uploads\/sites\/8\/2025\/03\/DOM-6038-27.03.2025-36\u00b0-Edital-de-Convocacao-11-vacancias.pdf\">36\u00aa Convoca\u00e7\u00e3o<\/a><\/li>\n\n\n\n<li><a href=\"https:\/\/www.manaus.am.gov.br\/semsa\/wp-content\/uploads\/sites\/8\/2025\/04\/CONCURSO-SEMSA-ED-002-37a-NOMEACAO-DOM-6058-25.04.2025-CAD-1.pdf\">37\u00aa Nomea\u00e7\u00e3o<\/a><\/li>\n\n\n\n<li><a href=\"https:\/\/www.manaus.am.gov.br\/semsa\/wp-content\/uploads\/sites\/8\/2025\/04\/CONCURSO-SEMSA-ED-002-37a-CONVOCACAO-DOM-6060-29.04.2025-CAD-2.pdf\">37\u00aa Convoca\u00e7\u00e3o<\/a><\/li>\n\n\n\n<li><a href=\"https:\/\/www.manaus.am.gov.br\/semsa\/wp-content\/uploads\/sites\/8\/2025\/05\/CONCURSO-SEMSA-ED-002-38a-NOMEACAO-DOM-6069-14.05.2025-CAD-1.pdf\">38\u00aa Nomea\u00e7\u00e3o<\/a><\/li>\n\n\n\n<li><a href=\"https:\/\/www.manaus.am.gov.br\/semsa\/wp-content\/uploads\/sites\/8\/2025\/05\/CONCURSO-SEMSA-ED-002-38a-NOMEACAO-DOM-6069-14.05.2025-CAD-1-1.pdf\">38\u00aa Convoca\u00e7\u00e3o<\/a><\/li>\n\n\n\n<li><a href=\"https:\/\/www.manaus.am.gov.br\/semsa\/wp-content\/uploads\/sites\/8\/2025\/05\/DOM-6074-21.05.2025-39a-Nomeacao-1-vacancia-1.pdf\">39\u00aa Nomea\u00e7\u00e3o<\/a><\/li>\n\n\n\n<li><a href=\"https:\/\/www.manaus.am.gov.br\/semsa\/wp-content\/uploads\/sites\/8\/2025\/05\/DOM-6074-21.05.2025-39a-Nomeacao-1-vacancia-1-1.pdf\">39\u00aa Convoca\u00e7\u00e3o<\/a><\/li>\n\n\n\n<li><a href=\"https:\/\/www.manaus.am.gov.br\/semsa\/wp-content\/uploads\/sites\/8\/2025\/05\/DOM-6075-22.05.2025-40a-41a-Nomeacoes-8-remanescentes-3-vacancias.pdf\">40\u00aa Nomea\u00e7\u00e3o<\/a><\/li>\n\n\n\n<li><a href=\"https:\/\/www.manaus.am.gov.br\/semsa\/wp-content\/uploads\/sites\/8\/2025\/05\/CONCURSO-SEMSA-ED-002-40a-CONVOCACAO-DOM-6076-23.05.2025-CAD-1.pdf\">40\u00aa Convoca\u00e7\u00e3o<\/a><\/li>\n\n\n\n<li><a href=\"https:\/\/www.manaus.am.gov.br\/semsa\/wp-content\/uploads\/sites\/8\/2025\/05\/DOM-6075-22.05.2025-40a-41a-Nomeacoes-8-remanescentes-3-vacancias.pdf\">41\u00aa Nomea\u00e7\u00e3o<\/a><\/li>\n\n\n\n<li><a href=\"https:\/\/www.manaus.am.gov.br\/semsa\/wp-content\/uploads\/sites\/8\/2025\/05\/CONCURSO-SEMSA-ED-002-41a-CONVOCACAO-DOM-6076-23.05.2025-CAD-1.pdf\">41\u00aa Convoca\u00e7\u00e3o<\/a><\/li>\n\n\n\n<li><a href=\"https:\/\/www.manaus.am.gov.br\/semsa\/wp-content\/uploads\/sites\/8\/2025\/05\/DOM-6078-27.05.2025-42a-Nomeacao-6-fiscais.pdf\">42\u00aa Nomea\u00e7\u00e3o<\/a><\/li>\n\n\n\n<li><a href=\"https:\/\/www.manaus.am.gov.br\/semsa\/wp-content\/uploads\/sites\/8\/2025\/05\/DOM-6079-28.05.2025-42a-Convocacao-Edital-002-2021-6-fiscais.pdf\">42\u00aa Convoca\u00e7\u00e3o<\/a><\/li>\n\n\n\n<li><a href=\"https:\/\/www.manaus.am.gov.br\/semsa\/wp-content\/uploads\/sites\/8\/2025\/06\/CONCURSO-SEMSA-ED-002-43a-NOMEACAO-DOM-6091-13.06.2025-CAD-1.pdf\">43\u00aa Nomea\u00e7\u00e3o<\/a><\/li>\n\n\n\n<li><a href=\"https:\/\/www.manaus.am.gov.br\/semsa\/wp-content\/uploads\/sites\/8\/2025\/06\/CONCURSO-SEMSA-ED-002-43a-CONVOCACAO-DOM-6092-16.06.2025-CAD-1.pdf\">43\u00aa Convoca\u00e7\u00e3o<\/a><\/li>\n\n\n\n<li><a href=\"https:\/\/www.manaus.am.gov.br\/semsa\/wp-content\/uploads\/sites\/8\/2025\/07\/CONCURSO-SEMSA-ED-002-44a-NOMEACAO-DOM-6105-07.07.2025-CAD-1.pdf\">44\u00aa Nomea\u00e7\u00e3o<\/a><\/li>\n\n\n\n<li><a href=\"https:\/\/www.manaus.am.gov.br\/semsa\/wp-content\/uploads\/sites\/8\/2025\/07\/CONCURSO-SEMSA-ED-002-44a-CONVOCACAO-DOM-6107-09.07.2025-CAD-1.pdf\">44\u00aa Convoca\u00e7\u00e3o<\/a><\/li>\n\n\n\n<li><a href=\"https:\/\/www.manaus.am.gov.br\/semsa\/wp-content\/uploads\/sites\/8\/2025\/07\/CONCURSO-SEMSA-ED-002-45a-NOMEACAO-DOM-6111-15.07.2025-CAD-1.pdf\">45\u00aa Nomea\u00e7\u00e3o<\/a><\/li>\n\n\n\n<li><a href=\"https:\/\/www.manaus.am.gov.br\/semsa\/wp-content\/uploads\/sites\/8\/2025\/07\/CONCURSO-SEMSA-ED-002-45a-CONVOCACAO-DOM-6112-16.07.2025-CAD-1.pdf\">45\u00aa Convoca\u00e7\u00e3o<\/a><\/li>\n\n\n\n<li><a href=\"https:\/\/www.manaus.am.gov.br\/semsa\/wp-content\/uploads\/sites\/8\/2025\/07\/CONCURSO-SEMSA-ED-002-46a-NOMEACAO-DOM-6114-18.07.2025-CAD-1.pdf\">46\u00aa Nomea\u00e7\u00e3o<\/a><\/li>\n\n\n\n<li><a href=\"https:\/\/www.manaus.am.gov.br\/semsa\/wp-content\/uploads\/sites\/8\/2025\/07\/CONCURSO-SEMSA-ED-002-46a-CONVOCACAO-DOM-6116-22.07.2025-CAD-1.pdf\">46\u00aa Convoca\u00e7\u00e3o<\/a><\/li>\n\n\n\n<li><a href=\"https:\/\/www.manaus.am.gov.br\/semsa\/wp-content\/uploads\/sites\/8\/2025\/08\/CONCURSO-SEMSA-ED-002-47a-NOMEACAO-DOM-6133-14.08.2025-CAD-1.pdf\">47\u00aa Nomea\u00e7\u00e3o<\/a><\/li>\n\n\n\n<li><a href=\"https:\/\/www.manaus.am.gov.br\/semsa\/wp-content\/uploads\/sites\/8\/2025\/08\/CONCURSO-SEMSA-ED-002-47a-CONVOCACAO-DOM-6134-15.08.2025-CAD-1.pdf\">47\u00aa Convoca\u00e7\u00e3o<\/a><\/li>\n\n\n\n<li><a href=\"https:\/\/www.manaus.am.gov.br\/semsa\/wp-content\/uploads\/sites\/8\/2025\/08\/DOM-6134-15.08.2025-48a-Nomeacao-13-vacancias.pdf\">48\u00aa Nomea\u00e7\u00e3o<\/a><\/li>\n\n\n\n<li><a href=\"https:\/\/www.manaus.am.gov.br\/semsa\/wp-content\/uploads\/sites\/8\/2025\/08\/DOM-6135-18.08.2025-48a-Convocacao-13-vacancias-1.pdf\">48\u00aa Convoca\u00e7\u00e3o<\/a><\/li>\n\n\n\n<li><a href=\"https:\/\/www.manaus.am.gov.br\/semsa\/wp-content\/uploads\/sites\/8\/2025\/09\/CONCURSO-SEMSA-ED-002-49a-NOMEACAO-DOM-6148-04.09.2025-CAD-1.pdf\">49\u00aa Nomea\u00e7\u00e3o<\/a><\/li>\n\n\n\n<li><a href=\"https:\/\/www.manaus.am.gov.br\/semsa\/wp-content\/uploads\/sites\/8\/2025\/09\/CONCURSO-SEMSA-ED-002-49a-CONVOCACAO-DOM-6149-08.09.2025-CAD-1.pdf\">49\u00aa Convoca\u00e7\u00e3o<\/a><\/li>\n\n\n\n<li><a href=\"https:\/\/www.manaus.am.gov.br\/semsa\/wp-content\/uploads\/sites\/8\/2025\/09\/CONCURSO-SEMSA-ED-002-50a-NOMEACAO-DOM-6150-09.09.2025-CAD-1.pdf\">50\u00aa Nomea\u00e7\u00e3o<\/a><\/li>\n\n\n\n<li><a href=\"https:\/\/www.manaus.am.gov.br\/semsa\/wp-content\/uploads\/sites\/8\/2025\/09\/CONCURSO-SEMSA-ED-002-50a-CONVOCACAO-DOM-6151-10.09.2025-CAD-1.pdf\">50\u00aa Convoca\u00e7\u00e3o<\/a><\/li>\n\n\n\n<li><a href=\"https:\/\/www.manaus.am.gov.br\/semsa\/wp-content\/uploads\/sites\/8\/2025\/09\/CONCURSO-SEMSA-ED-002-51a-NOMEACAO-DOM-6150-09.09.2025-CAD-1.pdf\">51\u00aa Nomea\u00e7\u00e3o<\/a><\/li>\n\n\n\n<li><a href=\"https:\/\/www.manaus.am.gov.br\/semsa\/wp-content\/uploads\/sites\/8\/2025\/09\/CONCURSO-SEMSA-ED-002-51a-CONVOCACAO-DOM-6151-10.09.2025-CAD-1.pdf\">51\u00aa Convoca\u00e7\u00e3o<\/a><\/li>\n\n\n\n<li><a href=\"https:\/\/www.manaus.am.gov.br\/semsa\/wp-content\/uploads\/sites\/8\/2025\/09\/CONCURSO-SEMSA-ED-002-52a-NOMEACAO-DOM-6156-17.09.2025-CAD-1.pdf\">52\u00aa Nomea\u00e7\u00e3o<\/a><\/li>\n\n\n\n<li><a href=\"https:\/\/www.manaus.am.gov.br\/semsa\/wp-content\/uploads\/sites\/8\/2025\/09\/CONCURSO-SEMSA-ED-002-52a-CONVOCACAO-DOM-6157-18.09.2025-CAD-1.pdf\">52\u00aa Convoca\u00e7\u00e3o<\/a><\/li>\n\n\n\n<li><a href=\"https:\/\/www.manaus.am.gov.br\/semsa\/wp-content\/uploads\/sites\/8\/2025\/10\/DOM-6169-06.10.2025-53a-Nomeacao-10-vacancias.pdf\">53\u00aa Nomea\u00e7\u00e3o<\/a><\/li>\n\n\n\n<li><a href=\"https:\/\/www.manaus.am.gov.br\/semsa\/wp-content\/uploads\/sites\/8\/2025\/10\/CONCURSO-SEMSA-ED-002-53a-CONVOCACAO-DOM-6170-07.10.2025-CAD-1.pdf\">53\u00aa Convoca\u00e7\u00e3o<\/a><\/li>\n\n\n\n<li><a href=\"https:\/\/www.manaus.am.gov.br\/semsa\/wp-content\/uploads\/sites\/8\/2025\/10\/DOM-6181-22.10.2025-54\u00b0-Nomeacao-5-vacancias-1.pdf\">54\u00aa Nomea\u00e7\u00e3o<\/a><\/li>\n\n\n\n<li><a href=\"https:\/\/www.manaus.am.gov.br\/semsa\/wp-content\/uploads\/sites\/8\/2025\/12\/CONCURSO-SEMSA-ED-002-55a-NOMEACAO-DOM-6209-04.12.2025-CAD1.pdf\">55\u00aa Nomea\u00e7\u00e3o<\/a><\/li>\n\n\n\n<li><a href=\"https:\/\/www.manaus.am.gov.br\/semsa\/wp-content\/uploads\/sites\/8\/2025\/12\/CONCURSO-SEMSA-ED-002-55a-CONVOCACAO-DOM-6210-05.12.2025-CAD-1.pdf\">55\u00aa Convoca\u00e7\u00e3o<\/a><\/li>\n\n\n\n<li><a href=\"https:\/\/www.manaus.am.gov.br\/semsa\/wp-content\/uploads\/sites\/8\/2025\/12\/DOM-6213-11.12.2025-56a-Nomeacao-JUDICIAL.pdf\">56\u00aa Nomea\u00e7\u00e3o<\/a><\/li>\n\n\n\n<li><a href=\"https:\/\/www.manaus.am.gov.br\/semsa\/wp-content\/uploads\/sites\/8\/2025\/12\/CONCURSO-SEMSA-ED-002-56a-CONVOCACAO-DOM-6214-12.12.2025-CAD-1.pdf\">56\u00aa Convoca\u00e7\u00e3o<\/a><\/li>\n\n\n\n<li><a href=\"https:\/\/www.manaus.am.gov.br\/semsa\/wp-content\/uploads\/sites\/8\/2025\/12\/CONCURSO-SEMSA-ED-002-57a-NOMEACAO-DOM-6218-18.12.2025-CAD-1.pdf\">57\u00aa Nomea\u00e7\u00e3o<\/a><\/li>\n\n\n\n<li><a href=\"https:\/\/www.manaus.am.gov.br\/semsa\/wp-content\/uploads\/sites\/8\/2025\/12\/CONCURSO-SEMSA-ED-002-57a-CONVOCACAO-DOM-6219-19.12.2025-CAD-1.pdf\">57\u00aa Convoca\u00e7\u00e3o<\/a><\/li>\n\n\n\n<li><a href=\"https:\/\/www.manaus.am.gov.br\/semsa\/wp-content\/uploads\/sites\/8\/2025\/12\/DOM-6220-22.12.2025-58\u00b0Nomeacao-2-Medico-Veterinario.pdf\">58\u00aa Nomea\u00e7\u00e3o<\/a><\/li>\n\n\n\n<li><a href=\"https:\/\/www.manaus.am.gov.br\/semsa\/wp-content\/uploads\/sites\/8\/2025\/12\/CONCURSO-SEMSA-ED-002-58a-CONVOCACAO-DOM-6222-29.12.2025-CAD-1.pdf\">58\u00aa Convoca\u00e7\u00e3o<\/a><\/li>\n\n\n\n<li><a href=\"https:\/\/www.manaus.am.gov.br\/semsa\/wp-content\/uploads\/sites\/8\/2026\/01\/DOM-6231-14.01.2026-59a-Nomeacao-46-cargos.pdf\">59\u00aa Nomea\u00e7\u00e3o<\/a><\/li>\n\n\n\n<li><a href=\"https:\/\/www.manaus.am.gov.br\/semsa\/wp-content\/uploads\/sites\/8\/2026\/01\/CONCURSO-SEMSA-ED-002-59a-CONVOCACAO-DOM-6232-15.01.2026-CAD-1.pdf\">59\u00aa Convoca\u00e7\u00e3o<\/a><\/li>\n\n\n\n<li><a href=\"https:\/\/www.manaus.am.gov.br\/semsa\/wp-content\/uploads\/sites\/8\/2026\/03\/DOM-6260-27.02.2026-60a-Nomeacao-18-vacancias.pdf\">60\u00aa Nomea\u00e7\u00e3o<\/a><\/li>\n\n\n\n<li><a href=\"https:\/\/www.manaus.am.gov.br\/semsa\/wp-content\/uploads\/sites\/8\/2026\/03\/CONCURSO-SEMSA-ED-002-60a-CONVOCACAO-DOM-6261-02.03.2026-CAD-1.pdf\">60\u00aa Convoca\u00e7\u00e3o<\/a><\/li>\n<\/ul>\n\n\n\n<p><\/p>\n\n\n\n<p><strong>Edital 003\/2021<\/strong><a href=\"https:\/\/www.manaus.am.gov.br\/semsa\/wp-content\/uploads\/sites\/8\/2024\/06\/Edital-003-2022-Assistente-em-Saude.pdf\">&#8211; Assistente em Sa\u00fade &#8211; Condutor de Motol\u00e2ncia e Condutor de Ambul\u00e2ncia (retificado em 21\/01\/2021)<\/a><\/p>\n\n\n\n<ul>\n<li><a href=\"https:\/\/www.manaus.am.gov.br\/semsa\/wp-content\/uploads\/sites\/8\/2024\/06\/1o-Retificacao.pdf\">1\u00aa Retifica\u00e7\u00e3o<\/a><\/li>\n\n\n\n<li><a href=\"https:\/\/www.manaus.am.gov.br\/semsa\/wp-content\/uploads\/sites\/8\/2024\/06\/2o-Retificacao-1.pdf\">2\u00aa Retifica\u00e7\u00e3o<\/a><\/li>\n\n\n\n<li><a href=\"https:\/\/www.manaus.am.gov.br\/semsa\/wp-content\/uploads\/sites\/8\/2024\/06\/3o-Retificacao-2.pdf\">3\u00aa Retifica\u00e7\u00e3o<\/a><\/li>\n\n\n\n<li><a href=\"https:\/\/www.manaus.am.gov.br\/semsa\/wp-content\/uploads\/sites\/8\/2024\/06\/4o-Retificacao-1.pdf\">4\u00aa Retifica\u00e7\u00e3o<\/a><\/li>\n\n\n\n<li><a href=\"https:\/\/www.manaus.am.gov.br\/semsa\/wp-content\/uploads\/sites\/8\/2024\/06\/Homologacao-do-resultado-final.pdf\">Homologa\u00e7\u00e3o do resultado final<\/a><\/li>\n\n\n\n<li><a href=\"https:\/\/www.manaus.am.gov.br\/semsa\/wp-content\/uploads\/sites\/8\/2024\/06\/1o-Nomeacao-2.pdf\">1\u00aa Nomea\u00e7\u00e3o<\/a><\/li>\n\n\n\n<li><a href=\"https:\/\/www.manaus.am.gov.br\/semsa\/wp-content\/uploads\/sites\/8\/2024\/06\/1o-Convocacao-2.pdf\">1\u00aa Convoca\u00e7\u00e3o<\/a><\/li>\n\n\n\n<li><a href=\"https:\/\/www.manaus.am.gov.br\/semsa\/wp-content\/uploads\/sites\/8\/2024\/06\/2o-Nomeacao-2.pdf\">2\u00aa Nomea\u00e7\u00e3o<\/a><\/li>\n\n\n\n<li><a href=\"https:\/\/www.manaus.am.gov.br\/semsa\/wp-content\/uploads\/sites\/8\/2024\/06\/2o-Convocacao-2.pdf\">2\u00aa Convoca\u00e7\u00e3o<\/a><\/li>\n\n\n\n<li><a href=\"https:\/\/www.manaus.am.gov.br\/semsa\/wp-content\/uploads\/sites\/8\/2024\/06\/3o-Nomeacao-2.pdf\">3\u00aa Nomea\u00e7\u00e3o<\/a><\/li>\n\n\n\n<li><a href=\"https:\/\/www.manaus.am.gov.br\/semsa\/wp-content\/uploads\/sites\/8\/2024\/06\/3o-Convocacao-2.pdf\">3\u00aa Convoca\u00e7\u00e3o<\/a><\/li>\n\n\n\n<li><a href=\"https:\/\/www.manaus.am.gov.br\/semsa\/wp-content\/uploads\/sites\/8\/2024\/06\/4o-Nomeacao-2.pdf\">4\u00aa Nomea\u00e7\u00e3o<\/a><\/li>\n\n\n\n<li><a href=\"https:\/\/www.manaus.am.gov.br\/semsa\/wp-content\/uploads\/sites\/8\/2024\/06\/4o-Convocacao-2.pdf\">4\u00aa Convoca\u00e7\u00e3o<\/a><\/li>\n\n\n\n<li><a href=\"https:\/\/www.manaus.am.gov.br\/semsa\/wp-content\/uploads\/sites\/8\/2024\/08\/DOM-5900-29.8.2024-5\u00b0-Nomeacao-Edital-003-2021-3-condutores.pdf\">5\u00aa Nomea\u00e7\u00e3o<\/a><\/li>\n\n\n\n<li><a href=\"https:\/\/www.manaus.am.gov.br\/semsa\/wp-content\/uploads\/sites\/8\/2024\/09\/CONCURSO-SEMSA-EDITAL-003-2021-5a-CONVOCACAO-DOM-5903-03.09.2024-CAD-1.pdf\">5\u00aa Convoca\u00e7\u00e3o<\/a><\/li>\n\n\n\n<li><a href=\"https:\/\/www.manaus.am.gov.br\/semsa\/wp-content\/uploads\/sites\/8\/2024\/11\/DOM-5949-13.11.2024-6a-Nomeacao-1-cond-moto.pdf\">6\u00aa Nomea\u00e7\u00e3o<\/a><\/li>\n\n\n\n<li><a href=\"https:\/\/www.manaus.am.gov.br\/semsa\/wp-content\/uploads\/sites\/8\/2024\/11\/DOM-5950-14.11.2024-6\u00b0-Edital-de-Convocacao-1-remanescente.pdf\">6\u00aa Convoca\u00e7\u00e3o<\/a><\/li>\n\n\n\n<li><a href=\"https:\/\/www.manaus.am.gov.br\/semsa\/wp-content\/uploads\/sites\/8\/2024\/11\/DOM-5953-21.11.2024-7a-Nomeacao-1Cond.moto_.pdf\">7\u00aa Nomea\u00e7\u00e3o<\/a><\/li>\n\n\n\n<li><a href=\"https:\/\/www.manaus.am.gov.br\/semsa\/wp-content\/uploads\/sites\/8\/2025\/01\/DOM-5954-22.11.2024-7\u00b0-Edital-de-Convocacao.pdf\">7\u00aa Convoca\u00e7\u00e3o<\/a><\/li>\n\n\n\n<li><a href=\"https:\/\/www.manaus.am.gov.br\/semsa\/wp-content\/uploads\/sites\/8\/2025\/03\/DOM-6021-27.02.2025-8a-Nomeacao-2-vacancias.pdf\">8\u00aa Nomea\u00e7\u00e3o<\/a><\/li>\n\n\n\n<li><a href=\"https:\/\/www.manaus.am.gov.br\/semsa\/wp-content\/uploads\/sites\/8\/2025\/04\/DOM-6022-28.02.2025-8\u00b0-Edital-Convocacao-2-vacancias.pdf\">8\u00aa Convoca\u00e7\u00e3o<\/a><\/li>\n\n\n\n<li><a href=\"https:\/\/www.manaus.am.gov.br\/semsa\/wp-content\/uploads\/sites\/8\/2025\/04\/CONCURSO-SEMSA-ED-003-9a-NOMEACAO-DOM-6058-25.04.2025-CAD-1.pdf\">9\u00aa Nomea\u00e7\u00e3o<\/a><\/li>\n\n\n\n<li><a href=\"https:\/\/www.manaus.am.gov.br\/semsa\/wp-content\/uploads\/sites\/8\/2025\/04\/CONCURSO-SEMSA-ED-003-9a-CONVOCACAO-DOM-6060-29.04.2025-CAD-2.pdf\">9\u00aa Convoca\u00e7\u00e3o<\/a><\/li>\n\n\n\n<li><a href=\"https:\/\/www.manaus.am.gov.br\/semsa\/wp-content\/uploads\/sites\/8\/2025\/07\/CONCURSO-SEMSA-ED-003-10a-NOMEACAO-DOM-6110-14.07.2025-CAD-1-1.pdf\">10\u00aa Nomea\u00e7\u00e3o<\/a><\/li>\n\n\n\n<li><a href=\"https:\/\/www.manaus.am.gov.br\/semsa\/wp-content\/uploads\/sites\/8\/2025\/07\/CONCURSO-SEMSA-ED-003-10a-CONVOCACAO-DOM-6112-16.07.2025-CAD-1.pdf\">10\u00aa Convoca\u00e7\u00e3o<\/a><\/li>\n\n\n\n<li><a href=\"https:\/\/www.manaus.am.gov.br\/semsa\/wp-content\/uploads\/sites\/8\/2025\/11\/DOM-6201-24.11.2025-11a-Nomeacao-1-Cond.-Amb.pdf\">11\u00aa Nomea\u00e7\u00e3o<\/a><\/li>\n\n\n\n<li><a href=\"https:\/\/www.manaus.am.gov.br\/semsa\/wp-content\/uploads\/sites\/8\/2025\/11\/CONCURSO-SEMSA-ED-003-11a-CONVOCACAO-DOM-6203-26.11.2025-CAD-1.pdf\">11\u00aa Convoca\u00e7\u00e3o<\/a><\/li>\n<\/ul>\n\n\n\n<h3 class=\"wp-block-heading\">Edital de Chamamento P\u00fablico Emergencial 001\/2022<\/h3>\n\n\n\n<ul>\n<li><a href=\"https:\/\/www.manaus.am.gov.br\/semsa\/wp-content\/uploads\/sites\/8\/2023\/01\/Edital-Chamamento-no-001-2022-MEDICO-ENF-TEC-ENF-FISIOTERAPEUTA-1.pdf\" target=\"_blank\" rel=\"noreferrer noopener\">Acesse aqui para o Edital de Chamamento P\u00fablico Emergencial n\u00ba 001\/2022<\/a><\/li>\n\n\n\n<li><a href=\"https:\/\/pssemsa.manaus.am.gov.br\/processo_seletivo\/\" target=\"_blank\" rel=\"noreferrer noopener\">Link para a inscri\u00e7\u00e3o<\/a><\/li>\n\n\n\n<li><a href=\"https:\/\/www.manaus.am.gov.br\/semsa\/wp-content\/uploads\/sites\/8\/2023\/01\/DOM-5268-20.01.2022-CAD-2-1.pdf\" target=\"_blank\" rel=\"noreferrer noopener\">Resultado de Candidatos Inscritos e Homologa\u00e7\u00e3o do Resultado Final<\/a><\/li>\n\n\n\n<li><a href=\"https:\/\/www.manaus.am.gov.br\/semsa\/wp-content\/uploads\/sites\/8\/2023\/01\/DOM-5268-20.01.2022-CAD-2-paginas-53-55_compressed-1-1.pdf\" target=\"_blank\" rel=\"noreferrer noopener\">1\u00ba Edital <\/a><\/li>\n\n\n\n<li><a href=\"https:\/\/www.manaus.am.gov.br\/semsa\/wp-content\/uploads\/sites\/8\/2023\/01\/DOM-5278-03.02.2022-2o-Edital-de-Convocacao-do-Chamamento-Publico-n\u00b0-001-2022-1.pdf\" target=\"_blank\" rel=\"noreferrer noopener\">2\u00ba Edital <\/a><\/li>\n\n\n\n<li><a href=\"https:\/\/www.manaus.am.gov.br\/semsa\/wp-content\/uploads\/sites\/8\/2023\/01\/DOM-5288-17.02.2022-3-Edital-de-Convocacao-1-1.pdf\">3\u00ba Edital <\/a><\/li>\n\n\n\n<li><a href=\"https:\/\/www.manaus.am.gov.br\/semsa\/wp-content\/uploads\/sites\/8\/2023\/01\/4-editao-de-convocacao-contratacao-temporaria-semsa.pdf\" target=\"_blank\" rel=\"noreferrer noopener\">4\u00ba Edital <\/a><\/li>\n<\/ul>\n\n\n\n<h3 class=\"wp-block-heading\">Edital de Chamamento P\u00fablico Emergencial N\u00ba 001\/2021<\/h3>\n\n\n\n<ul>\n<li><a href=\"https:\/\/semsa.manaus.am.gov.br\/wp-content\/uploads\/2021\/05\/Anexo-Oficio-Casa-Civil-Edital-Chamamento-no-001-2021-MEDICO-ENF-ASS-SOC-FISIO-TEC-ENF.pdf\" target=\"_blank\" rel=\"noreferrer noopener\">Acesse aqui o Edital<\/a><\/li>\n\n\n\n<li><a href=\"https:\/\/docs.google.com\/forms\/d\/e\/1FAIpQLSddrjTEgv6j9xuau1mAebZU3KEq1qrzw2CusyTIfH86F85jtQ\/closedform\" target=\"_blank\" rel=\"noreferrer noopener\">Link para Inscri\u00e7\u00e3o<\/a><\/li>\n\n\n\n<li><a href=\"https:\/\/semsa.manaus.am.gov.br\/wp-content\/uploads\/2021\/05\/Of.-xxxx-2021-_CASA-CIVIL_ANEXO-Resultado-das-Inscricoes-dos-Candidatos.pdf\" target=\"_blank\" rel=\"noreferrer noopener\">Resultado das inscri\u00e7\u00f5es<\/a><\/li>\n\n\n\n<li><a href=\"https:\/\/semsa.manaus.am.gov.br\/wp-content\/uploads\/2021\/05\/Of.-xxxx-2021-_CASA-CIVIL_ANEXO-Edital-de-Convocacao-6.pdf\" target=\"_blank\" rel=\"noreferrer noopener\">1\u00ba Edital de convoca\u00e7\u00e3o<\/a><\/li>\n\n\n\n<li><a href=\"https:\/\/semsa.manaus.am.gov.br\/wp-content\/uploads\/2021\/06\/Of.2021-_CASA-CIVIL_ANEXO-2o-Edital-de-Convocacao.pdf\" target=\"_blank\" rel=\"noreferrer noopener\">2\u00ba Edital de convoca\u00e7\u00e3o<\/a><\/li>\n\n\n\n<li><a href=\"https:\/\/semsa.manaus.am.gov.br\/wp-content\/uploads\/2021\/06\/ACFrOgBzPMu3XtCY9CbWUVu0CXcsJ90iYLb6qcvAGkbexhu1DjZEZnX5BvhToOTOIPF3IP9Dst0u-xULoZGMnPUKhaT5r4ce0DcUZqez4_BbWtKTYOw3UVc3Y2usxfM.pdf\" target=\"_blank\" rel=\"noreferrer noopener\">3\u00ba Edital de convoca\u00e7\u00e3o<\/a><\/li>\n\n\n\n<li><a href=\"https:\/\/semsa.manaus.am.gov.br\/wp-content\/uploads\/2021\/06\/4o-Edital-de-Convocacao.pdf\" target=\"_blank\" rel=\"noreferrer noopener\">4\u00ba Edital de convoca\u00e7\u00e3o<\/a><\/li>\n\n\n\n<li><a href=\"https:\/\/semsa.manaus.am.gov.br\/wp-content\/uploads\/2021\/07\/5o-Edital-de-Convocacao-DOM-5128-28.06.21-1.pdf\" target=\"_blank\" rel=\"noreferrer noopener\">5\u00ba Edital de convoca\u00e7\u00e3o<\/a><\/li>\n\n\n\n<li><a href=\"https:\/\/semsa.manaus.am.gov.br\/wp-content\/uploads\/2021\/07\/DOM-5134-06.07.2021-6%C2%B0-EDITAL-DE-CONVOCACAO-CHAMAMENTO-001_2021-MEDICO-LUIZ-OTAVIO-DE-ARAUJO-BASTOS.pdf\" target=\"_blank\" rel=\"noreferrer noopener\">6\u00ba Edital de convoca\u00e7\u00e3o<\/a><\/li>\n\n\n\n<li><a href=\"https:\/\/semsa.manaus.am.gov.br\/wp-content\/uploads\/2021\/07\/DOM.pdf\" target=\"_blank\" rel=\"noreferrer noopener\">7\u00ba Edital de convoca\u00e7\u00e3o<\/a><\/li>\n\n\n\n<li><a href=\"https:\/\/semsa.manaus.am.gov.br\/wp-content\/uploads\/2021\/07\/DOM-5148-26.07.2021-8o-edital-de-convocacao-Chamamento-001-2021-Medico-CG-1.pdf\" target=\"_blank\" rel=\"noreferrer noopener\">8\u00ba Edital de convoca\u00e7\u00e3o<\/a><\/li>\n\n\n\n<li><a href=\"https:\/\/semsa.manaus.am.gov.br\/wp-content\/uploads\/2021\/08\/DOM-5154-03.08.2021-9a-CONVOCACAO-CHAMAMENTO-PUBLICO-001-2021-MEDICO-CG-1.pdf\" target=\"_blank\" rel=\"noreferrer noopener\">9\u00ba Edital de convoca\u00e7\u00e3o<\/a><\/li>\n\n\n\n<li><a href=\"https:\/\/semsa.manaus.am.gov.br\/wp-content\/uploads\/2021\/08\/DOM-5160-11.08.2021-10o-EDITAL-DE-CONVOCACAO-CHAMAMENTO-001-2021-MED-ICO-CG-DENIS.pdf\" target=\"_blank\" rel=\"noreferrer noopener\">10\u00ba Edital de convoca\u00e7\u00e3o<\/a><\/li>\n\n\n\n<li><a href=\"https:\/\/semsa.manaus.am.gov.br\/wp-content\/uploads\/2021\/08\/DOM-5168-23.08.2021-11o-EDITAL-DE-CONVOCACAO-CHAMAMENTO-001-2021-MED-ICO-CG.pdf\" target=\"_blank\" rel=\"noreferrer noopener\">11\u00ba Edital de convoca\u00e7\u00e3o<\/a><\/li>\n<\/ul>\n\n\n\n<h3 class=\"wp-block-heading\">Processo Seletivo Simplificado &#8211; Edital N\u00ba 001\/2021 &#8211; (DTI)<\/h3>\n\n\n\n<ul>\n<li><a href=\"https:\/\/semsa.manaus.am.gov.br\/wp-content\/uploads\/2021\/07\/Edital-PSS-no-001-2021-DTI-DOM-5130-30.06.21.pdf\" target=\"_blank\" rel=\"noreferrer noopener\">Acesse aqui o Edital&nbsp;<\/a><\/li>\n\n\n\n<li><a href=\"https:\/\/pssemsa.manaus.am.gov.br\/\" target=\"_blank\" rel=\"noreferrer noopener\">Link para inscri\u00e7\u00e3o<\/a><\/li>\n\n\n\n<li><a href=\"https:\/\/semsa.manaus.am.gov.br\/wp-content\/uploads\/2021\/08\/ANEXO-do-Aviso-do-Resultado-da-Avaliacao-de-Titul-os-e-Experiencia-do-PSS-001-2021-ANALISTA-E-ASSISTENTE-DE-T-I.pdf\" target=\"_blank\" rel=\"noreferrer noopener\">Aviso do Resultado da Avalia\u00e7\u00e3o<\/a><\/li>\n\n\n\n<li><a href=\"https:\/\/semsa.manaus.am.gov.br\/wp-content\/uploads\/2021\/08\/Resultado-da-Avaliacao-deTitulos-dos-PSS-no-001-2021-DTI_Para-o-Decom.pdf\" target=\"_blank\" rel=\"noreferrer noopener\">Resultado da Avalia\u00e7\u00e3o de T\u00edtulos&nbsp;<\/a><\/li>\n\n\n\n<li><a href=\"https:\/\/semsa.manaus.am.gov.br\/wp-content\/uploads\/2021\/08\/PORTARIA-N%C2%B0-414-2021-_Homologacao-do-Resultado-do-PSS-n%C2%B0-001-21.pdf\" target=\"_blank\" rel=\"noreferrer noopener\">Portaria N\u00b0 414-2021-Homologa\u00e7\u00e3o do Resultado&nbsp;<\/a><\/li>\n\n\n\n<li><a href=\"https:\/\/semsa.manaus.am.gov.br\/wp-content\/uploads\/2021\/08\/2.2-Edital-de-Convocacao-do-PSS-001-2021-DTI-Analista-e-Assistente-de-TI.pdf\" target=\"_blank\" rel=\"noreferrer noopener\">Edital de convoca\u00e7\u00e3o &#8211; Analista e Assistente de TI<\/a><\/li>\n\n\n\n<li><a href=\"https:\/\/semsa.manaus.am.gov.br\/wp-content\/uploads\/2021\/09\/DOM-5183-14.09.2021-2%C2%B0-Edital-de-Convocacao-de-Candidatos-PSS-001_2021.pdf\" target=\"_blank\" rel=\"noreferrer noopener\">2\u00ba Edital<\/a><\/li>\n\n\n\n<li><a href=\"https:\/\/semsa.manaus.am.gov.br\/wp-content\/uploads\/2021\/10\/DOM-5191-24.09.2021-1a-Retificacao-da-2o-convocacao.pdf\" target=\"_blank\" rel=\"noreferrer noopener\">1\u00aa Retifica\u00e7\u00e3o da 2\u00aa convoca\u00e7\u00e3o<\/a><\/li>\n\n\n\n<li><a href=\"https:\/\/semsa.manaus.am.gov.br\/wp-content\/uploads\/2021\/10\/DOM-5199-06.10.2021-3o-edital-de-Convocacao-DTI.pdf\" target=\"_blank\" rel=\"noreferrer noopener\">3\u00ba Edital <\/a><\/li>\n\n\n\n<li><a href=\"https:\/\/semsa.manaus.am.gov.br\/wp-content\/uploads\/2021\/10\/DOM-5211-26.10.2021-2o-Retificacao-do-PSS-001-2021-DTI.pdf\" target=\"_blank\" rel=\"noreferrer noopener\">2\u00aa Retifica\u00e7\u00e3o<\/a><\/li>\n\n\n\n<li><a href=\"https:\/\/semsa.manaus.am.gov.br\/wp-content\/uploads\/2021\/11\/DOM-5215-03.11.2021-Republicadacao-Homologacao-PSS-001-2021-DTI-SEM-SA.pdf\" target=\"_blank\" rel=\"noreferrer noopener\">Republica\u00e7\u00e3o da Homologa\u00e7\u00e3o<\/a><\/li>\n\n\n\n<li><a href=\"https:\/\/semsa.manaus.am.gov.br\/wp-content\/uploads\/2021\/11\/DOM-5230-25.11.2021-4o-edital-de-convocacao-DTI.pdf\" target=\"_blank\" rel=\"noreferrer noopener\">4\u00ba Edital de Convoca\u00e7\u00e3o<\/a><\/li>\n\n\n\n<li><a href=\"https:\/\/semsa.manaus.am.gov.br\/wp-content\/uploads\/2022\/01\/DOM-5259-10.01.2022-5a-CONVOCACAO-DTI.pdf\" target=\"_blank\" rel=\"noreferrer noopener\">5\u00ba Edital de Convoca\u00e7\u00e3o<\/a><\/li>\n\n\n\n<li><a href=\"https:\/\/semsa.manaus.am.gov.br\/wp-content\/uploads\/2022\/02\/DOM-5286-15.02.2022-6a-convocacao-DTI-Analista-Sandro.pdf\" target=\"_blank\" rel=\"noreferrer noopener\">6\u00ba Edital de Convoca\u00e7\u00e3o<\/a><\/li>\n\n\n\n<li><a href=\"https:\/\/semsa.manaus.am.gov.br\/wp-content\/uploads\/2022\/03\/Microsoft-Word-DOM-5300-10.03.2022-CAD-1.doc.pdf\" target=\"_blank\" rel=\"noreferrer noopener\">7\u00ba Edital de Convoca\u00e7\u00e3o<\/a><\/li>\n\n\n\n<li><a href=\"https:\/\/semsa.manaus.am.gov.br\/wp-content\/uploads\/2022\/03\/Microsoft-Word-DOM-5313-29.03.2022-CAD-1.doc.pdf\" target=\"_blank\" rel=\"noreferrer noopener\">8\u00ba Edital de Convoca\u00e7\u00e3o<\/a><\/li>\n<\/ul>\n\n\n\n<h3 class=\"wp-block-heading\">Campanha de Vacina\u00e7\u00e3o Antirr\u00e1bica Animal &#8211; PSS\/Edital &#8211; 002\/2021<\/h3>\n\n\n\n<ul>\n<li><a href=\"https:\/\/semsa.manaus.am.gov.br\/wp-content\/uploads\/2021\/10\/DOM-5209-22.10.2021-CAD-1-Copia.pdf\" target=\"_blank\" rel=\"noreferrer noopener\">Acesse aqui o Edital<\/a><\/li>\n\n\n\n<li><a href=\"https:\/\/pssemsa.manaus.am.gov.br\/\" target=\"_blank\" rel=\"noreferrer noopener\">Link para Inscri\u00e7\u00e3o<\/a><\/li>\n\n\n\n<li><a href=\"https:\/\/semsa.manaus.am.gov.br\/wp-content\/uploads\/2021\/10\/DOM-5212-27.10.2021-1a-Retificacao-do-edital-002-2021-Vacinadores-2021-1VACINADORES.pdf\" target=\"_blank\" rel=\"noreferrer noopener\">1\u00aa Retifica\u00e7\u00e3o<\/a><\/li>\n\n\n\n<li><a href=\"https:\/\/semsa.manaus.am.gov.br\/wp-content\/uploads\/2021\/11\/DOM-5221-11.11.2021-RESULTADO-PRELIMINAR-DA-AVALIACAO-DE-TITULACAO-E-EXPERIENCIA-DO-PSS-No-0-02-2021-SEMSA-1.pdf\" target=\"_blank\" rel=\"noreferrer noopener\">Resultado Preliminar<\/a><\/li>\n\n\n\n<li><a href=\"https:\/\/semsa.manaus.am.gov.br\/wp-content\/uploads\/2021\/11\/5.-DOM-5225-18.11.2021-RESULTADO-DOS-RECUROS-DEFERIDOS-DO-PSS-No-002-2021-SEMSA-MANAUS.pdf\" target=\"_blank\" rel=\"noreferrer noopener\">Resultado dos Recursos Deferidos<\/a><\/li>\n\n\n\n<li><a href=\"https:\/\/semsa.manaus.am.gov.br\/wp-content\/uploads\/2021\/11\/6.-DOM-5225-18.11.2021-PORTARIA-No-611-21-HOMOLOGA-RESULTADO-FINAL-DO-PSS-No-002-202-1-SEMSA.pdf\" target=\"_blank\" rel=\"noreferrer noopener\">Portaria 611\/2021 &#8211; Homologa\u00e7\u00e3o do Resultado Final<\/a><\/li>\n\n\n\n<li><a href=\"https:\/\/semsa.manaus.am.gov.br\/wp-content\/uploads\/2021\/11\/7.-DOM-5225-18.11.2021-EDITAL-DE-CONVOCACAO-DO-PSS-No-002-2021-SEMSA-MANAUS.pdf\" target=\"_blank\" rel=\"noreferrer noopener\">Edital de Convoca\u00e7\u00e3o<\/a><\/li>\n\n\n\n<li><a href=\"https:\/\/semsa.manaus.am.gov.br\/wp-content\/uploads\/2022\/01\/DOM-5241-13.12.2021-EDITAL-DA-2a-CONVOCACAO-CLASS-251-A-384.pdf\" target=\"_blank\" rel=\"noreferrer noopener\">2\u00ba Edital de Convoca\u00e7\u00e3o<\/a><\/li>\n<\/ul>\n\n\n\n<h3 class=\"wp-block-heading\">Processo Seletivo Simplificado &#8211; Edital 001\/2020<\/h3>\n\n\n\n<ul>\n<li>Acesse aqui o Edital<\/li>\n\n\n\n<li>Link para Inscri\u00e7\u00e3o<\/li>\n<\/ul>\n\n\n\n<h3 class=\"wp-block-heading\">Chamamento P\u00fablico Emergencial para Contrata\u00e7\u00e3o Tempor\u00e1ria &#8211; Edital 002\/2020 <\/h3>\n\n\n\n<ul>\n<li>Acesse aqui o Edital<\/li>\n\n\n\n<li>Link para Inscri\u00e7\u00e3o<\/li>\n<\/ul>\n\n\n\n<ul>\n<li><a href=\"https:\/\/semsa.manaus.am.gov.br\/wp-content\/uploads\/2020\/05\/ANEXO_Aviso-de-ProrrogaA%CC%83%C2%A7A%CC%83%C2%A3o-InscriA%CC%83%C2%A7A%CC%83%C2%A3o-EDITAL-CHAMAMENTO-002-2020.doc.pdf\" target=\"_blank\" rel=\"noreferrer noopener\">1\u00ba Aviso de Prorroga\u00e7\u00e3o<\/a><\/li>\n\n\n\n<li><a href=\"https:\/\/semsa.manaus.am.gov.br\/wp-content\/uploads\/2020\/05\/Of.-0981-e-0982-20-_ANEXO-2A%CC%82%C2%B0-Aviso-de-ProrrogaA%CC%83%C2%A7A%CC%83%C2%A3o-InscriA%CC%83%C2%A7A%CC%83%C2%A3o-do-Edital-de-Chamamento-nA%CC%82%C2%BA-002-2020.pdf\" target=\"_blank\" rel=\"noreferrer noopener\">2\u00ba Aviso de Prorroga\u00e7\u00e3o<\/a><\/li>\n\n\n\n<li><a href=\"https:\/\/semsa.manaus.am.gov.br\/wp-content\/uploads\/2020\/05\/3%C2%B0-Aviso-de-Prorroga%C3%A7%C3%A3o-de-Inscri%C3%A7%C3%A3o.pdf\" target=\"_blank\" rel=\"noreferrer noopener\">3\u00ba Aviso de Prorroga\u00e7\u00e3o<\/a><\/li>\n<\/ul>\n\n\n\n<h3 class=\"wp-block-heading\">Chamamento P\u00fablico Emergencial para Contrata\u00e7\u00e3o Tempor\u00e1ria &#8211; Edital 003\/2020 <\/h3>\n\n\n\n<ul>\n<li>Acesse aqui o Edital<\/li>\n\n\n\n<li>Link para Inscri\u00e7\u00e3o<\/li>\n<\/ul>\n\n\n\n<h3 class=\"wp-block-heading\">Chamamento P\u00fablico Emergencial para Contrata\u00e7\u00e3o Tempor\u00e1ria &#8211; Edital 004\/2020 <\/h3>\n\n\n\n<ul>\n<li>Acesse aqui o Edital<\/li>\n\n\n\n<li>Link para Inscri\u00e7\u00e3o<\/li>\n\n\n\n<li><a href=\"https:\/\/semsa.manaus.am.gov.br\/wp-content\/uploads\/2020\/10\/ANEXO_1%C2%BA-Aviso-de-Prorroga%C3%A7%C3%A3o-Inscri%C3%A7%C3%A3o-EDITAL-CHAMAMENTO-004-2020.pdf\" target=\"_blank\" rel=\"noreferrer noopener\">1\u00ba Aviso de Prorroga\u00e7\u00e3o<\/a><\/li>\n\n\n\n<li><a href=\"https:\/\/semsa.manaus.am.gov.br\/wp-content\/uploads\/2020\/10\/Of.-2404-20-_SEMCOM_ANEXO_Divulga%C3%A7%C3%A3o-Jornal-2%C2%AA-PRORROGA%C3%87%C3%83O-EDITAL-CHAMAMENTO-N%C2%BA-004-2020-M%C3%A9dicos-2-1-1.pdf\" target=\"_blank\" rel=\"noreferrer noopener\">2\u00ba Aviso de Prorroga\u00e7\u00e3o<\/a><\/li>\n\n\n\n<li><a href=\"https:\/\/semsa.manaus.am.gov.br\/wp-content\/uploads\/2020\/05\/3%C2%B0-Aviso-de-Prorroga%C3%A7%C3%A3o-de-Inscri%C3%A7%C3%A3o.pdf\" target=\"_blank\" rel=\"noreferrer noopener\">3\u00ba<\/a><a href=\"https:\/\/semsa.manaus.am.gov.br\/wp-content\/uploads\/2020\/12\/Of.-2668-20-_SEMCOM_ANEXO_Enc.-a-3a-Prorrogacao-ao-Edital-Chamamento-no-004-2020-MEDICO-CLINICO-GERAL-1.pdf\">&nbsp;Aviso de Prorroga\u00e7\u00e3o<\/a><\/li>\n\n\n\n<li><a href=\"https:\/\/semsa.manaus.am.gov.br\/wp-content\/uploads\/2020\/12\/Of.-2924-20-_SEMCOM_ANEXO_Enc.-a-4a-Prorrogacao-Edital-Cha-mamento-no-004-2020-MEDICO-1.pdf\">4\u00ba Aviso de Prorroga\u00e7\u00e3o<\/a><\/li>\n<\/ul>\n\n\n\n<h3 class=\"wp-block-heading\">Processo Seletivo Simplificado &#8211; Edital 005\/2019<\/h3>\n\n\n\n<ul>\n<li>Acesse aqui o Edital<\/li>\n\n\n\n<li>Link para Inscri\u00e7\u00e3o<\/li>\n<\/ul>\n\n\n\n<h3 class=\"wp-block-heading\">Processo Seletivo Simplificado &#8211; Edital 002\/2018<\/h3>\n\n\n\n<ul>\n<li>Acesse aqui o Edital<\/li>\n\n\n\n<li>Link para Inscri\u00e7\u00e3o<\/li>\n<\/ul>\n\n\n\n<h3 class=\"wp-block-heading\">Processo Seletivo Simplificado &#8211; Edital 002\/2017<\/h3>\n\n\n\n<ul>\n<li><a href=\"https:\/\/semsa.manaus.am.gov.br\/wp-content\/uploads\/2020\/11\/Of.-2623-20-_SEMCOM_ANEXO_Aviso-de-28o-Edital-de-Convocacao.pdf\">Aviso do 28\u00ba Edital de Convoca\u00e7\u00e3o<\/a><\/li>\n\n\n\n<li><a href=\"https:\/\/semsa.manaus.am.gov.br\/wp-content\/uploads\/2020\/12\/Of.-2760-20-_SEMCOM_ANEXO_Aviso-de-29o-Edital-de-Convocacao.pdf\">Aviso do 29\u00ba Edital de Convoca\u00e7\u00e3o<\/a><\/li>\n\n\n\n<li><a href=\"https:\/\/semsa.manaus.am.gov.br\/wp-content\/uploads\/2020\/12\/Of.-2852-20-_SEMCOM_ANEXO_Aviso-de-30o-Edital-de-Convocacao-4-Enf-e-9-Tec_Enf-1.pdf\">Aviso do 30\u00ba Edital de Convoca\u00e7\u00e3o<\/a><\/li>\n<\/ul>\n","protected":false},"excerpt":{"rendered":"","protected":false},"author":27,"featured_media":0,"parent":211129,"menu_order":0,"comment_status":"closed","ping_status":"closed","template":"templates\/turismo.php","meta":{"footnotes":""},"acf":[],"yoast_head":"<!-- This site is optimized with the Yoast SEO plugin v23.0 - https:\/\/yoast.com\/wordpress\/plugins\/seo\/ -->\n<title>Concursos e processos seletivos - SEMSA<\/title>\n<meta name=\"robots\" content=\"index, follow, max-snippet:-1, max-image-preview:large, max-video-preview:-1\" \/>\n<link rel=\"canonical\" href=\"https:\/\/www.manaus.am.gov.br\/semsa\/principal\/concursos-e-processos-seletivos\/\" \/>\n<meta property=\"og:locale\" content=\"pt_BR\" \/>\n<meta property=\"og:type\" content=\"article\" \/>\n<meta property=\"og:title\" content=\"Concursos e processos seletivos - SEMSA\" \/>\n<meta property=\"og:url\" content=\"https:\/\/www.manaus.am.gov.br\/semsa\/principal\/concursos-e-processos-seletivos\/\" \/>\n<meta property=\"og:site_name\" content=\"SEMSA\" \/>\n<meta property=\"article:modified_time\" content=\"2026-03-03T13:40:24+00:00\" \/>\n<meta property=\"og:image\" content=\"https:\/\/www.manaus.am.gov.br\/semsa\/wp-content\/uploads\/sites\/8\/2024\/07\/thumb-default-2.png\" \/>\n\t<meta property=\"og:image:width\" content=\"966\" \/>\n\t<meta property=\"og:image:height\" content=\"520\" \/>\n\t<meta property=\"og:image:type\" content=\"image\/png\" \/>\n<meta name=\"twitter:card\" content=\"summary_large_image\" \/>\n<meta name=\"twitter:label1\" content=\"Est. reading time\" \/>\n\t<meta name=\"twitter:data1\" content=\"8 minutos\" \/>\n<script type=\"application\/ld+json\" class=\"yoast-schema-graph\">{\"@context\":\"https:\/\/schema.org\",\"@graph\":[{\"@type\":\"WebPage\",\"@id\":\"https:\/\/www.manaus.am.gov.br\/semsa\/principal\/concursos-e-processos-seletivos\/\",\"url\":\"https:\/\/www.manaus.am.gov.br\/semsa\/principal\/concursos-e-processos-seletivos\/\",\"name\":\"Concursos e processos seletivos - SEMSA\",\"isPartOf\":{\"@id\":\"https:\/\/www.manaus.am.gov.br\/semsa\/#website\"},\"datePublished\":\"2023-01-18T20:29:07+00:00\",\"dateModified\":\"2026-03-03T13:40:24+00:00\",\"breadcrumb\":{\"@id\":\"https:\/\/www.manaus.am.gov.br\/semsa\/principal\/concursos-e-processos-seletivos\/#breadcrumb\"},\"inLanguage\":\"pt-BR\",\"potentialAction\":[{\"@type\":\"ReadAction\",\"target\":[\"https:\/\/www.manaus.am.gov.br\/semsa\/principal\/concursos-e-processos-seletivos\/\"]}]},{\"@type\":\"BreadcrumbList\",\"@id\":\"https:\/\/www.manaus.am.gov.br\/semsa\/principal\/concursos-e-processos-seletivos\/#breadcrumb\",\"itemListElement\":[{\"@type\":\"ListItem\",\"position\":1,\"name\":\"A Semsa\",\"item\":\"https:\/\/www.manaus.am.gov.br\/semsa\/principal\/\"},{\"@type\":\"ListItem\",\"position\":2,\"name\":\"Concursos e processos seletivos\"}]},{\"@type\":\"WebSite\",\"@id\":\"https:\/\/www.manaus.am.gov.br\/semsa\/#website\",\"url\":\"https:\/\/www.manaus.am.gov.br\/semsa\/\",\"name\":\"SEMSA\",\"description\":\"Secretaria Municipal de Sa\u00fade\",\"alternateName\":\"Secretaria Municipal de Sa\u00fade\",\"potentialAction\":[{\"@type\":\"SearchAction\",\"target\":{\"@type\":\"EntryPoint\",\"urlTemplate\":\"https:\/\/www.manaus.am.gov.br\/semsa\/?s={search_term_string}\"},\"query-input\":\"required name=search_term_string\"}],\"inLanguage\":\"pt-BR\"}]}<\/script>\n<!-- \/ Yoast SEO plugin. -->","yoast_head_json":{"title":"Concursos e processos seletivos - SEMSA","robots":{"index":"index","follow":"follow","max-snippet":"max-snippet:-1","max-image-preview":"max-image-preview:large","max-video-preview":"max-video-preview:-1"},"canonical":"https:\/\/www.manaus.am.gov.br\/semsa\/principal\/concursos-e-processos-seletivos\/","og_locale":"pt_BR","og_type":"article","og_title":"Concursos e processos seletivos - SEMSA","og_url":"https:\/\/www.manaus.am.gov.br\/semsa\/principal\/concursos-e-processos-seletivos\/","og_site_name":"SEMSA","article_modified_time":"2026-03-03T13:40:24+00:00","og_image":[{"width":966,"height":520,"url":"https:\/\/www.manaus.am.gov.br\/semsa\/wp-content\/uploads\/sites\/8\/2024\/07\/thumb-default-2.png","type":"image\/png"}],"twitter_card":"summary_large_image","twitter_misc":{"Est. reading time":"8 minutos"},"schema":{"@context":"https:\/\/schema.org","@graph":[{"@type":"WebPage","@id":"https:\/\/www.manaus.am.gov.br\/semsa\/principal\/concursos-e-processos-seletivos\/","url":"https:\/\/www.manaus.am.gov.br\/semsa\/principal\/concursos-e-processos-seletivos\/","name":"Concursos e processos seletivos - SEMSA","isPartOf":{"@id":"https:\/\/www.manaus.am.gov.br\/semsa\/#website"},"datePublished":"2023-01-18T20:29:07+00:00","dateModified":"2026-03-03T13:40:24+00:00","breadcrumb":{"@id":"https:\/\/www.manaus.am.gov.br\/semsa\/principal\/concursos-e-processos-seletivos\/#breadcrumb"},"inLanguage":"pt-BR","potentialAction":[{"@type":"ReadAction","target":["https:\/\/www.manaus.am.gov.br\/semsa\/principal\/concursos-e-processos-seletivos\/"]}]},{"@type":"BreadcrumbList","@id":"https:\/\/www.manaus.am.gov.br\/semsa\/principal\/concursos-e-processos-seletivos\/#breadcrumb","itemListElement":[{"@type":"ListItem","position":1,"name":"A Semsa","item":"https:\/\/www.manaus.am.gov.br\/semsa\/principal\/"},{"@type":"ListItem","position":2,"name":"Concursos e processos seletivos"}]},{"@type":"WebSite","@id":"https:\/\/www.manaus.am.gov.br\/semsa\/#website","url":"https:\/\/www.manaus.am.gov.br\/semsa\/","name":"SEMSA","description":"Secretaria Municipal de Sa\u00fade","alternateName":"Secretaria Municipal de Sa\u00fade","potentialAction":[{"@type":"SearchAction","target":{"@type":"EntryPoint","urlTemplate":"https:\/\/www.manaus.am.gov.br\/semsa\/?s={search_term_string}"},"query-input":"required name=search_term_string"}],"inLanguage":"pt-BR"}]}},"_links":{"self":[{"href":"https:\/\/www.manaus.am.gov.br\/semsa\/wp-json\/wp\/v2\/pages\/208961"}],"collection":[{"href":"https:\/\/www.manaus.am.gov.br\/semsa\/wp-json\/wp\/v2\/pages"}],"about":[{"href":"https:\/\/www.manaus.am.gov.br\/semsa\/wp-json\/wp\/v2\/types\/page"}],"author":[{"embeddable":true,"href":"https:\/\/www.manaus.am.gov.br\/semsa\/wp-json\/wp\/v2\/users\/27"}],"replies":[{"embeddable":true,"href":"https:\/\/www.manaus.am.gov.br\/semsa\/wp-json\/wp\/v2\/comments?post=208961"}],"version-history":[{"count":183,"href":"https:\/\/www.manaus.am.gov.br\/semsa\/wp-json\/wp\/v2\/pages\/208961\/revisions"}],"predecessor-version":[{"id":227818,"href":"https:\/\/www.manaus.am.gov.br\/semsa\/wp-json\/wp\/v2\/pages\/208961\/revisions\/227818"}],"up":[{"embeddable":true,"href":"https:\/\/www.manaus.am.gov.br\/semsa\/wp-json\/wp\/v2\/pages\/211129"}],"wp:attachment":[{"href":"https:\/\/www.manaus.am.gov.br\/semsa\/wp-json\/wp\/v2\/media?parent=208961"}],"curies":[{"name":"wp","href":"https:\/\/api.w.org\/{rel}","templated":true}]}}