{"id":208613,"date":"2023-01-17T15:39:08","date_gmt":"2023-01-17T19:39:08","guid":{"rendered":"https:\/\/www.manaus.am.gov.br\/semsa\/?page_id=208613"},"modified":"2025-08-20T09:25:11","modified_gmt":"2025-08-20T13:25:11","slug":"saude-da-pessoa-com-deficiencia","status":"publish","type":"page","link":"https:\/\/www.manaus.am.gov.br\/semsa\/programas-e-servicos\/saude-da-pessoa-com-deficiencia\/","title":{"rendered":"Sa\u00fade da pessoa com defici\u00eancia"},"content":{"rendered":"\n<h2 class=\"wp-block-heading\">O que \u00e9 defici\u00eancia?<\/h2>\n\n\n\n<p>Segundo a Organiza\u00e7\u00e3o Mundial de Sa\u00fade (OMS) defici\u00eancia \u00e9 toda a perda ou anormalidade de uma estrutura ou fun\u00e7\u00e3o psicol\u00f3gica, fisiol\u00f3gica ou anat\u00f4mica.<\/p>\n\n\n\n<h2 class=\"wp-block-heading\">O que \u00e9 a rede de cuidados \u00e0 pessoa com defici\u00eancia?<\/h2>\n\n\n\n<p>A rede de Cuidados \u00e0 Pessoa com Defici\u00eancia foi institu\u00edda pela Portaria n\u00ba 793 de 24 de abril de 2012 pelo Minist\u00e9rio da Sa\u00fade, com o objetivo de ampliar o acesso e qualificar o atendimento no Sistema \u00danico de Sa\u00fade (SUS). Uma das Redes de Aten\u00e7\u00e3o \u00e0 Sa\u00fade priorit\u00e1rias no \u00e2mbito do SUS (Portaria n\u00ba 4.279 de 30 dezembro de 2012), a Rede de Cuidados \u00e0 Pessoa com Defici\u00eancia encontra-se em constru\u00e7\u00e3o e est\u00e1 pautada na organiza\u00e7\u00e3o dos servi\u00e7os de forma regionalizada e com estabelecimento de a\u00e7\u00f5es intersetoriais para garantir a integralidade do cuidado.<\/p>\n\n\n\n<h2 class=\"wp-block-heading\">Quais servi\u00e7os a Semsa oferece?<\/h2>\n\n\n\n<p><strong>Ger\u00eancia da Rede de Cuidados da Pessoa com Defici\u00eancia<\/strong><br><\/p>\n\n\n\n<p>Ofertar servi\u00e7os de reabilita\u00e7\u00e3o em fisioterapia e terapia ocupacional, bem como acesso a toda rede de aten\u00e7\u00e3o b\u00e1sica para a pessoa com defici\u00eancia. As a\u00e7\u00f5es de reabilita\u00e7\u00e3o visam ao desenvolvimento das capacidades e habilidades para promover o m\u00e1ximo de independ\u00eancia e a participa\u00e7\u00e3o social das pessoas com defici\u00eancia.<\/p>\n\n\n\n<h2 class=\"wp-block-heading\">Como acessar os servi\u00e7os?<\/h2>\n\n\n\n<p>&#8211; Procurar uma Unidade de Sa\u00fade ou Policl\u00ednica.<br>&#8211; Passar por avalia\u00e7\u00e3o m\u00e9dica.<br>&#8211; Constatada a necessidade, o m\u00e9dico fornecer\u00e1 encaminhamento para reabilita\u00e7\u00e3o f\u00edsica nas unidades de sa\u00fade que disponibilizam o servi\u00e7o.<\/p>\n\n\n\n<h2 class=\"wp-block-heading\">Onde encontrar os servi\u00e7os de reabilita\u00e7\u00e3o?<\/h2>\n\n\n\n<p><strong>Distrito Norte<\/strong><\/p>\n\n\n\n<p><strong>Policl\u00ednica Dr. Jos\u00e9 Ant\u00f4nio da Silva<\/strong><br><strong>Endere\u00e7o: <\/strong>Rua Grumixava, 55 &#8211; Monte das Oliveiras<br><strong>Hor\u00e1rio:<\/strong> 7h \u00e0s 17h<br><strong>Telefone: <\/strong>(92) 3232-9992<\/p>\n\n\n\n<p><strong>Policl\u00ednica Anna Barreto<\/strong><br><strong>Endere\u00e7o:<\/strong> Av. Autaz Mirim, 1665 &#8211; Jorge Teixeira<br><strong>Hor\u00e1rio:<\/strong> 7h \u00e0s 17h<br><strong>Telefone: <\/strong>(92) 98842-6606 \/ 98842-7297<\/p>\n\n\n\n<p><strong>USF Armando Mendes<\/strong><br><strong>Endere\u00e7o: <\/strong>Travessa Ticuna, s\/n &#8211; Manoa<br><strong>Hor\u00e1rio: <\/strong>7h \u00e0s 17h<br><strong>Telefone:<\/strong> (92) 98842-8333 \/ 98842-6262<\/p>\n\n\n\n<p><strong>USF Arthur Virg\u00edlio Filho<\/strong><br><strong>Endere\u00e7o: <\/strong>Travessa 10, 3015 &#8211; Amazonino Mendes<br><strong>Hor\u00e1rio: <\/strong>7h \u00e0s 19h<br><strong>Telefone: <\/strong>(92) 3644-9354<\/p>\n\n\n\n<p><strong>Distrito Leste<\/strong><\/p>\n\n\n\n<p><strong>Policl\u00ednica Dr. Ant\u00f4nio Comte Telles<\/strong><br><strong>Endere\u00e7o:<\/strong> Rua Barreirinha, s\/n &#8211; S\u00e3o Jos\u00e9 Oper\u00e1rio<br><strong>Hor\u00e1rio:<\/strong> 7h \u00e0s 18h<br><strong>Telefone:<\/strong> (92) 98842-8704<\/p>\n\n\n\n<p><strong>USF Gebes Medeiros<\/strong><br><strong>Endere\u00e7o:<\/strong> Av. Pirarucu, 100 &#8211; Jorge Teixeira<br><strong>Hor\u00e1rio:<\/strong> 7h \u00e0s 17h<br><strong>Telefone:<\/strong> (92) 98842-8361<\/p>\n\n\n\n<p><strong>Distrito Sul<\/strong><\/p>\n\n\n\n<p><strong>Policl\u00ednica Castelo Branco<\/strong><br><strong>Endere\u00e7o:<\/strong> Rua Papa Jo\u00e3o XXIII, s\/n &#8211; Parque 10 de Novembro<br><strong>Hor\u00e1rio: <\/strong>7h \u00e0s 17h<br><strong>Telefone:<\/strong> (92) 98842-6148 \/ 98842-8398<\/p>\n\n\n\n<p><strong>USF Dr. Ant\u00f4nio Reis<\/strong><br><strong>Endere\u00e7o: <\/strong>Rua S\u00e3o L\u00e1zaro, 45 &#8211; S\u00e3o L\u00e1zaro<br><strong>Hor\u00e1rio:<\/strong> 7h \u00e0s 19h<br><strong>Telefone:<\/strong> (92) 98842-8851 \/ 98842-6622<\/p>\n\n\n\n<p><strong>Centro Especializado em Reabilita\u00e7\u00e3o &#8211; CER II &#8211; F\u00edsica e Intelectual<\/strong><br><strong>Endere\u00e7o:<\/strong> Rua Teresina, 99 &#8211; Nossa Senhora das Gra\u00e7as<br><strong>Hor\u00e1rio:<\/strong> 7h \u00e0s 18h<br><strong>Telefone:<\/strong> (92) 98842-8729<\/p>\n\n\n\n<h2 class=\"wp-block-heading\">A Semsa disponibiliza \u00f3rteses e pr\u00f3teses?<\/h2>\n\n\n\n<p>N\u00e3o. As \u00f3rteses e pr\u00f3teses fazem parte do componente da aten\u00e7\u00e3o especializada (Rede do Governo do Estado) e s\u00e3o ofertadas por servi\u00e7os de sa\u00fade habilitados em reabilita\u00e7\u00e3o f\u00edsica com oficina ortop\u00e9dica fixa ou itinerante sendo esta a respons\u00e1vel pela dispensa\u00e7\u00e3o, confec\u00e7\u00e3o, adapta\u00e7\u00e3o e manuten\u00e7\u00e3o de \u00f3rteses, pr\u00f3teses e meios auxiliares de locomo\u00e7\u00e3o (OPM).<\/p>\n","protected":false},"excerpt":{"rendered":"","protected":false},"author":27,"featured_media":0,"parent":211520,"menu_order":0,"comment_status":"closed","ping_status":"closed","template":"templates\/turismo.php","meta":{"footnotes":""},"acf":[],"yoast_head":"<!-- This site is optimized with the Yoast SEO plugin v23.0 - https:\/\/yoast.com\/wordpress\/plugins\/seo\/ -->\n<title>Sa\u00fade da pessoa com defici\u00eancia - SEMSA<\/title>\n<meta name=\"robots\" content=\"index, follow, max-snippet:-1, max-image-preview:large, max-video-preview:-1\" \/>\n<link rel=\"canonical\" href=\"https:\/\/www.manaus.am.gov.br\/semsa\/programas-e-servicos\/saude-da-pessoa-com-deficiencia\/\" \/>\n<meta property=\"og:locale\" content=\"pt_BR\" \/>\n<meta property=\"og:type\" content=\"article\" \/>\n<meta property=\"og:title\" content=\"Sa\u00fade da pessoa com defici\u00eancia - SEMSA\" \/>\n<meta property=\"og:url\" content=\"https:\/\/www.manaus.am.gov.br\/semsa\/programas-e-servicos\/saude-da-pessoa-com-deficiencia\/\" \/>\n<meta property=\"og:site_name\" content=\"SEMSA\" \/>\n<meta property=\"article:modified_time\" content=\"2025-08-20T13:25:11+00:00\" \/>\n<meta property=\"og:image\" content=\"https:\/\/www.manaus.am.gov.br\/semsa\/wp-content\/uploads\/sites\/8\/2024\/07\/thumb-default-2.png\" \/>\n\t<meta property=\"og:image:width\" content=\"966\" \/>\n\t<meta property=\"og:image:height\" content=\"520\" \/>\n\t<meta property=\"og:image:type\" content=\"image\/png\" \/>\n<meta name=\"twitter:card\" content=\"summary_large_image\" \/>\n<meta name=\"twitter:label1\" content=\"Est. reading time\" \/>\n\t<meta name=\"twitter:data1\" content=\"3 minutos\" \/>\n<script type=\"application\/ld+json\" class=\"yoast-schema-graph\">{\"@context\":\"https:\/\/schema.org\",\"@graph\":[{\"@type\":\"WebPage\",\"@id\":\"https:\/\/www.manaus.am.gov.br\/semsa\/programas-e-servicos\/saude-da-pessoa-com-deficiencia\/\",\"url\":\"https:\/\/www.manaus.am.gov.br\/semsa\/programas-e-servicos\/saude-da-pessoa-com-deficiencia\/\",\"name\":\"Sa\u00fade da pessoa com defici\u00eancia - SEMSA\",\"isPartOf\":{\"@id\":\"https:\/\/www.manaus.am.gov.br\/semsa\/#website\"},\"datePublished\":\"2023-01-17T19:39:08+00:00\",\"dateModified\":\"2025-08-20T13:25:11+00:00\",\"breadcrumb\":{\"@id\":\"https:\/\/www.manaus.am.gov.br\/semsa\/programas-e-servicos\/saude-da-pessoa-com-deficiencia\/#breadcrumb\"},\"inLanguage\":\"pt-BR\",\"potentialAction\":[{\"@type\":\"ReadAction\",\"target\":[\"https:\/\/www.manaus.am.gov.br\/semsa\/programas-e-servicos\/saude-da-pessoa-com-deficiencia\/\"]}]},{\"@type\":\"BreadcrumbList\",\"@id\":\"https:\/\/www.manaus.am.gov.br\/semsa\/programas-e-servicos\/saude-da-pessoa-com-deficiencia\/#breadcrumb\",\"itemListElement\":[{\"@type\":\"ListItem\",\"position\":1,\"name\":\"PROGRAMAS E SERVI\u00c7OS\",\"item\":\"https:\/\/www.manaus.am.gov.br\/semsa\/programas-e-servicos\/\"},{\"@type\":\"ListItem\",\"position\":2,\"name\":\"Sa\u00fade da pessoa com defici\u00eancia\"}]},{\"@type\":\"WebSite\",\"@id\":\"https:\/\/www.manaus.am.gov.br\/semsa\/#website\",\"url\":\"https:\/\/www.manaus.am.gov.br\/semsa\/\",\"name\":\"SEMSA\",\"description\":\"Secretaria Municipal de Sa\u00fade\",\"alternateName\":\"Secretaria Municipal de Sa\u00fade\",\"potentialAction\":[{\"@type\":\"SearchAction\",\"target\":{\"@type\":\"EntryPoint\",\"urlTemplate\":\"https:\/\/www.manaus.am.gov.br\/semsa\/?s={search_term_string}\"},\"query-input\":\"required name=search_term_string\"}],\"inLanguage\":\"pt-BR\"}]}<\/script>\n<!-- \/ Yoast SEO plugin. -->","yoast_head_json":{"title":"Sa\u00fade da pessoa com defici\u00eancia - SEMSA","robots":{"index":"index","follow":"follow","max-snippet":"max-snippet:-1","max-image-preview":"max-image-preview:large","max-video-preview":"max-video-preview:-1"},"canonical":"https:\/\/www.manaus.am.gov.br\/semsa\/programas-e-servicos\/saude-da-pessoa-com-deficiencia\/","og_locale":"pt_BR","og_type":"article","og_title":"Sa\u00fade da pessoa com defici\u00eancia - SEMSA","og_url":"https:\/\/www.manaus.am.gov.br\/semsa\/programas-e-servicos\/saude-da-pessoa-com-deficiencia\/","og_site_name":"SEMSA","article_modified_time":"2025-08-20T13:25:11+00:00","og_image":[{"width":966,"height":520,"url":"https:\/\/www.manaus.am.gov.br\/semsa\/wp-content\/uploads\/sites\/8\/2024\/07\/thumb-default-2.png","type":"image\/png"}],"twitter_card":"summary_large_image","twitter_misc":{"Est. reading time":"3 minutos"},"schema":{"@context":"https:\/\/schema.org","@graph":[{"@type":"WebPage","@id":"https:\/\/www.manaus.am.gov.br\/semsa\/programas-e-servicos\/saude-da-pessoa-com-deficiencia\/","url":"https:\/\/www.manaus.am.gov.br\/semsa\/programas-e-servicos\/saude-da-pessoa-com-deficiencia\/","name":"Sa\u00fade da pessoa com defici\u00eancia - SEMSA","isPartOf":{"@id":"https:\/\/www.manaus.am.gov.br\/semsa\/#website"},"datePublished":"2023-01-17T19:39:08+00:00","dateModified":"2025-08-20T13:25:11+00:00","breadcrumb":{"@id":"https:\/\/www.manaus.am.gov.br\/semsa\/programas-e-servicos\/saude-da-pessoa-com-deficiencia\/#breadcrumb"},"inLanguage":"pt-BR","potentialAction":[{"@type":"ReadAction","target":["https:\/\/www.manaus.am.gov.br\/semsa\/programas-e-servicos\/saude-da-pessoa-com-deficiencia\/"]}]},{"@type":"BreadcrumbList","@id":"https:\/\/www.manaus.am.gov.br\/semsa\/programas-e-servicos\/saude-da-pessoa-com-deficiencia\/#breadcrumb","itemListElement":[{"@type":"ListItem","position":1,"name":"PROGRAMAS E SERVI\u00c7OS","item":"https:\/\/www.manaus.am.gov.br\/semsa\/programas-e-servicos\/"},{"@type":"ListItem","position":2,"name":"Sa\u00fade da pessoa com defici\u00eancia"}]},{"@type":"WebSite","@id":"https:\/\/www.manaus.am.gov.br\/semsa\/#website","url":"https:\/\/www.manaus.am.gov.br\/semsa\/","name":"SEMSA","description":"Secretaria Municipal de Sa\u00fade","alternateName":"Secretaria Municipal de Sa\u00fade","potentialAction":[{"@type":"SearchAction","target":{"@type":"EntryPoint","urlTemplate":"https:\/\/www.manaus.am.gov.br\/semsa\/?s={search_term_string}"},"query-input":"required name=search_term_string"}],"inLanguage":"pt-BR"}]}},"_links":{"self":[{"href":"https:\/\/www.manaus.am.gov.br\/semsa\/wp-json\/wp\/v2\/pages\/208613"}],"collection":[{"href":"https:\/\/www.manaus.am.gov.br\/semsa\/wp-json\/wp\/v2\/pages"}],"about":[{"href":"https:\/\/www.manaus.am.gov.br\/semsa\/wp-json\/wp\/v2\/types\/page"}],"author":[{"embeddable":true,"href":"https:\/\/www.manaus.am.gov.br\/semsa\/wp-json\/wp\/v2\/users\/27"}],"replies":[{"embeddable":true,"href":"https:\/\/www.manaus.am.gov.br\/semsa\/wp-json\/wp\/v2\/comments?post=208613"}],"version-history":[{"count":11,"href":"https:\/\/www.manaus.am.gov.br\/semsa\/wp-json\/wp\/v2\/pages\/208613\/revisions"}],"predecessor-version":[{"id":224953,"href":"https:\/\/www.manaus.am.gov.br\/semsa\/wp-json\/wp\/v2\/pages\/208613\/revisions\/224953"}],"up":[{"embeddable":true,"href":"https:\/\/www.manaus.am.gov.br\/semsa\/wp-json\/wp\/v2\/pages\/211520"}],"wp:attachment":[{"href":"https:\/\/www.manaus.am.gov.br\/semsa\/wp-json\/wp\/v2\/media?parent=208613"}],"curies":[{"name":"wp","href":"https:\/\/api.w.org\/{rel}","templated":true}]}}