{"id":208556,"date":"2023-01-17T11:34:45","date_gmt":"2023-01-17T15:34:45","guid":{"rendered":"https:\/\/www.manaus.am.gov.br\/semsa\/?page_id=208556"},"modified":"2026-01-28T15:07:13","modified_gmt":"2026-01-28T19:07:13","slug":"servicos-e-orientacoes-ao-usuario","status":"publish","type":"page","link":"https:\/\/www.manaus.am.gov.br\/semsa\/vigilancia\/vigilancia-sanitaria\/servicos-e-orientacoes-ao-usuario\/","title":{"rendered":"Servi\u00e7os e Orienta\u00e7\u00f5es ao Usu\u00e1rio"},"content":{"rendered":"\n<h2 class=\"wp-block-heading\">Licen\u00e7a Sanit\u00e1ria<\/h2>\n\n\n\n<h3 class=\"wp-block-heading\">Solicita\u00e7\u00e3o de Licen\u00e7a Sanit\u00e1ria<\/h3>\n\n\n\n<p>A Licen\u00e7a Sanit\u00e1ria \u00e9 obrigat\u00f3ria para qualquer estabelecimento que realize atividade econ\u00f4mica de interesse \u00e0 sa\u00fade. Em Manaus, a Licen\u00e7a \u00e9 requerida e emitida exclusivamente por meio eletr\u00f4nico, a partir do Sistema Integrado de Licenciamento Municipal (Slim).<\/p>\n\n\n\n<p><a class=\"custom-link\" href=\"https:\/\/www.manaus.am.gov.br\/semsa\/vigilancia-sanitaria\/passo-a-passo-para-solicitar-a-licenca-sanitaria\/\">Passo a passo para solicitar a Licen\u00e7a Sanit\u00e1ria<\/a><\/p>\n\n\n\n<p><\/p>\n\n\n\n<p><strong>Assista o v\u00eddeo<\/strong><\/p>\n\n\n\n<p><a href=\"https:\/\/www.manaus.am.gov.br\/semsa\/wp-content\/uploads\/sites\/8\/2023\/01\/VID-20200207-WA0047.mp4\" target=\"_blank\" rel=\"noreferrer noopener\">Nova Classifica\u00e7\u00e3o de Risco para atividades sujeitas \u00e0 Vigil\u00e2ncia Sanit\u00e1ria<\/a><\/p>\n\n\n\n<p><\/p>\n\n\n\n<h3 class=\"wp-block-heading\"><strong>Solicita\u00e7\u00e3o de 2\u00aa via da Licen\u00e7a Sanit\u00e1ria<\/strong><\/h3>\n\n\n\n<p>A solicita\u00e7\u00e3o deve ser feita apensas nos casos de extravio, roubo ou furto da Licen\u00e7a Sanit\u00e1ria que estiver no prazo de validade.<\/p>\n\n\n\n<p><\/p>\n\n\n\n<h3 class=\"wp-block-heading\"><strong>Renova\u00e7\u00e3o da Licen\u00e7a Sanit\u00e1ria<\/strong><\/h3>\n\n\n\n<p>Deve ser solicitada anualmente pelas empresas j\u00e1 licenciadas que desenvolvem atividades econ\u00f4micas pass\u00edveis de licenciamento sanit\u00e1rio.<\/p>\n\n\n\n<p><\/p>\n\n\n\n<h3 class=\"wp-block-heading\"><strong>Altera\u00e7\u00e3o de dados da Licen\u00e7a Sanit\u00e1ria<\/strong><\/h3>\n\n\n\n<p>A altera\u00e7\u00e3o deve ser solicitada pela empresa que possui Licen\u00e7a Sanit\u00e1ria v\u00e1lida, no caso de mudan\u00e7a na Classifica\u00e7\u00e3o Nacional de Atividade Econ\u00f4mica (CNAE), raz\u00e3o social, nome fantasia, suspens\u00e3o ou cancelamento da licen\u00e7a sanit\u00e1ria e outras.<\/p>\n\n\n\n<p><\/p>\n\n\n\n<h3 class=\"wp-block-heading\"><strong>Inclus\u00e3o de Atividades CNAE<\/strong><\/h3>\n\n\n\n<p>Empresas que possuem licen\u00e7a sanit\u00e1ria v\u00e1lida devem solicitar a inclus\u00e3o de atividades CNAE, quando forem iniciar nova atividade pass\u00edvel de licenciamento sanit\u00e1rio.<\/p>\n\n\n\n<h3 class=\"wp-block-heading\"><strong>Autoriza\u00e7\u00e3o para Eventos de Massa<\/strong><\/h3>\n\n\n\n<p>A Autoriza\u00e7\u00e3o para Eventos de Massa deve ser requerida para a realiza\u00e7\u00e3o de eventos sociais, esportivos e culturais que re\u00fanam um grande n\u00famero de pessoas (exemplos: bandas e blocos de carnaval, festas juninas, festivais e outros).<\/p>\n\n\n\n<p>Acesse&nbsp;aqui&nbsp;o&nbsp;<a href=\"https:\/\/www.manaus.am.gov.br\/semsa\/wp-content\/uploads\/sites\/8\/2026\/01\/Passo-a-passo-para-protocolar-documento-para-a-realizacao-de-evento-de-massa.pdf\">Passo a passo para protocolar documento para a realiza\u00e7\u00e3o de evento de massa<\/a>.<\/p>\n\n\n\n<p><\/p>\n\n\n\n<p>Acesse&nbsp;aqui&nbsp;o&nbsp;<a href=\"https:\/\/www.manaus.am.gov.br\/semsa\/wp-content\/uploads\/sites\/8\/2026\/01\/Termo-de-Responsabilidade-Evento-de-Massa.pdf\">Termo de Responsabilidade<\/a>.<\/p>\n\n\n\n<p><\/p>\n\n\n\n<p>Acesse\u00a0aqui\u00a0a\u00a0<a href=\"https:\/\/www.manaus.am.gov.br\/semsa\/wp-content\/uploads\/sites\/8\/2026\/01\/Portaria-Conjunta-no-001.2025_GS-SSP.pdf\">Portaria Conjunta N\u00ba 001\/2025-GS\/SSP<\/a>, que regula as autoriza\u00e7\u00f5es para a realiza\u00e7\u00e3o dos eventos carnavalescos em vias e locais p\u00fablicos do Munic\u00edpio de Manaus.<\/p>\n\n\n\n<p><\/p>\n\n\n\n<h3 class=\"wp-block-heading\"><strong>Capacita\u00e7\u00e3o para eventos de massa<\/strong><\/h3>\n\n\n\n<p>A Visa Manaus disponibiliza capacita\u00e7\u00e3o para os ambulantes que prestam servi\u00e7o nos eventos de massa na \u00e1rea de alimentos. O pedido de capacita\u00e7\u00e3o pode ser solicitado atrav\u00e9s do documento de requerimento de realiza\u00e7\u00e3o do evento ou pelo email visamanaus.produtos@gmail.com, com no m\u00ednimo 15 dias de anteced\u00eancia.<\/p>\n\n\n\n<p>\u00c9 importante informar o n\u00famero de participantes e encaminhar uma lista com os nomes dos interessados, especificando que tipo de produtos ser\u00e1 comercializado.<\/p>\n\n\n\n<h3 class=\"wp-block-heading\"><strong>Documentos<\/strong><\/h3>\n\n\n\n<p>Consulte <a href=\"https:\/\/visamanausatende.manaus.am.gov.br\/empresa\/documentos-de-visa\/\" target=\"_blank\" rel=\"noreferrer noopener\">aqui<\/a> informa\u00e7\u00f5es sobre requerimento de Encerramento de Firma; Relat\u00f3rio Conclusivo para AFE (Autoriza\u00e7\u00e3o de Funcionamento da Empresa); Baixa de Responsabilidade T\u00e9cnica; C\u00f3pia Integral ou Parcial do Processo; Declara\u00e7\u00e3o de Tr\u00e2mite de Processos; Certid\u00e3o para Escrit\u00f3rios; Emiss\u00e3o do Documento de Arrecada\u00e7\u00e3o Municipal (DAM) referente ao Auto de Multa; An\u00e1lise de Defesa de Auto de Infra\u00e7\u00e3o; An\u00e1lise de Defesa de Auto de Multa; An\u00e1lise de Defesa de Auto de Apreens\u00e3o; Emiss\u00e3o de Auto de Multa; Servi\u00e7os Farmac\u00eauticos; Emiss\u00e3o de Numera\u00e7\u00e3o de Medicamentos Controlados.<\/p>\n\n\n\n<p><\/p>\n\n\n\n<h3 class=\"wp-block-heading\"><strong>Consulta de processos<\/strong><\/h3>\n\n\n\n<p>Processos protocolados eletronicamente junto \u00e0 VISA Manaus podem ser acompanhados pelo usu\u00e1rio por meio do Sistema Informatizado de Gerenciamento de Arquivos (Siged) <\/p>\n\n\n\n<p><\/p>\n\n\n\n<h3 class=\"wp-block-heading\"><strong>Taxa de Servi\u00e7os Administrativos (TSA)<\/strong><\/h3>\n\n\n\n<p>A cobran\u00e7a de Taxa de Servi\u00e7os Administrativos (TSA), prevista na Lei Complementar 010, de 27 de dezembro de 2018, come\u00e7ou a vigorar no dia 28 de mar\u00e7o de 2019. Confira AQUI os valores referentes a an\u00e1lise de projetos arquitet\u00f4nicos e de instala\u00e7\u00f5es, vistoria em edifica\u00e7\u00f5es, autoriza\u00e7\u00e3o de eventos, documentos diversos e outros servi\u00e7os prestados pela Vigil\u00e2ncia Sanit\u00e1ria.<\/p>\n\n\n\n<p><\/p>\n\n\n\n<ul>\n<li><a href=\"https:\/\/www.manaus.am.gov.br\/semsa\/wp-content\/uploads\/sites\/8\/2023\/01\/Informacoes-ao-Cidadao-Entrega-de-Balancos-Mapas-e-Relacoes-\u2013-Controle-Especial-1.pdf\" target=\"_blank\" rel=\"noreferrer noopener\">Entrega de Balan\u00e7os e Mapas de Medicamentos \u2013 Controle Especial (Portaria 344.98)<\/a><\/li>\n\n\n\n<li><a href=\"https:\/\/www.manaus.am.gov.br\/semsa\/wp-content\/uploads\/sites\/8\/2023\/01\/Formulario-Entrega-de-Balancos-Mapas-e-Relacoes-\u2013-Controle-Especial-1.docx\" target=\"_blank\" rel=\"noreferrer noopener\">Formul\u00e1rio &#8211; Entrega de Balan\u00e7os, Mapas e Rela\u00e7\u00f5es &#8211; Controle Especial<\/a><\/li>\n\n\n\n<li><a href=\"https:\/\/www.manaus.am.gov.br\/semsa\/wp-content\/uploads\/sites\/8\/2023\/01\/Informacoes-ao-Cidadao-Requisitos-para-o-Ambiente-de-Servicos-Farmaceuticos-1.pdf\" target=\"_blank\" rel=\"noreferrer noopener\">Requisitos para o Ambiente de Servi\u00e7os Farmac\u00eauticos<\/a><\/li>\n\n\n\n<li><a href=\"https:\/\/www.manaus.am.gov.br\/semsa\/solicitacao-de-abertura-ou-encerramento-de-livro-manual\/\" target=\"_blank\" rel=\"noreferrer noopener\">Solicita\u00e7\u00e3o de Abertura ou Encerramento de Livro Manual<\/a><\/li>\n\n\n\n<li><a href=\"https:\/\/www.manaus.am.gov.br\/semsa\/solicitacao-de-autorizacao-para-incineracao-controle-especial\/\" target=\"_blank\" rel=\"noreferrer noopener\">Solicita\u00e7\u00e3o de Autoriza\u00e7\u00e3o para Incinera\u00e7\u00e3o \u2013 Controle Especial<\/a><\/li>\n\n\n\n<li><a href=\"https:\/\/www.manaus.am.gov.br\/semsa\/solicitacao-de-autorizacao-para-uso-de-livro-informatizado-para-escrituracao\/\" target=\"_blank\" rel=\"noreferrer noopener\">Solicita\u00e7\u00e3o de Autoriza\u00e7\u00e3o para uso de Livro Informatizado para Escritura\u00e7\u00e3o<\/a><\/li>\n\n\n\n<li><a href=\"https:\/\/www.manaus.am.gov.br\/semsa\/wp-content\/uploads\/sites\/8\/2023\/01\/Informacoes-ao-Cidadao-Solicitacao-de-Emissao-de-Laudo-de-Vistoria-Veicular-3-1.pdf\" target=\"_blank\" rel=\"noreferrer noopener\">Solicita\u00e7\u00e3o de Emiss\u00e3o de Laudo de Vistoria Veicular<\/a><\/li>\n\n\n\n<li><a href=\"https:\/\/www.manaus.am.gov.br\/semsa\/solicitacao-de-notificacao-de-receita-nr-de-medicamentos-controlados\/\" target=\"_blank\" rel=\"noreferrer noopener\">Solicita\u00e7\u00e3o de Notifica\u00e7\u00e3o de Receita (NR) de Medicamentos Controlados<\/a><\/li>\n\n\n\n<li><a href=\"https:\/\/www.manaus.am.gov.br\/semsa\/solicitacao-de-realizacao-de-teste-para-covid-19-em-farmacias-e-drogarias\/\" target=\"_blank\" rel=\"noreferrer noopener\">Solicita\u00e7\u00e3o de Realiza\u00e7\u00e3o de Teste para Covid-19 em Farm\u00e1cias e Drogarias<\/a><\/li>\n\n\n\n<li><a href=\"https:\/\/www.manaus.am.gov.br\/semsa\/solicitacao-para-vacinacao-extramuros-e-domiciliar\/\" target=\"_blank\" rel=\"noreferrer noopener\">Solicita\u00e7\u00e3o para Vacina\u00e7\u00e3o Extramuros e Domiciliar<\/a><\/li>\n\n\n\n<li><a href=\"https:\/\/www.manaus.am.gov.br\/semsa\/cadastro-para-comercializacao-e-dispensacao-de-retinoides-sistemicos\/\" target=\"_blank\" rel=\"noreferrer noopener\">Cadastro para Comercializa\u00e7\u00e3o e Dispensa\u00e7\u00e3o de Retin\u00f3ides Sist\u00eamicos<\/a><\/li>\n<\/ul>\n\n\n\n<p><\/p>\n","protected":false},"excerpt":{"rendered":"","protected":false},"author":27,"featured_media":0,"parent":208517,"menu_order":6,"comment_status":"closed","ping_status":"closed","template":"templates\/vigilancias.php","meta":{"footnotes":""},"acf":[],"yoast_head":"<!-- This site is optimized with the Yoast SEO plugin v23.0 - https:\/\/yoast.com\/wordpress\/plugins\/seo\/ -->\n<title>Servi\u00e7os e Orienta\u00e7\u00f5es ao Usu\u00e1rio - SEMSA<\/title>\n<meta name=\"robots\" content=\"index, follow, max-snippet:-1, max-image-preview:large, max-video-preview:-1\" \/>\n<link rel=\"canonical\" href=\"https:\/\/www.manaus.am.gov.br\/semsa\/vigilancia\/vigilancia-sanitaria\/servicos-e-orientacoes-ao-usuario\/\" \/>\n<meta property=\"og:locale\" content=\"pt_BR\" \/>\n<meta property=\"og:type\" content=\"article\" \/>\n<meta property=\"og:title\" content=\"Servi\u00e7os e Orienta\u00e7\u00f5es ao Usu\u00e1rio - SEMSA\" \/>\n<meta property=\"og:url\" content=\"https:\/\/www.manaus.am.gov.br\/semsa\/vigilancia\/vigilancia-sanitaria\/servicos-e-orientacoes-ao-usuario\/\" \/>\n<meta property=\"og:site_name\" content=\"SEMSA\" \/>\n<meta property=\"article:modified_time\" content=\"2026-01-28T19:07:13+00:00\" \/>\n<meta property=\"og:image\" content=\"https:\/\/www.manaus.am.gov.br\/semsa\/wp-content\/uploads\/sites\/8\/2024\/07\/thumb-default-2.png\" \/>\n\t<meta property=\"og:image:width\" content=\"966\" \/>\n\t<meta property=\"og:image:height\" content=\"520\" \/>\n\t<meta property=\"og:image:type\" content=\"image\/png\" \/>\n<meta name=\"twitter:card\" content=\"summary_large_image\" \/>\n<meta name=\"twitter:label1\" content=\"Est. reading time\" \/>\n\t<meta name=\"twitter:data1\" content=\"4 minutos\" \/>\n<script type=\"application\/ld+json\" class=\"yoast-schema-graph\">{\"@context\":\"https:\/\/schema.org\",\"@graph\":[{\"@type\":\"WebPage\",\"@id\":\"https:\/\/www.manaus.am.gov.br\/semsa\/vigilancia\/vigilancia-sanitaria\/servicos-e-orientacoes-ao-usuario\/\",\"url\":\"https:\/\/www.manaus.am.gov.br\/semsa\/vigilancia\/vigilancia-sanitaria\/servicos-e-orientacoes-ao-usuario\/\",\"name\":\"Servi\u00e7os e Orienta\u00e7\u00f5es ao Usu\u00e1rio - SEMSA\",\"isPartOf\":{\"@id\":\"https:\/\/www.manaus.am.gov.br\/semsa\/#website\"},\"datePublished\":\"2023-01-17T15:34:45+00:00\",\"dateModified\":\"2026-01-28T19:07:13+00:00\",\"breadcrumb\":{\"@id\":\"https:\/\/www.manaus.am.gov.br\/semsa\/vigilancia\/vigilancia-sanitaria\/servicos-e-orientacoes-ao-usuario\/#breadcrumb\"},\"inLanguage\":\"pt-BR\",\"potentialAction\":[{\"@type\":\"ReadAction\",\"target\":[\"https:\/\/www.manaus.am.gov.br\/semsa\/vigilancia\/vigilancia-sanitaria\/servicos-e-orientacoes-ao-usuario\/\"]}]},{\"@type\":\"BreadcrumbList\",\"@id\":\"https:\/\/www.manaus.am.gov.br\/semsa\/vigilancia\/vigilancia-sanitaria\/servicos-e-orientacoes-ao-usuario\/#breadcrumb\",\"itemListElement\":[{\"@type\":\"ListItem\",\"position\":1,\"name\":\"Vigil\u00e2ncia\",\"item\":\"https:\/\/www.manaus.am.gov.br\/semsa\/vigilancia\/\"},{\"@type\":\"ListItem\",\"position\":2,\"name\":\"Sanit\u00e1ria\",\"item\":\"https:\/\/www.manaus.am.gov.br\/semsa\/vigilancia\/vigilancia-sanitaria\/\"},{\"@type\":\"ListItem\",\"position\":3,\"name\":\"Servi\u00e7os e Orienta\u00e7\u00f5es ao Usu\u00e1rio\"}]},{\"@type\":\"WebSite\",\"@id\":\"https:\/\/www.manaus.am.gov.br\/semsa\/#website\",\"url\":\"https:\/\/www.manaus.am.gov.br\/semsa\/\",\"name\":\"SEMSA\",\"description\":\"Secretaria Municipal de Sa\u00fade\",\"alternateName\":\"Secretaria Municipal de Sa\u00fade\",\"potentialAction\":[{\"@type\":\"SearchAction\",\"target\":{\"@type\":\"EntryPoint\",\"urlTemplate\":\"https:\/\/www.manaus.am.gov.br\/semsa\/?s={search_term_string}\"},\"query-input\":\"required name=search_term_string\"}],\"inLanguage\":\"pt-BR\"}]}<\/script>\n<!-- \/ Yoast SEO plugin. -->","yoast_head_json":{"title":"Servi\u00e7os e Orienta\u00e7\u00f5es ao Usu\u00e1rio - SEMSA","robots":{"index":"index","follow":"follow","max-snippet":"max-snippet:-1","max-image-preview":"max-image-preview:large","max-video-preview":"max-video-preview:-1"},"canonical":"https:\/\/www.manaus.am.gov.br\/semsa\/vigilancia\/vigilancia-sanitaria\/servicos-e-orientacoes-ao-usuario\/","og_locale":"pt_BR","og_type":"article","og_title":"Servi\u00e7os e Orienta\u00e7\u00f5es ao Usu\u00e1rio - SEMSA","og_url":"https:\/\/www.manaus.am.gov.br\/semsa\/vigilancia\/vigilancia-sanitaria\/servicos-e-orientacoes-ao-usuario\/","og_site_name":"SEMSA","article_modified_time":"2026-01-28T19:07:13+00:00","og_image":[{"width":966,"height":520,"url":"https:\/\/www.manaus.am.gov.br\/semsa\/wp-content\/uploads\/sites\/8\/2024\/07\/thumb-default-2.png","type":"image\/png"}],"twitter_card":"summary_large_image","twitter_misc":{"Est. reading time":"4 minutos"},"schema":{"@context":"https:\/\/schema.org","@graph":[{"@type":"WebPage","@id":"https:\/\/www.manaus.am.gov.br\/semsa\/vigilancia\/vigilancia-sanitaria\/servicos-e-orientacoes-ao-usuario\/","url":"https:\/\/www.manaus.am.gov.br\/semsa\/vigilancia\/vigilancia-sanitaria\/servicos-e-orientacoes-ao-usuario\/","name":"Servi\u00e7os e Orienta\u00e7\u00f5es ao Usu\u00e1rio - SEMSA","isPartOf":{"@id":"https:\/\/www.manaus.am.gov.br\/semsa\/#website"},"datePublished":"2023-01-17T15:34:45+00:00","dateModified":"2026-01-28T19:07:13+00:00","breadcrumb":{"@id":"https:\/\/www.manaus.am.gov.br\/semsa\/vigilancia\/vigilancia-sanitaria\/servicos-e-orientacoes-ao-usuario\/#breadcrumb"},"inLanguage":"pt-BR","potentialAction":[{"@type":"ReadAction","target":["https:\/\/www.manaus.am.gov.br\/semsa\/vigilancia\/vigilancia-sanitaria\/servicos-e-orientacoes-ao-usuario\/"]}]},{"@type":"BreadcrumbList","@id":"https:\/\/www.manaus.am.gov.br\/semsa\/vigilancia\/vigilancia-sanitaria\/servicos-e-orientacoes-ao-usuario\/#breadcrumb","itemListElement":[{"@type":"ListItem","position":1,"name":"Vigil\u00e2ncia","item":"https:\/\/www.manaus.am.gov.br\/semsa\/vigilancia\/"},{"@type":"ListItem","position":2,"name":"Sanit\u00e1ria","item":"https:\/\/www.manaus.am.gov.br\/semsa\/vigilancia\/vigilancia-sanitaria\/"},{"@type":"ListItem","position":3,"name":"Servi\u00e7os e Orienta\u00e7\u00f5es ao Usu\u00e1rio"}]},{"@type":"WebSite","@id":"https:\/\/www.manaus.am.gov.br\/semsa\/#website","url":"https:\/\/www.manaus.am.gov.br\/semsa\/","name":"SEMSA","description":"Secretaria Municipal de Sa\u00fade","alternateName":"Secretaria Municipal de Sa\u00fade","potentialAction":[{"@type":"SearchAction","target":{"@type":"EntryPoint","urlTemplate":"https:\/\/www.manaus.am.gov.br\/semsa\/?s={search_term_string}"},"query-input":"required name=search_term_string"}],"inLanguage":"pt-BR"}]}},"_links":{"self":[{"href":"https:\/\/www.manaus.am.gov.br\/semsa\/wp-json\/wp\/v2\/pages\/208556"}],"collection":[{"href":"https:\/\/www.manaus.am.gov.br\/semsa\/wp-json\/wp\/v2\/pages"}],"about":[{"href":"https:\/\/www.manaus.am.gov.br\/semsa\/wp-json\/wp\/v2\/types\/page"}],"author":[{"embeddable":true,"href":"https:\/\/www.manaus.am.gov.br\/semsa\/wp-json\/wp\/v2\/users\/27"}],"replies":[{"embeddable":true,"href":"https:\/\/www.manaus.am.gov.br\/semsa\/wp-json\/wp\/v2\/comments?post=208556"}],"version-history":[{"count":26,"href":"https:\/\/www.manaus.am.gov.br\/semsa\/wp-json\/wp\/v2\/pages\/208556\/revisions"}],"predecessor-version":[{"id":227372,"href":"https:\/\/www.manaus.am.gov.br\/semsa\/wp-json\/wp\/v2\/pages\/208556\/revisions\/227372"}],"up":[{"embeddable":true,"href":"https:\/\/www.manaus.am.gov.br\/semsa\/wp-json\/wp\/v2\/pages\/208517"}],"wp:attachment":[{"href":"https:\/\/www.manaus.am.gov.br\/semsa\/wp-json\/wp\/v2\/media?parent=208556"}],"curies":[{"name":"wp","href":"https:\/\/api.w.org\/{rel}","templated":true}]}}