{"id":208547,"date":"2023-01-17T11:25:00","date_gmt":"2023-01-17T15:25:00","guid":{"rendered":"https:\/\/www.manaus.am.gov.br\/semsa\/?page_id=208547"},"modified":"2026-04-28T12:02:54","modified_gmt":"2026-04-28T16:02:54","slug":"gevser","status":"publish","type":"page","link":"https:\/\/www.manaus.am.gov.br\/semsa\/vigilancia\/vigilancia-sanitaria\/gevser\/","title":{"rendered":"Ger\u00eancia de Vigil\u00e2ncia de Servi\u00e7os (Gevser)"},"content":{"rendered":"\n<p>A Ger\u00eancia de Vigil\u00e2ncia de Servi\u00e7os (GVSER) \u00e9 respons\u00e1vel por gerenciar, executar e incentivar a\u00e7\u00f5es de vigil\u00e2ncia, controle e monitoramento de risco nos servi\u00e7os de sa\u00fade e de interesse \u00e0 sa\u00fade.<\/p>\n\n\n\n<h3 class=\"wp-block-heading\">Servi\u00e7os de Sa\u00fade<\/h3>\n\n\n\n<p>S\u00e3o os servi\u00e7os prestados por Estabelecimentos Assistenciais de Sa\u00fade (EAS) e suas estruturas de apoio, destinados a promover, proteger e recuperar a sa\u00fade do indiv\u00edduo, realizando diagn\u00f3stico e\/ou tratamento, al\u00e9m de atividades de preven\u00e7\u00e3o a sa\u00fade. Englobam:<\/p>\n\n\n\n<h3 class=\"wp-block-heading\">Consult\u00f3rios e ambulat\u00f3rios<\/h3>\n\n\n\n<ul>\n<li>Cl\u00ednicas especializadas<\/li>\n\n\n\n<li>Hospitais<\/li>\n\n\n\n<li>Salas de vacina\u00e7\u00e3o,<\/li>\n\n\n\n<li>Servi\u00e7os de Hemoterapia, bancos de sangue,<\/li>\n\n\n\n<li>Servi\u00e7os de diagn\u00f3sticos por imagem<\/li>\n\n\n\n<li>Servi\u00e7os de Medicina Nuclear<\/li>\n\n\n\n<li>Servi\u00e7os de endoscopia<\/li>\n\n\n\n<li>Servi\u00e7os de hemodi\u00e1lise<\/li>\n\n\n\n<li>Laborat\u00f3rios cl\u00ednicos, anal\u00edticos e de patologia<\/li>\n\n\n\n<li>Banco de C\u00e9lulas e Tecidos Germinativos<\/li>\n\n\n\n<li>Banco de c\u00e9lulas e tecidos humanos (banco de olhos, leite, etc)<\/li>\n\n\n\n<li>Lavanderias hospitalares<\/li>\n\n\n\n<li>Outros<\/li>\n<\/ul>\n\n\n\n<p>Considerando o extenso escopo e diversidade dos Servi\u00e7os de Sa\u00fade, a GVSER disp\u00f5e de uma Unidade de Vigil\u00e2ncia de Servi\u00e7os Hospitalares (VHOSP), com equipe dedicada exclusivamente \u00e0 atua\u00e7\u00e3o nestes servi\u00e7os de maior complexidade em sa\u00fade. Para contactar a equipe e obter esclarecimentos sobre a vigil\u00e2ncia sanit\u00e1ria de hospitais, encaminhe e-mail para <a href=\"mailto:visamanaus.hosp@gmail.com\">visamanaus.hosp@gmail.com<\/a>. Acesse tamb\u00e9m os formul\u00e1rios de autoavalia\u00e7\u00e3o que podem ser utilizados pela institui\u00e7\u00e3o hospitalar.<\/p>\n\n\n\n<p><\/p>\n\n\n\n<p><a href=\"https:\/\/www.manaus.am.gov.br\/semsa\/formularios\/\" target=\"_blank\" rel=\"noreferrer noopener\">Acesse aqui os formul\u00e1rios<\/a><\/p>\n\n\n\n<p><\/p>\n\n\n\n<h3 class=\"wp-block-heading\">Servi\u00e7os de Interesse \u00e0 Sa\u00fade<\/h3>\n\n\n\n<p>S\u00e3o os servi\u00e7os relacionados a estabelecimentos que, direta ou indiretamente, podem gerar benef\u00edcios ou provocar danos \u00e0 sa\u00fade pela natureza da atividade realizada. Englobam estabelecimentos destinados a popula\u00e7\u00f5es vulner\u00e1veis, estabelecimentos de interesse predominantemente da sa\u00fade ambiental e outros tipos de estabelecimento:<\/p>\n\n\n\n<ul>\n<li>Institui\u00e7\u00f5es de longa perman\u00eancia para idosos \u2013 ILPI<\/li>\n\n\n\n<li>Comunidades Terap\u00eauticas<\/li>\n\n\n\n<li>Unidades Prisionais<\/li>\n\n\n\n<li>Atividades veterin\u00e1rias<\/li>\n\n\n\n<li>Atividades funer\u00e1rias<\/li>\n\n\n\n<li>Lavanderias industriais e comerciais<\/li>\n\n\n\n<li>Servi\u00e7os de embelezamento (sal\u00f5es de beleza, est\u00fadios de tatuagem..)<\/li>\n<\/ul>\n\n\n\n<h3 class=\"wp-block-heading\">Material Informativo<\/h3>\n\n\n\n<ul>\n<li>Roteiros Objetivos de Inspe\u00e7\u00e3o<\/li>\n\n\n\n<li>Formul\u00e1rios de autoavalia\u00e7\u00e3o<\/li>\n\n\n\n<li>Documentos necess\u00e1rios para o licenciamento de hospitais<\/li>\n\n\n\n<li>Vacina\u00e7\u00e3o extra muro<\/li>\n\n\n\n<li>Vistoria veicular para carros f\u00fanebres<\/li>\n\n\n\n<li>Bibliografia e Legisla\u00e7\u00f5es Sanit\u00e1rias para Servi\u00e7os de Odontologia<\/li>\n\n\n\n<li>Manual Beleza com Sa\u00fade<\/li>\n\n\n\n<li>Resist\u00eancia Microbiana aos Antibi\u00f3ticos<\/li>\n\n\n\n<li>Processamento dos artigos em servi\u00e7os de sa\u00fade<\/li>\n\n\n\n<li>Controle de Infec\u00e7\u00e3o e Seguran\u00e7a do Paciente<\/li>\n\n\n\n<li>Perguntas e Respostas<\/li>\n<\/ul>\n\n\n\n<p><\/p>\n\n\n\n<p>Contato: visamanaus.servi\u00e7os@gmail.com<\/p>\n\n\n\n<p>Telefone: 92 98842-8726<\/p>\n\n\n\n<p>Atendimento telef\u00f4nico das 10h \u00e0s 12h, de segunda a sexta-feira<\/p>\n\n\n\n<div class=\"wp-block-group is-layout-constrained wp-block-group-is-layout-constrained\"><div class=\"wp-block-group__inner-container\">\n<div class=\"wp-block-group is-vertical is-layout-flex wp-container-core-group-layout-1 wp-block-group-is-layout-flex\">\n<p class=\"has-text-align-left\"><\/p>\n<\/div>\n<\/div><\/div>\n","protected":false},"excerpt":{"rendered":"","protected":false},"author":27,"featured_media":0,"parent":208517,"menu_order":2,"comment_status":"closed","ping_status":"closed","template":"templates\/vigilancias.php","meta":{"footnotes":""},"acf":[],"yoast_head":"<!-- This site is optimized with the Yoast SEO plugin v23.0 - https:\/\/yoast.com\/wordpress\/plugins\/seo\/ -->\n<title>Ger\u00eancia de Vigil\u00e2ncia de Servi\u00e7os (Gevser) - SEMSA<\/title>\n<meta name=\"robots\" content=\"index, follow, max-snippet:-1, max-image-preview:large, max-video-preview:-1\" \/>\n<link rel=\"canonical\" href=\"https:\/\/www.manaus.am.gov.br\/semsa\/vigilancia\/vigilancia-sanitaria\/gevser\/\" \/>\n<meta property=\"og:locale\" content=\"pt_BR\" \/>\n<meta property=\"og:type\" content=\"article\" \/>\n<meta property=\"og:title\" content=\"Ger\u00eancia de Vigil\u00e2ncia de Servi\u00e7os (Gevser) - SEMSA\" \/>\n<meta property=\"og:url\" content=\"https:\/\/www.manaus.am.gov.br\/semsa\/vigilancia\/vigilancia-sanitaria\/gevser\/\" \/>\n<meta property=\"og:site_name\" content=\"SEMSA\" \/>\n<meta property=\"article:modified_time\" content=\"2026-04-28T16:02:54+00:00\" \/>\n<meta property=\"og:image\" content=\"https:\/\/www.manaus.am.gov.br\/semsa\/wp-content\/uploads\/sites\/8\/2024\/07\/thumb-default-2.png\" \/>\n\t<meta property=\"og:image:width\" content=\"966\" \/>\n\t<meta property=\"og:image:height\" content=\"520\" \/>\n\t<meta property=\"og:image:type\" content=\"image\/png\" \/>\n<meta name=\"twitter:card\" content=\"summary_large_image\" \/>\n<meta name=\"twitter:label1\" content=\"Est. reading time\" \/>\n\t<meta name=\"twitter:data1\" content=\"2 minutos\" \/>\n<script type=\"application\/ld+json\" class=\"yoast-schema-graph\">{\"@context\":\"https:\/\/schema.org\",\"@graph\":[{\"@type\":\"WebPage\",\"@id\":\"https:\/\/www.manaus.am.gov.br\/semsa\/vigilancia\/vigilancia-sanitaria\/gevser\/\",\"url\":\"https:\/\/www.manaus.am.gov.br\/semsa\/vigilancia\/vigilancia-sanitaria\/gevser\/\",\"name\":\"Ger\u00eancia de Vigil\u00e2ncia de Servi\u00e7os (Gevser) - SEMSA\",\"isPartOf\":{\"@id\":\"https:\/\/www.manaus.am.gov.br\/semsa\/#website\"},\"datePublished\":\"2023-01-17T15:25:00+00:00\",\"dateModified\":\"2026-04-28T16:02:54+00:00\",\"breadcrumb\":{\"@id\":\"https:\/\/www.manaus.am.gov.br\/semsa\/vigilancia\/vigilancia-sanitaria\/gevser\/#breadcrumb\"},\"inLanguage\":\"pt-BR\",\"potentialAction\":[{\"@type\":\"ReadAction\",\"target\":[\"https:\/\/www.manaus.am.gov.br\/semsa\/vigilancia\/vigilancia-sanitaria\/gevser\/\"]}]},{\"@type\":\"BreadcrumbList\",\"@id\":\"https:\/\/www.manaus.am.gov.br\/semsa\/vigilancia\/vigilancia-sanitaria\/gevser\/#breadcrumb\",\"itemListElement\":[{\"@type\":\"ListItem\",\"position\":1,\"name\":\"Vigil\u00e2ncia\",\"item\":\"https:\/\/www.manaus.am.gov.br\/semsa\/vigilancia\/\"},{\"@type\":\"ListItem\",\"position\":2,\"name\":\"Sanit\u00e1ria\",\"item\":\"https:\/\/www.manaus.am.gov.br\/semsa\/vigilancia\/vigilancia-sanitaria\/\"},{\"@type\":\"ListItem\",\"position\":3,\"name\":\"Ger\u00eancia de Vigil\u00e2ncia de Servi\u00e7os (Gevser)\"}]},{\"@type\":\"WebSite\",\"@id\":\"https:\/\/www.manaus.am.gov.br\/semsa\/#website\",\"url\":\"https:\/\/www.manaus.am.gov.br\/semsa\/\",\"name\":\"SEMSA\",\"description\":\"Secretaria Municipal de Sa\u00fade\",\"alternateName\":\"Secretaria Municipal de Sa\u00fade\",\"potentialAction\":[{\"@type\":\"SearchAction\",\"target\":{\"@type\":\"EntryPoint\",\"urlTemplate\":\"https:\/\/www.manaus.am.gov.br\/semsa\/?s={search_term_string}\"},\"query-input\":\"required name=search_term_string\"}],\"inLanguage\":\"pt-BR\"}]}<\/script>\n<!-- \/ Yoast SEO plugin. -->","yoast_head_json":{"title":"Ger\u00eancia de Vigil\u00e2ncia de Servi\u00e7os (Gevser) - SEMSA","robots":{"index":"index","follow":"follow","max-snippet":"max-snippet:-1","max-image-preview":"max-image-preview:large","max-video-preview":"max-video-preview:-1"},"canonical":"https:\/\/www.manaus.am.gov.br\/semsa\/vigilancia\/vigilancia-sanitaria\/gevser\/","og_locale":"pt_BR","og_type":"article","og_title":"Ger\u00eancia de Vigil\u00e2ncia de Servi\u00e7os (Gevser) - SEMSA","og_url":"https:\/\/www.manaus.am.gov.br\/semsa\/vigilancia\/vigilancia-sanitaria\/gevser\/","og_site_name":"SEMSA","article_modified_time":"2026-04-28T16:02:54+00:00","og_image":[{"width":966,"height":520,"url":"https:\/\/www.manaus.am.gov.br\/semsa\/wp-content\/uploads\/sites\/8\/2024\/07\/thumb-default-2.png","type":"image\/png"}],"twitter_card":"summary_large_image","twitter_misc":{"Est. reading time":"2 minutos"},"schema":{"@context":"https:\/\/schema.org","@graph":[{"@type":"WebPage","@id":"https:\/\/www.manaus.am.gov.br\/semsa\/vigilancia\/vigilancia-sanitaria\/gevser\/","url":"https:\/\/www.manaus.am.gov.br\/semsa\/vigilancia\/vigilancia-sanitaria\/gevser\/","name":"Ger\u00eancia de Vigil\u00e2ncia de Servi\u00e7os (Gevser) - SEMSA","isPartOf":{"@id":"https:\/\/www.manaus.am.gov.br\/semsa\/#website"},"datePublished":"2023-01-17T15:25:00+00:00","dateModified":"2026-04-28T16:02:54+00:00","breadcrumb":{"@id":"https:\/\/www.manaus.am.gov.br\/semsa\/vigilancia\/vigilancia-sanitaria\/gevser\/#breadcrumb"},"inLanguage":"pt-BR","potentialAction":[{"@type":"ReadAction","target":["https:\/\/www.manaus.am.gov.br\/semsa\/vigilancia\/vigilancia-sanitaria\/gevser\/"]}]},{"@type":"BreadcrumbList","@id":"https:\/\/www.manaus.am.gov.br\/semsa\/vigilancia\/vigilancia-sanitaria\/gevser\/#breadcrumb","itemListElement":[{"@type":"ListItem","position":1,"name":"Vigil\u00e2ncia","item":"https:\/\/www.manaus.am.gov.br\/semsa\/vigilancia\/"},{"@type":"ListItem","position":2,"name":"Sanit\u00e1ria","item":"https:\/\/www.manaus.am.gov.br\/semsa\/vigilancia\/vigilancia-sanitaria\/"},{"@type":"ListItem","position":3,"name":"Ger\u00eancia de Vigil\u00e2ncia de Servi\u00e7os (Gevser)"}]},{"@type":"WebSite","@id":"https:\/\/www.manaus.am.gov.br\/semsa\/#website","url":"https:\/\/www.manaus.am.gov.br\/semsa\/","name":"SEMSA","description":"Secretaria Municipal de Sa\u00fade","alternateName":"Secretaria Municipal de Sa\u00fade","potentialAction":[{"@type":"SearchAction","target":{"@type":"EntryPoint","urlTemplate":"https:\/\/www.manaus.am.gov.br\/semsa\/?s={search_term_string}"},"query-input":"required name=search_term_string"}],"inLanguage":"pt-BR"}]}},"_links":{"self":[{"href":"https:\/\/www.manaus.am.gov.br\/semsa\/wp-json\/wp\/v2\/pages\/208547"}],"collection":[{"href":"https:\/\/www.manaus.am.gov.br\/semsa\/wp-json\/wp\/v2\/pages"}],"about":[{"href":"https:\/\/www.manaus.am.gov.br\/semsa\/wp-json\/wp\/v2\/types\/page"}],"author":[{"embeddable":true,"href":"https:\/\/www.manaus.am.gov.br\/semsa\/wp-json\/wp\/v2\/users\/27"}],"replies":[{"embeddable":true,"href":"https:\/\/www.manaus.am.gov.br\/semsa\/wp-json\/wp\/v2\/comments?post=208547"}],"version-history":[{"count":22,"href":"https:\/\/www.manaus.am.gov.br\/semsa\/wp-json\/wp\/v2\/pages\/208547\/revisions"}],"predecessor-version":[{"id":228700,"href":"https:\/\/www.manaus.am.gov.br\/semsa\/wp-json\/wp\/v2\/pages\/208547\/revisions\/228700"}],"up":[{"embeddable":true,"href":"https:\/\/www.manaus.am.gov.br\/semsa\/wp-json\/wp\/v2\/pages\/208517"}],"wp:attachment":[{"href":"https:\/\/www.manaus.am.gov.br\/semsa\/wp-json\/wp\/v2\/media?parent=208547"}],"curies":[{"name":"wp","href":"https:\/\/api.w.org\/{rel}","templated":true}]}}