{"id":208424,"date":"2023-01-17T08:37:33","date_gmt":"2023-01-17T12:37:33","guid":{"rendered":"https:\/\/www.manaus.am.gov.br\/semsa\/?page_id=208424"},"modified":"2025-06-30T10:29:32","modified_gmt":"2025-06-30T14:29:32","slug":"saude-do-turista","status":"publish","type":"page","link":"https:\/\/www.manaus.am.gov.br\/semsa\/programas-e-servicos\/saude-do-turista\/","title":{"rendered":"Sa\u00fade do Viajante"},"content":{"rendered":"\n<h2 class=\"wp-block-heading\" id=\"cuidados_alimentacao\">Cuidados com alimenta\u00e7\u00e3o<\/h2>\n\n\n\n<p>Deve-se sempre observar a proced\u00eancia do produto final, se este foi produzido e manipulado em estabelecimentos licenciados. Portanto, evite o consumo oferecido por locais n\u00e3o definidos, vendidos por pessoas n\u00e3o autorizadas pelo \u00f3rg\u00e3o sanit\u00e1rio.<\/p>\n\n\n\n<p><strong>X-caboquinho: <\/strong>sandu\u00edche de p\u00e3o franc\u00eas recheado com fatias de queijo coalho, banana frita e polpas de tucum\u00e3.<br>O queijo coalho \u00e9 um produto obtido nas bacias leiteiras da regi\u00e3o, produzido em pequenas f\u00e1bricas nos arredores de Manaus. J\u00e1 o tucum\u00e3, fruto abundante das encharcadas da floresta amaz\u00f4nica, \u00e9 composto de casca, caro\u00e7o e carne vegetal avermelhada de sabor bastante peculiar.<\/p>\n\n\n\n<p><strong>Cuidados com o queijo coalho:<\/strong> observar se o queijo utilizado foi recortado de produto com embalagem transcrevendo a origem, registro, rotulagem e conserva\u00e7\u00e3o dos produtos, al\u00e9m do prazo de validade. \u00c9 importante observar se o queijo possui o carimbo do SIF ou SIE, selo de inspe\u00e7\u00e3o federal ou estadual, o qual certifica que o produto foi fabricado dentro dos padr\u00f5es exigidos.<\/p>\n\n\n\n<p><strong>Cuidados com o tucum\u00e3:<\/strong> o processo de despolpa ainda \u00e9 feito manualmente, desse modo, deve haver aten\u00e7\u00e3o a respeito do local de manipula\u00e7\u00e3o, higiene, bem como se os crit\u00e9rios sanit\u00e1rios s\u00e3o rigorosamente observados no acondicionamento do fruto e manuseio na produ\u00e7\u00e3o da polpa.<\/p>\n\n\n\n<p><strong>Cuidados com o a\u00e7a\u00ed: <\/strong>observar no local de manipula\u00e7\u00e3o se este encontra-se dentro dos padr\u00f5es, conforme determinado pelo Departamento de Vigil\u00e2ncia Sanit\u00e1ria e se o referido local possui a licen\u00e7a sanit\u00e1ria.<\/p>\n\n\n\n<p>Cuidados com o c<strong>aldo de cana:<\/strong> produto obtido atrav\u00e9s da moagem da cana de a\u00e7\u00facar, muito comum em feiras livres do munic\u00edpio. Apesar de ser oferecido por moagem no momento da compra, deve-se certificar de que o fruto foi devidamente higienizado antes do processo de moagem. <\/p>\n\n\n\n<p><strong>Aten\u00e7\u00e3o:<\/strong> o consumo de produtos sem o devido cuidado pode ocasionar s\u00e9rios problemas de infec\u00e7\u00f5es intestinais.<\/p>\n\n\n\n<h2 class=\"wp-block-heading\" id=\"cuidados_saude\">Cuidados com a sa\u00fade<\/h2>\n\n\n\n<p>Antes da viagem \u00e9 importante conhecer, com anteced\u00eancia, a viagem e os cuidados que devem ser tomados em rela\u00e7\u00e3o \u00e0 sa\u00fade. Consulte seu m\u00e9dico para uma avalia\u00e7\u00e3o, principalmente caso possua alguma doen\u00e7a preexistente. Evite viajar na vig\u00eancia de qualquer doen\u00e7a infecciosa aguda. Se precisar fazer uso de medicamentos sob prescri\u00e7\u00e3o m\u00e9dica, obtenha a receita e adquira os medicamentos na quantidade suficiente para toda a viagem.<\/p>\n\n\n\n<h3 class=\"wp-block-heading\">Vacina\u00e7\u00e3o<\/h3>\n\n\n\n<p>A regi\u00e3o Amaz\u00f4nica \u00e9 end\u00eamica para febre amarela, por isso, o turista dever\u00e1 ser vacinado contra esta doen\u00e7a com, pelo menos, 10 dias de anteced\u00eancia da viagem.<\/p>\n\n\n\n<p>O Brasil est\u00e1 em certifica\u00e7\u00e3o de elimina\u00e7\u00e3o do sarampo, portanto, recomendamos a vacina\u00e7\u00e3o contra essa doen\u00e7a atrav\u00e9s das vacinas tr\u00edplice viral, dupla viral ou sarampo monovalente com, pelo menos, 10 dias de anteced\u00eancia da viagem.<\/p>\n\n\n\n<p>Lembrando que a administra\u00e7\u00e3o simult\u00e2nea das vacinas da febre amarela e tr\u00edplice viral n\u00e3o \u00e9 recomendada, dessa forma, devem ser administradas com intervalo m\u00ednimo de 30 dias.<\/p>\n\n\n\n<h3 class=\"wp-block-heading\">Durante a viagem<\/h3>\n\n\n\n<p>N\u00e3o pratique turismo ecol\u00f3gico, rural de aventura ou visite \u00e1reas de mata se n\u00e3o estiver vacinado contra a febre amarela.<\/p>\n\n\n\n<p>Se houver qualquer altera\u00e7\u00e3o no seu estado de sa\u00fade ainda dentro da aeronave, navio ou transporte terrestre, comunique o fato \u00e0 equipe de bordo, a partir disso, ela tomar\u00e1 as devidas provid\u00eancias e alertar\u00e1 os servi\u00e7os de controle sanit\u00e1rio nos pontos de entrada.<\/p>\n\n\n\n<p>A<strong> mal\u00e1ria<\/strong> \u00e9 uma doen\u00e7a infecciosa, cujo agente etiol\u00f3gico \u00e9 o <em>Plasmodium<\/em>. As esp\u00e9cies comuns em nossa regi\u00e3o s\u00e3o o <em>Plasmodium falciparum<\/em> e o <em>Plasmodium v\u00edvax<\/em>. Sua transmiss\u00e3o se d\u00e1 pela picada do mosquito infectado <em>Anopheles sp.<\/em>, presente em determinadas \u00e1reas periurbanas e rurais. Ap\u00f3s a picada do mosquito, os primeiros sintomas surgem, como febre alta, sudorese, dor de cabe\u00e7a, dor no corpo e calafrios, durando em m\u00e9dia 15 dias.<\/p>\n\n\n\n<p>As principais medidas de preven\u00e7\u00e3o s\u00e3o estas: evitar balne\u00e1rios do entardecer ao amanhecer (hor\u00e1rio com maior frequ\u00eancia dos mosquitos), uso de repelente e de mosquiteiros (principalmente em \u00e1reas de risco).<\/p>\n\n\n\n<p>As a\u00e7\u00f5es de controle desenvolvidas pela Semsa priorizam o diagn\u00f3stico precoce e o tratamento imediato dos pacientes, assim como o controle seletivo de vetores.<\/p>\n\n\n\n<p>A <strong>dengue <\/strong>\u00e9 uma doen\u00e7a infecciosa, causada por um v\u00edrus, transmitida para o homem atrav\u00e9s da picada do mosquito <em>Aedes Aegypti<\/em>. Os sintomas duram em m\u00e9dia 5 a 7 dias e s\u00e3o: dor de cabe\u00e7a, dor nos m\u00fasculos, dor nos olhos, febre alta, podendo apresentar ainda manchas vermelhas na pele, n\u00e1useas, v\u00f4mitos, tontura, sangramentos, entre outros.<\/p>\n\n\n\n<p>As principais medidas de controle: Controle qu\u00edmico do mosquito atrav\u00e9s de fuma\u00e7a com inseticida. Realiza\u00e7\u00e3o de visitas peri\u00f3dicas aos pontos estrat\u00e9gicos (borracharias, terrenos baldios, canteiro de obras, etc) para verifica\u00e7\u00e3o e tratamento de criadouros. Vistoria aos locais denunciados de foco de Aedes aegypti.<\/p>\n\n\n\n<p>Primeiras medidas de tratamento: hidrata\u00e7\u00e3o oral, repouso, antit\u00e9rmico e avalia\u00e7\u00e3o m\u00e9dica. Em caso suspeito de dengue n\u00e3o utilizar medicamento \u00c1cido acetil salic\u00edlico (AAS).<\/p>\n\n\n\n<p>A <strong>Leishmaniose Tegumentar Americana<\/strong> \u00e9 uma doen\u00e7a transmitida pelo vetor flebotominio, conhecido popularmente como mosquito palha, tatuquira, birigui, borrachudo, etc. As situa\u00e7\u00f5es de risco s\u00e3o: coloniza\u00e7\u00e3o rural, extrativismo e explora\u00e7\u00e3o desordenada ou derrubada de floresta. A principal medida de preven\u00e7\u00e3o \u00e9 evitar as \u00e1reas de risco em qualquer hor\u00e1rio e o uso de repelente.<\/p>\n\n\n\n<p>A <strong>Doen\u00e7a de Chagas<\/strong> \u00e9 uma s\u00edndrome infecciosa aguda de curso indeterminado ou cr\u00f4nico pelo <em>T. cruzi<\/em>, com possibilidade de transmiss\u00e3o vetorial ocasional direta ou indireta em seres humanos.<\/p>\n\n\n\n<p>Pela possibilidade da transmiss\u00e3o via oral atentar ao consumo de caldo de cana e a\u00e7a\u00ed, frutos regionais comuns na regi\u00e3o Amaz\u00f4nica.<\/p>\n\n\n\n<h2 class=\"wp-block-heading\" id=\"atendimento_medico\">Locais para atendimento m\u00e9dico &#8211; Servi\u00e7o de Pronto Atendimento<\/h2>\n\n\n\n<p><\/p>\n\n\n\n<p><strong>ZONA SUL<\/strong><br><strong>SPA Zona Sul<\/strong> \u2013 Rua Bento Jos\u00e9 Lima, 33 \u2013 Col\u00f4nia Oliveira Machado \u2013 Telefone: (92) 3214-3615 \/ 3214-3616<\/p>\n\n\n\n<p><strong>ZONA LESTE<\/strong><br><strong>SPA, Hospital e Maternidade Chapot Prevost<\/strong> \u2013 Av. Get\u00falio Vargas, s\/n, Col\u00f4nia Ant\u00f4nio Aleixo \u2013 Telefone: (92) 3214-4420\/4422\/4431\/4428\/4430\/3214-4421<br><strong>SPA Coroado<\/strong> \u2013 Avenida Beira Mar, 156 \u2013 Coroado \u2013 Telefone: (92) 3639-4973\/6186\/3639-6185<\/p>\n\n\n\n<p><strong>ZONA CENTRO-OESTE <\/strong><br><strong>SPA e Policl\u00ednica Dr. Jos\u00e9 Lins Albuquerque<\/strong> \u2013 Rua Maracan\u00e3, s\/n, Reden\u00e7\u00e3o \u2013 Telefone: (92) 3654-4360\/4378\/3654-4662<br><strong>SPA Alvorada<\/strong> \u2013 Rua Loris Cordovil, s\/n, Alvorada I \u2013 Telefone: (92) 3238-2575\/9769\/1100\/3238-2241<\/p>\n\n\n\n<p><strong>ZONA OESTE <\/strong><br><strong>SPA Joventina Dias<\/strong> \u2013 Rua T6, 33 &#8211; Compensa III \u2013 Telefone: (92) 3673-6793\/ 3671-4547<br><strong>SPA S\u00e3o Raimundo <\/strong>\u2013 Pra\u00e7a Ismael Benigno, 155 \u2013 S\u00e3o Raimundo \u2013 Telefone: (92) 3625-6500\/3673-6292\/3671-0156<\/p>\n\n\n\n<p><strong>ZONA NORTE <\/strong><br><strong>SPA Eliameme Rodrigues Mady<\/strong> \u2013 Avenida Sama\u00fama, s\/n &#8211; Monte das Oliveiras \u2013 Telefone: (92) 3642-3149\/3634-3002\/3648-8107<br><strong>SPA e Policl\u00ednica Danilo Corr\u00eaa<\/strong> \u2013 Avenida Noel Nutels, s\/n &#8211; Conjunto Cidade Nova I \u2013 Flores \u2013 Telefones: (92) 3636-2856\/2849\/2852\/3378\/3636-1629<\/p>\n\n\n\n<h2 class=\"wp-block-heading\" id=\"outros_cuidados\">Outros cuidados<\/h2>\n\n\n\n<p>Observe as recomenda\u00e7\u00f5es e medidas b\u00e1sicas de higiene a seguir:<br><strong>&#8211;<\/strong> Lave as m\u00e3os com \u00e1gua e sab\u00e3o v\u00e1rias vezes ao dia, principalmente antes de ingerir alimentos, ap\u00f3s usar o banheiro, utilizar condu\u00e7\u00f5es p\u00fablicas, visitar mercados ou locais de muito fluxo de pessoas;<br><strong>&#8211;<\/strong> Beba somente \u00e1gua mineral engarrafada;<br><strong>&#8211;<\/strong> Evite adicionar gelo nas bebidas;<br><strong>&#8211;<\/strong> Assegure-se de que o alimento esteja bem cozido, frito ou assado;<br><strong>&#8211;<\/strong> Fique atento \u00e0 temperatura dos alimentos expostos para venda.<\/p>\n\n\n\n<p>Os alimentos perec\u00edveis devem ser mantidos em baixa temperatura (abaixo de 5\u00ba C) e os quentes (acima de 60\u00ba C):<br><strong>&#8211;<\/strong> N\u00e3o consuma leite nem seus derivados crus;<br><strong>&#8211;<\/strong> Frutas e verduras, que possam ser descascadas e cujas cascas estejam \u00edntegras, podem ser consumidas cruas;<br><strong>&#8211;<\/strong> Quando for consumir alimentos regionais, seja prudente e n\u00e3o exagere;<br><strong>&#8211;<\/strong> Evite o consumo de alimentos vendidos na rua;<br><strong>&#8211;<\/strong> Alimentos embalados devem conter, no r\u00f3tulo, a identifica\u00e7\u00e3o do produtor e data de validade, al\u00e9m disso, a embalagem deve estar \u00edntegra.<\/p>\n\n\n\n<p>Durante sua viagem, se apresentar os seguintes sintomas, procure uma unidade de sa\u00fade e relate onde esteve nos \u00faltimos dias:<br><strong>&#8211;<\/strong> Febre;<br><strong>&#8211;<\/strong> Diarreia;<br><strong>&#8211;<\/strong> Manchas avermelhadas na pele;<br><strong>&#8211;<\/strong> Problema respirat\u00f3rio ou outros sinais e sintomas.<\/p>\n\n\n\n<h2 class=\"wp-block-heading\" id=\"agressao_animais\">Agress\u00e3o por animais<\/h2>\n\n\n\n<p>Em caso de agress\u00e3o por animal (c\u00e3o, gato, morcego, cobra, aranha, escorpi\u00e3o) procure, imediatamente, a Funda\u00e7\u00e3o de Medicina Tropical, na a<strong>venida Pedro Teixeira, 25, Dom Pedro.<\/strong><\/p>\n\n\n\n<h2 class=\"wp-block-heading\" id=\"mosquitos_carrapatos\">Doen\u00e7as transmitidas por mosquitos e carrapatos<\/h2>\n\n\n\n<p>Verifique atentamente no r\u00f3tulo a concentra\u00e7\u00e3o do repelente (ela define a frequ\u00eancia do uso).<br><strong>&#8211;<\/strong> Lembre-se que o produto dever\u00e1 ser reaplicado, caso a pessoa se molhe ou transpire, excessivamente;<\/p>\n\n\n\n<p>&#8211; O repelente deve ser utilizado depois da aplica\u00e7\u00e3o do protetor solar;<br><strong>&#8211;<\/strong> Antes de dormir, tome banho para remover o res\u00edduo de todos os produtos aplicados sobre a pele;<br><strong>&#8211; <\/strong>D\u00ea prefer\u00eancia a locais de hospedagem que possuam ar-condicionado, telas de prote\u00e7\u00e3o nas janelas ou utilize mosquiteiros sobre a cama.<\/p>\n\n\n\n<h2 class=\"wp-block-heading\" id=\"recomendacao\">Recomenda\u00e7\u00f5es e informa\u00e7\u00f5es gerais<\/h2>\n\n\n\n<p>&#8211; S\u00f3 fa\u00e7a sexo usando preservativos, assim voc\u00ea se protege da Aids e de outras infec\u00e7\u00f5es sexualmente transmiss\u00edveis;<br>&#8211; Evite exposi\u00e7\u00e3o excessiva ao sol, <\/p>\n\n\n\n<p>&#8211; Use protetor solar, no m\u00ednimo, 30 minutos antes da exposi\u00e7\u00e3o (FPS m\u00ednimo 30), que deve ser reaplicado conforme orienta\u00e7\u00e3o do fabricante, al\u00e9m disso, utilize tamb\u00e9m \u00f3culos de sol e chap\u00e9u de aba larga;<br>&#8211; Em caso de adoecimento durante a sua estadia, busque atendimento m\u00e9dico e n\u00e3o fa\u00e7a automedica\u00e7\u00e3o.<\/p>\n\n\n\n<p>Caso haja d\u00favida, consulte o Disque Sa\u00fade 98842-5959 e\/ou e-mail do Centro de Informa\u00e7\u00f5es Estrat\u00e9gicas de Vigil\u00e2ncia em Sa\u00fade (<a href=\"mailto:cievs.manaus@pmm.am.gov.br\">cievs.manaus@pmm.am.gov.br<\/a>).<\/p>\n\n\n\n<p>Ao retornar da viagem, caso apresente febre ou outros sintomas como diarreia, problemas de pele ou respirat\u00f3rios, procure imediatamente um servi\u00e7o de sa\u00fade e informe as regi\u00f5es que visitou.<\/p>\n","protected":false},"excerpt":{"rendered":"","protected":false},"author":27,"featured_media":0,"parent":211520,"menu_order":0,"comment_status":"closed","ping_status":"closed","template":"templates\/turismo.php","meta":{"footnotes":""},"acf":[],"yoast_head":"<!-- This site is optimized with the Yoast SEO plugin v23.0 - https:\/\/yoast.com\/wordpress\/plugins\/seo\/ -->\n<title>Sa\u00fade do Viajante - SEMSA<\/title>\n<meta name=\"robots\" content=\"index, follow, max-snippet:-1, max-image-preview:large, max-video-preview:-1\" \/>\n<link rel=\"canonical\" href=\"https:\/\/www.manaus.am.gov.br\/semsa\/programas-e-servicos\/saude-do-turista\/\" \/>\n<meta property=\"og:locale\" content=\"pt_BR\" \/>\n<meta property=\"og:type\" content=\"article\" \/>\n<meta property=\"og:title\" content=\"Sa\u00fade do Viajante - SEMSA\" \/>\n<meta property=\"og:url\" content=\"https:\/\/www.manaus.am.gov.br\/semsa\/programas-e-servicos\/saude-do-turista\/\" \/>\n<meta property=\"og:site_name\" content=\"SEMSA\" \/>\n<meta property=\"article:modified_time\" content=\"2025-06-30T14:29:32+00:00\" \/>\n<meta property=\"og:image\" content=\"https:\/\/www.manaus.am.gov.br\/semsa\/wp-content\/uploads\/sites\/8\/2024\/07\/thumb-default-2.png\" \/>\n\t<meta property=\"og:image:width\" content=\"966\" \/>\n\t<meta property=\"og:image:height\" content=\"520\" \/>\n\t<meta property=\"og:image:type\" content=\"image\/png\" \/>\n<meta name=\"twitter:card\" content=\"summary_large_image\" \/>\n<meta name=\"twitter:label1\" content=\"Est. reading time\" \/>\n\t<meta name=\"twitter:data1\" content=\"8 minutos\" \/>\n<script type=\"application\/ld+json\" class=\"yoast-schema-graph\">{\"@context\":\"https:\/\/schema.org\",\"@graph\":[{\"@type\":\"WebPage\",\"@id\":\"https:\/\/www.manaus.am.gov.br\/semsa\/programas-e-servicos\/saude-do-turista\/\",\"url\":\"https:\/\/www.manaus.am.gov.br\/semsa\/programas-e-servicos\/saude-do-turista\/\",\"name\":\"Sa\u00fade do Viajante - SEMSA\",\"isPartOf\":{\"@id\":\"https:\/\/www.manaus.am.gov.br\/semsa\/#website\"},\"datePublished\":\"2023-01-17T12:37:33+00:00\",\"dateModified\":\"2025-06-30T14:29:32+00:00\",\"breadcrumb\":{\"@id\":\"https:\/\/www.manaus.am.gov.br\/semsa\/programas-e-servicos\/saude-do-turista\/#breadcrumb\"},\"inLanguage\":\"pt-BR\",\"potentialAction\":[{\"@type\":\"ReadAction\",\"target\":[\"https:\/\/www.manaus.am.gov.br\/semsa\/programas-e-servicos\/saude-do-turista\/\"]}]},{\"@type\":\"BreadcrumbList\",\"@id\":\"https:\/\/www.manaus.am.gov.br\/semsa\/programas-e-servicos\/saude-do-turista\/#breadcrumb\",\"itemListElement\":[{\"@type\":\"ListItem\",\"position\":1,\"name\":\"PROGRAMAS E SERVI\u00c7OS\",\"item\":\"https:\/\/www.manaus.am.gov.br\/semsa\/programas-e-servicos\/\"},{\"@type\":\"ListItem\",\"position\":2,\"name\":\"Sa\u00fade do Viajante\"}]},{\"@type\":\"WebSite\",\"@id\":\"https:\/\/www.manaus.am.gov.br\/semsa\/#website\",\"url\":\"https:\/\/www.manaus.am.gov.br\/semsa\/\",\"name\":\"SEMSA\",\"description\":\"Secretaria Municipal de Sa\u00fade\",\"alternateName\":\"Secretaria Municipal de Sa\u00fade\",\"potentialAction\":[{\"@type\":\"SearchAction\",\"target\":{\"@type\":\"EntryPoint\",\"urlTemplate\":\"https:\/\/www.manaus.am.gov.br\/semsa\/?s={search_term_string}\"},\"query-input\":\"required name=search_term_string\"}],\"inLanguage\":\"pt-BR\"}]}<\/script>\n<!-- \/ Yoast SEO plugin. -->","yoast_head_json":{"title":"Sa\u00fade do Viajante - SEMSA","robots":{"index":"index","follow":"follow","max-snippet":"max-snippet:-1","max-image-preview":"max-image-preview:large","max-video-preview":"max-video-preview:-1"},"canonical":"https:\/\/www.manaus.am.gov.br\/semsa\/programas-e-servicos\/saude-do-turista\/","og_locale":"pt_BR","og_type":"article","og_title":"Sa\u00fade do Viajante - SEMSA","og_url":"https:\/\/www.manaus.am.gov.br\/semsa\/programas-e-servicos\/saude-do-turista\/","og_site_name":"SEMSA","article_modified_time":"2025-06-30T14:29:32+00:00","og_image":[{"width":966,"height":520,"url":"https:\/\/www.manaus.am.gov.br\/semsa\/wp-content\/uploads\/sites\/8\/2024\/07\/thumb-default-2.png","type":"image\/png"}],"twitter_card":"summary_large_image","twitter_misc":{"Est. reading time":"8 minutos"},"schema":{"@context":"https:\/\/schema.org","@graph":[{"@type":"WebPage","@id":"https:\/\/www.manaus.am.gov.br\/semsa\/programas-e-servicos\/saude-do-turista\/","url":"https:\/\/www.manaus.am.gov.br\/semsa\/programas-e-servicos\/saude-do-turista\/","name":"Sa\u00fade do Viajante - SEMSA","isPartOf":{"@id":"https:\/\/www.manaus.am.gov.br\/semsa\/#website"},"datePublished":"2023-01-17T12:37:33+00:00","dateModified":"2025-06-30T14:29:32+00:00","breadcrumb":{"@id":"https:\/\/www.manaus.am.gov.br\/semsa\/programas-e-servicos\/saude-do-turista\/#breadcrumb"},"inLanguage":"pt-BR","potentialAction":[{"@type":"ReadAction","target":["https:\/\/www.manaus.am.gov.br\/semsa\/programas-e-servicos\/saude-do-turista\/"]}]},{"@type":"BreadcrumbList","@id":"https:\/\/www.manaus.am.gov.br\/semsa\/programas-e-servicos\/saude-do-turista\/#breadcrumb","itemListElement":[{"@type":"ListItem","position":1,"name":"PROGRAMAS E SERVI\u00c7OS","item":"https:\/\/www.manaus.am.gov.br\/semsa\/programas-e-servicos\/"},{"@type":"ListItem","position":2,"name":"Sa\u00fade do Viajante"}]},{"@type":"WebSite","@id":"https:\/\/www.manaus.am.gov.br\/semsa\/#website","url":"https:\/\/www.manaus.am.gov.br\/semsa\/","name":"SEMSA","description":"Secretaria Municipal de Sa\u00fade","alternateName":"Secretaria Municipal de Sa\u00fade","potentialAction":[{"@type":"SearchAction","target":{"@type":"EntryPoint","urlTemplate":"https:\/\/www.manaus.am.gov.br\/semsa\/?s={search_term_string}"},"query-input":"required name=search_term_string"}],"inLanguage":"pt-BR"}]}},"_links":{"self":[{"href":"https:\/\/www.manaus.am.gov.br\/semsa\/wp-json\/wp\/v2\/pages\/208424"}],"collection":[{"href":"https:\/\/www.manaus.am.gov.br\/semsa\/wp-json\/wp\/v2\/pages"}],"about":[{"href":"https:\/\/www.manaus.am.gov.br\/semsa\/wp-json\/wp\/v2\/types\/page"}],"author":[{"embeddable":true,"href":"https:\/\/www.manaus.am.gov.br\/semsa\/wp-json\/wp\/v2\/users\/27"}],"replies":[{"embeddable":true,"href":"https:\/\/www.manaus.am.gov.br\/semsa\/wp-json\/wp\/v2\/comments?post=208424"}],"version-history":[{"count":25,"href":"https:\/\/www.manaus.am.gov.br\/semsa\/wp-json\/wp\/v2\/pages\/208424\/revisions"}],"predecessor-version":[{"id":224067,"href":"https:\/\/www.manaus.am.gov.br\/semsa\/wp-json\/wp\/v2\/pages\/208424\/revisions\/224067"}],"up":[{"embeddable":true,"href":"https:\/\/www.manaus.am.gov.br\/semsa\/wp-json\/wp\/v2\/pages\/211520"}],"wp:attachment":[{"href":"https:\/\/www.manaus.am.gov.br\/semsa\/wp-json\/wp\/v2\/media?parent=208424"}],"curies":[{"name":"wp","href":"https:\/\/api.w.org\/{rel}","templated":true}]}}