{"id":208399,"date":"2023-01-16T17:48:46","date_gmt":"2023-01-16T21:48:46","guid":{"rendered":"https:\/\/www.manaus.am.gov.br\/semsa\/?page_id=208399"},"modified":"2025-11-24T10:02:41","modified_gmt":"2025-11-24T14:02:41","slug":"saude-indigena","status":"publish","type":"page","link":"https:\/\/www.manaus.am.gov.br\/semsa\/programas-e-servicos\/saude-indigena\/","title":{"rendered":"Sa\u00fade Ind\u00edgena"},"content":{"rendered":"\n<p>A \u00c1rea T\u00e9cnica de Aten\u00e7\u00e3o \u00e0 Sa\u00fade dos Povos Ind\u00edgenas em Contexto Urbano \u00e9 uma das \u00e1reas t\u00e9cnicas que comp\u00f5em a Divis\u00e3o de Promo\u00e7\u00e3o de Equidade \u00e0s Popula\u00e7\u00f5es Vulner\u00e1veis dentro da Diretoria de Aten\u00e7\u00e3o Prim\u00e1ria \u00e0 Sa\u00fade, e \u00e9 respons\u00e1vel pelo acompanhamento da assist\u00eancia em sa\u00fade aos povos ind\u00edgenas no munic\u00edpio de Manaus.<\/p>\n\n\n\n<p>Dentre suas atribui\u00e7\u00f5es est\u00e3o: A formula\u00e7\u00e3o de pol\u00edticas p\u00fablicas em sa\u00fade para os ind\u00edgenas no munic\u00edpio, o planejamento e o acompanhamento de a\u00e7\u00f5es de preven\u00e7\u00e3o e promo\u00e7\u00e3o \u00e0 sa\u00fade para a popula\u00e7\u00e3o e comunidades ind\u00edgenas, a articula\u00e7\u00e3o com diferentes \u00e1reas da SEMSA, para garantir um atendimento que respeite a cultura e as especificidades dessa popula\u00e7\u00e3o nos diferentes n\u00edveis de complexidade, e com \u00f3rg\u00e3os indigenistas que atendem aos povos ind\u00edgenas no munic\u00edpio. A \u00c1rea T\u00e9cnica de Aten\u00e7\u00e3o \u00e0 Sa\u00fade dos Povos Ind\u00edgenas tamb\u00e9m promove educa\u00e7\u00e3o permanente e a\u00e7\u00f5es para melhorar a qualidade da assist\u00eancia aos diferentes povos ind\u00edgenas presentes em Manaus.<\/p>\n\n\n\n<p>Para entrar em contato voc\u00ea pode enviar um e-mail para: <strong>dprev.manaus@gmail.com<\/strong><\/p>\n\n\n\n<p><strong>Hist\u00f3rico e princ\u00edpios do atendimento<\/strong><\/p>\n\n\n\n<p>Em Manaus, as a\u00e7\u00f5es em Sa\u00fade Ind\u00edgena iniciaram em 2006, seguindo os princ\u00edpios da Pol\u00edtica Nacional de Aten\u00e7\u00e3o \u00e0 Sa\u00fade Ind\u00edgena institu\u00edda em&nbsp; 2002: universalidade, acessibilidade, integralidade, humaniza\u00e7\u00e3o, equidade e participa\u00e7\u00e3o social.<\/p>\n\n\n\n<p><strong>Como funciona?<\/strong><\/p>\n\n\n\n<ul>\n<li>&nbsp;As comunidades ind\u00edgenas s\u00e3o vinculadas \u00e0s unidades de sa\u00fade mais pr\u00f3ximas, que passam a ser refer\u00eancia para atendimento a ind\u00edgena no territ\u00f3rio;<\/li>\n\n\n\n<li>Cada Distrito de Sa\u00fade (DISA) possui uma refer\u00eancia t\u00e9cnica distrital de sa\u00fade da popula\u00e7\u00e3o ind\u00edgena, para promover a articula\u00e7\u00e3o entre os profissionais de sa\u00fade e a popula\u00e7\u00e3o e promover a equidade em sa\u00fade;<\/li>\n\n\n\n<li>S\u00e3o desenvolvidas a\u00e7\u00f5es como: planejamento em sa\u00fade, educa\u00e7\u00e3o em sa\u00fade, atendimento m\u00e9dico, de enfermagem, odontol\u00f3gico e psicol\u00f3gico, visitas domiciliares e acompanhamento domiciliar \u00e0 pacientes acamados.<\/li>\n<\/ul>\n\n\n\n<p><\/p>\n\n\n\n<p><strong>Parcerias e a\u00e7\u00f5es diferenciadas<\/strong><\/p>\n\n\n\n<ul>\n<li>A parceria com as Comunidades ind\u00edgenas permite que sejam realizadas a\u00e7\u00f5es programadas de aten\u00e7\u00e3o na pr\u00f3pria comunidade;<\/li>\n\n\n\n<li>Agentes Ind\u00edgenas de Sa\u00fade (AIS) foram contratados desde 2020 para mapear e cadastrar fam\u00edlias ind\u00edgenas \u2014 atualmente s\u00e3o 10 agentes atuando em 03 DISAS (Leste, oeste e norte), fortalecendo o v\u00ednculo com as unidades de sa\u00fade;<\/li>\n\n\n\n<li>A SEMSA participa ainda do Grupo de Trabalho Interinstitucional Ind\u00edgena (GTI) em conjunto com a SES e FUNAI.<\/li>\n<\/ul>\n\n\n\n<p><\/p>\n\n\n\n<p><strong>Compromissos da SEMSA<\/strong><\/p>\n\n\n\n<p>A SEMSA reconhece e respeita as especificidades culturais, sociais e epidemiol\u00f3gicas dos povos ind\u00edgenas que residem na Cidade de Manaus. Para fortalecer a aten\u00e7\u00e3o integral \u00e0 sa\u00fade e promover a equidade, assumimos os seguintes compromissos.<\/p>\n\n\n\n<ul>\n<li><strong>Respeitar a diversidade cultural:<\/strong> garantir que os atendimentos considerem os modos de vida, l\u00ednguas, pr\u00e1ticas tradicionais e conhecimento dos povos ind\u00edgenas;<\/li>\n\n\n\n<li><strong>Ofertar aten\u00e7\u00e3o integral e diferenciada:<\/strong> assegurar servi\u00e7os de sa\u00fade na rede de sa\u00fade que dialoguem com os saberes ind\u00edgenas tendo como elo de articula\u00e7\u00e3o os Agentes Comunit\u00e1rios de Sa\u00fade Ind\u00edgena &#8211; ACSI;<\/li>\n\n\n\n<li><strong>Promover o acesso \u00e0 rede de cuidados:<\/strong> organizar os fluxos de refer\u00eancia e contrarrefer\u00eancia em parceria com a Secretaria de Estado da Sa\u00fade &#8211; SES e outras institui\u00e7\u00f5es, garantindo acolhimento equ\u00e2nime;<\/li>\n\n\n\n<li><strong>Produzir e compartilhar informa\u00e7\u00f5es de forma transparente<\/strong>: monitorar e divulgar dados sobre a sa\u00fade ind\u00edgena, sempre respeitando a autodeclara\u00e7\u00e3o \u00e9tnica e publicizar as informa\u00e7\u00f5es de forma acess\u00edvel \u00e0 popula\u00e7\u00e3o;<\/li>\n\n\n\n<li><strong>Fortalecer a participa\u00e7\u00e3o social:<\/strong> estimular o di\u00e1logo cont\u00ednuo com lideran\u00e7as e assegurar representa\u00e7\u00e3o ativa de ind\u00edgenas em \u00f3rg\u00e3os colegiados e deliberativos, para que as decis\u00f5es sejam constru\u00eddas coletivamente.<\/li>\n<\/ul>\n\n\n\n<p><\/p>\n\n\n\n<p><a href=\"https:\/\/www.manaus.am.gov.br\/semsa\/wp-content\/uploads\/sites\/8\/2025\/11\/ATUALIZACAO_INFORMACOES-DO-SITE_ANEXO.docx.pdf\">Comunidades ind\u00edgenas vinculadas \u00e0 Semsa<\/a><\/p>\n","protected":false},"excerpt":{"rendered":"","protected":false},"author":27,"featured_media":0,"parent":211520,"menu_order":0,"comment_status":"closed","ping_status":"closed","template":"templates\/turismo.php","meta":{"footnotes":""},"acf":[],"yoast_head":"<!-- This site is optimized with the Yoast SEO plugin v23.0 - https:\/\/yoast.com\/wordpress\/plugins\/seo\/ -->\n<title>Sa\u00fade Ind\u00edgena - SEMSA<\/title>\n<meta name=\"robots\" content=\"index, follow, max-snippet:-1, max-image-preview:large, max-video-preview:-1\" \/>\n<link rel=\"canonical\" href=\"https:\/\/www.manaus.am.gov.br\/semsa\/programas-e-servicos\/saude-indigena\/\" \/>\n<meta property=\"og:locale\" content=\"pt_BR\" \/>\n<meta property=\"og:type\" content=\"article\" \/>\n<meta property=\"og:title\" content=\"Sa\u00fade Ind\u00edgena - SEMSA\" \/>\n<meta property=\"og:url\" content=\"https:\/\/www.manaus.am.gov.br\/semsa\/programas-e-servicos\/saude-indigena\/\" \/>\n<meta property=\"og:site_name\" content=\"SEMSA\" \/>\n<meta property=\"article:modified_time\" content=\"2025-11-24T14:02:41+00:00\" \/>\n<meta property=\"og:image\" content=\"https:\/\/www.manaus.am.gov.br\/semsa\/wp-content\/uploads\/sites\/8\/2024\/07\/thumb-default-2.png\" \/>\n\t<meta property=\"og:image:width\" content=\"966\" \/>\n\t<meta property=\"og:image:height\" content=\"520\" \/>\n\t<meta property=\"og:image:type\" content=\"image\/png\" \/>\n<meta name=\"twitter:card\" content=\"summary_large_image\" \/>\n<meta name=\"twitter:label1\" content=\"Est. reading time\" \/>\n\t<meta name=\"twitter:data1\" content=\"3 minutos\" \/>\n<script type=\"application\/ld+json\" class=\"yoast-schema-graph\">{\"@context\":\"https:\/\/schema.org\",\"@graph\":[{\"@type\":\"WebPage\",\"@id\":\"https:\/\/www.manaus.am.gov.br\/semsa\/programas-e-servicos\/saude-indigena\/\",\"url\":\"https:\/\/www.manaus.am.gov.br\/semsa\/programas-e-servicos\/saude-indigena\/\",\"name\":\"Sa\u00fade Ind\u00edgena - SEMSA\",\"isPartOf\":{\"@id\":\"https:\/\/www.manaus.am.gov.br\/semsa\/#website\"},\"datePublished\":\"2023-01-16T21:48:46+00:00\",\"dateModified\":\"2025-11-24T14:02:41+00:00\",\"breadcrumb\":{\"@id\":\"https:\/\/www.manaus.am.gov.br\/semsa\/programas-e-servicos\/saude-indigena\/#breadcrumb\"},\"inLanguage\":\"pt-BR\",\"potentialAction\":[{\"@type\":\"ReadAction\",\"target\":[\"https:\/\/www.manaus.am.gov.br\/semsa\/programas-e-servicos\/saude-indigena\/\"]}]},{\"@type\":\"BreadcrumbList\",\"@id\":\"https:\/\/www.manaus.am.gov.br\/semsa\/programas-e-servicos\/saude-indigena\/#breadcrumb\",\"itemListElement\":[{\"@type\":\"ListItem\",\"position\":1,\"name\":\"PROGRAMAS E SERVI\u00c7OS\",\"item\":\"https:\/\/www.manaus.am.gov.br\/semsa\/programas-e-servicos\/\"},{\"@type\":\"ListItem\",\"position\":2,\"name\":\"Sa\u00fade Ind\u00edgena\"}]},{\"@type\":\"WebSite\",\"@id\":\"https:\/\/www.manaus.am.gov.br\/semsa\/#website\",\"url\":\"https:\/\/www.manaus.am.gov.br\/semsa\/\",\"name\":\"SEMSA\",\"description\":\"Secretaria Municipal de Sa\u00fade\",\"alternateName\":\"Secretaria Municipal de Sa\u00fade\",\"potentialAction\":[{\"@type\":\"SearchAction\",\"target\":{\"@type\":\"EntryPoint\",\"urlTemplate\":\"https:\/\/www.manaus.am.gov.br\/semsa\/?s={search_term_string}\"},\"query-input\":\"required name=search_term_string\"}],\"inLanguage\":\"pt-BR\"}]}<\/script>\n<!-- \/ Yoast SEO plugin. -->","yoast_head_json":{"title":"Sa\u00fade Ind\u00edgena - SEMSA","robots":{"index":"index","follow":"follow","max-snippet":"max-snippet:-1","max-image-preview":"max-image-preview:large","max-video-preview":"max-video-preview:-1"},"canonical":"https:\/\/www.manaus.am.gov.br\/semsa\/programas-e-servicos\/saude-indigena\/","og_locale":"pt_BR","og_type":"article","og_title":"Sa\u00fade Ind\u00edgena - SEMSA","og_url":"https:\/\/www.manaus.am.gov.br\/semsa\/programas-e-servicos\/saude-indigena\/","og_site_name":"SEMSA","article_modified_time":"2025-11-24T14:02:41+00:00","og_image":[{"width":966,"height":520,"url":"https:\/\/www.manaus.am.gov.br\/semsa\/wp-content\/uploads\/sites\/8\/2024\/07\/thumb-default-2.png","type":"image\/png"}],"twitter_card":"summary_large_image","twitter_misc":{"Est. reading time":"3 minutos"},"schema":{"@context":"https:\/\/schema.org","@graph":[{"@type":"WebPage","@id":"https:\/\/www.manaus.am.gov.br\/semsa\/programas-e-servicos\/saude-indigena\/","url":"https:\/\/www.manaus.am.gov.br\/semsa\/programas-e-servicos\/saude-indigena\/","name":"Sa\u00fade Ind\u00edgena - SEMSA","isPartOf":{"@id":"https:\/\/www.manaus.am.gov.br\/semsa\/#website"},"datePublished":"2023-01-16T21:48:46+00:00","dateModified":"2025-11-24T14:02:41+00:00","breadcrumb":{"@id":"https:\/\/www.manaus.am.gov.br\/semsa\/programas-e-servicos\/saude-indigena\/#breadcrumb"},"inLanguage":"pt-BR","potentialAction":[{"@type":"ReadAction","target":["https:\/\/www.manaus.am.gov.br\/semsa\/programas-e-servicos\/saude-indigena\/"]}]},{"@type":"BreadcrumbList","@id":"https:\/\/www.manaus.am.gov.br\/semsa\/programas-e-servicos\/saude-indigena\/#breadcrumb","itemListElement":[{"@type":"ListItem","position":1,"name":"PROGRAMAS E SERVI\u00c7OS","item":"https:\/\/www.manaus.am.gov.br\/semsa\/programas-e-servicos\/"},{"@type":"ListItem","position":2,"name":"Sa\u00fade Ind\u00edgena"}]},{"@type":"WebSite","@id":"https:\/\/www.manaus.am.gov.br\/semsa\/#website","url":"https:\/\/www.manaus.am.gov.br\/semsa\/","name":"SEMSA","description":"Secretaria Municipal de Sa\u00fade","alternateName":"Secretaria Municipal de Sa\u00fade","potentialAction":[{"@type":"SearchAction","target":{"@type":"EntryPoint","urlTemplate":"https:\/\/www.manaus.am.gov.br\/semsa\/?s={search_term_string}"},"query-input":"required name=search_term_string"}],"inLanguage":"pt-BR"}]}},"_links":{"self":[{"href":"https:\/\/www.manaus.am.gov.br\/semsa\/wp-json\/wp\/v2\/pages\/208399"}],"collection":[{"href":"https:\/\/www.manaus.am.gov.br\/semsa\/wp-json\/wp\/v2\/pages"}],"about":[{"href":"https:\/\/www.manaus.am.gov.br\/semsa\/wp-json\/wp\/v2\/types\/page"}],"author":[{"embeddable":true,"href":"https:\/\/www.manaus.am.gov.br\/semsa\/wp-json\/wp\/v2\/users\/27"}],"replies":[{"embeddable":true,"href":"https:\/\/www.manaus.am.gov.br\/semsa\/wp-json\/wp\/v2\/comments?post=208399"}],"version-history":[{"count":11,"href":"https:\/\/www.manaus.am.gov.br\/semsa\/wp-json\/wp\/v2\/pages\/208399\/revisions"}],"predecessor-version":[{"id":226380,"href":"https:\/\/www.manaus.am.gov.br\/semsa\/wp-json\/wp\/v2\/pages\/208399\/revisions\/226380"}],"up":[{"embeddable":true,"href":"https:\/\/www.manaus.am.gov.br\/semsa\/wp-json\/wp\/v2\/pages\/211520"}],"wp:attachment":[{"href":"https:\/\/www.manaus.am.gov.br\/semsa\/wp-json\/wp\/v2\/media?parent=208399"}],"curies":[{"name":"wp","href":"https:\/\/api.w.org\/{rel}","templated":true}]}}