{"id":208070,"date":"2023-01-13T15:48:15","date_gmt":"2023-01-13T19:48:15","guid":{"rendered":"https:\/\/www.manaus.am.gov.br\/semsa\/?page_id=208070"},"modified":"2026-04-15T14:53:39","modified_gmt":"2026-04-15T18:53:39","slug":"esporotricose-humana","status":"publish","type":"page","link":"https:\/\/www.manaus.am.gov.br\/semsa\/unidades\/esporotricose-humana\/","title":{"rendered":"Esporotricose Humana"},"content":{"rendered":"\n<p>Micose causada pelo fungo <em>Sporotrix spp<\/em> que vive no solo, cascas de \u00e1rvores e na vegeta\u00e7\u00e3o em decomposi\u00e7\u00e3o.<\/p>\n\n\n\n<h3 class=\"wp-block-heading\">Transmiss\u00e3o<\/h3>\n\n\n\n<p>Pelo contato direto com material contaminado (cascas de \u00e1rvore, farpas, espinhos, terra). O animal contaminado transmite a doen\u00e7a para outros animais e para o ser humano por meio de arranh\u00f5es, mordidas ou contato direto com les\u00f5es na pele.<\/p>\n\n\n\n<h3 class=\"wp-block-heading\">Sintomas<\/h3>\n\n\n\n<p>Les\u00e3o \u00fanica ou m\u00faltipla; Caro\u00e7o na pele que pode se romper e formar ferida de dif\u00edcil cicatriza\u00e7\u00e3o; Les\u00f5es geralmente nos bra\u00e7os e nas pernas.<\/p>\n\n\n\n<h3 class=\"wp-block-heading\">Diagn\u00f3stico &#8211; Seres humanos<\/h3>\n\n\n\n<p>Exame cl\u00ednico da les\u00e3o realizado por m\u00e9dico em unidade de sa\u00fade; Exame laboratorial com material coletado na les\u00e3o para detec\u00e7\u00e3o do fungo.<\/p>\n\n\n\n<h3 class=\"wp-block-heading\"><strong>Unidades de Sa\u00fade de refer\u00eancia para atendimento de Esporotricose Humana<\/strong><\/h3>\n\n\n\n<h3 class=\"wp-block-heading\">Zona Norte<\/h3>\n\n\n\n<p><strong>USF Prefeito Armando Mendes<\/strong><br><strong>Endere\u00e7o:<\/strong> Rua Aragar\u00e7as, 786 \u2013 Conj. Manoa, Cidade Nova<br><strong>Hor\u00e1rio de atendimento<\/strong>: segunda a sexta-feira &#8211; 7h \u00e0s 19h<\/p>\n\n\n\n<p><strong>USF Prefeito Amazonino Mendes<\/strong><br><strong>Endere\u00e7o:<\/strong> Av. da Esperan\u00e7a, 550 \u2013 Conjunto Viver Melhor 3 \u2013 Lago Azul<br><strong>Hor\u00e1rio de atendimento<\/strong>: segunda a sexta-feira &#8211; 7h \u00e0s 17h<\/p>\n\n\n\n<p><strong>USF Professor Carlson Gracie<\/strong><br><strong>Endere\u00e7o:<\/strong> Av. Cura\u00e7ao, s\/n &#8211; Nova Cidade<br><strong>Hor\u00e1rio de atendimento:<\/strong> segunda a sexta-feira &#8211; 7h \u00e0s 19h<\/p>\n\n\n\n<p><strong>USF MJ PM S\u00e1lvio Belota<\/strong><br><strong>Endere\u00e7o:<\/strong> Rua Samambaia, 786 \u2013 Santa Etelvina<br><strong>Hor\u00e1rio de atendimento: <\/strong>segunda a sexta-feira &#8211; 7h \u00e0s 21h \/ s\u00e1bado &#8211; 7h \u00e0s 12h<\/p>\n\n\n\n<p><strong>USF Prefeito Frank Abrahim Lima<\/strong><br><strong>Endere\u00e7o:<\/strong> Rua Abraham Benzion, 161 \u2013 Conjunto \u00e1guas Claras \u2013 Novo Aleixo<br><strong>Hor\u00e1rio de atendimento<\/strong>: ao p\u00fablico: segunda a sexta-feira &#8211; 7h \u00e0s 17h<\/p>\n\n\n\n<p><strong>USF Jos\u00e9 Figliuolo<\/strong><br><strong>Endere\u00e7o:<\/strong> Rua Rio Maicuru, s\/n \u2013 Lago Azul<br><strong>Hor\u00e1rio de atendimento:<\/strong> segunda a sexta-feira &#8211; 7h \u00e0s 17h<\/p>\n\n\n\n<p><strong>USF Frei Val\u00e9rio Di Carlo<\/strong><br><strong>Endere\u00e7o: <\/strong>Rua Rufino Elizaldo, s\/n \u2013 Novo Israel<br><strong>Hor\u00e1rio de atendimento<\/strong>: segunda a sexta-feira &#8211; 7h \u00e0s 19h <\/p>\n\n\n\n<p><strong>USF Balbina Mestrinho<\/strong><br><strong>Endere\u00e7o:<\/strong> Rua Major Silv\u00e9rio Nery, 170 \u2013 Cidade Nova<br><strong>Hor\u00e1rio de atendimento<\/strong>: segunda a sexta-feira das 7h \u00e0s 20h \/ s\u00e1bado das 7h \u00e0s 11h<\/p>\n\n\n\n<h3 class=\"wp-block-heading\">Zona Sul<\/h3>\n\n\n\n<p><strong>USF Petr\u00f3polis<\/strong><br><strong>Endere\u00e7o: <\/strong>Rua Delfim de Souza, s\/n, Petr\u00f3polis<br><strong>Hor\u00e1rio de atendimento<\/strong>: segunda a sexta-feira &#8211; 7h \u00e0s 17h <\/p>\n\n\n\n<p><strong>USF Rosa Pereira de Almeida<\/strong><br><strong>Endere\u00e7o: <\/strong>Rua S\u00e3o Benedito, s\/n, Morro da Liberdade<br><strong>Hor\u00e1rio de atendimento<\/strong>: segunda a sexta-feira &#8211; 7h \u00e0s 20h \/ s\u00e1bado &#8211; 7h \u00e0s 12h<\/p>\n\n\n\n<p><strong>USF Japiim<\/strong><br><strong>Endere\u00e7o: <\/strong>Rua 31, s\/n, Japiim<br><strong>Hor\u00e1rio de atendimento<\/strong>: segunda a sexta-feira &#8211; 7h \u00e0s 19h <\/p>\n\n\n\n<p><strong>USF Theom\u00e1rio Pinto da Costa<\/strong><br><strong>Endere\u00e7o: <\/strong>Pedro Dias Leme, s\/n, Parque Dez de Novembro<br><strong>Hor\u00e1rio de atendimento<\/strong>: segunda a sexta-feira &#8211; 6h \u00e0s 17h<\/p>\n\n\n\n<p><strong>USF Megumo Kado<\/strong><br><strong>Endere\u00e7o: <\/strong>Rua Am\u00e2ncio de Miranda, s\/n &#8211; Educandos<br><strong>Hor\u00e1rio de atendimento<\/strong>: segunda a sexta-feira &#8211; 7h \u00e0s 18h<\/p>\n\n\n\n<p><strong>USF <\/strong>Dr. Ant\u00f4nio Reis<br><strong>Endere\u00e7o: <\/strong>Rua Escandin\u00e1via, s\/n &#8211; S\u00e3o L\u00e1zaro<br><strong>Hor\u00e1rio de atendimento<\/strong>: segunda a sexta-feira &#8211; 7h \u00e0s 19h<\/p>\n\n\n\n<h3 class=\"wp-block-heading\">Zona Oeste<\/h3>\n\n\n\n<p><strong>USF Ajuricaba<\/strong><br><strong>Endere\u00e7o: <\/strong>Av. Leste, s\/n \u2013 Alvorada<br><strong>Hor\u00e1rio de atendimento<\/strong>: segunda a sexta-feira &#8211; 7h \u00e0s 17h<\/p>\n\n\n\n<p><strong>USF Santo Ant\u00f4ni<\/strong>o<br><strong>Endere\u00e7o: <\/strong>Rua Lauro Bitencourt, s\/n \u2013 Santo Ant\u00f4nio<br><strong>Hor\u00e1rio de atendimento:<\/strong> segunda a sexta-feira &#8211; 7h \u00e0s 19h<\/p>\n\n\n\n<p><strong>USF Vila da Prata<\/strong><br><strong>Endere\u00e7o: <\/strong>Rua Prom\u00e9cio, 150 \u2013 Vila da Prata<br><strong>Hor\u00e1rio de atendimento:<\/strong> segunda a sexta-feira &#8211; 7h \u00e0s 19h<\/p>\n\n\n\n<p><strong>USF S\u00e3o Vicente de Paulo<\/strong><br><strong>Endere\u00e7o:<\/strong> Rua S\u00e3o Tom\u00e9, s\/n \u2013 S\u00e3o Raimundo<br><strong>Hor\u00e1rio de atendimento:<\/strong> segunda a sexta-feira &#8211; 7h \u00e0s 17h<\/p>\n\n\n\n<p><strong>USF Rayol dos Santos<\/strong><br><strong>Endere\u00e7o:<\/strong> Rua Manoel Basta, s\/n \u2013 S\u00e3o Jorge<br><strong>Hor\u00e1rio de atendimento:<\/strong> segunda a sexta-feira &#8211; 7h \u00e0s 17h<\/p>\n\n\n\n<p><strong>USF Reden\u00e7\u00e3o<\/strong><br><strong>Endere\u00e7o<\/strong>: Rua Estrela Rajada, 22 \u2013 Reden\u00e7\u00e3o<br><strong>Hor\u00e1rio de atendimento:<\/strong> segunda a sexta-feira &#8211; 7h \u00e0s 19h<\/p>\n\n\n\n<p><strong>USF Luiz Montenegro<\/strong><br><strong>Endere\u00e7o:<\/strong> Rua Berlim, 16 \u2013 Planalto<br><strong>Hor\u00e1rio de atendimento<\/strong>: segunda a sexta-feira &#8211; 7h \u00e0s 19h<\/p>\n\n\n\n<p><strong>USF Dom Milton Correa<\/strong><br><strong>Endere\u00e7o<\/strong>: Rua Tiradentes, s\/n \u2013 Dom Pedro<br><strong>Hor\u00e1rio de atendimento:<\/strong> segunda a sexta-feira &#8211; 7h \u00e0s 19h<\/p>\n\n\n\n<p><strong>USF Deodato de Miranda Le\u00e3o<\/strong><br><strong>Endere\u00e7o:<\/strong> Av. Presidente Dutra, s\/n \u2013 Gl\u00f3ria<br><strong>Hor\u00e1rio de atendimento:<\/strong> segunda a sexta-feira &#8211; 7h \u00e0s 21h \/ s\u00e1bado &#8211; 7h \u00e0s 12h<\/p>\n\n\n\n<p><strong>USF Bairro da Paz<\/strong><br><strong>Endere\u00e7o: <\/strong>Rua Esperan\u00e7a, 51 \u2013 Bairro da Paz<br><strong>Hor\u00e1rio de atendimento: <\/strong>segunda a sexta-feira &#8211; 7h \u00e0s 17h<\/p>\n\n\n\n<p><strong>USF Leonor de Freitas<\/strong><br><strong>Endere\u00e7o: <\/strong>Av. Brasil, s\/n, Compensa II<br><strong>Hor\u00e1rio de atendimento<\/strong>: segunda a sexta-feira &#8211; 7h \u00e0s 17h <\/p>\n\n\n\n<p><strong>USF Wallid Abdel Aziz<\/strong><br><strong>Endere\u00e7o: <\/strong>Av. Jos\u00e9 Moacir Teberga de Toledo, s\/n, Parque Mosaico, Planalto<br><strong>Hor\u00e1rio de atendimento<\/strong>: segunda a sexta-feira &#8211; 7h \u00e0s 17h <\/p>\n\n\n\n<p><strong>USF Raimundo Franco de S\u00e1<\/strong><br><strong>Endere\u00e7o: <\/strong>Rua Virg\u00edlio Ferreira, 112-120, Alvorada<br><strong>Hor\u00e1rio de atendimento<\/strong>: segunda a sexta-feira &#8211; 7h \u00e0s 18h<\/p>\n\n\n\n<p><strong>USF Lindalva Damasceno<\/strong><br><strong>Endere\u00e7o: <\/strong>Avenida do Turismo, km 3, s\/n, Tarum\u00e3<br><strong>Hor\u00e1rio de atendimento<\/strong>: segunda a sexta-feira &#8211; 7h \u00e0s 16h <\/p>\n\n\n\n<p><strong>USF Mansour Bulbol<\/strong><br><strong>Endere\u00e7o: <\/strong>Av. Desembargador Jo\u00e3o Machado, 741, Alvorada<br><strong>Hor\u00e1rio de atendimento<\/strong>: segunda a sexta-feira &#8211; 7h \u00e0s 18h<\/p>\n\n\n\n<p><strong>USF Parque das Tribos<\/strong><br><strong>Endere\u00e7o: <\/strong>Rua Piratapuia, 19, Tarum\u00e3<br><strong>Hor\u00e1rio de atendimento<\/strong>: segunda a sexta-feira &#8211; 7h \u00e0s 16h<\/p>\n\n\n\n<p><strong>USF Silvio Santos<\/strong><br><strong>Endere\u00e7o: <\/strong>Rua Teot\u00f4nio Vilela, s\/n, Compensa<br><strong>Hor\u00e1rio de atendimento<\/strong>: segunda a sexta-feira &#8211; 7h \u00e0s 17h<\/p>\n\n\n\n<p><strong>USF Deodato de Miranda Le\u00e3o<\/strong><br><strong>Endere\u00e7o: <\/strong>Rua Presidente Dutra, s\/n, Gl\u00f3ria<br><strong>Hor\u00e1rio de atendimento<\/strong>: segunda a sexta-feira &#8211; 7h \u00e0s 21h \/ s\u00e1bado &#8211; 7h \u00e0s 12h<\/p>\n\n\n\n<p><strong>Policl\u00ednica Dr. Djalma Batista<\/strong>&nbsp;<strong>(em reforma)<\/strong><br><strong>Endere\u00e7o:<\/strong> Rua 23 de Dezembro, s\/n \u2013 Compensa II<br><strong>Hor\u00e1rio de atendimento<\/strong>: segunda a sexta-feira das 7h \u00e0s 18h<\/p>\n\n\n\n<h3 class=\"wp-block-heading\">Zona Leste<\/h3>\n\n\n\n<p><strong>USF Severiano Nunes<\/strong><br><strong>Endere\u00e7o:<\/strong> Rua das D\u00e1lias, s\/n \u2013 Jorge Teixeira<br><strong>Hor\u00e1rio de atendimento:<\/strong> segunda a sexta-feira &#8211; 7h \u00e0s 19h<\/p>\n\n\n\n<p><strong>USF Amazonas Palhano<\/strong><br><strong>Endere\u00e7o<\/strong>: Rua Ant\u00f4nio Mathias, s\/n \u2013 S\u00e3o Jos\u00e9<br><strong>Hor\u00e1rio de atendimento:<\/strong> segunda a sexta-feira &#8211; 7h \u00e0s 21h \/ s\u00e1bado &#8211; 7h \u00e0s 12h<\/p>\n\n\n\n<p><strong>USF Guilherme Alexandre<\/strong><br><strong>Endere\u00e7o:<\/strong> Rua Nova Rep\u00fablica, 575 \u2013 Col\u00f4nia Ant\u00f4nio Aleixo<br><strong>Hor\u00e1rio de atendimento:<\/strong> Segunda a sexta-feira das 7h \u00e0s 17h<\/p>\n\n\n\n<p><strong>USF Enf. Ivone Lima dos Santos<\/strong><br><strong>Endere\u00e7o<\/strong>: Rua Lu\u00eds Corrente, s\/n \u2013 Coroado<br><strong>Hor\u00e1rio de atendimento:<\/strong> segunda a sexta-feira &#8211; 7h \u00e0s 19h<\/p>\n\n\n\n<div class=\"wp-block-group is-layout-constrained wp-block-group-is-layout-constrained\"><div class=\"wp-block-group__inner-container\">\n<p><strong>USF Alfredo Campos<\/strong><br><strong>Endere\u00e7o<\/strong>: Av. Cosme Ferreira, s\/n \u2013 Zumbi<br><strong>Hor\u00e1rio de atendimento:<\/strong> segunda a sexta-feira &#8211; 7h \u00e0s 21h \/ s\u00e1bado &#8211; 7h \u00e0s 12h<\/p>\n<\/div><\/div>\n\n\n\n<p><strong>USF Luiza do Carmo Ribeiro<\/strong><br><strong>Endere\u00e7o:<\/strong> Estrada do Porto Velho, 831 \u2013 Vila Buri<br><strong>Hor\u00e1rio de atendimento:<\/strong> segunda a sexta-feira &#8211; 7h \u00e0s 17h<\/p>\n\n\n\n<p><strong>USF Gebes de Melo Medeiros Filho<\/strong><br><strong>Endere\u00e7o: <\/strong>Av. Pirarucu, 100 &#8211; Jorge Teixeira<br><strong>Hor\u00e1rio de atendimento<\/strong>: segunda a sexta-feira &#8211; 6h \u00e0s 18h <\/p>\n\n\n\n<p><strong>USF Dr. Waldir Bugalho de Medeiros<\/strong><br><strong>Endere\u00e7o: <\/strong>Rua 7 de Setembro, 871 &#8211; Jorge Teixeira<br><strong>Hor\u00e1rio de atendimento<\/strong>: segunda a sexta-feira &#8211; 6h \u00e0s 18h<\/p>\n\n\n\n<p><strong>USF Dr. Ant\u00f4nio Comte Telles<\/strong><br><strong>Endere\u00e7o: <\/strong>Rua J, s\/n &#8211; S\u00e3o Jos\u00e9<br><strong>Hor\u00e1rio de atendimento<\/strong>: segunda a sexta-feira &#8211; 7h \u00e0s 17h<\/p>\n","protected":false},"excerpt":{"rendered":"","protected":false},"author":27,"featured_media":0,"parent":211060,"menu_order":0,"comment_status":"closed","ping_status":"closed","template":"templates\/turismo.php","meta":{"footnotes":""},"acf":[],"yoast_head":"<!-- This site is optimized with the Yoast SEO plugin v23.0 - https:\/\/yoast.com\/wordpress\/plugins\/seo\/ -->\n<title>Esporotricose Humana - SEMSA<\/title>\n<meta name=\"robots\" content=\"index, follow, max-snippet:-1, max-image-preview:large, max-video-preview:-1\" \/>\n<link rel=\"canonical\" href=\"https:\/\/www.manaus.am.gov.br\/semsa\/unidades\/esporotricose-humana\/\" \/>\n<meta property=\"og:locale\" content=\"pt_BR\" \/>\n<meta property=\"og:type\" content=\"article\" \/>\n<meta property=\"og:title\" content=\"Esporotricose Humana - SEMSA\" \/>\n<meta property=\"og:url\" content=\"https:\/\/www.manaus.am.gov.br\/semsa\/unidades\/esporotricose-humana\/\" \/>\n<meta property=\"og:site_name\" content=\"SEMSA\" \/>\n<meta property=\"article:modified_time\" content=\"2026-04-15T18:53:39+00:00\" \/>\n<meta property=\"og:image\" content=\"https:\/\/www.manaus.am.gov.br\/semsa\/wp-content\/uploads\/sites\/8\/2024\/07\/thumb-default-2.png\" \/>\n\t<meta property=\"og:image:width\" content=\"966\" \/>\n\t<meta property=\"og:image:height\" content=\"520\" \/>\n\t<meta property=\"og:image:type\" content=\"image\/png\" \/>\n<meta name=\"twitter:card\" content=\"summary_large_image\" \/>\n<meta name=\"twitter:label1\" content=\"Est. reading time\" \/>\n\t<meta name=\"twitter:data1\" content=\"6 minutos\" \/>\n<script type=\"application\/ld+json\" class=\"yoast-schema-graph\">{\"@context\":\"https:\/\/schema.org\",\"@graph\":[{\"@type\":\"WebPage\",\"@id\":\"https:\/\/www.manaus.am.gov.br\/semsa\/unidades\/esporotricose-humana\/\",\"url\":\"https:\/\/www.manaus.am.gov.br\/semsa\/unidades\/esporotricose-humana\/\",\"name\":\"Esporotricose Humana - SEMSA\",\"isPartOf\":{\"@id\":\"https:\/\/www.manaus.am.gov.br\/semsa\/#website\"},\"datePublished\":\"2023-01-13T19:48:15+00:00\",\"dateModified\":\"2026-04-15T18:53:39+00:00\",\"breadcrumb\":{\"@id\":\"https:\/\/www.manaus.am.gov.br\/semsa\/unidades\/esporotricose-humana\/#breadcrumb\"},\"inLanguage\":\"pt-BR\",\"potentialAction\":[{\"@type\":\"ReadAction\",\"target\":[\"https:\/\/www.manaus.am.gov.br\/semsa\/unidades\/esporotricose-humana\/\"]}]},{\"@type\":\"BreadcrumbList\",\"@id\":\"https:\/\/www.manaus.am.gov.br\/semsa\/unidades\/esporotricose-humana\/#breadcrumb\",\"itemListElement\":[{\"@type\":\"ListItem\",\"position\":1,\"name\":\"Unidades\",\"item\":\"https:\/\/www.manaus.am.gov.br\/semsa\/unidades\/\"},{\"@type\":\"ListItem\",\"position\":2,\"name\":\"Esporotricose Humana\"}]},{\"@type\":\"WebSite\",\"@id\":\"https:\/\/www.manaus.am.gov.br\/semsa\/#website\",\"url\":\"https:\/\/www.manaus.am.gov.br\/semsa\/\",\"name\":\"SEMSA\",\"description\":\"Secretaria Municipal de Sa\u00fade\",\"alternateName\":\"Secretaria Municipal de Sa\u00fade\",\"potentialAction\":[{\"@type\":\"SearchAction\",\"target\":{\"@type\":\"EntryPoint\",\"urlTemplate\":\"https:\/\/www.manaus.am.gov.br\/semsa\/?s={search_term_string}\"},\"query-input\":\"required name=search_term_string\"}],\"inLanguage\":\"pt-BR\"}]}<\/script>\n<!-- \/ Yoast SEO plugin. -->","yoast_head_json":{"title":"Esporotricose Humana - SEMSA","robots":{"index":"index","follow":"follow","max-snippet":"max-snippet:-1","max-image-preview":"max-image-preview:large","max-video-preview":"max-video-preview:-1"},"canonical":"https:\/\/www.manaus.am.gov.br\/semsa\/unidades\/esporotricose-humana\/","og_locale":"pt_BR","og_type":"article","og_title":"Esporotricose Humana - SEMSA","og_url":"https:\/\/www.manaus.am.gov.br\/semsa\/unidades\/esporotricose-humana\/","og_site_name":"SEMSA","article_modified_time":"2026-04-15T18:53:39+00:00","og_image":[{"width":966,"height":520,"url":"https:\/\/www.manaus.am.gov.br\/semsa\/wp-content\/uploads\/sites\/8\/2024\/07\/thumb-default-2.png","type":"image\/png"}],"twitter_card":"summary_large_image","twitter_misc":{"Est. reading time":"6 minutos"},"schema":{"@context":"https:\/\/schema.org","@graph":[{"@type":"WebPage","@id":"https:\/\/www.manaus.am.gov.br\/semsa\/unidades\/esporotricose-humana\/","url":"https:\/\/www.manaus.am.gov.br\/semsa\/unidades\/esporotricose-humana\/","name":"Esporotricose Humana - SEMSA","isPartOf":{"@id":"https:\/\/www.manaus.am.gov.br\/semsa\/#website"},"datePublished":"2023-01-13T19:48:15+00:00","dateModified":"2026-04-15T18:53:39+00:00","breadcrumb":{"@id":"https:\/\/www.manaus.am.gov.br\/semsa\/unidades\/esporotricose-humana\/#breadcrumb"},"inLanguage":"pt-BR","potentialAction":[{"@type":"ReadAction","target":["https:\/\/www.manaus.am.gov.br\/semsa\/unidades\/esporotricose-humana\/"]}]},{"@type":"BreadcrumbList","@id":"https:\/\/www.manaus.am.gov.br\/semsa\/unidades\/esporotricose-humana\/#breadcrumb","itemListElement":[{"@type":"ListItem","position":1,"name":"Unidades","item":"https:\/\/www.manaus.am.gov.br\/semsa\/unidades\/"},{"@type":"ListItem","position":2,"name":"Esporotricose Humana"}]},{"@type":"WebSite","@id":"https:\/\/www.manaus.am.gov.br\/semsa\/#website","url":"https:\/\/www.manaus.am.gov.br\/semsa\/","name":"SEMSA","description":"Secretaria Municipal de Sa\u00fade","alternateName":"Secretaria Municipal de Sa\u00fade","potentialAction":[{"@type":"SearchAction","target":{"@type":"EntryPoint","urlTemplate":"https:\/\/www.manaus.am.gov.br\/semsa\/?s={search_term_string}"},"query-input":"required name=search_term_string"}],"inLanguage":"pt-BR"}]}},"_links":{"self":[{"href":"https:\/\/www.manaus.am.gov.br\/semsa\/wp-json\/wp\/v2\/pages\/208070"}],"collection":[{"href":"https:\/\/www.manaus.am.gov.br\/semsa\/wp-json\/wp\/v2\/pages"}],"about":[{"href":"https:\/\/www.manaus.am.gov.br\/semsa\/wp-json\/wp\/v2\/types\/page"}],"author":[{"embeddable":true,"href":"https:\/\/www.manaus.am.gov.br\/semsa\/wp-json\/wp\/v2\/users\/27"}],"replies":[{"embeddable":true,"href":"https:\/\/www.manaus.am.gov.br\/semsa\/wp-json\/wp\/v2\/comments?post=208070"}],"version-history":[{"count":34,"href":"https:\/\/www.manaus.am.gov.br\/semsa\/wp-json\/wp\/v2\/pages\/208070\/revisions"}],"predecessor-version":[{"id":228581,"href":"https:\/\/www.manaus.am.gov.br\/semsa\/wp-json\/wp\/v2\/pages\/208070\/revisions\/228581"}],"up":[{"embeddable":true,"href":"https:\/\/www.manaus.am.gov.br\/semsa\/wp-json\/wp\/v2\/pages\/211060"}],"wp:attachment":[{"href":"https:\/\/www.manaus.am.gov.br\/semsa\/wp-json\/wp\/v2\/media?parent=208070"}],"curies":[{"name":"wp","href":"https:\/\/api.w.org\/{rel}","templated":true}]}}