{"id":207783,"date":"2023-01-11T17:48:39","date_gmt":"2023-01-11T21:48:39","guid":{"rendered":"https:\/\/www.manaus.am.gov.br\/semsa\/?page_id=207783"},"modified":"2026-03-09T10:27:18","modified_gmt":"2026-03-09T14:27:18","slug":"vacinacao","status":"publish","type":"page","link":"https:\/\/www.manaus.am.gov.br\/semsa\/unidades\/vacinacao\/","title":{"rendered":"Vacina\u00e7\u00e3o"},"content":{"rendered":"\n<p><a href=\"https:\/\/www.manaus.am.gov.br\/semsa\/wp-content\/uploads\/sites\/8\/2026\/03\/UNIDADES-E-MATERNIDADES-DE-REFERENCIA-PARA-NIRSEVIMABE.pdf\">Maternidades e Unidades de Sa\u00fade refer\u00eancia para Nirsevimabe<\/a><\/p>\n\n\n\n<p><\/p>\n\n\n\n<p><a href=\"https:\/\/www.manaus.am.gov.br\/semsa\/wp-content\/uploads\/sites\/8\/2026\/01\/SALAS-DE-VACINA-DO-VIRUS-SINCICIAL.pdf\">Salas de vacina com vacina\u00e7\u00e3o contra o V\u00edrus Sincicial<\/a><\/p>\n\n\n\n<p><\/p>\n\n\n\n<p><a href=\"https:\/\/www.manaus.am.gov.br\/semsa\/wp-content\/uploads\/sites\/8\/2026\/01\/SALAS-DE-VACINA-MANAUS.pdf\">Salas de vacina Manaus<\/a><\/p>\n\n\n\n<p><\/p>\n\n\n\n<p><a href=\"https:\/\/www.manaus.am.gov.br\/semsa\/wp-content\/uploads\/sites\/8\/2026\/01\/SALAS-DE-VACINA-COVID.pdf\">Salas de vacina com vacina\u00e7\u00e3o contra Covid 19<\/a><\/p>\n\n\n\n<p><\/p>\n\n\n\n<p><a href=\"https:\/\/www.manaus.am.gov.br\/semsa\/wp-content\/uploads\/sites\/8\/2026\/01\/SALAS-DE-VACINA-QDENGA.pdf\">Salas de vacina com vacina\u00e7\u00e3o contra Dengue<\/a><\/p>\n\n\n\n<p><\/p>\n\n\n\n<p><a href=\"https:\/\/www.manaus.am.gov.br\/semsa\/wp-content\/uploads\/sites\/8\/2026\/03\/UNIDADES-E-MATERNIDADES-DE-REFERENCIA-PARA-VACINA-BCG.pdf\">Maternidades e Unidades de Sa\u00fade refer\u00eancia para vacina BCG<\/a><\/p>\n\n\n\n<p><\/p>\n\n\n\n<div style=\"height:20px\" aria-hidden=\"true\" class=\"wp-block-spacer\"><\/div>\n\n\n\n<h3 class=\"wp-block-heading\">Servi\u00e7os\/orienta\u00e7\u00f5es<\/h3>\n\n\n\n<p>As vacinas, com exce\u00e7\u00e3o da vacina BCG, preconizadas no calend\u00e1rio de vacina\u00e7\u00e3o est\u00e3o dispon\u00edveis em todas as salas de vacina do munic\u00edpio de Manaus, que podem ser consultadas no site da Semsa.<\/p>\n\n\n\n<p>A vacina BCG \u00e9 ofertada em todas as maternidades p\u00fablicas de Manaus. Para crian\u00e7as nascidas em domic\u00edlio ou em maternidades privadas que n\u00e3o ofertam a vacina, a Secretaria Municipal disp\u00f5e de oito salas de vacinas que ofertam esse imunobiol\u00f3gico. <\/p>\n\n\n\n<p>A vacina antirr\u00e1bica est\u00e1 dispon\u00edvel em 17 salas de vacina\u00e7\u00e3o e necessita de avalia\u00e7\u00e3o m\u00e9dica para receber o imunobiol\u00f3gico.<\/p>\n","protected":false},"excerpt":{"rendered":"","protected":false},"author":27,"featured_media":0,"parent":211060,"menu_order":0,"comment_status":"closed","ping_status":"closed","template":"templates\/turismo.php","meta":{"footnotes":""},"acf":[],"yoast_head":"<!-- This site is optimized with the Yoast SEO plugin v23.0 - https:\/\/yoast.com\/wordpress\/plugins\/seo\/ -->\n<title>Vacina\u00e7\u00e3o - SEMSA<\/title>\n<meta name=\"robots\" content=\"index, follow, max-snippet:-1, max-image-preview:large, max-video-preview:-1\" \/>\n<link rel=\"canonical\" href=\"https:\/\/www.manaus.am.gov.br\/semsa\/unidades\/vacinacao\/\" \/>\n<meta property=\"og:locale\" content=\"pt_BR\" \/>\n<meta property=\"og:type\" content=\"article\" \/>\n<meta property=\"og:title\" content=\"Vacina\u00e7\u00e3o - SEMSA\" \/>\n<meta property=\"og:url\" content=\"https:\/\/www.manaus.am.gov.br\/semsa\/unidades\/vacinacao\/\" \/>\n<meta property=\"og:site_name\" content=\"SEMSA\" \/>\n<meta property=\"article:modified_time\" content=\"2026-03-09T14:27:18+00:00\" \/>\n<meta property=\"og:image\" content=\"https:\/\/www.manaus.am.gov.br\/semsa\/wp-content\/uploads\/sites\/8\/2024\/07\/thumb-default-2.png\" \/>\n\t<meta property=\"og:image:width\" content=\"966\" \/>\n\t<meta property=\"og:image:height\" content=\"520\" \/>\n\t<meta property=\"og:image:type\" content=\"image\/png\" \/>\n<meta name=\"twitter:card\" content=\"summary_large_image\" \/>\n<meta name=\"twitter:label1\" content=\"Est. reading time\" \/>\n\t<meta name=\"twitter:data1\" content=\"1 minuto\" \/>\n<script type=\"application\/ld+json\" class=\"yoast-schema-graph\">{\"@context\":\"https:\/\/schema.org\",\"@graph\":[{\"@type\":\"WebPage\",\"@id\":\"https:\/\/www.manaus.am.gov.br\/semsa\/unidades\/vacinacao\/\",\"url\":\"https:\/\/www.manaus.am.gov.br\/semsa\/unidades\/vacinacao\/\",\"name\":\"Vacina\u00e7\u00e3o - SEMSA\",\"isPartOf\":{\"@id\":\"https:\/\/www.manaus.am.gov.br\/semsa\/#website\"},\"datePublished\":\"2023-01-11T21:48:39+00:00\",\"dateModified\":\"2026-03-09T14:27:18+00:00\",\"breadcrumb\":{\"@id\":\"https:\/\/www.manaus.am.gov.br\/semsa\/unidades\/vacinacao\/#breadcrumb\"},\"inLanguage\":\"pt-BR\",\"potentialAction\":[{\"@type\":\"ReadAction\",\"target\":[\"https:\/\/www.manaus.am.gov.br\/semsa\/unidades\/vacinacao\/\"]}]},{\"@type\":\"BreadcrumbList\",\"@id\":\"https:\/\/www.manaus.am.gov.br\/semsa\/unidades\/vacinacao\/#breadcrumb\",\"itemListElement\":[{\"@type\":\"ListItem\",\"position\":1,\"name\":\"Unidades\",\"item\":\"https:\/\/www.manaus.am.gov.br\/semsa\/unidades\/\"},{\"@type\":\"ListItem\",\"position\":2,\"name\":\"Vacina\u00e7\u00e3o\"}]},{\"@type\":\"WebSite\",\"@id\":\"https:\/\/www.manaus.am.gov.br\/semsa\/#website\",\"url\":\"https:\/\/www.manaus.am.gov.br\/semsa\/\",\"name\":\"SEMSA\",\"description\":\"Secretaria Municipal de Sa\u00fade\",\"alternateName\":\"Secretaria Municipal de Sa\u00fade\",\"potentialAction\":[{\"@type\":\"SearchAction\",\"target\":{\"@type\":\"EntryPoint\",\"urlTemplate\":\"https:\/\/www.manaus.am.gov.br\/semsa\/?s={search_term_string}\"},\"query-input\":\"required name=search_term_string\"}],\"inLanguage\":\"pt-BR\"}]}<\/script>\n<!-- \/ Yoast SEO plugin. -->","yoast_head_json":{"title":"Vacina\u00e7\u00e3o - SEMSA","robots":{"index":"index","follow":"follow","max-snippet":"max-snippet:-1","max-image-preview":"max-image-preview:large","max-video-preview":"max-video-preview:-1"},"canonical":"https:\/\/www.manaus.am.gov.br\/semsa\/unidades\/vacinacao\/","og_locale":"pt_BR","og_type":"article","og_title":"Vacina\u00e7\u00e3o - SEMSA","og_url":"https:\/\/www.manaus.am.gov.br\/semsa\/unidades\/vacinacao\/","og_site_name":"SEMSA","article_modified_time":"2026-03-09T14:27:18+00:00","og_image":[{"width":966,"height":520,"url":"https:\/\/www.manaus.am.gov.br\/semsa\/wp-content\/uploads\/sites\/8\/2024\/07\/thumb-default-2.png","type":"image\/png"}],"twitter_card":"summary_large_image","twitter_misc":{"Est. reading time":"1 minuto"},"schema":{"@context":"https:\/\/schema.org","@graph":[{"@type":"WebPage","@id":"https:\/\/www.manaus.am.gov.br\/semsa\/unidades\/vacinacao\/","url":"https:\/\/www.manaus.am.gov.br\/semsa\/unidades\/vacinacao\/","name":"Vacina\u00e7\u00e3o - SEMSA","isPartOf":{"@id":"https:\/\/www.manaus.am.gov.br\/semsa\/#website"},"datePublished":"2023-01-11T21:48:39+00:00","dateModified":"2026-03-09T14:27:18+00:00","breadcrumb":{"@id":"https:\/\/www.manaus.am.gov.br\/semsa\/unidades\/vacinacao\/#breadcrumb"},"inLanguage":"pt-BR","potentialAction":[{"@type":"ReadAction","target":["https:\/\/www.manaus.am.gov.br\/semsa\/unidades\/vacinacao\/"]}]},{"@type":"BreadcrumbList","@id":"https:\/\/www.manaus.am.gov.br\/semsa\/unidades\/vacinacao\/#breadcrumb","itemListElement":[{"@type":"ListItem","position":1,"name":"Unidades","item":"https:\/\/www.manaus.am.gov.br\/semsa\/unidades\/"},{"@type":"ListItem","position":2,"name":"Vacina\u00e7\u00e3o"}]},{"@type":"WebSite","@id":"https:\/\/www.manaus.am.gov.br\/semsa\/#website","url":"https:\/\/www.manaus.am.gov.br\/semsa\/","name":"SEMSA","description":"Secretaria Municipal de Sa\u00fade","alternateName":"Secretaria Municipal de Sa\u00fade","potentialAction":[{"@type":"SearchAction","target":{"@type":"EntryPoint","urlTemplate":"https:\/\/www.manaus.am.gov.br\/semsa\/?s={search_term_string}"},"query-input":"required name=search_term_string"}],"inLanguage":"pt-BR"}]}},"_links":{"self":[{"href":"https:\/\/www.manaus.am.gov.br\/semsa\/wp-json\/wp\/v2\/pages\/207783"}],"collection":[{"href":"https:\/\/www.manaus.am.gov.br\/semsa\/wp-json\/wp\/v2\/pages"}],"about":[{"href":"https:\/\/www.manaus.am.gov.br\/semsa\/wp-json\/wp\/v2\/types\/page"}],"author":[{"embeddable":true,"href":"https:\/\/www.manaus.am.gov.br\/semsa\/wp-json\/wp\/v2\/users\/27"}],"replies":[{"embeddable":true,"href":"https:\/\/www.manaus.am.gov.br\/semsa\/wp-json\/wp\/v2\/comments?post=207783"}],"version-history":[{"count":101,"href":"https:\/\/www.manaus.am.gov.br\/semsa\/wp-json\/wp\/v2\/pages\/207783\/revisions"}],"predecessor-version":[{"id":227924,"href":"https:\/\/www.manaus.am.gov.br\/semsa\/wp-json\/wp\/v2\/pages\/207783\/revisions\/227924"}],"up":[{"embeddable":true,"href":"https:\/\/www.manaus.am.gov.br\/semsa\/wp-json\/wp\/v2\/pages\/211060"}],"wp:attachment":[{"href":"https:\/\/www.manaus.am.gov.br\/semsa\/wp-json\/wp\/v2\/media?parent=207783"}],"curies":[{"name":"wp","href":"https:\/\/api.w.org\/{rel}","templated":true}]}}