{"id":307,"date":"2023-07-17T18:16:52","date_gmt":"2023-07-17T21:16:52","guid":{"rendered":"https:\/\/www.manaus.am.gov.br\/semmas\/?page_id=307"},"modified":"2023-10-30T19:00:01","modified_gmt":"2023-10-30T22:00:01","slug":"areas-protegidas","status":"publish","type":"page","link":"https:\/\/www.manaus.am.gov.br\/semmas\/areas-protegidas\/","title":{"rendered":"\u00c1reas Protegidas"},"content":{"rendered":"\n<p>A SEMMAS responde pela gest\u00e3o de doze (12) \u00e1reas protegidas na cidade, sendo 10 Unidades de Conserva\u00e7\u00e3o e 2 Corredores Ecol\u00f3gicos. Esses espa\u00e7os territoriais especialmente protegidos ocupam 4,75% da \u00e1rea do munic\u00edpio de Manaus, com um papel fundamental &nbsp;na prote\u00e7\u00e3o da natureza, da fauna e da flora.<\/p>\n\n\n\n<h3 class=\"wp-block-heading\">Fun\u00e7\u00f5es das \u00c1reas Protegidas<\/h3>\n\n\n\n<ul>\n<li>Sobreviv\u00eancia de animais e plantas<\/li>\n\n\n\n<li>Regula\u00e7\u00e3o do clima<\/li>\n\n\n\n<li>Abastecimento dos mananciais de \u00e1gua<\/li>\n\n\n\n<li>Qualidade de vida e bem-estar \u00e0 popula\u00e7\u00e3o<\/li>\n\n\n\n<li>Servi\u00e7os como lazer, educa\u00e7\u00e3o e interpreta\u00e7\u00e3o ambiental, pesquisa, recrea\u00e7\u00e3o, esporte, cultura e contempla\u00e7\u00e3o da natureza.<\/li>\n<\/ul>\n\n\n\n<h2 class=\"wp-block-heading\">Unidades de Conserva\u00e7\u00e3o<\/h2>\n\n\n\n<h3 class=\"wp-block-heading\" style=\"text-transform:uppercase\">Parque do Mindu<\/h3>\n\n\n\n<p>Com 40,8 hectares de biodiversidade, no cora\u00e7\u00e3o de Manaus e a 15 minutos do centro da cidade, o Parque Municipal do Mindu foi criado a partir de um movimento popular iniciado em 1989, pelos moradores do bairro Parque Dez de Novembro, como forma de proteger o habitat do sauim-de-coleira (<em>Saguinus bicolor<\/em>). Em 1993 foi oficialmente institu\u00eddo como espa\u00e7o protegido, em \u00e1rea de 30,9 ha, e ap\u00f3s o Decreto n\u00ba 9.043\/2007, passa a ter uma \u00e1rea de 40,8 ha. Trata-se de uma Unidade de Conserva\u00e7\u00e3o de Prote\u00e7\u00e3o Integral, sendo admitido o uso indireto dos seus recursos.<\/p>\n\n\n\n<p>O objetivo do Parque \u00e9 promover e desenvolver atividades ambientais e culturais com a finalidade de propiciar momentos de integra\u00e7\u00e3o comunit\u00e1ria, permitindo despertar os moradores do entorno e os visitantes para quest\u00f5es socioambientais e culturais no que diz respeito \u00e0 valoriza\u00e7\u00e3o do mesmo, al\u00e9m de possibilitar a realiza\u00e7\u00e3o de pesquisas cient\u00edficas, preservando os ecossistemas naturais de grande relev\u00e2ncia ecol\u00f3gica.<\/p>\n\n\n\n<p><strong>Atrativos<\/strong><\/p>\n\n\n\n<p>Trilhas interpretativas<br>Exemplares da flora e fauna silvestre observados durante caminhada nas trilhas<br>Orquid\u00e1rio e canteiro de ervas com propriedades medicinais e arom\u00e1ticas<\/p>\n\n\n\n<p><strong>Funcionamento<\/strong><\/p>\n\n\n\n<p>Aberto para visita\u00e7\u00e3o de ter\u00e7a-feira a domingo, das 8 \u00e0s 17 horas.<\/p>\n\n\n\n<p><strong>Endere\u00e7o<\/strong><\/p>\n\n\n\n<p>Av. Perimetral, s\/n, Parque 10 de Novembro \u2013 Zona Centro Sul de Manaus.<\/p>\n\n\n\n<h3 class=\"wp-block-heading\" style=\"text-transform:uppercase\">Parque das Nascentes do Mindu<\/h3>\n\n\n\n<p>Trata-se de uma Unidade de Conserva\u00e7\u00e3o de Prote\u00e7\u00e3o Integral e foi criado para proteger e preservar tr\u00eas das principais nascentes que d\u00e3o origem ao Igarap\u00e9 do Mindu, as quais apresentam \u00e1gua cristalina, pr\u00f3pria ao consumo humano.<\/p>\n\n\n\n<p>O Parque possui 16 hectares em \u00e1rea, com uma flora de 70% de esp\u00e9cies nativas e fauna composta por pequenos roedores e mam\u00edferos, como sauins-de-coleira, macacos-de-cheiro e tamb\u00e9m aves, como tucanos, saracuras, corujas, gavi\u00f5es.<\/p>\n\n\n\n<p><strong>Atrativos<\/strong><\/p>\n\n\n\n<p>Nascentes principais do igarap\u00e9 do Mindu preservadas<br>Trilhas interpretativas para atividades de educa\u00e7\u00e3o ambiental<br>Fauna Silvestre em vida livre<\/p>\n\n\n\n<p><strong>Funcionamento<\/strong><\/p>\n\n\n\n<p>Aberto para visita\u00e7\u00e3o de ter\u00e7a-feira a domingo, das 8 \u00e0s 17 horas.<\/p>\n\n\n\n<p><strong>Endere\u00e7o<\/strong><\/p>\n\n\n\n<p>Rua Andorinha, s\/n, Cidade de Deus \u2013 Zona Leste de Manaus.<\/p>\n\n\n\n<h3 class=\"wp-block-heading\" style=\"text-transform:uppercase\">Ref\u00fagio da Vida Silvestre Sauim-Castanheiras<\/h3>\n\n\n\n<p>O RVS Sauim Castanheiras ocupa \u00e1rea de 95 ha. Foi criado em 1982, como Reserva Ecol\u00f3gica, com objetivo de proteger as popula\u00e7\u00f5es do Sauim-de-Manaus (<em>Saguinus bicolor<\/em>) e de Castanhas-do-Brasil (<em>Bertholletia excelsa<\/em>). Em 2001 passou a ser gerido pela Prefeitura de Manaus, por meio da SEMMAS. Aliado \u00e0 prote\u00e7\u00e3o da biodiversidade presente na unidade, o RVS desenvolve atividades com foco na prote\u00e7\u00e3o da fauna silvestre nativa, por meio de um Centro de Triagem de Animais Silvestres \u2013 CETAS e o Servi\u00e7o de Resgate de Animais, existentes no Ref\u00fagio.<\/p>\n\n\n\n<p>O CETAS, juntamente com o servi\u00e7o de resgate atende animais silvestres que se encontram amea\u00e7ados por qualquer fator de risco: perda de habitat, maus tratos dom\u00e9sticos, acidentes, entre outros. Em alguns casos h\u00e1 a entrega volunt\u00e1ria de particulares. Os animais resgatados s\u00e3o encaminhados ao CETAS, identificados conforme sua esp\u00e9cie, e avaliados por m\u00e9dico veterin\u00e1rio. Caso necess\u00e1rio, passam por tratamentos cl\u00ednicos, visando sempre seu retorno ao habitat. Nos casos em que o animal n\u00e3o tem condi\u00e7\u00f5es de ser reintegrado \u00e0 natureza, ele poder\u00e1 ser destinado a institui\u00e7\u00f5es autorizadas a manter animais silvestres, como zool\u00f3gicos e criadouros cient\u00edficos. Diferente de zool\u00f3gico, o CETAS \u00e9 um local de recupera\u00e7\u00e3o de animais, n\u00e3o sendo permitida a visita\u00e7\u00e3o de pessoas.<\/p>\n\n\n\n<p><strong>Localiza\u00e7\u00e3o<\/strong><\/p>\n\n\n\n<p>Alameda Cosme Ferreira, s\/n, Distrito Industrial II.<\/p>\n\n\n\n<p><strong>Contatos<\/strong><\/p>\n\n\n\n<p>3618-9345 e 98842-3190.<\/p>\n\n\n\n<h3 class=\"wp-block-heading\" style=\"text-transform:uppercase\">Reserva de Desenvolvimento Sustent\u00e1vel (RDS) do Tup\u00e9<\/h3>\n\n\n\n<p>Uma RDS \u00e9 uma \u00e1rea natural, que abriga popula\u00e7\u00f5es tradicionais, cuja exist\u00eancia baseia-se em sistemas sustent\u00e1veis de explora\u00e7\u00e3o de recursos naturais, desenvolvidos ao longo de gera\u00e7\u00f5es e adaptados \u00e0s quest\u00f5es ecol\u00f3gicas locais e que desempenham um papel fundamental na prote\u00e7\u00e3o da natureza e na manuten\u00e7\u00e3o da diversidade biol\u00f3gica.<\/p>\n\n\n\n<h3 class=\"wp-block-heading\"><a href=\"https:\/\/www.manaus.am.gov.br\/semmas\/wp-content\/uploads\/sites\/26\/2023\/07\/dom20051313cad1-Criacao-da-Reserva.pdf\" target=\"_blank\" rel=\"noreferrer noopener\">Decreto de Cria\u00e7\u00e3o da Reserva de Desenvolvimento Sustent\u00e1vel do Tup\u00e9<\/a><\/h3>\n\n\n\n<p>A RDS do Tup\u00e9 foi criada pelo Decreto 8044\/2005, em 11.973 ha, abrigando seis comunidades: Livramento, Juli\u00e3o, Col\u00f4nia Central, Tatu, S\u00e3o Jo\u00e3o do Lago do Tup\u00e9 e Agrovila.<\/p>\n\n\n\n<p>A reserva integra o Mosaico de Unidades de Conserva\u00e7\u00e3o do Baixo Rio Negro e Corredor Central da Amaz\u00f4nia.<\/p>\n\n\n\n<p>A praia do Tup\u00e9, entre os diversos atrativos ambientais da RDS, forma pelo contraste exuberante das \u00e1guas escuras do Rio Negro, areia branqu\u00edssima e vegeta\u00e7\u00e3o exuberante, uma das mais magn\u00edficas paisagens da capital do Estado. A praia possui um Regulamento de Uso que disciplina e orienta aos visitantes sobre o uso sustent\u00e1vel da \u00e1rea.<\/p>\n\n\n\n<p>A RDS por meio da Resolu\u00e7\u00e3o n\u00ba 040\/2006-COMDEMA&nbsp; criou o Conselho Deliberativo da Reserva, que em conjunto com a SEMMAS, possui papel nas decis\u00f5es e delibera\u00e7\u00f5es na gest\u00e3o da \u00e1rea.<\/p>\n\n\n\n<p>Segue abaixo o termo de autoriza\u00e7\u00e3o para utiliza\u00e7\u00e3o da praia do tup\u00e9 e para pernoite, al\u00e9m do regulamento de uso da praia que serve como embasamento para a cria\u00e7\u00e3o deste termo:<\/p>\n\n\n\n<h3 class=\"wp-block-heading\"><a href=\"https:\/\/www.manaus.am.gov.br\/semmas\/wp-content\/uploads\/sites\/26\/2023\/07\/AUTORIZACAO-DE-PERNOITE-1.doc\" target=\"_blank\" rel=\"noreferrer noopener\">Autoriza\u00e7\u00e3o de pernoite<\/a><\/h3>\n\n\n\n<h3 class=\"wp-block-heading\"><a href=\"https:\/\/www.manaus.am.gov.br\/semmas\/wp-content\/uploads\/sites\/26\/2023\/07\/FICHA-DA-EMBARCACAO.doc\" target=\"_blank\" rel=\"noreferrer noopener\">Ficha da embarca\u00e7\u00e3o<\/a><\/h3>\n\n\n\n<h3 class=\"wp-block-heading\"><a href=\"https:\/\/www.manaus.am.gov.br\/semmas\/wp-content\/uploads\/sites\/26\/2023\/07\/dom20082075-Regulamento-de-Uso-da-Praia.pdf\" target=\"_blank\" rel=\"noreferrer noopener\">Regulamento de uso da praia<\/a><\/h3>\n\n\n\n<h3 class=\"wp-block-heading\"><a href=\"https:\/\/www.manaus.am.gov.br\/semmas\/wp-content\/uploads\/sites\/26\/2023\/07\/TERMO-DE-COMPROMISSO.doc\" target=\"_blank\" rel=\"noreferrer noopener\">Termo de compromisso<\/a><\/h3>\n\n\n\n<p><strong>Hor\u00e1rio de Atendimento: <\/strong><\/p>\n\n\n\n<p>De segunda a sexta-feira, das 8:00 \u00e0s 17:00hs.<\/p>\n\n\n\n<p><strong>Telefone de Contato: <\/strong><\/p>\n\n\n\n<p>3236-7420<\/p>\n\n\n\n<p><strong>Endere\u00e7o<\/strong><\/p>\n\n\n\n<p>Rua Rub\u00eddio, n\u00ba 288, Antiga Rua Santa Isabel, Vila da Prata, Cep \u2013 69030-530, Manaus\/Amazonas<\/p>\n\n\n\n<p><strong>OBS: <\/strong>Os termos preenchidos e demais d\u00favidas podem ser enviadas para o e-mail rdstupe@pmm.am.gov.br<\/p>\n\n\n\n<h2 class=\"wp-block-heading\">\u00c1REA DE PROTE\u00c7\u00c3O AMBIENTAL (APA)<\/h2>\n\n\n\n<p>O munic\u00edpio de Manaus possui seis APAs distribu\u00eddas nas zonas Oeste, Norte e Centro-sul da cidade.&nbsp; A fauna end\u00eamica local, especialmente nestas Unidades de Conserva\u00e7\u00e3o, ainda \u00e9 bastante diversificada, sendo importante atributo de conserva\u00e7\u00e3o de seus ecossistemas. S\u00e3o encontrados desde pequenos vertebrados (anf\u00edbios e r\u00e9pteis) at\u00e9 mam\u00edferos de m\u00e9dio porte como: cutia (<em>Dasyprocta aguti<\/em>), pregui\u00e7a-bentinho (<em>Bradypus tridactylus<\/em>), pacas (<em>Cuniculus<\/em> <em>paca<\/em>), e o sauim-de-coleira (<em>Saguinus bicolor<\/em>) que, segundo o Plano de A\u00e7\u00e3o Nacional do Sauim-de-coleira&nbsp; encontra-se em alto risco de extin\u00e7\u00e3o. A esp\u00e9cie vem sendo extinta da cidade&nbsp; pela r\u00e1pida redu\u00e7\u00e3o de suas \u00e1reas de ocorr\u00eancia, a qual contribui para a diminui\u00e7\u00e3o do tamanho das popula\u00e7\u00f5es.<\/p>\n\n\n\n<p>APA \u00e9 uma \u00e1rea em geral extensa, com certo grau de ocupa\u00e7\u00e3o humana, dotada de atributos abi\u00f3ticos, bi\u00f3ticos, est\u00e9ticos ou culturais especiais&nbsp; para a qualidade de vida e o bem estar das popula\u00e7\u00f5es humanas, com objetivo b\u00e1sico de proteger a diversidade biol\u00f3gica e disciplinar o processo de ocupa\u00e7\u00e3o, assegurando a sustentabilidade do uso dos recursos naturais.<\/p>\n\n\n\n<h3 class=\"wp-block-heading\" style=\"text-transform:uppercase\">APA Tarum\u00e3-Ponta Negra<\/h3>\n\n\n\n<p>Criada pelo Decreto 9.556\/2008 abrange \u00e1rea de 22.698,84 ha, distribu\u00edda em \u00e1rea urbana, \u00e1rea de transi\u00e7\u00e3o e \u00e1rea rural (Plano Diretor, 2014), na parte oeste de Manaus, para onde o processo de ocupa\u00e7\u00e3o da cidade tem migrado. Os limites da APA foram tra\u00e7ados em fun\u00e7\u00e3o da bacia do igarap\u00e9 do Tarum\u00e3-A\u00e7u, que representa um importante contribuinte do Rio Negro. Os benef\u00edcios da conserva\u00e7\u00e3o dos seus recursos naturais abrangem a cidade como um todo, uma vez que contribuem para a melhoria da qualidade ambiental do munic\u00edpio de Manaus, prejudicada pelas fortes interven\u00e7\u00f5es antr\u00f3picas, como desmatamento, impermeabiliza\u00e7\u00e3o do solo, queimadas, supress\u00e3o de mata ciliar e perda de biodiversidade.<\/p>\n\n\n\n<h3 class=\"wp-block-heading\" style=\"text-transform:uppercase\">APA Parque Linear do Gigante<\/h3>\n\n\n\n<p>A APA Parque Linear do Gigante, criada pelo Decreto n\u00ba 1.500 de 27\/03\/2012, abrange parte da bacia do igarap\u00e9 do Gigante e engloba uma \u00e1rea de 155,18 ha, no bairro Tarum\u00e3, zona Oeste de Manaus. Apesar de apresentar trechos com \u00c1rea de Preserva\u00e7\u00e3o Permanente bastante preservada encontra-se amea\u00e7ada pelo crescimento da cidade naquela zona. A conserva\u00e7\u00e3o do curso d\u2019\u00e1gua desse igarap\u00e9 totalmente inserido em \u00e1rea urbana faz-se necess\u00e1ria com a inser\u00e7\u00e3o da popula\u00e7\u00e3o do entorno em atividades socioeducativas.<\/p>\n\n\n\n<h3 class=\"wp-block-heading\" style=\"text-transform:uppercase\">\u00c1rea de Prote\u00e7\u00e3o Ambiental Floresta Mana\u00f3s<\/h3>\n\n\n\n<p>A \u00c1rea de Prote\u00e7\u00e3o Ambiental Floresta Mana\u00f3s foi criada pelo Decreto n\u00ba 4.515 de 26\/07\/2019, est\u00e1 localizada na zona Centro-sul da cidade de Manaus, abrange&nbsp; 759,15 ha e \u00e9 formada pelos fragmentos florestais do INPA, UFAM, ULBRA, Parque Lagoa do Japiim e \u00e1rea verde do Conjunto Acariquara. A APA \u00e9 cercada por diversos bairros, que t\u00eam ocupa\u00e7\u00e3o datada da d\u00e9cada de 70, provenientes, na sua maioria de ocupa\u00e7\u00f5es desordenadas. <\/p>\n\n\n\n<p>Sendo assim essas \u00e1reas desempenham papel fundamental na melhoria da qualidade ambiental do seu entorno, uma vez que esses bairros, origin\u00e1rios de ocupa\u00e7\u00f5es desordenadas, n\u00e3o previram \u00e1reas para desempenhar esta fun\u00e7\u00e3o. Sobretudo, estas \u00e1reas servem de abrigo para diversas esp\u00e9cies da fauna e da flora locais.&nbsp;Uma quest\u00e3o importante com a cria\u00e7\u00e3o desta APA foi de conferir <em>status<\/em> de \u00e1rea protegida para o per\u00edmetro abrangido pela UFAM, uma vez que, mesmo apresentando uma \u00e1rea representativa de vegeta\u00e7\u00e3o, n\u00e3o possu\u00eda prote\u00e7\u00e3o determinada em um instrumento legal.<\/p>\n\n\n\n<h3 class=\"wp-block-heading\">Atrativos<\/h3>\n\n\n\n<p>Bosque da Ci\u00eancia<br>Lago do Acariquara<br>3\u00aa maior floresta nativa urbana<br>Lagoa do Japiim<br>Nascentes de igarap\u00e9s<br>Fauna silvestre e Flora nativa<\/p>\n\n\n\n<h3 class=\"wp-block-heading\" style=\"text-transform:uppercase\">APA Adolpho Ducke<\/h3>\n\n\n\n<p>A APA Adolpho Ducke (Decreto n\u00ba 1.502 de 27\/03\/2012) abrange 18.240,82 hectares e est\u00e1 localizada na zona norte da cidade. \u00c9 uma \u00e1rea estrat\u00e9gica para a conserva\u00e7\u00e3o da biodiversidade local,&nbsp; rica em atributos bi\u00f3ticos e abi\u00f3ticos,&nbsp; serve de liga\u00e7\u00e3o natural entre a reserva florestal Ducke e a \u00e1rea florestal do Puraquequara (centro de treinamento do CIGS). A potencializa\u00e7\u00e3o dos processos ecol\u00f3gicos entre essas duas \u00e1reas&nbsp; permite o fluxo g\u00eanico entre as esp\u00e9cies. Nos moldes de cria\u00e7\u00e3o da APA Ufam-Acariquara, essa APA foi criada para conferir <em>status<\/em> de \u00e1rea protegida para a \u00e1rea abrangida pela Reserva Ducke, uma vez que, mesmo apresentando uma \u00e1rea representativa de vegeta\u00e7\u00e3o, n\u00e3o possu\u00eda prote\u00e7\u00e3o determinada em um instrumento legal.<\/p>\n\n\n\n<h3 class=\"wp-block-heading\" style=\"text-transform:uppercase\">APA Sauim-de-Manaus<\/h3>\n\n\n\n<p>Criada pelo Decreto 4.094, de 6 de junho de 2018, a \u00c1rea de Prote\u00e7\u00e3o Ambiental (APA) Sauim-de-Manaus abrange \u00e1rea de aproximadamente 1.015 hectares, entre as \u00c1reas de Preserva\u00e7\u00e3o Permanente. \u00c1reas Verdes e de particulares.&nbsp;A APA Sauim-de-Manaus nasceu pela necessidade da interliga\u00e7\u00e3o entre o&nbsp;Corredor Ecol\u00f3gico e Urbano do igarap\u00e9 do Mindu e a Reserva Adolpho Ducke.&nbsp;Tem seu in\u00edcio no Corredor Ecol\u00f3gico e Urbano do Igarap\u00e9 do Mindu, Zona Centro-Sul, seguindo no sentido norte at\u00e9 a Reserva Ducke.&nbsp;Abrange os bairros: Parque 10, Novo Aleixo, Cidade Nova, Nova Cidade e&nbsp;Cidade de Deus.<\/p>\n\n\n\n<p>Objetivo geral \u2013 Aumento da conectividade de habitats naturais e conserva\u00e7\u00e3o&nbsp;dos j\u00e1 existentes para dispers\u00e3o da fauna e flora silvestres, com a&nbsp;requalifica\u00e7\u00e3o urbana e socioambiental da \u00e1rea proposta e a participa\u00e7\u00e3o da&nbsp;sociedade, promovendo melhoria da qualidade de vida na cidade de Manaus.<\/p>\n\n\n\n<h3 class=\"wp-block-heading\" style=\"text-transform:uppercase\">APA Parque Ponta Negra<\/h3>\n\n\n\n<p>A APA Parque Ponta Negra (Decreto n\u00ba 1.501 de 27\/03\/ 2012), localiza-se na zona oeste de Manaus, numa \u00e1rea de 39,82 hectares. \u00c9 formada em parte pela APP do Rio Negro e se destaca por ser um local reconhecido pela popula\u00e7\u00e3o Manauara para a pr\u00e1tica do lazer aliado \u00e0 contempla\u00e7\u00e3o da natureza, com destaque para o rio Negro.<\/p>\n\n\n\n<h3 class=\"wp-block-heading\" style=\"text-transform:uppercase\">APA Parque Linear do Bind\u00e1<\/h3>\n\n\n\n<p>A APA Parque Linear do Bind\u00e1 (Decreto n\u00ba 1499 de 27\/03\/2012), abrange 5,8 hectares, localizada na zona centro-sul de Manaus, margeando o igarap\u00e9 de mesmo nome. Apresenta trechos preservados que permitem a perman\u00eancia de fauna e flora nativa.<\/p>\n\n\n\n<p>Localizada na zona oeste da cidade, inicia-se na BR 174 at\u00e9 a praia no bairro Ponta Negra em uma \u00e1rea de cerca de 22 mil ha. Destaca-se por ser um local reconhecido pela popula\u00e7\u00e3o Manauara para a pr\u00e1tica do lazer aliado \u00e0 contempla\u00e7\u00e3o da natureza, com destaque para o rio Negro e a bacia hidrogr\u00e1fica do Tarum\u00e3, t\u00e3o bela em suas paisagens.<\/p>\n\n\n\n<h3 class=\"wp-block-heading\"><a href=\"https:\/\/www.manaus.am.gov.br\/semmas\/wp-content\/uploads\/sites\/26\/2023\/07\/mapa-das-unidades-de-conservacao-municipais.jpg\" target=\"_blank\" rel=\"noreferrer noopener\">Mapa das \u00c1reas Protegidas da cidade de Manaus<\/a><\/h3>\n\n\n\n<h3 class=\"wp-block-heading\" style=\"text-transform:uppercase\">RESERVA PARTICULAR DO PATRIM\u00d4NIO NATURAL (RPPN)<\/h3>\n\n\n\n<p>RPPN \u00e9 uma \u00e1rea privada, gravada com perpetuidade, com o objetivo de conservar a diversidade biol\u00f3gica. As \u201cRPPNs\u201d podem ser utilizadas para o desenvolvimento de atividades de cunho cient\u00edfico, cultural, educacional, recreativo e de lazer.<\/p>\n\n\n\n<p>A Prefeitura Municipal de Manaus tem a prerrogativa legal de reconhecer \u00e1reas privadas como RPPN, pela&nbsp; Lei 886 de 14\/10\/2005. Sete (7) RPPN\u2019s foram criadas, protegendo uma \u00e1rea equivalente a 240,89 hectares: Reserva Honda, Reserva dos Buritis, Reserva Norikatsu Myamoto, Reserva \u00c1guas do Gigante, Reserva Bons Amigos, Reserva Nazar\u00e9 das Lages e a Reserva S\u00f3crates Bonfim.<\/p>\n\n\n\n<p>Al\u00e9m da prote\u00e7\u00e3o jur\u00eddica inerente \u00e0s unidades de conserva\u00e7\u00e3o, os propriet\u00e1rios de RPPN Municipais, por meio da Lei Municipal n\u00ba 1091 de 29\/12\/2006, podem requerer junto a prefeitura a isen\u00e7\u00e3o do IPTU, bem como solicitar recursos do Fundo Municipal do Meio Ambiente para atividades de cunho ambiental, mediante apresenta\u00e7\u00e3o e aprova\u00e7\u00e3o de projetos pela SEMMAS.<\/p>\n\n\n\n<h2 class=\"wp-block-heading\">CORREDORES ECOL\u00d3GICOS MUNICIPAIS<\/h2>\n\n\n\n<p>O Conceito de Corredor Ecol\u00f3gico Urbano nasceu pela necessidade de se conectar fragmentos florestais urbanos (\u00c1reas Verdes dos Conjuntos Residenciais, \u00c1reas de Preserva\u00e7\u00e3o Permanente, Unidades de Conserva\u00e7\u00e3o) possibilitando o fluxo g\u00eanico e o movimento da biota entre estas \u00e1reas.<\/p>\n\n\n\n<p>Nestes espa\u00e7os, s\u00f3 \u00e9 permitida a realiza\u00e7\u00e3o de obras e infra-estrutura para implanta\u00e7\u00e3o de \u00e1reas de lazer, compat\u00edveis com a preserva\u00e7\u00e3o ambiental, desde que devidamente licenciadas pelo \u00f3rg\u00e3o ambiental municipal.<\/p>\n\n\n\n<h2 class=\"wp-block-heading\"><a href=\"http:\/\/dom.manaus.am.gov.br\/pdf\/2009\/fevereiro\/dom20092140.pdf\/view\" target=\"_blank\" rel=\"noreferrer noopener\">DECRETO N\u00ba. 0022, DE 04 DE FEVEREIRO DE 2009.<\/a><\/h2>\n\n\n\n<p>CRIA o Corredor Ecol\u00f3gico das Cachoeiras do Tarum\u00e3, e d\u00e1 outras provid\u00eancias. (Dom n\u00ba 2.140, de 04.02.2009, p\u00e1g. 1)<\/p>\n\n\n\n<h3 class=\"wp-block-heading\">Corredor Ecol\u00f3gico do Mindu<\/h3>\n\n\n\n<p>O Corredor Ecol\u00f3gico Urbano do Mindu (Decreto n\u00ba 9.329\/07) tem seu inicio na zona leste, no Parque das Nascentes, segue o curso do igarap\u00e9 do Mindu e chega at\u00e9 o Parque dos Bilhares, na zona centro sul da cidade. Neste Percurso, conecta outras duas Unidades de Conserva\u00e7\u00e3o (Parque Municipal do Mindu e RPPN Reserva Honda), al\u00e9m de \u00e1reas verdes dos conjuntos habitacionais por onde passa.<\/p>\n\n\n\n<h3 class=\"wp-block-heading\">Corredor Ecol\u00f3gico Cachoeiras do Tarum\u00e3<\/h3>\n\n\n\n<p>Criado atrav\u00e9s do Decreto n\u00ba 022 de 04 de fevereiro de 2009, encontra-se localizado em \u00e1rea urbana, integralmente na APA Tarum\u00e3\/Ponta Negra, com o objetivo de interligar os espa\u00e7os protegidos inseridos na sua \u00e1rea de abrang\u00eancia e garantir a preserva\u00e7\u00e3o das matas ciliares ao longo do seu curso.<\/p>\n\n\n\n<h2 class=\"wp-block-heading\">\u00c1reas Protegidas Municipais geridas pela SEMMAS<\/h2>\n\n\n\n<figure class=\"wp-block-table\"><table><thead><tr><th>Espa\u00e7o protegido<\/th><th class=\"has-text-align-center\" data-align=\"center\">\u00c1rea (ha)<\/th><th>Localiza\u00e7\u00e3o<\/th><th>Cria\u00e7\u00e3o<\/th><th>Endere\u00e7o<\/th><\/tr><\/thead><tbody><tr><td><strong>Reserva Ecol\u00f3gica Sauim Castanheiras\/ Cetas<\/strong><\/td><td class=\"has-text-align-center\" data-align=\"center\"><strong>95<\/strong><\/td><td><strong>\u00c1rea urbana<\/strong><\/td><td><a href=\"https:\/\/www.manaus.am.gov.br\/semmas\/wp-content\/uploads\/sites\/26\/2023\/08\/Decreto-87.455-de-12-de-agosto-de-1982.pdf\" target=\"_blank\" rel=\"noreferrer noopener\">Decreto 87.455 de 12 de agosto de 1982<\/a><\/td><td><strong>Avenida Andr\u00e9 Ara\u00fajo, s\/n \u2013 Distrito Industrial II<\/strong><\/td><\/tr><tr><td><strong>Parque Municipal do Mindu<\/strong><\/td><td class=\"has-text-align-center\" data-align=\"center\"><strong>40,8<\/strong><\/td><td><strong>\u00c1rea urbana<\/strong><\/td><td><a href=\"https:\/\/www.manaus.am.gov.br\/semmas\/wp-content\/uploads\/sites\/26\/2023\/08\/Lei-219-de-11-de-novembro-de-1993.pdf\" target=\"_blank\" rel=\"noreferrer noopener\">Lei 219 de 11 de novembro de 1993<\/a><\/td><td><strong>Rua Perimetral, s\/n \u2013 Parque Dez de Novembro<\/strong><\/td><\/tr><tr><td><strong>Parque Municipal das Nascentes do Mindu<\/strong><\/td><td class=\"has-text-align-center\" data-align=\"center\"><strong>16,2<\/strong><\/td><td><strong>\u00c1rea urbana<\/strong><\/td><td><a href=\"https:\/\/www.manaus.am.gov.br\/semmas\/wp-content\/uploads\/sites\/26\/2023\/08\/Decreto-8.351-de-17-de-marco-de-2006.pdf\" target=\"_blank\" rel=\"noreferrer noopener\">Decreto 8.351 de 17 de mar\u00e7o de 2006<\/a><\/td><td><strong>Rua Andorinha, s\/n \u2013 Comunidade Santa B\u00e1rbara \u2013 Cidade de Deus<\/strong><\/td><\/tr><tr><td><strong>\u00c1rea de Prote\u00e7\u00e3o Ambiental do Tarum\u00e3\/Ponta Negra<\/strong><\/td><td class=\"has-text-align-center\" data-align=\"center\"><strong>22.698,8<\/strong><\/td><td><strong>\u00c1rea urbana, de transi\u00e7\u00e3o e rural<\/strong><\/td><td><a href=\"https:\/\/www.manaus.am.gov.br\/semmas\/wp-content\/uploads\/sites\/26\/2023\/08\/Decreto-9.556-de-22-de-Abril-de-2008.pdf\" target=\"_blank\" rel=\"noreferrer noopener\">Decreto 9.556 de 22 de Abril de 2008<\/a><\/td><td><strong>Margeia todo o igarap\u00e9 Tarum\u00e3-a\u00e7\u00fa, zona Oeste de Manaus<\/strong><\/td><\/tr><tr><td><strong>Reserva de Desenvolvimento Sustent\u00e1vel do Tup\u00e9<\/strong><\/td><td class=\"has-text-align-center\" data-align=\"center\"><strong>11.973<\/strong><\/td><td><strong>\u00c1rea rural<\/strong><\/td><td><a href=\"https:\/\/www.manaus.am.gov.br\/semmas\/wp-content\/uploads\/sites\/26\/2023\/08\/Decreto-8.044-de-25-de-Agosto-de-2005.pdf\" target=\"_blank\" rel=\"noreferrer noopener\">Decreto 8.044 de 25 de Agosto de 2005<\/a><\/td><td><strong>Margem Esquerda do rio Negro, \u00e0 montante de Manaus \u2013 Zona rural, distante25 kmda \u00e1rea urbana. Atualmente a administra\u00e7\u00e3o est\u00e1 instalada na sede da Semmas (avenida Andr\u00e9 Ara\u00fajo, 1500 \u2013 Aleixo)<\/strong><\/td><\/tr><tr><td><strong>\u00c1rea de Prote\u00e7\u00e3o Ambiental Parque Linear do Bind\u00e1<\/strong><\/td><td class=\"has-text-align-center\" data-align=\"center\"><strong>5,8<\/strong><\/td><td><strong>Ares rural<\/strong><\/td><td><a href=\"https:\/\/www.manaus.am.gov.br\/semmas\/wp-content\/uploads\/sites\/26\/2023\/08\/Decreto-1.499-de-27-de-marco-de-2012.pdf\" target=\"_blank\" rel=\"noreferrer noopener\">Decreto 1.499 de 27 de mar\u00e7o de 2012<\/a><\/td><td><strong>Margeia parte do igarap\u00e9 do Bind\u00e1, zona centro-sul de Manaus<\/strong><\/td><\/tr><tr><td><strong>\u00c1rea de Prote\u00e7\u00e3o Ambiental Parque Linear do igarap\u00e9 do Gigante<\/strong><\/td><td class=\"has-text-align-center\" data-align=\"center\"><strong>155,1<\/strong><\/td><td><strong>\u00c1rea urbana<\/strong><\/td><td><a href=\"https:\/\/www.manaus.am.gov.br\/semmas\/wp-content\/uploads\/sites\/26\/2023\/08\/Decreto-1.500-de-27-de-marco-de-2012.pdf\" target=\"_blank\" rel=\"noreferrer noopener\">Decreto 1.500 de 27 de mar\u00e7o de 2012<\/a><\/td><td><strong>Margeia todo o igarap\u00e9 do Gigante, zona Oeste de Manaus<\/strong><\/td><\/tr><tr><td><strong>\u00c1rea de Prote\u00e7\u00e3o Ambiental Parque Ponta Negra<\/strong><\/td><td class=\"has-text-align-center\" data-align=\"center\"><strong>39,8<\/strong><\/td><td><strong>\u00c1rea urbana<\/strong><\/td><td><a href=\"https:\/\/semmas.manaus.am.gov.br\/wp-content\/uploads\/2010\/10\/Decreto-1.501-de-27-de-mar\u00e7o-de-2012.pdf\" target=\"_blank\" rel=\"noreferrer noopener\">Decreto 1.501 de 27 de mar\u00e7o de 2012<\/a><\/td><td><strong>\u00c1rea de lazer da Ponta Negra, zona oeste de Manaus<\/strong><\/td><\/tr><tr><td><strong>\u00c1rea de Prote\u00e7\u00e3o Ambiental Adolpho Ducke<\/strong><\/td><td class=\"has-text-align-center\" data-align=\"center\"><strong>18.240,8<\/strong><\/td><td><strong>\u00c1rea urbana, de transi\u00e7\u00e3o e rural<\/strong><\/td><td><a href=\"https:\/\/www.manaus.am.gov.br\/semmas\/wp-content\/uploads\/sites\/26\/2023\/08\/Decreto-1.502-de-27-de-marco-de-2012.pdf\" target=\"_blank\" rel=\"noreferrer noopener\">Decreto 1.502 de 27 de mar\u00e7o de 2012<\/a><\/td><td><strong>Engloba a reserva experimental Adolpho, fazendo a liga\u00e7\u00e3o desta \u00e0 \u00e1rea do igarap\u00e9 do Puraquequara<\/strong><\/td><\/tr><tr><td><strong>\u00c1rea de Prote\u00e7\u00e3o Ambiental Floresta Mana\u00f3s<\/strong><\/td><td class=\"has-text-align-center\" data-align=\"center\">759,15<\/td><td>\u00c1rea urbana<\/td><td><a href=\"http:\/\/dom.manaus.am.gov.br\/pdf\/2019\/julho\/DOM%204647%2026.07.2019%20CAD%201.pdf\" target=\"_blank\" rel=\"noreferrer noopener\">Decreto N\u00b0 4.515, de 26 de Julho de 2019<\/a><\/td><td>Engloba as \u00e1reas institucionais e dos conjuntos descritos na nomenclatura da unidade<\/td><\/tr><tr><td><strong>Corredor Ecol\u00f3gico Urbano do Igarap\u00e9 do Mindu<\/strong><\/td><td class=\"has-text-align-center\" data-align=\"center\">195,27<\/td><td>\u00c1rea urbana<\/td><td><a href=\"https:\/\/www.manaus.am.gov.br\/semmas\/wp-content\/uploads\/sites\/26\/2023\/08\/Decreto-9.329-de-26-de-outubro-de-2007.pdf\" target=\"_blank\" rel=\"noreferrer noopener\">Decreto 9.329 de 26 de outubro de 2007<\/a><\/td><td>Margeia parte do igarap\u00e9 do Mindu, zona centro-sul de Manaus<\/td><\/tr><tr><td><strong>Corredor Ecol\u00f3gico Urbano das Cachoeiras do Tarum\u00e3<\/strong><\/td><td class=\"has-text-align-center\" data-align=\"center\">289,3<\/td><td>\u00c1rea urbana<\/td><td><a href=\"https:\/\/www.manaus.am.gov.br\/semmas\/wp-content\/uploads\/sites\/26\/2023\/08\/Decreto-022-de-04-de-fevereiro-de-2009.pdf\" target=\"_blank\" rel=\"noreferrer noopener\">Decreto 022 de 04 de fevereiro de 2009<\/a><\/td><td>Engloba parte do igarap\u00e9 Tarum\u00e3 Cachoeira Alta e Cachoeira Baixa, zona oeste de Manaus<\/td><\/tr><\/tbody><\/table><\/figure>\n\n\n\n<h2 class=\"wp-block-heading\"><strong>Reserva Particular do Patrim\u00f4nio Natural (RPPN)<\/strong><\/h2>\n\n\n\n<figure class=\"wp-block-table\"><table><thead><tr><th>Espa\u00e7o protegido<\/th><th>\u00c1rea (ha)<\/th><th>Localiza\u00e7\u00e3o<\/th><th>Cria\u00e7\u00e3o<\/th><th>Endere\u00e7o<\/th><\/tr><\/thead><tbody><tr><td><strong>Reserva Honda<\/strong><\/td><td>16,4<\/td><td>\u00c1rea urbana<\/td><td><a href=\"https:\/\/www.manaus.am.gov.br\/semmas\/wp-content\/uploads\/sites\/26\/2023\/08\/Decreto-8.501-de-05-de-Junho-de-2006.pdf\" target=\"_blank\" rel=\"noreferrer noopener\">Decreto 8.501 de 05 de Junho de 2006<\/a><\/td><td>Bairro Col\u00f4nia Japonesa<\/td><\/tr><tr><td><strong>Reserva dos Buritis<\/strong><\/td><td>5,5<\/td><td>\u00c1rea urbana.<\/td><td><a href=\"https:\/\/www.manaus.am.gov.br\/semmas\/wp-content\/uploads\/sites\/26\/2023\/08\/Decreto-9.243-de-03-de-Setembro-de-2007.pdf\" target=\"_blank\" rel=\"noreferrer noopener\">Decreto 9.243 de 03 de Setembro de 2007<\/a><\/td><td>Bairro Reden\u00e7\u00e3o<\/td><\/tr><tr><td><strong>Reserva \u00c1guas do Gigante<\/strong><\/td><td>35,1<\/td><td>\u00c1rea urbana<\/td><td><a href=\"https:\/\/www.manaus.am.gov.br\/semmas\/wp-content\/uploads\/sites\/26\/2023\/08\/Decreto-9.645-de-27-de-Junho-de-2008-1.pdf\" target=\"_blank\" rel=\"noreferrer noopener\">Decreto 9.645 de 27 de Junho de 2008<\/a><\/td><td>Condom\u00ednio Alpha Ville \u2013 Estrada do Turismo<\/td><\/tr><tr><td><strong>Reserva Norikatsu Miyamoto<\/strong><\/td><td>76,9<\/td><td>\u00c1rea rural<\/td><td><a href=\"https:\/\/www.manaus.am.gov.br\/semmas\/wp-content\/uploads\/sites\/26\/2023\/08\/Decreto-9.503-de-06-de-Marco-de-2008.pdf\" target=\"_blank\" rel=\"noreferrer noopener\">Decreto 9.503 de 06 de Mar\u00e7o de 2008<\/a><\/td><td>Estrada AM010, km. 33<\/td><\/tr><tr><td><strong>Reserva Bons Amigos<\/strong><\/td><td>31,97<\/td><td>\u00c1rea Rural<\/td><td><a href=\"https:\/\/www.manaus.am.gov.br\/semmas\/wp-content\/uploads\/sites\/26\/2023\/08\/Decreto-9.854-de-26-de-dezembro-de-2008.pdf\" target=\"_blank\" rel=\"noreferrer noopener\">Decreto 9.854 de 26 de dezembro de 2008<\/a><\/td><td>BR174, km15<\/td><\/tr><tr><td><strong>Reserva S\u00f3crates Bonfim<\/strong><\/td><td>230<\/td><td>\u00c1rea Urbana<\/td><td><a href=\"https:\/\/www.manaus.am.gov.br\/semmas\/wp-content\/uploads\/sites\/26\/2023\/08\/Decreto-0152-de-08-de-junho-de-2009.pdf\">Decreto 0152 de 08 de junho de 2009<\/a><\/td><td>Condom\u00ednio Praia dos Passarinhos \u2013 Estrada do Turismo<\/td><\/tr><tr><td><strong>Reserva Nazar\u00e9 das Lages<\/strong><\/td><td>52,6<\/td><td>\u00c1rea Rural<\/td><td>Portaria do Ibama n\u00ba 049\/95 <a href=\"https:\/\/www.manaus.am.gov.br\/semmas\/wp-content\/uploads\/sites\/26\/2023\/08\/Decreto-9.844-de-22-de-dezembro-de-2008-Nazare-das-lajes.pdf\" target=\"_blank\" rel=\"noreferrer noopener\">Decreto 9.844 de 22 de dezembro de 2008&nbsp;<\/a><\/td><td>Avenida Desembargador An\u00edsio Jobim, km 11 \u2013 Col\u00f4nia Ant\u00f4nio Aleixo<\/td><\/tr><\/tbody><\/table><\/figure>\n","protected":false},"excerpt":{"rendered":"","protected":false},"author":27,"featured_media":0,"parent":0,"menu_order":0,"comment_status":"closed","ping_status":"closed","template":"templates\/prefeitura.php","meta":{"footnotes":""},"acf":[],"yoast_head":"<!-- This site is optimized with the Yoast SEO plugin v23.0 - https:\/\/yoast.com\/wordpress\/plugins\/seo\/ -->\n<title>\u00c1reas Protegidas - SEMMAS<\/title>\n<meta name=\"robots\" content=\"noindex, follow\" \/>\n<meta property=\"og:locale\" content=\"pt_BR\" \/>\n<meta property=\"og:type\" content=\"article\" \/>\n<meta property=\"og:title\" content=\"\u00c1reas Protegidas - SEMMAS\" \/>\n<meta property=\"og:url\" content=\"https:\/\/www.manaus.am.gov.br\/semmas\/areas-protegidas\/\" \/>\n<meta property=\"og:site_name\" content=\"SEMMAS\" \/>\n<meta property=\"article:publisher\" content=\"https:\/\/www.facebook.com\/SemmasManaus\" \/>\n<meta property=\"article:modified_time\" content=\"2023-10-30T22:00:01+00:00\" \/>\n<meta property=\"og:image\" content=\"https:\/\/www.manaus.am.gov.br\/semmas\/wp-content\/uploads\/sites\/26\/2024\/07\/thumb-default-2.png\" \/>\n\t<meta property=\"og:image:width\" content=\"966\" \/>\n\t<meta property=\"og:image:height\" content=\"520\" \/>\n\t<meta property=\"og:image:type\" content=\"image\/png\" \/>\n<meta name=\"twitter:card\" content=\"summary_large_image\" \/>\n<meta name=\"twitter:label1\" content=\"Est. reading time\" \/>\n\t<meta name=\"twitter:data1\" content=\"16 minutos\" \/>\n<script type=\"application\/ld+json\" class=\"yoast-schema-graph\">{\"@context\":\"https:\/\/schema.org\",\"@graph\":[{\"@type\":\"WebPage\",\"@id\":\"https:\/\/www.manaus.am.gov.br\/semmas\/areas-protegidas\/\",\"url\":\"https:\/\/www.manaus.am.gov.br\/semmas\/areas-protegidas\/\",\"name\":\"\u00c1reas Protegidas - SEMMAS\",\"isPartOf\":{\"@id\":\"https:\/\/www.manaus.am.gov.br\/semmas\/#website\"},\"datePublished\":\"2023-07-17T21:16:52+00:00\",\"dateModified\":\"2023-10-30T22:00:01+00:00\",\"breadcrumb\":{\"@id\":\"https:\/\/www.manaus.am.gov.br\/semmas\/areas-protegidas\/#breadcrumb\"},\"inLanguage\":\"pt-BR\",\"potentialAction\":[{\"@type\":\"ReadAction\",\"target\":[\"https:\/\/www.manaus.am.gov.br\/semmas\/areas-protegidas\/\"]}]},{\"@type\":\"BreadcrumbList\",\"@id\":\"https:\/\/www.manaus.am.gov.br\/semmas\/areas-protegidas\/#breadcrumb\",\"itemListElement\":[{\"@type\":\"ListItem\",\"position\":1,\"name\":\"Home\",\"item\":\"https:\/\/www.manaus.am.gov.br\/semmas\/\"},{\"@type\":\"ListItem\",\"position\":2,\"name\":\"\u00c1reas Protegidas\"}]},{\"@type\":\"WebSite\",\"@id\":\"https:\/\/www.manaus.am.gov.br\/semmas\/#website\",\"url\":\"https:\/\/www.manaus.am.gov.br\/semmas\/\",\"name\":\"SEMMAS CLIMA\",\"description\":\"Secretaria Municipal de Meio Ambiente e Sustentabilidade\",\"publisher\":{\"@id\":\"https:\/\/www.manaus.am.gov.br\/semmas\/#organization\"},\"alternateName\":\"Secretaria Municipal de Meio Ambiente e Sustentabilidade\",\"potentialAction\":[{\"@type\":\"SearchAction\",\"target\":{\"@type\":\"EntryPoint\",\"urlTemplate\":\"https:\/\/www.manaus.am.gov.br\/semmas\/?s={search_term_string}\"},\"query-input\":\"required name=search_term_string\"}],\"inLanguage\":\"pt-BR\"},{\"@type\":\"Organization\",\"@id\":\"https:\/\/www.manaus.am.gov.br\/semmas\/#organization\",\"name\":\"Prefeitura de Manaus\",\"alternateName\":\"Prefeitura Municipal de Manaus\",\"url\":\"https:\/\/www.manaus.am.gov.br\/semmas\/\",\"logo\":{\"@type\":\"ImageObject\",\"inLanguage\":\"pt-BR\",\"@id\":\"https:\/\/www.manaus.am.gov.br\/semmas\/#\/schema\/logo\/image\/\",\"url\":\"https:\/\/www.manaus.am.gov.br\/semmas\/wp-content\/uploads\/sites\/26\/2024\/06\/brasao.png\",\"contentUrl\":\"https:\/\/www.manaus.am.gov.br\/semmas\/wp-content\/uploads\/sites\/26\/2024\/06\/brasao.png\",\"width\":286,\"height\":408,\"caption\":\"Prefeitura de Manaus\"},\"image\":{\"@id\":\"https:\/\/www.manaus.am.gov.br\/semmas\/#\/schema\/logo\/image\/\"},\"sameAs\":[\"https:\/\/www.facebook.com\/SemmasManaus\",\"https:\/\/www.instagram.com\/semmasmanaus\/\",\"https:\/\/www.youtube.com\/@semmasmanaus2835\"]}]}<\/script>\n<!-- \/ Yoast SEO plugin. -->","yoast_head_json":{"title":"\u00c1reas Protegidas - SEMMAS","robots":{"index":"noindex","follow":"follow"},"og_locale":"pt_BR","og_type":"article","og_title":"\u00c1reas Protegidas - SEMMAS","og_url":"https:\/\/www.manaus.am.gov.br\/semmas\/areas-protegidas\/","og_site_name":"SEMMAS","article_publisher":"https:\/\/www.facebook.com\/SemmasManaus","article_modified_time":"2023-10-30T22:00:01+00:00","og_image":[{"width":966,"height":520,"url":"https:\/\/www.manaus.am.gov.br\/semmas\/wp-content\/uploads\/sites\/26\/2024\/07\/thumb-default-2.png","type":"image\/png"}],"twitter_card":"summary_large_image","twitter_misc":{"Est. reading time":"16 minutos"},"schema":{"@context":"https:\/\/schema.org","@graph":[{"@type":"WebPage","@id":"https:\/\/www.manaus.am.gov.br\/semmas\/areas-protegidas\/","url":"https:\/\/www.manaus.am.gov.br\/semmas\/areas-protegidas\/","name":"\u00c1reas Protegidas - SEMMAS","isPartOf":{"@id":"https:\/\/www.manaus.am.gov.br\/semmas\/#website"},"datePublished":"2023-07-17T21:16:52+00:00","dateModified":"2023-10-30T22:00:01+00:00","breadcrumb":{"@id":"https:\/\/www.manaus.am.gov.br\/semmas\/areas-protegidas\/#breadcrumb"},"inLanguage":"pt-BR","potentialAction":[{"@type":"ReadAction","target":["https:\/\/www.manaus.am.gov.br\/semmas\/areas-protegidas\/"]}]},{"@type":"BreadcrumbList","@id":"https:\/\/www.manaus.am.gov.br\/semmas\/areas-protegidas\/#breadcrumb","itemListElement":[{"@type":"ListItem","position":1,"name":"Home","item":"https:\/\/www.manaus.am.gov.br\/semmas\/"},{"@type":"ListItem","position":2,"name":"\u00c1reas Protegidas"}]},{"@type":"WebSite","@id":"https:\/\/www.manaus.am.gov.br\/semmas\/#website","url":"https:\/\/www.manaus.am.gov.br\/semmas\/","name":"SEMMAS CLIMA","description":"Secretaria Municipal de Meio Ambiente e Sustentabilidade","publisher":{"@id":"https:\/\/www.manaus.am.gov.br\/semmas\/#organization"},"alternateName":"Secretaria Municipal de Meio Ambiente e Sustentabilidade","potentialAction":[{"@type":"SearchAction","target":{"@type":"EntryPoint","urlTemplate":"https:\/\/www.manaus.am.gov.br\/semmas\/?s={search_term_string}"},"query-input":"required name=search_term_string"}],"inLanguage":"pt-BR"},{"@type":"Organization","@id":"https:\/\/www.manaus.am.gov.br\/semmas\/#organization","name":"Prefeitura de Manaus","alternateName":"Prefeitura Municipal de Manaus","url":"https:\/\/www.manaus.am.gov.br\/semmas\/","logo":{"@type":"ImageObject","inLanguage":"pt-BR","@id":"https:\/\/www.manaus.am.gov.br\/semmas\/#\/schema\/logo\/image\/","url":"https:\/\/www.manaus.am.gov.br\/semmas\/wp-content\/uploads\/sites\/26\/2024\/06\/brasao.png","contentUrl":"https:\/\/www.manaus.am.gov.br\/semmas\/wp-content\/uploads\/sites\/26\/2024\/06\/brasao.png","width":286,"height":408,"caption":"Prefeitura de Manaus"},"image":{"@id":"https:\/\/www.manaus.am.gov.br\/semmas\/#\/schema\/logo\/image\/"},"sameAs":["https:\/\/www.facebook.com\/SemmasManaus","https:\/\/www.instagram.com\/semmasmanaus\/","https:\/\/www.youtube.com\/@semmasmanaus2835"]}]}},"_links":{"self":[{"href":"https:\/\/www.manaus.am.gov.br\/semmas\/wp-json\/wp\/v2\/pages\/307"}],"collection":[{"href":"https:\/\/www.manaus.am.gov.br\/semmas\/wp-json\/wp\/v2\/pages"}],"about":[{"href":"https:\/\/www.manaus.am.gov.br\/semmas\/wp-json\/wp\/v2\/types\/page"}],"author":[{"embeddable":true,"href":"https:\/\/www.manaus.am.gov.br\/semmas\/wp-json\/wp\/v2\/users\/27"}],"replies":[{"embeddable":true,"href":"https:\/\/www.manaus.am.gov.br\/semmas\/wp-json\/wp\/v2\/comments?post=307"}],"version-history":[{"count":59,"href":"https:\/\/www.manaus.am.gov.br\/semmas\/wp-json\/wp\/v2\/pages\/307\/revisions"}],"predecessor-version":[{"id":10134,"href":"https:\/\/www.manaus.am.gov.br\/semmas\/wp-json\/wp\/v2\/pages\/307\/revisions\/10134"}],"wp:attachment":[{"href":"https:\/\/www.manaus.am.gov.br\/semmas\/wp-json\/wp\/v2\/media?parent=307"}],"curies":[{"name":"wp","href":"https:\/\/api.w.org\/{rel}","templated":true}]}}