{"version":"1.0","provider_name":"SEMINF","provider_url":"https:\/\/www.manaus.am.gov.br\/seminf","title":"Prefeitura de Manaus avan\u00e7a com o \u2018Plano de Ver\u00e3o\u2019 na zona Leste durante plant\u00e3o no fim de semana","type":"rich","width":600,"height":338,"html":"<blockquote class=\"wp-embedded-content\" data-secret=\"u8ot4XydxQ\"><a href=\"https:\/\/www.manaus.am.gov.br\/seminf\/prefeitura-seminf-planodeverao-zonaleste\/\">Prefeitura de Manaus avan\u00e7a com o \u2018Plano de Ver\u00e3o\u2019 na zona Leste durante plant\u00e3o no fim de semana<\/a><\/blockquote><iframe sandbox=\"allow-scripts\" security=\"restricted\" src=\"https:\/\/www.manaus.am.gov.br\/seminf\/prefeitura-seminf-planodeverao-zonaleste\/embed\/#?secret=u8ot4XydxQ\" width=\"600\" height=\"338\" title=\"&#8220;Prefeitura de Manaus avan\u00e7a com o \u2018Plano de Ver\u00e3o\u2019 na zona Leste durante plant\u00e3o no fim de semana&#8221; &#8212; SEMINF\" data-secret=\"u8ot4XydxQ\" frameborder=\"0\" marginwidth=\"0\" marginheight=\"0\" scrolling=\"no\" class=\"wp-embedded-content\"><\/iframe><script type=\"text\/javascript\">\n\/* <![CDATA[ *\/\n\/*! This file is auto-generated *\/\n!function(d,l){\"use strict\";l.querySelector&&d.addEventListener&&\"undefined\"!=typeof URL&&(d.wp=d.wp||{},d.wp.receiveEmbedMessage||(d.wp.receiveEmbedMessage=function(e){var t=e.data;if((t||t.secret||t.message||t.value)&&!\/[^a-zA-Z0-9]\/.test(t.secret)){for(var s,r,n,a=l.querySelectorAll('iframe[data-secret=\"'+t.secret+'\"]'),o=l.querySelectorAll('blockquote[data-secret=\"'+t.secret+'\"]'),c=new RegExp(\"^https?:$\",\"i\"),i=0;i<o.length;i++)o[i].style.display=\"none\";for(i=0;i<a.length;i++)s=a[i],e.source===s.contentWindow&&(s.removeAttribute(\"style\"),\"height\"===t.message?(1e3<(r=parseInt(t.value,10))?r=1e3:~~r<200&&(r=200),s.height=r):\"link\"===t.message&&(r=new URL(s.getAttribute(\"src\")),n=new URL(t.value),c.test(n.protocol))&&n.host===r.host&&l.activeElement===s&&(d.top.location.href=t.value))}},d.addEventListener(\"message\",d.wp.receiveEmbedMessage,!1),l.addEventListener(\"DOMContentLoaded\",function(){for(var e,t,s=l.querySelectorAll(\"iframe.wp-embedded-content\"),r=0;r<s.length;r++)(t=(e=s[r]).getAttribute(\"data-secret\"))||(t=Math.random().toString(36).substring(2,12),e.src+=\"#?secret=\"+t,e.setAttribute(\"data-secret\",t)),e.contentWindow.postMessage({message:\"ready\",secret:t},\"*\")},!1)))}(window,document);\n\/* ]]> *\/\n<\/script>\n","thumbnail_url":"https:\/\/www.manaus.am.gov.br\/seminf\/wp-content\/uploads\/sites\/6\/2025\/11\/736A8955-1024x683.jpg","thumbnail_width":1024,"thumbnail_height":683,"description":"Durante este s\u00e1bado, 1\u00ba\/11, equipes da Prefeitura de Manaus avan\u00e7am com obras de manuten\u00e7\u00e3o asf\u00e1ltica, por meio do \u201cPlano de Ver\u00e3o\u201d, realizado pela Secretaria Municipal de Infraestrutura (Seminf), com os trabalhos em execu\u00e7\u00e3o na rua Japara, comunidade Val Para\u00edso, bairro Jorge Teixeira, zona Leste da capital. A interven\u00e7\u00e3o visa melhorar a trafegabilidade da via para os motoristas."}