{"version":"1.0","provider_name":"SEMEF","provider_url":"https:\/\/www.manaus.am.gov.br\/semef","title":"Decis\u00e3o da Justi\u00e7a suspende liminar sobre duod\u00e9cimo","type":"rich","width":600,"height":338,"html":"<blockquote class=\"wp-embedded-content\" data-secret=\"M7VOKDttyc\"><a href=\"https:\/\/www.manaus.am.gov.br\/semef\/2024\/12\/12\/decisao-justica-duodecimo\/\">Decis\u00e3o da Justi\u00e7a suspende liminar sobre duod\u00e9cimo<\/a><\/blockquote><iframe sandbox=\"allow-scripts\" security=\"restricted\" src=\"https:\/\/www.manaus.am.gov.br\/semef\/2024\/12\/12\/decisao-justica-duodecimo\/embed\/#?secret=M7VOKDttyc\" width=\"600\" height=\"338\" title=\"&#8220;Decis\u00e3o da Justi\u00e7a suspende liminar sobre duod\u00e9cimo&#8221; &#8212; SEMEF\" data-secret=\"M7VOKDttyc\" frameborder=\"0\" marginwidth=\"0\" marginheight=\"0\" scrolling=\"no\" class=\"wp-embedded-content\"><\/iframe><script type=\"text\/javascript\">\n\/* <![CDATA[ *\/\n\/*! This file is auto-generated *\/\n!function(d,l){\"use strict\";l.querySelector&&d.addEventListener&&\"undefined\"!=typeof URL&&(d.wp=d.wp||{},d.wp.receiveEmbedMessage||(d.wp.receiveEmbedMessage=function(e){var t=e.data;if((t||t.secret||t.message||t.value)&&!\/[^a-zA-Z0-9]\/.test(t.secret)){for(var s,r,n,a=l.querySelectorAll('iframe[data-secret=\"'+t.secret+'\"]'),o=l.querySelectorAll('blockquote[data-secret=\"'+t.secret+'\"]'),c=new RegExp(\"^https?:$\",\"i\"),i=0;i<o.length;i++)o[i].style.display=\"none\";for(i=0;i<a.length;i++)s=a[i],e.source===s.contentWindow&&(s.removeAttribute(\"style\"),\"height\"===t.message?(1e3<(r=parseInt(t.value,10))?r=1e3:~~r<200&&(r=200),s.height=r):\"link\"===t.message&&(r=new URL(s.getAttribute(\"src\")),n=new URL(t.value),c.test(n.protocol))&&n.host===r.host&&l.activeElement===s&&(d.top.location.href=t.value))}},d.addEventListener(\"message\",d.wp.receiveEmbedMessage,!1),l.addEventListener(\"DOMContentLoaded\",function(){for(var e,t,s=l.querySelectorAll(\"iframe.wp-embedded-content\"),r=0;r<s.length;r++)(t=(e=s[r]).getAttribute(\"data-secret\"))||(t=Math.random().toString(36).substring(2,12),e.src+=\"#?secret=\"+t,e.setAttribute(\"data-secret\",t)),e.contentWindow.postMessage({message:\"ready\",secret:t},\"*\")},!1)))}(window,document);\n\/* ]]> *\/\n<\/script>\n","thumbnail_url":"https:\/\/www.manaus.am.gov.br\/semef\/wp-content\/uploads\/sites\/7\/2024\/11\/BANNER-NOTA.png","thumbnail_width":900,"thumbnail_height":509,"description":"A Prefeitura de Manaus conseguiu, em decis\u00e3o monocr\u00e1tica da desembargadora N\u00e9lia Caminha Jorge, suspender os efeitos de uma liminar que tratava do c\u00e1lculo do duod\u00e9cimo repassado \u00e0 C\u00e2mara Municipal de Manaus (CMM)."}