{"id":999,"date":"2023-01-30T08:17:47","date_gmt":"2023-01-30T12:17:47","guid":{"rendered":"https:\/\/www.manaus.am.gov.br\/semed\/?page_id=999"},"modified":"2025-04-24T09:11:17","modified_gmt":"2025-04-24T13:11:17","slug":"chamamento","status":"publish","type":"page","link":"https:\/\/www.manaus.am.gov.br\/semed\/chamamento\/","title":{"rendered":"Chamamento P\u00fablico"},"content":{"rendered":"\n<h2 class=\"wp-block-heading\">Sistema de Chamamentos da Semed<\/h2>\n\n\n\n<p><\/p>\n\n\n\n<p><strong>\ud83d\udce2 PARTICIPE DA AUDI\u00caNCIA P\u00daBLICA DO CME\/MANAUS!<\/strong><\/p>\n\n\n\n<p>O Conselho Municipal de Educa\u00e7\u00e3o de Manaus (CME\/Manaus) convida toda a sociedade civil, representantes de institui\u00e7\u00f5es, profissionais da educa\u00e7\u00e3o e cidad\u00e3os interessados para a Audi\u00eancia P\u00fablica que discutir\u00e1 a revis\u00e3o e atualiza\u00e7\u00e3o da Resolu\u00e7\u00e3o n. 011\/CME\/2016, sobre a Educa\u00e7\u00e3o Especial na perspectiva da Educa\u00e7\u00e3o Inclusiva no Sistema Municipal de Ensino de Manaus.<\/p>\n\n\n\n<p>\ud83d\uddd3 Data: 08 de maio de 2025 (quinta-feira)<\/p>\n\n\n\n<p>\ud83d\udd57 Hor\u00e1rio: 8h \u00e0s 12h<\/p>\n\n\n\n<p>\ud83d\udccd Local: Audit\u00f3rio da Faculdade UNINORTE \u2013 Unidade 22<\/p>\n\n\n\n<p>\ud83d\udccc Endere\u00e7o: Av. Djalma Batista, 377 \u2013 Parque Dez de Novembro<\/p>\n\n\n\n<p>\ud83c\udfaf Objetivo:<\/p>\n\n\n\n<p>\u2022&nbsp;&nbsp; Promover o debate p\u00fablico sobre a oferta da Educa\u00e7\u00e3o Especial.<\/p>\n\n\n\n<p>\u2022&nbsp;&nbsp; Garantir a participa\u00e7\u00e3o popular na constru\u00e7\u00e3o de uma educa\u00e7\u00e3o inclusiva.<\/p>\n\n\n\n<p>\u2022&nbsp;&nbsp; Colher contribui\u00e7\u00f5es para o aperfei\u00e7oamento da Resolu\u00e7\u00e3o vigente.<\/p>\n\n\n\n<p><strong>\u270d Inscri\u00e7\u00f5es abertas!<\/strong><\/p>\n\n\n\n<p>Acesse <strong><a href=\"https:\/\/www.manaus.am.gov.br\/semed\/wp-content\/uploads\/sites\/3\/2025\/04\/EDITAL_AUDIENCIA_PUBLICA_2025_DOM-6046-08.04.2025-CAD-1.pdf\">aqui<\/a><\/strong> o edital<\/p>\n\n\n\n<p>Acesse <strong><a href=\"https:\/\/www.manaus.am.gov.br\/semed\/wp-content\/uploads\/sites\/3\/2025\/04\/2.-CONVITE__AUDIENCIA_PUBLICA_2025.pdf\">aqui<\/a><\/strong> o convite<\/p>\n\n\n\n<p>Acesse <strong><a href=\"https:\/\/www.manaus.am.gov.br\/semed\/wp-content\/uploads\/sites\/3\/2025\/04\/3.-MINUTA-Resolucao-Educacao-Especial_atual.pdf\">aqui<\/a><\/strong> a minuta de resolu\u00e7\u00e3o, objeto de discuss\u00e3o da audi\u00eancia<\/p>\n\n\n\n<p>Acesse aqui as resolu\u00e7\u00f5es (<a href=\"https:\/\/www.manaus.am.gov.br\/semed\/wp-content\/uploads\/sites\/3\/2025\/04\/4.-RESOLUCAO_011_CME_2016.pdf\">011\/CME\/2016<\/a> e <a href=\"https:\/\/www.manaus.am.gov.br\/semed\/wp-content\/uploads\/sites\/3\/2025\/04\/5.-Resolucao-159-CME-2023.pdf\">159\/CME\/2023<\/a>) em vig\u00eancia<\/p>\n\n\n\n<p>\ud83d\udcec Envio de contribui\u00e7\u00f5es por e-mail at\u00e9 22 de abril de 2025:<\/p>\n\n\n\n<p><a href=\"mailto:conselhomunicipal.educacao@semed.manaus.am.gov.br\">conselhomunicipal.educacao@semed.manaus.am.gov.br<\/a><\/p>\n\n\n\n<p>Sua participa\u00e7\u00e3o \u00e9 essencial para construirmos juntos uma educa\u00e7\u00e3o mais inclusiva e democr\u00e1tica!&nbsp;\ud83d\udcac\ud83d\udcda<\/p>\n\n\n\n<p><\/p>\n","protected":false},"excerpt":{"rendered":"","protected":false},"author":27,"featured_media":0,"parent":0,"menu_order":0,"comment_status":"closed","ping_status":"closed","template":"","meta":{"footnotes":""},"acf":[],"yoast_head":"<!-- This site is optimized with the Yoast SEO plugin v23.0 - https:\/\/yoast.com\/wordpress\/plugins\/seo\/ -->\n<title>Chamamento P\u00fablico - SEMED<\/title>\n<meta name=\"robots\" content=\"index, follow, max-snippet:-1, max-image-preview:large, max-video-preview:-1\" \/>\n<link rel=\"canonical\" href=\"https:\/\/www.manaus.am.gov.br\/semed\/chamamento\/\" \/>\n<meta property=\"og:locale\" content=\"pt_BR\" \/>\n<meta property=\"og:type\" content=\"article\" \/>\n<meta property=\"og:title\" content=\"Chamamento P\u00fablico - SEMED\" \/>\n<meta property=\"og:url\" content=\"https:\/\/www.manaus.am.gov.br\/semed\/chamamento\/\" \/>\n<meta property=\"og:site_name\" content=\"SEMED\" \/>\n<meta property=\"article:modified_time\" content=\"2025-04-24T13:11:17+00:00\" \/>\n<meta property=\"og:image\" content=\"https:\/\/www.manaus.am.gov.br\/semed\/wp-content\/uploads\/sites\/3\/2024\/07\/thumb-default-2.png\" \/>\n\t<meta property=\"og:image:width\" content=\"966\" \/>\n\t<meta property=\"og:image:height\" content=\"520\" \/>\n\t<meta property=\"og:image:type\" content=\"image\/png\" \/>\n<meta name=\"twitter:card\" content=\"summary_large_image\" \/>\n<meta name=\"twitter:label1\" content=\"Est. reading time\" \/>\n\t<meta name=\"twitter:data1\" content=\"2 minutos\" \/>\n<script type=\"application\/ld+json\" class=\"yoast-schema-graph\">{\"@context\":\"https:\/\/schema.org\",\"@graph\":[{\"@type\":\"Article\",\"@id\":\"https:\/\/www.manaus.am.gov.br\/semed\/chamamento\/#article\",\"isPartOf\":{\"@id\":\"https:\/\/www.manaus.am.gov.br\/semed\/chamamento\/\"},\"author\":{\"name\":\"Imarketing Digital\",\"@id\":\"https:\/\/www.manaus.am.gov.br\/semed\/#\/schema\/person\/79525a47ac5902f50493820d995728ee\"},\"headline\":\"Chamamento P\u00fablico\",\"datePublished\":\"2023-01-30T12:17:47+00:00\",\"dateModified\":\"2025-04-24T13:11:17+00:00\",\"mainEntityOfPage\":{\"@id\":\"https:\/\/www.manaus.am.gov.br\/semed\/chamamento\/\"},\"wordCount\":219,\"publisher\":{\"@id\":\"https:\/\/www.manaus.am.gov.br\/semed\/#organization\"},\"inLanguage\":\"pt-BR\"},{\"@type\":\"WebPage\",\"@id\":\"https:\/\/www.manaus.am.gov.br\/semed\/chamamento\/\",\"url\":\"https:\/\/www.manaus.am.gov.br\/semed\/chamamento\/\",\"name\":\"Chamamento P\u00fablico - SEMED\",\"isPartOf\":{\"@id\":\"https:\/\/www.manaus.am.gov.br\/semed\/#website\"},\"datePublished\":\"2023-01-30T12:17:47+00:00\",\"dateModified\":\"2025-04-24T13:11:17+00:00\",\"inLanguage\":\"pt-BR\",\"potentialAction\":[{\"@type\":\"ReadAction\",\"target\":[\"https:\/\/www.manaus.am.gov.br\/semed\/chamamento\/\"]}]},{\"@type\":\"WebSite\",\"@id\":\"https:\/\/www.manaus.am.gov.br\/semed\/#website\",\"url\":\"https:\/\/www.manaus.am.gov.br\/semed\/\",\"name\":\"Secretaria Municipal de Educa\u00e7\u00e3o\",\"description\":\"Secretaria Municipal de Educa\u00e7\u00e3o\",\"publisher\":{\"@id\":\"https:\/\/www.manaus.am.gov.br\/semed\/#organization\"},\"alternateName\":\"SEMED\",\"potentialAction\":[{\"@type\":\"SearchAction\",\"target\":{\"@type\":\"EntryPoint\",\"urlTemplate\":\"https:\/\/www.manaus.am.gov.br\/semed\/?s={search_term_string}\"},\"query-input\":\"required name=search_term_string\"}],\"inLanguage\":\"pt-BR\"},{\"@type\":\"Organization\",\"@id\":\"https:\/\/www.manaus.am.gov.br\/semed\/#organization\",\"name\":\"Secretaria de Educa\u00e7\u00e3o\",\"alternateName\":\"SEMED\",\"url\":\"https:\/\/www.manaus.am.gov.br\/semed\/\",\"logo\":{\"@type\":\"ImageObject\",\"inLanguage\":\"pt-BR\",\"@id\":\"https:\/\/www.manaus.am.gov.br\/semed\/#\/schema\/logo\/image\/\",\"url\":\"https:\/\/www.manaus.am.gov.br\/semed\/wp-content\/uploads\/sites\/3\/2022\/11\/favicon.png\",\"contentUrl\":\"https:\/\/www.manaus.am.gov.br\/semed\/wp-content\/uploads\/sites\/3\/2022\/11\/favicon.png\",\"width\":300,\"height\":300,\"caption\":\"Secretaria de Educa\u00e7\u00e3o\"},\"image\":{\"@id\":\"https:\/\/www.manaus.am.gov.br\/semed\/#\/schema\/logo\/image\/\"}},{\"@type\":\"Person\",\"@id\":\"https:\/\/www.manaus.am.gov.br\/semed\/#\/schema\/person\/79525a47ac5902f50493820d995728ee\",\"name\":\"Imarketing Digital\",\"image\":{\"@type\":\"ImageObject\",\"inLanguage\":\"pt-BR\",\"@id\":\"https:\/\/www.manaus.am.gov.br\/semed\/#\/schema\/person\/image\/\",\"url\":\"https:\/\/secure.gravatar.com\/avatar\/03432d3c57b756ed9760f7019c815a3a?s=96&d=mm&r=g\",\"contentUrl\":\"https:\/\/secure.gravatar.com\/avatar\/03432d3c57b756ed9760f7019c815a3a?s=96&d=mm&r=g\",\"caption\":\"Imarketing Digital\"}}]}<\/script>\n<!-- \/ Yoast SEO plugin. -->","yoast_head_json":{"title":"Chamamento P\u00fablico - SEMED","robots":{"index":"index","follow":"follow","max-snippet":"max-snippet:-1","max-image-preview":"max-image-preview:large","max-video-preview":"max-video-preview:-1"},"canonical":"https:\/\/www.manaus.am.gov.br\/semed\/chamamento\/","og_locale":"pt_BR","og_type":"article","og_title":"Chamamento P\u00fablico - SEMED","og_url":"https:\/\/www.manaus.am.gov.br\/semed\/chamamento\/","og_site_name":"SEMED","article_modified_time":"2025-04-24T13:11:17+00:00","og_image":[{"width":966,"height":520,"url":"https:\/\/www.manaus.am.gov.br\/semed\/wp-content\/uploads\/sites\/3\/2024\/07\/thumb-default-2.png","type":"image\/png"}],"twitter_card":"summary_large_image","twitter_misc":{"Est. reading time":"2 minutos"},"schema":{"@context":"https:\/\/schema.org","@graph":[{"@type":"Article","@id":"https:\/\/www.manaus.am.gov.br\/semed\/chamamento\/#article","isPartOf":{"@id":"https:\/\/www.manaus.am.gov.br\/semed\/chamamento\/"},"author":{"name":"Imarketing Digital","@id":"https:\/\/www.manaus.am.gov.br\/semed\/#\/schema\/person\/79525a47ac5902f50493820d995728ee"},"headline":"Chamamento P\u00fablico","datePublished":"2023-01-30T12:17:47+00:00","dateModified":"2025-04-24T13:11:17+00:00","mainEntityOfPage":{"@id":"https:\/\/www.manaus.am.gov.br\/semed\/chamamento\/"},"wordCount":219,"publisher":{"@id":"https:\/\/www.manaus.am.gov.br\/semed\/#organization"},"inLanguage":"pt-BR"},{"@type":"WebPage","@id":"https:\/\/www.manaus.am.gov.br\/semed\/chamamento\/","url":"https:\/\/www.manaus.am.gov.br\/semed\/chamamento\/","name":"Chamamento P\u00fablico - SEMED","isPartOf":{"@id":"https:\/\/www.manaus.am.gov.br\/semed\/#website"},"datePublished":"2023-01-30T12:17:47+00:00","dateModified":"2025-04-24T13:11:17+00:00","inLanguage":"pt-BR","potentialAction":[{"@type":"ReadAction","target":["https:\/\/www.manaus.am.gov.br\/semed\/chamamento\/"]}]},{"@type":"WebSite","@id":"https:\/\/www.manaus.am.gov.br\/semed\/#website","url":"https:\/\/www.manaus.am.gov.br\/semed\/","name":"Secretaria Municipal de Educa\u00e7\u00e3o","description":"Secretaria Municipal de Educa\u00e7\u00e3o","publisher":{"@id":"https:\/\/www.manaus.am.gov.br\/semed\/#organization"},"alternateName":"SEMED","potentialAction":[{"@type":"SearchAction","target":{"@type":"EntryPoint","urlTemplate":"https:\/\/www.manaus.am.gov.br\/semed\/?s={search_term_string}"},"query-input":"required name=search_term_string"}],"inLanguage":"pt-BR"},{"@type":"Organization","@id":"https:\/\/www.manaus.am.gov.br\/semed\/#organization","name":"Secretaria de Educa\u00e7\u00e3o","alternateName":"SEMED","url":"https:\/\/www.manaus.am.gov.br\/semed\/","logo":{"@type":"ImageObject","inLanguage":"pt-BR","@id":"https:\/\/www.manaus.am.gov.br\/semed\/#\/schema\/logo\/image\/","url":"https:\/\/www.manaus.am.gov.br\/semed\/wp-content\/uploads\/sites\/3\/2022\/11\/favicon.png","contentUrl":"https:\/\/www.manaus.am.gov.br\/semed\/wp-content\/uploads\/sites\/3\/2022\/11\/favicon.png","width":300,"height":300,"caption":"Secretaria de Educa\u00e7\u00e3o"},"image":{"@id":"https:\/\/www.manaus.am.gov.br\/semed\/#\/schema\/logo\/image\/"}},{"@type":"Person","@id":"https:\/\/www.manaus.am.gov.br\/semed\/#\/schema\/person\/79525a47ac5902f50493820d995728ee","name":"Imarketing Digital","image":{"@type":"ImageObject","inLanguage":"pt-BR","@id":"https:\/\/www.manaus.am.gov.br\/semed\/#\/schema\/person\/image\/","url":"https:\/\/secure.gravatar.com\/avatar\/03432d3c57b756ed9760f7019c815a3a?s=96&d=mm&r=g","contentUrl":"https:\/\/secure.gravatar.com\/avatar\/03432d3c57b756ed9760f7019c815a3a?s=96&d=mm&r=g","caption":"Imarketing Digital"}}]}},"_links":{"self":[{"href":"https:\/\/www.manaus.am.gov.br\/semed\/wp-json\/wp\/v2\/pages\/999"}],"collection":[{"href":"https:\/\/www.manaus.am.gov.br\/semed\/wp-json\/wp\/v2\/pages"}],"about":[{"href":"https:\/\/www.manaus.am.gov.br\/semed\/wp-json\/wp\/v2\/types\/page"}],"author":[{"embeddable":true,"href":"https:\/\/www.manaus.am.gov.br\/semed\/wp-json\/wp\/v2\/users\/27"}],"replies":[{"embeddable":true,"href":"https:\/\/www.manaus.am.gov.br\/semed\/wp-json\/wp\/v2\/comments?post=999"}],"version-history":[{"count":10,"href":"https:\/\/www.manaus.am.gov.br\/semed\/wp-json\/wp\/v2\/pages\/999\/revisions"}],"predecessor-version":[{"id":8591,"href":"https:\/\/www.manaus.am.gov.br\/semed\/wp-json\/wp\/v2\/pages\/999\/revisions\/8591"}],"wp:attachment":[{"href":"https:\/\/www.manaus.am.gov.br\/semed\/wp-json\/wp\/v2\/media?parent=999"}],"curies":[{"name":"wp","href":"https:\/\/api.w.org\/{rel}","templated":true}]}}