{"id":980,"date":"2023-01-27T14:55:32","date_gmt":"2023-01-27T18:55:32","guid":{"rendered":"https:\/\/www.manaus.am.gov.br\/semed\/?page_id=980"},"modified":"2023-01-30T11:14:16","modified_gmt":"2023-01-30T15:14:16","slug":"comissao-de-investidura-da-semed","status":"publish","type":"page","link":"https:\/\/www.manaus.am.gov.br\/semed\/comissao-de-investidura-da-semed\/","title":{"rendered":"Comiss\u00e3o de Investidura da SEMED"},"content":{"rendered":"\n<h2 class=\"wp-block-heading\"><strong>Bem-vindo \u00e0 Comiss\u00e3o de Investidura da SEMED!<\/strong><\/h2>\n\n\n\n<p>A Semed, visando \u00e0 transpar\u00eancia de suas a\u00e7\u00f5es no que tange \u00e0 investidura de novos servidores e a agilidade nos atendimentos de posse e contrata\u00e7\u00e3o, disponibiliza as orienta\u00e7\u00f5es gerais e a documenta\u00e7\u00e3o necess\u00e1ria a serem apresentadas, conforme solicitado nos editais de&nbsp;Concurso P\u00fablico e&nbsp; Processo Seletivo Simplificado.&nbsp;<\/p>\n\n\n\n<p><strong>PROCESSO SELETIVO SIMPLIFICADO \u2013 PEDAGOGO E PROFESSOR 1\u00ba AO 5\u00ba ANO \/ 2021<\/strong><\/p>\n\n\n\n<p><a href=\"https:\/\/semed.manaus.am.gov.br\/wp-content\/uploads\/2021\/12\/Edital-PSS-Pedagogo-e-Professor-1o-ao-5o-ano-DOM-5236-03.12.2021-CAD-1.doc.pdf\">Edital 005\/2021<\/a><\/p>\n\n\n\n<p><a href=\"https:\/\/semed.manaus.am.gov.br\/wp-content\/uploads\/2021\/12\/1-Declaracao-negativa.pdf\">1. Declara\u00e7\u00e3o negativa<\/a><\/p>\n\n\n\n<p><a href=\"https:\/\/semed.manaus.am.gov.br\/wp-content\/uploads\/2021\/12\/2-Declaracao-de-bens.pdf\">2. Declara\u00e7\u00e3o de Bens<\/a><\/p>\n\n\n\n<p><a href=\"https:\/\/semed.manaus.am.gov.br\/wp-content\/uploads\/2021\/12\/3-Declaracao-de-vinculo-de-parentesco.pdf\">3. Declara\u00e7\u00e3o de v\u00ednculo de parentesco<\/a><\/p>\n\n\n\n<p><a href=\"https:\/\/semed.manaus.am.gov.br\/wp-content\/uploads\/2021\/12\/4-Declaracao-de-acumulacao-de-cargos.pdf\">4. Declara\u00e7\u00e3o de acumula\u00e7\u00e3o de cargos<\/a><\/p>\n\n\n\n<p><a href=\"https:\/\/semed.manaus.am.gov.br\/wp-content\/uploads\/2021\/12\/5-DECLARACAO_DE_DEPENDENTES_PARA_FINS_DE_SALARIO_FAMILIA_IMPOSTO_DE_RENDA_....pdf\">5. Declara\u00e7\u00e3o de dependentes<\/a><\/p>\n\n\n\n<p><a href=\"https:\/\/semed.manaus.am.gov.br\/wp-content\/uploads\/2021\/12\/6-Orientacoes-gerais.pdf\">6. Orienta\u00e7\u00f5es gerais<\/a><\/p>\n\n\n\n<p><a href=\"https:\/\/semed.manaus.am.gov.br\/wp-content\/uploads\/2021\/12\/7-Relacao-de-Documentos.pdf\">7. Rela\u00e7\u00e3o de Documentos<\/a><\/p>\n\n\n\n<p><a class=\"custom-link\" href=\"http:\/\/servicossemed.manaus.am.gov.br\/psssemed\/\" target=\"_blank\" rel=\"noreferrer noopener\">Inscri\u00e7\u00f5es<\/a><\/p>\n\n\n\n<div style=\"height:30px\" aria-hidden=\"true\" class=\"wp-block-spacer\"><\/div>\n\n\n\n<p><strong>PROCESSO SELETIVO SIMPLIFICADO \u2013 CI\u00caNCIAS E MATEM\u00c1TICA \/ 2021<\/strong><\/p>\n\n\n\n<p><a href=\"https:\/\/semed.manaus.am.gov.br\/wp-content\/uploads\/2021\/06\/Edital-PSS-Ciencias-e-Matematica-DOM-5126-24.06.2021-C-AD-1.doc.pdf\">Edital PSS Ci\u00eancias e Matem\u00e1tica \u2013 DOM 5126 24.06.2021<\/a><\/p>\n\n\n\n<p><a href=\"https:\/\/semed.manaus.am.gov.br\/wp-content\/uploads\/2021\/06\/900-Declaracao-De-Acumulos-de-cargos.pdf\">1. Declara\u00e7\u00e3o De Ac\u00famulos de cargos<\/a><\/p>\n\n\n\n<p><a href=\"https:\/\/semed.manaus.am.gov.br\/wp-content\/uploads\/2021\/06\/901-Declaracao-de-Bens-.pdf\">2. Declara\u00e7\u00e3o de Bens<\/a><\/p>\n\n\n\n<p><a href=\"https:\/\/semed.manaus.am.gov.br\/wp-content\/uploads\/2021\/06\/902-Declaracao-de-Dependentes.pdf\">3. Declara\u00e7\u00e3o de Dependentes<\/a><\/p>\n\n\n\n<p><a href=\"https:\/\/semed.manaus.am.gov.br\/wp-content\/uploads\/2021\/06\/903-Declaracao-de-Vinculo-de-Parentesco.pdf\">4. Declara\u00e7\u00e3o de V\u00ednculo de Parentesco<\/a><\/p>\n\n\n\n<p><a href=\"https:\/\/semed.manaus.am.gov.br\/wp-content\/uploads\/2021\/06\/904-Declaracao-Negativ-a.pdf\">5. Declara\u00e7\u00e3o Negativa<\/a><\/p>\n\n\n\n<p><a href=\"https:\/\/semed.manaus.am.gov.br\/wp-content\/uploads\/2021\/07\/Anexo-V-Formulario-para-interposicao-de-recurso.pdf\">6. Anexo V \u2013 Formul\u00e1rio para Interposi\u00e7\u00e3o de Recursos<\/a><\/p>\n\n\n\n<p><a class=\"custom-link amarelao\" href=\"https:\/\/www.manaus.am.gov.br\/semed\/comissao-de-investidura-da-semed\/\" target=\"_blank\" rel=\"noreferrer noopener\">Inscri\u00e7\u00f5es Encerradas<\/a><\/p>\n\n\n\n<div style=\"height:30px\" aria-hidden=\"true\" class=\"wp-block-spacer\"><\/div>\n\n\n\n<p><strong>PROCESSO SELETIVO SIMPLIFICADO \u2013 CI\u00caNCIAS E MATEM\u00c1TICA \/ 2019<\/strong><\/p>\n\n\n\n<p><a class=\"custom-link amarelao\" href=\"https:\/\/www.manaus.am.gov.br\/semed\/comissao-de-investidura-da-semed\/\" target=\"_blank\" rel=\"noreferrer noopener\">Inscri\u00e7\u00f5es Encerradas<\/a><\/p>\n\n\n\n<div style=\"height:30px\" aria-hidden=\"true\" class=\"wp-block-spacer\"><\/div>\n\n\n\n<p><strong>PROCESSO SELETIVO 2017<\/strong><\/p>\n\n\n\n<p><a href=\"https:\/\/semed.manaus.am.gov.br\/wp-content\/uploads\/2018\/08\/EDITAL-DO-CONCURSO-DOM-4248-21.11.2017.pdf\">EDITAL DO CONCURSO DOM 4248 21.11.2017<\/a><\/p>\n\n\n\n<p><a href=\"https:\/\/semed.manaus.am.gov.br\/wp-content\/uploads\/2018\/08\/DECLARACAO_DE_DEPENDENTES_PARA_FINS_DE_SALARIO_FAMILIA_IMPOSTO_DE_RENDA_....pdf\">DECLARA\u00c7\u00c3O DE DEPENDENTES<\/a><\/p>\n\n\n\n<div style=\"height:30px\" aria-hidden=\"true\" class=\"wp-block-spacer\"><\/div>\n\n\n\n<p><strong>PROCESSO SELETIVO SIMPLIFICADO 2016<\/strong><\/p>\n\n\n\n<p><a class=\"custom-link amarelao\" href=\"https:\/\/www.manaus.am.gov.br\/semed\/comissao-de-investidura-da-semed\/\" target=\"_blank\" rel=\"noreferrer noopener\">Inscri\u00e7\u00f5es Encerradas<\/a><\/p>\n\n\n\n<p><a href=\"https:\/\/semed.manaus.am.gov.br\/wp-content\/uploads\/2014\/12\/Edital-001.2016-PSS-Ensino-regular-DOM-3832-19.02.2016-CAD-1.pdf\">Edital 001.2016 \u2013 Ensino Regular<\/a>&nbsp;|&nbsp;<a href=\"https:\/\/semed.manaus.am.gov.br\/wp-content\/uploads\/2014\/12\/Edital-002.2016-PSS-Ind%C3%ADgena-DOM-3832-19.02.2016-CAD-1.pdf\">Edital 002.2016 \u2013 Ind\u00edgena<\/a><\/p>\n\n\n\n<ul>\n<li>1.&nbsp;<a href=\"https:\/\/semed.manaus.am.gov.br\/wp-content\/uploads\/2014\/12\/OrientacoesParaContratoPSS2016.pdf\">Orienta\u00e7\u00f5es Gerais<\/a><\/li>\n\n\n\n<li>2.&nbsp;<a href=\"https:\/\/semed.manaus.am.gov.br\/wp-content\/uploads\/2014\/12\/ORIENTA%C3%87%C3%95ES-PARA-PREENCHIMENTO-DE-DECLARA%C3%87%C3%95ES-PSS.pdf\">Orienta\u00e7\u00f5es para preenchimento das declara\u00e7\u00f5es<\/a><\/li>\n\n\n\n<li>3.&nbsp;<strong>Documentos para contrata\u00e7\u00e3o<\/strong><\/li>\n\n\n\n<li>3.1&nbsp;<a href=\"https:\/\/semed.manaus.am.gov.br\/wp-content\/uploads\/2014\/12\/DeclaracaoDeAcumulacaoDeCargos.pdf\">Declara\u00e7\u00e3o de Ac\u00famulo de Cargos<\/a><\/li>\n\n\n\n<li>3.2&nbsp;<a href=\"https:\/\/semed.manaus.am.gov.br\/wp-content\/uploads\/2014\/12\/Declara%C3%A7%C3%A3o-de-V%C3%ADnculo-de-Parentesco.pdf\">Declara\u00e7\u00e3o de V\u00ednculo de Parentesco<\/a><\/li>\n\n\n\n<li>3.3&nbsp;<a href=\"https:\/\/semed.manaus.am.gov.br\/wp-content\/uploads\/2014\/12\/DECLARA%C3%87%C3%83O-NEGATIVA.doc\">Declara\u00e7\u00e3o Negativa<\/a><\/li>\n\n\n\n<li>3.4&nbsp;<a href=\"https:\/\/semed.manaus.am.gov.br\/wp-content\/uploads\/2014\/12\/DeclaracaoDeBensParaContratados.pdf\">Declara\u00e7\u00e3o de Bens<\/a><\/li>\n\n\n\n<li>3.5\u00a0<a href=\"https:\/\/semed.manaus.am.gov.br\/wp-content\/uploads\/2014\/12\/DeclaracaoDeDependentes.pdf\">Declara\u00e7\u00e3o de Dependentes<\/a><\/li>\n<\/ul>\n\n\n\n<div style=\"height:30px\" aria-hidden=\"true\" class=\"wp-block-spacer\"><\/div>\n\n\n\n<h2 class=\"wp-block-heading\">CONCURSO P\u00daBLICO 2011\/2014<\/h2>\n\n\n\n<p><a href=\"https:\/\/semed.manaus.am.gov.br\/wp-content\/uploads\/2014\/12\/DOM-3803_-de-06.01.2016-3_-Edital-de-Convocacao.pdf\">Edital de Convoca\u00e7\u00e3o \u2013 Edital N\u00b0 005\/2011 (Administrativos)<\/a><\/p>\n\n\n\n<p><a href=\"https:\/\/semed.manaus.am.gov.br\/wp-content\/uploads\/2014\/12\/DOM-3802_-de-05.01.2016-9_-Nomeacao-Administrativos.pdf\">Decreto de Nomea\u00e7\u00e3o \u2013 Edital N\u00b0 005\/2011 (Administrativos)<\/a><\/p>\n\n\n\n<p><a href=\"https:\/\/semed.manaus.am.gov.br\/wp-content\/uploads\/2014\/12\/DOM-3803_-de-06.01.2016-3_-Edital-de-Convocacao1.pdf\">Edital de Convoca\u00e7\u00e3o \u2013 Edital N\u00b0 001\/2014 (Professores)<\/a><\/p>\n\n\n\n<p><a href=\"https:\/\/semed.manaus.am.gov.br\/wp-content\/uploads\/2014\/12\/DOM-3802-de-05.01.2016-Decreto-de-3%C2%AA-Nomea%C3%A7%C3%A3o-Professores-1.compressed.pdf\">Decreto de Nomea\u00e7\u00e3o \u2013 Edital N\u00b0 001\/2014 (Professores)<\/a><\/p>\n\n\n\n<p>1.&nbsp;<a href=\"https:\/\/semed.manaus.am.gov.br\/wp-content\/uploads\/2014\/12\/Orientacoes-para-posse-_1_.docx\">Orienta\u00e7\u00f5es para Posse<\/a><\/p>\n\n\n\n<p>2.&nbsp;<a href=\"https:\/\/semed.manaus.am.gov.br\/wp-content\/uploads\/2018\/05\/Apresentacao-para-os-concursados.pptx\">Apresenta\u00e7\u00e3o para os concursados<\/a><\/p>\n\n\n\n<p>3.&nbsp;<a href=\"https:\/\/semed.manaus.am.gov.br\/wp-content\/uploads\/2018\/05\/Rela__o-de-documentos-e-exames-para-posse.pdf\">Documentos para posse<\/a><\/p>\n\n\n\n<p>3.1&nbsp;<a href=\"https:\/\/semed.manaus.am.gov.br\/wp-content\/uploads\/2018\/05\/Declara__o-de-Acumula__o-de-Cargos.pdf\">Declara\u00e7\u00e3o de Ac\u00famulo de Cargos<\/a><\/p>\n\n\n\n<p>3.2&nbsp;<a href=\"https:\/\/semed.manaus.am.gov.br\/wp-content\/uploads\/2014\/12\/Declaracao-de-Vinculo-de-Parentesco-para-Concursado.docx\">Declara\u00e7\u00e3o de V\u00ednculo de Parentesco<\/a><\/p>\n\n\n\n<p>3.3&nbsp;<a href=\"https:\/\/semed.manaus.am.gov.br\/wp-content\/uploads\/2018\/05\/DECLARA__O-NEGATIVA-concurso.pdf\">Declara\u00e7\u00e3o Negativa<\/a><\/p>\n\n\n\n<p>3.4&nbsp;<a href=\"https:\/\/semed.manaus.am.gov.br\/wp-content\/uploads\/2018\/05\/Declara__o-de-Bens-para-Concursados.pdf\">Declara\u00e7\u00e3o de Bens<\/a><\/p>\n\n\n\n<p>3.5&nbsp;<a href=\"https:\/\/semed.manaus.am.gov.br\/wp-content\/uploads\/2018\/05\/DECLARACAO_DE_DEPENDENTES_PARA_FINS_DE_SALARIO_FAMILIA_IMPOSTO_DE_RENDA_....pdf\">Declara\u00e7\u00e3o de Dependentes<\/a><\/p>\n","protected":false},"excerpt":{"rendered":"","protected":false},"author":27,"featured_media":0,"parent":0,"menu_order":0,"comment_status":"closed","ping_status":"closed","template":"","meta":{"footnotes":""},"acf":[],"yoast_head":"<!-- This site is optimized with the Yoast SEO plugin v23.0 - https:\/\/yoast.com\/wordpress\/plugins\/seo\/ -->\n<title>Comiss\u00e3o de Investidura da SEMED - SEMED<\/title>\n<meta name=\"robots\" content=\"index, follow, max-snippet:-1, max-image-preview:large, max-video-preview:-1\" \/>\n<link rel=\"canonical\" href=\"https:\/\/www.manaus.am.gov.br\/semed\/comissao-de-investidura-da-semed\/\" \/>\n<meta property=\"og:locale\" content=\"pt_BR\" \/>\n<meta property=\"og:type\" content=\"article\" \/>\n<meta property=\"og:title\" content=\"Comiss\u00e3o de Investidura da SEMED - SEMED\" \/>\n<meta property=\"og:url\" content=\"https:\/\/www.manaus.am.gov.br\/semed\/comissao-de-investidura-da-semed\/\" \/>\n<meta property=\"og:site_name\" content=\"SEMED\" \/>\n<meta property=\"article:modified_time\" content=\"2023-01-30T15:14:16+00:00\" \/>\n<meta property=\"og:image\" content=\"https:\/\/www.manaus.am.gov.br\/semed\/wp-content\/uploads\/sites\/3\/2024\/07\/thumb-default-2.png\" \/>\n\t<meta property=\"og:image:width\" content=\"966\" \/>\n\t<meta property=\"og:image:height\" content=\"520\" \/>\n\t<meta property=\"og:image:type\" content=\"image\/png\" \/>\n<meta name=\"twitter:card\" content=\"summary_large_image\" \/>\n<meta name=\"twitter:label1\" content=\"Est. reading time\" \/>\n\t<meta name=\"twitter:data1\" content=\"2 minutos\" \/>\n<script type=\"application\/ld+json\" class=\"yoast-schema-graph\">{\"@context\":\"https:\/\/schema.org\",\"@graph\":[{\"@type\":\"Article\",\"@id\":\"https:\/\/www.manaus.am.gov.br\/semed\/comissao-de-investidura-da-semed\/#article\",\"isPartOf\":{\"@id\":\"https:\/\/www.manaus.am.gov.br\/semed\/comissao-de-investidura-da-semed\/\"},\"author\":{\"name\":\"Imarketing Digital\",\"@id\":\"https:\/\/www.manaus.am.gov.br\/semed\/#\/schema\/person\/79525a47ac5902f50493820d995728ee\"},\"headline\":\"Comiss\u00e3o de Investidura da SEMED\",\"datePublished\":\"2023-01-27T18:55:32+00:00\",\"dateModified\":\"2023-01-30T15:14:16+00:00\",\"mainEntityOfPage\":{\"@id\":\"https:\/\/www.manaus.am.gov.br\/semed\/comissao-de-investidura-da-semed\/\"},\"wordCount\":321,\"publisher\":{\"@id\":\"https:\/\/www.manaus.am.gov.br\/semed\/#organization\"},\"inLanguage\":\"pt-BR\"},{\"@type\":\"WebPage\",\"@id\":\"https:\/\/www.manaus.am.gov.br\/semed\/comissao-de-investidura-da-semed\/\",\"url\":\"https:\/\/www.manaus.am.gov.br\/semed\/comissao-de-investidura-da-semed\/\",\"name\":\"Comiss\u00e3o de Investidura da SEMED - SEMED\",\"isPartOf\":{\"@id\":\"https:\/\/www.manaus.am.gov.br\/semed\/#website\"},\"datePublished\":\"2023-01-27T18:55:32+00:00\",\"dateModified\":\"2023-01-30T15:14:16+00:00\",\"inLanguage\":\"pt-BR\",\"potentialAction\":[{\"@type\":\"ReadAction\",\"target\":[\"https:\/\/www.manaus.am.gov.br\/semed\/comissao-de-investidura-da-semed\/\"]}]},{\"@type\":\"WebSite\",\"@id\":\"https:\/\/www.manaus.am.gov.br\/semed\/#website\",\"url\":\"https:\/\/www.manaus.am.gov.br\/semed\/\",\"name\":\"Secretaria Municipal de Educa\u00e7\u00e3o\",\"description\":\"Secretaria Municipal de Educa\u00e7\u00e3o\",\"publisher\":{\"@id\":\"https:\/\/www.manaus.am.gov.br\/semed\/#organization\"},\"alternateName\":\"SEMED\",\"potentialAction\":[{\"@type\":\"SearchAction\",\"target\":{\"@type\":\"EntryPoint\",\"urlTemplate\":\"https:\/\/www.manaus.am.gov.br\/semed\/?s={search_term_string}\"},\"query-input\":\"required name=search_term_string\"}],\"inLanguage\":\"pt-BR\"},{\"@type\":\"Organization\",\"@id\":\"https:\/\/www.manaus.am.gov.br\/semed\/#organization\",\"name\":\"Secretaria de Educa\u00e7\u00e3o\",\"alternateName\":\"SEMED\",\"url\":\"https:\/\/www.manaus.am.gov.br\/semed\/\",\"logo\":{\"@type\":\"ImageObject\",\"inLanguage\":\"pt-BR\",\"@id\":\"https:\/\/www.manaus.am.gov.br\/semed\/#\/schema\/logo\/image\/\",\"url\":\"https:\/\/www.manaus.am.gov.br\/semed\/wp-content\/uploads\/sites\/3\/2022\/11\/favicon.png\",\"contentUrl\":\"https:\/\/www.manaus.am.gov.br\/semed\/wp-content\/uploads\/sites\/3\/2022\/11\/favicon.png\",\"width\":300,\"height\":300,\"caption\":\"Secretaria de Educa\u00e7\u00e3o\"},\"image\":{\"@id\":\"https:\/\/www.manaus.am.gov.br\/semed\/#\/schema\/logo\/image\/\"}},{\"@type\":\"Person\",\"@id\":\"https:\/\/www.manaus.am.gov.br\/semed\/#\/schema\/person\/79525a47ac5902f50493820d995728ee\",\"name\":\"Imarketing Digital\",\"image\":{\"@type\":\"ImageObject\",\"inLanguage\":\"pt-BR\",\"@id\":\"https:\/\/www.manaus.am.gov.br\/semed\/#\/schema\/person\/image\/\",\"url\":\"https:\/\/secure.gravatar.com\/avatar\/03432d3c57b756ed9760f7019c815a3a?s=96&d=mm&r=g\",\"contentUrl\":\"https:\/\/secure.gravatar.com\/avatar\/03432d3c57b756ed9760f7019c815a3a?s=96&d=mm&r=g\",\"caption\":\"Imarketing Digital\"}}]}<\/script>\n<!-- \/ Yoast SEO plugin. -->","yoast_head_json":{"title":"Comiss\u00e3o de Investidura da SEMED - SEMED","robots":{"index":"index","follow":"follow","max-snippet":"max-snippet:-1","max-image-preview":"max-image-preview:large","max-video-preview":"max-video-preview:-1"},"canonical":"https:\/\/www.manaus.am.gov.br\/semed\/comissao-de-investidura-da-semed\/","og_locale":"pt_BR","og_type":"article","og_title":"Comiss\u00e3o de Investidura da SEMED - SEMED","og_url":"https:\/\/www.manaus.am.gov.br\/semed\/comissao-de-investidura-da-semed\/","og_site_name":"SEMED","article_modified_time":"2023-01-30T15:14:16+00:00","og_image":[{"width":966,"height":520,"url":"https:\/\/www.manaus.am.gov.br\/semed\/wp-content\/uploads\/sites\/3\/2024\/07\/thumb-default-2.png","type":"image\/png"}],"twitter_card":"summary_large_image","twitter_misc":{"Est. reading time":"2 minutos"},"schema":{"@context":"https:\/\/schema.org","@graph":[{"@type":"Article","@id":"https:\/\/www.manaus.am.gov.br\/semed\/comissao-de-investidura-da-semed\/#article","isPartOf":{"@id":"https:\/\/www.manaus.am.gov.br\/semed\/comissao-de-investidura-da-semed\/"},"author":{"name":"Imarketing Digital","@id":"https:\/\/www.manaus.am.gov.br\/semed\/#\/schema\/person\/79525a47ac5902f50493820d995728ee"},"headline":"Comiss\u00e3o de Investidura da SEMED","datePublished":"2023-01-27T18:55:32+00:00","dateModified":"2023-01-30T15:14:16+00:00","mainEntityOfPage":{"@id":"https:\/\/www.manaus.am.gov.br\/semed\/comissao-de-investidura-da-semed\/"},"wordCount":321,"publisher":{"@id":"https:\/\/www.manaus.am.gov.br\/semed\/#organization"},"inLanguage":"pt-BR"},{"@type":"WebPage","@id":"https:\/\/www.manaus.am.gov.br\/semed\/comissao-de-investidura-da-semed\/","url":"https:\/\/www.manaus.am.gov.br\/semed\/comissao-de-investidura-da-semed\/","name":"Comiss\u00e3o de Investidura da SEMED - SEMED","isPartOf":{"@id":"https:\/\/www.manaus.am.gov.br\/semed\/#website"},"datePublished":"2023-01-27T18:55:32+00:00","dateModified":"2023-01-30T15:14:16+00:00","inLanguage":"pt-BR","potentialAction":[{"@type":"ReadAction","target":["https:\/\/www.manaus.am.gov.br\/semed\/comissao-de-investidura-da-semed\/"]}]},{"@type":"WebSite","@id":"https:\/\/www.manaus.am.gov.br\/semed\/#website","url":"https:\/\/www.manaus.am.gov.br\/semed\/","name":"Secretaria Municipal de Educa\u00e7\u00e3o","description":"Secretaria Municipal de Educa\u00e7\u00e3o","publisher":{"@id":"https:\/\/www.manaus.am.gov.br\/semed\/#organization"},"alternateName":"SEMED","potentialAction":[{"@type":"SearchAction","target":{"@type":"EntryPoint","urlTemplate":"https:\/\/www.manaus.am.gov.br\/semed\/?s={search_term_string}"},"query-input":"required name=search_term_string"}],"inLanguage":"pt-BR"},{"@type":"Organization","@id":"https:\/\/www.manaus.am.gov.br\/semed\/#organization","name":"Secretaria de Educa\u00e7\u00e3o","alternateName":"SEMED","url":"https:\/\/www.manaus.am.gov.br\/semed\/","logo":{"@type":"ImageObject","inLanguage":"pt-BR","@id":"https:\/\/www.manaus.am.gov.br\/semed\/#\/schema\/logo\/image\/","url":"https:\/\/www.manaus.am.gov.br\/semed\/wp-content\/uploads\/sites\/3\/2022\/11\/favicon.png","contentUrl":"https:\/\/www.manaus.am.gov.br\/semed\/wp-content\/uploads\/sites\/3\/2022\/11\/favicon.png","width":300,"height":300,"caption":"Secretaria de Educa\u00e7\u00e3o"},"image":{"@id":"https:\/\/www.manaus.am.gov.br\/semed\/#\/schema\/logo\/image\/"}},{"@type":"Person","@id":"https:\/\/www.manaus.am.gov.br\/semed\/#\/schema\/person\/79525a47ac5902f50493820d995728ee","name":"Imarketing Digital","image":{"@type":"ImageObject","inLanguage":"pt-BR","@id":"https:\/\/www.manaus.am.gov.br\/semed\/#\/schema\/person\/image\/","url":"https:\/\/secure.gravatar.com\/avatar\/03432d3c57b756ed9760f7019c815a3a?s=96&d=mm&r=g","contentUrl":"https:\/\/secure.gravatar.com\/avatar\/03432d3c57b756ed9760f7019c815a3a?s=96&d=mm&r=g","caption":"Imarketing Digital"}}]}},"_links":{"self":[{"href":"https:\/\/www.manaus.am.gov.br\/semed\/wp-json\/wp\/v2\/pages\/980"}],"collection":[{"href":"https:\/\/www.manaus.am.gov.br\/semed\/wp-json\/wp\/v2\/pages"}],"about":[{"href":"https:\/\/www.manaus.am.gov.br\/semed\/wp-json\/wp\/v2\/types\/page"}],"author":[{"embeddable":true,"href":"https:\/\/www.manaus.am.gov.br\/semed\/wp-json\/wp\/v2\/users\/27"}],"replies":[{"embeddable":true,"href":"https:\/\/www.manaus.am.gov.br\/semed\/wp-json\/wp\/v2\/comments?post=980"}],"version-history":[{"count":8,"href":"https:\/\/www.manaus.am.gov.br\/semed\/wp-json\/wp\/v2\/pages\/980\/revisions"}],"predecessor-version":[{"id":1008,"href":"https:\/\/www.manaus.am.gov.br\/semed\/wp-json\/wp\/v2\/pages\/980\/revisions\/1008"}],"wp:attachment":[{"href":"https:\/\/www.manaus.am.gov.br\/semed\/wp-json\/wp\/v2\/media?parent=980"}],"curies":[{"name":"wp","href":"https:\/\/api.w.org\/{rel}","templated":true}]}}