{"id":975,"date":"2023-01-27T10:31:07","date_gmt":"2023-01-27T14:31:07","guid":{"rendered":"https:\/\/www.manaus.am.gov.br\/semed\/?page_id=975"},"modified":"2023-05-30T11:44:48","modified_gmt":"2023-05-30T15:44:48","slug":"programa-de-seguranca-na-escola","status":"publish","type":"page","link":"https:\/\/www.manaus.am.gov.br\/semed\/programa-de-seguranca-na-escola\/","title":{"rendered":"Programa de Seguran\u00e7a na Escola &#8211; PROSEG"},"content":{"rendered":"\n<p>O Programa Seguran\u00e7a na Escola \u2013 PROSEG foi institu\u00eddo com o intuito de realizar melhorias no sistema de seguran\u00e7a escolar, dando maior suporte \u00e0s unidade escolares.<\/p>\n\n\n\n<h2 class=\"wp-block-heading\">OBJETIVOS<\/h2>\n\n\n\n<p>1 \u2013&nbsp;<strong>O Programa Seguran\u00e7a na Escola \u2013 PROSEG<\/strong>&nbsp;tem como objetivo acompanhar o trabalho desenvolvido por empresa de seguran\u00e7a contratada pela Semed.<\/p>\n\n\n\n<p>2 \u2013 Acompanhar a&nbsp;<strong>instala\u00e7\u00e3o<\/strong>,&nbsp;<strong>configura\u00e7\u00e3o<\/strong>,&nbsp;<strong>integra\u00e7\u00e3o<\/strong>,&nbsp;<strong>opera\u00e7\u00e3o<\/strong>,&nbsp;<strong>manuten\u00e7\u00e3o<\/strong>&nbsp;e fornecimento de um&nbsp;<strong>centro de Opera\u00e7\u00f5es de Seguran\u00e7a<\/strong>, com Sistemas de&nbsp;<strong>Monitoramento<\/strong>&nbsp;<strong>Identifica\u00e7\u00e3o<\/strong>&nbsp;e&nbsp;<strong>Controle de acesso<\/strong>.<\/p>\n\n\n\n<p>3 \u2013 Acompanhar o atendimento m\u00f3vel, reposicionamento de bens, loca\u00e7\u00e3o de m\u00e3o de obra de operador de controle de acesso de horas, loca\u00e7\u00e3o de equipamentos para armazenamento de itens de alto valor e Sistema de alerta de seguran\u00e7a por Smatphone. Destinados \u00e0s unidades escolares e administrativas da Semed.<\/p>\n\n\n\n<p>4 \u2013 Assessorar a Semed, DDZ\u2019s e Unidades Escolares quanto a efetiva\u00e7\u00e3o dos servi\u00e7os contratados.<\/p>\n\n\n\n<h2 class=\"wp-block-heading\">AMPARO LEGAL<\/h2>\n\n\n\n<p>1 \u2013&nbsp; Constitui\u00e7\u00e3o da Rep\u00fablica Federativa do Brasil;<\/p>\n\n\n\n<p>2 \u2013 Lei Org\u00e2nica da Magistratura Nacional \u2013 LOMAN\/1979;<\/p>\n\n\n\n<p>3 \u2013 Lei Federal 13.675\/2018;<\/p>\n\n\n\n<p>4 \u2013 Lei Federal 13.531\/2017;<\/p>\n\n\n\n<p>5 \u2013 Lei Org\u00e2nica do Munic\u00edpio de Manaus;<\/p>\n\n\n\n<p>6 \u2013 Lei 8069\/1990 \u2013 ECA;<\/p>\n\n\n\n<p>7 \u2013 Portaria n\u00ba 0501 de 17 de Junho de 2021 Proseg<\/p>\n\n\n\n<h2 class=\"wp-block-heading\">IDENTIDADE ESTRAT\u00c9GICA<\/h2>\n\n\n\n<h3 class=\"wp-block-heading\">Miss\u00e3o<\/h3>\n\n\n\n<p>Estabelecer o planejamento e cumprimento das a\u00e7\u00f5es estrat\u00e9gicas de Seguran\u00e7a na Rede Municipal de Ensino, objetivando compreender e minimizar os impactos da viol\u00eancia urbana no ambiente escolar.<\/p>\n\n\n\n<h3 class=\"wp-block-heading\">Vis\u00e3o<\/h3>\n\n\n\n<p>Ser refer\u00eancia nacional em estrat\u00e9gias de seguran\u00e7a escolar, buscando reduzir os \u00edndices de ocorr\u00eancias e vulnerabilidade na Rede Municipal de Ensino.<\/p>\n\n\n\n<h3 class=\"wp-block-heading\">Valores<\/h3>\n\n\n\n<p>1 \u2013 Comprometimento<br>2 \u2013 Transpar\u00eancia<br>3 \u2013 Respeito<br>4 \u2013 Integra\u00e7\u00e3o<br>5 \u2013 Efici\u00eancia<br>6 \u2013 Seguran\u00e7a<\/p>\n\n\n\n<p><a href=\"https:\/\/www.manaus.am.gov.br\/semed\/wp-content\/uploads\/sites\/3\/2023\/05\/Escola-e-Comunidade-Seguras-Manual-do-usua\u0301rio-OF-1.pdf\" target=\"_blank\" rel=\"noreferrer noopener\">ESCOLA E COMUNIDADE SEGURAS &#8211; MANUAL DO USU\u00c1RIO<\/a><\/p>\n\n\n\n<h2 class=\"wp-block-heading\">FLUXOGRAMA<\/h2>\n\n\n<div class=\"wp-block-image\">\n<figure class=\"aligncenter size-full is-resized\"><img loading=\"lazy\" decoding=\"async\" src=\"https:\/\/www.manaus.am.gov.br\/semed\/wp-content\/uploads\/sites\/3\/2023\/01\/image-31.png\" alt=\"\" class=\"wp-image-977\" width=\"620\" height=\"581\" srcset=\"https:\/\/www.manaus.am.gov.br\/semed\/wp-content\/uploads\/sites\/3\/2023\/01\/image-31.png 768w, https:\/\/www.manaus.am.gov.br\/semed\/wp-content\/uploads\/sites\/3\/2023\/01\/image-31-300x281.png 300w\" sizes=\"(max-width: 620px) 100vw, 620px\" \/><\/figure><\/div>\n\n\n<p><\/p>\n","protected":false},"excerpt":{"rendered":"","protected":false},"author":27,"featured_media":0,"parent":0,"menu_order":0,"comment_status":"closed","ping_status":"closed","template":"page_servicos_menu.php","meta":{"footnotes":""},"acf":[],"yoast_head":"<!-- This site is optimized with the Yoast SEO plugin v23.0 - https:\/\/yoast.com\/wordpress\/plugins\/seo\/ -->\n<title>Programa de Seguran\u00e7a na Escola - PROSEG - SEMED<\/title>\n<meta name=\"robots\" content=\"index, follow, max-snippet:-1, max-image-preview:large, max-video-preview:-1\" \/>\n<link rel=\"canonical\" href=\"https:\/\/www.manaus.am.gov.br\/semed\/programa-de-seguranca-na-escola\/\" \/>\n<meta property=\"og:locale\" content=\"pt_BR\" \/>\n<meta property=\"og:type\" content=\"article\" \/>\n<meta property=\"og:title\" content=\"Programa de Seguran\u00e7a na Escola - PROSEG - SEMED\" \/>\n<meta property=\"og:url\" content=\"https:\/\/www.manaus.am.gov.br\/semed\/programa-de-seguranca-na-escola\/\" \/>\n<meta property=\"og:site_name\" content=\"SEMED\" \/>\n<meta property=\"article:modified_time\" content=\"2023-05-30T15:44:48+00:00\" \/>\n<meta property=\"og:image\" content=\"https:\/\/www.manaus.am.gov.br\/semed\/wp-content\/uploads\/sites\/3\/2023\/01\/image-31.png\" \/>\n<meta name=\"twitter:card\" content=\"summary_large_image\" \/>\n<meta name=\"twitter:label1\" content=\"Est. reading time\" \/>\n\t<meta name=\"twitter:data1\" content=\"2 minutos\" \/>\n<script type=\"application\/ld+json\" class=\"yoast-schema-graph\">{\"@context\":\"https:\/\/schema.org\",\"@graph\":[{\"@type\":\"Article\",\"@id\":\"https:\/\/www.manaus.am.gov.br\/semed\/programa-de-seguranca-na-escola\/#article\",\"isPartOf\":{\"@id\":\"https:\/\/www.manaus.am.gov.br\/semed\/programa-de-seguranca-na-escola\/\"},\"author\":{\"name\":\"Imarketing Digital\",\"@id\":\"https:\/\/www.manaus.am.gov.br\/semed\/#\/schema\/person\/79525a47ac5902f50493820d995728ee\"},\"headline\":\"Programa de Seguran\u00e7a na Escola &#8211; PROSEG\",\"datePublished\":\"2023-01-27T14:31:07+00:00\",\"dateModified\":\"2023-05-30T15:44:48+00:00\",\"mainEntityOfPage\":{\"@id\":\"https:\/\/www.manaus.am.gov.br\/semed\/programa-de-seguranca-na-escola\/\"},\"wordCount\":295,\"publisher\":{\"@id\":\"https:\/\/www.manaus.am.gov.br\/semed\/#organization\"},\"image\":{\"@id\":\"https:\/\/www.manaus.am.gov.br\/semed\/programa-de-seguranca-na-escola\/#primaryimage\"},\"thumbnailUrl\":\"https:\/\/www.manaus.am.gov.br\/semed\/wp-content\/uploads\/sites\/3\/2023\/01\/image-31.png\",\"inLanguage\":\"pt-BR\"},{\"@type\":\"WebPage\",\"@id\":\"https:\/\/www.manaus.am.gov.br\/semed\/programa-de-seguranca-na-escola\/\",\"url\":\"https:\/\/www.manaus.am.gov.br\/semed\/programa-de-seguranca-na-escola\/\",\"name\":\"Programa de Seguran\u00e7a na Escola - PROSEG - SEMED\",\"isPartOf\":{\"@id\":\"https:\/\/www.manaus.am.gov.br\/semed\/#website\"},\"primaryImageOfPage\":{\"@id\":\"https:\/\/www.manaus.am.gov.br\/semed\/programa-de-seguranca-na-escola\/#primaryimage\"},\"image\":{\"@id\":\"https:\/\/www.manaus.am.gov.br\/semed\/programa-de-seguranca-na-escola\/#primaryimage\"},\"thumbnailUrl\":\"https:\/\/www.manaus.am.gov.br\/semed\/wp-content\/uploads\/sites\/3\/2023\/01\/image-31.png\",\"datePublished\":\"2023-01-27T14:31:07+00:00\",\"dateModified\":\"2023-05-30T15:44:48+00:00\",\"inLanguage\":\"pt-BR\",\"potentialAction\":[{\"@type\":\"ReadAction\",\"target\":[\"https:\/\/www.manaus.am.gov.br\/semed\/programa-de-seguranca-na-escola\/\"]}]},{\"@type\":\"ImageObject\",\"inLanguage\":\"pt-BR\",\"@id\":\"https:\/\/www.manaus.am.gov.br\/semed\/programa-de-seguranca-na-escola\/#primaryimage\",\"url\":\"https:\/\/www.manaus.am.gov.br\/semed\/wp-content\/uploads\/sites\/3\/2023\/01\/image-31.png\",\"contentUrl\":\"https:\/\/www.manaus.am.gov.br\/semed\/wp-content\/uploads\/sites\/3\/2023\/01\/image-31.png\",\"width\":768,\"height\":720},{\"@type\":\"WebSite\",\"@id\":\"https:\/\/www.manaus.am.gov.br\/semed\/#website\",\"url\":\"https:\/\/www.manaus.am.gov.br\/semed\/\",\"name\":\"Secretaria Municipal de Educa\u00e7\u00e3o\",\"description\":\"Secretaria Municipal de Educa\u00e7\u00e3o\",\"publisher\":{\"@id\":\"https:\/\/www.manaus.am.gov.br\/semed\/#organization\"},\"alternateName\":\"SEMED\",\"potentialAction\":[{\"@type\":\"SearchAction\",\"target\":{\"@type\":\"EntryPoint\",\"urlTemplate\":\"https:\/\/www.manaus.am.gov.br\/semed\/?s={search_term_string}\"},\"query-input\":\"required name=search_term_string\"}],\"inLanguage\":\"pt-BR\"},{\"@type\":\"Organization\",\"@id\":\"https:\/\/www.manaus.am.gov.br\/semed\/#organization\",\"name\":\"Secretaria de Educa\u00e7\u00e3o\",\"alternateName\":\"SEMED\",\"url\":\"https:\/\/www.manaus.am.gov.br\/semed\/\",\"logo\":{\"@type\":\"ImageObject\",\"inLanguage\":\"pt-BR\",\"@id\":\"https:\/\/www.manaus.am.gov.br\/semed\/#\/schema\/logo\/image\/\",\"url\":\"https:\/\/www.manaus.am.gov.br\/semed\/wp-content\/uploads\/sites\/3\/2022\/11\/favicon.png\",\"contentUrl\":\"https:\/\/www.manaus.am.gov.br\/semed\/wp-content\/uploads\/sites\/3\/2022\/11\/favicon.png\",\"width\":300,\"height\":300,\"caption\":\"Secretaria de Educa\u00e7\u00e3o\"},\"image\":{\"@id\":\"https:\/\/www.manaus.am.gov.br\/semed\/#\/schema\/logo\/image\/\"}},{\"@type\":\"Person\",\"@id\":\"https:\/\/www.manaus.am.gov.br\/semed\/#\/schema\/person\/79525a47ac5902f50493820d995728ee\",\"name\":\"Imarketing Digital\",\"image\":{\"@type\":\"ImageObject\",\"inLanguage\":\"pt-BR\",\"@id\":\"https:\/\/www.manaus.am.gov.br\/semed\/#\/schema\/person\/image\/\",\"url\":\"https:\/\/secure.gravatar.com\/avatar\/03432d3c57b756ed9760f7019c815a3a?s=96&d=mm&r=g\",\"contentUrl\":\"https:\/\/secure.gravatar.com\/avatar\/03432d3c57b756ed9760f7019c815a3a?s=96&d=mm&r=g\",\"caption\":\"Imarketing Digital\"}}]}<\/script>\n<!-- \/ Yoast SEO plugin. -->","yoast_head_json":{"title":"Programa de Seguran\u00e7a na Escola - PROSEG - SEMED","robots":{"index":"index","follow":"follow","max-snippet":"max-snippet:-1","max-image-preview":"max-image-preview:large","max-video-preview":"max-video-preview:-1"},"canonical":"https:\/\/www.manaus.am.gov.br\/semed\/programa-de-seguranca-na-escola\/","og_locale":"pt_BR","og_type":"article","og_title":"Programa de Seguran\u00e7a na Escola - PROSEG - SEMED","og_url":"https:\/\/www.manaus.am.gov.br\/semed\/programa-de-seguranca-na-escola\/","og_site_name":"SEMED","article_modified_time":"2023-05-30T15:44:48+00:00","og_image":[{"url":"https:\/\/www.manaus.am.gov.br\/semed\/wp-content\/uploads\/sites\/3\/2023\/01\/image-31.png"}],"twitter_card":"summary_large_image","twitter_misc":{"Est. reading time":"2 minutos"},"schema":{"@context":"https:\/\/schema.org","@graph":[{"@type":"Article","@id":"https:\/\/www.manaus.am.gov.br\/semed\/programa-de-seguranca-na-escola\/#article","isPartOf":{"@id":"https:\/\/www.manaus.am.gov.br\/semed\/programa-de-seguranca-na-escola\/"},"author":{"name":"Imarketing Digital","@id":"https:\/\/www.manaus.am.gov.br\/semed\/#\/schema\/person\/79525a47ac5902f50493820d995728ee"},"headline":"Programa de Seguran\u00e7a na Escola &#8211; PROSEG","datePublished":"2023-01-27T14:31:07+00:00","dateModified":"2023-05-30T15:44:48+00:00","mainEntityOfPage":{"@id":"https:\/\/www.manaus.am.gov.br\/semed\/programa-de-seguranca-na-escola\/"},"wordCount":295,"publisher":{"@id":"https:\/\/www.manaus.am.gov.br\/semed\/#organization"},"image":{"@id":"https:\/\/www.manaus.am.gov.br\/semed\/programa-de-seguranca-na-escola\/#primaryimage"},"thumbnailUrl":"https:\/\/www.manaus.am.gov.br\/semed\/wp-content\/uploads\/sites\/3\/2023\/01\/image-31.png","inLanguage":"pt-BR"},{"@type":"WebPage","@id":"https:\/\/www.manaus.am.gov.br\/semed\/programa-de-seguranca-na-escola\/","url":"https:\/\/www.manaus.am.gov.br\/semed\/programa-de-seguranca-na-escola\/","name":"Programa de Seguran\u00e7a na Escola - PROSEG - SEMED","isPartOf":{"@id":"https:\/\/www.manaus.am.gov.br\/semed\/#website"},"primaryImageOfPage":{"@id":"https:\/\/www.manaus.am.gov.br\/semed\/programa-de-seguranca-na-escola\/#primaryimage"},"image":{"@id":"https:\/\/www.manaus.am.gov.br\/semed\/programa-de-seguranca-na-escola\/#primaryimage"},"thumbnailUrl":"https:\/\/www.manaus.am.gov.br\/semed\/wp-content\/uploads\/sites\/3\/2023\/01\/image-31.png","datePublished":"2023-01-27T14:31:07+00:00","dateModified":"2023-05-30T15:44:48+00:00","inLanguage":"pt-BR","potentialAction":[{"@type":"ReadAction","target":["https:\/\/www.manaus.am.gov.br\/semed\/programa-de-seguranca-na-escola\/"]}]},{"@type":"ImageObject","inLanguage":"pt-BR","@id":"https:\/\/www.manaus.am.gov.br\/semed\/programa-de-seguranca-na-escola\/#primaryimage","url":"https:\/\/www.manaus.am.gov.br\/semed\/wp-content\/uploads\/sites\/3\/2023\/01\/image-31.png","contentUrl":"https:\/\/www.manaus.am.gov.br\/semed\/wp-content\/uploads\/sites\/3\/2023\/01\/image-31.png","width":768,"height":720},{"@type":"WebSite","@id":"https:\/\/www.manaus.am.gov.br\/semed\/#website","url":"https:\/\/www.manaus.am.gov.br\/semed\/","name":"Secretaria Municipal de Educa\u00e7\u00e3o","description":"Secretaria Municipal de Educa\u00e7\u00e3o","publisher":{"@id":"https:\/\/www.manaus.am.gov.br\/semed\/#organization"},"alternateName":"SEMED","potentialAction":[{"@type":"SearchAction","target":{"@type":"EntryPoint","urlTemplate":"https:\/\/www.manaus.am.gov.br\/semed\/?s={search_term_string}"},"query-input":"required name=search_term_string"}],"inLanguage":"pt-BR"},{"@type":"Organization","@id":"https:\/\/www.manaus.am.gov.br\/semed\/#organization","name":"Secretaria de Educa\u00e7\u00e3o","alternateName":"SEMED","url":"https:\/\/www.manaus.am.gov.br\/semed\/","logo":{"@type":"ImageObject","inLanguage":"pt-BR","@id":"https:\/\/www.manaus.am.gov.br\/semed\/#\/schema\/logo\/image\/","url":"https:\/\/www.manaus.am.gov.br\/semed\/wp-content\/uploads\/sites\/3\/2022\/11\/favicon.png","contentUrl":"https:\/\/www.manaus.am.gov.br\/semed\/wp-content\/uploads\/sites\/3\/2022\/11\/favicon.png","width":300,"height":300,"caption":"Secretaria de Educa\u00e7\u00e3o"},"image":{"@id":"https:\/\/www.manaus.am.gov.br\/semed\/#\/schema\/logo\/image\/"}},{"@type":"Person","@id":"https:\/\/www.manaus.am.gov.br\/semed\/#\/schema\/person\/79525a47ac5902f50493820d995728ee","name":"Imarketing Digital","image":{"@type":"ImageObject","inLanguage":"pt-BR","@id":"https:\/\/www.manaus.am.gov.br\/semed\/#\/schema\/person\/image\/","url":"https:\/\/secure.gravatar.com\/avatar\/03432d3c57b756ed9760f7019c815a3a?s=96&d=mm&r=g","contentUrl":"https:\/\/secure.gravatar.com\/avatar\/03432d3c57b756ed9760f7019c815a3a?s=96&d=mm&r=g","caption":"Imarketing Digital"}}]}},"_links":{"self":[{"href":"https:\/\/www.manaus.am.gov.br\/semed\/wp-json\/wp\/v2\/pages\/975"}],"collection":[{"href":"https:\/\/www.manaus.am.gov.br\/semed\/wp-json\/wp\/v2\/pages"}],"about":[{"href":"https:\/\/www.manaus.am.gov.br\/semed\/wp-json\/wp\/v2\/types\/page"}],"author":[{"embeddable":true,"href":"https:\/\/www.manaus.am.gov.br\/semed\/wp-json\/wp\/v2\/users\/27"}],"replies":[{"embeddable":true,"href":"https:\/\/www.manaus.am.gov.br\/semed\/wp-json\/wp\/v2\/comments?post=975"}],"version-history":[{"count":7,"href":"https:\/\/www.manaus.am.gov.br\/semed\/wp-json\/wp\/v2\/pages\/975\/revisions"}],"predecessor-version":[{"id":3074,"href":"https:\/\/www.manaus.am.gov.br\/semed\/wp-json\/wp\/v2\/pages\/975\/revisions\/3074"}],"wp:attachment":[{"href":"https:\/\/www.manaus.am.gov.br\/semed\/wp-json\/wp\/v2\/media?parent=975"}],"curies":[{"name":"wp","href":"https:\/\/api.w.org\/{rel}","templated":true}]}}