{"id":734,"date":"2023-01-23T21:42:52","date_gmt":"2023-01-24T01:42:52","guid":{"rendered":"https:\/\/www.manaus.am.gov.br\/semed\/?page_id=734"},"modified":"2023-01-23T21:44:19","modified_gmt":"2023-01-24T01:44:19","slug":"documentos-referenciais-dos-programas-federais","status":"publish","type":"page","link":"https:\/\/www.manaus.am.gov.br\/semed\/documentos-referenciais-dos-programas-federais\/","title":{"rendered":"Documentos Referenciais dos Programas Federais"},"content":{"rendered":"\n<h2 class=\"wp-block-heading\">Orienta\u00e7\u00f5es para Implementa\u00e7\u00e3o dos Programas Federais<\/h2>\n\n\n\n<p>Considerando a extrema import\u00e2ncia da operacionaliza\u00e7\u00e3o dos recursos federais provenientes do Fundo Nacional de Desenvolvimento da Educa\u00e7\u00e3o (FNDE) repassados \u00e0s Unidades Executoras (UEXs) das escolas p\u00fablicas, a Secretaria Municipal de Educa\u00e7\u00e3o, por meio do Departamento de Gest\u00e3o Educacional\/Divis\u00e3o de Apoio \u00e0 Gest\u00e3o Escolar, elaborou 3 (tr\u00eas) documentos contendo orienta\u00e7\u00f5es necess\u00e1rias aos procedimentos operacionais para a implementa\u00e7\u00e3o e execu\u00e7\u00e3o dos Programas Federais na rede municipal de ensino de Manaus:&nbsp;<strong>Manual dos Programas Federais, Manual dos Conselhos Escolares e Cartilha do PDDE<\/strong>. Com isso, espera-se favorecer a aloca\u00e7\u00e3o dos recursos no atendimento das necessidades das unidades de ensino para o fortalecimento da autonomia escolar, da eleva\u00e7\u00e3o do desempenho escolar e a consequente melhoria da qualidade do ensino. Incentiva ainda a participa\u00e7\u00e3o do Conselho Escolar nas decis\u00f5es da escola no que tange ao levantamento das necessidades, defini\u00e7\u00e3o de prioridades e controle social dos recursos p\u00fablicos recebidos dos Programas.<\/p>\n\n\n\n<h2 class=\"wp-block-heading\">Material Disponibilizado para Download:<\/h2>\n\n\n\n<ol>\n<li>Manual dos Programas Federais<ul><li><a href=\"http:\/\/semed.manaus.am.gov.br\/wp-content\/uploads\/2015\/05\/PROGRAMAS_FEDERAIS_p1.pdf\">Programas Federais \u2013 Parte 1<\/a><\/li><li><a href=\"http:\/\/semed.manaus.am.gov.br\/wp-content\/uploads\/2015\/05\/PROGRAMAS_FEDERAIS_p2.pdf\">Programas Federais \u2013 Parte 2<\/a><\/li><li><a href=\"http:\/\/semed.manaus.am.gov.br\/wp-content\/uploads\/2015\/05\/PROGRAMAS_FEDERAIS_p3.pdf\">Programas Federais \u2013 Parte 3<\/a><\/li><li><a href=\"http:\/\/semed.manaus.am.gov.br\/wp-content\/uploads\/2015\/05\/PROGRAMAS_FEDERAIS_p4.pdf\">Programas Federais \u2013 Parte 4<\/a><\/li><li><a href=\"http:\/\/semed.manaus.am.gov.br\/wp-content\/uploads\/2015\/05\/PROGRAMAS_FEDERAIS_p5.pdf\">Programas Federais \u2013 Parte 5<\/a><\/li><li><a href=\"http:\/\/semed.manaus.am.gov.br\/wp-content\/uploads\/2015\/05\/PROGRAMAS_FEDERAIS_p6.pdf\">Programas Federais \u2013 Parte 6<\/a><\/li><li><a href=\"http:\/\/semed.manaus.am.gov.br\/wp-content\/uploads\/2015\/05\/PROGRAMAS_FEDERAIS_p7.pdf\">Programas Federais \u2013 Parte 7<\/a><\/li><li><a href=\"http:\/\/semed.manaus.am.gov.br\/wp-content\/uploads\/2015\/05\/PROGRAMAS_FEDERAIS_p8.pdf\">Programas Federais \u2013 Parte 8<\/a><\/li><li><a href=\"http:\/\/semed.manaus.am.gov.br\/wp-content\/uploads\/2015\/05\/PROGRAMAS_FEDERAIS_p9.pdf\">Programas Federais \u2013 Parte 9<\/a><\/li><li><a href=\"http:\/\/semed.manaus.am.gov.br\/wp-content\/uploads\/2015\/05\/PROGRAMAS_FEDERAIS_p10.pdf\">Programas Federais \u2013 Parte 10<\/a><\/li><\/ul><strong>1.1 Documentos Relacionados<\/strong>\n<ul>\n<li><a href=\"http:\/\/semed.manaus.am.gov.br\/wp-content\/uploads\/2015\/05\/Resolucao_33_Agua_pdde_2013.pdf\">\u00c1gua na Escola<\/a><\/li>\n\n\n\n<li><a href=\"http:\/\/semed.manaus.am.gov.br\/wp-content\/uploads\/2015\/05\/resolucao_ATLETAcd_11_2013.pdf\">Atleta na Escola<\/a><\/li>\n\n\n\n<li><a href=\"http:\/\/semed.manaus.am.gov.br\/wp-content\/uploads\/2015\/05\/Resolucao_n19.pdf\">Escola Acess\u00edvel<\/a><\/li>\n\n\n\n<li><a href=\"http:\/\/semed.manaus.am.gov.br\/wp-content\/uploads\/2015\/05\/resolucao_32_pdde.pdf\">Escola do Campo<\/a><\/li>\n\n\n\n<li><a href=\"http:\/\/semed.manaus.am.gov.br\/wp-content\/uploads\/2015\/05\/RESOLUCAO_ESCOLA_SUSTENTAVEL.pdf\">Escolas Sustent\u00e1veis<\/a><\/li>\n\n\n\n<li><a href=\"http:\/\/semed.manaus.am.gov.br\/wp-content\/uploads\/2015\/05\/ResolucoesMaisCultura.pdf\">Mais Cultura<\/a><\/li>\n\n\n\n<li>Mais Educa\u00e7\u00e3o\n<ul>\n<li><a href=\"http:\/\/semed.manaus.am.gov.br\/wp-content\/uploads\/2015\/05\/cadastro_monitores.pdf\">Cadastro de Monitores<\/a><\/li>\n\n\n\n<li><a href=\"http:\/\/semed.manaus.am.gov.br\/wp-content\/uploads\/2015\/05\/diariodomonitor.pdf\">Di\u00e1rio do Monitor<\/a><\/li>\n\n\n\n<li><a href=\"http:\/\/semed.manaus.am.gov.br\/wp-content\/uploads\/2015\/05\/Horario_pme.pdf\">Hor\u00e1rio PME<\/a><\/li>\n\n\n\n<li><a href=\"http:\/\/semed.manaus.am.gov.br\/wp-content\/uploads\/2015\/05\/Manual_Operacional_Educacao.pdf\">Manual Operacional de Educa\u00e7\u00e3o Integral<\/a><\/li>\n\n\n\n<li><a href=\"http:\/\/semed.manaus.am.gov.br\/wp-content\/uploads\/2015\/05\/normas_monitor.pdf\">Normas dos Monitores<\/a><\/li>\n\n\n\n<li><a href=\"http:\/\/semed.manaus.am.gov.br\/wp-content\/uploads\/2015\/05\/planilha_rendimento.pdf\">Planilha de Rendimento Individual<\/a><\/li>\n\n\n\n<li><a href=\"http:\/\/semed.manaus.am.gov.br\/wp-content\/uploads\/2015\/05\/planodeacao.pdf\">Plano de A\u00e7\u00e3o<\/a><\/li>\n\n\n\n<li><a href=\"http:\/\/semed.manaus.am.gov.br\/wp-content\/uploads\/2015\/05\/planodeaula.pdf\">Plano de Aula<\/a><\/li>\n\n\n\n<li><a href=\"http:\/\/semed.manaus.am.gov.br\/wp-content\/uploads\/2015\/05\/relatorio_bimestral.pdf\">Relat\u00f3rio Bimestral<\/a><\/li>\n\n\n\n<li><a href=\"http:\/\/semed.manaus.am.gov.br\/wp-content\/uploads\/2015\/05\/Resolucao_N_14.pdf\">Resolu\u00e7\u00e3o de 2014<\/a><\/li>\n\n\n\n<li><a href=\"http:\/\/semed.manaus.am.gov.br\/wp-content\/uploads\/2015\/05\/tabela_de_calculo.pdf\">Tabela de C\u00e1lculo<\/a><\/li>\n<\/ul>\n<\/li>\n\n\n\n<li>PDDE\n<ul>\n<li><a href=\"http:\/\/semed.manaus.am.gov.br\/wp-content\/uploads\/2015\/05\/folder_PDDE_p1.pdf\">Folder \u2013 Parte 1<\/a><\/li>\n\n\n\n<li><a href=\"http:\/\/semed.manaus.am.gov.br\/wp-content\/uploads\/2015\/05\/folder_PDDE_p2.pdf\">Folder \u2013 Parte 2<\/a><\/li>\n\n\n\n<li><a href=\"http:\/\/semed.manaus.am.gov.br\/wp-content\/uploads\/2015\/05\/ResolucoesPDDE.pdf\">Resolu\u00e7\u00f5es<\/a><\/li>\n<\/ul>\n<\/li>\n\n\n\n<li><a href=\"http:\/\/semed.manaus.am.gov.br\/wp-content\/uploads\/2015\/05\/MANUAL_DO_PDDE_Interativo_2014.pdf\">PDDE Interativo<\/a><\/li>\n\n\n\n<li><a href=\"http:\/\/semed.manaus.am.gov.br\/wp-content\/uploads\/2015\/05\/RESOLUCAO_N_49.pdf\">PDE Escola<\/a><\/li>\n\n\n\n<li><a href=\"http:\/\/semed.manaus.am.gov.br\/wp-content\/uploads\/2015\/05\/Portaria_448_Custeio_Capital.pdf\">Portaria 448 &#8211; Custeio Capital<\/a><\/li>\n\n\n\n<li><a href=\"http:\/\/semed.manaus.am.gov.br\/wp-content\/uploads\/2015\/05\/res09_02032011_guia_de_orientacoes.pdf\">Guia de Orienta\u00e7\u00f5es<\/a><\/li>\n<\/ul>\n<\/li>\n\n\n\n<li>Manual dos Conselhos Escolares<ul><li><a href=\"http:\/\/semed.manaus.am.gov.br\/wp-content\/uploads\/2015\/05\/CONSELHO_ESCOLAR_p1.pdf\">Conselho Escolar \u2013 Parte 1<\/a><\/li><li><a href=\"http:\/\/semed.manaus.am.gov.br\/wp-content\/uploads\/2015\/05\/CONSELHO_ESCOLAR_p2.pdf\">Conselho Escolar \u2013 Parte 2<\/a><\/li><li><a href=\"http:\/\/semed.manaus.am.gov.br\/wp-content\/uploads\/2015\/05\/CONSELHO_ESCOLAR_p3.pdf\">Conselho Escolar \u2013 Parte 3<\/a><\/li><\/ul><strong>2.1 Documentos Relacionados<\/strong>\n<ul>\n<li><a href=\"http:\/\/semed.manaus.am.gov.br\/wp-content\/uploads\/2015\/05\/OficioBB.pdf\">Of\u00edcio do Bando do Brasil<\/a><\/li>\n\n\n\n<li><a href=\"http:\/\/semed.manaus.am.gov.br\/wp-content\/uploads\/2015\/05\/ORIENTACOES_PARA_OS_CONSELHOS_ESCOLARES.pdf\">Orienta\u00e7\u00f5es para os Conselhos Escolares<\/a><\/li>\n\n\n\n<li><a href=\"http:\/\/semed.manaus.am.gov.br\/wp-content\/uploads\/2015\/05\/Plano_de_Acao_do_Conselho_Escolar_modelo.pdf\">Plano de A\u00e7\u00e3o do Conselho Escolar (modelo)<\/a><\/li>\n\n\n\n<li>Cadernos Conselho Escolar\n<ul>\n<li><a href=\"http:\/\/semed.manaus.am.gov.br\/wp-content\/uploads\/2015\/05\/Caderno_1_p1.pdf\">Caderno N\u00ba 1 \u2013 Parte 1<\/a><\/li>\n\n\n\n<li><a href=\"http:\/\/semed.manaus.am.gov.br\/wp-content\/uploads\/2015\/05\/Caderno_1_p2.pdf\">Caderno N\u00ba 1 \u2013 Parte 2<\/a><\/li>\n\n\n\n<li><a href=\"http:\/\/semed.manaus.am.gov.br\/wp-content\/uploads\/2015\/05\/Caderno_2_p1.pdf\">Caderno N\u00ba 2 \u2013 Parte 1<\/a><\/li>\n\n\n\n<li><a href=\"http:\/\/semed.manaus.am.gov.br\/wp-content\/uploads\/2015\/05\/Caderno_2_p2.pdf\">Caderno N\u00ba 2 \u2013 Parte 2<\/a><\/li>\n\n\n\n<li><a href=\"http:\/\/semed.manaus.am.gov.br\/wp-content\/uploads\/2015\/05\/Caderno_2_p3.pdf\">Caderno N\u00ba 2 \u2013 Parte 3<\/a><\/li>\n\n\n\n<li><a href=\"http:\/\/semed.manaus.am.gov.br\/wp-content\/uploads\/2015\/05\/Caderno_3_p1.pdf\">Caderno N\u00ba 3 \u2013 Parte 1<\/a><\/li>\n\n\n\n<li><a href=\"http:\/\/semed.manaus.am.gov.br\/wp-content\/uploads\/2015\/05\/Caderno_3_p2.pdf\">Caderno N\u00ba 3 \u2013 Parte 2<\/a><\/li>\n\n\n\n<li><a href=\"http:\/\/semed.manaus.am.gov.br\/wp-content\/uploads\/2015\/05\/Caderno_4_p1.pdf\">Caderno N\u00ba 4 \u2013 Parte 1<\/a><\/li>\n\n\n\n<li><a href=\"http:\/\/semed.manaus.am.gov.br\/wp-content\/uploads\/2015\/05\/Caderno_4_p2.pdf\">Caderno N\u00ba 4 \u2013 Parte 2<\/a><\/li>\n\n\n\n<li><a href=\"http:\/\/semed.manaus.am.gov.br\/wp-content\/uploads\/2015\/05\/caderno_5_p1.pdf\">Caderno N\u00ba 5 \u2013 Parte 1<\/a><\/li>\n\n\n\n<li><a href=\"http:\/\/semed.manaus.am.gov.br\/wp-content\/uploads\/2015\/05\/caderno_5_p2.pdf\">Caderno N\u00ba 5 \u2013 Parte 2<\/a><\/li>\n\n\n\n<li><a href=\"http:\/\/semed.manaus.am.gov.br\/wp-content\/uploads\/2015\/05\/Caderno_6_p1.pdf\">Caderno N\u00ba 6 \u2013 Parte 1<\/a><\/li>\n\n\n\n<li><a href=\"http:\/\/semed.manaus.am.gov.br\/wp-content\/uploads\/2015\/05\/Caderno_6_p2.pdf\">Caderno N\u00ba 6 \u2013 Parte 2<\/a><\/li>\n\n\n\n<li><a href=\"http:\/\/semed.manaus.am.gov.br\/wp-content\/uploads\/2015\/05\/Caderno_6_p3.pdf\">Caderno N\u00ba 6 \u2013 Parte 3<\/a><\/li>\n\n\n\n<li><a href=\"http:\/\/semed.manaus.am.gov.br\/wp-content\/uploads\/2015\/05\/Caderno_7.pdf\">Caderno N\u00ba 7<\/a><\/li>\n\n\n\n<li><a href=\"http:\/\/semed.manaus.am.gov.br\/wp-content\/uploads\/2015\/05\/Caderno_8.pdf\">Caderno N\u00ba 8<\/a><\/li>\n\n\n\n<li><a href=\"http:\/\/semed.manaus.am.gov.br\/wp-content\/uploads\/2015\/05\/Caderno_9_p1.pdf\">Caderno N\u00ba 9 \u2013 Parte 1<\/a><\/li>\n\n\n\n<li><a href=\"http:\/\/semed.manaus.am.gov.br\/wp-content\/uploads\/2015\/05\/Caderno_9_p2.pdf\">Caderno N\u00ba 9 \u2013 Parte 2<\/a><\/li>\n\n\n\n<li><a href=\"http:\/\/semed.manaus.am.gov.br\/wp-content\/uploads\/2015\/05\/Caderno_10.pdf\">Caderno N\u00ba 10<\/a><\/li>\n\n\n\n<li><a href=\"http:\/\/semed.manaus.am.gov.br\/wp-content\/uploads\/2015\/05\/Caderno_11.pdf\">Caderno N\u00ba 11<\/a><\/li>\n\n\n\n<li><a href=\"http:\/\/semed.manaus.am.gov.br\/wp-content\/uploads\/2015\/05\/Caderno_12_p1.pdf\">Caderno N\u00ba 12 \u2013 Parte 1<\/a><\/li>\n\n\n\n<li><a href=\"http:\/\/semed.manaus.am.gov.br\/wp-content\/uploads\/2015\/05\/Caderno_12_p2.pdf\">Caderno N\u00ba 12 \u2013 Parte 2<\/a><\/li>\n<\/ul>\n<\/li>\n\n\n\n<li>Cartilha Bairro-Escola Passo a Passo\n<ul>\n<li><a href=\"http:\/\/semed.manaus.am.gov.br\/wp-content\/uploads\/2015\/05\/Cartilha_bairro_escola_p1.pdf\">Cartilha Bairro-Escola \u2013 Parte 1<\/a><\/li>\n\n\n\n<li><a href=\"http:\/\/semed.manaus.am.gov.br\/wp-content\/uploads\/2015\/05\/Cartilha_bairro_escola_p2.pdf\">Cartilha Bairro-Escola \u2013 Parte 2<\/a><\/li>\n<\/ul>\n<\/li>\n\n\n\n<li>Concep\u00e7\u00f5es e Propostas Planos-livconselhos_ufscar-1\n<ul>\n<li><a href=\"http:\/\/semed.manaus.am.gov.br\/wp-content\/uploads\/2015\/05\/Concepcoes_propostas_p1.pdf\">Concep\u00e7\u00f5es e Propostas \u2013 Parte 1<\/a><\/li>\n\n\n\n<li><a href=\"http:\/\/semed.manaus.am.gov.br\/wp-content\/uploads\/2015\/05\/Concepcoes_propostas_p2.pdf\">Concep\u00e7\u00f5es e Propostas \u2013 Parte 2<\/a><\/li>\n\n\n\n<li><a href=\"http:\/\/semed.manaus.am.gov.br\/wp-content\/uploads\/2015\/05\/Concepcoes_propostas_p3.pdf\">Concep\u00e7\u00f5es e Propostas \u2013 Parte 3<\/a><\/li>\n<\/ul>\n<\/li>\n\n\n\n<li><a href=\"http:\/\/semed.manaus.am.gov.br\/wp-content\/uploads\/2015\/05\/Conselho_Escolar_DDPM.pdf\">Conselho Escolar \u2013 DDPM<\/a><\/li>\n\n\n\n<li><a href=\"http:\/\/semed.manaus.am.gov.br\/wp-content\/uploads\/2015\/05\/Conselhos_Escolares_CE_GEN.pdf\">Conselhos Escolares &#8211; Uma Estrat\u00e9gia de Gest\u00e3o Democr\u00e1tica CE_GEN<\/a><\/li>\n\n\n\n<li>Documentos Necess\u00e1rios para Cria\u00e7\u00e3o e Transforma\u00e7\u00e3o CE\n<ul>\n<li><a href=\"http:\/\/semed.manaus.am.gov.br\/wp-content\/uploads\/2015\/05\/Modelos_de_Atas.pdf\">Atas Conselho Escolar<\/a><\/li>\n\n\n\n<li><a href=\"http:\/\/semed.manaus.am.gov.br\/wp-content\/uploads\/2015\/05\/Modelos_de_Cedulas.pdf\">C\u00e9dulas, Regimento Eleitoral e Edital de Convoca\u00e7\u00e3o<\/a><\/li>\n\n\n\n<li><a href=\"http:\/\/semed.manaus.am.gov.br\/wp-content\/uploads\/2015\/05\/Modelos_de_Estatutos.pdf\">Estatuto de Cria\u00e7\u00e3o e Transforma\u00e7\u00e3o do CE<\/a><\/li>\n\n\n\n<li>Legisla\u00e7\u00e3o do Conselho Escolar\n<ul>\n<li><a href=\"http:\/\/semed.manaus.am.gov.br\/wp-content\/uploads\/2015\/05\/Diario_oficial_Conselho_p1.pdf\">Di\u00e1rio oficial &#8211; Cria\u00e7\u00e3o do Conselho \u2013 Parte 1<\/a><\/li>\n\n\n\n<li><a href=\"http:\/\/semed.manaus.am.gov.br\/wp-content\/uploads\/2015\/05\/Diario_oficial_Conselho_p2.pdf\">Di\u00e1rio oficial &#8211; Cria\u00e7\u00e3o do Conselho \u2013 Parte 2<\/a><\/li>\n\n\n\n<li><a href=\"http:\/\/semed.manaus.am.gov.br\/wp-content\/uploads\/2015\/05\/DOM_GAFCE.pdf\">DOM \u2013 GAFCE<\/a><\/li>\n\n\n\n<li><a href=\"http:\/\/semed.manaus.am.gov.br\/wp-content\/uploads\/2015\/05\/Regimento_escolas_municipais.pdf\">Regimento das Escolas Municipais<\/a><\/li>\n<\/ul>\n<\/li>\n\n\n\n<li><a href=\"http:\/\/semed.manaus.am.gov.br\/wp-content\/uploads\/2015\/05\/passo_a_passo_CONSTITUICAO.pdf\">Passo a Passo Constitui\u00e7\u00e3o, Elei\u00e7\u00e3o e ou Transforma\u00e7\u00e3o.<\/a><\/li>\n<\/ul>\n<\/li>\n\n\n\n<li>Encargos Sociais\n<ul>\n<li><a href=\"http:\/\/semed.manaus.am.gov.br\/wp-content\/uploads\/2015\/05\/passo_AGENDAMENTO.pdf\">Passo a Passo do Agendamento on Line<\/a><\/li>\n\n\n\n<li><a href=\"http:\/\/semed.manaus.am.gov.br\/wp-content\/uploads\/2015\/05\/passo_cnpj_p1.pdf\">Passo a Passo do Cnpj \u2013 Parte 1<\/a><\/li>\n\n\n\n<li><a href=\"http:\/\/semed.manaus.am.gov.br\/wp-content\/uploads\/2015\/05\/passo_cnpj_p2.pdf\">Passo a Passo do Cnpj \u2013 Parte 2<\/a><\/li>\n\n\n\n<li><a href=\"http:\/\/semed.manaus.am.gov.br\/wp-content\/uploads\/2015\/05\/passo_dctf.pdf\">Passo a Passo da Declara\u00e7\u00e3o da Dctf<\/a><\/li>\n\n\n\n<li><a href=\"http:\/\/semed.manaus.am.gov.br\/wp-content\/uploads\/2015\/05\/passo_DIPJ_p1.pdf\">Passo a Passo da Declara\u00e7\u00e3o do Dirp \u2013 Parte 1<\/a><\/li>\n\n\n\n<li><a href=\"http:\/\/semed.manaus.am.gov.br\/wp-content\/uploads\/2015\/05\/passo_DIPJ_p2.pdf\">Passo a Passo da Declara\u00e7\u00e3o do Dirp \u2013 Parte 2<\/a><\/li>\n\n\n\n<li><a href=\"http:\/\/semed.manaus.am.gov.br\/wp-content\/uploads\/2015\/05\/passo_Rais.pdf\">Passo a Passo da Declara\u00e7\u00e3o da Rais Negativa<\/a><\/li>\n\n\n\n<li><a href=\"http:\/\/semed.manaus.am.gov.br\/wp-content\/uploads\/2015\/05\/passo_OFICINA.pdf\">Forma\u00e7\u00e3o Pdde 2011<\/a><\/li>\n<\/ul>\n<\/li>\n<\/ul>\n<\/li>\n\n\n\n<li>Cartilha do PDDE\n<ul>\n<li><a href=\"http:\/\/semed.manaus.am.gov.br\/wp-content\/uploads\/2015\/05\/cartilha_p1.pdf\">Cartilha \u2013 Parte 1<\/a><\/li>\n\n\n\n<li><a href=\"http:\/\/semed.manaus.am.gov.br\/wp-content\/uploads\/2015\/05\/cartilha_p2.pdf\">Cartilha \u2013 Parte 2<\/a><\/li>\n\n\n\n<li><a href=\"http:\/\/semed.manaus.am.gov.br\/wp-content\/uploads\/2015\/05\/cartilha_p3.pdf\">Cartilha \u2013 Parte 3<\/a><\/li>\n\n\n\n<li><a href=\"http:\/\/semed.manaus.am.gov.br\/wp-content\/uploads\/2015\/05\/cartilha_p4.pdf\">Cartilha \u2013 Parte 4<\/a><\/li>\n\n\n\n<li><a href=\"http:\/\/semed.manaus.am.gov.br\/wp-content\/uploads\/2015\/05\/cartilha_p5.pdf\">Cartilha \u2013 Parte 5<\/a><\/li>\n<\/ul>\n<\/li>\n<\/ol>\n\n\n\n<div style=\"height:50px\" aria-hidden=\"true\" class=\"wp-block-spacer\"><\/div>\n\n\n\n<h3 class=\"wp-block-heading\">Para mais informa\u00e7\u00f5es fale conosco<\/h3>\n\n\n\n<p>Divis\u00e3o de Apoio a Gest\u00e3o Escolar &#8211; DAGE<br>Chefe: Jussara Tavares Marques<br>e-Mail: jussara.marques@semed.am.gov.br<br>Telefone: 3632-2494<br>Corporativo: 98844-5622<\/p>\n","protected":false},"excerpt":{"rendered":"","protected":false},"author":27,"featured_media":0,"parent":0,"menu_order":0,"comment_status":"closed","ping_status":"closed","template":"templates\/turismo.php","meta":{"footnotes":""},"acf":[],"yoast_head":"<!-- This site is optimized with the Yoast SEO plugin v23.0 - https:\/\/yoast.com\/wordpress\/plugins\/seo\/ -->\n<title>Documentos Referenciais dos Programas Federais - SEMED<\/title>\n<meta name=\"robots\" content=\"index, follow, max-snippet:-1, max-image-preview:large, max-video-preview:-1\" \/>\n<link rel=\"canonical\" href=\"https:\/\/www.manaus.am.gov.br\/semed\/documentos-referenciais-dos-programas-federais\/\" \/>\n<meta property=\"og:locale\" content=\"pt_BR\" \/>\n<meta property=\"og:type\" content=\"article\" \/>\n<meta property=\"og:title\" content=\"Documentos Referenciais dos Programas Federais - SEMED\" \/>\n<meta property=\"og:url\" content=\"https:\/\/www.manaus.am.gov.br\/semed\/documentos-referenciais-dos-programas-federais\/\" \/>\n<meta property=\"og:site_name\" content=\"SEMED\" \/>\n<meta property=\"article:modified_time\" content=\"2023-01-24T01:44:19+00:00\" \/>\n<meta property=\"og:image\" content=\"https:\/\/www.manaus.am.gov.br\/semed\/wp-content\/uploads\/sites\/3\/2024\/07\/thumb-default-2.png\" \/>\n\t<meta property=\"og:image:width\" content=\"966\" \/>\n\t<meta property=\"og:image:height\" content=\"520\" \/>\n\t<meta property=\"og:image:type\" content=\"image\/png\" \/>\n<meta name=\"twitter:card\" content=\"summary_large_image\" \/>\n<meta name=\"twitter:label1\" content=\"Est. reading time\" \/>\n\t<meta name=\"twitter:data1\" content=\"4 minutos\" \/>\n<script type=\"application\/ld+json\" class=\"yoast-schema-graph\">{\"@context\":\"https:\/\/schema.org\",\"@graph\":[{\"@type\":\"Article\",\"@id\":\"https:\/\/www.manaus.am.gov.br\/semed\/documentos-referenciais-dos-programas-federais\/#article\",\"isPartOf\":{\"@id\":\"https:\/\/www.manaus.am.gov.br\/semed\/documentos-referenciais-dos-programas-federais\/\"},\"author\":{\"name\":\"Imarketing Digital\",\"@id\":\"https:\/\/www.manaus.am.gov.br\/semed\/#\/schema\/person\/79525a47ac5902f50493820d995728ee\"},\"headline\":\"Documentos Referenciais dos Programas Federais\",\"datePublished\":\"2023-01-24T01:42:52+00:00\",\"dateModified\":\"2023-01-24T01:44:19+00:00\",\"mainEntityOfPage\":{\"@id\":\"https:\/\/www.manaus.am.gov.br\/semed\/documentos-referenciais-dos-programas-federais\/\"},\"wordCount\":615,\"publisher\":{\"@id\":\"https:\/\/www.manaus.am.gov.br\/semed\/#organization\"},\"inLanguage\":\"pt-BR\"},{\"@type\":\"WebPage\",\"@id\":\"https:\/\/www.manaus.am.gov.br\/semed\/documentos-referenciais-dos-programas-federais\/\",\"url\":\"https:\/\/www.manaus.am.gov.br\/semed\/documentos-referenciais-dos-programas-federais\/\",\"name\":\"Documentos Referenciais dos Programas Federais - SEMED\",\"isPartOf\":{\"@id\":\"https:\/\/www.manaus.am.gov.br\/semed\/#website\"},\"datePublished\":\"2023-01-24T01:42:52+00:00\",\"dateModified\":\"2023-01-24T01:44:19+00:00\",\"inLanguage\":\"pt-BR\",\"potentialAction\":[{\"@type\":\"ReadAction\",\"target\":[\"https:\/\/www.manaus.am.gov.br\/semed\/documentos-referenciais-dos-programas-federais\/\"]}]},{\"@type\":\"WebSite\",\"@id\":\"https:\/\/www.manaus.am.gov.br\/semed\/#website\",\"url\":\"https:\/\/www.manaus.am.gov.br\/semed\/\",\"name\":\"Secretaria Municipal de Educa\u00e7\u00e3o\",\"description\":\"Secretaria Municipal de Educa\u00e7\u00e3o\",\"publisher\":{\"@id\":\"https:\/\/www.manaus.am.gov.br\/semed\/#organization\"},\"alternateName\":\"SEMED\",\"potentialAction\":[{\"@type\":\"SearchAction\",\"target\":{\"@type\":\"EntryPoint\",\"urlTemplate\":\"https:\/\/www.manaus.am.gov.br\/semed\/?s={search_term_string}\"},\"query-input\":\"required name=search_term_string\"}],\"inLanguage\":\"pt-BR\"},{\"@type\":\"Organization\",\"@id\":\"https:\/\/www.manaus.am.gov.br\/semed\/#organization\",\"name\":\"Secretaria de Educa\u00e7\u00e3o\",\"alternateName\":\"SEMED\",\"url\":\"https:\/\/www.manaus.am.gov.br\/semed\/\",\"logo\":{\"@type\":\"ImageObject\",\"inLanguage\":\"pt-BR\",\"@id\":\"https:\/\/www.manaus.am.gov.br\/semed\/#\/schema\/logo\/image\/\",\"url\":\"https:\/\/www.manaus.am.gov.br\/semed\/wp-content\/uploads\/sites\/3\/2022\/11\/favicon.png\",\"contentUrl\":\"https:\/\/www.manaus.am.gov.br\/semed\/wp-content\/uploads\/sites\/3\/2022\/11\/favicon.png\",\"width\":300,\"height\":300,\"caption\":\"Secretaria de Educa\u00e7\u00e3o\"},\"image\":{\"@id\":\"https:\/\/www.manaus.am.gov.br\/semed\/#\/schema\/logo\/image\/\"}},{\"@type\":\"Person\",\"@id\":\"https:\/\/www.manaus.am.gov.br\/semed\/#\/schema\/person\/79525a47ac5902f50493820d995728ee\",\"name\":\"Imarketing Digital\",\"image\":{\"@type\":\"ImageObject\",\"inLanguage\":\"pt-BR\",\"@id\":\"https:\/\/www.manaus.am.gov.br\/semed\/#\/schema\/person\/image\/\",\"url\":\"https:\/\/secure.gravatar.com\/avatar\/03432d3c57b756ed9760f7019c815a3a?s=96&d=mm&r=g\",\"contentUrl\":\"https:\/\/secure.gravatar.com\/avatar\/03432d3c57b756ed9760f7019c815a3a?s=96&d=mm&r=g\",\"caption\":\"Imarketing Digital\"}}]}<\/script>\n<!-- \/ Yoast SEO plugin. -->","yoast_head_json":{"title":"Documentos Referenciais dos Programas Federais - SEMED","robots":{"index":"index","follow":"follow","max-snippet":"max-snippet:-1","max-image-preview":"max-image-preview:large","max-video-preview":"max-video-preview:-1"},"canonical":"https:\/\/www.manaus.am.gov.br\/semed\/documentos-referenciais-dos-programas-federais\/","og_locale":"pt_BR","og_type":"article","og_title":"Documentos Referenciais dos Programas Federais - SEMED","og_url":"https:\/\/www.manaus.am.gov.br\/semed\/documentos-referenciais-dos-programas-federais\/","og_site_name":"SEMED","article_modified_time":"2023-01-24T01:44:19+00:00","og_image":[{"width":966,"height":520,"url":"https:\/\/www.manaus.am.gov.br\/semed\/wp-content\/uploads\/sites\/3\/2024\/07\/thumb-default-2.png","type":"image\/png"}],"twitter_card":"summary_large_image","twitter_misc":{"Est. reading time":"4 minutos"},"schema":{"@context":"https:\/\/schema.org","@graph":[{"@type":"Article","@id":"https:\/\/www.manaus.am.gov.br\/semed\/documentos-referenciais-dos-programas-federais\/#article","isPartOf":{"@id":"https:\/\/www.manaus.am.gov.br\/semed\/documentos-referenciais-dos-programas-federais\/"},"author":{"name":"Imarketing Digital","@id":"https:\/\/www.manaus.am.gov.br\/semed\/#\/schema\/person\/79525a47ac5902f50493820d995728ee"},"headline":"Documentos Referenciais dos Programas Federais","datePublished":"2023-01-24T01:42:52+00:00","dateModified":"2023-01-24T01:44:19+00:00","mainEntityOfPage":{"@id":"https:\/\/www.manaus.am.gov.br\/semed\/documentos-referenciais-dos-programas-federais\/"},"wordCount":615,"publisher":{"@id":"https:\/\/www.manaus.am.gov.br\/semed\/#organization"},"inLanguage":"pt-BR"},{"@type":"WebPage","@id":"https:\/\/www.manaus.am.gov.br\/semed\/documentos-referenciais-dos-programas-federais\/","url":"https:\/\/www.manaus.am.gov.br\/semed\/documentos-referenciais-dos-programas-federais\/","name":"Documentos Referenciais dos Programas Federais - SEMED","isPartOf":{"@id":"https:\/\/www.manaus.am.gov.br\/semed\/#website"},"datePublished":"2023-01-24T01:42:52+00:00","dateModified":"2023-01-24T01:44:19+00:00","inLanguage":"pt-BR","potentialAction":[{"@type":"ReadAction","target":["https:\/\/www.manaus.am.gov.br\/semed\/documentos-referenciais-dos-programas-federais\/"]}]},{"@type":"WebSite","@id":"https:\/\/www.manaus.am.gov.br\/semed\/#website","url":"https:\/\/www.manaus.am.gov.br\/semed\/","name":"Secretaria Municipal de Educa\u00e7\u00e3o","description":"Secretaria Municipal de Educa\u00e7\u00e3o","publisher":{"@id":"https:\/\/www.manaus.am.gov.br\/semed\/#organization"},"alternateName":"SEMED","potentialAction":[{"@type":"SearchAction","target":{"@type":"EntryPoint","urlTemplate":"https:\/\/www.manaus.am.gov.br\/semed\/?s={search_term_string}"},"query-input":"required name=search_term_string"}],"inLanguage":"pt-BR"},{"@type":"Organization","@id":"https:\/\/www.manaus.am.gov.br\/semed\/#organization","name":"Secretaria de Educa\u00e7\u00e3o","alternateName":"SEMED","url":"https:\/\/www.manaus.am.gov.br\/semed\/","logo":{"@type":"ImageObject","inLanguage":"pt-BR","@id":"https:\/\/www.manaus.am.gov.br\/semed\/#\/schema\/logo\/image\/","url":"https:\/\/www.manaus.am.gov.br\/semed\/wp-content\/uploads\/sites\/3\/2022\/11\/favicon.png","contentUrl":"https:\/\/www.manaus.am.gov.br\/semed\/wp-content\/uploads\/sites\/3\/2022\/11\/favicon.png","width":300,"height":300,"caption":"Secretaria de Educa\u00e7\u00e3o"},"image":{"@id":"https:\/\/www.manaus.am.gov.br\/semed\/#\/schema\/logo\/image\/"}},{"@type":"Person","@id":"https:\/\/www.manaus.am.gov.br\/semed\/#\/schema\/person\/79525a47ac5902f50493820d995728ee","name":"Imarketing Digital","image":{"@type":"ImageObject","inLanguage":"pt-BR","@id":"https:\/\/www.manaus.am.gov.br\/semed\/#\/schema\/person\/image\/","url":"https:\/\/secure.gravatar.com\/avatar\/03432d3c57b756ed9760f7019c815a3a?s=96&d=mm&r=g","contentUrl":"https:\/\/secure.gravatar.com\/avatar\/03432d3c57b756ed9760f7019c815a3a?s=96&d=mm&r=g","caption":"Imarketing Digital"}}]}},"_links":{"self":[{"href":"https:\/\/www.manaus.am.gov.br\/semed\/wp-json\/wp\/v2\/pages\/734"}],"collection":[{"href":"https:\/\/www.manaus.am.gov.br\/semed\/wp-json\/wp\/v2\/pages"}],"about":[{"href":"https:\/\/www.manaus.am.gov.br\/semed\/wp-json\/wp\/v2\/types\/page"}],"author":[{"embeddable":true,"href":"https:\/\/www.manaus.am.gov.br\/semed\/wp-json\/wp\/v2\/users\/27"}],"replies":[{"embeddable":true,"href":"https:\/\/www.manaus.am.gov.br\/semed\/wp-json\/wp\/v2\/comments?post=734"}],"version-history":[{"count":4,"href":"https:\/\/www.manaus.am.gov.br\/semed\/wp-json\/wp\/v2\/pages\/734\/revisions"}],"predecessor-version":[{"id":741,"href":"https:\/\/www.manaus.am.gov.br\/semed\/wp-json\/wp\/v2\/pages\/734\/revisions\/741"}],"wp:attachment":[{"href":"https:\/\/www.manaus.am.gov.br\/semed\/wp-json\/wp\/v2\/media?parent=734"}],"curies":[{"name":"wp","href":"https:\/\/api.w.org\/{rel}","templated":true}]}}