{"id":6453,"date":"2024-09-16T12:27:02","date_gmt":"2024-09-16T16:27:02","guid":{"rendered":"https:\/\/www.manaus.am.gov.br\/semed\/?page_id=6453"},"modified":"2026-04-27T13:59:37","modified_gmt":"2026-04-27T17:59:37","slug":"resolucoes","status":"publish","type":"page","link":"https:\/\/www.manaus.am.gov.br\/semed\/cme\/atos-normativos\/resolucoes\/","title":{"rendered":"Resolu\u00e7\u00f5es"},"content":{"rendered":"\n<p><a href=\"#2025\">2025<\/a><\/p>\n\n\n\n<p><a href=\"#2024\">2024<\/a><\/p>\n\n\n\n<p><a href=\"#2023\">2023<\/a><\/p>\n\n\n\n<p><a href=\"#2022\">2022<\/a><\/p>\n\n\n\n<p><a href=\"#2021\">2021<\/a><\/p>\n\n\n\n<p><a href=\"#2020\">2020<\/a><\/p>\n\n\n\n<p><a href=\"#2019\">2019<\/a><\/p>\n\n\n\n<p><a href=\"#2018\">2018<\/a><\/p>\n\n\n\n<p><a href=\"#2017\">2017<\/a><\/p>\n\n\n\n<p><a href=\"#2016\">2016<\/a><\/p>\n\n\n\n<p><a href=\"#2015\">2015<\/a><\/p>\n\n\n\n<p><a href=\"#2014\">2014<\/a><\/p>\n\n\n\n<p><a href=\"#2013\">2013<\/a><\/p>\n\n\n\n<p><a href=\"#2012\">2012<\/a><\/p>\n\n\n\n<p><a href=\"#2011\">2011<\/a><\/p>\n\n\n\n<p><a href=\"#2010\">2010<\/a><\/p>\n\n\n\n<p><a href=\"#2009\">2009<\/a><\/p>\n\n\n\n<p><a href=\"#2008\">2008<\/a><\/p>\n\n\n\n<p><a href=\"#2007\">2007<\/a><\/p>\n\n\n\n<p><a href=\"#2006\">2006<\/a><\/p>\n\n\n\n<p><a href=\"#2005\">2005<\/a><\/p>\n\n\n\n<p><a href=\"#2004\">2004<\/a><\/p>\n\n\n\n<p><a href=\"#2003\">2003<\/a><\/p>\n\n\n\n<p><a href=\"#2002\">2002<\/a><\/p>\n\n\n\n<p><a href=\"#2001\">2001<\/a><\/p>\n\n\n\n<p><a href=\"#2000\">2000<\/a><\/p>\n\n\n\n<p><a href=\"#1999\">1999<\/a><\/p>\n\n\n\n<p><a href=\"#1998\">1998<\/a><\/p>\n\n\n\n<p><\/p>\n\n\n\n<h2 class=\"wp-block-heading\" id=\"2025\">2025<\/h2>\n\n\n\n<p><a href=\"https:\/\/www.manaus.am.gov.br\/semed\/wp-content\/uploads\/sites\/3\/2025\/06\/029_CME_2025_RES_REORG_CAE_PADRE_CALLERI_DOM.pdf\"><strong>Resolu\u00e7\u00e3o 029\/CME\/2025<\/strong><\/a><\/p>\n\n\n\n<p>Aprova a reorganiza\u00e7\u00e3o do Calend\u00e1rio Escolar da Escola Municipal Padre Calleri.<\/p>\n\n\n\n<p><a href=\"https:\/\/www.manaus.am.gov.br\/semed\/wp-content\/uploads\/sites\/3\/2025\/06\/030_CME_2025_RES_REORG_CAE_RURAL_RIBEIRINHA_DOM.pdf\"><strong>Resolu\u00e7\u00e3o 030\/CME\/2025<\/strong><\/a><\/p>\n\n\n\n<p>Aprova a reorganiza\u00e7\u00e3o dos Calend\u00e1rios Escolares da Zona Rural Ribeirinha \u2013 Rio Amazonas para o ano de 2025.<\/p>\n\n\n\n<p><strong><a href=\"https:\/\/www.manaus.am.gov.br\/semed\/wp-content\/uploads\/sites\/3\/2025\/06\/031_CME_2025_RES_REORG_CAE_EM_NOSSA_SENHORA_DAS_GRACAS_DOM.pdf\">Resolu\u00e7\u00e3o 031\/CME\/2025<\/a><\/strong><\/p>\n\n\n\n<p>Aprova a reorganiza\u00e7\u00e3o do Calend\u00e1rio Escolar da Escola Municipal Nossa Senhora das Gra\u00e7as para o ano de 2025.<\/p>\n\n\n\n<p><strong><a href=\"https:\/\/www.manaus.am.gov.br\/semed\/wp-content\/uploads\/sites\/3\/2025\/06\/032_CME_2025_RES_REORG_CAE_EM_ARTHUR_CEZAR_FERREIRA_REIS_DOM.pdf\">Resolu\u00e7\u00e3o 032\/CME\/2025<\/a><\/strong><\/p>\n\n\n\n<p>Aprova a reorganiza\u00e7\u00e3o do Calend\u00e1rio Escolar da Escola Municipal Arthur Cezar Ferreira Reis para o ano de 2025.<\/p>\n\n\n\n<p><strong><a href=\"https:\/\/www.manaus.am.gov.br\/semed\/wp-content\/uploads\/sites\/3\/2025\/06\/033_CME_2025_RES_REORG_CAE_CMEI_JOAO_BARBOSA_DOM.pdf\">Resolu\u00e7\u00e3o 033\/CME\/2025<\/a><\/strong><\/p>\n\n\n\n<p>Aprova a reorganiza\u00e7\u00e3o do Calend\u00e1rio Escolar do Centro Municipal de Educa\u00e7\u00e3o Infantil Jo\u00e3o Barbosa para o ano de 2025.<\/p>\n\n\n\n<p><strong><a href=\"https:\/\/www.manaus.am.gov.br\/semed\/wp-content\/uploads\/sites\/3\/2025\/10\/034_CME_2025_RES_CREDENCIAMENTO_AUTORIZACAO_ED_INFANTIL_DOM-6152-11.09.2025-CAD-1.pdf\">Resolu\u00e7\u00e3o 034\/CME\/2025<\/a><\/strong><\/p>\n\n\n\n<p>Estabelece crit\u00e9rios e normas para a organiza\u00e7\u00e3o, Credenciamento de institui\u00e7\u00f5es educacionais, Autoriza\u00e7\u00e3o de funcionamento e Renova\u00e7\u00e3o de Autoriza\u00e7\u00e3o da Educa\u00e7\u00e3o Infantil e suas fases do Sistema Municipal de Ensino de Manaus e d\u00e1 outras provid\u00eancias.<\/p>\n\n\n\n<p><a href=\"https:\/\/www.manaus.am.gov.br\/semed\/wp-content\/uploads\/sites\/3\/2025\/06\/036_CME_2025_RES_POLITICA_PUBL_ED_INTEGRAL_DOM.pdf\"><strong>Resolu\u00e7\u00e3o 036\/CME\/2025<\/strong><\/a><\/p>\n\n\n\n<p>Aprova a Pol\u00edtica Municipal de Educa\u00e7\u00e3o Integral em Tempo Integral da Rede P\u00fablica Municipal de Ensino de Manaus e d\u00e1 outras provid\u00eancias.<\/p>\n\n\n\n<p><a href=\"https:\/\/www.manaus.am.gov.br\/semed\/wp-content\/uploads\/sites\/3\/2025\/08\/038_CME_2025_RES_USO_DOS_DISPOS_ELETRONICOS_DOM-6111-15.07.2025-CAD-1.pdf\"><strong>Resolu\u00e7\u00e3o 038\/CME\/2025<\/strong><\/a><\/p>\n\n\n\n<p>Disp\u00f5e sobre as orienta\u00e7\u00f5es e o estabelecimento de normas para o uso de dispositivos eletr\u00f4nicos port\u00e1teis pessoais em espa\u00e7os escolares do Sistema Municipal de Manaus, em conformidade com a lei n\u00ba 15.100 de 13 de janeiro de 2025.<\/p>\n\n\n\n<p><a href=\"https:\/\/www.manaus.am.gov.br\/semed\/wp-content\/uploads\/sites\/3\/2025\/06\/074_CME_2025_RES_REORG_CAE_CMEI_DOM_BOSCO_DOM-6098-26.06.2025-CAD-1.pdf\"><strong>Resolu\u00e7\u00e3o 074\/CME\/2025<\/strong><\/a><\/p>\n\n\n\n<p>Aprova a reorganiza\u00e7\u00e3o do Calend\u00e1rio Escolar do Centro Municipal de Educa\u00e7\u00e3o Infantil Dom Bosco para o ano de 2025.<\/p>\n\n\n\n<p><strong><a href=\"https:\/\/www.manaus.am.gov.br\/semed\/wp-content\/uploads\/sites\/3\/2025\/06\/082_CME_2025_RES_CENTRO_-DE_ENSINO_ADQUIRINDO_CONHECIMENTO_DOM-6093-17.06.2025-CAD-2.pdf\">Resolu\u00e7\u00e3o 082\/CME\/2025<\/a><\/strong><\/p>\n\n\n\n<p>Credencia e Autoriza o funcionamento de Curso do Centro de Ensino Adquirindo Conhecimento.<\/p>\n\n\n\n<p><strong><a href=\"https:\/\/www.manaus.am.gov.br\/semed\/wp-content\/uploads\/sites\/3\/2026\/04\/162_CME_2025_RES_REGIMENTO_INTERNO_CME_DOM-6280-27.03.2026-CAD-1.pdf\">Resolu\u00e7\u00e3o 162\/CME\/2025<\/a><\/strong><\/p>\n\n\n\n<p>Aprova o Regimento Interno do Conselho Municipal de Educa\u00e7\u00e3o de Manaus.<\/p>\n\n\n\n<h2 class=\"wp-block-heading\" id=\"2024\">2024<\/h2>\n\n\n\n<p><a href=\"https:\/\/www.manaus.am.gov.br\/semed\/wp-content\/uploads\/sites\/3\/2024\/09\/Resolucao_001_CME_2024_HOMOLOGACAO_PPP_ANDRE_VIDAL1.pdf\"><strong>1.<\/strong>&nbsp;<strong>RESOLU\u00c7\u00c3O 001\/CME\/2024<\/strong><\/a><\/p>\n\n\n\n<p>Homologa o Projeto Pol\u00edtico-Pedag\u00f3gico da Escola Municipal de Educa\u00e7\u00e3o Especial Andr\u00e9 Vidal de Ara\u00fajo.<\/p>\n\n\n\n<p><strong><a href=\"https:\/\/www.manaus.am.gov.br\/semed\/wp-content\/uploads\/sites\/3\/2024\/09\/064_CME_2024_PROGRAMA_ESCOLA_EM_TEMPO_INTEGRAL1.pdf\">2.&nbsp;RESOLU\u00c7\u00c3O 064\/CME\/2024<\/a><\/strong><\/p>\n\n\n\n<p>Estabelece as Diretrizes Pedag\u00f3gicas para as Unidades de Ensino de Educa\u00e7\u00e3o em Tempo Integral e Unidades de Ensino com matr\u00edculas no Programa Escola em Tempo Integral da Secretaria Municipal de Educa\u00e7\u00e3o de Manaus.<\/p>\n\n\n\n<p><strong><a href=\"https:\/\/www.manaus.am.gov.br\/semed\/wp-content\/uploads\/sites\/3\/2024\/09\/065_CME_2024_APROVA_ESTRUTURA_CURRICULAR_DA_ESCOLA_EM_TEMPO_INTEGRAL1.pdf\">3.&nbsp;RESOLU\u00c7\u00c3O 065\/CME\/2024<\/a><\/strong><\/p>\n\n\n\n<p>Aprova as Estruturas Curriculares da Educa\u00e7\u00e3o Infantil e do Ensino Fundamental das Unidades de Ensino de Educa\u00e7\u00e3o em Tempo Integral para o Munic\u00edpio de Manaus.<\/p>\n\n\n\n<p><a href=\"https:\/\/www.manaus.am.gov.br\/semed\/wp-content\/uploads\/sites\/3\/2025\/06\/020_CME_2025_RES_ESCOLA_MILLENIUM.pdf\" target=\"_blank\" rel=\"noreferrer noopener\">4. RESOLU\u00c7\u00c3O<\/a><\/p>\n\n\n\n<p><\/p>\n\n\n\n<p class=\"has-text-align-center\"><a href=\"https:\/\/www.manaus.am.gov.br\/semed\/cme\/atos-normativos\/resolucoes\/#topo\">Voltar ao topo<\/a><\/p>\n\n\n\n<h2 class=\"wp-block-heading\" id=\"2023\">2023<\/h2>\n\n\n\n<p><strong><a href=\"https:\/\/www.manaus.am.gov.br\/semed\/wp-content\/uploads\/sites\/3\/2024\/09\/Resolucao_003_CME_20231.pdf\">RESOLU\u00c7\u00c3O 003\/CME\/2023<\/a><\/strong><\/p>\n\n\n\n<p>Estabelece crit\u00e9rios e normas para a organiza\u00e7\u00e3o, Credenciamento de Institui\u00e7\u00f5es Educacionais, Autoriza\u00e7\u00e3o de funcionamento e Renova\u00e7\u00e3o de Autoriza\u00e7\u00e3o da Educa\u00e7\u00e3o Infantil e suas fases do Sistema Municipal de Ensino de Manaus.<\/p>\n\n\n\n<p><strong><a href=\"https:\/\/www.manaus.am.gov.br\/semed\/wp-content\/uploads\/sites\/3\/2024\/09\/Resolucao-004_CME_20231.pdf\">RESOLU\u00c7\u00c3O 004\/CME\/2023<\/a><\/strong><\/p>\n\n\n\n<p>Estabelece crit\u00e9rios e normas para o Credenciamento de Institui\u00e7\u00f5es Educacionais, Autoriza\u00e7\u00e3o de Funcionamento do Ensino Fundamental e suas Modalidades da Rede Municipal de Ensino de Manaus.<\/p>\n\n\n\n<p><strong><a href=\"https:\/\/www.manaus.am.gov.br\/semed\/wp-content\/uploads\/sites\/3\/2024\/09\/001_CME_2023_RESENHA_CE_DE_ED_RECANTO_DO_SABER-11.pdf\">RESOLU\u00c7\u00c3O 006\/CME\/2023<\/a><\/strong><\/p>\n\n\n\n<p>Renova a Autoriza\u00e7\u00e3o de Funcionamento de Curso do Centro de Educa\u00e7\u00e3o Recanto do Saber.<\/p>\n\n\n\n<p><strong><a href=\"https:\/\/www.manaus.am.gov.br\/semed\/wp-content\/uploads\/sites\/3\/2024\/09\/009_CME_2023_RES_CE_VENCEDORES_DO_AMAZONAS_DOM1.pdf\">RESOLU\u00c7\u00c3O 009\/CME\/2023<\/a><\/strong><\/p>\n\n\n\n<p>Credencia e Autoriza o Funcionamento de Curso do Centro Educacional Vencedores do Amazonas.<\/p>\n\n\n\n<p><strong><a href=\"https:\/\/www.manaus.am.gov.br\/semed\/wp-content\/uploads\/sites\/3\/2024\/09\/002_CME_2023_RESENHA_CE_ED_ESTRELINHA_LINDA1.pdf\">RESOLU\u00c7\u00c3O 010\/CME\/2023<\/a><\/strong><\/p>\n\n\n\n<p>Renova a Autoriza\u00e7\u00e3o de funcionamento de curso do Centro Educacional Estrelinha Linda.<\/p>\n\n\n\n<p><strong><a href=\"https:\/\/www.manaus.am.gov.br\/semed\/wp-content\/uploads\/sites\/3\/2024\/09\/034_CME_2023_DESCREDENCIAMENTO_CE_ESTRELA_DO_CONHECIMENTO1.pdf\">RESOLU\u00c7\u00c3O 034\/CME\/2023<\/a><\/strong><\/p>\n\n\n\n<p>Encerra e descredencia o Centro Educacional Estrela do Conhecimento.<\/p>\n\n\n\n<p><strong><a href=\"https:\/\/www.manaus.am.gov.br\/semed\/wp-content\/uploads\/sites\/3\/2024\/09\/036_CME_2023_PROGRAMA_EDUCA_MAIS1.pdf\">RESOLU\u00c7\u00c3O 036\/CME\/2023<\/a><\/strong><\/p>\n\n\n\n<p>Aprova o Programa Educa + Manaus a ser operacionalizado nas turmas do Ensino Fundamental da Rede P\u00fablica Municipal de Ensino, a partir do ano de 2023.<\/p>\n\n\n\n<p><strong><a href=\"https:\/\/www.manaus.am.gov.br\/semed\/wp-content\/uploads\/sites\/3\/2024\/09\/Resolucao-0501.pdf\">RESOLU\u00c7\u00c3O 050\/CME\/2023<\/a><\/strong><\/p>\n\n\n\n<p>Aprova o Calend\u00e1rio Escolar Especial 2023 da Escola Municipal S\u00e3o Jos\u00e9.<\/p>\n\n\n\n<p><strong><a href=\"https:\/\/www.manaus.am.gov.br\/semed\/wp-content\/uploads\/sites\/3\/2024\/09\/Resolucao-051-11.pdf\">RESOLU\u00c7\u00c3O 051\/CME\/2023<\/a><\/strong><\/p>\n\n\n\n<p>Aprova o Calend\u00e1rio Escolar Especial 2023 da Escola Municipal Ant\u00f4nia Medeiros da Silva.<\/p>\n\n\n\n<p><strong><a href=\"https:\/\/www.manaus.am.gov.br\/semed\/wp-content\/uploads\/sites\/3\/2024\/09\/Resolucao-0521.pdf\">RESOLU\u00c7\u00c3O 052\/CME\/2023<\/a><\/strong><\/p>\n\n\n\n<p>Aprova o Calend\u00e1rio Escolar Especial 2023 da Escola Municipal S\u00e3o Luiz.<\/p>\n\n\n\n<p><strong><a href=\"https:\/\/www.manaus.am.gov.br\/semed\/wp-content\/uploads\/sites\/3\/2024\/09\/Resolucao-0531.pdf\">RESOLU\u00c7\u00c3O 053\/CME\/2023<\/a><\/strong><\/p>\n\n\n\n<p>Aprova o Calend\u00e1rio Escolar Especial 2023 da Escola Municipal Erasmo Augusto de Ara\u00fajo.<\/p>\n\n\n\n<p><strong><a href=\"https:\/\/www.manaus.am.gov.br\/semed\/wp-content\/uploads\/sites\/3\/2024\/09\/resolucao-0541.pdf\">RESOLU\u00c7\u00c3O 054\/CME\/2023<\/a><\/strong><\/p>\n\n\n\n<p>Aprova o Calend\u00e1rio Escolar Especial 2023 da Escola Municipal Professor Them\u00edstocles Pinheiro Gadelha.<\/p>\n\n\n\n<p><strong><a href=\"https:\/\/www.manaus.am.gov.br\/semed\/wp-content\/uploads\/sites\/3\/2024\/09\/resolucao-0551.pdf\">RESOLU\u00c7\u00c3O 055\/CME\/2023<\/a><\/strong><\/p>\n\n\n\n<p>Aprova o Calend\u00e1rio Escolar Especial 2023 do Centro Municipal de Educa\u00e7\u00e3o Infantil Maria do C\u00e9u Vaz D\u2019Oliveira.<\/p>\n\n\n\n<p><strong><a href=\"https:\/\/www.manaus.am.gov.br\/semed\/wp-content\/uploads\/sites\/3\/2024\/09\/Resolucao-0571.pdf\">RESOLU\u00c7\u00c3O 057\/CME\/2023<\/a><\/strong><\/p>\n\n\n\n<p>Aprova o Calend\u00e1rio Escolar Especial 2023 da Escola Municipal Maria Rufina de Almeida.<\/p>\n\n\n\n<p><strong><a href=\"https:\/\/www.manaus.am.gov.br\/semed\/wp-content\/uploads\/sites\/3\/2024\/09\/Resolucao-0581.pdf\">RESOLU\u00c7\u00c3O 058\/CME\/2023<\/a><\/strong><\/p>\n\n\n\n<p>Aprova o Calend\u00e1rio Escolar Especial 2023 da Escola Municipal Vila da Felicidade.<\/p>\n\n\n\n<p><strong><a href=\"https:\/\/www.manaus.am.gov.br\/semed\/wp-content\/uploads\/sites\/3\/2024\/09\/RESOLUCAO-059_CME_20231.pdf\">RESOLU\u00c7\u00c3O 059\/CME\/2023<\/a><\/strong><\/p>\n\n\n\n<p>Renova a Autoriza\u00e7\u00e3o de Funcionamento de Curso da Creche e Pr\u00e9-Escola Rennovari.<\/p>\n\n\n\n<p><strong><a href=\"https:\/\/www.manaus.am.gov.br\/semed\/wp-content\/uploads\/sites\/3\/2024\/09\/Resolucao-0611.pdf\">RESOLU\u00c7\u00c3O 061\/CME\/2023<\/a><\/strong><\/p>\n\n\n\n<p>Aprova o Calend\u00e1rio Escolar Especial 2023 da Escola Municipal Joaquim da Silva Pinto.<\/p>\n\n\n\n<p><strong><a href=\"https:\/\/www.manaus.am.gov.br\/semed\/wp-content\/uploads\/sites\/3\/2024\/09\/Resolucao-0631.pdf\">RESOLU\u00c7\u00c3O 063\/CME\/2023<\/a><\/strong><\/p>\n\n\n\n<p>D\u00e1 nova reda\u00e7\u00e3o \u00e0 Resolu\u00e7\u00e3o n. 019\/CME\/2013, estabelecendo crit\u00e9rios para a admiss\u00e3o de professores para atuar no componente curricular Ensino Religioso no \u00e2mbito do Sistema Municipal de Ensino de Manaus.<\/p>\n\n\n\n<p><strong><a href=\"https:\/\/www.manaus.am.gov.br\/semed\/wp-content\/uploads\/sites\/3\/2024\/09\/Resolucao-0641.pdf\">RESOLU\u00c7\u00c3O 064\/CME\/2023<\/a><\/strong><\/p>\n\n\n\n<p>Aprova o Calend\u00e1rio Escolar Especial 2023 da Escola Municipal Madre Tereza de Calcut\u00e1.<\/p>\n\n\n\n<p><strong><a href=\"https:\/\/www.manaus.am.gov.br\/semed\/wp-content\/uploads\/sites\/3\/2024\/09\/065_CME_2023_RES_RAF_CE_PROFA_ANA_CLEIDE1.pdf\">RESOLU\u00c7\u00c3O 065\/CME\/2023<\/a><\/strong><\/p>\n\n\n\n<p>Renova a Autoriza\u00e7\u00e3o de Funcionamento de Curso do Centro Educacional Professora Ana Cleide.<\/p>\n\n\n\n<p><strong><a href=\"https:\/\/www.manaus.am.gov.br\/semed\/wp-content\/uploads\/sites\/3\/2024\/09\/RESOLUCAO-066_CME_20231.pdf\">RESOLU\u00c7\u00c3O 066\/CME\/2023<\/a><\/strong><\/p>\n\n\n\n<p>Renova a Autoriza\u00e7\u00e3o de Funcionamento de Curso do Centro Educacional Igap\u00f3.<\/p>\n\n\n\n<p><strong><a href=\"https:\/\/www.manaus.am.gov.br\/semed\/wp-content\/uploads\/sites\/3\/2024\/09\/RESOLUCAO-067_CME_20231.pdf\">RESOLU\u00c7\u00c3O 067\/CME\/2023<\/a><\/strong><\/p>\n\n\n\n<p>Renova a Autoriza\u00e7\u00e3o de Funcionamento de Curso da Escolinha Maria Imaculada.<\/p>\n\n\n\n<p><strong><a href=\"https:\/\/www.manaus.am.gov.br\/semed\/wp-content\/uploads\/sites\/3\/2024\/09\/Resolucao-0681.pdf\">RESOLU\u00c7\u00c3O 068\/CME\/2023<\/a><\/strong><\/p>\n\n\n\n<p>Aprova o Calend\u00e1rio Escolar Especial 2023 da Escola Municipal Nazira Chamma Daou.<\/p>\n\n\n\n<p><strong><a href=\"https:\/\/www.manaus.am.gov.br\/semed\/wp-content\/uploads\/sites\/3\/2024\/09\/070_CME_2023_CAF_CE_TALES_DE_MILLETO1.pdf\">RESOLU\u00c7\u00c3O 070\/CME\/2023<\/a><\/strong><\/p>\n\n\n\n<p>Credencia e Autoriza o Funcionamento de Curso do Centro Educacional Tales de Milleto.<\/p>\n\n\n\n<p><strong><a href=\"https:\/\/www.manaus.am.gov.br\/semed\/wp-content\/uploads\/sites\/3\/2024\/09\/Errata_Tales_de_Mileto1.pdf\">ERRATA RESOLU\u00c7\u00c3O 070\/CME\/2023<\/a><\/strong><\/p>\n\n\n\n<p>ERRATA da Resolu\u00e7\u00e3o n. 070\/CME\/2023, publicada no DOM 5636, p\u00e1g. 25, de 26\/07\/2023.<\/p>\n\n\n\n<p><strong><a href=\"https:\/\/www.manaus.am.gov.br\/semed\/wp-content\/uploads\/sites\/3\/2024\/09\/071_CME_2023_CREDENCIA_E_AUTORIZA_O_FUNCIONAMENTO_DE_CURSO_DA_ESCOLA_ACONCHEGO_DO_SABER1.pdf\">RESOLU\u00c7\u00c3O 071\/CME\/2023<\/a><\/strong><\/p>\n\n\n\n<p>Credencia e Autoriza o Funcionamento de Curso da Escola Aconchego do Saber.<\/p>\n\n\n\n<p><strong><a href=\"https:\/\/www.manaus.am.gov.br\/semed\/wp-content\/uploads\/sites\/3\/2024\/09\/RES_073_CME_20231.pdf\">RESOLU\u00c7\u00c3O 073\/CME\/2023<\/a><\/strong><\/p>\n\n\n\n<p>Credencia e Autoriza o Funcionamento de Curso do Centro Educacional Cantinho do Saber.<\/p>\n\n\n\n<p><strong><a href=\"https:\/\/www.manaus.am.gov.br\/semed\/wp-content\/uploads\/sites\/3\/2024\/09\/075_CME_2023_CAF_CRECHE_E_ESCOLA_CONFIARE1.pdf\">RESOLU\u00c7\u00c3O 075\/CME\/2023<\/a><\/strong><\/p>\n\n\n\n<p>Credencia e Autoriza o Funcionamento de Curso da Creche e Escola Confiare.<\/p>\n\n\n\n<p><strong><a href=\"https:\/\/www.manaus.am.gov.br\/semed\/wp-content\/uploads\/sites\/3\/2024\/09\/076_CME_2023_CALENDARIO_PAULA_FRASSINETTI1.pdf\">RESOLU\u00c7\u00c3O 076\/CME\/2023<\/a><\/strong><\/p>\n\n\n\n<p>Aprova o Calend\u00e1rio Escolar Especial 2023 da Escola Municipal Paula Frassinetti.<\/p>\n\n\n\n<p><strong><a href=\"https:\/\/www.manaus.am.gov.br\/semed\/wp-content\/uploads\/sites\/3\/2024\/09\/077_CME_2023_CALENDARIO_CMEI_DILSEN_SILVA_ALVES1.pdf\">RESOLU\u00c7\u00c3O 077\/CME\/2023<\/a><\/strong><\/p>\n\n\n\n<p>Aprova o Calend\u00e1rio Escolar Especial 2023 do Centro Municipal de Educa\u00e7\u00e3o Infantil Dilsen Silva Alves.<\/p>\n\n\n\n<p><strong><a href=\"https:\/\/www.manaus.am.gov.br\/semed\/wp-content\/uploads\/sites\/3\/2024\/09\/077_CME_2023_ERRATA_CMEI_DILSEN_SILVA_ALVES1.pdf\">ERRATA DA RESOLU\u00c7\u00c3O 077\/CME\/2023<\/a><\/strong><\/p>\n\n\n\n<p>Errata da Resolu\u00e7\u00e3o n. 077\/CME\/2023, publicada no DOM, Edi\u00e7\u00e3o n\u00ba 5637, p\u00e1g. 38, de 27\/07\/2023.<\/p>\n\n\n\n<p><strong><a href=\"https:\/\/www.manaus.am.gov.br\/semed\/wp-content\/uploads\/sites\/3\/2024\/09\/078_CME_2023_EM_SULAMITA_PEREIRA1.pdf\">RESOLU\u00c7\u00c3O 078\/CME\/2023<\/a><\/strong><\/p>\n\n\n\n<p>Aprova o Calend\u00e1rio Escolar Especial 2023 da Escola Municipal Sulamita Pereira.<\/p>\n\n\n\n<p><strong><a href=\"https:\/\/www.manaus.am.gov.br\/semed\/wp-content\/uploads\/sites\/3\/2024\/09\/079_CME_2023_CALENDARIO_CMEI_MARIA_GRACINEIDE_CHAGAS1.pdf\">RESOLU\u00c7\u00c3O 079\/CME\/2023<\/a><\/strong><\/p>\n\n\n\n<p>Aprova o Calend\u00e1rio Escolar Especial 2023 do Centro Municipal de Educa\u00e7\u00e3o infantil Maria Gracineide Chagas.<\/p>\n\n\n\n<p><strong><a href=\"https:\/\/www.manaus.am.gov.br\/semed\/wp-content\/uploads\/sites\/3\/2024\/09\/080_CME_2023_EM_CAROLINA_PEROLINA_ALMEIDA1.pdf\">RESOLU\u00c7\u00c3O 080\/CME\/2023<\/a><\/strong><\/p>\n\n\n\n<p>Aprova o Calend\u00e1rio Escolar Especial 2023 da Escola Municipal Carolina Perolina Almeida.<\/p>\n\n\n\n<p><strong><a href=\"https:\/\/www.manaus.am.gov.br\/semed\/wp-content\/uploads\/sites\/3\/2024\/09\/081_CME_2023_CALENDARIO_EM_EMANUEL_REBELO_CUNHA1.pdf\">RESOLU\u00c7\u00c3O 081\/CME\/2023<\/a><\/strong><\/p>\n\n\n\n<p>Aprova o Calend\u00e1rio Escolar Especial 2023 da Escola Municipal Emanuel Rebelo Cunha.<\/p>\n\n\n\n<p><strong><a href=\"https:\/\/www.manaus.am.gov.br\/semed\/wp-content\/uploads\/sites\/3\/2024\/09\/082_CME_2023_CALENDARIO_CMEI_PE_LUIS_RUAS1.pdf\">RESOLU\u00c7\u00c3O 082\/CME\/2023<\/a><\/strong><\/p>\n\n\n\n<p>Aprova o Calend\u00e1rio Escolar Especial 2023 do Centro Municipal de Educa\u00e7\u00e3o Infantil Padre Luis Ruas.<\/p>\n\n\n\n<p><strong><a href=\"https:\/\/www.manaus.am.gov.br\/semed\/wp-content\/uploads\/sites\/3\/2024\/09\/083_CME_2023_CALENDARIO_EM_PROFA._MARIA_ISABEL_CORDEIRO_DE_MELGUEIROS1.pdf\">RESOLU\u00c7\u00c3O 083\/CME\/2023<\/a><\/strong><\/p>\n\n\n\n<p>Aprova o Calend\u00e1rio Escolar Especial 2023 da Escola Municipal Profa. Maria Isabel Cordeiro de Melgueiros.<\/p>\n\n\n\n<p><strong><a href=\"https:\/\/www.manaus.am.gov.br\/semed\/wp-content\/uploads\/sites\/3\/2024\/09\/084_CME_2023_CALENDARIO_EM_MANOEL_ADRIANO1.pdf\">RESOLU\u00c7\u00c3O 084\/CME\/2023<\/a><\/strong><\/p>\n\n\n\n<p>Aprova o Calend\u00e1rio Escolar Especial 2023 da Escola Municipal Manoel Adriano.<\/p>\n\n\n\n<p><strong><a href=\"https:\/\/www.manaus.am.gov.br\/semed\/wp-content\/uploads\/sites\/3\/2024\/09\/085_CME_2023_RES_CAE_EM_NINA_DE_ARAUJO_COSTA_LINS1.pdf\">RESOLU\u00c7\u00c3O 085\/CME\/2023<\/a><\/strong><\/p>\n\n\n\n<p>Aprova a Reorganiza\u00e7\u00e3o do Calend\u00e1rio Escolar Especial 2023 da Escola Municipal Nina de Ara\u00fajo Costa Lins.<\/p>\n\n\n\n<p><strong><a href=\"https:\/\/www.manaus.am.gov.br\/semed\/wp-content\/uploads\/sites\/3\/2024\/09\/086_CME_2023_CAF_CENTRO_EDUCACIONAL_APRENDIZ1.pdf\">RESOLU\u00c7\u00c3O 086\/CME\/2023<\/a><\/strong><\/p>\n\n\n\n<p>Credencia e Autoriza o Funcionamento de Curso do Centro Educacional Aprendiz.<\/p>\n\n\n\n<p><strong><a href=\"https:\/\/www.manaus.am.gov.br\/semed\/wp-content\/uploads\/sites\/3\/2024\/09\/RES_088_CME_20231.pdf\">RESOLU\u00c7\u00c3O 088\/CME\/2023<\/a><\/strong><\/p>\n\n\n\n<p>Renova a Autoriza\u00e7\u00e3o de Funcionamento de Curso do Centro Educacional Amor Divino.<\/p>\n\n\n\n<p><strong><a href=\"https:\/\/www.manaus.am.gov.br\/semed\/wp-content\/uploads\/sites\/3\/2024\/09\/089_CME_2023_CREDENCIA_E_AUTORIZA_O_FUNCIONAMENTO_DO_CURSO_DO_ENSINO_INFANTIL_CRISTO_REI1.pdf\">RESOLU\u00c7\u00c3O 089\/CME\/2023<\/a><\/strong><\/p>\n\n\n\n<p>Credencia e Autoriza o Funcionamento do Curso do Ensino Infantil Cristo Rei.<\/p>\n\n\n\n<p><strong><a href=\"https:\/\/www.manaus.am.gov.br\/semed\/wp-content\/uploads\/sites\/3\/2024\/09\/092_CME_2023_RES_CAE_EM_ANTONIO_MORAES1.pdf\">RESOLU\u00c7\u00c3O 092\/CME\/2023<\/a><\/strong><\/p>\n\n\n\n<p>Aprova a Reorganiza\u00e7\u00e3o do Calend\u00e1rio Escolar Especial 2023 da Escola Municipal Ant\u00f4nio Moraes.<\/p>\n\n\n\n<p><strong><a href=\"https:\/\/www.manaus.am.gov.br\/semed\/wp-content\/uploads\/sites\/3\/2024\/09\/093_CME_2023_CALENDARIO_CMEI_PROFA._MARIA_RAIMUNDA1.pdf\">RESOLU\u00c7\u00c3O 093\/CME\/2023<\/a><\/strong><\/p>\n\n\n\n<p>Aprova o Calend\u00e1rio Escolar Especial 2023 do Centro Municipal de Educa\u00e7\u00e3o Infantil Profa. Maria Raimunda.<\/p>\n\n\n\n<p><strong><a href=\"https:\/\/www.manaus.am.gov.br\/semed\/wp-content\/uploads\/sites\/3\/2024\/09\/RES_094_CME_20231.pdf\">RESOLU\u00c7\u00c3O 094\/CME\/2023<\/a><\/strong><\/p>\n\n\n\n<p>Credencia e Autoriza o Funcionamento de Curso do Centro de Ensino Vinho Novo.<\/p>\n\n\n\n<p><strong><a href=\"https:\/\/www.manaus.am.gov.br\/semed\/wp-content\/uploads\/sites\/3\/2024\/09\/095_CME_2023_RENOVA_A_AUTORIZACAO_DE_FUNCIONAMENTO_DO_CURSO_DO_COLEGIO_ADVENTISTA_CIDADE_NOVA1.pdf\">RESOLU\u00c7\u00c3O 095\/CME\/2023<\/a><\/strong><\/p>\n\n\n\n<p>Renova a Autoriza\u00e7\u00e3o de Funcionamento do Curso do Col\u00e9gio Adventista Cidade Nova.<\/p>\n\n\n\n<p><strong><a href=\"https:\/\/www.manaus.am.gov.br\/semed\/wp-content\/uploads\/sites\/3\/2024\/09\/097_CME_2023_RES_CAE_EM_MONTE_HOREBE1.pdf\">RESOLU\u00c7\u00c3O 097\/CME\/2023<\/a><\/strong><\/p>\n\n\n\n<p>Aprova a Reorganiza\u00e7\u00e3o do Calend\u00e1rio Escolar Especial 2023 da Escola Municipal Monte Horebe.<\/p>\n\n\n\n<p><strong><a href=\"https:\/\/www.manaus.am.gov.br\/semed\/wp-content\/uploads\/sites\/3\/2024\/09\/098_CME_2023_RES_CAE_CMEI_PROFA_SANTINA_CASTRO_PEREIRA1.pdf\">RESOLU\u00c7\u00c3O 098\/CME\/2023<\/a><\/strong><\/p>\n\n\n\n<p>Aprova a Reorganiza\u00e7\u00e3o do Calend\u00e1rio Escolar Especial 2023 do Centro Municipal de Educa\u00e7\u00e3o Infantil Prof.\u00aa Santina Castro Pereira.<\/p>\n\n\n\n<p><strong><a href=\"https:\/\/www.manaus.am.gov.br\/semed\/wp-content\/uploads\/sites\/3\/2024\/09\/099_CME_2023_RES_CAE_EM_PROF._RAIMUNDO_GONCALVES_NOGUEIRA1.pdf\">RESOLU\u00c7\u00c3O 099\/CME\/2023<\/a><\/strong><\/p>\n\n\n\n<p>Aprova a Reorganiza\u00e7\u00e3o do Calend\u00e1rio Escolar Especial 2023 da Escola Municipal Prof. Raimundo Gon\u00e7alves Nogueira.<\/p>\n\n\n\n<p><strong><a href=\"https:\/\/www.manaus.am.gov.br\/semed\/wp-content\/uploads\/sites\/3\/2024\/09\/102_CME_2023_RES_CAE_EM_VILA_DA_FELICIDADE1.pdf\">RESOLU\u00c7\u00c3O 102\/CME\/2023<\/a><\/strong><\/p>\n\n\n\n<p>Aprova a Reorganiza\u00e7\u00e3o do Calend\u00e1rio Escolar Especial 2023 da Escola Municipal Vila da Felicidade.<\/p>\n\n\n\n<p><strong><a href=\"https:\/\/www.manaus.am.gov.br\/semed\/wp-content\/uploads\/sites\/3\/2024\/09\/103_CME_2023_RES_CAE_EM_SAO_DIMAS1.pdf\">RESOLU\u00c7\u00c3O 103\/CME\/2023<\/a><\/strong><\/p>\n\n\n\n<p>Aprova a Reorganiza\u00e7\u00e3o do Calend\u00e1rio Escolar Especial 2023 da Escola Municipal S\u00e3o Dimas.<\/p>\n\n\n\n<p><strong><a href=\"https:\/\/www.manaus.am.gov.br\/semed\/wp-content\/uploads\/sites\/3\/2024\/09\/104_CME_2023_RES_CAE_EM_PROFA_FRANCISCA_PERGENTINA_DA_SILVA1.pdf\">RESOLU\u00c7\u00c3O 104\/CME\/2023<\/a><\/strong><\/p>\n\n\n\n<p>Aprova a Reorganiza\u00e7\u00e3o do Calend\u00e1rio Escolar Especial 2023 da Escola Municipal Prof.\u00aa Francisca Pergentina da Silva.<\/p>\n\n\n\n<p><strong><a href=\"https:\/\/www.manaus.am.gov.br\/semed\/wp-content\/uploads\/sites\/3\/2024\/09\/104_CME_2023_RES_CAE_EM_PROFA_FRANCISCA_PERGENTINA_DA_SILVA1.pdf\">RESOLU\u00c7\u00c3O 106\/CME\/2023<\/a><\/strong><\/p>\n\n\n\n<p>Aprova a Reorganiza\u00e7\u00e3o do Calend\u00e1rio Escolar Especial 2023 do Centro Municipal de Educa\u00e7\u00e3o Infantil Nilza dos Santos Alencar.<\/p>\n\n\n\n<p><strong><a href=\"https:\/\/www.manaus.am.gov.br\/semed\/wp-content\/uploads\/sites\/3\/2024\/09\/107_CME_2023_RES_CAE_EM_JOAQUIM_GONZAGA_PINHEIRO1.pdf\">RESOLU\u00c7\u00c3O 107\/CME\/2023<\/a><\/strong><\/p>\n\n\n\n<p>Aprova a Reorganiza\u00e7\u00e3o do Calend\u00e1rio Escolar Especial 2023 da Escola Municipal Joaquim Gonzaga Pinheiro.<\/p>\n\n\n\n<p><strong><a href=\"https:\/\/www.manaus.am.gov.br\/semed\/wp-content\/uploads\/sites\/3\/2024\/09\/108_CME_2023_RES_CAE_CMEI_NOSSA_SENHORA_DA_BOA_ESPERANCA1.pdf\">RESOLU\u00c7\u00c3O 108\/CME\/2023<\/a><\/strong><\/p>\n\n\n\n<p>Aprova a Reorganiza\u00e7\u00e3o do Calend\u00e1rio Escolar Especial 2023 do Centro Municipal de Educa\u00e7\u00e3o Infantil Nossa Senhora da Boa Esperan\u00e7a.<\/p>\n\n\n\n<p><strong><a href=\"https:\/\/www.manaus.am.gov.br\/semed\/wp-content\/uploads\/sites\/3\/2024\/09\/109_CME_2023_RES_CAE_EM_DOM_MILTON_CORREA_PEREIRA1.pdf\">RESOLU\u00c7\u00c3O 109\/CME\/2023<\/a><\/strong><\/p>\n\n\n\n<p>Aprova a Reorganiza\u00e7\u00e3o do Calend\u00e1rio Escolar Especial 2023 da Escola Municipal Dom Milton Correa Pereira.<\/p>\n\n\n\n<p><strong><a href=\"https:\/\/www.manaus.am.gov.br\/semed\/wp-content\/uploads\/sites\/3\/2024\/09\/110_CME_2023_RES_CAE_EM_JOSE_MARQUES_DE_ALMEIDA1.pdf\">RESOLU\u00c7\u00c3O 110\/CME\/2023<\/a><\/strong><\/p>\n\n\n\n<p>Aprova a Reorganiza\u00e7\u00e3o do Calend\u00e1rio Escolar Especial 2023 da Escola Municipal Jos\u00e9 Marques de Almeida.<\/p>\n\n\n\n<p><strong><a href=\"https:\/\/www.manaus.am.gov.br\/semed\/wp-content\/uploads\/sites\/3\/2024\/09\/111_CME_2023_RES_CAE_EM_PROFA_RAIMUNDA_ENEIDA_CERQUINHO1.pdf\">RESOLU\u00c7\u00c3O 111\/CME\/2023<\/a><\/strong><\/p>\n\n\n\n<p>Aprova a Reorganiza\u00e7\u00e3o do Calend\u00e1rio Escolar Especial 2023 da Escola Municipal Prof.\u00aa Raimunda Eneida Cerquinho.<\/p>\n\n\n\n<p><strong><a href=\"https:\/\/www.manaus.am.gov.br\/semed\/wp-content\/uploads\/sites\/3\/2024\/09\/113_CME_2023_RES_CAE_EM_JOSE_TAVARES_DE_MACEDO1.pdf\">RESOLU\u00c7\u00c3O 113\/CME\/2023<\/a><\/strong><\/p>\n\n\n\n<p>Aprova a Reorganiza\u00e7\u00e3o do Calend\u00e1rio Escolar Especial 2023 da Escola Municipal Jos\u00e9 Tavares de Macedo.<\/p>\n\n\n\n<p><strong><a href=\"https:\/\/www.manaus.am.gov.br\/semed\/wp-content\/uploads\/sites\/3\/2024\/09\/115_CME_2023_RES_CAE_EM_CARMEM_GUIMARAES_HAGGE1.pdf\">RESOLU\u00c7\u00c3O 115\/CME\/2023<\/a><\/strong><\/p>\n\n\n\n<p>Aprova a Reorganiza\u00e7\u00e3o do Calend\u00e1rio Escolar Especial 2023 da Escola Municipal Carmem Guimar\u00e3es Hagge.<\/p>\n\n\n\n<p><strong><a href=\"https:\/\/www.manaus.am.gov.br\/semed\/wp-content\/uploads\/sites\/3\/2024\/09\/117_CME_2023_RES_CAE_EM_PROFA_ZENAIRA_BENTES_PASTOR1.pdf\">RESOLU\u00c7\u00c3O 117\/CME\/2023<\/a><\/strong><\/p>\n\n\n\n<p>Aprova a Reorganiza\u00e7\u00e3o do Calend\u00e1rio Escolar Especial 2023 da Escola Municipal Prof.\u00aa Zenaira Bentes Pastor.<\/p>\n\n\n\n<p><strong><a href=\"https:\/\/www.manaus.am.gov.br\/semed\/wp-content\/uploads\/sites\/3\/2024\/09\/RES_118_CME_20231.pdf\">RESOLU\u00c7\u00c3O 118\/CME\/2023<\/a><\/strong><\/p>\n\n\n\n<p>Renova a Autoriza\u00e7\u00e3o de Funcionamento de Curso do Centro Educacional Adalberto Valle \u2013 Unidade Morada do Sol.<\/p>\n\n\n\n<p><strong><a href=\"https:\/\/www.manaus.am.gov.br\/semed\/wp-content\/uploads\/sites\/3\/2024\/09\/120_CME_2023_REN_AUT_CUR_CE_ARUANA1.pdf\">RESOLU\u00c7\u00c3O 120\/CME\/2023<\/a><\/strong><\/p>\n\n\n\n<p>Renova a Autoriza\u00e7\u00e3o de Funcionamento de Curso do Centro Educacional Aruan\u00e3.<\/p>\n\n\n\n<p><strong><a href=\"https:\/\/www.manaus.am.gov.br\/semed\/wp-content\/uploads\/sites\/3\/2024\/09\/RES_121_CME_20231.pdf\">RESOLU\u00c7\u00c3O 121\/CME\/2023<\/a><\/strong><\/p>\n\n\n\n<p>Renova a Autoriza\u00e7\u00e3o de Funcionamento de Curso do Centro Educacional Adalberto Valle \u2013 Unidade Tapaj\u00f3s.<\/p>\n\n\n\n<p><strong><a href=\"https:\/\/www.manaus.am.gov.br\/semed\/wp-content\/uploads\/sites\/3\/2024\/09\/122_CME_2023_RES_RAF_ESC_ED_INF_SONHO_DE_CRIANCA1.pdf\">RESOLU\u00c7\u00c3O 122\/CME\/2023<\/a><\/strong><\/p>\n\n\n\n<p>Renova a Autoriza\u00e7\u00e3o de Funcionamento de Curso da Escola de Educa\u00e7\u00e3o Infantil Sonho de Crian\u00e7a.<\/p>\n\n\n\n<p><strong><a href=\"https:\/\/www.manaus.am.gov.br\/semed\/wp-content\/uploads\/sites\/3\/2024\/09\/124_CME_2023_RES_CAE_EM_EM_PROFA_EDINIR_TELLES_GUIMARAES1.pdf\">RESOLU\u00c7\u00c3O 124\/CME\/2023<\/a><\/strong><\/p>\n\n\n\n<p>Aprova a Reorganiza\u00e7\u00e3o do Calend\u00e1rio Escolar Especial 2023 da Escola Municipal da Escola Municipal Prof.\u00aa Edinir Telles Guimar\u00e3es.<\/p>\n\n\n\n<p><strong><a href=\"https:\/\/www.manaus.am.gov.br\/semed\/wp-content\/uploads\/sites\/3\/2024\/09\/126_CME_2023_RES_CAE_CMEI_BALBINA_MESTRINHO1.pdf\">RESOLU\u00c7\u00c3O 126\/CME\/2023<\/a><\/strong><\/p>\n\n\n\n<p>Aprova a Reorganiza\u00e7\u00e3o do Calend\u00e1rio Escolar Especial 2023 do Centro Municipal de Educa\u00e7\u00e3o Infantil Balbina Mestrinho.<\/p>\n\n\n\n<p><strong><a href=\"https:\/\/www.manaus.am.gov.br\/semed\/wp-content\/uploads\/sites\/3\/2024\/09\/129_CME_2023_RES_CAE_CMEI_JOAO_BARBOSA1.pdf\">RESOLU\u00c7\u00c3O 129\/CME\/2023<\/a><\/strong><\/p>\n\n\n\n<p>Aprova a Reorganiza\u00e7\u00e3o do Calend\u00e1rio Escolar Especial 2023 do Centro Municipal de Educa\u00e7\u00e3o Infantil Jo\u00e3o Barbosa.<\/p>\n\n\n\n<p><strong><a href=\"https:\/\/www.manaus.am.gov.br\/semed\/wp-content\/uploads\/sites\/3\/2024\/09\/130_CME_2023_RES_CAE_CMEI_PE_CLAUDIO_DALBON1.pdf\">RESOLU\u00c7\u00c3O 130\/CME\/2023<\/a><\/strong><\/p>\n\n\n\n<p>Aprova a Reorganiza\u00e7\u00e3o do Calend\u00e1rio Escolar Especial 2023 do Centro Municipal de Educa\u00e7\u00e3o Infantil Pe. Cl\u00e1udio Dalbon.<\/p>\n\n\n\n<p><strong><a href=\"https:\/\/www.manaus.am.gov.br\/semed\/wp-content\/uploads\/sites\/3\/2024\/09\/131_CME_2023_RES_CE_PARQUE-DAS-MARAVILHAS_DOM1.pdf\">RESOLU\u00c7\u00c3O 131\/CME\/2023<\/a><\/strong><\/p>\n\n\n\n<p>Credencia e Autoriza o Funcionamento de Curso do Centro Educacional Parque das Maravilhas.<\/p>\n\n\n\n<p><strong><a href=\"https:\/\/www.manaus.am.gov.br\/semed\/wp-content\/uploads\/sites\/3\/2024\/09\/135_CME_2023_RES_CAE_EM_SAO_JOSE1.pdf\">RESOLU\u00c7\u00c3O 135\/CME\/2023<\/a><\/strong><\/p>\n\n\n\n<p>Aprova a Reorganiza\u00e7\u00e3o do Calend\u00e1rio Escolar Especial 2023 da Escola Municipal S\u00e3o Jos\u00e9.<\/p>\n\n\n\n<p><strong><a href=\"https:\/\/www.manaus.am.gov.br\/semed\/wp-content\/uploads\/sites\/3\/2024\/09\/137_CME_2023_RES_CAE_EM_GE_ARISTIDES_BARRETO1.pdf\">RESOLU\u00c7\u00c3O 137\/CME\/2023<\/a><\/strong><\/p>\n\n\n\n<p>Aprova a Reorganiza\u00e7\u00e3o do Calend\u00e1rio Escolar Especial 2023 da Escola Municipal Gen. Aristides Barreto.<\/p>\n\n\n\n<p><strong><a href=\"https:\/\/www.manaus.am.gov.br\/semed\/wp-content\/uploads\/sites\/3\/2024\/09\/142_CME_2023_RES_CE_PROFA_LOURDES_ELANE_DOM1.pdf\">RESOLU\u00c7\u00c3O 142\/CME\/2023<\/a><\/strong><\/p>\n\n\n\n<p>Credencia e Autoriza o Funcionamento de Curso do Centro Educacional Prof\u00aa Lourdes Elane.<\/p>\n\n\n\n<p><strong><a href=\"https:\/\/www.manaus.am.gov.br\/semed\/wp-content\/uploads\/sites\/3\/2024\/09\/147_CME_2023_RES_COLEGIO_BATISTA_BRASIL_IDA_NELSON1.pdf\">RESOLU\u00c7\u00c3O 147\/CME\/2023<\/a><\/strong><\/p>\n\n\n\n<p>Credencia e Autoriza o Funcionamento de Curso do Col\u00e9gio Batista Brasil Ida Nelson.<\/p>\n\n\n\n<p><strong><a href=\"https:\/\/www.manaus.am.gov.br\/semed\/wp-content\/uploads\/sites\/3\/2024\/09\/156_CME_2023_ESTIAGEM1.pdf\">RESOLU\u00c7\u00c3O 156\/CME\/2023<\/a><\/strong><\/p>\n\n\n\n<p>Disp\u00f5e sobre o Regime de Aulas n\u00e3o presenciais na Rede Municipal de Educa\u00e7\u00e3o de Manaus, como medida para o enfrentamento do estado de emerg\u00eancia decretado pela Prefeitura de Manaus.<\/p>\n\n\n\n<p><strong><a href=\"https:\/\/www.manaus.am.gov.br\/semed\/wp-content\/uploads\/sites\/3\/2024\/09\/23-Resolucao-159-CME-20231.pdf\">RESOLU\u00c7\u00c3O 159\/CME\/2023<\/a><\/strong><\/p>\n\n\n\n<p>Revoga o inciso II, do art. 15 da Resolu\u00e7\u00e3o n\u00ba 011\/CME\/2016, publicada no Di\u00e1rio Oficial do Munic\u00edpio (DOM) edi\u00e7\u00e3o 3929, de 13 de julho de 2016.<\/p>\n\n\n\n<p><strong><a href=\"https:\/\/www.manaus.am.gov.br\/semed\/wp-content\/uploads\/sites\/3\/2024\/09\/Resolucao-159_CME_2023-republicada-11.pdf\">RESOLU\u00c7\u00c3O 159\/CME\/2023 REPUBLICADA NO DOM, EDI\u00c7\u00c3O 5715 DE 29\/11\/2023<\/a><\/strong><\/p>\n\n\n\n<p>Revoga o inciso II, do art. 15 da Resolu\u00e7\u00e3o n\u00ba 011\/CME\/2016, publicada no Di\u00e1rio Oficial do Munic\u00edpio (DOM) edi\u00e7\u00e3o 3929, de 13 de julho de 2016.<\/p>\n\n\n\n<p><strong><a href=\"https:\/\/www.manaus.am.gov.br\/semed\/wp-content\/uploads\/sites\/3\/2024\/09\/176_CME_2023_APROVA_CALENDARIOS_2024_SEMED1.pdf\">RESOLU\u00c7\u00c3O 176\/CME\/2023<\/a><\/strong><\/p>\n\n\n\n<p>Aprova os Calend\u00e1rios Escolares da Rede P\u00fablica Municipal de Ensino de Manaus do ano letivo de 2024.<\/p>\n\n\n\n<p class=\"has-text-align-center\"><a href=\"https:\/\/www.manaus.am.gov.br\/semed\/cme\/atos-normativos\/resolucoes\/#topo\">Voltar ao topo<\/a><\/p>\n\n\n\n<h2 class=\"wp-block-heading\" id=\"2022\">2022<\/h2>\n\n\n\n<p><strong><a href=\"https:\/\/www.manaus.am.gov.br\/semed\/wp-content\/uploads\/sites\/3\/2024\/09\/RESOLUCAO_CONJUNTA_001_CEE_CME_2022_DOE1.pdf\">RESOLUCAO_CONJUNTA_001_CEE_CME_2022_DOE<\/a><\/strong><br>Estabelece procedimentos para orientar a implementa\u00e7\u00e3o do Pacto de Colabora\u00e7\u00e3o firmado entre o CEE\/AM e o CME\/MAO conforme Termo de Colabora\u00e7\u00e3o.<\/p>\n\n\n\n<p><strong><a href=\"https:\/\/www.manaus.am.gov.br\/semed\/wp-content\/uploads\/sites\/3\/2024\/09\/RESOLUCAO_001_CME_20221.pdf\">RESOLUCAO_001_CME_2022<\/a><\/strong><br>Credencia e Autoriza o Funcionamento de Curso da Escola Municipal Senador Jos\u00e9 Jefferson Carpinteiro Peres.<\/p>\n\n\n\n<p><strong><a href=\"https:\/\/www.manaus.am.gov.br\/semed\/wp-content\/uploads\/sites\/3\/2024\/09\/RESOLUCAO_002_CME_20221.pdf\">RESOLUCAO_002_CME_2022<\/a><\/strong><br>Credencia e Autoriza o Funcionamento de Curso CEMEJA Professor Samuel Benchimol.<\/p>\n\n\n\n<p><strong><a href=\"https:\/\/www.manaus.am.gov.br\/semed\/wp-content\/uploads\/sites\/3\/2024\/09\/RESOLUCAO_003_CME_20221.pdf\">RESOLUCAO_003_CME_2022<\/a><\/strong><br>Credencia e Autoriza o Funcionamento de Curso da Escola Municipal S\u00e3o Jos\u00e9.<\/p>\n\n\n\n<p><strong><a href=\"https:\/\/www.manaus.am.gov.br\/semed\/wp-content\/uploads\/sites\/3\/2024\/09\/RESOLUCAO_004_CME_20221.pdf\">RESOLUCAO_004_CME_2022<\/a><\/strong><br>Credencia e Autoriza o Funcionamento de Curso da Escola Municipal Ouvidor Sampaio.<\/p>\n\n\n\n<p><strong><a href=\"https:\/\/www.manaus.am.gov.br\/semed\/wp-content\/uploads\/sites\/3\/2024\/09\/RESOLUCAO_005_CME_20221.pdf\">RESOLUCAO_005_CME_2022<\/a><\/strong><br>Credencia e Autoriza o Funcionamento de Curso da Escola Municipal Deputado Federal Ulisses Guimar\u00e3es.<\/p>\n\n\n\n<p><strong><a href=\"https:\/\/www.manaus.am.gov.br\/semed\/wp-content\/uploads\/sites\/3\/2024\/09\/RESOLUCAO_006_CME_20221.pdf\">RESOLUCAO_006_CME_2022<\/a><\/strong><br>Credencia e Autoriza o Funcionamento de Curso da Escola Municipal Leonor Uch\u00f4a de Amorim.<\/p>\n\n\n\n<p><strong><a href=\"https:\/\/www.manaus.am.gov.br\/semed\/wp-content\/uploads\/sites\/3\/2024\/09\/RESOLUCAO_007_CME_20221.pdf\">RESOLUCAO_007_CME_2022<\/a><\/strong><br>Credencia e Autoriza o Funcionamento de Curso do Centro Municipal de Educa\u00e7\u00e3o Infantil Poeta Ant\u00f4nio Gon\u00e7alves Dias.<\/p>\n\n\n\n<p><strong><a href=\"https:\/\/www.manaus.am.gov.br\/semed\/wp-content\/uploads\/sites\/3\/2024\/09\/RESOLUCAO_008_CME_20221.pdf\">RESOLUCAO_008_CME_2022<\/a><\/strong><br>Credencia e Autoriza o Funcionamento de Curso da Escola Municipal Etelvina Pereira Braga.<\/p>\n\n\n\n<p><strong><a href=\"https:\/\/www.manaus.am.gov.br\/semed\/wp-content\/uploads\/sites\/3\/2024\/09\/RESOLUCAO_009_CME_20221.pdf\">RESOLUCAO_009_CME_2022<\/a><\/strong><br>Orienta as escolas, para o ano de 2022, a continuidade do atendimento remoto e\/ou h\u00edbrido aos estudantes que tenham comorbidades ou que, por quaisquer outras raz\u00f5es que se relacionem com a pandemia de Covid-19, estejam impossibilitados de retornar \u00e0s aulas\/atividades presenciais.<\/p>\n\n\n\n<p><strong><a href=\"https:\/\/www.manaus.am.gov.br\/semed\/wp-content\/uploads\/sites\/3\/2024\/09\/RESOLUCAO_010_CME_2022-11.pdf\">RESOLUCAO_010_CME_2022<\/a><\/strong><br>Estabelece crit\u00e9rios e diretrizes para a elabora\u00e7\u00e3o do projeto pol\u00edtico-pedag\u00f3gico e regimento escolar das institui\u00e7\u00f5es educacionais integrantes do Sistema Municipal de Ensino de Manaus.<\/p>\n\n\n\n<p><strong><a href=\"https:\/\/www.manaus.am.gov.br\/semed\/wp-content\/uploads\/sites\/3\/2024\/09\/RESOLUCAO_014_CME_20221.pdf\">RESOLUCAO_014_CME_2022<\/a><\/strong><br>Credencia e Autoriza o Funcionamento de Curso da Escola Municipal Francisco Orellana.<\/p>\n\n\n\n<p><strong><a href=\"https:\/\/www.manaus.am.gov.br\/semed\/wp-content\/uploads\/sites\/3\/2024\/09\/RESOLUCAO_015_CME_20221.pdf\">RESOLUCAO_015_CME_2022<\/a><\/strong><br>Credencia e Autoriza o Funcionamento de Curso da Escola Municipal Cana\u00e3 I.<\/p>\n\n\n\n<p><strong><a href=\"https:\/\/www.manaus.am.gov.br\/semed\/wp-content\/uploads\/sites\/3\/2024\/09\/RESOLUCAO_018_CME_20221.pdf\">RESOLUCAO_018_CME_2022<\/a><\/strong><br>Renova a Autoriza\u00e7\u00e3o de Funcionamento de Curso da Casa da Crian\u00e7a.<\/p>\n\n\n\n<p><strong><a href=\"https:\/\/www.manaus.am.gov.br\/semed\/wp-content\/uploads\/sites\/3\/2024\/09\/RESOLUCAO_020_CME_20221.pdf\">RESOLUCAO_020_CME_2022<\/a><\/strong><br>Altera o artigo 52 da Resolu\u00e7\u00e3o n. 005\/CME\/2010 (Regimento Interno).<\/p>\n\n\n\n<p><strong><a href=\"https:\/\/www.manaus.am.gov.br\/semed\/wp-content\/uploads\/sites\/3\/2024\/09\/RESOLUCAO_022_CME_20221.pdf\">RESOLUCAO_022_CME_2022<\/a><\/strong><br>Credencia e Autoriza o Funcionamento de Curso da Escola Municipal Ant\u00f4nia Alexandrina Monteverde Bentes.<\/p>\n\n\n\n<p><strong><a href=\"https:\/\/www.manaus.am.gov.br\/semed\/wp-content\/uploads\/sites\/3\/2024\/09\/RESOLUCAO_025_CME_2022_DOM1.pdf\">RESOLUCAO_025_CME_2022_DOM<\/a><\/strong><br><strong><a href=\"https:\/\/www.manaus.am.gov.br\/semed\/wp-content\/uploads\/sites\/3\/2024\/09\/RESOLUCAO_025_CME_2022_DOE1.pdf\">RESOLUCAO_025_CME_2022_DOE<\/a><\/strong><br>Credencia e Autoriza o Funcionamento de Curso do Centro Educacional Ateniense.<\/p>\n\n\n\n<p><strong><a href=\"https:\/\/www.manaus.am.gov.br\/semed\/wp-content\/uploads\/sites\/3\/2024\/09\/RESOLUCAO_029_CME_20221.pdf\">RESOLUCAO_029_CME_2022<\/a><\/strong><br>Credencia e Autoriza o Funcionamento de Curso do Centro Municipal de Educa\u00e7\u00e3o Infantil Santa Isabel.<\/p>\n\n\n\n<p><strong><a href=\"https:\/\/www.manaus.am.gov.br\/semed\/wp-content\/uploads\/sites\/3\/2024\/09\/RESOLUCAO_030_CME_20221.pdf\">RESOLUCAO_030_CME_2022<\/a><\/strong><br>Credencia e Autoriza o Funcionamento de Curso da Escola Municipal M\u00e1rio Lago.<\/p>\n\n\n\n<p><strong><a href=\"https:\/\/www.manaus.am.gov.br\/semed\/wp-content\/uploads\/sites\/3\/2024\/09\/RESOLUCAO_032_CME_20221.pdf\">RESOLUCAO_032_CME_2022<\/a><\/strong><br>Credencia e Autoriza o Funcionamento de Curso da Escola Municipal Professora Ana Maria de Souza Barros.<\/p>\n\n\n\n<p><strong><a href=\"https:\/\/www.manaus.am.gov.br\/semed\/wp-content\/uploads\/sites\/3\/2024\/09\/RESOLUCAO_033_CME_20221.pdf\">RESOLUCAO_033_CME_2022<\/a><\/strong><br>Renova a Autoriza\u00e7\u00e3o de Funcionamento de Curso do Centro Educacional Alegria do Saber.<\/p>\n\n\n\n<p><strong><a href=\"https:\/\/www.manaus.am.gov.br\/semed\/wp-content\/uploads\/sites\/3\/2024\/09\/RESOLUCAO_034_CME_20221.pdf\">RESOLUCAO_034_CME_2022<\/a><\/strong><br>Credencia e Autoriza o Funcionamento de Curso da Creche Escola Aconchego do Saber.<\/p>\n\n\n\n<p><strong><a href=\"https:\/\/www.manaus.am.gov.br\/semed\/wp-content\/uploads\/sites\/3\/2024\/09\/RESOLUCAO_035_CME_20221.pdf\">RESOLUCAO_035_CME_2022<\/a><\/strong><br>Credencia e Autoriza o Funcionamento de Curso da Escola Municipal Soci\u00f3logo Herbert Jos\u00e9 de Souza.<\/p>\n\n\n\n<p><strong><a href=\"https:\/\/www.manaus.am.gov.br\/semed\/wp-content\/uploads\/sites\/3\/2024\/09\/RESOLUCAO_036_CME_20221.pdf\">RESOLUCAO_036_CME_2022<\/a><\/strong><br>Credencia e Autoriza o Funcionamento de Curso da Escola Municipal S\u00e3o Salvador.<\/p>\n\n\n\n<p><strong><a href=\"https:\/\/www.manaus.am.gov.br\/semed\/wp-content\/uploads\/sites\/3\/2024\/09\/RESOLUCAO_037_CME_20221.pdf\">RESOLUCAO_037_CME_2022<\/a><\/strong><br>Credencia e Autoriza o Funcionamento de Curso da Escola Municipal S\u00e3o Sebasti\u00e3o I.<\/p>\n\n\n\n<p><strong><a href=\"https:\/\/www.manaus.am.gov.br\/semed\/wp-content\/uploads\/sites\/3\/2024\/09\/RESOLUCAO_038_CME_20221.pdf\">RESOLUCAO_038_CME_2022<\/a><\/strong><br>Credencia e Autoriza o Funcionamento de Curso da Escola Municipal Jo\u00e3o Paulo II.<\/p>\n\n\n\n<p><strong><a href=\"https:\/\/www.manaus.am.gov.br\/semed\/wp-content\/uploads\/sites\/3\/2024\/09\/RESOLUCAO_039_CME_20221.pdf\">RESOLUCAO_039_CME_2022<\/a><\/strong><br>Credencia e Autoriza o Funcionamento de Curso da Escola Municipal Pedro Dias Silva.<\/p>\n\n\n\n<p><strong><a href=\"https:\/\/www.manaus.am.gov.br\/semed\/wp-content\/uploads\/sites\/3\/2024\/09\/RESOLUCAO_040_CME_20221.pdf\">RESOLUCAO_040_CME_2022<\/a><\/strong><br>Credencia e Autoriza o Funcionamento de Curso da Escola Municipal Santa Rosa I.<\/p>\n\n\n\n<p><strong><a href=\"https:\/\/www.manaus.am.gov.br\/semed\/wp-content\/uploads\/sites\/3\/2024\/09\/RESOLUCAO_041_CME_20221.pdf\">RESOLUCAO_041_CME_2022<\/a><\/strong><br>Credencia e Autoriza o Funcionamento de Curso da Escola Municipal Professora Elizabeth Siqueira Ferreira.<\/p>\n\n\n\n<p><strong><a href=\"https:\/\/www.manaus.am.gov.br\/semed\/wp-content\/uploads\/sites\/3\/2024\/09\/RESOLUCAO_042_CME_20221.pdf\">RESOLUCAO_042_CME_2022<\/a><\/strong><br>Credencia e Autoriza o Funcionamento de Curso do Yupi Centro de Educa\u00e7\u00e3o Infantil.<\/p>\n\n\n\n<p><strong><a href=\"https:\/\/www.manaus.am.gov.br\/semed\/wp-content\/uploads\/sites\/3\/2024\/09\/RESOLUCAO_043_CME_20221.pdf\">RESOLUCAO_043_CME_2022<\/a><\/strong><br>Credencia e Autoriza o Funcionamento de Curso da Escola Municipal Professora Tereza Cordovil Guimar\u00e3es.<\/p>\n\n\n\n<p><strong><a href=\"https:\/\/www.manaus.am.gov.br\/semed\/wp-content\/uploads\/sites\/3\/2024\/09\/RESOLUCAO_044_CME_20221.pdf\">RESOLUCAO_044_CME_2022<\/a><\/strong><br>Credencia e Autoriza o Funcionamento de Curso da Escola Municipal Santo Ant\u00f4nio.<\/p>\n\n\n\n<p><strong><a href=\"https:\/\/www.manaus.am.gov.br\/semed\/wp-content\/uploads\/sites\/3\/2024\/09\/RESOLUCAO_046_CME_2022_DOM1.pdf\">RESOLUCAO_046_CME_2022_DOM<\/a><\/strong><br><strong><a href=\"https:\/\/www.manaus.am.gov.br\/semed\/wp-content\/uploads\/sites\/3\/2024\/09\/RESOLUCAO_046_CME_20221.pdf\">RESOLUCAO_046_CME_2022_DOE<\/a><\/strong><br>Renova a Autoriza\u00e7\u00e3o de Funcionamento de Curso do Centro Educacional Batista da Chapada.<\/p>\n\n\n\n<p><strong><a href=\"https:\/\/www.manaus.am.gov.br\/semed\/wp-content\/uploads\/sites\/3\/2024\/09\/RESOLUCAO_049_CME_20221.pdf\">RESOLUCAO_049_CME_2022<\/a><\/strong><\/p>\n\n\n\n<p><strong><a href=\"https:\/\/www.manaus.am.gov.br\/semed\/wp-content\/uploads\/sites\/3\/2024\/09\/RESOLUCAO_049_CME_2022-ERRATA1.pdf\">RESOLUCAO_049_CME_2022 \u2013 ERRATA<\/a><\/strong><br>Credencia e Autoriza o Funcionamento de Curso do Jardim de Inf\u00e2ncia Palho\u00e7a do Popeye.<\/p>\n\n\n\n<p><strong><a href=\"https:\/\/www.manaus.am.gov.br\/semed\/wp-content\/uploads\/sites\/3\/2024\/09\/RESOLUCAO_050_CME_20221.pdf\">RESOLUCAO_050_CME_2022<\/a><\/strong><br>Renova a Autoriza\u00e7\u00e3o de Funcionamento de Curso do Centro Educacional Vinde a Mim.<\/p>\n\n\n\n<p><strong><a href=\"https:\/\/www.manaus.am.gov.br\/semed\/wp-content\/uploads\/sites\/3\/2024\/09\/RESOLUCAO_052_CME_20221.pdf\">RESOLUCAO_052_CME_2022<\/a><\/strong><br>Renova a Autoriza\u00e7\u00e3o de Funcionamento de Curso da Creche e Aparece Educa\u00e7\u00e3o Infantil e Ber\u00e7\u00e1rio.<\/p>\n\n\n\n<p><strong><a href=\"https:\/\/www.manaus.am.gov.br\/semed\/wp-content\/uploads\/sites\/3\/2024\/09\/RESOLUCAO_053_CME_20221.pdf\">RESOLUCAO_053_CME_2022<\/a><\/strong><br>Credencia e Autoriza o Funcionamento de Curso do Centro Integrado Municipal de Educa\u00e7\u00e3o L\u00facia Melo Ferreira Almeida.<\/p>\n\n\n\n<p><strong><a href=\"https:\/\/www.manaus.am.gov.br\/semed\/wp-content\/uploads\/sites\/3\/2024\/09\/RESOLUCAO_054_CME_20221.pdf\">RESOLUCAO_054_CME_2022<\/a><\/strong><\/p>\n\n\n\n<p><strong><a href=\"https:\/\/www.manaus.am.gov.br\/semed\/wp-content\/uploads\/sites\/3\/2024\/09\/RESOLUCAO_054_CME_2022_ERRATA1.pdf\">RESOLUCAO_054_CME_2022_ERRATA<\/a><\/strong><br>Aprova o Programa Refor\u00e7a Mais, a ser operacionalizado nas turmas de 4\u00ba e 5\u00ba anos do Ensino Fundamental e Modalidades, da Rede P\u00fablica Municipal de Ensino, a partir do ano de 2022.<\/p>\n\n\n\n<p><strong><a href=\"https:\/\/www.manaus.am.gov.br\/semed\/wp-content\/uploads\/sites\/3\/2024\/09\/RESOLUCAO_061_CME_20221.pdf\">RESOLUCAO_061_CME_2022<\/a><\/strong><br>Credencia e Autoriza o Funcionamento de Curso do Centro de Educa\u00e7\u00e3o Infantil Nana Nen\u00e9m.<\/p>\n\n\n\n<p><strong><a href=\"https:\/\/www.manaus.am.gov.br\/semed\/wp-content\/uploads\/sites\/3\/2024\/09\/RESOLUCAO_080_CME_20221.pdf\">RESOLUCAO_080_CME_2022<\/a><\/strong><br>Estabelece normas para operacionaliza\u00e7\u00e3o da Educa\u00e7\u00e3o de Jovens e Adultos (EJA) na Rede P\u00fablica Municipal de Ensino de Manaus.<\/p>\n\n\n\n<p><strong><a href=\"https:\/\/www.manaus.am.gov.br\/semed\/wp-content\/uploads\/sites\/3\/2024\/09\/RESOLUCAO_083_CME_20221.pdf\">RESOLUCAO_083_CME_2022<\/a><\/strong><br>Credencia e Autoriza a Escola Contempor\u00e2nea Galil\u00e9ia.<\/p>\n\n\n\n<p><strong><a href=\"https:\/\/www.manaus.am.gov.br\/semed\/wp-content\/uploads\/sites\/3\/2024\/09\/RESOLUCAO_084_CME_20221.pdf\">RESOLUCAO_084_CME_2022<\/a><\/strong><br>Credencia e Autoriza a Escola Infantil Pequeno C\u00e9u.<\/p>\n\n\n\n<p><strong><a href=\"https:\/\/www.manaus.am.gov.br\/semed\/wp-content\/uploads\/sites\/3\/2024\/09\/RESOLUCAO_085_CME_20221.pdf\">RESOLUCAO_085_CME_2022<\/a><\/strong><br>Renova a Autoriza\u00e7\u00e3o de Funcionamento de Curso do Centro Educacional Passo a Passo.<\/p>\n\n\n\n<p><strong><a href=\"https:\/\/www.manaus.am.gov.br\/semed\/wp-content\/uploads\/sites\/3\/2024\/09\/RESOLUCAO_101_CME_20221.pdf\">RESOLUCAO_101_CME_2022<\/a><\/strong><\/p>\n\n\n\n<p>Credencia e Autoriza o funcionamento de Curso do Centro Educacional Passinho de Anjo.<\/p>\n\n\n\n<p><strong><a href=\"https:\/\/www.manaus.am.gov.br\/semed\/wp-content\/uploads\/sites\/3\/2024\/09\/RESOLUCAO_102_CME_20221.pdf\">RESOLUCAO_102_CME_2022<\/a><\/strong><br>Renova a Autoriza\u00e7\u00e3o de Funcionamento de Curso da Creche Escola Planeta Beb\u00ea.<\/p>\n\n\n\n<p><strong><a href=\"https:\/\/www.manaus.am.gov.br\/semed\/wp-content\/uploads\/sites\/3\/2024\/09\/RESOLUCAO_103_CME_20221.pdf\">RESOLUCAO_103_CME_2022<\/a><\/strong><br>Renova a Autoriza\u00e7\u00e3o de Funcionamento de Curso do Centro Educacional Bet\u00e2nia.<\/p>\n\n\n\n<p><strong><a href=\"https:\/\/www.manaus.am.gov.br\/semed\/wp-content\/uploads\/sites\/3\/2024\/09\/RESOLUCAO_156_CME_20221.pdf\">RESOLUCAO_156_CME_2022<\/a><\/strong><br>Renova a Autoriza\u00e7\u00e3o de Funcionamento de Curso do Centro Educacional Yasmin Aghata.<\/p>\n\n\n\n<p><strong><a href=\"https:\/\/www.manaus.am.gov.br\/semed\/wp-content\/uploads\/sites\/3\/2024\/09\/RESOLUCAO_163_CME_20221.pdf\">RESOLUCAO_163_CME_2022<\/a><\/strong><br>Aprova os Calend\u00e1rios Escolares da Rede P\u00fablica Municipal de Ensino de Manaus do ano letivo de 2023.<\/p>\n\n\n\n<p><strong><a href=\"https:\/\/www.manaus.am.gov.br\/semed\/wp-content\/uploads\/sites\/3\/2024\/09\/RESOLUCAO_171_CME_20221.pdf\">RESOLUCAO_171_CME_2022<\/a><\/strong><\/p>\n\n\n\n<p>Credencia e Autoriza o funcionamento de Curso do Col\u00e9gio Santo Afonso.<\/p>\n\n\n\n<p><strong><a href=\"https:\/\/www.manaus.am.gov.br\/semed\/wp-content\/uploads\/sites\/3\/2024\/09\/Resolucao-174_CME_20221.pdf\">RESOLUCAO_174_CME_2022<\/a><\/strong><\/p>\n\n\n\n<p>Credencia e Autoriza o Funcionamento de Curso da Escola Municipal Manoel Chagas.<\/p>\n\n\n\n<p><strong><a href=\"https:\/\/www.manaus.am.gov.br\/semed\/wp-content\/uploads\/sites\/3\/2024\/09\/RESOLUCAO_177_CME_20221.pdf\">RESOLUCAO_177_CME_2022<\/a><\/strong><br>Credencia e Autoriza o Funcionamento de Curso do Centro Educacional Criar e Recriar (CECRI).<\/p>\n\n\n\n<p><strong><a href=\"https:\/\/www.manaus.am.gov.br\/semed\/wp-content\/uploads\/sites\/3\/2024\/09\/RESOLUCAO_178_CME_20221.pdf\">RESOLUCAO_178_CME_2022<\/a><\/strong><\/p>\n\n\n\n<p><strong><a href=\"https:\/\/www.manaus.am.gov.br\/semed\/wp-content\/uploads\/sites\/3\/2024\/09\/RESOLUCAO_178_CME_2022-ERRATA1.pdf\">RESOLUCAO_178_CME_2022 \u2013 ERRATA<\/a><\/strong><br>Renova a Autoriza\u00e7\u00e3o de Funcionamento de Curso do Centro de Educa\u00e7\u00e3o Integral Christ Master.<\/p>\n\n\n\n<p><strong><a href=\"https:\/\/www.manaus.am.gov.br\/semed\/wp-content\/uploads\/sites\/3\/2024\/09\/RESOLUCAO_179_CME_20221.pdf\">RESOLUCAO_179_CME_2022<\/a><\/strong><br>Credencia e Autoriza o Centro Educacional Sol Nascente.<\/p>\n\n\n\n<p><strong><a href=\"https:\/\/www.manaus.am.gov.br\/semed\/wp-content\/uploads\/sites\/3\/2024\/09\/RESOLUCAO_181_CME_20221.pdf\">RESOLUCAO_181_CME_2022<\/a><\/strong><br>Credencia e Autoriza o Funcionamento de Curso do Centro de Ensino ABC da Crian\u00e7a.<\/p>\n\n\n\n<p><strong><a href=\"https:\/\/www.manaus.am.gov.br\/semed\/wp-content\/uploads\/sites\/3\/2024\/09\/RESOLUCAO_182_CME_20221.pdf\">RESOLUCAO_182_CME_2022<\/a><\/strong><br>Credencia e Autoriza o Funcionamento de Curso do Centro de Ensino Espa\u00e7o da Crian\u00e7a.<\/p>\n\n\n\n<p><strong><a href=\"https:\/\/www.manaus.am.gov.br\/semed\/wp-content\/uploads\/sites\/3\/2024\/09\/RESOLUCAO_183_CME_20221.pdf\">RESOLUCAO_183_CME_2022<\/a><\/strong><br>Renova a Autoriza\u00e7\u00e3o de Funcionamento de Curso do Centro Educacional G\u00eanesis.<\/p>\n\n\n\n<p><strong><a href=\"https:\/\/www.manaus.am.gov.br\/semed\/wp-content\/uploads\/sites\/3\/2024\/09\/RESOLUCAO_184_CME_20221.pdf\">RESOLUCAO_184_CME_2022<\/a><\/strong><br>Aprova a Proposta Pedag\u00f3gica para a Educa\u00e7\u00e3o de Jovens, Adultos e Idosos (Etapa do Ensino Fundamental \u2013 1\u00ba e 2\u00ba segmentos).<\/p>\n\n\n\n<p><strong><a href=\"https:\/\/www.manaus.am.gov.br\/semed\/wp-content\/uploads\/sites\/3\/2024\/09\/RESOLUCAO_187_CME_20221.pdf\">RESOLUCAO_187_CME_2022<\/a><\/strong><br>Define as novas Diretrizes Curriculares e estabelece normas para a oferta e funcionamento da Educa\u00e7\u00e3o Infantil na Rede P\u00fablica Municipal de Ensino de Manaus.<\/p>\n\n\n\n<p class=\"has-text-align-center\"><a href=\"https:\/\/www.manaus.am.gov.br\/semed\/cme\/atos-normativos\/resolucoes\/#topo\">Voltar ao topo<\/a><\/p>\n\n\n\n<h2 class=\"wp-block-heading\" id=\"2021\">2021<\/h2>\n\n\n\n<p><a href=\"https:\/\/www.manaus.am.gov.br\/semed\/wp-content\/uploads\/sites\/3\/2024\/09\/RESOLUCAO_001_CME_20211.pdf\">RESOLUCAO_001_CME_2021<\/a><br>Credencia e Autoriza o Funcionamento de Curso da Maple Bear Manaus Ponta Negra.<\/p>\n\n\n\n<p><a href=\"https:\/\/www.manaus.am.gov.br\/semed\/wp-content\/uploads\/sites\/3\/2024\/09\/RESOLUCAO_003_CME_20211.pdf\">RESOLUCAO_003_CME_2021<\/a><br>Credencia e Autoriza o Funcionamento de Curso da Escola Municipal Raimunda Barroso Ramires.<\/p>\n\n\n\n<p><a href=\"https:\/\/www.manaus.am.gov.br\/semed\/wp-content\/uploads\/sites\/3\/2024\/09\/RESOLUCAO_004_CME_20211.pdf\">RESOLUCAO_004_CME_2021<\/a><br>Credencia e Autoriza o Funcionamento de Curso da Escola Municipal Chapeuzinho de Palha.<\/p>\n\n\n\n<p><a href=\"https:\/\/www.manaus.am.gov.br\/semed\/wp-content\/uploads\/sites\/3\/2024\/09\/RESOLUCAO_005_CME_20211.pdf\">RESOLUCAO_005_CME_2021<\/a><br>Credencia e Autoriza o Funcionamento de Curso da Escola Municipal Alternativa Padre Mauro Fancello.<\/p>\n\n\n\n<p><a href=\"https:\/\/www.manaus.am.gov.br\/semed\/wp-content\/uploads\/sites\/3\/2024\/09\/RESOLUCAO_006_CME_20211.pdf\">RESOLUCAO_006_CME_2021<\/a><br>Credencia e Autoriza o Funcionamento de Curso do Centro Municipal de Educa\u00e7\u00e3o Infantil Ant\u00f4nio Anast\u00e1cio Cavalcante.<\/p>\n\n\n\n<p><a href=\"https:\/\/www.manaus.am.gov.br\/semed\/wp-content\/uploads\/sites\/3\/2024\/09\/RESOLUCAO_007_CME_20211.pdf\">RESOLUCAO_007_CME_2021<\/a><br>Credencia e Autoriza o Funcionamento de Curso da Escola Municipal Escritor An\u00edsio Teixeira.<\/p>\n\n\n\n<p><a href=\"https:\/\/www.manaus.am.gov.br\/semed\/wp-content\/uploads\/sites\/3\/2024\/09\/RESOLUCAO_008_CME_20211.pdf\">RESOLUCAO_008_CME_2021<\/a><br>Credencia e Autoriza o Funcionamento de Curso da Escola Municipal Desembargador C\u00e2ndido Hon\u00f3rio Ferreira.<\/p>\n\n\n\n<p><a href=\"https:\/\/www.manaus.am.gov.br\/semed\/wp-content\/uploads\/sites\/3\/2024\/09\/RESOLUCAO_009_CME_20211.pdf\">RESOLUCAO_009_CME_2021<\/a><br>Credencia e Autoriza o Funcionamento de Curso do Centro Municipal de Educa\u00e7\u00e3o Infantil Professora Na\u00edde Soares de Oliveira.<\/p>\n\n\n\n<p><a href=\"https:\/\/www.manaus.am.gov.br\/semed\/wp-content\/uploads\/sites\/3\/2024\/09\/RESOLUCAO_010_CME_20211.pdf\">RESOLUCAO_010_CME_2021<\/a><br>Credencia e Autoriza o Funcionamento de Curso da Escola Municipal Professora Ruth Costa.<\/p>\n\n\n\n<p><a href=\"https:\/\/www.manaus.am.gov.br\/semed\/wp-content\/uploads\/sites\/3\/2024\/09\/RESOLUCAO_011_CME_20211.pdf\">RESOLUCAO_011_CME_2021<\/a><br>Credencia e Autoriza o Funcionamento de Curso da Escola Municipal Professora Maria Jos\u00e9 Nunes da Luz.<\/p>\n\n\n\n<p><a href=\"https:\/\/www.manaus.am.gov.br\/semed\/wp-content\/uploads\/sites\/3\/2024\/09\/RESOLUCAO_012_CME_20211.pdf\">RESOLUCAO_012_CME_2021<\/a><br>Credencia e Autoriza o Funcionamento de Curso da Escola Municipal Historiador M\u00e1rio Ypiranga Monteiro.<\/p>\n\n\n\n<p><a href=\"https:\/\/www.manaus.am.gov.br\/semed\/wp-content\/uploads\/sites\/3\/2024\/09\/RESOLUCAO_013_CME_20211.pdf\">RESOLUCAO_013_CME_2021<\/a><br>Credencia e Autoriza o Funcionamento de Curso da Escola Municipal Thales Silvestre.<\/p>\n\n\n\n<p><a href=\"https:\/\/www.manaus.am.gov.br\/semed\/wp-content\/uploads\/sites\/3\/2024\/09\/RESOLUCAO_014_CME_20211.pdf\">RESOLUCAO_014_CME_2021<\/a><br>Credencia e Autoriza o Funcionamento de Curso da Escola Municipal Francisca Gomes Mendes.<\/p>\n\n\n\n<p><a href=\"https:\/\/www.manaus.am.gov.br\/semed\/wp-content\/uploads\/sites\/3\/2024\/09\/RESOLUCAO_015_CME_20211.pdf\">RESOLUCAO_015_CME_2021<\/a><br>Credencia e Autoriza o Funcionamento de Curso da Escola Municipal Professor Joaquim Gonzaga Pinheiro.<\/p>\n\n\n\n<p><a href=\"https:\/\/www.manaus.am.gov.br\/semed\/wp-content\/uploads\/sites\/3\/2024\/09\/RESOLUCAO_016_CME_20211.pdf\">RESOLUCAO_016_CME_2021<\/a><br>Credencia e Autoriza o Funcionamento de Curso da Escola Municipal Manoel Adriano.<\/p>\n\n\n\n<p><a href=\"https:\/\/www.manaus.am.gov.br\/semed\/wp-content\/uploads\/sites\/3\/2024\/09\/RESOLUCAO_017_CME_20211.pdf\">RESOLUCAO_017_CME_2021<\/a><br>Credencia e Autoriza o Funcionamento de Curso da Escola Municipal Professora Dian Kelly do Nascimento Mota.<\/p>\n\n\n\n<p><a href=\"https:\/\/www.manaus.am.gov.br\/semed\/wp-content\/uploads\/sites\/3\/2024\/09\/RESOLUCAO_018_CME_20211.pdf\">RESOLUCAO_018_CME_2021<\/a><br>Credencia e Autoriza o Funcionamento de Curso da Escola Municipal Professora Neuza dos Santos Ribeiro.<\/p>\n\n\n\n<p><a href=\"https:\/\/www.manaus.am.gov.br\/semed\/wp-content\/uploads\/sites\/3\/2024\/09\/RESOLUCAO_019_CME_20211.pdf\">RESOLUCAO_019_CME_2021<\/a><br>Credencia e Autoriza o Funcionamento de Curso da Escola Municipal M\u00e1rio Palm\u00e9rio.<\/p>\n\n\n\n<p><a href=\"https:\/\/www.manaus.am.gov.br\/semed\/wp-content\/uploads\/sites\/3\/2024\/09\/RESOLUCAO_020_CME_20211.pdf\">RESOLUCAO_020_CME_2021<\/a><br>Credencia e Autoriza o Funcionamento de Curso da Escola Municipal Escritor Erasmo do Amaral Linhares.<\/p>\n\n\n\n<p><a href=\"https:\/\/www.manaus.am.gov.br\/semed\/wp-content\/uploads\/sites\/3\/2024\/09\/RESOLUCAO_021_CME_20211.pdf\">RESOLUCAO_021_CME_2021<\/a><br>Credencia e Autoriza o Funcionamento de Curso da Escola Municipal Professora Gelcy Sena Abrantes.<\/p>\n\n\n\n<p><a href=\"https:\/\/www.manaus.am.gov.br\/semed\/wp-content\/uploads\/sites\/3\/2024\/09\/RESOLUCAO_022_CME_20211.pdf\">RESOLUCAO_022_CME_2021<\/a><br>Credencia e Autoriza o Funcionamento de Curso do Centro Municipal de Educa\u00e7\u00e3o Infantil Raquel de Queiroz.<\/p>\n\n\n\n<p><a href=\"https:\/\/www.manaus.am.gov.br\/semed\/wp-content\/uploads\/sites\/3\/2024\/09\/RESOLUCAO_023_CME_20211.pdf\">RESOLUCAO_023_CME_2021<\/a><br>Credencia e Autoriza o Funcionamento de Curso da Escola Municipal Erasmo Augusto de Ara\u00fajo.<\/p>\n\n\n\n<p><a href=\"https:\/\/www.manaus.am.gov.br\/semed\/wp-content\/uploads\/sites\/3\/2024\/09\/RESOLUCAO_024_CME_20211.pdf\">RESOLUCAO_024_CME_2021<\/a><br>Credencia e Autoriza o Funcionamento de Curso da Escola Municipal Professora Maria das Gra\u00e7as Andrade Vasconcelos.<\/p>\n\n\n\n<p><a href=\"https:\/\/www.manaus.am.gov.br\/semed\/wp-content\/uploads\/sites\/3\/2024\/09\/RESOLUCAO_025_CME_20211.pdf\">RESOLUCAO_025_CME_2021<\/a><br>Credencia e Autoriza o Funcionamento de Curso da Escola Municipal Jo\u00e3o Aparecido Alves dos Santos.<\/p>\n\n\n\n<p><a href=\"https:\/\/www.manaus.am.gov.br\/semed\/wp-content\/uploads\/sites\/3\/2024\/09\/RESOLUCAO_026_CME_20211.pdf\">RESOLUCAO_026_CME_2021<\/a><br>Credencia e Autoriza o Funcionamento de Curso do Centro Municipal de Educa\u00e7\u00e3o Infantil Professora Maria de F\u00e1tima Marques Campos.<\/p>\n\n\n\n<p><a href=\"https:\/\/www.manaus.am.gov.br\/semed\/wp-content\/uploads\/sites\/3\/2024\/09\/RESOLUCAO_027_CME_20211.pdf\">RESOLUCAO_027_CME_2021<\/a><br>Credencia e Autoriza o Funcionamento de Curso da Escola Municipal Padre Calleri.<\/p>\n\n\n\n<p><a href=\"https:\/\/www.manaus.am.gov.br\/semed\/wp-content\/uploads\/sites\/3\/2024\/09\/RESOLUCAO_028_CME_20211.pdf\">RESOLUCAO_028_CME_2021<\/a><br>Credencia e Autoriza o Funcionamento de Curso da Escola Municipal Maria Fernandes.<\/p>\n\n\n\n<p><a href=\"https:\/\/www.manaus.am.gov.br\/semed\/wp-content\/uploads\/sites\/3\/2024\/09\/RESOLUCAO_029_CME_20211.pdf\">RESOLUCAO_029_CME_2021<\/a><br>Credencia e Autoriza o Funcionamento de Curso da Escola Municipal Paula Frassinetti.<\/p>\n\n\n\n<p><a href=\"https:\/\/www.manaus.am.gov.br\/semed\/wp-content\/uploads\/sites\/3\/2024\/09\/RESOLUCAO_030_CME_20211.pdf\">RESOLUCAO_030_CME_2021<\/a><br>Credencia e Autoriza o Funcionamento de Curso da Escola Municipal Ministro M\u00e1rio Andreazza.<\/p>\n\n\n\n<p><a href=\"https:\/\/www.manaus.am.gov.br\/semed\/wp-content\/uploads\/sites\/3\/2024\/09\/RESOLUCAO_031_CME_20211.pdf\">RESOLUCAO_031_CME_2021<\/a><br>Credencia e Autoriza o Funcionamento de Curso da Escola Municipal Professor Alberto Makaren.<\/p>\n\n\n\n<p><a href=\"https:\/\/www.manaus.am.gov.br\/semed\/wp-content\/uploads\/sites\/3\/2024\/09\/RESOLUCAO_032_CME_20211.pdf\">RESOLUCAO_032_CME_2021<\/a><br>Credencia e Autoriza o Funcionamento de Curso da Escola Municipal Ester.<\/p>\n\n\n\n<p><a href=\"https:\/\/www.manaus.am.gov.br\/semed\/wp-content\/uploads\/sites\/3\/2024\/09\/RESOLUCAO_033_CME_20211.pdf\">RESOLUCAO_033_CME_2021<\/a><br>Credencia e Autoriza o Funcionamento de Curso do Centro Municipal de Educa\u00e7\u00e3o Infantil Mary Assayag Hannan.<\/p>\n\n\n\n<p><a href=\"https:\/\/www.manaus.am.gov.br\/semed\/wp-content\/uploads\/sites\/3\/2024\/09\/RESOLUCAO_034_CME_20211.pdf\">RESOLUCAO_034_CME_2021<\/a><br>Credencia e Autoriza o Funcionamento de Curso do Centro Municipal de Educa\u00e7\u00e3o Infantil Professora Dierdre Gama Machado.<\/p>\n\n\n\n<p><a href=\"https:\/\/www.manaus.am.gov.br\/semed\/wp-content\/uploads\/sites\/3\/2024\/09\/RESOLUCAO_035_CME_20211.pdf\">RESOLUCAO_035_CME_2021<\/a><br>Credencia e Autoriza o Funcionamento de Curso do Centro Municipal de Educa\u00e7\u00e3o Infantil Nossa Senhora da Boa Esperan\u00e7a.<\/p>\n\n\n\n<p><a href=\"https:\/\/www.manaus.am.gov.br\/semed\/wp-content\/uploads\/sites\/3\/2024\/09\/RESOLUCAO_036_CME_20211.pdf\">RESOLUCAO_036_CME_2021<\/a><br>Credencia e Autoriza o Funcionamento de Curso da Escola Municipal Domingos S\u00e1vio.<\/p>\n\n\n\n<p><a href=\"https:\/\/www.manaus.am.gov.br\/semed\/wp-content\/uploads\/sites\/3\/2024\/09\/RESOLUCAO_037_CME_20211.pdf\">RESOLUCAO_037_CME_2021<\/a><br>Credencia e Autoriza o Funcionamento de Curso da Escola Municipal Elinea Folhadela.<\/p>\n\n\n\n<p><a href=\"https:\/\/www.manaus.am.gov.br\/semed\/wp-content\/uploads\/sites\/3\/2024\/09\/RESOLUCAO_038_CME_20211.pdf\">RESOLUCAO_038_CME_2021<\/a><br>Credencia e Autoriza o Funcionamento de Curso da Escola Municipal S\u00e3o Jos\u00e9.<\/p>\n\n\n\n<p><a href=\"https:\/\/www.manaus.am.gov.br\/semed\/wp-content\/uploads\/sites\/3\/2024\/09\/RESOLUCAO_039_CME_20211.pdf\">RESOLUCAO_039_CME_2021<\/a><br>Credencia e Autoriza o Funcionamento de Curso da Escola Municipal S\u00e3o Francisco.<\/p>\n\n\n\n<p><a href=\"https:\/\/www.manaus.am.gov.br\/semed\/wp-content\/uploads\/sites\/3\/2024\/09\/RESOLUCAO_040_CME_20211.pdf\">RESOLUCAO_040_CME_2021<\/a><br>Credencia e Autoriza o Funcionamento de Curso da Escola Municipal S\u00e3o Sebasti\u00e3o II.<\/p>\n\n\n\n<p><a href=\"https:\/\/www.manaus.am.gov.br\/semed\/wp-content\/uploads\/sites\/3\/2024\/09\/RESOLUCAO_041_CME_20211.pdf\">RESOLUCAO_041_CME_2021<\/a><br>Credencia e Autoriza o Funcionamento de Curso do Centro Municipal de Educa\u00e7\u00e3o Infantil Professora Elza Damasceno da Silva.<\/p>\n\n\n\n<p><a href=\"https:\/\/www.manaus.am.gov.br\/semed\/wp-content\/uploads\/sites\/3\/2024\/09\/RESOLUCAO_042_CME_20211.pdf\">RESOLUCAO_042_CME_2021<\/a><br>Credencia e Autoriza o Funcionamento de Curso do Centro Municipal de Educa\u00e7\u00e3o Infantil Professora Maria do Socorro Cardoso Silva.<\/p>\n\n\n\n<p><a href=\"https:\/\/www.manaus.am.gov.br\/semed\/wp-content\/uploads\/sites\/3\/2024\/09\/RESOLUCAO_043_CME_20211.pdf\">RESOLUCAO_043_CME_2021<\/a><br>Credencia e Autoriza o Funcionamento de Curso do Centro Municipal Irm\u00e3 Serafina Cinque.<\/p>\n\n\n\n<p><a href=\"https:\/\/www.manaus.am.gov.br\/semed\/wp-content\/uploads\/sites\/3\/2024\/09\/RESOLUCAO_044_CME_20211.pdf\">RESOLUCAO_044_CME_2021<\/a><br>Credencia e Autoriza o Funcionamento de Curso da Escola Municipal Poetisa Cora Coralina.<\/p>\n\n\n\n<p><a href=\"https:\/\/www.manaus.am.gov.br\/semed\/wp-content\/uploads\/sites\/3\/2024\/09\/RESOLUCAO_045_CME_20211.pdf\">RESOLUCAO_045_CME_2021<\/a><br>Credencia e Autoriza o Funcionamento de Curso do Centro Municipal de Educa\u00e7\u00e3o Infantil Ailton Roth.<\/p>\n\n\n\n<p><a href=\"https:\/\/www.manaus.am.gov.br\/semed\/wp-content\/uploads\/sites\/3\/2024\/09\/RESOLUCAO_046_CME_20211.pdf\">RESOLUCAO_046_CME_2021<\/a><br>Credencia e Autoriza o Funcionamento de Curso do Centro Municipal de Educa\u00e7\u00e3o Infantil S\u00e3o Judas Tadeu.<\/p>\n\n\n\n<p><a href=\"https:\/\/www.manaus.am.gov.br\/semed\/wp-content\/uploads\/sites\/3\/2024\/09\/RESOLUCAO_047_CME_20211.pdf\">RESOLUCAO_047_CME_2021<\/a><br>Credencia e Autoriza o Funcionamento de Curso da Escola Municipal Tereza Rosa Aguiar Abtibol.<\/p>\n\n\n\n<p><a href=\"https:\/\/www.manaus.am.gov.br\/semed\/wp-content\/uploads\/sites\/3\/2024\/09\/RESOLUCAO_048_CME_20211.pdf\">RESOLUCAO_048_CME_2021<\/a><br>Credencia e Autoriza o Funcionamento de Curso do Centro Municipal de Educa\u00e7\u00e3o Infantil S\u00e3o Francisco.<\/p>\n\n\n\n<p><a href=\"https:\/\/www.manaus.am.gov.br\/semed\/wp-content\/uploads\/sites\/3\/2024\/09\/RESOLUCAO_049_CME_20211.pdf\">RESOLUCAO_049_CME_2021<\/a><br>Credencia e Autoriza o Funcionamento de Curso da Escola Municipal Osvaldo Sobreira.<\/p>\n\n\n\n<p><a href=\"https:\/\/www.manaus.am.gov.br\/semed\/wp-content\/uploads\/sites\/3\/2024\/09\/RESOLUCAO_050_CME_20211.pdf\">RESOLUCAO_050_CME_2021<\/a><br>Credencia e Autoriza o Funcionamento de Curso do Centro Municipal de Educa\u00e7\u00e3o Infantil Onias Bento da Silva Filho.<\/p>\n\n\n\n<p><a href=\"https:\/\/www.manaus.am.gov.br\/semed\/wp-content\/uploads\/sites\/3\/2024\/09\/RESOLUCAO_051_CME_20211.pdf\">RESOLUCAO_051_CME_2021<\/a><br>Credencia e Autoriza o Funcionamento de Curso da Creche Municipal Ana Lopes Pereira.<\/p>\n\n\n\n<p><a href=\"https:\/\/www.manaus.am.gov.br\/semed\/wp-content\/uploads\/sites\/3\/2024\/09\/RESOLUCAO_052_CME_20211.pdf\">RESOLUCAO_052_CME_2021<\/a><br>Estende os efeitos da Resolu\u00e7\u00e3o n. 045\/CME\/2018, para o ano letivo imediatamente posterior ao de decreta\u00e7\u00e3o, pelas autoridades de sa\u00fade competentes, do fim do Estado de Emerg\u00eancia em Sa\u00fade P\u00fablica de Import\u00e2ncia Nacional (ESPIN).<\/p>\n\n\n\n<p><a href=\"https:\/\/www.manaus.am.gov.br\/semed\/wp-content\/uploads\/sites\/3\/2024\/09\/RESOLUCAO_053_CME_20211.pdf\">RESOLUCAO_053_CME_2021<\/a><br><a href=\"https:\/\/www.manaus.am.gov.br\/semed\/wp-content\/uploads\/sites\/3\/2024\/09\/RESOLUCAO_053_CME_2021_ERRATA1.pdf\">RESOLUCAO_053_CME_2021_ERRATA<\/a><br>Encerra&nbsp; as atividades educacionais e Descredencia o Jardim de Inf\u00e2ncia Manami.<\/p>\n\n\n\n<p><a href=\"https:\/\/www.manaus.am.gov.br\/semed\/wp-content\/uploads\/sites\/3\/2024\/09\/RESOLUCAO_054_CME_20211.pdf\">RESOLUCAO_054_CME_2021<\/a><br>Suspende os efeitos da Resolu\u00e7\u00e3o n. 091\/CME\/2020.<\/p>\n\n\n\n<p><a href=\"https:\/\/www.manaus.am.gov.br\/semed\/wp-content\/uploads\/sites\/3\/2024\/09\/RESOLUCAO_055_CME_20211.pdf\">RESOLUCAO_055_CME_2021<\/a><br>Credencia e Autoriza o Funcionamento de Curso da Escola Municipal Jornalista Sab\u00e1 Raposo.<\/p>\n\n\n\n<p><a href=\"https:\/\/www.manaus.am.gov.br\/semed\/wp-content\/uploads\/sites\/3\/2024\/09\/RESOLUCAO_056_CME_20211.pdf\">RESOLUCAO_056_CME_2021<\/a><br>Estende, em car\u00e1ter excepcional, os efeitos da Resolu\u00e7\u00e3o n. 004\/CME\/2020 \u00e0 Creche Zez\u00e9 Pio de Souza.<\/p>\n\n\n\n<p><a href=\"https:\/\/www.manaus.am.gov.br\/semed\/wp-content\/uploads\/sites\/3\/2024\/09\/RESOLUCAO_059_CME_20211.pdf\">RESOLUCAO_059_CME_2021<\/a><br>Renova a Autoriza\u00e7\u00e3o de Funcionamento de Curso do Centro Educacional Edith Brand\u00e3o.<\/p>\n\n\n\n<p><a href=\"https:\/\/www.manaus.am.gov.br\/semed\/wp-content\/uploads\/sites\/3\/2024\/09\/RESOLUCAO_060_CME_20211.pdf\">RESOLUCAO_060_CME_2021<\/a><br>Credencia e Autoriza o Funcionamento de Curso do Centro Educacional Lucena Batista (CELB).<\/p>\n\n\n\n<p><a href=\"https:\/\/www.manaus.am.gov.br\/semed\/wp-content\/uploads\/sites\/3\/2024\/09\/RESOLUCAO_061_CME_20211.pdf\">RESOLUCAO_061_CME_2021<\/a><br>Regulariza os estudos cursados nas unidades da Rede P\u00fablica Municipal de Ensino de Manaus, em anos anteriores a 2020, referentes \u00e0 Educa\u00e7\u00e3o Infantil e ao Ensino Fundamental e suas modalidades.<\/p>\n\n\n\n<p><a href=\"https:\/\/www.manaus.am.gov.br\/semed\/wp-content\/uploads\/sites\/3\/2024\/09\/RESOLUCAO_063_CME_2021_DOE1.pdf\">RESOLUCAO_063_CME_2021_DOE<\/a><br><a href=\"https:\/\/www.manaus.am.gov.br\/semed\/wp-content\/uploads\/sites\/3\/2024\/09\/RESOLUCAO_063_CME_2021_DOM1.pdf\">RESOLUCAO_063_CME_2021_DOM<\/a><br>Credencia e Autoriza o Funcionamento de Curso do Col\u00e9gio Adventista de Manaus \u2013 rua 7 de Setembro, Centro.<\/p>\n\n\n\n<p><a href=\"https:\/\/www.manaus.am.gov.br\/semed\/wp-content\/uploads\/sites\/3\/2024\/09\/RESOLUCAO_064_CME_20211.pdf\">RESOLUCAO_064_CME_2021<\/a><br>Renova a Autoriza\u00e7\u00e3o de Funcionamento de Curso da Escola Educacional Amaz\u00f4nida.<\/p>\n\n\n\n<p><a href=\"https:\/\/www.manaus.am.gov.br\/semed\/wp-content\/uploads\/sites\/3\/2024\/09\/RESOLUCAO_065_CME_20211.pdf\">RESOLUCAO_065_CME_2021<\/a><br>Renova a Autoriza\u00e7\u00e3o de Funcionamento de Curso do Centro Educacional Arte do ABC.<\/p>\n\n\n\n<p><a href=\"https:\/\/www.manaus.am.gov.br\/semed\/wp-content\/uploads\/sites\/3\/2024\/09\/RESOLUCAO_066_CME_20211.pdf\">RESOLUCAO_066_CME_2021<\/a><br>Credencia e Autoriza o Funcionamento de Curso do Instituto de Educa\u00e7\u00e3o Professor Or\u00edgenes Martins (IEPROM).<\/p>\n\n\n\n<p><a href=\"https:\/\/www.manaus.am.gov.br\/semed\/wp-content\/uploads\/sites\/3\/2024\/09\/RESOLUCAO_067_CME_20211.pdf\">RESOLUCAO_067_CME_2021<\/a><br>Credencia e Autoriza o Funcionamento de Curso do Centro Educacional Inf\u00e2ncia Dourada.<\/p>\n\n\n\n<p><a href=\"https:\/\/www.manaus.am.gov.br\/semed\/wp-content\/uploads\/sites\/3\/2024\/09\/RESOLUCAO_068_CME_20211.pdf\">RESOLUCAO_068_CME_2021<\/a><br>Credencia e Autoriza o Funcionamento de Curso do Centro Educacional Palavras do Saber.<\/p>\n\n\n\n<p><a href=\"https:\/\/www.manaus.am.gov.br\/semed\/wp-content\/uploads\/sites\/3\/2024\/09\/RESOLUCAO_069_CME_20211.pdf\">RESOLUCAO_069_CME_2021<\/a><br>Credencia e Autoriza o Funcionamento de Curso do Centro Educacional Amaz\u00f4nia Educa\u00e7\u00e3o Infantil.<\/p>\n\n\n\n<p><a href=\"https:\/\/www.manaus.am.gov.br\/semed\/wp-content\/uploads\/sites\/3\/2024\/09\/RESOLUCAO_071_CME_20211.pdf\">RESOLUCAO_071_CME_2021<\/a><br>Credencia e Autoriza o Funcionamento de Curso da Escola Municipal Imaculada Concei\u00e7\u00e3o.<\/p>\n\n\n\n<p><a href=\"https:\/\/www.manaus.am.gov.br\/semed\/wp-content\/uploads\/sites\/3\/2024\/09\/RESOLUCAO_072_CME_20211.pdf\">RESOLUCAO_072_CME_2021<\/a><br>Credencia e Autoriza o Funcionamento de Curso da Escola Municipal S\u00e3o Dimas.<\/p>\n\n\n\n<p><a href=\"https:\/\/www.manaus.am.gov.br\/semed\/wp-content\/uploads\/sites\/3\/2024\/09\/RESOLUCAO_073_CME_20211.pdf\">RESOLUCAO_073_CME_2021<\/a><br>Credencia e Autoriza o Funcionamento de Curso da Escola Municipal Ab\u00edlio Nery.<\/p>\n\n\n\n<p><a href=\"https:\/\/www.manaus.am.gov.br\/semed\/wp-content\/uploads\/sites\/3\/2024\/09\/RESOLUCAO_074_CME_20211.pdf\">RESOLUCAO_074_CME_2021<\/a><br>Credencia e Autoriza o Funcionamento de Curso da Escola Municipal General Aristides Barreto.<\/p>\n\n\n\n<p><a href=\"https:\/\/www.manaus.am.gov.br\/semed\/wp-content\/uploads\/sites\/3\/2024\/09\/RESOLUCAO_075_CME_20211.pdf\">RESOLUCAO_075_CME_2021<\/a><br>Credencia e Autoriza o Funcionamento de Curso da Escola Municipal Professora Francisca Lima da Rocha.<\/p>\n\n\n\n<p><a href=\"https:\/\/www.manaus.am.gov.br\/semed\/wp-content\/uploads\/sites\/3\/2024\/09\/RESOLUCAO_076_CME_20211.pdf\">RESOLUCAO_076_CME_2021<\/a><br>Credencia e Autoriza o Funcionamento de Curso da Escola Municipal Sebasti\u00e3o Nor\u00f5es.<\/p>\n\n\n\n<p><a href=\"https:\/\/www.manaus.am.gov.br\/semed\/wp-content\/uploads\/sites\/3\/2024\/09\/RESOLUCAO_077_CME_20211.pdf\">RESOLUCAO_077_CME_2021<\/a><br>Credencia e Autoriza o Funcionamento de Curso da Escola Municipal Ant\u00f4nia Medeiros da Silva.<\/p>\n\n\n\n<p><a href=\"https:\/\/www.manaus.am.gov.br\/semed\/wp-content\/uploads\/sites\/3\/2024\/09\/RESOLUCAO_078_CME_20211.pdf\">RESOLUCAO_078_CME_2021<\/a><br>Credencia e Autoriza o Funcionamento de Curso da Escola Municipal Professora Perc\u00edlia do Nascimento Souza.<\/p>\n\n\n\n<p><a href=\"https:\/\/www.manaus.am.gov.br\/semed\/wp-content\/uploads\/sites\/3\/2024\/09\/RESOLUCAO_079_CME_20211.pdf\">RESOLUCAO_079_CME_2021<\/a><br>Credencia e Autoriza o Funcionamento de Curso da Escola Municipal S\u00e3o Pedro.<\/p>\n\n\n\n<p><a href=\"https:\/\/www.manaus.am.gov.br\/semed\/wp-content\/uploads\/sites\/3\/2024\/09\/RESOLUCAO_080_CME_20211.pdf\">RESOLUCAO_080_CME_2021<\/a><br>Credencia e Autoriza o Funcionamento de Curso da Escola Municipal Carlos Gomes.<\/p>\n\n\n\n<p><a href=\"https:\/\/www.manaus.am.gov.br\/semed\/wp-content\/uploads\/sites\/3\/2024\/09\/RESOLUCAO_081_CME_20211.pdf\">RESOLUCAO_081_CME_2021<\/a><br>Credencia e Autoriza o Funcionamento de Curso da Escola Municipal Presidente Manuel Ferraz de Campos Sales.<\/p>\n\n\n\n<p><a href=\"https:\/\/www.manaus.am.gov.br\/semed\/wp-content\/uploads\/sites\/3\/2024\/09\/RESOLUCAO_082_CME_20211.pdf\">RESOLUCAO_082_CME_2021<\/a><br>Credencia e Autoriza o Funcionamento de Curso da Escola Municipal Jo\u00e3o Alfredo.<\/p>\n\n\n\n<p><a href=\"https:\/\/www.manaus.am.gov.br\/semed\/wp-content\/uploads\/sites\/3\/2024\/09\/RESOLUCAO_083_CME_20211.pdf\">RESOLUCAO_083_CME_2021<\/a><br>Credencia e Autoriza o Funcionamento de Curso da Escola Municipal Professora Elcy Mesquita de Lima.<\/p>\n\n\n\n<p><a href=\"https:\/\/www.manaus.am.gov.br\/semed\/wp-content\/uploads\/sites\/3\/2024\/09\/RESOLUCAO_084_CME_20211.pdf\">RESOLUCAO_084_CME_2021<\/a><br>Credencia e Autoriza o Funcionamento de Curso da Escola Municipal Pintor Leonardo da Vinci.<\/p>\n\n\n\n<p><a href=\"https:\/\/www.manaus.am.gov.br\/semed\/wp-content\/uploads\/sites\/3\/2024\/09\/RESOLUCAO_085_CME_20211.pdf\">RESOLUCAO_085_CME_2021<\/a><br>Credencia e Autoriza o Funcionamento de Curso da Escola Municipal Guilherme Barbosa Barker.<\/p>\n\n\n\n<p><a href=\"https:\/\/www.manaus.am.gov.br\/semed\/wp-content\/uploads\/sites\/3\/2024\/09\/RESOLUCAO_086_CME_20211.pdf\">RESOLUCAO_086_CME_2021<\/a><br>Credencia e Autoriza o Funcionamento de Curso da Escola Municipal Terezinha Moura Brasil.<\/p>\n\n\n\n<p><a href=\"https:\/\/www.manaus.am.gov.br\/semed\/wp-content\/uploads\/sites\/3\/2024\/09\/RESOLUCAO_087_CME_20211.pdf\">RESOLUCAO_087_CME_2021<\/a><br>Credencia e Autoriza o Funcionamento de Curso da Creche Municipal Gabriel Corr\u00eaa Pedrosa.<\/p>\n\n\n\n<p><a href=\"https:\/\/www.manaus.am.gov.br\/semed\/wp-content\/uploads\/sites\/3\/2024\/09\/RESOLUCAO_088_CME_20211.pdf\">RESOLUCAO_088_CME_2021<\/a><br>Credencia e Autoriza o Funcionamento de Curso da Escola Municipal Maria Madalena Corr\u00eaa.<\/p>\n\n\n\n<p><a href=\"https:\/\/www.manaus.am.gov.br\/semed\/wp-content\/uploads\/sites\/3\/2024\/09\/RESOLUCAO_089_CME_20211.pdf\">RESOLUCAO_089_CME_2021<\/a><br>Credencia e Autoriza o Funcionamento de Curso da Escola Municipal Santo Agostinho.<\/p>\n\n\n\n<p><a href=\"https:\/\/www.manaus.am.gov.br\/semed\/wp-content\/uploads\/sites\/3\/2024\/09\/RESOLUCAO_090_CME_20211.pdf\">RESOLUCAO_090_CME_2021<\/a><br>Credencia e Autoriza o Funcionamento de Curso da Escola Municipal Escritor Lima Barreto.<\/p>\n\n\n\n<p><a href=\"https:\/\/www.manaus.am.gov.br\/semed\/wp-content\/uploads\/sites\/3\/2024\/09\/RESOLUCAO_091_CME_20211.pdf\">RESOLUCAO_091_CME_2021<\/a><br>Credencia e Autoriza o Funcionamento de Curso da Creche Municipal L\u00edrio do Valle.<\/p>\n\n\n\n<p><a href=\"https:\/\/www.manaus.am.gov.br\/semed\/wp-content\/uploads\/sites\/3\/2024\/09\/RESOLUCAO_092_CME_20211.pdf\">RESOLUCAO_092_CME_2021<\/a><br>Credencia e Autoriza o Funcionamento de Curso da Escola Municipal Rodolpho Valle.<\/p>\n\n\n\n<p><a href=\"https:\/\/www.manaus.am.gov.br\/semed\/wp-content\/uploads\/sites\/3\/2024\/09\/RESOLUCAO_093_CME_20211.pdf\">RESOLUCAO_093_CME_2021<\/a><br>Credencia e Autoriza o Funcionamento de Curso da Escola Municipal Senador F\u00e1bio Pereira de Lucena Bittencourt.<\/p>\n\n\n\n<p><a href=\"https:\/\/www.manaus.am.gov.br\/semed\/wp-content\/uploads\/sites\/3\/2024\/09\/RESOLUCAO_094_CME_20211.pdf\">RESOLUCAO_094_CME_2021<\/a><br>Credencia e Autoriza o Funcionamento de Curso do Centro Municipal de Educa\u00e7\u00e3o Infantil Jean Piaget.<\/p>\n\n\n\n<p><a href=\"https:\/\/www.manaus.am.gov.br\/semed\/wp-content\/uploads\/sites\/3\/2024\/09\/RESOLUCAO_095_CME_20211.pdf\">RESOLUCAO_095_CME_2021<\/a><br>Credencia e Autoriza o Funcionamento de Curso da Escola Municipal Maria Rufina de Almeida.<\/p>\n\n\n\n<p><a href=\"https:\/\/www.manaus.am.gov.br\/semed\/wp-content\/uploads\/sites\/3\/2024\/09\/RESOLUCAO_096_CME_20211.pdf\">RESOLUCAO_096_CME_2021<\/a><br>Credencia e Autoriza o Funcionamento de Curso da Escola Municipal Eliana L\u00facia Monteiro da Silva.<\/p>\n\n\n\n<p><a href=\"https:\/\/www.manaus.am.gov.br\/semed\/wp-content\/uploads\/sites\/3\/2024\/09\/RESOLUCAO_097_CME_20211.pdf\">RESOLUCAO_097_CME_2021<\/a><br>Credencia e Autoriza o Funcionamento de Curso da Escola Municipal Monsenhor Francisco da Silveira Pinto.<\/p>\n\n\n\n<p><a href=\"https:\/\/www.manaus.am.gov.br\/semed\/wp-content\/uploads\/sites\/3\/2024\/09\/RESOLUCAO_098_CME_20211.pdf\">RESOLUCAO_098_CME_2021<\/a><br>Credencia e Autoriza o Funcionamento de Curso da Escola Municipal Nestor Jos\u00e9 Soeiro do Nascimento.<\/p>\n\n\n\n<p><a href=\"https:\/\/www.manaus.am.gov.br\/semed\/wp-content\/uploads\/sites\/3\/2024\/09\/RESOLUCAO_101_CME_20211.pdf\">RESOLUCAO_101_CME_2021<\/a><br>Credencia e Autoriza o Funcionamento de Curso da Escola Municipal Professora Ana Cristina Aquino de Melo.<\/p>\n\n\n\n<p><a href=\"https:\/\/www.manaus.am.gov.br\/semed\/wp-content\/uploads\/sites\/3\/2024\/09\/RESOLUCAO_102_CME_20211.pdf\">RESOLUCAO_102_CME_2021<\/a><br>Credencia e Autoriza o Funcionamento de Curso da Escola Municipal Carolina Perolina Raimunda Almeida.<\/p>\n\n\n\n<p><a href=\"https:\/\/www.manaus.am.gov.br\/semed\/wp-content\/uploads\/sites\/3\/2024\/09\/RESOLUCAO_106_CME_20211.pdf\">RESOLUCAO_106_CME_2021<\/a><br>Credencia e Autoriza o Funcionamento de Curso da Escola Municipal Marechal C\u00e2ndido Rondon.<\/p>\n\n\n\n<p><a href=\"https:\/\/www.manaus.am.gov.br\/semed\/wp-content\/uploads\/sites\/3\/2024\/09\/RESOLUCAO_107_CME_20211.pdf\">RESOLUCAO_107_CME_2021<\/a><br>Credencia e Autoriza o Funcionamento de Curso da Escola Municipal Epit\u00e1cio Nunes da Fonseca.<\/p>\n\n\n\n<p><a href=\"https:\/\/www.manaus.am.gov.br\/semed\/wp-content\/uploads\/sites\/3\/2024\/09\/RESOLUCAO_108_CME_20211.pdf\">RESOLUCAO_108_CME_2021<\/a><br>Credencia e Autoriza o Funcionamento de Curso da Escola Municipal Padre Jos\u00e9 de Anchieta.<\/p>\n\n\n\n<p><a href=\"https:\/\/www.manaus.am.gov.br\/semed\/wp-content\/uploads\/sites\/3\/2024\/09\/RESOLUCAO_109_CME_20211.pdf\">RESOLUCAO_109_CME_2021<\/a><br>Credencia e Autoriza o Funcionamento de Curso da Escola Municipal S\u00e3o Judas Tadeu.<\/p>\n\n\n\n<p><a href=\"https:\/\/www.manaus.am.gov.br\/semed\/wp-content\/uploads\/sites\/3\/2024\/09\/RESOLUCAO_110_CME_20211.pdf\">RESOLUCAO_110_CME_2021<\/a><br>Credencia e Autoriza o Funcionamento de Curso da Escola Municipal S\u00e3o Luiz de Gonzaga.<\/p>\n\n\n\n<p><a href=\"https:\/\/www.manaus.am.gov.br\/semed\/wp-content\/uploads\/sites\/3\/2024\/09\/RESOLUCAO_111_CME_20211.pdf\">RESOLUCAO_111_CME_2021<\/a><br>Credencia e Autoriza o Funcionamento de Curso da Escola Municipal S\u00e3o Jo\u00e3o.<\/p>\n\n\n\n<p><a href=\"https:\/\/www.manaus.am.gov.br\/semed\/wp-content\/uploads\/sites\/3\/2024\/09\/RESOLUCAO_112_CME_20211.pdf\">RESOLUCAO_112_CME_2021<\/a><br>Credencia e Autoriza o Funcionamento de Curso da Escola Municipal Professora Oscarina Falc\u00e3o.<\/p>\n\n\n\n<p><a href=\"https:\/\/www.manaus.am.gov.br\/semed\/wp-content\/uploads\/sites\/3\/2024\/09\/RESOLUCAO_113_CME_20211.pdf\">RESOLUCAO_113_CME_2021<\/a><br>Credencia e Autoriza o Funcionamento de Curso da Escola Municipal Ambientalista Chico Mendes.<\/p>\n\n\n\n<p><a href=\"https:\/\/www.manaus.am.gov.br\/semed\/wp-content\/uploads\/sites\/3\/2024\/09\/RESOLUCAO_114_CME_20211.pdf\">RESOLUCAO_114_CME_2021<\/a><br>Credencia e Autoriza o Funcionamento de Curso da Escola Municipal Elvira Borges.<\/p>\n\n\n\n<p><a href=\"https:\/\/www.manaus.am.gov.br\/semed\/wp-content\/uploads\/sites\/3\/2024\/09\/RESOLUCAO_115_CME_20211.pdf\">RESOLUCAO_115_CME_2021<\/a><br>Credencia e Autoriza o Funcionamento de Curso da Escola Municipal Arte e Cultura.<\/p>\n\n\n\n<p><a href=\"https:\/\/www.manaus.am.gov.br\/semed\/wp-content\/uploads\/sites\/3\/2024\/09\/RESOLUCAO_116_CME_20211.pdf\">RESOLUCAO_116_CME_2021<\/a><br>Credencia e Autoriza o Funcionamento de Curso da Escola Municipal Hemet\u00e9rio Cabrinha.<\/p>\n\n\n\n<p><a href=\"https:\/\/www.manaus.am.gov.br\/semed\/wp-content\/uploads\/sites\/3\/2024\/09\/RESOLUCAO_117_CME_20211.pdf\">RESOLUCAO_117_CME_2021<\/a><br>Credencia e Autoriza o Funcionamento de Curso da Escola Municipal Professor Jos\u00e9 Wandemberg Ramos Leite.<\/p>\n\n\n\n<p><a href=\"https:\/\/www.manaus.am.gov.br\/semed\/wp-content\/uploads\/sites\/3\/2024\/09\/RESOLUCAO_118_CME_20211.pdf\">RESOLUCAO_118_CME_2021<\/a><br>Credencia e Autoriza o Funcionamento de Curso da Escola Municipal Padre Raimundo Nonato Pinheiro.<\/p>\n\n\n\n<p><a href=\"https:\/\/www.manaus.am.gov.br\/semed\/wp-content\/uploads\/sites\/3\/2024\/09\/RESOLUCAO_119_CME_20211.pdf\">RESOLUCAO_119_CME_2021<\/a><br>Credencia e Autoriza o Funcionamento de Curso da Escola Municipal Olga Figueiredo.<\/p>\n\n\n\n<p><a href=\"https:\/\/www.manaus.am.gov.br\/semed\/wp-content\/uploads\/sites\/3\/2024\/09\/RESOLUCAO_120_CME_20211.pdf\">RESOLUCAO_120_CME_2021<\/a><br>Credenciar e Autorizar o Funcionamento de Curso do Centro Municipal de Educa\u00e7\u00e3o Infantil Professora Dalva Maria Costa e Silva.<\/p>\n\n\n\n<p><a href=\"https:\/\/www.manaus.am.gov.br\/semed\/wp-content\/uploads\/sites\/3\/2024\/09\/RESOLUCAO_121_CME_20211.pdf\">RESOLUCAO_121_CME_2021<\/a><br>Credencia e Autoriza o Funcionamento de Curso da Escola Municipal Desembargador Felismino Francisco Soares.<\/p>\n\n\n\n<p><a href=\"https:\/\/www.manaus.am.gov.br\/semed\/wp-content\/uploads\/sites\/3\/2024\/09\/RESOLUCAO_122_CME_20211.pdf\">RESOLUCAO_122_CME_2021<\/a><br>Credencia e Autoriza o Funcionamento de Curso da Escola Municipal Thomas Meirelles.<\/p>\n\n\n\n<p><a href=\"https:\/\/www.manaus.am.gov.br\/semed\/wp-content\/uploads\/sites\/3\/2024\/09\/RESOLUCAO_123_CME_20211.pdf\">RESOLUCAO_123_CME_2021<\/a><br>Credencia e Autoriza o Funcionamento de Curso da Escola Municipal Doutor Jo\u00e3o Queiroz.<\/p>\n\n\n\n<p><a href=\"https:\/\/www.manaus.am.gov.br\/semed\/wp-content\/uploads\/sites\/3\/2024\/09\/RESOLUCAO_124_CME_20211.pdf\">RESOLUCAO_124_CME_2021<\/a><br>Credencia e Autoriza o Funcionamento de Curso da Escola Municipal Isabel Angarita.<\/p>\n\n\n\n<p><a href=\"https:\/\/www.manaus.am.gov.br\/semed\/wp-content\/uploads\/sites\/3\/2024\/09\/RESOLUCAO_125_CME_20211.pdf\">RESOLUCAO_125_CME_2021<\/a><br>Credencia e Autoriza o Funcionamento de Curso da Escola Municipal Professor Nilton Lins.<\/p>\n\n\n\n<p><a href=\"https:\/\/www.manaus.am.gov.br\/semed\/wp-content\/uploads\/sites\/3\/2024\/09\/RESOLUCAO_126_CME_20211.pdf\">RESOLUCAO_126_CME_2021<\/a><br>Credencia e Autoriza o Funcionamento de Curso da Escola Municipal Professora Adelaide Tavares de Macedo.<\/p>\n\n\n\n<p><a href=\"https:\/\/www.manaus.am.gov.br\/semed\/wp-content\/uploads\/sites\/3\/2024\/09\/RESOLUCAO_127_CME_20211.pdf\">RESOLUCAO_127_CME_2021<\/a><br>Credencia e Autoriza o Funcionamento de Curso da Escola Municipal Amine Daou Lindoso.<\/p>\n\n\n\n<p><a href=\"https:\/\/www.manaus.am.gov.br\/semed\/wp-content\/uploads\/sites\/3\/2024\/09\/RESOLUCAO_128_CME_20211.pdf\">RESOLUCAO_128_CME_2021<\/a><br>Credencia e Autoriza o Funcionamento de Curso da Escola Municipal \u00c1ureo Nonato.<\/p>\n\n\n\n<p><a href=\"https:\/\/www.manaus.am.gov.br\/semed\/wp-content\/uploads\/sites\/3\/2024\/09\/RESOLUCAO_129_CME_20211.pdf\">RESOLUCAO_129_CME_2021<\/a><br>Credencia e Autoriza o Funcionamento de Curso da Escola Municipal Professora Elizabeth Beltr\u00e3o.<\/p>\n\n\n\n<p><a href=\"https:\/\/www.manaus.am.gov.br\/semed\/wp-content\/uploads\/sites\/3\/2024\/09\/RESOLUCAO_130_CME_20211.pdf\">RESOLUCAO_130_CME_2021<\/a><br>Credencia e Autoriza o Funcionamento de Curso da Escola Municipal S\u00e3o Jos\u00e9 do Paran\u00e1 da Eva.<\/p>\n\n\n\n<p><a href=\"https:\/\/www.manaus.am.gov.br\/semed\/wp-content\/uploads\/sites\/3\/2024\/09\/RESOLUCAO_131_CME_20211.pdf\">RESOLUCAO_131_CME_2021<\/a><br>Credencia e Autoriza o Funcionamento de Curso da Escola Municipal Alan Kardec.<\/p>\n\n\n\n<p><a href=\"https:\/\/www.manaus.am.gov.br\/semed\/wp-content\/uploads\/sites\/3\/2024\/09\/RESOLUCAO_132_CME_20211.pdf\">RESOLUCAO_132_CME_2021<\/a><br>Credencia e Autoriza o Funcionamento de Curso da Escola Municipal Raul Pomp\u00e9ia.<\/p>\n\n\n\n<p><a href=\"https:\/\/www.manaus.am.gov.br\/semed\/wp-content\/uploads\/sites\/3\/2024\/09\/RESOLUCAO_133_CME_20211.pdf\">RESOLUCAO_133_CME_2021<\/a><br>Credencia e Autoriza o Funcionamento de Curso do Centro Municipal de Educa\u00e7\u00e3o Infantil Moacir Andrade.<\/p>\n\n\n\n<p><a href=\"https:\/\/www.manaus.am.gov.br\/semed\/wp-content\/uploads\/sites\/3\/2024\/09\/RESOLUCAO_134_CME_20211.pdf\">RESOLUCAO_134_CME_2021<\/a><br>Credencia e Autoriza o Funcionamento de Curso da Escola Municipal Professora S\u00f4nia Maria da Silva Barbosa.<\/p>\n\n\n\n<p><a href=\"https:\/\/www.manaus.am.gov.br\/semed\/wp-content\/uploads\/sites\/3\/2024\/09\/RESOLUCAO_135_CME_20211.pdf\">RESOLUCAO_135_CME_2021<\/a><br>Credencia e Autoriza o Funcionamento de Curso da Escola Municipal Professora L\u00e9a Alencar Antony.<\/p>\n\n\n\n<p><a href=\"https:\/\/www.manaus.am.gov.br\/semed\/wp-content\/uploads\/sites\/3\/2024\/09\/RESOLUCAO_136_CME_20211.pdf\">RESOLUCAO_136_CME_2021<\/a><br>Credencia e Autoriza o Funcionamento de Curso do Centro Municipal de Educa\u00e7\u00e3o Infantil Professora Suely Cruz de Pinho Pompeu.<\/p>\n\n\n\n<p><a href=\"https:\/\/www.manaus.am.gov.br\/semed\/wp-content\/uploads\/sites\/3\/2024\/09\/RESOLUCAO_137_CME_20211.pdf\">RESOLUCAO_137_CME_2021<\/a><br>Credencia e Autoriza o Funcionamento de Curso da Escola Municipal Professor Ricardo Pereira Parente.<\/p>\n\n\n\n<p><a href=\"https:\/\/www.manaus.am.gov.br\/semed\/wp-content\/uploads\/sites\/3\/2024\/09\/RESOLUCAO_138_CME_20211.pdf\">RESOLUCAO_138_CME_2021<\/a><br>Credencia e Autoriza o Funcionamento de Curso da Escola Municipal Inaneide Cunha Marques Costa.<\/p>\n\n\n\n<p><a href=\"https:\/\/www.manaus.am.gov.br\/semed\/wp-content\/uploads\/sites\/3\/2024\/09\/RESOLUCAO_142_CME_20211.pdf\">RESOLUCAO_142_CME_2021<\/a><br>Credencia e Autoriza o Funcionamento de Curso da Creche Municipal Maria Aparecida Silva Dantas.<\/p>\n\n\n\n<p><a href=\"https:\/\/www.manaus.am.gov.br\/semed\/wp-content\/uploads\/sites\/3\/2024\/09\/RESOLUCAO_143_CME_20211.pdf\">RESOLUCAO_143_CME_2021<\/a><br>Credencia e Autoriza o Funcionamento de Curso da Escola Municipal Governador Gilberto Mestrinho.<\/p>\n\n\n\n<p><a href=\"https:\/\/www.manaus.am.gov.br\/semed\/wp-content\/uploads\/sites\/3\/2024\/09\/RESOLUCAO_144_CME_20211.pdf\">RESOLUCAO_144_CME_2021<\/a><br>Credencia e Autoriza o Funcionamento de Curso da Escola Municipal Pequeno Pr\u00edncipe.<\/p>\n\n\n\n<p><a href=\"https:\/\/www.manaus.am.gov.br\/semed\/wp-content\/uploads\/sites\/3\/2024\/09\/RESOLUCAO_145_CME_20211.pdf\">RESOLUCAO_145_CME_2021<\/a><br>Credencia e Autoriza o Funcionamento de Curso da Escola Municipal Professora Elizabeth Beltr\u00e3o.<\/p>\n\n\n\n<p><a href=\"https:\/\/www.manaus.am.gov.br\/semed\/wp-content\/uploads\/sites\/3\/2024\/09\/RESOLUCAO_146_CME_20211.pdf\">RESOLUCAO_146_CME_2021<\/a><br>Aprova a reorganiza\u00e7\u00e3o do Calend\u00e1rio Escolar do Ensino Fundamental e da Educa\u00e7\u00e3o Infantil 2021, da Escola Municipal Frei M\u00e1rio Monacelli de Grello.<\/p>\n\n\n\n<p><a href=\"https:\/\/www.manaus.am.gov.br\/semed\/wp-content\/uploads\/sites\/3\/2024\/09\/RESOLUCAO_147_CME_20211.pdf\">RESOLUCAO_147_CME_2021<\/a><br>Credencia e Autoriza o Funcionamento de Curso da Escola Municipal S\u00e9rgio Alfredo Pessoa Figueiredo.<\/p>\n\n\n\n<p><a href=\"https:\/\/www.manaus.am.gov.br\/semed\/wp-content\/uploads\/sites\/3\/2024\/09\/RESOLUCAO_148_CME_20211.pdf\">RESOLUCAO_148_CME_2021<\/a><br>Renova a Autoriza\u00e7\u00e3o de Funcionamento de Curso do Centro de Educa\u00e7\u00e3o Meu Caminho.<\/p>\n\n\n\n<p><a href=\"https:\/\/www.manaus.am.gov.br\/semed\/wp-content\/uploads\/sites\/3\/2024\/09\/RESOLUCAO_149_CME_20211.pdf\">RESOLUCAO_149_CME_2021<\/a><br>Credencia e Autoriza o Funcionamento de Curso do Centro Municipal de Educa\u00e7\u00e3o Infantil Escritor Raul D\u2019Avila Pomp\u00e9ia.<\/p>\n\n\n\n<p><a href=\"https:\/\/www.manaus.am.gov.br\/semed\/wp-content\/uploads\/sites\/3\/2024\/09\/RESOLUCAO_150_CME_20211.pdf\">RESOLUCAO_150_CME_2021<\/a><br>Credencia e Autoriza o Funcionamento de Curso da Escola Municipal Professora Maria Raimunda Marques Brasil.<\/p>\n\n\n\n<p><a href=\"https:\/\/www.manaus.am.gov.br\/semed\/wp-content\/uploads\/sites\/3\/2024\/09\/RESOLUCAO_151_CME_20211.pdf\">RESOLUCAO_151_CME_2021<\/a><br>Credencia e Autoriza o Funcionamento de Curso da Escola Municipal Rui Barbosa.<\/p>\n\n\n\n<p><a href=\"https:\/\/www.manaus.am.gov.br\/semed\/wp-content\/uploads\/sites\/3\/2024\/09\/RESOLUCAO_152_CME_20211.pdf\">RESOLUCAO_152_CME_2021<\/a><br>Credencia e Autoriza o Funcionamento de Curso do Centro Municipal de Educa\u00e7\u00e3o Infantil Professora Cacilda Pinto de Lima.<\/p>\n\n\n\n<p><a href=\"https:\/\/www.manaus.am.gov.br\/semed\/wp-content\/uploads\/sites\/3\/2024\/09\/RESOLUCAO_153_CME_20211.pdf\">RESOLUCAO_153_CME_2021<\/a><br>Credencia e Autoriza o Funcionamento de Curso do Centro Municipal de Educa\u00e7\u00e3o Infantil Professor Rozendo Neto de Lima.<\/p>\n\n\n\n<p><a href=\"https:\/\/www.manaus.am.gov.br\/semed\/wp-content\/uploads\/sites\/3\/2024\/09\/RESOLUCAO_154_CME_20211.pdf\">RESOLUCAO_154_CME_2021<\/a><br>Centro Integrado Municipal de Educa\u00e7\u00e3o Professor Doutor Jos\u00e9 Aldemir de Oliveira.<\/p>\n\n\n\n<p><a href=\"https:\/\/www.manaus.am.gov.br\/semed\/wp-content\/uploads\/sites\/3\/2024\/09\/RESOLUCAO_155_CME_20211.pdf\">RESOLUCAO_155_CME_2021<\/a><\/p>\n\n\n\n<p><a href=\"https:\/\/www.manaus.am.gov.br\/semed\/wp-content\/uploads\/sites\/3\/2024\/09\/RESOLUCAO_155_CME_2021-ERRATA1.pdf\">RESOLUCAO_155_CME_2021 \u2013 ERRATA<\/a><br>Credencia e Autoriza o Funcionamento de Curso do Centro Integrado Municipal de Educa\u00e7\u00e3o Senador Artur Virg\u00edlio do Carmo Ribeiro Filho.<\/p>\n\n\n\n<p><a href=\"https:\/\/www.manaus.am.gov.br\/semed\/wp-content\/uploads\/sites\/3\/2024\/09\/RESOLUCAO_156_CME_20211.pdf\">RESOLUCAO_156_CME_2021<\/a><\/p>\n\n\n\n<p>Credenciar e Autorizar o Funcionamento de Curso do Centro Municipal de Educa\u00e7\u00e3o Infantil Beatriz Sverner.<\/p>\n\n\n\n<p><a href=\"https:\/\/www.manaus.am.gov.br\/semed\/wp-content\/uploads\/sites\/3\/2024\/09\/RESOLUCAO_157_CME_20211.pdf\">RESOLUCAO_157_CME_2021<\/a><br>Credencia e Autoriza o Funcionamento de Curso da Escola Municipal Bem-te-vi.<\/p>\n\n\n\n<p><a href=\"https:\/\/www.manaus.am.gov.br\/semed\/wp-content\/uploads\/sites\/3\/2024\/09\/RESOLUCAO_158_CME_20211.pdf\">RESOLUCAO_158_CME_2021<\/a><br>Credencia e Autoriza o Funcionamento de Curso da Escola Municipal Raimundo Nonato de Oliveira Gomes.<\/p>\n\n\n\n<p><a href=\"https:\/\/www.manaus.am.gov.br\/semed\/wp-content\/uploads\/sites\/3\/2024\/09\/RESOLUCAO_159_CME_20211.pdf\">RESOLUCAO_159_CME_2021<\/a><br>Credencia e Autoriza o Funcionamento de Curso da Escola Municipal Jo\u00e3o Valente.<\/p>\n\n\n\n<p><a href=\"https:\/\/www.manaus.am.gov.br\/semed\/wp-content\/uploads\/sites\/3\/2024\/09\/RESOLUCAO_160_CME_20211.pdf\">RESOLUCAO_160_CME_2021<\/a><br>Credencia e Autoriza o Funcionamento de Curso da Escola Municipal Catarina Paz da Costa.<\/p>\n\n\n\n<p><a href=\"https:\/\/www.manaus.am.gov.br\/semed\/wp-content\/uploads\/sites\/3\/2024\/09\/RESOLUCAO_161_CME_20211.pdf\">RESOLUCAO_161_CME_2021<\/a><br>Credencia e Autoriza o Funcionamento de Curso da Escola Municipal Francisco Coelho.<\/p>\n\n\n\n<p><a href=\"https:\/\/www.manaus.am.gov.br\/semed\/wp-content\/uploads\/sites\/3\/2024\/09\/RESOLUCAO_162_CME_20211.pdf\">RESOLUCAO_162_CME_2021<\/a><br>Credencia e Autoriza o Funcionamento de Curso da Escola Municipal Divino Pimenta Faleiros.<\/p>\n\n\n\n<p><a href=\"https:\/\/www.manaus.am.gov.br\/semed\/wp-content\/uploads\/sites\/3\/2024\/09\/RESOLUCAO_163_CME_20211.pdf\">RESOLUCAO_163_CME_2021<\/a><br>Credencia e Autoriza o Funcionamento de Curso da Escola Municipal Professor J\u00falio C\u00e9sar de Moraes Passos.<\/p>\n\n\n\n<p><a href=\"https:\/\/www.manaus.am.gov.br\/semed\/wp-content\/uploads\/sites\/3\/2024\/09\/RESOLUCAO_164_CME_20211.pdf\">RESOLUCAO_164_CME_2021<\/a><br>Credencia e Autoriza o Funcionamento de Curso da Escola Municipal Alfredo Linhares.<\/p>\n\n\n\n<p><a href=\"https:\/\/www.manaus.am.gov.br\/semed\/wp-content\/uploads\/sites\/3\/2024\/09\/RESOLUCAO_166_CME_20211.pdf\">RESOLUCAO_166_CME_2021<\/a><br>Credencia e Autoriza o Funcionamento de Curso da Escola Municipal Armando de Souza Mendes.<\/p>\n\n\n\n<p><a href=\"https:\/\/www.manaus.am.gov.br\/semed\/wp-content\/uploads\/sites\/3\/2024\/09\/RESOLUCAO_167_CME_20211.pdf\">RESOLUCAO_167_CME_2021<\/a><\/p>\n\n\n\n<p><a href=\"https:\/\/www.manaus.am.gov.br\/semed\/wp-content\/uploads\/sites\/3\/2024\/09\/RESOLUCAO_167_CME_2021-ERRATA1.pdf\">RESOLUCAO_167_CME_2021 \u2013 ERRATA<\/a><br>Centro Integrado Municipal de Educa\u00e7\u00e3o Josefina Rosa de Mattos Pereira de Castro.<\/p>\n\n\n\n<p><a href=\"https:\/\/www.manaus.am.gov.br\/semed\/wp-content\/uploads\/sites\/3\/2024\/09\/RESOLUCAO_168_CME_20211.pdf\">RESOLUCAO_168_CME_2021<\/a><br>Credencia e Autoriza o Funcionamento de Curso da Escola Municipal Professora Raimunda Eneida Cerquinho da Silva.<\/p>\n\n\n\n<p><a href=\"https:\/\/www.manaus.am.gov.br\/semed\/wp-content\/uploads\/sites\/3\/2024\/09\/RESOLUCAO_169_CME_20211.pdf\">RESOLUCAO_169_CME_2021<\/a><br>Credencia e Autoriza o Funcionamento de Curso da Escola Municipal Waldir Garcia.<\/p>\n\n\n\n<p><a href=\"https:\/\/www.manaus.am.gov.br\/semed\/wp-content\/uploads\/sites\/3\/2024\/09\/RESOLUCAO_170_CME_20211.pdf\">RESOLUCAO_170_CME_2021<\/a><br>Credencia e Autoriza o Funcionamento de Curso do Centro Municipal de Educa\u00e7\u00e3o Infantil Escritor Alcides Werk.<\/p>\n\n\n\n<p><a href=\"https:\/\/www.manaus.am.gov.br\/semed\/wp-content\/uploads\/sites\/3\/2024\/09\/RESOLUCAO_171_CME_20211.pdf\">RESOLUCAO_171_CME_2021<\/a><br>Credencia e Autoriza o Funcionamento de Curso da Creche Municipal Professora Maria da Anuncia\u00e7\u00e3o Noronha Pinto.<\/p>\n\n\n\n<p><a href=\"https:\/\/www.manaus.am.gov.br\/semed\/wp-content\/uploads\/sites\/3\/2024\/09\/RESOLUCAO_172_CME_20211.pdf\">RESOLUCAO_172_CME_2021<\/a><br>Credencia e Autoriza o Funcionamento de Curso da Escola Municipal Irm\u00e3 Zenir de Castro Alves.<\/p>\n\n\n\n<p><a href=\"https:\/\/www.manaus.am.gov.br\/semed\/wp-content\/uploads\/sites\/3\/2024\/09\/RESOLUCAO_173_CME_20211.pdf\">RESOLUCAO_173_CME_2021<\/a><br>Credencia e Autoriza o Funcionamento de Curso da Escola Municipal Bi\u00f3logo Adolpho Ducke.<\/p>\n\n\n\n<p><a href=\"https:\/\/www.manaus.am.gov.br\/semed\/wp-content\/uploads\/sites\/3\/2024\/09\/RESOLUCAO_174_CME_20211.pdf\">RESOLUCAO_174_CME_2021<\/a><br>Credencia e Autoriza o Funcionamento de Curso da Escola Municipal Alb\u00e9rico Antunes de Oliveira.<\/p>\n\n\n\n<p><a href=\"https:\/\/www.manaus.am.gov.br\/semed\/wp-content\/uploads\/sites\/3\/2024\/09\/RESOLUCAO_175_CME_20211.pdf\">RESOLUCAO_175_CME_2021<\/a><br>Credencia e Autoriza o Funcionamento de Curso da Escola Municipal Nossa Senhora de F\u00e1tima.<\/p>\n\n\n\n<p><a href=\"https:\/\/www.manaus.am.gov.br\/semed\/wp-content\/uploads\/sites\/3\/2024\/09\/RESOLUCAO_176_CME_20211.pdf\">RESOLUCAO_176_CME_2021<\/a><br>Aprova a reorganiza\u00e7\u00e3o do Calend\u00e1rio Escolar do Ensino Fundamental 2021 (6\u00ba ao 9\u00ba ano), da Escola Municipal Divino Pimenta Faleiros.<\/p>\n\n\n\n<p><a href=\"https:\/\/www.manaus.am.gov.br\/semed\/wp-content\/uploads\/sites\/3\/2024\/09\/RESOLUCAO_177_CME_20211.pdf\">RESOLUCAO_177_CME_2021<\/a><br>Credenciar e Autorizar o Funcionamento de Curso do Centro Municipal de Educa\u00e7\u00e3o Infantil Irm\u00e3o Ciro Raimundo Martins Fonseca.<\/p>\n\n\n\n<p><a href=\"https:\/\/www.manaus.am.gov.br\/semed\/wp-content\/uploads\/sites\/3\/2024\/09\/RESOLUCAO_178_CME_20211.pdf\">RESOLUCAO_178_CME_2021<\/a><br>Credencia e Autoriza o Funcionamento de Curso da Escola Municipal Professor Roberto da Silva Peixoto.<\/p>\n\n\n\n<p><a href=\"https:\/\/www.manaus.am.gov.br\/semed\/wp-content\/uploads\/sites\/3\/2024\/09\/RESOLUCAO_179_CME_20211.pdf\">RESOLUCAO_179_CME_2021<\/a><br>Credencia e Autoriza o Funcionamento de Curso do Centro Municipal de Educa\u00e7\u00e3o Infantil M\u00e1rio Jorge Couto Lopes.<\/p>\n\n\n\n<p><a href=\"https:\/\/www.manaus.am.gov.br\/semed\/wp-content\/uploads\/sites\/3\/2024\/09\/RESOLUCAO_180_CME_20211.pdf\">RESOLUCAO_180_CME_2021<\/a><br>Credencia e Autoriza o Funcionamento de Curso da Creche Municipal Professora Dalvina do Nascimento Martins.<\/p>\n\n\n\n<p><a href=\"https:\/\/www.manaus.am.gov.br\/semed\/wp-content\/uploads\/sites\/3\/2024\/09\/RESOLUCAO_181_CME_20211.pdf\">RESOLUCAO_181_CME_2021<\/a><br>Credencia e Autoriza o Funcionamento de Curso da Escola Municipal Jarlece da Concei\u00e7\u00e3o Zaranza.<\/p>\n\n\n\n<p><a href=\"https:\/\/www.manaus.am.gov.br\/semed\/wp-content\/uploads\/sites\/3\/2024\/09\/RESOLUCAO_182_CME_20211.pdf\">RESOLUCAO_182_CME_2021<\/a><br>Credenciar e Autorizar o Funcionamento de Curso do Centro Municipal de Educa\u00e7\u00e3o Infantil Tenente Roxana Pereira Bonessi.<\/p>\n\n\n\n<p><a href=\"https:\/\/www.manaus.am.gov.br\/semed\/wp-content\/uploads\/sites\/3\/2024\/09\/RESOLUCAO_183_CME_20211.pdf\">RESOLUCAO_183_CME_2021_DOE<\/a><br><a href=\"https:\/\/www.manaus.am.gov.br\/semed\/wp-content\/uploads\/sites\/3\/2024\/09\/RESOLUCAO_183_CME_2021_DOM1.pdf\">RESOLUCAO_183_CME_2021_DOM<\/a><br>Renova a Autoriza\u00e7\u00e3o de Funcionamento de Curso da Escola Vocacional Masrour, doravante denominada Escola do Futuro.<\/p>\n\n\n\n<p><a href=\"https:\/\/www.manaus.am.gov.br\/semed\/wp-content\/uploads\/sites\/3\/2024\/09\/RESOLUCAO_184_CME_20211.pdf\">RESOLUCAO_184_CME_2021<\/a><br>Estabelece e orienta procedimentos para reorganiza\u00e7\u00e3o das atividades e dos calend\u00e1rios escolares do ano letivo de 2021, para todo o Sistema Municipal de Ensino, a saber, escolas p\u00fablicas e privadas, em raz\u00e3o da pandemia de Covid-19.<\/p>\n\n\n\n<p><a href=\"https:\/\/www.manaus.am.gov.br\/semed\/wp-content\/uploads\/sites\/3\/2024\/09\/RESOLUCAO_185_CME_20211.pdf\">RESOLUCAO_185_CME_2021<\/a><br>Credenciar e Autorizar o Funcionamento de Curso da Creche Municipal Maria Ferreira Bernardes.<\/p>\n\n\n\n<p><a href=\"https:\/\/www.manaus.am.gov.br\/semed\/wp-content\/uploads\/sites\/3\/2024\/09\/RESOLUCAO_186_CME_20211.pdf\">RESOLUCAO_186_CME_2021<\/a><br>Credenciar e Autorizar o Funcionamento de Curso do Centro Municipal de Educa\u00e7\u00e3o Infantil Professora Rita Fonseca Veloso.<\/p>\n\n\n\n<p><a href=\"https:\/\/www.manaus.am.gov.br\/semed\/wp-content\/uploads\/sites\/3\/2024\/09\/RESOLUCAO_187_CME_20211.pdf\">RESOLUCAO_187_CME_2021<\/a><br>Credencia e Autoriza o Funcionamento de Curso da Escola Municipal Raimundo Teodoro Bontinelly Assump\u00e7\u00e3o.<\/p>\n\n\n\n<p><a href=\"https:\/\/www.manaus.am.gov.br\/semed\/wp-content\/uploads\/sites\/3\/2024\/09\/RESOLUCAO_189_CME_20211.pdf\">RESOLUCAO_189_CME_2021<\/a><br>Credencia e Autoriza o Funcionamento de Curso da Escola Municipal Arist\u00f3fanes Bezerra de Castro.<\/p>\n\n\n\n<p><a href=\"https:\/\/www.manaus.am.gov.br\/semed\/wp-content\/uploads\/sites\/3\/2024\/09\/RESOLUCAO_190_CME_20211.pdf\">RESOLUCAO_190_CME_2021<\/a><br>Credencia e Autoriza o Funcionamento de Curso da Creche Municipal Maria do Perp\u00e9tuo Socorro Trindade Pereira Sena.<\/p>\n\n\n\n<p><a href=\"https:\/\/www.manaus.am.gov.br\/semed\/wp-content\/uploads\/sites\/3\/2024\/09\/RESOLUCAO_191_CME_20211.pdf\">RESOLUCAO_191_CME_2021<\/a><br>Assegura os direitos educacionais a todos os povos ind\u00edgenas de outras nacionalidades, residentes no munic\u00edpio de Manaus, independentemente do pa\u00eds de origem.<\/p>\n\n\n\n<p><a href=\"https:\/\/www.manaus.am.gov.br\/semed\/wp-content\/uploads\/sites\/3\/2024\/09\/RESOLUCAO_192_CME_20211.pdf\">RESOLUCAO_192_CME_2021<\/a><br>Credencia e Autoriza o Funcionamento de Curso da Escola Municipal C\u00e9sar Augusto Bezerra Galv\u00e3o.<\/p>\n\n\n\n<p><a href=\"https:\/\/www.manaus.am.gov.br\/semed\/wp-content\/uploads\/sites\/3\/2024\/09\/RESOLUCAO_194_CME_20211.pdf\">RESOLUCAO_194_CME_2021<\/a><br>Credencia e Autoriza o Funcionamento de Curso da Escola Municipal Professora Sulamita Pereira Gon\u00e7alves.<\/p>\n\n\n\n<p><a href=\"https:\/\/www.manaus.am.gov.br\/semed\/wp-content\/uploads\/sites\/3\/2024\/09\/RESOLUCAO_195_CME_20211.pdf\">RESOLUCAO_195_CME_2021<\/a><br>Credencia e Autoriza o Funcionamento de Curso do Centro Municipal de Educa\u00e7\u00e3o Infantil Magn\u00f3lia Frota.<\/p>\n\n\n\n<p><a href=\"https:\/\/www.manaus.am.gov.br\/semed\/wp-content\/uploads\/sites\/3\/2024\/09\/RESOLUCAO_196_CME_20211.pdf\">RESOLUCAO_196_CME_2021<\/a><br>Credencia e Autoriza o Funcionamento de Curso da Escola Municipal Escritora Nisia Floresta Brasileira Augusta.<\/p>\n\n\n\n<p><a href=\"https:\/\/www.manaus.am.gov.br\/semed\/wp-content\/uploads\/sites\/3\/2024\/09\/RESOLUCAO_197_CME_20211.pdf\">RESOLUCAO_197_CME_2021<\/a><br>Credencia e Autoriza o Funcionamento de Curso do Centro Educacional R\u00e1-Tim-Bum.<\/p>\n\n\n\n<p><a href=\"https:\/\/www.manaus.am.gov.br\/semed\/wp-content\/uploads\/sites\/3\/2024\/09\/RESOLUCAO_198_CME_20211.pdf\">RESOLUCAO_198_CME_2021<\/a><br>Credencia e Autoriza o Funcionamento de Curso da Escola Municipal Jos\u00e9 Tavares de Macedo.<\/p>\n\n\n\n<p><a href=\"https:\/\/www.manaus.am.gov.br\/semed\/wp-content\/uploads\/sites\/3\/2024\/09\/RESOLUCAO_199_CME_20211.pdf\">RESOLUCAO_199_CME_2021<\/a><br>Credencia e Autoriza o Funcionamento de Curso da Escola Municipal Olga Gutmann Ben\u00e1rio.<\/p>\n\n\n\n<p><a href=\"https:\/\/www.manaus.am.gov.br\/semed\/wp-content\/uploads\/sites\/3\/2024\/09\/RESOLUCAO_200_CME_20211.pdf\">RESOLUCAO_200_CME_2021<\/a><br>Designa o Conselheiro Robert Andrew Rocha de Souza e a Assessora T\u00e9cnica Rosilene de Souza Nascimento para participarem do XXX Encontro Nacional dos Conselhos Municipais de Educa\u00e7\u00e3o.<\/p>\n\n\n\n<p><a href=\"https:\/\/www.manaus.am.gov.br\/semed\/wp-content\/uploads\/sites\/3\/2024\/09\/RESOLUCAO_202_CME_20211.pdf\">RESOLUCAO_202_CME_2021<\/a><br>Credencia e Autoriza o Funcionamento de Curso da Escola Municipal Rep\u00fablica do M\u00e9xico.<\/p>\n\n\n\n<p><a href=\"https:\/\/www.manaus.am.gov.br\/semed\/wp-content\/uploads\/sites\/3\/2024\/09\/RESOLUCAO_203_CME_20211.pdf\">RESOLUCAO_203_CME_2021<\/a><br>Credencia e Autoriza o Funcionamento de Curso da Escola Municipal Vista Alegre.<\/p>\n\n\n\n<p><a href=\"https:\/\/www.manaus.am.gov.br\/semed\/wp-content\/uploads\/sites\/3\/2024\/09\/RESOLUCAO_204_CME_20211.pdf\">RESOLUCAO_204_CME_2021<\/a><br>Credencia e Autoriza o Funcionamento de Curso da Escola Municipal Jos\u00e9 Sobreira do Nascimento.<\/p>\n\n\n\n<p><a href=\"https:\/\/www.manaus.am.gov.br\/semed\/wp-content\/uploads\/sites\/3\/2024\/09\/RESOLUCAO_205_CME_20211.pdf\">RESOLUCAO_205_CME_2021<\/a><br>Credencia e Autoriza o Funcionamento de Curso do Centro Municipal de Educa\u00e7\u00e3o Infantil Raimundo Nonato de Aguiars.<\/p>\n\n\n\n<p><a href=\"https:\/\/www.manaus.am.gov.br\/semed\/wp-content\/uploads\/sites\/3\/2024\/09\/RESOLUCAO_206_CME_20211.pdf\">RESOLUCAO_206_CME_2021<\/a><br>Credencia e Autoriza o Funcionamento de Curso do Centro Municipal de Educa\u00e7\u00e3o Infantil Herman Gmeiner.<\/p>\n\n\n\n<p><a href=\"https:\/\/www.manaus.am.gov.br\/semed\/wp-content\/uploads\/sites\/3\/2024\/09\/RESOLUCAO_207_CME_20211.pdf\">RESOLUCAO_207_CME_2021<\/a><br>Credencia e Autoriza o Funcionamento de Curso da Escola Municipal Carmen Guimar\u00e3es Hagge.<\/p>\n\n\n\n<p><a href=\"https:\/\/www.manaus.am.gov.br\/semed\/wp-content\/uploads\/sites\/3\/2024\/09\/RESOLUCAO_208_CME_20211.pdf\">RESOLUCAO_208_CME_2021<\/a><br>Credencia e Autoriza o Funcionamento de Curso da Escola Municipal Jos\u00e9 Euclides Costa de Azevedo.<\/p>\n\n\n\n<p><a href=\"https:\/\/www.manaus.am.gov.br\/semed\/wp-content\/uploads\/sites\/3\/2024\/09\/RESOLUCAO_209_CME_20211.pdf\">RESOLUCAO_209_CME_2021<\/a><br>Credencia e Autoriza o Funcionamento de Curso da Escola Municipal S\u00e3o Jorge.<\/p>\n\n\n\n<p><a href=\"https:\/\/www.manaus.am.gov.br\/semed\/wp-content\/uploads\/sites\/3\/2024\/09\/RESOLUCAO_210_CME_20211.pdf\">RESOLUCAO_210_CME_2021<\/a><br>Credencia e Autoriza o Funcionamento de Curso da Escola Municipal S\u00e3o Jo\u00e3o.<\/p>\n\n\n\n<p><a href=\"https:\/\/www.manaus.am.gov.br\/semed\/wp-content\/uploads\/sites\/3\/2024\/09\/RESOLUCAO_211_CME_20211.pdf\">RESOLUCAO_211_CME_2021<\/a><\/p>\n\n\n\n<p><a href=\"https:\/\/www.manaus.am.gov.br\/semed\/wp-content\/uploads\/sites\/3\/2024\/09\/RESOLUCAO_211_CME_2021-ERRATA1.pdf\">RESOLUCAO_211_CME_2021 \u2013 ERRATA<\/a><br>Credencia e Autoriza o Funcionamento de Curso do Centro Integrado Municipal de Educa\u00e7\u00e3o Dra. Viviane Estrela Marques Rodella.<\/p>\n\n\n\n<p><a href=\"https:\/\/www.manaus.am.gov.br\/semed\/wp-content\/uploads\/sites\/3\/2024\/09\/RESOLUCAO_212_CME_20211.pdf\">RESOLUCAO_212_CME_2021<\/a><br>Credencia e Autoriza o Funcionamento de Curso da Escola Municipal Anna Raymunda de Mattos Pereira Gadelha.<\/p>\n\n\n\n<p><a href=\"https:\/\/www.manaus.am.gov.br\/semed\/wp-content\/uploads\/sites\/3\/2024\/09\/RESOLUCAO_213_CME_20211.pdf\">RESOLUCAO_213_CME_2021<\/a><br>Credencia e Autoriza o Funcionamento de Curso da Escola Municipal Professor Fernando Tim\u00f3teo da Silva.<\/p>\n\n\n\n<p><a href=\"https:\/\/www.manaus.am.gov.br\/semed\/wp-content\/uploads\/sites\/3\/2024\/09\/RESOLUCAO_214_CME_20211.pdf\">RESOLUCAO_214_CME_2021<\/a><br>Credencia e Autoriza o Funcionamento de Curso da Escola Municipal Cana\u00e3 II.<\/p>\n\n\n\n<p><a href=\"https:\/\/www.manaus.am.gov.br\/semed\/wp-content\/uploads\/sites\/3\/2024\/09\/RESOLUCAO_215_CME_20211.pdf\">RESOLUCAO_215_CME_2021<\/a><br>Credencia e Autoriza o Funcionamento de Curso da Escola Municipal Maria Leide Amorim.<\/p>\n\n\n\n<p><a href=\"https:\/\/www.manaus.am.gov.br\/semed\/wp-content\/uploads\/sites\/3\/2024\/09\/RESOLUCAO_216_CME_20211.pdf\">RESOLUCAO_216_CME_2021<\/a><br>Credencia e Autoriza o Funcionamento de Curso da Escola Municipal Professor Paulo C\u00e9sar da Silva Nonato.<\/p>\n\n\n\n<p><a href=\"https:\/\/www.manaus.am.gov.br\/semed\/wp-content\/uploads\/sites\/3\/2024\/09\/RESOLUCAO_217_CME_20211.pdf\">RESOLUCAO_217_CME_2021<\/a><br>Credencia e Autoriza o Funcionamento de Curso da Creche Municipal Professora Maristela Martins Rebou\u00e7as.<\/p>\n\n\n\n<p><a href=\"https:\/\/www.manaus.am.gov.br\/semed\/wp-content\/uploads\/sites\/3\/2024\/09\/RESOLUCAO_218_CME_20211.pdf\">RESOLUCAO_218_CME_2021<\/a><br>Credencia e Autoriza o Funcionamento de Curso da Escola Municipal Santa Luzia.<\/p>\n\n\n\n<p><a href=\"https:\/\/www.manaus.am.gov.br\/semed\/wp-content\/uploads\/sites\/3\/2024\/09\/RESOLUCAO_219_CME_20211.pdf\">RESOLUCAO_219_CME_2021<\/a><br>Credencia e Autoriza o Funcionamento de Curso da Escola Municipal Eben\u00e9zer.<\/p>\n\n\n\n<p><a href=\"https:\/\/www.manaus.am.gov.br\/semed\/wp-content\/uploads\/sites\/3\/2024\/09\/RESOLUCAO_220_CME_20211.pdf\">RESOLUCAO_220_CME_2021<\/a><br>Credencia e Autoriza o Funcionamento de Curso da Escola Municipal Professora Francisca Campos Corr\u00eaa.<\/p>\n\n\n\n<p><a href=\"https:\/\/www.manaus.am.gov.br\/semed\/wp-content\/uploads\/sites\/3\/2024\/09\/RESOLUCAO_221_CME_20211.pdf\">RESOLUCAO_221_CME_2021<\/a><br>Credencia e Autoriza o Funcionamento de Curso do Centro Municipal de Educa\u00e7\u00e3o Infantil Escritor Jos\u00e9 Bento Monteiro Lobato.<\/p>\n\n\n\n<p><a href=\"https:\/\/www.manaus.am.gov.br\/semed\/wp-content\/uploads\/sites\/3\/2024\/09\/RESOLUCAO_222_CME_20211.pdf\">RESOLUCAO_222_CME_2021<\/a><br>Credencia e Autoriza o Funcionamento de Curso da Escola Municipal S\u00e3o Jos\u00e9 I.<\/p>\n\n\n\n<p><a href=\"https:\/\/www.manaus.am.gov.br\/semed\/wp-content\/uploads\/sites\/3\/2024\/09\/RESOLUCAO_223_CME_20211.pdf\">RESOLUCAO_223_CME_2021<\/a><br>Credencia e Autoriza o Funcionamento de Curso da Escola Municipal Bom Jesus.<\/p>\n\n\n\n<p><a href=\"https:\/\/www.manaus.am.gov.br\/semed\/wp-content\/uploads\/sites\/3\/2024\/09\/RESOLUCAO_224_CME_20211.pdf\">RESOLUCAO_224_CME_2021<\/a><br>Credencia e Autoriza o Funcionamento de Curso da Escola Municipal Carlos Ant\u00f4nio Cardoso.<\/p>\n\n\n\n<p><a href=\"https:\/\/www.manaus.am.gov.br\/semed\/wp-content\/uploads\/sites\/3\/2024\/09\/RESOLUCAO_225_CME_20211.pdf\">RESOLUCAO_225_CME_2021<\/a><br>Credencia e Autoriza o Funcionamento de Curso da Escola Municipal Figueiredo Pimentel.<\/p>\n\n\n\n<p><a href=\"https:\/\/www.manaus.am.gov.br\/semed\/wp-content\/uploads\/sites\/3\/2024\/09\/RESOLUCAO_226_CME_20211.pdf\">RESOLUCAO_226_CME_2021<\/a><br>Credencia e Autoriza o Funcionamento de Curso da Escola Municipal Arthur Virg\u00edlio Filho.<\/p>\n\n\n\n<p><a href=\"https:\/\/www.manaus.am.gov.br\/semed\/wp-content\/uploads\/sites\/3\/2024\/09\/RESOLUCAO_227_CME_20211.pdf\">RESOLUCAO_227_CME_2021<\/a><br>Credencia e Autoriza o Funcionamento de Curso da Escola Municipal Professora Maria Isabel Cordeiro de Melgueiro.<\/p>\n\n\n\n<p><a href=\"https:\/\/www.manaus.am.gov.br\/semed\/wp-content\/uploads\/sites\/3\/2024\/09\/RESOLUCAO_228_CME_20211.pdf\">RESOLUCAO_228_CME_2021<\/a><br>Credencia e Autoriza o Funcionamento de Curso da Escola Municipal Francisco Pinheiro de Lima.<\/p>\n\n\n\n<p><a href=\"https:\/\/www.manaus.am.gov.br\/semed\/wp-content\/uploads\/sites\/3\/2024\/09\/RESOLUCAO_229_CME_20211.pdf\">RESOLUCAO_229_CME_2021<\/a><br>Credencia e Autoriza o Funcionamento de Curso da Escola Municipal Professor Manuel da Silva Bahia.<\/p>\n\n\n\n<p><a href=\"https:\/\/www.manaus.am.gov.br\/semed\/wp-content\/uploads\/sites\/3\/2024\/09\/RESOLUCAO_230_CME_20211.pdf\">RESOLUCAO_230_CME_2021<\/a><br>Credencia e Autoriza o Funcionamento de Curso da Escola Municipal Ruth Leia Oliveira dos Santos.<\/p>\n\n\n\n<p><a href=\"https:\/\/www.manaus.am.gov.br\/semed\/wp-content\/uploads\/sites\/3\/2024\/09\/RESOLUCAO_231_CME_20211.pdf\">RESOLUCAO_231_CME_2021<\/a><br>Credencia e Autoriza o Funcionamento de Curso da Escola Municipal Estrela da Manh\u00e3.<\/p>\n\n\n\n<p><a href=\"https:\/\/www.manaus.am.gov.br\/semed\/wp-content\/uploads\/sites\/3\/2024\/09\/RESOLUCAO_232_CME_20211.pdf\">RESOLUCAO_232_CME_2021<\/a><br>Credencia e Autoriza o Funcionamento de Curso da Escola Municipal Joaquim da Silva Pinto.<\/p>\n\n\n\n<p><a href=\"https:\/\/www.manaus.am.gov.br\/semed\/wp-content\/uploads\/sites\/3\/2024\/09\/RESOLUCAO_237_CME_20211.pdf\">RESOLUCAO_237_CME_2021<\/a><br>Credencia e Autoriza o Funcionamento de Curso da Escola Municipal Nossa Senhora de Nazar\u00e9.<\/p>\n\n\n\n<p><a href=\"https:\/\/www.manaus.am.gov.br\/semed\/wp-content\/uploads\/sites\/3\/2024\/09\/RESOLUCAO_238_CME_20211.pdf\">RESOLUCAO_238_CME_2021<\/a><br>Credencia e Autoriza o Funcionamento de Curso da Escola Municipal Professor Carlos Farias Ouro de Carvalho.<\/p>\n\n\n\n<p><a href=\"https:\/\/www.manaus.am.gov.br\/semed\/wp-content\/uploads\/sites\/3\/2024\/09\/RESOLUCAO_239_CME_20211.pdf\">RESOLUCAO_239_CME_2021<\/a><br>Credencia e Autoriza o Funcionamento de Curso do Centro Municipal de Educa\u00e7\u00e3o Infantil Professora Sofia Soeiro do Nascimento.<\/p>\n\n\n\n<p><a href=\"https:\/\/www.manaus.am.gov.br\/semed\/wp-content\/uploads\/sites\/3\/2024\/09\/RESOLUCAO_240_CME_20211.pdf\">RESOLUCAO_240_CME_2021<\/a><br>Credencia e Autoriza o Funcionamento de Curso do Centro Municipal Gilberto Rodrigues dos Santos.<\/p>\n\n\n\n<p><a href=\"https:\/\/www.manaus.am.gov.br\/semed\/wp-content\/uploads\/sites\/3\/2024\/09\/RESOLUCAO_241_CME_20211.pdf\">RESOLUCAO_241_CME_2021<\/a><br>Credencia e Autoriza o Funcionamento de Curso da Escola Municipal Divino Esp\u00edrito Santo.<\/p>\n\n\n\n<p><a href=\"https:\/\/www.manaus.am.gov.br\/semed\/wp-content\/uploads\/sites\/3\/2024\/09\/RESOLUCAO_242_CME_20211.pdf\">RESOLUCAO_242_CME_2021<\/a><br>Credencia e Autoriza o Funcionamento de Curso do Centro Municipal Monte Horebe.<\/p>\n\n\n\n<p><a href=\"https:\/\/www.manaus.am.gov.br\/semed\/wp-content\/uploads\/sites\/3\/2024\/09\/RESOLUCAO_243_CME_20211.pdf\">RESOLUCAO_243_CME_2021<\/a><br>Credencia e Autoriza o Funcionamento de Curso da Escola Municipal Professor Heleno Nogueira dos Santos.<\/p>\n\n\n\n<p><a href=\"https:\/\/www.manaus.am.gov.br\/semed\/wp-content\/uploads\/sites\/3\/2024\/09\/RESOLUCAO_248_CME_20211.pdf\">RESOLUCAO_248_CME_2021<\/a><br>Credencia e Autoriza o Funcionamento de Curso da Escola Municipal Santo Ant\u00f4nio.<\/p>\n\n\n\n<p><a href=\"https:\/\/www.manaus.am.gov.br\/semed\/wp-content\/uploads\/sites\/3\/2024\/09\/RESOLUCAO_249_CME_20211.pdf\">RESOLUCAO_249_CME_2021<\/a><br>Credencia e Autoriza o Funcionamento de Curso da Creche Municipal Dalila Bentes Duarte.<\/p>\n\n\n\n<p><a href=\"https:\/\/www.manaus.am.gov.br\/semed\/wp-content\/uploads\/sites\/3\/2024\/09\/RESOLUCAO_250_CME_20211.pdf\">RESOLUCAO_250_CME_2021<\/a><br>Credencia e Autoriza o Funcionamento de Curso da Creche Municipal Edith Monteiro Porto.<\/p>\n\n\n\n<p><a href=\"https:\/\/www.manaus.am.gov.br\/semed\/wp-content\/uploads\/sites\/3\/2024\/09\/RESOLUCAO_251_CME_20211.pdf\">RESOLUCAO_251_CME_2021<\/a><br>Credencia e Autoriza o Funcionamento de Curso da Escola Municipal Francisco Diogo de Melo.<\/p>\n\n\n\n<p><a href=\"https:\/\/www.manaus.am.gov.br\/semed\/wp-content\/uploads\/sites\/3\/2024\/09\/RESOLUCAO_252_CME_20211.pdf\">RESOLUCAO_252_CME_2021<\/a><br>Credencia e Autoriza o Funcionamento de Curso da Escola Municipal Professora Zilda Iracema Melgueiro Nunes.<\/p>\n\n\n\n<p><a href=\"https:\/\/www.manaus.am.gov.br\/semed\/wp-content\/uploads\/sites\/3\/2024\/09\/RESOLUCAO_254_CME_20211.pdf\">RESOLUCAO_254_CME_2021<\/a><br>Credencia e Autoriza o Funcionamento de Curso da Escola Municipal Ab\u00edlio Alencar.<\/p>\n\n\n\n<p><a href=\"https:\/\/www.manaus.am.gov.br\/semed\/wp-content\/uploads\/sites\/3\/2024\/09\/RESOLUCAO_255_CME_20211.pdf\">RESOLUCAO_255_CME_2021<\/a><br>Credencia e Autoriza o Funcionamento de Curso da Escola Municipal Carlos Santos.<\/p>\n\n\n\n<p><a href=\"https:\/\/www.manaus.am.gov.br\/semed\/wp-content\/uploads\/sites\/3\/2024\/09\/RESOLUCAO_256_CME_20211.pdf\">RESOLUCAO_256_CME_2021<\/a><br><a href=\"https:\/\/www.manaus.am.gov.br\/semed\/wp-content\/uploads\/sites\/3\/2024\/09\/RESOLUCAO_256_CME_2021_ERRATA1.pdf\">RESOLUCAO_256_CME_2021_ERRATA<\/a><br>Aprova os Calend\u00e1rios Escolares da Rede P\u00fablica Municipal de Ensino de Manaus do ano letivo de 2022.<\/p>\n\n\n\n<p><a href=\"https:\/\/www.manaus.am.gov.br\/semed\/wp-content\/uploads\/sites\/3\/2024\/09\/RESOLUCAO_258_CME_20211.pdf\">RESOLUCAO_258_CME_2021<\/a><br>Credencia e Autoriza o Funcionamento de Curso da Escola Municipal Lu\u00eds Alberto Castelo.<\/p>\n\n\n\n<p><a href=\"https:\/\/www.manaus.am.gov.br\/semed\/wp-content\/uploads\/sites\/3\/2024\/09\/RESOLUCAO_259_CME_20211.pdf\">RESOLUCAO_259_CME_2021<\/a><br>Credencia e Autoriza o Funcionamento de Curso do Centro Educacional \u00c1gape.<\/p>\n\n\n\n<p><a href=\"https:\/\/www.manaus.am.gov.br\/semed\/wp-content\/uploads\/sites\/3\/2024\/09\/RESOLUCAO_262_CME_20211.pdf\">RESOLUCAO_262_CME_2021<\/a><br>Credencia e Autoriza o Funcionamento de Curso da Escola Municipal S\u00e3o L\u00e1zaro.<\/p>\n\n\n\n<p><a href=\"https:\/\/www.manaus.am.gov.br\/semed\/wp-content\/uploads\/sites\/3\/2024\/09\/RESOLUCAO_263_CME_20211.pdf\">RESOLUCAO_263_CME_2021<\/a><br>Credencia e Autoriza o Funcionamento de Curso da Escola Municipal Nossa Senhora do Carmo.<\/p>\n\n\n\n<p><a href=\"https:\/\/www.manaus.am.gov.br\/semed\/wp-content\/uploads\/sites\/3\/2024\/09\/RESOLUCAO_264_CME_20211.pdf\">RESOLUCAO_264_CME_2021<\/a><br>Credencia e Autoriza o Funcionamento de Curso da Escola Municipal Lago e Silva,<\/p>\n\n\n\n<p><a href=\"https:\/\/www.manaus.am.gov.br\/semed\/wp-content\/uploads\/sites\/3\/2024\/09\/RESOLUCAO_265_CME_20211.pdf\">RESOLUCAO_265_CME_2021<\/a><br>Credencia e Autoriza o Funcionamento de Curso da Escola Municipal S\u00e3o Pedro.<\/p>\n\n\n\n<p><a href=\"https:\/\/www.manaus.am.gov.br\/semed\/wp-content\/uploads\/sites\/3\/2024\/09\/RESOLUCAO_266_CME_20211.pdf\">RESOLUCAO_266_CME_2021<\/a><br>Credencia e Autoriza o Funcionamento de Curso da Escola Municipal Ivan J\u00fanior Saraiva de Barros.<\/p>\n\n\n\n<p><a href=\"https:\/\/www.manaus.am.gov.br\/semed\/wp-content\/uploads\/sites\/3\/2024\/09\/RESOLUCAO_267_CME_20211.pdf\">RESOLUCAO_267_CME_2021<\/a><br>Credencia e Autoriza o Funcionamento de Curso da Escola Municipal Lu\u00eds Freire de Oliveira.<\/p>\n\n\n\n<p><a href=\"https:\/\/www.manaus.am.gov.br\/semed\/wp-content\/uploads\/sites\/3\/2024\/09\/RESOLUCAO_268_CME_20211.pdf\">RESOLUCAO_268_CME_2021<\/a><br>Credencia e Autoriza o Funcionamento de Curso da Escola Municipal Nazira Chamma Daou.<\/p>\n\n\n\n<p><a href=\"https:\/\/www.manaus.am.gov.br\/semed\/wp-content\/uploads\/sites\/3\/2024\/09\/RESOLUCAO_275_CME_20211.pdf\">RESOLUCAO_275_CME_2021<\/a><br>Credencia e Autoriza o Funcionamento de Curso do Centro Municipal de Educa\u00e7\u00e3o Infantil Ismail Aziz.<\/p>\n\n\n\n<p><a href=\"https:\/\/www.manaus.am.gov.br\/semed\/wp-content\/uploads\/sites\/3\/2024\/09\/RESOLUCAO_276_CME_20211.pdf\">RESOLUCAO_276_CME_2021<\/a><br>Credencia e Autoriza o Funcionamento de Curso do Centro Municipal Jos\u00e9 Marques de Almeida.<\/p>\n\n\n\n<p><a href=\"https:\/\/www.manaus.am.gov.br\/semed\/wp-content\/uploads\/sites\/3\/2024\/09\/RESOLUCAO_277_CME_20211.pdf\">RESOLUCAO_277_CME_2021<\/a><br>Credencia e Autoriza o Funcionamento de Curso do Centro Municipal Presidente Jo\u00e3o Goulart.<\/p>\n\n\n\n<p><a href=\"https:\/\/www.manaus.am.gov.br\/semed\/wp-content\/uploads\/sites\/3\/2024\/09\/RESOLUCAO_278_CME_20211.pdf\">RESOLUCAO_278_CME_2021<\/a><br>Credencia e Autoriza o Funcionamento de Curso da Escola Municipal Solange Nascimento.<\/p>\n\n\n\n<p><a href=\"https:\/\/www.manaus.am.gov.br\/semed\/wp-content\/uploads\/sites\/3\/2024\/09\/RESOLUCAO_279_CME_20211.pdf\">RESOLUCAO_279_CME_2021<\/a><br>Credencia e Autoriza o Funcionamento de Curso da Escola Municipal Raimunda Brasil.<\/p>\n\n\n\n<p><a href=\"https:\/\/www.manaus.am.gov.br\/semed\/wp-content\/uploads\/sites\/3\/2024\/09\/RESOLUCAO_280_CME_20211.pdf\">RESOLUCAO_280_CME_2021<\/a><br>Estabelece normas e procedimentos para o funcionamento do Programa Educa\u00e7\u00e3o Itinerante do Ensino Fundamental Anos Finais, da Rede P\u00fablica Municipal de Ensino, a ser operacionalizado nas Unidades de Ensino do Campo \u2013 \u00c1rea Ribeirinha: Rio Amazonas e Rio Negro.<\/p>\n\n\n\n<p><a href=\"https:\/\/www.manaus.am.gov.br\/semed\/wp-content\/uploads\/sites\/3\/2024\/09\/RESOLUCAO_284_CME_20211.pdf\">RESOLUCAO_284_CME_2021<\/a><br>Fixa normas para organiza\u00e7\u00e3o da alfabetiza\u00e7\u00e3o no 1\u00ba, 2\u00ba e 3\u00ba ano do Ensino Fundamental, nas Unidades de Ensino da Rede P\u00fablica Municipal de Manaus.<\/p>\n\n\n\n<p><a href=\"https:\/\/www.manaus.am.gov.br\/semed\/wp-content\/uploads\/sites\/3\/2024\/09\/RESOLUCAO_285_CME_20211.pdf\">RESOLUCAO_285_CME_2021<\/a><br>Credencia e Autoriza o Funcionamento de Curso da Escola Municipal Professor Emanuel Rebelo da Cunha.<\/p>\n\n\n\n<p><a href=\"https:\/\/www.manaus.am.gov.br\/semed\/wp-content\/uploads\/sites\/3\/2024\/09\/RESOLUCAO_286_CME_20211.pdf\">RESOLUCAO_286_CME_2021<\/a><br>Credencia e Autoriza o Funcionamento de Curso da Escola Municipal Monte Sinai.<\/p>\n\n\n\n<p><a href=\"https:\/\/www.manaus.am.gov.br\/semed\/wp-content\/uploads\/sites\/3\/2024\/09\/RESOLUCAO_287_CME_20211.pdf\">RESOLUCAO_287_CME_2021<\/a><br>Credencia e Autoriza o Funcionamento de Curso da Escola Municipal Silvio Romero.<\/p>\n\n\n\n<p><a href=\"https:\/\/www.manaus.am.gov.br\/semed\/wp-content\/uploads\/sites\/3\/2024\/09\/RESOLUCAO_288_CME_20211.pdf\">RESOLUCAO_288_CME_2021<\/a><br>Credencia e Autoriza o Funcionamento de Curso do Centro Educacional Escolar.<\/p>\n\n\n\n<p><a href=\"https:\/\/www.manaus.am.gov.br\/semed\/wp-content\/uploads\/sites\/3\/2024\/09\/RESOLUCAO_289_CME_20211.pdf\">RESOLUCAO_289_CME_2021<\/a><br>Credencia e Autoriza o Funcionamento de Curso do Centro Educacional Conquista Interativo.<\/p>\n\n\n\n<p><a href=\"https:\/\/www.manaus.am.gov.br\/semed\/wp-content\/uploads\/sites\/3\/2024\/09\/RESOLUCAO_290_CME_20211.pdf\">RESOLUCAO_290_CME_2021<\/a><br>Credencia e Autoriza o Funcionamento de Curso do Instituto de Educa\u00e7\u00e3o El Shaday.<\/p>\n\n\n\n<p><a href=\"https:\/\/www.manaus.am.gov.br\/semed\/wp-content\/uploads\/sites\/3\/2024\/09\/RESOLUCAO_291_CME_20211.pdf\">RESOLUCAO_291_CME_2021<\/a><br>Credencia e Autoriza o Funcionamento de Curso do Centro Educacional Criar Mais.<\/p>\n\n\n\n<p><a href=\"https:\/\/www.manaus.am.gov.br\/semed\/wp-content\/uploads\/sites\/3\/2024\/09\/RESOLUCAO_292_CME_20211.pdf\">RESOLUCAO_292_CME_2021<\/a><br>Aprova a inclus\u00e3o do Componente L\u00edngua Ind\u00edgena, na Estrutura Curricular das Escolas Ind\u00edgenas da Rede P\u00fablica Municipal de Ensino de Manaus, a ser operacionalizada a partir do ano de 2022.<\/p>\n\n\n\n<p><a href=\"https:\/\/www.manaus.am.gov.br\/semed\/wp-content\/uploads\/sites\/3\/2024\/09\/RESOLUCAO_293_CME_20211.pdf\">RESOLUCAO_293_CME_2021<\/a><br>Aprova a Estrutura Curricular do Ensino Fundamental de 9 (nove) anos da Rede P\u00fablica Municipal de Ensino de Manaus.<\/p>\n\n\n\n<p><a href=\"https:\/\/www.manaus.am.gov.br\/semed\/wp-content\/uploads\/sites\/3\/2024\/09\/RESOLUCAO_294_CME_20211.pdf\">RESOLUCAO_294_CME_2021<\/a><br>Estabelece normas para operacionaliza\u00e7\u00e3o do Programa de Corre\u00e7\u00e3o de Fluxo nas unidades de ensino da rede p\u00fablica municipal de Manaus.<\/p>\n\n\n\n<p><a href=\"https:\/\/www.manaus.am.gov.br\/semed\/wp-content\/uploads\/sites\/3\/2024\/09\/RESOLUCAO_295_CME_20211.pdf\">RESOLUCAO_295_CME_2021<\/a><br>Renova a Autoriza\u00e7\u00e3o de Funcionamento de Curso da Creche Zez\u00e9 Pio de Souza.<\/p>\n\n\n\n<p><a href=\"https:\/\/www.manaus.am.gov.br\/semed\/wp-content\/uploads\/sites\/3\/2024\/09\/RESOLUCAO_296_CME_20211.pdf\">RESOLUCAO_296_CME_2021<\/a><br>Credencia e Autoriza o Funcionamento de Curso da Escola Municipal Professora Silvia Helena Costa de Oliveira Bonetti.<\/p>\n\n\n\n<p><a href=\"https:\/\/www.manaus.am.gov.br\/semed\/wp-content\/uploads\/sites\/3\/2024\/09\/RESOLUCAO_297_CME_20211.pdf\">RESOLUCAO_297_CME_2021<\/a><br>Credencia e Autoriza o Funcionamento de Curso da Escola Municipal Jos\u00e9 Carlos Martins Mestrinho.<\/p>\n\n\n\n<p><a href=\"https:\/\/www.manaus.am.gov.br\/semed\/wp-content\/uploads\/sites\/3\/2024\/09\/RESOLUCAO_299_CME_20211.pdf\">RESOLUCAO_299_CME_2021<\/a><br>Credencia e Autoriza o Funcionamento de Curso da Escola Municipal Professora Miriam Sotero da Silva.<\/p>\n\n\n\n<p><a href=\"https:\/\/www.manaus.am.gov.br\/semed\/wp-content\/uploads\/sites\/3\/2024\/09\/RESOLUCAO_300_CME_20211.pdf\">RESOLUCAO_300_CME_2021<\/a><br>Credencia e Autoriza o Funcionamento de Curso da Escola Municipal Doutor Geraldo Pinheiro.<\/p>\n\n\n\n<p class=\"has-text-align-center\"><a href=\"https:\/\/www.manaus.am.gov.br\/semed\/cme\/atos-normativos\/resolucoes\/#topo\">Voltar ao topo<\/a><\/p>\n\n\n\n<h2 class=\"wp-block-heading\" id=\"2020\">2020<\/h2>\n\n\n\n<p><a href=\"https:\/\/www.manaus.am.gov.br\/semed\/wp-content\/uploads\/sites\/3\/2024\/09\/Resolucao-n-001-CME-2020-Homologa-o-Referencial-Curricular-Amazonense1.pdf\">RESOLUCAO_001_CME_2020<\/a><br>Homologa o Referencial Curricular Amazonense.<\/p>\n\n\n\n<p><a href=\"https:\/\/www.manaus.am.gov.br\/semed\/wp-content\/uploads\/sites\/3\/2024\/09\/Resolucao-n.-002-CME-2020-Aprova-Calendario-Escolar-Especial-2019-Escola-Municipal-Irma-Dulce1.pdf\">RESOLUCAO_002_CME_2020<\/a><br>Aprova o Calend\u00e1rio Escolar Especial 2019 do Ensino Fundamental (1\u00ba ao 5\u00ba ano) da Escola Municipal Irm\u00e3 Dulce.<\/p>\n\n\n\n<p><a href=\"https:\/\/www.manaus.am.gov.br\/semed\/wp-content\/uploads\/sites\/3\/2024\/09\/Resolucao-n.-003-CME-2020-Dispoe-sobre-o-Regime-especial-de-aulas-nao-presenciais-no-SME1.pdf\">RESOLUCAO_003_CME_2020<\/a><br>Disp\u00f5e sobre o Regime especial de aulas n\u00e3o presenciais no Sistema Municipal de Ensino de Manaus.<\/p>\n\n\n\n<p><a href=\"https:\/\/www.manaus.am.gov.br\/semed\/wp-content\/uploads\/sites\/3\/2024\/09\/Resolucao-n.-004-CME-2020-Amplia-o-prazo-de-autorizacao-da-educacao-infantil-da-rede-privada-11.pdf\">RESOLUCAO_004_CME_2020<\/a><br>Amplia o prazo de autoriza\u00e7\u00e3o da educa\u00e7\u00e3o infantil da rede privada.<\/p>\n\n\n\n<p><a href=\"https:\/\/www.manaus.am.gov.br\/semed\/wp-content\/uploads\/sites\/3\/2024\/09\/Resolucao-n.-005-CME-2020-Calendario-Especial-2019-EM-Saba-Raposo1.pdf\">RESOLUCAO_005_CME_2020<\/a><br>Aprova o Calend\u00e1rio Escolar Especial 2019 do Ensino Fundamental da Escola Municipal Jornalista Sab\u00e1 Raposo.<\/p>\n\n\n\n<p><a href=\"https:\/\/www.manaus.am.gov.br\/semed\/wp-content\/uploads\/sites\/3\/2024\/09\/Resolucao-n.-006-CME-2020-Credencia-e-Autoriza-o-Funcionamento-da-EI-do-CE-Excelencia-do-Saber1.pdf\">RESOLUCAO_006_CME_2020<\/a><br>Credencia e Autoriza o Funcionamento da Educa\u00e7\u00e3o Infantil do Centro de Ensino Excel\u00eancia do Saber (CEES).<\/p>\n\n\n\n<p><a href=\"https:\/\/www.manaus.am.gov.br\/semed\/wp-content\/uploads\/sites\/3\/2024\/09\/Resolucao-n.-007-CME-2020-Prorroga-o-prazo-estabelecido-na-Resolucao-n.-001-CME-2020-11.pdf\">RESOLUCAO_007_CME_2020<\/a><br>Prorroga o prazo estabelecido na Resolu\u00e7\u00e3o n. 001\/CME\/2020.<\/p>\n\n\n\n<p><a href=\"https:\/\/www.manaus.am.gov.br\/semed\/wp-content\/uploads\/sites\/3\/2024\/09\/Resolucao-n.-008-CME-2020-Reorganizacao-dos-calendarios1.pdf\">RESOLUCAO_008_CME_2020<\/a><br>Reorganiza os calend\u00e1rios escolares.<\/p>\n\n\n\n<p><a href=\"https:\/\/www.manaus.am.gov.br\/semed\/wp-content\/uploads\/sites\/3\/2024\/09\/Resolucao-n.-009-CME-2020-CA-EM-Raimundo-Almeida-Lucio-DOM1.pdf\">RESOLUCAO_009_CME_2020<\/a><br>Credencia e Autoriza o Funcionamento do Ensino Fundamental Anos Iniciais (4\u00ba e 5\u00ba ano) e do Ensino Fundamental Anos Finais (6\u00ba ao 9\u00ba ano), da Escola Municipal Professor Raimundo Almeida L\u00facio.<\/p>\n\n\n\n<p><a href=\"https:\/\/www.manaus.am.gov.br\/semed\/wp-content\/uploads\/sites\/3\/2024\/09\/Resolucao-n.-010-CME-2020-CA-EM-CMEI-Denival-Leite-DOM1.pdf\">RESOLUCAO_010_CME_2020<\/a><br>Credencia e Autoriza o Funcionamento da Educa\u00e7\u00e3o Infantil do Centro Municipal de Educa\u00e7\u00e3o Infantil Denival Leite de Oliveira J\u00fanior.<\/p>\n\n\n\n<p><a href=\"https:\/\/www.manaus.am.gov.br\/semed\/wp-content\/uploads\/sites\/3\/2024\/09\/Resolucao-n.-011-CME-2020-CA-CMEI-Rita-Etelvina-DOM1.pdf\">RESOLUCAO_011_CME_2020<\/a><br>Credencia e Autoriza o Funcionamento da Educa\u00e7\u00e3o Infantil do Centro Municipal de Educa\u00e7\u00e3o Infantil Professora Rita Etelvina de C\u00e1ssia Gomes Mour\u00e3o.<\/p>\n\n\n\n<p><a href=\"https:\/\/www.manaus.am.gov.br\/semed\/wp-content\/uploads\/sites\/3\/2024\/09\/RESOLUCAO_012_CME_2020_CAF_CAEEs1.pdf\">RESOLUCAO_012_CME_2020<\/a><br>Estabelece crit\u00e9rios para Credenciamento e Autoriza\u00e7\u00e3o de Funcionamento de Centros de Atendimento Educacional Especializado (CAEE\u2019s) no Sistema Municipal de Ensino de Manaus.<\/p>\n\n\n\n<p><a href=\"https:\/\/www.manaus.am.gov.br\/semed\/wp-content\/uploads\/sites\/3\/2024\/09\/RESOLUCAO_013_CME_20201.pdf\">RESOLUCAO_013_CME_2020<\/a><br>Credencia e Autoriza o Funcionamento de Curso do Centro Municipal de Educa\u00e7\u00e3o Infantil Paulo Herban Jacob.<\/p>\n\n\n\n<p><a href=\"https:\/\/www.manaus.am.gov.br\/semed\/wp-content\/uploads\/sites\/3\/2024\/09\/RESOLUCAO_014_CME_20201.pdf\">RESOLUCAO_014_CME_2020<\/a><br>Credencia e Autoriza o Funcionamento de Curso da Escola Municipal Antonina Borges de S\u00e1.<\/p>\n\n\n\n<p><a href=\"https:\/\/www.manaus.am.gov.br\/semed\/wp-content\/uploads\/sites\/3\/2024\/09\/RESOLUCAO_015_CME_20201.pdf\">RESOLUCAO_015_CME_2020<\/a><br>Credencia e Autoriza o Funcionamento da Educa\u00e7\u00e3o Infantil do Centro Municipal de Educa\u00e7\u00e3o Infantil Eva Gomes do Nascimento.<\/p>\n\n\n\n<p><a href=\"https:\/\/www.manaus.am.gov.br\/semed\/wp-content\/uploads\/sites\/3\/2024\/09\/RESOLUCAO_016_CME_20201.pdf\">RESOLUCAO_016_CME_2020<\/a><br>Credencia e Autoriza o Funcionamento de Curso da Escola Municipal Boa Esperan\u00e7a.<\/p>\n\n\n\n<p><a href=\"https:\/\/www.manaus.am.gov.br\/semed\/wp-content\/uploads\/sites\/3\/2024\/09\/RESOLUCAO_017_CME_20201.pdf\">RESOLUCAO_017_CME_2020<\/a><br>Credencia e Autoriza o Funcionamento de Curso da Escola Municipal Santa Etelvina.<\/p>\n\n\n\n<p><a href=\"https:\/\/www.manaus.am.gov.br\/semed\/wp-content\/uploads\/sites\/3\/2024\/09\/RESOLUCAO_018_CME_20201.pdf\">RESOLUCAO_018_CME_2020<\/a><br>Credencia e Autoriza o Funcionamento de Curso&nbsp;do Centro Municipal de Educa\u00e7\u00e3o Infantil<br>Heliodoro Balbi.<\/p>\n\n\n\n<p><a href=\"https:\/\/www.manaus.am.gov.br\/semed\/wp-content\/uploads\/sites\/3\/2024\/09\/RESOLUCAO_019_CME_20201.pdf\">RESOLUCAO_019_CME_2020<\/a><br>Credencia e Autoriza o Funcionamento de Curso&nbsp;do Centro Municipal de Educa\u00e7\u00e3o Infantil Irm\u00e3 Etelvina Trindade.<\/p>\n\n\n\n<p><a href=\"https:\/\/www.manaus.am.gov.br\/semed\/wp-content\/uploads\/sites\/3\/2024\/09\/RESOLUCAO_-020_CME_20201.pdf\">RESOLUCAO_ 020_CME_2020<\/a><br>Credencia e Autoriza o Funcionamento de Curso&nbsp;do Centro Municipal de Educa\u00e7\u00e3o Infantil Jauary Guimar\u00e3es de Souza Marinho.<\/p>\n\n\n\n<p><a href=\"https:\/\/www.manaus.am.gov.br\/semed\/wp-content\/uploads\/sites\/3\/2024\/09\/RESOLUCAO_021_CME_20201.pdf\">RESOLUCAO_021_CME_2020<\/a><br>Credencia e Autoriza o Funcionamento de Curso do Centro Municipal de Educa\u00e7\u00e3o Infantil Professora An\u00e1lia Franco.<\/p>\n\n\n\n<p><a href=\"https:\/\/www.manaus.am.gov.br\/semed\/wp-content\/uploads\/sites\/3\/2024\/09\/RESOLUCAO_022_CME_20201.pdf\">RESOLUCAO_022_CME_2020<\/a><br>Credencia e Autoriza o Funcionamento de Curso&nbsp;do Centro Municipal de Educa\u00e7\u00e3o Infantil Professora Maria Braz Viegas.<\/p>\n\n\n\n<p><a href=\"https:\/\/www.manaus.am.gov.br\/semed\/wp-content\/uploads\/sites\/3\/2024\/09\/RESOLUCAO_023_CME_20201.pdf\">RESOLUCAO_023_CME_2020<\/a><br>Credencia e Autoriza o Funcionamento de Curso do Centro Municipal de Educa\u00e7\u00e3o Infantil Professora Maria Gracineide Chagas de Negreiros.<\/p>\n\n\n\n<p><a href=\"https:\/\/www.manaus.am.gov.br\/semed\/wp-content\/uploads\/sites\/3\/2024\/09\/RESOLUCAO_024_CME_20201.pdf\">RESOLUCAO_024_CME_2020<\/a><br>Credencia e Autoriza o Funcionamento de Curso&nbsp;da Escola Municipal Ana Sena Rodrigues.<\/p>\n\n\n\n<p><a href=\"https:\/\/www.manaus.am.gov.br\/semed\/wp-content\/uploads\/sites\/3\/2024\/09\/RESOLUCAO_025_CME_20201.pdf\">RESOLUCAO_025_CME_2020<\/a><br>Credencia e Autoriza o Funcionamento de Curso&nbsp;da Escola Municipal Ant\u00f4nio Moraes.<\/p>\n\n\n\n<p><a href=\"https:\/\/www.manaus.am.gov.br\/semed\/wp-content\/uploads\/sites\/3\/2024\/09\/RESOLUCAO_026_CME_20201.pdf\">RESOLUCAO_026_CME_2020<\/a><br>Credencia e Autoriza o Funcionamento de Curso&nbsp;da Escola Municipal Aracylia Oliveira da Silva Costa.<\/p>\n\n\n\n<p><a href=\"https:\/\/www.manaus.am.gov.br\/semed\/wp-content\/uploads\/sites\/3\/2024\/09\/RESOLUCAO_027_CME_20201.pdf\">RESOLUCAO_027_CME_2020<\/a><br>Credencia e Autoriza o Funcionamento de Curso&nbsp;da Escola Municipal Arquiteta Ang\u00e9lica Maria Vieira da Cruz.<\/p>\n\n\n\n<p><a href=\"https:\/\/www.manaus.am.gov.br\/semed\/wp-content\/uploads\/sites\/3\/2024\/09\/RESOLUCAO_028_CME_20201.pdf\">RESOLUCAO_028_CME_2020<\/a><br>Credencia e Autoriza o Funcionamento de Curso&nbsp;da Escola Municipal Benjamim Matias Fernandes.<\/p>\n\n\n\n<p><a href=\"https:\/\/www.manaus.am.gov.br\/semed\/wp-content\/uploads\/sites\/3\/2024\/09\/RESOLUCAO_029_CME_20201.pdf\">RESOLUCAO_029_CME_2020<\/a><br>Credencia e Autoriza o Funcionamento de Curso&nbsp;da Escola Municipal Dom Milton Corr\u00eaa Pereira.<\/p>\n\n\n\n<p><a href=\"https:\/\/www.manaus.am.gov.br\/semed\/wp-content\/uploads\/sites\/3\/2024\/09\/RESOLUCAO_030_CME_20201.pdf\">RESOLUCAO_030_CME_2020<\/a><br>Credencia e Autoriza o Funcionamento de Curso&nbsp;da Escola Municipal Jos\u00e9 Augusto Roque da Cunha.<\/p>\n\n\n\n<p><a href=\"https:\/\/www.manaus.am.gov.br\/semed\/wp-content\/uploads\/sites\/3\/2024\/09\/RESOLUCAO_031_CME_20201.pdf\">RESOLUCAO_031_CME_2020<\/a><br>Credencia e Autoriza o Funcionamento de Curso&nbsp;da Escola Municipal Lucila Freitas.<\/p>\n\n\n\n<p><a href=\"https:\/\/www.manaus.am.gov.br\/semed\/wp-content\/uploads\/sites\/3\/2024\/09\/RESOLUCAO_032_CME_20201.pdf\">RESOLUCAO_032_CME_2020<\/a><br>Credencia e Autoriza o Funcionamento de Curso da Escola Municipal Madalena dos Santos Costa.<\/p>\n\n\n\n<p><a href=\"https:\/\/www.manaus.am.gov.br\/semed\/wp-content\/uploads\/sites\/3\/2024\/09\/RESOLUCAO_033_CME_20201.pdf\">RESOLUCAO_033_CME_2020<\/a><br>Credencia e Autoriza o Funcionamento de Curso&nbsp;da Escola Municipal Professora Maria Aim\u00ea Bezerra de Souza.<\/p>\n\n\n\n<p><a href=\"https:\/\/www.manaus.am.gov.br\/semed\/wp-content\/uploads\/sites\/3\/2024\/09\/RESOLUCAO_034_CME_20201.pdf\">RESOLUCAO_034_CME_2020<\/a><br>Credencia e Autoriza o Funcionamento de Curso&nbsp;da Escola Municipal Maria Pereira Campos.<\/p>\n\n\n\n<p><a href=\"https:\/\/www.manaus.am.gov.br\/semed\/wp-content\/uploads\/sites\/3\/2024\/09\/RESOLUCAO_035_CME_20201.pdf\">RESOLUCAO_035_CME_2020<\/a><br>Credencia e Autoriza o Funcionamento de Curso da Escola Municipal Nina de Ara\u00fajo Costa Lins.<\/p>\n\n\n\n<p><a href=\"https:\/\/www.manaus.am.gov.br\/semed\/wp-content\/uploads\/sites\/3\/2024\/09\/RESOLUCAO_036_CME_20201.pdf\">RESOLUCAO_036_CME_2020<\/a><br>Credencia e Autoriza o Funcionamento de Curso&nbsp;da Escola Municipal Professora Alexandrina Rodrigues Barros.<\/p>\n\n\n\n<p><a href=\"https:\/\/www.manaus.am.gov.br\/semed\/wp-content\/uploads\/sites\/3\/2024\/09\/RESOLUCAO_037_CME_20201.pdf\">RESOLUCAO_037_CME_2020<\/a><br>Credencia e Autoriza o Funcionamento de Curso&nbsp;da Escola Municipal&nbsp;Professora Ant\u00f4nia Pereira da Silva.<\/p>\n\n\n\n<p><a href=\"https:\/\/www.manaus.am.gov.br\/semed\/wp-content\/uploads\/sites\/3\/2024\/09\/RESOLUCAO_038_CME_20201.pdf\">RESOLUCAO_038_CME_2020<\/a><br>Credencia e Autoriza o Funcionamento de Curso&nbsp;da Escola Municipal Professora Dulcenides dos Santos Dias.<\/p>\n\n\n\n<p><a href=\"https:\/\/www.manaus.am.gov.br\/semed\/wp-content\/uploads\/sites\/3\/2024\/09\/RESOLUCAO_039_CME_20201.pdf\">RESOLUCAO_039_CME_2020<\/a><br>Credencia e Autoriza o Funcionamento de Curso&nbsp;da Escola Municipal&nbsp;Professora Rita de C\u00e1ssia Cassiano da Silva.<\/p>\n\n\n\n<p><a href=\"https:\/\/www.manaus.am.gov.br\/semed\/wp-content\/uploads\/sites\/3\/2024\/09\/RESOLUCAO_040_CME_20201.pdf\">RESOLUCAO_040_CME_2020<\/a><br>Credencia e Autoriza o Funcionamento de Curso&nbsp;da Escola Municipal Professora Rosina Ara\u00fajo Moura.<\/p>\n\n\n\n<p><a href=\"https:\/\/www.manaus.am.gov.br\/semed\/wp-content\/uploads\/sites\/3\/2024\/09\/RESOLUCAO_041_CME_20201.pdf\">RESOLUCAO_041_CME_2020<\/a><br>Credencia e Autoriza o Funcionamento de Curso&nbsp;da Escola Municipal Sara Barroso Cordeiro.<\/p>\n\n\n\n<p><a href=\"https:\/\/www.manaus.am.gov.br\/semed\/wp-content\/uploads\/sites\/3\/2024\/09\/RESOLUCAO_042_CME_20201.pdf\">RESOLUCAO_042_CME_2020<\/a><br>Credencia e Autoriza o Funcionamento de Curso&nbsp;da Escola Municipal Rubens Sverner.<\/p>\n\n\n\n<p><a href=\"https:\/\/www.manaus.am.gov.br\/semed\/wp-content\/uploads\/sites\/3\/2024\/09\/RESOLUCAO_043_CME_20201.pdf\">RESOLUCAO_043_CME_2020<\/a><br>Credencia e Autoriza o Funcionamento de Curso&nbsp;da Escola Municipal S\u00edria Mamed Amed Chagas.<\/p>\n\n\n\n<p><a href=\"https:\/\/www.manaus.am.gov.br\/semed\/wp-content\/uploads\/sites\/3\/2024\/09\/RESOLUCAO_044_CME_20201.pdf\">RESOLUCAO_044_CME_2020<\/a><br>Credencia e Autoriza o Funcionamento de Curso&nbsp;do Centro Municipal de Educa\u00e7\u00e3o Infantil Poeta \u00c1lvares de Azevedo.<\/p>\n\n\n\n<p><a href=\"https:\/\/www.manaus.am.gov.br\/semed\/wp-content\/uploads\/sites\/3\/2024\/09\/RESOLUCAO_045_CME_20201.pdf\">RESOLUCAO_045_CME_2020<\/a><br>Credencia e Autoriza o Funcionamento de Curso do Centro Municipal de Educa\u00e7\u00e3o Infantil Professor Caio Carlos Frota de Medeiros.<\/p>\n\n\n\n<p><a href=\"https:\/\/www.manaus.am.gov.br\/semed\/wp-content\/uploads\/sites\/3\/2024\/09\/RESOLUCAO_046_CME_20201.pdf\">RESOLUCAO_046_CME_2020<\/a><br>Aprova o documento Matriz de Refer\u00eancia Preliminar da Avalia\u00e7\u00e3o de Desempenho do Estudante (ADE), requerido pela Secretaria Municipal de Educa\u00e7\u00e3o de Manaus.<\/p>\n\n\n\n<p><a href=\"https:\/\/www.manaus.am.gov.br\/semed\/wp-content\/uploads\/sites\/3\/2024\/09\/RESOLUCAO_047_CME_20201.pdf\">RESOLUCAO_047_CME_2020<\/a><br>Credencia e Autoriza o Funcionamento de Curso da Escola Municipal Professora Dalvina Silva de Oliveira.<\/p>\n\n\n\n<p><a href=\"https:\/\/www.manaus.am.gov.br\/semed\/wp-content\/uploads\/sites\/3\/2024\/09\/RESOLUCAO_048_CME_20201.pdf\">RESOLUCAO_048_CME_2020<\/a><br>Credencia e Autoriza o Funcionamento de Curso da Escola Municipal da Ana Mota Braga.<\/p>\n\n\n\n<p><a href=\"https:\/\/www.manaus.am.gov.br\/semed\/wp-content\/uploads\/sites\/3\/2024\/09\/RESOLUCAO_049_CME_20201.pdf\">RESOLUCAO_049_CME_2020<\/a><br>Credencia e Autoriza o Funcionamento de Curso da Escola Municipal Luiz Jorge da Silva.<\/p>\n\n\n\n<p><a href=\"https:\/\/www.manaus.am.gov.br\/semed\/wp-content\/uploads\/sites\/3\/2024\/09\/RESOLUCAO_050_CME_20201.pdf\">RESOLUCAO_050_CME_2020<\/a><br>Credencia e Autoriza o Funcionamento de Curso&nbsp;do Centro Municipal de Educa\u00e7\u00e3o Infantil Professora Eunice Serrano.<\/p>\n\n\n\n<p><a href=\"https:\/\/www.manaus.am.gov.br\/semed\/wp-content\/uploads\/sites\/3\/2024\/09\/RESOLUCAO_051_CME_20201.pdf\">RESOLUCAO_051_CME_2020<\/a><br>Credencia e Autoriza o Funcionamento de Curso&nbsp;da Escola Municipal Desembargador Oyama Ituass\u00fa.<\/p>\n\n\n\n<p><a href=\"https:\/\/www.manaus.am.gov.br\/semed\/wp-content\/uploads\/sites\/3\/2024\/09\/RESOLUCAO_052_CME_20201.pdf\">RESOLUCAO_052_CME_2020<\/a><br>Credencia e Autoriza o Funcionamento de Curso&nbsp;da Escola Municipal Irm\u00e3 Dulce.<\/p>\n\n\n\n<p><a href=\"https:\/\/www.manaus.am.gov.br\/semed\/wp-content\/uploads\/sites\/3\/2024\/09\/RESOLUCAO_053_CME_20201.pdf\">RESOLUCAO_053_CME_2020<\/a><br>Credencia e Autoriza o Funcionamento de Curso&nbsp;da Escola Municipal Professora Isabel Vict\u00f3ria do Carmo Ribeiro.<\/p>\n\n\n\n<p><a href=\"https:\/\/www.manaus.am.gov.br\/semed\/wp-content\/uploads\/sites\/3\/2024\/09\/RESOLUCAO_054_CME_20201.pdf\">RESOLUCAO_054_CME_2020<\/a><br>Credencia e Autoriza o Funcionamento de Curso&nbsp;do Centro Municipal de Educa\u00e7\u00e3o Infantil Professora Maria Raimunda.<\/p>\n\n\n\n<p><a href=\"https:\/\/www.manaus.am.gov.br\/semed\/wp-content\/uploads\/sites\/3\/2024\/09\/RESOLUCAO_055_CME_20201.pdf\">RESOLUCAO_055_CME_2020<\/a><br>Credencia e Autoriza o Funcionamento de Curso&nbsp;do Centro Municipal de Educa\u00e7\u00e3o Infantil Doutor Manuel Bastos Lira,<\/p>\n\n\n\n<p><a href=\"https:\/\/www.manaus.am.gov.br\/semed\/wp-content\/uploads\/sites\/3\/2024\/09\/RESOLUCAO_056_CME_20201.pdf\">RESOLUCAO_056_CME_2020<\/a><br>Credencia e Autoriza o Funcionamento de Curso&nbsp;do Centro Municipal de Educa\u00e7\u00e3o Infantil Maria de Lourdes Braga.<\/p>\n\n\n\n<p><a href=\"https:\/\/www.manaus.am.gov.br\/semed\/wp-content\/uploads\/sites\/3\/2024\/09\/RESOLUCAO_057_CME_20201.pdf\">RESOLUCAO_057_CME_2020<\/a><br>Credencia e Autoriza o Funcionamento de Curso&nbsp;do Centro Municipal de Educa\u00e7\u00e3o Infantil Professor Doutor Felix Valois Coelho.<\/p>\n\n\n\n<p><a href=\"https:\/\/www.manaus.am.gov.br\/semed\/wp-content\/uploads\/sites\/3\/2024\/09\/RESOLUCAO_058_CME_20201.pdf\">RESOLUCAO_058_CME_2020<\/a><br>Credencia e Autoriza o Funcionamento de Curso&nbsp;da Escola Municipal Engenheiro Jo\u00e3o Alberto Menezes Braga.<\/p>\n\n\n\n<p><a href=\"https:\/\/www.manaus.am.gov.br\/semed\/wp-content\/uploads\/sites\/3\/2024\/09\/RESOLUCAO_059_CME_20201.pdf\">RESOLUCAO_059_CME_2020<\/a><br>Credencia e Autoriza o Funcionamento de Curso&nbsp;da Escola Municipal Professor Sebasti\u00e3o Augusto Loureiro Filho.<\/p>\n\n\n\n<p><a href=\"https:\/\/www.manaus.am.gov.br\/semed\/wp-content\/uploads\/sites\/3\/2024\/09\/RESOLUCAO_060_CME_20201.pdf\">RESOLUCAO_060_CME_2020<\/a><br>Credencia e Autoriza o Funcionamento de Curso&nbsp;da Escola Municipal Vin\u00edcius de Moraes.<\/p>\n\n\n\n<p><a href=\"https:\/\/www.manaus.am.gov.br\/semed\/wp-content\/uploads\/sites\/3\/2024\/09\/RESOLUCAO_061_CME_20201.pdf\">RESOLUCAO_061_CME_2020<\/a><br>Credencia e Autoriza o Funcionamento de Curso&nbsp;do Centro Municipal de Educa\u00e7\u00e3o Infantil Violeta Branca Menescal de Oliveira.<\/p>\n\n\n\n<p><a href=\"https:\/\/www.manaus.am.gov.br\/semed\/wp-content\/uploads\/sites\/3\/2024\/09\/RESOLUCAO_062_CME_20201.pdf\">RESOLUCAO_062_CME_2020<\/a><br>Credencia e Autoriza o Funcionamento de Curso do Centro Municipal de Educa\u00e7\u00e3o Infantil Eliakin Rufino.<\/p>\n\n\n\n<p><a href=\"https:\/\/www.manaus.am.gov.br\/semed\/wp-content\/uploads\/sites\/3\/2024\/09\/RESOLUCAO_063_CME_20201.pdf\">RESOLUCAO_063_CME_2020<\/a><br>Credencia e Autoriza o Funcionamento de Curso da Creche Municipal Professora Luzenir Farias Lopes.<\/p>\n\n\n\n<p><a href=\"https:\/\/www.manaus.am.gov.br\/semed\/wp-content\/uploads\/sites\/3\/2024\/09\/RESOLUCAO_064_CME_20201.pdf\">RESOLUCAO_064_CME_2020<\/a><br>Credencia e Autoriza o Funcionamento de Curso da Escola Municipal Roberto Ruiz Hernandez.<\/p>\n\n\n\n<p><a href=\"https:\/\/www.manaus.am.gov.br\/semed\/wp-content\/uploads\/sites\/3\/2024\/09\/RESOLUCAO_065_CME_20201.pdf\">RESOLUCAO_065_CME_2020<\/a><br>Credencia e Autoriza o Funcionamento de Curso da Escola Municipal Zilda Arns Neumann.<\/p>\n\n\n\n<p><a href=\"https:\/\/www.manaus.am.gov.br\/semed\/wp-content\/uploads\/sites\/3\/2024\/09\/RESOLUCAO_066_CME_20201.pdf\">RESOLUCAO_066_CME_2020<\/a><br>Credencia e Autoriza o Funcionamento de Curso da Escola Municipal Jorge de Rezende Sobrinho.<\/p>\n\n\n\n<p><a href=\"https:\/\/www.manaus.am.gov.br\/semed\/wp-content\/uploads\/sites\/3\/2024\/09\/RESOLUCAO_067_CME_20201.pdf\">RESOLUCAO_067_CME_2020<\/a><br>Credencia e Autoriza o Funcionamento de Curso&nbsp;da Escola Municipal Professora Graciele Fernandes Zany.<\/p>\n\n\n\n<p><a href=\"https:\/\/www.manaus.am.gov.br\/semed\/wp-content\/uploads\/sites\/3\/2024\/09\/RESOLUCAO_068_CME_20201.pdf\">RESOLUCAO_068_CME_2020<\/a><br>Credencia e Autoriza o Funcionamento de Curso do Centro Municipal de Educa\u00e7\u00e3o Infantil Dom Bosco.<\/p>\n\n\n\n<p><a href=\"https:\/\/www.manaus.am.gov.br\/semed\/wp-content\/uploads\/sites\/3\/2024\/09\/RESOLUCAO_069_CME_20201.pdf\">RESOLUCAO_069_CME_2020<\/a><br>Renova a Autoriza\u00e7\u00e3o de Funcionamento do Centro Educacional Recanto dos Anjos.<\/p>\n\n\n\n<p><a href=\"https:\/\/www.manaus.am.gov.br\/semed\/wp-content\/uploads\/sites\/3\/2024\/09\/RESOLUCAO_070_CME_20201.pdf\">RESOLUCAO_070_CME_2020<\/a><br>Credencia e Autoriza o Funcionamento de Curso da Escola Municipal Paulo Freire.<\/p>\n\n\n\n<p><a href=\"https:\/\/www.manaus.am.gov.br\/semed\/wp-content\/uploads\/sites\/3\/2024\/09\/RESOLUCAO_071_CME_20201.pdf\">RESOLUCAO_071_CME_2020<\/a><br>Credencia e Autoriza o Funcionamento de Curso&nbsp;da Escola Municipal Poeta Jo\u00e3o Cabral de Melo Neto.<\/p>\n\n\n\n<p><a href=\"https:\/\/www.manaus.am.gov.br\/semed\/wp-content\/uploads\/sites\/3\/2024\/09\/RESOLUCAO_072_CME_20201.pdf\">RESOLUCAO_072_CME_2020<\/a><br>Credencia e Autoriza o Funcionamento de Curso&nbsp;da Escola Municipal Hahnemann Bacelar.<\/p>\n\n\n\n<p><a href=\"https:\/\/www.manaus.am.gov.br\/semed\/wp-content\/uploads\/sites\/3\/2024\/09\/RESOLUCAO_073_CME_20201.pdf\">RESOLUCAO_073_CME_2020<\/a><br>Credencia e Autoriza o Funcionamento de Curso da Escola Municipal Vicente Cruz.<\/p>\n\n\n\n<p><a href=\"https:\/\/www.manaus.am.gov.br\/semed\/wp-content\/uploads\/sites\/3\/2024\/09\/RESOLUCAO_074_CME_20201.pdf\">RESOLUCAO_074_CME_2020<\/a><br>Credencia e Autoriza o Funcionamento de Curso da Escola Municipal Maria do Carmo Rebello de Souza.<\/p>\n\n\n\n<p><a href=\"https:\/\/www.manaus.am.gov.br\/semed\/wp-content\/uploads\/sites\/3\/2024\/09\/RESOLUCAO_075_CME_20201.pdf\">RESOLUCAO_075_CME_2020<\/a><br>Credencia e Autoriza o Funcionamento de Curso do Centro Municipal de Educa\u00e7\u00e3o Infantil Francisco Pereira da Silva.<\/p>\n\n\n\n<p><a href=\"https:\/\/www.manaus.am.gov.br\/semed\/wp-content\/uploads\/sites\/3\/2024\/09\/RESOLUCAO_076_CME_20201.pdf\">RESOLUCAO_076_CME_2020<\/a><br>Credencia e Autoriza o Funcionamento de Curso do Centro Municipal de Educa\u00e7\u00e3o Infantil Gustavo Capanema.<\/p>\n\n\n\n<p><a href=\"https:\/\/www.manaus.am.gov.br\/semed\/wp-content\/uploads\/sites\/3\/2024\/09\/RESOLUCAO_077_CME_20201.pdf\">RESOLUCAO_077_CME_2020<\/a><br>Credencia e Autoriza o Funcionamento de Curso do Centro Municipal de Educa\u00e7\u00e3o Infantil Jo\u00e3o Barbosa.<\/p>\n\n\n\n<p><a href=\"https:\/\/www.manaus.am.gov.br\/semed\/wp-content\/uploads\/sites\/3\/2024\/09\/RESOLUCAO_078_CME_20201.pdf\">RESOLUCAO_078_CME_2020<\/a><br>Aprova a Reorganiza\u00e7\u00e3o dos Calend\u00e1rios Escolares da Rede Municipal de Ensino de Manaus, em raz\u00e3o da Pandemia.<\/p>\n\n\n\n<p><a href=\"https:\/\/www.manaus.am.gov.br\/semed\/wp-content\/uploads\/sites\/3\/2024\/09\/RESOLUCAO_079_CME_20201.pdf\">RESOLUCAO_079_CME_2020<\/a><br>Credencia e Autoriza o Funcionamento de Curso do Centro Municipal de Educa\u00e7\u00e3o Infantil Professor Jos\u00e9 \u00c9rico Pereira de Souza.<\/p>\n\n\n\n<p><a href=\"https:\/\/www.manaus.am.gov.br\/semed\/wp-content\/uploads\/sites\/3\/2024\/09\/RESOLUCAO_-080_CME_20201.pdf\">RESOLUCAO_ 080_CME_2020<\/a><br>Credencia e Autoriza o Funcionamento de Curso&nbsp;da Escola Municipal Escritor \u00c9rico Ver\u00edssimo.<\/p>\n\n\n\n<p><a href=\"https:\/\/www.manaus.am.gov.br\/semed\/wp-content\/uploads\/sites\/3\/2024\/09\/RESOLUCAO_081_CME_20201.pdf\">RESOLUCAO_081_CME_2020<\/a><br>Credencia e Autoriza o Funcionamento de Curso&nbsp;da Escola Municipal Djalma Passos.<\/p>\n\n\n\n<p><a href=\"https:\/\/www.manaus.am.gov.br\/semed\/wp-content\/uploads\/sites\/3\/2024\/09\/RESOLUCAO_082_CME_20201.pdf\">RESOLUCAO_082_CME_2020<\/a><br>Credencia e Autoriza o Funcionamento de Curso da Creche Municipal Professora Eliana de Freitas Moraes.<\/p>\n\n\n\n<p><a href=\"https:\/\/www.manaus.am.gov.br\/semed\/wp-content\/uploads\/sites\/3\/2024\/09\/RESOLUCAO_083_CME_20201.pdf\">RESOLUCAO_083_CME_2020<\/a><br>Credencia e Autoriza o Funcionamento de Curso do Centro de Educa\u00e7\u00e3o Meu Caminho Baby.<\/p>\n\n\n\n<p><a href=\"https:\/\/www.manaus.am.gov.br\/semed\/wp-content\/uploads\/sites\/3\/2024\/09\/RESOLUCAO_084_CME_20201.pdf\">RESOLUCAO_084_CME_2020<\/a><br>Credencia e Autoriza o Funcionamento de Curso do Centro Municipal de Educa\u00e7\u00e3o Infantil Professora Rosira dos Santos Monteiro.<\/p>\n\n\n\n<p><a href=\"https:\/\/www.manaus.am.gov.br\/semed\/wp-content\/uploads\/sites\/3\/2024\/09\/RESOLUCAO_085_CME_20201.pdf\">RESOLUCAO_085_CME_2020<\/a><br>Credencia e Autoriza o Funcionamento de Curso do Centro Municipal de Educa\u00e7\u00e3o Infantil Fl\u00e1vio Emanuel do Esp\u00edrito Santo J\u00fanior.<\/p>\n\n\n\n<p><a href=\"https:\/\/www.manaus.am.gov.br\/semed\/wp-content\/uploads\/sites\/3\/2024\/09\/RESOLUCAO_086_CME_20201.pdf\">RESOLUCAO_086_CME_2020<\/a><br>Credencia e Autoriza o Funcionamento de Curso&nbsp;da Escola Municipal Professora Ivone Maria Barbosa e Silva.<\/p>\n\n\n\n<p><a href=\"https:\/\/www.manaus.am.gov.br\/semed\/wp-content\/uploads\/sites\/3\/2024\/09\/RESOLUCAO_087_CME_20201.pdf\">RESOLUCAO_087_CME_2020<\/a><br><a href=\"https:\/\/www.manaus.am.gov.br\/semed\/wp-content\/uploads\/sites\/3\/2024\/09\/RESOLUCAO_087_CME_2020_ERRATA1.pdf\">RESOLUCAO_087_CME_2020_ERRATA<\/a><br>Credencia e Autoriza o Funcionamento de Curso do Centro Municipal de Educa\u00e7\u00e3o Infantil Maria da F\u00e9 Xerez Anzoategui.<\/p>\n\n\n\n<p><a href=\"https:\/\/www.manaus.am.gov.br\/semed\/wp-content\/uploads\/sites\/3\/2024\/09\/RESOLUCAO_088_CME_20201.pdf\">RESOLUCAO_088_CME_2020<\/a><br>Credencia e Autoriza o Funcionamento de Curso&nbsp;da Escola Municipal S\u00e3o Benedito.<\/p>\n\n\n\n<p><a href=\"https:\/\/www.manaus.am.gov.br\/semed\/wp-content\/uploads\/sites\/3\/2024\/09\/RESOLUCAO_089_CME_20201.pdf\">RESOLUCAO_089_CME_2020<\/a><br>Credencia e Autoriza o Funcionamento de Curso do Centro Municipal de Educa\u00e7\u00e3o Infantil Professora Santina Castro Pereira.<\/p>\n\n\n\n<p><a href=\"https:\/\/www.manaus.am.gov.br\/semed\/wp-content\/uploads\/sites\/3\/2024\/09\/RESOLUCAO_090_CME_20201.pdf\">RESOLUCAO_090_CME_2020<\/a><br>Credencia e Autoriza o Funcionamento de Curso do Centro Municipal de Educa\u00e7\u00e3o Infantil Maestro Dirson Costa.<\/p>\n\n\n\n<p><a href=\"https:\/\/www.manaus.am.gov.br\/semed\/wp-content\/uploads\/sites\/3\/2024\/09\/RESOLUCAO_091_CME_20201.pdf\">RESOLUCAO_091_CME_2020<\/a><br>Estabelece orienta\u00e7\u00f5es para inclus\u00e3o da tem\u00e1tica da Educa\u00e7\u00e3o para as Rela\u00e7\u00f5es \u00c9tnico-raciais, Diversidade Sexual e G\u00eanero e Diversidade Religiosa na elabora\u00e7\u00e3o, reelabora\u00e7\u00e3o e implementa\u00e7\u00e3o de sua Proposta Curricular, Proposta Pedag\u00f3gica e do Projeto Pol\u00edtico Pedag\u00f3gico, no Sistema Municipal de Ensino.<\/p>\n\n\n\n<p><a href=\"https:\/\/www.manaus.am.gov.br\/semed\/wp-content\/uploads\/sites\/3\/2024\/09\/RESOLUCAO_092_CME_20201.pdf\">RESOLUCAO_092_CME_2020<\/a><br>Credencia e Autoriza o Funcionamento de Curso do Centro Educacional de Educa\u00e7\u00e3o Infantil Juracy Freitas Maciel.<\/p>\n\n\n\n<p><a href=\"https:\/\/www.manaus.am.gov.br\/semed\/wp-content\/uploads\/sites\/3\/2024\/09\/RESOLUCAO_093_CME_20201.pdf\">RESOLUCAO_093_CME_2020<\/a><br>Credencia e Autoriza o Funcionamento de Curso&nbsp;da Escola Municipal Ant\u00edsthenes de Oliveira Pinto.<\/p>\n\n\n\n<p><a href=\"https:\/\/www.manaus.am.gov.br\/semed\/wp-content\/uploads\/sites\/3\/2024\/09\/RESOLUCAO_094_CME_20201.pdf\">RESOLUCAO_094_CME_2020<\/a><br>Credencia e Autoriza o Funcionamento de Curso&nbsp;da Escola Municipal Raul de Queiroz de Menezes Veiga.<\/p>\n\n\n\n<p><a href=\"https:\/\/www.manaus.am.gov.br\/semed\/wp-content\/uploads\/sites\/3\/2024\/09\/RESOLUCAO_095_CME_20201.pdf\">RESOLUCAO_095_CME_2020<\/a><br>Credencia e Autoriza o Funcionamento de Curso&nbsp;da Escola Municipal Poeta M\u00e1rio de Miranda Quintana.<\/p>\n\n\n\n<p><a href=\"https:\/\/www.manaus.am.gov.br\/semed\/wp-content\/uploads\/sites\/3\/2024\/09\/RESOLUCAO_-096_CME_20201.pdf\">RESOLUCAO_ 096_CME_2020<\/a><br>Credencia e Autoriza o Funcionamento de Curso&nbsp;da Escola Municipal Miguel Arraes de Alencar.<\/p>\n\n\n\n<p><a href=\"https:\/\/www.manaus.am.gov.br\/semed\/wp-content\/uploads\/sites\/3\/2024\/09\/RESOLUCAO_097_CME_20201.pdf\">RESOLUCAO_097_CME_2020<\/a><br>Credencia e Autoriza o Funcionamento de Curso&nbsp;da Escola Municipal Senador Darcy Ribeiro.<\/p>\n\n\n\n<p><a href=\"https:\/\/www.manaus.am.gov.br\/semed\/wp-content\/uploads\/sites\/3\/2024\/09\/RESOLUCAO_098_CME_20201.pdf\">RESOLUCAO_098_CME_2020<\/a><br>Credencia e Autoriza o Funcionamento de Curso&nbsp;da Escola Municipal Maria Lena de Souza Alc\u00e2ntara.<\/p>\n\n\n\n<p><a href=\"https:\/\/www.manaus.am.gov.br\/semed\/wp-content\/uploads\/sites\/3\/2024\/09\/RESOLUCAO_099_CME_20201.pdf\">RESOLUCAO_099_CME_2020<\/a><br>Credencia e Autoriza o Funcionamento de Curso&nbsp;da Escola Municipal Professor Paulo Gra\u00e7a.<\/p>\n\n\n\n<p><a href=\"https:\/\/www.manaus.am.gov.br\/semed\/wp-content\/uploads\/sites\/3\/2024\/09\/RESOLUCAO_100_CME_20201.pdf\">RESOLUCAO_100_CME_2020<\/a><br>Credencia e Autoriza o Funcionamento de Curso&nbsp;da Escola Municipal&nbsp;Almeron Caminha Monteiro.<\/p>\n\n\n\n<p><a href=\"https:\/\/www.manaus.am.gov.br\/semed\/wp-content\/uploads\/sites\/3\/2024\/09\/RESOLUCAO_101_CME_20201.pdf\">RESOLUCAO_101_CME_2020<\/a><br>Credencia e Autoriza o Funcionamento de Curso&nbsp;da Creche Municipal Magdalena Arce Daou.<\/p>\n\n\n\n<p><a href=\"https:\/\/www.manaus.am.gov.br\/semed\/wp-content\/uploads\/sites\/3\/2024\/09\/RESOLUCAO_102_CME_20201.pdf\">RESOLUCAO_102_CME_2020<\/a><br>Credencia e Autoriza o Funcionamento de Curso da Escola Municipal S\u00e3o Vicente de Paula.<\/p>\n\n\n\n<p><a href=\"https:\/\/www.manaus.am.gov.br\/semed\/wp-content\/uploads\/sites\/3\/2024\/09\/RESOLUCAO_103_CME_20201.pdf\">RESOLUCAO_103_CME_2020<\/a><br>Credencia e Autoriza o Funcionamento de Curso do Centro Municipal de Educa\u00e7\u00e3o Infantil Doutor Fernando Trigueiro.<\/p>\n\n\n\n<p><a href=\"https:\/\/www.manaus.am.gov.br\/semed\/wp-content\/uploads\/sites\/3\/2024\/09\/RESOLUCAO_104_CME_20201.pdf\">RESOLUCAO_104_CME_2020<\/a><br>Credencia e Autoriza o Funcionamento de Curso&nbsp;da Escola Municipal Professor Rubem da Silva Peixoto.<\/p>\n\n\n\n<p><a href=\"https:\/\/www.manaus.am.gov.br\/semed\/wp-content\/uploads\/sites\/3\/2024\/09\/RESOLUCAO_105_CME_20201.pdf\">RESOLUCAO_105_CME_2020<\/a><br><a href=\"https:\/\/www.manaus.am.gov.br\/semed\/wp-content\/uploads\/sites\/3\/2024\/09\/RESOLUCAO_105_CME_2020_ERRATA1.pdf\">RESOLUCAO_105_CME_2020_ERRATA<\/a><br>Credencia e Autoriza o Funcionamento de Curso&nbsp;da Escola Municipal Professora Aribaldina de Lima Brito.<\/p>\n\n\n\n<p><a href=\"https:\/\/www.manaus.am.gov.br\/semed\/wp-content\/uploads\/sites\/3\/2024\/09\/RESOLUCAO_106_CME_20201.pdf\">RESOLUCAO_106_CME_2020<\/a><br>Credencia e Autoriza o Funcionamento de Curso do Centro Municipal de Educa\u00e7\u00e3o Infantil Professora Adelaide Bessa Wanderley.<\/p>\n\n\n\n<p><a href=\"https:\/\/www.manaus.am.gov.br\/semed\/wp-content\/uploads\/sites\/3\/2024\/09\/RESOLUCAO_107_CME_20201.pdf\">RESOLUCAO_107_CME_2020<\/a><br>Credencia e Autoriza o Funcionamento de Curso&nbsp;da Escola Municipal Professora Zenir Pinto Pedroso.<\/p>\n\n\n\n<p><a href=\"https:\/\/www.manaus.am.gov.br\/semed\/wp-content\/uploads\/sites\/3\/2024\/09\/RESOLUCAO_108_CME_20201.pdf\">RESOLUCAO_108_CME_2020<\/a><br>Credencia e Autoriza o Funcionamento de Curso&nbsp;da Escola Municipal Arthur Engr\u00e1cio da Silva.<\/p>\n\n\n\n<p><a href=\"https:\/\/www.manaus.am.gov.br\/semed\/wp-content\/uploads\/sites\/3\/2024\/09\/RESOLUCAO_109_CME_20201.pdf\">RESOLUCAO_109_CME_2020<\/a><br>Credencia e Autoriza o Funcionamento de Curso&nbsp;da Escola Municipal Violeta de Mattos Areosa.<\/p>\n\n\n\n<p><a href=\"https:\/\/www.manaus.am.gov.br\/semed\/wp-content\/uploads\/sites\/3\/2024\/09\/RESOLUCAO_110_CME_20201.pdf\">RESOLUCAO_110_CME_2020<\/a><br>Credencia e Autoriza o Funcionamento de Curso&nbsp;da Escola Municipal Professora Genilda Martins Pereira.<\/p>\n\n\n\n<p><a href=\"https:\/\/www.manaus.am.gov.br\/semed\/wp-content\/uploads\/sites\/3\/2024\/09\/RESOLUCAO_111_CME_20201.pdf\">RESOLUCAO_111_CME_2020<\/a><br>Credencia e Autoriza o Funcionamento de Curso do Centro Municipal de Educa\u00e7\u00e3o Infantil Maria Em\u00edlia Mestrinho.<\/p>\n\n\n\n<p><a href=\"https:\/\/www.manaus.am.gov.br\/semed\/wp-content\/uploads\/sites\/3\/2024\/09\/RESOLUCAO_112_CME_20201.pdf\">RESOLUCAO_112_CME_2020<\/a><br>Credencia e Autoriza o Funcionamento de Curso do Centro Municipal de Educa\u00e7\u00e3o Infantil Mariete Carneiro da Silva.<\/p>\n\n\n\n<p><a href=\"https:\/\/www.manaus.am.gov.br\/semed\/wp-content\/uploads\/sites\/3\/2024\/09\/RESOLUCAO_113_CME_20201.pdf\">RESOLUCAO_113_CME_2020<\/a><br>Credencia e Autoriza o Funcionamento de Curso&nbsp;da Escola Municipal Am\u00e9rico Gosztonyi.<\/p>\n\n\n\n<p><a href=\"https:\/\/www.manaus.am.gov.br\/semed\/wp-content\/uploads\/sites\/3\/2024\/09\/RESOLUCAO_114_CME_20201.pdf\">RESOLUCAO_114_CME_2020<\/a><br>Credencia e Autoriza o Funcionamento de Curso&nbsp;da Escola Municipal Vicente Mendon\u00e7a Junior.<\/p>\n\n\n\n<p><a href=\"https:\/\/www.manaus.am.gov.br\/semed\/wp-content\/uploads\/sites\/3\/2024\/09\/RESOLUCAO_115_CME_20201.pdf\">RESOLUCAO_115_CME_2020<\/a><br>Credencia e Autoriza o Funcionamento de Curso&nbsp;da Escola Municipal Professora Eliana Socorro Pacheco Braga de Souza.<\/p>\n\n\n\n<p><a href=\"https:\/\/www.manaus.am.gov.br\/semed\/wp-content\/uploads\/sites\/3\/2024\/09\/RESOLUCAO_116_CME_20201.pdf\">RESOLUCAO_116_CME_2020<\/a><br>Credencia e Autoriza o Funcionamento de Curso&nbsp;da Escola Municipal S\u00e3o Sebasti\u00e3o.<\/p>\n\n\n\n<p><a href=\"https:\/\/www.manaus.am.gov.br\/semed\/wp-content\/uploads\/sites\/3\/2024\/09\/RESOLUCAO_117_CME_20201.pdf\">RESOLUCAO_117_CME_2020<\/a><br>Credencia e Autoriza o Funcionamento de Curso&nbsp;da Escola Municipal Escritora Z\u00e9lia Gattai.<\/p>\n\n\n\n<p><a href=\"https:\/\/www.manaus.am.gov.br\/semed\/wp-content\/uploads\/sites\/3\/2024\/09\/RESOLUCAO_118_CME_20201.pdf\">RESOLUCAO_118_CME_2020<\/a><br>Credencia e Autoriza o Funcionamento de Curso do Centro Municipal de Educa\u00e7\u00e3o Infantil Professora \u00c2ngela Maria Honorato da Costa.<\/p>\n\n\n\n<p><a href=\"https:\/\/www.manaus.am.gov.br\/semed\/wp-content\/uploads\/sites\/3\/2024\/09\/RESOLUCAO_119_CME_20201.pdf\">RESOLUCAO_119_CME_2020<\/a><br>Credencia e Autoriza o Funcionamento de Curso do Centro Municipal de Educa\u00e7\u00e3o Infantil Professora Ducin\u00e9ia Tinoco dos Santos Lucas.<\/p>\n\n\n\n<p><a href=\"https:\/\/www.manaus.am.gov.br\/semed\/wp-content\/uploads\/sites\/3\/2024\/09\/RESOLUCAO_120_CME_20201.pdf\">RESOLUCAO_120_CME_2020<\/a><br>Renova a Autoriza\u00e7\u00e3o de Funcionamento do Centro Educacional Heran\u00e7a do Senhor.<\/p>\n\n\n\n<p><a href=\"https:\/\/www.manaus.am.gov.br\/semed\/wp-content\/uploads\/sites\/3\/2024\/09\/RESOLUCAO_121_CME_20201.pdf\">RESOLUCAO_121_CME_2020<\/a><br>Credencia e Autoriza o Funcionamento do Centro Educacional Space Kids.<\/p>\n\n\n\n<p><a href=\"https:\/\/www.manaus.am.gov.br\/semed\/wp-content\/uploads\/sites\/3\/2024\/09\/RESOLUCAO_122_CME_20201.pdf\">RESOLUCAO_122_CME_2020<\/a><br>Credencia e Autoriza o Funcionamento do Centro Integrado de Educa\u00e7\u00e3o Aprender \u2013 CIEA.<\/p>\n\n\n\n<p><a href=\"https:\/\/www.manaus.am.gov.br\/semed\/wp-content\/uploads\/sites\/3\/2024\/09\/RESOLUCAO_123_CME_20201.pdf\">RESOLUCAO_123_CME_2020<\/a><br>Credencia e Autoriza o Funcionamento de Curso&nbsp;da Escola Municipal Governador Pl\u00ednio Ramos Coelho.<\/p>\n\n\n\n<p><a href=\"https:\/\/www.manaus.am.gov.br\/semed\/wp-content\/uploads\/sites\/3\/2024\/09\/RESOLUCAO_124_CME_20201.pdf\">RESOLUCAO_124_CME_2020<\/a><br>Credencia e Autoriza o Funcionamento de Curso&nbsp;da Escola Municipal Professora Zenaira Bentes Monteiro Pastor.<\/p>\n\n\n\n<p><a href=\"https:\/\/www.manaus.am.gov.br\/semed\/wp-content\/uploads\/sites\/3\/2024\/09\/RESOLUCAO_125_CME_20201.pdf\">RESOLUCAO_125_CME_2020<\/a><br>Credencia e Autoriza o Funcionamento de Curso da Escola Municipal Moacir Elias de Ara\u00fajo.<\/p>\n\n\n\n<p><a href=\"https:\/\/www.manaus.am.gov.br\/semed\/wp-content\/uploads\/sites\/3\/2024\/09\/RESOLUCAO_126_CME_20201.pdf\">RESOLUCAO_126_CME_2020<\/a><br>Credencia e Autoriza o Funcionamento de Curso da Escola Municipal Doutor Paulo Pinto Nery.<\/p>\n\n\n\n<p><a href=\"https:\/\/www.manaus.am.gov.br\/semed\/wp-content\/uploads\/sites\/3\/2024\/09\/RESOLUCAO_127_CME_2020-11.pdf\">RESOLUCAO_127_CME_2020<\/a><br>Credencia e Autoriza o Funcionamento de Curso da Escola Municipal Nossa Senhora da Paz.<\/p>\n\n\n\n<p><a href=\"https:\/\/www.manaus.am.gov.br\/semed\/wp-content\/uploads\/sites\/3\/2024\/09\/RESOLUCAO_128_CME_20201.pdf\">RESOLUCAO_128_CME_2020<\/a><br>Credencia e Autoriza o Funcionamento de Curso&nbsp;da Escola Municipal Doutor Aderson Pereira Dutra.<\/p>\n\n\n\n<p><a href=\"https:\/\/www.manaus.am.gov.br\/semed\/wp-content\/uploads\/sites\/3\/2024\/09\/RESOLUCAO_129_CME_20201.pdf\">RESOLUCAO_129_CME_2020<\/a><br>Credencia e Autoriza o Funcionamento de Curso do Centro Municipal de Educa\u00e7\u00e3o Infantil Professora Rossana da Silva Gadelha.<\/p>\n\n\n\n<p><a href=\"https:\/\/www.manaus.am.gov.br\/semed\/wp-content\/uploads\/sites\/3\/2024\/09\/RESOLUCAO_130_CME_20201.pdf\">RESOLUCAO_130_CME_2020<\/a><br>Credencia e Autoriza o Funcionamento de Curso&nbsp;da Escola Municipal L\u00f3ris Cordovil.<\/p>\n\n\n\n<p><a href=\"https:\/\/www.manaus.am.gov.br\/semed\/wp-content\/uploads\/sites\/3\/2024\/09\/RESOLUCAO_131_CME_20201.pdf\">RESOLUCAO_131_CME_2020<\/a><br>Credencia e Autoriza o Funcionamento de Curso&nbsp;da Escola Municipal Nossa Senhora das Gra\u00e7as.<\/p>\n\n\n\n<p><a href=\"https:\/\/www.manaus.am.gov.br\/semed\/wp-content\/uploads\/sites\/3\/2024\/09\/RESOLUCAO_132_CME_20201.pdf\">RESOLUCAO_132_CME_2020<\/a><br>Credencia e Autoriza o Funcionamento de Curso&nbsp;da Escola Municipal M\u00e1rio de Andrade.<\/p>\n\n\n\n<p><a href=\"https:\/\/www.manaus.am.gov.br\/semed\/wp-content\/uploads\/sites\/3\/2024\/09\/RESOLUCAO_133_CME_20201.pdf\">RESOLUCAO_133_CME_2020<\/a><br>Credencia e Autoriza o Funcionamento de Curso&nbsp;da Escola Municipal Nossa Senhora Aparecida.<\/p>\n\n\n\n<p><a href=\"https:\/\/www.manaus.am.gov.br\/semed\/wp-content\/uploads\/sites\/3\/2024\/09\/RESOLUCAO_134_CME_20201.pdf\">RESOLUCAO_134_CME_2020<\/a><br>Credencia e Autoriza o Funcionamento de Curso da Creche Municipal Maria Luiza da Concei\u00e7\u00e3o Silva.<\/p>\n\n\n\n<p><a href=\"https:\/\/www.manaus.am.gov.br\/semed\/wp-content\/uploads\/sites\/3\/2024\/09\/RESOLUCAO_135_CME_20201.pdf\">RESOLUCAO_135_CME_2020<\/a><br>Credencia e Autoriza o Funcionamento de Curso&nbsp;da Escola Municipal Pintora Tarsila do Amaral.<\/p>\n\n\n\n<p><a href=\"https:\/\/www.manaus.am.gov.br\/semed\/wp-content\/uploads\/sites\/3\/2024\/09\/RESOLUCAO_136_CME_20201.pdf\">RESOLUCAO_136_CME_2020<\/a><br>Credencia e Autoriza o Funcionamento de Curso do Centro Municipal de Educa\u00e7\u00e3o Infantil Santa Terezinha do Menino Jesus.<\/p>\n\n\n\n<p><a href=\"https:\/\/www.manaus.am.gov.br\/semed\/wp-content\/uploads\/sites\/3\/2024\/09\/RESOLUCAO_137_CME_20201.pdf\">RESOLUCAO_137_CME_2020<\/a><br>Credencia e Autoriza o Funcionamento de Curso do Centro Municipal de Educa\u00e7\u00e3o Infantil Tancredo Neves.<\/p>\n\n\n\n<p><a href=\"https:\/\/www.manaus.am.gov.br\/semed\/wp-content\/uploads\/sites\/3\/2024\/09\/RESOLUCAO_138_CME_20201.pdf\">RESOLUCAO_138_CME_2020<\/a><br>Credencia e Autoriza o Funcionamento de Curso&nbsp;da Escola Municipal Jos\u00e9 Garcia Rodrigues.<\/p>\n\n\n\n<p><a href=\"https:\/\/www.manaus.am.gov.br\/semed\/wp-content\/uploads\/sites\/3\/2024\/09\/RESOLUCAO_139_CME_20201.pdf\">RESOLUCAO_139_CME_2020<\/a><br>Credencia e Autoriza o Funcionamento de Curso&nbsp;da Escola Municipal Professora Raimunda Nonata Maciel.<\/p>\n\n\n\n<p><a href=\"https:\/\/www.manaus.am.gov.br\/semed\/wp-content\/uploads\/sites\/3\/2024\/09\/RESOLUCAO_140_CME_20201.pdf\">RESOLUCAO_140_CME_2020<\/a><br>Credencia e Autoriza o Funcionamento de Curso&nbsp;da Escola Municipal Doutor Olavo das Neves.<\/p>\n\n\n\n<p><a href=\"https:\/\/www.manaus.am.gov.br\/semed\/wp-content\/uploads\/sites\/3\/2024\/09\/RESOLUCAO_141_CME_20201.pdf\">RESOLUCAO_141_CME_2020<\/a><br>Credencia e Autoriza o Funcionamento de Curso da Escola Municipal Padre Jo\u00e3o D\u2019vries.<\/p>\n\n\n\n<p><a href=\"https:\/\/www.manaus.am.gov.br\/semed\/wp-content\/uploads\/sites\/3\/2024\/09\/RESOLUCAO_142_CME_20201.pdf\">RESOLUCAO_142_CME_2020<\/a><br>Credencia e Autoriza o Funcionamento de Curso da Escola Municipal Maria Ferreira da Silva.<\/p>\n\n\n\n<p><a href=\"https:\/\/www.manaus.am.gov.br\/semed\/wp-content\/uploads\/sites\/3\/2024\/09\/RESOLUCAO_143_CME_20201.pdf\">RESOLUCAO_143_CME_2020<\/a><br>Credencia e Autoriza o Funcionamento de Curso da Escola Municipal Professor \u00c1lvaro C\u00e9sar de Carvalho.<\/p>\n\n\n\n<p><a href=\"https:\/\/www.manaus.am.gov.br\/semed\/wp-content\/uploads\/sites\/3\/2024\/09\/RESOLUCAO_144_CME_20201.pdf\">RESOLUCAO_144_CME_2020<\/a><br>Credencia e Autoriza o Funcionamento de Curso da Escola Municipal Professora Raimunda Nonata Soares de Deus.<\/p>\n\n\n\n<p><a href=\"https:\/\/www.manaus.am.gov.br\/semed\/wp-content\/uploads\/sites\/3\/2024\/09\/RESOLUCAO_145_CME_20201.pdf\">RESOLUCAO_145_CME_2020<\/a><br>Credencia e Autoriza o Funcionamento de Curso&nbsp;da Escola Municipal Lili Benchimol.<\/p>\n\n\n\n<p><a href=\"https:\/\/www.manaus.am.gov.br\/semed\/wp-content\/uploads\/sites\/3\/2024\/09\/RESOLUCAO_146_CME_20201.pdf\">RESOLUCAO_146_CME_2020<\/a><br>Credencia e Autoriza o Funcionamento de Curso&nbsp;da Escola Municipal Hiran de Lima Caminha.<\/p>\n\n\n\n<p><a href=\"https:\/\/www.manaus.am.gov.br\/semed\/wp-content\/uploads\/sites\/3\/2024\/09\/RESOLUCAO_147_CME_20201.pdf\">RESOLUCAO_147_CME_2020<\/a><br>Credencia e Autoriza o Funcionamento de Curso do Centro Municipal de Educa\u00e7\u00e3o Infantil Professora Safira Barbosa da Silva.<\/p>\n\n\n\n<p><a href=\"https:\/\/www.manaus.am.gov.br\/semed\/wp-content\/uploads\/sites\/3\/2024\/09\/RESOLUCAO_148_CME_20201.pdf\">RESOLUCAO_148_CME_2020<\/a><br>Credencia e Autoriza o Funcionamento de Curso da Escola Municipal Professor Roberto dos Santos Vieira.<\/p>\n\n\n\n<p><a href=\"https:\/\/www.manaus.am.gov.br\/semed\/wp-content\/uploads\/sites\/3\/2024\/09\/RESOLUCAO_149_CME_20201.pdf\">RESOLUCAO_149_CME_2020<\/a><br>Credencia e Autoriza o Funcionamento de Curso da Escola Municipal Santa Rita de C\u00e1ssia.<\/p>\n\n\n\n<p><a href=\"https:\/\/www.manaus.am.gov.br\/semed\/wp-content\/uploads\/sites\/3\/2024\/09\/RESOLUCAO_150_CME_20201.pdf\">RESOLUCAO_150_CME_2020<\/a><br>Credencia e Autoriza o Funcionamento de Curso da Escola Municipal Professor Them\u00edstocles Pinheiro Gadelha.<\/p>\n\n\n\n<p><a href=\"https:\/\/www.manaus.am.gov.br\/semed\/wp-content\/uploads\/sites\/3\/2024\/09\/RESOLUCAO_151_CME_20201.pdf\">RESOLUCAO_151_CME_2020<\/a><br>Credencia e Autoriza o Funcionamento de Curso do Centro Municipal de Educa\u00e7\u00e3o Infantil Cec\u00edlia Cabral.<\/p>\n\n\n\n<p><a href=\"https:\/\/www.manaus.am.gov.br\/semed\/wp-content\/uploads\/sites\/3\/2024\/09\/RESOLUCAO_152_CME_20201.pdf\">RESOLUCAO_152_CME_2020<\/a><br>Credencia e Autoriza o Funcionamento de Curso da Escola Municipal Nossa Senhora do Ros\u00e1rio.<\/p>\n\n\n\n<p><a href=\"https:\/\/www.manaus.am.gov.br\/semed\/wp-content\/uploads\/sites\/3\/2024\/09\/RESOLUCAO_153_CME_20201.pdf\">RESOLUCAO_153_CME_2020<\/a><br>Credencia e Autoriza o Funcionamento de Curso da Escola Municipal Professor Jo\u00e3o Castro Filho.<\/p>\n\n\n\n<p><a href=\"https:\/\/www.manaus.am.gov.br\/semed\/wp-content\/uploads\/sites\/3\/2024\/09\/RESOLUCAO_154_CME_20201.pdf\">RESOLUCAO_154_CME_2020<\/a><br>Credencia e Autoriza o Funcionamento de Curso da Escola Municipal Madre Tereza de Calcut\u00e1.<\/p>\n\n\n\n<p><a href=\"https:\/\/www.manaus.am.gov.br\/semed\/wp-content\/uploads\/sites\/3\/2024\/09\/RESOLUCAO_155_CME_20201.pdf\">RESOLUCAO_155_CME_2020<\/a><br>Credencia e Autoriza o Funcionamento de Curso do Centro Municipal de Educa\u00e7\u00e3o Infantil Maria Clara Machado.<\/p>\n\n\n\n<p><a href=\"https:\/\/www.manaus.am.gov.br\/semed\/wp-content\/uploads\/sites\/3\/2024\/09\/RESOLUCAO_156_CME_20201.pdf\">RESOLUCAO_156_CME_2020<\/a><br>Credencia e Autoriza o Funcionamento de Curso do Centro Municipal de Educa\u00e7\u00e3o Infantil Professor Escritor Paulinho de Brito.<\/p>\n\n\n\n<p><a href=\"https:\/\/www.manaus.am.gov.br\/semed\/wp-content\/uploads\/sites\/3\/2024\/09\/RESOLUCAO_157_CME_20201.pdf\">RESOLUCAO_157_CME_2020<\/a><br>Credencia e Autoriza o Funcionamento de Curso da Escola Municipal Professora Edinir Telles Guimar\u00e3es.<\/p>\n\n\n\n<p><a href=\"https:\/\/www.manaus.am.gov.br\/semed\/wp-content\/uploads\/sites\/3\/2024\/09\/RESOLUCAO_158_CME_20201.pdf\">RESOLUCAO_158_CME_2020<\/a><br>Credencia e Autoriza o Funcionamento de Curso da Escola Municipal Coronel Jorge Teixeira de Oliveira.<\/p>\n\n\n\n<p><a href=\"https:\/\/www.manaus.am.gov.br\/semed\/wp-content\/uploads\/sites\/3\/2024\/09\/RESOLUCAO_159_CME_20201.pdf\">RESOLUCAO_159_CME_2020<\/a><br>Credencia e Autoriza o Funcionamento de Curso da Escola Municipal Governador Danilo de Matos Areosa.<\/p>\n\n\n\n<p><a href=\"https:\/\/www.manaus.am.gov.br\/semed\/wp-content\/uploads\/sites\/3\/2024\/09\/RESOLUCAO_160_CME_20201.pdf\">RESOLUCAO_160_CME_2020<\/a><br>Credencia e Autoriza o Funcionamento de Curso da Escola Municipal Helena Augusta Walcott.<\/p>\n\n\n\n<p><a href=\"https:\/\/www.manaus.am.gov.br\/semed\/wp-content\/uploads\/sites\/3\/2024\/09\/RESOLUCAO_161_CME_20201.pdf\">RESOLUCAO_161_CME_2020<\/a><br>Credencia e Autoriza o Funcionamento de Curso da Escola Municipal Cleonice Meneses Fernandes.<\/p>\n\n\n\n<p><a href=\"https:\/\/www.manaus.am.gov.br\/semed\/wp-content\/uploads\/sites\/3\/2024\/09\/RESOLUCAO_162_CME_20201.pdf\">RESOLUCAO_162_CME_2020<\/a><br>Credencia e Autoriza o Funcionamento de Curso da Escola Municipal Jorge Amado.<\/p>\n\n\n\n<p><a href=\"https:\/\/www.manaus.am.gov.br\/semed\/wp-content\/uploads\/sites\/3\/2024\/09\/RESOLUCAO_163_CME_20201.pdf\">RESOLUCAO_163_CME_2020<\/a><br>Credencia e Autoriza o Funcionamento de Curso da Escola Municipal Comunit\u00e1ria Sagrado Cora\u00e7\u00e3o de Jesus.<\/p>\n\n\n\n<p><a href=\"https:\/\/www.manaus.am.gov.br\/semed\/wp-content\/uploads\/sites\/3\/2024\/09\/RESOLUCAO_164_CME_20201.pdf\">RESOLUCAO_164_CME_2020<\/a><br>Credencia e Autoriza o Funcionamento de Curso da Escola Municipal Rosa Sverner.<\/p>\n\n\n\n<p><a href=\"https:\/\/www.manaus.am.gov.br\/semed\/wp-content\/uploads\/sites\/3\/2024\/09\/RESOLUCAO_165_CME_20201.pdf\">RESOLUCAO_165_CME_2020<\/a><br>Credencia e Autoriza o Funcionamento de Curso da Escola Municipal Professora Maria Auxiliadora Santos Azevedo.<\/p>\n\n\n\n<p><a href=\"https:\/\/www.manaus.am.gov.br\/semed\/wp-content\/uploads\/sites\/3\/2024\/09\/RESOLUCAO_166_CME_20201.pdf\">RESOLUCAO_166_CME_2020<\/a><br>Credencia e Autoriza o Funcionamento de Curso da Escola Municipal Lucilene de Sena Guimar\u00e3es.<\/p>\n\n\n\n<p><a href=\"https:\/\/www.manaus.am.gov.br\/semed\/wp-content\/uploads\/sites\/3\/2024\/09\/RESOLUCAO_167_CME_20201.pdf\">RESOLUCAO_167_CME_2020<\/a><br>Credencia e Autoriza o Funcionamento de Curso da Escola Municipal Padre Puga.<\/p>\n\n\n\n<p><a href=\"https:\/\/www.manaus.am.gov.br\/semed\/wp-content\/uploads\/sites\/3\/2024\/09\/RESOLUCAO_168_CME_20201.pdf\">RESOLUCAO_168_CME_2020<\/a><br>Credencia e Autoriza o Funcionamento de Curso do Centro Municipal de Educa\u00e7\u00e3o Infantil Professora Renata Holanda de Souza Gon\u00e7alves.<\/p>\n\n\n\n<p><a href=\"https:\/\/www.manaus.am.gov.br\/semed\/wp-content\/uploads\/sites\/3\/2024\/09\/RESOLUCAO_169_CME_20201.pdf\">RESOLUCAO_169_CME_2020<\/a><br>Credencia e Autoriza o Funcionamento de Curso da Escola Municipal Professora Joana Vieira.<\/p>\n\n\n\n<p><a href=\"https:\/\/www.manaus.am.gov.br\/semed\/wp-content\/uploads\/sites\/3\/2024\/09\/RESOLUCAO_170_CME_20201.pdf\">RESOLUCAO_170_CME_2020<\/a><br>Credencia e Autoriza o Funcionamento de Curso da Escola Municipal Pintor C\u00e2ndido Portinari.<\/p>\n\n\n\n<p><a href=\"https:\/\/www.manaus.am.gov.br\/semed\/wp-content\/uploads\/sites\/3\/2024\/09\/RESOLUCAO_171_CME_20201.pdf\">RESOLUCAO_171_CME_2020<\/a><br>Credencia e Autoriza o Funcionamento de Curso do Centro Municipal de Educa\u00e7\u00e3o Infantil Professora Maria Am\u00e9lia Tavares Lopes.<\/p>\n\n\n\n<p><a href=\"https:\/\/www.manaus.am.gov.br\/semed\/wp-content\/uploads\/sites\/3\/2024\/09\/RESOLUCAO_172_CME_20201.pdf\">RESOLUCAO_172_CME_2020<\/a><br>Credencia e Autoriza o Funcionamento de Curso do Centro Municipal de Educa\u00e7\u00e3o Infantil Professor Erick Vicente de Souza.<\/p>\n\n\n\n<p><a href=\"https:\/\/www.manaus.am.gov.br\/semed\/wp-content\/uploads\/sites\/3\/2024\/09\/RESOLUCAO_173_CME_20201.pdf\">RESOLUCAO_173_CME_2020<\/a><br>Credencia e Autoriza o Funcionamento de Curso da Escola Municipal Frei M\u00e1rio Monacelli de Grello.<\/p>\n\n\n\n<p><a href=\"https:\/\/www.manaus.am.gov.br\/semed\/wp-content\/uploads\/sites\/3\/2024\/09\/RESOLUCAO_174_CME_20201.pdf\">RESOLUCAO_174_CME_2020<\/a><br>Credencia e Autoriza o Funcionamento de Curso da Escola Municipal Francisco Nunes da Silva.<\/p>\n\n\n\n<p><a href=\"https:\/\/www.manaus.am.gov.br\/semed\/wp-content\/uploads\/sites\/3\/2024\/09\/RESOLUCAO_175_CME_20201.pdf\">RESOLUCAO_175_CME_2020<\/a><br>Credencia e Autoriza o Funcionamento de Curso da Escola Municipal Francisco Maia de Amorim.<\/p>\n\n\n\n<p><a href=\"https:\/\/www.manaus.am.gov.br\/semed\/wp-content\/uploads\/sites\/3\/2024\/09\/RESOLUCAO_176_CME_20201.pdf\">RESOLUCAO_176_CME_2020<\/a><br>Credencia e Autoriza o Funcionamento de Curso da Escola Municipal Esmeraldo Santos Bessa.<\/p>\n\n\n\n<p><a href=\"https:\/\/www.manaus.am.gov.br\/semed\/wp-content\/uploads\/sites\/3\/2024\/09\/RESOLUCAO_177_CME_20201.pdf\">RESOLUCAO_177_CME_2020<\/a><br>Credencia e Autoriza o Funcionamento de Curso da Escola Municipal Francinete Rocha Brasil.<\/p>\n\n\n\n<p><a href=\"https:\/\/www.manaus.am.gov.br\/semed\/wp-content\/uploads\/sites\/3\/2024\/09\/RESOLUCAO_178_CME_20201.pdf\">RESOLUCAO_178_CME_2020<\/a><br>Credencia e Autoriza a Maple Bear Canadian School.<\/p>\n\n\n\n<p><a href=\"https:\/\/www.manaus.am.gov.br\/semed\/wp-content\/uploads\/sites\/3\/2024\/09\/RESOLUCAO_179_CME_20201.pdf\">RESOLUCAO_179_CME_2020<\/a><br>Homologa o Curr\u00edculo Escolar Municipal SEMED\/Manaus para a Educa\u00e7\u00e3o Infantil e Ensino Fundamental.<\/p>\n\n\n\n<p><a href=\"https:\/\/www.manaus.am.gov.br\/semed\/wp-content\/uploads\/sites\/3\/2024\/09\/RESOLUCAO_180_CME_20201.pdf\">RESOLUCAO_180_CME_2020<\/a><br>Credencia e Autoriza o Funcionamento de Curso da Escola Municipal Dom Jacson Damasceno Rodrigues.<\/p>\n\n\n\n<p><a href=\"https:\/\/www.manaus.am.gov.br\/semed\/wp-content\/uploads\/sites\/3\/2024\/09\/RESOLUCAO_181_CME_20201.pdf\">RESOLUCAO_181_CME_2020<\/a><br>Credencia e Autoriza o Funcionamento de Curso do Centro Municipal de Educa\u00e7\u00e3o Infantil Ana Rosa Gatorno.<\/p>\n\n\n\n<p><a href=\"https:\/\/www.manaus.am.gov.br\/semed\/wp-content\/uploads\/sites\/3\/2024\/09\/RESOLUCAO_182_CME_20201.pdf\">RESOLUCAO_182_CME_2020<\/a><br>Credencia e Autoriza o Funcionamento de Curso da Escola Municipal Ant\u00f4nio Matias Fernandes.<\/p>\n\n\n\n<p><a href=\"https:\/\/www.manaus.am.gov.br\/semed\/wp-content\/uploads\/sites\/3\/2024\/09\/RESOLUCAO_183_CME_20201.pdf\">RESOLUCAO_183_CME_2020<\/a><br>Credencia e Autoriza o Funcionamento de Curso do Centro Municipal de Educa\u00e7\u00e3o Infantil Nossa Senhora da Concei\u00e7\u00e3o.<\/p>\n\n\n\n<p><a href=\"https:\/\/www.manaus.am.gov.br\/semed\/wp-content\/uploads\/sites\/3\/2024\/09\/RESOLUCAO_184_CME_20201.pdf\">RESOLUCAO_184_CME_2020<\/a><br>Credencia e Autoriza o Funcionamento de Curso da Escola Municipal Professor Pedro Diogo dos Santos Roque.<\/p>\n\n\n\n<p><a href=\"https:\/\/www.manaus.am.gov.br\/semed\/wp-content\/uploads\/sites\/3\/2024\/09\/RESOLUCAO_185_CME_20201.pdf\">RESOLUCAO_185_CME_2020<\/a><br>Credencia e Autoriza o Funcionamento de Curso do Centro Municipal de Educa\u00e7\u00e3o Infantil Padre Lu\u00eds Ruas.<\/p>\n\n\n\n<p><a href=\"https:\/\/www.manaus.am.gov.br\/semed\/wp-content\/uploads\/sites\/3\/2024\/09\/RESOLUCAO_186_CME_20201.pdf\">RESOLUCAO_186_CME_2020<\/a><br>Credencia e Autoriza o Funcionamento de Curso do Centro Municipal de Educa\u00e7\u00e3o Infantil Dilsen Silva Alves.<\/p>\n\n\n\n<p><a href=\"https:\/\/www.manaus.am.gov.br\/semed\/wp-content\/uploads\/sites\/3\/2024\/09\/RESOLUCAO_187_CME_20201.pdf\">RESOLUCAO_187_CME_2020<\/a><br>Aprova as proposi\u00e7\u00f5es da Secretaria Municipal de Educa\u00e7\u00e3o de Manaus acerca do Aproveitamento Escolar dos Estudantes do Ensino Fundamental e Modalidades em per\u00edodo de Pandemia e d\u00e1 outras provid\u00eancias.<\/p>\n\n\n\n<p><a href=\"https:\/\/www.manaus.am.gov.br\/semed\/wp-content\/uploads\/sites\/3\/2024\/09\/RESOLUCAO_188_CME_20201.pdf\">RESOLUCAO_188_CME_2020<\/a><br>Credencia e Autoriza o Funcionamento de Curso do Centro Municipal de Educa\u00e7\u00e3o Infantil Professora Nilza dos Santos Alencar.<\/p>\n\n\n\n<p><a href=\"https:\/\/www.manaus.am.gov.br\/semed\/wp-content\/uploads\/sites\/3\/2024\/09\/RESOLUCAO_189_CME_20201.pdf\">RESOLUCAO_189_CME_2020<\/a><br>Credencia e Autoriza o Funcionamento de Curso do Centro Municipal de Educa\u00e7\u00e3o Infantil F\u00e1tima Maciel da Costa.<\/p>\n\n\n\n<p><a href=\"https:\/\/www.manaus.am.gov.br\/semed\/wp-content\/uploads\/sites\/3\/2024\/09\/RESOLUCAO_190_CME_20201.pdf\">RESOLUCAO_190_CME_2020<\/a><br>Credencia e Autoriza o Funcionamento de Curso do Centro Municipal de Educa\u00e7\u00e3o Infantil Professor Wilson Mota Reis.<\/p>\n\n\n\n<p><a href=\"https:\/\/www.manaus.am.gov.br\/semed\/wp-content\/uploads\/sites\/3\/2024\/09\/RESOLUCAO_191_CME_20201.pdf\">RESOLUCAO_191_CME_2020<\/a><br>Credencia e Autoriza o Funcionamento de Curso do Centro Municipal de Educa\u00e7\u00e3o Infantil Madre El\u00edsia.<\/p>\n\n\n\n<p><a href=\"https:\/\/www.manaus.am.gov.br\/semed\/wp-content\/uploads\/sites\/3\/2024\/09\/RESOLUCAO_192_CME_20201.pdf\">RESOLUCAO_192_CME_2020<\/a><br>Credencia e Autoriza o Funcionamento de Curso do Centro Municipal de Educa\u00e7\u00e3o Infantil Romualdo Rubim.<\/p>\n\n\n\n<p><a href=\"https:\/\/www.manaus.am.gov.br\/semed\/wp-content\/uploads\/sites\/3\/2024\/09\/RESOLUCAO_193_CME_20201.pdf\">RESOLUCAO_193_CME_2020<\/a><br>Credencia e Autoriza o Funcionamento de Curso da Escola Municipal S\u00e3o Francisco das Chagas.<\/p>\n\n\n\n<p><a href=\"https:\/\/www.manaus.am.gov.br\/semed\/wp-content\/uploads\/sites\/3\/2024\/09\/RESOLUCAO_194_CME_20201.pdf\">RESOLUCAO_194_CME_2020<\/a><br>Credencia e Autoriza o Funcionamento de Curso da Escola Municipal Arthur Cezar Ferreira Reis.<\/p>\n\n\n\n<p><a href=\"https:\/\/www.manaus.am.gov.br\/semed\/wp-content\/uploads\/sites\/3\/2024\/09\/RESOLUCAO_195_CME_20201.pdf\">RESOLUCAO_195_CME_2020<\/a><br>Credencia e Autoriza o Funcionamento de Curso do Centro Municipal de Educa\u00e7\u00e3o Infantil Graziela Ribeiro.<\/p>\n\n\n\n<p><a href=\"https:\/\/www.manaus.am.gov.br\/semed\/wp-content\/uploads\/sites\/3\/2024\/09\/RESOLUCAO_196_CME_20201.pdf\">RESOLUCAO_196_CME_2020<\/a><br>Credencia e Autoriza o Funcionamento de Curso da Creche Municipal Manuel Oct\u00e1vio Rodrigues Souza.<\/p>\n\n\n\n<p><a href=\"https:\/\/www.manaus.am.gov.br\/semed\/wp-content\/uploads\/sites\/3\/2024\/09\/RESOLUCAO_197_CME_20201.pdf\">RESOLUCAO_197_CME_2020<\/a><br>Credencia e Autoriza o Funcionamento de Curso da Escola Municipal Professor Mois\u00e9s de Fran\u00e7a Viana.<\/p>\n\n\n\n<p><a href=\"https:\/\/www.manaus.am.gov.br\/semed\/wp-content\/uploads\/sites\/3\/2024\/09\/RESOLUCAO_198_CME_20201.pdf\">RESOLUCAO_198_CME_2020<\/a><br>Credencia e Autoriza o Funcionamento de Curso da Escola Municipal Vila da Felicidade.<\/p>\n\n\n\n<p><a href=\"https:\/\/www.manaus.am.gov.br\/semed\/wp-content\/uploads\/sites\/3\/2024\/09\/RESOLUCAO_199_CME_20201.pdf\">RESOLUCAO_199_CME_2020<\/a><br>Credencia e Autoriza o Funcionamento de Curso do Centro Municipal de Educa\u00e7\u00e3o Infantil Maria do C\u00e9u Vaz D\u2019oliveira.<\/p>\n\n\n\n<p><a href=\"https:\/\/www.manaus.am.gov.br\/semed\/wp-content\/uploads\/sites\/3\/2024\/09\/RESOLUCAO_200_CME_20201.pdf\">RESOLUCAO_200_CME_2020<\/a><br>Credencia e Autoriza o Funcionamento de Curso do Centro Municipal de Educa\u00e7\u00e3o Infantil Senador \u00c1lvaro Botelho Maia.<\/p>\n\n\n\n<p><a href=\"https:\/\/www.manaus.am.gov.br\/semed\/wp-content\/uploads\/sites\/3\/2024\/09\/RESOLUCAO_201_CME_20201.pdf\">RESOLUCAO_201_CME_2020<\/a><br>Credencia e Autoriza o Funcionamento de Curso do Centro Municipal de Educa\u00e7\u00e3o Infantil Professor Raimundo Figueiredo de Souza.<\/p>\n\n\n\n<p><a href=\"https:\/\/www.manaus.am.gov.br\/semed\/wp-content\/uploads\/sites\/3\/2024\/09\/RESOLUCAO_202_CME_20201.pdf\">RESOLUCAO_202_CME_2020<\/a><br><a href=\"https:\/\/www.manaus.am.gov.br\/semed\/wp-content\/uploads\/sites\/3\/2024\/09\/RESOLUCAO_202_CME_2020_ERRATA1.pdf\">RESOLUCAO_202_CME_2020_ERRATA<\/a><br>Credencia e Autoriza o Funcionamento de Curso do Centro Municipal de Educa\u00e7\u00e3o Infantil Nilza Godoy.<\/p>\n\n\n\n<p><a href=\"https:\/\/www.manaus.am.gov.br\/semed\/wp-content\/uploads\/sites\/3\/2024\/09\/RESOLUCAO_203_CME_20201.pdf\">RESOLUCAO_203_CME_2020<\/a><br>Credencia e Autoriza o Funcionamento de Curso do Centro Municipal de Educa\u00e7\u00e3o Infantil Professora Odete Ara\u00fajo Puga Barbosa.<\/p>\n\n\n\n<p><a href=\"https:\/\/www.manaus.am.gov.br\/semed\/wp-content\/uploads\/sites\/3\/2024\/09\/RESOLUCAO_204_CME_20201.pdf\">RESOLUCAO_204_CME_2020<\/a><br>Credencia e Autoriza o Funcionamento de Curso do Centro Municipal de Educa\u00e7\u00e3o Infantil Blandino Jos\u00e9 Ribeiro.<\/p>\n\n\n\n<p><a href=\"https:\/\/www.manaus.am.gov.br\/semed\/wp-content\/uploads\/sites\/3\/2024\/09\/RESOLUCAO_205_CME_20201.pdf\">RESOLUCAO_205_CME_2020<\/a><br>Credencia e Autoriza o Funcionamento de Curso da Escola Municipal Professora Maria do Socorro Azevedo de Oliveira.<\/p>\n\n\n\n<p><a href=\"https:\/\/www.manaus.am.gov.br\/semed\/wp-content\/uploads\/sites\/3\/2024\/09\/RESOLUCAO_206_CME_20201.pdf\">RESOLUCAO_206_CME_2020<\/a><br>Credencia e Autoriza o Funcionamento de Curso do Centro Municipal de Educa\u00e7\u00e3o Infantil Nossa Senhora da Paz.<\/p>\n\n\n\n<p><a href=\"https:\/\/www.manaus.am.gov.br\/semed\/wp-content\/uploads\/sites\/3\/2024\/09\/RESOLUCAO_207_CME_20201.pdf\">RESOLUCAO_207_CME_2020<\/a><br>Credencia e Autoriza o Funcionamento de Curso do Centro Municipal de Educa\u00e7\u00e3o Infantil Professora Ariete Gaio de Souza Oliveira.<\/p>\n\n\n\n<p><a href=\"https:\/\/www.manaus.am.gov.br\/semed\/wp-content\/uploads\/sites\/3\/2024\/09\/RESOLUCAO_208_CME_20201.pdf\">RESOLUCAO_208_CME_2020<\/a><br>Credencia e Autoriza o Funcionamento de Curso da Creche Municipal Neide Tomaz Avelino.<\/p>\n\n\n\n<p><a href=\"https:\/\/www.manaus.am.gov.br\/semed\/wp-content\/uploads\/sites\/3\/2024\/09\/RESOLUCAO_209_CME_20201.pdf\">RESOLUCAO_209_CME_2020<\/a><br>Credencia e Autoriza o Funcionamento de Curso da Escola Infantil Ateniense.<\/p>\n\n\n\n<p><a href=\"https:\/\/www.manaus.am.gov.br\/semed\/wp-content\/uploads\/sites\/3\/2024\/09\/RESOLUCAO_210_CME_20201.pdf\">RESOLUCAO_210_CME_2020<\/a><br>Credencia e Autoriza o Funcionamento de Curso da Escola Municipal Professora Maria Rodrigues Tapaj\u00f3s.<\/p>\n\n\n\n<p><a href=\"https:\/\/www.manaus.am.gov.br\/semed\/wp-content\/uploads\/sites\/3\/2024\/09\/RESOLUCAO_211_CME_20201.pdf\">RESOLUCAO_211_CME_2020<\/a><br>Credencia e Autoriza o Funcionamento de Curso da Escola Municipal Honorina de Azevedo Vasconcelos.<\/p>\n\n\n\n<p><a href=\"https:\/\/www.manaus.am.gov.br\/semed\/wp-content\/uploads\/sites\/3\/2024\/09\/RESOLUCAO_212_CME_20201.pdf\">RESOLUCAO_212_CME_2020<\/a><br>Credencia e Autoriza o Funcionamento de Curso do Centro Municipal de Educa\u00e7\u00e3o Infantil Cristo Rei.<\/p>\n\n\n\n<p><a href=\"https:\/\/www.manaus.am.gov.br\/semed\/wp-content\/uploads\/sites\/3\/2024\/09\/RESOLUCAO_213_CME_20201.pdf\">RESOLUCAO_213_CME_2020<\/a><br>Credencia e Autoriza o Funcionamento de Curso da Escola Municipal Professora L\u00edgia Mesquita Fialho.<\/p>\n\n\n\n<p><a href=\"https:\/\/www.manaus.am.gov.br\/semed\/wp-content\/uploads\/sites\/3\/2024\/09\/RESOLUCAO_214_CME_20201.pdf\">RESOLUCAO_214_CME_2020<\/a><br>Credencia e Autoriza o Funcionamento de Curso da Escola Municipal Poeta Manuel Bandeira.<\/p>\n\n\n\n<p><a href=\"https:\/\/www.manaus.am.gov.br\/semed\/wp-content\/uploads\/sites\/3\/2024\/09\/RESOLUCAO_215_CME_20201.pdf\">RESOLUCAO_215_CME_2020<\/a><br>Credencia e Autoriza o Funcionamento de Curso da Escola Municipal Professora Regina Vit\u00f3ria Pires Muniz.<\/p>\n\n\n\n<p><a href=\"https:\/\/www.manaus.am.gov.br\/semed\/wp-content\/uploads\/sites\/3\/2024\/09\/RESOLUCAO_216_CME_20201.pdf\">RESOLUCAO_216_CME_2020<\/a><br>Credencia e Autoriza o Funcionamento de Curso da Escola Municipal J\u00falia Barjona Labre.<\/p>\n\n\n\n<p><a href=\"https:\/\/www.manaus.am.gov.br\/semed\/wp-content\/uploads\/sites\/3\/2024\/09\/RESOLUCAO_217_CME_2020-11.pdf\">RESOLUCAO_217_CME_2020<\/a><br><a href=\"https:\/\/www.manaus.am.gov.br\/semed\/wp-content\/uploads\/sites\/3\/2024\/09\/RESOLUCAO_217_CME_2020_ERRATA1.pdf\">RESOLUCAO_217_CME_2020_ERRATA<\/a><br>Credencia e Autoriza o Funcionamento de Curso da Escola Municipal Jo\u00e3o dos Santos Braga.<\/p>\n\n\n\n<p><a href=\"https:\/\/www.manaus.am.gov.br\/semed\/wp-content\/uploads\/sites\/3\/2024\/09\/RESOLUCAO_218_CME_20201.pdf\">RESOLUCAO_218_CME_2020<\/a><br>Credencia e Autoriza o Funcionamento de Curso do Centro Municipal de Educa\u00e7\u00e3o Infantil Olavo Bilac.<\/p>\n\n\n\n<p><a href=\"https:\/\/www.manaus.am.gov.br\/semed\/wp-content\/uploads\/sites\/3\/2024\/09\/RESOLUCAO_219_CME_20201.pdf\">RESOLUCAO_219_CME_2020<\/a><br>Credencia e Autoriza o Funcionamento de Curso da Escola Municipal Nova Vida.<\/p>\n\n\n\n<p><a href=\"https:\/\/www.manaus.am.gov.br\/semed\/wp-content\/uploads\/sites\/3\/2024\/09\/RESOLUCAO_220_CME_20201.pdf\">RESOLUCAO_220_CME_2020<\/a><br>Credencia e Autoriza o Funcionamento de Curso da Escola Municipal Professor Davison de Ara\u00fajo Pereira.<\/p>\n\n\n\n<p><a href=\"https:\/\/www.manaus.am.gov.br\/semed\/wp-content\/uploads\/sites\/3\/2024\/09\/RESOLUCAO_221_CME_20201.pdf\">RESOLUCAO_221_CME_2020<\/a><br>Credencia e Autoriza o Funcionamento de Curso da Escola Municipal Francisca Mendes.<\/p>\n\n\n\n<p><a href=\"https:\/\/www.manaus.am.gov.br\/semed\/wp-content\/uploads\/sites\/3\/2024\/09\/RESOLUCAO_222_CME_20201.pdf\">RESOLUCAO_222_CME_2020<\/a><br>Credencia e Autoriza o Funcionamento de Curso da Escola Municipal Professora Francisca Pergentina da Silva.<\/p>\n\n\n\n<p><a href=\"https:\/\/www.manaus.am.gov.br\/semed\/wp-content\/uploads\/sites\/3\/2024\/09\/RESOLUCAO_223_CME_20201.pdf\">RESOLUCAO_223_CME_2020<\/a><br>Credencia e Autoriza o Funcionamento de Curso da Escola Municipal Professora Maria Lira Pereira.<\/p>\n\n\n\n<p><a href=\"https:\/\/www.manaus.am.gov.br\/semed\/wp-content\/uploads\/sites\/3\/2024\/09\/RESOLUCAO_224_CME_20201.pdf\">RESOLUCAO_224_CME_2020<\/a><br>Credencia e Autoriza o Funcionamento de Curso da Escola Municipal de Educa\u00e7\u00e3o Especial Andr\u00e9 Vidal de Ara\u00fajo.<\/p>\n\n\n\n<p><a href=\"https:\/\/www.manaus.am.gov.br\/semed\/wp-content\/uploads\/sites\/3\/2024\/09\/RESOLUCAO_225_CME_20201.pdf\">RESOLUCAO_225_CME_2020<\/a><br>Credencia e Autoriza o Funcionamento de Curso da Escola Municipal Professor Jo\u00e3o Chrys\u00f3stomo de Oliveira.<\/p>\n\n\n\n<p><a href=\"https:\/\/www.manaus.am.gov.br\/semed\/wp-content\/uploads\/sites\/3\/2024\/09\/RESOLUCAO_226_CME_20201.pdf\">RESOLUCAO_226_CME_2020<\/a><br>Credencia e Autoriza o Funcionamento de Curso da Escola Municipal S\u00e3o Luiz.<\/p>\n\n\n\n<p><a href=\"https:\/\/www.manaus.am.gov.br\/semed\/wp-content\/uploads\/sites\/3\/2024\/09\/RESOLUCAO_227_CME_20201.pdf\">RESOLUCAO_227_CME_2020<\/a><br>Credencia e Autoriza o Funcionamento de Curso da Escola Municipal Anita Garibaldi.<\/p>\n\n\n\n<p><a href=\"https:\/\/www.manaus.am.gov.br\/semed\/wp-content\/uploads\/sites\/3\/2024\/09\/RESOLUCAO_228_CME_20201.pdf\">RESOLUCAO_228_CME_2020<\/a><br>Credencia e Autoriza o Funcionamento de Curso do Centro Municipal de Educa\u00e7\u00e3o Infantil Balbina Mestrinho.<\/p>\n\n\n\n<p><a href=\"https:\/\/www.manaus.am.gov.br\/semed\/wp-content\/uploads\/sites\/3\/2024\/09\/RESOLUCAO_229_CME_20201.pdf\">RESOLUCAO_229_CME_2020<\/a><br>Credencia e Autoriza o Funcionamento de Curso da Escola Municipal Professor Ivomar de Lima Vieira.<\/p>\n\n\n\n<p><a href=\"https:\/\/www.manaus.am.gov.br\/semed\/wp-content\/uploads\/sites\/3\/2024\/09\/RESOLUCAO_230_CME_20201.pdf\">RESOLUCAO_230_CME_2020<\/a><br>Credencia e Autoriza o Funcionamento de Curso do Centro Educacional Lourdes Reis.<\/p>\n\n\n\n<p><a href=\"https:\/\/www.manaus.am.gov.br\/semed\/wp-content\/uploads\/sites\/3\/2024\/09\/RESOLUCAO_231_CME_20201.pdf\">RESOLUCAO_231_CME_2020<\/a><br>Credencia e Autoriza o Funcionamento de Curso da Escola Municipal Professora Ign\u00eas de Vasconcellos Dias.<\/p>\n\n\n\n<p><a href=\"https:\/\/www.manaus.am.gov.br\/semed\/wp-content\/uploads\/sites\/3\/2024\/09\/RESOLUCAO_232_CME_20201.pdf\">RESOLUCAO_232_CME_2020<\/a><br>Credencia e Autoriza o Funcionamento de Curso do Centro Municipal de Educa\u00e7\u00e3o Infantil Professora Joelma Silva de Oliveira.<\/p>\n\n\n\n<p><a href=\"https:\/\/www.manaus.am.gov.br\/semed\/wp-content\/uploads\/sites\/3\/2024\/09\/RESOLUCAO_233_CME_20201.pdf\">RESOLUCAO_233_CME_2020<\/a><br>Credencia e Autoriza o Funcionamento de Curso da Escola Municipal Manoel Francisco Garcia Marques.<\/p>\n\n\n\n<p><a href=\"https:\/\/www.manaus.am.gov.br\/semed\/wp-content\/uploads\/sites\/3\/2024\/09\/RESOLUCAO_234_CME_20201.pdf\">RESOLUCAO_234_CME_2020<\/a><br>Credencia e Autoriza o Funcionamento de Curso do Centro Municipal de Educa\u00e7\u00e3o Infantil Argentina Barros.<\/p>\n\n\n\n<p><a href=\"https:\/\/www.manaus.am.gov.br\/semed\/wp-content\/uploads\/sites\/3\/2024\/09\/RESOLUCAO_235_CME_20201.pdf\">RESOLUCAO_235_CME_2020<\/a><br>Credencia e Autoriza o Funcionamento de Curso da Escola Municipal Professora Marly Barbosa Garganta.<\/p>\n\n\n\n<p><a href=\"https:\/\/www.manaus.am.gov.br\/semed\/wp-content\/uploads\/sites\/3\/2024\/09\/RESOLUCAO_236_CME_20201.pdf\">RESOLUCAO_236_CME_2020<\/a><br>Credencia e Autoriza o Funcionamento de Curso do Instituto de Educa\u00e7\u00e3o J\u00f3ias de Cristo.<\/p>\n\n\n\n<p><a href=\"https:\/\/www.manaus.am.gov.br\/semed\/wp-content\/uploads\/sites\/3\/2024\/09\/RESOLUCAO_237_CME_20201.pdf\">RESOLUCAO_237_CME_2020<\/a><br>Renova a Autoriza\u00e7\u00e3o de Funcionamento do Centro Educacional Imperial Baby.<\/p>\n\n\n\n<p><a href=\"https:\/\/www.manaus.am.gov.br\/semed\/wp-content\/uploads\/sites\/3\/2024\/09\/RESOLUCAO_238_CME_20201.pdf\">RESOLUCAO_238_CME_2020<\/a><br>Credencia e Autoriza o Funcionamento de Curso da Escola Municipal Graziela Ribeiro.<\/p>\n\n\n\n<p><a href=\"https:\/\/www.manaus.am.gov.br\/semed\/wp-content\/uploads\/sites\/3\/2024\/09\/RESOLUCAO_239_CME_20201.pdf\">RESOLUCAO_239_CME_2020<\/a><br>Credencia e Autoriza o Funcionamento de Curso da Escola Municipal Irm\u00e3 Edelvira Esmeralda de Souto Cabral.<\/p>\n\n\n\n<p><a href=\"https:\/\/www.manaus.am.gov.br\/semed\/wp-content\/uploads\/sites\/3\/2024\/09\/RESOLUCAO_240_CME_20201.pdf\">RESOLUCAO_240_CME_2020<\/a><br>Credencia e Autoriza o Funcionamento de Curso da Escola Municipal Villa Lobos.<\/p>\n\n\n\n<p><a href=\"https:\/\/www.manaus.am.gov.br\/semed\/wp-content\/uploads\/sites\/3\/2024\/09\/RESOLUCAO_241_CME_20201.pdf\">RESOLUCAO_241_CME_2020<\/a><br>Aprova a Proposta Pedag\u00f3gica da Educa\u00e7\u00e3o de Jovens e Adultos (EJA), primeiro e segundo segmentos.<\/p>\n\n\n\n<p><a href=\"https:\/\/www.manaus.am.gov.br\/semed\/wp-content\/uploads\/sites\/3\/2024\/09\/RESOLUCAO_242_CME_20201.pdf\">RESOLUCAO_242_CME_2020<\/a><\/p>\n\n\n\n<p><a href=\"https:\/\/www.manaus.am.gov.br\/semed\/wp-content\/uploads\/sites\/3\/2024\/09\/RESOLUCAO_242_CME_2020_ERRATA1.pdf\">RESOLUCAO_242_CME_2020_ERRATA<\/a><br>Credencia e Autoriza o Funcionamento de Curso da Escola Municipal Professor \u00c1lvaro Valle.<\/p>\n\n\n\n<p><a href=\"https:\/\/www.manaus.am.gov.br\/semed\/wp-content\/uploads\/sites\/3\/2024\/09\/RESOLUCAO_243_CME_20201.pdf\">RESOLUCAO_243_CME_2020<\/a><br>Credencia e Autoriza o Funcionamento de Curso da Creche Municipal Professora Virginia Mar\u00edlia Mello de Ara\u00fajo.<\/p>\n\n\n\n<p><a href=\"https:\/\/www.manaus.am.gov.br\/semed\/wp-content\/uploads\/sites\/3\/2024\/09\/RESOLUCAO_244_CME_20201.pdf\">RESOLUCAO_244_CME_2020<\/a><br>Credencia e Autoriza o Funcionamento de Curso da Creche Municipal Professor S\u00e9rgio Augusto Par\u00e1 Bittencourt.<\/p>\n\n\n\n<p><a href=\"https:\/\/www.manaus.am.gov.br\/semed\/wp-content\/uploads\/sites\/3\/2024\/09\/RESOLUCAO_245_CME_20201.pdf\">RESOLUCAO_245_CME_2020<\/a><br>Credencia e Autoriza o Funcionamento de Curso da Escola Municipal Vicente de Paula.<\/p>\n\n\n\n<p><a href=\"https:\/\/www.manaus.am.gov.br\/semed\/wp-content\/uploads\/sites\/3\/2024\/09\/RESOLUCAO_246_CME_20201.pdf\">RESOLUCAO_246_CME_2020<\/a><br>Credencia e Autoriza o Funcionamento de Curso da Escola Municipal Rui Barbosa Lima.<\/p>\n\n\n\n<p><a href=\"https:\/\/www.manaus.am.gov.br\/semed\/wp-content\/uploads\/sites\/3\/2024\/09\/RESOLUCAO_247_CME_20201.pdf\">RESOLUCAO_247_CME_2020<\/a><br>Credencia e Autoriza o Funcionamento de Curso da Escola Municipal Arist\u00f3teles Comte de Alencar.<\/p>\n\n\n\n<p><a href=\"https:\/\/www.manaus.am.gov.br\/semed\/wp-content\/uploads\/sites\/3\/2024\/09\/RESOLUCAO_248_CME_20201.pdf\">RESOLUCAO_248_CME_2020<\/a><br>Credencia e Autoriza o Funcionamento de Curso do Centro Municipal de Educa\u00e7\u00e3o Infantil Cora\u00e7\u00e3o de Jesus.<\/p>\n\n\n\n<p><a href=\"https:\/\/www.manaus.am.gov.br\/semed\/wp-content\/uploads\/sites\/3\/2024\/09\/RESOLUCAO_249_CME_20201.pdf\">RESOLUCAO_249_CME_2020<\/a><br>Credencia e Autoriza o Funcionamento de Curso do Centro Municipal de Educa\u00e7\u00e3o Infantil Humberto de Alencar Castelo Branco.<\/p>\n\n\n\n<p><a href=\"https:\/\/www.manaus.am.gov.br\/semed\/wp-content\/uploads\/sites\/3\/2024\/09\/RESOLUCAO_250_CME_20201.pdf\">RESOLUCAO_250_CME_2020<\/a><br>Credencia e Autoriza o Funcionamento de Curso do Centro Municipal de Educa\u00e7\u00e3o Infantil M\u00e1rcio Souza.<\/p>\n\n\n\n<p><a href=\"https:\/\/www.manaus.am.gov.br\/semed\/wp-content\/uploads\/sites\/3\/2024\/09\/RESOLUCAO_251_CME_20201.pdf\">RESOLUCAO_251_CME_2020<\/a><br>Credencia e Autoriza o Funcionamento de Curso da Escola Municipal Francisco Guedes de Queiroz.<\/p>\n\n\n\n<p><a href=\"https:\/\/www.manaus.am.gov.br\/semed\/wp-content\/uploads\/sites\/3\/2024\/09\/RESOLUCAO_252_CME_20201.pdf\">RESOLUCAO_252_CME_2020<\/a><br>Credencia e Autoriza o Funcionamento de Curso do Centro Municipal de Educa\u00e7\u00e3o Infantil Abelhinha.<\/p>\n\n\n\n<p><a href=\"https:\/\/www.manaus.am.gov.br\/semed\/wp-content\/uploads\/sites\/3\/2024\/09\/RESOLUCAO_253_CME_20201.pdf\">RESOLUCAO_253_CME_2020<\/a><br>Credencia e Autoriza o Funcionamento de Curso do Centro Municipal Governador Eduardo Ribeiro.<\/p>\n\n\n\n<p><a href=\"https:\/\/www.manaus.am.gov.br\/semed\/wp-content\/uploads\/sites\/3\/2024\/09\/RESOLUCAO_254_CME_20201.pdf\">RESOLUCAO_254_CME_2020<\/a><br>Credencia e Autoriza o Funcionamento de Curso do Centro Municipal de Educa\u00e7\u00e3o Infantil Professor Calisto Pereira Cavalcante.<\/p>\n\n\n\n<p><a href=\"https:\/\/www.manaus.am.gov.br\/semed\/wp-content\/uploads\/sites\/3\/2024\/09\/RESOLUCAO_255_CME_20201.pdf\">RESOLUCAO_255_CME_2020<\/a><br>Credencia e Autoriza o Funcionamento de Curso da Escola Municipal Professora Martinha Corr\u00eaa dos Santos.<\/p>\n\n\n\n<p><a href=\"https:\/\/www.manaus.am.gov.br\/semed\/wp-content\/uploads\/sites\/3\/2024\/09\/RESOLUCAO_256_CME_20201.pdf\">RESOLUCAO_256_CME_2020<\/a><br>Credencia e Autoriza o Funcionamento de Curso da Escola Municipal Presidente Tancredo Neves.<\/p>\n\n\n\n<p><a href=\"https:\/\/www.manaus.am.gov.br\/semed\/wp-content\/uploads\/sites\/3\/2024\/09\/RESOLUCAO_257_CME_20201.pdf\">RESOLUCAO_257_CME_2020<\/a><br>Credencia e Autoriza o Funcionamento de Curso da Escola Municipal Esmeralda Soares Neves.<\/p>\n\n\n\n<p><a href=\"https:\/\/www.manaus.am.gov.br\/semed\/wp-content\/uploads\/sites\/3\/2024\/09\/RESOLUCAO_258_CME_20201.pdf\">RESOLUCAO_258_CME_2020<\/a><br>Credencia e Autoriza o Funcionamento de Curso da Escola Municipal Engenheiro Ant\u00f4nio Nelson de Oliveira Neto.<\/p>\n\n\n\n<p><a href=\"https:\/\/www.manaus.am.gov.br\/semed\/wp-content\/uploads\/sites\/3\/2024\/09\/RESOLUCAO_259_CME_20201.pdf\">RESOLUCAO_259_CME_2020<\/a><br><a href=\"https:\/\/www.manaus.am.gov.br\/semed\/wp-content\/uploads\/sites\/3\/2024\/09\/RESOLUCAO_259_CME_2020_ERRATA1.pdf\">RESOLUCAO_259_CME_2020_ERRATA<\/a><br><a href=\"https:\/\/www.manaus.am.gov.br\/semed\/wp-content\/uploads\/sites\/3\/2024\/09\/RESOLUCAO_259_CME_2020_ERRATA21.pdf\">RESOLUCAO_259_CME_2020_ERRATA2<\/a><br>Credencia e Autoriza o Funcionamento de Curso da Escola Municipal Francisca Soares.<\/p>\n\n\n\n<p><a href=\"https:\/\/www.manaus.am.gov.br\/semed\/wp-content\/uploads\/sites\/3\/2024\/09\/RESOLUCAO_260_CME_20201.pdf\">RESOLUCAO_260_CME_2020<\/a><br>Credencia e Autoriza o Funcionamento de Curso da Escola Municipal Professor Agenor Ferreira Lima.<\/p>\n\n\n\n<p><a href=\"https:\/\/www.manaus.am.gov.br\/semed\/wp-content\/uploads\/sites\/3\/2024\/09\/RESOLUCAO_261_CME_20201.pdf\">RESOLUCAO_261_CME_2020<\/a><br>Credencia e Autoriza o Funcionamento de Curso do Centro Municipal de Educa\u00e7\u00e3o Infantil Umberto Calderaro.<\/p>\n\n\n\n<p><a href=\"https:\/\/www.manaus.am.gov.br\/semed\/wp-content\/uploads\/sites\/3\/2024\/09\/RESOLUCAO_262_CME_20201.pdf\">RESOLUCAO_262_CME_2020<\/a><br>Aprova os Calend\u00e1rios Escolares da Rede P\u00fablica Municipal de Ensino de Manaus do ano letivo de 2021.<\/p>\n\n\n\n<p><a href=\"https:\/\/www.manaus.am.gov.br\/semed\/wp-content\/uploads\/sites\/3\/2024\/09\/RESOLUCAO_263_CME_20201.pdf\">RESOLUCAO_263_CME_2020<\/a><br>Credencia e Autoriza o Funcionamento de Curso da Escola Municipal Doutor Raimundo Nonato de Magalh\u00e3es Cordeiro.<\/p>\n\n\n\n<p><a href=\"https:\/\/www.manaus.am.gov.br\/semed\/wp-content\/uploads\/sites\/3\/2024\/09\/RESOLUCAO_264_CME_20201.pdf\">RESOLUCAO_264_CME_2020<\/a><br>Credencia e Autoriza o Funcionamento de Curso da Escola Municipal Professora Terezinha Costa Coelho.<\/p>\n\n\n\n<p><a href=\"https:\/\/www.manaus.am.gov.br\/semed\/wp-content\/uploads\/sites\/3\/2024\/09\/RESOLUCAO_265_CME_20201.pdf\">RESOLUCAO_265_CME_2020<\/a><br>Estende, em car\u00e1ter excepcional, os efeitos da Resolu\u00e7\u00e3o n. 004\/CME\/2020 ao Centro Educacional Maria Nonata A. Bezerra.<\/p>\n\n\n\n<p><a href=\"https:\/\/www.manaus.am.gov.br\/semed\/wp-content\/uploads\/sites\/3\/2024\/09\/RESOLUCAO_266_CME_20201.pdf\">RESOLUCAO_266_CME_2020<\/a><br>Credencia e Autoriza o Funcionamento de Curso da Escola Municipal Professora No\u00eamia Santana do Nascimento da Costa.<\/p>\n\n\n\n<p><a href=\"https:\/\/www.manaus.am.gov.br\/semed\/wp-content\/uploads\/sites\/3\/2024\/09\/RESOLUCAO_267_CME_20201.pdf\">RESOLUCAO_267_CME_2020<\/a><br>Credencia e Autoriza o Funcionamento de Curso da Escola Municipal Firme na F\u00e9.<\/p>\n\n\n\n<p><a href=\"https:\/\/www.manaus.am.gov.br\/semed\/wp-content\/uploads\/sites\/3\/2024\/09\/RESOLUCAO_268_CME_20201.pdf\">RESOLUCAO_268_CME_2020<\/a><br>Credencia e Autoriza o Funcionamento de Curso da Escola Municipal Professor Raimundo Gon\u00e7alves Nogueira.<\/p>\n\n\n\n<p><a href=\"https:\/\/www.manaus.am.gov.br\/semed\/wp-content\/uploads\/sites\/3\/2024\/09\/RESOLUCAO_269_CME_20201.pdf\">RESOLUCAO_269_CME_2020<\/a><br>Credencia e Autoriza o Funcionamento de Curso da Escola Municipal Professora Francisca Pereira de Ara\u00fajo.<\/p>\n\n\n\n<p><a href=\"https:\/\/www.manaus.am.gov.br\/semed\/wp-content\/uploads\/sites\/3\/2024\/09\/RESOLUCAO_270_CME_20201.pdf\">RESOLUCAO_270_CME_2020<\/a><br>Credencia e Autoriza o Funcionamento de Curso da Escola Municipal Anast\u00e1cio Assun\u00e7\u00e3o.<\/p>\n\n\n\n<p class=\"has-text-align-center\"><a href=\"https:\/\/www.manaus.am.gov.br\/semed\/cme\/atos-normativos\/resolucoes\/#topo\">Voltar ao topo<\/a><\/p>\n\n\n\n<h2 class=\"wp-block-heading\" id=\"2019\">2019<\/h2>\n\n\n\n<p><a href=\"https:\/\/www.manaus.am.gov.br\/semed\/wp-content\/uploads\/sites\/3\/2024\/09\/Resolucoes-2019-Indice1.pdf\">RESOLUCOES_2019 _INDICE<\/a><\/p>\n\n\n\n<p><a href=\"https:\/\/www.manaus.am.gov.br\/semed\/wp-content\/uploads\/sites\/3\/2024\/09\/Resolucao-n.-001-CME-20191.pdf\">RESOLUCAO_001_CME_2019<\/a><br>Credencia e Autoriza o Funcionamento da Creche e Pr\u00e9-Escola Ponta Negra.<\/p>\n\n\n\n<p><a href=\"https:\/\/www.manaus.am.gov.br\/semed\/wp-content\/uploads\/sites\/3\/2024\/09\/Resolucao-n.-002-CME-20191.pdf\">RESOLUCAO_002_CME_2019<\/a><br>Renova a Autoriza\u00e7\u00e3o de Funcionamento do Centro Educacional Tavares Ferreira.<\/p>\n\n\n\n<p><a href=\"https:\/\/www.manaus.am.gov.br\/semed\/wp-content\/uploads\/sites\/3\/2024\/09\/Resolucao-n.-003-CME-20191.pdf\">RESOLUCAO_003_CME_2019<\/a><br>Credencia e Autoriza o Funcionamento do Centro Educacional Alberto Concei\u00e7\u00e3o.<\/p>\n\n\n\n<p><a href=\"https:\/\/www.manaus.am.gov.br\/semed\/wp-content\/uploads\/sites\/3\/2024\/09\/Resolucao-n.-004-CME-20191.pdf\">RESOLUCAO_004_CME_2019<\/a><br>Credencia e Autoriza o Funcionamento do Centro Educacional Triunfo.<\/p>\n\n\n\n<p><a href=\"https:\/\/www.manaus.am.gov.br\/semed\/wp-content\/uploads\/sites\/3\/2024\/09\/Resolucao-n.-005-CME-20191.pdf\">RESOLUCAO_005_CME_2019<\/a><br>Credencia e Autoriza o Funcionamento da Escolinha Sonho Infantil.<\/p>\n\n\n\n<p><a href=\"https:\/\/www.manaus.am.gov.br\/semed\/wp-content\/uploads\/sites\/3\/2024\/09\/Resolucao-n.-006-CME-20191.pdf\">RESOLUCAO_006_CME_2019<\/a><br>Aprova o Calend\u00e1rio Escolar Especial 2019 da Escola Municipal Professora Maria Rodrigues Tapaj\u00f3s.<\/p>\n\n\n\n<p><a href=\"https:\/\/www.manaus.am.gov.br\/semed\/wp-content\/uploads\/sites\/3\/2024\/09\/RESOLUCAO_007_CME-20191.pdf\">RESOLUCAO_007_CME-2019<\/a><br>Aprova o Calend\u00e1rio Escolar Especial 2019 da Escola Municipal L\u00edrio do Vale.<\/p>\n\n\n\n<p><a href=\"https:\/\/www.manaus.am.gov.br\/semed\/wp-content\/uploads\/sites\/3\/2024\/09\/RESOLUCAO_008_CME_20191.pdf\">RESOLUCAO_008_CME_2019<\/a><br>Aprova o Calend\u00e1rio Escolar Especial 2019 da Escola Municipal Francisco Pinheiro Lima.<\/p>\n\n\n\n<p><a href=\"https:\/\/www.manaus.am.gov.br\/semed\/wp-content\/uploads\/sites\/3\/2024\/09\/RESOLUCAO_009_CME_20191.pdf\">RESOLUCAO_009_CME_2019<\/a><br>Credencia e Autoriza o Funcionamento da Educa\u00e7\u00e3o Infantil, nas fases Creche (0 a 03 anos de idade) e Pr\u00e9-escola (04 e 05 anos de idade) da Kaelu Creche e Escola.<\/p>\n\n\n\n<p><a href=\"https:\/\/www.manaus.am.gov.br\/semed\/wp-content\/uploads\/sites\/3\/2024\/09\/RESOLUCAO_010_CME_20191.pdf\">RESOLUCAO_010_CME_2019<\/a><br>Renova a Autoriza\u00e7\u00e3o de Funcionamento da Educa\u00e7\u00e3o Infantil, Pr\u00e9-escola (04 e 05 anos de idade) da Escola de Educa\u00e7\u00e3o B\u00e1sica e Profissional da Funda\u00e7\u00e3o Bradesco.<\/p>\n\n\n\n<p><a href=\"https:\/\/www.manaus.am.gov.br\/semed\/wp-content\/uploads\/sites\/3\/2024\/09\/RESOLUCAO_011_CME_20191.pdf\">RESOLUCAO_011_CME_2019<\/a><br>Renova a Autoriza\u00e7\u00e3o de Funcionamento da Educa\u00e7\u00e3o Infantil, Creche para crian\u00e7as a partir de 02 (dois) anos e Pr\u00e9-escola (04 e 05 anos de idade) do Instituto Hilda Ferreira.<\/p>\n\n\n\n<p><a href=\"https:\/\/www.manaus.am.gov.br\/semed\/wp-content\/uploads\/sites\/3\/2024\/09\/RESOLUCAO_012_CME-20191.pdf\">RESOLUCAO_012_CME-2019<\/a><br>Credencia e Autoriza Funcionamento da Educa\u00e7\u00e3o Infantil, Creche para crian\u00e7as a partir de 02 (dois) anos e Pr\u00e9-escola (04 e 05 anos de idade) do Centro Educacional Recanto da Crian\u00e7a Interativo.<\/p>\n\n\n\n<p><a href=\"https:\/\/www.manaus.am.gov.br\/semed\/wp-content\/uploads\/sites\/3\/2024\/09\/Resolucao-n.-013-CME-20191.pdf\">RESOLUCAO_013_CME_2019<\/a><br>Estabelece normas para o Credenciamento e Autoriza\u00e7\u00e3o de Funcionamento de Curso do Ensino Fundamental \u2013 Rede P\u00fablica e Privada.<\/p>\n\n\n\n<p><a href=\"https:\/\/www.manaus.am.gov.br\/semed\/wp-content\/uploads\/sites\/3\/2024\/09\/Resolucao-n.-014-CME-20191.pdf\">RESOLUCAO_014_CME_2019<\/a><br>Designa conselheiros para o XXIX Encontro Nacional da UNCME.<\/p>\n\n\n\n<p><a href=\"https:\/\/www.manaus.am.gov.br\/semed\/wp-content\/uploads\/sites\/3\/2024\/09\/Resolucao-n.-015-CME-20191.pdf\">RESOLUCAO_015_CME_2019<\/a><br>Renova a Autoriza\u00e7\u00e3o de Funcionamento Creche Escola L\u00e1pis Criativo.<\/p>\n\n\n\n<p><a href=\"https:\/\/www.manaus.am.gov.br\/semed\/wp-content\/uploads\/sites\/3\/2024\/09\/RESOLUCAO_016_CME_20191.pdf\">RESOLUCAO_016_CME_2019<\/a><br>Aprova o Calend\u00e1rio Escolar Especial 2019 do Ensino Fundamental (1\u00ba ao 5\u00ba ano) da Escola Municipal Maria das Gra\u00e7as Andrade Vasconcelos.<\/p>\n\n\n\n<p><a href=\"https:\/\/www.manaus.am.gov.br\/semed\/wp-content\/uploads\/sites\/3\/2024\/09\/RESOLUCAO_017_CME_20191.pdf\">RESOLUCAO_017_CME_2019<\/a><br>Aprova o Calend\u00e1rio Escolar Especial 2019 da Educa\u00e7\u00e3o Infantil e do Ensino Fundamental (1\u00ba ao 4\u00ba ano) da Escola Municipal Zilda Arns Neumann.<\/p>\n\n\n\n<p><a href=\"https:\/\/www.manaus.am.gov.br\/semed\/wp-content\/uploads\/sites\/3\/2024\/09\/RESOLUCAO_018_CME_20191.pdf\">RESOLUCAO_018_CME_2019<\/a><br>Aprova o Calend\u00e1rio Escolar Especial 2019 do Ensino Fundamental (6\u00ba ao 9\u00ba ano) da Escola Municipal Vicente de Paula.<\/p>\n\n\n\n<p><a href=\"https:\/\/www.manaus.am.gov.br\/semed\/wp-content\/uploads\/sites\/3\/2024\/09\/RESOLUCAO_019_CME_20191.pdf\">RESOLUCAO_019_CME_2019<\/a><br>Aprova o Calend\u00e1rio Escolar Especial 2019 da Educa\u00e7\u00e3o Infantil e Ensino Fundamental (1\u00ba ao 5\u00ba ano) da Escola Municipal Anita Garibaldi.<\/p>\n\n\n\n<p><a href=\"https:\/\/www.manaus.am.gov.br\/semed\/wp-content\/uploads\/sites\/3\/2024\/09\/Resolucao-n.-020-CME-20191.pdf\">RESOLUCAO_020_CME_2019<\/a><br>Aprova conselheiros para participar do XXIX Encontro Nacional da UNCME.<\/p>\n\n\n\n<p><a href=\"https:\/\/www.manaus.am.gov.br\/semed\/wp-content\/uploads\/sites\/3\/2024\/09\/RESOLUCAO_021_CME_20191.pdf\">RESOLUCAO_021_CME_2019<\/a><br>Aprova o Calend\u00e1rio Escolar Especial 2019 do Centro Municipal de Educa\u00e7\u00e3o Infantil Francisco Pereira da Silva.<\/p>\n\n\n\n<p><a href=\"https:\/\/www.manaus.am.gov.br\/semed\/wp-content\/uploads\/sites\/3\/2024\/09\/RESOLUCAO_022_CME_20191.pdf\">RESOLUCAO_022_CME_2019<\/a><br>Renova a Autoriza\u00e7\u00e3o de Funcionamento da Educa\u00e7\u00e3o Infantil nas fases Creche 02 (dois) a 03 (tr\u00eas) anos e Pr\u00e9-escola 04 (quatro) e 05 (cinco) anos de idade do Jardim de Inf\u00e2ncia Manami.<\/p>\n\n\n\n<p><a href=\"https:\/\/www.manaus.am.gov.br\/semed\/wp-content\/uploads\/sites\/3\/2024\/09\/RESOLUCAO_023_CME_20191.pdf\">RESOLUCAO_023_CME_2019<\/a><br>Aprova os Calend\u00e1rios Escolares Especiais 2019 da Educa\u00e7\u00e3o Infantil e do Ensino Fundamental (1\u00b0 ao 5\u00b0 ano) da Escola Municipal Alternativa Padre Mauro Fancello.<\/p>\n\n\n\n<p><a href=\"https:\/\/www.manaus.am.gov.br\/semed\/wp-content\/uploads\/sites\/3\/2024\/09\/RESOLUCAO_024_CME_20191.pdf\">RESOLUCAO_024_CME_2019<\/a><br>Renova a&nbsp; Autoriza\u00e7\u00e3o de Funcionamento da Educa\u00e7\u00e3o Infantil nas fases Creche 03 (tr\u00eas) a 03 (tr\u00eas) anos e Pr\u00e9-escola 04 (quatro) e 05 (cinco) anos de idade do Centro Educacional Dom Quixote.<\/p>\n\n\n\n<p><a href=\"https:\/\/www.manaus.am.gov.br\/semed\/wp-content\/uploads\/sites\/3\/2024\/09\/RESOLUCAO_025_CME_20191.pdf\">RESOLUCAO_025_CME_2019<\/a><br>Renova a Autoriza\u00e7\u00e3o de Funcionamento da Educa\u00e7\u00e3o Infantil nas fases Creche 04 (meses) a 03 (tr\u00eas) anos e Pr\u00e9-escola 04 (quatro) e 05 (cinco) anos de idade do Centro Educacional Agnus Dei.<\/p>\n\n\n\n<p><a href=\"https:\/\/www.manaus.am.gov.br\/semed\/wp-content\/uploads\/sites\/3\/2024\/09\/RESOLUCAO_026_CME_20191.pdf\">RESOLUCAO_026_CME_2019<\/a><br>Credencia e Autoriza o Funcionamento da Escola Infantil Efraim.<\/p>\n\n\n\n<p><a href=\"https:\/\/www.manaus.am.gov.br\/semed\/wp-content\/uploads\/sites\/3\/2024\/09\/RESOLUCAO_027_CME_20191.pdf\">RESOLUCAO_027_CME_2019<\/a><br>Aprova os Calend\u00e1rios Escolares da Rede P\u00fablica Municipal de Ensino do ano letivo de 2020.<\/p>\n\n\n\n<p><a href=\"https:\/\/www.manaus.am.gov.br\/semed\/wp-content\/uploads\/sites\/3\/2024\/09\/RESOLUCAO_028_CME_20191.pdf\">RESOLUCAO_028_CME_2019<\/a><br>Aprova o Calend\u00e1rio Escolar Especial 2019 do Ensino Fundamental (1\u00ba ao 5\u00ba ano) da Escola Municipal Imaculada Concei\u00e7\u00e3o.<\/p>\n\n\n\n<p><a href=\"https:\/\/www.manaus.am.gov.br\/semed\/wp-content\/uploads\/sites\/3\/2024\/09\/RESOLUCAO_029_CME_20191.pdf\">RESOLUCAO_029_CME_2019<\/a><br>Aprovar o Calend\u00e1rio Escolar Especial 2019 do Ensino Fundamental (1\u00ba ao 9\u00ba ano) da Escola Municipal Ana Sena Rodrigues.<\/p>\n\n\n\n<p><a href=\"https:\/\/www.manaus.am.gov.br\/semed\/wp-content\/uploads\/sites\/3\/2024\/09\/RESOLUCAO_030_CME_20191.pdf\">RESOLUCAO_030_CME_2019<\/a><br>Aprova o Calend\u00e1rio Escolar Especial 2019 do Centro Municipal de Educa\u00e7\u00e3o Infantil Jos\u00e9 \u00c9rico de Souza.<\/p>\n\n\n\n<p><a href=\"https:\/\/www.manaus.am.gov.br\/semed\/wp-content\/uploads\/sites\/3\/2024\/09\/RESOLUCAO_031_CME_20191.pdf\">RESOLUCAO_031_CME_2019<\/a><br>Aprova os Calend\u00e1rios Escolares Especiais 2019 de Educa\u00e7\u00e3o Infantil e Ensino Fundamental da Escola Municipal Professora Adelaide Tavares de Mac\u00eado.<\/p>\n\n\n\n<p><a href=\"https:\/\/www.manaus.am.gov.br\/semed\/wp-content\/uploads\/sites\/3\/2024\/09\/RESOLUCAO_032_CME_20191.pdf\">RESOLUCAO_032_CME_2019<\/a><br>Credencia e Autoriza o Funcionamento da Creche e Aparece, Ber\u00e7\u00e1rio e Educa\u00e7\u00e3o Infantil.<\/p>\n\n\n\n<p><a href=\"https:\/\/www.manaus.am.gov.br\/semed\/wp-content\/uploads\/sites\/3\/2024\/09\/RESOLUCAO_033_CME_20191.pdf\">RESOLUCAO_033_CME_2019<\/a><br>Aprova o Calend\u00e1rio Escolar Especial 2019 do Ensino Fundamental da Escola Municipal Ana Maria de Souza Barros.<\/p>\n\n\n\n<p><a href=\"https:\/\/www.manaus.am.gov.br\/semed\/wp-content\/uploads\/sites\/3\/2024\/09\/RESOLUCAO_034_CME_20191.pdf\">RESOLUCAO_034_CME_2019<\/a><br>Renova a Autoriza\u00e7\u00e3o de Funcionamento da Educa\u00e7\u00e3o Infantil nas fases Creche 02 (dois) a 03 (tr\u00eas) anos e 11 meses de idade e Pr\u00e9-escola 04 (quatro) e 05 (cinco) anos e 11 meses de idade do Centro Educacional Maria Helena.<\/p>\n\n\n\n<p><a href=\"https:\/\/www.manaus.am.gov.br\/semed\/wp-content\/uploads\/sites\/3\/2024\/09\/RESOLUCAO_035_CME_20191.pdf\">RESOLUCAO_035_CME_2019<\/a><br>Renova a Autoriza\u00e7\u00e3o de Funcionamento da Educa\u00e7\u00e3o Infantil na fase Pr\u00e9-escola 04 (quatro) e 05 (cinco) anos e 11 meses de idade do Centro Educacional Drihelly Barbosa.<\/p>\n\n\n\n<p><a href=\"https:\/\/www.manaus.am.gov.br\/semed\/wp-content\/uploads\/sites\/3\/2024\/09\/RESOLUCAO_036_CME_20191.pdf\">RESOLUCAO_036_CME_2019<\/a><br>Credencia e Autoriza Funcionamento da Educa\u00e7\u00e3o Infantil nas fases Creche a partir de 03 (tr\u00eas) anos de idade e Pr\u00e9-escola 04 (quatro) e 05 (cinco) anos de idade, do Col\u00e9gio Adventista da Alvorada.<\/p>\n\n\n\n<p><a href=\"https:\/\/www.manaus.am.gov.br\/semed\/wp-content\/uploads\/sites\/3\/2024\/09\/RESOLUCAO_037_CME_20191.pdf\">RESOLUCAO_037_CME_2019<\/a><br>Credencia e Autoriza o Funcionamento da Educa\u00e7\u00e3o Infantil nas fases Creche a partir de 03 (tr\u00eas) anos de idade e Pr\u00e9-escola 04 (quatro) e 05 (cinco) anos de idade, da Escola Adventista do Japiim.<\/p>\n\n\n\n<p><a href=\"https:\/\/www.manaus.am.gov.br\/semed\/wp-content\/uploads\/sites\/3\/2024\/09\/RESOLUCAO_039_CME_201921.pdf\">RESOLUCAO_039_CME_2019<\/a><br>Credencia e Autoriza o Funcionamento da Educa\u00e7\u00e3o Infantil nas fases Creche 02 (dois) a 03(tr\u00eas) anos e 11 meses de idade e Pr\u00e9-escola 04 (quatro) e 05 (cinco) anos e 11 meses de idade, da Creche e Pr\u00e9-Escola Rennovari.<\/p>\n\n\n\n<p class=\"has-text-align-center\"><a href=\"https:\/\/www.manaus.am.gov.br\/semed\/cme\/atos-normativos\/resolucoes\/#topo\">Voltar ao topo<\/a><\/p>\n\n\n\n<h2 class=\"wp-block-heading\" id=\"2018\">2018<\/h2>\n\n\n\n<p><a href=\"https:\/\/www.manaus.am.gov.br\/semed\/wp-content\/uploads\/sites\/3\/2024\/09\/01_RESOLUCOES_2018_INDICE1.pdf\">RESOLUCOES_2018_INDICE<\/a><\/p>\n\n\n\n<p><a href=\"https:\/\/www.manaus.am.gov.br\/semed\/wp-content\/uploads\/sites\/3\/2024\/09\/RESOLUCAO_001_CME_20181.pdf\">RESOLUCAO_001_CME_2018<\/a><br>Renova a Autoriza\u00e7\u00e3o de Funcionamento da Educa\u00e7\u00e3o Infantil, nas fases Creche (03 anos de idade) e Pr\u00e9-escola (04 e 05 anos de idade) do Centro de Educa\u00e7\u00e3o Infantil Bela Inf\u00e2ncia<\/p>\n\n\n\n<p><a href=\"https:\/\/www.manaus.am.gov.br\/semed\/wp-content\/uploads\/sites\/3\/2024\/09\/RESOLUCAO_002_CME_20181.pdf\">RESOLUCAO_002_CME_2018<\/a><br>Credencia e Autoriza o Funcionamento da Educa\u00e7\u00e3o Infantil, nas fases Creche (0 a 3 anos de idade) e Pr\u00e9-escola (4 e 5 anos de idade) do Centro Educacional Maria Nonata A. Bezerra<\/p>\n\n\n\n<p><a href=\"https:\/\/www.manaus.am.gov.br\/semed\/wp-content\/uploads\/sites\/3\/2024\/09\/RESOLUCAO_003_CME_20181.pdf\">RESOLUCAO_003_CME_2018<\/a><br>Credencia e Autoriza o Funcionamento da Educa\u00e7\u00e3o Infantil, nas fases Creche (02 e 3 anos de idade) e Pr\u00e9-escola (4 e 5 anos de idade) do Centro Educacional Adalberto Vale \u2013 Unidade Centro<\/p>\n\n\n\n<p><a href=\"https:\/\/www.manaus.am.gov.br\/semed\/wp-content\/uploads\/sites\/3\/2024\/09\/RESOLUCAO_004_CME_20181.pdf\">RESOLUCAO_004_CME_2018<\/a><br>Renova a Autoriza\u00e7\u00e3o de Funcionamento da Educa\u00e7\u00e3o Infantil, nas fases Creche (02 e 03 anos de idade) e Pr\u00e9-escola (04 e 05 anos de idade) do Centro de Ensino Maria Brasil<\/p>\n\n\n\n<p><a href=\"https:\/\/www.manaus.am.gov.br\/semed\/wp-content\/uploads\/sites\/3\/2024\/09\/RESOLUCAO_005_CME_20181.pdf\">RESOLUCAO_005_CME_2018<\/a><br>Renova a Autoriza\u00e7\u00e3o de Funcionamento da Educa\u00e7\u00e3o Infantil, nas fases Creche (02 e 03 anos de idade) e Pr\u00e9-escola (04 e 05 anos de idade) do Centro Educacional S\u00e9culo<\/p>\n\n\n\n<p><a href=\"https:\/\/www.manaus.am.gov.br\/semed\/wp-content\/uploads\/sites\/3\/2024\/09\/RESOLUCAO_006_CME_20181.pdf\">RESOLUCAO_006_CME_2018<\/a><br>Credencia e Autoriza o Funcionamento da Educa\u00e7\u00e3o Infantil, nas fases Creche (01 ano e 06 meses a 03 anos de idade) e Pr\u00e9-escola (04 e 05 anos de idade) do Centro Educacional Adalberto Valle \u2013 Unidade I<\/p>\n\n\n\n<p><a href=\"https:\/\/www.manaus.am.gov.br\/semed\/wp-content\/uploads\/sites\/3\/2024\/09\/RESOLUCAO_007_CME_20181.pdf\">RESOLUCAO_007_CME_2018<\/a><br>Credencia e Autoriza o Funcionamento da Educa\u00e7\u00e3o Infantil, nas fases Creche (03 anos de idade) e Pr\u00e9-escola (04 e 05 anos de idade) do Centro Educacional os Pequenos Not\u00e1veis<\/p>\n\n\n\n<p><a href=\"https:\/\/www.manaus.am.gov.br\/semed\/wp-content\/uploads\/sites\/3\/2024\/09\/RESOLUCAO_008_CME_20181.pdf\">RESOLUCAO_008_CME_2018<\/a><br>Credencia e Autoriza o Funcionamento da Educa\u00e7\u00e3o Infantil, nas fases Creche (02 e 03 anos de idade) e Pr\u00e9-escola (04 e 05 anos de idade) do Centro Educacional Lato Sensu \u2013 Unidade Adrian\u00f3polis<\/p>\n\n\n\n<p><a href=\"https:\/\/www.manaus.am.gov.br\/semed\/wp-content\/uploads\/sites\/3\/2024\/09\/RESOLUCAO_009_CME_20181.pdf\">RESOLUCAO_009_CME_2018<\/a><br>Aprova a Proposta Pedag\u00f3gica do Programa Municipal de Escolariza\u00e7\u00e3o do Adulto e da Pessoa Idosa \u2013 PROMEAPI<\/p>\n\n\n\n<p><a href=\"https:\/\/www.manaus.am.gov.br\/semed\/wp-content\/uploads\/sites\/3\/2024\/09\/RESOLUCAO_010_CME_20181.pdf\">RESOLUCAO_010_CME_2018<\/a><br>Aprova o Calend\u00e1rio Escolar Especial 2018 da Escola Municipal Poetisa Cora Coralina<\/p>\n\n\n\n<p><a href=\"https:\/\/www.manaus.am.gov.br\/semed\/wp-content\/uploads\/sites\/3\/2024\/09\/RESOLUCAO_011_CME_20181.pdf\">RESOLUCAO_011_CME_2018<\/a><br>Aprova Calend\u00e1rio Escolar Especial 2018 do Centro Municipal de Educa\u00e7\u00e3o Infantil Juracy Freitas<\/p>\n\n\n\n<p><a href=\"https:\/\/www.manaus.am.gov.br\/semed\/wp-content\/uploads\/sites\/3\/2024\/09\/RESOLUCAO_012_CME_20181.pdf\">RESOLUCAO_012_CME_2018<\/a><br>Credencia e Autoriza o Funcionamento da Educa\u00e7\u00e3o Infantil, nas fases Creche (02 e 03 anos de idade) e Pr\u00e9-escola (04 e 05 anos de idade) do&nbsp; Col\u00e9gio Lato Sensu \u2013 Unidade Cidade Nova<\/p>\n\n\n\n<p><a href=\"https:\/\/www.manaus.am.gov.br\/semed\/wp-content\/uploads\/sites\/3\/2024\/09\/RESOLUCAO_013_CME_20181.pdf\">RESOLUCAO_013_CME_2018<\/a><br>Credencia e Autoriza o Funcionamento da Educa\u00e7\u00e3o Infantil, nas fases Creche(03 anos de idade) e Pr\u00e9-escola (04 e 05 anos de idade) do Col\u00e9gio Dom Bosco<\/p>\n\n\n\n<p><a href=\"https:\/\/www.manaus.am.gov.br\/semed\/wp-content\/uploads\/sites\/3\/2024\/09\/RESOLUCAO_014_CME_20181.pdf\">RESOLUCAO_014_CME_2018<\/a><br>Credencia e Autoriza o Funcionamento da Educa\u00e7\u00e3o Infantil, nas fases Creche (02 e 03 anos de idade) e Pr\u00e9-escola (04 e 05 anos de idade) do Centro Educacional Estrelas do Amanh\u00e3<\/p>\n\n\n\n<p><a href=\"https:\/\/www.manaus.am.gov.br\/semed\/wp-content\/uploads\/sites\/3\/2024\/09\/RESOLUCAO_015_CME_20181.pdf\">RESOLUCAO_015_CME_2018<\/a><br>Aprova o Calend\u00e1rio Escolar Especial 2018 da Escola Municipal Nina de Ara\u00fajo Costa Lins<\/p>\n\n\n\n<p><a href=\"https:\/\/www.manaus.am.gov.br\/semed\/wp-content\/uploads\/sites\/3\/2024\/09\/RESOLUCAO_016_CME_20181.pdf\">RESOLUCAO_016_CME_2018<\/a><br>Aprova o Calend\u00e1rio Escolar Especial 2018 da Escola Municipal Professora Maria Raimunda Marques Brasil<\/p>\n\n\n\n<p><a href=\"https:\/\/www.manaus.am.gov.br\/semed\/wp-content\/uploads\/sites\/3\/2024\/09\/RESOLUCAO_017_CME_20181.pdf\">RESOLUCAO_017_CME_2018<\/a><br>Aprova o Calend\u00e1rio Escolar Especial 2018 da Escola Municipal Francisco Pinheiro de Lima<\/p>\n\n\n\n<p><a href=\"https:\/\/www.manaus.am.gov.br\/semed\/wp-content\/uploads\/sites\/3\/2024\/09\/RESOLUCAO_018_CME_20181.pdf\">RESOLUCAO_018_CME_2018<\/a><br>Credencia e Autoriza o Funcionamento da Educa\u00e7\u00e3o Infantil, nas fases Creche (02 e 03 anos de idade) e Pr\u00e9-escola (04 e 05 anos de idade) do Centro Educacional Fabr\u00edcio Sampaio<\/p>\n\n\n\n<p><a href=\"https:\/\/www.manaus.am.gov.br\/semed\/wp-content\/uploads\/sites\/3\/2024\/09\/RESOLUCAO_019_CME_20181.pdf\">RESOLUCAO_019_CME_2018<\/a><br>Aprova o Calend\u00e1rio Escolar Especial 2018 da Escola Municipal Dr. Paulo Pinto Nery<\/p>\n\n\n\n<p><a href=\"https:\/\/www.manaus.am.gov.br\/semed\/wp-content\/uploads\/sites\/3\/2024\/09\/RESOLUCAO_020_CME_20181.pdf\">RESOLUCAO_020_CME_2018<\/a><br>Credencia e Autoriza o Funcionamento da Educa\u00e7\u00e3o Infantil, nas fases Creche (02 e 03 anos de idade) e Pr\u00e9-escola (04 e 05 anos de idade) do Centro Educacional Souza Pereira<\/p>\n\n\n\n<p><a href=\"https:\/\/www.manaus.am.gov.br\/semed\/wp-content\/uploads\/sites\/3\/2024\/09\/RESOLUCAO_021_CME_20181.pdf\">RESOLUCAO_021_CME_2018<\/a><br>Aprova o Calend\u00e1rio Escolar Especial 2018 da Escola Municipal Francisco Guedes de Queiroz<\/p>\n\n\n\n<p><a href=\"https:\/\/www.manaus.am.gov.br\/semed\/wp-content\/uploads\/sites\/3\/2024\/09\/RESOLUCAO_022_CME_20181.pdf\">RESOLUCAO_022_CME_2018<\/a><br>Aprova as Diretrizes Pedag\u00f3gicas da Educa\u00e7\u00e3o Escolar Ind\u00edgena do Munic\u00edpio de Manaus<\/p>\n\n\n\n<p><a href=\"https:\/\/www.manaus.am.gov.br\/semed\/wp-content\/uploads\/sites\/3\/2024\/09\/RESOLUCAO_023_CME_20181.pdf\">RESOLUCAO_023_CME_2018<\/a><br>Designa Conselheiros para participar do XXVIII Encontro Nacional dos Conselhos Municipais de Educa\u00e7\u00e3o<\/p>\n\n\n\n<p><a href=\"https:\/\/www.manaus.am.gov.br\/semed\/wp-content\/uploads\/sites\/3\/2024\/09\/RESOLUCAO_024_CME_20181.pdf\">RESOLUCAO_024_CME_2018<\/a><br>Aprova o Calend\u00e1rio Escolar Especial 2018 da Escola Municipal Helena Augusta Walcotti<\/p>\n\n\n\n<p><a href=\"https:\/\/www.manaus.am.gov.br\/semed\/wp-content\/uploads\/sites\/3\/2024\/09\/RESOLUCAO_025_CME_20181.pdf\">RESOLUCAO_025_CME_2018<\/a><br>Aprova o Calend\u00e1rio Escolar Especial 2018 da Escola Municipal Rui Barbosa Lima<\/p>\n\n\n\n<p><a href=\"https:\/\/www.manaus.am.gov.br\/semed\/wp-content\/uploads\/sites\/3\/2024\/09\/RESOLUCAO_026_CME_20181.pdf\">RESOLUCAO_026_CME_2018<\/a><br>Encerra as atividades educacionais e Descredencia o Funcionamento da Educa\u00e7\u00e3o Infantil, nas fases Creche 02 (dois) e 03 (tr\u00eas) anos de idade e Pr\u00e9-escola 04 (quatro) e 05 (cinco) anos de idade do Instituto de Educa\u00e7\u00e3o Boas Novas<\/p>\n\n\n\n<p><a href=\"https:\/\/www.manaus.am.gov.br\/semed\/wp-content\/uploads\/sites\/3\/2024\/09\/RESOLUCAO_027_CME_20181.pdf\">RESOLUCAO_027_CME_2018<\/a><br>Estabelece crit\u00e9rios e normas para a organiza\u00e7\u00e3o, credenciamento de institui\u00e7\u00f5es educacionais, autoriza\u00e7\u00e3o de funcionamento e renova\u00e7\u00e3o de autoriza\u00e7\u00e3o da Educa\u00e7\u00e3o Infantil e suas fases do Sistema Municipal de Ensino de Manaus e d\u00e1 outras provid\u00eancias<\/p>\n\n\n\n<p><a href=\"https:\/\/www.manaus.am.gov.br\/semed\/wp-content\/uploads\/sites\/3\/2024\/09\/RESOLUCAO_028_CME_20181.pdf\">RESOLUCAO_028_CME_2018<\/a><br>Credencia e Autoriza o Funcionamento da Educa\u00e7\u00e3o Infantil, nas fases Creche (04 meses a 03 anos de idade) e Pr\u00e9-escola (04 e 05 anos de idade) da Creche Escola Doce Come\u00e7o<\/p>\n\n\n\n<p><a href=\"https:\/\/www.manaus.am.gov.br\/semed\/wp-content\/uploads\/sites\/3\/2024\/09\/RESOLUCAO_029_CME_20181.pdf\">RESOLUCAO_029_CME_2018<\/a><br>Credencia e Autoriza o Funcionamento da Educa\u00e7\u00e3o Infantil, nas fases Creche (03 anos de idade) e Pr\u00e9-escola (04 e 05 anos de idade) do Centro Educacional Karyniel<\/p>\n\n\n\n<p><a href=\"https:\/\/www.manaus.am.gov.br\/semed\/wp-content\/uploads\/sites\/3\/2024\/09\/RESOLUCAO_030_CME_20181.pdf\">RESOLUCAO_030_CME_2018<\/a><br>Credencia e Autoriza o Funcionamento da Educa\u00e7\u00e3o Infantil, nas fases Creche (02 e 03 anos de idade) e Pr\u00e9-escola (04 e 05 anos de idade) do Col\u00e9gio Adventista Paul Bernard<\/p>\n\n\n\n<p><a href=\"https:\/\/www.manaus.am.gov.br\/semed\/wp-content\/uploads\/sites\/3\/2024\/09\/RESOLUCAO_031_CME_20181.pdf\">RESOLUCAO_031_CME_2018<\/a><br>Credencia e Autoriza o Funcionamento da Educa\u00e7\u00e3o Infantil, nas fases Creche (03 anos de idade) e Pr\u00e9-escola&nbsp;(04 e 05 anos de idade) do Centro Educacional Semente de Honra<\/p>\n\n\n\n<p><a href=\"https:\/\/www.manaus.am.gov.br\/semed\/wp-content\/uploads\/sites\/3\/2024\/09\/RESOLUCAO_032_CME_20181.pdf\">RESOLUCAO_032_CME_2018<\/a><br>Credencia e Autoriza o Funcionamento da Educa\u00e7\u00e3o Infantil, nas fases Creche (02 e 03 anos de idade) e Pr\u00e9-escola (04 e 05 anos de idade) do Centro Educacional Alegria do Saber<\/p>\n\n\n\n<p><a href=\"https:\/\/www.manaus.am.gov.br\/semed\/wp-content\/uploads\/sites\/3\/2024\/09\/RESOLUCAO_033_CME_20181.pdf\">RESOLUCAO_033_CME_2018<\/a><br>Credencia e Autoriza o Funcionamento da Educa\u00e7\u00e3o Infantil, nas fases Creche (02 e 03 anos de idade) e Pr\u00e9-escola (04 e 05 anos de idade) do Centro Educacional Brilhante Criativo<\/p>\n\n\n\n<p><a href=\"https:\/\/www.manaus.am.gov.br\/semed\/wp-content\/uploads\/sites\/3\/2024\/09\/RESOLUCAO_034_CME_20181.pdf\">RESOLUCAO_034_CME_2018<\/a><br>Renova a Autoriza\u00e7\u00e3o de Funcionamento da Educa\u00e7\u00e3o Infantil, nas fases Creche (03 anos de idade) e Pr\u00e9-escola (04 e 05 anos de idade) do Centro Educacional Emanuel<\/p>\n\n\n\n<p><a href=\"https:\/\/www.manaus.am.gov.br\/semed\/wp-content\/uploads\/sites\/3\/2024\/09\/RESOLUCAO_035_CME_20181.pdf\">RESOLUCAO_035_CME_2018<\/a><br>Renova a Autoriza\u00e7\u00e3o de Funcionamento da Educa\u00e7\u00e3o Infantil, nas fases Creche (03 anos de idade) e Pr\u00e9-escola (04 e 05 anos de idade) do Centro Educacional Estrela do Conhecimento<\/p>\n\n\n\n<p><a href=\"https:\/\/www.manaus.am.gov.br\/semed\/wp-content\/uploads\/sites\/3\/2024\/09\/RESOLUCAO_036_CME_20181.pdf\">RESOLUCAO_036_CME_2018<\/a><br>Renova e Autoriza o Funcionamento da Educa\u00e7\u00e3o Infantil nas fases Creche (03 anos de idade) e Pr\u00e9-escola (04 e 05 anos de idade) da Morada Beb\u00ea Escola Creche Eireli<\/p>\n\n\n\n<p><a href=\"https:\/\/www.manaus.am.gov.br\/semed\/wp-content\/uploads\/sites\/3\/2024\/09\/RESOLUCAO_037_CME_20181.pdf\">RESOLUCAO_037_CME_2018<\/a><br>Aprova o Calend\u00e1rio Escolar Especial 2018 da Escola Municipal Desembargador Felismino Francisco Soares<\/p>\n\n\n\n<p><a href=\"https:\/\/www.manaus.am.gov.br\/semed\/wp-content\/uploads\/sites\/3\/2024\/09\/RESOLUCAO_038_CME_20181.pdf\">RESOLUCAO_038_CME_2018<\/a><br>Estabelece as a\u00e7\u00f5es pedag\u00f3gicas para o acompanhamento das atividades extraclasses e do estudo monitorado nas Unidades de Ensino da Rede P\u00fablica Municipal de Manaus<\/p>\n\n\n\n<p><a href=\"https:\/\/www.manaus.am.gov.br\/semed\/wp-content\/uploads\/sites\/3\/2024\/09\/RESOLUCAO_039_CME_20181.pdf\">RESOLUCAO_039_CME_2018<\/a><br>Renova a Autoriza\u00e7\u00e3o de Funcionamento da Educa\u00e7\u00e3o Infantil, nas fases Creche (03 anos de idade) e Pr\u00e9-escola (04 e 05 anos de idade) do Centro Educacional Yasmin Aghatta<\/p>\n\n\n\n<p><a href=\"https:\/\/www.manaus.am.gov.br\/semed\/wp-content\/uploads\/sites\/3\/2024\/09\/RESOLUCAO_040_CME_20181.pdf\">RESOLUCAO_040_CME_2018<\/a><br>Credencia e Autoriza o Funcionamento da Educa\u00e7\u00e3o Infantil, nas fases Creche (02 e 03 anos de idade) e Pr\u00e9-escola (04 e 05 anos de idade) do Centro Educacional Vencedor<\/p>\n\n\n\n<p><a href=\"https:\/\/www.manaus.am.gov.br\/semed\/wp-content\/uploads\/sites\/3\/2024\/09\/RESOLUCAO_041_CME_20181.pdf\">RESOLUCAO_041_CME_2018<\/a><br>Credencia e Autoriza o Funcionamento da Educa\u00e7\u00e3o Infantil, nas fases Creche (03 anos de idade) e Pr\u00e9-escola (04 e 05 anos de idade) do Instituto Batista Ida Nelson<\/p>\n\n\n\n<p><a href=\"https:\/\/www.manaus.am.gov.br\/semed\/wp-content\/uploads\/sites\/3\/2024\/09\/RESOLUCAO_042_CME_20181.pdf\">RESOLUCAO_042_CME_2018<\/a><br>Renova a Autoriza\u00e7\u00e3o de Funcionamento da Educa\u00e7\u00e3o Infantil, nas fases Creche (02 e 03 anos de idade) e Pr\u00e9-escola (04 e 05 anos de idade) do Centro Educacional Integrado de Manaus \u2013 CEIMA<\/p>\n\n\n\n<p><a href=\"https:\/\/www.manaus.am.gov.br\/semed\/wp-content\/uploads\/sites\/3\/2024\/09\/RESOLUCAO_043_CME_20181.pdf\">RESOLUCAO_043_CME_2018<\/a><br>Credencia e Autoriza o Funcionamento da Educa\u00e7\u00e3o Infantil, nas fases Creche (02 e 03 anos de idade) e Pr\u00e9-escola (04 e 05 anos de idade) da Creche Escola Mam\u00e3e Coruja<\/p>\n\n\n\n<p><a href=\"https:\/\/www.manaus.am.gov.br\/semed\/wp-content\/uploads\/sites\/3\/2024\/09\/RESOLUCAO_044_CME_20181.pdf\">RESOLUCAO_044_CME_2018<\/a><br>Aprova os Calend\u00e1rios da Rede P\u00fablica Municipal de Ensino do ano letivo de 2019<\/p>\n\n\n\n<p><a href=\"https:\/\/www.manaus.am.gov.br\/semed\/wp-content\/uploads\/sites\/3\/2024\/09\/RESOLUCAO_045_CME_20181.pdf\">RESOLUCAO_045_CME_2018<\/a><br>Aprova, como Projeto Piloto, a Proposta Pedag\u00f3gica da Educa\u00e7\u00e3o de Jovens e Adultos (EJA), Semipresencial,&nbsp;2\u00ba Segmento (6\u00ba ao 9\u00ba ano) do Ensino Fundamental, a ser operacionalizado no per\u00edodo de 2019 a 2020<\/p>\n\n\n\n<p><a href=\"https:\/\/www.manaus.am.gov.br\/semed\/wp-content\/uploads\/sites\/3\/2024\/09\/RESOLUCAO_046_CME_20181.pdf\">RESOLUCAO_046_CME_2018<\/a><br>Aprova o Calend\u00e1rio Escolar Especial 2018 da Escola Municipal Rosa Sverner<\/p>\n\n\n\n<p><a href=\"https:\/\/www.manaus.am.gov.br\/semed\/wp-content\/uploads\/sites\/3\/2024\/09\/RESOLUCAO_047_CME_20181.pdf\">RESOLUCAO_047_CME_2018<\/a><br>Credencia e Autoriza o Funcionamento da Educa\u00e7\u00e3o Infantil, nas fases Creche (04 meses a 03 anos de idade) e Pr\u00e9-escola (04 e 05 anos de idade) do Centro Educacional e Ber\u00e7\u00e1rio Aquarela do ABC<\/p>\n\n\n\n<p><a href=\"https:\/\/www.manaus.am.gov.br\/semed\/wp-content\/uploads\/sites\/3\/2024\/09\/RESOLUCAO_048_CME_20181.pdf\">RESOLUCAO_048_CME_2018<\/a><br>Credencia e Autoriza o Funcionamento da Educa\u00e7\u00e3o Infantil, nas fases Creche (03 anos de idade) e Pr\u00e9-escola (04 e 05 anos de idade) do Instituto Educacional Kellen Menezes \u2013 IDEKM<\/p>\n\n\n\n<p><a href=\"https:\/\/www.manaus.am.gov.br\/semed\/wp-content\/uploads\/sites\/3\/2024\/09\/RESOLUCAO_049_CME_20181.pdf\">RESOLUCAO_049_CME_2018<\/a><br>Credencia e Autoriza o Funcionamento da Educa\u00e7\u00e3o Infantil, nas fases Creche (02 e 03 anos de idade) e Pr\u00e9-escola (04 e 05 anos de idade) do Centro Educacional Pedacinho do C\u00e9u<\/p>\n\n\n\n<p><a href=\"https:\/\/www.manaus.am.gov.br\/semed\/wp-content\/uploads\/sites\/3\/2024\/09\/RESOLUCAO_050_CME_20181.pdf\">RESOLUCAO_050_CME_2018<\/a><br>Credencia e Autoriza o Funcionamento da Educa\u00e7\u00e3o Infantil, nas fases Creche (02 e 03 anos de idade) e Pr\u00e9-escola (04 e 05 anos de idade) da Escola de Educa\u00e7\u00e3o Infantil Espa\u00e7o do Saber<\/p>\n\n\n\n<p><a href=\"https:\/\/www.manaus.am.gov.br\/semed\/wp-content\/uploads\/sites\/3\/2024\/09\/RESOLUCAO_051_CME_20181.pdf\">RESOLUCAO_051_CME_2018<\/a><br>Credencia e Autoriza o Funcionamento da Educa\u00e7\u00e3o Infantil, nas fases Creche (02 e 03 anos de idade) e Pr\u00e9-escola (04 e 05 anos de idade) do Centro Educacional L\u00e1pis de Cor<\/p>\n\n\n\n<p><a href=\"https:\/\/www.manaus.am.gov.br\/semed\/wp-content\/uploads\/sites\/3\/2024\/09\/RESOLUCAO_052_CME_20181.pdf\">RESOLUCAO_052_CME_2018<\/a><br>Renova a Autoriza\u00e7\u00e3o de Funcionamento da Educa\u00e7\u00e3o Infantil, nas fases Creche (03 anos de idade) e Pr\u00e9-escola (04 e 05 anos de idade) do Centro Educacional Mara Toscano<\/p>\n\n\n\n<p><a href=\"https:\/\/www.manaus.am.gov.br\/semed\/wp-content\/uploads\/sites\/3\/2024\/09\/RESOLUCAO_053_CME_20181.pdf\">RESOLUCAO_053_CME_2018<\/a><br>Renova a Autoriza\u00e7\u00e3o de Funcionamento da Educa\u00e7\u00e3o Infantil, na fase Pr\u00e9-escola (04 e 05 anos de idade) do Centro Educacional Drihelly Barbosa<\/p>\n\n\n\n<p><a href=\"https:\/\/www.manaus.am.gov.br\/semed\/wp-content\/uploads\/sites\/3\/2024\/09\/RESOLUCAO_054_CME_20181.pdf\">RESOLUCAO_054_CME_2018<\/a><br>Renova a Autoriza\u00e7\u00e3o de Funcionamento da Educa\u00e7\u00e3o Infantil, nas fases Creche (18 meses a 03 anos de idade) e Pr\u00e9-escola (04 e 05 anos de idade) do Centro Educacional Recanto do Senhor<\/p>\n\n\n\n<p><a href=\"https:\/\/www.manaus.am.gov.br\/semed\/wp-content\/uploads\/sites\/3\/2024\/09\/RESOLUCAO_055_CME_20181.pdf\">RESOLUCAO_055_CME_2018<\/a><br>Credencia e Autoriza o Funcionamento da Educa\u00e7\u00e3o Infantil, nas fases Creche (02 e 03 anos de idade) e Pr\u00e9-escola (04 e 05 anos de idade) do Centro Educacional Alegria do Saber<\/p>\n\n\n\n<p class=\"has-text-align-center\"><a href=\"https:\/\/www.manaus.am.gov.br\/semed\/cme\/atos-normativos\/resolucoes\/#topo\">Voltar ao topo<\/a><\/p>\n\n\n\n<h2 class=\"wp-block-heading\" id=\"2017\">2017<\/h2>\n\n\n\n<p><a href=\"https:\/\/www.manaus.am.gov.br\/semed\/wp-content\/uploads\/sites\/3\/2024\/09\/01_RESOLUCOES_2017_INDICE1.pdf\">RESOLUCOES_2017_INDICE<\/a><\/p>\n\n\n\n<p><a href=\"https:\/\/www.manaus.am.gov.br\/semed\/wp-content\/uploads\/sites\/3\/2024\/09\/RESOLUCAO_001_CME_20171.pdf\">RESOLUCAO_001_CME_2017<\/a><br>Estabelece diretrizes para operacionaliza\u00e7\u00e3o da Educa\u00e7\u00e3o em Direitos Humanos no Sistema Municipal de Ensino de Manaus e d\u00e1 outras provid\u00eancias<\/p>\n\n\n\n<p><a href=\"https:\/\/www.manaus.am.gov.br\/semed\/wp-content\/uploads\/sites\/3\/2024\/09\/RESOLUCAO_002_CME_20171.pdf\">RESOLUCAO_002_CME_2017<\/a><br>Credencia e Autoriza o Funcionamento da Educa\u00e7\u00e3o Infantil, nas fases Creche (03 anos de idade) e Pr\u00e9-escola (04 a 05 anos de idade) do Centro Educacional Kelle Almeida Maciel<\/p>\n\n\n\n<p><a href=\"https:\/\/www.manaus.am.gov.br\/semed\/wp-content\/uploads\/sites\/3\/2024\/09\/RESOLUCAO_003_CME_20171.pdf\">RESOLUCAO_003_CME_2017<\/a><br>Credencia e Autoriza o Funcionamento da Educa\u00e7\u00e3o Infantil nas fases Creche (02 e 03 anos de idade) e Pr\u00e9-escola (04 a 05 anos de idade) da Casa da Crian\u00e7a<\/p>\n\n\n\n<p><a href=\"https:\/\/www.manaus.am.gov.br\/semed\/wp-content\/uploads\/sites\/3\/2024\/09\/RESOLUCAO_004_CME_20171.pdf\">RESOLUCAO_004_CME_2017<\/a><br>Credencia e Autoriza o Funcionamento da Educa\u00e7\u00e3o Infantil nas fases Creche (03 anos de idade) e Pr\u00e9-escola (04 a 05 anos de idade) da Institui\u00e7\u00e3o Peixinho Feliz Manaus<\/p>\n\n\n\n<p><a href=\"https:\/\/www.manaus.am.gov.br\/semed\/wp-content\/uploads\/sites\/3\/2024\/09\/RESOLUCAO_005_CME_20171.pdf\">RESOLUCAO_005_CME_2017<\/a><br>Credencia e Autoriza o Funcionamento da Educa\u00e7\u00e3o Infantil nas fases Creche (03 anos de idade) e Pr\u00e9-escola (04 a 05 anos de idade) do Centro Educacional Professora Ana Cleide<\/p>\n\n\n\n<p><a href=\"https:\/\/www.manaus.am.gov.br\/semed\/wp-content\/uploads\/sites\/3\/2024\/09\/RESOLUCAO_006_CME_20171.pdf\">RESOLUCAO_006_CME_2017<\/a><br>Renova a Autoriza\u00e7\u00e3o de Funcionamento da Educa\u00e7\u00e3o Infantil. nas fases Creche (06 meses a 03 anos de idade) e Pr\u00e9-escola (04 a 05 anos de idade) do Centro Educacional Edith Brand\u00e3o<\/p>\n\n\n\n<p><a href=\"https:\/\/www.manaus.am.gov.br\/semed\/wp-content\/uploads\/sites\/3\/2024\/09\/RESOLUCAO_007_CME_20171.pdf\">RESOLUCAO_007_CME_2017<\/a><br>D\u00e1 nova reda\u00e7\u00e3o \u00e0 Resolu\u00e7\u00e3o n. 018\/CME\/2015 que define as diretrizes curriculares e estabelece normas para a oferta e funcionamento da Educa\u00e7\u00e3o Infantil na Rede P\u00fablica Municipal de Ensino de Manaus<\/p>\n\n\n\n<p><a href=\"https:\/\/www.manaus.am.gov.br\/semed\/wp-content\/uploads\/sites\/3\/2024\/09\/RESOLUCAO_008_CME_20171.pdf\">RESOLUCAO_008_CME_2017<\/a><br>Aprova o Calend\u00e1rio Escolar Especial 2017 da Escola Municipal \u00c1ureo Nonato Ensino Fundamental (7\u00ba e 8\u00ba ano)<\/p>\n\n\n\n<p><a href=\"https:\/\/www.manaus.am.gov.br\/semed\/wp-content\/uploads\/sites\/3\/2024\/09\/RESOLUCAO_009_CME_20171.pdf\">RESOLUCAO_009_CME_2017<\/a><br>Credencia e Autoriza o Funcionamento da Educa\u00e7\u00e3o Infantil, nas fases Creche (03 anos de idade) e Pr\u00e9-escola (04 a 05 anos de idade) da Escolinha Maria Imaculada<\/p>\n\n\n\n<p><a href=\"https:\/\/www.manaus.am.gov.br\/semed\/wp-content\/uploads\/sites\/3\/2024\/09\/RESOLUCAO_010_CME_20171.pdf\">RESOLUCAO_010_CME_2017<\/a><br>Credencia e Autoriza o Funcionamento da Educa\u00e7\u00e3o Infantil, nas fases Creche (02 e 03 anos de idade) e Pr\u00e9-escola (04 e 05 anos de idade) do Centro Educacional Sonho de Crian\u00e7a<\/p>\n\n\n\n<p><a href=\"https:\/\/www.manaus.am.gov.br\/semed\/wp-content\/uploads\/sites\/3\/2024\/09\/RESOLUCAO_011_CME_20171.pdf\">RESOLUCAO_011_CME_2017<\/a><br>Credencia e Autoriza o Funcionamento da Educa\u00e7\u00e3o Infantil, nas fases Creche (03 anos de idade) e Pr\u00e9-escola (04 a 05 anos de idade) do Centro Educacional G\u00eanesis<\/p>\n\n\n\n<p><a href=\"https:\/\/www.manaus.am.gov.br\/semed\/wp-content\/uploads\/sites\/3\/2024\/09\/RESOLUCAO_012_CME_20171.pdf\">RESOLUCAO_012_CME_2017<\/a><br>Renova a Autoriza\u00e7\u00e3o de Funcionamento da Educa\u00e7\u00e3o Infantil, na fase Creche (01 a 03 anos de idade) do Centro Integrado de Ensino Professora Swely Imbiriba \u2013 LTDA \u2013 CIESI<\/p>\n\n\n\n<p><a href=\"https:\/\/www.manaus.am.gov.br\/semed\/wp-content\/uploads\/sites\/3\/2024\/09\/RESOLUCAO_013_CME_20171.pdf\">RESOLUCAO_013_CME_2017<\/a><br>Renova a Autoriza\u00e7\u00e3o de Funcionamento da Educa\u00e7\u00e3o Infantil nas fases Creche (02 e 03 anos de idade) e Pr\u00e9-escola (04 e 05 anos de idade) do Centro Educacional Recanto do Saber<\/p>\n\n\n\n<p><a href=\"https:\/\/www.manaus.am.gov.br\/semed\/wp-content\/uploads\/sites\/3\/2024\/09\/RESOLUCAO_014_CME_20171.pdf\">RESOLUCAO_014_CME_2017<\/a><br>Aprova as Diretrizes Pedag\u00f3gicas para Educa\u00e7\u00e3o do Campo da Rede Municipal de Ensino de Manaus<\/p>\n\n\n\n<p><a href=\"https:\/\/www.manaus.am.gov.br\/semed\/wp-content\/uploads\/sites\/3\/2024\/09\/RESOLUCAO_015_CME_20171.pdf\">RESOLUCAO_015_CME_2017<\/a><br>Renova a Autoriza\u00e7\u00e3o de Funcionamento da Educa\u00e7\u00e3o Infantil, nas fases Creche (03 anos de idade) e Pr\u00e9-escola (04 e 05 anos de idade) do Centro Educacional Semeando o Saber<\/p>\n\n\n\n<p><a href=\"https:\/\/www.manaus.am.gov.br\/semed\/wp-content\/uploads\/sites\/3\/2024\/09\/RESOLUCAO_016_CME_20171.pdf\">RESOLUCAO_016_CME_2017<\/a><br>Credencia e Autoriza o Funcionamento da Educa\u00e7\u00e3o Infantil, nas fases Creche (03 anos de idade) e Pr\u00e9-escola (04 a 05 anos de idade) do Centro Educacional Dom Quixote<\/p>\n\n\n\n<p><a href=\"https:\/\/www.manaus.am.gov.br\/semed\/wp-content\/uploads\/sites\/3\/2024\/09\/RESOLUCAO_017_CME_20171.pdf\">RESOLUCAO_017_CME_2017<\/a><br>Credencia e Autoriza o Funcionamento da Educa\u00e7\u00e3o Infantil, nas fases Creche (03 anos de idade) e Pr\u00e9-escola (04 a 05 anos de idade) do Centro Educacional Amor Divino<\/p>\n\n\n\n<p><a href=\"https:\/\/www.manaus.am.gov.br\/semed\/wp-content\/uploads\/sites\/3\/2024\/09\/RESOLUCAO_018_CME_20171.pdf\">RESOLUCAO_018_CME_2017<\/a><br>Credencia e Autoriza o Funcionamento da Educa\u00e7\u00e3o Infantil nas fases Creche (03 anos de idade) e Pr\u00e9-escola (04 a 05 anos de idade) da Escola Batista Shekinah<\/p>\n\n\n\n<p><a href=\"https:\/\/www.manaus.am.gov.br\/semed\/wp-content\/uploads\/sites\/3\/2024\/09\/RESOLUCAO_019_CME_20171.pdf\">RESOLUCAO_019_CME_2017<\/a><br>Homologa a operacionaliza\u00e7\u00e3o dos Projetos Pol\u00edticos Pedag\u00f3gicos de Institui\u00e7\u00f5es de Ensino da Rede Municipal de Educa\u00e7\u00e3o de Manaus<\/p>\n\n\n\n<p><a href=\"https:\/\/www.manaus.am.gov.br\/semed\/wp-content\/uploads\/sites\/3\/2024\/09\/RESOLUCAO_020_CME_20171.pdf\">RESOLUCAO_020_CME_2017<\/a><br>Credencia e Autoriza o Funcionamento da Educa\u00e7\u00e3o Infantil, nas fases Creche (0 a 03 anos de idade) e Pr\u00e9-escola (04 e 05 anos de idade) da Escola Sesi Doutor Francisco Garcia<\/p>\n\n\n\n<p><a href=\"https:\/\/www.manaus.am.gov.br\/semed\/wp-content\/uploads\/sites\/3\/2024\/09\/RESOLUCAO_021_CME_20171.pdf\">RESOLUCAO_021_CME_2017<\/a><br>Credencia e Autoriza o Funcionamento da Educa\u00e7\u00e3o Infantil, nas fases Creche (02 e 03 anos de idade) e Pr\u00e9-escola (04 e 05 anos de idade) do Centro Educacional Pingo de Gente<\/p>\n\n\n\n<p><a href=\"https:\/\/www.manaus.am.gov.br\/semed\/wp-content\/uploads\/sites\/3\/2024\/09\/RESOLUCAO_022_CME_20171.pdf\">RESOLUCAO_022_CME_2017<\/a><br>Credencia e Autoriza o Funcionamento da Educa\u00e7\u00e3o Infantil, nas fases Creche (0 a 3 anos de idade) e Pr\u00e9-escola (4 e 5 anos de idade) do Centro Educacional Pequenos Brilhantes<\/p>\n\n\n\n<p><a href=\"https:\/\/www.manaus.am.gov.br\/semed\/wp-content\/uploads\/sites\/3\/2024\/09\/RESOLUCAO_023_CME_20171.pdf\">RESOLUCAO_023_CME_2017<\/a><br>Renova a Autoriza\u00e7\u00e3o de Funcionamento da Educa\u00e7\u00e3o Infantil, nas fases Creche (02 e 03 anos de idade) e Pr\u00e9-escola (04 e 05 anos de idade) do Instituto de Educa\u00e7\u00e3o Boas Novas<\/p>\n\n\n\n<p><a href=\"https:\/\/www.manaus.am.gov.br\/semed\/wp-content\/uploads\/sites\/3\/2024\/09\/RESOLUCAO_024_CME_20171.pdf\">RESOLUCAO_024_CME_2017<\/a><br>Institui a Medalha de M\u00e9rito Educacional e a Placa de Condecora\u00e7\u00e3o para agraciar profissionais e institui\u00e7\u00f5es por seus m\u00e9ritos e relevantes servi\u00e7os prestados, direta ou indiretamente, \u00e0 educa\u00e7\u00e3o no munic\u00edpio de Manaus<\/p>\n\n\n\n<p><a href=\"https:\/\/www.manaus.am.gov.br\/semed\/wp-content\/uploads\/sites\/3\/2024\/09\/RESOLUCAO_025_CME_20171.pdf\">RESOLUCAO_025_CME_2017<\/a><br>Aprova os Calend\u00e1rios da Rede P\u00fablica Municipal de Ensino do ano letivo de 2018<\/p>\n\n\n\n<p><a href=\"https:\/\/www.manaus.am.gov.br\/semed\/wp-content\/uploads\/sites\/3\/2024\/09\/RESOLUCAO_026_CME_20171.pdf\">RESOLUCAO_026_CME_2017<\/a><br>Credencia e Autoriza o Funcionamento da Educa\u00e7\u00e3o Infantil, nas fases Creche (0 a 3 anos de idade) e Pr\u00e9-escola (4 e 5 anos de idade) do Centro Educacional Risque e Rabisque<\/p>\n\n\n\n<p><a href=\"https:\/\/www.manaus.am.gov.br\/semed\/wp-content\/uploads\/sites\/3\/2024\/09\/RESOLUCAO_027_CME_20171.pdf\">RESOLUCAO_027_CME_2017<\/a><br>Credencia e Autoriza o Funcionamento da Educa\u00e7\u00e3o Infantil, nas fases Creche (0 a 3 anos de idade) e Pr\u00e9-escola (4 e 5 anos de idade) da Institui\u00e7\u00e3o Educacional Igap\u00f3 Jardim Escola Livre<\/p>\n\n\n\n<p><a href=\"https:\/\/www.manaus.am.gov.br\/semed\/wp-content\/uploads\/sites\/3\/2024\/09\/RESOLUCAO_028_CME_20171.pdf\">RESOLUCAO_028_CME_2017<\/a><br>Credencia e Autoriza o Funcionamento da Educa\u00e7\u00e3o Infantil, nas fases Creche (2 e 3 anos de idade) e Pr\u00e9-escola (4 e 5 anos de idade) do Centro Educacional Beb\u00ea Querido<\/p>\n\n\n\n<p><a href=\"https:\/\/www.manaus.am.gov.br\/semed\/wp-content\/uploads\/sites\/3\/2024\/09\/RESOLUCAO_029_CME_20171.pdf\">RESOLUCAO_029_CME_2017<\/a><br>Credencia e Autoriza o Funcionamento da Educa\u00e7\u00e3o Infantil, nas fases Creche (3 anos de idade) e Pr\u00e9-escola (4 e 5 anos de idade) do Col\u00e9gio Adventista da Cidade Nova<\/p>\n\n\n\n<p><a href=\"https:\/\/www.manaus.am.gov.br\/semed\/wp-content\/uploads\/sites\/3\/2024\/09\/RESOLUCAO_030_CME_20171.pdf\">RESOLUCAO_030_CME_2017<\/a><br>Credencia e Autoriza o Funcionamento da Educa\u00e7\u00e3o Infantil, nas fases Creche (3 anos de idade) e Pr\u00e9-escola (4 e 5 anos de idade) do Centro Educacional Batista Passo a Passo<\/p>\n\n\n\n<p><a href=\"https:\/\/www.manaus.am.gov.br\/semed\/wp-content\/uploads\/sites\/3\/2024\/09\/RESOLUCAO_031_CME_20171.pdf\">RESOLUCAO_031_CME_2017<\/a><br>Credencia e Autoriza o Funcionamento da Educa\u00e7\u00e3o Infantil, nas fases Creche a partir de (3 anos de idade) e Pr\u00e9-escola (4 e 5 anos de idade) do Centro Educacional Heran\u00e7a do Saber<\/p>\n\n\n\n<p><a href=\"https:\/\/www.manaus.am.gov.br\/semed\/wp-content\/uploads\/sites\/3\/2024\/09\/RESOLUCAO_032_CME_20171.pdf\">RESOLUCAO_032_CME_2017<\/a><br>Aprova a Proposta Pedag\u00f3gica e a Estrutura Curricular de Educa\u00e7\u00e3o Integral do Ensino Fundamental para a Rede Municipal de Ensino de Manaus<\/p>\n\n\n\n<p><a href=\"https:\/\/www.manaus.am.gov.br\/semed\/wp-content\/uploads\/sites\/3\/2024\/09\/RESOLUCAO_033_CME_20171.pdf\">RESOLUCAO_033_CME_2017<\/a><br>Credencia e Autoriza o Funcionamento da Educa\u00e7\u00e3o Infantil, nas fases Creche (3 anos de idade) e Pr\u00e9-escola (4 e 5 anos de idade) do Centro Educacional Bet\u00e2nia<\/p>\n\n\n\n<p><a href=\"https:\/\/www.manaus.am.gov.br\/semed\/wp-content\/uploads\/sites\/3\/2024\/09\/RESOLUCAO_034_CME_20171.pdf\">RESOLUCAO_034_CME_2017<\/a><br>Credencia e Autoriza o Funcionamento da Educa\u00e7\u00e3o Infantil, nas fases Creche a partir de (2 anos de idade) e Pr\u00e9-escola (4 e 5 anos de idade) do Centro Educacional S\u00e3o Francisco<\/p>\n\n\n\n<p><a href=\"https:\/\/www.manaus.am.gov.br\/semed\/wp-content\/uploads\/sites\/3\/2024\/09\/RESOLUCAO_035_CME_20171.pdf\">RESOLUCAO_035_CME_2017<\/a><br>Autoriza o Funcionamento do Ensino Fundamental, de 1\u00ba ao 5\u00ba ano, da Escola Municipal Professor Alberto Makaren<\/p>\n\n\n\n<p><a href=\"https:\/\/www.manaus.am.gov.br\/semed\/wp-content\/uploads\/sites\/3\/2024\/09\/RESOLUCAO_036_CME_20171.pdf\">RESOLUCAO_036_CME_2017<\/a><br>Homologa a operacionaliza\u00e7\u00e3o dos Projetos Pol\u00edticos Pedag\u00f3gicos de Institui\u00e7\u00f5es de Ensino da Rede Municipal de Educa\u00e7\u00e3o de Manaus<\/p>\n\n\n\n<p class=\"has-text-align-center\"><a href=\"https:\/\/www.manaus.am.gov.br\/semed\/cme\/atos-normativos\/resolucoes\/#topo\">Voltar ao topo<\/a><\/p>\n\n\n\n<h2 class=\"wp-block-heading\" id=\"2016\">2016<\/h2>\n\n\n\n<p><a href=\"https:\/\/www.manaus.am.gov.br\/semed\/wp-content\/uploads\/sites\/3\/2024\/09\/01_RESOLUCOES_2016_INDICE1-1.pdf\">RESOLUCOES_2016_INDICE<\/a><\/p>\n\n\n\n<p><a href=\"https:\/\/www.manaus.am.gov.br\/semed\/wp-content\/uploads\/sites\/3\/2024\/09\/RESOLUCAO_001_CME_20161-1.pdf\">RESOLUCAO_001_CME_2016<\/a><br>Credencia e Autoriza&nbsp; o Funcionamento da Educa\u00e7\u00e3o Infantil nas fases Creche (03 anos) e Pr\u00e9-escola (04 a 05 anos de idade) do Centro Educacional Santa Terezinha.<\/p>\n\n\n\n<p><a href=\"https:\/\/www.manaus.am.gov.br\/semed\/wp-content\/uploads\/sites\/3\/2024\/09\/RESOLUCAO_002_CME_20161-1.pdf\">RESOLUCAO_002_CME_2016<\/a><br><a href=\"https:\/\/www.manaus.am.gov.br\/semed\/wp-content\/uploads\/sites\/3\/2024\/09\/RESOLUCAO_002_CME_2016_ERRATA1-1.pdf\">RESOLUCAO_002_CME_2016_ERRATA<\/a><br>Aprova a Proposta Pedag\u00f3gica Curricular de Educa\u00e7\u00e3o Infantil da Rede P\u00fablica Municipal de Manaus.<\/p>\n\n\n\n<p><a href=\"https:\/\/www.manaus.am.gov.br\/semed\/wp-content\/uploads\/sites\/3\/2024\/09\/RESOLUCAO_003_CME_20161-1.pdf\">RESOLUCAO_003_CME_2016<\/a><br>Aprova o Calend\u00e1rio Escolar Especial 2015 da Escola Municipal Nina de Ara\u00fajo Costa Lins.<\/p>\n\n\n\n<p><a href=\"https:\/\/www.manaus.am.gov.br\/semed\/wp-content\/uploads\/sites\/3\/2024\/09\/RESOLUCAO_004_CME_20161-1.pdf\">RESOLUCAO_004_CME_2016<\/a><br>Credencia e Autoriza&nbsp; o Funcionamento da Educa\u00e7\u00e3o Infantil nas fases Creche (02 e 03 anos) e Pr\u00e9-escola (04 a 05 anos de idade) do Centro Educacional Mara Toscano.<\/p>\n\n\n\n<p><a href=\"https:\/\/www.manaus.am.gov.br\/semed\/wp-content\/uploads\/sites\/3\/2024\/09\/RESOLUCAO_005_CME_20161-1.pdf\">RESOLUCAO_005_CME_2016<\/a><br>Estabelece normas, diretrizes e princ\u00edpios aplic\u00e1veis a Educa\u00e7\u00e3o B\u00e1sica no Sistema Municipal de Ensino de Manaus a partir do regime institu\u00eddo pela Lei N. 9.394\/96 \u2013 Lei de Diretrizes e Bases da Educa\u00e7\u00e3o Nacional \u2013 LDBEN.<\/p>\n\n\n\n<p><a href=\"https:\/\/www.manaus.am.gov.br\/semed\/wp-content\/uploads\/sites\/3\/2024\/09\/RESOLUCAO_006_CME_20161-1.pdf\">RESOLUCAO_006_CME_2016<\/a><br>Credencia e Autoriza&nbsp; o Funcionamento da Educa\u00e7\u00e3o Infantil nas fases Creche (02 e 03 anos) e Pr\u00e9-escola (04 a 05 anos de idade) do Centro Educacional Professora Sandra Burga.<\/p>\n\n\n\n<p><a href=\"https:\/\/www.manaus.am.gov.br\/semed\/wp-content\/uploads\/sites\/3\/2024\/09\/RESOLUCAO_007_CME_20161-1.pdf\">RESOLUCAO_007_CME_2016<\/a><br>Aprova o Calend\u00e1rio Escolar Especial 2016 da Escola Municipal Nossa Senhora da Paz.<\/p>\n\n\n\n<p><a href=\"https:\/\/www.manaus.am.gov.br\/semed\/wp-content\/uploads\/sites\/3\/2024\/09\/RESOLUCAO_008_CME_20161-1.pdf\">RESOLUCAO_008_CME_2016<\/a><br>Aprova o Calend\u00e1rio Escolar Especial 2016 da Escola Municipal Dr. Geraldo Pinheiro.<\/p>\n\n\n\n<p><a href=\"https:\/\/www.manaus.am.gov.br\/semed\/wp-content\/uploads\/sites\/3\/2024\/09\/RESOLUCAO_009_CME_20161-1.pdf\">RESOLUCAO_009_CME_2016<\/a><br>Credencia e Autoriza&nbsp; o Funcionamento da Educa\u00e7\u00e3o Infantil nas fases Creche (02 e 03 anos) e Pr\u00e9-escola (04 a 05 anos de idade) Escola Vocacional Masrour.<\/p>\n\n\n\n<p><a href=\"https:\/\/www.manaus.am.gov.br\/semed\/wp-content\/uploads\/sites\/3\/2024\/09\/RESOLUCAO_010_CME_20161-1.pdf\">RESOLUCAO_010_CME_2016<\/a><br>Aprova o Calend\u00e1rio Escolar da Educa\u00e7\u00e3o Infantil da Zona Rural Ribeirinha Rio Negro 2016.<\/p>\n\n\n\n<p><a href=\"https:\/\/www.manaus.am.gov.br\/semed\/wp-content\/uploads\/sites\/3\/2024\/09\/RESOLUCAO_011_CME_20161-1.pdf\">RESOLUCAO_011_CME_2016<\/a><br>Institui novos procedimentos e orienta\u00e7\u00f5es para a Educa\u00e7\u00e3o Especial, na perspectiva da Educa\u00e7\u00e3o Inclusiva, no Sistema Municipal de Ensino de Manaus.<\/p>\n\n\n\n<p><a href=\"https:\/\/www.manaus.am.gov.br\/semed\/wp-content\/uploads\/sites\/3\/2024\/09\/RESOLUCAO_012_CME_20161-1.pdf\">RESOLUCAO_012_CME_2016<\/a><br>Aprova o Calend\u00e1rio Escolar Especial 2016 do Centro Municipal de Educa\u00e7\u00e3o Infantil Maestro Dirson Costa.<\/p>\n\n\n\n<p><a href=\"https:\/\/www.manaus.am.gov.br\/semed\/wp-content\/uploads\/sites\/3\/2024\/09\/RESOLUCAO_013_CME_20161-1.pdf\">RESOLUCAO_013_CME_2016<\/a><br>Aprova o Calend\u00e1rio Escolar Especial 2016 1\u00ba ao 5\u00ba do Ensino Fundamental da Escola Municipal Dr. Geraldo Pinheiro.<\/p>\n\n\n\n<p><a href=\"https:\/\/www.manaus.am.gov.br\/semed\/wp-content\/uploads\/sites\/3\/2024\/09\/RESOLUCAO_014_CME_20161-1.pdf\">RESOLUCAO_014_CME_2016<\/a><br>Aprova o Calend\u00e1rio Escolar Especial 2016 da Escola Municipal Jaqueline Lopes Marques.<\/p>\n\n\n\n<p><a href=\"https:\/\/www.manaus.am.gov.br\/semed\/wp-content\/uploads\/sites\/3\/2024\/09\/RESOLUCAO_015_CME_20161-1.pdf\">RESOLUCAO_015_CME_2016<\/a><br>Aprova o Calend\u00e1rio Escolar Especial 2016 da Escola Municipal Jaqueline Lopes Marques Educa\u00e7\u00e3o Infantil.<\/p>\n\n\n\n<p><a href=\"https:\/\/www.manaus.am.gov.br\/semed\/wp-content\/uploads\/sites\/3\/2024\/09\/RESOLUCAO_016_CME_20161-1.pdf\">RESOLUCAO_016_CME_2016<\/a><br>Aprova o Calend\u00e1rio Escolar Especial 2016 da Escola Municipal Epit\u00e1cio Nunes da Fonseca Ensino Fundamental.<\/p>\n\n\n\n<p><a href=\"https:\/\/www.manaus.am.gov.br\/semed\/wp-content\/uploads\/sites\/3\/2024\/09\/RESOLUCAO_017_CME_20161-1.pdf\">RESOLUCAO_017_CME_2016<\/a><br>Aprova o Regimento Escolar do Col\u00e9gio Nossa Senhora Auxiliadora.<\/p>\n\n\n\n<p><a href=\"https:\/\/www.manaus.am.gov.br\/semed\/wp-content\/uploads\/sites\/3\/2024\/09\/RESOLUCAO_018_CME_20161-1.pdf\">RESOLUCAO_018_CME_2016<\/a><br>Renova a Autoriza\u00e7\u00e3o de Funcionamento da Educa\u00e7\u00e3o Infantil nas fases Creche (03 anos de idade) e Pr\u00e9-escola (04 a 05 anos de idade) do Centro Educacional Recanto dos Anjos.<\/p>\n\n\n\n<p><a href=\"https:\/\/www.manaus.am.gov.br\/semed\/wp-content\/uploads\/sites\/3\/2024\/09\/RESOLUCAO_019_CME_20161-1.pdf\">RESOLUCAO_019_CME_2016<\/a><br>Aprova o Calend\u00e1rio Escolar Especial 2016 da Escola Municipal Epit\u00e1cio Nunes da Fonseca Educa\u00e7\u00e3o Infantil.<\/p>\n\n\n\n<p><a href=\"https:\/\/www.manaus.am.gov.br\/semed\/wp-content\/uploads\/sites\/3\/2024\/09\/RESOLUCAO_020_CME_20161-1.pdf\">RESOLUCAO_020_CME_2016<\/a><br>Aprova a Proposta Pedag\u00f3gica e Estrutura Curricular de Educa\u00e7\u00e3o Integral para o Munic\u00edpio de Manaus nos Anos Iniciais do Ensino Fundamental.<\/p>\n\n\n\n<p><a href=\"https:\/\/www.manaus.am.gov.br\/semed\/wp-content\/uploads\/sites\/3\/2024\/09\/RESOLUCAO_021_CME_20161-1.pdf\">RESOLUCAO_021_CME_2016<\/a><br>Credencia e Autoriza o Funcionamento da Educa\u00e7\u00e3o Infantil nas fases Creche (03 anos de idade) e Pr\u00e9-escola (04 a 05 anos de idade) do Centro Educacional Cordeiro.<\/p>\n\n\n\n<p><a href=\"https:\/\/www.manaus.am.gov.br\/semed\/wp-content\/uploads\/sites\/3\/2024\/09\/RESOLUCAO_022_CME_20161-1.pdf\">RESOLUCAO_022_CME_2016<\/a><br>Aprova o Calend\u00e1rio Escolar Especial 2014 da Escola Municipal Maria Pereira Campos.<\/p>\n\n\n\n<p><a href=\"https:\/\/www.manaus.am.gov.br\/semed\/wp-content\/uploads\/sites\/3\/2024\/09\/RESOLUCAO_023_CME_20161-1.pdf\">RESOLUCAO_023_CME_2016<\/a><br>Credencia e Autoriza o Funcionamento da Educa\u00e7\u00e3o Infantil nas fases Creche ( 02 e 03 anos de idade) e Pr\u00e9-escola (04 a 05 anos de idade) do Centro Educacional Alegria do Saber.<\/p>\n\n\n\n<p><a href=\"https:\/\/www.manaus.am.gov.br\/semed\/wp-content\/uploads\/sites\/3\/2024\/09\/RESOLUCAO_024_CME_20161-1.pdf\">RESOLUCAO_024_CME_2016<\/a><br>Aprova a Proposta Pedag\u00f3gica do Ensino Fundamental, na modalidade de Jovens e Adultos \u2013 1\u00ba segmento.<\/p>\n\n\n\n<p><a href=\"https:\/\/www.manaus.am.gov.br\/semed\/wp-content\/uploads\/sites\/3\/2024\/09\/RESOLUCAO_025_CME_20161-1.pdf\">RESOLUCAO_025_CME_2016<\/a><br>Aprova a Proposta Pedag\u00f3gica do Ensino Fundamental, na modalidade de Jovens e Adultos \u2013 2\u00ba segmento.<\/p>\n\n\n\n<p><a href=\"https:\/\/www.manaus.am.gov.br\/semed\/wp-content\/uploads\/sites\/3\/2024\/09\/RESOLUCAO_026_CME_20161-1.pdf\">RESOLUCAO_026_CME_2016<\/a><br>Aprova o Calend\u00e1rio Escolar Especial 2016 da Escola Municipal Bom Jesus Educa\u00e7\u00e3o Infantil.<\/p>\n\n\n\n<p><a href=\"https:\/\/www.manaus.am.gov.br\/semed\/wp-content\/uploads\/sites\/3\/2024\/09\/RESOLUCAO_027_CME_20161-1.pdf\">RESOLUCAO_027_CME_2016<\/a><br>Renova a Autoriza\u00e7\u00e3o de Funcionamento da Educa\u00e7\u00e3o Infantil nas fases Creche (04 meses a 03 anos de idade) e Pr\u00e9-escola (04 a 05 anos de idade) da Creche Escola Sonho de Crian\u00e7a.<\/p>\n\n\n\n<p><a href=\"https:\/\/www.manaus.am.gov.br\/semed\/wp-content\/uploads\/sites\/3\/2024\/09\/RESOLUCAO_028_CME_20161-1.pdf\">RESOLUCAO_028_CME_2016<\/a><br>Aprova o Calend\u00e1rio Escolar Especial 2016 da Escola Municipal Bom Jesus Ensino Fundamental (1\u00ba ao 9\u00ba).<\/p>\n\n\n\n<p><a href=\"https:\/\/www.manaus.am.gov.br\/semed\/wp-content\/uploads\/sites\/3\/2024\/09\/RESOLUCAO_029_CME_20161-1.pdf\">RESOLUCAO_029_CME_2016<\/a><br>Credencia e Autoriza o Funcionamento da Educa\u00e7\u00e3o Infantil nas fases Creche (03 anos de idade) e Pr\u00e9-escola (04 a 05 anos de idade) do Centro Educacional Shalom.<\/p>\n\n\n\n<p><a href=\"https:\/\/www.manaus.am.gov.br\/semed\/wp-content\/uploads\/sites\/3\/2024\/09\/RESOLUCAO_030_CME_20161-1.pdf\">RESOLUCAO_030_CME_2016<\/a><br>Credencia e Autoriza o Funcionamento da Educa\u00e7\u00e3o Infantil nas fases Creche (02 e 03 anos de idade) e Pr\u00e9-escola (04 a 05 anos de idade) do Centro Educacional Sol Nascente.<\/p>\n\n\n\n<p><a href=\"https:\/\/www.manaus.am.gov.br\/semed\/wp-content\/uploads\/sites\/3\/2024\/09\/RESOLUCAO_031_CME_20161-1.pdf\">RESOLUCAO_031_CME_2016<\/a><br>Fixa e estabelece normas para operacionaliza\u00e7\u00e3o do Programa de Corre\u00e7\u00e3o de Fluxo nas Unidades da Rede P\u00fablica Municipal de Ensino de Manaus.<\/p>\n\n\n\n<p><a href=\"https:\/\/www.manaus.am.gov.br\/semed\/wp-content\/uploads\/sites\/3\/2024\/09\/RESOLUCAO_032_CME_20161-1.pdf\">RESOLUCAO_032_CME_2016<\/a><br>Aprova o Calend\u00e1rio Escolar Especial 2016 da Escola Municipal \u00c1ureo Nonato Ensino Fundamental (1\u00ba ao 5\u00ba ano).<\/p>\n\n\n\n<p><a href=\"https:\/\/www.manaus.am.gov.br\/semed\/wp-content\/uploads\/sites\/3\/2024\/09\/RESOLUCAO_033_CME_20161-1.pdf\">RESOLUCAO_033_CME_2016<\/a><br>Aprova o Calend\u00e1rio Escolar Especial 2016 da Escola Municipal \u00c1ureo Nonato Ensino Fundamental (6\u00ba e 7\u00ba ano).<\/p>\n\n\n\n<p><a href=\"https:\/\/www.manaus.am.gov.br\/semed\/wp-content\/uploads\/sites\/3\/2024\/09\/RESOLUCAO_034_CME_20161-1.pdf\">RESOLUCAO_034_CME_2016<\/a><br>Aprova os Calend\u00e1rios da Rede P\u00fablica Municipal de Ensino do ano letivo de 2017:&nbsp;Calend\u00e1rio Escolar 2017 da Educa\u00e7\u00e3o Infantil da Zona Rural Ribeirinha Rio Negro; Calend\u00e1rio Escolar 2017 do Ensino Fundamental da Zona Rural Ribeirinha Rio Negro.<\/p>\n\n\n\n<p><a href=\"https:\/\/www.manaus.am.gov.br\/semed\/wp-content\/uploads\/sites\/3\/2024\/09\/RESOLUCAO_035_CME_20161-1.pdf\">RESOLUCAO_035_CME_2016<\/a><br>Aprova os Calend\u00e1rios da Rede P\u00fablica Municipal de Ensino do ano letivo de 2017: Calend\u00e1rio Escolar 2017 do Ensino Fundamental da Zona Urbana\/Rural Rodovi\u00e1ria e Ribeirinha Rio Amazonas; Calend\u00e1rio Escolar 2017 da Educa\u00e7\u00e3o Infantil da Zona Urbana\/Rural Rodovi\u00e1ria e Ribeirinha Rio Amazonas;<\/p>\n\n\n\n<p><a href=\"https:\/\/www.manaus.am.gov.br\/semed\/wp-content\/uploads\/sites\/3\/2024\/09\/RESOLUCAO_036_CME_20161-1.pdf\">RESOLUCAO_036_CME_2016<\/a><br>Renova a Autoriza\u00e7\u00e3o de Funcionamento da Educa\u00e7\u00e3o Infantil nas fases Creche (02 e 03 anos de idade) e Pr\u00e9-escola (04 e 05 anos de idade) do Centro de Educa\u00e7\u00e3o Integral Christ Master.<\/p>\n\n\n\n<p><a href=\"https:\/\/www.manaus.am.gov.br\/semed\/wp-content\/uploads\/sites\/3\/2024\/09\/RESOLUCAO_037_CME_20161-1.pdf\">RESOLUCAO_037_CME_2016<\/a><br>Credencia e Autoriza o Funcionamento da Educa\u00e7\u00e3o Infantil nas fases Creche (03 anos de idade) e Pr\u00e9-escola (04 a 05 anos de idade) do Centro Educacional Aruan\u00e3.<\/p>\n\n\n\n<p><a href=\"https:\/\/www.manaus.am.gov.br\/semed\/wp-content\/uploads\/sites\/3\/2024\/09\/RESOLUCAO_038_CME_20161-1.pdf\">RESOLUCAO_038_CME_2016<\/a><br>Renova a Autoriza\u00e7\u00e3o de Funcionamento da Educa\u00e7\u00e3o Infantil nas fases Creche (03 anos de idade) e Pr\u00e9-escola (04 e 05 anos de idade) do Instituto Batista Sara.<\/p>\n\n\n\n<p><a href=\"https:\/\/www.manaus.am.gov.br\/semed\/wp-content\/uploads\/sites\/3\/2024\/09\/RESOLUCAO_039_CME_20161-1.pdf\">RESOLUCAO_039_CME_2016<\/a><br>Credencia e Autoriza o Funcionamento da Educa\u00e7\u00e3o Infantil na fase Pr\u00e9-escola (04 e 05 anos de idade) do Centro Educacional Drihelly Barbosa.<\/p>\n\n\n\n<p><a href=\"https:\/\/www.manaus.am.gov.br\/semed\/wp-content\/uploads\/sites\/3\/2024\/09\/RESOLUCAO_040_CME_20161-1.pdf\">RESOLUCAO_040_CME_2016<\/a><br>Credencia e Autoriza o Funcionamento da Educa\u00e7\u00e3o Infantil nas fases Creche (01 a 03 anos de idade) e Pr\u00e9-escola (04 e 05 anos de idade) do Centro Educacional Estrelinha Linda.<\/p>\n\n\n\n<p><a href=\"https:\/\/www.manaus.am.gov.br\/semed\/wp-content\/uploads\/sites\/3\/2024\/09\/RESOLUCAO_041_CME_20161-1.pdf\">RESOLUCAO_041_CME_2016<\/a><br>Renova a Autoriza\u00e7\u00e3o de Funcionamento da Educa\u00e7\u00e3o Infantil nas fases Creche (03 anos de idade) e Pr\u00e9-escola (04 e 05 anos de idade) do Centro de Educa\u00e7\u00e3o Meu Caminho.<\/p>\n\n\n\n<p><a href=\"https:\/\/www.manaus.am.gov.br\/semed\/wp-content\/uploads\/sites\/3\/2024\/09\/RESOLUCAO_042_CME_20161-1.pdf\">RESOLUCAO_042_CME_2016<\/a><br>Renova a Autoriza\u00e7\u00e3o de Funcionamento da Educa\u00e7\u00e3o Infantil nas fases Creche (03 anos de idade) e Pr\u00e9-escola (04 e 05 anos de idade) do Jardim Escola Oficina da Crian\u00e7a.<\/p>\n\n\n\n<p><a href=\"https:\/\/www.manaus.am.gov.br\/semed\/wp-content\/uploads\/sites\/3\/2024\/09\/RESOLUCAO_043_CME_20161-1.pdf\">RESOLUCAO_043_CME_2016<\/a><br>Credencia e Autoriza o Funcionamento da Educa\u00e7\u00e3o Infantil nas fases Creche para crian\u00e7as de 06 (seis) meses a 03 (tr\u00eas) anos de idade e Pr\u00e9-escola para crian\u00e7as de 04 (quatro) e 05 (cinco) anos de idade do Centro Educacional Arte do ABC.<\/p>\n\n\n\n<p class=\"has-text-align-center\"><a href=\"https:\/\/www.manaus.am.gov.br\/semed\/cme\/atos-normativos\/resolucoes\/#topo\">Voltar ao topo<\/a><\/p>\n\n\n\n<h2 class=\"wp-block-heading\" id=\"2015\">2015<\/h2>\n\n\n\n<p><a href=\"https:\/\/www.manaus.am.gov.br\/semed\/wp-content\/uploads\/sites\/3\/2024\/09\/01_RESOLUCOES_2015_INDICE1.pdf\">RESOLUCOES_2015_INDICE<\/a><\/p>\n\n\n\n<p><a href=\"https:\/\/www.manaus.am.gov.br\/semed\/wp-content\/uploads\/sites\/3\/2024\/09\/RESOLUCAO_001_CME_20151.pdf\">RESOLUCAO_001_CME_2015<\/a><br>Homologa a Resolu\u00e7\u00e3o n. 038\/CME\/2014, aprovada \u201cAd Referendum\u201d,&nbsp; Calend\u00e1rio Escolar Especial 2014 da Escola Municipal Professora Maria da Ascen\u00e7\u00e3o Anuncia\u00e7\u00e3o Cardoso.<\/p>\n\n\n\n<p><a href=\"https:\/\/www.manaus.am.gov.br\/semed\/wp-content\/uploads\/sites\/3\/2024\/09\/RESOLUCAO_002_CME_20151.pdf\">RESOLUCAO_002_CME_2015<\/a><br>Credencia e Autoriza o Funcionamento da Educa\u00e7\u00e3o Infantil na fase Pr\u00e9-escola (4 e 5 anos de idade) do Centro Educacional Batista da Chapada.<\/p>\n\n\n\n<p><a href=\"https:\/\/www.manaus.am.gov.br\/semed\/wp-content\/uploads\/sites\/3\/2024\/09\/RESOLUCAO_003_CME_20151.pdf\">RESOLUCAO_003_CME_2015<\/a><br>Credencia e Autoriza o Funcionamento da Educa\u00e7\u00e3o Infantil nas fases Creche (2 e 3 anos) e Pr\u00e9-escola (4 e 5 anos de idade) do Centro Educacional Belvedere.<\/p>\n\n\n\n<p><a href=\"https:\/\/www.manaus.am.gov.br\/semed\/wp-content\/uploads\/sites\/3\/2024\/09\/RESOLUCAO_004_CME_20151.pdf\">RESOLUCAO_004_CME_2015<\/a><br>Aprova o Calend\u00e1rio Escolar Especial\/2015 da Escola Municipal Amine Daou Lindoso.<\/p>\n\n\n\n<p><a href=\"https:\/\/www.manaus.am.gov.br\/semed\/wp-content\/uploads\/sites\/3\/2024\/09\/RESOLUCAO_005_CME_20151.pdf\">RESOLUCAO_005_CME_2015<\/a><br>Aprova o documento \u201cOrienta\u00e7\u00f5es Pedag\u00f3gicas 2015\u201d, da Secretaria Municipal de Educa\u00e7\u00e3o.<\/p>\n\n\n\n<p><a href=\"https:\/\/www.manaus.am.gov.br\/semed\/wp-content\/uploads\/sites\/3\/2024\/09\/RESOLUCAO_006_CME_20151.pdf\">RESOLUCAO_006_CME_2015<\/a><br>Aprova o Calend\u00e1rio Escolar Especial\/2015 da Escola Municipal Padre Calleri.<\/p>\n\n\n\n<p><a href=\"https:\/\/www.manaus.am.gov.br\/semed\/wp-content\/uploads\/sites\/3\/2024\/09\/RESOLUCAO_007_CME_20151.pdf\">RESOLUCAO_007_CME_2015<\/a><br>Aprova o Calend\u00e1rio Escolar Especial\/2015 da Escola Municipal Professora Maria da Ascen\u00e7\u00e3o Anuncia\u00e7\u00e3o Cardoso.<\/p>\n\n\n\n<p><a href=\"https:\/\/www.manaus.am.gov.br\/semed\/wp-content\/uploads\/sites\/3\/2024\/09\/RESOLUCAO_008_CME_20151.pdf\">RESOLUCAO_008_CME_2015<\/a><br>Estabelece normas complementares para implementa\u00e7\u00e3o da Lei n. 11.769\/2008, que altera a Lei n. 9.394\/1996, que disp\u00f5e sobre a obrigatoriedade do ensino de M\u00fasica no Curr\u00edculo Oficial do Sistema Municipal de Ensino de Manaus.<\/p>\n\n\n\n<p><a href=\"https:\/\/www.manaus.am.gov.br\/semed\/wp-content\/uploads\/sites\/3\/2024\/09\/RESOLUCAO_009_CME_20151.pdf\">RESOLUCAO_009_CME_2015<\/a><br>Altera os crit\u00e9rios e normas para a Organiza\u00e7\u00e3o, Credenciamento de Institui\u00e7\u00f5es Educacionais P\u00fablicas e Privadas, Autoriza\u00e7\u00e3o de Funcionamento e Renova\u00e7\u00e3o de Autoriza\u00e7\u00e3o da Educa\u00e7\u00e3o Infantil e suas fases do Sistema Municipal de Ensino de Manaus.<\/p>\n\n\n\n<p><a href=\"https:\/\/www.manaus.am.gov.br\/semed\/wp-content\/uploads\/sites\/3\/2024\/09\/RESOLUCAO_010_CME_20151.pdf\">RESOLUCAO_010_CME_2015<\/a><br>Renova a Autoriza\u00e7\u00e3o de Funcionamento de Curso da Educa\u00e7\u00e3o Infantil nas fases: Creche (02 e 03 anos de idade) e Pr\u00e9-escola (04 e 05 anos de idade) da Creche Zez\u00e9 Pio de Souza.<\/p>\n\n\n\n<p><a href=\"https:\/\/www.manaus.am.gov.br\/semed\/wp-content\/uploads\/sites\/3\/2024\/09\/RESOLUCAO_011_CME_20151.pdf\">RESOLUCAO_011_CME_2015<\/a><br>Aprova o Calend\u00e1rio Escolar Especial\/2015 do CMEI Doutor Ant\u00f4nio Anast\u00e1cio Cavalcante.<\/p>\n\n\n\n<p><a href=\"https:\/\/www.manaus.am.gov.br\/semed\/wp-content\/uploads\/sites\/3\/2024\/09\/RESOLUCAO_012_CME_20151.pdf\">RESOLUCAO_012_CME_2015<\/a><br>Aprova o Calend\u00e1rio Escolar Especial\/2015 da Escola Municipal Nossa Senhora da Paz.<\/p>\n\n\n\n<p><a href=\"https:\/\/www.manaus.am.gov.br\/semed\/wp-content\/uploads\/sites\/3\/2024\/09\/RESOLUCAO_013_CME_20151.pdf\">RESOLUCAO_013_CME_2015<\/a><br>Aprova o Calend\u00e1rio Escolar Especial\/2015 da Escola Municipal Epit\u00e1cio Nunes da Fonseca.<\/p>\n\n\n\n<p><a href=\"https:\/\/www.manaus.am.gov.br\/semed\/wp-content\/uploads\/sites\/3\/2024\/09\/RESOLUCAO_014_CME_20151.pdf\">RESOLUCAO_014_CME_2015<\/a><br>Aprova o Calend\u00e1rio Escolar Especial\/2015 da Escola Municipal Raimundo Almeida.<\/p>\n\n\n\n<p><a href=\"https:\/\/www.manaus.am.gov.br\/semed\/wp-content\/uploads\/sites\/3\/2024\/09\/RESOLUCAO_015_CME_20151.pdf\">RESOLUCAO_015_CME_2015<\/a><br>Aprova o Calend\u00e1rio Escolar Especial\/2015 da Escola Municipal Professora Rosina Ara\u00fajo Moura.<\/p>\n\n\n\n<p><a href=\"https:\/\/www.manaus.am.gov.br\/semed\/wp-content\/uploads\/sites\/3\/2024\/09\/RESOLUCAO_016_CME_20151.pdf\">RESOLUCAO_016_CME_2015<\/a><br>Aprova o Calend\u00e1rio Escolar Especial\/2015 da Escola Municipal Pedro Dias Silva.<\/p>\n\n\n\n<p><a href=\"https:\/\/www.manaus.am.gov.br\/semed\/wp-content\/uploads\/sites\/3\/2024\/09\/RESOLUCAO_017_CME_20151.pdf\">RESOLUCAO_017_CME_2015<\/a><br>Aprova o Regimento Escolar da Creche Escola L\u00e1pis Criativo.<\/p>\n\n\n\n<p><a href=\"https:\/\/www.manaus.am.gov.br\/semed\/wp-content\/uploads\/sites\/3\/2024\/09\/RESOLUCAO_018_CME_20151.pdf\">RESOLUCAO_018_CME_2015<\/a><br><a href=\"https:\/\/www.manaus.am.gov.br\/semed\/wp-content\/uploads\/sites\/3\/2024\/09\/RESOLUCAO_018_CME_2015_ERRATA1.pdf\">RESOLUCAO_018_CME_2015_ERRATA<\/a><br>Define as diretrizes curriculares e estabelece normas para a oferta e funcionamento da Educa\u00e7\u00e3o Infantil na Rede P\u00fablica Municipal de Ensino de Manaus.<\/p>\n\n\n\n<p><a href=\"https:\/\/www.manaus.am.gov.br\/semed\/wp-content\/uploads\/sites\/3\/2024\/09\/RESOLUCAO_019_CME_20151.pdf\">RESOLUCAO_019_CME_2015<\/a><br>Renova a Autoriza\u00e7\u00e3o de Funcionamento da Educa\u00e7\u00e3o Infantil nas fases: Creche (03 anos de idade) e Pr\u00e9-escola (04 e 05 anos de idade) do Centro Educacional Crescendo com Cristo.<\/p>\n\n\n\n<p><a href=\"https:\/\/www.manaus.am.gov.br\/semed\/wp-content\/uploads\/sites\/3\/2024\/09\/RESOLUCAO_020_CME_20151.pdf\">RESOLUCAO_020_CME_2015<\/a><br>Aprova o Calend\u00e1rio Escolar Especial\/2015 da Escola Municipal de Ensino Fundamental Carlos Santos.<\/p>\n\n\n\n<p><a href=\"https:\/\/www.manaus.am.gov.br\/semed\/wp-content\/uploads\/sites\/3\/2024\/09\/RESOLUCAO_021_CME_20151.pdf\">RESOLUCAO_021_CME_2015<\/a><br>Aprova o Calend\u00e1rio Escolar Especial\/2015 da Escola Municipal Professor Ivomar de Lima Vieira.<\/p>\n\n\n\n<p><a href=\"https:\/\/www.manaus.am.gov.br\/semed\/wp-content\/uploads\/sites\/3\/2024\/09\/RESOLUCAO_022_CME_20151.pdf\">RESOLUCAO_022_CME_2015<\/a><br>Aprova o Calend\u00e1rio Escolar Especial\/2015 do Centro Municipal de Educa\u00e7\u00e3o Infantil Ana Maria Gon\u00e7alves dos Santos.<\/p>\n\n\n\n<p><a href=\"https:\/\/www.manaus.am.gov.br\/semed\/wp-content\/uploads\/sites\/3\/2024\/09\/RESOLUCAO_023_CME_20151.pdf\">RESOLUCAO_023_CME_2015<\/a><br>Aprova o Calend\u00e1rio Escolar Especial\/2015 da Escola Municipal Inaneide Cunha Marques Costa.<\/p>\n\n\n\n<p><a href=\"https:\/\/www.manaus.am.gov.br\/semed\/wp-content\/uploads\/sites\/3\/2024\/09\/RESOLUCAO_024_CME_20151.pdf\">RESOLUCAO_024_CME_2015<\/a><br>Aprova o Calend\u00e1rio Escolar Especial\/2015 do Centro Municipal de Educa\u00e7\u00e3o Infantil Moacir Andrade.<\/p>\n\n\n\n<p><a href=\"https:\/\/www.manaus.am.gov.br\/semed\/wp-content\/uploads\/sites\/3\/2024\/09\/RESOLUCAO_025_CME_20151.pdf\">RESOLUCAO_025_CME_2015<\/a><br>Credencia e Autoriza o Funcionamento da Educa\u00e7\u00e3o Infantil na fase Pr\u00e9-escola (4 e 5 anos de idade) da Escola de Educa\u00e7\u00e3o B\u00e1sica e Profissional Funda\u00e7\u00e3o Bradesco<\/p>\n\n\n\n<p><a href=\"https:\/\/www.manaus.am.gov.br\/semed\/wp-content\/uploads\/sites\/3\/2024\/09\/RESOLUCAO_026_CME_20151.pdf\">RESOLUCAO_026_CME_2015<\/a><br>Credencia e Autoriza o Funcionamento da Educa\u00e7\u00e3o Infantil nas fases Creche a partir de 1(um) ano e 7 (sete) meses e Pr\u00e9-escola (4 e 5 anos de idade) do Centro Integrado de Educa\u00e7\u00e3o do Amazonas (CIEAM).<\/p>\n\n\n\n<p><a href=\"https:\/\/www.manaus.am.gov.br\/semed\/wp-content\/uploads\/sites\/3\/2024\/09\/RESOLUCAO_027_CME_20151.pdf\">RESOLUCAO_027_CME_2015<\/a><br>Aprova o Calend\u00e1rio Escolar Especial\/2015 da Escola Municipal Maria Leide Amorim.<\/p>\n\n\n\n<p><a href=\"https:\/\/www.manaus.am.gov.br\/semed\/wp-content\/uploads\/sites\/3\/2024\/09\/RESOLUCAO_028_CME_20151.pdf\">RESOLUCAO_028_CME_2015<\/a><br>Aprova o Calend\u00e1rio Escolar Especial\/2015 do Anexo da Escola Municipal Engenheiro Ant\u00f4nio Nelson Neto.<\/p>\n\n\n\n<p><a href=\"https:\/\/www.manaus.am.gov.br\/semed\/wp-content\/uploads\/sites\/3\/2024\/09\/RESOLUCAO_029_CME_20151.pdf\">RESOLUCAO_029_CME_2015<\/a><br>Aprova o Calend\u00e1rio Escolar Especial\/2015 da Escola Municipal Professora No\u00eamia Santana do Nascimento Costa.<\/p>\n\n\n\n<p><a href=\"https:\/\/www.manaus.am.gov.br\/semed\/wp-content\/uploads\/sites\/3\/2024\/09\/RESOLUCAO_030_CME_20151.pdf\">RESOLUCAO_030_CME_2015<\/a><br>Aprova os Calend\u00e1rios da Rede P\u00fablica Municipal de Ensino do ano letivo de 2016.<\/p>\n\n\n\n<p><a href=\"https:\/\/www.manaus.am.gov.br\/semed\/wp-content\/uploads\/sites\/3\/2024\/09\/RESOLUCAO_031_CME_20151.pdf\">RESOLUCAO_031_CME_2015<\/a><br>Aprova o Calend\u00e1rio Escolar Especial\/2015 da Escola Municipal Jo\u00e3o Paulo II.<\/p>\n\n\n\n<p><a href=\"https:\/\/www.manaus.am.gov.br\/semed\/wp-content\/uploads\/sites\/3\/2024\/09\/RESOLUCAO_032_CME_20151.pdf\">RESOLUCAO_032_CME_2015<\/a><br>Aprova o Calend\u00e1rio Escolar Especial\/2015 da Escola Municipal Prof. Carlos Farias Ouro de Carvalho.<\/p>\n\n\n\n<p><a href=\"https:\/\/www.manaus.am.gov.br\/semed\/wp-content\/uploads\/sites\/3\/2024\/09\/RESOLUCAO_033_CME_20151.pdf\">RESOLUCAO_033_CME_2015<\/a><br>Aprova o Calend\u00e1rio Escolar Especial\/2015 do CMEI Engenheiro Ant\u00f4nio Nelson Neto.<\/p>\n\n\n\n<p><a href=\"https:\/\/www.manaus.am.gov.br\/semed\/wp-content\/uploads\/sites\/3\/2024\/09\/RESOLUCAO_034_CME_20151.pdf\">RESOLUCAO_034_CME_2015<\/a><br>Credencia e Autoriza o Funcionamento da Educa\u00e7\u00e3o Infantil, nas fases Creche 3 (tr\u00eas) e Pr\u00e9-escola 4 (quatro) e 5 (cinco) do Centro Educacional Vinde a Mim.<\/p>\n\n\n\n<p><a href=\"https:\/\/www.manaus.am.gov.br\/semed\/wp-content\/uploads\/sites\/3\/2024\/09\/RESOLUCAO_035_CME_20151.pdf\">RESOLUCAO_035_CME_2015<\/a><br>Aprova o Regimento Escolar do Instituto de Educa\u00e7\u00e3o El Shaday.<\/p>\n\n\n\n<p><a href=\"https:\/\/www.manaus.am.gov.br\/semed\/wp-content\/uploads\/sites\/3\/2024\/09\/RESOLUCAO_036_CME_20151.pdf\">RESOLUCAO_036_CME_2015<\/a><br>Credencia e Autoriza o Funcionamento da Educa\u00e7\u00e3o infantil, nas fases Creche para crian\u00e7as de 04 (quatro) meses at\u00e9 3 (tr\u00eas) anos de idade e Pr\u00e9-escola para crian\u00e7as de 4 (quatro) e 5 (cinco) anos de idade da Creche Escola Planeta Beb\u00ea.<\/p>\n\n\n\n<p><a href=\"https:\/\/www.manaus.am.gov.br\/semed\/wp-content\/uploads\/sites\/3\/2024\/09\/RESOLUCAO_037_CME_20151.pdf\">RESOLUCAO_037_CME_2015<\/a><br>Credencia e Autoriza o Funcionamento da Educa\u00e7\u00e3o infantil, nas fases Creche para crian\u00e7as de 1 (um) a 3 (tr\u00eas) anos de idade e Pr\u00e9-escola para crian\u00e7as de 4 (quatro) e 5 (cinco) anos de idade do Centro Educacional Imperial Baby.<\/p>\n\n\n\n<p><a href=\"https:\/\/www.manaus.am.gov.br\/semed\/wp-content\/uploads\/sites\/3\/2024\/09\/RESOLUCAO_038_CME_20151.pdf\">RESOLUCAO_038_CME_2015<\/a><br><a href=\"https:\/\/www.manaus.am.gov.br\/semed\/wp-content\/uploads\/sites\/3\/2024\/09\/RESOLUCAO_038_CME_2015_REPUBLICADA1.pdf\">RESOLUCAO_038_CME_2015_REPUBLICADA<\/a><br>Aprova o Regimento Geral da Unidade de Ensino da Rede P\u00fablica Municipal de Manaus.<\/p>\n\n\n\n<p><a href=\"https:\/\/www.manaus.am.gov.br\/semed\/wp-content\/uploads\/sites\/3\/2024\/09\/RESOLUCAO_039_CME_20151.pdf\">RESOLUCAO_039_CME_2015<\/a><br>Credencia e Autoriza o Funcionamento da Educa\u00e7\u00e3o Infantil, nas fases Creche para crian\u00e7as de 3 (tr\u00eas) anos de idade e Pr\u00e9-escola para crian\u00e7as de 4 (quatro) e 5 (cinco) anos de idade do Centro Educacional Carlos Burga.<\/p>\n\n\n\n<p><a href=\"https:\/\/www.manaus.am.gov.br\/semed\/wp-content\/uploads\/sites\/3\/2024\/09\/RESOLUCAO_040_CME_20151.pdf\">RESOLUCAO_040_CME_2015<\/a><br>Altera o art. 2\u00ba da Resolu\u00e7\u00e3o n\u00ba 025\/CME\/15 de 08 de outubro de 2015.<\/p>\n\n\n\n<p><a href=\"https:\/\/www.manaus.am.gov.br\/semed\/wp-content\/uploads\/sites\/3\/2024\/09\/RESOLUCAO_041_CME_20151.pdf\">RESOLUCAO_041_CME_2015<\/a><br>Aprova o Calend\u00e1rio Escolar Especial\/2015 da Escola Municipal Figueiredo Pimentel.<\/p>\n\n\n\n<p><a href=\"https:\/\/www.manaus.am.gov.br\/semed\/wp-content\/uploads\/sites\/3\/2024\/09\/RESOLUCAO_042_CME_20151.pdf\">RESOLUCAO_042_CME_2015<\/a><br>Aprova o Calend\u00e1rio Escolar Especial 2014 da Escola Municipal Professora Terezinha Costa Coelho.<\/p>\n\n\n\n<p><a href=\"https:\/\/www.manaus.am.gov.br\/semed\/wp-content\/uploads\/sites\/3\/2024\/09\/RESOLUCAO_043_CME_20151.pdf\">RESOLUCAO_043_CME_2015<\/a><br>Aprova o Calend\u00e1rio Escolar Especial 2015 da Escola Municipal Dom Milton Correa Pereira.<\/p>\n\n\n\n<p><a href=\"https:\/\/www.manaus.am.gov.br\/semed\/wp-content\/uploads\/sites\/3\/2024\/09\/RESOLUCAO_044_CME_20151.pdf\">RESOLUCAO_044_CME_2015<\/a><br>Aprova o Calend\u00e1rio Escolar Especial 2015 da Escola Municipal Ind\u00edgena Yayumbwewea Renawa M. Ar\u00fa Waimi.<\/p>\n\n\n\n<p><a href=\"https:\/\/www.manaus.am.gov.br\/semed\/wp-content\/uploads\/sites\/3\/2024\/09\/RESOLUCAO_045_CME_20151.pdf\">RESOLUCAO_045_CME_2015<\/a><br>Credencia e Autoriza a Escola de Educa\u00e7\u00e3o Infantil Sonho de Crian\u00e7a<\/p>\n\n\n\n<p><a href=\"https:\/\/www.manaus.am.gov.br\/semed\/wp-content\/uploads\/sites\/3\/2024\/09\/RESOLUCAO_046_CME_20151.pdf\">RESOLUCAO_046_CME_2015<\/a><\/p>\n\n\n\n<p>Credencia e Autoriza o Funcionamento da Educa\u00e7\u00e3o Infantil nas fases Creche 02 (dois) e 3 (tr\u00eas) anos de idade e Pr\u00e9-escola (4 e 5 anos de idade) do Centro Educacional Nossa Senhora de F\u00e1tima.<\/p>\n\n\n\n<p class=\"has-text-align-center\"><a href=\"https:\/\/www.manaus.am.gov.br\/semed\/cme\/atos-normativos\/resolucoes\/#topo\">Voltar ao topo<\/a><\/p>\n\n\n\n<h2 class=\"wp-block-heading\" id=\"2014\">2014<\/h2>\n\n\n\n<p><a href=\"https:\/\/www.manaus.am.gov.br\/semed\/wp-content\/uploads\/sites\/3\/2024\/09\/01_RESOLUCOES_2014_INDICE1.pdf\">01_RESOLUCOES_2014_INDICE<\/a><\/p>\n\n\n\n<p><a href=\"https:\/\/www.manaus.am.gov.br\/semed\/wp-content\/uploads\/sites\/3\/2024\/09\/RESOLUCAO_001_CME_20141.pdf\">RESOLUCAO_001_CME_2014<\/a><br>Credencia e Autoriza o Funcionamento da Educa\u00e7\u00e3o Infantil na fase Creche (04 meses a 03 anos) da Creche e Aparece Ber\u00e7\u00e1rio e Educa\u00e7\u00e3o Infantil.<\/p>\n\n\n\n<p><a href=\"https:\/\/www.manaus.am.gov.br\/semed\/wp-content\/uploads\/sites\/3\/2024\/09\/RESOLUCAO_002_CME_20141.pdf\">RESOLUCAO_002_CME_2014<\/a><br>Homologa a Resolu\u00e7\u00e3o n. 034\/CME\/2013 \u201cAd Referendum\u201d, que aprovou a Proposta Pedag\u00f3gico-Curricular da Educa\u00e7\u00e3o Infantil da Rede P\u00fablica Municipal de Ensino, para operacionaliza\u00e7\u00e3o a partir do ano letivo de 2014.<\/p>\n\n\n\n<p><a href=\"https:\/\/www.manaus.am.gov.br\/semed\/wp-content\/uploads\/sites\/3\/2024\/09\/RESOLUCAO_003_CME_20141-1.pdf\">RESOLUCAO_003_CME_2014<\/a><br>Aprova os Calend\u00e1rios Escolares Especiais de 2013 das seguintes escolas da Rede Municipal de Ensino: M\u00e1rio Lago; Jos\u00e9 Sobreira do Nascimento; Governador Eduardo Ribeiro; S\u00e3o Pedro; Vila da Felicidade; Elvira Borges; Ant\u00edstenes de Oliveira Pinto; Monte Sinai; Professor Alberto Makarem e Professora Silvia Helena.<\/p>\n\n\n\n<p><a href=\"https:\/\/www.manaus.am.gov.br\/semed\/wp-content\/uploads\/sites\/3\/2024\/09\/RESOLUCAO_004_CME_20141.pdf\">RESOLUCAO_004_CME_2014<\/a><br>D\u00e1 nova reda\u00e7\u00e3o \u00e0 Resolu\u00e7\u00e3o n. 024\/CME\/2013, que estabelece normas e procedimentos para o funcionamento do Projeto Educa\u00e7\u00e3o Itinerante do Ensino Fundamental (anos finais) da Rede Municipal de Ensino.<\/p>\n\n\n\n<p><a href=\"https:\/\/www.manaus.am.gov.br\/semed\/wp-content\/uploads\/sites\/3\/2024\/09\/RESOLUCAO_005_CME_20141.pdf\">RESOLUCAO_005_CME_2014<\/a><br><a href=\"https:\/\/www.manaus.am.gov.br\/semed\/wp-content\/uploads\/sites\/3\/2024\/09\/RESOLUCAO_005_CME_2014_ERRATA1.pdf\">RESOLUCAO_005_CME_2014_ERRATA<\/a><br>D\u00e1 nova reda\u00e7\u00e3o \u00e0 Resolu\u00e7\u00e3o n. 06\/CME\/2011, que estabelece normas para a matr\u00edcula em regime de Progress\u00e3o Parcial a partir do 7\u00ba ano no Ensino Fundamental da Rede Municipal de Ensino.<\/p>\n\n\n\n<p><a href=\"https:\/\/www.manaus.am.gov.br\/semed\/wp-content\/uploads\/sites\/3\/2024\/09\/RESOLUCAO_006_CME_20141.pdf\">RESOLUCAO_006_CME_2014<\/a><br>Altera a Resolu\u00e7\u00e3o n. 033\/CME\/2013, que fixa normas de operacionaliza\u00e7\u00e3o do Bloco Pedag\u00f3gico do Ensino Fundamental 1\u00ba ao 3\u00ba ano, nas unidades escolares da Rede Municipal de Ensino.<\/p>\n\n\n\n<p><a href=\"https:\/\/www.manaus.am.gov.br\/semed\/wp-content\/uploads\/sites\/3\/2024\/09\/RESOLUCAO_007_CME_20141.pdf\">RESOLUCAO_007_CME_2014<\/a><br>Renova a Autoriza\u00e7\u00e3o de Funcionamento da Educa\u00e7\u00e3o Infantil, nas fases Creche (a partir de 03 anos) e Pr\u00e9-escola (04 e 05 anos de idade) do Centro Educacional Tavares Ferreira.<\/p>\n\n\n\n<p><a href=\"https:\/\/www.manaus.am.gov.br\/semed\/wp-content\/uploads\/sites\/3\/2024\/09\/RESOLUCAO_008_CME_20141.pdf\">RESOLUCAO_008_CME_2014<\/a><br>Renova a Autoriza\u00e7\u00e3o de Funcionamento da Educa\u00e7\u00e3o Infantil, nas fases Creche (02 e 03 anos de idade) e Pr\u00e9-escola (04 e 05 anos de idade) do Jardim de Inf\u00e2ncia Manami.<\/p>\n\n\n\n<p><a href=\"https:\/\/www.manaus.am.gov.br\/semed\/wp-content\/uploads\/sites\/3\/2024\/09\/RESOLUCAO_009_CME_20141.pdf\">RESOLUCAO_009_CME_2014<\/a><br>Aprova o Calend\u00e1rio Escolar Especial 2013 da Escola Municipal C\u00e2ndido Rondon.<\/p>\n\n\n\n<p><a href=\"https:\/\/www.manaus.am.gov.br\/semed\/wp-content\/uploads\/sites\/3\/2024\/09\/RESOLUCAO_010_CME_20141.pdf\">RESOLUCAO_010_CME_2014<\/a><br>Fixa Diretrizes Operacionais para Organiza\u00e7\u00e3o e Funcionamento das turmas de Acelera\u00e7\u00e3o da Aprendizagem nas Unidades de Ensino da Rede P\u00fablica Municipal de Manaus.<\/p>\n\n\n\n<p><a href=\"https:\/\/www.manaus.am.gov.br\/semed\/wp-content\/uploads\/sites\/3\/2024\/09\/RESOLUCAO_011_CME_20141.pdf\">RESOLUCAO_011_CME_2014<\/a><br>Amplia o atendimento aos estudantes com defasagem idade\/ano igual ou superior a 2 (dois) anos para faixa et\u00e1ria de 9 (nove) a 14 (quatorze) anos completos a 31 de mar\u00e7o, retroagindo seus efeitos ao per\u00edodo correspondente a defasagem temporal existente, para o atendimento desta demanda no Programa de Acelera\u00e7\u00e3o da Aprendizagem.<\/p>\n\n\n\n<p><a href=\"https:\/\/www.manaus.am.gov.br\/semed\/wp-content\/uploads\/sites\/3\/2024\/09\/RESOLUCAO_012_CME_20141.pdf\">RESOLUCAO_012_CME_2014<\/a><br>Credencia e Autoriza o Funcionamento da Educa\u00e7\u00e3o Infantil nas fases Creche (3 anos de idade) e Pr\u00e9-escola (4 e 5 anos de idade) do Centro Educacional Emanuel.<\/p>\n\n\n\n<p><a href=\"https:\/\/www.manaus.am.gov.br\/semed\/wp-content\/uploads\/sites\/3\/2024\/09\/RESOLUCAO_013_CME_20141.pdf\">RESOLUCAO_013_CME_2014<\/a><br>Aprova o Calend\u00e1rio Escolar Especial 2014 da Escola Municipal Professora Terezinha Costa Coelho.<\/p>\n\n\n\n<p><a href=\"https:\/\/www.manaus.am.gov.br\/semed\/wp-content\/uploads\/sites\/3\/2024\/09\/RESOLUCAO_014_CME_20141.pdf\">RESOLUCAO_014_CME_2014<\/a><br>Credencia e Autoriza o Funcionamento da Educa\u00e7\u00e3o Infantil nas fases Creche (3 anos de idade) e Pr\u00e9-escola (4 e 5 anos de idade) do Centro de Educa\u00e7\u00e3o Infantil Maria Brasil.<\/p>\n\n\n\n<p><a href=\"https:\/\/www.manaus.am.gov.br\/semed\/wp-content\/uploads\/sites\/3\/2024\/09\/RESOLUCAO_015_CME_20141.pdf\">RESOLUCAO_015_CME_2014<\/a><br>Credencia e Autoriza o Funcionamento da Educa\u00e7\u00e3o Infantil nas fases Creche (02 e 03 anos) e Pr\u00e9-escola (04 a<br>05 anos de idade) do Centro Educacional Recanto do Senhor.<\/p>\n\n\n\n<p><a href=\"https:\/\/www.manaus.am.gov.br\/semed\/wp-content\/uploads\/sites\/3\/2024\/09\/RESOLUCAO_016_CME_20141.pdf\">RESOLUCAO_016_CME_2014<\/a><br>Aprova os Calend\u00e1rios Escolares Especiais\/2014 das Escolas da Rede Municipal de Ensino, EM Maria do Carmo Rebello de Souza e EM Poeta Jo\u00e3o Cabral de Melo Neto.<\/p>\n\n\n\n<p><a href=\"https:\/\/www.manaus.am.gov.br\/semed\/wp-content\/uploads\/sites\/3\/2024\/09\/RESOLUCAO_017_CME_20141.pdf\">RESOLUCAO_017_CME_2014<\/a><br>Aprova os Calend\u00e1rios Escolares Especiais\/2014 das Escolas da Rede Municipal de Ensino, EM Professora Regina Vit\u00f3ria Pires Muniz, EM Professora Elizabeth Beltr\u00e3o e EM Doutor Olavo das Neves.<\/p>\n\n\n\n<p><a href=\"https:\/\/www.manaus.am.gov.br\/semed\/wp-content\/uploads\/sites\/3\/2024\/09\/RESOLUCAO_018_CME_20141.pdf\">RESOLUCAO_018_CME_2014<\/a><br>Aprova o Calend\u00e1rio Escolar Especial 2013 da Escola Municipal Cleonice de Menezes Fernandes.<\/p>\n\n\n\n<p><a href=\"https:\/\/www.manaus.am.gov.br\/semed\/wp-content\/uploads\/sites\/3\/2024\/09\/RESOLUCAO_019_CME_20141.pdf\">RESOLUCAO_019_CME_2014<\/a><br>Aprova os Calend\u00e1rios Especiais\/2014 das Escolas da Rede Municipal de Ensino, EM Amine Daou Lindoso (1\u00b0 ao 4\u00b0 ano), EM Amine Daou Lindoso (5\u00b0 ano e PAA), Anexo da Escola Municipal Alb\u00e9rico Antunes, EM Antonina Borges de S\u00e1, EM Pe. Sebasti\u00e3o Luiz Puga, EM Dr. Geraldo Pinheiro e CMEI Santa Izabel.<\/p>\n\n\n\n<p><a href=\"https:\/\/www.manaus.am.gov.br\/semed\/wp-content\/uploads\/sites\/3\/2024\/09\/RESOLUCAO_020_CME_20141.pdf\">RESOLUCAO_020_CME_2014<\/a><br>Renova a Autoriza\u00e7\u00e3o de Funcionamento da Educa\u00e7\u00e3o Infantil nas fases Creche (a partir de 06 meses de idade) e Pr\u00e9-escola (04 e 05 anos de idade) do Centro Educacional Edith Brand\u00e3o.<\/p>\n\n\n\n<p><a href=\"https:\/\/www.manaus.am.gov.br\/semed\/wp-content\/uploads\/sites\/3\/2024\/09\/RESOLUCAO_021_CME_20141.pdf\">RESOLUCAO_021_CME_2014<\/a><br>Aprova os Calend\u00e1rios Especiais\/2014 das Escolas da Rede Municipal de Ensino, EM Rubens Sverner, EM S\u00e3o Luiz, EM Presidente Jo\u00e3o Goulart, CMEI Raimundo A. de Oliveira e CMEI Dom Bosco.<\/p>\n\n\n\n<p><a href=\"https:\/\/www.manaus.am.gov.br\/semed\/wp-content\/uploads\/sites\/3\/2024\/09\/RESOLUCAO_022_CME_20141.pdf\">RESOLUCAO_022_CME_2014<\/a><br>Homologa o Termo de Compromisso Municipal do Programa Sa\u00fade na Escola (PSE).<\/p>\n\n\n\n<p><a href=\"https:\/\/www.manaus.am.gov.br\/semed\/wp-content\/uploads\/sites\/3\/2024\/09\/RESOLUCAO_023_CME_20141.pdf\">RESOLUCAO_023_CME_2014<\/a><br>Aprova o Programa Viajando na Leitura da Secretaria Municipal de Educa\u00e7\u00e3o.<\/p>\n\n\n\n<p><a href=\"https:\/\/www.manaus.am.gov.br\/semed\/wp-content\/uploads\/sites\/3\/2024\/09\/RESOLUCAO_024_CME_20141.pdf\">RESOLUCAO_024_CME_2014<\/a><br>Aprova os Calend\u00e1rios Especiais\/2014 das Escolas da Rede Municipal de Ensino, EM Dom Milton Correa Pereira, EM M\u00e1rio Lago e EM Maria do Socorro de Azevedo.<\/p>\n\n\n\n<p><a href=\"https:\/\/www.manaus.am.gov.br\/semed\/wp-content\/uploads\/sites\/3\/2024\/09\/RESOLUCAO_025_CME_20141.pdf\">RESOLUCAO_025_CME_2014<\/a><br>Aprova o Calend\u00e1rio Especial\/2014 da Escola Municipal Professora Rosina Ara\u00fajo Moura.<\/p>\n\n\n\n<p><a href=\"https:\/\/www.manaus.am.gov.br\/semed\/wp-content\/uploads\/sites\/3\/2024\/09\/RESOLUCAO_026_CME_20141.pdf\">RESOLUCAO_026_CME_2014<\/a><br>Aprova os Calend\u00e1rios Especiais\/2014 das Escolas da Rede Municipal de Ensino, CMEI Professora Dalva Maria Costa e Silva e CMEI Maestro Dirson.<\/p>\n\n\n\n<p><a href=\"https:\/\/www.manaus.am.gov.br\/semed\/wp-content\/uploads\/sites\/3\/2024\/09\/RESOLUCAO_027_CME_20141.pdf\">RESOLUCAO_027_CME_2014<\/a><br>Aprova os Calend\u00e1rios Especiais\/2014 das Escolas da Rede Municipal de Ensino, EM Engenheiro Jo\u00e3o Alberto Menezes Braga, EM Jo\u00e3o Alfredo, EM Marechal C\u00e2ndido Rondon e EM Senador Jefferson Carpinteiro Peres.<\/p>\n\n\n\n<p><a href=\"https:\/\/www.manaus.am.gov.br\/semed\/wp-content\/uploads\/sites\/3\/2024\/09\/RESOLUCAO_028_CME_20141.pdf\">RESOLUCAO_028_CME_2014<\/a><br>Aprova os Calend\u00e1rios Especiais\/2014 das Escolas da Rede Municipal de Ensino, EM L\u00edrio do Vale, EM Professora Ana Cristina A. de Melo, EM Adolpho Ducke, EM Ant\u00f4nia Alexandrina M. Bentes e CMEI Graziela Ribeiro.<\/p>\n\n\n\n<p><a href=\"https:\/\/www.manaus.am.gov.br\/semed\/wp-content\/uploads\/sites\/3\/2024\/09\/RESOLUCAO_029_CME_20141.pdf\">RESOLUCAO_029_CME_2014<\/a><br>Aprova os Calend\u00e1rios Especiais\/2014 das Escolas da Rede Municipal de Ensino, EM Jos\u00e9 Tavares de Macedo, EM Francisco Pinheiro de Lima, EM Madalena dos Santos Costa, EM Presidente Manuel Ferraz de Campos Sales, EM Helena Augusta Walcott e EM Governador Eduardo Ribeiro.<\/p>\n\n\n\n<p><a href=\"https:\/\/www.manaus.am.gov.br\/semed\/wp-content\/uploads\/sites\/3\/2024\/09\/RESOLUCAO_030_CME_20141.pdf\">RESOLUCAO_030_CME_2014<\/a><br>Aprova o Programa Matem\u00e1tica Viva da Secretaria Municipal de Educa\u00e7\u00e3o.<\/p>\n\n\n\n<p><a href=\"https:\/\/www.manaus.am.gov.br\/semed\/wp-content\/uploads\/sites\/3\/2024\/09\/RESOLUCAO_031_CME_20141.pdf\">RESOLUCAO_031_CME_2014<\/a><br>Aprova o Calend\u00e1rio Escolar Especial\/2014 da Escola Municipal Padre Calleri.<\/p>\n\n\n\n<p><a href=\"https:\/\/www.manaus.am.gov.br\/semed\/wp-content\/uploads\/sites\/3\/2024\/09\/RESOLUCAO_032_CME_20141.pdf\">RESOLUCAO_032_CME_2014<\/a><br>Credencia e Autoriza o Funcionamento da Educa\u00e7\u00e3o Infantil nas fases Creche (1 ano e cinco meses a 3 anos de idade) e Pr\u00e9-escola (4 e 5 anos de idade) da Institui\u00e7\u00e3o de Educa\u00e7\u00e3o Infantil Fonte do Saber.<\/p>\n\n\n\n<p><a href=\"https:\/\/www.manaus.am.gov.br\/semed\/wp-content\/uploads\/sites\/3\/2024\/09\/RESOLUCAO_033_CME_20141.pdf\">RESOLUCAO_033_CME_2014<\/a><br>Aprova os Calend\u00e1rios Especiais\/2014 das Escolas da Rede Municipal de Ensino, EM Maria L\u00facia Cabral Bessa, EM Professor Arthur Engr\u00e1cio da Silva, EM Santa Rosa II, EM Epit\u00e1cio Nunes da Fonseca, EM Manoel Francisco Garcia Marques e CMEI Professora Suely Cruz de Pinho Pompeu.<\/p>\n\n\n\n<p><a href=\"https:\/\/www.manaus.am.gov.br\/semed\/wp-content\/uploads\/sites\/3\/2024\/09\/RESOLUCAO_034_CME_20141.pdf\">RESOLUCAO_034_CME_2014<\/a><br>Aprova o Calend\u00e1rio Escolar Especial\/2014 da Escola Municipal S\u00e3o Jos\u00e9 II.<\/p>\n\n\n\n<p><a href=\"https:\/\/www.manaus.am.gov.br\/semed\/wp-content\/uploads\/sites\/3\/2024\/09\/RESOLUCAO_035_CME_20141.pdf\">RESOLUCAO_035_CME_2014<\/a><br>Aprova os Calend\u00e1rios Especiais\/2014 das Escolas da Rede Municipal de Ensino, EM S\u00e3o Judas Tadeu e EM Professor Raimundo Almeida L\u00facio.<\/p>\n\n\n\n<p><a href=\"https:\/\/www.manaus.am.gov.br\/semed\/wp-content\/uploads\/sites\/3\/2024\/09\/RESOLUCAO_036_CME_20141.pdf\">RESOLUCAO_036_CME_2014<\/a><br>Aprova os Calend\u00e1rios Escolares Especiais\/2014 da EM Professora Ant\u00f4nia Pereira da Silva e do CMEI Professora Suely Cruz de Pinho Pompeu.<\/p>\n\n\n\n<p><a href=\"https:\/\/www.manaus.am.gov.br\/semed\/wp-content\/uploads\/sites\/3\/2024\/09\/RESOLUCAO_037_CME_20141.pdf\">RESOLUCAO_037_CME_2014<\/a><br>Aprova o Calend\u00e1rio Escolar Especial\/2014 do CMEI Nossa Senhora da Boa Esperan\u00e7a.<\/p>\n\n\n\n<p><a href=\"https:\/\/www.manaus.am.gov.br\/semed\/wp-content\/uploads\/sites\/3\/2024\/09\/RESOLUCAO_038_CME_20141.pdf\">RESOLUCAO_038_CME_2014<\/a><br>Aprova o Calend\u00e1rio Escolar Especial 2014 da EM Professora Maria da Ascen\u00e7\u00e3o A. Cardoso.<\/p>\n\n\n\n<p><a href=\"https:\/\/www.manaus.am.gov.br\/semed\/wp-content\/uploads\/sites\/3\/2024\/09\/RESOLUCAO_039_CME_20141.pdf\">RESOLUCAO_039_CME_2014<\/a><br>Aprova os Calend\u00e1rios Escolares Ano Letivo 2015 da Secret\u00e1ria Municipal de Educa\u00e7\u00e3o, para a Rede P\u00fablica Municipal de Ensino: Calend\u00e1rio Escolar 2015 da Zona Urbana\/Rural\/Rodovi\u00e1ria e Ribeirinha Rio Amazonas, Calend\u00e1rio Escolar 2015 da Zona Rural Ribeirinha Rio Negro e Calend\u00e1rio Escolar 2015 da Educa\u00e7\u00e3o Infantil \u2013 Zona Urbana e Rural Rodovi\u00e1ria.<\/p>\n\n\n\n<p><a href=\"https:\/\/www.manaus.am.gov.br\/semed\/wp-content\/uploads\/sites\/3\/2024\/09\/RESOLUCAO_040_CME_20141.pdf\">RESOLUCAO_040_CME_2014<\/a><br>Aprova a Nova Proposta Pedag\u00f3gica da Educa\u00e7\u00e3o de Jovens e Adultos \u2013 2\u00ba Segmento (6\u00ba ao 9\u00ba Ano) do Ensino Fundamental, com Inclus\u00e3o da disciplina de Inform\u00e1tica na parte diversificada de sua Estrutura Curricular.<\/p>\n\n\n\n<p><a href=\"https:\/\/www.manaus.am.gov.br\/semed\/wp-content\/uploads\/sites\/3\/2024\/09\/RESOLUCAO_041_CME_20141.pdf\">RESOLUCAO_041_CME_2014<\/a><br>Credencia e Autoriza o Funcionamento da Educa\u00e7\u00e3o Infantil nas fases Creche (3 anos de idade) e Pr\u00e9-escola (4 e 5 anos de idade) da Escola Estrelinha.<\/p>\n\n\n\n<p><a href=\"https:\/\/www.manaus.am.gov.br\/semed\/wp-content\/uploads\/sites\/3\/2024\/09\/RESOLUCAO_042_CME_20141.pdf\">RESOLUCAO_042_CME_2014<\/a><br>Credencia e Autoriza o Funcionamento da Educa\u00e7\u00e3o Infantil nas fases Creche (3 anos de idade) e Pr\u00e9-escola (4 e 5 anos de idade) da Morada Beb\u00ea Escola-Creche.<\/p>\n\n\n\n<p><a href=\"https:\/\/www.manaus.am.gov.br\/semed\/wp-content\/uploads\/sites\/3\/2024\/09\/RESOLUCAO_043_CME_20141.pdf\">RESOLUCAO_043_CME_2014<\/a><br>Credencia e Autoriza o Funcionamento da Educa\u00e7\u00e3o Infantil nas fases Creche (3 anos de idade) e Pr\u00e9-escola (4 e 5 anos de idade) do Instituto Hilda Ferreira.<\/p>\n\n\n\n<p><a href=\"https:\/\/www.manaus.am.gov.br\/semed\/wp-content\/uploads\/sites\/3\/2024\/09\/RESOLUCAO_044_CME_20141.pdf\">RESOLUCAO_044_CME_2014<\/a><br>Renova a Autoriza\u00e7\u00e3o de Funcionamento da Educa\u00e7\u00e3o Infantil nas fases Creche (03 anos de idade) e Pr\u00e9-escola<br>(04 e 05 anos de idade) do Centro Educacional Raio de Luz.<\/p>\n\n\n\n<p><a href=\"https:\/\/www.manaus.am.gov.br\/semed\/wp-content\/uploads\/sites\/3\/2024\/09\/RESOLUCAO_045_CME_20141.pdf\">RESOLUCAO_045_CME_2014<\/a><br>Credencia e Autoriza o Funcionamento da Educa\u00e7\u00e3o Infantil nas fases Creche (3 anos de idade) e Pr\u00e9-escola (4 e 5 anos de idade) do Centro Educacional Maria Helena.<\/p>\n\n\n\n<p><a href=\"https:\/\/www.manaus.am.gov.br\/semed\/wp-content\/uploads\/sites\/3\/2024\/09\/RESOLUCAO_046_CME_20141.pdf\">RESOLUCAO_046_CME_2014<\/a><br>Credencia e Autoriza o Funcionamento da Educa\u00e7\u00e3o Infantil na fase Creche (3 anos de idade) e Pr\u00e9-escola (4 e 5 anos de idade) da Escola Educacional Amaz\u00f4nida.<\/p>\n\n\n\n<p class=\"has-text-align-center\"><a href=\"https:\/\/www.manaus.am.gov.br\/semed\/cme\/atos-normativos\/resolucoes\/#topo\">Voltar ao topo<\/a><\/p>\n\n\n\n<h2 class=\"wp-block-heading\" id=\"2013\">2013<\/h2>\n\n\n\n<p><a href=\"https:\/\/www.manaus.am.gov.br\/semed\/wp-content\/uploads\/sites\/3\/2024\/09\/01_RESOLUCOES_2013_INDICE1.pdf\">RESOLUCOES_2013_INDICE<\/a><\/p>\n\n\n\n<p><a href=\"https:\/\/www.manaus.am.gov.br\/semed\/wp-content\/uploads\/sites\/3\/2024\/09\/RESOLUCAO_001_CME_20131.pdf\">RESOLUCAO_001_CME_2013<\/a><br>Credencia e Autoriza o Funcionamento da Educa\u00e7\u00e3o Infantil, na fase Pr\u00e9-escola (4 e 5 anos de idade) do Centro Educacional Emanuel.<\/p>\n\n\n\n<p><a href=\"https:\/\/www.manaus.am.gov.br\/semed\/wp-content\/uploads\/sites\/3\/2024\/09\/RESOLUCAO_002_CME_20131.pdf\">RESOLUCAO_002_CME_2013<\/a><br>Aprova Calend\u00e1rios Escolares Especiais 2012 das Escolas Municipais: S\u00e3o Jos\u00e9, Francisco Nunes Silva, Ant\u00f4nia Alexandrina M. Bentes, Them\u00edstocles Gadelha, Professora Ant\u00f4nia Pereira da Silva, Professora Jarlece da Concei\u00e7\u00e3o Zaranza, Solange Nascimento e Professor Carlos Farias Ouro de Carvalho.<\/p>\n\n\n\n<p><a href=\"https:\/\/www.manaus.am.gov.br\/semed\/wp-content\/uploads\/sites\/3\/2024\/09\/RESOLUCAO_003_CME_20131.pdf\">RESOLUCAO_003_CME_2013<\/a><br>Credencia e Autoriza o Funcionamento de Curso do Centro Educacional Recanto do Saber.<\/p>\n\n\n\n<p><a href=\"https:\/\/www.manaus.am.gov.br\/semed\/wp-content\/uploads\/sites\/3\/2024\/09\/RESOLUCAO_004_CME_20131.pdf\">RESOLUCAO_004_CME_2013<\/a><br>Aprova Calend\u00e1rios Escolares Especiais 2013 das Escolas Municipais: Prof. Heleno Nogueira, Professora Aribaldina de Lima, Jos\u00e9 Garcia Rodrigues, Francisco Maia Amorim, Professora Elcy Mesquita, Professor Artur Engr\u00e1cio da Silva, Professor Them\u00edstocles Pinheiro Gadelha e Eliana Pacheco Braga.<\/p>\n\n\n\n<p><a href=\"https:\/\/www.manaus.am.gov.br\/semed\/wp-content\/uploads\/sites\/3\/2024\/09\/RESOLUCAO_005_CME_20131.pdf\">RESOLUCAO_005_CME_2013<\/a><br>Credencia e Autoriza o Funcionamento de Curso do Instituto Batista Sara.<\/p>\n\n\n\n<p><a href=\"https:\/\/www.manaus.am.gov.br\/semed\/wp-content\/uploads\/sites\/3\/2024\/09\/RESOLUCAO_006_CME_20131.pdf\">RESOLUCAO_006_CME_2013<\/a><br>Credencia e Autoriza o Funcionamento de Curso do Jardim Escola Oficina da Crian\u00e7a.<\/p>\n\n\n\n<p><a href=\"https:\/\/www.manaus.am.gov.br\/semed\/wp-content\/uploads\/sites\/3\/2024\/09\/RESOLUCAO_007_CME_20131.pdf\">RESOLUCAO_007_CME_2013<\/a><br>Credencia e Autoriza o Funcionamento de Curso do Centro Educacional Integrado de Manaus \u2013 CEIMA.<\/p>\n\n\n\n<p><a href=\"https:\/\/www.manaus.am.gov.br\/semed\/wp-content\/uploads\/sites\/3\/2024\/09\/RESOLUCAO_008_CME_20131.pdf\">RESOLUCAO_008_CME_2013<\/a><br>Aprova a Proposta Pedag\u00f3gica do Programa Municipal de Escolariza\u00e7\u00e3o do Adulto e da Pessoa Idosa \u2013 PROMEAPI.<\/p>\n\n\n\n<p><a href=\"https:\/\/www.manaus.am.gov.br\/semed\/wp-content\/uploads\/sites\/3\/2024\/09\/RESOLUCAO_009_CME_20131.pdf\">RESOLUCAO_009_CME_2013<\/a><br>Aprova o Calend\u00e1rio Escolar Especial 2013 das escolas municipais do Rio Amazonas: Cana\u00e3 I, Francisco Coelho, Orellana, Luiz Alberto Castelo, Manoel Chagas, Monte Sinai, Nossa Senhora da Paz, Nossa Senhora das Gra\u00e7as;<br>Nossa Senhora do Carmo, Santa Luzia, Santa Rosa I, Santa Rosa II, S\u00e3o Francisco, S\u00e3o Jos\u00e9 II, S\u00e3o L\u00e1zaro, S\u00e3o Luiz de Gonzaga, S\u00e3o Pedro, S\u00e3o Raimundo, S\u00e3o Salvador e Vista Alegre.<\/p>\n\n\n\n<p><a href=\"https:\/\/www.manaus.am.gov.br\/semed\/wp-content\/uploads\/sites\/3\/2024\/09\/RESOLUCAO_010_CME_20131.pdf\">RESOLUCAO_010_CME_2013<\/a><br>Credencia e Autoriza o Funcionamento de Curso do Centro de Educa\u00e7\u00e3o Meu Caminho.<\/p>\n\n\n\n<p><a href=\"https:\/\/www.manaus.am.gov.br\/semed\/wp-content\/uploads\/sites\/3\/2024\/09\/RESOLUCAO_011_CME_20131.pdf\">RESOLUCAO_011_CME_2013<\/a><br>Aprova os Calend\u00e1rios Escolares Especiais 2013 das Escolas Municipais de Ensino Fundamental: Prof\u00aa. Francisca Pereira de Ara\u00fajo, Poeta Carlos Drummond de Andrade, Osvaldo Sobreira, Doutor Geraldo Pinheiro, Ant\u00f4nia Medeiros da Silva, Pintor Leonardo Da Vinci, Maria Pereira Campos, S\u00e9rgio Augusto Par\u00e1 Bittencourt, C\u00e9sar Augusto Bezerra Galv\u00e3o, Prof\u00aa Francisca Pergentina da Silva, Prof\u00aa Ana Maria de Souza Barros, Pequeno Pr\u00edncipe, Maria Ferreira da Silva, Helena Augusta Walcott, Pl\u00ednio Ramos Coelho, Prof\u00aa Maria Auxiliadora S. Azevedo, Jos\u00e9 Sobreiro do Nascimento, Solange Nascimento, Ester e S\u00e3o Jos\u00e9 I.<\/p>\n\n\n\n<p><a href=\"https:\/\/www.manaus.am.gov.br\/semed\/wp-content\/uploads\/sites\/3\/2024\/09\/RESOLUCAO_012_CME_20131.pdf\">RESOLUCAO_012_CME_2013<\/a><br>Credencia e Autoriza o Funcionamento de Curso do Centro Educacional Yasmin \u00c1ghata.<\/p>\n\n\n\n<p><a href=\"https:\/\/www.manaus.am.gov.br\/semed\/wp-content\/uploads\/sites\/3\/2024\/09\/RESOLUCAO_013_CME_20131.pdf\">RESOLUCAO_013_CME_2013<\/a><br>Credencia e Autoriza o Funcionamento de Curso da Escola Infantil Asas da Imagina\u00e7\u00e3o.<\/p>\n\n\n\n<p><a href=\"https:\/\/www.manaus.am.gov.br\/semed\/wp-content\/uploads\/sites\/3\/2024\/09\/RESOLUCAO_014_CME_20131.pdf\">RESOLUCAO_014_CME_2013<\/a><br>Aprovar os Calend\u00e1rios Escolares 2014 de Escolas da Rede de Ensino Privado, incluindo as orienta\u00e7\u00f5es da LEI GERAL DA COPA: Calend\u00e1rio Escolar 2014 (com s\u00e1bado letivo) e Calend\u00e1rio Escolar 2014 (sem s\u00e1bado letivo).<\/p>\n\n\n\n<p><a href=\"https:\/\/www.manaus.am.gov.br\/semed\/wp-content\/uploads\/sites\/3\/2024\/09\/RESOLUCAO_015_CME_20131.pdf\">RESOLUCAO_015_CME_2013<\/a><br>Aprova os Calend\u00e1rios Escolares Especiais 2013 das Escolas Municipais: L\u00edrio do Vale e Maria do Carmo Rebelo de Souza.<\/p>\n\n\n\n<p><a href=\"https:\/\/www.manaus.am.gov.br\/semed\/wp-content\/uploads\/sites\/3\/2024\/09\/RESOLUCAO_016_CME_20131.pdf\">RESOLUCAO_016_CME_2013<\/a><br>Revoga a Resolu\u00e7\u00e3o n.011\/CME\/2000, que regulamenta a matr\u00edcula de alunos de 5\u00aa a 8\u00aa s\u00e9ries do Ensino Fundamental.<\/p>\n\n\n\n<p><a href=\"https:\/\/www.manaus.am.gov.br\/semed\/wp-content\/uploads\/sites\/3\/2024\/09\/RESOLUCAO_017_CME_20131.pdf\">RESOLUCAO_017_CME_2013<\/a><br>Credencia e Autoriza o Funcionamento de Curso do Instituto de Educa\u00e7\u00e3o Boas Novas.<\/p>\n\n\n\n<p><a href=\"https:\/\/www.manaus.am.gov.br\/semed\/wp-content\/uploads\/sites\/3\/2024\/09\/RESOLUCAO_018_CME_20131.pdf\">RESOLUCAO_018_CME_2013<\/a><br>Acrescenta o art. 25-A e altera os artgos 6\u00ba e 52 do Regimento Interno do Conselho Municipal de Educa\u00e7\u00e3o (CME), aprovado pela Resolu\u00e7\u00e3o n. 005\/CME\/2010 de 20\/05\/2010.<\/p>\n\n\n\n<p><a href=\"https:\/\/www.manaus.am.gov.br\/semed\/wp-content\/uploads\/sites\/3\/2024\/09\/RESOLUCAO_019_CME_20131.pdf\">RESOLUCAO_019_CME_2013<\/a><br>D\u00e1 nova reda\u00e7\u00e3o \u00e0 Resolu\u00e7\u00e3o n. 002\/CME\/2008, que estabelece normas para a admiss\u00e3o dos docentes da disciplina Ensino Religioso no Sistema Municipal de Ensino e d\u00e1 outras provid\u00eancias.<\/p>\n\n\n\n<p><a href=\"https:\/\/www.manaus.am.gov.br\/semed\/wp-content\/uploads\/sites\/3\/2024\/09\/RESOLUCAO_020_CME_20131.pdf\">RESOLUCAO_020_CME_2013<\/a><br>Aprova os Calend\u00e1rios Escolares 2014 de Escolas das Zonas Urbana\/Rural Rodovi\u00e1ria e Zona Rural Ribeirinha a serem operacionalizados nas Escolas da Rede Municipal de Ensino P\u00fablico de Manaus.<\/p>\n\n\n\n<p><a href=\"https:\/\/www.manaus.am.gov.br\/semed\/wp-content\/uploads\/sites\/3\/2024\/09\/RESOLUCAO_021_CME_20131.pdf\">RESOLUCAO_021_CME_2013<\/a><br>Aprova os Calend\u00e1rios Escolares Especiais 2013 das Escolas da Rede Municipal de Ensino: Mons. Francisco da Silveira Pinto, Adolpho Duck e Jornalista Sab\u00e1 Raposo.<\/p>\n\n\n\n<p><a href=\"https:\/\/www.manaus.am.gov.br\/semed\/wp-content\/uploads\/sites\/3\/2024\/09\/RESOLUCAO_022_CME_20131.pdf\">RESOLUCAO_022_CME_2013<\/a><br>Aprova os Calend\u00e1rios Escolares Especiais 2013 das Escolas da Rede Municipal de Ensino: Rep\u00fablica do M\u00e9xico, Nova Vida, Professora Elizabeth Beltr\u00e3o, Francisco Garcia Marques, Alfredo Linhares, Professor Joaquim Gonzaga Pinheiro, Doutor Olavo das Neves, Poeta Jo\u00e3o de Melo Neto, Vicente Mendon\u00e7a J\u00fanior, Senador \u00c1lvaro Botelho Maia e \u00c1ureo Nonato.<\/p>\n\n\n\n<p><a href=\"https:\/\/www.manaus.am.gov.br\/semed\/wp-content\/uploads\/sites\/3\/2024\/09\/RESOLUCAO_023_CME_20131.pdf\">RESOLUCAO_023_CME_2013<\/a><br>Aprova a Proposta de Estrutura e Funcionamento do Exame Supletivo em n\u00edvel de Ensino Fundamental \u2013 Anos Finais da Educa\u00e7\u00e3o de Jovens e Adultos \u2013 Segundo Segmento \u2013 Prov\u00e3o Eletr\u00f4nico, para operacionaliza\u00e7\u00e3o a partir do ano letivo de 2014, implementada pela Secretaria Municipal de Educa\u00e7\u00e3o (SEMED).<\/p>\n\n\n\n<p><a href=\"https:\/\/www.manaus.am.gov.br\/semed\/wp-content\/uploads\/sites\/3\/2024\/09\/RESOLUCAO_024_CME_20131.pdf\">RESOLUCAO_024_CME_2013<\/a><br>Estabelece Normas e Procedimentos para Funcionamento do Projeto Educa\u00e7\u00e3o Itinerante do Ensino Fundamental \u2013 Anos Finais, para ser operacionalizado nas Unidades da Divis\u00e3o Distrital da Zona Rural da Rede P\u00fablica Municipal de Ensino.<\/p>\n\n\n\n<p><a href=\"https:\/\/www.manaus.am.gov.br\/semed\/wp-content\/uploads\/sites\/3\/2024\/09\/RESOLUCAO_025_CME_20131.pdf\">RESOLUCAO_025_CME_2013<\/a><br>Aprova os Calend\u00e1rios Escolares Especiais 2013 das Escolas da Rede Municipal de Ensino: F\u00e1bio Pereira de Lucena Bittencourt e Professora Regina Vit\u00f3ria Pires Muniz.<\/p>\n\n\n\n<p><a href=\"https:\/\/www.manaus.am.gov.br\/semed\/wp-content\/uploads\/sites\/3\/2024\/09\/RESOLUCAO_026_CME_20131.pdf\">RESOLUCAO_026_CME_2013<\/a><br>Aprova os Calend\u00e1rios Escolares Especiais 2013 das Escolas da Rede Municipal de Ensino: S\u00e3o Pedro, Cana\u00e3, Lucilene Sena Guimar\u00e3es, Santa Rita de C\u00e1ssia, Prof\u2019 Ana Cristina Aquino de Melo, Prof\u2019 Regina Vit\u00f3ria Pires Muniz, Ruth Costa, Darcy Ribeiro, Padre Sebasti\u00e3o dos S. Luiz Puga Barbosa, Tereza Rosa Aguiar Abtibol, Dian Kelly do Nascimento Mola, Ant\u00f4nio Lima Rodrigues, Chapeuzinho de Palha, Thales Silvestre, Prof\u2019 Francisca Pereira de Ara\u00fajo, Joana Vieira e Anexo Nestor Jos\u00e9 Soeiro.<\/p>\n\n\n\n<p><a href=\"https:\/\/www.manaus.am.gov.br\/semed\/wp-content\/uploads\/sites\/3\/2024\/09\/RESOLUCAO_027_CME_20131.pdf\">RESOLUCAO_027_CME_2013<\/a><br>Aprova o Calend\u00e1rio Escolar Especial 2013 da Escola Municipal Domingos S\u00e1vio.<\/p>\n\n\n\n<p><a href=\"https:\/\/www.manaus.am.gov.br\/semed\/wp-content\/uploads\/sites\/3\/2024\/09\/RESOLUCAO_028_CME_20131.pdf\">RESOLUCAO_028_CME_2013<\/a><br>Aprova a inser\u00e7\u00e3o da Educa\u00e7\u00e3o Fiscal nas Propostas Curriculares da Educa\u00e7\u00e3o Infantil, Educa\u00e7\u00e3o de Jovens e Adultos e Educa\u00e7\u00e3o Escolar Ind\u00edgena.<\/p>\n\n\n\n<p><a href=\"https:\/\/www.manaus.am.gov.br\/semed\/wp-content\/uploads\/sites\/3\/2024\/09\/RESOLUCAO_029_CME_20131.pdf\">RESOLUCAO_029_CME_2013<\/a><br>Institui as Diretrizes para Organiza\u00e7\u00e3o e Funcionamento da proposta Pedag\u00f3gicas das Escolas de Educa\u00e7\u00e3o em Tempo Integral\/Turno \u00danico da Rede P\u00fablica Municipal de Manaus.<\/p>\n\n\n\n<p><a href=\"https:\/\/www.manaus.am.gov.br\/semed\/wp-content\/uploads\/sites\/3\/2024\/09\/RESOLUCAO_030_CME_20131.pdf\">RESOLUCAO_030_CME_2013<\/a><br>Credencia e Autoriza o Funcionamento de Curso do Centro Educacional Rei Davi.<\/p>\n\n\n\n<p><a href=\"https:\/\/www.manaus.am.gov.br\/semed\/wp-content\/uploads\/sites\/3\/2024\/09\/RESOLUCAO_031_CME_20131.pdf\">RESOLUCAO_031_CME_2013<\/a><br>Aprova a Proposta Curricular do Ensino Fundamental Anos Finais, para operacionaliza\u00e7\u00e3o na Rede P\u00fablica Municipal, a partir do ano letivo de 2014.<\/p>\n\n\n\n<p><a href=\"https:\/\/www.manaus.am.gov.br\/semed\/wp-content\/uploads\/sites\/3\/2024\/09\/RESOLUCAO_032_CME_20131.pdf\">RESOLUCAO_032_CME_2013<\/a><br>Aprova a Proposta de Estrutura Curricular do Ensino Fundamental de 9 (nove) anos com um Bloco Pedag\u00f3gico nos tr\u00eas anos iniciais.<\/p>\n\n\n\n<p><a href=\"https:\/\/www.manaus.am.gov.br\/semed\/wp-content\/uploads\/sites\/3\/2024\/09\/RESOLUCAO_033_CME_20131.pdf\">RESOLUCAO_033_CME_2013<\/a><br><a href=\"https:\/\/www.manaus.am.gov.br\/semed\/wp-content\/uploads\/sites\/3\/2024\/09\/RESOLUCAO_033_CME_2013_ERRATA1.pdf\">RESOLUCAO_033_CME_2013_ERRATA<\/a><br>Fixa normas para operacionaliza\u00e7\u00e3o do Bloco Pedag\u00f3gico do Ensino Fundamental \u2013 1\u00ba ao 3\u00ba ano, nas unidades escolares da Rede P\u00fablica Municipal de Manaus.<\/p>\n\n\n\n<p><a href=\"https:\/\/www.manaus.am.gov.br\/semed\/wp-content\/uploads\/sites\/3\/2024\/09\/RESOLUCAO_034_CME_20131.pdf\">RESOLUCAO_034_CME_2013<\/a><br>Aprova a Proposta Pedag\u00f3gico-Curricular da Educa\u00e7\u00e3o Infantil da Rede P\u00fablica Municipal de Ensino.<\/p>\n\n\n\n<p><a href=\"https:\/\/www.manaus.am.gov.br\/semed\/wp-content\/uploads\/sites\/3\/2024\/09\/RESOLUCAO_035_CME_20131.pdf\">RESOLUCAO_035_CME_2013<\/a><br>Credencia e Autoriza o Funcionamento de Curso do Centro Educacional Aprendendo a Construir.<\/p>\n\n\n\n<p><a href=\"https:\/\/www.manaus.am.gov.br\/semed\/wp-content\/uploads\/sites\/3\/2024\/09\/RESOLUCAO_036_CME_20131.pdf\">RESOLUCAO_036_CME_2013<\/a><br>Credencia e Autoriza o Funcionamento de Curso do Centro Educacional Semeando o Saber.<\/p>\n\n\n\n<p><a href=\"https:\/\/www.manaus.am.gov.br\/semed\/wp-content\/uploads\/sites\/3\/2024\/09\/RESOLUCAO_037_CME_20131.pdf\">RESOLUCAO_037_CME_2013<\/a><br>Credencia e Autoriza o Funcionamento de Curso da Escola de Educa\u00e7\u00e3o Infantil Bela Inf\u00e2ncia.<\/p>\n\n\n\n<p><a href=\"https:\/\/www.manaus.am.gov.br\/semed\/wp-content\/uploads\/sites\/3\/2024\/09\/RESOLUCAO_038_CME_20131.pdf\">RESOLUCAO_038_CME_2013<\/a><br>Credencia e Autoriza o Funcionamento de Curso do Centro Educacional S\u00e9culo.<\/p>\n\n\n\n<p><a href=\"https:\/\/www.manaus.am.gov.br\/semed\/wp-content\/uploads\/sites\/3\/2024\/09\/RESOLUCAO_039_CME_20131.pdf\">RESOLUCAO_039_CME_2013<\/a><br>Designa Conselheiros para participar do XXIII Encontro da Uni\u00e3o Nacional dos Conselhos Municipais de Educa\u00e7\u00e3o (UNCME).<\/p>\n\n\n\n<p><a href=\"https:\/\/www.manaus.am.gov.br\/semed\/wp-content\/uploads\/sites\/3\/2024\/09\/RESOLUCAO_040_CME_20131.pdf\">RESOLUCAO_040_CME_2013<\/a><br>Aprova a Proposta de Reestrutura\u00e7\u00e3o do Projeto Educa\u00e7\u00e3o Itinerante do Ensino Fundamental (anos finais), a ser operacionalizada a partir do ano letivo de 2014.<\/p>\n\n\n\n<p><a href=\"https:\/\/www.manaus.am.gov.br\/semed\/wp-content\/uploads\/sites\/3\/2024\/09\/RESOLUCAO_041_CME_20131.pdf\">RESOLUCAO_041_CME_2013<\/a><br>Aprova a Proposta Curricular dos Anos Iniciais do Ensino Fundamental \u2013 1\u00ba ao 5\u00ba ano, com Bloco Pedag\u00f3gico nos tr\u00eas anos finais.<\/p>\n\n\n\n<p class=\"has-text-align-center\"><a href=\"https:\/\/www.manaus.am.gov.br\/semed\/cme\/atos-normativos\/resolucoes\/#topo\">Voltar ao topo<\/a><\/p>\n\n\n\n<h2 class=\"wp-block-heading\" id=\"2012\">2012<\/h2>\n\n\n\n<p><a href=\"https:\/\/www.manaus.am.gov.br\/semed\/wp-content\/uploads\/sites\/3\/2024\/09\/01_RESOLUCOES_2012_INDICE1.pdf\">RESOLUCOES_2012_INDICE<\/a><\/p>\n\n\n\n<p><a href=\"https:\/\/www.manaus.am.gov.br\/semed\/wp-content\/uploads\/sites\/3\/2024\/09\/RESOLUCAO_001_CME_20121.pdf\">RESOLUCAO_001_CME_2012<\/a><br>Aprova o Calend\u00e1rio Escolar Especial 2011 da Escola Municipal Jarlece da Concei\u00e7\u00e3o Zaranza.<\/p>\n\n\n\n<p><a href=\"https:\/\/www.manaus.am.gov.br\/semed\/wp-content\/uploads\/sites\/3\/2024\/09\/RESOLUCAO_002_CME_20121.pdf\">RESOLUCAO_002_CME_2012<\/a><br>Designa Conselheira e Assessora T\u00e9cnica para participar do 28\u00ba Simp\u00f3sio Mundial da OMEP, com o Tema \u201cPrimeira Inf\u00e2ncia no S\u00e9culo XXI: direito das crian\u00e7as de viver, brincar, explorar e conhecer o mundo.\u201d<\/p>\n\n\n\n<p><a href=\"https:\/\/www.manaus.am.gov.br\/semed\/wp-content\/uploads\/sites\/3\/2024\/09\/RESOLUCAO_003_CME_20121.pdf\">RESOLUCAO_003_CME_2012<\/a><br>Renova a Autoriza\u00e7\u00e3o de Funcionamento da Educa\u00e7\u00e3o Infantil da Creche Escola Sonho de crian\u00e7a.<\/p>\n\n\n\n<p><a href=\"https:\/\/www.manaus.am.gov.br\/semed\/wp-content\/uploads\/sites\/3\/2024\/09\/RESOLUCAO_004_CME_20121.pdf\">RESOLUCAO_004_CME_2012<\/a><br>Renova a Autoriza\u00e7\u00e3o de Funcionamento da Educa\u00e7\u00e3o Infantil do Centro Educacional Recanto dos Anjos.<\/p>\n\n\n\n<p><a href=\"https:\/\/www.manaus.am.gov.br\/semed\/wp-content\/uploads\/sites\/3\/2024\/09\/RESOLUCAO_006_CME_20121.pdf\">RESOLUCAO_006_CME_2012<\/a><br>Aprova 99 Calend\u00e1rios Escolares Especiais 2011 das Escolas Municipais de Ensino Fundamental da Rede Municipal de Ensino.<\/p>\n\n\n\n<p><a href=\"https:\/\/www.manaus.am.gov.br\/semed\/wp-content\/uploads\/sites\/3\/2024\/09\/RESOLUCAO_007_CME_20121.pdf\">RESOLUCAO_007_CME_2012<\/a><br>Aprova a proposta de altera\u00e7\u00e3o do Regimento Geral das Unidades de Ensino da Rede P\u00fablica Municipal apresentada pela SEMED.<\/p>\n\n\n\n<p><a href=\"https:\/\/www.manaus.am.gov.br\/semed\/wp-content\/uploads\/sites\/3\/2024\/09\/RESOLUCAO_008_CME_20121.pdf\">RESOLUCAO_008_CME_2012<\/a><br>Renova a Autoriza\u00e7\u00e3o de Funcionamento da Educa\u00e7\u00e3o Infantil&nbsp; do Centro Educacional Agnus Dei.<\/p>\n\n\n\n<p><a href=\"https:\/\/www.manaus.am.gov.br\/semed\/wp-content\/uploads\/sites\/3\/2024\/09\/RESOLUCAO_010_CME_20121.pdf\">RESOLUCAO_010_CME_2012<\/a><br>Credencia e Autoriza o Funcionamento da Educa\u00e7\u00e3o Infantil da Escola Inf\u00e2ncia Feliz.<\/p>\n\n\n\n<p><a href=\"https:\/\/www.manaus.am.gov.br\/semed\/wp-content\/uploads\/sites\/3\/2024\/09\/RESOLUCAO_010_CME_2012-21.pdf\">RESOLUCAO_010_CME_2012 \u2013 2<\/a><br>Credencia e Autoriza o Funcionamento da Educa\u00e7\u00e3o Infantil do Centro Educacional Souza Pereira.<\/p>\n\n\n\n<p><a href=\"https:\/\/www.manaus.am.gov.br\/semed\/wp-content\/uploads\/sites\/3\/2024\/09\/RESOLUCAO_011_CME_20121.pdf\">RESOLUCAO_011_CME_2012<\/a><br>Designa Conselheiros e Assessores T\u00e9cnicos para participar do XXII Encontro da Uni\u00e3o Nacional dos Conselhos Municipais de Educa\u00e7\u00e3o.<\/p>\n\n\n\n<p><a href=\"https:\/\/www.manaus.am.gov.br\/semed\/wp-content\/uploads\/sites\/3\/2024\/09\/RESOLUCAO_012_CME_20121.pdf\">RESOLUCAO_012_CME_2012<\/a><br>Aprova 29 Calend\u00e1rios Escolares Especiais 2012 das Escolas Municipais de Ensino Fundamental da Rede Municipal de Ensino.<\/p>\n\n\n\n<p><a href=\"https:\/\/www.manaus.am.gov.br\/semed\/wp-content\/uploads\/sites\/3\/2024\/09\/RESOLUCAO_013_CME_20121.pdf\">RESOLUCAO_013_CME_2012<\/a><br>Aprova a Proposta Pedag\u00f3gica do Ensino Fundamental na modalidade de Educa\u00e7\u00e3o de Jovens e Adultos \u2013 EJA, 2\u00ba Segmento (6\u00ba ao 9\u00ba ano).<\/p>\n\n\n\n<p><a href=\"https:\/\/www.manaus.am.gov.br\/semed\/wp-content\/uploads\/sites\/3\/2024\/09\/RESOLUCAO_014_CME_20121.pdf\">RESOLUCAO_014_CME_2012<\/a><br>Aprova o Calend\u00e1rio Escolar\/2013 das escolas associadas ao SINEPE\/AM.<\/p>\n\n\n\n<p><a href=\"https:\/\/www.manaus.am.gov.br\/semed\/wp-content\/uploads\/sites\/3\/2024\/09\/RESOLUCAO_015_CME_20121.pdf\">RESOLUCAO_015_CME_2012<\/a><br>Credencia e Autoriza o Funcionamento da Educa\u00e7\u00e3o Infantil do Centro de Ensino Sementinha do Futuro.<\/p>\n\n\n\n<p><a href=\"https:\/\/www.manaus.am.gov.br\/semed\/wp-content\/uploads\/sites\/3\/2024\/09\/RESOLUCAO_016_CME_20121.pdf\">RESOLUCAO_016_CME_2012<\/a><br>Aprovar os calend\u00e1rios escolares para o ano letivo de 2013 das Zonas Urbana\/Rural Rodovi\u00e1ria e Zona Rural Ribeirinha a ser operacionalizados nas Escolas da Rede Municipal de Ensino P\u00fablico de Manaus.<\/p>\n\n\n\n<p><a href=\"https:\/\/www.manaus.am.gov.br\/semed\/wp-content\/uploads\/sites\/3\/2024\/09\/RESOLUCAO_017_CME_20121.pdf\">RESOLUCAO_017_CME_2012<\/a><br>Aprova os Calend\u00e1rios Escolares Especiais 2012 das Escolas Municipais de Ensino Fundamental da Rede Municipal de Ensino.<\/p>\n\n\n\n<p><a href=\"https:\/\/www.manaus.am.gov.br\/semed\/wp-content\/uploads\/sites\/3\/2024\/09\/RESOLUCAO_018_CME_20121.pdf\">RESOLUCAO_018_CME_2012<\/a><br>Aprova a Proposta Pedag\u00f3gica do Programa de Acelera\u00e7\u00e3o da Aprendizagem que amplia o atendimento aos estudantes com defasagem idade\/ano igual ou superior a 2 (dois) anos, na faixa et\u00e1ria de 10 a 14 anos, retroagindo seus efeitos ao per\u00edodo correspondente a defasagem temporal existente, para o atendimento desta demanda no Programa de Acelera\u00e7\u00e3o da Aprendizagem.<\/p>\n\n\n\n<p><a href=\"https:\/\/www.manaus.am.gov.br\/semed\/wp-content\/uploads\/sites\/3\/2024\/09\/RESOLUCAO_019_CME_20121.pdf\">RESOLUCAO_019_CME_2012<\/a><br><a href=\"https:\/\/www.manaus.am.gov.br\/semed\/wp-content\/uploads\/sites\/3\/2024\/09\/RESOLUCAO_019_CME_2012_ERRATA1.pdf\">RESOLUCAO_019_CME_2012_ERRATA<\/a><br>Renova a Autoriza\u00e7\u00e3o de Funcionamento da Educa\u00e7\u00e3o Infantil da Escola Creche L\u00e1pis Criativo.<\/p>\n\n\n\n<p><a href=\"https:\/\/www.manaus.am.gov.br\/semed\/wp-content\/uploads\/sites\/3\/2024\/09\/RESOLUCAO_020_CME_20121.pdf\">RESOLUCAO_020_CME_2012<\/a><br>Credencia e Autoriza o Funcionamento da Educa\u00e7\u00e3o Infantil do Centro Educacional Sementinha Preciosa.<\/p>\n\n\n\n<p class=\"has-text-align-center\"><a href=\"https:\/\/www.manaus.am.gov.br\/semed\/cme\/atos-normativos\/resolucoes\/#topo\">Voltar ao topo<\/a><\/p>\n\n\n\n<h2 class=\"wp-block-heading\" id=\"2011\">2011<\/h2>\n\n\n\n<p><a href=\"https:\/\/www.manaus.am.gov.br\/semed\/wp-content\/uploads\/sites\/3\/2024\/09\/01_RESOLUCOES_2011_INDICE1.pdf\">RESOLUCOES_2011_INDICE<\/a><\/p>\n\n\n\n<p><a href=\"https:\/\/www.manaus.am.gov.br\/semed\/wp-content\/uploads\/sites\/3\/2024\/09\/RESOLUCAO_001_CME_20111.pdf\">RESOLUCAO_001_CME_2011<\/a><br>Renova a Autoriza\u00e7\u00e3o de Funcionamento de Curso do Jardim de Inf\u00e2ncia Manami.<\/p>\n\n\n\n<p><a href=\"https:\/\/www.manaus.am.gov.br\/semed\/wp-content\/uploads\/sites\/3\/2024\/09\/RESOLUCAO_002_CME_20111.pdf\">RESOLUCAO_002_CME_2011<\/a><br>Estabelece normas complementares para a implementa\u00e7\u00e3o das Leis Federais n. 10.639\/2003 e n. 11. 645\/2008, que disp\u00f5em sobre a obrigatoriedade da inclus\u00e3o da tem\u00e1tica Hist\u00f3ria e Cultura Afro-brasileira e Ind\u00edgena no curr\u00edculo oficial do Sistema Municipal de Ensino de Manaus.<\/p>\n\n\n\n<p><a href=\"https:\/\/www.manaus.am.gov.br\/semed\/wp-content\/uploads\/sites\/3\/2024\/09\/RESOLUCAO_003_CME_20111.pdf\">RESOLUCAO_003_CME_2011<\/a><br>Credencia e Autoriza o Funcionamento de Curso da Creche Escola Vida.<\/p>\n\n\n\n<p><a href=\"https:\/\/www.manaus.am.gov.br\/semed\/wp-content\/uploads\/sites\/3\/2024\/09\/RESOLUCAO_004_CME_20111.pdf\">RESOLUCAO_004_CME_2011<\/a><br>Estabelece normas para o Credenciamento de Institui\u00e7\u00f5es Educacionais, Autoriza\u00e7\u00e3o para o funcionamento do Ensino Fundamental e suas modalidades da Rede Municipal de Ensino de Manaus.<\/p>\n\n\n\n<p><a href=\"https:\/\/www.manaus.am.gov.br\/semed\/wp-content\/uploads\/sites\/3\/2024\/09\/RESOLUCAO_005_CME_20111.pdf\">RESOLUCAO_005_CME_2011<\/a><br>Institui a Medalha de M\u00e9rito Educacional e a Placa de Condecora\u00e7\u00e3o em \u00e2mbito Municipal.<\/p>\n\n\n\n<p><a href=\"https:\/\/www.manaus.am.gov.br\/semed\/wp-content\/uploads\/sites\/3\/2024\/09\/RESOLUCAO_006_CME_20111.pdf\">RESOLUCAO_006_CME_2011<\/a><br>Estabelece normas para a matr\u00edcula em Regime de Progress\u00e3o Parcial a partir do 7\u00ba ano no Ensino Fundamental na Rede Municipal de Ensino.<\/p>\n\n\n\n<p><a href=\"https:\/\/www.manaus.am.gov.br\/semed\/wp-content\/uploads\/sites\/3\/2024\/09\/RESOLUCAO_007_CME_20111.pdf\">RESOLUCAO_007_CME_2011<\/a><br><a href=\"https:\/\/www.manaus.am.gov.br\/semed\/wp-content\/uploads\/sites\/3\/2024\/09\/RESOLUCAO_007_CME_2011_REPUBLICACAO1.pdf\">RESOLUCAO_007_CME_2011_REPUBLICACAO<\/a><br>D\u00e1 nova reda\u00e7\u00e3o \u00e0 Resolu\u00e7\u00e3o n. 04\/CME\/2001, estabelecendo normas para operacionaliza\u00e7\u00e3o da Educa\u00e7\u00e3o de Jovens e Adultos na Rede Municipal de Ensino de Manaus.<\/p>\n\n\n\n<p><a href=\"https:\/\/www.manaus.am.gov.br\/semed\/wp-content\/uploads\/sites\/3\/2024\/09\/RESOLUCAO_008_CME_20111.pdf\">RESOLUCAO_008_CME_2011<\/a><br>Aprova a Resolu\u00e7\u00e3o n. 04\/CME\/GP\/2002 convalidando os estudos dos discentes que fizeram uso da metodologia SESI\/EDUCA na Rede Municipal de Ensino de Manaus no per\u00edodo de fevereiro de 2002 a dezembro de 2003.<\/p>\n\n\n\n<p><a href=\"https:\/\/www.manaus.am.gov.br\/semed\/wp-content\/uploads\/sites\/3\/2024\/09\/RESOLUCAO_009_CME_20111.pdf\">RESOLUCAO_009_CME_2011<\/a><br>Renova a Autoriza\u00e7\u00e3o de Funcionamento de Curso da Creche Zez\u00e9 Pio de Souza.<\/p>\n\n\n\n<p><a href=\"https:\/\/www.manaus.am.gov.br\/semed\/wp-content\/uploads\/sites\/3\/2024\/09\/RESOLUCAO_010_CME_20111.pdf\">RESOLUCAO_010_CME_2011<\/a><br>Institui os procedimentos e orienta\u00e7\u00f5es para Educa\u00e7\u00e3o Especial na Perspectiva da Educa\u00e7\u00e3o Inclusiva no Sistema Municipal de Ensino de Manaus.<\/p>\n\n\n\n<p><a href=\"https:\/\/www.manaus.am.gov.br\/semed\/wp-content\/uploads\/sites\/3\/2024\/09\/RESOLUCAO_011_CME_20111.pdf\">RESOLUCAO_011_CME_2011<\/a><br>Aprova o Regimento Geral das Unidades de Ensino da Rede P\u00fablica Municipal de Manaus.<\/p>\n\n\n\n<p><a href=\"https:\/\/www.manaus.am.gov.br\/semed\/wp-content\/uploads\/sites\/3\/2024\/09\/RESOLUCAO_012_CME_20111.pdf\">RESOLUCAO_012_CME_2011<\/a><br>Aprova os Calend\u00e1rios Escolares para o ano letivo de 2012 das Zonas Urbana\/Rural Rodovi\u00e1ria e Zona Rural Ribeirinha a ser operacionalizados nas Escolas da Rede Municipal de Ensino P\u00fablico de Manaus.<\/p>\n\n\n\n<p><a href=\"https:\/\/www.manaus.am.gov.br\/semed\/wp-content\/uploads\/sites\/3\/2024\/09\/RESOLUCAO_013_CME_20111.pdf\">RESOLUCAO_013_CME_2011<\/a><br>Aprova os 28 Calend\u00e1rios Especiais 2011 das Escolas Municipais: Ab\u00edlio Nery, Ana Maria de Souza Barros, Ant\u00f4nia Medeiros da Silva, Ant\u00f4nio Matias Fernandes, Cleonice Menezes Fernandes, Deputado Ulisses Guimar\u00e3es, Divino Pimenta Faleiros, Elin\u00e9ia Folhadela, Francisca Gomes Mendes, Doutor Geraldo Pinheiro, Graziela Ribeiro, Honorina Azevedo Vasconcelos, Professora L\u00e9a Alencar Antony, Loris Cordovil, Lucila Freitas, Presidente Manuel Ferraz de Campos Salles, Marechal C\u00e2ndido Rondon, Maria do Carmo Rebello de Souza, Maria Fernandes, Maria Lira Pereira, Governador Pl\u00ednio Ramos Coelho, Professora Ign\u00eas de Vasconcelos Dias, Rep\u00fablica do M\u00e9xico, Rosa Sverner, Santo Agostinho, S\u00e9rgio Alfredo Pessoa Figueiredo, Terezinha Moura Brasil, Elvira Borges.<\/p>\n\n\n\n<p><a href=\"https:\/\/www.manaus.am.gov.br\/semed\/wp-content\/uploads\/sites\/3\/2024\/09\/RESOLUCAO_014_CME_20111.pdf\">RESOLUCAO_014_CME_2011<\/a><br>Designa conselheira e assessora t\u00e9cnica para participar do XXI Encontro da Uni\u00e3o Nacional dos Conselhos Municipais de Educa\u00e7\u00e3o (UNCME).<\/p>\n\n\n\n<p class=\"has-text-align-center\"><a href=\"https:\/\/www.manaus.am.gov.br\/semed\/cme\/atos-normativos\/resolucoes\/#topo\">Voltar ao topo<\/a><\/p>\n\n\n\n<h2 class=\"wp-block-heading\" id=\"2010\">2010<\/h2>\n\n\n\n<p><a href=\"https:\/\/www.manaus.am.gov.br\/semed\/wp-content\/uploads\/sites\/3\/2024\/09\/RESOLUCAO_001_CME_20101.pdf\">RESOLUCAO_001_CME_2010<\/a><br>Estabelece normas complementares para a implementa\u00e7\u00e3o da Lei n. 10.639\/2003, que altera a LDB n. 9.394\/1996 para o Sistema Municipal de Ensino de Manaus.<\/p>\n\n\n\n<p><a href=\"https:\/\/www.manaus.am.gov.br\/semed\/wp-content\/uploads\/sites\/3\/2024\/09\/RESOLUCAO_003_CME_20101.pdf\">RESOLUCAO_003_CME_2010<\/a><br>Credencia e Autoriza o Funcionamento de Curso do Centro Educacional Soldados de Cristo.<\/p>\n\n\n\n<p><a href=\"https:\/\/www.manaus.am.gov.br\/semed\/wp-content\/uploads\/sites\/3\/2024\/09\/RESOLUCAO_004_CME_20101.pdf\">RESOLUCAO_004_CME_2010<\/a><br>Aprova a Proposta Curricular da Educa\u00e7\u00e3o de Jovens e Adultos \u2013 1\u00ba Seguimento, para as Escolas da Rede Municipal de Ensino de Manaus.<\/p>\n\n\n\n<p><a href=\"https:\/\/www.manaus.am.gov.br\/semed\/wp-content\/uploads\/sites\/3\/2024\/09\/RESOLUCAO_005_CME_20101-1.pdf\">RESOLUCAO_005_CME_2010<\/a><br>Aprova o Regimento Interno do Conselho Municipal de Educa\u00e7\u00e3o de Manaus.<\/p>\n\n\n\n<p><a href=\"https:\/\/www.manaus.am.gov.br\/semed\/wp-content\/uploads\/sites\/3\/2024\/09\/RESOLUCAO_006_CME_20101.pdf\">RESOLUCAO_006_CME_2010<\/a><br>D\u00e1 nova reda\u00e7\u00e3o \u00e0 Resolu\u00e7\u00e3o n. 005\/CME\/1998 que regulamenta a implanta\u00e7\u00e3o da Lei n\u00ba 9.394\/96 no Sistema Municipal de Educa\u00e7\u00e3o a partir de 1998.<\/p>\n\n\n\n<p><a href=\"https:\/\/www.manaus.am.gov.br\/semed\/wp-content\/uploads\/sites\/3\/2024\/09\/RESOLUCAO_007_CME_20101.pdf\">RESOLUCAO_007_CME_2010<\/a><br>Aprova a Proposta Curricular do 1\u00ba ao 5\u00ba ano do Ensino Fundamental, para a Rede Municipal de Ensino de Manaus.<\/p>\n\n\n\n<p><a href=\"https:\/\/www.manaus.am.gov.br\/semed\/wp-content\/uploads\/sites\/3\/2024\/09\/RESOLUCAO_008_CME_20101.pdf\">RESOLUCAO_008_CME_2010<\/a><br>Aprova a Proposta Curricular de Educa\u00e7\u00e3o Infantil (Creche e Pr\u00e9-Escola), para a Rede Municipal de Ensino de Manaus, ressalvando, todavia, que para sua adequada operacionaliza\u00e7\u00e3o na Pr\u00e9-Escola (4 e 5 anos de idade), as turmas dever\u00e3o ser compostas, por no m\u00e1ximo 20 (vinte) crian\u00e7as.<\/p>\n\n\n\n<p><a href=\"https:\/\/www.manaus.am.gov.br\/semed\/wp-content\/uploads\/sites\/3\/2024\/09\/RESOLUCAO_010_CME_20101.pdf\">RESOLUCAO_010_CME_2010<\/a><br>Estabelece normas e d\u00e1 orienta\u00e7\u00f5es para a realiza\u00e7\u00e3o de matr\u00edculas para a Educa\u00e7\u00e3o Infantil e Ensino Fundamental, no Sistema Municipal de Ensino.<\/p>\n\n\n\n<p><a href=\"https:\/\/www.manaus.am.gov.br\/semed\/wp-content\/uploads\/sites\/3\/2024\/09\/RESOLUCAO_011_CME_20101.pdf\">RESOLUCAO_011_CME_2010<\/a><br>Aprova a Proposta de reorganiza\u00e7\u00e3o do Calend\u00e1rio Escolar do ano letivo 2010, para as Escolas da Zona Ribeirinha da Rede Municipal de Ensino de Manaus<\/p>\n\n\n\n<p><a href=\"https:\/\/www.manaus.am.gov.br\/semed\/wp-content\/uploads\/sites\/3\/2024\/09\/RESOLUCAO_012_CME_20101.pdf\">RESOLUCAO_012_CME_2010<\/a><br>Aprova os Calend\u00e1rios Escolares para o ano letivo 2011, a serem operacionalizados nas Escolas da Rede Municipal de Ensino P\u00fablico de Manaus.<\/p>\n\n\n\n<p><a href=\"https:\/\/www.manaus.am.gov.br\/semed\/wp-content\/uploads\/sites\/3\/2024\/09\/RESOLUCAO_013_CME_20101.pdf\">RESOLUCAO_013_CME_2010<\/a><br>Aprovar o Plano de Implementa\u00e7\u00e3o do Ensino Fundamental de 9 anos e Proposta Curricular do Ensino Fundamental de 6\u00ba ao 9\u00ba ano, a ser desenvolvidos nas Escolas da Rede Municipal de Ensino P\u00fablico de Manaus.<\/p>\n\n\n\n<p class=\"has-text-align-center\"><a href=\"https:\/\/www.manaus.am.gov.br\/semed\/cme\/atos-normativos\/resolucoes\/#topo\">Voltar ao topo<\/a><\/p>\n\n\n\n<h2 class=\"wp-block-heading\" id=\"2009\">2009<\/h2>\n\n\n\n<p><a href=\"https:\/\/www.manaus.am.gov.br\/semed\/wp-content\/uploads\/sites\/3\/2024\/09\/01_RESOLUCOES_2009_INDICE1.pdf\">RESOLUCOES_2009_INDICE<\/a><\/p>\n\n\n\n<p><a href=\"https:\/\/www.manaus.am.gov.br\/semed\/wp-content\/uploads\/sites\/3\/2024\/09\/RESOLUCAO_001_CME_20091.pdf\">RESOLUCAO_001_CME_2009<\/a><br>Aprova a III Confer\u00eancia Municipal de Educa\u00e7\u00e3o de Manaus.<\/p>\n\n\n\n<p><a href=\"https:\/\/www.manaus.am.gov.br\/semed\/wp-content\/uploads\/sites\/3\/2024\/09\/Resolucao-n.-002-CME-200911.pdf\">Resolu\u00e7\u00e3o n\u00ba 002\/CME\/2009<\/a><br>Aprovar o&nbsp;Estatuto do Conselho Escolar&nbsp;das Escolas da Rede Municipal de Ensino de Manaus.<\/p>\n\n\n\n<p><a href=\"https:\/\/www.manaus.am.gov.br\/semed\/wp-content\/uploads\/sites\/3\/2024\/09\/RESOLUCAO_004_CME_20091.pdf\">RESOLUCAO_004_CME_2009<\/a><br>Aprova o Calend\u00e1rio Escolar Especial de 2009, a ser operacionalizado pelas Escolas da Rede Municipal de Ensino P\u00fablico de Manaus, como medida de preven\u00e7\u00e3o ao V\u00edrus da Influenza Tipo A (H1N1).<\/p>\n\n\n\n<p><a href=\"https:\/\/www.manaus.am.gov.br\/semed\/wp-content\/uploads\/sites\/3\/2024\/09\/RESOLUCAO_007_CME_20091.pdf\">RESOLUCAO_007_CME_2009<\/a><br>Aprova a Proposta Curricular do Ensino Fundamental do 1\u00ba ao 5\u00ba ano para as Escolas da Rede Municipal de Ensino de Manaus.<\/p>\n\n\n\n<p><a href=\"https:\/\/www.manaus.am.gov.br\/semed\/wp-content\/uploads\/sites\/3\/2024\/09\/RESOLUCAO_008_CME_20091.pdf\">RESOLUCAO_008_CME_2009<\/a><br>Homologa a substitui\u00e7\u00e3o de Conselheiro Suplente representante da C\u00e2mara Municipal de Manaus no Conselho Municipal de Educa\u00e7\u00e3o de Manaus.<\/p>\n\n\n\n<p><a href=\"https:\/\/www.manaus.am.gov.br\/semed\/wp-content\/uploads\/sites\/3\/2024\/09\/RESOLUCAO_009_CME_20091.pdf\">RESOLUCAO_009_CME_2009<\/a><br>Aprova a Estrutura Curricular do Ensino Fundamental de 9 anos a ser operacionalizada pela Secretaria Municipal de Educa\u00e7\u00e3o de Manaus, nas Escolas Municipais, com oferta desse n\u00edvel de ensino, a partir do ano letivo de 2010.<\/p>\n\n\n\n<p><a href=\"https:\/\/www.manaus.am.gov.br\/semed\/wp-content\/uploads\/sites\/3\/2024\/09\/RESOLUCAO_010_CME_20091.pdf\">RESOLUCAO_010_CME_2009<\/a><br>Aprova o Calend\u00e1rio escolar do ano letivo de 2010 a ser operacionalizado nas Escolas da Rede Municipal de Ensino P\u00fablico de Manaus.<\/p>\n\n\n\n<p><a href=\"https:\/\/www.manaus.am.gov.br\/semed\/wp-content\/uploads\/sites\/3\/2024\/09\/RESOLUCAO_010_CME_20091.pdf\">Resolu\u00e7\u00e3o n\u00ba 011\/CME\/2009<\/a><br>Estabelece&nbsp;Normas&nbsp;para o&nbsp;Credenciamento de Institui\u00e7\u00f5es Educacionais, Autoriza\u00e7\u00e3o e Renova\u00e7\u00e3o de Autoriza\u00e7\u00e3o para Funcionamento da Educa\u00e7\u00e3o Infantil e suas fases.<\/p>\n\n\n\n<p class=\"has-text-align-center\"><a href=\"https:\/\/www.manaus.am.gov.br\/semed\/cme\/atos-normativos\/resolucoes\/#topo\">Voltar ao topo<\/a><\/p>\n\n\n\n<h2 class=\"wp-block-heading\" id=\"2008\">2008<\/h2>\n\n\n\n<p>RESOLUCOES_2008_INDICE<\/p>\n\n\n\n<p><a href=\"https:\/\/www.manaus.am.gov.br\/semed\/wp-content\/uploads\/sites\/3\/2024\/09\/Resolucao-001-CME-200821.pdf\">Resolu\u00e7\u00e3o n\u00ba 001-CME-2008<\/a><br>Aprova o Estatuto do Conselho Escolar das Escolas da Rede Municipal de Ensino.<\/p>\n\n\n\n<p><a href=\"https:\/\/www.manaus.am.gov.br\/semed\/wp-content\/uploads\/sites\/3\/2024\/09\/RESOLUCAO_002_CME_2008-11.pdf\">RESOLUCAO_002_CME_2008<\/a><br><a href=\"https:\/\/www.manaus.am.gov.br\/semed\/wp-content\/uploads\/sites\/3\/2024\/09\/RESOLUCAO_002_CME_2008_REPUBLICACAO1.pdf\">RESOLUCAO_002_CME_2008_REPUBLICACAO<\/a><br>D\u00e1 nova Reda\u00e7\u00e3o a Resolu\u00e7\u00e3o n. 007\/CME\/2002, que estabelece normas para a admiss\u00e3o dos docentes da disciplina Ensino Religioso no Sistema Municipal de Educa\u00e7\u00e3o e d\u00e1 outras provid\u00eancias.<\/p>\n\n\n\n<p><a href=\"https:\/\/www.manaus.am.gov.br\/semed\/wp-content\/uploads\/sites\/3\/2024\/09\/RESOLUCAO_003_CME_20081.pdf\">RESOLUCAO_003_CME_2008<\/a><br>Credencia e Autoriza o funcionamento de Curso do Centro de Educa\u00e7\u00e3o Integral Christ M\u00e1ster.<\/p>\n\n\n\n<p><a href=\"https:\/\/www.manaus.am.gov.br\/semed\/wp-content\/uploads\/sites\/3\/2024\/09\/RESOLUCAO_004_CME_20081.pdf\">RESOLUCAO_004_CME_2008<\/a><br>Aprova a Proposta Pedag\u00f3gica de Creches Municipais.<\/p>\n\n\n\n<p><a href=\"https:\/\/www.manaus.am.gov.br\/semed\/wp-content\/uploads\/sites\/3\/2024\/09\/RESOLUCAO_005_CME_20081.pdf\">RESOLUCAO_005_CME_2008<\/a><br>Aprova na \u00edntegra todos os termos do Regimento Geral das Escolas da Rede Municipal de Ensino.<\/p>\n\n\n\n<p><a href=\"https:\/\/www.manaus.am.gov.br\/semed\/wp-content\/uploads\/sites\/3\/2024\/09\/RESOLUCAO_006_CME_20081.pdf\">RESOLUCAO_006_CME_2008<\/a><br>Credencia e Autoriza o funcionamento de Curso da Creche Angelina Vieira.<\/p>\n\n\n\n<p><a href=\"https:\/\/www.manaus.am.gov.br\/semed\/wp-content\/uploads\/sites\/3\/2024\/09\/RESOLUCAO_010_CME_20081.pdf\">RESOLUCAO_010_CME_2008<\/a><br>Prorroga a Autoriza\u00e7\u00e3o de Funcionamento de Curso do Centro Educacional Guarany.<\/p>\n\n\n\n<p><a href=\"https:\/\/www.manaus.am.gov.br\/semed\/wp-content\/uploads\/sites\/3\/2024\/09\/RESOLUCAO_011_CME_20081.pdf\">RESOLUCAO_011_CME_2008<\/a><br>Aprova o Regimento Interno do Conselho Municipal de Educa\u00e7\u00e3o, nos termos da Minuta submetida para exame.<\/p>\n\n\n\n<p><a href=\"https:\/\/www.manaus.am.gov.br\/semed\/wp-content\/uploads\/sites\/3\/2024\/09\/RESOLUCAO_012_CME_20081.pdf\">RESOLUCAO_012_CME_2008<\/a><br>Aprova a Proposta Curricular do 6\u00ba ao 9\u00ba ano do Ensino Fundamental da Rede Municipal de Ensino.<\/p>\n\n\n\n<p class=\"has-text-align-center\"><a href=\"https:\/\/www.manaus.am.gov.br\/semed\/cme\/atos-normativos\/resolucoes\/#topo\">Voltar ao topo<\/a><\/p>\n\n\n\n<h2 class=\"wp-block-heading\" id=\"2007\">2007<\/h2>\n\n\n\n<p><a href=\"https:\/\/www.manaus.am.gov.br\/semed\/wp-content\/uploads\/sites\/3\/2024\/09\/Resolucao-n.-003-CME-200711.pdf\">Resolu\u00e7\u00e3o n\u00ba 003\/CME\/2007&nbsp;<\/a><\/p>\n\n\n\n<p>Autoriza a&nbsp;utiliza\u00e7\u00e3o do formul\u00e1rio&nbsp;sugerido pela Coordenadoria de Gest\u00e3o Educacional da SEMED,&nbsp;em substitui\u00e7\u00e3o ao Di\u00e1rio de Classe&nbsp;adotado pelo Sistema Municipal de Ensino, at\u00e9 a conclus\u00e3o do presente exerc\u00edcio escolar (2007).<\/p>\n\n\n\n<p><a href=\"https:\/\/www.manaus.am.gov.br\/semed\/wp-content\/uploads\/sites\/3\/2024\/09\/Resolucao-n.-004-CME-20071.pdf\">Resolu\u00e7\u00e3o n\u00ba 004\/CME\/2007<\/a><br>Aprovar o&nbsp;Regimento Interno do Conselho Municipal de Educa\u00e7\u00e3o de Manaus.<\/p>\n\n\n\n<p><a href=\"https:\/\/www.manaus.am.gov.br\/semed\/wp-content\/uploads\/sites\/3\/2024\/09\/Resolucao-n.-007-CME-20071.pdf\">Resolu\u00e7\u00e3o n\u00ba 007\/CME\/2007<\/a><br>D\u00e1&nbsp;nova reda\u00e7\u00e3o a Resolu\u00e7\u00e3o n\u00ba 007\/CME\/1998&nbsp;que regulamenta a pr\u00e1tica da Educa\u00e7\u00e3o F\u00edsica no Sistema Municipal de Ensino e d\u00e1 outras provid\u00eancias.<\/p>\n\n\n\n<p><a href=\"https:\/\/www.manaus.am.gov.br\/semed\/wp-content\/uploads\/sites\/3\/2024\/09\/Resolucao-n.-008-CME-20071.pdf\">Resolu\u00e7\u00e3o n\u00ba 008\/CME\/2007&nbsp;<\/a><br>Determinar \u00e0 Secretaria Municipal de Educa\u00e7\u00e3o do Munic\u00edpio de Manaus, o cumprimento da legisla\u00e7\u00e3o educacional em vigor, assegurando a&nbsp;carga hor\u00e1ria m\u00ednima anual de 800 horas, distribu\u00eddas por um m\u00ednimo de 200 dias de efetivo trabalho escolar, de acordo com o inciso I, do Art. 24 da Lei 9.394\/96.<\/p>\n\n\n\n<p class=\"has-text-align-center\"><a href=\"https:\/\/www.manaus.am.gov.br\/semed\/cme\/atos-normativos\/resolucoes\/#topo\">Voltar ao topo<\/a><\/p>\n\n\n\n<h2 class=\"wp-block-heading\" id=\"2006\">2006<\/h2>\n\n\n\n<p><a href=\"https:\/\/www.manaus.am.gov.br\/semed\/wp-content\/uploads\/sites\/3\/2024\/09\/Resolucao-n.-001-CME-20061.pdf\">Resolu\u00e7\u00e3o n\u00ba 001\/CME\/2006<\/a><\/p>\n\n\n\n<p>Autorizar o Coordenador Geral do&nbsp;<strong>Projovem \u2013 Programa Nacional de Inclus\u00e3o de Jovens: Educa\u00e7\u00e3o, Qualifica\u00e7\u00e3o e A\u00e7\u00e3o Comunit\u00e1ria<\/strong>, no Munic\u00edpio de Manaus, a expedir a certifica\u00e7\u00e3o de conclus\u00e3o do Ensino Fundamental aos aprovados no Programa.<\/p>\n\n\n\n<p><a href=\"https:\/\/www.manaus.am.gov.br\/semed\/wp-content\/uploads\/sites\/3\/2024\/09\/Resolucao-n.-004-CME-20061.pdf\">Resolu\u00e7\u00e3o n\u00ba 004\/CME\/2006<\/a><\/p>\n\n\n\n<p>D\u00e1 nova reda\u00e7\u00e3o \u00e0s&nbsp;<strong>Resolu\u00e7\u00f5es n\u00ba 011\/CME\/1998, n\u00ba<\/strong>&nbsp;<strong>005\/CME\/2001<\/strong>, e estabelece normas para o Credenciamento de Institui\u00e7\u00e3o Educacional; Autoriza\u00e7\u00e3o de Educa\u00e7\u00e3o Infantil e suas fases.<\/p>\n\n\n\n<p><a href=\"https:\/\/www.manaus.am.gov.br\/semed\/wp-content\/uploads\/sites\/3\/2024\/09\/Resolucao-n.-006-CME-20061.pdf\">Resolu\u00e7\u00e3o n\u00ba 006\/CME\/2006<\/a><\/p>\n\n\n\n<p>D\u00e1&nbsp;<strong>nova reda\u00e7\u00e3o \u00e0 Resolu\u00e7\u00e3o n\u00ba 006\/CME\/1998<\/strong>, que estabelece normas para a edifica\u00e7\u00e3o das Institui\u00e7\u00f5es Educacionais de Educa\u00e7\u00e3o Infantil.<\/p>\n\n\n\n<p><a href=\"https:\/\/www.manaus.am.gov.br\/semed\/wp-content\/uploads\/sites\/3\/2024\/09\/Resolucao-n.-007-CME-20061.pdf\">Resolu\u00e7\u00e3o n\u00ba 007\/CME\/2006&nbsp;<\/a><\/p>\n\n\n\n<p>Estabelece normas e d\u00e1 orienta\u00e7\u00f5es para a&nbsp;<strong>amplia\u00e7\u00e3o do Ensino Fundamental<\/strong>&nbsp;<strong>para nove anos de dura\u00e7\u00e3o<\/strong>, no Sistema Municipal de Ensino.<\/p>\n\n\n\n<p><a href=\"https:\/\/www.manaus.am.gov.br\/semed\/wp-content\/uploads\/sites\/3\/2024\/09\/Resolucao-n.-009-CME-20061.pdf\">Resolu\u00e7\u00e3o n\u00ba 009\/CME\/2006<\/a><\/p>\n\n\n\n<p>Aprova Projeto da&nbsp;<strong>II Confer\u00eancia Municipal de Educa\u00e7\u00e3o<\/strong>&nbsp;e d\u00e1 outras provid\u00eancias.<\/p>\n\n\n\n<p class=\"has-text-align-center\"><a href=\"https:\/\/www.manaus.am.gov.br\/semed\/cme\/atos-normativos\/resolucoes\/#topo\">Voltar ao topo<\/a><\/p>\n\n\n\n<h2 class=\"wp-block-heading\" id=\"2005\">2005<\/h2>\n\n\n\n<p><a href=\"https:\/\/www.manaus.am.gov.br\/semed\/wp-content\/uploads\/sites\/3\/2024\/09\/Resolucao-n.-001-CME-20051.pdf\">Resolu\u00e7\u00e3o n\u00ba 001\/CME\/2005<\/a><\/p>\n\n\n\n<p>Aprovar o&nbsp;<strong>Plano de Aplica\u00e7\u00e3o dos Recursos<\/strong>&nbsp;Oriundos do&nbsp;<strong>Sal\u00e1rio Educa\u00e7\u00e3o<\/strong>&nbsp;repassados ao Munic\u00edpio de Manaus para Manuten\u00e7\u00e3o do Ensino Fundamental da Secretaria Municipal de Educa\u00e7\u00e3o e Cultura.<\/p>\n\n\n\n<p><a href=\"https:\/\/www.manaus.am.gov.br\/semed\/wp-content\/uploads\/sites\/3\/2024\/09\/Resolucao-n.-003-CME-20051.pdf\">Resolu\u00e7\u00e3o n\u00ba 003\/CME\/2005<\/a><\/p>\n\n\n\n<p>Autorizar o funcionamento do Projeto Educa\u00e7\u00e3o Itinerante de 5\u00aa a 8\u00aa s\u00e9ries do Ensino Fundamental da Secretaria Municipal de Educa\u00e7\u00e3o e Cultura, a contar do ano letivo de 2003.<\/p>\n\n\n\n<p><a href=\"https:\/\/www.manaus.am.gov.br\/semed\/wp-content\/uploads\/sites\/3\/2024\/09\/Resolucao-n.-004-CME-20051.pdf\">Resolu\u00e7\u00e3o n\u00ba 004\/CME\/2005<\/a><\/p>\n\n\n\n<p>Aprovar o modelo de&nbsp;<strong>Di\u00e1rio de Classe<\/strong>, apresentado pela Secretaria Municipal de Educa\u00e7\u00e3o e Cultura, para o ano letivo de 2005.<\/p>\n\n\n\n<p class=\"has-text-align-center\"><a href=\"https:\/\/www.manaus.am.gov.br\/semed\/cme\/atos-normativos\/resolucoes\/#topo\">Voltar ao topo<\/a><\/p>\n\n\n\n<h2 class=\"wp-block-heading\" id=\"2004\">2004<\/h2>\n\n\n\n<p><a href=\"https:\/\/www.manaus.am.gov.br\/semed\/wp-content\/uploads\/sites\/3\/2024\/09\/Resolucao-003-CME-20041.pdf\">Resolu\u00e7\u00e3o n\u00ba 003\/CME\/2004<\/a><\/p>\n\n\n\n<p>Normatiza\u00e7\u00e3o do&nbsp;<strong>Programa<\/strong>&nbsp;<strong>Telecurso<\/strong>&nbsp;<strong>2000<\/strong>&nbsp;a partir do ano de 2003 para o alcance de seus objetivos na Educa\u00e7\u00e3o de Jovens e Adultos da Zona Rural.<\/p>\n\n\n\n<p><a href=\"https:\/\/www.manaus.am.gov.br\/semed\/wp-content\/uploads\/sites\/3\/2024\/09\/Resolucao-004-CME-20041.pdf\">Resolu\u00e7\u00e3o n\u00ba 004\/CME\/2004<\/a><\/p>\n\n\n\n<p>Institui as Diretrizes para a&nbsp;<strong>Proposta de Ciclos de Forma\u00e7\u00e3o Humana<\/strong>&nbsp;nas Escolas Municipais de Manaus.<\/p>\n\n\n\n<p class=\"has-text-align-center\"><a href=\"https:\/\/www.manaus.am.gov.br\/semed\/cme\/atos-normativos\/resolucoes\/#topo\">Voltar ao topo<\/a><\/p>\n\n\n\n<h2 class=\"wp-block-heading\" id=\"2003\">2003<\/h2>\n\n\n\n<p><a href=\"https:\/\/www.manaus.am.gov.br\/semed\/wp-content\/uploads\/sites\/3\/2024\/09\/Resolucao-002-CME-200311.pdf\">Resolu\u00e7\u00e3o n\u00ba 002\/CME\/2003<\/a><\/p>\n\n\n\n<p>Disp\u00f5e sobre procedimentos e orienta\u00e7\u00f5es a serem observados em rela\u00e7\u00e3o aos crit\u00e9rios do&nbsp;<strong>Processo de Avalia\u00e7\u00e3o do Ensino\/Aprendizagem<\/strong>&nbsp;no Sistema Municipal de Ensino de Manaus.<\/p>\n\n\n\n<p><a href=\"https:\/\/www.manaus.am.gov.br\/semed\/wp-content\/uploads\/sites\/3\/2024\/09\/Resolucao-005-CME-20031.pdf\">Resolu\u00e7\u00e3o n\u00ba 005\/CME\/2003<\/a><\/p>\n\n\n\n<p>Disp\u00f5e sobre procedimentos e orienta\u00e7\u00f5es a serem observadas para oferta da&nbsp;<strong>Educa\u00e7\u00e3o<\/strong>&nbsp;<strong>Especial<\/strong>&nbsp;no Sistema de Ensino Municipal a partir de 2003.<\/p>\n\n\n\n<p class=\"has-text-align-center\"><a href=\"https:\/\/www.manaus.am.gov.br\/semed\/cme\/atos-normativos\/resolucoes\/#topo\">Voltar ao topo<\/a><\/p>\n\n\n\n<h2 class=\"wp-block-heading\" id=\"2002\">2002<\/h2>\n\n\n\n<p><a href=\"https:\/\/www.manaus.am.gov.br\/semed\/wp-content\/uploads\/sites\/3\/2024\/09\/01_RESOLUCOES_2002_INDICE1.pdf\">RESOLUCOES_2002_INDICE<\/a><\/p>\n\n\n\n<p><a href=\"https:\/\/www.manaus.am.gov.br\/semed\/wp-content\/uploads\/sites\/3\/2024\/09\/Resolucao-004-CME-200211.pdf\">Resolu\u00e7\u00e3o n\u00ba 004\/CME\/2002<\/a><br>Aprova na \u00edntegra a implanta\u00e7\u00e3o da Proposta Metodol\u00f3gica SESI\/EDUCA na Rede Municipal de Ensino, no seguimento de 5\u00aa a 8\u00aa s\u00e9rie do Ensino Fundamental, retroagindo seus efeitos a fevereiro de 2002.<\/p>\n\n\n\n<p><a href=\"https:\/\/www.manaus.am.gov.br\/semed\/wp-content\/uploads\/sites\/3\/2024\/09\/RESOLUCAO_006_CME_20021.pdf\">RESOLUCAO_006_CME_2002<\/a><br>Aprova o Projeto Classe B\u00e1sica do Ensino Fundamental da Rede Municipal de Educa\u00e7\u00e3o e d\u00e1 outras provid\u00eancias.<\/p>\n\n\n\n<p><a href=\"https:\/\/www.manaus.am.gov.br\/semed\/wp-content\/uploads\/sites\/3\/2024\/09\/RESOLUCAO_007_CME_20021.pdf\">RESOLUCAO_007_CME_2002<\/a><br>Regulamenta a admiss\u00e3o dos docentes, da disciplina&nbsp;<strong>Ensino<\/strong>&nbsp;<strong>Religioso<\/strong>&nbsp;no Sistema Municipal de educa\u00e7\u00e3o e d\u00e1 outras provid\u00eancias.<\/p>\n\n\n\n<p class=\"has-text-align-center\"><a href=\"https:\/\/www.manaus.am.gov.br\/semed\/cme\/atos-normativos\/resolucoes\/#topo\">Voltar ao topo<\/a><\/p>\n\n\n\n<h2 class=\"wp-block-heading\" id=\"2001\">2001<\/h2>\n\n\n\n<p><a href=\"https:\/\/www.manaus.am.gov.br\/semed\/wp-content\/uploads\/sites\/3\/2024\/09\/01_RESOLUCOES_2001_INDICE1.pdf\">RESOLUCOES_2001_INDICE<\/a><\/p>\n\n\n\n<p><a href=\"https:\/\/www.manaus.am.gov.br\/semed\/wp-content\/uploads\/sites\/3\/2024\/09\/Resolucao-004-CME-200111.pdf\">Resolu\u00e7\u00e3o n\u00ba 004\/CME\/2001<\/a><br>Normatiza a Educa\u00e7\u00e3o de Jovens e Adultos no Sistema Municipal de Ensino.<\/p>\n\n\n\n<p><a href=\"https:\/\/www.manaus.am.gov.br\/semed\/wp-content\/uploads\/sites\/3\/2024\/09\/Resolucao-005-CME-20011.pdf\">Resolu\u00e7\u00e3o n\u00ba 005\/CME\/2001<\/a><br>Revoga Resolu\u00e7\u00e3o n\u00ba 004\/CME\/98, e atualiza a implanta\u00e7\u00e3o da Educa\u00e7\u00e3o Infantil na Rede Municipal de Ensino.<\/p>\n\n\n\n<p><a href=\"https:\/\/www.manaus.am.gov.br\/semed\/wp-content\/uploads\/sites\/3\/2024\/09\/Resolucao-007-CME-20011.pdf\">Resolu\u00e7\u00e3o n\u00ba 007\/CME\/2001<\/a><br>Aprova o Projeto da I Confer\u00eancia Municipal de Educa\u00e7\u00e3o e d\u00e1 outras provid\u00eancias.<\/p>\n\n\n\n<p><a href=\"https:\/\/www.manaus.am.gov.br\/semed\/wp-content\/uploads\/sites\/3\/2024\/09\/RESOLUCAO_012_CME_20011.pdf\">RESOLUCAO_012_CME_2001<\/a><br>Autoriza o Funcionamento de Curso do Centro Educacional Drihelly Barbosa.<\/p>\n\n\n\n<p class=\"has-text-align-center\"><a href=\"https:\/\/www.manaus.am.gov.br\/semed\/cme\/atos-normativos\/resolucoes\/#topo\">Voltar ao topo<\/a><\/p>\n\n\n\n<h2 class=\"wp-block-heading\" id=\"2000\">2000<\/h2>\n\n\n\n<p><a href=\"https:\/\/www.manaus.am.gov.br\/semed\/wp-content\/uploads\/sites\/3\/2024\/09\/01_RESOLUCOES_2000_INDICE1.pdf\">RESOLUCOES_2000_INDICE<\/a><\/p>\n\n\n\n<p><a href=\"https:\/\/www.manaus.am.gov.br\/semed\/wp-content\/uploads\/sites\/3\/2024\/09\/RESOLUCAO_001_CME_2000-EXTRATO1.pdf\">RESOLUCAO_001_CME_2000 (EXTRATO)<\/a><br>Autoriza o Curso de Educa\u00e7\u00e3o Infantil, modalidade Entidade Equivalente, da Escola Comunit\u00e1ria Jos\u00e9 Patriolino Pontes.<\/p>\n\n\n\n<p><a href=\"https:\/\/www.manaus.am.gov.br\/semed\/wp-content\/uploads\/sites\/3\/2024\/09\/RESOLUCAO_003_CME_20001.pdf\">RESOLUCAO_003_CME_2000<\/a><br>Revoga o artigo 4\u00ba da Resolu\u00e7\u00e3o n. 002\/CME\/98, que trata da&nbsp;<strong>frequ\u00eancia m\u00ednima<\/strong>&nbsp;de 75% para alunos em Regime de Progress\u00e3o Parcial.<\/p>\n\n\n\n<p><a href=\"https:\/\/www.manaus.am.gov.br\/semed\/wp-content\/uploads\/sites\/3\/2024\/09\/Resolucao-011-CME-200011.pdf\">Resolu\u00e7\u00e3o n\u00ba 011\/CME\/2000<\/a><br>Regulamenta a matr\u00edcula de alunos de 5\u00aa a 8\u00aa s\u00e9ries do Ensino Fundamental que n\u00e3o obtiveram \u00eaxito entre 3 e 5 disciplina da s\u00e9rie, podendo curs\u00e1-las, sem obrigatoriedade da frequ\u00eancia, nas demais j\u00e1 aprovadas.<\/p>\n\n\n\n<p class=\"has-text-align-center\"><a href=\"https:\/\/www.manaus.am.gov.br\/semed\/cme\/atos-normativos\/resolucoes\/#topo\">Voltar ao topo<\/a><\/p>\n\n\n\n<h2 class=\"wp-block-heading\" id=\"1999\">1999<\/h2>\n\n\n\n<p><a href=\"https:\/\/www.manaus.am.gov.br\/semed\/wp-content\/uploads\/sites\/3\/2024\/09\/Resolucao-012-CME-19991.pdf\">Resolu\u00e7\u00e3o n\u00ba 012\/CME\/1999<\/a><\/p>\n\n\n\n<p>Disp\u00f5e sobre os crit\u00e9rios adotados para&nbsp;<strong>Indica\u00e7\u00e3o de Secret\u00e1rio<\/strong>&nbsp;de unidades Escolares e d\u00e1 outras provid\u00eancias.<\/p>\n\n\n\n<p><a href=\"https:\/\/www.manaus.am.gov.br\/semed\/wp-content\/uploads\/sites\/3\/2024\/09\/Resolucao-013-CME-199911.pdf\">Resolu\u00e7\u00e3o n\u00ba 013\/CME\/1999<\/a><\/p>\n\n\n\n<p>D\u00e1&nbsp;<strong>nova reda\u00e7\u00e3o<\/strong>&nbsp;ao&nbsp;<strong>Art. 3\u00ba da Resolu\u00e7\u00e3o n\u00ba 02\/CME\/99.<\/strong><\/p>\n\n\n\n<p><a href=\"https:\/\/www.manaus.am.gov.br\/semed\/wp-content\/uploads\/sites\/3\/2024\/09\/Resolucao-015-CME-199911.pdf\">Resolu\u00e7\u00e3o n\u00ba 015\/CME\/1999<\/a><\/p>\n\n\n\n<p>Aprova o&nbsp;<strong>Projeto Acelera\u00e7\u00e3o da Aprendizagem.<\/strong><\/p>\n\n\n\n<p><a href=\"https:\/\/www.manaus.am.gov.br\/semed\/wp-content\/uploads\/sites\/3\/2024\/09\/Resolucao-016-CME-199911.pdf\">Resolu\u00e7\u00e3o n\u00ba 016\/CME\/1999<\/a><\/p>\n\n\n\n<p>Aprova o&nbsp;<strong>Projeto Avalia\u00e7\u00e3o Educacional.<\/strong><\/p>\n\n\n\n<p><a href=\"https:\/\/www.manaus.am.gov.br\/semed\/wp-content\/uploads\/sites\/3\/2024\/09\/Resolucao-017-CME-199911.pdf\">Resolu\u00e7\u00e3o n\u00ba 017\/CME\/1999<\/a><\/p>\n\n\n\n<p>Regulamenta a&nbsp;<strong>prorroga\u00e7\u00e3o do mandato<\/strong>&nbsp;dos atuais&nbsp;<strong>Conselheiros<\/strong>&nbsp;do Conselho Municipal de Educa\u00e7\u00e3o.<\/p>\n\n\n\n<p class=\"has-text-align-center\"><a href=\"https:\/\/www.manaus.am.gov.br\/semed\/cme\/atos-normativos\/resolucoes\/#topo\">Voltar ao topo<\/a><\/p>\n\n\n\n<h2 class=\"wp-block-heading\" id=\"1998\">1998<\/h2>\n\n\n\n<p><a href=\"https:\/\/www.manaus.am.gov.br\/semed\/wp-content\/uploads\/sites\/3\/2024\/09\/Resolucao-001-CME-199831.pdf\">Resolu\u00e7\u00e3o n\u00ba 001\/CME\/1998 \u2013 08\/01\/98<\/a><\/p>\n\n\n\n<p>Disp\u00f5e sobre&nbsp;<strong>procedimentos e orienta\u00e7\u00f5es<\/strong>&nbsp;a serem observados pelas&nbsp;<strong>escolas da Rede Municipal de Ensino a partir de 1998.<\/strong><\/p>\n\n\n\n<p><a href=\"https:\/\/www.manaus.am.gov.br\/semed\/wp-content\/uploads\/sites\/3\/2024\/09\/Resolucao-002-CME-199821.pdf\">Resolu\u00e7\u00e3o n\u00ba 002\/CME\/1998 \u2013 15\/01\/98<\/a><\/p>\n\n\n\n<p>Regulamenta a matr\u00edcula com&nbsp;<strong>Progress\u00e3o Parcial<\/strong>&nbsp;a partir da 6\u00aa s\u00e9rie.<\/p>\n\n\n\n<p><a href=\"https:\/\/www.manaus.am.gov.br\/semed\/wp-content\/uploads\/sites\/3\/2024\/09\/Resolucao-003-CME-199811.pdf\">Resolu\u00e7\u00e3o n\u00ba 003\/CME\/1998 \u2013 21\/01\/98<\/a><\/p>\n\n\n\n<p>Regulamenta o&nbsp;<strong>Regimento de Progress\u00e3o Continuada<\/strong>&nbsp;e d\u00e1 outras providencias.<\/p>\n\n\n\n<p><a href=\"https:\/\/www.manaus.am.gov.br\/semed\/wp-content\/uploads\/sites\/3\/2024\/09\/Resolucao-004-CME-199811.pdf\">Resolu\u00e7\u00e3o n\u00ba 004\/CME\/1998 \u2013 05\/03\/98<\/a><\/p>\n\n\n\n<p>Regulamenta a&nbsp;<strong>implanta\u00e7\u00e3o da Educa\u00e7\u00e3o Infantil na Rede Municipal de Ensino<\/strong>&nbsp;e d\u00e1 outras provid\u00eancias.<\/p>\n\n\n\n<p><a href=\"https:\/\/www.manaus.am.gov.br\/semed\/wp-content\/uploads\/sites\/3\/2024\/09\/Resolucao-005-CME-199811.pdf\">Resolu\u00e7\u00e3o n\u00ba 005\/CME\/1998 \u2013 16\/04\/98<\/a><\/p>\n\n\n\n<p>Regulamenta a&nbsp;<strong>implanta\u00e7\u00e3o da Lei n\u00ba 9394\/96<\/strong>, no Sistema Municipal de Educa\u00e7\u00e3o a partir de 1998.<\/p>\n\n\n\n<p><a href=\"https:\/\/www.manaus.am.gov.br\/semed\/wp-content\/uploads\/sites\/3\/2024\/09\/Resolucao-006-CME-199811.pdf\">Resolu\u00e7\u00e3o n\u00ba 006\/CME\/1998 \u2013 23\/04\/98<\/a><\/p>\n\n\n\n<p>Fixa procedimentos para o&nbsp;<strong>cumprimento do disposto no Art. 6\u00ba da Resolu\u00e7\u00e3o n\u00ba 04\/CME\/98.<\/strong><\/p>\n\n\n\n<p><a href=\"https:\/\/www.manaus.am.gov.br\/semed\/wp-content\/uploads\/sites\/3\/2024\/09\/Resolucao-007-CME-199821.pdf\">Resolu\u00e7\u00e3o n\u00ba 007\/CME\/1998 \u2013 23\/04\/98<\/a><\/p>\n\n\n\n<p>Regulamenta a pr\u00e1tica da&nbsp;<strong>Educa\u00e7\u00e3o F\u00edsica&nbsp;<\/strong>e d\u00e1 outras provid\u00eancias.<\/p>\n\n\n\n<p><a href=\"https:\/\/www.manaus.am.gov.br\/semed\/wp-content\/uploads\/sites\/3\/2024\/09\/Resolucao-008-CME-199811.pdf\">Resolu\u00e7\u00e3o n\u00ba 008\/CME\/1998 \u2013 02\/07\/98<\/a><\/p>\n\n\n\n<p>Regulamenta, em car\u00e1ter experimental, a&nbsp;<strong>Avalia\u00e7\u00e3o do Rendimento do Projeto Avalia\u00e7\u00e3o e Promo\u00e7\u00e3o Continuada \u2013 APC<\/strong>.<\/p>\n\n\n\n<p><a href=\"https:\/\/www.manaus.am.gov.br\/semed\/wp-content\/uploads\/sites\/3\/2024\/09\/Resolucao-009-CME-19981.pdf\">Resolu\u00e7\u00e3o n\u00ba 009\/CME\/1998 \u2013 06\/08\/98<\/a><\/p>\n\n\n\n<p>Aprova o&nbsp;<strong>Regimento Geral<\/strong>&nbsp;das Escolas da Rede Municipal.<\/p>\n\n\n\n<p><a href=\"https:\/\/www.manaus.am.gov.br\/semed\/wp-content\/uploads\/sites\/3\/2024\/09\/Resolucao-010-CME-19981.pdf\">Resolu\u00e7\u00e3o n\u00ba 010\/CME\/1998 \u2013 10\/09\/98<\/a><\/p>\n\n\n\n<p>Estabelece crit\u00e9rios de transi\u00e7\u00e3o para implanta\u00e7\u00e3o da disciplina&nbsp;<strong>Ensino Religioso<\/strong>.<\/p>\n\n\n\n<p><a href=\"https:\/\/www.manaus.am.gov.br\/semed\/wp-content\/uploads\/sites\/3\/2024\/09\/Resolucao-011-CME-19981.pdf\">Resolu\u00e7\u00e3o n\u00ba 011\/CME\/1998 \u2013 08\/10\/98<\/a><\/p>\n\n\n\n<p>Estabelece normas para&nbsp;<strong>regulariza\u00e7\u00e3o de Cursos<\/strong>, e Estabelecimento de&nbsp;<strong>Ensino de Educa\u00e7\u00e3o B\u00e1sica<\/strong>&nbsp;nas modalidades, Educa\u00e7\u00e3o Infantil, Ensino Fundamental e d\u00e1 outras provid\u00eancias.<\/p>\n","protected":false},"excerpt":{"rendered":"","protected":false},"author":75,"featured_media":0,"parent":6277,"menu_order":0,"comment_status":"closed","ping_status":"closed","template":"","meta":{"footnotes":""},"acf":[],"yoast_head":"<!-- This site is optimized with the Yoast SEO plugin v23.0 - https:\/\/yoast.com\/wordpress\/plugins\/seo\/ -->\n<title>Resolu\u00e7\u00f5es - SEMED<\/title>\n<meta name=\"robots\" content=\"index, follow, max-snippet:-1, max-image-preview:large, max-video-preview:-1\" \/>\n<link rel=\"canonical\" href=\"https:\/\/www.manaus.am.gov.br\/semed\/cme\/atos-normativos\/resolucoes\/\" \/>\n<meta property=\"og:locale\" content=\"pt_BR\" \/>\n<meta property=\"og:type\" content=\"article\" \/>\n<meta property=\"og:title\" content=\"Resolu\u00e7\u00f5es - SEMED\" \/>\n<meta property=\"og:url\" content=\"https:\/\/www.manaus.am.gov.br\/semed\/cme\/atos-normativos\/resolucoes\/\" \/>\n<meta property=\"og:site_name\" content=\"SEMED\" \/>\n<meta property=\"article:modified_time\" content=\"2026-04-27T17:59:37+00:00\" \/>\n<meta property=\"og:image\" content=\"https:\/\/www.manaus.am.gov.br\/semed\/wp-content\/uploads\/sites\/3\/2024\/07\/thumb-default-2.png\" \/>\n\t<meta property=\"og:image:width\" content=\"966\" \/>\n\t<meta property=\"og:image:height\" content=\"520\" \/>\n\t<meta property=\"og:image:type\" content=\"image\/png\" \/>\n<meta name=\"twitter:card\" content=\"summary_large_image\" \/>\n<meta name=\"twitter:label1\" content=\"Est. reading time\" \/>\n\t<meta name=\"twitter:data1\" content=\"116 minutos\" \/>\n<script type=\"application\/ld+json\" class=\"yoast-schema-graph\">{\"@context\":\"https:\/\/schema.org\",\"@graph\":[{\"@type\":\"Article\",\"@id\":\"https:\/\/www.manaus.am.gov.br\/semed\/cme\/atos-normativos\/resolucoes\/#article\",\"isPartOf\":{\"@id\":\"https:\/\/www.manaus.am.gov.br\/semed\/cme\/atos-normativos\/resolucoes\/\"},\"author\":{\"name\":\"eoliveira\",\"@id\":\"https:\/\/www.manaus.am.gov.br\/semed\/#\/schema\/person\/6d56cba7950165747f4058d2f39b5558\"},\"headline\":\"Resolu\u00e7\u00f5es\",\"datePublished\":\"2024-09-16T16:27:02+00:00\",\"dateModified\":\"2026-04-27T17:59:37+00:00\",\"mainEntityOfPage\":{\"@id\":\"https:\/\/www.manaus.am.gov.br\/semed\/cme\/atos-normativos\/resolucoes\/\"},\"wordCount\":23118,\"publisher\":{\"@id\":\"https:\/\/www.manaus.am.gov.br\/semed\/#organization\"},\"inLanguage\":\"pt-BR\"},{\"@type\":\"WebPage\",\"@id\":\"https:\/\/www.manaus.am.gov.br\/semed\/cme\/atos-normativos\/resolucoes\/\",\"url\":\"https:\/\/www.manaus.am.gov.br\/semed\/cme\/atos-normativos\/resolucoes\/\",\"name\":\"Resolu\u00e7\u00f5es - SEMED\",\"isPartOf\":{\"@id\":\"https:\/\/www.manaus.am.gov.br\/semed\/#website\"},\"datePublished\":\"2024-09-16T16:27:02+00:00\",\"dateModified\":\"2026-04-27T17:59:37+00:00\",\"breadcrumb\":{\"@id\":\"https:\/\/www.manaus.am.gov.br\/semed\/cme\/atos-normativos\/resolucoes\/#breadcrumb\"},\"inLanguage\":\"pt-BR\",\"potentialAction\":[{\"@type\":\"ReadAction\",\"target\":[\"https:\/\/www.manaus.am.gov.br\/semed\/cme\/atos-normativos\/resolucoes\/\"]}]},{\"@type\":\"BreadcrumbList\",\"@id\":\"https:\/\/www.manaus.am.gov.br\/semed\/cme\/atos-normativos\/resolucoes\/#breadcrumb\",\"itemListElement\":[{\"@type\":\"ListItem\",\"position\":1,\"name\":\"Conselho Municipal de Educa\u00e7\u00e3o\",\"item\":\"https:\/\/www.manaus.am.gov.br\/semed\/cme\/\"},{\"@type\":\"ListItem\",\"position\":2,\"name\":\"Atos Normativos\",\"item\":\"https:\/\/www.manaus.am.gov.br\/semed\/cme\/atos-normativos\/\"},{\"@type\":\"ListItem\",\"position\":3,\"name\":\"Resolu\u00e7\u00f5es\"}]},{\"@type\":\"WebSite\",\"@id\":\"https:\/\/www.manaus.am.gov.br\/semed\/#website\",\"url\":\"https:\/\/www.manaus.am.gov.br\/semed\/\",\"name\":\"Secretaria Municipal de Educa\u00e7\u00e3o\",\"description\":\"Secretaria Municipal de Educa\u00e7\u00e3o\",\"publisher\":{\"@id\":\"https:\/\/www.manaus.am.gov.br\/semed\/#organization\"},\"alternateName\":\"SEMED\",\"potentialAction\":[{\"@type\":\"SearchAction\",\"target\":{\"@type\":\"EntryPoint\",\"urlTemplate\":\"https:\/\/www.manaus.am.gov.br\/semed\/?s={search_term_string}\"},\"query-input\":\"required name=search_term_string\"}],\"inLanguage\":\"pt-BR\"},{\"@type\":\"Organization\",\"@id\":\"https:\/\/www.manaus.am.gov.br\/semed\/#organization\",\"name\":\"Secretaria de Educa\u00e7\u00e3o\",\"alternateName\":\"SEMED\",\"url\":\"https:\/\/www.manaus.am.gov.br\/semed\/\",\"logo\":{\"@type\":\"ImageObject\",\"inLanguage\":\"pt-BR\",\"@id\":\"https:\/\/www.manaus.am.gov.br\/semed\/#\/schema\/logo\/image\/\",\"url\":\"https:\/\/www.manaus.am.gov.br\/semed\/wp-content\/uploads\/sites\/3\/2022\/11\/favicon.png\",\"contentUrl\":\"https:\/\/www.manaus.am.gov.br\/semed\/wp-content\/uploads\/sites\/3\/2022\/11\/favicon.png\",\"width\":300,\"height\":300,\"caption\":\"Secretaria de Educa\u00e7\u00e3o\"},\"image\":{\"@id\":\"https:\/\/www.manaus.am.gov.br\/semed\/#\/schema\/logo\/image\/\"}},{\"@type\":\"Person\",\"@id\":\"https:\/\/www.manaus.am.gov.br\/semed\/#\/schema\/person\/6d56cba7950165747f4058d2f39b5558\",\"name\":\"eoliveira\",\"image\":{\"@type\":\"ImageObject\",\"inLanguage\":\"pt-BR\",\"@id\":\"https:\/\/www.manaus.am.gov.br\/semed\/#\/schema\/person\/image\/\",\"url\":\"https:\/\/secure.gravatar.com\/avatar\/b241c44d7872c13d2cffe99097b30c91?s=96&d=mm&r=g\",\"contentUrl\":\"https:\/\/secure.gravatar.com\/avatar\/b241c44d7872c13d2cffe99097b30c91?s=96&d=mm&r=g\",\"caption\":\"eoliveira\"}}]}<\/script>\n<!-- \/ Yoast SEO plugin. -->","yoast_head_json":{"title":"Resolu\u00e7\u00f5es - SEMED","robots":{"index":"index","follow":"follow","max-snippet":"max-snippet:-1","max-image-preview":"max-image-preview:large","max-video-preview":"max-video-preview:-1"},"canonical":"https:\/\/www.manaus.am.gov.br\/semed\/cme\/atos-normativos\/resolucoes\/","og_locale":"pt_BR","og_type":"article","og_title":"Resolu\u00e7\u00f5es - SEMED","og_url":"https:\/\/www.manaus.am.gov.br\/semed\/cme\/atos-normativos\/resolucoes\/","og_site_name":"SEMED","article_modified_time":"2026-04-27T17:59:37+00:00","og_image":[{"width":966,"height":520,"url":"https:\/\/www.manaus.am.gov.br\/semed\/wp-content\/uploads\/sites\/3\/2024\/07\/thumb-default-2.png","type":"image\/png"}],"twitter_card":"summary_large_image","twitter_misc":{"Est. reading time":"116 minutos"},"schema":{"@context":"https:\/\/schema.org","@graph":[{"@type":"Article","@id":"https:\/\/www.manaus.am.gov.br\/semed\/cme\/atos-normativos\/resolucoes\/#article","isPartOf":{"@id":"https:\/\/www.manaus.am.gov.br\/semed\/cme\/atos-normativos\/resolucoes\/"},"author":{"name":"eoliveira","@id":"https:\/\/www.manaus.am.gov.br\/semed\/#\/schema\/person\/6d56cba7950165747f4058d2f39b5558"},"headline":"Resolu\u00e7\u00f5es","datePublished":"2024-09-16T16:27:02+00:00","dateModified":"2026-04-27T17:59:37+00:00","mainEntityOfPage":{"@id":"https:\/\/www.manaus.am.gov.br\/semed\/cme\/atos-normativos\/resolucoes\/"},"wordCount":23118,"publisher":{"@id":"https:\/\/www.manaus.am.gov.br\/semed\/#organization"},"inLanguage":"pt-BR"},{"@type":"WebPage","@id":"https:\/\/www.manaus.am.gov.br\/semed\/cme\/atos-normativos\/resolucoes\/","url":"https:\/\/www.manaus.am.gov.br\/semed\/cme\/atos-normativos\/resolucoes\/","name":"Resolu\u00e7\u00f5es - SEMED","isPartOf":{"@id":"https:\/\/www.manaus.am.gov.br\/semed\/#website"},"datePublished":"2024-09-16T16:27:02+00:00","dateModified":"2026-04-27T17:59:37+00:00","breadcrumb":{"@id":"https:\/\/www.manaus.am.gov.br\/semed\/cme\/atos-normativos\/resolucoes\/#breadcrumb"},"inLanguage":"pt-BR","potentialAction":[{"@type":"ReadAction","target":["https:\/\/www.manaus.am.gov.br\/semed\/cme\/atos-normativos\/resolucoes\/"]}]},{"@type":"BreadcrumbList","@id":"https:\/\/www.manaus.am.gov.br\/semed\/cme\/atos-normativos\/resolucoes\/#breadcrumb","itemListElement":[{"@type":"ListItem","position":1,"name":"Conselho Municipal de Educa\u00e7\u00e3o","item":"https:\/\/www.manaus.am.gov.br\/semed\/cme\/"},{"@type":"ListItem","position":2,"name":"Atos Normativos","item":"https:\/\/www.manaus.am.gov.br\/semed\/cme\/atos-normativos\/"},{"@type":"ListItem","position":3,"name":"Resolu\u00e7\u00f5es"}]},{"@type":"WebSite","@id":"https:\/\/www.manaus.am.gov.br\/semed\/#website","url":"https:\/\/www.manaus.am.gov.br\/semed\/","name":"Secretaria Municipal de Educa\u00e7\u00e3o","description":"Secretaria Municipal de Educa\u00e7\u00e3o","publisher":{"@id":"https:\/\/www.manaus.am.gov.br\/semed\/#organization"},"alternateName":"SEMED","potentialAction":[{"@type":"SearchAction","target":{"@type":"EntryPoint","urlTemplate":"https:\/\/www.manaus.am.gov.br\/semed\/?s={search_term_string}"},"query-input":"required name=search_term_string"}],"inLanguage":"pt-BR"},{"@type":"Organization","@id":"https:\/\/www.manaus.am.gov.br\/semed\/#organization","name":"Secretaria de Educa\u00e7\u00e3o","alternateName":"SEMED","url":"https:\/\/www.manaus.am.gov.br\/semed\/","logo":{"@type":"ImageObject","inLanguage":"pt-BR","@id":"https:\/\/www.manaus.am.gov.br\/semed\/#\/schema\/logo\/image\/","url":"https:\/\/www.manaus.am.gov.br\/semed\/wp-content\/uploads\/sites\/3\/2022\/11\/favicon.png","contentUrl":"https:\/\/www.manaus.am.gov.br\/semed\/wp-content\/uploads\/sites\/3\/2022\/11\/favicon.png","width":300,"height":300,"caption":"Secretaria de Educa\u00e7\u00e3o"},"image":{"@id":"https:\/\/www.manaus.am.gov.br\/semed\/#\/schema\/logo\/image\/"}},{"@type":"Person","@id":"https:\/\/www.manaus.am.gov.br\/semed\/#\/schema\/person\/6d56cba7950165747f4058d2f39b5558","name":"eoliveira","image":{"@type":"ImageObject","inLanguage":"pt-BR","@id":"https:\/\/www.manaus.am.gov.br\/semed\/#\/schema\/person\/image\/","url":"https:\/\/secure.gravatar.com\/avatar\/b241c44d7872c13d2cffe99097b30c91?s=96&d=mm&r=g","contentUrl":"https:\/\/secure.gravatar.com\/avatar\/b241c44d7872c13d2cffe99097b30c91?s=96&d=mm&r=g","caption":"eoliveira"}}]}},"_links":{"self":[{"href":"https:\/\/www.manaus.am.gov.br\/semed\/wp-json\/wp\/v2\/pages\/6453"}],"collection":[{"href":"https:\/\/www.manaus.am.gov.br\/semed\/wp-json\/wp\/v2\/pages"}],"about":[{"href":"https:\/\/www.manaus.am.gov.br\/semed\/wp-json\/wp\/v2\/types\/page"}],"author":[{"embeddable":true,"href":"https:\/\/www.manaus.am.gov.br\/semed\/wp-json\/wp\/v2\/users\/75"}],"replies":[{"embeddable":true,"href":"https:\/\/www.manaus.am.gov.br\/semed\/wp-json\/wp\/v2\/comments?post=6453"}],"version-history":[{"count":40,"href":"https:\/\/www.manaus.am.gov.br\/semed\/wp-json\/wp\/v2\/pages\/6453\/revisions"}],"predecessor-version":[{"id":11541,"href":"https:\/\/www.manaus.am.gov.br\/semed\/wp-json\/wp\/v2\/pages\/6453\/revisions\/11541"}],"up":[{"embeddable":true,"href":"https:\/\/www.manaus.am.gov.br\/semed\/wp-json\/wp\/v2\/pages\/6277"}],"wp:attachment":[{"href":"https:\/\/www.manaus.am.gov.br\/semed\/wp-json\/wp\/v2\/media?parent=6453"}],"curies":[{"name":"wp","href":"https:\/\/api.w.org\/{rel}","templated":true}]}}