{"id":6356,"date":"2024-09-12T10:14:00","date_gmt":"2024-09-12T14:14:00","guid":{"rendered":"https:\/\/www.manaus.am.gov.br\/semed\/?page_id=6356"},"modified":"2024-10-03T15:46:58","modified_gmt":"2024-10-03T19:46:58","slug":"pareceres","status":"publish","type":"page","link":"https:\/\/www.manaus.am.gov.br\/semed\/cme\/atos-normativos\/pareceres\/","title":{"rendered":"Pareceres"},"content":{"rendered":"\n<p><a href=\"#2019\">2019<\/a><\/p>\n\n\n\n<p><a href=\"#2018\">2018<\/a><\/p>\n\n\n\n<p><a href=\"#2017\">2017<\/a><\/p>\n\n\n\n<p><a href=\"#2016\">2016<\/a><\/p>\n\n\n\n<p><a href=\"#2015\">2015<\/a><\/p>\n\n\n\n<p><a href=\"#2014\">2014<\/a><\/p>\n\n\n\n<p><a href=\"#2013\">2013<\/a><\/p>\n\n\n\n<p><a href=\"#2012\">2012<\/a><\/p>\n\n\n\n<p><a href=\"#2011\">2011<\/a><\/p>\n\n\n\n<p><a href=\"#2010\">2010<\/a><\/p>\n\n\n\n<p><a href=\"#2009\">2009<\/a><\/p>\n\n\n\n<p><a href=\"#2008\">2008<\/a><\/p>\n\n\n\n<p><a href=\"#2007\">2007<\/a><\/p>\n\n\n\n<p><a href=\"#2006\">2006<\/a><\/p>\n\n\n\n<p><a href=\"#2005\">2005<\/a><\/p>\n\n\n\n<p><a href=\"#2004\">2004<\/a><\/p>\n\n\n\n<p><a href=\"#2003\">2003<\/a><\/p>\n\n\n\n<p><a href=\"#2002\">2002<\/a><\/p>\n\n\n\n<p><a href=\"#2001\">2001<\/a><\/p>\n\n\n\n<p><a href=\"#2000\">2000<\/a><\/p>\n\n\n\n<p><a href=\"#1999\">1999<\/a><\/p>\n\n\n\n<p><a href=\"#1998\">1998<\/a><\/p>\n\n\n\n<h2 class=\"wp-block-heading\" id=\"2019\">2019<\/h2>\n\n\n\n<p><a href=\"https:\/\/www.manaus.am.gov.br\/semed\/wp-content\/uploads\/sites\/3\/2024\/09\/Pareceres-2019-Indice1.pdf\">Pareceres \u2013 2019 \u2013 Indice<\/a><\/p>\n\n\n\n<p><a href=\"https:\/\/cme.manaus.am.gov.br\/wp-content\/uploads\/2020\/02\/Parecer-001-CME-2019.pdf\">Parecer 001-CME-2019<\/a><br>Credenciamento e Autoriza\u00e7\u00e3o de Funcionamento da CRECHE E PR\u00c9-ESCOLA PONTA NEGRA<br>CONSELHEIRA RELATORA:&nbsp; Ana C\u00e1ssia Alves Cavalcante<\/p>\n\n\n\n<p class=\"has-text-align-center\"><a href=\"https:\/\/www.manaus.am.gov.br\/semed\/cme\/atos-normativos\/pareceres\/#topo\">Voltar ao topo<\/a><\/p>\n\n\n\n<h2 class=\"wp-block-heading\" id=\"2018\">2018<\/h2>\n\n\n\n<p><a href=\"https:\/\/www.manaus.am.gov.br\/semed\/wp-content\/uploads\/sites\/3\/2024\/09\/PARECER-n.-019-CME-20181.pdf\">Parecer n\u00ba 019\/CME\/2018 \u2013 24\/05\/18<\/a><br>An\u00e1lise e Aprova\u00e7\u00e3o da Proposta Pedag\u00f3gica do Programa Municipal de Escolariza\u00e7\u00e3o do Adulto e da Pessoa Idosa \u2013 PROMEAPI<\/p>\n\n\n\n<p><a href=\"https:\/\/www.manaus.am.gov.br\/semed\/wp-content\/uploads\/sites\/3\/2024\/09\/PARECER-n.-034-CME-20181.pdf\">Parecer n\u00ba 034\/CME\/2018 \u2013 13\/09\/18<\/a><br>Diretrizes Pedag\u00f3gicas da Educa\u00e7\u00e3o Escolar Ind\u00edgena do Munic\u00edpio de Manaus.<\/p>\n\n\n\n<p><a href=\"https:\/\/www.manaus.am.gov.br\/semed\/wp-content\/uploads\/sites\/3\/2024\/09\/PARECER-n.-040-CME-20181.pdf\">Parecer n\u00ba 040\/CME\/2018 \u2013 11\/10\/18<\/a><br>Altera\u00e7\u00e3o da Resolu\u00e7\u00e3o N. 009\/CME\/2015 que altera os crit\u00e9rios e normas para organiza\u00e7\u00e3o, credenciamento de institui\u00e7\u00f5es educacionais p\u00fablicas e privadas, autoriza\u00e7\u00e3o de funcionamento e renova\u00e7\u00e3o de autoriza\u00e7\u00e3o da educa\u00e7\u00e3o infantil e suas fases no Sistema Municipal de Ensino de Manaus.<\/p>\n\n\n\n<p><a href=\"https:\/\/www.manaus.am.gov.br\/semed\/wp-content\/uploads\/sites\/3\/2024\/09\/PARECER-n.-051-CME-20181.pdf\">Parecer n\u00ba 051\/CME\/2018 \u2013 29\/11\/18<\/a><br>Aprova\u00e7\u00e3o de Resolu\u00e7\u00e3o que estabelece a\u00e7\u00f5es pedag\u00f3gicas para as atividades extraclasses e o estudo monitorado.<\/p>\n\n\n\n<p><a href=\"https:\/\/www.manaus.am.gov.br\/semed\/wp-content\/uploads\/sites\/3\/2024\/09\/PARECER-n.-068-CME-20181.pdf\">Parecer n\u00ba 068\/CME\/2018 \u2013 20\/12\/18<\/a><br>Proposta Pedag\u00f3gica da Educa\u00e7\u00e3o de Jovens e Adultos \u2013 EJA \u2013 Semipresencial \u2013 2\u00ba Segmento (6\u00ba ao 9\u00ba ano) do Ensino Fundamental.<\/p>\n\n\n\n<p class=\"has-text-align-center\"><a href=\"https:\/\/www.manaus.am.gov.br\/semed\/cme\/atos-normativos\/pareceres\/#topo\">Voltar ao topo<\/a><\/p>\n\n\n\n<h2 class=\"wp-block-heading\" id=\"2017\">2017<\/h2>\n\n\n\n<p><strong><a href=\"https:\/\/www.manaus.am.gov.br\/semed\/wp-content\/uploads\/sites\/3\/2024\/09\/Parecer-n.001-CME-20171.pdf\">Parecer n\u00ba 001\/CME\/2017 \u2013 09\/03\/17<\/a><\/strong><br>Solicita\u00e7\u00e3o de informa\u00e7\u00f5es sobre a\u00e7\u00f5es relativas \u00e0s Diretrizes Nacionais para a Educa\u00e7\u00e3o em Direitos Humanos<\/p>\n\n\n\n<p><strong><a href=\"https:\/\/www.manaus.am.gov.br\/semed\/wp-content\/uploads\/sites\/3\/2024\/09\/Parecer-n.-028-CME-20171.pdf\">Parecer n\u00ba 028\/CME\/2017 \u2013 22\/06\/17<\/a><\/strong><br>Diretriz Pedag\u00f3gica para Educa\u00e7\u00e3o do Campo da Rede Municipal de Ensino de Manaus<\/p>\n\n\n\n<p><strong><a href=\"https:\/\/www.manaus.am.gov.br\/semed\/wp-content\/uploads\/sites\/3\/2024\/09\/Parecer-n.-040-CME-20171.pdf\">Parecer n\u00ba 040\/CME\/2017 \u2013 26\/10\/17<\/a><\/strong><br>Altera\u00e7\u00e3o da Resolu\u00e7\u00e3o n\u00ba 005\/CME\/2011<\/p>\n\n\n\n<p><strong><a href=\"https:\/\/www.manaus.am.gov.br\/semed\/wp-content\/uploads\/sites\/3\/2024\/09\/Parecer-n.-054-CME-20171.pdf\">Parecer n\u00ba 054\/CME\/2017 \u2013 18\/12\/17<\/a><\/strong><br>Aprova\u00e7\u00e3o da Proposta de Educa\u00e7\u00e3o Integral<\/p>\n\n\n\n<p class=\"has-text-align-center\"><a href=\"https:\/\/www.manaus.am.gov.br\/semed\/cme\/atos-normativos\/pareceres\/#topo\">Voltar ao topo<\/a><\/p>\n\n\n\n<h2 class=\"wp-block-heading\" id=\"2016\">2016<\/h2>\n\n\n\n<p><a href=\"https:\/\/www.manaus.am.gov.br\/semed\/wp-content\/uploads\/sites\/3\/2024\/09\/Parecer-n.002-CME-20161.pdf\">Parecer n\u00ba 002\/CME\/2016 \u2013 18\/02\/16<\/a><br>Proposta Pedag\u00f3gica Curricular de Educa\u00e7\u00e3o Infantil do Munic\u00edpio de Manaus.<\/p>\n\n\n\n<p><a href=\"https:\/\/www.manaus.am.gov.br\/semed\/wp-content\/uploads\/sites\/3\/2024\/09\/Parecer-n.009-CME-20161.pdf\">Parecer n\u00ba 009\/CME\/2016 \u2013 05\/05\/16<\/a><br>Minuta de Altera\u00e7\u00e3o da Resolu\u00e7\u00e3o n\u00ba 006\/CME\/2010 que estabelece normas, diretrizes e princ\u00edpios aplic\u00e1veis a Educa\u00e7\u00e3o B\u00e1sica no Sistema Municipal de Ensino de Manaus, a partir do regime institu\u00eddo pela Lei n\u00ba 9.394\/96.<\/p>\n\n\n\n<p><a href=\"https:\/\/www.manaus.am.gov.br\/semed\/wp-content\/uploads\/sites\/3\/2024\/09\/Parecer-n.016-CME-20161.pdf\">Parecer n\u00ba 016\/CME\/2016 \u2013 02\/06\/16<\/a><br>Minuta de Altera\u00e7\u00e3o da Resolu\u00e7\u00e3o n\u00ba 010\/CME\/2011 que institui os procedimentos e orienta\u00e7\u00f5es para Educa\u00e7\u00e3o Especial na perspectiva da Educa\u00e7\u00e3o Inclusiva no Sistema Municipal de Ensino de Manaus.<\/p>\n\n\n\n<p><a href=\"https:\/\/www.manaus.am.gov.br\/semed\/wp-content\/uploads\/sites\/3\/2024\/09\/Parecer-n.025-CME-20161.pdf\">Parecer n\u00ba 025\/CME\/2016 \u2013 25\/08\/16<\/a><br>Proposta Pedag\u00f3gica \u2013 Educa\u00e7\u00e3o em Tempo Integral.<\/p>\n\n\n\n<p><a href=\"https:\/\/www.manaus.am.gov.br\/semed\/wp-content\/uploads\/sites\/3\/2024\/09\/Parecer-n.033-CME-20161.pdf\">Parecer n\u00ba 033\/CME\/2016 \u2013 13\/10\/16<\/a><br>Proposta Pedag\u00f3gica da Educa\u00e7\u00e3o de Jovens e Adultos \u2013 Primeiro Segmento<\/p>\n\n\n\n<p><a href=\"https:\/\/www.manaus.am.gov.br\/semed\/wp-content\/uploads\/sites\/3\/2024\/09\/Parecer-n.034-CME-20161.pdf\">Parecer n\u00ba 034\/CME\/2016 \u2013 13\/10\/16<\/a><br>Proposta Pedag\u00f3gica da Educa\u00e7\u00e3o de Jovens e Adultos \u2013 Segundo Segmento.<\/p>\n\n\n\n<p><a href=\"https:\/\/www.manaus.am.gov.br\/semed\/wp-content\/uploads\/sites\/3\/2024\/09\/Parecer-n.039-CME-20161.pdf\">Parecer n\u00ba 039\/CME\/2016 \u2013 27\/10\/16<\/a><br>Disp\u00f5e sobre as \u201cOrienta\u00e7\u00f5es Pedag\u00f3gicas\/2015 \u2013 Instituto Ayrton Senna \u2013 Programas de Corre\u00e7\u00e3o de Fluxo: Se Liga e Acelera Brasil\u201d, em substitui\u00e7\u00e3o aos Programas de Corre\u00e7\u00e3o de Fluxo e Atualiza\u00e7\u00e3o da Regulamenta\u00e7\u00e3o.<\/p>\n\n\n\n<p class=\"has-text-align-center\"><a href=\"https:\/\/www.manaus.am.gov.br\/semed\/cme\/atos-normativos\/pareceres\/#topo\">Voltar ao topo<\/a><\/p>\n\n\n\n<h2 class=\"wp-block-heading\" id=\"2015\">2015<\/h2>\n\n\n\n<p><strong><a href=\"https:\/\/www.manaus.am.gov.br\/semed\/wp-content\/uploads\/sites\/3\/2024\/09\/Parecer-n.005.CME_.2015-Orientacoes-Pedagogicas-Educacao-Infantil1.pdf\">Parecer n\u00ba 005\/CME\/2015 \u2013 28\/05\/15<\/a><\/strong><\/p>\n\n\n\n<p>Orienta\u00e7\u00f5es Pedag\u00f3gicas<\/p>\n\n\n\n<p><strong><a href=\"https:\/\/www.manaus.am.gov.br\/semed\/wp-content\/uploads\/sites\/3\/2024\/09\/Parecer-n.010.CME_.2015-Ensino-de-Musica-no-Sistema-Municipal1.pdf\">Parecer n\u00ba 010\/CME\/2015 \u2013 18\/06\/15<\/a><\/strong><\/p>\n\n\n\n<p>Elabora\u00e7\u00e3o de Resolu\u00e7\u00e3o sobre a obrigatoriedade do Ensino de M\u00fasica no Sistema Municipal de Educa\u00e7\u00e3o de Manaus.<\/p>\n\n\n\n<p><strong><a href=\"https:\/\/www.manaus.am.gov.br\/semed\/wp-content\/uploads\/sites\/3\/2024\/09\/Parecer-n.021.CME_.2015-Altera-os-criterios-de-credenciamento-e-autorizacao-de-funcionamento-da-Educacao-Infantil1.pdf\">Parecer n\u00ba 021\/CME\/2015 \u2013 18\/06\/15<\/a><\/strong><\/p>\n\n\n\n<p>Altera os crit\u00e9rios e normas para Organiza\u00e7\u00e3o, Credenciamento de Institui\u00e7\u00f5es Educacionais P\u00fablicas e Privadas, Autoriza\u00e7\u00e3o de Funcionamento e Renova\u00e7\u00e3o de Autoriza\u00e7\u00e3o da Educa\u00e7\u00e3o Infantil e suas fases do Sistema Municipal de Ensino<\/p>\n\n\n\n<p><strong><a href=\"https:\/\/www.manaus.am.gov.br\/semed\/wp-content\/uploads\/sites\/3\/2024\/09\/Parecer-n.022.CME_.2015-Orientacoes-Curriculares-para-a-Educacao-Infantil1.pdf\">Parecer n\u00ba 022\/CME\/2015 \u2013 27\/07\/15<\/a><\/strong><\/p>\n\n\n\n<p>Minuta de Resolu\u00e7\u00e3o para defini\u00e7\u00e3o das Diretrizes Curriculares e Estabelecimento de Normas para a Oferta e Funcionamento da Educa\u00e7\u00e3o Infantil na Rede P\u00fablica Municipal de Ensino de Manaus.<\/p>\n\n\n\n<p class=\"has-text-align-center\"><a href=\"https:\/\/www.manaus.am.gov.br\/semed\/cme\/atos-normativos\/pareceres\/#topo\">Voltar ao topo<\/a><\/p>\n\n\n\n<h2 class=\"wp-block-heading\" id=\"2014\">2014<\/h2>\n\n\n\n<p><strong><a href=\"https:\/\/www.manaus.am.gov.br\/semed\/wp-content\/uploads\/sites\/3\/2024\/09\/Parecer-n.-001-CME-20141.pdf\">Parecer n\u00ba 001\/CME\/2014 \u2013 06\/02\/14<\/a><\/strong><\/p>\n\n\n\n<p>An\u00e1lise da Proposta Pedag\u00f3gico-Curricular da Educa\u00e7\u00e3o Infantil.<\/p>\n\n\n\n<p><strong><a href=\"https:\/\/www.manaus.am.gov.br\/semed\/wp-content\/uploads\/sites\/3\/2024\/09\/Parecer-n.-005-CME-20141.pdf\">Parecer n\u00ba 005\/CME\/2014 \u2013 13\/03\/14<\/a><\/strong><\/p>\n\n\n\n<p>Proposta de altera\u00e7\u00e3o da Resolu\u00e7\u00e3o n. 024\/CME\/2013 do Projeto Educa\u00e7\u00e3o Itinerante.<\/p>\n\n\n\n<p><strong><a href=\"https:\/\/www.manaus.am.gov.br\/semed\/wp-content\/uploads\/sites\/3\/2024\/09\/Parecer-n.-006-CME-20141.pdf\">Parecer n\u00ba 006\/CME\/2014 \u2013 13\/03\/14<\/a><\/strong><\/p>\n\n\n\n<p>An\u00e1lise da minuta de altera\u00e7\u00e3o da Resolu\u00e7\u00e3o n\u00ba 006\/CME\/2011.<\/p>\n\n\n\n<p><strong><a href=\"https:\/\/www.manaus.am.gov.br\/semed\/wp-content\/uploads\/sites\/3\/2024\/09\/Parecer-n.-007-CME-20141.pdf\">Parecer n\u00ba 007\/CME\/2014 \u2013 13\/03\/14<\/a><\/strong><\/p>\n\n\n\n<p>Altera\u00e7\u00e3o da Resolu\u00e7\u00e3o n. 033\/CME\/2013.<\/p>\n\n\n\n<p><strong><a href=\"https:\/\/www.manaus.am.gov.br\/semed\/wp-content\/uploads\/sites\/3\/2024\/09\/Parecer-n.-011-CME-20141.pdf\">Parecer n\u00ba 011\/CME\/2014 \u2013 10\/04\/14<\/a><\/strong><\/p>\n\n\n\n<p>Resolu\u00e7\u00e3o que altera a Resolu\u00e7\u00e3o n. 018\/CME\/2012, que aprovou a Proposta Pedag\u00f3gica do Programa Acelera\u00e7\u00e3o da Aprendizagem: Voando para o Sucesso da SEMED\/MANAUS e ampliou o atendimento aos estudantes na faixa de 10 a 14 anos.<\/p>\n\n\n\n<p><strong><a href=\"https:\/\/www.manaus.am.gov.br\/semed\/wp-content\/uploads\/sites\/3\/2024\/09\/Parecer-n.-047-CME-20141.pdf\">Parecer n\u00ba 047\/CME\/2014 \u2013 15\/12\/14<\/a><\/strong><\/p>\n\n\n\n<p>Nova Proposta Pedag\u00f3gica da Educa\u00e7\u00e3o de Jovens e Adultos \u2013 2\u00ba Segmento (6\u00ba ao 9\u00ba Ano) do Ensino Fundamental, com Inclus\u00e3o da disciplina de Inform\u00e1tica na parte diversificada de sua Estrutura Curricular.<\/p>\n\n\n\n<p class=\"has-text-align-center\"><a href=\"https:\/\/www.manaus.am.gov.br\/semed\/cme\/atos-normativos\/pareceres\/#topo\">Voltar ao topo<\/a><\/p>\n\n\n\n<h2 class=\"wp-block-heading\" id=\"2013\">2013<\/h2>\n\n\n\n<p><strong><a href=\"https:\/\/www.manaus.am.gov.br\/semed\/wp-content\/uploads\/sites\/3\/2024\/09\/Parecer-n.-009-CME-20131.pdf\">Parecer n\u00ba 009\/CME\/2013<\/a><\/strong><\/p>\n\n\n\n<p>Proposta Pedag\u00f3gica do Programa Municipal de Escolariza\u00e7\u00e3o do Adulto e da Pessoa Idosa \u2013 PROMEAPI<\/p>\n\n\n\n<p><strong><a href=\"https:\/\/www.manaus.am.gov.br\/semed\/wp-content\/uploads\/sites\/3\/2024\/09\/Parecer-n.-021-CME-20131.pdf\">Parecer n\u00ba 021\/CME\/2013<\/a><\/strong><\/p>\n\n\n\n<p>Revoga\u00e7\u00e3o da Resolu\u00e7\u00e3o n. 011\/CME\/2000<\/p>\n\n\n\n<p><strong><a href=\"https:\/\/www.manaus.am.gov.br\/semed\/wp-content\/uploads\/sites\/3\/2024\/09\/Parecer-n.-023-CME-20131.pdf\">Parecer n\u00ba 023\/CME\/2013<\/a><\/strong><\/p>\n\n\n\n<p>Atualiza\u00e7\u00e3o da Resolu\u00e7\u00e3o n. 002\/CME\/2008 que estabelece normas para a admiss\u00e3o dos docentes da disciplina Ensino Religioso no Sistema Municipal de Ensino<\/p>\n\n\n\n<p><strong><a href=\"https:\/\/www.manaus.am.gov.br\/semed\/wp-content\/uploads\/sites\/3\/2024\/09\/Parecer-n.-026-CME-20131.pdf\">Parecer n\u00ba 026\/CME\/2013<\/a><\/strong><\/p>\n\n\n\n<p>Prov\u00e3o Eletr\u00f4nico \u2013 Proposta de Estrutura e Funcionamento do Exame Supletivo em N\u00edvel de Ensino Fundamental nos Anos Finais da Educa\u00e7\u00e3o de Jovens e Adultos Segundo Segmento<\/p>\n\n\n\n<p><strong><a href=\"https:\/\/www.manaus.am.gov.br\/semed\/wp-content\/uploads\/sites\/3\/2024\/09\/Parecer-n.-028-CME-20131.pdf\">Parecer n\u00ba 028\/CME\/2013<\/a><\/strong><\/p>\n\n\n\n<p>Inclus\u00e3o da tem\u00e1tica Educa\u00e7\u00e3o Fiscal nos n\u00edveis e modalidades de ensino<\/p>\n\n\n\n<p><strong><a href=\"https:\/\/www.manaus.am.gov.br\/semed\/wp-content\/uploads\/sites\/3\/2024\/09\/Parecer-n.-029-CME-20131.pdf\">Parecer n\u00ba 029\/CME\/2013<\/a><\/strong><\/p>\n\n\n\n<p>Proposta da Estrutura Curricular do Ensino Fundamental de 9 (nove) Anos com um Bloco Pedag\u00f3gico nos Tr\u00eas Anos Iniciais.<\/p>\n\n\n\n<p><strong><a href=\"https:\/\/www.manaus.am.gov.br\/semed\/wp-content\/uploads\/sites\/3\/2024\/09\/Parecer-n.-030-CME-20131.pdf\">Parecer n\u00ba 030\/CME\/2013<\/a><\/strong><\/p>\n\n\n\n<p>Proposta Curricular do Ensino Fundamental (Anos Finais)<\/p>\n\n\n\n<p><strong><a href=\"https:\/\/www.manaus.am.gov.br\/semed\/wp-content\/uploads\/sites\/3\/2024\/09\/Parecer-n.-033-CME-20131.pdf\">Parecer n\u00ba 033\/CME\/2013<\/a><\/strong><\/p>\n\n\n\n<p>Proposta de Reestrutura\u00e7\u00e3o do Projeto Educa\u00e7\u00e3o Itinerante do Ensino Fundamental (anos finais) e minuta de Resolu\u00e7\u00e3o do Projeto.<\/p>\n\n\n\n<p><strong><a href=\"https:\/\/www.manaus.am.gov.br\/semed\/wp-content\/uploads\/sites\/3\/2024\/09\/Parecer-n.-036-CME-20131.pdf\">Parecer n\u00ba 036\/CME\/2013<\/a><\/strong><\/p>\n\n\n\n<p>Aprecia\u00e7\u00e3o e Aprova\u00e7\u00e3o da Minuta da Resolu\u00e7\u00e3o e da Proposta Pedag\u00f3gica das Unidades de Ensino de Tempo Integral \u2013 Turno \u00danico da Rede P\u00fablica Municipal de Educa\u00e7\u00e3o<\/p>\n\n\n\n<p><strong><a href=\"https:\/\/www.manaus.am.gov.br\/semed\/wp-content\/uploads\/sites\/3\/2024\/09\/Parecer-n.-037-CME-20131.pdf\">Parecer n\u00ba 037\/CME\/2013<\/a><\/strong><\/p>\n\n\n\n<p>An\u00e1lise do Termo de Compromisso Municipal do Programa Sa\u00fade na Escola (PSE), firmado entre a SEMSA e SEMED<\/p>\n\n\n\n<p class=\"has-text-align-center\"><a href=\"https:\/\/www.manaus.am.gov.br\/semed\/cme\/atos-normativos\/pareceres\/#topo\">Voltar ao topo<\/a><\/p>\n\n\n\n<h2 class=\"wp-block-heading\" id=\"2012\">2012<\/h2>\n\n\n\n<p><strong><a href=\"https:\/\/www.manaus.am.gov.br\/semed\/wp-content\/uploads\/sites\/3\/2024\/09\/Parecer-n.-004-CME-201221.pdf\">Parecer n\u00ba 004\/CME\/2012<\/a><\/strong><\/p>\n\n\n\n<p>Processo de Avalia\u00e7\u00e3o Ensino \u2013 Aprendizagem.<\/p>\n\n\n\n<p><strong><a href=\"https:\/\/www.manaus.am.gov.br\/semed\/wp-content\/uploads\/sites\/3\/2024\/09\/Parecer-n.-007-CME-201211.pdf\">Parecer n\u00ba 007\/CME\/2012<\/a><\/strong><\/p>\n\n\n\n<p>Regimento Geral das Unidades de Ensino da Rede P\u00fablica Municipal.<\/p>\n\n\n\n<p><strong><a href=\"https:\/\/www.manaus.am.gov.br\/semed\/wp-content\/uploads\/sites\/3\/2024\/09\/Parecer-n.-012-CME-201211.pdf\">Parecer n\u00ba 012\/CME\/2012<\/a><\/strong><\/p>\n\n\n\n<p>Posicionamento sobre o efetivo Trabalho Escolar.<\/p>\n\n\n\n<p><strong><a href=\"https:\/\/www.manaus.am.gov.br\/semed\/wp-content\/uploads\/sites\/3\/2024\/09\/Parecer-n.-018-CME-201211.pdf\">Parecer n\u00ba 018\/CME\/2012<\/a><\/strong><\/p>\n\n\n\n<p>Aprecia\u00e7\u00e3o e aprova\u00e7\u00e3o da Proposta Pedag\u00f3gica do Ensino Fundamental na modalidade de Educa\u00e7\u00e3o de Jovens e Adultos \u2013 EJA, 2\u00baSegmento (6\u00ba ao 9\u00ba ano).<\/p>\n\n\n\n<p><strong><a href=\"https:\/\/www.manaus.am.gov.br\/semed\/wp-content\/uploads\/sites\/3\/2024\/09\/Parecer-n.-022-CME-201211.pdf\">Parecer n\u00ba 022\/CME\/2012<\/a><\/strong><\/p>\n\n\n\n<p>Novo Parecer: Programa Acelera\u00e7\u00e3o da Aprendizagem.<\/p>\n\n\n\n<p class=\"has-text-align-center\"><a href=\"https:\/\/www.manaus.am.gov.br\/semed\/cme\/atos-normativos\/pareceres\/#topo\">Voltar ao topo<\/a><\/p>\n\n\n\n<h2 class=\"wp-block-heading\" id=\"2011\">2011<\/h2>\n\n\n\n<p><strong><a href=\"https:\/\/www.manaus.am.gov.br\/semed\/wp-content\/uploads\/sites\/3\/2024\/09\/Parecer-n.-001-CME-20111.pdf\">Parecer n\u00ba 001-CME-2011<\/a><\/strong><\/p>\n\n\n\n<p>Aprecia\u00e7\u00e3o de Exposi\u00e7\u00e3o de Motivos para o n\u00e3o cumprimento, em car\u00e1ter excepcional, da Resolu\u00e7\u00e3o n. 010\/2010-CME\/MANAUS.<\/p>\n\n\n\n<p><strong><a href=\"https:\/\/www.manaus.am.gov.br\/semed\/wp-content\/uploads\/sites\/3\/2024\/09\/Parecer-n.-002-CME-20111.pdf\">Parecer n\u00ba 002-CME-2011<\/a><\/strong><\/p>\n\n\n\n<p>Minuta de Decreto que disp\u00f5e sobre funcionamento de escolas ind\u00edgenas e cria\u00e7\u00e3o da categoria de professores ind\u00edgenas no \u00e2mbito do Sistema de Ensino Municipal.<\/p>\n\n\n\n<p><strong><a href=\"https:\/\/www.manaus.am.gov.br\/semed\/wp-content\/uploads\/sites\/3\/2024\/09\/Parecer-n.-003-CME-20111.pdf\">Parecer n\u00ba 003-CME-2011<\/a><\/strong><\/p>\n\n\n\n<p>Regulamenta\u00e7\u00e3o da Lei n. 11645\/2008 para o Sistema Municipal de Ensino.<\/p>\n\n\n\n<p><strong><a href=\"https:\/\/www.manaus.am.gov.br\/semed\/wp-content\/uploads\/sites\/3\/2024\/09\/Parecer-n.-005-CME-20111.pdf\">Parecer n\u00ba 005-CME-2011<\/a><\/strong><\/p>\n\n\n\n<p>Regulariza\u00e7\u00e3o de Cursos do Ensino Fundamental da Rede Municipal de Ensino de Manaus.<\/p>\n\n\n\n<p><strong><a href=\"https:\/\/www.manaus.am.gov.br\/semed\/wp-content\/uploads\/sites\/3\/2024\/09\/Parecer-n.-006-CME-20111.pdf\">Parecer n\u00ba 006-CME-2011<\/a><\/strong><\/p>\n\n\n\n<p>Atualiza\u00e7\u00e3o das Resolu\u00e7\u00f5es n. 002\/CME\/1998, 013\/CME\/1999 e 003\/CME\/2000, que disp\u00f5em sobre Progress\u00e3o Parcial.<\/p>\n\n\n\n<p><strong><a href=\"https:\/\/www.manaus.am.gov.br\/semed\/wp-content\/uploads\/sites\/3\/2024\/09\/Parecer-n.-007-CME-20111.pdf\">Parecer n\u00ba 007-CME-2011<\/a><\/strong><\/p>\n\n\n\n<p>Institui\u00e7\u00e3o da Medalha de M\u00e9rito Educacional e a Placa de Condecora\u00e7\u00e3o em \u00e2mbito Municipal.<\/p>\n\n\n\n<p><strong><a href=\"https:\/\/www.manaus.am.gov.br\/semed\/wp-content\/uploads\/sites\/3\/2024\/09\/Parecer-n.-008-CME-20111.pdf\">Parecer n\u00ba 008-CME-2011<\/a><\/strong><\/p>\n\n\n\n<p>Sugest\u00f5es para altera\u00e7\u00e3o da Resolu\u00e7\u00e3o n.05\/2003\/CME, encaminhado pelo Departamento de Gest\u00e3o Educacional\/SEMED\/Manaus.<\/p>\n\n\n\n<p><strong><a href=\"https:\/\/www.manaus.am.gov.br\/semed\/wp-content\/uploads\/sites\/3\/2024\/09\/Parecer-n.-009-CME-20111.pdf\">Parecer n\u00ba 009-CME-2011<\/a><\/strong><\/p>\n\n\n\n<p>Convalida\u00e7\u00e3o da Resolu\u00e7\u00e3o n. 004\/CME\/GS\/2002 que aprovou a proposta metodol\u00f3gica&nbsp;&nbsp;&nbsp;&nbsp;&nbsp; SESI\/EDUCA na Rede Municipal de Ensino.<\/p>\n\n\n\n<p><strong><a href=\"https:\/\/www.manaus.am.gov.br\/semed\/wp-content\/uploads\/sites\/3\/2024\/09\/Parecer-n.-010-CME-20111.pdf\">Parecer n\u00ba 010-CME-2011<\/a><\/strong><\/p>\n\n\n\n<p>Atualiza\u00e7\u00e3o da Resolu\u00e7\u00e3o n. 004\/CME\/2001, que trata da Educa\u00e7\u00e3o de Jovens e Adultos \u2013 EJA.<\/p>\n\n\n\n<p><strong><a href=\"https:\/\/www.manaus.am.gov.br\/semed\/wp-content\/uploads\/sites\/3\/2024\/09\/Parecer-n.-011-CME-20111.pdf\">Parecer n\u00ba 011-CME-2011<\/a><\/strong><\/p>\n\n\n\n<p>Regimento Geral das Unidades de Ensino da Rede P\u00fablica Municipal de Manaus.<\/p>\n\n\n\n<p class=\"has-text-align-center\"><a href=\"https:\/\/www.manaus.am.gov.br\/semed\/cme\/atos-normativos\/pareceres\/#topo\">Voltar ao topo<\/a><\/p>\n\n\n\n<h2 class=\"wp-block-heading\" id=\"2010\">2010<\/h2>\n\n\n\n<p><strong><a href=\"https:\/\/www.manaus.am.gov.br\/semed\/wp-content\/uploads\/sites\/3\/2024\/09\/Parecer-n.-002-CME-201011.pdf\">Parecer n\u00ba 002\/CME\/2010<\/a><\/strong><\/p>\n\n\n\n<p>An\u00e1lise da Nova Proposta Curricular da Educa\u00e7\u00e3o de Jovens e Adultos \u2013 EJA \/ 1\u00ba Segmento.<\/p>\n\n\n\n<p><strong><a href=\"https:\/\/www.manaus.am.gov.br\/semed\/wp-content\/uploads\/sites\/3\/2024\/09\/Parecer-n.-004-CME-20101.pdf\">Parecer n\u00ba 004\/CME\/2010<\/a><\/strong><\/p>\n\n\n\n<p>Reformula\u00e7\u00e3o do Regimento Interno.<\/p>\n\n\n\n<p><strong><a href=\"https:\/\/www.manaus.am.gov.br\/semed\/wp-content\/uploads\/sites\/3\/2024\/09\/Parecer-n.-005-CME-20101.pdf\">Parecer n\u00ba 005\/CME\/2010<\/a><\/strong><\/p>\n\n\n\n<p>Proposta Curricular da Educa\u00e7\u00e3o Infantil \u2013 Creche e Pr\u00e9 \u2013 Escola.<\/p>\n\n\n\n<p><strong><a href=\"https:\/\/www.manaus.am.gov.br\/semed\/wp-content\/uploads\/sites\/3\/2024\/09\/Parecer-n.-006-CME-20101.pdf\">Parecer n\u00ba 006\/CME\/2010<\/a><\/strong><\/p>\n\n\n\n<p>Altera\u00e7\u00e3o da Resolu\u00e7\u00e3o n. 005\/CME\/1998.<\/p>\n\n\n\n<p><strong><a href=\"https:\/\/www.manaus.am.gov.br\/semed\/wp-content\/uploads\/sites\/3\/2024\/09\/Parecer-n.-007-CME-20101.pdf\">Parecer n\u00ba 007\/CME\/2010<\/a><\/strong><\/p>\n\n\n\n<p>Redimensionamento da Proposta Curricular de 1\u00ba ao 5\u00ba ano do Ensino Fundamental \u2013 Plano de Implementa\u00e7\u00e3o do Ensino Fundamental de nove anos.<\/p>\n\n\n\n<p><strong><a href=\"https:\/\/www.manaus.am.gov.br\/semed\/wp-content\/uploads\/sites\/3\/2024\/09\/Parecer-n.-009-CME-20101.pdf\">Parecer n\u00ba 009\/CME\/2010<\/a><\/strong><\/p>\n\n\n\n<p>Plano de Implementa\u00e7\u00e3o do Ensino Fundamental de 9 anos e Proposta Curricular do Ensino Fundamental do 6\u00ba ao 9 \u00ba ano.<\/p>\n\n\n\n<p class=\"has-text-align-center\"><a href=\"https:\/\/www.manaus.am.gov.br\/semed\/cme\/atos-normativos\/pareceres\/#topo\">Voltar ao topo<\/a><\/p>\n\n\n\n<h2 class=\"wp-block-heading\" id=\"2009\">2009<\/h2>\n\n\n\n<p><strong><a href=\"https:\/\/www.manaus.am.gov.br\/semed\/wp-content\/uploads\/sites\/3\/2024\/09\/Parecer-n.-001-CME-20091.pdf\">Parecer n\u00ba 001\/CME\/2009<\/a><\/strong><\/p>\n\n\n\n<p>Estabelecimento de normas complementares para a implementa\u00e7\u00e3o da Lei Federal n\u00ba 10.639\/2003 de 09\/01\/2003, que altera a LDB n\u00ba 9.394\/1996 de 20\/12\/1996 para todo o Sistema Municipal de Ensino.<\/p>\n\n\n\n<p><strong><a href=\"https:\/\/www.manaus.am.gov.br\/semed\/wp-content\/uploads\/sites\/3\/2024\/09\/Parecer-n.-002-CME-20091.pdf\">Parecer n\u00ba 002\/CME\/2009<\/a><\/strong><\/p>\n\n\n\n<p>Aprecia\u00e7\u00e3o do Estatuto do Conselho Escolar das Escolas da Rede Municipal de Ensino \u2013 Alterado no Cart\u00f3rio.<\/p>\n\n\n\n<p><strong><a href=\"https:\/\/www.manaus.am.gov.br\/semed\/wp-content\/uploads\/sites\/3\/2024\/09\/Parecer-n.-006-CME-20091.pdf\">Parecer n\u00ba 006\/CME\/2009<\/a><\/strong><\/p>\n\n\n\n<p>Aprova\u00e7\u00e3o da Proposta Curricular do Ensino Fundamental do 1\u00b0 ao 5\u00b0 ano.<\/p>\n\n\n\n<p><strong><a href=\"https:\/\/www.manaus.am.gov.br\/semed\/wp-content\/uploads\/sites\/3\/2024\/09\/Parecer-n.-008-CME-20091.pdf\">Parecer n\u00ba 008\/CME\/2009<\/a><\/strong><\/p>\n\n\n\n<p>Aprova\u00e7\u00e3o da Estrutura Curricular do Ensino Fundamental de 9 anos.<\/p>\n\n\n\n<p class=\"has-text-align-center\"><a href=\"https:\/\/www.manaus.am.gov.br\/semed\/cme\/atos-normativos\/pareceres\/#topo\">Voltar ao topo<\/a><\/p>\n\n\n\n<h2 class=\"wp-block-heading\" id=\"2008\">2008<\/h2>\n\n\n\n<p><strong><a href=\"https:\/\/www.manaus.am.gov.br\/semed\/wp-content\/uploads\/sites\/3\/2024\/09\/Parecer-n.-001-CME-20081.pdf\">Parecer n\u00ba 001\/CME\/2008<\/a><\/strong><\/p>\n\n\n\n<p>Aprecia\u00e7\u00e3o do Estatuto do Conselho Escolar das Escolas da Rede Municipal de Ensino.<\/p>\n\n\n\n<p><strong><a href=\"https:\/\/www.manaus.am.gov.br\/semed\/wp-content\/uploads\/sites\/3\/2024\/09\/Parecer-n.-003-CME-20081.pdf\">Parecer n\u00ba 003\/CME\/2008<\/a><\/strong><\/p>\n\n\n\n<p>Autoriza\u00e7\u00e3o para Implanta\u00e7\u00e3o do Programa de Forma\u00e7\u00e3o de Professores Ind\u00edgenas do Munic\u00edpio de Manaus.<\/p>\n\n\n\n<p><strong><a href=\"https:\/\/www.manaus.am.gov.br\/semed\/wp-content\/uploads\/sites\/3\/2024\/09\/Parecer-n.-005-CME-20081.pdf\">Parecer n\u00ba 005\/CME\/2008<\/a><\/strong><\/p>\n\n\n\n<p>Proposta Pedag\u00f3gica \u2013 Creches Municipais<\/p>\n\n\n\n<p><strong><a href=\"https:\/\/www.manaus.am.gov.br\/semed\/wp-content\/uploads\/sites\/3\/2024\/09\/Parecer-n.-009-CME-20081.pdf\">Parecer n\u00ba 009\/CME\/2008<\/a><\/strong><\/p>\n\n\n\n<p>Orienta\u00e7\u00f5es Pedag\u00f3gicas 2007<\/p>\n\n\n\n<p><strong><a href=\"https:\/\/www.manaus.am.gov.br\/semed\/wp-content\/uploads\/sites\/3\/2024\/09\/Parecer-n.-010-CME-20081.pdf\">Parecer n\u00ba 010\/CME\/2008<\/a><\/strong><\/p>\n\n\n\n<p>Regimento Geral das Escolas Municipais da Rede Municipal de Ensino de Manaus.<\/p>\n\n\n\n<p><strong><a href=\"https:\/\/www.manaus.am.gov.br\/semed\/wp-content\/uploads\/sites\/3\/2024\/09\/Parecer-n.-017-CME-20081.pdf\">Parecer n\u00ba 017\/CME\/2008<\/a><\/strong><\/p>\n\n\n\n<p>Propositura de Regimento Interno adequado \u00e0s novas altera\u00e7\u00f5es da Lei vigente.<\/p>\n\n\n\n<p><strong><a href=\"https:\/\/www.manaus.am.gov.br\/semed\/wp-content\/uploads\/sites\/3\/2024\/09\/Parecer-n.-018-CME-20081.pdf\">Parecer n\u00ba 018\/CME\/2008<\/a><\/strong><\/p>\n\n\n\n<p>Aplicabilidade da Lei N\u00ba 10.639\/03 \u2013 Implanta\u00e7\u00e3o das Diretrizes Curriculares Nacionais para a Educa\u00e7\u00e3o das Rela\u00e7\u00f5es \u00c9tnico-Raciais \u2013 Aprova\u00e7\u00e3o da Proposta Curricular do 6\u00ba ao 9\u00ba ano do Ensino Fundamental na Rede Municipal de Ensino.<\/p>\n\n\n\n<p class=\"has-text-align-center\"><a href=\"https:\/\/www.manaus.am.gov.br\/semed\/cme\/atos-normativos\/pareceres\/#topo\">Voltar ao topo<\/a><\/p>\n\n\n\n<h2 class=\"wp-block-heading\" id=\"2007\">2007<\/h2>\n\n\n\n<p><strong><a href=\"https:\/\/www.manaus.am.gov.br\/semed\/wp-content\/uploads\/sites\/3\/2024\/09\/Parecer-n.-001-CME-20071.pdf\">Parecer n\u00ba 001\/CME\/2007<\/a><\/strong><\/p>\n\n\n\n<p>Legitima\u00e7\u00e3o \u2013 Ficha Utilizada em Substitui\u00e7\u00e3o ao Di\u00e1rio de Classe no ano de 2007.<\/p>\n\n\n\n<p><strong><a href=\"https:\/\/www.manaus.am.gov.br\/semed\/wp-content\/uploads\/sites\/3\/2024\/09\/Parecer-n.-002-CME-20071.pdf\">Parecer n\u00ba 002\/CME\/2007<\/a><\/strong><\/p>\n\n\n\n<p>Proposta da Institucionaliza\u00e7\u00e3o da disciplina Educa\u00e7\u00e3o F\u00edsica no turno noturno.<\/p>\n\n\n\n<p><strong><a href=\"https:\/\/www.manaus.am.gov.br\/semed\/wp-content\/uploads\/sites\/3\/2024\/09\/Parecer-n.-003-CME-20071.pdf\">Parecer n\u00ba 003\/CME\/2007<\/a><\/strong><\/p>\n\n\n\n<p>Projeto Institucional \u2013 CME<\/p>\n\n\n\n<p><strong><a href=\"https:\/\/www.manaus.am.gov.br\/semed\/wp-content\/uploads\/sites\/3\/2024\/09\/Parecer-n.-004-CME-20071.pdf\">Parecer n\u00ba 004\/CME\/2007<\/a><\/strong><\/p>\n\n\n\n<p>Propositura de Regimento Interno adequado \u00e0s novas altera\u00e7\u00f5es da Lei vigente<\/p>\n\n\n\n<p><strong><a href=\"https:\/\/www.manaus.am.gov.br\/semed\/wp-content\/uploads\/sites\/3\/2024\/09\/Parecer-n.-010-CME-20071.pdf\">Parecer n\u00ba 010\/CME\/2007<\/a><\/strong><\/p>\n\n\n\n<p>Defini\u00e7\u00e3o da dura\u00e7\u00e3o dos tempos de aula<\/p>\n\n\n\n<p class=\"has-text-align-center\"><a href=\"https:\/\/www.manaus.am.gov.br\/semed\/cme\/atos-normativos\/pareceres\/#topo\">Voltar ao topo<\/a><\/p>\n\n\n\n<h2 class=\"wp-block-heading\" id=\"2006\">2006<\/h2>\n\n\n\n<p>N\u00e3o h\u00e1 Pareceres Normativos 2006<\/p>\n\n\n\n<p class=\"has-text-align-center\"><a href=\"https:\/\/www.manaus.am.gov.br\/semed\/cme\/atos-normativos\/pareceres\/#topo\">Voltar ao topo<\/a><\/p>\n\n\n\n<h2 class=\"wp-block-heading\" id=\"2005\">2005<\/h2>\n\n\n\n<p><strong><a href=\"https:\/\/www.manaus.am.gov.br\/semed\/wp-content\/uploads\/sites\/3\/2024\/09\/Parecer-n.-001-CME-20051.pdf\">Parecer n\u00ba 001\/CME\/2005<\/a><\/strong><\/p>\n\n\n\n<p>An\u00e1lise e Aprova\u00e7\u00e3o do Plano de Recursos do Sal\u00e1rio Educa\u00e7\u00e3o<\/p>\n\n\n\n<p><strong><a href=\"https:\/\/www.manaus.am.gov.br\/semed\/wp-content\/uploads\/sites\/3\/2024\/09\/Parecer-n.-002-CME-20051.pdf\">Parecer n\u00ba 002\/CME\/2005<\/a><\/strong><\/p>\n\n\n\n<p>Substitui\u00e7\u00e3o do Di\u00e1rio de Classe\/2005 \u2013 SEMED<\/p>\n\n\n\n<p class=\"has-text-align-center\"><a href=\"https:\/\/www.manaus.am.gov.br\/semed\/cme\/atos-normativos\/pareceres\/#topo\">Voltar ao topo<\/a><\/p>\n\n\n\n<h2 class=\"wp-block-heading\" id=\"2004\">2004<\/h2>\n\n\n\n<p><strong><a href=\"https:\/\/www.manaus.am.gov.br\/semed\/wp-content\/uploads\/sites\/3\/2024\/09\/Parecer-n.-004-CME-20041.pdf\">Parecer n\u00ba 004\/CME\/2004<\/a><\/strong><\/p>\n\n\n\n<p>Programa Telecurso 2000 \u2013 Orienta\u00e7\u00f5es Gerais.<\/p>\n\n\n\n<p><strong><a href=\"https:\/\/www.manaus.am.gov.br\/semed\/wp-content\/uploads\/sites\/3\/2024\/09\/Parecer-n.-005-CME-20041.pdf\">Parecer n\u00ba 005\/CME\/2004<\/a><\/strong><\/p>\n\n\n\n<p>Proposta Ciclo de Forma\u00e7\u00e3o Humana.<\/p>\n\n\n\n<p><strong><a href=\"https:\/\/www.manaus.am.gov.br\/semed\/wp-content\/uploads\/sites\/3\/2024\/09\/Parecer-n.-006-CME-20041.pdf\">Parecer n\u00ba 006\/CME\/2004<\/a><\/strong><\/p>\n\n\n\n<p>Balan\u00e7o Geral 2003 e Plano de Aplica\u00e7\u00e3o Anual de 2004 \/ Repasse do Sal\u00e1rio Educa\u00e7\u00e3o ao Munic\u00edpio de Manaus.<\/p>\n\n\n\n<p class=\"has-text-align-center\"><a href=\"https:\/\/www.manaus.am.gov.br\/semed\/cme\/atos-normativos\/pareceres\/#topo\">Voltar ao topo<\/a><\/p>\n\n\n\n<h2 class=\"wp-block-heading\" id=\"2003\">2003<\/h2>\n\n\n\n<p><strong><a href=\"https:\/\/www.manaus.am.gov.br\/semed\/wp-content\/uploads\/sites\/3\/2024\/09\/Parecer-n.-001-CME-20031.pdf\">Parecer n\u00ba 001\/CME\/2003<\/a><\/strong><\/p>\n\n\n\n<p>Plano de Aplica\u00e7\u00e3o Anual de 2003 \/ Repasse do Sal\u00e1rio Educa\u00e7\u00e3o ao Munic\u00edpio de Manaus.<\/p>\n\n\n\n<p><strong><a href=\"https:\/\/www.manaus.am.gov.br\/semed\/wp-content\/uploads\/sites\/3\/2024\/09\/Parecer-n.-002-CME-20031.pdf\">Parecer n\u00ba 002\/CME\/2003<\/a><\/strong><\/p>\n\n\n\n<p>Relat\u00f3rios F\u00edsico \u2013 Financeiro 2002 e Presta\u00e7\u00e3o de Contas de agosto a dezembro de 2002.<\/p>\n\n\n\n<p class=\"has-text-align-center\"><a href=\"https:\/\/www.manaus.am.gov.br\/semed\/cme\/atos-normativos\/pareceres\/#topo\">Voltar ao topo<\/a><\/p>\n\n\n\n<h2 class=\"wp-block-heading\" id=\"2002\">2002<\/h2>\n\n\n\n<p><strong><a href=\"https:\/\/www.manaus.am.gov.br\/semed\/wp-content\/uploads\/sites\/3\/2024\/09\/Parecer-n.-003-CME-20021.pdf\">Parecer n\u00ba 003\/CME\/2002<\/a><\/strong><\/p>\n\n\n\n<p>Proposta Metodol\u00f3gica para o Primeiro Segmento do Ensino Fundamental \/ Educa\u00e7\u00e3o de Jovens e Adultos.<\/p>\n\n\n\n<p><strong><a href=\"https:\/\/www.manaus.am.gov.br\/semed\/wp-content\/uploads\/sites\/3\/2024\/09\/Parecer-n.-006-CME-20021.pdf\">Parecer n\u00ba 006\/CME\/2002<\/a><\/strong><\/p>\n\n\n\n<p>Plano de Aplica\u00e7\u00e3o do Sal\u00e1rio Educa\u00e7\u00e3o do Munic\u00edpio de Manaus.<\/p>\n\n\n\n<p><strong><a href=\"https:\/\/www.manaus.am.gov.br\/semed\/wp-content\/uploads\/sites\/3\/2024\/09\/Parecer-n.-007-CME-200211.pdf\">Parecer n\u00ba 007\/CME\/2002<\/a><\/strong><\/p>\n\n\n\n<p>Projeto Classe B\u00e1sica do Ensino Fundamental.<\/p>\n\n\n\n<p class=\"has-text-align-center\"><a href=\"https:\/\/www.manaus.am.gov.br\/semed\/cme\/atos-normativos\/pareceres\/#topo\">Voltar ao topo<\/a><\/p>\n\n\n\n<h2 class=\"wp-block-heading\" id=\"2001\">2001<\/h2>\n\n\n\n<p><strong><a href=\"https:\/\/www.manaus.am.gov.br\/semed\/wp-content\/uploads\/sites\/3\/2024\/09\/Parecer-n.-007-CME-20011.pdf\">Parecer n\u00ba 007\/CME\/2001<\/a><\/strong><\/p>\n\n\n\n<p>Proposta de Altera\u00e7\u00e3o na Estrutura Curricular da Educa\u00e7\u00e3o Municipal diminuindo a Carga Hor\u00e1ria de L\u00edngua Portuguesa e Matem\u00e1tica e aumentando a de Arte e Ensino Religioso.<\/p>\n\n\n\n<p class=\"has-text-align-center\"><a href=\"https:\/\/www.manaus.am.gov.br\/semed\/cme\/atos-normativos\/pareceres\/#topo\">Voltar ao topo<\/a><\/p>\n\n\n\n<h2 class=\"wp-block-heading\" id=\"2000\">2000<\/h2>\n\n\n\n<p><strong><a href=\"https:\/\/www.manaus.am.gov.br\/semed\/wp-content\/uploads\/sites\/3\/2024\/09\/Parecer-n.-001-CME-20001.pdf\">Parecer n\u00ba 001\/CME\/2000<\/a><\/strong><\/p>\n\n\n\n<p>Solicita\u00e7\u00e3o da libera\u00e7\u00e3o da Recupera\u00e7\u00e3o Final.<\/p>\n\n\n\n<p class=\"has-text-align-center\"><a href=\"https:\/\/www.manaus.am.gov.br\/semed\/cme\/atos-normativos\/pareceres\/#topo\">Voltar ao topo<\/a><\/p>\n\n\n\n<h2 class=\"wp-block-heading\" id=\"1999\">1999<\/h2>\n\n\n\n<p><strong><a href=\"https:\/\/www.manaus.am.gov.br\/semed\/wp-content\/uploads\/sites\/3\/2024\/09\/Parecer-n.-001-CME-19991.pdf\">Parecer n\u00ba 001\/CME\/1999<\/a><\/strong><\/p>\n\n\n\n<p>Projeto Avalia\u00e7\u00e3o Educacional.<\/p>\n\n\n\n<p class=\"has-text-align-center\"><a href=\"https:\/\/www.manaus.am.gov.br\/semed\/cme\/atos-normativos\/pareceres\/#topo\">Voltar ao topo<\/a><\/p>\n\n\n\n<h2 class=\"wp-block-heading\" id=\"1998\">1998<\/h2>\n\n\n\n<p><strong><a href=\"https:\/\/www.manaus.am.gov.br\/semed\/wp-content\/uploads\/sites\/3\/2024\/09\/Parecer-n.-002-CME-19981.pdf\">Parecer n\u00ba 002\/CME\/1998<\/a><\/strong><\/p>\n\n\n\n<p>Regimento Geral do Sistema Municipal de Educa\u00e7\u00e3o.<\/p>\n\n\n\n<p><strong><a href=\"https:\/\/www.manaus.am.gov.br\/semed\/wp-content\/uploads\/sites\/3\/2024\/09\/Parecer-n.-003-CME-19981.pdf\">Parecer n\u00ba 003\/CME\/1998<\/a><\/strong><\/p>\n\n\n\n<p>Projeto Acelera\u00e7\u00e3o da Aprendizagem.<\/p>\n","protected":false},"excerpt":{"rendered":"","protected":false},"author":8,"featured_media":0,"parent":6277,"menu_order":0,"comment_status":"closed","ping_status":"closed","template":"","meta":{"footnotes":""},"acf":[],"yoast_head":"<!-- This site is optimized with the Yoast SEO plugin v23.0 - https:\/\/yoast.com\/wordpress\/plugins\/seo\/ -->\n<title>Pareceres - SEMED<\/title>\n<meta name=\"robots\" content=\"index, follow, max-snippet:-1, max-image-preview:large, max-video-preview:-1\" \/>\n<link rel=\"canonical\" href=\"https:\/\/www.manaus.am.gov.br\/semed\/cme\/atos-normativos\/pareceres\/\" \/>\n<meta property=\"og:locale\" content=\"pt_BR\" \/>\n<meta property=\"og:type\" content=\"article\" \/>\n<meta property=\"og:title\" content=\"Pareceres - SEMED\" \/>\n<meta property=\"og:url\" content=\"https:\/\/www.manaus.am.gov.br\/semed\/cme\/atos-normativos\/pareceres\/\" \/>\n<meta property=\"og:site_name\" content=\"SEMED\" \/>\n<meta property=\"article:modified_time\" content=\"2024-10-03T19:46:58+00:00\" \/>\n<meta property=\"og:image\" content=\"https:\/\/www.manaus.am.gov.br\/semed\/wp-content\/uploads\/sites\/3\/2024\/07\/thumb-default-2.png\" \/>\n\t<meta property=\"og:image:width\" content=\"966\" \/>\n\t<meta property=\"og:image:height\" content=\"520\" \/>\n\t<meta property=\"og:image:type\" content=\"image\/png\" \/>\n<meta name=\"twitter:card\" content=\"summary_large_image\" \/>\n<meta name=\"twitter:label1\" content=\"Est. reading time\" \/>\n\t<meta name=\"twitter:data1\" content=\"10 minutos\" \/>\n<script type=\"application\/ld+json\" class=\"yoast-schema-graph\">{\"@context\":\"https:\/\/schema.org\",\"@graph\":[{\"@type\":\"Article\",\"@id\":\"https:\/\/www.manaus.am.gov.br\/semed\/cme\/atos-normativos\/pareceres\/#article\",\"isPartOf\":{\"@id\":\"https:\/\/www.manaus.am.gov.br\/semed\/cme\/atos-normativos\/pareceres\/\"},\"author\":{\"name\":\"Glauber Farias\",\"@id\":\"https:\/\/www.manaus.am.gov.br\/semed\/#\/schema\/person\/fe69d2249d78e7a3112d42bc34c44a58\"},\"headline\":\"Pareceres\",\"datePublished\":\"2024-09-12T14:14:00+00:00\",\"dateModified\":\"2024-10-03T19:46:58+00:00\",\"mainEntityOfPage\":{\"@id\":\"https:\/\/www.manaus.am.gov.br\/semed\/cme\/atos-normativos\/pareceres\/\"},\"wordCount\":1799,\"publisher\":{\"@id\":\"https:\/\/www.manaus.am.gov.br\/semed\/#organization\"},\"inLanguage\":\"pt-BR\"},{\"@type\":\"WebPage\",\"@id\":\"https:\/\/www.manaus.am.gov.br\/semed\/cme\/atos-normativos\/pareceres\/\",\"url\":\"https:\/\/www.manaus.am.gov.br\/semed\/cme\/atos-normativos\/pareceres\/\",\"name\":\"Pareceres - SEMED\",\"isPartOf\":{\"@id\":\"https:\/\/www.manaus.am.gov.br\/semed\/#website\"},\"datePublished\":\"2024-09-12T14:14:00+00:00\",\"dateModified\":\"2024-10-03T19:46:58+00:00\",\"breadcrumb\":{\"@id\":\"https:\/\/www.manaus.am.gov.br\/semed\/cme\/atos-normativos\/pareceres\/#breadcrumb\"},\"inLanguage\":\"pt-BR\",\"potentialAction\":[{\"@type\":\"ReadAction\",\"target\":[\"https:\/\/www.manaus.am.gov.br\/semed\/cme\/atos-normativos\/pareceres\/\"]}]},{\"@type\":\"BreadcrumbList\",\"@id\":\"https:\/\/www.manaus.am.gov.br\/semed\/cme\/atos-normativos\/pareceres\/#breadcrumb\",\"itemListElement\":[{\"@type\":\"ListItem\",\"position\":1,\"name\":\"Conselho Municipal de Educa\u00e7\u00e3o\",\"item\":\"https:\/\/www.manaus.am.gov.br\/semed\/cme\/\"},{\"@type\":\"ListItem\",\"position\":2,\"name\":\"Atos Normativos\",\"item\":\"https:\/\/www.manaus.am.gov.br\/semed\/cme\/atos-normativos\/\"},{\"@type\":\"ListItem\",\"position\":3,\"name\":\"Pareceres\"}]},{\"@type\":\"WebSite\",\"@id\":\"https:\/\/www.manaus.am.gov.br\/semed\/#website\",\"url\":\"https:\/\/www.manaus.am.gov.br\/semed\/\",\"name\":\"Secretaria Municipal de Educa\u00e7\u00e3o\",\"description\":\"Secretaria Municipal de Educa\u00e7\u00e3o\",\"publisher\":{\"@id\":\"https:\/\/www.manaus.am.gov.br\/semed\/#organization\"},\"alternateName\":\"SEMED\",\"potentialAction\":[{\"@type\":\"SearchAction\",\"target\":{\"@type\":\"EntryPoint\",\"urlTemplate\":\"https:\/\/www.manaus.am.gov.br\/semed\/?s={search_term_string}\"},\"query-input\":\"required name=search_term_string\"}],\"inLanguage\":\"pt-BR\"},{\"@type\":\"Organization\",\"@id\":\"https:\/\/www.manaus.am.gov.br\/semed\/#organization\",\"name\":\"Secretaria de Educa\u00e7\u00e3o\",\"alternateName\":\"SEMED\",\"url\":\"https:\/\/www.manaus.am.gov.br\/semed\/\",\"logo\":{\"@type\":\"ImageObject\",\"inLanguage\":\"pt-BR\",\"@id\":\"https:\/\/www.manaus.am.gov.br\/semed\/#\/schema\/logo\/image\/\",\"url\":\"https:\/\/www.manaus.am.gov.br\/semed\/wp-content\/uploads\/sites\/3\/2022\/11\/favicon.png\",\"contentUrl\":\"https:\/\/www.manaus.am.gov.br\/semed\/wp-content\/uploads\/sites\/3\/2022\/11\/favicon.png\",\"width\":300,\"height\":300,\"caption\":\"Secretaria de Educa\u00e7\u00e3o\"},\"image\":{\"@id\":\"https:\/\/www.manaus.am.gov.br\/semed\/#\/schema\/logo\/image\/\"}},{\"@type\":\"Person\",\"@id\":\"https:\/\/www.manaus.am.gov.br\/semed\/#\/schema\/person\/fe69d2249d78e7a3112d42bc34c44a58\",\"name\":\"Glauber Farias\",\"image\":{\"@type\":\"ImageObject\",\"inLanguage\":\"pt-BR\",\"@id\":\"https:\/\/www.manaus.am.gov.br\/semed\/#\/schema\/person\/image\/\",\"url\":\"https:\/\/secure.gravatar.com\/avatar\/eb33200ffd19538372f635b2165531c0?s=96&d=mm&r=g\",\"contentUrl\":\"https:\/\/secure.gravatar.com\/avatar\/eb33200ffd19538372f635b2165531c0?s=96&d=mm&r=g\",\"caption\":\"Glauber Farias\"}}]}<\/script>\n<!-- \/ Yoast SEO plugin. -->","yoast_head_json":{"title":"Pareceres - SEMED","robots":{"index":"index","follow":"follow","max-snippet":"max-snippet:-1","max-image-preview":"max-image-preview:large","max-video-preview":"max-video-preview:-1"},"canonical":"https:\/\/www.manaus.am.gov.br\/semed\/cme\/atos-normativos\/pareceres\/","og_locale":"pt_BR","og_type":"article","og_title":"Pareceres - SEMED","og_url":"https:\/\/www.manaus.am.gov.br\/semed\/cme\/atos-normativos\/pareceres\/","og_site_name":"SEMED","article_modified_time":"2024-10-03T19:46:58+00:00","og_image":[{"width":966,"height":520,"url":"https:\/\/www.manaus.am.gov.br\/semed\/wp-content\/uploads\/sites\/3\/2024\/07\/thumb-default-2.png","type":"image\/png"}],"twitter_card":"summary_large_image","twitter_misc":{"Est. reading time":"10 minutos"},"schema":{"@context":"https:\/\/schema.org","@graph":[{"@type":"Article","@id":"https:\/\/www.manaus.am.gov.br\/semed\/cme\/atos-normativos\/pareceres\/#article","isPartOf":{"@id":"https:\/\/www.manaus.am.gov.br\/semed\/cme\/atos-normativos\/pareceres\/"},"author":{"name":"Glauber Farias","@id":"https:\/\/www.manaus.am.gov.br\/semed\/#\/schema\/person\/fe69d2249d78e7a3112d42bc34c44a58"},"headline":"Pareceres","datePublished":"2024-09-12T14:14:00+00:00","dateModified":"2024-10-03T19:46:58+00:00","mainEntityOfPage":{"@id":"https:\/\/www.manaus.am.gov.br\/semed\/cme\/atos-normativos\/pareceres\/"},"wordCount":1799,"publisher":{"@id":"https:\/\/www.manaus.am.gov.br\/semed\/#organization"},"inLanguage":"pt-BR"},{"@type":"WebPage","@id":"https:\/\/www.manaus.am.gov.br\/semed\/cme\/atos-normativos\/pareceres\/","url":"https:\/\/www.manaus.am.gov.br\/semed\/cme\/atos-normativos\/pareceres\/","name":"Pareceres - SEMED","isPartOf":{"@id":"https:\/\/www.manaus.am.gov.br\/semed\/#website"},"datePublished":"2024-09-12T14:14:00+00:00","dateModified":"2024-10-03T19:46:58+00:00","breadcrumb":{"@id":"https:\/\/www.manaus.am.gov.br\/semed\/cme\/atos-normativos\/pareceres\/#breadcrumb"},"inLanguage":"pt-BR","potentialAction":[{"@type":"ReadAction","target":["https:\/\/www.manaus.am.gov.br\/semed\/cme\/atos-normativos\/pareceres\/"]}]},{"@type":"BreadcrumbList","@id":"https:\/\/www.manaus.am.gov.br\/semed\/cme\/atos-normativos\/pareceres\/#breadcrumb","itemListElement":[{"@type":"ListItem","position":1,"name":"Conselho Municipal de Educa\u00e7\u00e3o","item":"https:\/\/www.manaus.am.gov.br\/semed\/cme\/"},{"@type":"ListItem","position":2,"name":"Atos Normativos","item":"https:\/\/www.manaus.am.gov.br\/semed\/cme\/atos-normativos\/"},{"@type":"ListItem","position":3,"name":"Pareceres"}]},{"@type":"WebSite","@id":"https:\/\/www.manaus.am.gov.br\/semed\/#website","url":"https:\/\/www.manaus.am.gov.br\/semed\/","name":"Secretaria Municipal de Educa\u00e7\u00e3o","description":"Secretaria Municipal de Educa\u00e7\u00e3o","publisher":{"@id":"https:\/\/www.manaus.am.gov.br\/semed\/#organization"},"alternateName":"SEMED","potentialAction":[{"@type":"SearchAction","target":{"@type":"EntryPoint","urlTemplate":"https:\/\/www.manaus.am.gov.br\/semed\/?s={search_term_string}"},"query-input":"required name=search_term_string"}],"inLanguage":"pt-BR"},{"@type":"Organization","@id":"https:\/\/www.manaus.am.gov.br\/semed\/#organization","name":"Secretaria de Educa\u00e7\u00e3o","alternateName":"SEMED","url":"https:\/\/www.manaus.am.gov.br\/semed\/","logo":{"@type":"ImageObject","inLanguage":"pt-BR","@id":"https:\/\/www.manaus.am.gov.br\/semed\/#\/schema\/logo\/image\/","url":"https:\/\/www.manaus.am.gov.br\/semed\/wp-content\/uploads\/sites\/3\/2022\/11\/favicon.png","contentUrl":"https:\/\/www.manaus.am.gov.br\/semed\/wp-content\/uploads\/sites\/3\/2022\/11\/favicon.png","width":300,"height":300,"caption":"Secretaria de Educa\u00e7\u00e3o"},"image":{"@id":"https:\/\/www.manaus.am.gov.br\/semed\/#\/schema\/logo\/image\/"}},{"@type":"Person","@id":"https:\/\/www.manaus.am.gov.br\/semed\/#\/schema\/person\/fe69d2249d78e7a3112d42bc34c44a58","name":"Glauber Farias","image":{"@type":"ImageObject","inLanguage":"pt-BR","@id":"https:\/\/www.manaus.am.gov.br\/semed\/#\/schema\/person\/image\/","url":"https:\/\/secure.gravatar.com\/avatar\/eb33200ffd19538372f635b2165531c0?s=96&d=mm&r=g","contentUrl":"https:\/\/secure.gravatar.com\/avatar\/eb33200ffd19538372f635b2165531c0?s=96&d=mm&r=g","caption":"Glauber Farias"}}]}},"_links":{"self":[{"href":"https:\/\/www.manaus.am.gov.br\/semed\/wp-json\/wp\/v2\/pages\/6356"}],"collection":[{"href":"https:\/\/www.manaus.am.gov.br\/semed\/wp-json\/wp\/v2\/pages"}],"about":[{"href":"https:\/\/www.manaus.am.gov.br\/semed\/wp-json\/wp\/v2\/types\/page"}],"author":[{"embeddable":true,"href":"https:\/\/www.manaus.am.gov.br\/semed\/wp-json\/wp\/v2\/users\/8"}],"replies":[{"embeddable":true,"href":"https:\/\/www.manaus.am.gov.br\/semed\/wp-json\/wp\/v2\/comments?post=6356"}],"version-history":[{"count":9,"href":"https:\/\/www.manaus.am.gov.br\/semed\/wp-json\/wp\/v2\/pages\/6356\/revisions"}],"predecessor-version":[{"id":7712,"href":"https:\/\/www.manaus.am.gov.br\/semed\/wp-json\/wp\/v2\/pages\/6356\/revisions\/7712"}],"up":[{"embeddable":true,"href":"https:\/\/www.manaus.am.gov.br\/semed\/wp-json\/wp\/v2\/pages\/6277"}],"wp:attachment":[{"href":"https:\/\/www.manaus.am.gov.br\/semed\/wp-json\/wp\/v2\/media?parent=6356"}],"curies":[{"name":"wp","href":"https:\/\/api.w.org\/{rel}","templated":true}]}}