{"id":6335,"date":"2024-09-11T13:51:55","date_gmt":"2024-09-11T17:51:55","guid":{"rendered":"https:\/\/www.manaus.am.gov.br\/semed\/?page_id=6335"},"modified":"2025-03-31T11:08:27","modified_gmt":"2025-03-31T15:08:27","slug":"editais","status":"publish","type":"page","link":"https:\/\/www.manaus.am.gov.br\/semed\/cme\/atos-normativos\/atos-administrativos\/editais\/","title":{"rendered":"Editais"},"content":{"rendered":"\n<p><strong><a href=\"https:\/\/forms.gle\/L74rccnZ9nm6qYpu7\" target=\"_blank\" rel=\"noreferrer noopener\">EDITAL DE CHAMADA P\u00daBLICA N. 001\/2025<\/a><\/strong><br>Chamada p\u00fablica \u00e0s Institui\u00e7\u00f5es de Educa\u00e7\u00e3o Infantil sem Credenciamento e Autoriza\u00e7\u00e3o de Funcionamento para que se regularizem junto ao Conselho Municipal de Educa\u00e7\u00e3o de Manaus.<br><br><strong><a href=\"https:\/\/www.manaus.am.gov.br\/semed\/wp-content\/uploads\/sites\/3\/2024\/09\/EDITAL-DE-CHAMADA-001-2023-CME-MANAUS1.pdf\">EDITAL DE CHAMADA P\u00daBLICA N. 001\/2023<\/a><\/strong><br>Chamada p\u00fablica \u00e0s Institui\u00e7\u00f5es de Educa\u00e7\u00e3o Infantil sem Credenciamento e Autoriza\u00e7\u00e3o de Funcionamento para que se regularizem junto ao Conselho Municipal de Educa\u00e7\u00e3o de Manaus, no per\u00edodo de 01\/10 a 01\/12\/2023.<\/p>\n\n\n\n<p><strong><a href=\"https:\/\/www.manaus.am.gov.br\/semed\/wp-content\/uploads\/sites\/3\/2024\/09\/EDITAL_CHAMADA_PUBLICA_001_CME_20221.pdf\">EDITAL_CHAMADA_PUBLICA_001_CME_2022<\/a><\/strong><br>Chamada p\u00fablica \u00e0s Institui\u00e7\u00f5es de Educa\u00e7\u00e3o Infantil sem Credenciamento e Autoriza\u00e7\u00e3o de Funcionamento para que se regularizem junto ao Conselho Municipal de Educa\u00e7\u00e3o de Manaus.<\/p>\n\n\n\n<p><strong><a href=\"https:\/\/www.manaus.am.gov.br\/semed\/wp-content\/uploads\/sites\/3\/2024\/09\/EDITAL_CHAMADA_PUBLICA_001_CME_20201.pdf\">EDITAL_CHAMADA_PUBLICA_001_CME_2020<\/a><\/strong><br>Chamada p\u00fablica \u00e0s Institui\u00e7\u00f5es de Educa\u00e7\u00e3o Infantil sem Credenciamento e Autoriza\u00e7\u00e3o de Funcionamento para que se regularizem junto ao Conselho Municipal de Educa\u00e7\u00e3o de Manaus.<\/p>\n\n\n\n<p><\/p>\n","protected":false},"excerpt":{"rendered":"","protected":false},"author":8,"featured_media":0,"parent":6286,"menu_order":0,"comment_status":"closed","ping_status":"closed","template":"","meta":{"footnotes":""},"acf":[],"yoast_head":"<!-- This site is optimized with the Yoast SEO plugin v23.0 - https:\/\/yoast.com\/wordpress\/plugins\/seo\/ -->\n<title>Editais - SEMED<\/title>\n<meta name=\"robots\" content=\"index, follow, max-snippet:-1, max-image-preview:large, max-video-preview:-1\" \/>\n<link rel=\"canonical\" href=\"https:\/\/www.manaus.am.gov.br\/semed\/cme\/atos-normativos\/atos-administrativos\/editais\/\" \/>\n<meta property=\"og:locale\" content=\"pt_BR\" \/>\n<meta property=\"og:type\" content=\"article\" \/>\n<meta property=\"og:title\" content=\"Editais - SEMED\" \/>\n<meta property=\"og:url\" content=\"https:\/\/www.manaus.am.gov.br\/semed\/cme\/atos-normativos\/atos-administrativos\/editais\/\" \/>\n<meta property=\"og:site_name\" content=\"SEMED\" \/>\n<meta property=\"article:modified_time\" content=\"2025-03-31T15:08:27+00:00\" \/>\n<meta property=\"og:image\" content=\"https:\/\/www.manaus.am.gov.br\/semed\/wp-content\/uploads\/sites\/3\/2024\/07\/thumb-default-2.png\" \/>\n\t<meta property=\"og:image:width\" content=\"966\" \/>\n\t<meta property=\"og:image:height\" content=\"520\" \/>\n\t<meta property=\"og:image:type\" content=\"image\/png\" \/>\n<meta name=\"twitter:card\" content=\"summary_large_image\" \/>\n<meta name=\"twitter:label1\" content=\"Est. reading time\" \/>\n\t<meta name=\"twitter:data1\" content=\"1 minuto\" \/>\n<script type=\"application\/ld+json\" class=\"yoast-schema-graph\">{\"@context\":\"https:\/\/schema.org\",\"@graph\":[{\"@type\":\"Article\",\"@id\":\"https:\/\/www.manaus.am.gov.br\/semed\/cme\/atos-normativos\/atos-administrativos\/editais\/#article\",\"isPartOf\":{\"@id\":\"https:\/\/www.manaus.am.gov.br\/semed\/cme\/atos-normativos\/atos-administrativos\/editais\/\"},\"author\":{\"name\":\"Glauber Farias\",\"@id\":\"https:\/\/www.manaus.am.gov.br\/semed\/#\/schema\/person\/fe69d2249d78e7a3112d42bc34c44a58\"},\"headline\":\"Editais\",\"datePublished\":\"2024-09-11T17:51:55+00:00\",\"dateModified\":\"2025-03-31T15:08:27+00:00\",\"mainEntityOfPage\":{\"@id\":\"https:\/\/www.manaus.am.gov.br\/semed\/cme\/atos-normativos\/atos-administrativos\/editais\/\"},\"wordCount\":146,\"publisher\":{\"@id\":\"https:\/\/www.manaus.am.gov.br\/semed\/#organization\"},\"inLanguage\":\"pt-BR\"},{\"@type\":\"WebPage\",\"@id\":\"https:\/\/www.manaus.am.gov.br\/semed\/cme\/atos-normativos\/atos-administrativos\/editais\/\",\"url\":\"https:\/\/www.manaus.am.gov.br\/semed\/cme\/atos-normativos\/atos-administrativos\/editais\/\",\"name\":\"Editais - SEMED\",\"isPartOf\":{\"@id\":\"https:\/\/www.manaus.am.gov.br\/semed\/#website\"},\"datePublished\":\"2024-09-11T17:51:55+00:00\",\"dateModified\":\"2025-03-31T15:08:27+00:00\",\"breadcrumb\":{\"@id\":\"https:\/\/www.manaus.am.gov.br\/semed\/cme\/atos-normativos\/atos-administrativos\/editais\/#breadcrumb\"},\"inLanguage\":\"pt-BR\",\"potentialAction\":[{\"@type\":\"ReadAction\",\"target\":[\"https:\/\/www.manaus.am.gov.br\/semed\/cme\/atos-normativos\/atos-administrativos\/editais\/\"]}]},{\"@type\":\"BreadcrumbList\",\"@id\":\"https:\/\/www.manaus.am.gov.br\/semed\/cme\/atos-normativos\/atos-administrativos\/editais\/#breadcrumb\",\"itemListElement\":[{\"@type\":\"ListItem\",\"position\":1,\"name\":\"Conselho Municipal de Educa\u00e7\u00e3o\",\"item\":\"https:\/\/www.manaus.am.gov.br\/semed\/cme\/\"},{\"@type\":\"ListItem\",\"position\":2,\"name\":\"Atos Normativos\",\"item\":\"https:\/\/www.manaus.am.gov.br\/semed\/cme\/atos-normativos\/\"},{\"@type\":\"ListItem\",\"position\":3,\"name\":\"Atos Administrativos\",\"item\":\"https:\/\/www.manaus.am.gov.br\/semed\/cme\/atos-normativos\/atos-administrativos\/\"},{\"@type\":\"ListItem\",\"position\":4,\"name\":\"Editais\"}]},{\"@type\":\"WebSite\",\"@id\":\"https:\/\/www.manaus.am.gov.br\/semed\/#website\",\"url\":\"https:\/\/www.manaus.am.gov.br\/semed\/\",\"name\":\"Secretaria Municipal de Educa\u00e7\u00e3o\",\"description\":\"Secretaria Municipal de Educa\u00e7\u00e3o\",\"publisher\":{\"@id\":\"https:\/\/www.manaus.am.gov.br\/semed\/#organization\"},\"alternateName\":\"SEMED\",\"potentialAction\":[{\"@type\":\"SearchAction\",\"target\":{\"@type\":\"EntryPoint\",\"urlTemplate\":\"https:\/\/www.manaus.am.gov.br\/semed\/?s={search_term_string}\"},\"query-input\":\"required name=search_term_string\"}],\"inLanguage\":\"pt-BR\"},{\"@type\":\"Organization\",\"@id\":\"https:\/\/www.manaus.am.gov.br\/semed\/#organization\",\"name\":\"Secretaria de Educa\u00e7\u00e3o\",\"alternateName\":\"SEMED\",\"url\":\"https:\/\/www.manaus.am.gov.br\/semed\/\",\"logo\":{\"@type\":\"ImageObject\",\"inLanguage\":\"pt-BR\",\"@id\":\"https:\/\/www.manaus.am.gov.br\/semed\/#\/schema\/logo\/image\/\",\"url\":\"https:\/\/www.manaus.am.gov.br\/semed\/wp-content\/uploads\/sites\/3\/2022\/11\/favicon.png\",\"contentUrl\":\"https:\/\/www.manaus.am.gov.br\/semed\/wp-content\/uploads\/sites\/3\/2022\/11\/favicon.png\",\"width\":300,\"height\":300,\"caption\":\"Secretaria de Educa\u00e7\u00e3o\"},\"image\":{\"@id\":\"https:\/\/www.manaus.am.gov.br\/semed\/#\/schema\/logo\/image\/\"}},{\"@type\":\"Person\",\"@id\":\"https:\/\/www.manaus.am.gov.br\/semed\/#\/schema\/person\/fe69d2249d78e7a3112d42bc34c44a58\",\"name\":\"Glauber Farias\",\"image\":{\"@type\":\"ImageObject\",\"inLanguage\":\"pt-BR\",\"@id\":\"https:\/\/www.manaus.am.gov.br\/semed\/#\/schema\/person\/image\/\",\"url\":\"https:\/\/secure.gravatar.com\/avatar\/eb33200ffd19538372f635b2165531c0?s=96&d=mm&r=g\",\"contentUrl\":\"https:\/\/secure.gravatar.com\/avatar\/eb33200ffd19538372f635b2165531c0?s=96&d=mm&r=g\",\"caption\":\"Glauber Farias\"}}]}<\/script>\n<!-- \/ Yoast SEO plugin. -->","yoast_head_json":{"title":"Editais - SEMED","robots":{"index":"index","follow":"follow","max-snippet":"max-snippet:-1","max-image-preview":"max-image-preview:large","max-video-preview":"max-video-preview:-1"},"canonical":"https:\/\/www.manaus.am.gov.br\/semed\/cme\/atos-normativos\/atos-administrativos\/editais\/","og_locale":"pt_BR","og_type":"article","og_title":"Editais - SEMED","og_url":"https:\/\/www.manaus.am.gov.br\/semed\/cme\/atos-normativos\/atos-administrativos\/editais\/","og_site_name":"SEMED","article_modified_time":"2025-03-31T15:08:27+00:00","og_image":[{"width":966,"height":520,"url":"https:\/\/www.manaus.am.gov.br\/semed\/wp-content\/uploads\/sites\/3\/2024\/07\/thumb-default-2.png","type":"image\/png"}],"twitter_card":"summary_large_image","twitter_misc":{"Est. reading time":"1 minuto"},"schema":{"@context":"https:\/\/schema.org","@graph":[{"@type":"Article","@id":"https:\/\/www.manaus.am.gov.br\/semed\/cme\/atos-normativos\/atos-administrativos\/editais\/#article","isPartOf":{"@id":"https:\/\/www.manaus.am.gov.br\/semed\/cme\/atos-normativos\/atos-administrativos\/editais\/"},"author":{"name":"Glauber Farias","@id":"https:\/\/www.manaus.am.gov.br\/semed\/#\/schema\/person\/fe69d2249d78e7a3112d42bc34c44a58"},"headline":"Editais","datePublished":"2024-09-11T17:51:55+00:00","dateModified":"2025-03-31T15:08:27+00:00","mainEntityOfPage":{"@id":"https:\/\/www.manaus.am.gov.br\/semed\/cme\/atos-normativos\/atos-administrativos\/editais\/"},"wordCount":146,"publisher":{"@id":"https:\/\/www.manaus.am.gov.br\/semed\/#organization"},"inLanguage":"pt-BR"},{"@type":"WebPage","@id":"https:\/\/www.manaus.am.gov.br\/semed\/cme\/atos-normativos\/atos-administrativos\/editais\/","url":"https:\/\/www.manaus.am.gov.br\/semed\/cme\/atos-normativos\/atos-administrativos\/editais\/","name":"Editais - SEMED","isPartOf":{"@id":"https:\/\/www.manaus.am.gov.br\/semed\/#website"},"datePublished":"2024-09-11T17:51:55+00:00","dateModified":"2025-03-31T15:08:27+00:00","breadcrumb":{"@id":"https:\/\/www.manaus.am.gov.br\/semed\/cme\/atos-normativos\/atos-administrativos\/editais\/#breadcrumb"},"inLanguage":"pt-BR","potentialAction":[{"@type":"ReadAction","target":["https:\/\/www.manaus.am.gov.br\/semed\/cme\/atos-normativos\/atos-administrativos\/editais\/"]}]},{"@type":"BreadcrumbList","@id":"https:\/\/www.manaus.am.gov.br\/semed\/cme\/atos-normativos\/atos-administrativos\/editais\/#breadcrumb","itemListElement":[{"@type":"ListItem","position":1,"name":"Conselho Municipal de Educa\u00e7\u00e3o","item":"https:\/\/www.manaus.am.gov.br\/semed\/cme\/"},{"@type":"ListItem","position":2,"name":"Atos Normativos","item":"https:\/\/www.manaus.am.gov.br\/semed\/cme\/atos-normativos\/"},{"@type":"ListItem","position":3,"name":"Atos Administrativos","item":"https:\/\/www.manaus.am.gov.br\/semed\/cme\/atos-normativos\/atos-administrativos\/"},{"@type":"ListItem","position":4,"name":"Editais"}]},{"@type":"WebSite","@id":"https:\/\/www.manaus.am.gov.br\/semed\/#website","url":"https:\/\/www.manaus.am.gov.br\/semed\/","name":"Secretaria Municipal de Educa\u00e7\u00e3o","description":"Secretaria Municipal de Educa\u00e7\u00e3o","publisher":{"@id":"https:\/\/www.manaus.am.gov.br\/semed\/#organization"},"alternateName":"SEMED","potentialAction":[{"@type":"SearchAction","target":{"@type":"EntryPoint","urlTemplate":"https:\/\/www.manaus.am.gov.br\/semed\/?s={search_term_string}"},"query-input":"required name=search_term_string"}],"inLanguage":"pt-BR"},{"@type":"Organization","@id":"https:\/\/www.manaus.am.gov.br\/semed\/#organization","name":"Secretaria de Educa\u00e7\u00e3o","alternateName":"SEMED","url":"https:\/\/www.manaus.am.gov.br\/semed\/","logo":{"@type":"ImageObject","inLanguage":"pt-BR","@id":"https:\/\/www.manaus.am.gov.br\/semed\/#\/schema\/logo\/image\/","url":"https:\/\/www.manaus.am.gov.br\/semed\/wp-content\/uploads\/sites\/3\/2022\/11\/favicon.png","contentUrl":"https:\/\/www.manaus.am.gov.br\/semed\/wp-content\/uploads\/sites\/3\/2022\/11\/favicon.png","width":300,"height":300,"caption":"Secretaria de Educa\u00e7\u00e3o"},"image":{"@id":"https:\/\/www.manaus.am.gov.br\/semed\/#\/schema\/logo\/image\/"}},{"@type":"Person","@id":"https:\/\/www.manaus.am.gov.br\/semed\/#\/schema\/person\/fe69d2249d78e7a3112d42bc34c44a58","name":"Glauber Farias","image":{"@type":"ImageObject","inLanguage":"pt-BR","@id":"https:\/\/www.manaus.am.gov.br\/semed\/#\/schema\/person\/image\/","url":"https:\/\/secure.gravatar.com\/avatar\/eb33200ffd19538372f635b2165531c0?s=96&d=mm&r=g","contentUrl":"https:\/\/secure.gravatar.com\/avatar\/eb33200ffd19538372f635b2165531c0?s=96&d=mm&r=g","caption":"Glauber Farias"}}]}},"_links":{"self":[{"href":"https:\/\/www.manaus.am.gov.br\/semed\/wp-json\/wp\/v2\/pages\/6335"}],"collection":[{"href":"https:\/\/www.manaus.am.gov.br\/semed\/wp-json\/wp\/v2\/pages"}],"about":[{"href":"https:\/\/www.manaus.am.gov.br\/semed\/wp-json\/wp\/v2\/types\/page"}],"author":[{"embeddable":true,"href":"https:\/\/www.manaus.am.gov.br\/semed\/wp-json\/wp\/v2\/users\/8"}],"replies":[{"embeddable":true,"href":"https:\/\/www.manaus.am.gov.br\/semed\/wp-json\/wp\/v2\/comments?post=6335"}],"version-history":[{"count":6,"href":"https:\/\/www.manaus.am.gov.br\/semed\/wp-json\/wp\/v2\/pages\/6335\/revisions"}],"predecessor-version":[{"id":8396,"href":"https:\/\/www.manaus.am.gov.br\/semed\/wp-json\/wp\/v2\/pages\/6335\/revisions\/8396"}],"up":[{"embeddable":true,"href":"https:\/\/www.manaus.am.gov.br\/semed\/wp-json\/wp\/v2\/pages\/6286"}],"wp:attachment":[{"href":"https:\/\/www.manaus.am.gov.br\/semed\/wp-json\/wp\/v2\/media?parent=6335"}],"curies":[{"name":"wp","href":"https:\/\/api.w.org\/{rel}","templated":true}]}}