{"id":6287,"date":"2024-09-11T13:49:06","date_gmt":"2024-09-11T17:49:06","guid":{"rendered":"https:\/\/www.manaus.am.gov.br\/semed\/?page_id=6287"},"modified":"2025-10-06T11:28:26","modified_gmt":"2025-10-06T15:28:26","slug":"portarias","status":"publish","type":"page","link":"https:\/\/www.manaus.am.gov.br\/semed\/cme\/atos-normativos\/atos-administrativos\/portarias\/","title":{"rendered":"Portarias"},"content":{"rendered":"\n<h2 class=\"wp-block-heading\">2025<\/h2>\n\n\n\n<p><strong><a href=\"https:\/\/www.manaus.am.gov.br\/semed\/wp-content\/uploads\/sites\/3\/2025\/10\/001_CME_2025_PORT_CRIACAO_RESOLUCAO_PROIBICAO_USO_CELULAR_NAS_ESCOLAS_DOM.pdf\">PORTARIA N\u00ba 001\/2025-GP\/CME\/MANAUS<\/a><\/strong><\/p>\n\n\n\n<p>Constitui comiss\u00e3o para elaborar resolu\u00e7\u00e3o com base na lei n\u00ba 15.100 de 13\/01\/2025 que disp\u00f5e sobre a utiliza\u00e7\u00e3o, por estudantes, de aparelhos eletr\u00f4nicos port\u00e1teis nos estabelecimentos p\u00fablicos e privados de ensino da Educa\u00e7\u00e3o B\u00e1sica.<\/p>\n\n\n\n<p><strong><a href=\"https:\/\/www.manaus.am.gov.br\/semed\/wp-content\/uploads\/sites\/3\/2025\/10\/002_CME_2025_PORT_DOM-6024-07.03.2025-CAD-1.pdf\">PORTARIA N\u00ba 002\/2025-GP\/CME\/MANAUS<\/a><\/strong><\/p>\n\n\n\n<p>Prorroga o prazo da Portaria 002\/CME\/2023, publicada no DOM, edi\u00e7\u00e3o n\u00ba 5.568 de 18\/04\/2023, por 180 (cento e oitenta) dias.<\/p>\n\n\n\n<p><strong><a href=\"https:\/\/www.manaus.am.gov.br\/semed\/wp-content\/uploads\/sites\/3\/2025\/10\/003_CME_2025_POR_ALTERACAO_RESOLUCAO_003_CME_2023_DOM_26-02-2025.pdf\">PORTARIA N\u00ba 003\/2025-GP\/CME\/MANAUS<\/a><\/strong><\/p>\n\n\n\n<p>Constitui comiss\u00e3o para revisar e atualizar a Resolu\u00e7\u00e3o n\u00ba 003\/CME\/2023 que estabelece crit\u00e9rios e normas para a organiza\u00e7\u00e3o, Credenciamento de institui\u00e7\u00f5es educacionais, Autoriza\u00e7\u00e3o de funcionamento e Renova\u00e7\u00e3o de Autoriza\u00e7\u00e3o da Educa\u00e7\u00e3o Infantil e suas fases do Sistema Municipal de Ensino de Manaus.<\/p>\n\n\n\n<p><strong><a href=\"https:\/\/www.manaus.am.gov.br\/semed\/wp-content\/uploads\/sites\/3\/2025\/10\/003_CME_2025_ERRATA_PORT_COMISSAO_REVISAO_RESOLUCAO_003_CME_2023.pdf\">PORTARIA N\u00ba 003\/2025-GP\/CME\/MANAUS &#8211; ERRATA<\/a><\/strong><\/p>\n\n\n\n<p>Errata da Portaria n\u00ba 003\/2025-GP\/CME\/MANAUS.<\/p>\n\n\n\n<p><strong><a href=\"https:\/\/www.manaus.am.gov.br\/semed\/wp-content\/uploads\/sites\/3\/2025\/10\/004_CME_2025_PORT_COMISSAO_UNCMEAM_2025_DOM-6036-25.03.2025-CAD-1.pdf\">PORTARIA N\u00ba 004\/2025-GP\/CME\/MANAUS<\/a><\/strong><\/p>\n\n\n\n<p>Constitui comiss\u00e3o transit\u00f3ria para organizar a realiza\u00e7\u00e3o do Encontro Regional Norte UNCME e do XVI Semin\u00e1rio Estadual da UNCME Seccional Amazonas.<\/p>\n\n\n\n<p><strong><a href=\"https:\/\/www.manaus.am.gov.br\/semed\/wp-content\/uploads\/sites\/3\/2025\/10\/005_CME_2025_PORT_ATUALIZACAO_REGIMENTO_INTERNO_CONFORME_LEI_3490_09_MAIO_2025.pdf\">PORTARIA N\u00ba 005\/2025-GP\/CME\/MANAUS<\/a><\/strong><\/p>\n\n\n\n<p>Atualiza\u00e7\u00e3o do Regimento Interno.<\/p>\n\n\n\n<p><strong><a href=\"https:\/\/www.manaus.am.gov.br\/semed\/wp-content\/uploads\/sites\/3\/2025\/10\/006_CME_2025_PORT_NOMEIA_SECRETARIA_EXECUTIVA_CME_MAO_DOM-6147-03.09.2025-CAD-1.pdf\">PORTARIA N\u00ba 006\/2025-GP\/CME\/MANAUS<\/a><\/strong><\/p>\n\n\n\n<p>Designa a servidora Nara Helena Te\u00f3filo Pinto, Secret\u00e1ria Executiva do Conselho Municipal de Educa\u00e7\u00e3o de Manaus (CME\/MAO), para o quadri\u00eanio 2025\/2029.<\/p>\n\n\n\n<p><strong><a href=\"https:\/\/www.manaus.am.gov.br\/semed\/wp-content\/uploads\/sites\/3\/2025\/10\/007_CME_2022_PORT_COMISSAO_-MONITORAR_PME_2026_2036_DOM.pdf\">PORTARIA N\u00ba 007\/2025-GP\/CME\/MANAUS<\/a><\/strong><\/p>\n\n\n\n<p>Constitui comiss\u00e3o para monitorar o Plano Municipal de Educa\u00e7\u00e3o de Manaus (PME) em vig\u00eancia durante o quadri\u00eanio 2025\/2029.<\/p>\n\n\n\n<p><strong><a href=\"https:\/\/www.manaus.am.gov.br\/semed\/wp-content\/uploads\/sites\/3\/2025\/10\/008_CME_2024_PORT_COMISSAO_XIII_PLENARIA_ITINERANTE_DOM-1.pdf\">PORTARIA N\u00ba 008\/2025-GP\/CME\/MANAUS<\/a><\/strong><\/p>\n\n\n\n<p>Constitui comiss\u00e3o para organizar e operacionalizar a<strong> <\/strong>XIII Plen\u00e1ria Itinerante do Conselho Municipal de Educa\u00e7\u00e3o de Manaus, a ser realizada em 19\/11\/2025.<\/p>\n\n\n\n<h2 class=\"wp-block-heading\">2024<\/h2>\n\n\n\n<p><strong><a href=\"https:\/\/www.manaus.am.gov.br\/semed\/wp-content\/uploads\/sites\/3\/2024\/09\/Portaria-no-0012024-GPCMEMANAUS1.pdf\">PORTARIA n\u00ba 001\/2024-GP\/CME\/MANAUS<\/a><\/strong><\/p>\n\n\n\n<p>Prorroga o prazo da Portaria n\u00ba 002\/CME\/2023, publicada no DOM, edi\u00e7\u00e3o n\u00ba 5.049 de 08\/03\/2021, por 180 (cento e oitenta) dias.<\/p>\n\n\n\n<p><strong><a href=\"https:\/\/www.manaus.am.gov.br\/semed\/wp-content\/uploads\/sites\/3\/2024\/09\/Portaria-no-0022024-GPCMEMANAUS1.pdf\">PORTARIA n\u00ba 002\/2024-GP\/CME\/MANAUS<\/a><\/strong><\/p>\n\n\n\n<p>Prorroga o prazo da Portaria n\u00ba 007\/2023-GP\/CME\/MANAUS, publicada no DOM, edi\u00e7\u00e3o n\u00ba 5.698 de 31\/10\/2023, at\u00e9 a conclus\u00e3o do bi\u00eanio 2023\/2025.<\/p>\n\n\n\n<p><strong><a href=\"https:\/\/www.manaus.am.gov.br\/semed\/wp-content\/uploads\/sites\/3\/2024\/09\/Portaria-no-0032024-GPCMEMANAUS1.pdf\">PORTARIA n\u00ba 003\/2024-GP\/CME\/MANAUS<\/a><\/strong><\/p>\n\n\n\n<p>Constitui comiss\u00e3o transit\u00f3ria para organizar e operacionalizar a XI Plen\u00e1ria Itinerante do Conselho Municipal de Educa\u00e7\u00e3o de Manaus, a ser realizada no dia 23\/05\/2024.<\/p>\n\n\n\n<h2 class=\"wp-block-heading\"><strong>2023<\/strong><\/h2>\n\n\n\n<p><strong><a href=\"https:\/\/www.manaus.am.gov.br\/semed\/wp-content\/uploads\/sites\/3\/2024\/09\/Portaria-n-001_2023_GP_CME_MANAUS1.pdf\">PORTARIA n\u00ba 001\/2023-GP\/CME\/MANAUS<\/a><\/strong><\/p>\n\n\n\n<p>Constitui Comiss\u00e3o Transit\u00f3ria composta por membros do Colegiado e da Assessoria T\u00e9cnica para organizar a programa\u00e7\u00e3o e acompanhar as atividades referentes \u00e0 concess\u00e3o de Medalha de M\u00e9rito Educacional e Placa de Condecora\u00e7\u00e3o aos agraciados da \u00e1rea, no munic\u00edpio de Manaus, a ser realizada no dia 27\/07\/2023.<\/p>\n\n\n\n<p><strong><a href=\"https:\/\/www.manaus.am.gov.br\/semed\/wp-content\/uploads\/sites\/3\/2024\/09\/Portaria-002-2023_GP_CME_MANAUS1.pdf\">PORTARIA n\u00ba 002\/2023-GP\/CME\/MANAUS<\/a><\/strong><\/p>\n\n\n\n<p>Constitui Comiss\u00e3o Transit\u00f3ria composta por membros do Colegiado e Assessoria T\u00e9cnica para organizar estudos sobre a Resolu\u00e7\u00e3o n\u00ba 011\/CME\/2016 e promover audi\u00eancias p\u00fablicas, objetivando a revis\u00e3o e atualiza\u00e7\u00e3o da referida norma.<\/p>\n\n\n\n<p><strong><a href=\"https:\/\/www.manaus.am.gov.br\/semed\/wp-content\/uploads\/sites\/3\/2024\/09\/PORTARIA-no-0032023-GPCMEMANAUS1.pdf\">PORTARIA n\u00ba 003\/2023-GP\/CME\/MANAUS<\/a><\/strong><\/p>\n\n\n\n<p>Constitui Comiss\u00e3o Transit\u00f3ria para acompanhar as atividades e procedimentos necess\u00e1rios para a realiza\u00e7\u00e3o do XIV Encontro Estadual da UNCME.<\/p>\n\n\n\n<p><strong><a href=\"https:\/\/www.manaus.am.gov.br\/semed\/wp-content\/uploads\/sites\/3\/2024\/09\/PORTARIA-004_2023-GP-CME-MANAUS1.pdf\">PORTARIA n\u00ba 004\/2023-GP\/CME\/MANAUS<\/a><\/strong><\/p>\n\n\n\n<p>Designa a servidora NARA HELENA TE\u00d3FILO PINTO, SECRET\u00c1RIA EXECUTIVA do Conselho Municipal de Educa\u00e7\u00e3o de Manaus (CME\/MAO), no bi\u00eanio 2023\/2025.<\/p>\n\n\n\n<p><strong><a href=\"https:\/\/www.manaus.am.gov.br\/semed\/wp-content\/uploads\/sites\/3\/2024\/09\/PORTARIA-005_2023-GP_CME_MANAUS1.pdf\">PORTARIA n\u00ba 005\/2023-GP\/CME\/MANAUS<\/a><\/strong><\/p>\n\n\n\n<p>Prorroga o prazo da Portaria n\u00ba 002\/CME\/2023, publicada no DOM, Edi\u00e7\u00e3o n. 5.049 de 08.03.2021, por 120 (cento e vinte) dias para conclus\u00e3o dos trabalhos relativos \u00e0 organiza\u00e7\u00e3o dos estudos sobre a Resolu\u00e7\u00e3o n\u00ba 011\/CME\/2016 e promover audi\u00eancias p\u00fablicas com a participa\u00e7\u00e3o do poder p\u00fablico e organiza\u00e7\u00f5es da sociedade civil, objetivando a revis\u00e3o e atualiza\u00e7\u00e3o da referida norma.<\/p>\n\n\n\n<p><strong><a href=\"https:\/\/www.manaus.am.gov.br\/semed\/wp-content\/uploads\/sites\/3\/2024\/09\/PORTARIA-006-2023-GP-CME-MANAUS1.pdf\">PORTARIA n\u00ba 006\/2023-GP\/CME\/MANAUS<\/a><\/strong><\/p>\n\n\n\n<p>Estabelece os procedimentos de tramita\u00e7\u00e3o dos processos de credenciamento, autoriza\u00e7\u00e3o e renova\u00e7\u00e3o de autoriza\u00e7\u00e3o de funcionamento das escolas do Sistema Municipal de Ensino, no \u00e2mbito do Conselho Municipal de Educa\u00e7\u00e3o de Manaus.<\/p>\n\n\n\n<p><strong><a href=\"https:\/\/www.manaus.am.gov.br\/semed\/wp-content\/uploads\/sites\/3\/2024\/09\/PORTARIA-007_2023-GP_CME_MANAUS1.pdf\">PORTARIA n\u00ba 007\/2023-GP\/CME\/MANAUS<\/a><\/strong><\/p>\n\n\n\n<p>Prorroga o prazo da Portaria n\u00ba 006\/CME\/2022, publicada no DOM, Edi\u00e7\u00e3o n. 5.432 de 23.09.2022, por 90 (noventa) dias para conclus\u00e3o dos trabalhos relativos ao monitoramento do Plano Municipal de Educa\u00e7\u00e3o de Manaus.<\/p>\n\n\n\n<p><strong><a href=\"https:\/\/www.manaus.am.gov.br\/semed\/wp-content\/uploads\/sites\/3\/2024\/09\/PORTARIA_008_2023-GP_CME_MANAUS1.pdf\">PORTARIA n\u00ba 008\/2023-GP\/CME\/MANAUS<\/a><\/strong><\/p>\n\n\n\n<p>Constitui Comiss\u00e3o Transit\u00f3ria composta pelos membros deste Conselho e Assessoria T\u00e9cnica para organizar e operacionalizar a X Plen\u00e1ria Itinerante do Conselho Municipal de Educa\u00e7\u00e3o de Manaus, a ser realizada no dia 23 de novembro de 2023<\/p>\n\n\n\n<p><strong><a href=\"https:\/\/www.manaus.am.gov.br\/semed\/wp-content\/uploads\/sites\/3\/2024\/09\/Portaria-Presidente-CME-bienio-2023-20251.pdf\">PORTARIA n\u00ba 2002\/2023-SEMED\/GS<\/a><\/strong><\/p>\n\n\n\n<p>Reconhece a composi\u00e7\u00e3o da Presid\u00eancia do Conselho Municipal de Educa\u00e7\u00e3o, mandato relativo ao bi\u00eanio: 2023\/2025.<\/p>\n\n\n\n<h2 class=\"wp-block-heading\"><strong>2022<\/strong><\/h2>\n\n\n\n<p><strong><a href=\"https:\/\/www.manaus.am.gov.br\/semed\/wp-content\/uploads\/sites\/3\/2024\/09\/PORTARIA_001_CME_2022_GP1.pdf\">PORTARIA_001_CME_2022_GP<\/a><\/strong><br>Constitui Comiss\u00e3o Transit\u00f3ria composta por membros do Colegiado e da Assessoria T\u00e9cnica para organizar e operacionalizar a IX Plen\u00e1ria Itinerante do Conselho Municipal de Educa\u00e7\u00e3o de Manaus, a ser realizada no dia 09 de junho de 2022.<\/p>\n\n\n\n<p><strong><a href=\"https:\/\/www.manaus.am.gov.br\/semed\/wp-content\/uploads\/sites\/3\/2024\/09\/PORTARIA_002_CME_2022_GP1.pdf\">PORTARIA_002_CME_2022_GP<\/a><\/strong><br>Prorroga o prazo da Portaria n. 001\/CME\/2021.<\/p>\n\n\n\n<p><strong><a href=\"https:\/\/www.manaus.am.gov.br\/semed\/wp-content\/uploads\/sites\/3\/2024\/09\/PORTARIA_003_CME_2022_GP1.pdf\">PORTARIA_003_CME_2022_GP<\/a><\/strong><br>Prorroga o prazo da Portaria n. 003\/CME\/2021.<\/p>\n\n\n\n<p><strong><a href=\"https:\/\/www.manaus.am.gov.br\/semed\/wp-content\/uploads\/sites\/3\/2024\/09\/PORTARIA_004_CME_2022_GP1.pdf\">PORTARIA_004_CME_2022_GP<\/a><\/strong><br>Constitui comiss\u00e3o para estudar o atual modelo de an\u00e1lise dos processos de credenciamento, autoriza\u00e7\u00e3o de funcionamento e renova\u00e7\u00e3o de autoriza\u00e7\u00e3o de funcionamento e propor um novo modelo, padronizado e com crit\u00e9rios de an\u00e1lise estritamente objetivos.<\/p>\n\n\n\n<p><strong><a href=\"https:\/\/www.manaus.am.gov.br\/semed\/wp-content\/uploads\/sites\/3\/2024\/09\/PORTARIA_005_CME_2022_GP1.pdf\">PORTARIA_005\/CME\/2022_GP<\/a><\/strong><br>Altera a Portaria n. 014\/CME\/2021, publicada no DOM, Edi\u00e7\u00e3o n. 5.293 quanto \u00e0 composi\u00e7\u00e3o do Grupo de Trabalho Interinstitucional (GTI).<\/p>\n\n\n\n<p><strong><a href=\"https:\/\/www.manaus.am.gov.br\/semed\/wp-content\/uploads\/sites\/3\/2024\/09\/PORTARIA_006_CME_2022_GP1.pdf\">PORTARIA_006_CME_2022_GP<\/a><\/strong><br>Constitui Comiss\u00e3o Transit\u00f3ria para monitorar o Plano Municipal de Educa\u00e7\u00e3o de Manaus (PME).<\/p>\n\n\n\n<p><strong><a href=\"https:\/\/www.manaus.am.gov.br\/semed\/wp-content\/uploads\/sites\/3\/2024\/09\/PORTARIA_007_CME_2022_GP1.pdf\">PORTARIA_007_CME_2022_GP<\/a><\/strong><\/p>\n\n\n\n<p>Constitui Comiss\u00e3o Transit\u00f3ria para acompanhar as atividades e procedimentos necess\u00e1rios \u00e0 realiza\u00e7\u00e3o do XIII Encontro Estadual da Uni\u00e3o Nacional dos Conselhos Municipais de Educa\u00e7\u00e3o\/Coordena\u00e7\u00e3o do Amazonas (UNCME\/AM).<\/p>\n\n\n\n<p><strong><a href=\"https:\/\/www.manaus.am.gov.br\/semed\/wp-content\/uploads\/sites\/3\/2024\/09\/PORTARIA_008_CME_2022_GP1.pdf\">PORTARIA_008_CME_2022_GP<\/a><\/strong><br>Constitui Comiss\u00e3o Transit\u00f3ria para revisar e atualizar a Resolu\u00e7\u00e3o n. 027\/CME\/2018.<\/p>\n\n\n\n<p><strong><a href=\"https:\/\/www.manaus.am.gov.br\/semed\/wp-content\/uploads\/sites\/3\/2024\/09\/PORTARIA_009_CME_2022_GP1.pdf\">PORTARIA_009_CME_2022_GP<\/a><\/strong><br>Constitui Comiss\u00e3o Transit\u00f3ria para revisar e atualizar a Resolu\u00e7\u00e3o n. 013\/CME\/2019.<\/p>\n\n\n\n<p><strong><a href=\"https:\/\/www.manaus.am.gov.br\/semed\/wp-content\/uploads\/sites\/3\/2024\/09\/PORTARIA_011_CME_2022_GP1.pdf\">PORTARIA_011_CME_2022_GP<\/a><\/strong><br>Constitui Comiss\u00e3o Transit\u00f3ria para revisar e atualizar a Resolu\u00e7\u00e3o n. 019\/CME\/2013.<\/p>\n\n\n\n<p><strong><a href=\"https:\/\/www.manaus.am.gov.br\/semed\/wp-content\/uploads\/sites\/3\/2024\/09\/PORTARIA_012_CME_2022_GP1.pdf\">PORTARIA_012_CME_2022_GP<\/a><\/strong><br>Designa a servidora Eukelly Cristhie Penedo de Oliveira para responder pela Secretaria Executiva do CME, no per\u00edodo de 02 a 31.01.2023, em raz\u00e3o de f\u00e9rias da titular.<\/p>\n\n\n\n<h2 class=\"wp-block-heading\"><strong>2021<\/strong><\/h2>\n\n\n\n<p><strong><a href=\"https:\/\/www.manaus.am.gov.br\/semed\/wp-content\/uploads\/sites\/3\/2024\/09\/PORTARIA_001_CME_2021_GP1.pdf\">PORTARIA_001_CME_2021_GP<\/a><\/strong><br>Constitui Comiss\u00e3o para realizar estudos e levantamentos de dados referentes \u00e0 Forma\u00e7\u00e3o Docente x Atua\u00e7\u00e3o Docente na Rede Municipal de Ensino, bem como propor medidas saneadoras.<\/p>\n\n\n\n<p><strong><a href=\"https:\/\/www.manaus.am.gov.br\/semed\/wp-content\/uploads\/sites\/3\/2024\/09\/PORTARIA_002_CME_2021_GP1.pdf\">PORTARIA_002_CME_2021_GP<\/a><\/strong><br>Constitui Comiss\u00e3o para realizar estudos e propor solu\u00e7\u00f5es sobre a tem\u00e1tica: altas habilidades x superdota\u00e7\u00e3o.<\/p>\n\n\n\n<p><strong><a href=\"https:\/\/www.manaus.am.gov.br\/semed\/wp-content\/uploads\/sites\/3\/2024\/09\/PORTARIA_003_CME_2021_GP1.pdf\">PORTARIA_003_CME_2021_GP<\/a><\/strong><br>Constitui Comiss\u00e3o para realizar mapeamento e propor medidas para simplifica\u00e7\u00e3o, desburocratiza\u00e7\u00e3o e normatiza\u00e7\u00e3o dos fluxos e processos de trabalho do CME.<\/p>\n\n\n\n<p><strong><a href=\"https:\/\/www.manaus.am.gov.br\/semed\/wp-content\/uploads\/sites\/3\/2024\/09\/PORTARIA_004_CME_2021_GP1.pdf\">PORTARIA_004_CME_2021_GP<\/a><\/strong><br>Constitui Comiss\u00e3o para realizar, por meio de recursos de Tecnologia da Informa\u00e7\u00e3o e Comunica\u00e7\u00e3o (TICs), mapeamento das escolas privadas irregulares em funcionamento e propor medidas saneadoras.<\/p>\n\n\n\n<p><strong><a href=\"https:\/\/www.manaus.am.gov.br\/semed\/wp-content\/uploads\/sites\/3\/2024\/09\/PORTARIA_005_CME_2021_GP1.pdf\">PORTARIA_005_CME_2021_GP<\/a><\/strong><br>Prorroga o prazo da Portaria n. 007\/CME\/2020, publicada no DOM 4981 de 07.12.2020, por mais 120 (cento e vinte) dias para conclus\u00e3o dos trabalhos relativos \u00e0 elabora\u00e7\u00e3o da Minuta de Resolu\u00e7\u00e3o estabelecendo crit\u00e9rios para Constru\u00e7\u00e3o do Projeto Pol\u00edtico-Pedag\u00f3gico e Regimento Escolar das Institui\u00e7\u00f5es Educacionais Integrantes do Sistema Municipal de Ensino de Manaus.<\/p>\n\n\n\n<p><strong><a href=\"https:\/\/www.manaus.am.gov.br\/semed\/wp-content\/uploads\/sites\/3\/2024\/09\/PORTARIA_006_CME_2021_GP1.pdf\">PORTARIA_006_CME_2021_GP<\/a><\/strong><br>Constitui Comiss\u00e3o para planejar, executar e avaliar o XII Encontro Estadual da Uni\u00e3o Nacional dos Conselhos Municipais de Educa\u00e7\u00e3o\/Coordena\u00e7\u00e3o do Amazonas.<\/p>\n\n\n\n<p><strong><a href=\"https:\/\/www.manaus.am.gov.br\/semed\/wp-content\/uploads\/sites\/3\/2024\/09\/PORTARIA_007_CME_2021_GP1.pdf\">PORTARIA_007_CME_2021_GP<\/a><\/strong><br>Prorroga o prazo da Portaria n. 002\/CME\/2021, publicada no DOM, Edi\u00e7\u00e3o n. 5.049 de 08.03.2021, por 30 (trinta) dias para conclus\u00e3o dos trabalhos relativos \u00e0 realiza\u00e7\u00e3o de estudos e proposi\u00e7\u00f5es de solu\u00e7\u00f5es sobre a tem\u00e1tica: altas habilidades x superdota\u00e7\u00e3o.<\/p>\n\n\n\n<p><strong><a href=\"https:\/\/www.manaus.am.gov.br\/semed\/wp-content\/uploads\/sites\/3\/2024\/09\/PORTARIA_008_CME_2021_GP1.pdf\">PORTARIA_008_CME_2021_GP<\/a><\/strong><br>Anula, em raz\u00e3o de duplicidade, as publica\u00e7\u00f5es veiculadas no Di\u00e1rio Oficial do Munic\u00edpio de Manaus (DOM) do dia 23 de fevereiro de 2020, edi\u00e7\u00e3o n. 5040, caderno 1, p\u00e1gina 9, listadas a seguir:<br>1. Resolu\u00e7\u00e3o n. 167\/CME\/2020 (EM Padre Puga);<br>2. Resolu\u00e7\u00e3o n. 191\/CME\/2020 (CMEI Madre El\u00edsia).<\/p>\n\n\n\n<p><strong><a href=\"https:\/\/www.manaus.am.gov.br\/semed\/wp-content\/uploads\/sites\/3\/2024\/09\/PORTARIA_009_CME_2021_GP1.pdf\">PORTARIA_009_CME_2021_GP<\/a><\/strong><br>Anula, em raz\u00e3o de duplicidade, as publica\u00e7\u00f5es veiculadas no Di\u00e1rio Oficial do Munic\u00edpio de Manaus (DOM) do dia 05 de abril de 2020, Edi\u00e7\u00e3o n. 5068, caderno 1, p\u00e1ginas 7 a 9, listadas a seguir:<br>1. Resolu\u00e7\u00e3o n. 070\/CME\/2020 (EM Paulo Freire);<br>2. Resolu\u00e7\u00e3o n. 077\/CME\/2020 (CMEI Jo\u00e3o Barbosa);<br>3. Resolu\u00e7\u00e3o n. 090\/CME\/2020 (CMEI Maestro Dirson Costa);<br>4. Resolu\u00e7\u00e3o n. 182\/CME\/2020 (EM Ant\u00f4nio Matias Fernandes);<br>5. Resolu\u00e7\u00e3o n. 194\/CME\/2020 (EM Arthur C\u00e9zar Ferreira Reis);<br>6. Resolu\u00e7\u00e3o n. 231\/CME\/2020 (EM Ign\u00eas de Vasconcelos);<br>7. Resolu\u00e7\u00e3o n. 232\/CME\/2020 (CMEI Joelma Silva).<\/p>\n\n\n\n<p><strong><a href=\"https:\/\/www.manaus.am.gov.br\/semed\/wp-content\/uploads\/sites\/3\/2024\/09\/PORTARIA_010_CME_2021_GP1.pdf\">PORTARIA_010_CME_2021_GP<\/a><\/strong><br>Anula, em raz\u00e3o de duplicidade, a publica\u00e7\u00e3o veiculada no Di\u00e1rio Oficial do Munic\u00edpio de Manaus (DOM) do dia 22 de fevereiro de 2021, edi\u00e7\u00e3o n. 5039, p\u00e1gina 12, listada a seguir:<br>1. Resolu\u00e7\u00e3o n. 120\/CME\/2020 \u2013 Escola Municipal Professor Raimundo Gon\u00e7alves Nogueira.<\/p>\n\n\n\n<p><strong><a href=\"https:\/\/www.manaus.am.gov.br\/semed\/wp-content\/uploads\/sites\/3\/2024\/09\/PORTARIA_011_CME_2021_GP1.pdf\">PORTARIA_011_CME_2021_GP<\/a><\/strong><br>Prorroga o prazo da Portaria n. 003\/CME\/2021.<\/p>\n\n\n\n<p><strong><a href=\"https:\/\/www.manaus.am.gov.br\/semed\/wp-content\/uploads\/sites\/3\/2024\/09\/PORTARIA_012_CME_2021_GP1.pdf\">PORTARIA_012_CME_2021_GP<\/a><\/strong><br>Prorroga o prazo da Portaria n. 004\/CME\/2021.<\/p>\n\n\n\n<p><strong><a href=\"https:\/\/www.manaus.am.gov.br\/semed\/wp-content\/uploads\/sites\/3\/2024\/09\/PORTARIA_013_CME_2021_GP1.pdf\">PORTARIA_013_CME_2021_GP<\/a><\/strong><br>Designa a fun\u00e7\u00e3o de Secret\u00e1ria Executiva do Conselho Municipal de Educa\u00e7\u00e3o de Manaus (CME\/MAO), no bi\u00eanio 2021\/2023, \u00e0 servidora Nara Helena Te\u00f3filo Pinto.<\/p>\n\n\n\n<p><strong><a href=\"https:\/\/www.manaus.am.gov.br\/semed\/wp-content\/uploads\/sites\/3\/2024\/09\/PORTARIA_014_CME_2021_GP1.pdf\">PORTARIA_014_CME_2021_GP<\/a><\/strong><br>Constitui Grupo de Trabalho Interinstitucional para realizar discuss\u00f5es e proposi\u00e7\u00f5es sobre o ensino para estrangeiros (em especial o ensino de portugu\u00eas) para o Sistema Municipal de Ensino de Manaus-AM.<\/p>\n\n\n\n<h2 class=\"wp-block-heading\"><strong>2020<\/strong><\/h2>\n\n\n\n<p><strong><a href=\"https:\/\/www.manaus.am.gov.br\/semed\/wp-content\/uploads\/sites\/3\/2024\/09\/PORTARIA_001_CME_2020_GP-11.pdf\">PORTARIA_001_CME_2020_GP<\/a><\/strong><br>Referenda os temas e a comiss\u00e3o constitu\u00edda pela Portaria CEE\/AM n. 42 de 12 de novembro de 2019.<\/p>\n\n\n\n<p><strong><a href=\"https:\/\/www.manaus.am.gov.br\/semed\/wp-content\/uploads\/sites\/3\/2024\/09\/PORTARIA_003_CME_2020_GP1.pdf\">PORTARIA_003_CME_2020_GP<\/a><\/strong><br>Constitui Comiss\u00e3o para elaborar a programa\u00e7\u00e3o e acompanhar todas as atividades relativas \u00e0 concess\u00e3o de Medalha de M\u00e9rito Educacional e Placa de Condecora\u00e7\u00e3o.<\/p>\n\n\n\n<p><strong><a href=\"https:\/\/www.manaus.am.gov.br\/semed\/wp-content\/uploads\/sites\/3\/2024\/09\/PORTARIA_007_CME_2020_GP1.pdf\">PORTARIA_007_CME_2020_GP<\/a><\/strong><br>Constitui Comiss\u00e3o transit\u00f3ria para elaborar Minuta de Resolu\u00e7\u00e3o estabelecendo crit\u00e9rios para Constru\u00e7\u00e3o do Projeto Pol\u00edtico-Pedag\u00f3gico e Regimento Escolar das Institui\u00e7\u00f5es Educacionais Integrantes do Sistema Municipal de Ensino de Manaus.<\/p>\n\n\n\n<h2 class=\"wp-block-heading\"><strong>2015<\/strong><\/h2>\n\n\n\n<p><strong><a href=\"https:\/\/www.manaus.am.gov.br\/semed\/wp-content\/uploads\/sites\/3\/2024\/09\/PORTARIA_005_CME_2015_GP1.pdf\">PORTARIA_005_CME_2015_GP<\/a><\/strong><br>Divulga o prazo at\u00e9 30 de setembro para solicita\u00e7\u00e3o de abertura de processo para credenciamento e autoriza\u00e7\u00e3o de funcionamento \u00e0s institui\u00e7\u00f5es privadas de Educa\u00e7\u00e3o Infantil, mediante entrega da documenta\u00e7\u00e3o constante nos artigos 12 e 13 da Resolu\u00e7\u00e3o n. 009\/CME\/2015 publicada no DOM dia 28 de julho de 2015, edi\u00e7\u00e3o 3698.<\/p>\n\n\n\n<p><strong><a href=\"https:\/\/www.manaus.am.gov.br\/semed\/wp-content\/uploads\/sites\/3\/2024\/09\/PORTARIA_006_CME_2015_GP1.pdf\">PORTARIA_006_CME_2015_GP<\/a><\/strong><br>Constitui Comiss\u00e3o Transit\u00f3ria, composta pelos membros deste Conselho abaixo nominados, para sob a coordena\u00e7\u00e3o do primeiro, elaborar o Plano de Metas do Conselho Municipal de Educa\u00e7\u00e3o 2016.<\/p>\n\n\n\n<p><strong><a href=\"https:\/\/www.manaus.am.gov.br\/semed\/wp-content\/uploads\/sites\/3\/2024\/09\/PORTARIA_007_CME_2015_GP1.pdf\">PORTARIA_007_CME_2015_GP<\/a><\/strong><br>Constitui Comiss\u00e3o Transit\u00f3ria, composta pelos membros deste Conselho abaixo nominados, para sob a coordena\u00e7\u00e3o do primeiro, realizar tabula\u00e7\u00e3o de dados das Escolas regularizadas e em processo de regulariza\u00e7\u00e3o do Sistema Municipal de Ensino.<\/p>\n","protected":false},"excerpt":{"rendered":"","protected":false},"author":8,"featured_media":0,"parent":6286,"menu_order":0,"comment_status":"closed","ping_status":"closed","template":"","meta":{"footnotes":""},"acf":[],"yoast_head":"<!-- This site is optimized with the Yoast SEO plugin v23.0 - https:\/\/yoast.com\/wordpress\/plugins\/seo\/ -->\n<title>Portarias - SEMED<\/title>\n<meta name=\"robots\" content=\"index, follow, max-snippet:-1, max-image-preview:large, max-video-preview:-1\" \/>\n<link rel=\"canonical\" href=\"https:\/\/www.manaus.am.gov.br\/semed\/cme\/atos-normativos\/atos-administrativos\/portarias\/\" \/>\n<meta property=\"og:locale\" content=\"pt_BR\" \/>\n<meta property=\"og:type\" content=\"article\" \/>\n<meta property=\"og:title\" content=\"Portarias - SEMED\" \/>\n<meta property=\"og:url\" content=\"https:\/\/www.manaus.am.gov.br\/semed\/cme\/atos-normativos\/atos-administrativos\/portarias\/\" \/>\n<meta property=\"og:site_name\" content=\"SEMED\" \/>\n<meta property=\"article:modified_time\" content=\"2025-10-06T15:28:26+00:00\" \/>\n<meta property=\"og:image\" content=\"https:\/\/www.manaus.am.gov.br\/semed\/wp-content\/uploads\/sites\/3\/2024\/07\/thumb-default-2.png\" \/>\n\t<meta property=\"og:image:width\" content=\"966\" \/>\n\t<meta property=\"og:image:height\" content=\"520\" \/>\n\t<meta property=\"og:image:type\" content=\"image\/png\" \/>\n<meta name=\"twitter:card\" content=\"summary_large_image\" \/>\n<meta name=\"twitter:label1\" content=\"Est. reading time\" \/>\n\t<meta name=\"twitter:data1\" content=\"9 minutos\" \/>\n<script type=\"application\/ld+json\" class=\"yoast-schema-graph\">{\"@context\":\"https:\/\/schema.org\",\"@graph\":[{\"@type\":\"Article\",\"@id\":\"https:\/\/www.manaus.am.gov.br\/semed\/cme\/atos-normativos\/atos-administrativos\/portarias\/#article\",\"isPartOf\":{\"@id\":\"https:\/\/www.manaus.am.gov.br\/semed\/cme\/atos-normativos\/atos-administrativos\/portarias\/\"},\"author\":{\"name\":\"Glauber Farias\",\"@id\":\"https:\/\/www.manaus.am.gov.br\/semed\/#\/schema\/person\/fe69d2249d78e7a3112d42bc34c44a58\"},\"headline\":\"Portarias\",\"datePublished\":\"2024-09-11T17:49:06+00:00\",\"dateModified\":\"2025-10-06T15:28:26+00:00\",\"mainEntityOfPage\":{\"@id\":\"https:\/\/www.manaus.am.gov.br\/semed\/cme\/atos-normativos\/atos-administrativos\/portarias\/\"},\"wordCount\":1738,\"publisher\":{\"@id\":\"https:\/\/www.manaus.am.gov.br\/semed\/#organization\"},\"inLanguage\":\"pt-BR\"},{\"@type\":\"WebPage\",\"@id\":\"https:\/\/www.manaus.am.gov.br\/semed\/cme\/atos-normativos\/atos-administrativos\/portarias\/\",\"url\":\"https:\/\/www.manaus.am.gov.br\/semed\/cme\/atos-normativos\/atos-administrativos\/portarias\/\",\"name\":\"Portarias - SEMED\",\"isPartOf\":{\"@id\":\"https:\/\/www.manaus.am.gov.br\/semed\/#website\"},\"datePublished\":\"2024-09-11T17:49:06+00:00\",\"dateModified\":\"2025-10-06T15:28:26+00:00\",\"breadcrumb\":{\"@id\":\"https:\/\/www.manaus.am.gov.br\/semed\/cme\/atos-normativos\/atos-administrativos\/portarias\/#breadcrumb\"},\"inLanguage\":\"pt-BR\",\"potentialAction\":[{\"@type\":\"ReadAction\",\"target\":[\"https:\/\/www.manaus.am.gov.br\/semed\/cme\/atos-normativos\/atos-administrativos\/portarias\/\"]}]},{\"@type\":\"BreadcrumbList\",\"@id\":\"https:\/\/www.manaus.am.gov.br\/semed\/cme\/atos-normativos\/atos-administrativos\/portarias\/#breadcrumb\",\"itemListElement\":[{\"@type\":\"ListItem\",\"position\":1,\"name\":\"Conselho Municipal de Educa\u00e7\u00e3o\",\"item\":\"https:\/\/www.manaus.am.gov.br\/semed\/cme\/\"},{\"@type\":\"ListItem\",\"position\":2,\"name\":\"Atos Normativos\",\"item\":\"https:\/\/www.manaus.am.gov.br\/semed\/cme\/atos-normativos\/\"},{\"@type\":\"ListItem\",\"position\":3,\"name\":\"Atos Administrativos\",\"item\":\"https:\/\/www.manaus.am.gov.br\/semed\/cme\/atos-normativos\/atos-administrativos\/\"},{\"@type\":\"ListItem\",\"position\":4,\"name\":\"Portarias\"}]},{\"@type\":\"WebSite\",\"@id\":\"https:\/\/www.manaus.am.gov.br\/semed\/#website\",\"url\":\"https:\/\/www.manaus.am.gov.br\/semed\/\",\"name\":\"Secretaria Municipal de Educa\u00e7\u00e3o\",\"description\":\"Secretaria Municipal de Educa\u00e7\u00e3o\",\"publisher\":{\"@id\":\"https:\/\/www.manaus.am.gov.br\/semed\/#organization\"},\"alternateName\":\"SEMED\",\"potentialAction\":[{\"@type\":\"SearchAction\",\"target\":{\"@type\":\"EntryPoint\",\"urlTemplate\":\"https:\/\/www.manaus.am.gov.br\/semed\/?s={search_term_string}\"},\"query-input\":\"required name=search_term_string\"}],\"inLanguage\":\"pt-BR\"},{\"@type\":\"Organization\",\"@id\":\"https:\/\/www.manaus.am.gov.br\/semed\/#organization\",\"name\":\"Secretaria de Educa\u00e7\u00e3o\",\"alternateName\":\"SEMED\",\"url\":\"https:\/\/www.manaus.am.gov.br\/semed\/\",\"logo\":{\"@type\":\"ImageObject\",\"inLanguage\":\"pt-BR\",\"@id\":\"https:\/\/www.manaus.am.gov.br\/semed\/#\/schema\/logo\/image\/\",\"url\":\"https:\/\/www.manaus.am.gov.br\/semed\/wp-content\/uploads\/sites\/3\/2022\/11\/favicon.png\",\"contentUrl\":\"https:\/\/www.manaus.am.gov.br\/semed\/wp-content\/uploads\/sites\/3\/2022\/11\/favicon.png\",\"width\":300,\"height\":300,\"caption\":\"Secretaria de Educa\u00e7\u00e3o\"},\"image\":{\"@id\":\"https:\/\/www.manaus.am.gov.br\/semed\/#\/schema\/logo\/image\/\"}},{\"@type\":\"Person\",\"@id\":\"https:\/\/www.manaus.am.gov.br\/semed\/#\/schema\/person\/fe69d2249d78e7a3112d42bc34c44a58\",\"name\":\"Glauber Farias\",\"image\":{\"@type\":\"ImageObject\",\"inLanguage\":\"pt-BR\",\"@id\":\"https:\/\/www.manaus.am.gov.br\/semed\/#\/schema\/person\/image\/\",\"url\":\"https:\/\/secure.gravatar.com\/avatar\/eb33200ffd19538372f635b2165531c0?s=96&d=mm&r=g\",\"contentUrl\":\"https:\/\/secure.gravatar.com\/avatar\/eb33200ffd19538372f635b2165531c0?s=96&d=mm&r=g\",\"caption\":\"Glauber Farias\"}}]}<\/script>\n<!-- \/ Yoast SEO plugin. -->","yoast_head_json":{"title":"Portarias - SEMED","robots":{"index":"index","follow":"follow","max-snippet":"max-snippet:-1","max-image-preview":"max-image-preview:large","max-video-preview":"max-video-preview:-1"},"canonical":"https:\/\/www.manaus.am.gov.br\/semed\/cme\/atos-normativos\/atos-administrativos\/portarias\/","og_locale":"pt_BR","og_type":"article","og_title":"Portarias - SEMED","og_url":"https:\/\/www.manaus.am.gov.br\/semed\/cme\/atos-normativos\/atos-administrativos\/portarias\/","og_site_name":"SEMED","article_modified_time":"2025-10-06T15:28:26+00:00","og_image":[{"width":966,"height":520,"url":"https:\/\/www.manaus.am.gov.br\/semed\/wp-content\/uploads\/sites\/3\/2024\/07\/thumb-default-2.png","type":"image\/png"}],"twitter_card":"summary_large_image","twitter_misc":{"Est. reading time":"9 minutos"},"schema":{"@context":"https:\/\/schema.org","@graph":[{"@type":"Article","@id":"https:\/\/www.manaus.am.gov.br\/semed\/cme\/atos-normativos\/atos-administrativos\/portarias\/#article","isPartOf":{"@id":"https:\/\/www.manaus.am.gov.br\/semed\/cme\/atos-normativos\/atos-administrativos\/portarias\/"},"author":{"name":"Glauber Farias","@id":"https:\/\/www.manaus.am.gov.br\/semed\/#\/schema\/person\/fe69d2249d78e7a3112d42bc34c44a58"},"headline":"Portarias","datePublished":"2024-09-11T17:49:06+00:00","dateModified":"2025-10-06T15:28:26+00:00","mainEntityOfPage":{"@id":"https:\/\/www.manaus.am.gov.br\/semed\/cme\/atos-normativos\/atos-administrativos\/portarias\/"},"wordCount":1738,"publisher":{"@id":"https:\/\/www.manaus.am.gov.br\/semed\/#organization"},"inLanguage":"pt-BR"},{"@type":"WebPage","@id":"https:\/\/www.manaus.am.gov.br\/semed\/cme\/atos-normativos\/atos-administrativos\/portarias\/","url":"https:\/\/www.manaus.am.gov.br\/semed\/cme\/atos-normativos\/atos-administrativos\/portarias\/","name":"Portarias - SEMED","isPartOf":{"@id":"https:\/\/www.manaus.am.gov.br\/semed\/#website"},"datePublished":"2024-09-11T17:49:06+00:00","dateModified":"2025-10-06T15:28:26+00:00","breadcrumb":{"@id":"https:\/\/www.manaus.am.gov.br\/semed\/cme\/atos-normativos\/atos-administrativos\/portarias\/#breadcrumb"},"inLanguage":"pt-BR","potentialAction":[{"@type":"ReadAction","target":["https:\/\/www.manaus.am.gov.br\/semed\/cme\/atos-normativos\/atos-administrativos\/portarias\/"]}]},{"@type":"BreadcrumbList","@id":"https:\/\/www.manaus.am.gov.br\/semed\/cme\/atos-normativos\/atos-administrativos\/portarias\/#breadcrumb","itemListElement":[{"@type":"ListItem","position":1,"name":"Conselho Municipal de Educa\u00e7\u00e3o","item":"https:\/\/www.manaus.am.gov.br\/semed\/cme\/"},{"@type":"ListItem","position":2,"name":"Atos Normativos","item":"https:\/\/www.manaus.am.gov.br\/semed\/cme\/atos-normativos\/"},{"@type":"ListItem","position":3,"name":"Atos Administrativos","item":"https:\/\/www.manaus.am.gov.br\/semed\/cme\/atos-normativos\/atos-administrativos\/"},{"@type":"ListItem","position":4,"name":"Portarias"}]},{"@type":"WebSite","@id":"https:\/\/www.manaus.am.gov.br\/semed\/#website","url":"https:\/\/www.manaus.am.gov.br\/semed\/","name":"Secretaria Municipal de Educa\u00e7\u00e3o","description":"Secretaria Municipal de Educa\u00e7\u00e3o","publisher":{"@id":"https:\/\/www.manaus.am.gov.br\/semed\/#organization"},"alternateName":"SEMED","potentialAction":[{"@type":"SearchAction","target":{"@type":"EntryPoint","urlTemplate":"https:\/\/www.manaus.am.gov.br\/semed\/?s={search_term_string}"},"query-input":"required name=search_term_string"}],"inLanguage":"pt-BR"},{"@type":"Organization","@id":"https:\/\/www.manaus.am.gov.br\/semed\/#organization","name":"Secretaria de Educa\u00e7\u00e3o","alternateName":"SEMED","url":"https:\/\/www.manaus.am.gov.br\/semed\/","logo":{"@type":"ImageObject","inLanguage":"pt-BR","@id":"https:\/\/www.manaus.am.gov.br\/semed\/#\/schema\/logo\/image\/","url":"https:\/\/www.manaus.am.gov.br\/semed\/wp-content\/uploads\/sites\/3\/2022\/11\/favicon.png","contentUrl":"https:\/\/www.manaus.am.gov.br\/semed\/wp-content\/uploads\/sites\/3\/2022\/11\/favicon.png","width":300,"height":300,"caption":"Secretaria de Educa\u00e7\u00e3o"},"image":{"@id":"https:\/\/www.manaus.am.gov.br\/semed\/#\/schema\/logo\/image\/"}},{"@type":"Person","@id":"https:\/\/www.manaus.am.gov.br\/semed\/#\/schema\/person\/fe69d2249d78e7a3112d42bc34c44a58","name":"Glauber Farias","image":{"@type":"ImageObject","inLanguage":"pt-BR","@id":"https:\/\/www.manaus.am.gov.br\/semed\/#\/schema\/person\/image\/","url":"https:\/\/secure.gravatar.com\/avatar\/eb33200ffd19538372f635b2165531c0?s=96&d=mm&r=g","contentUrl":"https:\/\/secure.gravatar.com\/avatar\/eb33200ffd19538372f635b2165531c0?s=96&d=mm&r=g","caption":"Glauber Farias"}}]}},"_links":{"self":[{"href":"https:\/\/www.manaus.am.gov.br\/semed\/wp-json\/wp\/v2\/pages\/6287"}],"collection":[{"href":"https:\/\/www.manaus.am.gov.br\/semed\/wp-json\/wp\/v2\/pages"}],"about":[{"href":"https:\/\/www.manaus.am.gov.br\/semed\/wp-json\/wp\/v2\/types\/page"}],"author":[{"embeddable":true,"href":"https:\/\/www.manaus.am.gov.br\/semed\/wp-json\/wp\/v2\/users\/8"}],"replies":[{"embeddable":true,"href":"https:\/\/www.manaus.am.gov.br\/semed\/wp-json\/wp\/v2\/comments?post=6287"}],"version-history":[{"count":5,"href":"https:\/\/www.manaus.am.gov.br\/semed\/wp-json\/wp\/v2\/pages\/6287\/revisions"}],"predecessor-version":[{"id":10030,"href":"https:\/\/www.manaus.am.gov.br\/semed\/wp-json\/wp\/v2\/pages\/6287\/revisions\/10030"}],"up":[{"embeddable":true,"href":"https:\/\/www.manaus.am.gov.br\/semed\/wp-json\/wp\/v2\/pages\/6286"}],"wp:attachment":[{"href":"https:\/\/www.manaus.am.gov.br\/semed\/wp-json\/wp\/v2\/media?parent=6287"}],"curies":[{"name":"wp","href":"https:\/\/api.w.org\/{rel}","templated":true}]}}