{"id":6215,"date":"2024-09-11T12:33:44","date_gmt":"2024-09-11T16:33:44","guid":{"rendered":"https:\/\/www.manaus.am.gov.br\/semed\/?page_id=6215"},"modified":"2026-03-10T15:54:21","modified_gmt":"2026-03-10T19:54:21","slug":"escolas-cme","status":"publish","type":"page","link":"https:\/\/www.manaus.am.gov.br\/semed\/cme\/escolas-cme\/","title":{"rendered":"Rela\u00e7\u00e3o de Escolas Credenciadas no CME\/Manaus"},"content":{"rendered":"\n<h3 class=\"wp-block-heading\"><strong>ESCOLAS CREDENCIADAS E AUTORIZADAS<\/strong><\/h3>\n\n\n\n<p><a href=\"https:\/\/www.manaus.am.gov.br\/semed\/wp-content\/uploads\/sites\/3\/2026\/03\/10.-ESCOLAS_CRED_E_AUT-_ATUALIZADA_POR_ZONA__2026.pdf\">Rela\u00e7\u00e3o de Escolas Credenciadas e Autorizadas. Atualizada at\u00e9 04\/03\/2026<\/a><\/p>\n\n\n\n<p><\/p>\n\n\n\n<p><\/p>\n\n\n\n<h3 class=\"wp-block-heading\"><strong>SUBS\u00cdDIOS PARA AS ESCOLAS<\/strong><\/h3>\n\n\n\n<p><a href=\"https:\/\/www.manaus.am.gov.br\/semed\/wp-content\/uploads\/sites\/3\/2024\/09\/ORIENTACOES_PPP_REGIMENTO1.pdf\">ORIENTACOES_PARA_(RE) ELABORACAO_DO_PROJETO_POLITICO-PEDAGOGICO E REGIMENTO<\/a><\/p>\n\n\n\n<p><\/p>\n\n\n\n<p><a href=\"https:\/\/www.manaus.am.gov.br\/semed\/wp-content\/uploads\/sites\/3\/2024\/09\/PARAMETROS_DE_QUALIDADE_DA_EDUCACAO_INFANTIL1.pdf\">PARAMETROS_DE_QUALIDADE_DA_EDUCACAO_INFANTIL<\/a><\/p>\n\n\n\n<p><\/p>\n\n\n\n<h3 class=\"wp-block-heading\"><strong>REFERENCIAL CURRICULAR AMAZONENSE<\/strong><\/h3>\n\n\n\n<p>Em constru\u00e7\u00e3o&#8230;<\/p>\n\n\n\n<h3 class=\"wp-block-heading\"><strong>DOCUMENTOS PARA CREDENCIAMENTO<\/strong><\/h3>\n\n\n\n<p>Documentos exigidos para solicita\u00e7\u00e3o de Credenciamento de Institui\u00e7\u00f5es Educacionais, Autoriza\u00e7\u00e3o de Funcionamento e Renova\u00e7\u00e3o de Autoriza\u00e7\u00e3o da Educa\u00e7\u00e3o Infantil e suas fases do Sistema Municipal de Ensino de Manaus de acordo com as Resolu\u00e7\u00e3o n. 034\/CME\/2025.<\/p>\n\n\n\n<p><a href=\"https:\/\/www.manaus.am.gov.br\/semed\/wp-content\/uploads\/sites\/3\/2024\/09\/Credenciamento-e-Autorizacao-da-Educacao-Infantil-do-Sistema-Municipal-de-Ensino1.pdf\">Credenciamento e Autoriza\u00e7\u00e3o da Educa\u00e7\u00e3o Infantil do Sistema Municipal de Ensin<\/a><a href=\"https:\/\/www.manaus.am.gov.br\/semed\/wp-content\/uploads\/sites\/3\/2026\/03\/034_CME_2025_RES_CREDENCIAMENTO_AUTORIZACAO_ED_INFANTIL_DOM-6152-11.09.2025-CAD-1.pdf\">o<\/a><\/p>\n","protected":false},"excerpt":{"rendered":"","protected":false},"author":75,"featured_media":0,"parent":271,"menu_order":0,"comment_status":"closed","ping_status":"closed","template":"templates\/turismo.php","meta":{"footnotes":""},"acf":[],"yoast_head":"<!-- This site is optimized with the Yoast SEO plugin v23.0 - https:\/\/yoast.com\/wordpress\/plugins\/seo\/ -->\n<title>Rela\u00e7\u00e3o de Escolas Credenciadas no CME\/Manaus - SEMED<\/title>\n<meta name=\"robots\" content=\"index, follow, max-snippet:-1, max-image-preview:large, max-video-preview:-1\" \/>\n<link rel=\"canonical\" href=\"https:\/\/www.manaus.am.gov.br\/semed\/cme\/escolas-cme\/\" \/>\n<meta property=\"og:locale\" content=\"pt_BR\" \/>\n<meta property=\"og:type\" content=\"article\" \/>\n<meta property=\"og:title\" content=\"Rela\u00e7\u00e3o de Escolas Credenciadas no CME\/Manaus - SEMED\" \/>\n<meta property=\"og:url\" content=\"https:\/\/www.manaus.am.gov.br\/semed\/cme\/escolas-cme\/\" \/>\n<meta property=\"og:site_name\" content=\"SEMED\" \/>\n<meta property=\"article:modified_time\" content=\"2026-03-10T19:54:21+00:00\" \/>\n<meta property=\"og:image\" content=\"https:\/\/www.manaus.am.gov.br\/semed\/wp-content\/uploads\/sites\/3\/2024\/07\/thumb-default-2.png\" \/>\n\t<meta property=\"og:image:width\" content=\"966\" \/>\n\t<meta property=\"og:image:height\" content=\"520\" \/>\n\t<meta property=\"og:image:type\" content=\"image\/png\" \/>\n<meta name=\"twitter:card\" content=\"summary_large_image\" \/>\n<meta name=\"twitter:label1\" content=\"Est. reading time\" \/>\n\t<meta name=\"twitter:data1\" content=\"1 minuto\" \/>\n<script type=\"application\/ld+json\" class=\"yoast-schema-graph\">{\"@context\":\"https:\/\/schema.org\",\"@graph\":[{\"@type\":\"Article\",\"@id\":\"https:\/\/www.manaus.am.gov.br\/semed\/cme\/escolas-cme\/#article\",\"isPartOf\":{\"@id\":\"https:\/\/www.manaus.am.gov.br\/semed\/cme\/escolas-cme\/\"},\"author\":{\"name\":\"eoliveira\",\"@id\":\"https:\/\/www.manaus.am.gov.br\/semed\/#\/schema\/person\/6d56cba7950165747f4058d2f39b5558\"},\"headline\":\"Rela\u00e7\u00e3o de Escolas Credenciadas no CME\/Manaus\",\"datePublished\":\"2024-09-11T16:33:44+00:00\",\"dateModified\":\"2026-03-10T19:54:21+00:00\",\"mainEntityOfPage\":{\"@id\":\"https:\/\/www.manaus.am.gov.br\/semed\/cme\/escolas-cme\/\"},\"wordCount\":107,\"publisher\":{\"@id\":\"https:\/\/www.manaus.am.gov.br\/semed\/#organization\"},\"inLanguage\":\"pt-BR\"},{\"@type\":\"WebPage\",\"@id\":\"https:\/\/www.manaus.am.gov.br\/semed\/cme\/escolas-cme\/\",\"url\":\"https:\/\/www.manaus.am.gov.br\/semed\/cme\/escolas-cme\/\",\"name\":\"Rela\u00e7\u00e3o de Escolas Credenciadas no CME\/Manaus - SEMED\",\"isPartOf\":{\"@id\":\"https:\/\/www.manaus.am.gov.br\/semed\/#website\"},\"datePublished\":\"2024-09-11T16:33:44+00:00\",\"dateModified\":\"2026-03-10T19:54:21+00:00\",\"breadcrumb\":{\"@id\":\"https:\/\/www.manaus.am.gov.br\/semed\/cme\/escolas-cme\/#breadcrumb\"},\"inLanguage\":\"pt-BR\",\"potentialAction\":[{\"@type\":\"ReadAction\",\"target\":[\"https:\/\/www.manaus.am.gov.br\/semed\/cme\/escolas-cme\/\"]}]},{\"@type\":\"BreadcrumbList\",\"@id\":\"https:\/\/www.manaus.am.gov.br\/semed\/cme\/escolas-cme\/#breadcrumb\",\"itemListElement\":[{\"@type\":\"ListItem\",\"position\":1,\"name\":\"Conselho Municipal de Educa\u00e7\u00e3o\",\"item\":\"https:\/\/www.manaus.am.gov.br\/semed\/cme\/\"},{\"@type\":\"ListItem\",\"position\":2,\"name\":\"Rela\u00e7\u00e3o de Escolas Credenciadas no CME\/Manaus\"}]},{\"@type\":\"WebSite\",\"@id\":\"https:\/\/www.manaus.am.gov.br\/semed\/#website\",\"url\":\"https:\/\/www.manaus.am.gov.br\/semed\/\",\"name\":\"Secretaria Municipal de Educa\u00e7\u00e3o\",\"description\":\"Secretaria Municipal de Educa\u00e7\u00e3o\",\"publisher\":{\"@id\":\"https:\/\/www.manaus.am.gov.br\/semed\/#organization\"},\"alternateName\":\"SEMED\",\"potentialAction\":[{\"@type\":\"SearchAction\",\"target\":{\"@type\":\"EntryPoint\",\"urlTemplate\":\"https:\/\/www.manaus.am.gov.br\/semed\/?s={search_term_string}\"},\"query-input\":\"required name=search_term_string\"}],\"inLanguage\":\"pt-BR\"},{\"@type\":\"Organization\",\"@id\":\"https:\/\/www.manaus.am.gov.br\/semed\/#organization\",\"name\":\"Secretaria de Educa\u00e7\u00e3o\",\"alternateName\":\"SEMED\",\"url\":\"https:\/\/www.manaus.am.gov.br\/semed\/\",\"logo\":{\"@type\":\"ImageObject\",\"inLanguage\":\"pt-BR\",\"@id\":\"https:\/\/www.manaus.am.gov.br\/semed\/#\/schema\/logo\/image\/\",\"url\":\"https:\/\/www.manaus.am.gov.br\/semed\/wp-content\/uploads\/sites\/3\/2022\/11\/favicon.png\",\"contentUrl\":\"https:\/\/www.manaus.am.gov.br\/semed\/wp-content\/uploads\/sites\/3\/2022\/11\/favicon.png\",\"width\":300,\"height\":300,\"caption\":\"Secretaria de Educa\u00e7\u00e3o\"},\"image\":{\"@id\":\"https:\/\/www.manaus.am.gov.br\/semed\/#\/schema\/logo\/image\/\"}},{\"@type\":\"Person\",\"@id\":\"https:\/\/www.manaus.am.gov.br\/semed\/#\/schema\/person\/6d56cba7950165747f4058d2f39b5558\",\"name\":\"eoliveira\",\"image\":{\"@type\":\"ImageObject\",\"inLanguage\":\"pt-BR\",\"@id\":\"https:\/\/www.manaus.am.gov.br\/semed\/#\/schema\/person\/image\/\",\"url\":\"https:\/\/secure.gravatar.com\/avatar\/b241c44d7872c13d2cffe99097b30c91?s=96&d=mm&r=g\",\"contentUrl\":\"https:\/\/secure.gravatar.com\/avatar\/b241c44d7872c13d2cffe99097b30c91?s=96&d=mm&r=g\",\"caption\":\"eoliveira\"}}]}<\/script>\n<!-- \/ Yoast SEO plugin. -->","yoast_head_json":{"title":"Rela\u00e7\u00e3o de Escolas Credenciadas no CME\/Manaus - SEMED","robots":{"index":"index","follow":"follow","max-snippet":"max-snippet:-1","max-image-preview":"max-image-preview:large","max-video-preview":"max-video-preview:-1"},"canonical":"https:\/\/www.manaus.am.gov.br\/semed\/cme\/escolas-cme\/","og_locale":"pt_BR","og_type":"article","og_title":"Rela\u00e7\u00e3o de Escolas Credenciadas no CME\/Manaus - SEMED","og_url":"https:\/\/www.manaus.am.gov.br\/semed\/cme\/escolas-cme\/","og_site_name":"SEMED","article_modified_time":"2026-03-10T19:54:21+00:00","og_image":[{"width":966,"height":520,"url":"https:\/\/www.manaus.am.gov.br\/semed\/wp-content\/uploads\/sites\/3\/2024\/07\/thumb-default-2.png","type":"image\/png"}],"twitter_card":"summary_large_image","twitter_misc":{"Est. reading time":"1 minuto"},"schema":{"@context":"https:\/\/schema.org","@graph":[{"@type":"Article","@id":"https:\/\/www.manaus.am.gov.br\/semed\/cme\/escolas-cme\/#article","isPartOf":{"@id":"https:\/\/www.manaus.am.gov.br\/semed\/cme\/escolas-cme\/"},"author":{"name":"eoliveira","@id":"https:\/\/www.manaus.am.gov.br\/semed\/#\/schema\/person\/6d56cba7950165747f4058d2f39b5558"},"headline":"Rela\u00e7\u00e3o de Escolas Credenciadas no CME\/Manaus","datePublished":"2024-09-11T16:33:44+00:00","dateModified":"2026-03-10T19:54:21+00:00","mainEntityOfPage":{"@id":"https:\/\/www.manaus.am.gov.br\/semed\/cme\/escolas-cme\/"},"wordCount":107,"publisher":{"@id":"https:\/\/www.manaus.am.gov.br\/semed\/#organization"},"inLanguage":"pt-BR"},{"@type":"WebPage","@id":"https:\/\/www.manaus.am.gov.br\/semed\/cme\/escolas-cme\/","url":"https:\/\/www.manaus.am.gov.br\/semed\/cme\/escolas-cme\/","name":"Rela\u00e7\u00e3o de Escolas Credenciadas no CME\/Manaus - SEMED","isPartOf":{"@id":"https:\/\/www.manaus.am.gov.br\/semed\/#website"},"datePublished":"2024-09-11T16:33:44+00:00","dateModified":"2026-03-10T19:54:21+00:00","breadcrumb":{"@id":"https:\/\/www.manaus.am.gov.br\/semed\/cme\/escolas-cme\/#breadcrumb"},"inLanguage":"pt-BR","potentialAction":[{"@type":"ReadAction","target":["https:\/\/www.manaus.am.gov.br\/semed\/cme\/escolas-cme\/"]}]},{"@type":"BreadcrumbList","@id":"https:\/\/www.manaus.am.gov.br\/semed\/cme\/escolas-cme\/#breadcrumb","itemListElement":[{"@type":"ListItem","position":1,"name":"Conselho Municipal de Educa\u00e7\u00e3o","item":"https:\/\/www.manaus.am.gov.br\/semed\/cme\/"},{"@type":"ListItem","position":2,"name":"Rela\u00e7\u00e3o de Escolas Credenciadas no CME\/Manaus"}]},{"@type":"WebSite","@id":"https:\/\/www.manaus.am.gov.br\/semed\/#website","url":"https:\/\/www.manaus.am.gov.br\/semed\/","name":"Secretaria Municipal de Educa\u00e7\u00e3o","description":"Secretaria Municipal de Educa\u00e7\u00e3o","publisher":{"@id":"https:\/\/www.manaus.am.gov.br\/semed\/#organization"},"alternateName":"SEMED","potentialAction":[{"@type":"SearchAction","target":{"@type":"EntryPoint","urlTemplate":"https:\/\/www.manaus.am.gov.br\/semed\/?s={search_term_string}"},"query-input":"required name=search_term_string"}],"inLanguage":"pt-BR"},{"@type":"Organization","@id":"https:\/\/www.manaus.am.gov.br\/semed\/#organization","name":"Secretaria de Educa\u00e7\u00e3o","alternateName":"SEMED","url":"https:\/\/www.manaus.am.gov.br\/semed\/","logo":{"@type":"ImageObject","inLanguage":"pt-BR","@id":"https:\/\/www.manaus.am.gov.br\/semed\/#\/schema\/logo\/image\/","url":"https:\/\/www.manaus.am.gov.br\/semed\/wp-content\/uploads\/sites\/3\/2022\/11\/favicon.png","contentUrl":"https:\/\/www.manaus.am.gov.br\/semed\/wp-content\/uploads\/sites\/3\/2022\/11\/favicon.png","width":300,"height":300,"caption":"Secretaria de Educa\u00e7\u00e3o"},"image":{"@id":"https:\/\/www.manaus.am.gov.br\/semed\/#\/schema\/logo\/image\/"}},{"@type":"Person","@id":"https:\/\/www.manaus.am.gov.br\/semed\/#\/schema\/person\/6d56cba7950165747f4058d2f39b5558","name":"eoliveira","image":{"@type":"ImageObject","inLanguage":"pt-BR","@id":"https:\/\/www.manaus.am.gov.br\/semed\/#\/schema\/person\/image\/","url":"https:\/\/secure.gravatar.com\/avatar\/b241c44d7872c13d2cffe99097b30c91?s=96&d=mm&r=g","contentUrl":"https:\/\/secure.gravatar.com\/avatar\/b241c44d7872c13d2cffe99097b30c91?s=96&d=mm&r=g","caption":"eoliveira"}}]}},"_links":{"self":[{"href":"https:\/\/www.manaus.am.gov.br\/semed\/wp-json\/wp\/v2\/pages\/6215"}],"collection":[{"href":"https:\/\/www.manaus.am.gov.br\/semed\/wp-json\/wp\/v2\/pages"}],"about":[{"href":"https:\/\/www.manaus.am.gov.br\/semed\/wp-json\/wp\/v2\/types\/page"}],"author":[{"embeddable":true,"href":"https:\/\/www.manaus.am.gov.br\/semed\/wp-json\/wp\/v2\/users\/75"}],"replies":[{"embeddable":true,"href":"https:\/\/www.manaus.am.gov.br\/semed\/wp-json\/wp\/v2\/comments?post=6215"}],"version-history":[{"count":9,"href":"https:\/\/www.manaus.am.gov.br\/semed\/wp-json\/wp\/v2\/pages\/6215\/revisions"}],"predecessor-version":[{"id":11088,"href":"https:\/\/www.manaus.am.gov.br\/semed\/wp-json\/wp\/v2\/pages\/6215\/revisions\/11088"}],"up":[{"embeddable":true,"href":"https:\/\/www.manaus.am.gov.br\/semed\/wp-json\/wp\/v2\/pages\/271"}],"wp:attachment":[{"href":"https:\/\/www.manaus.am.gov.br\/semed\/wp-json\/wp\/v2\/media?parent=6215"}],"curies":[{"name":"wp","href":"https:\/\/api.w.org\/{rel}","templated":true}]}}