{"id":6059,"date":"2024-09-11T10:17:45","date_gmt":"2024-09-11T14:17:45","guid":{"rendered":"https:\/\/www.manaus.am.gov.br\/semed\/?page_id=6059"},"modified":"2026-04-27T13:53:01","modified_gmt":"2026-04-27T17:53:01","slug":"historico-do-cme","status":"publish","type":"page","link":"https:\/\/www.manaus.am.gov.br\/semed\/cme\/historico-do-cme\/","title":{"rendered":"Hist\u00f3rico do CME"},"content":{"rendered":"\n<p>O Conselho Municipal de Educa\u00e7\u00e3o de Manaus reestruturado pela Lei n. 3.490, de 09 de maio de 2025 caracteriza-se como \u00d3rg\u00e3o Colegiado representativo da comunidade, integrante do Sistema Municipal de Ensino de Manaus (SME), dotado de autonomia administrativa e financeira, subordinado ao Chefe do Poder Executivo, com fun\u00e7\u00f5es fiscalizadora, consultiva, deliberativa e mobilizadora. Constitui-se em instrumento mediador entre a Sociedade Civil e o Poder P\u00fablico Municipal na discuss\u00e3o, elabora\u00e7\u00e3o, implementa\u00e7\u00e3o e acompanhamento das pol\u00edticas municipais de educa\u00e7\u00e3o.<\/p>\n\n\n\n<p><strong>FUN\u00c7\u00c3O<\/strong><br>O Conselho Municipal de Educa\u00e7\u00e3o tem como fun\u00e7\u00e3o primordial a elabora\u00e7\u00e3o e implementa\u00e7\u00e3o das pol\u00edticas municipais de educa\u00e7\u00e3o, da gest\u00e3o democr\u00e1tica do ensino p\u00fablico e da defesa da educa\u00e7\u00e3o de qualidade para todo o munic\u00edpio.<\/p>\n\n\n\n<p><strong>MISS\u00c3O<\/strong><br>O Conselho Municipal de Educa\u00e7\u00e3o tem como miss\u00e3o o compromisso com a universalidade da educa\u00e7\u00e3o, como direito; a efetiva\u00e7\u00e3o da gest\u00e3o democr\u00e1tica com o fortalecimento dos conselhos como \u00f3rg\u00e3o de estado, com representatividade social e delibera\u00e7\u00e3o plural, na busca de alternativas educacionais que assegurem a qualidade da educa\u00e7\u00e3o oferecida no munic\u00edpio de Manaus.<\/p>\n\n\n\n<p><strong>LEI DE REESTRUTURA\u00c7\u00c3O DO CONSELHO MUNICIPAL DE EDUCA\u00c7\u00c3O<\/strong><\/p>\n\n\n\n<p><a href=\"https:\/\/www.manaus.am.gov.br\/semed\/wp-content\/uploads\/sites\/3\/2025\/08\/DOM-6066-09.05.2025-CAD-1-lei-do-conselho.pdf\">Lei n.\u00ba 3.490, de 09 de maio de 2025.<\/a><\/p>\n\n\n\n<p><\/p>\n\n\n\n<p><strong>REGIMENTO INTERNO<\/strong><br><a href=\"https:\/\/www.manaus.am.gov.br\/semed\/wp-content\/uploads\/sites\/3\/2026\/04\/162_CME_2025_RES_REGIMENTO_INTERNO_CME_DOM-6280-27.03.2026-CAD-1.pdf\">Resolu\u00e7\u00e3o n. 162\/CME\/2025<br><\/a><\/p>\n\n\n\n<p><\/p>\n\n\n\n<p><strong>COMPOSI\u00c7\u00d5ES DO COLEGIADO<\/strong><br>O Colegiado do Conselho Municipal de Educa\u00e7\u00e3o (CME) \u00e9 nomeado por Decreto do Chefe do Poder Executivo Municipal, para mandato de quatro (04) anos, sendo admitida uma \u00fanica recondu\u00e7\u00e3o.<\/p>\n\n\n\n<p><\/p>\n\n\n\n<p><strong>QUADRI\u00caNIO 2025\/2029<\/strong><\/p>\n\n\n\n<p><a href=\"https:\/\/www.manaus.am.gov.br\/semed\/wp-content\/uploads\/sites\/3\/2025\/08\/Decreto-nomeacao-conselheiro-CME_DOM-6133-14.08.2025-CAD-1-1.pdf\">Decreto de Nomea\u00e7\u00e3o quadri\u00eanio 2025\/2029<\/a><\/p>\n\n\n\n<p><\/p>\n\n\n\n<p><strong>BI\u00caNIO 2023\/2025<\/strong><\/p>\n\n\n\n<p><strong>BI\u00caNIO 2021\/2023<\/strong><\/p>\n\n\n\n<p><strong>BI\u00caNIO 2019\/2021<\/strong><\/p>\n\n\n\n<p><a href=\"https:\/\/www.manaus.am.gov.br\/semed\/wp-content\/uploads\/sites\/3\/2024\/09\/DECRETO_BIENIO_2019_2021-11.pdf\">DECRETO_NOMEACAO BIENIO_2019_2021<\/a><\/p>\n\n\n\n<p><a href=\"https:\/\/www.manaus.am.gov.br\/semed\/wp-content\/uploads\/sites\/3\/2024\/09\/DECRETO_CON_MARCILENE_SEDUC_2019_2021-11.pdf\">DECRETO_NOMEACAO_MARCILENE_MATTOS_2019_2021<\/a><\/p>\n\n\n\n<p><a href=\"https:\/\/www.manaus.am.gov.br\/semed\/wp-content\/uploads\/sites\/3\/2024\/09\/DECRETO_CONSELHEIRO_GABRIEL_UMES_2019_2021-11.pdf\">DECRETO_NOMEACAO_GABRIEL_SALES_2019_2021<\/a><\/p>\n\n\n\n<p><strong>BI\u00caNIO 2017\/2019<\/strong><br><strong>BI\u00caNIO 2015\/2017<\/strong><br><strong>BI\u00caNIO 2013\/2015<\/strong><br><strong>BI\u00caNIO 2011\/2013<\/strong><\/p>\n","protected":false},"excerpt":{"rendered":"","protected":false},"author":8,"featured_media":0,"parent":271,"menu_order":0,"comment_status":"closed","ping_status":"closed","template":"templates\/turismo.php","meta":{"footnotes":""},"acf":[],"yoast_head":"<!-- This site is optimized with the Yoast SEO plugin v23.0 - https:\/\/yoast.com\/wordpress\/plugins\/seo\/ -->\n<title>Hist\u00f3rico do CME - SEMED<\/title>\n<meta name=\"robots\" content=\"index, follow, max-snippet:-1, max-image-preview:large, max-video-preview:-1\" \/>\n<link rel=\"canonical\" href=\"https:\/\/www.manaus.am.gov.br\/semed\/cme\/historico-do-cme\/\" \/>\n<meta property=\"og:locale\" content=\"pt_BR\" \/>\n<meta property=\"og:type\" content=\"article\" \/>\n<meta property=\"og:title\" content=\"Hist\u00f3rico do CME - SEMED\" \/>\n<meta property=\"og:url\" content=\"https:\/\/www.manaus.am.gov.br\/semed\/cme\/historico-do-cme\/\" \/>\n<meta property=\"og:site_name\" content=\"SEMED\" \/>\n<meta property=\"article:modified_time\" content=\"2026-04-27T17:53:01+00:00\" \/>\n<meta property=\"og:image\" content=\"https:\/\/www.manaus.am.gov.br\/semed\/wp-content\/uploads\/sites\/3\/2024\/07\/thumb-default-2.png\" \/>\n\t<meta property=\"og:image:width\" content=\"966\" \/>\n\t<meta property=\"og:image:height\" content=\"520\" \/>\n\t<meta property=\"og:image:type\" content=\"image\/png\" \/>\n<meta name=\"twitter:card\" content=\"summary_large_image\" \/>\n<meta name=\"twitter:label1\" content=\"Est. reading time\" \/>\n\t<meta name=\"twitter:data1\" content=\"2 minutos\" \/>\n<script type=\"application\/ld+json\" class=\"yoast-schema-graph\">{\"@context\":\"https:\/\/schema.org\",\"@graph\":[{\"@type\":\"Article\",\"@id\":\"https:\/\/www.manaus.am.gov.br\/semed\/cme\/historico-do-cme\/#article\",\"isPartOf\":{\"@id\":\"https:\/\/www.manaus.am.gov.br\/semed\/cme\/historico-do-cme\/\"},\"author\":{\"name\":\"Glauber Farias\",\"@id\":\"https:\/\/www.manaus.am.gov.br\/semed\/#\/schema\/person\/fe69d2249d78e7a3112d42bc34c44a58\"},\"headline\":\"Hist\u00f3rico do CME\",\"datePublished\":\"2024-09-11T14:17:45+00:00\",\"dateModified\":\"2026-04-27T17:53:01+00:00\",\"mainEntityOfPage\":{\"@id\":\"https:\/\/www.manaus.am.gov.br\/semed\/cme\/historico-do-cme\/\"},\"wordCount\":288,\"publisher\":{\"@id\":\"https:\/\/www.manaus.am.gov.br\/semed\/#organization\"},\"inLanguage\":\"pt-BR\"},{\"@type\":\"WebPage\",\"@id\":\"https:\/\/www.manaus.am.gov.br\/semed\/cme\/historico-do-cme\/\",\"url\":\"https:\/\/www.manaus.am.gov.br\/semed\/cme\/historico-do-cme\/\",\"name\":\"Hist\u00f3rico do CME - SEMED\",\"isPartOf\":{\"@id\":\"https:\/\/www.manaus.am.gov.br\/semed\/#website\"},\"datePublished\":\"2024-09-11T14:17:45+00:00\",\"dateModified\":\"2026-04-27T17:53:01+00:00\",\"breadcrumb\":{\"@id\":\"https:\/\/www.manaus.am.gov.br\/semed\/cme\/historico-do-cme\/#breadcrumb\"},\"inLanguage\":\"pt-BR\",\"potentialAction\":[{\"@type\":\"ReadAction\",\"target\":[\"https:\/\/www.manaus.am.gov.br\/semed\/cme\/historico-do-cme\/\"]}]},{\"@type\":\"BreadcrumbList\",\"@id\":\"https:\/\/www.manaus.am.gov.br\/semed\/cme\/historico-do-cme\/#breadcrumb\",\"itemListElement\":[{\"@type\":\"ListItem\",\"position\":1,\"name\":\"Conselho Municipal de Educa\u00e7\u00e3o\",\"item\":\"https:\/\/www.manaus.am.gov.br\/semed\/cme\/\"},{\"@type\":\"ListItem\",\"position\":2,\"name\":\"Hist\u00f3rico do CME\"}]},{\"@type\":\"WebSite\",\"@id\":\"https:\/\/www.manaus.am.gov.br\/semed\/#website\",\"url\":\"https:\/\/www.manaus.am.gov.br\/semed\/\",\"name\":\"Secretaria Municipal de Educa\u00e7\u00e3o\",\"description\":\"Secretaria Municipal de Educa\u00e7\u00e3o\",\"publisher\":{\"@id\":\"https:\/\/www.manaus.am.gov.br\/semed\/#organization\"},\"alternateName\":\"SEMED\",\"potentialAction\":[{\"@type\":\"SearchAction\",\"target\":{\"@type\":\"EntryPoint\",\"urlTemplate\":\"https:\/\/www.manaus.am.gov.br\/semed\/?s={search_term_string}\"},\"query-input\":\"required name=search_term_string\"}],\"inLanguage\":\"pt-BR\"},{\"@type\":\"Organization\",\"@id\":\"https:\/\/www.manaus.am.gov.br\/semed\/#organization\",\"name\":\"Secretaria de Educa\u00e7\u00e3o\",\"alternateName\":\"SEMED\",\"url\":\"https:\/\/www.manaus.am.gov.br\/semed\/\",\"logo\":{\"@type\":\"ImageObject\",\"inLanguage\":\"pt-BR\",\"@id\":\"https:\/\/www.manaus.am.gov.br\/semed\/#\/schema\/logo\/image\/\",\"url\":\"https:\/\/www.manaus.am.gov.br\/semed\/wp-content\/uploads\/sites\/3\/2022\/11\/favicon.png\",\"contentUrl\":\"https:\/\/www.manaus.am.gov.br\/semed\/wp-content\/uploads\/sites\/3\/2022\/11\/favicon.png\",\"width\":300,\"height\":300,\"caption\":\"Secretaria de Educa\u00e7\u00e3o\"},\"image\":{\"@id\":\"https:\/\/www.manaus.am.gov.br\/semed\/#\/schema\/logo\/image\/\"}},{\"@type\":\"Person\",\"@id\":\"https:\/\/www.manaus.am.gov.br\/semed\/#\/schema\/person\/fe69d2249d78e7a3112d42bc34c44a58\",\"name\":\"Glauber Farias\",\"image\":{\"@type\":\"ImageObject\",\"inLanguage\":\"pt-BR\",\"@id\":\"https:\/\/www.manaus.am.gov.br\/semed\/#\/schema\/person\/image\/\",\"url\":\"https:\/\/secure.gravatar.com\/avatar\/eb33200ffd19538372f635b2165531c0?s=96&d=mm&r=g\",\"contentUrl\":\"https:\/\/secure.gravatar.com\/avatar\/eb33200ffd19538372f635b2165531c0?s=96&d=mm&r=g\",\"caption\":\"Glauber Farias\"}}]}<\/script>\n<!-- \/ Yoast SEO plugin. -->","yoast_head_json":{"title":"Hist\u00f3rico do CME - SEMED","robots":{"index":"index","follow":"follow","max-snippet":"max-snippet:-1","max-image-preview":"max-image-preview:large","max-video-preview":"max-video-preview:-1"},"canonical":"https:\/\/www.manaus.am.gov.br\/semed\/cme\/historico-do-cme\/","og_locale":"pt_BR","og_type":"article","og_title":"Hist\u00f3rico do CME - SEMED","og_url":"https:\/\/www.manaus.am.gov.br\/semed\/cme\/historico-do-cme\/","og_site_name":"SEMED","article_modified_time":"2026-04-27T17:53:01+00:00","og_image":[{"width":966,"height":520,"url":"https:\/\/www.manaus.am.gov.br\/semed\/wp-content\/uploads\/sites\/3\/2024\/07\/thumb-default-2.png","type":"image\/png"}],"twitter_card":"summary_large_image","twitter_misc":{"Est. reading time":"2 minutos"},"schema":{"@context":"https:\/\/schema.org","@graph":[{"@type":"Article","@id":"https:\/\/www.manaus.am.gov.br\/semed\/cme\/historico-do-cme\/#article","isPartOf":{"@id":"https:\/\/www.manaus.am.gov.br\/semed\/cme\/historico-do-cme\/"},"author":{"name":"Glauber Farias","@id":"https:\/\/www.manaus.am.gov.br\/semed\/#\/schema\/person\/fe69d2249d78e7a3112d42bc34c44a58"},"headline":"Hist\u00f3rico do CME","datePublished":"2024-09-11T14:17:45+00:00","dateModified":"2026-04-27T17:53:01+00:00","mainEntityOfPage":{"@id":"https:\/\/www.manaus.am.gov.br\/semed\/cme\/historico-do-cme\/"},"wordCount":288,"publisher":{"@id":"https:\/\/www.manaus.am.gov.br\/semed\/#organization"},"inLanguage":"pt-BR"},{"@type":"WebPage","@id":"https:\/\/www.manaus.am.gov.br\/semed\/cme\/historico-do-cme\/","url":"https:\/\/www.manaus.am.gov.br\/semed\/cme\/historico-do-cme\/","name":"Hist\u00f3rico do CME - SEMED","isPartOf":{"@id":"https:\/\/www.manaus.am.gov.br\/semed\/#website"},"datePublished":"2024-09-11T14:17:45+00:00","dateModified":"2026-04-27T17:53:01+00:00","breadcrumb":{"@id":"https:\/\/www.manaus.am.gov.br\/semed\/cme\/historico-do-cme\/#breadcrumb"},"inLanguage":"pt-BR","potentialAction":[{"@type":"ReadAction","target":["https:\/\/www.manaus.am.gov.br\/semed\/cme\/historico-do-cme\/"]}]},{"@type":"BreadcrumbList","@id":"https:\/\/www.manaus.am.gov.br\/semed\/cme\/historico-do-cme\/#breadcrumb","itemListElement":[{"@type":"ListItem","position":1,"name":"Conselho Municipal de Educa\u00e7\u00e3o","item":"https:\/\/www.manaus.am.gov.br\/semed\/cme\/"},{"@type":"ListItem","position":2,"name":"Hist\u00f3rico do CME"}]},{"@type":"WebSite","@id":"https:\/\/www.manaus.am.gov.br\/semed\/#website","url":"https:\/\/www.manaus.am.gov.br\/semed\/","name":"Secretaria Municipal de Educa\u00e7\u00e3o","description":"Secretaria Municipal de Educa\u00e7\u00e3o","publisher":{"@id":"https:\/\/www.manaus.am.gov.br\/semed\/#organization"},"alternateName":"SEMED","potentialAction":[{"@type":"SearchAction","target":{"@type":"EntryPoint","urlTemplate":"https:\/\/www.manaus.am.gov.br\/semed\/?s={search_term_string}"},"query-input":"required name=search_term_string"}],"inLanguage":"pt-BR"},{"@type":"Organization","@id":"https:\/\/www.manaus.am.gov.br\/semed\/#organization","name":"Secretaria de Educa\u00e7\u00e3o","alternateName":"SEMED","url":"https:\/\/www.manaus.am.gov.br\/semed\/","logo":{"@type":"ImageObject","inLanguage":"pt-BR","@id":"https:\/\/www.manaus.am.gov.br\/semed\/#\/schema\/logo\/image\/","url":"https:\/\/www.manaus.am.gov.br\/semed\/wp-content\/uploads\/sites\/3\/2022\/11\/favicon.png","contentUrl":"https:\/\/www.manaus.am.gov.br\/semed\/wp-content\/uploads\/sites\/3\/2022\/11\/favicon.png","width":300,"height":300,"caption":"Secretaria de Educa\u00e7\u00e3o"},"image":{"@id":"https:\/\/www.manaus.am.gov.br\/semed\/#\/schema\/logo\/image\/"}},{"@type":"Person","@id":"https:\/\/www.manaus.am.gov.br\/semed\/#\/schema\/person\/fe69d2249d78e7a3112d42bc34c44a58","name":"Glauber Farias","image":{"@type":"ImageObject","inLanguage":"pt-BR","@id":"https:\/\/www.manaus.am.gov.br\/semed\/#\/schema\/person\/image\/","url":"https:\/\/secure.gravatar.com\/avatar\/eb33200ffd19538372f635b2165531c0?s=96&d=mm&r=g","contentUrl":"https:\/\/secure.gravatar.com\/avatar\/eb33200ffd19538372f635b2165531c0?s=96&d=mm&r=g","caption":"Glauber Farias"}}]}},"_links":{"self":[{"href":"https:\/\/www.manaus.am.gov.br\/semed\/wp-json\/wp\/v2\/pages\/6059"}],"collection":[{"href":"https:\/\/www.manaus.am.gov.br\/semed\/wp-json\/wp\/v2\/pages"}],"about":[{"href":"https:\/\/www.manaus.am.gov.br\/semed\/wp-json\/wp\/v2\/types\/page"}],"author":[{"embeddable":true,"href":"https:\/\/www.manaus.am.gov.br\/semed\/wp-json\/wp\/v2\/users\/8"}],"replies":[{"embeddable":true,"href":"https:\/\/www.manaus.am.gov.br\/semed\/wp-json\/wp\/v2\/comments?post=6059"}],"version-history":[{"count":23,"href":"https:\/\/www.manaus.am.gov.br\/semed\/wp-json\/wp\/v2\/pages\/6059\/revisions"}],"predecessor-version":[{"id":11547,"href":"https:\/\/www.manaus.am.gov.br\/semed\/wp-json\/wp\/v2\/pages\/6059\/revisions\/11547"}],"up":[{"embeddable":true,"href":"https:\/\/www.manaus.am.gov.br\/semed\/wp-json\/wp\/v2\/pages\/271"}],"wp:attachment":[{"href":"https:\/\/www.manaus.am.gov.br\/semed\/wp-json\/wp\/v2\/media?parent=6059"}],"curies":[{"name":"wp","href":"https:\/\/api.w.org\/{rel}","templated":true}]}}