{"id":3741,"date":"2024-01-29T18:39:20","date_gmt":"2024-01-29T22:39:20","guid":{"rendered":"https:\/\/www.manaus.am.gov.br\/semed\/?page_id=3741"},"modified":"2024-01-31T08:04:07","modified_gmt":"2024-01-31T12:04:07","slug":"resultado-creches-2024","status":"publish","type":"page","link":"https:\/\/www.manaus.am.gov.br\/semed\/resultado-creches-2024\/","title":{"rendered":"Creches 2024 &#8211; Resultado"},"content":{"rendered":"\n<p><strong>Veja abaixo a lista de selecionados por unidade<\/strong><\/p>\n\n\n\n<h2 class=\"wp-block-heading\">CRECHE M. MARIA FERREIRA BERNARDES<\/h2>\n\n\n\n<h3 class=\"wp-block-heading\"><a href=\"https:\/\/www.manaus.am.gov.br\/semed\/wp-content\/uploads\/sites\/3\/2024\/01\/CRECHE-MUL.-MARIA-FERREIRA-BERNARDES_226_28047.pdf\" target=\"_blank\" rel=\"noreferrer noopener\">MATERNAL I &#8211; TURNO: INTEGRAL<\/a><\/h3>\n\n\n\n<h3 class=\"wp-block-heading\"><a href=\"https:\/\/www.manaus.am.gov.br\/semed\/wp-content\/uploads\/sites\/3\/2024\/01\/CRECHE-MUL.-MARIA-FERREIRA-BERNARDES_236_28067.pdf\" target=\"_blank\" rel=\"noreferrer noopener\">MATERNAL II &#8211; TURNO: INTEGRAL<\/a><\/h3>\n\n\n\n<h3 class=\"wp-block-heading\"><a href=\"https:\/\/www.manaus.am.gov.br\/semed\/wp-content\/uploads\/sites\/3\/2024\/01\/CRECHE-MUL.-MARIA-FERREIRA-BERNARDES_686_28160.pdf\" target=\"_blank\" rel=\"noreferrer noopener\">MATERNAL III &#8211; TURNO: INTEGRAL<\/a><\/h3>\n\n\n\n<div style=\"height:30px\" aria-hidden=\"true\" class=\"wp-block-spacer\"><\/div>\n\n\n\n<h2 class=\"wp-block-heading\">CRECHE M. MANUEL OCTAVIO RODRIGUES SOUZA<\/h2>\n\n\n\n<h3 class=\"wp-block-heading\"><a href=\"https:\/\/www.manaus.am.gov.br\/semed\/wp-content\/uploads\/sites\/3\/2024\/01\/CRECHE-MUL.-MANUEL-OCTAVIO-RODRIGUES-SOUZA_226_27947.pdf\" target=\"_blank\" rel=\"noreferrer noopener\">MATERNAL I &#8211; TURNO: INTEGRAL<\/a><\/h3>\n\n\n\n<h3 class=\"wp-block-heading\"><a href=\"https:\/\/www.manaus.am.gov.br\/semed\/wp-content\/uploads\/sites\/3\/2024\/01\/CRECHE-MUL.-MANUEL-OCTAVIO-RODRIGUES-SOUZA_236_27995.pdf\" target=\"_blank\" rel=\"noreferrer noopener\">MATERNAL II &#8211; TURNO: INTEGRAL<\/a><\/h3>\n\n\n\n<h3 class=\"wp-block-heading\"><a href=\"https:\/\/www.manaus.am.gov.br\/semed\/wp-content\/uploads\/sites\/3\/2024\/01\/CRECHE-MUL.-MANUEL-OCTAVIO-RODRIGUES-SOUZA_686_28040.pdf\" target=\"_blank\" rel=\"noreferrer noopener\">MATERNAL III &#8211; TURNO: INTEGRAL<\/a><\/h3>\n\n\n\n<div style=\"height:30px\" aria-hidden=\"true\" class=\"wp-block-spacer\"><\/div>\n\n\n\n<h2 class=\"wp-block-heading\">CRECHE M. MAGDALENA ARCE DAOU<\/h2>\n\n\n\n<h3 class=\"wp-block-heading\"><a href=\"https:\/\/www.manaus.am.gov.br\/semed\/wp-content\/uploads\/sites\/3\/2024\/01\/CRECHE-MUL.-MAGDALENA-ARCE-DAOU_226_27782.pdf\" target=\"_blank\" rel=\"noreferrer noopener\">MATERNAL I &#8211; TURNO: INTEGRAL<\/a><\/h3>\n\n\n\n<h3 class=\"wp-block-heading\"><a href=\"https:\/\/www.manaus.am.gov.br\/semed\/wp-content\/uploads\/sites\/3\/2024\/01\/CRECHE-MUL.-MAGDALENA-ARCE-DAOU_236_27826.pdf\" target=\"_blank\" rel=\"noreferrer noopener\">MATERNAL II &#8211; TURNO: INTEGRAL<\/a><\/h3>\n\n\n\n<h3 class=\"wp-block-heading\"><a href=\"https:\/\/www.manaus.am.gov.br\/semed\/wp-content\/uploads\/sites\/3\/2024\/01\/CRECHE-MUL.-MAGDALENA-ARCE-DAOU_681_27865.pdf\" target=\"_blank\" rel=\"noreferrer noopener\">MATERNAL III &#8211; TURNO: MATUTINO<\/a><\/h3>\n\n\n\n<h3 class=\"wp-block-heading\"><a href=\"https:\/\/www.manaus.am.gov.br\/semed\/wp-content\/uploads\/sites\/3\/2024\/01\/CRECHE-MUL.-MAGDALENA-ARCE-DAOU_683_27909.pdf\" target=\"_blank\" rel=\"noreferrer noopener\">MATERNAL III &#8211; TURNO: VESPERTINO<\/a><\/h3>\n\n\n\n<div style=\"height:30px\" aria-hidden=\"true\" class=\"wp-block-spacer\"><\/div>\n\n\n\n<h2 class=\"wp-block-heading\">CRECHE M. PROF DALVINA DO NASCIMENTO MARTINS<\/h2>\n\n\n\n<h3 class=\"wp-block-heading\"><a href=\"https:\/\/www.manaus.am.gov.br\/semed\/wp-content\/uploads\/sites\/3\/2024\/01\/CRECHE-MUL-PROF-DALVINA-DO-NASCIMENTO-MARTINS_226_27585.pdf\" target=\"_blank\" rel=\"noreferrer noopener\">MATERNAL I &#8211; TURNO: INTEGRAL<\/a><\/h3>\n\n\n\n<h3 class=\"wp-block-heading\"><a href=\"https:\/\/www.manaus.am.gov.br\/semed\/wp-content\/uploads\/sites\/3\/2024\/01\/CRECHE-MUL-PROF-DALVINA-DO-NASCIMENTO-MARTINS_236_27631.pdf\" target=\"_blank\" rel=\"noreferrer noopener\">MATERNAL II &#8211; TURNO: INTEGRAL<\/a><\/h3>\n\n\n\n<h3 class=\"wp-block-heading\"><a href=\"https:\/\/www.manaus.am.gov.br\/semed\/wp-content\/uploads\/sites\/3\/2024\/01\/CRECHE-MUL-PROF-DALVINA-DO-NASCIMENTO-MARTINS_681_27637.pdf\" target=\"_blank\" rel=\"noreferrer noopener\">MATERNAL III &#8211; TURNO: MATUTINO<\/a><\/h3>\n\n\n\n<h3 class=\"wp-block-heading\"><a href=\"https:\/\/www.manaus.am.gov.br\/semed\/wp-content\/uploads\/sites\/3\/2024\/01\/CRECHE-MUL-PROF-DALVINA-DO-NASCIMENTO-MARTINS_683_27739.pdf\" target=\"_blank\" rel=\"noreferrer noopener\">MATERNAL III &#8211; TURNO: VESPERTINO<\/a><\/h3>\n\n\n\n<div style=\"height:30px\" aria-hidden=\"true\" class=\"wp-block-spacer\"><\/div>\n\n\n\n<h2 class=\"wp-block-heading\">CRECHE MARIA DA ANUNCIACAO NORONHA<\/h2>\n\n\n\n<h3 class=\"wp-block-heading\"><a href=\"https:\/\/www.manaus.am.gov.br\/semed\/wp-content\/uploads\/sites\/3\/2024\/01\/CRECHE-MARIA-DA-ANUNCIACAO-NORONHA_226_27404.pdf\" target=\"_blank\" rel=\"noreferrer noopener\">MATERNAL I &#8211; TURNO: INTEGRAL<\/a><\/h3>\n\n\n\n<h3 class=\"wp-block-heading\"><a href=\"https:\/\/www.manaus.am.gov.br\/semed\/wp-content\/uploads\/sites\/3\/2024\/01\/CRECHE-MARIA-DA-ANUNCIACAO-NORONHA_236_27457.pdf\" target=\"_blank\" rel=\"noreferrer noopener\">MATERNAL II &#8211; TURNO: INTEGRAL<\/a><\/h3>\n\n\n\n<h3 class=\"wp-block-heading\"><a href=\"https:\/\/www.manaus.am.gov.br\/semed\/wp-content\/uploads\/sites\/3\/2024\/01\/CRECHE-MARIA-DA-ANUNCIACAO-NORONHA_681_27465.pdf\" target=\"_blank\" rel=\"noreferrer noopener\">MATERNAL III &#8211; TURNO: MATUTINO<\/a><\/h3>\n\n\n\n<h3 class=\"wp-block-heading\"><a href=\"https:\/\/www.manaus.am.gov.br\/semed\/wp-content\/uploads\/sites\/3\/2024\/01\/CRECHE-MARIA-DA-ANUNCIACAO-NORONHA_683_27542.pdf\" target=\"_blank\" rel=\"noreferrer noopener\">MATERNAL III &#8211; TURNO: VESPERTINO<\/a><\/h3>\n\n\n\n<div style=\"height:30px\" aria-hidden=\"true\" class=\"wp-block-spacer\"><\/div>\n\n\n\n<h2 class=\"wp-block-heading\">CRECHE MUL. MARIA LUIZA DA CONCEICAO SILVA<\/h2>\n\n\n\n<h3 class=\"wp-block-heading\"><a href=\"https:\/\/www.manaus.am.gov.br\/semed\/wp-content\/uploads\/sites\/3\/2024\/01\/CRECHE-MUL.-MARIA-LUIZA-DA-CONCEICAO-SILVA_226_28223.pdf\" target=\"_blank\" rel=\"noreferrer noopener\">MATERNAL I &#8211; TURNO: INTEGRAL<\/a><\/h3>\n\n\n\n<h3 class=\"wp-block-heading\"><a href=\"https:\/\/www.manaus.am.gov.br\/semed\/wp-content\/uploads\/sites\/3\/2024\/01\/CRECHE-MUL.-MARIA-LUIZA-DA-CONCEICAO-SILVA_236_28267.pdf\" target=\"_blank\" rel=\"noreferrer noopener\">MATERNAL II &#8211; TURNO: INTEGRAL<\/a><\/h3>\n\n\n\n<h3 class=\"wp-block-heading\"><a href=\"https:\/\/www.manaus.am.gov.br\/semed\/wp-content\/uploads\/sites\/3\/2024\/01\/CRECHE-MUL.-MARIA-LUIZA-DA-CONCEICAO-SILVA_681_28311.pdf\" target=\"_blank\" rel=\"noreferrer noopener\">MATERNAL III &#8211; TURNO: MATUTINO<\/a><\/h3>\n\n\n\n<h3 class=\"wp-block-heading\"><a href=\"https:\/\/www.manaus.am.gov.br\/semed\/wp-content\/uploads\/sites\/3\/2024\/01\/CRECHE-MUL.-MARIA-LUIZA-DA-CONCEICAO-SILVA_683_28354.pdf\" target=\"_blank\" rel=\"noreferrer noopener\">MATERNAL III &#8211; TURNO: VESPERTINO<\/a><\/h3>\n\n\n\n<div style=\"height:30px\" aria-hidden=\"true\" class=\"wp-block-spacer\"><\/div>\n\n\n\n<h2 class=\"wp-block-heading\">CRECHE MUL. PROF\u00aa. ELIANA DE FREITAS MORAES<\/h2>\n\n\n\n<h3 class=\"wp-block-heading\"><a href=\"https:\/\/www.manaus.am.gov.br\/semed\/wp-content\/uploads\/sites\/3\/2024\/01\/CRECHE-MUL.-PROFa.-ELIANA-DE-FREITAS-MORAES_226_28394.pdf\" target=\"_blank\" rel=\"noreferrer noopener\">MATERNAL I &#8211; TURNO: INTEGRAL<\/a><\/h3>\n\n\n\n<h3 class=\"wp-block-heading\"><a href=\"https:\/\/www.manaus.am.gov.br\/semed\/wp-content\/uploads\/sites\/3\/2024\/01\/CRECHE-MUL.-PROFa.-ELIANA-DE-FREITAS-MORAES_236_28442.pdf\" target=\"_blank\" rel=\"noreferrer noopener\">MATERNAL II &#8211; TURNO: INTEGRAL<\/a><\/h3>\n\n\n\n<h3 class=\"wp-block-heading\"><a href=\"https:\/\/www.manaus.am.gov.br\/semed\/wp-content\/uploads\/sites\/3\/2024\/01\/CRECHE-MUL.-PROFa.-ELIANA-DE-FREITAS-MORAES_681_28470.pdf\" target=\"_blank\" rel=\"noreferrer noopener\">MATERNAL III &#8211; TURNO: MATUTINO<\/a><\/h3>\n\n\n\n<h3 class=\"wp-block-heading\"><a href=\"https:\/\/www.manaus.am.gov.br\/semed\/wp-content\/uploads\/sites\/3\/2024\/01\/CRECHE-MUL.-PROFa.-ELIANA-DE-FREITAS-MORAES_683_28530.pdf\" target=\"_blank\" rel=\"noreferrer noopener\">MATERNAL III &#8211; TURNO: VESPERTINO<\/a><\/h3>\n\n\n\n<div style=\"height:30px\" aria-hidden=\"true\" class=\"wp-block-spacer\"><\/div>\n\n\n\n<h2 class=\"wp-block-heading\">CRECHE MUL. PROF\u00aa. VIRGINIA MARILIA MELLO DE ARAUJO<\/h2>\n\n\n\n<h3 class=\"wp-block-heading\"><a href=\"https:\/\/www.manaus.am.gov.br\/semed\/wp-content\/uploads\/sites\/3\/2024\/01\/CRECHE-MUL.-PROFa.-VIRGINIA-MARILIA-MELLO-DE-ARAUJO_226_28574.pdf\" target=\"_blank\" rel=\"noreferrer noopener\">MATERNAL I &#8211; TURNO: INTEGRAL<\/a><\/h3>\n\n\n\n<h3 class=\"wp-block-heading\"><a href=\"https:\/\/www.manaus.am.gov.br\/semed\/wp-content\/uploads\/sites\/3\/2024\/01\/CRECHE-MUL.-PROFa.-VIRGINIA-MARILIA-MELLO-DE-ARAUJO_236_28619.pdf\" target=\"_blank\" rel=\"noreferrer noopener\">MATERNAL II &#8211; TURNO: INTEGRAL<\/a><\/h3>\n\n\n\n<h3 class=\"wp-block-heading\"><a href=\"https:\/\/www.manaus.am.gov.br\/semed\/wp-content\/uploads\/sites\/3\/2024\/01\/CRECHE-MUL.-PROFa.-VIRGINIA-MARILIA-MELLO-DE-ARAUJO_681_28668.pdf\" target=\"_blank\" rel=\"noreferrer noopener\">MATERNAL III &#8211; TURNO: MATUTINO<\/a><\/h3>\n\n\n\n<h3 class=\"wp-block-heading\"><a href=\"https:\/\/www.manaus.am.gov.br\/semed\/wp-content\/uploads\/sites\/3\/2024\/01\/CRECHE-MUL.-PROFa.-VIRGINIA-MARILIA-MELLO-DE-ARAUJO_683_28712.pdf\" target=\"_blank\" rel=\"noreferrer noopener\">MATERNAL III &#8211; TURNO: VESPERTINO<\/a><\/h3>\n\n\n\n<div style=\"height:30px\" aria-hidden=\"true\" class=\"wp-block-spacer\"><\/div>\n\n\n\n<h2 class=\"wp-block-heading\">CRECHE MUNICIPAL ANA LOPES PEREIRA<\/h2>\n\n\n\n<h3 class=\"wp-block-heading\"><a href=\"https:\/\/www.manaus.am.gov.br\/semed\/wp-content\/uploads\/sites\/3\/2024\/01\/CRECHE-MUNICIPAL-ANA-LOPES-PEREIRA_226_28755.pdf\" target=\"_blank\" rel=\"noreferrer noopener\">MATERNAL I &#8211; TURNO: INTEGRAL<\/a><\/h3>\n\n\n\n<h3 class=\"wp-block-heading\"><a href=\"https:\/\/www.manaus.am.gov.br\/semed\/wp-content\/uploads\/sites\/3\/2024\/01\/CRECHE-MUNICIPAL-ANA-LOPES-PEREIRA_236_28800.pdf\" target=\"_blank\" rel=\"noreferrer noopener\">MATERNAL II &#8211; TURNO: INTEGRAL<\/a><\/h3>\n\n\n\n<h3 class=\"wp-block-heading\"><a href=\"https:\/\/www.manaus.am.gov.br\/semed\/wp-content\/uploads\/sites\/3\/2024\/01\/CRECHE-MUNICIPAL-ANA-LOPES-PEREIRA_681_28841.pdf\" target=\"_blank\" rel=\"noreferrer noopener\">MATERNAL III &#8211; TURNO: MATUTINO<\/a><\/h3>\n\n\n\n<h3 class=\"wp-block-heading\"><a href=\"https:\/\/www.manaus.am.gov.br\/semed\/wp-content\/uploads\/sites\/3\/2024\/01\/CRECHE-MUNICIPAL-ANA-LOPES-PEREIRA_683_28887.pdf\" target=\"_blank\" rel=\"noreferrer noopener\">MATERNAL III &#8211; TURNO: VESPERTINO<\/a><\/h3>\n\n\n\n<div style=\"height:30px\" aria-hidden=\"true\" class=\"wp-block-spacer\"><\/div>\n\n\n\n<h2 class=\"wp-block-heading\">CRECHE MUNICIPAL CAIO FABIO D ARAUJO<\/h2>\n\n\n\n<h3 class=\"wp-block-heading\"><a href=\"https:\/\/www.manaus.am.gov.br\/semed\/wp-content\/uploads\/sites\/3\/2024\/01\/CRECHE-MUNICIPAL-CAIO-FABIO-D-ARAUJO_226_28926.pdf\" target=\"_blank\" rel=\"noreferrer noopener\">MATERNAL I &#8211; TURNO: INTEGRAL<\/a><\/h3>\n\n\n\n<h3 class=\"wp-block-heading\"><a href=\"https:\/\/www.manaus.am.gov.br\/semed\/wp-content\/uploads\/sites\/3\/2024\/01\/CRECHE-MUNICIPAL-CAIO-FABIO-D-ARAUJO_236_28973.pdf\" target=\"_blank\" rel=\"noreferrer noopener\">MATERNAL II &#8211; TURNO: INTEGRAL<\/a><\/h3>\n\n\n\n<h3 class=\"wp-block-heading\"><a href=\"https:\/\/www.manaus.am.gov.br\/semed\/wp-content\/uploads\/sites\/3\/2024\/01\/CRECHE-MUNICIPAL-CAIO-FABIO-D-ARAUJO_681_29013.pdf\" target=\"_blank\" rel=\"noreferrer noopener\">MATERNAL III &#8211; TURNO: MATUTINO<\/a><\/h3>\n\n\n\n<h3 class=\"wp-block-heading\"><a href=\"https:\/\/www.manaus.am.gov.br\/semed\/wp-content\/uploads\/sites\/3\/2024\/01\/CRECHE-MUNICIPAL-CAIO-FABIO-D-ARAUJO_683_29057.pdf\" target=\"_blank\" rel=\"noreferrer noopener\">MATERNAL III &#8211; TURNO: VESPERTINO<\/a><\/h3>\n\n\n\n<div style=\"height:30px\" aria-hidden=\"true\" class=\"wp-block-spacer\"><\/div>\n\n\n\n<h2 class=\"wp-block-heading\">CRECHE MUNICIPAL DALILA BENTES DUARTE<\/h2>\n\n\n\n<h3 class=\"wp-block-heading\"><a href=\"https:\/\/www.manaus.am.gov.br\/semed\/wp-content\/uploads\/sites\/3\/2024\/01\/CRECHE-MUNICIPAL-DALILA-BENTES-DUARTE_226_29108.pdf\" target=\"_blank\" rel=\"noreferrer noopener\">MATERNAL I &#8211; TURNO: INTEGRAL<\/a><\/h3>\n\n\n\n<h3 class=\"wp-block-heading\"><a href=\"https:\/\/www.manaus.am.gov.br\/semed\/wp-content\/uploads\/sites\/3\/2024\/01\/CRECHE-MUNICIPAL-DALILA-BENTES-DUARTE_236_29153.pdf\" target=\"_blank\" rel=\"noreferrer noopener\">MATERNAL II &#8211; TURNO: INTEGRAL<\/a><\/h3>\n\n\n\n<h3 class=\"wp-block-heading\"><a href=\"https:\/\/www.manaus.am.gov.br\/semed\/wp-content\/uploads\/sites\/3\/2024\/01\/CRECHE-MUNICIPAL-DALILA-BENTES-DUARTE_681_29192.pdf\" target=\"_blank\" rel=\"noreferrer noopener\">MATERNAL III &#8211; TURNO: MATUTINO<\/a><\/h3>\n\n\n\n<h3 class=\"wp-block-heading\"><a href=\"https:\/\/www.manaus.am.gov.br\/semed\/wp-content\/uploads\/sites\/3\/2024\/01\/CRECHE-MUNICIPAL-DALILA-BENTES-DUARTE_683_29235.pdf\" target=\"_blank\" rel=\"noreferrer noopener\">MATERNAL III &#8211; TURNO: VESPERTINO<\/a><\/h3>\n\n\n\n<div style=\"height:30px\" aria-hidden=\"true\" class=\"wp-block-spacer\"><\/div>\n\n\n\n<h2 class=\"wp-block-heading\">CRECHE MUNICIPAL DOROTHEA DE SOUZA BRAGA<\/h2>\n\n\n\n<h3 class=\"wp-block-heading\"><a href=\"https:\/\/www.manaus.am.gov.br\/semed\/wp-content\/uploads\/sites\/3\/2024\/01\/CRECHE-MUNICIPAL-DOROTHEA-DE-SOUZA-BRAGA_226_29278.pdf\" target=\"_blank\" rel=\"noreferrer noopener\">MATERNAL I &#8211; TURNO: INTEGRAL<\/a><\/h3>\n\n\n\n<h3 class=\"wp-block-heading\"><a href=\"https:\/\/www.manaus.am.gov.br\/semed\/wp-content\/uploads\/sites\/3\/2024\/01\/CRECHE-MUNICIPAL-DOROTHEA-DE-SOUZA-BRAGA_236_29326.pdf\" target=\"_blank\" rel=\"noreferrer noopener\">MATERNAL II &#8211; TURNO: INTEGRAL<\/a><\/h3>\n\n\n\n<h3 class=\"wp-block-heading\"><a href=\"https:\/\/www.manaus.am.gov.br\/semed\/wp-content\/uploads\/sites\/3\/2024\/01\/CRECHE-MUNICIPAL-DOROTHEA-DE-SOUZA-BRAGA_681_29369.pdf\" target=\"_blank\" rel=\"noreferrer noopener\">MATERNAL III &#8211; TURNO: MATUTINO<\/a><\/h3>\n\n\n\n<h3 class=\"wp-block-heading\"><a href=\"https:\/\/www.manaus.am.gov.br\/semed\/wp-content\/uploads\/sites\/3\/2024\/01\/CRECHE-MUNICIPAL-DOROTHEA-DE-SOUZA-BRAGA_683_29415.pdf\" target=\"_blank\" rel=\"noreferrer noopener\">MATERNAL III &#8211; TURNO: VESPERTINO<\/a><\/h3>\n\n\n\n<div style=\"height:30px\" aria-hidden=\"true\" class=\"wp-block-spacer\"><\/div>\n\n\n\n<h2 class=\"wp-block-heading\">CRECHE MUNICIPAL EDITH MONTEIRO PORTO<\/h2>\n\n\n\n<h3 class=\"wp-block-heading\"><a href=\"https:\/\/www.manaus.am.gov.br\/semed\/wp-content\/uploads\/sites\/3\/2024\/01\/CRECHE-MUNICIPAL-EDITH-MONTEIRO-PORTO_226_29458.pdf\" target=\"_blank\" rel=\"noreferrer noopener\">MATERNAL I &#8211; TURNO: INTEGRAL<\/a><\/h3>\n\n\n\n<h3 class=\"wp-block-heading\"><a href=\"https:\/\/www.manaus.am.gov.br\/semed\/wp-content\/uploads\/sites\/3\/2024\/01\/CRECHE-MUNICIPAL-EDITH-MONTEIRO-PORTO_236_29503.pdf\" target=\"_blank\" rel=\"noreferrer noopener\">MATERNAL II &#8211; TURNO: INTEGRAL<\/a><\/h3>\n\n\n\n<h3 class=\"wp-block-heading\"><a href=\"https:\/\/www.manaus.am.gov.br\/semed\/wp-content\/uploads\/sites\/3\/2024\/01\/CRECHE-MUNICIPAL-EDITH-MONTEIRO-PORTO_681_29542.pdf\" target=\"_blank\" rel=\"noreferrer noopener\">MATERNAL III &#8211; TURNO: MATUTINO<\/a><\/h3>\n\n\n\n<h3 class=\"wp-block-heading\"><a href=\"https:\/\/www.manaus.am.gov.br\/semed\/wp-content\/uploads\/sites\/3\/2024\/01\/CRECHE-MUNICIPAL-EDITH-MONTEIRO-PORTO_683_29593.pdf\" target=\"_blank\" rel=\"noreferrer noopener\">MATERNAL III &#8211; TURNO: VESPERTINO<\/a><\/h3>\n\n\n\n<div style=\"height:30px\" aria-hidden=\"true\" class=\"wp-block-spacer\"><\/div>\n\n\n\n<h2 class=\"wp-block-heading\">CRECHE MUNICIPAL GABRIEL CORREA PEDROSA<\/h2>\n\n\n\n<h3 class=\"wp-block-heading\"><a href=\"https:\/\/www.manaus.am.gov.br\/semed\/wp-content\/uploads\/sites\/3\/2024\/01\/CRECHE-MUNICIPAL-GABRIEL-CORREA-PEDROSA_226_29633.pdf\" target=\"_blank\" rel=\"noreferrer noopener\">MATERNAL I &#8211; TURNO: INTEGRAL<\/a><\/h3>\n\n\n\n<h3 class=\"wp-block-heading\"><a href=\"https:\/\/www.manaus.am.gov.br\/semed\/wp-content\/uploads\/sites\/3\/2024\/01\/CRECHE-MUNICIPAL-GABRIEL-CORREA-PEDROSA_236_29681.pdf\" target=\"_blank\" rel=\"noreferrer noopener\">MATERNAL II &#8211; TURNO: INTEGRAL<\/a><\/h3>\n\n\n\n<h3 class=\"wp-block-heading\"><a href=\"https:\/\/www.manaus.am.gov.br\/semed\/wp-content\/uploads\/sites\/3\/2024\/01\/CRECHE-MUNICIPAL-GABRIEL-CORREA-PEDROSA_681_29718.pdf\" target=\"_blank\" rel=\"noreferrer noopener\">MATERNAL III &#8211; TURNO: MATUTINO<\/a><\/h3>\n\n\n\n<h3 class=\"wp-block-heading\"><a href=\"https:\/\/www.manaus.am.gov.br\/semed\/wp-content\/uploads\/sites\/3\/2024\/01\/CRECHE-MUNICIPAL-GABRIEL-CORREA-PEDROSA_683_29761.pdf\" target=\"_blank\" rel=\"noreferrer noopener\">MATERNAL III &#8211; TURNO: VESPERTINO<\/a><\/h3>\n\n\n\n<div style=\"height:30px\" aria-hidden=\"true\" class=\"wp-block-spacer\"><\/div>\n\n\n\n<h2 class=\"wp-block-heading\">CRECHE MUNICIPAL MAGNOLIA PESSOA FIGUEIREDO<\/h2>\n\n\n\n<h3 class=\"wp-block-heading\"><a href=\"https:\/\/www.manaus.am.gov.br\/semed\/wp-content\/uploads\/sites\/3\/2024\/01\/CRECHE-MUNICIPAL-MAGNOLIA-PESSOA-FIGUEIREDO_226_29810.pdf\" target=\"_blank\" rel=\"noreferrer noopener\">MATERNAL I &#8211; TURNO: INTEGRAL<\/a><\/h3>\n\n\n\n<h3 class=\"wp-block-heading\"><a href=\"https:\/\/www.manaus.am.gov.br\/semed\/wp-content\/uploads\/sites\/3\/2024\/01\/CRECHE-MUNICIPAL-MAGNOLIA-PESSOA-FIGUEIREDO_236_29855.pdf\" target=\"_blank\" rel=\"noreferrer noopener\">MATERNAL II &#8211; TURNO: INTEGRAL<\/a><\/h3>\n\n\n\n<h3 class=\"wp-block-heading\"><a href=\"https:\/\/www.manaus.am.gov.br\/semed\/wp-content\/uploads\/sites\/3\/2024\/01\/CRECHE-MUNICIPAL-MAGNOLIA-PESSOA-FIGUEIREDO_681_29901.pdf\" target=\"_blank\" rel=\"noreferrer noopener\">MATERNAL III &#8211; TURNO: MATUTINO<\/a><\/h3>\n\n\n\n<h3 class=\"wp-block-heading\"><a href=\"https:\/\/www.manaus.am.gov.br\/semed\/wp-content\/uploads\/sites\/3\/2024\/01\/CRECHE-MUNICIPAL-MAGNOLIA-PESSOA-FIGUEIREDO_683_29940.pdf\" target=\"_blank\" rel=\"noreferrer noopener\">MATERNAL III &#8211; TURNO: VESPERTINO<\/a><\/h3>\n\n\n\n<div style=\"height:30px\" aria-hidden=\"true\" class=\"wp-block-spacer\"><\/div>\n\n\n\n<h2 class=\"wp-block-heading\">CRECHE MUNICIPAL MARIA APARECIDA SILVA DANTAS<\/h2>\n\n\n\n<h3 class=\"wp-block-heading\"><a href=\"https:\/\/www.manaus.am.gov.br\/semed\/wp-content\/uploads\/sites\/3\/2024\/01\/CRECHE-MUNICIPAL-MARIA-APARECIDA-SILVA-DANTAS_226_29983.pdf\" target=\"_blank\" rel=\"noreferrer noopener\">MATERNAL I &#8211; TURNO: INTEGRAL<\/a><\/h3>\n\n\n\n<h3 class=\"wp-block-heading\"><a href=\"https:\/\/www.manaus.am.gov.br\/semed\/wp-content\/uploads\/sites\/3\/2024\/01\/CRECHE-MUNICIPAL-MARIA-APARECIDA-SILVA-DANTAS_236_30030.pdf\" target=\"_blank\" rel=\"noreferrer noopener\">MATERNAL II &#8211; TURNO: INTEGRAL<\/a><\/h3>\n\n\n\n<h3 class=\"wp-block-heading\"><a href=\"https:\/\/www.manaus.am.gov.br\/semed\/wp-content\/uploads\/sites\/3\/2024\/01\/CRECHE-MUNICIPAL-MARIA-APARECIDA-SILVA-DANTAS_681_30080.pdf\" target=\"_blank\" rel=\"noreferrer noopener\">MATERNAL III &#8211; TURNO: MATUTINO<\/a><\/h3>\n\n\n\n<h3 class=\"wp-block-heading\"><a href=\"https:\/\/www.manaus.am.gov.br\/semed\/wp-content\/uploads\/sites\/3\/2024\/01\/CRECHE-MUNICIPAL-MARIA-APARECIDA-SILVA-DANTAS_683_30119.pdf\" target=\"_blank\" rel=\"noreferrer noopener\">MATERNAL III &#8211; TURNO: VESPERTINO<\/a><\/h3>\n\n\n\n<div style=\"height:30px\" aria-hidden=\"true\" class=\"wp-block-spacer\"><\/div>\n\n\n\n<h2 class=\"wp-block-heading\">CRECHE MUNICIPAL MARIA DO PERPETUO SOCORRO TRINDADE P.SENA<\/h2>\n\n\n\n<h3 class=\"wp-block-heading\"><a href=\"https:\/\/www.manaus.am.gov.br\/semed\/wp-content\/uploads\/sites\/3\/2024\/01\/CRECHE-MUNICIPAL-MARIA-DO-PERPETUO-SOCORRO-TRINDADE-P.SENA_226_30166.pdf\" target=\"_blank\" rel=\"noreferrer noopener\">MATERNAL I &#8211; TURNO: INTEGRAL<\/a><\/h3>\n\n\n\n<h3 class=\"wp-block-heading\"><a href=\"https:\/\/www.manaus.am.gov.br\/semed\/wp-content\/uploads\/sites\/3\/2024\/01\/CRECHE-MUNICIPAL-MARIA-DO-PERPETUO-SOCORRO-TRINDADE-P.SENA_236_30211.pdf\" target=\"_blank\" rel=\"noreferrer noopener\">MATERNAL II &#8211; TURNO: INTEGRAL<\/a><\/h3>\n\n\n\n<h3 class=\"wp-block-heading\"><a href=\"https:\/\/www.manaus.am.gov.br\/semed\/wp-content\/uploads\/sites\/3\/2024\/01\/CRECHE-MUNICIPAL-MARIA-DO-PERPETUO-SOCORRO-TRINDADE-P.SENA_681_30252.pdf\" target=\"_blank\" rel=\"noreferrer noopener\">MATERNAL III &#8211; TURNO: MATUTINO<\/a><\/h3>\n\n\n\n<h3 class=\"wp-block-heading\"><a href=\"https:\/\/www.manaus.am.gov.br\/semed\/wp-content\/uploads\/sites\/3\/2024\/01\/CRECHE-MUNICIPAL-MARIA-DO-PERPETUO-SOCORRO-TRINDADE-P.SENA_683_30296.pdf\" target=\"_blank\" rel=\"noreferrer noopener\">MATERNAL III &#8211; TURNO: VESPERTINO<\/a><\/h3>\n\n\n\n<div style=\"height:30px\" aria-hidden=\"true\" class=\"wp-block-spacer\"><\/div>\n\n\n\n<h2 class=\"wp-block-heading\">CRECHE MUNICIPAL NEIDE TOMAZ AVELINO<\/h2>\n\n\n\n<h3 class=\"wp-block-heading\"><a href=\"https:\/\/www.manaus.am.gov.br\/semed\/wp-content\/uploads\/sites\/3\/2024\/01\/CRECHE-MUNICIPAL-NEIDE-TOMAZ-AVELINO_226_30337.pdf\" target=\"_blank\" rel=\"noreferrer noopener\">MATERNAL I &#8211; TURNO: INTEGRAL<\/a><\/h3>\n\n\n\n<h3 class=\"wp-block-heading\"><a href=\"https:\/\/www.manaus.am.gov.br\/semed\/wp-content\/uploads\/sites\/3\/2024\/01\/CRECHE-MUNICIPAL-NEIDE-TOMAZ-AVELINO_236_30383.pdf\" target=\"_blank\" rel=\"noreferrer noopener\">MATERNAL II &#8211; TURNO: INTEGRAL<\/a><\/h3>\n\n\n\n<h3 class=\"wp-block-heading\"><a href=\"https:\/\/www.manaus.am.gov.br\/semed\/wp-content\/uploads\/sites\/3\/2024\/01\/CRECHE-MUNICIPAL-NEIDE-TOMAZ-AVELINO_681_30390.pdf\" target=\"_blank\" rel=\"noreferrer noopener\">MATERNAL III &#8211; TURNO: MATUTINO<\/a><\/h3>\n\n\n\n<h3 class=\"wp-block-heading\"><a href=\"https:\/\/www.manaus.am.gov.br\/semed\/wp-content\/uploads\/sites\/3\/2024\/01\/CRECHE-MUNICIPAL-NEIDE-TOMAZ-AVELINO_683_30464.pdf\" target=\"_blank\" rel=\"noreferrer noopener\">MATERNAL III &#8211; TURNO: VESPERTINO<\/a><\/h3>\n\n\n\n<div style=\"height:30px\" aria-hidden=\"true\" class=\"wp-block-spacer\"><\/div>\n\n\n\n<h2 class=\"wp-block-heading\">CRECHE MUNICIPAL PROF LIBANIA THEODORA RODRIGUES FERREIRA<\/h2>\n\n\n\n<h3 class=\"wp-block-heading\"><a href=\"https:\/\/www.manaus.am.gov.br\/semed\/wp-content\/uploads\/sites\/3\/2024\/01\/CRECHE-MUNICIPAL-PROF-LIBANIA-THEODORA-RODRIGUES-FERREIRA_226_30545.pdf\" target=\"_blank\" rel=\"noreferrer noopener\">MATERNAL I &#8211; TURNO: INTEGRAL<\/a><\/h3>\n\n\n\n<h3 class=\"wp-block-heading\"><a href=\"https:\/\/www.manaus.am.gov.br\/semed\/wp-content\/uploads\/sites\/3\/2024\/01\/CRECHE-MUNICIPAL-PROF-LIBANIA-THEODORA-RODRIGUES-FERREIRA_236_30590.pdf\" target=\"_blank\" rel=\"noreferrer noopener\">MATERNAL II &#8211; TURNO: INTEGRAL<\/a><\/h3>\n\n\n\n<h3 class=\"wp-block-heading\"><a href=\"https:\/\/www.manaus.am.gov.br\/semed\/wp-content\/uploads\/sites\/3\/2024\/01\/CRECHE-MUNICIPAL-PROF-LIBANIA-THEODORA-RODRIGUES-FERREIRA_681_30597.pdf\" target=\"_blank\" rel=\"noreferrer noopener\">MATERNAL III &#8211; TURNO: MATUTINO<\/a><\/h3>\n\n\n\n<h3 class=\"wp-block-heading\"><a href=\"https:\/\/www.manaus.am.gov.br\/semed\/wp-content\/uploads\/sites\/3\/2024\/01\/CRECHE-MUNICIPAL-PROF-LIBANIA-THEODORA-RODRIGUES-FERREIRA_683_30644.pdf\" target=\"_blank\" rel=\"noreferrer noopener\">MATERNAL III &#8211; TURNO: VESPERTINO<\/a><\/h3>\n\n\n\n<div style=\"height:30px\" aria-hidden=\"true\" class=\"wp-block-spacer\"><\/div>\n\n\n\n<h2 class=\"wp-block-heading\">CRECHE MUNICIPAL PROF. ELIAS LIMA DE SOUZA<\/h2>\n\n\n\n<h3 class=\"wp-block-heading\"><a href=\"https:\/\/www.manaus.am.gov.br\/semed\/wp-content\/uploads\/sites\/3\/2024\/01\/CRECHE-MUNICIPAL-PROF.-ELIAS-LIMA-DE-SOUZA_226_30714.pdf\" target=\"_blank\" rel=\"noreferrer noopener\">MATERNAL I &#8211; TURNO: INTEGRAL<\/a><\/h3>\n\n\n\n<h3 class=\"wp-block-heading\"><a href=\"https:\/\/www.manaus.am.gov.br\/semed\/wp-content\/uploads\/sites\/3\/2024\/01\/CRECHE-MUNICIPAL-PROF.-ELIAS-LIMA-DE-SOUZA_236_30763.pdf\" target=\"_blank\" rel=\"noreferrer noopener\">MATERNAL II &#8211; TURNO: INTEGRAL<\/a><\/h3>\n\n\n\n<h3 class=\"wp-block-heading\"><a href=\"https:\/\/www.manaus.am.gov.br\/semed\/wp-content\/uploads\/sites\/3\/2024\/01\/CRECHE-MUNICIPAL-PROF.-ELIAS-LIMA-DE-SOUZA_681_30801.pdf\" target=\"_blank\" rel=\"noreferrer noopener\">MATERNAL III &#8211; TURNO: MATUTINO<\/a><\/h3>\n\n\n\n<h3 class=\"wp-block-heading\"><a href=\"https:\/\/www.manaus.am.gov.br\/semed\/wp-content\/uploads\/sites\/3\/2024\/01\/CRECHE-MUNICIPAL-PROF.-ELIAS-LIMA-DE-SOUZA_683_30851.pdf\" target=\"_blank\" rel=\"noreferrer noopener\">MATERNAL III &#8211; TURNO: VESPERTINO<\/a><\/h3>\n\n\n\n<div style=\"height:30px\" aria-hidden=\"true\" class=\"wp-block-spacer\"><\/div>\n\n\n\n<h2 class=\"wp-block-heading\">CRECHE MUNICIPAL PROF.\u00aa MARISTELA MARTINS REBOUCAS<\/h2>\n\n\n\n<h3 class=\"wp-block-heading\"><a href=\"https:\/\/www.manaus.am.gov.br\/semed\/wp-content\/uploads\/sites\/3\/2024\/01\/CRECHE-MUNICIPAL-PROF.a-MARISTELA-MARTINS-REBOUCAS_226_30891.pdf\" target=\"_blank\" rel=\"noreferrer noopener\">MATERNAL I &#8211; TURNO: INTEGRAL<\/a><\/h3>\n\n\n\n<h3 class=\"wp-block-heading\"><a href=\"https:\/\/www.manaus.am.gov.br\/semed\/wp-content\/uploads\/sites\/3\/2024\/01\/CRECHE-MUNICIPAL-PROF.a-MARISTELA-MARTINS-REBOUCAS_236_30935.pdf\" target=\"_blank\" rel=\"noreferrer noopener\">MATERNAL II &#8211; TURNO: INTEGRAL<\/a><\/h3>\n\n\n\n<h3 class=\"wp-block-heading\"><a href=\"https:\/\/www.manaus.am.gov.br\/semed\/wp-content\/uploads\/sites\/3\/2024\/01\/CRECHE-MUNICIPAL-PROF.a-MARISTELA-MARTINS-REBOUCAS_681_30975.pdf\" target=\"_blank\" rel=\"noreferrer noopener\">MATERNAL III &#8211; TURNO: MATUTINO<\/a><\/h3>\n\n\n\n<h3 class=\"wp-block-heading\"><a href=\"https:\/\/www.manaus.am.gov.br\/semed\/wp-content\/uploads\/sites\/3\/2024\/01\/CRECHE-MUNICIPAL-PROF.a-MARISTELA-MARTINS-REBOUCAS_683_31074.pdf\" target=\"_blank\" rel=\"noreferrer noopener\">MATERNAL III &#8211; TURNO: VESPERTINO<\/a><\/h3>\n\n\n\n<div style=\"height:30px\" aria-hidden=\"true\" class=\"wp-block-spacer\"><\/div>\n\n\n\n<h2 class=\"wp-block-heading\">CRECHE MUNICIPAL PROFESSORA LUZENIR FARIAS LOPES<\/h2>\n\n\n\n<h3 class=\"wp-block-heading\"><a href=\"https:\/\/www.manaus.am.gov.br\/semed\/wp-content\/uploads\/sites\/3\/2024\/01\/CRECHE-MUNICIPAL-PROFESSORA-LUZENIR-FARIAS-LOPES_226_31118.pdf\" target=\"_blank\" rel=\"noreferrer noopener\">MATERNAL I &#8211; TURNO: INTEGRAL<\/a><\/h3>\n\n\n\n<h3 class=\"wp-block-heading\"><a href=\"https:\/\/www.manaus.am.gov.br\/semed\/wp-content\/uploads\/sites\/3\/2024\/01\/CRECHE-MUNICIPAL-PROFESSORA-LUZENIR-FARIAS-LOPES_236_31164.pdf\" target=\"_blank\" rel=\"noreferrer noopener\">MATERNAL II &#8211; TURNO: INTEGRAL<\/a><\/h3>\n\n\n\n<h3 class=\"wp-block-heading\"><a href=\"https:\/\/www.manaus.am.gov.br\/semed\/wp-content\/uploads\/sites\/3\/2024\/01\/CRECHE-MUNICIPAL-PROFESSORA-LUZENIR-FARIAS-LOPES_681_31207.pdf\" target=\"_blank\" rel=\"noreferrer noopener\">MATERNAL III &#8211; TURNO: MATUTINO<\/a><\/h3>\n\n\n\n<h3 class=\"wp-block-heading\"><a href=\"https:\/\/www.manaus.am.gov.br\/semed\/wp-content\/uploads\/sites\/3\/2024\/01\/CRECHE-MUNICIPAL-PROFESSORA-LUZENIR-FARIAS-LOPES_683_31246.pdf\" target=\"_blank\" rel=\"noreferrer noopener\">MATERNAL III &#8211; TURNO: VESPERTINO<\/a><\/h3>\n\n\n\n<div style=\"height:30px\" aria-hidden=\"true\" class=\"wp-block-spacer\"><\/div>\n\n\n\n<h2 class=\"wp-block-heading\">CRECHE MUNICIPAL TUDE MOUTINHO DA COSTA<\/h2>\n\n\n\n<h3 class=\"wp-block-heading\"><a href=\"https:\/\/www.manaus.am.gov.br\/semed\/wp-content\/uploads\/sites\/3\/2024\/01\/CRECHE-MUNICIPAL-TUDE-MOUTINHO-DA-COSTA_226_31289.pdf\" target=\"_blank\" rel=\"noreferrer noopener\">MATERNAL I &#8211; TURNO: INTEGRAL<\/a><\/h3>\n\n\n\n<h3 class=\"wp-block-heading\"><a href=\"https:\/\/www.manaus.am.gov.br\/semed\/wp-content\/uploads\/sites\/3\/2024\/01\/CRECHE-MUNICIPAL-TUDE-MOUTINHO-DA-COSTA_236_31341.pdf\" target=\"_blank\" rel=\"noreferrer noopener\">MATERNAL II &#8211; TURNO: INTEGRAL<\/a><\/h3>\n\n\n\n<h3 class=\"wp-block-heading\"><a href=\"https:\/\/www.manaus.am.gov.br\/semed\/wp-content\/uploads\/sites\/3\/2024\/01\/CRECHE-MUNICIPAL-TUDE-MOUTINHO-DA-COSTA_681_31381.pdf\" target=\"_blank\" rel=\"noreferrer noopener\">MATERNAL III &#8211; TURNO: MATUTINO<\/a><\/h3>\n\n\n\n<h3 class=\"wp-block-heading\"><a href=\"https:\/\/www.manaus.am.gov.br\/semed\/wp-content\/uploads\/sites\/3\/2024\/01\/CRECHE-MUNICIPAL-TUDE-MOUTINHO-DA-COSTA_683_31432.pdf\" target=\"_blank\" rel=\"noreferrer noopener\">MATERNAL III &#8211; TURNO: VESPERTINO<\/a><\/h3>\n\n\n\n<div style=\"height:80px\" aria-hidden=\"true\" class=\"wp-block-spacer\"><\/div>\n","protected":false},"excerpt":{"rendered":"","protected":false},"author":8,"featured_media":0,"parent":0,"menu_order":0,"comment_status":"closed","ping_status":"closed","template":"templates\/prefeitura.php","meta":{"footnotes":""},"acf":[],"yoast_head":"<!-- This site is optimized with the Yoast SEO plugin v23.0 - https:\/\/yoast.com\/wordpress\/plugins\/seo\/ -->\n<title>Creches 2024 - Resultado - SEMED<\/title>\n<meta name=\"robots\" content=\"index, follow, max-snippet:-1, max-image-preview:large, max-video-preview:-1\" \/>\n<link rel=\"canonical\" href=\"https:\/\/www.manaus.am.gov.br\/semed\/resultado-creches-2024\/\" \/>\n<meta property=\"og:locale\" content=\"pt_BR\" \/>\n<meta property=\"og:type\" content=\"article\" \/>\n<meta property=\"og:title\" content=\"Creches 2024 - Resultado - SEMED\" \/>\n<meta property=\"og:url\" content=\"https:\/\/www.manaus.am.gov.br\/semed\/resultado-creches-2024\/\" \/>\n<meta property=\"og:site_name\" content=\"SEMED\" \/>\n<meta property=\"article:modified_time\" content=\"2024-01-31T12:04:07+00:00\" \/>\n<meta property=\"og:image\" content=\"https:\/\/www.manaus.am.gov.br\/semed\/wp-content\/uploads\/sites\/3\/2024\/07\/thumb-default-2.png\" \/>\n\t<meta property=\"og:image:width\" content=\"966\" \/>\n\t<meta property=\"og:image:height\" content=\"520\" \/>\n\t<meta property=\"og:image:type\" content=\"image\/png\" \/>\n<meta name=\"twitter:card\" content=\"summary_large_image\" \/>\n<meta name=\"twitter:label1\" content=\"Est. reading time\" \/>\n\t<meta name=\"twitter:data1\" content=\"3 minutos\" \/>\n<script type=\"application\/ld+json\" class=\"yoast-schema-graph\">{\"@context\":\"https:\/\/schema.org\",\"@graph\":[{\"@type\":\"Article\",\"@id\":\"https:\/\/www.manaus.am.gov.br\/semed\/resultado-creches-2024\/#article\",\"isPartOf\":{\"@id\":\"https:\/\/www.manaus.am.gov.br\/semed\/resultado-creches-2024\/\"},\"author\":{\"name\":\"Glauber Farias\",\"@id\":\"https:\/\/www.manaus.am.gov.br\/semed\/#\/schema\/person\/fe69d2249d78e7a3112d42bc34c44a58\"},\"headline\":\"Creches 2024 &#8211; Resultado\",\"datePublished\":\"2024-01-29T22:39:20+00:00\",\"dateModified\":\"2024-01-31T12:04:07+00:00\",\"mainEntityOfPage\":{\"@id\":\"https:\/\/www.manaus.am.gov.br\/semed\/resultado-creches-2024\/\"},\"wordCount\":600,\"publisher\":{\"@id\":\"https:\/\/www.manaus.am.gov.br\/semed\/#organization\"},\"inLanguage\":\"pt-BR\"},{\"@type\":\"WebPage\",\"@id\":\"https:\/\/www.manaus.am.gov.br\/semed\/resultado-creches-2024\/\",\"url\":\"https:\/\/www.manaus.am.gov.br\/semed\/resultado-creches-2024\/\",\"name\":\"Creches 2024 - Resultado - SEMED\",\"isPartOf\":{\"@id\":\"https:\/\/www.manaus.am.gov.br\/semed\/#website\"},\"datePublished\":\"2024-01-29T22:39:20+00:00\",\"dateModified\":\"2024-01-31T12:04:07+00:00\",\"inLanguage\":\"pt-BR\",\"potentialAction\":[{\"@type\":\"ReadAction\",\"target\":[\"https:\/\/www.manaus.am.gov.br\/semed\/resultado-creches-2024\/\"]}]},{\"@type\":\"WebSite\",\"@id\":\"https:\/\/www.manaus.am.gov.br\/semed\/#website\",\"url\":\"https:\/\/www.manaus.am.gov.br\/semed\/\",\"name\":\"Secretaria Municipal de Educa\u00e7\u00e3o\",\"description\":\"Secretaria Municipal de Educa\u00e7\u00e3o\",\"publisher\":{\"@id\":\"https:\/\/www.manaus.am.gov.br\/semed\/#organization\"},\"alternateName\":\"SEMED\",\"potentialAction\":[{\"@type\":\"SearchAction\",\"target\":{\"@type\":\"EntryPoint\",\"urlTemplate\":\"https:\/\/www.manaus.am.gov.br\/semed\/?s={search_term_string}\"},\"query-input\":\"required name=search_term_string\"}],\"inLanguage\":\"pt-BR\"},{\"@type\":\"Organization\",\"@id\":\"https:\/\/www.manaus.am.gov.br\/semed\/#organization\",\"name\":\"Secretaria de Educa\u00e7\u00e3o\",\"alternateName\":\"SEMED\",\"url\":\"https:\/\/www.manaus.am.gov.br\/semed\/\",\"logo\":{\"@type\":\"ImageObject\",\"inLanguage\":\"pt-BR\",\"@id\":\"https:\/\/www.manaus.am.gov.br\/semed\/#\/schema\/logo\/image\/\",\"url\":\"https:\/\/www.manaus.am.gov.br\/semed\/wp-content\/uploads\/sites\/3\/2022\/11\/favicon.png\",\"contentUrl\":\"https:\/\/www.manaus.am.gov.br\/semed\/wp-content\/uploads\/sites\/3\/2022\/11\/favicon.png\",\"width\":300,\"height\":300,\"caption\":\"Secretaria de Educa\u00e7\u00e3o\"},\"image\":{\"@id\":\"https:\/\/www.manaus.am.gov.br\/semed\/#\/schema\/logo\/image\/\"}},{\"@type\":\"Person\",\"@id\":\"https:\/\/www.manaus.am.gov.br\/semed\/#\/schema\/person\/fe69d2249d78e7a3112d42bc34c44a58\",\"name\":\"Glauber Farias\",\"image\":{\"@type\":\"ImageObject\",\"inLanguage\":\"pt-BR\",\"@id\":\"https:\/\/www.manaus.am.gov.br\/semed\/#\/schema\/person\/image\/\",\"url\":\"https:\/\/secure.gravatar.com\/avatar\/eb33200ffd19538372f635b2165531c0?s=96&d=mm&r=g\",\"contentUrl\":\"https:\/\/secure.gravatar.com\/avatar\/eb33200ffd19538372f635b2165531c0?s=96&d=mm&r=g\",\"caption\":\"Glauber Farias\"}}]}<\/script>\n<!-- \/ Yoast SEO plugin. -->","yoast_head_json":{"title":"Creches 2024 - Resultado - SEMED","robots":{"index":"index","follow":"follow","max-snippet":"max-snippet:-1","max-image-preview":"max-image-preview:large","max-video-preview":"max-video-preview:-1"},"canonical":"https:\/\/www.manaus.am.gov.br\/semed\/resultado-creches-2024\/","og_locale":"pt_BR","og_type":"article","og_title":"Creches 2024 - Resultado - SEMED","og_url":"https:\/\/www.manaus.am.gov.br\/semed\/resultado-creches-2024\/","og_site_name":"SEMED","article_modified_time":"2024-01-31T12:04:07+00:00","og_image":[{"width":966,"height":520,"url":"https:\/\/www.manaus.am.gov.br\/semed\/wp-content\/uploads\/sites\/3\/2024\/07\/thumb-default-2.png","type":"image\/png"}],"twitter_card":"summary_large_image","twitter_misc":{"Est. reading time":"3 minutos"},"schema":{"@context":"https:\/\/schema.org","@graph":[{"@type":"Article","@id":"https:\/\/www.manaus.am.gov.br\/semed\/resultado-creches-2024\/#article","isPartOf":{"@id":"https:\/\/www.manaus.am.gov.br\/semed\/resultado-creches-2024\/"},"author":{"name":"Glauber Farias","@id":"https:\/\/www.manaus.am.gov.br\/semed\/#\/schema\/person\/fe69d2249d78e7a3112d42bc34c44a58"},"headline":"Creches 2024 &#8211; Resultado","datePublished":"2024-01-29T22:39:20+00:00","dateModified":"2024-01-31T12:04:07+00:00","mainEntityOfPage":{"@id":"https:\/\/www.manaus.am.gov.br\/semed\/resultado-creches-2024\/"},"wordCount":600,"publisher":{"@id":"https:\/\/www.manaus.am.gov.br\/semed\/#organization"},"inLanguage":"pt-BR"},{"@type":"WebPage","@id":"https:\/\/www.manaus.am.gov.br\/semed\/resultado-creches-2024\/","url":"https:\/\/www.manaus.am.gov.br\/semed\/resultado-creches-2024\/","name":"Creches 2024 - Resultado - SEMED","isPartOf":{"@id":"https:\/\/www.manaus.am.gov.br\/semed\/#website"},"datePublished":"2024-01-29T22:39:20+00:00","dateModified":"2024-01-31T12:04:07+00:00","inLanguage":"pt-BR","potentialAction":[{"@type":"ReadAction","target":["https:\/\/www.manaus.am.gov.br\/semed\/resultado-creches-2024\/"]}]},{"@type":"WebSite","@id":"https:\/\/www.manaus.am.gov.br\/semed\/#website","url":"https:\/\/www.manaus.am.gov.br\/semed\/","name":"Secretaria Municipal de Educa\u00e7\u00e3o","description":"Secretaria Municipal de Educa\u00e7\u00e3o","publisher":{"@id":"https:\/\/www.manaus.am.gov.br\/semed\/#organization"},"alternateName":"SEMED","potentialAction":[{"@type":"SearchAction","target":{"@type":"EntryPoint","urlTemplate":"https:\/\/www.manaus.am.gov.br\/semed\/?s={search_term_string}"},"query-input":"required name=search_term_string"}],"inLanguage":"pt-BR"},{"@type":"Organization","@id":"https:\/\/www.manaus.am.gov.br\/semed\/#organization","name":"Secretaria de Educa\u00e7\u00e3o","alternateName":"SEMED","url":"https:\/\/www.manaus.am.gov.br\/semed\/","logo":{"@type":"ImageObject","inLanguage":"pt-BR","@id":"https:\/\/www.manaus.am.gov.br\/semed\/#\/schema\/logo\/image\/","url":"https:\/\/www.manaus.am.gov.br\/semed\/wp-content\/uploads\/sites\/3\/2022\/11\/favicon.png","contentUrl":"https:\/\/www.manaus.am.gov.br\/semed\/wp-content\/uploads\/sites\/3\/2022\/11\/favicon.png","width":300,"height":300,"caption":"Secretaria de Educa\u00e7\u00e3o"},"image":{"@id":"https:\/\/www.manaus.am.gov.br\/semed\/#\/schema\/logo\/image\/"}},{"@type":"Person","@id":"https:\/\/www.manaus.am.gov.br\/semed\/#\/schema\/person\/fe69d2249d78e7a3112d42bc34c44a58","name":"Glauber Farias","image":{"@type":"ImageObject","inLanguage":"pt-BR","@id":"https:\/\/www.manaus.am.gov.br\/semed\/#\/schema\/person\/image\/","url":"https:\/\/secure.gravatar.com\/avatar\/eb33200ffd19538372f635b2165531c0?s=96&d=mm&r=g","contentUrl":"https:\/\/secure.gravatar.com\/avatar\/eb33200ffd19538372f635b2165531c0?s=96&d=mm&r=g","caption":"Glauber Farias"}}]}},"_links":{"self":[{"href":"https:\/\/www.manaus.am.gov.br\/semed\/wp-json\/wp\/v2\/pages\/3741"}],"collection":[{"href":"https:\/\/www.manaus.am.gov.br\/semed\/wp-json\/wp\/v2\/pages"}],"about":[{"href":"https:\/\/www.manaus.am.gov.br\/semed\/wp-json\/wp\/v2\/types\/page"}],"author":[{"embeddable":true,"href":"https:\/\/www.manaus.am.gov.br\/semed\/wp-json\/wp\/v2\/users\/8"}],"replies":[{"embeddable":true,"href":"https:\/\/www.manaus.am.gov.br\/semed\/wp-json\/wp\/v2\/comments?post=3741"}],"version-history":[{"count":15,"href":"https:\/\/www.manaus.am.gov.br\/semed\/wp-json\/wp\/v2\/pages\/3741\/revisions"}],"predecessor-version":[{"id":5077,"href":"https:\/\/www.manaus.am.gov.br\/semed\/wp-json\/wp\/v2\/pages\/3741\/revisions\/5077"}],"wp:attachment":[{"href":"https:\/\/www.manaus.am.gov.br\/semed\/wp-json\/wp\/v2\/media?parent=3741"}],"curies":[{"name":"wp","href":"https:\/\/api.w.org\/{rel}","templated":true}]}}