{"id":280,"date":"2022-10-19T19:27:25","date_gmt":"2022-10-19T22:27:25","guid":{"rendered":"https:\/\/hulk.meuprojetoweb.com.br\/website-prefeitura-manaus\/current\/semed\/?page_id=186"},"modified":"2023-04-24T09:57:35","modified_gmt":"2023-04-24T13:57:35","slug":"programas-e-acoes-pedagogicas","status":"publish","type":"page","link":"https:\/\/www.manaus.am.gov.br\/semed\/programas-e-acoes-pedagogicas\/","title":{"rendered":"Programas e a\u00e7\u00f5es pedag\u00f3gicas"},"content":{"rendered":"\n<h2 class=\"wp-block-heading\">PROGRAMA MUNICIPAL DE ESCOLARIZA\u00c7\u00c3O DO ADULTO E DA PESSOA IDOSA \u2013 PROMEAPI<\/h2>\n\n\n\n<p>O Programa Municipal de Escolariza\u00e7\u00e3o do Adulto e da Pessoa Idosa (Promeapi) foi criado em 1999 pela Secretaria Municipal de Educa\u00e7\u00e3o (Semed), com o objetivo de oferecer o Ensino Fundamental (1\u00b0 segmento) a adultos a partir de 35 anos e idosos. No programa, s\u00e3o desenvolvidas atividades cognitivas, culturais e sociais. Al\u00e9m disso, o curso tem dura\u00e7\u00e3o de at\u00e9 3 anos e \u00e9 oferecido de segunda a sexta-feira, nos turnos matutino, vespertino e noturno, para adultos e idosos que n\u00e3o conclu\u00edram o Ensino Fundamental, ou n\u00e3o foram alfabetizados. Vale ressaltar que as turmas s\u00e3o multisseriadas, ou seja, s\u00e3o divididas em 1\u00aa fase (alfabetiza\u00e7\u00e3o), 2\u00aa fase (1\u00b0 e 2\u00b0 ano) e 3\u00aa fase (4\u00b0 e 5\u00b0 ano).<\/p>\n","protected":false},"excerpt":{"rendered":"","protected":false},"author":27,"featured_media":0,"parent":0,"menu_order":0,"comment_status":"closed","ping_status":"closed","template":"page_servicos_menu.php","meta":{"footnotes":""},"acf":[],"yoast_head":"<!-- This site is optimized with the Yoast SEO plugin v23.0 - https:\/\/yoast.com\/wordpress\/plugins\/seo\/ -->\n<title>Programas e a\u00e7\u00f5es pedag\u00f3gicas - SEMED<\/title>\n<meta name=\"robots\" content=\"index, follow, max-snippet:-1, max-image-preview:large, max-video-preview:-1\" \/>\n<link rel=\"canonical\" href=\"https:\/\/www.manaus.am.gov.br\/semed\/programas-e-acoes-pedagogicas\/\" \/>\n<meta property=\"og:locale\" content=\"pt_BR\" \/>\n<meta property=\"og:type\" content=\"article\" \/>\n<meta property=\"og:title\" content=\"Programas e a\u00e7\u00f5es pedag\u00f3gicas - SEMED\" \/>\n<meta property=\"og:url\" content=\"https:\/\/www.manaus.am.gov.br\/semed\/programas-e-acoes-pedagogicas\/\" \/>\n<meta property=\"og:site_name\" content=\"SEMED\" \/>\n<meta property=\"article:modified_time\" content=\"2023-04-24T13:57:35+00:00\" \/>\n<meta property=\"og:image\" content=\"https:\/\/www.manaus.am.gov.br\/semed\/wp-content\/uploads\/sites\/3\/2024\/07\/thumb-default-2.png\" \/>\n\t<meta property=\"og:image:width\" content=\"966\" \/>\n\t<meta property=\"og:image:height\" content=\"520\" \/>\n\t<meta property=\"og:image:type\" content=\"image\/png\" \/>\n<meta name=\"twitter:card\" content=\"summary_large_image\" \/>\n<meta name=\"twitter:label1\" content=\"Est. reading time\" \/>\n\t<meta name=\"twitter:data1\" content=\"1 minuto\" \/>\n<script type=\"application\/ld+json\" class=\"yoast-schema-graph\">{\"@context\":\"https:\/\/schema.org\",\"@graph\":[{\"@type\":\"Article\",\"@id\":\"https:\/\/www.manaus.am.gov.br\/semed\/programas-e-acoes-pedagogicas\/#article\",\"isPartOf\":{\"@id\":\"https:\/\/www.manaus.am.gov.br\/semed\/programas-e-acoes-pedagogicas\/\"},\"author\":{\"name\":\"Imarketing Digital\",\"@id\":\"https:\/\/www.manaus.am.gov.br\/semed\/#\/schema\/person\/79525a47ac5902f50493820d995728ee\"},\"headline\":\"Programas e a\u00e7\u00f5es pedag\u00f3gicas\",\"datePublished\":\"2022-10-19T22:27:25+00:00\",\"dateModified\":\"2023-04-24T13:57:35+00:00\",\"mainEntityOfPage\":{\"@id\":\"https:\/\/www.manaus.am.gov.br\/semed\/programas-e-acoes-pedagogicas\/\"},\"wordCount\":132,\"publisher\":{\"@id\":\"https:\/\/www.manaus.am.gov.br\/semed\/#organization\"},\"inLanguage\":\"pt-BR\"},{\"@type\":\"WebPage\",\"@id\":\"https:\/\/www.manaus.am.gov.br\/semed\/programas-e-acoes-pedagogicas\/\",\"url\":\"https:\/\/www.manaus.am.gov.br\/semed\/programas-e-acoes-pedagogicas\/\",\"name\":\"Programas e a\u00e7\u00f5es pedag\u00f3gicas - SEMED\",\"isPartOf\":{\"@id\":\"https:\/\/www.manaus.am.gov.br\/semed\/#website\"},\"datePublished\":\"2022-10-19T22:27:25+00:00\",\"dateModified\":\"2023-04-24T13:57:35+00:00\",\"inLanguage\":\"pt-BR\",\"potentialAction\":[{\"@type\":\"ReadAction\",\"target\":[\"https:\/\/www.manaus.am.gov.br\/semed\/programas-e-acoes-pedagogicas\/\"]}]},{\"@type\":\"WebSite\",\"@id\":\"https:\/\/www.manaus.am.gov.br\/semed\/#website\",\"url\":\"https:\/\/www.manaus.am.gov.br\/semed\/\",\"name\":\"Secretaria Municipal de Educa\u00e7\u00e3o\",\"description\":\"Secretaria Municipal de Educa\u00e7\u00e3o\",\"publisher\":{\"@id\":\"https:\/\/www.manaus.am.gov.br\/semed\/#organization\"},\"alternateName\":\"SEMED\",\"potentialAction\":[{\"@type\":\"SearchAction\",\"target\":{\"@type\":\"EntryPoint\",\"urlTemplate\":\"https:\/\/www.manaus.am.gov.br\/semed\/?s={search_term_string}\"},\"query-input\":\"required name=search_term_string\"}],\"inLanguage\":\"pt-BR\"},{\"@type\":\"Organization\",\"@id\":\"https:\/\/www.manaus.am.gov.br\/semed\/#organization\",\"name\":\"Secretaria de Educa\u00e7\u00e3o\",\"alternateName\":\"SEMED\",\"url\":\"https:\/\/www.manaus.am.gov.br\/semed\/\",\"logo\":{\"@type\":\"ImageObject\",\"inLanguage\":\"pt-BR\",\"@id\":\"https:\/\/www.manaus.am.gov.br\/semed\/#\/schema\/logo\/image\/\",\"url\":\"https:\/\/www.manaus.am.gov.br\/semed\/wp-content\/uploads\/sites\/3\/2022\/11\/favicon.png\",\"contentUrl\":\"https:\/\/www.manaus.am.gov.br\/semed\/wp-content\/uploads\/sites\/3\/2022\/11\/favicon.png\",\"width\":300,\"height\":300,\"caption\":\"Secretaria de Educa\u00e7\u00e3o\"},\"image\":{\"@id\":\"https:\/\/www.manaus.am.gov.br\/semed\/#\/schema\/logo\/image\/\"}},{\"@type\":\"Person\",\"@id\":\"https:\/\/www.manaus.am.gov.br\/semed\/#\/schema\/person\/79525a47ac5902f50493820d995728ee\",\"name\":\"Imarketing Digital\",\"image\":{\"@type\":\"ImageObject\",\"inLanguage\":\"pt-BR\",\"@id\":\"https:\/\/www.manaus.am.gov.br\/semed\/#\/schema\/person\/image\/\",\"url\":\"https:\/\/secure.gravatar.com\/avatar\/03432d3c57b756ed9760f7019c815a3a?s=96&d=mm&r=g\",\"contentUrl\":\"https:\/\/secure.gravatar.com\/avatar\/03432d3c57b756ed9760f7019c815a3a?s=96&d=mm&r=g\",\"caption\":\"Imarketing Digital\"}}]}<\/script>\n<!-- \/ Yoast SEO plugin. -->","yoast_head_json":{"title":"Programas e a\u00e7\u00f5es pedag\u00f3gicas - SEMED","robots":{"index":"index","follow":"follow","max-snippet":"max-snippet:-1","max-image-preview":"max-image-preview:large","max-video-preview":"max-video-preview:-1"},"canonical":"https:\/\/www.manaus.am.gov.br\/semed\/programas-e-acoes-pedagogicas\/","og_locale":"pt_BR","og_type":"article","og_title":"Programas e a\u00e7\u00f5es pedag\u00f3gicas - SEMED","og_url":"https:\/\/www.manaus.am.gov.br\/semed\/programas-e-acoes-pedagogicas\/","og_site_name":"SEMED","article_modified_time":"2023-04-24T13:57:35+00:00","og_image":[{"width":966,"height":520,"url":"https:\/\/www.manaus.am.gov.br\/semed\/wp-content\/uploads\/sites\/3\/2024\/07\/thumb-default-2.png","type":"image\/png"}],"twitter_card":"summary_large_image","twitter_misc":{"Est. reading time":"1 minuto"},"schema":{"@context":"https:\/\/schema.org","@graph":[{"@type":"Article","@id":"https:\/\/www.manaus.am.gov.br\/semed\/programas-e-acoes-pedagogicas\/#article","isPartOf":{"@id":"https:\/\/www.manaus.am.gov.br\/semed\/programas-e-acoes-pedagogicas\/"},"author":{"name":"Imarketing Digital","@id":"https:\/\/www.manaus.am.gov.br\/semed\/#\/schema\/person\/79525a47ac5902f50493820d995728ee"},"headline":"Programas e a\u00e7\u00f5es pedag\u00f3gicas","datePublished":"2022-10-19T22:27:25+00:00","dateModified":"2023-04-24T13:57:35+00:00","mainEntityOfPage":{"@id":"https:\/\/www.manaus.am.gov.br\/semed\/programas-e-acoes-pedagogicas\/"},"wordCount":132,"publisher":{"@id":"https:\/\/www.manaus.am.gov.br\/semed\/#organization"},"inLanguage":"pt-BR"},{"@type":"WebPage","@id":"https:\/\/www.manaus.am.gov.br\/semed\/programas-e-acoes-pedagogicas\/","url":"https:\/\/www.manaus.am.gov.br\/semed\/programas-e-acoes-pedagogicas\/","name":"Programas e a\u00e7\u00f5es pedag\u00f3gicas - SEMED","isPartOf":{"@id":"https:\/\/www.manaus.am.gov.br\/semed\/#website"},"datePublished":"2022-10-19T22:27:25+00:00","dateModified":"2023-04-24T13:57:35+00:00","inLanguage":"pt-BR","potentialAction":[{"@type":"ReadAction","target":["https:\/\/www.manaus.am.gov.br\/semed\/programas-e-acoes-pedagogicas\/"]}]},{"@type":"WebSite","@id":"https:\/\/www.manaus.am.gov.br\/semed\/#website","url":"https:\/\/www.manaus.am.gov.br\/semed\/","name":"Secretaria Municipal de Educa\u00e7\u00e3o","description":"Secretaria Municipal de Educa\u00e7\u00e3o","publisher":{"@id":"https:\/\/www.manaus.am.gov.br\/semed\/#organization"},"alternateName":"SEMED","potentialAction":[{"@type":"SearchAction","target":{"@type":"EntryPoint","urlTemplate":"https:\/\/www.manaus.am.gov.br\/semed\/?s={search_term_string}"},"query-input":"required name=search_term_string"}],"inLanguage":"pt-BR"},{"@type":"Organization","@id":"https:\/\/www.manaus.am.gov.br\/semed\/#organization","name":"Secretaria de Educa\u00e7\u00e3o","alternateName":"SEMED","url":"https:\/\/www.manaus.am.gov.br\/semed\/","logo":{"@type":"ImageObject","inLanguage":"pt-BR","@id":"https:\/\/www.manaus.am.gov.br\/semed\/#\/schema\/logo\/image\/","url":"https:\/\/www.manaus.am.gov.br\/semed\/wp-content\/uploads\/sites\/3\/2022\/11\/favicon.png","contentUrl":"https:\/\/www.manaus.am.gov.br\/semed\/wp-content\/uploads\/sites\/3\/2022\/11\/favicon.png","width":300,"height":300,"caption":"Secretaria de Educa\u00e7\u00e3o"},"image":{"@id":"https:\/\/www.manaus.am.gov.br\/semed\/#\/schema\/logo\/image\/"}},{"@type":"Person","@id":"https:\/\/www.manaus.am.gov.br\/semed\/#\/schema\/person\/79525a47ac5902f50493820d995728ee","name":"Imarketing Digital","image":{"@type":"ImageObject","inLanguage":"pt-BR","@id":"https:\/\/www.manaus.am.gov.br\/semed\/#\/schema\/person\/image\/","url":"https:\/\/secure.gravatar.com\/avatar\/03432d3c57b756ed9760f7019c815a3a?s=96&d=mm&r=g","contentUrl":"https:\/\/secure.gravatar.com\/avatar\/03432d3c57b756ed9760f7019c815a3a?s=96&d=mm&r=g","caption":"Imarketing Digital"}}]}},"_links":{"self":[{"href":"https:\/\/www.manaus.am.gov.br\/semed\/wp-json\/wp\/v2\/pages\/280"}],"collection":[{"href":"https:\/\/www.manaus.am.gov.br\/semed\/wp-json\/wp\/v2\/pages"}],"about":[{"href":"https:\/\/www.manaus.am.gov.br\/semed\/wp-json\/wp\/v2\/types\/page"}],"author":[{"embeddable":true,"href":"https:\/\/www.manaus.am.gov.br\/semed\/wp-json\/wp\/v2\/users\/27"}],"replies":[{"embeddable":true,"href":"https:\/\/www.manaus.am.gov.br\/semed\/wp-json\/wp\/v2\/comments?post=280"}],"version-history":[{"count":6,"href":"https:\/\/www.manaus.am.gov.br\/semed\/wp-json\/wp\/v2\/pages\/280\/revisions"}],"predecessor-version":[{"id":2588,"href":"https:\/\/www.manaus.am.gov.br\/semed\/wp-json\/wp\/v2\/pages\/280\/revisions\/2588"}],"wp:attachment":[{"href":"https:\/\/www.manaus.am.gov.br\/semed\/wp-json\/wp\/v2\/media?parent=280"}],"curies":[{"name":"wp","href":"https:\/\/api.w.org\/{rel}","templated":true}]}}