{"id":273,"date":"2022-10-19T19:22:09","date_gmt":"2022-10-19T23:22:09","guid":{"rendered":"https:\/\/hulk.meuprojetoweb.com.br\/website-prefeitura-manaus\/current\/semed\/?page_id=173"},"modified":"2023-03-10T14:45:50","modified_gmt":"2023-03-10T18:45:50","slug":"utilizacao-dos-recursos","status":"publish","type":"page","link":"https:\/\/www.manaus.am.gov.br\/semed\/utilizacao-dos-recursos\/","title":{"rendered":"Utiliza\u00e7\u00e3o dos Recursos"},"content":{"rendered":"<p>De acordo com o disposto nos artigos 21 e 22 da Lei N.\u00ba 11.494\/2007, os recursos devem ser aplicados, no exerc\u00edcio financeiro em que forem creditados, da seguinte maneira:<\/p>\n<p>1. 60% dos recursos recebidos anualmente, no m\u00ednimo, para remunera\u00e7\u00e3o dos profissionais do magist\u00e9rio em efetivo exerc\u00edcio no segmento da educa\u00e7\u00e3o b\u00e1sica de compet\u00eancia do respectivo ente governamental.<br \/>\n2. 40% restantes, no m\u00e1ximo, em outras a\u00e7\u00f5es de manuten\u00e7\u00e3o e desenvolvimento do ensino (\u00a7 1\u00ba do art. 21 da Lei N.\u00ba 11.494\/2007), no segmento da educa\u00e7\u00e3o b\u00e1sica da compet\u00eancia do respectivo ente governamental, como:<br \/>\na) remunera\u00e7\u00e3o dos demais profissionais da educa\u00e7\u00e3o (auxiliar de servi\u00e7os gerais, auxiliar de administra\u00e7\u00e3o, secret\u00e1rio da escola, merendeira, dentre outros);<br \/>\nb) capacita\u00e7\u00e3o do pessoal docente (forma\u00e7\u00e3o inicial ou continuada) e demais profissionais da educa\u00e7\u00e3o (forma\u00e7\u00e3o continuada) por meio de programas com esse objetivo;<br \/>\nc) aquisi\u00e7\u00e3o, manuten\u00e7\u00e3o, constru\u00e7\u00e3o e conserva\u00e7\u00e3o de instala\u00e7\u00f5es e equipamentos necess\u00e1rios ao ensino;<br \/>\nd) aquisi\u00e7\u00e3o de im\u00f3veis j\u00e1 constru\u00eddos ou de terrenos para constru\u00e7\u00e3o de pr\u00e9dios, destinados a escolas;<br \/>\ne) amplia\u00e7\u00e3o, conclus\u00e3o e constru\u00e7\u00e3o de pr\u00e9dios, po\u00e7os, muros e quadras de esportes nas escolas e outras instala\u00e7\u00f5es f\u00edsicas de uso exclusivo das unidades escolares;<br \/>\nf) aquisi\u00e7\u00e3o de mobili\u00e1rio e equipamentos voltados para o atendimento exclusivo das necessidades das unidades escolares (carteiras e cadeiras, mesas, arm\u00e1rios, mime\u00f3grafos, retroprojetores, computadores, televisores, antenas, etc.);<br \/>\ng) manuten\u00e7\u00e3o dos equipamentos existentes (m\u00e1quinas, m\u00f3veis, equipamentos eletroeletr\u00f4nicos etc.), seja mediante aquisi\u00e7\u00e3o de produtos\/servi\u00e7os necess\u00e1rios ao funcionamento desses equipamentos (tintas, graxas, \u00f3leos, energia el\u00e9trica etc.), seja mediante \u00e0 realiza\u00e7\u00e3o de consertos diversos (reparos, recupera\u00e7\u00f5es, reformas, reposi\u00e7\u00e3o de pe\u00e7as, revis\u00f5es etc.);<br \/>\nh) reforma, total ou parcial, de instala\u00e7\u00f5es f\u00edsicas (rede el\u00e9trica, hidr\u00e1ulica, estrutura interna, pintura, cobertura, pisos, muros, grades etc.) das unidades escolares da educa\u00e7\u00e3o b\u00e1sica;<br \/>\ni) uso e manuten\u00e7\u00e3o de bens vinculados aos sistemas de ensino, desde que no \u00e2mbito da educa\u00e7\u00e3o b\u00e1sica (aluguel de im\u00f3veis e de equipamentos, manuten\u00e7\u00e3o de bens e equipamentos \u2013 incluindo a realiza\u00e7\u00e3o de consertos ou reparos \u2013 conserva\u00e7\u00e3o das instala\u00e7\u00f5es f\u00edsicas do sistema de ensino priorit\u00e1rio dos respectivos entes federados);<br \/>\nj) levantamentos estat\u00edsticos, estudos e pesquisas visando precipuamente ao aprimoramento da qualidade e \u00e0 expans\u00e3o do ensino (organiza\u00e7\u00e3o de banco de dados, realiza\u00e7\u00e3o de estudos e pesquisas que visam \u00e0 elabora\u00e7\u00e3o de programas, planos e projetos voltados ao ensino priorit\u00e1rio dos respectivos entes federados);<br \/>\nk) realiza\u00e7\u00e3o de atividades necess\u00e1rias ao funcionamento do ensino;<br \/>\nl) aquisi\u00e7\u00e3o de (aquisi\u00e7\u00e3o de materiais did\u00e1tico-escolares diversos, destinados a apoiar o trabalho pedag\u00f3gico na escola, material desportivo utilizado nas aulas de educa\u00e7\u00e3o f\u00edsica, acervo da biblioteca da escola \u2013 livros, Atlas, dicion\u00e1rios, peri\u00f3dicos, l\u00e1pis, borrachas, canetas, cadernos, cartolinas, colas etc.);<br \/>\nm) manuten\u00e7\u00e3o de transporte escolar (aquisi\u00e7\u00e3o de ve\u00edculos escolares apropriados ao transporte de alunos da educa\u00e7\u00e3o b\u00e1sica, devidamente equipados e identificados como de uso espec\u00edfico nesse tipo de transporte, em observ\u00e2ncia ao disposto nos arts. 136 a 139 da Lei N\u00ba 9.503, de 23.09.97 \u2013 C\u00f3digo Nacional de Tr\u00e2nsito. Os tipos de ve\u00edculos destinados ao transporte de alunos, desde que apropriados ao transporte de pessoas, devem reunir adequadas condi\u00e7\u00f5es de utiliza\u00e7\u00e3o, estar licenciados pelos competentes \u00f3rg\u00e3os encarregados da fiscaliza\u00e7\u00e3o e dispor de todos os equipamentos obrigat\u00f3rios, principalmente no que tange aos itens de seguran\u00e7a. Podem ser adotados modelos e marcas diferenciadas de ve\u00edculos, em fun\u00e7\u00e3o da quantidade de pessoas a serem transportadas, das condi\u00e7\u00f5es das vias de tr\u00e1fego, dentre outras, podendo, inclusive, ser adotados ve\u00edculos de transporte hidrovi\u00e1rio);<br \/>\nn) amortiza\u00e7\u00e3o e custeio de opera\u00e7\u00f5es de cr\u00e9dito destinadas a atender ao disposto nos itens acima (quita\u00e7\u00e3o de empr\u00e9stimos \u2013 principal e encargos \u2013 destinados a investimentos em educa\u00e7\u00e3o b\u00e1sica, financiamento para constru\u00e7\u00e3o de escola, por exemplo).<\/p>\n<p>\u00c9 importante ressaltar que as despesas autorizadas pelos artigos 21 e 22 da Lei N.\u00ba 11.494\/2007, que encontram correspond\u00eancia no artigo 70 da Lei N.\u00ba 9.394\/1996 \u2013 LDB, consistem em rol taxativo de gastos classific\u00e1veis como a\u00e7\u00f5es b\u00e1sicas de manuten\u00e7\u00e3o e desenvolvimento do ensino, e que os art. 23 da Lei do Fundeb e art. 71 da LDB veiculam as despesas vedadas pelo ordenamento, com o objetivo de exemplificar o que n\u00e3o pode ser custeado com os recursos do Fundo de Manuten\u00e7\u00e3o e Desenvolvimento da Educa\u00e7\u00e3o B\u00e1sica.<\/p>\n","protected":false},"excerpt":{"rendered":"","protected":false},"author":27,"featured_media":0,"parent":0,"menu_order":0,"comment_status":"closed","ping_status":"closed","template":"templates\/turismo.php","meta":{"footnotes":""},"acf":[],"yoast_head":"<!-- This site is optimized with the Yoast SEO plugin v23.0 - https:\/\/yoast.com\/wordpress\/plugins\/seo\/ -->\n<title>Utiliza\u00e7\u00e3o dos Recursos - SEMED<\/title>\n<meta name=\"robots\" content=\"index, follow, max-snippet:-1, max-image-preview:large, max-video-preview:-1\" \/>\n<link rel=\"canonical\" href=\"https:\/\/www.manaus.am.gov.br\/semed\/utilizacao-dos-recursos\/\" \/>\n<meta property=\"og:locale\" content=\"pt_BR\" \/>\n<meta property=\"og:type\" content=\"article\" \/>\n<meta property=\"og:title\" content=\"Utiliza\u00e7\u00e3o dos Recursos - SEMED\" \/>\n<meta property=\"og:url\" content=\"https:\/\/www.manaus.am.gov.br\/semed\/utilizacao-dos-recursos\/\" \/>\n<meta property=\"og:site_name\" content=\"SEMED\" \/>\n<meta property=\"article:modified_time\" content=\"2023-03-10T18:45:50+00:00\" \/>\n<meta property=\"og:image\" content=\"https:\/\/www.manaus.am.gov.br\/semed\/wp-content\/uploads\/sites\/3\/2024\/07\/thumb-default-2.png\" \/>\n\t<meta property=\"og:image:width\" content=\"966\" \/>\n\t<meta property=\"og:image:height\" content=\"520\" \/>\n\t<meta property=\"og:image:type\" content=\"image\/png\" \/>\n<meta name=\"twitter:card\" content=\"summary_large_image\" \/>\n<meta name=\"twitter:label1\" content=\"Est. reading time\" \/>\n\t<meta name=\"twitter:data1\" content=\"4 minutos\" \/>\n<script type=\"application\/ld+json\" class=\"yoast-schema-graph\">{\"@context\":\"https:\/\/schema.org\",\"@graph\":[{\"@type\":\"Article\",\"@id\":\"https:\/\/www.manaus.am.gov.br\/semed\/utilizacao-dos-recursos\/#article\",\"isPartOf\":{\"@id\":\"https:\/\/www.manaus.am.gov.br\/semed\/utilizacao-dos-recursos\/\"},\"author\":{\"name\":\"Imarketing Digital\",\"@id\":\"https:\/\/www.manaus.am.gov.br\/semed\/#\/schema\/person\/79525a47ac5902f50493820d995728ee\"},\"headline\":\"Utiliza\u00e7\u00e3o dos Recursos\",\"datePublished\":\"2022-10-19T23:22:09+00:00\",\"dateModified\":\"2023-03-10T18:45:50+00:00\",\"mainEntityOfPage\":{\"@id\":\"https:\/\/www.manaus.am.gov.br\/semed\/utilizacao-dos-recursos\/\"},\"wordCount\":781,\"publisher\":{\"@id\":\"https:\/\/www.manaus.am.gov.br\/semed\/#organization\"},\"inLanguage\":\"pt-BR\"},{\"@type\":\"WebPage\",\"@id\":\"https:\/\/www.manaus.am.gov.br\/semed\/utilizacao-dos-recursos\/\",\"url\":\"https:\/\/www.manaus.am.gov.br\/semed\/utilizacao-dos-recursos\/\",\"name\":\"Utiliza\u00e7\u00e3o dos Recursos - SEMED\",\"isPartOf\":{\"@id\":\"https:\/\/www.manaus.am.gov.br\/semed\/#website\"},\"datePublished\":\"2022-10-19T23:22:09+00:00\",\"dateModified\":\"2023-03-10T18:45:50+00:00\",\"inLanguage\":\"pt-BR\",\"potentialAction\":[{\"@type\":\"ReadAction\",\"target\":[\"https:\/\/www.manaus.am.gov.br\/semed\/utilizacao-dos-recursos\/\"]}]},{\"@type\":\"WebSite\",\"@id\":\"https:\/\/www.manaus.am.gov.br\/semed\/#website\",\"url\":\"https:\/\/www.manaus.am.gov.br\/semed\/\",\"name\":\"Secretaria Municipal de Educa\u00e7\u00e3o\",\"description\":\"Secretaria Municipal de Educa\u00e7\u00e3o\",\"publisher\":{\"@id\":\"https:\/\/www.manaus.am.gov.br\/semed\/#organization\"},\"alternateName\":\"SEMED\",\"potentialAction\":[{\"@type\":\"SearchAction\",\"target\":{\"@type\":\"EntryPoint\",\"urlTemplate\":\"https:\/\/www.manaus.am.gov.br\/semed\/?s={search_term_string}\"},\"query-input\":\"required name=search_term_string\"}],\"inLanguage\":\"pt-BR\"},{\"@type\":\"Organization\",\"@id\":\"https:\/\/www.manaus.am.gov.br\/semed\/#organization\",\"name\":\"Secretaria de Educa\u00e7\u00e3o\",\"alternateName\":\"SEMED\",\"url\":\"https:\/\/www.manaus.am.gov.br\/semed\/\",\"logo\":{\"@type\":\"ImageObject\",\"inLanguage\":\"pt-BR\",\"@id\":\"https:\/\/www.manaus.am.gov.br\/semed\/#\/schema\/logo\/image\/\",\"url\":\"https:\/\/www.manaus.am.gov.br\/semed\/wp-content\/uploads\/sites\/3\/2022\/11\/favicon.png\",\"contentUrl\":\"https:\/\/www.manaus.am.gov.br\/semed\/wp-content\/uploads\/sites\/3\/2022\/11\/favicon.png\",\"width\":300,\"height\":300,\"caption\":\"Secretaria de Educa\u00e7\u00e3o\"},\"image\":{\"@id\":\"https:\/\/www.manaus.am.gov.br\/semed\/#\/schema\/logo\/image\/\"}},{\"@type\":\"Person\",\"@id\":\"https:\/\/www.manaus.am.gov.br\/semed\/#\/schema\/person\/79525a47ac5902f50493820d995728ee\",\"name\":\"Imarketing Digital\",\"image\":{\"@type\":\"ImageObject\",\"inLanguage\":\"pt-BR\",\"@id\":\"https:\/\/www.manaus.am.gov.br\/semed\/#\/schema\/person\/image\/\",\"url\":\"https:\/\/secure.gravatar.com\/avatar\/03432d3c57b756ed9760f7019c815a3a?s=96&d=mm&r=g\",\"contentUrl\":\"https:\/\/secure.gravatar.com\/avatar\/03432d3c57b756ed9760f7019c815a3a?s=96&d=mm&r=g\",\"caption\":\"Imarketing Digital\"}}]}<\/script>\n<!-- \/ Yoast SEO plugin. -->","yoast_head_json":{"title":"Utiliza\u00e7\u00e3o dos Recursos - SEMED","robots":{"index":"index","follow":"follow","max-snippet":"max-snippet:-1","max-image-preview":"max-image-preview:large","max-video-preview":"max-video-preview:-1"},"canonical":"https:\/\/www.manaus.am.gov.br\/semed\/utilizacao-dos-recursos\/","og_locale":"pt_BR","og_type":"article","og_title":"Utiliza\u00e7\u00e3o dos Recursos - SEMED","og_url":"https:\/\/www.manaus.am.gov.br\/semed\/utilizacao-dos-recursos\/","og_site_name":"SEMED","article_modified_time":"2023-03-10T18:45:50+00:00","og_image":[{"width":966,"height":520,"url":"https:\/\/www.manaus.am.gov.br\/semed\/wp-content\/uploads\/sites\/3\/2024\/07\/thumb-default-2.png","type":"image\/png"}],"twitter_card":"summary_large_image","twitter_misc":{"Est. reading time":"4 minutos"},"schema":{"@context":"https:\/\/schema.org","@graph":[{"@type":"Article","@id":"https:\/\/www.manaus.am.gov.br\/semed\/utilizacao-dos-recursos\/#article","isPartOf":{"@id":"https:\/\/www.manaus.am.gov.br\/semed\/utilizacao-dos-recursos\/"},"author":{"name":"Imarketing Digital","@id":"https:\/\/www.manaus.am.gov.br\/semed\/#\/schema\/person\/79525a47ac5902f50493820d995728ee"},"headline":"Utiliza\u00e7\u00e3o dos Recursos","datePublished":"2022-10-19T23:22:09+00:00","dateModified":"2023-03-10T18:45:50+00:00","mainEntityOfPage":{"@id":"https:\/\/www.manaus.am.gov.br\/semed\/utilizacao-dos-recursos\/"},"wordCount":781,"publisher":{"@id":"https:\/\/www.manaus.am.gov.br\/semed\/#organization"},"inLanguage":"pt-BR"},{"@type":"WebPage","@id":"https:\/\/www.manaus.am.gov.br\/semed\/utilizacao-dos-recursos\/","url":"https:\/\/www.manaus.am.gov.br\/semed\/utilizacao-dos-recursos\/","name":"Utiliza\u00e7\u00e3o dos Recursos - SEMED","isPartOf":{"@id":"https:\/\/www.manaus.am.gov.br\/semed\/#website"},"datePublished":"2022-10-19T23:22:09+00:00","dateModified":"2023-03-10T18:45:50+00:00","inLanguage":"pt-BR","potentialAction":[{"@type":"ReadAction","target":["https:\/\/www.manaus.am.gov.br\/semed\/utilizacao-dos-recursos\/"]}]},{"@type":"WebSite","@id":"https:\/\/www.manaus.am.gov.br\/semed\/#website","url":"https:\/\/www.manaus.am.gov.br\/semed\/","name":"Secretaria Municipal de Educa\u00e7\u00e3o","description":"Secretaria Municipal de Educa\u00e7\u00e3o","publisher":{"@id":"https:\/\/www.manaus.am.gov.br\/semed\/#organization"},"alternateName":"SEMED","potentialAction":[{"@type":"SearchAction","target":{"@type":"EntryPoint","urlTemplate":"https:\/\/www.manaus.am.gov.br\/semed\/?s={search_term_string}"},"query-input":"required name=search_term_string"}],"inLanguage":"pt-BR"},{"@type":"Organization","@id":"https:\/\/www.manaus.am.gov.br\/semed\/#organization","name":"Secretaria de Educa\u00e7\u00e3o","alternateName":"SEMED","url":"https:\/\/www.manaus.am.gov.br\/semed\/","logo":{"@type":"ImageObject","inLanguage":"pt-BR","@id":"https:\/\/www.manaus.am.gov.br\/semed\/#\/schema\/logo\/image\/","url":"https:\/\/www.manaus.am.gov.br\/semed\/wp-content\/uploads\/sites\/3\/2022\/11\/favicon.png","contentUrl":"https:\/\/www.manaus.am.gov.br\/semed\/wp-content\/uploads\/sites\/3\/2022\/11\/favicon.png","width":300,"height":300,"caption":"Secretaria de Educa\u00e7\u00e3o"},"image":{"@id":"https:\/\/www.manaus.am.gov.br\/semed\/#\/schema\/logo\/image\/"}},{"@type":"Person","@id":"https:\/\/www.manaus.am.gov.br\/semed\/#\/schema\/person\/79525a47ac5902f50493820d995728ee","name":"Imarketing Digital","image":{"@type":"ImageObject","inLanguage":"pt-BR","@id":"https:\/\/www.manaus.am.gov.br\/semed\/#\/schema\/person\/image\/","url":"https:\/\/secure.gravatar.com\/avatar\/03432d3c57b756ed9760f7019c815a3a?s=96&d=mm&r=g","contentUrl":"https:\/\/secure.gravatar.com\/avatar\/03432d3c57b756ed9760f7019c815a3a?s=96&d=mm&r=g","caption":"Imarketing Digital"}}]}},"_links":{"self":[{"href":"https:\/\/www.manaus.am.gov.br\/semed\/wp-json\/wp\/v2\/pages\/273"}],"collection":[{"href":"https:\/\/www.manaus.am.gov.br\/semed\/wp-json\/wp\/v2\/pages"}],"about":[{"href":"https:\/\/www.manaus.am.gov.br\/semed\/wp-json\/wp\/v2\/types\/page"}],"author":[{"embeddable":true,"href":"https:\/\/www.manaus.am.gov.br\/semed\/wp-json\/wp\/v2\/users\/27"}],"replies":[{"embeddable":true,"href":"https:\/\/www.manaus.am.gov.br\/semed\/wp-json\/wp\/v2\/comments?post=273"}],"version-history":[{"count":2,"href":"https:\/\/www.manaus.am.gov.br\/semed\/wp-json\/wp\/v2\/pages\/273\/revisions"}],"predecessor-version":[{"id":422,"href":"https:\/\/www.manaus.am.gov.br\/semed\/wp-json\/wp\/v2\/pages\/273\/revisions\/422"}],"wp:attachment":[{"href":"https:\/\/www.manaus.am.gov.br\/semed\/wp-json\/wp\/v2\/media?parent=273"}],"curies":[{"name":"wp","href":"https:\/\/api.w.org\/{rel}","templated":true}]}}