{"id":2069,"date":"2023-03-16T14:35:42","date_gmt":"2023-03-16T18:35:42","guid":{"rendered":"https:\/\/www.manaus.am.gov.br\/semed\/?page_id=2069"},"modified":"2024-11-28T16:17:05","modified_gmt":"2024-11-28T20:17:05","slug":"escolas-cmeis-e-creches","status":"publish","type":"page","link":"https:\/\/www.manaus.am.gov.br\/semed\/escolas-cmeis-e-creches\/","title":{"rendered":"Escolas, CMEIs e Creches"},"content":{"rendered":"\n<p>Manaus \u00e9 uma das maiores cidades do Brasil e possui um sistema educacional vasto que inclui escolas municipais e creches. As escolas municipais de Manaus s\u00e3o respons\u00e1veis por oferecer Educa\u00e7\u00e3o Infantil e Ensino Fundamental para as crian\u00e7as e jovens da cidade. S\u00e3o mais de 500 escolas municipais que atendem a mais de 240.000 alunos em toda a cidade.<\/p>\n\n\n\n<p>As escolas municipais de Manaus s\u00e3o bastante variadas em termos de tamanho, recursos e localiza\u00e7\u00f5es geogr\u00e1ficas. Dividida em 7 Divis\u00f5es Distritais Zonais (DDZ), o munic\u00edpio possui escolas tanto no per\u00edmetro urbano, como espalhadas em \u00e1rea rodovi\u00e1ria e nos rios Amazonas e Rio Negro.<\/p>\n\n\n\n<p>Al\u00e9m das escolas municipais, Manaus tamb\u00e9m possui creches que s\u00e3o respons\u00e1veis por cuidar de crian\u00e7as de at\u00e9 3 anos de idade. Essas creches s\u00e3o administradas pelo munic\u00edpio e oferecem cuidados, educa\u00e7\u00e3o e alimenta\u00e7\u00e3o adequados para as crian\u00e7as. Atualmente, existem 28 creches em&nbsp;toda&nbsp;a&nbsp;cidade.<\/p>\n\n\n\n<p><a href=\"http:\/\/servicossemed.manaus.am.gov.br\/semedweb\/index.php?r=uNIDADEADMINISTRATIVA\/adminEscola\" target=\"_blank\" rel=\"noreferrer noopener\">Lista de Escolas, CMEIs e Creches<\/a><\/p>\n\n\n\n<p><a href=\"https:\/\/www.manaus.am.gov.br\/semed\/wp-content\/uploads\/sites\/3\/2023\/03\/Procedimentos-para-matri\u0301culas-nas-creches-municipais-2023.pdf\" target=\"_blank\" rel=\"noreferrer noopener\">Procedimentos para Matr\u00edculas nas Creches Municipais<\/a><\/p>\n\n\n\n<p><a href=\"https:\/\/www.manaus.am.gov.br\/semed\/wp-content\/uploads\/sites\/3\/2023\/05\/Edital-Vagas-Creches-Municipais.pdf\" target=\"_blank\" rel=\"noreferrer noopener\">Edital de vagas de creches municipais<\/a><\/p>\n\n\n\n<p><a href=\"https:\/\/www.manaus.am.gov.br\/semed\/wp-content\/uploads\/sites\/3\/2023\/05\/Edital-Vagas-Creche-e-Pre-Escola-SESI.pdf\" target=\"_blank\" rel=\"noreferrer noopener\">Edital de vagas de creche e pr\u00e9 escola SESI<\/a><\/p>\n\n\n\n<p><a href=\"https:\/\/www.manaus.am.gov.br\/semed\/wp-content\/uploads\/sites\/3\/2023\/05\/LISTA-DE-CLASSIFICADOS-E-CADASTRO-RESERVACR-CRECHE-MATERNAL-I-CRECHE-MUNICIPAL-DOROTHEA-DE-SOUZA-BRAGA.pdf\" target=\"_blank\" rel=\"noreferrer noopener\">LISTA DE CLASSIFICADOS E CADASTRO RESERVA(CR) &#8211; CRECHE &#8211; MATERNAL I &#8211; CRECHE MUNICIPAL DOROTHEA DE SOUZA BRAGA<\/a><\/p>\n\n\n\n<p><a href=\"https:\/\/www.manaus.am.gov.br\/semed\/wp-content\/uploads\/sites\/3\/2023\/05\/LISTA-DE-CLASSIFICADOS-E-CADASTRO-RESERVA-CRECHE-MATERNAL-II-SESI.pdf\" target=\"_blank\" rel=\"noreferrer noopener\">LISTA DE CLASSIFICADOS E CADASTRO RESERVA &#8211; CRECHE &#8211; MATERNAL II &#8211; SESI<\/a><\/p>\n\n\n\n<p><a href=\"https:\/\/www.manaus.am.gov.br\/semed\/wp-content\/uploads\/sites\/3\/2023\/05\/LISTA-DE-CLASSIFICADOS-E-CADASTRO-RESERVACR-CRECHE-MATERNAL-I-CRECHE-MUNICIPAL-CAIO-FABIO-D-ARAUJO.pdf\" target=\"_blank\" rel=\"noreferrer noopener\">LISTA DE CLASSIFICADOS E CADASTRO RESERVA(CR) &#8211; CRECHE &#8211; MATERNAL I &#8211; CRECHE MUNICIPAL CAIO FABIO D ARAUJO<\/a><\/p>\n\n\n\n<p><a href=\"https:\/\/www.manaus.am.gov.br\/semed\/wp-content\/uploads\/sites\/3\/2023\/05\/LISTA-DE-CLASSIFICADOS-E-CADASTRO-RESERVA-CRECHE-MATERNAL-III-SESI.pdf\" target=\"_blank\" rel=\"noreferrer noopener\">LISTA DE CLASSIFICADOS E CADASTRO RESERVA &#8211; CRECHE &#8211; MATERNAL III &#8211; SESI<\/a><\/p>\n\n\n\n<p><a href=\"https:\/\/www.manaus.am.gov.br\/semed\/wp-content\/uploads\/sites\/3\/2023\/05\/LISTA-DE-CLASSIFICADOS-E-CADASTRO-RESERVA-CRECHE-MATERNAL-I-SESI.pdf\" target=\"_blank\" rel=\"noreferrer noopener\">LISTA DE CLASSIFICADOS E CADASTRO RESERVA &#8211; CRECHE &#8211; MATERNAL I &#8211; SESI<\/a><\/p>\n\n\n\n<p><a href=\"https:\/\/www.manaus.am.gov.br\/semed\/wp-content\/uploads\/sites\/3\/2023\/05\/LISTA-DE-CLASSIFICADOS-E-CADASTRO-RESERVACR-CRECHE-MATERNAL-II-CRECHE-MUNICIPAL-CAIO-FABIO-D-ARAUJO.pdf\" target=\"_blank\" rel=\"noreferrer noopener\">LISTA DE CLASSIFICADOS E CADASTRO RESERVA(CR) &#8211; CRECHE &#8211; MATERNAL II &#8211; CRECHE MUNICIPAL CAIO FABIO D ARAUJO<\/a><\/p>\n\n\n\n<p><a href=\"https:\/\/www.manaus.am.gov.br\/semed\/wp-content\/uploads\/sites\/3\/2023\/05\/LISTA-DE-CLASSIFICADOS-E-CADASTRO-RESERVACR-CRECHE-MATERNAL-II-CRECHE-MUNICIPAL-DOROTHEA-DE-SOUZA-BRAGA.pdf\" target=\"_blank\" rel=\"noreferrer noopener\">LISTA DE CLASSIFICADOS E CADASTRO RESERVA(CR) &#8211; CRECHE &#8211; MATERNAL II &#8211; CRECHE MUNICIPAL DOROTHEA DE SOUZA BRAGA<\/a><\/p>\n\n\n\n<p><a href=\"https:\/\/www.manaus.am.gov.br\/semed\/wp-content\/uploads\/sites\/3\/2023\/05\/LISTA-DE-CLASSIFICADOS-E-CADASTRO-RESERVACR-CRECHE-MATERNAL-I-CRECHE-MUNICIPAL-PROF-LIBANIA-THEODORA-RODRIGUES-FERREI.pdf\" target=\"_blank\" rel=\"noreferrer noopener\">LISTA DE CLASSIFICADOS E CADASTRO RESERVA(CR) &#8211; CRECHE &#8211; MATERNAL I &#8211; CRECHE MUNICIPAL PROF LIBANIA THEODORA RODRIGUES FERREI<\/a><\/p>\n\n\n\n<p><a href=\"https:\/\/www.manaus.am.gov.br\/semed\/wp-content\/uploads\/sites\/3\/2023\/05\/LISTA-DE-CLASSIFICADOS-E-CADASTRO-RESERVACR-CRECHE-MATERNAL-III-CRECHE-MUNICIPAL-CAIO-FABIO-D-ARAUJO-Vespertino.pdf\" target=\"_blank\" rel=\"noreferrer noopener\">LISTA DE CLASSIFICADOS E CADASTRO RESERVA(CR) &#8211; CRECHE &#8211; MATERNAL III &#8211; CRECHE MUNICIPAL CAIO FABIO D ARAUJO &#8211; Vespertino<\/a><\/p>\n\n\n\n<p><a href=\"https:\/\/www.manaus.am.gov.br\/semed\/wp-content\/uploads\/sites\/3\/2023\/05\/LISTA-DE-CLASSIFICADOS-E-CADASTRO-RESERVACR-CRECHE-MATERNAL-II-CRECHE-MUNICIPAL-PROF-LIBANIA-THEODORA-RODRIGUES-FERREI.pdf\" target=\"_blank\" rel=\"noreferrer noopener\">LISTA DE CLASSIFICADOS E CADASTRO RESERVA(CR) &#8211; CRECHE &#8211; MATERNAL II &#8211; CRECHE MUNICIPAL PROF LIBANIA THEODORA RODRIGUES FERREI<\/a><\/p>\n\n\n\n<p><a href=\"https:\/\/www.manaus.am.gov.br\/semed\/wp-content\/uploads\/sites\/3\/2023\/05\/LISTA-DE-CLASSIFICADOS-E-CADASTRO-RESERVACR-CRECHE-MATERNAL-III-CRECHE-MUNICIPAL-DOROTHEA-DE-SOUZA-BRAGA-Matutino.pdf\" target=\"_blank\" rel=\"noreferrer noopener\">LISTA DE CLASSIFICADOS E CADASTRO RESERVA(CR) &#8211; CRECHE &#8211; MATERNAL III &#8211; CRECHE MUNICIPAL DOROTHEA DE SOUZA BRAGA &#8211; Matutino<\/a><\/p>\n\n\n\n<p><a href=\"https:\/\/www.manaus.am.gov.br\/semed\/wp-content\/uploads\/sites\/3\/2023\/05\/LISTA-DE-CLASSIFICADOS-E-CADASTRO-RESERVACR-CRECHE-MATERNAL-III-CRECHE-MUNICIPAL-CAIO-FABIO-D-ARAUJO-Matutino.pdf\" target=\"_blank\" rel=\"noreferrer noopener\">LISTA DE CLASSIFICADOS E CADASTRO RESERVA(CR) &#8211; CRECHE &#8211; MATERNAL III &#8211; CRECHE MUNICIPAL CAIO FABIO D ARAUJO &#8211; Matutino<\/a><\/p>\n\n\n\n<p><a href=\"https:\/\/www.manaus.am.gov.br\/semed\/wp-content\/uploads\/sites\/3\/2023\/05\/LISTA-DE-CLASSIFICADOS-E-CADASTRO-RESERVACR-CRECHE-MATERNAL-III-CRECHE-MUNICIPAL-PROF-LIBANIA-THEODORA-RODRIGUES-FERREI-Matutino.pdf\" target=\"_blank\" rel=\"noreferrer noopener\">LISTA DE CLASSIFICADOS E CADASTRO RESERVA(CR) &#8211; CRECHE &#8211; MATERNAL III &#8211; CRECHE MUNICIPAL PROF LIBANIA THEODORA RODRIGUES FERREI &#8211; Matutino<\/a><\/p>\n\n\n\n<p><a href=\"https:\/\/www.manaus.am.gov.br\/semed\/wp-content\/uploads\/sites\/3\/2023\/05\/LISTA-DE-CLASSIFICADOS-E-CADASTRO-RESERVACR-CRECHE-MATERNAL-III-CRECHE-MUNICIPAL-PROF-LIBANIA-THEODORA-RODRIGUES-FERREI-Vespertino.pdf\" target=\"_blank\" rel=\"noreferrer noopener\">LISTA DE CLASSIFICADOS E CADASTRO RESERVA(CR) &#8211; CRECHE &#8211; MATERNAL III &#8211; CRECHE MUNICIPAL PROF LIBANIA THEODORA RODRIGUES FERREI &#8211; Vespertino<\/a><\/p>\n\n\n\n<p><a href=\"https:\/\/www.manaus.am.gov.br\/semed\/wp-content\/uploads\/sites\/3\/2023\/05\/LISTA-DE-CLASSIFICADOS-E-CADASTRO-RESERVACR-CRECHE-MATERNAL-III-CRECHE-MUNICIPAL-DOROTHEA-DE-SOUZA-BRAGA-Vespertino.pdf\" target=\"_blank\" rel=\"noreferrer noopener\">LISTA DE CLASSIFICADOS E CADASTRO RESERVA(CR) &#8211; CRECHE &#8211; MATERNAL III &#8211; CRECHE MUNICIPAL DOROTHEA DE SOUZA BRAGA &#8211; Vespertino<\/a><\/p>\n","protected":false},"excerpt":{"rendered":"","protected":false},"author":27,"featured_media":0,"parent":0,"menu_order":0,"comment_status":"closed","ping_status":"closed","template":"page_servicos.php","meta":{"footnotes":""},"acf":[],"yoast_head":"<!-- This site is optimized with the Yoast SEO plugin v23.0 - https:\/\/yoast.com\/wordpress\/plugins\/seo\/ -->\n<title>Escolas, CMEIs e Creches - SEMED<\/title>\n<meta name=\"robots\" content=\"index, follow, max-snippet:-1, max-image-preview:large, max-video-preview:-1\" \/>\n<link rel=\"canonical\" href=\"https:\/\/www.manaus.am.gov.br\/semed\/escolas-cmeis-e-creches\/\" \/>\n<meta property=\"og:locale\" content=\"pt_BR\" \/>\n<meta property=\"og:type\" content=\"article\" \/>\n<meta property=\"og:title\" content=\"Escolas, CMEIs e Creches - SEMED\" \/>\n<meta property=\"og:url\" content=\"https:\/\/www.manaus.am.gov.br\/semed\/escolas-cmeis-e-creches\/\" \/>\n<meta property=\"og:site_name\" content=\"SEMED\" \/>\n<meta property=\"article:modified_time\" content=\"2024-11-28T20:17:05+00:00\" \/>\n<meta property=\"og:image\" content=\"https:\/\/www.manaus.am.gov.br\/semed\/wp-content\/uploads\/sites\/3\/2024\/07\/thumb-default-2.png\" \/>\n\t<meta property=\"og:image:width\" content=\"966\" \/>\n\t<meta property=\"og:image:height\" content=\"520\" \/>\n\t<meta property=\"og:image:type\" content=\"image\/png\" \/>\n<meta name=\"twitter:card\" content=\"summary_large_image\" \/>\n<meta name=\"twitter:label1\" content=\"Est. reading time\" \/>\n\t<meta name=\"twitter:data1\" content=\"3 minutos\" \/>\n<script type=\"application\/ld+json\" class=\"yoast-schema-graph\">{\"@context\":\"https:\/\/schema.org\",\"@graph\":[{\"@type\":\"Article\",\"@id\":\"https:\/\/www.manaus.am.gov.br\/semed\/escolas-cmeis-e-creches\/#article\",\"isPartOf\":{\"@id\":\"https:\/\/www.manaus.am.gov.br\/semed\/escolas-cmeis-e-creches\/\"},\"author\":{\"name\":\"Imarketing Digital\",\"@id\":\"https:\/\/www.manaus.am.gov.br\/semed\/#\/schema\/person\/79525a47ac5902f50493820d995728ee\"},\"headline\":\"Escolas, CMEIs e Creches\",\"datePublished\":\"2023-03-16T18:35:42+00:00\",\"dateModified\":\"2024-11-28T20:17:05+00:00\",\"mainEntityOfPage\":{\"@id\":\"https:\/\/www.manaus.am.gov.br\/semed\/escolas-cmeis-e-creches\/\"},\"wordCount\":480,\"publisher\":{\"@id\":\"https:\/\/www.manaus.am.gov.br\/semed\/#organization\"},\"inLanguage\":\"pt-BR\"},{\"@type\":\"WebPage\",\"@id\":\"https:\/\/www.manaus.am.gov.br\/semed\/escolas-cmeis-e-creches\/\",\"url\":\"https:\/\/www.manaus.am.gov.br\/semed\/escolas-cmeis-e-creches\/\",\"name\":\"Escolas, CMEIs e Creches - SEMED\",\"isPartOf\":{\"@id\":\"https:\/\/www.manaus.am.gov.br\/semed\/#website\"},\"datePublished\":\"2023-03-16T18:35:42+00:00\",\"dateModified\":\"2024-11-28T20:17:05+00:00\",\"inLanguage\":\"pt-BR\",\"potentialAction\":[{\"@type\":\"ReadAction\",\"target\":[\"https:\/\/www.manaus.am.gov.br\/semed\/escolas-cmeis-e-creches\/\"]}]},{\"@type\":\"WebSite\",\"@id\":\"https:\/\/www.manaus.am.gov.br\/semed\/#website\",\"url\":\"https:\/\/www.manaus.am.gov.br\/semed\/\",\"name\":\"Secretaria Municipal de Educa\u00e7\u00e3o\",\"description\":\"Secretaria Municipal de Educa\u00e7\u00e3o\",\"publisher\":{\"@id\":\"https:\/\/www.manaus.am.gov.br\/semed\/#organization\"},\"alternateName\":\"SEMED\",\"potentialAction\":[{\"@type\":\"SearchAction\",\"target\":{\"@type\":\"EntryPoint\",\"urlTemplate\":\"https:\/\/www.manaus.am.gov.br\/semed\/?s={search_term_string}\"},\"query-input\":\"required name=search_term_string\"}],\"inLanguage\":\"pt-BR\"},{\"@type\":\"Organization\",\"@id\":\"https:\/\/www.manaus.am.gov.br\/semed\/#organization\",\"name\":\"Secretaria de Educa\u00e7\u00e3o\",\"alternateName\":\"SEMED\",\"url\":\"https:\/\/www.manaus.am.gov.br\/semed\/\",\"logo\":{\"@type\":\"ImageObject\",\"inLanguage\":\"pt-BR\",\"@id\":\"https:\/\/www.manaus.am.gov.br\/semed\/#\/schema\/logo\/image\/\",\"url\":\"https:\/\/www.manaus.am.gov.br\/semed\/wp-content\/uploads\/sites\/3\/2022\/11\/favicon.png\",\"contentUrl\":\"https:\/\/www.manaus.am.gov.br\/semed\/wp-content\/uploads\/sites\/3\/2022\/11\/favicon.png\",\"width\":300,\"height\":300,\"caption\":\"Secretaria de Educa\u00e7\u00e3o\"},\"image\":{\"@id\":\"https:\/\/www.manaus.am.gov.br\/semed\/#\/schema\/logo\/image\/\"}},{\"@type\":\"Person\",\"@id\":\"https:\/\/www.manaus.am.gov.br\/semed\/#\/schema\/person\/79525a47ac5902f50493820d995728ee\",\"name\":\"Imarketing Digital\",\"image\":{\"@type\":\"ImageObject\",\"inLanguage\":\"pt-BR\",\"@id\":\"https:\/\/www.manaus.am.gov.br\/semed\/#\/schema\/person\/image\/\",\"url\":\"https:\/\/secure.gravatar.com\/avatar\/03432d3c57b756ed9760f7019c815a3a?s=96&d=mm&r=g\",\"contentUrl\":\"https:\/\/secure.gravatar.com\/avatar\/03432d3c57b756ed9760f7019c815a3a?s=96&d=mm&r=g\",\"caption\":\"Imarketing Digital\"}}]}<\/script>\n<!-- \/ Yoast SEO plugin. -->","yoast_head_json":{"title":"Escolas, CMEIs e Creches - SEMED","robots":{"index":"index","follow":"follow","max-snippet":"max-snippet:-1","max-image-preview":"max-image-preview:large","max-video-preview":"max-video-preview:-1"},"canonical":"https:\/\/www.manaus.am.gov.br\/semed\/escolas-cmeis-e-creches\/","og_locale":"pt_BR","og_type":"article","og_title":"Escolas, CMEIs e Creches - SEMED","og_url":"https:\/\/www.manaus.am.gov.br\/semed\/escolas-cmeis-e-creches\/","og_site_name":"SEMED","article_modified_time":"2024-11-28T20:17:05+00:00","og_image":[{"width":966,"height":520,"url":"https:\/\/www.manaus.am.gov.br\/semed\/wp-content\/uploads\/sites\/3\/2024\/07\/thumb-default-2.png","type":"image\/png"}],"twitter_card":"summary_large_image","twitter_misc":{"Est. reading time":"3 minutos"},"schema":{"@context":"https:\/\/schema.org","@graph":[{"@type":"Article","@id":"https:\/\/www.manaus.am.gov.br\/semed\/escolas-cmeis-e-creches\/#article","isPartOf":{"@id":"https:\/\/www.manaus.am.gov.br\/semed\/escolas-cmeis-e-creches\/"},"author":{"name":"Imarketing Digital","@id":"https:\/\/www.manaus.am.gov.br\/semed\/#\/schema\/person\/79525a47ac5902f50493820d995728ee"},"headline":"Escolas, CMEIs e Creches","datePublished":"2023-03-16T18:35:42+00:00","dateModified":"2024-11-28T20:17:05+00:00","mainEntityOfPage":{"@id":"https:\/\/www.manaus.am.gov.br\/semed\/escolas-cmeis-e-creches\/"},"wordCount":480,"publisher":{"@id":"https:\/\/www.manaus.am.gov.br\/semed\/#organization"},"inLanguage":"pt-BR"},{"@type":"WebPage","@id":"https:\/\/www.manaus.am.gov.br\/semed\/escolas-cmeis-e-creches\/","url":"https:\/\/www.manaus.am.gov.br\/semed\/escolas-cmeis-e-creches\/","name":"Escolas, CMEIs e Creches - SEMED","isPartOf":{"@id":"https:\/\/www.manaus.am.gov.br\/semed\/#website"},"datePublished":"2023-03-16T18:35:42+00:00","dateModified":"2024-11-28T20:17:05+00:00","inLanguage":"pt-BR","potentialAction":[{"@type":"ReadAction","target":["https:\/\/www.manaus.am.gov.br\/semed\/escolas-cmeis-e-creches\/"]}]},{"@type":"WebSite","@id":"https:\/\/www.manaus.am.gov.br\/semed\/#website","url":"https:\/\/www.manaus.am.gov.br\/semed\/","name":"Secretaria Municipal de Educa\u00e7\u00e3o","description":"Secretaria Municipal de Educa\u00e7\u00e3o","publisher":{"@id":"https:\/\/www.manaus.am.gov.br\/semed\/#organization"},"alternateName":"SEMED","potentialAction":[{"@type":"SearchAction","target":{"@type":"EntryPoint","urlTemplate":"https:\/\/www.manaus.am.gov.br\/semed\/?s={search_term_string}"},"query-input":"required name=search_term_string"}],"inLanguage":"pt-BR"},{"@type":"Organization","@id":"https:\/\/www.manaus.am.gov.br\/semed\/#organization","name":"Secretaria de Educa\u00e7\u00e3o","alternateName":"SEMED","url":"https:\/\/www.manaus.am.gov.br\/semed\/","logo":{"@type":"ImageObject","inLanguage":"pt-BR","@id":"https:\/\/www.manaus.am.gov.br\/semed\/#\/schema\/logo\/image\/","url":"https:\/\/www.manaus.am.gov.br\/semed\/wp-content\/uploads\/sites\/3\/2022\/11\/favicon.png","contentUrl":"https:\/\/www.manaus.am.gov.br\/semed\/wp-content\/uploads\/sites\/3\/2022\/11\/favicon.png","width":300,"height":300,"caption":"Secretaria de Educa\u00e7\u00e3o"},"image":{"@id":"https:\/\/www.manaus.am.gov.br\/semed\/#\/schema\/logo\/image\/"}},{"@type":"Person","@id":"https:\/\/www.manaus.am.gov.br\/semed\/#\/schema\/person\/79525a47ac5902f50493820d995728ee","name":"Imarketing Digital","image":{"@type":"ImageObject","inLanguage":"pt-BR","@id":"https:\/\/www.manaus.am.gov.br\/semed\/#\/schema\/person\/image\/","url":"https:\/\/secure.gravatar.com\/avatar\/03432d3c57b756ed9760f7019c815a3a?s=96&d=mm&r=g","contentUrl":"https:\/\/secure.gravatar.com\/avatar\/03432d3c57b756ed9760f7019c815a3a?s=96&d=mm&r=g","caption":"Imarketing Digital"}}]}},"_links":{"self":[{"href":"https:\/\/www.manaus.am.gov.br\/semed\/wp-json\/wp\/v2\/pages\/2069"}],"collection":[{"href":"https:\/\/www.manaus.am.gov.br\/semed\/wp-json\/wp\/v2\/pages"}],"about":[{"href":"https:\/\/www.manaus.am.gov.br\/semed\/wp-json\/wp\/v2\/types\/page"}],"author":[{"embeddable":true,"href":"https:\/\/www.manaus.am.gov.br\/semed\/wp-json\/wp\/v2\/users\/27"}],"replies":[{"embeddable":true,"href":"https:\/\/www.manaus.am.gov.br\/semed\/wp-json\/wp\/v2\/comments?post=2069"}],"version-history":[{"count":18,"href":"https:\/\/www.manaus.am.gov.br\/semed\/wp-json\/wp\/v2\/pages\/2069\/revisions"}],"predecessor-version":[{"id":7914,"href":"https:\/\/www.manaus.am.gov.br\/semed\/wp-json\/wp\/v2\/pages\/2069\/revisions\/7914"}],"wp:attachment":[{"href":"https:\/\/www.manaus.am.gov.br\/semed\/wp-json\/wp\/v2\/media?parent=2069"}],"curies":[{"name":"wp","href":"https:\/\/api.w.org\/{rel}","templated":true}]}}