{"id":1791,"date":"2023-02-20T09:03:50","date_gmt":"2023-02-20T13:03:50","guid":{"rendered":"https:\/\/www.manaus.am.gov.br\/semed\/?page_id=1791"},"modified":"2023-02-24T15:48:07","modified_gmt":"2023-02-24T19:48:07","slug":"publico-alvo","status":"publish","type":"page","link":"https:\/\/www.manaus.am.gov.br\/semed\/educacao-especial\/publico-alvo\/","title":{"rendered":"P\u00fablico Alvo"},"content":{"rendered":"\n<h2 class=\"wp-block-heading\">1. PESSOAS COM DEFICI\u00caNCIA<\/h2>\n\n\n\n<p>Consideram-se alunos com defici\u00eancia \u00e0queles que t\u00eam impedimentos de longo prazo, de natureza f\u00edsica, mental, intelectual ou sensorial, que em intera\u00e7\u00e3o com diversas barreiras e que podem ter restringida sua participa\u00e7\u00e3o plena e efetiva na escola e na sociedade. (BRASIL, 2008), s\u00e3o eles:<\/p>\n\n\n\n<p><strong>1.1. Defici\u00eancia Intelectual:<\/strong>&nbsp;Funcionamento intelectual que se manifesta antes dos 18 (dezoito) anos de idade, est\u00e1 associada a limita\u00e7\u00f5es adaptativas em pelo menos duas \u00e1reas de habilidades (comunica\u00e7\u00e3o, autocuidado, vida no lar, adapta\u00e7\u00e3o social, sa\u00fade e seguran\u00e7a, participa\u00e7\u00e3o na comunidade, determina\u00e7\u00e3o, fun\u00e7\u00f5es acad\u00eamicas, lazer e trabalho). (DECRETO N\u00ba 5.296 DE 2 DE DEZEMBRO DE 2004).<\/p>\n\n\n\n<p><strong>1.2. Defici\u00eancia F\u00edsica:<\/strong>&nbsp;Altera\u00e7\u00e3o completa ou parcial de um ou mais segmentos do corpo humano, acarretando o comprometimento da fun\u00e7\u00e3o f\u00edsica, apresentando-se sob a forma de paraplegia, paraparesia, monoplegia, monoparesia, tetraplegia, tetraparesia, triplegia, triparesia, hemiplegia, hemiparesia, osteomia, amputa\u00e7\u00e3o ou aus\u00eancia de membro, paralisia cerebral, nanismo, membros com deformidade cong\u00eanita ou adquirida, exceto as deformidades est\u00e9ticas e as que n\u00e3o produzam dificuldades para o desempenho de fun\u00e7\u00f5es. (DECRETO N\u00ba 5.296 DE 2 DE DEZEMBRO DE 2004).<\/p>\n\n\n\n<p><strong>1.3. Defici\u00eancia Sensorial:<\/strong><\/p>\n\n\n\n<p><strong>\u2013 Visual:&nbsp;<\/strong>a) Cegueira \u2013 na qual a acuidade visual \u00e9 igual ou menor que 0,05 no melhor olho, com a melhor corre\u00e7\u00e3o \u00f3ptica, que se leva a necessidade de usar o Sistema Braille para ler e escrever. b) Baixa Vis\u00e3o \u2013 significa acuidade visual entre 0,3 e 0,05 no melhor olho, com a melhor corre\u00e7\u00e3o \u00f3ptica; os casos nos quais a somat\u00f3ria da medida do campo visual em ambos os olhos for igual ou menor que 60o; ou a ocorr\u00eancia simult\u00e2nea de quaisquer das condi\u00e7\u00f5es anteriores. (DECRETO N\u00ba 5.296 DE 2 DE DEZEMBRO DE 2004).<\/p>\n\n\n\n<p><strong>\u2013 Auditiva:&nbsp;<\/strong>perda bilateral, parcial ou total, de quarenta e um decib\u00e9is (dB) ou mais, aferida por audiograma nas frequ\u00eancias de 500HZ, 1.000HZ, 2.000Hz e 3.000Hz. (DECRETO N\u00ba 5.296 DE 2 DE DEZEMBRO DE 2004).<\/p>\n\n\n\n<p><strong>1.4. Surdocegueira:&nbsp;<\/strong>s\u00e3o os indiv\u00edduos que tem uma perda substancial de audi\u00e7\u00e3o e vis\u00e3o, de tal modo que a combina\u00e7\u00e3o das suas defici\u00eancias causa extrema dificuldade na conquista de habilidades educacionais, vocacionais, de lazer e social. (KINNEY, 1977, P. 21).<\/p>\n\n\n\n<p><strong>1.5. Defici\u00eancia M\u00faltipla:<\/strong>&nbsp;Associa\u00e7\u00e3o de duas ou mais defici\u00eancias. (DECRETO N\u00ba 3.298, DE 20 DE DEZEMBRO DE 1999).<\/p>\n\n\n\n<h2 class=\"wp-block-heading\">2. TRANSTORNO DO ESPECTRO AUTISTA \u2013 TEA<\/h2>\n\n\n\n<p>De acordo com os crit\u00e9rios do Manual Diagn\u00f3stico de Doen\u00e7as Mentais 5 (DSM-5, 2013), os indiv\u00edduos com TEA devem mostrar sintomas desde a inf\u00e2ncia, mesmo que esses n\u00e3o sejam reconhecidos rapidamente. Tendem a apresentar d\u00e9ficits de comunica\u00e7\u00e3o, tais como responder de forma inadequada em conversa\u00e7\u00f5es, leitura errada em intera\u00e7\u00f5es n\u00e3o-verbais, ou que t\u00eam dificuldade em construir amizades adequadas \u00e0 sua idade. Al\u00e9m disso, podem ser dependentes de rotinas, sens\u00edveis a mudan\u00e7as no seu ambiente ou focados na utiliza\u00e7\u00e3o de itens de maneira inadequada. Assim, estas caracter\u00edsticas podem variar de acordo com cada indiv\u00edduo, apresentando estas especificidades em grau leve, moderado e outros mais graves.<\/p>\n\n\n\n<p>Desta forma, incentiva-se o diagn\u00f3stico precoce de ASD (Desordens do Espectro Autista), pois permitem que muitas das barreiras caracter\u00edsticas sejam superadas de maneira mais eficaz. Por apresentarem como caracter\u00edstica principal altera\u00e7\u00f5es na intera\u00e7\u00e3o social e na verbaliza\u00e7\u00e3o, em muitos dos casos, as pessoas com TEA acabam necessitando de um atendimento especializado, al\u00e9m de um direcionamento adequado no processo de inclus\u00e3o.<\/p>\n\n\n\n<h2 class=\"wp-block-heading\">3. ALTAS HABILIDADES \/ SUPERDOTA\u00c7\u00c3O<\/h2>\n\n\n\n<p>Baseado na Teoria dos 3 an\u00e9is de Joseph Renzulli (1976), a superdota\u00e7\u00e3o consiste de comportamentos que refletem uma intera\u00e7\u00e3o entre tr\u00eas conjuntos b\u00e1sicos de tra\u00e7os:<\/p>\n\n\n<div class=\"wp-block-image\">\n<figure class=\"aligncenter size-full\"><img loading=\"lazy\" decoding=\"async\" width=\"617\" height=\"271\" src=\"https:\/\/www.manaus.am.gov.br\/semed\/wp-content\/uploads\/sites\/3\/2023\/02\/educespcial.png\" alt=\"\" class=\"wp-image-1792\" srcset=\"https:\/\/www.manaus.am.gov.br\/semed\/wp-content\/uploads\/sites\/3\/2023\/02\/educespcial.png 617w, https:\/\/www.manaus.am.gov.br\/semed\/wp-content\/uploads\/sites\/3\/2023\/02\/educespcial-300x132.png 300w\" sizes=\"(max-width: 617px) 100vw, 617px\" \/><\/figure><\/div>\n\n\n<h2 class=\"wp-block-heading\">HABILIDADE ACIMA DA M\u00c9DIA:<\/h2>\n\n\n\n<p>a) Habilidades Gerais: Capacidade de processar informa\u00e7\u00f5es, de integrar novas experi\u00eancias e de se engajar em novas situa\u00e7\u00f5es.<\/p>\n\n\n\n<p>b) Habilidades Espec\u00edficas: Atua\u00e7\u00e3o em uma ou mais atividades de uma \u00e1rea espec\u00edfica.<\/p>\n\n\n\n<h2 class=\"wp-block-heading\">ENVOLVIMENTO COM A TAREFA<\/h2>\n\n\n\n<p>Forma refinada e direcionada de motiva\u00e7\u00e3o. Energia canalizada para uma tarefa em particular ou uma \u00e1rea espec\u00edfica: perseveran\u00e7a, persist\u00eancia, trabalho duro, dedica\u00e7\u00e3o e autoconfian\u00e7a.<\/p>\n\n\n\n<h2 class=\"wp-block-heading\">CRIATIVIDADE<\/h2>\n\n\n\n<p>Flu\u00eancia, flexibilidade e originalidade de pensamento. Curiosidade, sensibilidade e coragem para correr riscos. Est\u00e1 relacionada a qualquer \u00e1rea de interesse do aluno.<\/p>\n\n\n\n<p>Estes alunos apresentam grande facilidade de aprendizagem que os leva a dominar rapidamente os conceitos, os procedimentos e as atitudes. Por terem eles, condi\u00e7\u00f5es de aprofundar e enriquecer esses conte\u00fados, devem receber desafios suplementares em classes comuns, em salas de recursos espec\u00edficas ou em outros espa\u00e7os definidos pelos sistemas de ensino, inclusive para concluir, em menos tempo, a s\u00e9rie ou etapa escolar.<\/p>\n\n\n\n<p>[\u2026] Demonstram potencial elevado em qualquer uma das seguintes \u00e1reas, isoladas ou combinadas: intelectual, acad\u00eamica, lideran\u00e7a, psicomotricidade e artes. Tamb\u00e9m apresentam elevada criatividade, grande envolvimento na aprendizagem e realiza\u00e7\u00e3o de tarefas em \u00e1reas de seu interesse. (BRASIL, 2008, p\u00e1g. 15)<\/p>\n\n\n\n<p>Explicitando cada \u00e1rea, o aluno apresenta as seguintes caracter\u00edsticas:<\/p>\n\n\n\n<p><strong>Intelectual<\/strong>&nbsp;\u2013 Apresenta flexibilidade e flu\u00eancia de pensamento, capacidade de pensamento abstrato para fazer associa\u00e7\u00f5es, produ\u00e7\u00e3o ideativa, rapidez do pensamento, compreens\u00e3o e mem\u00f3ria elevada, capacidade de resolver e lidar com problemas;<\/p>\n\n\n\n<p><strong>Acad\u00eamico<\/strong>&nbsp;\u2013 Evidencia aptid\u00e3o acad\u00eamica espec\u00edfica, de aten\u00e7\u00e3o, de concentra\u00e7\u00e3o, rapidez de aprendizagem, boa mem\u00f3ria, gosto e motiva\u00e7\u00e3o por disciplinas acad\u00eamicas de seu interesse; habilidade para avaliar, sintetizar e organizar o conhecimento; capacidade de produ\u00e7\u00e3o acad\u00eamica;<\/p>\n\n\n\n<p><strong>Criativo\/Produtivo<\/strong>&nbsp;\u2013 Originalidade, imagina\u00e7\u00e3o, capacidade para resolver problemas de forma diferente e inovadora, sensibilidade para situa\u00e7\u00f5es ambientais, podendo reagir e produzir diferentemente e at\u00e9 de modo extravagante; sentimento de desafio diante da desordem de fatos; facilidade de auto-express\u00e3o, flu\u00eancia e flexibilidade;<\/p>\n\n\n\n<p><strong>Social \/ Lideran\u00e7a<\/strong>&nbsp;\u2013 Revela capacidade de lideran\u00e7a e caracteriza-se por demonstrar sensibilidade interpessoal, atitude cooperativa, sociabilidade expressiva, habilidade de trato com pessoas diversas e grupos para estabelecer rela\u00e7\u00f5es sociais, percep\u00e7\u00e3o acurada das situa\u00e7\u00f5es de grupo, capacidade para resolver situa\u00e7\u00f5es sociais complexas, alto poder de persuas\u00e3o e de influ\u00eancia no grupo; ,\/p:&gt;<\/p>\n\n\n\n<p><strong>Talento Especial \/ Artes<\/strong>&nbsp;\u2013 Pode se destacar tanto na \u00e1rea das artes pl\u00e1sticas, musicais, como dram\u00e1ticas, liter\u00e1rias ou t\u00e9cnicas, evidenciando habilidades especiais para essas atividades e alto desempenho;<\/p>\n\n\n\n<p><strong>Psicomotor<\/strong>&nbsp;\u2013 destaca-se por apresentar habilidades e interesse por atividades psicomotoras, evidenciando desempenho fora do comum em velocidade, agilidade de movimentos, for\u00e7a, resist\u00eancia, controle e coordena\u00e7\u00e3o motora<\/p>\n","protected":false},"excerpt":{"rendered":"","protected":false},"author":27,"featured_media":0,"parent":1787,"menu_order":0,"comment_status":"closed","ping_status":"closed","template":"templates\/turismo.php","meta":{"footnotes":""},"acf":[],"yoast_head":"<!-- This site is optimized with the Yoast SEO plugin v23.0 - https:\/\/yoast.com\/wordpress\/plugins\/seo\/ -->\n<title>P\u00fablico Alvo - SEMED<\/title>\n<meta name=\"robots\" content=\"index, follow, max-snippet:-1, max-image-preview:large, max-video-preview:-1\" \/>\n<link rel=\"canonical\" href=\"https:\/\/www.manaus.am.gov.br\/semed\/educacao-especial\/publico-alvo\/\" \/>\n<meta property=\"og:locale\" content=\"pt_BR\" \/>\n<meta property=\"og:type\" content=\"article\" \/>\n<meta property=\"og:title\" content=\"P\u00fablico Alvo - SEMED\" \/>\n<meta property=\"og:url\" content=\"https:\/\/www.manaus.am.gov.br\/semed\/educacao-especial\/publico-alvo\/\" \/>\n<meta property=\"og:site_name\" content=\"SEMED\" \/>\n<meta property=\"article:modified_time\" content=\"2023-02-24T19:48:07+00:00\" \/>\n<meta property=\"og:image\" content=\"https:\/\/www.manaus.am.gov.br\/semed\/wp-content\/uploads\/sites\/3\/2023\/02\/educespcial.png\" \/>\n<meta name=\"twitter:card\" content=\"summary_large_image\" \/>\n<meta name=\"twitter:label1\" content=\"Est. reading time\" \/>\n\t<meta name=\"twitter:data1\" content=\"6 minutos\" \/>\n<script type=\"application\/ld+json\" class=\"yoast-schema-graph\">{\"@context\":\"https:\/\/schema.org\",\"@graph\":[{\"@type\":\"Article\",\"@id\":\"https:\/\/www.manaus.am.gov.br\/semed\/educacao-especial\/publico-alvo\/#article\",\"isPartOf\":{\"@id\":\"https:\/\/www.manaus.am.gov.br\/semed\/educacao-especial\/publico-alvo\/\"},\"author\":{\"name\":\"Imarketing Digital\",\"@id\":\"https:\/\/www.manaus.am.gov.br\/semed\/#\/schema\/person\/79525a47ac5902f50493820d995728ee\"},\"headline\":\"P\u00fablico Alvo\",\"datePublished\":\"2023-02-20T13:03:50+00:00\",\"dateModified\":\"2023-02-24T19:48:07+00:00\",\"mainEntityOfPage\":{\"@id\":\"https:\/\/www.manaus.am.gov.br\/semed\/educacao-especial\/publico-alvo\/\"},\"wordCount\":1088,\"publisher\":{\"@id\":\"https:\/\/www.manaus.am.gov.br\/semed\/#organization\"},\"image\":{\"@id\":\"https:\/\/www.manaus.am.gov.br\/semed\/educacao-especial\/publico-alvo\/#primaryimage\"},\"thumbnailUrl\":\"https:\/\/www.manaus.am.gov.br\/semed\/wp-content\/uploads\/sites\/3\/2023\/02\/educespcial.png\",\"inLanguage\":\"pt-BR\"},{\"@type\":\"WebPage\",\"@id\":\"https:\/\/www.manaus.am.gov.br\/semed\/educacao-especial\/publico-alvo\/\",\"url\":\"https:\/\/www.manaus.am.gov.br\/semed\/educacao-especial\/publico-alvo\/\",\"name\":\"P\u00fablico Alvo - SEMED\",\"isPartOf\":{\"@id\":\"https:\/\/www.manaus.am.gov.br\/semed\/#website\"},\"primaryImageOfPage\":{\"@id\":\"https:\/\/www.manaus.am.gov.br\/semed\/educacao-especial\/publico-alvo\/#primaryimage\"},\"image\":{\"@id\":\"https:\/\/www.manaus.am.gov.br\/semed\/educacao-especial\/publico-alvo\/#primaryimage\"},\"thumbnailUrl\":\"https:\/\/www.manaus.am.gov.br\/semed\/wp-content\/uploads\/sites\/3\/2023\/02\/educespcial.png\",\"datePublished\":\"2023-02-20T13:03:50+00:00\",\"dateModified\":\"2023-02-24T19:48:07+00:00\",\"breadcrumb\":{\"@id\":\"https:\/\/www.manaus.am.gov.br\/semed\/educacao-especial\/publico-alvo\/#breadcrumb\"},\"inLanguage\":\"pt-BR\",\"potentialAction\":[{\"@type\":\"ReadAction\",\"target\":[\"https:\/\/www.manaus.am.gov.br\/semed\/educacao-especial\/publico-alvo\/\"]}]},{\"@type\":\"ImageObject\",\"inLanguage\":\"pt-BR\",\"@id\":\"https:\/\/www.manaus.am.gov.br\/semed\/educacao-especial\/publico-alvo\/#primaryimage\",\"url\":\"https:\/\/www.manaus.am.gov.br\/semed\/wp-content\/uploads\/sites\/3\/2023\/02\/educespcial.png\",\"contentUrl\":\"https:\/\/www.manaus.am.gov.br\/semed\/wp-content\/uploads\/sites\/3\/2023\/02\/educespcial.png\",\"width\":617,\"height\":271},{\"@type\":\"BreadcrumbList\",\"@id\":\"https:\/\/www.manaus.am.gov.br\/semed\/educacao-especial\/publico-alvo\/#breadcrumb\",\"itemListElement\":[{\"@type\":\"ListItem\",\"position\":1,\"name\":\"Educa\u00e7\u00e3o Especial\",\"item\":\"https:\/\/www.manaus.am.gov.br\/semed\/educacao-especial\/\"},{\"@type\":\"ListItem\",\"position\":2,\"name\":\"P\u00fablico Alvo\"}]},{\"@type\":\"WebSite\",\"@id\":\"https:\/\/www.manaus.am.gov.br\/semed\/#website\",\"url\":\"https:\/\/www.manaus.am.gov.br\/semed\/\",\"name\":\"Secretaria Municipal de Educa\u00e7\u00e3o\",\"description\":\"Secretaria Municipal de Educa\u00e7\u00e3o\",\"publisher\":{\"@id\":\"https:\/\/www.manaus.am.gov.br\/semed\/#organization\"},\"alternateName\":\"SEMED\",\"potentialAction\":[{\"@type\":\"SearchAction\",\"target\":{\"@type\":\"EntryPoint\",\"urlTemplate\":\"https:\/\/www.manaus.am.gov.br\/semed\/?s={search_term_string}\"},\"query-input\":\"required name=search_term_string\"}],\"inLanguage\":\"pt-BR\"},{\"@type\":\"Organization\",\"@id\":\"https:\/\/www.manaus.am.gov.br\/semed\/#organization\",\"name\":\"Secretaria de Educa\u00e7\u00e3o\",\"alternateName\":\"SEMED\",\"url\":\"https:\/\/www.manaus.am.gov.br\/semed\/\",\"logo\":{\"@type\":\"ImageObject\",\"inLanguage\":\"pt-BR\",\"@id\":\"https:\/\/www.manaus.am.gov.br\/semed\/#\/schema\/logo\/image\/\",\"url\":\"https:\/\/www.manaus.am.gov.br\/semed\/wp-content\/uploads\/sites\/3\/2022\/11\/favicon.png\",\"contentUrl\":\"https:\/\/www.manaus.am.gov.br\/semed\/wp-content\/uploads\/sites\/3\/2022\/11\/favicon.png\",\"width\":300,\"height\":300,\"caption\":\"Secretaria de Educa\u00e7\u00e3o\"},\"image\":{\"@id\":\"https:\/\/www.manaus.am.gov.br\/semed\/#\/schema\/logo\/image\/\"}},{\"@type\":\"Person\",\"@id\":\"https:\/\/www.manaus.am.gov.br\/semed\/#\/schema\/person\/79525a47ac5902f50493820d995728ee\",\"name\":\"Imarketing Digital\",\"image\":{\"@type\":\"ImageObject\",\"inLanguage\":\"pt-BR\",\"@id\":\"https:\/\/www.manaus.am.gov.br\/semed\/#\/schema\/person\/image\/\",\"url\":\"https:\/\/secure.gravatar.com\/avatar\/03432d3c57b756ed9760f7019c815a3a?s=96&d=mm&r=g\",\"contentUrl\":\"https:\/\/secure.gravatar.com\/avatar\/03432d3c57b756ed9760f7019c815a3a?s=96&d=mm&r=g\",\"caption\":\"Imarketing Digital\"}}]}<\/script>\n<!-- \/ Yoast SEO plugin. -->","yoast_head_json":{"title":"P\u00fablico Alvo - SEMED","robots":{"index":"index","follow":"follow","max-snippet":"max-snippet:-1","max-image-preview":"max-image-preview:large","max-video-preview":"max-video-preview:-1"},"canonical":"https:\/\/www.manaus.am.gov.br\/semed\/educacao-especial\/publico-alvo\/","og_locale":"pt_BR","og_type":"article","og_title":"P\u00fablico Alvo - SEMED","og_url":"https:\/\/www.manaus.am.gov.br\/semed\/educacao-especial\/publico-alvo\/","og_site_name":"SEMED","article_modified_time":"2023-02-24T19:48:07+00:00","og_image":[{"url":"https:\/\/www.manaus.am.gov.br\/semed\/wp-content\/uploads\/sites\/3\/2023\/02\/educespcial.png"}],"twitter_card":"summary_large_image","twitter_misc":{"Est. reading time":"6 minutos"},"schema":{"@context":"https:\/\/schema.org","@graph":[{"@type":"Article","@id":"https:\/\/www.manaus.am.gov.br\/semed\/educacao-especial\/publico-alvo\/#article","isPartOf":{"@id":"https:\/\/www.manaus.am.gov.br\/semed\/educacao-especial\/publico-alvo\/"},"author":{"name":"Imarketing Digital","@id":"https:\/\/www.manaus.am.gov.br\/semed\/#\/schema\/person\/79525a47ac5902f50493820d995728ee"},"headline":"P\u00fablico Alvo","datePublished":"2023-02-20T13:03:50+00:00","dateModified":"2023-02-24T19:48:07+00:00","mainEntityOfPage":{"@id":"https:\/\/www.manaus.am.gov.br\/semed\/educacao-especial\/publico-alvo\/"},"wordCount":1088,"publisher":{"@id":"https:\/\/www.manaus.am.gov.br\/semed\/#organization"},"image":{"@id":"https:\/\/www.manaus.am.gov.br\/semed\/educacao-especial\/publico-alvo\/#primaryimage"},"thumbnailUrl":"https:\/\/www.manaus.am.gov.br\/semed\/wp-content\/uploads\/sites\/3\/2023\/02\/educespcial.png","inLanguage":"pt-BR"},{"@type":"WebPage","@id":"https:\/\/www.manaus.am.gov.br\/semed\/educacao-especial\/publico-alvo\/","url":"https:\/\/www.manaus.am.gov.br\/semed\/educacao-especial\/publico-alvo\/","name":"P\u00fablico Alvo - SEMED","isPartOf":{"@id":"https:\/\/www.manaus.am.gov.br\/semed\/#website"},"primaryImageOfPage":{"@id":"https:\/\/www.manaus.am.gov.br\/semed\/educacao-especial\/publico-alvo\/#primaryimage"},"image":{"@id":"https:\/\/www.manaus.am.gov.br\/semed\/educacao-especial\/publico-alvo\/#primaryimage"},"thumbnailUrl":"https:\/\/www.manaus.am.gov.br\/semed\/wp-content\/uploads\/sites\/3\/2023\/02\/educespcial.png","datePublished":"2023-02-20T13:03:50+00:00","dateModified":"2023-02-24T19:48:07+00:00","breadcrumb":{"@id":"https:\/\/www.manaus.am.gov.br\/semed\/educacao-especial\/publico-alvo\/#breadcrumb"},"inLanguage":"pt-BR","potentialAction":[{"@type":"ReadAction","target":["https:\/\/www.manaus.am.gov.br\/semed\/educacao-especial\/publico-alvo\/"]}]},{"@type":"ImageObject","inLanguage":"pt-BR","@id":"https:\/\/www.manaus.am.gov.br\/semed\/educacao-especial\/publico-alvo\/#primaryimage","url":"https:\/\/www.manaus.am.gov.br\/semed\/wp-content\/uploads\/sites\/3\/2023\/02\/educespcial.png","contentUrl":"https:\/\/www.manaus.am.gov.br\/semed\/wp-content\/uploads\/sites\/3\/2023\/02\/educespcial.png","width":617,"height":271},{"@type":"BreadcrumbList","@id":"https:\/\/www.manaus.am.gov.br\/semed\/educacao-especial\/publico-alvo\/#breadcrumb","itemListElement":[{"@type":"ListItem","position":1,"name":"Educa\u00e7\u00e3o Especial","item":"https:\/\/www.manaus.am.gov.br\/semed\/educacao-especial\/"},{"@type":"ListItem","position":2,"name":"P\u00fablico Alvo"}]},{"@type":"WebSite","@id":"https:\/\/www.manaus.am.gov.br\/semed\/#website","url":"https:\/\/www.manaus.am.gov.br\/semed\/","name":"Secretaria Municipal de Educa\u00e7\u00e3o","description":"Secretaria Municipal de Educa\u00e7\u00e3o","publisher":{"@id":"https:\/\/www.manaus.am.gov.br\/semed\/#organization"},"alternateName":"SEMED","potentialAction":[{"@type":"SearchAction","target":{"@type":"EntryPoint","urlTemplate":"https:\/\/www.manaus.am.gov.br\/semed\/?s={search_term_string}"},"query-input":"required name=search_term_string"}],"inLanguage":"pt-BR"},{"@type":"Organization","@id":"https:\/\/www.manaus.am.gov.br\/semed\/#organization","name":"Secretaria de Educa\u00e7\u00e3o","alternateName":"SEMED","url":"https:\/\/www.manaus.am.gov.br\/semed\/","logo":{"@type":"ImageObject","inLanguage":"pt-BR","@id":"https:\/\/www.manaus.am.gov.br\/semed\/#\/schema\/logo\/image\/","url":"https:\/\/www.manaus.am.gov.br\/semed\/wp-content\/uploads\/sites\/3\/2022\/11\/favicon.png","contentUrl":"https:\/\/www.manaus.am.gov.br\/semed\/wp-content\/uploads\/sites\/3\/2022\/11\/favicon.png","width":300,"height":300,"caption":"Secretaria de Educa\u00e7\u00e3o"},"image":{"@id":"https:\/\/www.manaus.am.gov.br\/semed\/#\/schema\/logo\/image\/"}},{"@type":"Person","@id":"https:\/\/www.manaus.am.gov.br\/semed\/#\/schema\/person\/79525a47ac5902f50493820d995728ee","name":"Imarketing Digital","image":{"@type":"ImageObject","inLanguage":"pt-BR","@id":"https:\/\/www.manaus.am.gov.br\/semed\/#\/schema\/person\/image\/","url":"https:\/\/secure.gravatar.com\/avatar\/03432d3c57b756ed9760f7019c815a3a?s=96&d=mm&r=g","contentUrl":"https:\/\/secure.gravatar.com\/avatar\/03432d3c57b756ed9760f7019c815a3a?s=96&d=mm&r=g","caption":"Imarketing Digital"}}]}},"_links":{"self":[{"href":"https:\/\/www.manaus.am.gov.br\/semed\/wp-json\/wp\/v2\/pages\/1791"}],"collection":[{"href":"https:\/\/www.manaus.am.gov.br\/semed\/wp-json\/wp\/v2\/pages"}],"about":[{"href":"https:\/\/www.manaus.am.gov.br\/semed\/wp-json\/wp\/v2\/types\/page"}],"author":[{"embeddable":true,"href":"https:\/\/www.manaus.am.gov.br\/semed\/wp-json\/wp\/v2\/users\/27"}],"replies":[{"embeddable":true,"href":"https:\/\/www.manaus.am.gov.br\/semed\/wp-json\/wp\/v2\/comments?post=1791"}],"version-history":[{"count":1,"href":"https:\/\/www.manaus.am.gov.br\/semed\/wp-json\/wp\/v2\/pages\/1791\/revisions"}],"predecessor-version":[{"id":1793,"href":"https:\/\/www.manaus.am.gov.br\/semed\/wp-json\/wp\/v2\/pages\/1791\/revisions\/1793"}],"up":[{"embeddable":true,"href":"https:\/\/www.manaus.am.gov.br\/semed\/wp-json\/wp\/v2\/pages\/1787"}],"wp:attachment":[{"href":"https:\/\/www.manaus.am.gov.br\/semed\/wp-json\/wp\/v2\/media?parent=1791"}],"curies":[{"name":"wp","href":"https:\/\/api.w.org\/{rel}","templated":true}]}}