{"id":134,"date":"2022-10-19T19:11:27","date_gmt":"2022-10-19T23:11:27","guid":{"rendered":"https:\/\/hulk.meuprojetoweb.com.br\/website-prefeitura-manaus\/current\/semed\/?page_id=134"},"modified":"2023-04-25T14:39:41","modified_gmt":"2023-04-25T18:39:41","slug":"estrutura-organizacional","status":"publish","type":"page","link":"https:\/\/www.manaus.am.gov.br\/semed\/a-semed\/estrutura-organizacional\/","title":{"rendered":"Estrutura Organizacional"},"content":{"rendered":"\n<h2 class=\"wp-block-heading\"><a href=\"https:\/\/leismunicipais.com.br\/a\/am\/m\/manaus\/decreto\/2013\/268\/2682\/decreto-n-2682-2013-dispoe-sobre-o-regimento-interno-da-secretaria-municipal-de-educacao-semed-e-da-outras-providencias\" target=\"_blank\" rel=\"noreferrer noopener\">DECRETO N\u00ba 2.682, DE 26 DE DEZEMBRO DE 2013<\/a><\/h2>\n\n\n\n<p>IPAL DE EDUCA\u00c7\u00c3O \u2013 SEMED, com suas finalidades e compet\u00eancias, fixa seu quadro de cargos comissionados e d\u00e1 outras provid\u00eancias.<\/p>\n\n\n\n<h3 class=\"wp-block-heading\">O PREFEITO DE MANAUS<\/h3>\n\n\n\n<p>FA\u00c7O SABER a todos os habitantes que, no exerc\u00edcio da delega\u00e7\u00e3o que me foi conferida pela Resolu\u00e7\u00e3o Legislativa N\u00b0 81, de 9 de janeiro de 2013, edito a seguinte lei delegada:<\/p>\n\n\n\n<h3 class=\"wp-block-heading\">CAP\u00cdTULO I<br>DAS FINALIDADES<\/h3>\n\n\n\n<p>Art. 1\u00ba A Secretaria Municipal de Educa\u00e7\u00e3o integra a Administra\u00e7\u00e3o Direta do Poder Executivo para cumprimento das seguintes finalidades:<br>I \u2013 formular, supervisionar, coordenar e avaliar a Pol\u00edtica Municipal de Educa\u00e7\u00e3o, em conformidade com a Lei de Diretrizes e Bases da Educa\u00e7\u00e3o Nacional;<br>II \u2013 planejar, coordenar, controlar e executar atividades para prover os recursos necess\u00e1rios, m\u00e9todos e profissionais a fim de oferecer \u00e0 sociedade servi\u00e7os educacionais de elevado padr\u00e3o de qualidade, adequados \u00e0s diversas faixas et\u00e1rias e n\u00edveis \u2013 educa\u00e7\u00e3o infantil e ensino fundamental \u2013, garantindo dignidade e qualidade de vida aos cidad\u00e3os do Munic\u00edpio.<\/p>\n\n\n\n<h3 class=\"wp-block-heading\">CAP\u00cdTULO II<br>DA ESTRUTURA ORGANIZACIONAL<\/h3>\n\n\n\n<p>Art. 2\u00ba Dirigida por um Secret\u00e1rio, com aux\u00edlio de um Subsecret\u00e1rio de Administra\u00e7\u00e3o e Finan\u00e7as, de um Subsecretario de Infraestrutura e Log\u00edstica e de um Subsecret\u00e1rio de Gest\u00e3o Educacional, a SEMED tem a seguinte estrutura operacional:<\/p>\n\n\n\n<h3 class=\"wp-block-heading\">I \u2013 \u00d3RG\u00c3OS COLEGIADOS<\/h3>\n\n\n\n<p>a) Conselho Municipal de Educa\u00e7\u00e3o<br>b) Conselho Municipal de Acompanhamento e Controle Social do Fundo de Manuten\u00e7\u00e3o e Desenvolvimento da Educa\u00e7\u00e3o B\u00e1sica e de Valoriza\u00e7\u00e3o dos Profissionais da Educa\u00e7\u00e3o \u2013 FUNDEB<br>c) Conselho de Alimenta\u00e7\u00e3o Escolar \u2013 CAE<br>d) Comiss\u00e3o de Licita\u00e7\u00e3o<\/p>\n\n\n\n<h3 class=\"wp-block-heading\">II \u2013 \u00d3RG\u00c3OS DE ASSIST\u00caNCIA E ASSESSORAMENTO<\/h3>\n\n\n\n<p>a) Gabinete do Secret\u00e1rio<br>b) Assessoria T\u00e9cnica<\/p>\n\n\n\n<h3 class=\"wp-block-heading\">Conv\u00eanios<\/h3>\n\n\n\n<h3 class=\"wp-block-heading\">III \u2013 \u00d3RG\u00c3OS DE APOIO \u00c0 GEST\u00c3O<\/h3>\n\n\n\n<h3 class=\"wp-block-heading\">a) Subsecretaria de Administra\u00e7\u00e3o e Finan\u00e7as<\/h3>\n\n\n\n<p>1. Departamento de Planejamento<br>1.1. Divis\u00e3o de Acompanhamento de Contratos e Conv\u00eanios<br>1.1.1. Ger\u00eancia de An\u00e1lise e Presta\u00e7\u00e3o de Contas<br>1.2. Divis\u00e3o de Informa\u00e7\u00e3o e Estat\u00edstica<br>1.2.1. Ger\u00eancia de Matr\u00edcula e Dados da Rede<br>1.3. Divis\u00e3o de Gest\u00e3o da Tecnologia da Informa\u00e7\u00e3o<br>1.3.1. Ger\u00eancia de Suporte e Manuten\u00e7\u00e3o<br>1.3.2. Ger\u00eancia de Sistemas e Programas<\/p>\n\n\n\n<h3 class=\"wp-block-heading\">2. Departamento Administrativo e Financeiro<\/h3>\n\n\n\n<p>2.1. Divis\u00e3o de Execu\u00e7\u00e3o Financeira e Or\u00e7ament\u00e1ria<br>2.1.1. Ger\u00eancia de Liquida\u00e7\u00e3o<br>2.1.2. Ger\u00eancia de Contabilidade<br>2.2. Divis\u00e3o de Pessoal<br>2.2.1. Ger\u00eancia de Pessoal<br>2.2.2. Ger\u00eancia de Direitos e Deveres<br>2.2.3. Ger\u00eancia de Desenvolvimento do Servidor<br>2.3. Divis\u00e3o de Compras e Loca\u00e7\u00e3o<\/p>\n\n\n\n<h3 class=\"wp-block-heading\">b) Subsecretaria de Infraestrutura e Log\u00edstica<\/h3>\n\n\n\n<p>1. Departamento de Suprimento e Log\u00edstica<br>1.1. Divis\u00e3o de Patrim\u00f4nio, Almoxarifado e Dep\u00f3sitos<br>1.1.1. Ger\u00eancia de Material Escolar<br>1.1.2. Ger\u00eancia de Material Permanente e de Consumo<br>1.2. Divis\u00e3o de Alimenta\u00e7\u00e3o Escolar<br>1.2.1. Ger\u00eancia de Controle de Qualidade<\/p>\n\n\n\n<h3 class=\"wp-block-heading\">2. Departamento de Engenharia e Transporte<\/h3>\n\n\n\n<p>2.1. Divis\u00e3o de Engenharia<br>2.1.1. Ger\u00eancia de Manuten\u00e7\u00e3o<br>2.1.2. Ger\u00eancia de Projetos de Engenharia<br>2.2. Divis\u00e3o de Transporte<\/p>\n\n\n\n<h3 class=\"wp-block-heading\">IV \u2013 \u00d3RG\u00c3OS DE ATIVIDADES FINAL\u00cdSTICAS<\/h3>\n\n\n\n<h3 class=\"wp-block-heading\">a) Subsecretaria de Gest\u00e3o Educacional<\/h3>\n\n\n\n<p>1. Departamento de Gest\u00e3o Educacional<br>1.1. Divis\u00e3o de Desenvolvimento Profissional do Magist\u00e9rio<br>1.1.1. Ger\u00eancia de Tecnologia Educacional<br>1.1.2. Ger\u00eancia de Forma\u00e7\u00e3o Continuada<br>1.2. Divis\u00e3o de Ensino Fundamental<br>1.2.1. Ger\u00eancia de Educa\u00e7\u00e3o Especial<br>1.2.2. Ger\u00eancia de Educa\u00e7\u00e3o de Jovens e Adultos<br>1.2.3. Ger\u00eancia de Educa\u00e7\u00e3o Escolar Ind\u00edgena<br>1.3. Divis\u00e3o de Avalia\u00e7\u00e3o e Monitoramento<br>1.4. Divis\u00e3o de Educa\u00e7\u00e3o Infantil<br>1.4.1. Ger\u00eancia de Creches<br>1.5. Divis\u00e3o de Apoio \u00e0 Gest\u00e3o Escolar<br>1.5.1. Ger\u00eancia de Documenta\u00e7\u00e3o e Auditoria Escolar<br>1.5.2. Ger\u00eancia de Atividades Complementares e Programas Especiais<\/p>\n\n\n\n<h3 class=\"wp-block-heading\">CAP\u00cdTULO III<br>DAS COMPET\u00caNCIAS<\/h3>\n\n\n\n<p>Art. 3\u00ba Sem preju\u00edzo do que vier a ser fixado em Regimento, s\u00e3o atribui\u00e7\u00f5es comuns dos dirigentes das unidades que comp\u00f5em a estrutura organizacional da SEMED:<br>I \u2013 cumprir e fazer cumprir a Constitui\u00e7\u00e3o, a Lei Org\u00e2nica do Munic\u00edpio e as normas infraconstitucionais espec\u00edficas;<br>II \u2013 gerir as \u00e1reas operacionais sob sua responsabilidade;<br>III \u2013 assegurar padr\u00f5es satisfat\u00f3rios de desempenho em suas \u00e1reas de atua\u00e7\u00e3o;<br>IV \u2013 administrar os bens e materiais sob sua guarda, garantindo adequada manuten\u00e7\u00e3o, conserva\u00e7\u00e3o, modernidade e funcionamento;<br>V \u2013 promover permanente avalia\u00e7\u00e3o dos servidores que lhes s\u00e3o subordinados, com vistas \u00e0 constante melhoria dos servi\u00e7os a seu cargo;<br>VI \u2013 zelar pela consecu\u00e7\u00e3o dos objetivos e pelo alcance das metas estabelecidas para o setor;<br>VII \u2013 executar outras atividades, em raz\u00e3o da natureza da unidade sob sua dire\u00e7\u00e3o, sob a orienta\u00e7\u00e3o do Secret\u00e1rio.<\/p>\n\n\n\n<h3 class=\"wp-block-heading\">CAP\u00cdTULO IV<br>DOS CARGOS E DAS FUN\u00c7\u00d5ES DE CONFIAN\u00c7A<\/h3>\n\n\n\n<p>Art. 4\u00ba Os cargos de provimento em comiss\u00e3o e as fun\u00e7\u00f5es gratificadas da SEMED s\u00e3o os especificados no Anexo \u00danico, com a remunera\u00e7\u00e3o fixada em lei espec\u00edfica.<\/p>\n\n\n\n<p>Art. 5\u00ba O Secret\u00e1rio Municipal de Educa\u00e7\u00e3o poder\u00e1 atribuir a servidores do quadro permanente fun\u00e7\u00f5es gratificadas pelo exerc\u00edcio de encargos de chefia, dire\u00e7\u00e3o ou assessoramento.<\/p>\n\n\n\n<h3 class=\"wp-block-heading\">CAP\u00cdTULO V<br>DISPOSI\u00c7\u00d5ES FINAIS<\/h3>\n\n\n\n<p>Art. 6\u00ba As despesas decorrentes da execu\u00e7\u00e3o desta Lei Delegada correr\u00e3o \u00e0 conta das dota\u00e7\u00f5es consignadas no or\u00e7amento do Poder Executivo.<\/p>\n\n\n\n<p>Art. 7\u00ba Revogadas as disposi\u00e7\u00f5es em contr\u00e1rio, esta Lei Delegada entra em vigor na data de sua publica\u00e7\u00e3o.<\/p>\n\n\n\n<p>GABINETE DO PREFEITO, em Manaus, 31 de julho de 2013.<\/p>\n\n\n\n<h3 class=\"wp-block-heading\">Programas Especiais<\/h3>\n\n\n\n<p>2. Departamento Geral de Distritos<br>2.1. Divis\u00e3o Distrital da Zona Norte<br>2.1.1 Ger\u00eancia de Administra\u00e7\u00e3o Escolar<br>2.2. Divis\u00e3o Distrital da Zona Sul<br>2.2.1 Ger\u00eancia de Administra\u00e7\u00e3o Escolar<br>2.3. Divis\u00e3o Distrital da Zona Leste 1<br>2.3.1 Ger\u00eancia de Administra\u00e7\u00e3o Escolar<br>2.4. Divis\u00e3o Distrital da Zona Leste 2<br>2.4.1 Ger\u00eancia de Administra\u00e7\u00e3o Escolar<br>2.5. Divis\u00e3o Distrital da Zona Oeste<br>2.5.1 Ger\u00eancia de Administra\u00e7\u00e3o Escolar<br>2.6. Divis\u00e3o Distrital da Zona Centro-Sul<br>2.6.1 Ger\u00eancia de Administra\u00e7\u00e3o Escolar<br>2.7. Divis\u00e3o Distrital da Zona Rural<br>2.7.1 Ger\u00eancia de Administra\u00e7\u00e3o Escolar<\/p>\n\n\n\n<p>Par\u00e1grafo \u00fanico. O detalhamento da estrutura, compreendendo servi\u00e7os e setores, ser\u00e1 fixado no Regimento Interno.<\/p>\n","protected":false},"excerpt":{"rendered":"","protected":false},"author":27,"featured_media":0,"parent":125,"menu_order":1,"comment_status":"closed","ping_status":"closed","template":"templates\/turismo.php","meta":{"footnotes":""},"acf":[],"yoast_head":"<!-- This site is optimized with the Yoast SEO plugin v23.0 - https:\/\/yoast.com\/wordpress\/plugins\/seo\/ -->\n<title>Estrutura Organizacional - SEMED<\/title>\n<meta name=\"robots\" content=\"index, follow, max-snippet:-1, max-image-preview:large, max-video-preview:-1\" \/>\n<link rel=\"canonical\" href=\"https:\/\/www.manaus.am.gov.br\/semed\/a-semed\/estrutura-organizacional\/\" \/>\n<meta property=\"og:locale\" content=\"pt_BR\" \/>\n<meta property=\"og:type\" content=\"article\" \/>\n<meta property=\"og:title\" content=\"Estrutura Organizacional - SEMED\" \/>\n<meta property=\"og:url\" content=\"https:\/\/www.manaus.am.gov.br\/semed\/a-semed\/estrutura-organizacional\/\" \/>\n<meta property=\"og:site_name\" content=\"SEMED\" \/>\n<meta property=\"article:modified_time\" content=\"2023-04-25T18:39:41+00:00\" \/>\n<meta property=\"og:image\" content=\"https:\/\/www.manaus.am.gov.br\/semed\/wp-content\/uploads\/sites\/3\/2024\/07\/thumb-default-2.png\" \/>\n\t<meta property=\"og:image:width\" content=\"966\" \/>\n\t<meta property=\"og:image:height\" content=\"520\" \/>\n\t<meta property=\"og:image:type\" content=\"image\/png\" \/>\n<meta name=\"twitter:card\" content=\"summary_large_image\" \/>\n<script type=\"application\/ld+json\" class=\"yoast-schema-graph\">{\"@context\":\"https:\/\/schema.org\",\"@graph\":[{\"@type\":\"Article\",\"@id\":\"https:\/\/www.manaus.am.gov.br\/semed\/a-semed\/estrutura-organizacional\/#article\",\"isPartOf\":{\"@id\":\"https:\/\/www.manaus.am.gov.br\/semed\/a-semed\/estrutura-organizacional\/\"},\"author\":{\"name\":\"Imarketing Digital\",\"@id\":\"https:\/\/www.manaus.am.gov.br\/semed\/#\/schema\/person\/79525a47ac5902f50493820d995728ee\"},\"headline\":\"Estrutura Organizacional\",\"datePublished\":\"2022-10-19T23:11:27+00:00\",\"dateModified\":\"2023-04-25T18:39:41+00:00\",\"mainEntityOfPage\":{\"@id\":\"https:\/\/www.manaus.am.gov.br\/semed\/a-semed\/estrutura-organizacional\/\"},\"wordCount\":982,\"publisher\":{\"@id\":\"https:\/\/www.manaus.am.gov.br\/semed\/#organization\"},\"inLanguage\":\"pt-BR\"},{\"@type\":\"WebPage\",\"@id\":\"https:\/\/www.manaus.am.gov.br\/semed\/a-semed\/estrutura-organizacional\/\",\"url\":\"https:\/\/www.manaus.am.gov.br\/semed\/a-semed\/estrutura-organizacional\/\",\"name\":\"Estrutura Organizacional - SEMED\",\"isPartOf\":{\"@id\":\"https:\/\/www.manaus.am.gov.br\/semed\/#website\"},\"datePublished\":\"2022-10-19T23:11:27+00:00\",\"dateModified\":\"2023-04-25T18:39:41+00:00\",\"breadcrumb\":{\"@id\":\"https:\/\/www.manaus.am.gov.br\/semed\/a-semed\/estrutura-organizacional\/#breadcrumb\"},\"inLanguage\":\"pt-BR\",\"potentialAction\":[{\"@type\":\"ReadAction\",\"target\":[\"https:\/\/www.manaus.am.gov.br\/semed\/a-semed\/estrutura-organizacional\/\"]}]},{\"@type\":\"BreadcrumbList\",\"@id\":\"https:\/\/www.manaus.am.gov.br\/semed\/a-semed\/estrutura-organizacional\/#breadcrumb\",\"itemListElement\":[{\"@type\":\"ListItem\",\"position\":1,\"name\":\"A Semed\",\"item\":\"https:\/\/www.manaus.am.gov.br\/semed\/a-semed\/\"},{\"@type\":\"ListItem\",\"position\":2,\"name\":\"Estrutura Organizacional\"}]},{\"@type\":\"WebSite\",\"@id\":\"https:\/\/www.manaus.am.gov.br\/semed\/#website\",\"url\":\"https:\/\/www.manaus.am.gov.br\/semed\/\",\"name\":\"Secretaria Municipal de Educa\u00e7\u00e3o\",\"description\":\"Secretaria Municipal de Educa\u00e7\u00e3o\",\"publisher\":{\"@id\":\"https:\/\/www.manaus.am.gov.br\/semed\/#organization\"},\"alternateName\":\"SEMED\",\"potentialAction\":[{\"@type\":\"SearchAction\",\"target\":{\"@type\":\"EntryPoint\",\"urlTemplate\":\"https:\/\/www.manaus.am.gov.br\/semed\/?s={search_term_string}\"},\"query-input\":\"required name=search_term_string\"}],\"inLanguage\":\"pt-BR\"},{\"@type\":\"Organization\",\"@id\":\"https:\/\/www.manaus.am.gov.br\/semed\/#organization\",\"name\":\"Secretaria de Educa\u00e7\u00e3o\",\"alternateName\":\"SEMED\",\"url\":\"https:\/\/www.manaus.am.gov.br\/semed\/\",\"logo\":{\"@type\":\"ImageObject\",\"inLanguage\":\"pt-BR\",\"@id\":\"https:\/\/www.manaus.am.gov.br\/semed\/#\/schema\/logo\/image\/\",\"url\":\"https:\/\/www.manaus.am.gov.br\/semed\/wp-content\/uploads\/sites\/3\/2022\/11\/favicon.png\",\"contentUrl\":\"https:\/\/www.manaus.am.gov.br\/semed\/wp-content\/uploads\/sites\/3\/2022\/11\/favicon.png\",\"width\":300,\"height\":300,\"caption\":\"Secretaria de Educa\u00e7\u00e3o\"},\"image\":{\"@id\":\"https:\/\/www.manaus.am.gov.br\/semed\/#\/schema\/logo\/image\/\"}},{\"@type\":\"Person\",\"@id\":\"https:\/\/www.manaus.am.gov.br\/semed\/#\/schema\/person\/79525a47ac5902f50493820d995728ee\",\"name\":\"Imarketing Digital\",\"image\":{\"@type\":\"ImageObject\",\"inLanguage\":\"pt-BR\",\"@id\":\"https:\/\/www.manaus.am.gov.br\/semed\/#\/schema\/person\/image\/\",\"url\":\"https:\/\/secure.gravatar.com\/avatar\/03432d3c57b756ed9760f7019c815a3a?s=96&d=mm&r=g\",\"contentUrl\":\"https:\/\/secure.gravatar.com\/avatar\/03432d3c57b756ed9760f7019c815a3a?s=96&d=mm&r=g\",\"caption\":\"Imarketing Digital\"}}]}<\/script>\n<!-- \/ Yoast SEO plugin. -->","yoast_head_json":{"title":"Estrutura Organizacional - SEMED","robots":{"index":"index","follow":"follow","max-snippet":"max-snippet:-1","max-image-preview":"max-image-preview:large","max-video-preview":"max-video-preview:-1"},"canonical":"https:\/\/www.manaus.am.gov.br\/semed\/a-semed\/estrutura-organizacional\/","og_locale":"pt_BR","og_type":"article","og_title":"Estrutura Organizacional - SEMED","og_url":"https:\/\/www.manaus.am.gov.br\/semed\/a-semed\/estrutura-organizacional\/","og_site_name":"SEMED","article_modified_time":"2023-04-25T18:39:41+00:00","og_image":[{"width":966,"height":520,"url":"https:\/\/www.manaus.am.gov.br\/semed\/wp-content\/uploads\/sites\/3\/2024\/07\/thumb-default-2.png","type":"image\/png"}],"twitter_card":"summary_large_image","schema":{"@context":"https:\/\/schema.org","@graph":[{"@type":"Article","@id":"https:\/\/www.manaus.am.gov.br\/semed\/a-semed\/estrutura-organizacional\/#article","isPartOf":{"@id":"https:\/\/www.manaus.am.gov.br\/semed\/a-semed\/estrutura-organizacional\/"},"author":{"name":"Imarketing Digital","@id":"https:\/\/www.manaus.am.gov.br\/semed\/#\/schema\/person\/79525a47ac5902f50493820d995728ee"},"headline":"Estrutura Organizacional","datePublished":"2022-10-19T23:11:27+00:00","dateModified":"2023-04-25T18:39:41+00:00","mainEntityOfPage":{"@id":"https:\/\/www.manaus.am.gov.br\/semed\/a-semed\/estrutura-organizacional\/"},"wordCount":982,"publisher":{"@id":"https:\/\/www.manaus.am.gov.br\/semed\/#organization"},"inLanguage":"pt-BR"},{"@type":"WebPage","@id":"https:\/\/www.manaus.am.gov.br\/semed\/a-semed\/estrutura-organizacional\/","url":"https:\/\/www.manaus.am.gov.br\/semed\/a-semed\/estrutura-organizacional\/","name":"Estrutura Organizacional - SEMED","isPartOf":{"@id":"https:\/\/www.manaus.am.gov.br\/semed\/#website"},"datePublished":"2022-10-19T23:11:27+00:00","dateModified":"2023-04-25T18:39:41+00:00","breadcrumb":{"@id":"https:\/\/www.manaus.am.gov.br\/semed\/a-semed\/estrutura-organizacional\/#breadcrumb"},"inLanguage":"pt-BR","potentialAction":[{"@type":"ReadAction","target":["https:\/\/www.manaus.am.gov.br\/semed\/a-semed\/estrutura-organizacional\/"]}]},{"@type":"BreadcrumbList","@id":"https:\/\/www.manaus.am.gov.br\/semed\/a-semed\/estrutura-organizacional\/#breadcrumb","itemListElement":[{"@type":"ListItem","position":1,"name":"A Semed","item":"https:\/\/www.manaus.am.gov.br\/semed\/a-semed\/"},{"@type":"ListItem","position":2,"name":"Estrutura Organizacional"}]},{"@type":"WebSite","@id":"https:\/\/www.manaus.am.gov.br\/semed\/#website","url":"https:\/\/www.manaus.am.gov.br\/semed\/","name":"Secretaria Municipal de Educa\u00e7\u00e3o","description":"Secretaria Municipal de Educa\u00e7\u00e3o","publisher":{"@id":"https:\/\/www.manaus.am.gov.br\/semed\/#organization"},"alternateName":"SEMED","potentialAction":[{"@type":"SearchAction","target":{"@type":"EntryPoint","urlTemplate":"https:\/\/www.manaus.am.gov.br\/semed\/?s={search_term_string}"},"query-input":"required name=search_term_string"}],"inLanguage":"pt-BR"},{"@type":"Organization","@id":"https:\/\/www.manaus.am.gov.br\/semed\/#organization","name":"Secretaria de Educa\u00e7\u00e3o","alternateName":"SEMED","url":"https:\/\/www.manaus.am.gov.br\/semed\/","logo":{"@type":"ImageObject","inLanguage":"pt-BR","@id":"https:\/\/www.manaus.am.gov.br\/semed\/#\/schema\/logo\/image\/","url":"https:\/\/www.manaus.am.gov.br\/semed\/wp-content\/uploads\/sites\/3\/2022\/11\/favicon.png","contentUrl":"https:\/\/www.manaus.am.gov.br\/semed\/wp-content\/uploads\/sites\/3\/2022\/11\/favicon.png","width":300,"height":300,"caption":"Secretaria de Educa\u00e7\u00e3o"},"image":{"@id":"https:\/\/www.manaus.am.gov.br\/semed\/#\/schema\/logo\/image\/"}},{"@type":"Person","@id":"https:\/\/www.manaus.am.gov.br\/semed\/#\/schema\/person\/79525a47ac5902f50493820d995728ee","name":"Imarketing Digital","image":{"@type":"ImageObject","inLanguage":"pt-BR","@id":"https:\/\/www.manaus.am.gov.br\/semed\/#\/schema\/person\/image\/","url":"https:\/\/secure.gravatar.com\/avatar\/03432d3c57b756ed9760f7019c815a3a?s=96&d=mm&r=g","contentUrl":"https:\/\/secure.gravatar.com\/avatar\/03432d3c57b756ed9760f7019c815a3a?s=96&d=mm&r=g","caption":"Imarketing Digital"}}]}},"_links":{"self":[{"href":"https:\/\/www.manaus.am.gov.br\/semed\/wp-json\/wp\/v2\/pages\/134"}],"collection":[{"href":"https:\/\/www.manaus.am.gov.br\/semed\/wp-json\/wp\/v2\/pages"}],"about":[{"href":"https:\/\/www.manaus.am.gov.br\/semed\/wp-json\/wp\/v2\/types\/page"}],"author":[{"embeddable":true,"href":"https:\/\/www.manaus.am.gov.br\/semed\/wp-json\/wp\/v2\/users\/27"}],"replies":[{"embeddable":true,"href":"https:\/\/www.manaus.am.gov.br\/semed\/wp-json\/wp\/v2\/comments?post=134"}],"version-history":[{"count":8,"href":"https:\/\/www.manaus.am.gov.br\/semed\/wp-json\/wp\/v2\/pages\/134\/revisions"}],"predecessor-version":[{"id":2609,"href":"https:\/\/www.manaus.am.gov.br\/semed\/wp-json\/wp\/v2\/pages\/134\/revisions\/2609"}],"up":[{"embeddable":true,"href":"https:\/\/www.manaus.am.gov.br\/semed\/wp-json\/wp\/v2\/pages\/125"}],"wp:attachment":[{"href":"https:\/\/www.manaus.am.gov.br\/semed\/wp-json\/wp\/v2\/media?parent=134"}],"curies":[{"name":"wp","href":"https:\/\/api.w.org\/{rel}","templated":true}]}}