{"id":269533,"date":"2026-09-05T17:24:24","date_gmt":"2026-09-05T20:24:24","guid":{"rendered":"https:\/\/www.manaus.am.gov.br\/semcom\/?post_type=pautas&#038;p=269533"},"modified":"2026-09-05T17:24:24","modified_gmt":"2026-09-05T20:24:24","slug":"prefeito-segundanoite-soumanaus","status":"publish","type":"pautas","link":"https:\/\/www.manaus.am.gov.br\/semcom\/pautas\/prefeito-segundanoite-soumanaus\/","title":{"rendered":"Prefeito Renato Junior abre segunda noite do &#8216;#SouManaus Passo a Pa\u00e7o 2026&#8217; com shows locais e nacionais"},"content":{"rendered":"\n<p>O prefeito de Manaus, Renato Junior, abre, na noite deste s\u00e1bado, 5\/9, os shows locais e nacionais da programa\u00e7\u00e3o do \u201c#SouManaus Passo a Pa\u00e7o 2026\u201d. A coletiva de imprensa ser\u00e1 \u00e0s 19h30, no lounge da imprensa, com acesso pelo lado esquerdo do palco Malcher, no centro hist\u00f3rico.<\/p>\n\n\n\n<p>Com a maior edi\u00e7\u00e3o do evento neste ano, o \u201c#SouManaus Passo a Pa\u00e7o 2026\u201d tem como conceito \u201cOrigens, \u00c1guas e Manaus\u201d e ocupa o Centro com programa\u00e7\u00e3o durante dez dias, transformando diferentes espa\u00e7os da regi\u00e3o central em pontos de encontro entre m\u00fasica, cultura, arte, gastronomia, turismo e economia criativa. A programa\u00e7\u00e3o segue at\u00e9 13\/9 e deve reunir aproximadamente 550 mil pessoas, com a participa\u00e7\u00e3o de aproximadamente tr\u00eas mil trabalhadores da cultura.<\/p>\n\n\n\n<p><strong>SERVI\u00c7O:<\/strong><\/p>\n\n\n\n<p><strong>O qu\u00ea<\/strong> \u2013 Coletiva de imprensa com prefeito Renato Junior no &#8216;#SouManaus Passo a Pa\u00e7o 2026&#8217;<\/p>\n\n\n\n<p><strong>Quando<\/strong> \u2013 S\u00e1bado, 5\/9<\/p>\n\n\n\n<p><strong>Hor\u00e1rio<\/strong> \u2013 19h30<\/p>\n\n\n\n<p><strong>Local<\/strong> &#8211; Palco Malcher (acesso pelo mirante L\u00facia Almeida, na avenida 7 de Setembro, n\u00ba 8, Centro, zona Sul)<\/p>\n\n\n\n<p><strong>Localiza\u00e7\u00e3o<\/strong> &#8211; <a href=\"https:\/\/share.google\/LeiXSePAK36RlFsqM\">https:\/\/share.google\/LeiXSePAK36RlFsqM<\/a><\/p>\n","protected":false},"featured_media":208729,"template":"","categories":[793],"acf":[],"yoast_head":"<!-- This site is optimized with the Yoast SEO plugin v23.0 - https:\/\/yoast.com\/wordpress\/plugins\/seo\/ -->\n<title>Prefeito Renato Junior abre segunda noite do &#039;#SouManaus Passo a Pa\u00e7o 2026&#039; com shows locais e nacionais - SEMCOM<\/title>\n<meta name=\"robots\" content=\"index, follow, max-snippet:-1, max-image-preview:large, max-video-preview:-1\" \/>\n<link rel=\"canonical\" href=\"https:\/\/www.manaus.am.gov.br\/semcom\/pautas\/prefeito-segundanoite-soumanaus\/\" \/>\n<meta property=\"og:locale\" content=\"pt_BR\" \/>\n<meta property=\"og:type\" content=\"article\" \/>\n<meta property=\"og:title\" content=\"Prefeito Renato Junior abre segunda noite do &#039;#SouManaus Passo a Pa\u00e7o 2026&#039; com shows locais e nacionais - SEMCOM\" \/>\n<meta property=\"og:url\" content=\"https:\/\/www.manaus.am.gov.br\/semcom\/pautas\/prefeito-segundanoite-soumanaus\/\" \/>\n<meta property=\"og:site_name\" content=\"SEMCOM\" \/>\n<meta property=\"og:image\" content=\"https:\/\/www.manaus.am.gov.br\/semcom\/wp-content\/uploads\/sites\/5\/2024\/07\/thumb-default-2.png\" \/>\n\t<meta property=\"og:image:width\" content=\"966\" \/>\n\t<meta property=\"og:image:height\" content=\"520\" \/>\n\t<meta property=\"og:image:type\" content=\"image\/png\" \/>\n<meta name=\"twitter:card\" content=\"summary_large_image\" \/>\n<meta name=\"twitter:label1\" content=\"Est. reading time\" \/>\n\t<meta name=\"twitter:data1\" content=\"1 minuto\" \/>\n<script type=\"application\/ld+json\" class=\"yoast-schema-graph\">{\"@context\":\"https:\/\/schema.org\",\"@graph\":[{\"@type\":\"WebPage\",\"@id\":\"https:\/\/www.manaus.am.gov.br\/semcom\/pautas\/prefeito-segundanoite-soumanaus\/\",\"url\":\"https:\/\/www.manaus.am.gov.br\/semcom\/pautas\/prefeito-segundanoite-soumanaus\/\",\"name\":\"Prefeito Renato Junior abre segunda noite do '#SouManaus Passo a Pa\u00e7o 2026' com shows locais e nacionais - SEMCOM\",\"isPartOf\":{\"@id\":\"https:\/\/www.manaus.am.gov.br\/semcom\/#website\"},\"primaryImageOfPage\":{\"@id\":\"https:\/\/www.manaus.am.gov.br\/semcom\/pautas\/prefeito-segundanoite-soumanaus\/#primaryimage\"},\"image\":{\"@id\":\"https:\/\/www.manaus.am.gov.br\/semcom\/pautas\/prefeito-segundanoite-soumanaus\/#primaryimage\"},\"thumbnailUrl\":\"https:\/\/www.manaus.am.gov.br\/semcom\/wp-content\/uploads\/sites\/5\/2023\/02\/sugestaodepauta.png\",\"datePublished\":\"2026-09-05T20:24:24+00:00\",\"dateModified\":\"2026-09-05T20:24:24+00:00\",\"inLanguage\":\"pt-BR\",\"potentialAction\":[{\"@type\":\"ReadAction\",\"target\":[\"https:\/\/www.manaus.am.gov.br\/semcom\/pautas\/prefeito-segundanoite-soumanaus\/\"]}]},{\"@type\":\"ImageObject\",\"inLanguage\":\"pt-BR\",\"@id\":\"https:\/\/www.manaus.am.gov.br\/semcom\/pautas\/prefeito-segundanoite-soumanaus\/#primaryimage\",\"url\":\"https:\/\/www.manaus.am.gov.br\/semcom\/wp-content\/uploads\/sites\/5\/2023\/02\/sugestaodepauta.png\",\"contentUrl\":\"https:\/\/www.manaus.am.gov.br\/semcom\/wp-content\/uploads\/sites\/5\/2023\/02\/sugestaodepauta.png\",\"width\":1020,\"height\":540},{\"@type\":\"WebSite\",\"@id\":\"https:\/\/www.manaus.am.gov.br\/semcom\/#website\",\"url\":\"https:\/\/www.manaus.am.gov.br\/semcom\/\",\"name\":\"SEMCOM\",\"description\":\"Secretaria Municipal de Comunica\u00e7\u00e3o\",\"potentialAction\":[{\"@type\":\"SearchAction\",\"target\":{\"@type\":\"EntryPoint\",\"urlTemplate\":\"https:\/\/www.manaus.am.gov.br\/semcom\/?s={search_term_string}\"},\"query-input\":\"required name=search_term_string\"}],\"inLanguage\":\"pt-BR\"}]}<\/script>\n<!-- \/ Yoast SEO plugin. -->","yoast_head_json":{"title":"Prefeito Renato Junior abre segunda noite do '#SouManaus Passo a Pa\u00e7o 2026' com shows locais e nacionais - SEMCOM","robots":{"index":"index","follow":"follow","max-snippet":"max-snippet:-1","max-image-preview":"max-image-preview:large","max-video-preview":"max-video-preview:-1"},"canonical":"https:\/\/www.manaus.am.gov.br\/semcom\/pautas\/prefeito-segundanoite-soumanaus\/","og_locale":"pt_BR","og_type":"article","og_title":"Prefeito Renato Junior abre segunda noite do '#SouManaus Passo a Pa\u00e7o 2026' com shows locais e nacionais - SEMCOM","og_url":"https:\/\/www.manaus.am.gov.br\/semcom\/pautas\/prefeito-segundanoite-soumanaus\/","og_site_name":"SEMCOM","og_image":[{"width":966,"height":520,"url":"https:\/\/www.manaus.am.gov.br\/semcom\/wp-content\/uploads\/sites\/5\/2024\/07\/thumb-default-2.png","type":"image\/png"}],"twitter_card":"summary_large_image","twitter_misc":{"Est. reading time":"1 minuto"},"schema":{"@context":"https:\/\/schema.org","@graph":[{"@type":"WebPage","@id":"https:\/\/www.manaus.am.gov.br\/semcom\/pautas\/prefeito-segundanoite-soumanaus\/","url":"https:\/\/www.manaus.am.gov.br\/semcom\/pautas\/prefeito-segundanoite-soumanaus\/","name":"Prefeito Renato Junior abre segunda noite do '#SouManaus Passo a Pa\u00e7o 2026' com shows locais e nacionais - SEMCOM","isPartOf":{"@id":"https:\/\/www.manaus.am.gov.br\/semcom\/#website"},"primaryImageOfPage":{"@id":"https:\/\/www.manaus.am.gov.br\/semcom\/pautas\/prefeito-segundanoite-soumanaus\/#primaryimage"},"image":{"@id":"https:\/\/www.manaus.am.gov.br\/semcom\/pautas\/prefeito-segundanoite-soumanaus\/#primaryimage"},"thumbnailUrl":"https:\/\/www.manaus.am.gov.br\/semcom\/wp-content\/uploads\/sites\/5\/2023\/02\/sugestaodepauta.png","datePublished":"2026-09-05T20:24:24+00:00","dateModified":"2026-09-05T20:24:24+00:00","inLanguage":"pt-BR","potentialAction":[{"@type":"ReadAction","target":["https:\/\/www.manaus.am.gov.br\/semcom\/pautas\/prefeito-segundanoite-soumanaus\/"]}]},{"@type":"ImageObject","inLanguage":"pt-BR","@id":"https:\/\/www.manaus.am.gov.br\/semcom\/pautas\/prefeito-segundanoite-soumanaus\/#primaryimage","url":"https:\/\/www.manaus.am.gov.br\/semcom\/wp-content\/uploads\/sites\/5\/2023\/02\/sugestaodepauta.png","contentUrl":"https:\/\/www.manaus.am.gov.br\/semcom\/wp-content\/uploads\/sites\/5\/2023\/02\/sugestaodepauta.png","width":1020,"height":540},{"@type":"WebSite","@id":"https:\/\/www.manaus.am.gov.br\/semcom\/#website","url":"https:\/\/www.manaus.am.gov.br\/semcom\/","name":"SEMCOM","description":"Secretaria Municipal de Comunica\u00e7\u00e3o","potentialAction":[{"@type":"SearchAction","target":{"@type":"EntryPoint","urlTemplate":"https:\/\/www.manaus.am.gov.br\/semcom\/?s={search_term_string}"},"query-input":"required name=search_term_string"}],"inLanguage":"pt-BR"}]}},"_links":{"self":[{"href":"https:\/\/www.manaus.am.gov.br\/semcom\/wp-json\/wp\/v2\/pautas\/269533"}],"collection":[{"href":"https:\/\/www.manaus.am.gov.br\/semcom\/wp-json\/wp\/v2\/pautas"}],"about":[{"href":"https:\/\/www.manaus.am.gov.br\/semcom\/wp-json\/wp\/v2\/types\/pautas"}],"wp:featuredmedia":[{"embeddable":true,"href":"https:\/\/www.manaus.am.gov.br\/semcom\/wp-json\/wp\/v2\/media\/208729"}],"wp:attachment":[{"href":"https:\/\/www.manaus.am.gov.br\/semcom\/wp-json\/wp\/v2\/media?parent=269533"}],"wp:term":[{"taxonomy":"category","embeddable":true,"href":"https:\/\/www.manaus.am.gov.br\/semcom\/wp-json\/wp\/v2\/categories?post=269533"}],"curies":[{"name":"wp","href":"https:\/\/api.w.org\/{rel}","templated":true}]}}