{"id":269121,"date":"2026-08-31T08:10:00","date_gmt":"2026-08-31T11:10:00","guid":{"rendered":"https:\/\/www.manaus.am.gov.br\/semcom\/?post_type=pautas&#038;p=269121"},"modified":"2026-08-31T15:52:37","modified_gmt":"2026-08-31T18:52:37","slug":"prefeitura-de-manaus-amplia-rede-de-pontos-para-descarte-correto-de-residuos-eletroeletronicos","status":"publish","type":"pautas","link":"https:\/\/www.manaus.am.gov.br\/semcom\/pautas\/prefeitura-de-manaus-amplia-rede-de-pontos-para-descarte-correto-de-residuos-eletroeletronicos\/","title":{"rendered":"Prefeitura de Manaus amplia rede de pontos para descarte correto de res\u00edduos eletroeletr\u00f4nicos"},"content":{"rendered":"\n<p>A Prefeitura de Manaus, por meio da Secretaria Municipal de Limpeza Urbana (Semulsp), formaliza, na segunda-feira, 31\/8, parceria com a Circular Brain para ampliar a rede de coleta e destina\u00e7\u00e3o ambientalmente correta de res\u00edduos eletroeletr\u00f4nicos na capital. A iniciativa prev\u00ea a implanta\u00e7\u00e3o gradual de 62 Pontos de Entrega Volunt\u00e1ria (PEVs), distribu\u00eddos pelas diferentes zonas da cidade, facilitando o acesso da popula\u00e7\u00e3o ao descarte adequado de equipamentos sem uso.<\/p>\n\n\n\n<p>Celulares, computadores, eletrodom\u00e9sticos e outros equipamentos que perderam a utilidade poder\u00e3o ser entregues nesses locais e encaminhados para a cadeia de log\u00edstica reversa. A proposta \u00e9 impedir que materiais com potencial de reaproveitamento acabem no aterro sanit\u00e1rio, em lixeiras viciadas, terrenos, vias p\u00fablicas ou igarap\u00e9s.<\/p>\n\n\n\n<p>A parceria amplia um trabalho iniciado em fevereiro, durante o \u201cDia de Detox de Eletr\u00f4nicos \u2014 Manaus + Circulare\u201d, e integra as a\u00e7\u00f5es da Prefeitura de Manaus voltadas \u00e0 limpeza urbana, educa\u00e7\u00e3o ambiental e destina\u00e7\u00e3o adequada dos res\u00edduos.<\/p>\n\n\n\n<p><strong>SERVI\u00c7O:<\/strong><\/p>\n\n\n\n<p><strong>O qu\u00ea<\/strong>&nbsp;&#8211; Formaliza\u00e7\u00e3o da parceria entre Prefeitura de Manaus e Circular Brain para amplia\u00e7\u00e3o da rede de coleta de res\u00edduos eletroeletr\u00f4nicos<\/p>\n\n\n\n<p><strong>Quando<\/strong>&nbsp;&#8211; Segunda-feira, 31\/8<\/p>\n\n\n\n<p><strong>Hor\u00e1rio<\/strong>&nbsp;&#8211; 9h<\/p>\n\n\n\n<p><strong>Local<\/strong>&nbsp;&#8211;&nbsp; Anfiteatro Encontro das \u00c1guas, avenida Louren\u00e7o da Silva Braga, Centro<\/p>\n\n\n\n<p><strong>Localiza\u00e7\u00e3o<\/strong>&nbsp;&#8211;&nbsp;<a href=\"https:\/\/maps.app.goo.gl\/CJYyWBy8A976ETQo8\" target=\"_blank\" rel=\"noreferrer noopener\">https:\/\/maps.app.goo.gl\/CJYyWBy8A976ETQo8<\/a><\/p>\n","protected":false},"featured_media":208729,"template":"","categories":[805],"acf":[],"yoast_head":"<!-- This site is optimized with the Yoast SEO plugin v23.0 - https:\/\/yoast.com\/wordpress\/plugins\/seo\/ -->\n<title>Prefeitura de Manaus amplia rede de pontos para descarte correto de res\u00edduos eletroeletr\u00f4nicos<\/title>\n<meta name=\"description\" content=\"A Prefeitura de Manaus, por meio da Secretaria Municipal de Limpeza Urbana (Semulsp), formaliza, na segunda-feira, 31\/8, parceria com a Circular Brain para ampliar a rede de coleta e destina\u00e7\u00e3o ambientalmente correta de res\u00edduos eletroeletr\u00f4nicos na capital. A iniciativa prev\u00ea a implanta\u00e7\u00e3o gradual de 62 Pontos de Entrega Volunt\u00e1ria (PEVs), distribu\u00eddos pelas diferentes zonas da cidade, facilitando o acesso da popula\u00e7\u00e3o ao descarte adequado de equipamentos sem uso.\" \/>\n<meta name=\"robots\" content=\"index, follow, max-snippet:-1, max-image-preview:large, max-video-preview:-1\" \/>\n<link rel=\"canonical\" href=\"https:\/\/www.manaus.am.gov.br\/semcom\/pautas\/prefeitura-de-manaus-amplia-rede-de-pontos-para-descarte-correto-de-residuos-eletroeletronicos\/\" \/>\n<meta property=\"og:locale\" content=\"pt_BR\" \/>\n<meta property=\"og:type\" content=\"article\" \/>\n<meta property=\"og:title\" content=\"Prefeitura de Manaus amplia rede de pontos para descarte correto de res\u00edduos eletroeletr\u00f4nicos\" \/>\n<meta property=\"og:description\" content=\"A Prefeitura de Manaus, por meio da Secretaria Municipal de Limpeza Urbana (Semulsp), formaliza, na segunda-feira, 31\/8, parceria com a Circular Brain para ampliar a rede de coleta e destina\u00e7\u00e3o ambientalmente correta de res\u00edduos eletroeletr\u00f4nicos na capital. A iniciativa prev\u00ea a implanta\u00e7\u00e3o gradual de 62 Pontos de Entrega Volunt\u00e1ria (PEVs), distribu\u00eddos pelas diferentes zonas da cidade, facilitando o acesso da popula\u00e7\u00e3o ao descarte adequado de equipamentos sem uso.\" \/>\n<meta property=\"og:url\" content=\"https:\/\/www.manaus.am.gov.br\/semcom\/pautas\/prefeitura-de-manaus-amplia-rede-de-pontos-para-descarte-correto-de-residuos-eletroeletronicos\/\" \/>\n<meta property=\"og:site_name\" content=\"SEMCOM\" \/>\n<meta property=\"article:modified_time\" content=\"2026-08-31T18:52:37+00:00\" \/>\n<meta property=\"og:image\" content=\"https:\/\/www.manaus.am.gov.br\/semcom\/wp-content\/uploads\/sites\/5\/2023\/02\/sugestaodepauta.png\" \/>\n\t<meta property=\"og:image:width\" content=\"1020\" \/>\n\t<meta property=\"og:image:height\" content=\"540\" \/>\n\t<meta property=\"og:image:type\" content=\"image\/png\" \/>\n<meta name=\"twitter:card\" content=\"summary_large_image\" \/>\n<meta name=\"twitter:label1\" content=\"Est. reading time\" \/>\n\t<meta name=\"twitter:data1\" content=\"2 minutos\" \/>\n<script type=\"application\/ld+json\" class=\"yoast-schema-graph\">{\"@context\":\"https:\/\/schema.org\",\"@graph\":[{\"@type\":\"WebPage\",\"@id\":\"https:\/\/www.manaus.am.gov.br\/semcom\/pautas\/prefeitura-de-manaus-amplia-rede-de-pontos-para-descarte-correto-de-residuos-eletroeletronicos\/\",\"url\":\"https:\/\/www.manaus.am.gov.br\/semcom\/pautas\/prefeitura-de-manaus-amplia-rede-de-pontos-para-descarte-correto-de-residuos-eletroeletronicos\/\",\"name\":\"Prefeitura de Manaus amplia rede de pontos para descarte correto de res\u00edduos eletroeletr\u00f4nicos\",\"isPartOf\":{\"@id\":\"https:\/\/www.manaus.am.gov.br\/semcom\/#website\"},\"primaryImageOfPage\":{\"@id\":\"https:\/\/www.manaus.am.gov.br\/semcom\/pautas\/prefeitura-de-manaus-amplia-rede-de-pontos-para-descarte-correto-de-residuos-eletroeletronicos\/#primaryimage\"},\"image\":{\"@id\":\"https:\/\/www.manaus.am.gov.br\/semcom\/pautas\/prefeitura-de-manaus-amplia-rede-de-pontos-para-descarte-correto-de-residuos-eletroeletronicos\/#primaryimage\"},\"thumbnailUrl\":\"https:\/\/www.manaus.am.gov.br\/semcom\/wp-content\/uploads\/sites\/5\/2023\/02\/sugestaodepauta.png\",\"datePublished\":\"2026-08-31T11:10:00+00:00\",\"dateModified\":\"2026-08-31T18:52:37+00:00\",\"description\":\"A Prefeitura de Manaus, por meio da Secretaria Municipal de Limpeza Urbana (Semulsp), formaliza, na segunda-feira, 31\/8, parceria com a Circular Brain para ampliar a rede de coleta e destina\u00e7\u00e3o ambientalmente correta de res\u00edduos eletroeletr\u00f4nicos na capital. A iniciativa prev\u00ea a implanta\u00e7\u00e3o gradual de 62 Pontos de Entrega Volunt\u00e1ria (PEVs), distribu\u00eddos pelas diferentes zonas da cidade, facilitando o acesso da popula\u00e7\u00e3o ao descarte adequado de equipamentos sem uso.\",\"inLanguage\":\"pt-BR\",\"potentialAction\":[{\"@type\":\"ReadAction\",\"target\":[\"https:\/\/www.manaus.am.gov.br\/semcom\/pautas\/prefeitura-de-manaus-amplia-rede-de-pontos-para-descarte-correto-de-residuos-eletroeletronicos\/\"]}]},{\"@type\":\"ImageObject\",\"inLanguage\":\"pt-BR\",\"@id\":\"https:\/\/www.manaus.am.gov.br\/semcom\/pautas\/prefeitura-de-manaus-amplia-rede-de-pontos-para-descarte-correto-de-residuos-eletroeletronicos\/#primaryimage\",\"url\":\"https:\/\/www.manaus.am.gov.br\/semcom\/wp-content\/uploads\/sites\/5\/2023\/02\/sugestaodepauta.png\",\"contentUrl\":\"https:\/\/www.manaus.am.gov.br\/semcom\/wp-content\/uploads\/sites\/5\/2023\/02\/sugestaodepauta.png\",\"width\":1020,\"height\":540},{\"@type\":\"WebSite\",\"@id\":\"https:\/\/www.manaus.am.gov.br\/semcom\/#website\",\"url\":\"https:\/\/www.manaus.am.gov.br\/semcom\/\",\"name\":\"SEMCOM\",\"description\":\"Secretaria Municipal de Comunica\u00e7\u00e3o\",\"potentialAction\":[{\"@type\":\"SearchAction\",\"target\":{\"@type\":\"EntryPoint\",\"urlTemplate\":\"https:\/\/www.manaus.am.gov.br\/semcom\/?s={search_term_string}\"},\"query-input\":\"required name=search_term_string\"}],\"inLanguage\":\"pt-BR\"}]}<\/script>\n<!-- \/ Yoast SEO plugin. -->","yoast_head_json":{"title":"Prefeitura de Manaus amplia rede de pontos para descarte correto de res\u00edduos eletroeletr\u00f4nicos","description":"A Prefeitura de Manaus, por meio da Secretaria Municipal de Limpeza Urbana (Semulsp), formaliza, na segunda-feira, 31\/8, parceria com a Circular Brain para ampliar a rede de coleta e destina\u00e7\u00e3o ambientalmente correta de res\u00edduos eletroeletr\u00f4nicos na capital. A iniciativa prev\u00ea a implanta\u00e7\u00e3o gradual de 62 Pontos de Entrega Volunt\u00e1ria (PEVs), distribu\u00eddos pelas diferentes zonas da cidade, facilitando o acesso da popula\u00e7\u00e3o ao descarte adequado de equipamentos sem uso.","robots":{"index":"index","follow":"follow","max-snippet":"max-snippet:-1","max-image-preview":"max-image-preview:large","max-video-preview":"max-video-preview:-1"},"canonical":"https:\/\/www.manaus.am.gov.br\/semcom\/pautas\/prefeitura-de-manaus-amplia-rede-de-pontos-para-descarte-correto-de-residuos-eletroeletronicos\/","og_locale":"pt_BR","og_type":"article","og_title":"Prefeitura de Manaus amplia rede de pontos para descarte correto de res\u00edduos eletroeletr\u00f4nicos","og_description":"A Prefeitura de Manaus, por meio da Secretaria Municipal de Limpeza Urbana (Semulsp), formaliza, na segunda-feira, 31\/8, parceria com a Circular Brain para ampliar a rede de coleta e destina\u00e7\u00e3o ambientalmente correta de res\u00edduos eletroeletr\u00f4nicos na capital. A iniciativa prev\u00ea a implanta\u00e7\u00e3o gradual de 62 Pontos de Entrega Volunt\u00e1ria (PEVs), distribu\u00eddos pelas diferentes zonas da cidade, facilitando o acesso da popula\u00e7\u00e3o ao descarte adequado de equipamentos sem uso.","og_url":"https:\/\/www.manaus.am.gov.br\/semcom\/pautas\/prefeitura-de-manaus-amplia-rede-de-pontos-para-descarte-correto-de-residuos-eletroeletronicos\/","og_site_name":"SEMCOM","article_modified_time":"2026-08-31T18:52:37+00:00","og_image":[{"width":1020,"height":540,"url":"https:\/\/www.manaus.am.gov.br\/semcom\/wp-content\/uploads\/sites\/5\/2023\/02\/sugestaodepauta.png","type":"image\/png"}],"twitter_card":"summary_large_image","twitter_misc":{"Est. reading time":"2 minutos"},"schema":{"@context":"https:\/\/schema.org","@graph":[{"@type":"WebPage","@id":"https:\/\/www.manaus.am.gov.br\/semcom\/pautas\/prefeitura-de-manaus-amplia-rede-de-pontos-para-descarte-correto-de-residuos-eletroeletronicos\/","url":"https:\/\/www.manaus.am.gov.br\/semcom\/pautas\/prefeitura-de-manaus-amplia-rede-de-pontos-para-descarte-correto-de-residuos-eletroeletronicos\/","name":"Prefeitura de Manaus amplia rede de pontos para descarte correto de res\u00edduos eletroeletr\u00f4nicos","isPartOf":{"@id":"https:\/\/www.manaus.am.gov.br\/semcom\/#website"},"primaryImageOfPage":{"@id":"https:\/\/www.manaus.am.gov.br\/semcom\/pautas\/prefeitura-de-manaus-amplia-rede-de-pontos-para-descarte-correto-de-residuos-eletroeletronicos\/#primaryimage"},"image":{"@id":"https:\/\/www.manaus.am.gov.br\/semcom\/pautas\/prefeitura-de-manaus-amplia-rede-de-pontos-para-descarte-correto-de-residuos-eletroeletronicos\/#primaryimage"},"thumbnailUrl":"https:\/\/www.manaus.am.gov.br\/semcom\/wp-content\/uploads\/sites\/5\/2023\/02\/sugestaodepauta.png","datePublished":"2026-08-31T11:10:00+00:00","dateModified":"2026-08-31T18:52:37+00:00","description":"A Prefeitura de Manaus, por meio da Secretaria Municipal de Limpeza Urbana (Semulsp), formaliza, na segunda-feira, 31\/8, parceria com a Circular Brain para ampliar a rede de coleta e destina\u00e7\u00e3o ambientalmente correta de res\u00edduos eletroeletr\u00f4nicos na capital. A iniciativa prev\u00ea a implanta\u00e7\u00e3o gradual de 62 Pontos de Entrega Volunt\u00e1ria (PEVs), distribu\u00eddos pelas diferentes zonas da cidade, facilitando o acesso da popula\u00e7\u00e3o ao descarte adequado de equipamentos sem uso.","inLanguage":"pt-BR","potentialAction":[{"@type":"ReadAction","target":["https:\/\/www.manaus.am.gov.br\/semcom\/pautas\/prefeitura-de-manaus-amplia-rede-de-pontos-para-descarte-correto-de-residuos-eletroeletronicos\/"]}]},{"@type":"ImageObject","inLanguage":"pt-BR","@id":"https:\/\/www.manaus.am.gov.br\/semcom\/pautas\/prefeitura-de-manaus-amplia-rede-de-pontos-para-descarte-correto-de-residuos-eletroeletronicos\/#primaryimage","url":"https:\/\/www.manaus.am.gov.br\/semcom\/wp-content\/uploads\/sites\/5\/2023\/02\/sugestaodepauta.png","contentUrl":"https:\/\/www.manaus.am.gov.br\/semcom\/wp-content\/uploads\/sites\/5\/2023\/02\/sugestaodepauta.png","width":1020,"height":540},{"@type":"WebSite","@id":"https:\/\/www.manaus.am.gov.br\/semcom\/#website","url":"https:\/\/www.manaus.am.gov.br\/semcom\/","name":"SEMCOM","description":"Secretaria Municipal de Comunica\u00e7\u00e3o","potentialAction":[{"@type":"SearchAction","target":{"@type":"EntryPoint","urlTemplate":"https:\/\/www.manaus.am.gov.br\/semcom\/?s={search_term_string}"},"query-input":"required name=search_term_string"}],"inLanguage":"pt-BR"}]}},"_links":{"self":[{"href":"https:\/\/www.manaus.am.gov.br\/semcom\/wp-json\/wp\/v2\/pautas\/269121"}],"collection":[{"href":"https:\/\/www.manaus.am.gov.br\/semcom\/wp-json\/wp\/v2\/pautas"}],"about":[{"href":"https:\/\/www.manaus.am.gov.br\/semcom\/wp-json\/wp\/v2\/types\/pautas"}],"wp:featuredmedia":[{"embeddable":true,"href":"https:\/\/www.manaus.am.gov.br\/semcom\/wp-json\/wp\/v2\/media\/208729"}],"wp:attachment":[{"href":"https:\/\/www.manaus.am.gov.br\/semcom\/wp-json\/wp\/v2\/media?parent=269121"}],"wp:term":[{"taxonomy":"category","embeddable":true,"href":"https:\/\/www.manaus.am.gov.br\/semcom\/wp-json\/wp\/v2\/categories?post=269121"}],"curies":[{"name":"wp","href":"https:\/\/api.w.org\/{rel}","templated":true}]}}