{"id":257498,"date":"2026-04-27T20:07:15","date_gmt":"2026-04-27T23:07:15","guid":{"rendered":"https:\/\/www.manaus.am.gov.br\/semcom\/?post_type=pautas&#038;p=257498"},"modified":"2026-04-27T20:07:15","modified_gmt":"2026-04-27T23:07:15","slug":"prefeito-renato-junior-e-ministro-das-comunicacoes-inauguram-ponto-de-inclusao-digital-em-escola-da-zona-rural-de-manaus","status":"publish","type":"pautas","link":"https:\/\/www.manaus.am.gov.br\/semcom\/pautas\/prefeito-renato-junior-e-ministro-das-comunicacoes-inauguram-ponto-de-inclusao-digital-em-escola-da-zona-rural-de-manaus\/","title":{"rendered":"Prefeito Renato Junior e ministro das Comunica\u00e7\u00f5es inauguram ponto de inclus\u00e3o digital em escola da zona rural de Manaus"},"content":{"rendered":"\n<p>O prefeito de Manaus, Renato Junior, e o ministro das Comunica\u00e7\u00f5es, Frederico de Siqueira Filho, inauguram, nesta ter\u00e7a-feira, 28\/4, \u00e0s 12h30, um novo ponto de inclus\u00e3o digital na escola municipal Professora Joana Vieira, localizada no ramal \u00c1gua Branca, na zona rural, com foco na democratiza\u00e7\u00e3o tecnol\u00f3gica e na conectividade nas escolas p\u00fablicas.<\/p>\n\n\n\n<p>Al\u00e9m da inaugura\u00e7\u00e3o, o ministro visitar\u00e1 duas institui\u00e7\u00f5es atendidas pelo programa Estrat\u00e9gia Nacional de Escolas Conectadas (Enec), iniciativa do governo federal, em parceria com o Minist\u00e9rio da Educa\u00e7\u00e3o (MEC), que busca reduzir desigualdades educacionais por meio da conectividade.<\/p>\n\n\n\n<p>\u00c0s 15h, o ministro segue para a escola municipal Monte Horebe, no bairro Puraquequara.<\/p>\n\n\n\n<p>Dados recentes da Enec, apontam que os programas de conectividade executados pela Prefeitura de Manaus j\u00e1 alcan\u00e7aram \u00edndice de 78,2% das escolas com internet adequada \u00e0s demandas educacionais, percentual superior \u00e0 m\u00e9dia nacional, que \u00e9 de 69,7% (dados de fevereiro de 2026). No comparativo regional, Manaus ocupa a segunda coloca\u00e7\u00e3o, ficando atr\u00e1s apenas da regi\u00e3o Sul, com 80,9%.<\/p>\n\n\n\n<p>Em mar\u00e7o deste ano, o programa Escolas Conectadas atingiu a marca de 99 mil institui\u00e7\u00f5es p\u00fablicas de ensino com acesso \u00e0 internet de qualidade, beneficiando cerca de 24 milh\u00f5es de estudantes em todo o pa\u00eds. A iniciativa tamb\u00e9m prev\u00ea apoio \u00e0 aquisi\u00e7\u00e3o e \u00e0 melhoria de equipamentos, garantindo que a conectividade seja plenamente utilizada no processo de ensino e aprendizagem.<\/p>\n\n\n\n<p><strong>Programa<\/strong><\/p>\n\n\n\n<p>A Estrat\u00e9gia Nacional de Escolas Conectadas (Enec) tem como objetivo universalizar a conectividade com fins pedag\u00f3gicos em todas as escolas p\u00fablicas de educa\u00e7\u00e3o b\u00e1sica do Brasil, incluindo suporte \u00e0 aquisi\u00e7\u00e3o e moderniza\u00e7\u00e3o de equipamentos.<\/p>\n\n\n\n<p>Dentro da estrat\u00e9gia, o projeto Aprender Conectado, executado pela Entidade Administradora da Conectividade de Escolas (Eace), levar\u00e1 internet de alta velocidade a cerca de 40 mil escolas da rede p\u00fablica at\u00e9 o final de 2026.<\/p>\n\n\n\n<p><strong>Parceria<\/strong><\/p>\n\n\n\n<p>A execu\u00e7\u00e3o dos recursos destinados \u00e0 conectividade escolar \u00e9 coordenada pelo Minist\u00e9rio das Comunica\u00e7\u00f5es em parceria com a Eace, sob supervis\u00e3o do Grupo de Acompanhamento do Custeio a Projetos de Conectividade de Escolas (Gape).<\/p>\n\n\n\n<p><strong>SERVI\u00c7O<\/strong><\/p>\n\n\n\n<p><strong>O qu\u00ea &#8211; <\/strong>Inaugura\u00e7\u00e3o de ponto de inclus\u00e3o digital e visita \u00e0 escola municipal Professora Joana Vieira<\/p>\n\n\n\n<p><strong>Quando &#8211;<\/strong> Ter\u00e7a-feira, 28\/4<\/p>\n\n\n\n<p><strong>Hor\u00e1rio &#8211;<\/strong> 12h30<\/p>\n\n\n\n<p><strong>Local &#8211;<\/strong> Escola municipal Professora Joana Vieira, localizada no ramal \u00c1gua Branca, n\u00ba 1, quil\u00f4metro 9, zona rural<br><br><strong>Localiza\u00e7\u00e3o<\/strong> &#8211; <a href=\"https:\/\/maps.app.goo.gl\/6GWoUVUZEUhr8Vn67\">https:\/\/maps.app.goo.gl\/6GWoUVUZEUhr8Vn67<\/a><\/p>\n","protected":false},"featured_media":208729,"template":"","categories":[788],"acf":[],"yoast_head":"<!-- This site is optimized with the Yoast SEO plugin v23.0 - https:\/\/yoast.com\/wordpress\/plugins\/seo\/ -->\n<title>Prefeito Renato Junior e ministro das Comunica\u00e7\u00f5es inauguram ponto de inclus\u00e3o digital em escola da zona rural de Manaus<\/title>\n<meta name=\"description\" content=\"O prefeito Renato Junior, e o ministro das Comunica\u00e7\u00f5es, Frederico de Siqueira Filho, inauguram, um novo ponto de inclus\u00e3o digital.\" \/>\n<meta name=\"robots\" content=\"index, follow, max-snippet:-1, max-image-preview:large, max-video-preview:-1\" \/>\n<link rel=\"canonical\" href=\"https:\/\/www.manaus.am.gov.br\/semcom\/pautas\/prefeito-renato-junior-e-ministro-das-comunicacoes-inauguram-ponto-de-inclusao-digital-em-escola-da-zona-rural-de-manaus\/\" \/>\n<meta property=\"og:locale\" content=\"pt_BR\" \/>\n<meta property=\"og:type\" content=\"article\" \/>\n<meta property=\"og:title\" content=\"Prefeito Renato Junior e ministro das Comunica\u00e7\u00f5es inauguram ponto de inclus\u00e3o digital em escola da zona rural de Manaus\" \/>\n<meta property=\"og:description\" content=\"O prefeito Renato Junior, e o ministro das Comunica\u00e7\u00f5es, Frederico de Siqueira Filho, inauguram, um novo ponto de inclus\u00e3o digital.\" \/>\n<meta property=\"og:url\" content=\"https:\/\/www.manaus.am.gov.br\/semcom\/pautas\/prefeito-renato-junior-e-ministro-das-comunicacoes-inauguram-ponto-de-inclusao-digital-em-escola-da-zona-rural-de-manaus\/\" \/>\n<meta property=\"og:site_name\" content=\"SEMCOM\" \/>\n<meta property=\"og:image\" content=\"https:\/\/www.manaus.am.gov.br\/semcom\/wp-content\/uploads\/sites\/5\/2023\/02\/sugestaodepauta.png\" \/>\n\t<meta property=\"og:image:width\" content=\"1020\" \/>\n\t<meta property=\"og:image:height\" content=\"540\" \/>\n\t<meta property=\"og:image:type\" content=\"image\/png\" \/>\n<meta name=\"twitter:card\" content=\"summary_large_image\" \/>\n<meta name=\"twitter:label1\" content=\"Est. reading time\" \/>\n\t<meta name=\"twitter:data1\" content=\"3 minutos\" \/>\n<script type=\"application\/ld+json\" class=\"yoast-schema-graph\">{\"@context\":\"https:\/\/schema.org\",\"@graph\":[{\"@type\":\"WebPage\",\"@id\":\"https:\/\/www.manaus.am.gov.br\/semcom\/pautas\/prefeito-renato-junior-e-ministro-das-comunicacoes-inauguram-ponto-de-inclusao-digital-em-escola-da-zona-rural-de-manaus\/\",\"url\":\"https:\/\/www.manaus.am.gov.br\/semcom\/pautas\/prefeito-renato-junior-e-ministro-das-comunicacoes-inauguram-ponto-de-inclusao-digital-em-escola-da-zona-rural-de-manaus\/\",\"name\":\"Prefeito Renato Junior e ministro das Comunica\u00e7\u00f5es inauguram ponto de inclus\u00e3o digital em escola da zona rural de Manaus\",\"isPartOf\":{\"@id\":\"https:\/\/www.manaus.am.gov.br\/semcom\/#website\"},\"primaryImageOfPage\":{\"@id\":\"https:\/\/www.manaus.am.gov.br\/semcom\/pautas\/prefeito-renato-junior-e-ministro-das-comunicacoes-inauguram-ponto-de-inclusao-digital-em-escola-da-zona-rural-de-manaus\/#primaryimage\"},\"image\":{\"@id\":\"https:\/\/www.manaus.am.gov.br\/semcom\/pautas\/prefeito-renato-junior-e-ministro-das-comunicacoes-inauguram-ponto-de-inclusao-digital-em-escola-da-zona-rural-de-manaus\/#primaryimage\"},\"thumbnailUrl\":\"https:\/\/www.manaus.am.gov.br\/semcom\/wp-content\/uploads\/sites\/5\/2023\/02\/sugestaodepauta.png\",\"datePublished\":\"2026-04-27T23:07:15+00:00\",\"dateModified\":\"2026-04-27T23:07:15+00:00\",\"description\":\"O prefeito Renato Junior, e o ministro das Comunica\u00e7\u00f5es, Frederico de Siqueira Filho, inauguram, um novo ponto de inclus\u00e3o digital.\",\"inLanguage\":\"pt-BR\",\"potentialAction\":[{\"@type\":\"ReadAction\",\"target\":[\"https:\/\/www.manaus.am.gov.br\/semcom\/pautas\/prefeito-renato-junior-e-ministro-das-comunicacoes-inauguram-ponto-de-inclusao-digital-em-escola-da-zona-rural-de-manaus\/\"]}]},{\"@type\":\"ImageObject\",\"inLanguage\":\"pt-BR\",\"@id\":\"https:\/\/www.manaus.am.gov.br\/semcom\/pautas\/prefeito-renato-junior-e-ministro-das-comunicacoes-inauguram-ponto-de-inclusao-digital-em-escola-da-zona-rural-de-manaus\/#primaryimage\",\"url\":\"https:\/\/www.manaus.am.gov.br\/semcom\/wp-content\/uploads\/sites\/5\/2023\/02\/sugestaodepauta.png\",\"contentUrl\":\"https:\/\/www.manaus.am.gov.br\/semcom\/wp-content\/uploads\/sites\/5\/2023\/02\/sugestaodepauta.png\",\"width\":1020,\"height\":540},{\"@type\":\"WebSite\",\"@id\":\"https:\/\/www.manaus.am.gov.br\/semcom\/#website\",\"url\":\"https:\/\/www.manaus.am.gov.br\/semcom\/\",\"name\":\"SEMCOM\",\"description\":\"Secretaria Municipal de Comunica\u00e7\u00e3o\",\"potentialAction\":[{\"@type\":\"SearchAction\",\"target\":{\"@type\":\"EntryPoint\",\"urlTemplate\":\"https:\/\/www.manaus.am.gov.br\/semcom\/?s={search_term_string}\"},\"query-input\":\"required name=search_term_string\"}],\"inLanguage\":\"pt-BR\"}]}<\/script>\n<!-- \/ Yoast SEO plugin. -->","yoast_head_json":{"title":"Prefeito Renato Junior e ministro das Comunica\u00e7\u00f5es inauguram ponto de inclus\u00e3o digital em escola da zona rural de Manaus","description":"O prefeito Renato Junior, e o ministro das Comunica\u00e7\u00f5es, Frederico de Siqueira Filho, inauguram, um novo ponto de inclus\u00e3o digital.","robots":{"index":"index","follow":"follow","max-snippet":"max-snippet:-1","max-image-preview":"max-image-preview:large","max-video-preview":"max-video-preview:-1"},"canonical":"https:\/\/www.manaus.am.gov.br\/semcom\/pautas\/prefeito-renato-junior-e-ministro-das-comunicacoes-inauguram-ponto-de-inclusao-digital-em-escola-da-zona-rural-de-manaus\/","og_locale":"pt_BR","og_type":"article","og_title":"Prefeito Renato Junior e ministro das Comunica\u00e7\u00f5es inauguram ponto de inclus\u00e3o digital em escola da zona rural de Manaus","og_description":"O prefeito Renato Junior, e o ministro das Comunica\u00e7\u00f5es, Frederico de Siqueira Filho, inauguram, um novo ponto de inclus\u00e3o digital.","og_url":"https:\/\/www.manaus.am.gov.br\/semcom\/pautas\/prefeito-renato-junior-e-ministro-das-comunicacoes-inauguram-ponto-de-inclusao-digital-em-escola-da-zona-rural-de-manaus\/","og_site_name":"SEMCOM","og_image":[{"width":1020,"height":540,"url":"https:\/\/www.manaus.am.gov.br\/semcom\/wp-content\/uploads\/sites\/5\/2023\/02\/sugestaodepauta.png","type":"image\/png"}],"twitter_card":"summary_large_image","twitter_misc":{"Est. reading time":"3 minutos"},"schema":{"@context":"https:\/\/schema.org","@graph":[{"@type":"WebPage","@id":"https:\/\/www.manaus.am.gov.br\/semcom\/pautas\/prefeito-renato-junior-e-ministro-das-comunicacoes-inauguram-ponto-de-inclusao-digital-em-escola-da-zona-rural-de-manaus\/","url":"https:\/\/www.manaus.am.gov.br\/semcom\/pautas\/prefeito-renato-junior-e-ministro-das-comunicacoes-inauguram-ponto-de-inclusao-digital-em-escola-da-zona-rural-de-manaus\/","name":"Prefeito Renato Junior e ministro das Comunica\u00e7\u00f5es inauguram ponto de inclus\u00e3o digital em escola da zona rural de Manaus","isPartOf":{"@id":"https:\/\/www.manaus.am.gov.br\/semcom\/#website"},"primaryImageOfPage":{"@id":"https:\/\/www.manaus.am.gov.br\/semcom\/pautas\/prefeito-renato-junior-e-ministro-das-comunicacoes-inauguram-ponto-de-inclusao-digital-em-escola-da-zona-rural-de-manaus\/#primaryimage"},"image":{"@id":"https:\/\/www.manaus.am.gov.br\/semcom\/pautas\/prefeito-renato-junior-e-ministro-das-comunicacoes-inauguram-ponto-de-inclusao-digital-em-escola-da-zona-rural-de-manaus\/#primaryimage"},"thumbnailUrl":"https:\/\/www.manaus.am.gov.br\/semcom\/wp-content\/uploads\/sites\/5\/2023\/02\/sugestaodepauta.png","datePublished":"2026-04-27T23:07:15+00:00","dateModified":"2026-04-27T23:07:15+00:00","description":"O prefeito Renato Junior, e o ministro das Comunica\u00e7\u00f5es, Frederico de Siqueira Filho, inauguram, um novo ponto de inclus\u00e3o digital.","inLanguage":"pt-BR","potentialAction":[{"@type":"ReadAction","target":["https:\/\/www.manaus.am.gov.br\/semcom\/pautas\/prefeito-renato-junior-e-ministro-das-comunicacoes-inauguram-ponto-de-inclusao-digital-em-escola-da-zona-rural-de-manaus\/"]}]},{"@type":"ImageObject","inLanguage":"pt-BR","@id":"https:\/\/www.manaus.am.gov.br\/semcom\/pautas\/prefeito-renato-junior-e-ministro-das-comunicacoes-inauguram-ponto-de-inclusao-digital-em-escola-da-zona-rural-de-manaus\/#primaryimage","url":"https:\/\/www.manaus.am.gov.br\/semcom\/wp-content\/uploads\/sites\/5\/2023\/02\/sugestaodepauta.png","contentUrl":"https:\/\/www.manaus.am.gov.br\/semcom\/wp-content\/uploads\/sites\/5\/2023\/02\/sugestaodepauta.png","width":1020,"height":540},{"@type":"WebSite","@id":"https:\/\/www.manaus.am.gov.br\/semcom\/#website","url":"https:\/\/www.manaus.am.gov.br\/semcom\/","name":"SEMCOM","description":"Secretaria Municipal de Comunica\u00e7\u00e3o","potentialAction":[{"@type":"SearchAction","target":{"@type":"EntryPoint","urlTemplate":"https:\/\/www.manaus.am.gov.br\/semcom\/?s={search_term_string}"},"query-input":"required name=search_term_string"}],"inLanguage":"pt-BR"}]}},"_links":{"self":[{"href":"https:\/\/www.manaus.am.gov.br\/semcom\/wp-json\/wp\/v2\/pautas\/257498"}],"collection":[{"href":"https:\/\/www.manaus.am.gov.br\/semcom\/wp-json\/wp\/v2\/pautas"}],"about":[{"href":"https:\/\/www.manaus.am.gov.br\/semcom\/wp-json\/wp\/v2\/types\/pautas"}],"wp:featuredmedia":[{"embeddable":true,"href":"https:\/\/www.manaus.am.gov.br\/semcom\/wp-json\/wp\/v2\/media\/208729"}],"wp:attachment":[{"href":"https:\/\/www.manaus.am.gov.br\/semcom\/wp-json\/wp\/v2\/media?parent=257498"}],"wp:term":[{"taxonomy":"category","embeddable":true,"href":"https:\/\/www.manaus.am.gov.br\/semcom\/wp-json\/wp\/v2\/categories?post=257498"}],"curies":[{"name":"wp","href":"https:\/\/api.w.org\/{rel}","templated":true}]}}