{"id":254805,"date":"2026-03-17T13:27:59","date_gmt":"2026-03-17T16:27:59","guid":{"rendered":"https:\/\/www.manaus.am.gov.br\/semcom\/?post_type=pautas&#038;p=254805"},"modified":"2026-03-17T13:28:00","modified_gmt":"2026-03-17T16:28:00","slug":"assinatura-decreto-regulamentacao-programa-manaus-sustentavel","status":"publish","type":"pautas","link":"https:\/\/www.manaus.am.gov.br\/semcom\/pautas\/assinatura-decreto-regulamentacao-programa-manaus-sustentavel\/","title":{"rendered":"Prefeito David Almeida assina decreto de regulamenta\u00e7\u00e3o do \u2018Programa Manaus Sustent\u00e1vel\u2019"},"content":{"rendered":"\n<p>O prefeito de Manaus, David Almeida, assina nesta quarta-feira, 18\/3, \u00e0s 9h, o Decreto do Programa Manaus Sustent\u00e1vel, que regulamenta a lei de incentivos e caminhos que posicionam a cidade como refer\u00eancia nacional em constru\u00e7\u00f5es sustent\u00e1veis. O ato acontece no audit\u00f3rio do mirante L\u00facia Almeida, na avenida 7 de Setembro, Centro, zona Sul, reunindo representantes do setor p\u00fablico, investidores, construtores e especialistas.<\/p>\n\n\n\n<p>O evento ser\u00e1 apresentado pelo prefeito David Almeida, ao lado do diretor-presidente do Instituto Municipal de Planejamento Urbano (Implurb), Carlos Valente, com participa\u00e7\u00e3o de representantes da International Finance Corporation, institui\u00e7\u00e3o ligada ao World Bank Group, do Conselho Municipal de Gest\u00e3o Estrat\u00e9gica (CMGE), da Secretaria Municipal de Meio Ambiente e Sustentabilidade (Semmas) e convidados.<\/p>\n\n\n\n<p>O programa \u00e9 fruto de parceria entre a Prefeitura de Manaus, a IFC e o Banco Internacional de Reconstru\u00e7\u00e3o e Desenvolvimento, criando um ambiente regulat\u00f3rio moderno com incentivos urban\u00edsticos, fiscais e administrativos para empreendimentos sustent\u00e1veis, conectando planejamento urbano, inova\u00e7\u00e3o e desenvolvimento econ\u00f4mico na capital amazonense.<\/p>\n\n\n\n<p>A legisla\u00e7\u00e3o municipal, pioneira no Brasil, estabelece incentivos urban\u00edsticos, fiscais e administrativos para empreendimentos que adotem certifica\u00e7\u00f5es ambientais reconhecidas internacionalmente, como EDGE, LEED, AQUA-HQE, BREEAM e o Selo Casa Azul.<\/p>\n\n\n\n<p><strong>SERVI\u00c7O<\/strong><\/p>\n\n\n\n<p><strong>O qu\u00ea<\/strong> \u2013 Assinatura do decreto do Programa Manaus Sustent\u00e1vel<\/p>\n\n\n\n<p><strong>Quando<\/strong> \u2013 Quarta-feira, 18\/3<\/p>\n\n\n\n<p><strong>Hor\u00e1rio<\/strong> \u2013 9h<\/p>\n\n\n\n<p><strong>Local<\/strong> &#8211; Audit\u00f3rio do mirante L\u00facia Almeida, na avenida 7 de Setembro, Centro, zona Sul<\/p>\n\n\n\n<p><strong>Localiza\u00e7\u00e3o &#8211; <\/strong><a href=\"https:\/\/maps.app.goo.gl\/ywKxHrUTKFhh5uCk8\">https:\/\/maps.app.goo.gl\/ywKxHrUTKFhh5uCk8<\/a><\/p>\n","protected":false},"featured_media":208729,"template":"","categories":[793],"acf":[],"yoast_head":"<!-- This site is optimized with the Yoast SEO plugin v23.0 - https:\/\/yoast.com\/wordpress\/plugins\/seo\/ -->\n<title>Prefeito assina decreto de regulamenta\u00e7\u00e3o do \u2018Programa Manaus Sustent\u00e1vel\u2019<\/title>\n<meta name=\"description\" content=\"Prefeito David Almeida assina, nesta quarta-feira, 18\/3, o decreto de regulamenta\u00e7\u00e3o do \u2018Programa Manaus Sustent\u00e1vel\u2019.\" \/>\n<meta name=\"robots\" content=\"index, follow, max-snippet:-1, max-image-preview:large, max-video-preview:-1\" \/>\n<link rel=\"canonical\" href=\"https:\/\/www.manaus.am.gov.br\/semcom\/pautas\/assinatura-decreto-regulamentacao-programa-manaus-sustentavel\/\" \/>\n<meta property=\"og:locale\" content=\"pt_BR\" \/>\n<meta property=\"og:type\" content=\"article\" \/>\n<meta property=\"og:title\" content=\"Prefeito assina decreto de regulamenta\u00e7\u00e3o do \u2018Programa Manaus Sustent\u00e1vel\u2019\" \/>\n<meta property=\"og:description\" content=\"Prefeito David Almeida assina, nesta quarta-feira, 18\/3, o decreto de regulamenta\u00e7\u00e3o do \u2018Programa Manaus Sustent\u00e1vel\u2019.\" \/>\n<meta property=\"og:url\" content=\"https:\/\/www.manaus.am.gov.br\/semcom\/pautas\/assinatura-decreto-regulamentacao-programa-manaus-sustentavel\/\" \/>\n<meta property=\"og:site_name\" content=\"SEMCOM\" \/>\n<meta property=\"article:modified_time\" content=\"2026-03-17T16:28:00+00:00\" \/>\n<meta property=\"og:image\" content=\"https:\/\/www.manaus.am.gov.br\/semcom\/wp-content\/uploads\/sites\/5\/2023\/02\/sugestaodepauta.png\" \/>\n\t<meta property=\"og:image:width\" content=\"1020\" \/>\n\t<meta property=\"og:image:height\" content=\"540\" \/>\n\t<meta property=\"og:image:type\" content=\"image\/png\" \/>\n<meta name=\"twitter:card\" content=\"summary_large_image\" \/>\n<meta name=\"twitter:label1\" content=\"Est. reading time\" \/>\n\t<meta name=\"twitter:data1\" content=\"2 minutos\" \/>\n<script type=\"application\/ld+json\" class=\"yoast-schema-graph\">{\"@context\":\"https:\/\/schema.org\",\"@graph\":[{\"@type\":\"WebPage\",\"@id\":\"https:\/\/www.manaus.am.gov.br\/semcom\/pautas\/assinatura-decreto-regulamentacao-programa-manaus-sustentavel\/\",\"url\":\"https:\/\/www.manaus.am.gov.br\/semcom\/pautas\/assinatura-decreto-regulamentacao-programa-manaus-sustentavel\/\",\"name\":\"Prefeito assina decreto de regulamenta\u00e7\u00e3o do \u2018Programa Manaus Sustent\u00e1vel\u2019\",\"isPartOf\":{\"@id\":\"https:\/\/www.manaus.am.gov.br\/semcom\/#website\"},\"primaryImageOfPage\":{\"@id\":\"https:\/\/www.manaus.am.gov.br\/semcom\/pautas\/assinatura-decreto-regulamentacao-programa-manaus-sustentavel\/#primaryimage\"},\"image\":{\"@id\":\"https:\/\/www.manaus.am.gov.br\/semcom\/pautas\/assinatura-decreto-regulamentacao-programa-manaus-sustentavel\/#primaryimage\"},\"thumbnailUrl\":\"https:\/\/www.manaus.am.gov.br\/semcom\/wp-content\/uploads\/sites\/5\/2023\/02\/sugestaodepauta.png\",\"datePublished\":\"2026-03-17T16:27:59+00:00\",\"dateModified\":\"2026-03-17T16:28:00+00:00\",\"description\":\"Prefeito David Almeida assina, nesta quarta-feira, 18\/3, o decreto de regulamenta\u00e7\u00e3o do \u2018Programa Manaus Sustent\u00e1vel\u2019.\",\"inLanguage\":\"pt-BR\",\"potentialAction\":[{\"@type\":\"ReadAction\",\"target\":[\"https:\/\/www.manaus.am.gov.br\/semcom\/pautas\/assinatura-decreto-regulamentacao-programa-manaus-sustentavel\/\"]}]},{\"@type\":\"ImageObject\",\"inLanguage\":\"pt-BR\",\"@id\":\"https:\/\/www.manaus.am.gov.br\/semcom\/pautas\/assinatura-decreto-regulamentacao-programa-manaus-sustentavel\/#primaryimage\",\"url\":\"https:\/\/www.manaus.am.gov.br\/semcom\/wp-content\/uploads\/sites\/5\/2023\/02\/sugestaodepauta.png\",\"contentUrl\":\"https:\/\/www.manaus.am.gov.br\/semcom\/wp-content\/uploads\/sites\/5\/2023\/02\/sugestaodepauta.png\",\"width\":1020,\"height\":540},{\"@type\":\"WebSite\",\"@id\":\"https:\/\/www.manaus.am.gov.br\/semcom\/#website\",\"url\":\"https:\/\/www.manaus.am.gov.br\/semcom\/\",\"name\":\"SEMCOM\",\"description\":\"Secretaria Municipal de Comunica\u00e7\u00e3o\",\"potentialAction\":[{\"@type\":\"SearchAction\",\"target\":{\"@type\":\"EntryPoint\",\"urlTemplate\":\"https:\/\/www.manaus.am.gov.br\/semcom\/?s={search_term_string}\"},\"query-input\":\"required name=search_term_string\"}],\"inLanguage\":\"pt-BR\"}]}<\/script>\n<!-- \/ Yoast SEO plugin. -->","yoast_head_json":{"title":"Prefeito assina decreto de regulamenta\u00e7\u00e3o do \u2018Programa Manaus Sustent\u00e1vel\u2019","description":"Prefeito David Almeida assina, nesta quarta-feira, 18\/3, o decreto de regulamenta\u00e7\u00e3o do \u2018Programa Manaus Sustent\u00e1vel\u2019.","robots":{"index":"index","follow":"follow","max-snippet":"max-snippet:-1","max-image-preview":"max-image-preview:large","max-video-preview":"max-video-preview:-1"},"canonical":"https:\/\/www.manaus.am.gov.br\/semcom\/pautas\/assinatura-decreto-regulamentacao-programa-manaus-sustentavel\/","og_locale":"pt_BR","og_type":"article","og_title":"Prefeito assina decreto de regulamenta\u00e7\u00e3o do \u2018Programa Manaus Sustent\u00e1vel\u2019","og_description":"Prefeito David Almeida assina, nesta quarta-feira, 18\/3, o decreto de regulamenta\u00e7\u00e3o do \u2018Programa Manaus Sustent\u00e1vel\u2019.","og_url":"https:\/\/www.manaus.am.gov.br\/semcom\/pautas\/assinatura-decreto-regulamentacao-programa-manaus-sustentavel\/","og_site_name":"SEMCOM","article_modified_time":"2026-03-17T16:28:00+00:00","og_image":[{"width":1020,"height":540,"url":"https:\/\/www.manaus.am.gov.br\/semcom\/wp-content\/uploads\/sites\/5\/2023\/02\/sugestaodepauta.png","type":"image\/png"}],"twitter_card":"summary_large_image","twitter_misc":{"Est. reading time":"2 minutos"},"schema":{"@context":"https:\/\/schema.org","@graph":[{"@type":"WebPage","@id":"https:\/\/www.manaus.am.gov.br\/semcom\/pautas\/assinatura-decreto-regulamentacao-programa-manaus-sustentavel\/","url":"https:\/\/www.manaus.am.gov.br\/semcom\/pautas\/assinatura-decreto-regulamentacao-programa-manaus-sustentavel\/","name":"Prefeito assina decreto de regulamenta\u00e7\u00e3o do \u2018Programa Manaus Sustent\u00e1vel\u2019","isPartOf":{"@id":"https:\/\/www.manaus.am.gov.br\/semcom\/#website"},"primaryImageOfPage":{"@id":"https:\/\/www.manaus.am.gov.br\/semcom\/pautas\/assinatura-decreto-regulamentacao-programa-manaus-sustentavel\/#primaryimage"},"image":{"@id":"https:\/\/www.manaus.am.gov.br\/semcom\/pautas\/assinatura-decreto-regulamentacao-programa-manaus-sustentavel\/#primaryimage"},"thumbnailUrl":"https:\/\/www.manaus.am.gov.br\/semcom\/wp-content\/uploads\/sites\/5\/2023\/02\/sugestaodepauta.png","datePublished":"2026-03-17T16:27:59+00:00","dateModified":"2026-03-17T16:28:00+00:00","description":"Prefeito David Almeida assina, nesta quarta-feira, 18\/3, o decreto de regulamenta\u00e7\u00e3o do \u2018Programa Manaus Sustent\u00e1vel\u2019.","inLanguage":"pt-BR","potentialAction":[{"@type":"ReadAction","target":["https:\/\/www.manaus.am.gov.br\/semcom\/pautas\/assinatura-decreto-regulamentacao-programa-manaus-sustentavel\/"]}]},{"@type":"ImageObject","inLanguage":"pt-BR","@id":"https:\/\/www.manaus.am.gov.br\/semcom\/pautas\/assinatura-decreto-regulamentacao-programa-manaus-sustentavel\/#primaryimage","url":"https:\/\/www.manaus.am.gov.br\/semcom\/wp-content\/uploads\/sites\/5\/2023\/02\/sugestaodepauta.png","contentUrl":"https:\/\/www.manaus.am.gov.br\/semcom\/wp-content\/uploads\/sites\/5\/2023\/02\/sugestaodepauta.png","width":1020,"height":540},{"@type":"WebSite","@id":"https:\/\/www.manaus.am.gov.br\/semcom\/#website","url":"https:\/\/www.manaus.am.gov.br\/semcom\/","name":"SEMCOM","description":"Secretaria Municipal de Comunica\u00e7\u00e3o","potentialAction":[{"@type":"SearchAction","target":{"@type":"EntryPoint","urlTemplate":"https:\/\/www.manaus.am.gov.br\/semcom\/?s={search_term_string}"},"query-input":"required name=search_term_string"}],"inLanguage":"pt-BR"}]}},"_links":{"self":[{"href":"https:\/\/www.manaus.am.gov.br\/semcom\/wp-json\/wp\/v2\/pautas\/254805"}],"collection":[{"href":"https:\/\/www.manaus.am.gov.br\/semcom\/wp-json\/wp\/v2\/pautas"}],"about":[{"href":"https:\/\/www.manaus.am.gov.br\/semcom\/wp-json\/wp\/v2\/types\/pautas"}],"wp:featuredmedia":[{"embeddable":true,"href":"https:\/\/www.manaus.am.gov.br\/semcom\/wp-json\/wp\/v2\/media\/208729"}],"wp:attachment":[{"href":"https:\/\/www.manaus.am.gov.br\/semcom\/wp-json\/wp\/v2\/media?parent=254805"}],"wp:term":[{"taxonomy":"category","embeddable":true,"href":"https:\/\/www.manaus.am.gov.br\/semcom\/wp-json\/wp\/v2\/categories?post=254805"}],"curies":[{"name":"wp","href":"https:\/\/api.w.org\/{rel}","templated":true}]}}