{"id":254711,"date":"2026-03-15T13:05:59","date_gmt":"2026-03-15T16:05:59","guid":{"rendered":"https:\/\/www.manaus.am.gov.br\/semcom\/?post_type=pautas&#038;p=254711"},"modified":"2026-03-15T13:06:00","modified_gmt":"2026-03-15T16:06:00","slug":"ubs-movel-david-almeida","status":"publish","type":"pautas","link":"https:\/\/www.manaus.am.gov.br\/semcom\/pautas\/ubs-movel-david-almeida\/","title":{"rendered":"David Almeida entrega UBS M\u00f3vel e amplia servi\u00e7os de aten\u00e7\u00e3o b\u00e1sica para \u00e1reas vulner\u00e1veis"},"content":{"rendered":"\n<p>O prefeito de Manaus, David Almeida, entrega, na segunda-feira, 16\/3, \u00e0s 10h, uma Unidade B\u00e1sica de Sa\u00fade (UBS) M\u00f3vel, ampliando os servi\u00e7os de sa\u00fade itinerante j\u00e1 realizados pela Secretaria Municipal de Sa\u00fade (Semsa), que opera com cinco Unidades M\u00f3veis de Sa\u00fade da Mulher.<\/p>\n\n\n\n<p>Equipada com dois consult\u00f3rios, salas de imuniza\u00e7\u00e3o e dispensa\u00e7\u00e3o de medicamentos, sala de espera e ambientes administrativos, a nova estrutura vai oferecer servi\u00e7os de Aten\u00e7\u00e3o Prim\u00e1ria \u00e0 Sa\u00fade, como consultas m\u00e9dicas e de enfermagem, vacina\u00e7\u00e3o, coleta para exames laboratoriais, pr\u00e9-natal, acompanhamento e controle de hipertens\u00e3o e diabetes, testes r\u00e1pidos e aten\u00e7\u00e3o integral \u00e0 sa\u00fade da crian\u00e7a, do adolescente, do adulto e do idoso.<\/p>\n\n\n\n<p>Com capacidade para realizar at\u00e9 2.400 procedimentos por m\u00eas, a UBS M\u00f3vel vai funcionar de segunda a sexta-feira, das 7h \u00e0s 17h, visando assegurar atendimento mais pr\u00f3ximo e resolutivo, especialmente \u00e0s pessoas que residem em \u00e1reas de maior vulnerabilidade e dificuldade de acesso \u00e0s unidades fixas.<\/p>\n\n\n\n<p>A primeira \u00e1rea a ser atendida com os servi\u00e7os da unidade m\u00f3vel ser\u00e1 a Col\u00f4nia Oliveira Machado, na zona Sul. A estrutura estar\u00e1 montada na rua 13 de Maio, recebendo os usu\u00e1rios, inicialmente sem necessidade de agendamento pr\u00e9vio e, posteriormente, com demanda espont\u00e2nea e programada.<\/p>\n\n\n\n<p><strong>SERVI\u00c7O<\/strong><\/p>\n\n\n\n<p><strong>O qu\u00ea <\/strong>\u2013 Entrega da Unidade B\u00e1sica de Sa\u00fade (UBS) M\u00f3vel<\/p>\n\n\n\n<p><strong>Quando<\/strong> \u2013 Segunda-feira, 16\/\u200b3<\/p>\n\n\n\n<p><strong>Hor\u00e1rio<\/strong> \u2013 10h<\/p>\n\n\n\n<p><strong>Local<\/strong> \u2013 Rua 13 de Maio, Col\u00f4nia Oliveira Machado, na zona Sul.<\/p>\n\n\n\n<p><strong>Localizador<\/strong> &#8211;&nbsp; <a href=\"https:\/\/bit.ly\/4bG3EtQ\" target=\"_blank\" rel=\"noreferrer noopener\">https:\/\/bit.ly\/4bG3EtQ<\/a><\/p>\n","protected":false},"featured_media":208729,"template":"","categories":[42],"acf":[],"yoast_head":"<!-- This site is optimized with the Yoast SEO plugin v23.0 - https:\/\/yoast.com\/wordpress\/plugins\/seo\/ -->\n<title>David Almeida entrega UBS M\u00f3vel e amplia servi\u00e7os<\/title>\n<meta name=\"description\" content=\"O prefeito de Manaus, David Almeida, entrega, na segunda-feira, 16\/3, \u00e0s 10h, uma Unidade B\u00e1sica de Sa\u00fade (UBS) M\u00f3vel\" \/>\n<meta name=\"robots\" content=\"index, follow, max-snippet:-1, max-image-preview:large, max-video-preview:-1\" \/>\n<link rel=\"canonical\" href=\"https:\/\/www.manaus.am.gov.br\/semcom\/pautas\/ubs-movel-david-almeida\/\" \/>\n<meta property=\"og:locale\" content=\"pt_BR\" \/>\n<meta property=\"og:type\" content=\"article\" \/>\n<meta property=\"og:title\" content=\"David Almeida entrega UBS M\u00f3vel e amplia servi\u00e7os\" \/>\n<meta property=\"og:description\" content=\"O prefeito de Manaus, David Almeida, entrega, na segunda-feira, 16\/3, \u00e0s 10h, uma Unidade B\u00e1sica de Sa\u00fade (UBS) M\u00f3vel\" \/>\n<meta property=\"og:url\" content=\"https:\/\/www.manaus.am.gov.br\/semcom\/pautas\/ubs-movel-david-almeida\/\" \/>\n<meta property=\"og:site_name\" content=\"SEMCOM\" \/>\n<meta property=\"article:modified_time\" content=\"2026-03-15T16:06:00+00:00\" \/>\n<meta property=\"og:image\" content=\"https:\/\/www.manaus.am.gov.br\/semcom\/wp-content\/uploads\/sites\/5\/2023\/02\/sugestaodepauta.png\" \/>\n\t<meta property=\"og:image:width\" content=\"1020\" \/>\n\t<meta property=\"og:image:height\" content=\"540\" \/>\n\t<meta property=\"og:image:type\" content=\"image\/png\" \/>\n<meta name=\"twitter:card\" content=\"summary_large_image\" \/>\n<meta name=\"twitter:label1\" content=\"Est. reading time\" \/>\n\t<meta name=\"twitter:data1\" content=\"2 minutos\" \/>\n<script type=\"application\/ld+json\" class=\"yoast-schema-graph\">{\"@context\":\"https:\/\/schema.org\",\"@graph\":[{\"@type\":\"WebPage\",\"@id\":\"https:\/\/www.manaus.am.gov.br\/semcom\/pautas\/ubs-movel-david-almeida\/\",\"url\":\"https:\/\/www.manaus.am.gov.br\/semcom\/pautas\/ubs-movel-david-almeida\/\",\"name\":\"David Almeida entrega UBS M\u00f3vel e amplia servi\u00e7os\",\"isPartOf\":{\"@id\":\"https:\/\/www.manaus.am.gov.br\/semcom\/#website\"},\"primaryImageOfPage\":{\"@id\":\"https:\/\/www.manaus.am.gov.br\/semcom\/pautas\/ubs-movel-david-almeida\/#primaryimage\"},\"image\":{\"@id\":\"https:\/\/www.manaus.am.gov.br\/semcom\/pautas\/ubs-movel-david-almeida\/#primaryimage\"},\"thumbnailUrl\":\"https:\/\/www.manaus.am.gov.br\/semcom\/wp-content\/uploads\/sites\/5\/2023\/02\/sugestaodepauta.png\",\"datePublished\":\"2026-03-15T16:05:59+00:00\",\"dateModified\":\"2026-03-15T16:06:00+00:00\",\"description\":\"O prefeito de Manaus, David Almeida, entrega, na segunda-feira, 16\/3, \u00e0s 10h, uma Unidade B\u00e1sica de Sa\u00fade (UBS) M\u00f3vel\",\"inLanguage\":\"pt-BR\",\"potentialAction\":[{\"@type\":\"ReadAction\",\"target\":[\"https:\/\/www.manaus.am.gov.br\/semcom\/pautas\/ubs-movel-david-almeida\/\"]}]},{\"@type\":\"ImageObject\",\"inLanguage\":\"pt-BR\",\"@id\":\"https:\/\/www.manaus.am.gov.br\/semcom\/pautas\/ubs-movel-david-almeida\/#primaryimage\",\"url\":\"https:\/\/www.manaus.am.gov.br\/semcom\/wp-content\/uploads\/sites\/5\/2023\/02\/sugestaodepauta.png\",\"contentUrl\":\"https:\/\/www.manaus.am.gov.br\/semcom\/wp-content\/uploads\/sites\/5\/2023\/02\/sugestaodepauta.png\",\"width\":1020,\"height\":540},{\"@type\":\"WebSite\",\"@id\":\"https:\/\/www.manaus.am.gov.br\/semcom\/#website\",\"url\":\"https:\/\/www.manaus.am.gov.br\/semcom\/\",\"name\":\"SEMCOM\",\"description\":\"Secretaria Municipal de Comunica\u00e7\u00e3o\",\"potentialAction\":[{\"@type\":\"SearchAction\",\"target\":{\"@type\":\"EntryPoint\",\"urlTemplate\":\"https:\/\/www.manaus.am.gov.br\/semcom\/?s={search_term_string}\"},\"query-input\":\"required name=search_term_string\"}],\"inLanguage\":\"pt-BR\"}]}<\/script>\n<!-- \/ Yoast SEO plugin. -->","yoast_head_json":{"title":"David Almeida entrega UBS M\u00f3vel e amplia servi\u00e7os","description":"O prefeito de Manaus, David Almeida, entrega, na segunda-feira, 16\/3, \u00e0s 10h, uma Unidade B\u00e1sica de Sa\u00fade (UBS) M\u00f3vel","robots":{"index":"index","follow":"follow","max-snippet":"max-snippet:-1","max-image-preview":"max-image-preview:large","max-video-preview":"max-video-preview:-1"},"canonical":"https:\/\/www.manaus.am.gov.br\/semcom\/pautas\/ubs-movel-david-almeida\/","og_locale":"pt_BR","og_type":"article","og_title":"David Almeida entrega UBS M\u00f3vel e amplia servi\u00e7os","og_description":"O prefeito de Manaus, David Almeida, entrega, na segunda-feira, 16\/3, \u00e0s 10h, uma Unidade B\u00e1sica de Sa\u00fade (UBS) M\u00f3vel","og_url":"https:\/\/www.manaus.am.gov.br\/semcom\/pautas\/ubs-movel-david-almeida\/","og_site_name":"SEMCOM","article_modified_time":"2026-03-15T16:06:00+00:00","og_image":[{"width":1020,"height":540,"url":"https:\/\/www.manaus.am.gov.br\/semcom\/wp-content\/uploads\/sites\/5\/2023\/02\/sugestaodepauta.png","type":"image\/png"}],"twitter_card":"summary_large_image","twitter_misc":{"Est. reading time":"2 minutos"},"schema":{"@context":"https:\/\/schema.org","@graph":[{"@type":"WebPage","@id":"https:\/\/www.manaus.am.gov.br\/semcom\/pautas\/ubs-movel-david-almeida\/","url":"https:\/\/www.manaus.am.gov.br\/semcom\/pautas\/ubs-movel-david-almeida\/","name":"David Almeida entrega UBS M\u00f3vel e amplia servi\u00e7os","isPartOf":{"@id":"https:\/\/www.manaus.am.gov.br\/semcom\/#website"},"primaryImageOfPage":{"@id":"https:\/\/www.manaus.am.gov.br\/semcom\/pautas\/ubs-movel-david-almeida\/#primaryimage"},"image":{"@id":"https:\/\/www.manaus.am.gov.br\/semcom\/pautas\/ubs-movel-david-almeida\/#primaryimage"},"thumbnailUrl":"https:\/\/www.manaus.am.gov.br\/semcom\/wp-content\/uploads\/sites\/5\/2023\/02\/sugestaodepauta.png","datePublished":"2026-03-15T16:05:59+00:00","dateModified":"2026-03-15T16:06:00+00:00","description":"O prefeito de Manaus, David Almeida, entrega, na segunda-feira, 16\/3, \u00e0s 10h, uma Unidade B\u00e1sica de Sa\u00fade (UBS) M\u00f3vel","inLanguage":"pt-BR","potentialAction":[{"@type":"ReadAction","target":["https:\/\/www.manaus.am.gov.br\/semcom\/pautas\/ubs-movel-david-almeida\/"]}]},{"@type":"ImageObject","inLanguage":"pt-BR","@id":"https:\/\/www.manaus.am.gov.br\/semcom\/pautas\/ubs-movel-david-almeida\/#primaryimage","url":"https:\/\/www.manaus.am.gov.br\/semcom\/wp-content\/uploads\/sites\/5\/2023\/02\/sugestaodepauta.png","contentUrl":"https:\/\/www.manaus.am.gov.br\/semcom\/wp-content\/uploads\/sites\/5\/2023\/02\/sugestaodepauta.png","width":1020,"height":540},{"@type":"WebSite","@id":"https:\/\/www.manaus.am.gov.br\/semcom\/#website","url":"https:\/\/www.manaus.am.gov.br\/semcom\/","name":"SEMCOM","description":"Secretaria Municipal de Comunica\u00e7\u00e3o","potentialAction":[{"@type":"SearchAction","target":{"@type":"EntryPoint","urlTemplate":"https:\/\/www.manaus.am.gov.br\/semcom\/?s={search_term_string}"},"query-input":"required name=search_term_string"}],"inLanguage":"pt-BR"}]}},"_links":{"self":[{"href":"https:\/\/www.manaus.am.gov.br\/semcom\/wp-json\/wp\/v2\/pautas\/254711"}],"collection":[{"href":"https:\/\/www.manaus.am.gov.br\/semcom\/wp-json\/wp\/v2\/pautas"}],"about":[{"href":"https:\/\/www.manaus.am.gov.br\/semcom\/wp-json\/wp\/v2\/types\/pautas"}],"wp:featuredmedia":[{"embeddable":true,"href":"https:\/\/www.manaus.am.gov.br\/semcom\/wp-json\/wp\/v2\/media\/208729"}],"wp:attachment":[{"href":"https:\/\/www.manaus.am.gov.br\/semcom\/wp-json\/wp\/v2\/media?parent=254711"}],"wp:term":[{"taxonomy":"category","embeddable":true,"href":"https:\/\/www.manaus.am.gov.br\/semcom\/wp-json\/wp\/v2\/categories?post=254711"}],"curies":[{"name":"wp","href":"https:\/\/api.w.org\/{rel}","templated":true}]}}