{"id":254633,"date":"2026-03-13T15:40:10","date_gmt":"2026-03-13T18:40:10","guid":{"rendered":"https:\/\/www.manaus.am.gov.br\/semcom\/?post_type=pautas&#038;p=254633"},"modified":"2026-03-13T15:40:11","modified_gmt":"2026-03-13T18:40:11","slug":"prefeito-sabadodeentregas-zonasul","status":"publish","type":"pautas","link":"https:\/\/www.manaus.am.gov.br\/semcom\/pautas\/prefeito-sabadodeentregas-zonasul\/","title":{"rendered":"David Almeida realiza \u2018S\u00e1bado de Entregas\u2019 na zona Sul com novas estruturas ambientais e urbanas"},"content":{"rendered":"\n<p>O prefeito de Manaus, David Almeida, realiza, neste s\u00e1bado, 14\/3, \u00e0s 19h, um conjunto de entregas que fortalecem a infraestrutura ambiental e os espa\u00e7os p\u00fablicos da zona Sul da capital.<\/p>\n\n\n\n<p>Durante a programa\u00e7\u00e3o, ser\u00e3o entregues \u00e0 popula\u00e7\u00e3o o ecoponto zona Sul \u2013 Clodoaldo Santos, a ecobarreira instalada no igarap\u00e9 do 40, a revitaliza\u00e7\u00e3o da&nbsp;ponte dos Ingleses (ponte&nbsp;Ephig\u00eanio Ferreira de Salles) e o novo anfiteatro Encontro das \u00c1guas, estruturas que integram a\u00e7\u00f5es voltadas \u00e0 sustentabilidade, recupera\u00e7\u00e3o de \u00e1reas urbanas e valoriza\u00e7\u00e3o dos espa\u00e7os de conviv\u00eancia da cidade.<\/p>\n\n\n\n<p>As iniciativas refor\u00e7am o compromisso da gest\u00e3o municipal com a preserva\u00e7\u00e3o dos igarap\u00e9s, o fortalecimento da limpeza urbana e a requalifica\u00e7\u00e3o de espa\u00e7os p\u00fablicos, promovendo mais qualidade de vida para a popula\u00e7\u00e3o.<\/p>\n\n\n\n<p><strong>SERVI\u00c7O:<\/strong><\/p>\n\n\n\n<p><strong>O qu\u00ea&nbsp;\u2013<\/strong> \u2018S\u00e1bado de Entregas\u2019 na zona Sul<\/p>\n\n\n\n<p><strong>Quando<\/strong>&nbsp;\u2013 S\u00e1bado, 14\/3<\/p>\n\n\n\n<p><strong>Hor\u00e1rio<\/strong>&nbsp;\u2013 19h<\/p>\n\n\n\n<p><strong>Local<\/strong>&nbsp;&#8211;&nbsp;Ecoponto zona Sul \u2013 Clodoaldo Santos, na avenida Louren\u00e7o da Silva Braga, bairro Educandos.<\/p>\n","protected":false},"featured_media":208729,"template":"","categories":[805],"acf":[],"yoast_head":"<!-- This site is optimized with the Yoast SEO plugin v23.0 - https:\/\/yoast.com\/wordpress\/plugins\/seo\/ -->\n<title>David Almeida realiza \u2018S\u00e1bado de Entregas\u2019 na zona Sul com novas estruturas ambientais e urbanas<\/title>\n<meta name=\"description\" content=\"O prefeito de Manaus, David Almeida, realiza, neste s\u00e1bado, 14\/3, \u00e0s 19h, um conjunto de entregas que fortalecem a infraestrutura ambiental e os espa\u00e7os p\u00fablicos da zona Sul da capital.\" \/>\n<meta name=\"robots\" content=\"index, follow, max-snippet:-1, max-image-preview:large, max-video-preview:-1\" \/>\n<link rel=\"canonical\" href=\"https:\/\/www.manaus.am.gov.br\/semcom\/pautas\/prefeito-sabadodeentregas-zonasul\/\" \/>\n<meta property=\"og:locale\" content=\"pt_BR\" \/>\n<meta property=\"og:type\" content=\"article\" \/>\n<meta property=\"og:title\" content=\"David Almeida realiza \u2018S\u00e1bado de Entregas\u2019 na zona Sul com novas estruturas ambientais e urbanas\" \/>\n<meta property=\"og:description\" content=\"O prefeito de Manaus, David Almeida, realiza, neste s\u00e1bado, 14\/3, \u00e0s 19h, um conjunto de entregas que fortalecem a infraestrutura ambiental e os espa\u00e7os p\u00fablicos da zona Sul da capital.\" \/>\n<meta property=\"og:url\" content=\"https:\/\/www.manaus.am.gov.br\/semcom\/pautas\/prefeito-sabadodeentregas-zonasul\/\" \/>\n<meta property=\"og:site_name\" content=\"SEMCOM\" \/>\n<meta property=\"article:modified_time\" content=\"2026-03-13T18:40:11+00:00\" \/>\n<meta property=\"og:image\" content=\"https:\/\/www.manaus.am.gov.br\/semcom\/wp-content\/uploads\/sites\/5\/2023\/02\/sugestaodepauta.png\" \/>\n\t<meta property=\"og:image:width\" content=\"1020\" \/>\n\t<meta property=\"og:image:height\" content=\"540\" \/>\n\t<meta property=\"og:image:type\" content=\"image\/png\" \/>\n<meta name=\"twitter:card\" content=\"summary_large_image\" \/>\n<meta name=\"twitter:label1\" content=\"Est. reading time\" \/>\n\t<meta name=\"twitter:data1\" content=\"1 minuto\" \/>\n<script type=\"application\/ld+json\" class=\"yoast-schema-graph\">{\"@context\":\"https:\/\/schema.org\",\"@graph\":[{\"@type\":\"WebPage\",\"@id\":\"https:\/\/www.manaus.am.gov.br\/semcom\/pautas\/prefeito-sabadodeentregas-zonasul\/\",\"url\":\"https:\/\/www.manaus.am.gov.br\/semcom\/pautas\/prefeito-sabadodeentregas-zonasul\/\",\"name\":\"David Almeida realiza \u2018S\u00e1bado de Entregas\u2019 na zona Sul com novas estruturas ambientais e urbanas\",\"isPartOf\":{\"@id\":\"https:\/\/www.manaus.am.gov.br\/semcom\/#website\"},\"primaryImageOfPage\":{\"@id\":\"https:\/\/www.manaus.am.gov.br\/semcom\/pautas\/prefeito-sabadodeentregas-zonasul\/#primaryimage\"},\"image\":{\"@id\":\"https:\/\/www.manaus.am.gov.br\/semcom\/pautas\/prefeito-sabadodeentregas-zonasul\/#primaryimage\"},\"thumbnailUrl\":\"https:\/\/www.manaus.am.gov.br\/semcom\/wp-content\/uploads\/sites\/5\/2023\/02\/sugestaodepauta.png\",\"datePublished\":\"2026-03-13T18:40:10+00:00\",\"dateModified\":\"2026-03-13T18:40:11+00:00\",\"description\":\"O prefeito de Manaus, David Almeida, realiza, neste s\u00e1bado, 14\/3, \u00e0s 19h, um conjunto de entregas que fortalecem a infraestrutura ambiental e os espa\u00e7os p\u00fablicos da zona Sul da capital.\",\"inLanguage\":\"pt-BR\",\"potentialAction\":[{\"@type\":\"ReadAction\",\"target\":[\"https:\/\/www.manaus.am.gov.br\/semcom\/pautas\/prefeito-sabadodeentregas-zonasul\/\"]}]},{\"@type\":\"ImageObject\",\"inLanguage\":\"pt-BR\",\"@id\":\"https:\/\/www.manaus.am.gov.br\/semcom\/pautas\/prefeito-sabadodeentregas-zonasul\/#primaryimage\",\"url\":\"https:\/\/www.manaus.am.gov.br\/semcom\/wp-content\/uploads\/sites\/5\/2023\/02\/sugestaodepauta.png\",\"contentUrl\":\"https:\/\/www.manaus.am.gov.br\/semcom\/wp-content\/uploads\/sites\/5\/2023\/02\/sugestaodepauta.png\",\"width\":1020,\"height\":540},{\"@type\":\"WebSite\",\"@id\":\"https:\/\/www.manaus.am.gov.br\/semcom\/#website\",\"url\":\"https:\/\/www.manaus.am.gov.br\/semcom\/\",\"name\":\"SEMCOM\",\"description\":\"Secretaria Municipal de Comunica\u00e7\u00e3o\",\"potentialAction\":[{\"@type\":\"SearchAction\",\"target\":{\"@type\":\"EntryPoint\",\"urlTemplate\":\"https:\/\/www.manaus.am.gov.br\/semcom\/?s={search_term_string}\"},\"query-input\":\"required name=search_term_string\"}],\"inLanguage\":\"pt-BR\"}]}<\/script>\n<!-- \/ Yoast SEO plugin. -->","yoast_head_json":{"title":"David Almeida realiza \u2018S\u00e1bado de Entregas\u2019 na zona Sul com novas estruturas ambientais e urbanas","description":"O prefeito de Manaus, David Almeida, realiza, neste s\u00e1bado, 14\/3, \u00e0s 19h, um conjunto de entregas que fortalecem a infraestrutura ambiental e os espa\u00e7os p\u00fablicos da zona Sul da capital.","robots":{"index":"index","follow":"follow","max-snippet":"max-snippet:-1","max-image-preview":"max-image-preview:large","max-video-preview":"max-video-preview:-1"},"canonical":"https:\/\/www.manaus.am.gov.br\/semcom\/pautas\/prefeito-sabadodeentregas-zonasul\/","og_locale":"pt_BR","og_type":"article","og_title":"David Almeida realiza \u2018S\u00e1bado de Entregas\u2019 na zona Sul com novas estruturas ambientais e urbanas","og_description":"O prefeito de Manaus, David Almeida, realiza, neste s\u00e1bado, 14\/3, \u00e0s 19h, um conjunto de entregas que fortalecem a infraestrutura ambiental e os espa\u00e7os p\u00fablicos da zona Sul da capital.","og_url":"https:\/\/www.manaus.am.gov.br\/semcom\/pautas\/prefeito-sabadodeentregas-zonasul\/","og_site_name":"SEMCOM","article_modified_time":"2026-03-13T18:40:11+00:00","og_image":[{"width":1020,"height":540,"url":"https:\/\/www.manaus.am.gov.br\/semcom\/wp-content\/uploads\/sites\/5\/2023\/02\/sugestaodepauta.png","type":"image\/png"}],"twitter_card":"summary_large_image","twitter_misc":{"Est. reading time":"1 minuto"},"schema":{"@context":"https:\/\/schema.org","@graph":[{"@type":"WebPage","@id":"https:\/\/www.manaus.am.gov.br\/semcom\/pautas\/prefeito-sabadodeentregas-zonasul\/","url":"https:\/\/www.manaus.am.gov.br\/semcom\/pautas\/prefeito-sabadodeentregas-zonasul\/","name":"David Almeida realiza \u2018S\u00e1bado de Entregas\u2019 na zona Sul com novas estruturas ambientais e urbanas","isPartOf":{"@id":"https:\/\/www.manaus.am.gov.br\/semcom\/#website"},"primaryImageOfPage":{"@id":"https:\/\/www.manaus.am.gov.br\/semcom\/pautas\/prefeito-sabadodeentregas-zonasul\/#primaryimage"},"image":{"@id":"https:\/\/www.manaus.am.gov.br\/semcom\/pautas\/prefeito-sabadodeentregas-zonasul\/#primaryimage"},"thumbnailUrl":"https:\/\/www.manaus.am.gov.br\/semcom\/wp-content\/uploads\/sites\/5\/2023\/02\/sugestaodepauta.png","datePublished":"2026-03-13T18:40:10+00:00","dateModified":"2026-03-13T18:40:11+00:00","description":"O prefeito de Manaus, David Almeida, realiza, neste s\u00e1bado, 14\/3, \u00e0s 19h, um conjunto de entregas que fortalecem a infraestrutura ambiental e os espa\u00e7os p\u00fablicos da zona Sul da capital.","inLanguage":"pt-BR","potentialAction":[{"@type":"ReadAction","target":["https:\/\/www.manaus.am.gov.br\/semcom\/pautas\/prefeito-sabadodeentregas-zonasul\/"]}]},{"@type":"ImageObject","inLanguage":"pt-BR","@id":"https:\/\/www.manaus.am.gov.br\/semcom\/pautas\/prefeito-sabadodeentregas-zonasul\/#primaryimage","url":"https:\/\/www.manaus.am.gov.br\/semcom\/wp-content\/uploads\/sites\/5\/2023\/02\/sugestaodepauta.png","contentUrl":"https:\/\/www.manaus.am.gov.br\/semcom\/wp-content\/uploads\/sites\/5\/2023\/02\/sugestaodepauta.png","width":1020,"height":540},{"@type":"WebSite","@id":"https:\/\/www.manaus.am.gov.br\/semcom\/#website","url":"https:\/\/www.manaus.am.gov.br\/semcom\/","name":"SEMCOM","description":"Secretaria Municipal de Comunica\u00e7\u00e3o","potentialAction":[{"@type":"SearchAction","target":{"@type":"EntryPoint","urlTemplate":"https:\/\/www.manaus.am.gov.br\/semcom\/?s={search_term_string}"},"query-input":"required name=search_term_string"}],"inLanguage":"pt-BR"}]}},"_links":{"self":[{"href":"https:\/\/www.manaus.am.gov.br\/semcom\/wp-json\/wp\/v2\/pautas\/254633"}],"collection":[{"href":"https:\/\/www.manaus.am.gov.br\/semcom\/wp-json\/wp\/v2\/pautas"}],"about":[{"href":"https:\/\/www.manaus.am.gov.br\/semcom\/wp-json\/wp\/v2\/types\/pautas"}],"wp:featuredmedia":[{"embeddable":true,"href":"https:\/\/www.manaus.am.gov.br\/semcom\/wp-json\/wp\/v2\/media\/208729"}],"wp:attachment":[{"href":"https:\/\/www.manaus.am.gov.br\/semcom\/wp-json\/wp\/v2\/media?parent=254633"}],"wp:term":[{"taxonomy":"category","embeddable":true,"href":"https:\/\/www.manaus.am.gov.br\/semcom\/wp-json\/wp\/v2\/categories?post=254633"}],"curies":[{"name":"wp","href":"https:\/\/api.w.org\/{rel}","templated":true}]}}