{"id":254598,"date":"2026-03-13T12:29:55","date_gmt":"2026-03-13T15:29:55","guid":{"rendered":"https:\/\/www.manaus.am.gov.br\/semcom\/?post_type=pautas&#038;p=254598"},"modified":"2026-03-13T12:29:56","modified_gmt":"2026-03-13T15:29:56","slug":"prefeitura-cgm-diadoouvidor","status":"publish","type":"pautas","link":"https:\/\/www.manaus.am.gov.br\/semcom\/pautas\/prefeitura-cgm-diadoouvidor\/","title":{"rendered":"Prefeitura de Manaus celebra o Dia Nacional do Ouvidor"},"content":{"rendered":"\n<p>A Prefeitura de Manaus, por meio da Ouvidoria-Geral do Munic\u00edpio (OGM), \u00f3rg\u00e3o integrante da Controladoria-Geral do Munic\u00edpio (CGM),&nbsp;celebrar\u00e1 o Dia Nacional do Ouvidor, na segunda-feira, 16\/3, a partir das 10h, no Casar\u00e3o da Inova\u00e7\u00e3o Cassina, localizado na rua Bernardo Ramos, no Centro.<\/p>\n\n\n\n<p>O Dia Nacional do Ouvidor \u00e9 celebrado no dia 16 de mar\u00e7o, institu\u00eddo pela Lei Federal n\u00ba 12.632\/2012, e reconhece os ouvidores, servidores que acolhem com sensibilidade as manifesta\u00e7\u00f5es da popula\u00e7\u00e3o, entre elogios, solicita\u00e7\u00f5es, sugest\u00f5es, den\u00fancias e cr\u00edticas, e as transformam em dados que visam trazer melhorias e aprimoramento de servi\u00e7os para os \u00f3rg\u00e3os e institui\u00e7\u00f5es por meio das ouvidorias.<\/p>\n\n\n\n<p>O encontro contar\u00e1 com a presen\u00e7a de todos os ouvidores da Prefeitura de Manaus e convidados.<\/p>\n\n\n\n<p><strong>SERVI\u00c7O:<\/strong><\/p>\n\n\n\n<p><strong>O qu\u00ea<\/strong>&nbsp;&#8211;&nbsp;Prefeitura de Manaus celebra o Dia Nacional do Ouvidor<\/p>\n\n\n\n<p><strong>Quando<\/strong>&nbsp;\u2013 Segunda-feira, 16\/3<\/p>\n\n\n\n<p><strong>Hor\u00e1rio<\/strong>&nbsp;&#8211; 10h<\/p>\n\n\n\n<p><strong>Local<\/strong>&nbsp;&#8211; Casar\u00e3o de Inova\u00e7\u00e3o&nbsp;Cassina, na rua Bernardo Ramos com a rua Governador Vit\u00f3rio, n\u00ba 295, bairro Centro, zona Sul<\/p>\n\n\n\n<p><strong>Localiza\u00e7\u00e3o<\/strong>&nbsp;&#8211;&nbsp;<a href=\"https:\/\/maps.app.goo.gl\/wofyih9ZvdjTnjG96\" target=\"_blank\" rel=\"noreferrer noopener\">https:\/\/maps.app.goo.gl\/wofyih9ZvdjTnjG96<\/a><\/p>\n","protected":false},"featured_media":208729,"template":"","categories":[794],"acf":[],"yoast_head":"<!-- This site is optimized with the Yoast SEO plugin v23.0 - https:\/\/yoast.com\/wordpress\/plugins\/seo\/ -->\n<title>Prefeitura de Manaus celebra o Dia Nacional do Ouvidor<\/title>\n<meta name=\"description\" content=\"A Prefeitura de Manaus, por meio da Ouvidoria-Geral do Munic\u00edpio (OGM), \u00f3rg\u00e3o integrante da Controladoria-Geral do Munic\u00edpio (CGM), celebrar\u00e1 o Dia Nacional do Ouvidor, na segunda-feira, 16\/3, a partir das 10h, no Casar\u00e3o da Inova\u00e7\u00e3o Cassina, localizado na rua Bernardo Ramos, no Centro.\" \/>\n<meta name=\"robots\" content=\"index, follow, max-snippet:-1, max-image-preview:large, max-video-preview:-1\" \/>\n<link rel=\"canonical\" href=\"https:\/\/www.manaus.am.gov.br\/semcom\/pautas\/prefeitura-cgm-diadoouvidor\/\" \/>\n<meta property=\"og:locale\" content=\"pt_BR\" \/>\n<meta property=\"og:type\" content=\"article\" \/>\n<meta property=\"og:title\" content=\"Prefeitura de Manaus celebra o Dia Nacional do Ouvidor\" \/>\n<meta property=\"og:description\" content=\"A Prefeitura de Manaus, por meio da Ouvidoria-Geral do Munic\u00edpio (OGM), \u00f3rg\u00e3o integrante da Controladoria-Geral do Munic\u00edpio (CGM), celebrar\u00e1 o Dia Nacional do Ouvidor, na segunda-feira, 16\/3, a partir das 10h, no Casar\u00e3o da Inova\u00e7\u00e3o Cassina, localizado na rua Bernardo Ramos, no Centro.\" \/>\n<meta property=\"og:url\" content=\"https:\/\/www.manaus.am.gov.br\/semcom\/pautas\/prefeitura-cgm-diadoouvidor\/\" \/>\n<meta property=\"og:site_name\" content=\"SEMCOM\" \/>\n<meta property=\"article:modified_time\" content=\"2026-03-13T15:29:56+00:00\" \/>\n<meta property=\"og:image\" content=\"https:\/\/www.manaus.am.gov.br\/semcom\/wp-content\/uploads\/sites\/5\/2023\/02\/sugestaodepauta.png\" \/>\n\t<meta property=\"og:image:width\" content=\"1020\" \/>\n\t<meta property=\"og:image:height\" content=\"540\" \/>\n\t<meta property=\"og:image:type\" content=\"image\/png\" \/>\n<meta name=\"twitter:card\" content=\"summary_large_image\" \/>\n<meta name=\"twitter:label1\" content=\"Est. reading time\" \/>\n\t<meta name=\"twitter:data1\" content=\"2 minutos\" \/>\n<script type=\"application\/ld+json\" class=\"yoast-schema-graph\">{\"@context\":\"https:\/\/schema.org\",\"@graph\":[{\"@type\":\"WebPage\",\"@id\":\"https:\/\/www.manaus.am.gov.br\/semcom\/pautas\/prefeitura-cgm-diadoouvidor\/\",\"url\":\"https:\/\/www.manaus.am.gov.br\/semcom\/pautas\/prefeitura-cgm-diadoouvidor\/\",\"name\":\"Prefeitura de Manaus celebra o Dia Nacional do Ouvidor\",\"isPartOf\":{\"@id\":\"https:\/\/www.manaus.am.gov.br\/semcom\/#website\"},\"primaryImageOfPage\":{\"@id\":\"https:\/\/www.manaus.am.gov.br\/semcom\/pautas\/prefeitura-cgm-diadoouvidor\/#primaryimage\"},\"image\":{\"@id\":\"https:\/\/www.manaus.am.gov.br\/semcom\/pautas\/prefeitura-cgm-diadoouvidor\/#primaryimage\"},\"thumbnailUrl\":\"https:\/\/www.manaus.am.gov.br\/semcom\/wp-content\/uploads\/sites\/5\/2023\/02\/sugestaodepauta.png\",\"datePublished\":\"2026-03-13T15:29:55+00:00\",\"dateModified\":\"2026-03-13T15:29:56+00:00\",\"description\":\"A Prefeitura de Manaus, por meio da Ouvidoria-Geral do Munic\u00edpio (OGM), \u00f3rg\u00e3o integrante da Controladoria-Geral do Munic\u00edpio (CGM), celebrar\u00e1 o Dia Nacional do Ouvidor, na segunda-feira, 16\/3, a partir das 10h, no Casar\u00e3o da Inova\u00e7\u00e3o Cassina, localizado na rua Bernardo Ramos, no Centro.\",\"inLanguage\":\"pt-BR\",\"potentialAction\":[{\"@type\":\"ReadAction\",\"target\":[\"https:\/\/www.manaus.am.gov.br\/semcom\/pautas\/prefeitura-cgm-diadoouvidor\/\"]}]},{\"@type\":\"ImageObject\",\"inLanguage\":\"pt-BR\",\"@id\":\"https:\/\/www.manaus.am.gov.br\/semcom\/pautas\/prefeitura-cgm-diadoouvidor\/#primaryimage\",\"url\":\"https:\/\/www.manaus.am.gov.br\/semcom\/wp-content\/uploads\/sites\/5\/2023\/02\/sugestaodepauta.png\",\"contentUrl\":\"https:\/\/www.manaus.am.gov.br\/semcom\/wp-content\/uploads\/sites\/5\/2023\/02\/sugestaodepauta.png\",\"width\":1020,\"height\":540},{\"@type\":\"WebSite\",\"@id\":\"https:\/\/www.manaus.am.gov.br\/semcom\/#website\",\"url\":\"https:\/\/www.manaus.am.gov.br\/semcom\/\",\"name\":\"SEMCOM\",\"description\":\"Secretaria Municipal de Comunica\u00e7\u00e3o\",\"potentialAction\":[{\"@type\":\"SearchAction\",\"target\":{\"@type\":\"EntryPoint\",\"urlTemplate\":\"https:\/\/www.manaus.am.gov.br\/semcom\/?s={search_term_string}\"},\"query-input\":\"required name=search_term_string\"}],\"inLanguage\":\"pt-BR\"}]}<\/script>\n<!-- \/ Yoast SEO plugin. -->","yoast_head_json":{"title":"Prefeitura de Manaus celebra o Dia Nacional do Ouvidor","description":"A Prefeitura de Manaus, por meio da Ouvidoria-Geral do Munic\u00edpio (OGM), \u00f3rg\u00e3o integrante da Controladoria-Geral do Munic\u00edpio (CGM), celebrar\u00e1 o Dia Nacional do Ouvidor, na segunda-feira, 16\/3, a partir das 10h, no Casar\u00e3o da Inova\u00e7\u00e3o Cassina, localizado na rua Bernardo Ramos, no Centro.","robots":{"index":"index","follow":"follow","max-snippet":"max-snippet:-1","max-image-preview":"max-image-preview:large","max-video-preview":"max-video-preview:-1"},"canonical":"https:\/\/www.manaus.am.gov.br\/semcom\/pautas\/prefeitura-cgm-diadoouvidor\/","og_locale":"pt_BR","og_type":"article","og_title":"Prefeitura de Manaus celebra o Dia Nacional do Ouvidor","og_description":"A Prefeitura de Manaus, por meio da Ouvidoria-Geral do Munic\u00edpio (OGM), \u00f3rg\u00e3o integrante da Controladoria-Geral do Munic\u00edpio (CGM), celebrar\u00e1 o Dia Nacional do Ouvidor, na segunda-feira, 16\/3, a partir das 10h, no Casar\u00e3o da Inova\u00e7\u00e3o Cassina, localizado na rua Bernardo Ramos, no Centro.","og_url":"https:\/\/www.manaus.am.gov.br\/semcom\/pautas\/prefeitura-cgm-diadoouvidor\/","og_site_name":"SEMCOM","article_modified_time":"2026-03-13T15:29:56+00:00","og_image":[{"width":1020,"height":540,"url":"https:\/\/www.manaus.am.gov.br\/semcom\/wp-content\/uploads\/sites\/5\/2023\/02\/sugestaodepauta.png","type":"image\/png"}],"twitter_card":"summary_large_image","twitter_misc":{"Est. reading time":"2 minutos"},"schema":{"@context":"https:\/\/schema.org","@graph":[{"@type":"WebPage","@id":"https:\/\/www.manaus.am.gov.br\/semcom\/pautas\/prefeitura-cgm-diadoouvidor\/","url":"https:\/\/www.manaus.am.gov.br\/semcom\/pautas\/prefeitura-cgm-diadoouvidor\/","name":"Prefeitura de Manaus celebra o Dia Nacional do Ouvidor","isPartOf":{"@id":"https:\/\/www.manaus.am.gov.br\/semcom\/#website"},"primaryImageOfPage":{"@id":"https:\/\/www.manaus.am.gov.br\/semcom\/pautas\/prefeitura-cgm-diadoouvidor\/#primaryimage"},"image":{"@id":"https:\/\/www.manaus.am.gov.br\/semcom\/pautas\/prefeitura-cgm-diadoouvidor\/#primaryimage"},"thumbnailUrl":"https:\/\/www.manaus.am.gov.br\/semcom\/wp-content\/uploads\/sites\/5\/2023\/02\/sugestaodepauta.png","datePublished":"2026-03-13T15:29:55+00:00","dateModified":"2026-03-13T15:29:56+00:00","description":"A Prefeitura de Manaus, por meio da Ouvidoria-Geral do Munic\u00edpio (OGM), \u00f3rg\u00e3o integrante da Controladoria-Geral do Munic\u00edpio (CGM), celebrar\u00e1 o Dia Nacional do Ouvidor, na segunda-feira, 16\/3, a partir das 10h, no Casar\u00e3o da Inova\u00e7\u00e3o Cassina, localizado na rua Bernardo Ramos, no Centro.","inLanguage":"pt-BR","potentialAction":[{"@type":"ReadAction","target":["https:\/\/www.manaus.am.gov.br\/semcom\/pautas\/prefeitura-cgm-diadoouvidor\/"]}]},{"@type":"ImageObject","inLanguage":"pt-BR","@id":"https:\/\/www.manaus.am.gov.br\/semcom\/pautas\/prefeitura-cgm-diadoouvidor\/#primaryimage","url":"https:\/\/www.manaus.am.gov.br\/semcom\/wp-content\/uploads\/sites\/5\/2023\/02\/sugestaodepauta.png","contentUrl":"https:\/\/www.manaus.am.gov.br\/semcom\/wp-content\/uploads\/sites\/5\/2023\/02\/sugestaodepauta.png","width":1020,"height":540},{"@type":"WebSite","@id":"https:\/\/www.manaus.am.gov.br\/semcom\/#website","url":"https:\/\/www.manaus.am.gov.br\/semcom\/","name":"SEMCOM","description":"Secretaria Municipal de Comunica\u00e7\u00e3o","potentialAction":[{"@type":"SearchAction","target":{"@type":"EntryPoint","urlTemplate":"https:\/\/www.manaus.am.gov.br\/semcom\/?s={search_term_string}"},"query-input":"required name=search_term_string"}],"inLanguage":"pt-BR"}]}},"_links":{"self":[{"href":"https:\/\/www.manaus.am.gov.br\/semcom\/wp-json\/wp\/v2\/pautas\/254598"}],"collection":[{"href":"https:\/\/www.manaus.am.gov.br\/semcom\/wp-json\/wp\/v2\/pautas"}],"about":[{"href":"https:\/\/www.manaus.am.gov.br\/semcom\/wp-json\/wp\/v2\/types\/pautas"}],"wp:featuredmedia":[{"embeddable":true,"href":"https:\/\/www.manaus.am.gov.br\/semcom\/wp-json\/wp\/v2\/media\/208729"}],"wp:attachment":[{"href":"https:\/\/www.manaus.am.gov.br\/semcom\/wp-json\/wp\/v2\/media?parent=254598"}],"wp:term":[{"taxonomy":"category","embeddable":true,"href":"https:\/\/www.manaus.am.gov.br\/semcom\/wp-json\/wp\/v2\/categories?post=254598"}],"curies":[{"name":"wp","href":"https:\/\/api.w.org\/{rel}","templated":true}]}}